{"id":190088,"date":"2022-10-27T17:28:20","date_gmt":"2022-10-27T15:28:20","guid":{"rendered":"https:\/\/agencevu.com\/?post_type=serie&#038;p=190088"},"modified":"2022-10-27T17:36:36","modified_gmt":"2022-10-27T15:36:36","slug":"deplace-e-s-mauritanie-2022","status":"publish","type":"serie","link":"https:\/\/agencevu.com\/en\/serie\/deplace-e-s-mauritanie-2022\/","title":{"rendered":"D\u00e9plac\u00e9.e.s, Mauritanie, 2022"},"content":{"rendered":"<div id='av_section_1'  class='avia-section main_color avia-section-small avia-no-border-styling  avia-bg-style-scroll  avia-builder-el-0  el_before_av_section  avia-builder-el-first   container_wrap fullsize' style='background-color: #f1f1f1;  '  ><div class='container' ><main  role=\"main\" itemprop=\"mainContentOfPage\"  class='template-page content  av-content-full alpha units'><div class='post-entry post-entry-type-page post-entry-190088'><div class='entry-content-wrapper clearfix'>\n<section class=\"av_textblock_section \"  itemscope=\"itemscope\" itemtype=\"https:\/\/schema.org\/CreativeWork\" ><div class='avia_textblock  '   itemprop=\"text\" ><p class=\"titre-page\"><a style=\"text-decoration: none; color: #707070;\" href=\"\/series\/\">S\u00e9ries<\/a><\/p>\n<hr class=\"hr-titre-page\" \/>\n<\/div><\/section>\n\n<\/div><\/div><\/main><!-- close content main element --><\/div><\/div><div id='av_section_2'  class='avia-section main_color avia-section-default avia-no-shadow  avia-bg-style-scroll  avia-builder-el-2  el_after_av_section  avia-builder-el-last   container_wrap fullsize' style=' '  ><div class='container' ><div class='template-page content  av-content-full alpha units'><div class='post-entry post-entry-type-page post-entry-190088'><div class='entry-content-wrapper clearfix'>\n<section class=\"av_textblock_section \"  itemscope=\"itemscope\" itemtype=\"https:\/\/schema.org\/CreativeWork\" ><div class='avia_textblock  '   itemprop=\"text\" ><p style=\"color: #76a38b; font-size: 20px; font-weight: 600;\">D\u00e9plac\u00e9.e.s, Mauritanie, <em style=\"font-weight: 100;\">2022<\/em><\/p>\n<\/div><\/section>\n<section class=\"av_textblock_section \"  itemscope=\"itemscope\" itemtype=\"https:\/\/schema.org\/CreativeWork\" ><div class='avia_textblock  '   itemprop=\"text\" ><h5><a href=\"\/photographe\/jr\/\">JR<\/a><\/h5>\n<\/div><\/section>\n<div class=\"flex_column av_one_half  flex_column_div av-zero-column-padding first  avia-builder-el-5  el_after_av_textblock  el_before_av_one_half  column-top-margin\" style='border-radius:0px; '><section class=\"av_textblock_section \"  itemscope=\"itemscope\" itemtype=\"https:\/\/schema.org\/CreativeWork\" ><div class='avia_textblock  '   itemprop=\"text\" ><p>Continuing the project started in Ukraine with five-year-old refugee Valeriia, JR and his team drove thirty-six hours across Mauritania to visit a remote refugee camp at the border of Mali in the Sahara. Over 70,000 people live in the Mbera camp, having fled their homes in Mali due to years of drought and social instability. Following the practice he began in Ukraine and then brought to Rwanda, JR printed the image of a refugee child named Jamal onto a 45-meter-long tarp. Children and adults gathered together to carry Jamal\u2019s image into open desert land and laid it on the sand to bring attention to the refugee children worldwide. The children ran across the tarp, playing and sharing a joyful moment.<\/p>\n<\/div><\/section><\/div><div class=\"flex_column av_one_half  flex_column_div av-zero-column-padding   avia-builder-el-7  el_after_av_one_half  el_before_av_hr  column-top-margin\" style='border-radius:0px; '><section class=\"av_textblock_section \"  itemscope=\"itemscope\" itemtype=\"https:\/\/schema.org\/CreativeWork\" ><div class='avia_textblock  '   itemprop=\"text\" ><p>Many of the children from the community also participated in an Inside Out Action. Ninety-six children expressed themselves in their own portraits and pasted them onto the walls of their camp.<\/p>\n<p>The final component of D\u00e9plac\u00e9.e.s, Mauritania was a picnic. Over one hundred children gathered around the eyes of Ajara, a young girl living in the Mbera camp, to share a meal and listen to music.<\/p>\n<\/div><\/section><\/div><div  style='height:30px' class='hr hr-invisible  av-medium-hide av-small-hide av-mini-hide  avia-builder-el-9  el_after_av_one_half  el_before_av_one_half '><span class='hr-inner ' ><span class='hr-inner-style'><\/span><\/span><\/div>\n<div class=\"flex_column av_one_half  flex_column_div av-zero-column-padding first  avia-builder-el-10  el_after_av_hr  el_before_av_one_half  \" style='margin-top:0px; margin-bottom:40px; border-radius:0px; '><div  class='avia-image-container  av-styling-no-styling    avia-builder-el-11  avia-builder-el-no-sibling  avia-align-center '  itemprop=\"image\" itemscope=\"itemscope\" itemtype=\"https:\/\/schema.org\/ImageObject\"  ><div class='avia-image-container-inner'><div class='avia-image-overlay-wrap'><a href=\"https:\/\/agencevu.com\/wp-content\/uploads\/2022\/10\/03_deplacees_Jamal-1_Mauritanie_2022-772x1030.jpg\" href=\"https:\/\/agencevu.com\/wp-content\/uploads\/2022\/10\/03_deplacees_Jamal-1_Mauritanie_2022-772x1030.jpg 772w, https:\/\/agencevu.com\/wp-content\/uploads\/2022\/10\/03_deplacees_Jamal-1_Mauritanie_2022-225x300.jpg 225w, https:\/\/agencevu.com\/wp-content\/uploads\/2022\/10\/03_deplacees_Jamal-1_Mauritanie_2022-60x80.jpg 60w, https:\/\/agencevu.com\/wp-content\/uploads\/2022\/10\/03_deplacees_Jamal-1_Mauritanie_2022-768x1025.jpg 768w, https:\/\/agencevu.com\/wp-content\/uploads\/2022\/10\/03_deplacees_Jamal-1_Mauritanie_2022-528x705.jpg 528w, https:\/\/agencevu.com\/wp-content\/uploads\/2022\/10\/03_deplacees_Jamal-1_Mauritanie_2022.jpg 809w\" href=\"(max-width: 772px) 100vw, 772px\" class='avia_image' ><img width=\"809\" height=\"1080\" class='wp-image-190131 avia-img-lazy-loading-not-190131 avia_image' src=\"https:\/\/agencevu.com\/wp-content\/uploads\/2022\/10\/03_deplacees_Jamal-1_Mauritanie_2022.jpg\" alt='' title='03_deplacees_Jamal 1_Mauritanie_2022'  itemprop=\"thumbnailUrl\" srcset=\"https:\/\/agencevu.com\/wp-content\/uploads\/2022\/10\/03_deplacees_Jamal-1_Mauritanie_2022.jpg 809w, https:\/\/agencevu.com\/wp-content\/uploads\/2022\/10\/03_deplacees_Jamal-1_Mauritanie_2022-225x300.jpg 225w, https:\/\/agencevu.com\/wp-content\/uploads\/2022\/10\/03_deplacees_Jamal-1_Mauritanie_2022-772x1030.jpg 772w, https:\/\/agencevu.com\/wp-content\/uploads\/2022\/10\/03_deplacees_Jamal-1_Mauritanie_2022-60x80.jpg 60w, https:\/\/agencevu.com\/wp-content\/uploads\/2022\/10\/03_deplacees_Jamal-1_Mauritanie_2022-768x1025.jpg 768w, https:\/\/agencevu.com\/wp-content\/uploads\/2022\/10\/03_deplacees_Jamal-1_Mauritanie_2022-528x705.jpg 528w\" sizes=\"(max-width: 809px) 100vw, 809px\" \/><\/a><\/div><\/div><\/div><\/div><div class=\"flex_column av_one_half  flex_column_div av-zero-column-padding   avia-builder-el-12  el_after_av_one_half  el_before_av_hr  \" style='margin-top:0px; margin-bottom:40px; border-radius:0px; '><div  class='avia-image-container  av-styling-no-styling    avia-builder-el-13  avia-builder-el-no-sibling  avia-align-center '  itemprop=\"image\" itemscope=\"itemscope\" itemtype=\"https:\/\/schema.org\/ImageObject\"  ><div class='avia-image-container-inner'><div class='avia-image-overlay-wrap'><a href=\"https:\/\/agencevu.com\/wp-content\/uploads\/2022\/10\/03_deplacees_Jamal-2_Mauritanie_2022-773x1030.jpg\" href=\"https:\/\/agencevu.com\/wp-content\/uploads\/2022\/10\/03_deplacees_Jamal-2_Mauritanie_2022-773x1030.jpg 773w, https:\/\/agencevu.com\/wp-content\/uploads\/2022\/10\/03_deplacees_Jamal-2_Mauritanie_2022-225x300.jpg 225w, https:\/\/agencevu.com\/wp-content\/uploads\/2022\/10\/03_deplacees_Jamal-2_Mauritanie_2022-60x80.jpg 60w, https:\/\/agencevu.com\/wp-content\/uploads\/2022\/10\/03_deplacees_Jamal-2_Mauritanie_2022-768x1024.jpg 768w, https:\/\/agencevu.com\/wp-content\/uploads\/2022\/10\/03_deplacees_Jamal-2_Mauritanie_2022-529x705.jpg 529w, https:\/\/agencevu.com\/wp-content\/uploads\/2022\/10\/03_deplacees_Jamal-2_Mauritanie_2022.jpg 810w\" href=\"(max-width: 773px) 100vw, 773px\" class='avia_image' ><img width=\"810\" height=\"1080\" class='wp-image-190133 avia-img-lazy-loading-not-190133 avia_image' src=\"https:\/\/agencevu.com\/wp-content\/uploads\/2022\/10\/03_deplacees_Jamal-2_Mauritanie_2022.jpg\" alt='' title='03_deplacees_Jamal 2_Mauritanie_2022'  itemprop=\"thumbnailUrl\" srcset=\"https:\/\/agencevu.com\/wp-content\/uploads\/2022\/10\/03_deplacees_Jamal-2_Mauritanie_2022.jpg 810w, https:\/\/agencevu.com\/wp-content\/uploads\/2022\/10\/03_deplacees_Jamal-2_Mauritanie_2022-225x300.jpg 225w, https:\/\/agencevu.com\/wp-content\/uploads\/2022\/10\/03_deplacees_Jamal-2_Mauritanie_2022-773x1030.jpg 773w, https:\/\/agencevu.com\/wp-content\/uploads\/2022\/10\/03_deplacees_Jamal-2_Mauritanie_2022-60x80.jpg 60w, https:\/\/agencevu.com\/wp-content\/uploads\/2022\/10\/03_deplacees_Jamal-2_Mauritanie_2022-768x1024.jpg 768w, https:\/\/agencevu.com\/wp-content\/uploads\/2022\/10\/03_deplacees_Jamal-2_Mauritanie_2022-529x705.jpg 529w\" sizes=\"(max-width: 810px) 100vw, 810px\" \/><\/a><\/div><\/div><\/div><\/div><div  style='height:30px' class='hr hr-invisible  av-medium-hide av-small-hide av-mini-hide  avia-builder-el-14  el_after_av_one_half  el_before_av_one_full '><span class='hr-inner ' ><span class='hr-inner-style'><\/span><\/span><\/div>\n<div class=\"flex_column av_one_full  flex_column_div av-zero-column-padding first  avia-builder-el-15  el_after_av_hr  el_before_av_one_full  \" style='margin-top:0px; margin-bottom:40px; border-radius:0px; '><div  class='avia-image-container  av-styling-no-styling    avia-builder-el-16  avia-builder-el-no-sibling  avia-align-center '  itemprop=\"image\" itemscope=\"itemscope\" itemtype=\"https:\/\/schema.org\/ImageObject\"  ><div class='avia-image-container-inner'><div class='avia-image-overlay-wrap'><a href=\"https:\/\/agencevu.com\/wp-content\/uploads\/2022\/10\/03_deplacees_picnic-ajara_Mauritanie_2022-1030x771.jpg\" href=\"https:\/\/agencevu.com\/wp-content\/uploads\/2022\/10\/03_deplacees_picnic-ajara_Mauritanie_2022-1030x771.jpg 1030w, https:\/\/agencevu.com\/wp-content\/uploads\/2022\/10\/03_deplacees_picnic-ajara_Mauritanie_2022-300x225.jpg 300w, https:\/\/agencevu.com\/wp-content\/uploads\/2022\/10\/03_deplacees_picnic-ajara_Mauritanie_2022-80x60.jpg 80w, https:\/\/agencevu.com\/wp-content\/uploads\/2022\/10\/03_deplacees_picnic-ajara_Mauritanie_2022-768x575.jpg 768w, https:\/\/agencevu.com\/wp-content\/uploads\/2022\/10\/03_deplacees_picnic-ajara_Mauritanie_2022-705x528.jpg 705w, https:\/\/agencevu.com\/wp-content\/uploads\/2022\/10\/03_deplacees_picnic-ajara_Mauritanie_2022.jpg 1442w\" href=\"(max-width: 1030px) 100vw, 1030px\" class='avia_image' ><img width=\"1442\" height=\"1080\" class='wp-image-190135 avia-img-lazy-loading-not-190135 avia_image' src=\"https:\/\/agencevu.com\/wp-content\/uploads\/2022\/10\/03_deplacees_picnic-ajara_Mauritanie_2022.jpg\" alt='' title='03_deplacees_picnic ajara_Mauritanie_2022'  itemprop=\"thumbnailUrl\" srcset=\"https:\/\/agencevu.com\/wp-content\/uploads\/2022\/10\/03_deplacees_picnic-ajara_Mauritanie_2022.jpg 1442w, https:\/\/agencevu.com\/wp-content\/uploads\/2022\/10\/03_deplacees_picnic-ajara_Mauritanie_2022-300x225.jpg 300w, https:\/\/agencevu.com\/wp-content\/uploads\/2022\/10\/03_deplacees_picnic-ajara_Mauritanie_2022-1030x771.jpg 1030w, https:\/\/agencevu.com\/wp-content\/uploads\/2022\/10\/03_deplacees_picnic-ajara_Mauritanie_2022-80x60.jpg 80w, https:\/\/agencevu.com\/wp-content\/uploads\/2022\/10\/03_deplacees_picnic-ajara_Mauritanie_2022-768x575.jpg 768w, https:\/\/agencevu.com\/wp-content\/uploads\/2022\/10\/03_deplacees_picnic-ajara_Mauritanie_2022-705x528.jpg 705w\" sizes=\"(max-width: 1442px) 100vw, 1442px\" \/><\/a><\/div><\/div><\/div><\/div><div class=\"flex_column av_one_full  flex_column_div av-zero-column-padding first  avia-builder-el-17  el_after_av_one_full  avia-builder-el-last  column-top-margin\" style='margin-top:0px; margin-bottom:40px; border-radius:0px; '><div  class='avia-buttonrow-wrap avia-buttonrow-center   avia-builder-el-18  avia-builder-el-no-sibling '>\n<a href='https:\/\/archive.agencevu.com\/?63149406310410637290' class='avia-button  avia-color-theme-color-highlight  avia-icon_select-no avia-size-small ' target=\"_blank\" rel=\"noopener noreferrer\" style='margin-bottom:15px; margin-left:8px; margin-right:8px; '><span class='avia_iconbox_title' >ARCHIVES<\/span><\/a>\n<a href='https:\/\/agencevu.com\/contacts\/'  class='avia-button  avia-color-theme-color-highlight  avia-icon_select-no avia-size-small '  style='margin-bottom:15px; margin-left:8px; margin-right:8px; ' ><span class='avia_iconbox_title' >CONTACT<\/span><\/a>\n<\/div><\/div>\n","protected":false},"excerpt":{"rendered":"<p>JR se rend dans un camp de r\u00e9fugi\u00e9s \u00e0 Mbera, et y d\u00e9voile le portrait du jeune Jamal imprim\u00e9 sur une b\u00e2che de 45 m\u00e8tres de long, que les adultes et les enfants de Mbera l\u2019aident \u00e0 porter \u00e0 travers le paysage d\u00e9sertique.<\/p>\n","protected":false},"featured_media":76668,"menu_order":0,"template":"","categories":[],"tags":[],"photographe":[5589],"section_taxonomy":[5484],"yoast_head":"<!-- This site is optimized with the Yoast SEO plugin v16.3 - https:\/\/yoast.com\/wordpress\/plugins\/seo\/ -->\n<title>D\u00e9plac\u00e9.e.s, Mauritanie, 2022 - Agence VU&#039;<\/title>\n<meta name=\"robots\" content=\"index, follow, max-snippet:-1, max-image-preview:large, max-video-preview:-1\" \/>\n<link rel=\"canonical\" href=\"\/\" \/>\n<meta property=\"og:locale\" content=\"en_US\" \/>\n<meta property=\"og:type\" content=\"article\" \/>\n<meta property=\"og:title\" content=\"D\u00e9plac\u00e9.e.s, Mauritanie, 2022 - Agence VU&#039;\" \/>\n<meta property=\"og:description\" content=\"JR se rend dans un camp de r\u00e9fugi\u00e9s \u00e0 Mbera, et y d\u00e9voile le portrait du jeune Jamal imprim\u00e9 sur une b\u00e2che de 45 m\u00e8tres de long, que les adultes et les enfants de Mbera l\u2019aident \u00e0 porter \u00e0 travers le paysage d\u00e9sertique.\" \/>\n<meta property=\"og:site_name\" content=\"Agence VU&#039;\" \/>\n<meta property=\"article:publisher\" content=\"https:\/\/www.facebook.com\/VUagence\" \/>\n<meta property=\"article:modified_time\" content=\"2022-10-27T15:36:36+00:00\" \/>\n<meta property=\"og:image\" content=\"https:\/\/agencevu.com\/wp-content\/uploads\/2020\/08\/07_JR22252-2017CL15.jpg\" \/>\n\t<meta property=\"og:image:width\" content=\"1400\" \/>\n\t<meta property=\"og:image:height\" content=\"934\" \/>\n<meta name=\"twitter:card\" content=\"summary_large_image\" \/>\n<meta name=\"twitter:site\" content=\"@agence_vu\" \/>\n<script type=\"application\/ld+json\" class=\"yoast-schema-graph\">{\"@context\":\"https:\/\/schema.org\",\"@graph\":[{\"@type\":\"WebSite\",\"@id\":\"https:\/\/agencevu.com\/en\/#website\",\"url\":\"https:\/\/agencevu.com\/en\/\",\"name\":\"Agence VU&#039;\",\"description\":\"Agency of photographers founded in 1986\",\"potentialAction\":[{\"@type\":\"SearchAction\",\"target\":\"https:\/\/agencevu.com\/en\/?s={search_term_string}\",\"query-input\":\"required name=search_term_string\"}],\"inLanguage\":\"en-US\"},{\"@type\":\"ImageObject\",\"@id\":\"#primaryimage\",\"inLanguage\":\"en-US\",\"url\":\"https:\/\/agencevu.com\/wp-content\/uploads\/2020\/08\/07_JR22252-2017CL15.jpg\",\"contentUrl\":\"https:\/\/agencevu.com\/wp-content\/uploads\/2020\/08\/07_JR22252-2017CL15.jpg\",\"width\":1400,\"height\":934},{\"@type\":\"WebPage\",\"@id\":\"#webpage\",\"url\":null,\"name\":\"D\\u00e9plac\\u00e9.e.s, Mauritanie, 2022 - Agence VU&#039;\",\"isPartOf\":{\"@id\":\"https:\/\/agencevu.com\/en\/#website\"},\"primaryImageOfPage\":{\"@id\":\"#primaryimage\"},\"datePublished\":\"2022-10-27T15:28:20+00:00\",\"dateModified\":\"2022-10-27T15:36:36+00:00\",\"breadcrumb\":{\"@id\":\"#breadcrumb\"},\"inLanguage\":\"en-US\",\"potentialAction\":[{\"@type\":\"ReadAction\",\"target\":[null]}]},{\"@type\":\"BreadcrumbList\",\"@id\":\"#breadcrumb\",\"itemListElement\":[{\"@type\":\"ListItem\",\"position\":1,\"item\":{\"@type\":\"WebPage\",\"@id\":\"https:\/\/agencevu.com\/en\/home\/\",\"url\":\"https:\/\/agencevu.com\/en\/home\/\",\"name\":\"Home\"}},{\"@type\":\"ListItem\",\"position\":2,\"item\":{\"@type\":\"WebPage\",\"@id\":\"https:\/\/agencevu.com\/en\/serie\/\",\"url\":\"https:\/\/agencevu.com\/en\/serie\/\",\"name\":\"Series\"}},{\"@type\":\"ListItem\",\"position\":3,\"item\":{\"@id\":\"#webpage\"}}]}]}<\/script>\n<!-- \/ Yoast SEO plugin. -->","_links":{"self":[{"href":"https:\/\/agencevu.com\/en\/wp-json\/wp\/v2\/serie\/190088"}],"collection":[{"href":"https:\/\/agencevu.com\/en\/wp-json\/wp\/v2\/serie"}],"about":[{"href":"https:\/\/agencevu.com\/en\/wp-json\/wp\/v2\/types\/serie"}],"version-history":[{"count":4,"href":"https:\/\/agencevu.com\/en\/wp-json\/wp\/v2\/serie\/190088\/revisions"}],"predecessor-version":[{"id":190160,"href":"https:\/\/agencevu.com\/en\/wp-json\/wp\/v2\/serie\/190088\/revisions\/190160"}],"wp:featuredmedia":[{"embeddable":true,"href":"https:\/\/agencevu.com\/en\/wp-json\/wp\/v2\/media\/76668"}],"wp:attachment":[{"href":"https:\/\/agencevu.com\/en\/wp-json\/wp\/v2\/media?parent=190088"}],"wp:term":[{"taxonomy":"category","embeddable":true,"href":"https:\/\/agencevu.com\/en\/wp-json\/wp\/v2\/categories?post=190088"},{"taxonomy":"post_tag","embeddable":true,"href":"https:\/\/agencevu.com\/en\/wp-json\/wp\/v2\/tags?post=190088"},{"taxonomy":"photographe","embeddable":true,"href":"https:\/\/agencevu.com\/en\/wp-json\/wp\/v2\/photographe?post=190088"},{"taxonomy":"section_taxonomy","embeddable":true,"href":"https:\/\/agencevu.com\/en\/wp-json\/wp\/v2\/section_taxonomy?post=190088"}],"curies":[{"name":"wp","href":"https:\/\/api.w.org\/{rel}","templated":true}]}}