{"id":190082,"date":"2022-10-27T17:24:24","date_gmt":"2022-10-27T15:24:24","guid":{"rendered":"https:\/\/agencevu.com\/?post_type=serie&#038;p=190082"},"modified":"2022-10-27T17:25:14","modified_gmt":"2022-10-27T15:25:14","slug":"deplace-e-s-valeriia-2022","status":"publish","type":"serie","link":"https:\/\/agencevu.com\/en\/serie\/deplace-e-s-valeriia-2022\/","title":{"rendered":"D\u00e9plac\u00e9.e.s, Valeriia, 2022"},"content":{"rendered":"<div id='av_section_1'  class='avia-section main_color avia-section-small avia-no-border-styling  avia-bg-style-scroll  avia-builder-el-0  el_before_av_section  avia-builder-el-first   container_wrap fullsize' style='background-color: #f1f1f1;  '  ><div class='container' ><main  role=\"main\" itemprop=\"mainContentOfPage\"  class='template-page content  av-content-full alpha units'><div class='post-entry post-entry-type-page post-entry-190082'><div class='entry-content-wrapper clearfix'>\n<section class=\"av_textblock_section \"  itemscope=\"itemscope\" itemtype=\"https:\/\/schema.org\/CreativeWork\" ><div class='avia_textblock  '   itemprop=\"text\" ><p class=\"titre-page\"><a style=\"text-decoration: none; color: #707070;\" href=\"\/series\/\">S\u00e9ries<\/a><\/p>\n<hr class=\"hr-titre-page\" \/>\n<\/div><\/section>\n\n<\/div><\/div><\/main><!-- close content main element --><\/div><\/div><div id='av_section_2'  class='avia-section main_color avia-section-default avia-no-shadow  avia-bg-style-scroll  avia-builder-el-2  el_after_av_section  avia-builder-el-last   container_wrap fullsize' style=' '  ><div class='container' ><div class='template-page content  av-content-full alpha units'><div class='post-entry post-entry-type-page post-entry-190082'><div class='entry-content-wrapper clearfix'>\n<section class=\"av_textblock_section \"  itemscope=\"itemscope\" itemtype=\"https:\/\/schema.org\/CreativeWork\" ><div class='avia_textblock  '   itemprop=\"text\" ><p style=\"color: #76a38b; font-size: 20px; font-weight: 600;\">D\u00e9plac\u00e9.e.s, Valeriia, <em style=\"font-weight: 100;\">2022<\/em><\/p>\n<\/div><\/section>\n<section class=\"av_textblock_section \"  itemscope=\"itemscope\" itemtype=\"https:\/\/schema.org\/CreativeWork\" ><div class='avia_textblock  '   itemprop=\"text\" ><h5><a href=\"\/photographe\/jr\/\">JR<\/a><\/h5>\n<\/div><\/section>\n<div class=\"flex_column av_one_half  flex_column_div av-zero-column-padding first  avia-builder-el-5  el_after_av_textblock  el_before_av_one_half  column-top-margin\" style='border-radius:0px; '><section class=\"av_textblock_section \"  itemscope=\"itemscope\" itemtype=\"https:\/\/schema.org\/CreativeWork\" ><div class='avia_textblock  '   itemprop=\"text\" ><p>In March of 2022, JR and his team walked across the border from Poland into Ukraine carrying a giant rolled-up tarp. A week earlier, Ukrainian photographer Artem Lurchenko had sent JR images of children who were crossing into Poland to seek refuge from the war in Ukraine. One of those children was five-year-old Valeriia, whose smiling image was printed on a 45-meter-long tarp.<\/p>\n<p>JR joined by one hundred volunteers unfurled Valeriia\u2019s image in Lviv, Ukraine on March 14th. With each person holding a section of the tarp, the community moved through the city lifting the young girl\u2019s image up to the sky. She reminded those flying above that there are people below who need to be protected. Valeriia and the 7.5 million children of Ukraine are the future, and their images show what the country is fighting for.<\/p>\n<p>A drone photograph of Valeriia supported by her fellow Ukrainians was featured as the March-April 2022 cover of Time magazine.<\/p>\n<p>Leaving Ukraine, JR saw firsthand how difficult it was for women and children to get to safety due to the long queues at the border. In response, he launched two NFTs of Valeriia to raise funds for Ukrainians fleeing their country. All of the proceeds went to creating a network that brought food, warmth, and comfort to the thousands of refugees at border crossings.<\/p>\n<\/div><\/section><\/div><div class=\"flex_column av_one_half  flex_column_div av-zero-column-padding   avia-builder-el-7  el_after_av_one_half  el_before_av_hr  column-top-margin\" style='border-radius:0px; '><section class=\"av_textblock_section \"  itemscope=\"itemscope\" itemtype=\"https:\/\/schema.org\/CreativeWork\" ><div class='avia_textblock  '   itemprop=\"text\" ><p>Since Valeriia was in Lviv, JR and his team have brought her image to five cities across Europe. These demonstrations have brought people together across the continent to stand in solidarity with Ukraine and spread awareness of the conflict. One participant in Paris described why she partook in the procession around Valeriia\u2019s image: \u201call of these children [\u2026] are having to experience war, when they should be in school, learning.\u201d<\/p>\n<p>After visiting Paris (April 6th), D\u00fcsseldorf (April 10), and Berlin (April 11), Valeriia arrived in Venice (April 13th) where her image was unfurled by the city\u2019s canals. Taking a brief hiatus from traveling during the summer, Valeriia was part of the Venice Biennale exhibition \u201cThis is Ukraine: Defending Freedom\u201d at the PinchukArtCentre (April 23rd &#8211; August 7th). Her image was presented alongside works created by Ukrainian artists who continue to live in Ukraine during the Russian invasion as well as international artist friends whose works form a common front against the war.<\/p>\n<p>Valeriia continues to be shown in city streets throughout Europe. Volunteers in Munich (August 25th), Rome (September 23rd), and Vatican City (September 24th) organized a procession around her image showing that those in Ukraine have not been forgotten.<\/p>\n<\/div><\/section><\/div><div  style='height:30px' class='hr hr-invisible  av-medium-hide av-small-hide av-mini-hide  avia-builder-el-9  el_after_av_one_half  el_before_av_one_half '><span class='hr-inner ' ><span class='hr-inner-style'><\/span><\/span><\/div>\n<div class=\"flex_column av_one_half  flex_column_div av-zero-column-padding first  avia-builder-el-10  el_after_av_hr  el_before_av_one_half  \" style='margin-top:0px; margin-bottom:40px; border-radius:0px; '><div  class='avia-image-container  av-styling-no-styling    avia-builder-el-11  avia-builder-el-no-sibling  avia-align-center '  itemprop=\"image\" itemscope=\"itemscope\" itemtype=\"https:\/\/schema.org\/ImageObject\"  ><div class='avia-image-container-inner'><div class='avia-image-overlay-wrap'><a href=\"https:\/\/agencevu.com\/wp-content\/uploads\/2022\/10\/01_deplacees_lviv-ukraine_valeriia_2022-755x1030.jpg\" href=\"https:\/\/agencevu.com\/wp-content\/uploads\/2022\/10\/01_deplacees_lviv-ukraine_valeriia_2022-755x1030.jpg 755w, https:\/\/agencevu.com\/wp-content\/uploads\/2022\/10\/01_deplacees_lviv-ukraine_valeriia_2022-220x300.jpg 220w, https:\/\/agencevu.com\/wp-content\/uploads\/2022\/10\/01_deplacees_lviv-ukraine_valeriia_2022-59x80.jpg 59w, https:\/\/agencevu.com\/wp-content\/uploads\/2022\/10\/01_deplacees_lviv-ukraine_valeriia_2022-768x1047.jpg 768w, https:\/\/agencevu.com\/wp-content\/uploads\/2022\/10\/01_deplacees_lviv-ukraine_valeriia_2022-517x705.jpg 517w, https:\/\/agencevu.com\/wp-content\/uploads\/2022\/10\/01_deplacees_lviv-ukraine_valeriia_2022.jpg 792w\" href=\"(max-width: 755px) 100vw, 755px\" class='avia_image' ><img width=\"792\" height=\"1080\" class='wp-image-190119 avia-img-lazy-loading-not-190119 avia_image' src=\"https:\/\/agencevu.com\/wp-content\/uploads\/2022\/10\/01_deplacees_lviv-ukraine_valeriia_2022.jpg\" alt='' title='Post-Production Fabien Barrau @fabienbarrau'  itemprop=\"thumbnailUrl\" srcset=\"https:\/\/agencevu.com\/wp-content\/uploads\/2022\/10\/01_deplacees_lviv-ukraine_valeriia_2022.jpg 792w, https:\/\/agencevu.com\/wp-content\/uploads\/2022\/10\/01_deplacees_lviv-ukraine_valeriia_2022-220x300.jpg 220w, https:\/\/agencevu.com\/wp-content\/uploads\/2022\/10\/01_deplacees_lviv-ukraine_valeriia_2022-755x1030.jpg 755w, https:\/\/agencevu.com\/wp-content\/uploads\/2022\/10\/01_deplacees_lviv-ukraine_valeriia_2022-59x80.jpg 59w, https:\/\/agencevu.com\/wp-content\/uploads\/2022\/10\/01_deplacees_lviv-ukraine_valeriia_2022-768x1047.jpg 768w, https:\/\/agencevu.com\/wp-content\/uploads\/2022\/10\/01_deplacees_lviv-ukraine_valeriia_2022-517x705.jpg 517w\" sizes=\"(max-width: 792px) 100vw, 792px\" \/><\/a><\/div><\/div><\/div><\/div><div class=\"flex_column av_one_half  flex_column_div av-zero-column-padding   avia-builder-el-12  el_after_av_one_half  el_before_av_one_half  \" style='margin-top:0px; margin-bottom:40px; border-radius:0px; '><div  class='avia-image-container  av-styling-no-styling    avia-builder-el-13  avia-builder-el-no-sibling  avia-align-center '  itemprop=\"image\" itemscope=\"itemscope\" itemtype=\"https:\/\/schema.org\/ImageObject\"  ><div class='avia-image-container-inner'><div class='avia-image-overlay-wrap'><a href=\"https:\/\/agencevu.com\/wp-content\/uploads\/2022\/10\/01_deplacees_lviv-ukraine-2_valeriia_2022-773x1030.jpg\" href=\"https:\/\/agencevu.com\/wp-content\/uploads\/2022\/10\/01_deplacees_lviv-ukraine-2_valeriia_2022-773x1030.jpg 773w, https:\/\/agencevu.com\/wp-content\/uploads\/2022\/10\/01_deplacees_lviv-ukraine-2_valeriia_2022-225x300.jpg 225w, https:\/\/agencevu.com\/wp-content\/uploads\/2022\/10\/01_deplacees_lviv-ukraine-2_valeriia_2022-60x80.jpg 60w, https:\/\/agencevu.com\/wp-content\/uploads\/2022\/10\/01_deplacees_lviv-ukraine-2_valeriia_2022-768x1024.jpg 768w, https:\/\/agencevu.com\/wp-content\/uploads\/2022\/10\/01_deplacees_lviv-ukraine-2_valeriia_2022-529x705.jpg 529w, https:\/\/agencevu.com\/wp-content\/uploads\/2022\/10\/01_deplacees_lviv-ukraine-2_valeriia_2022.jpg 810w\" href=\"(max-width: 773px) 100vw, 773px\" class='avia_image' ><img width=\"810\" height=\"1080\" class='wp-image-190117 avia-img-lazy-loading-not-190117 avia_image' src=\"https:\/\/agencevu.com\/wp-content\/uploads\/2022\/10\/01_deplacees_lviv-ukraine-2_valeriia_2022.jpg\" alt='' title='01_deplacees_lviv ukraine 2_valeriia_2022'  itemprop=\"thumbnailUrl\" srcset=\"https:\/\/agencevu.com\/wp-content\/uploads\/2022\/10\/01_deplacees_lviv-ukraine-2_valeriia_2022.jpg 810w, https:\/\/agencevu.com\/wp-content\/uploads\/2022\/10\/01_deplacees_lviv-ukraine-2_valeriia_2022-225x300.jpg 225w, https:\/\/agencevu.com\/wp-content\/uploads\/2022\/10\/01_deplacees_lviv-ukraine-2_valeriia_2022-773x1030.jpg 773w, https:\/\/agencevu.com\/wp-content\/uploads\/2022\/10\/01_deplacees_lviv-ukraine-2_valeriia_2022-60x80.jpg 60w, https:\/\/agencevu.com\/wp-content\/uploads\/2022\/10\/01_deplacees_lviv-ukraine-2_valeriia_2022-768x1024.jpg 768w, https:\/\/agencevu.com\/wp-content\/uploads\/2022\/10\/01_deplacees_lviv-ukraine-2_valeriia_2022-529x705.jpg 529w\" sizes=\"(max-width: 810px) 100vw, 810px\" \/><\/a><\/div><\/div><\/div><\/div><div class=\"flex_column av_one_half  flex_column_div av-zero-column-padding first  avia-builder-el-14  el_after_av_one_half  el_before_av_one_half  column-top-margin\" style='margin-top:0px; margin-bottom:40px; border-radius:0px; '><div  class='avia-image-container  av-styling-no-styling    avia-builder-el-15  avia-builder-el-no-sibling  avia-align-center '  itemprop=\"image\" itemscope=\"itemscope\" itemtype=\"https:\/\/schema.org\/ImageObject\"  ><div class='avia-image-container-inner'><div class='avia-image-overlay-wrap'><a href=\"https:\/\/agencevu.com\/wp-content\/uploads\/2022\/10\/01_deplacees_munich-allemagne_valeriia_2022-761x1030.jpg\" href=\"https:\/\/agencevu.com\/wp-content\/uploads\/2022\/10\/01_deplacees_munich-allemagne_valeriia_2022-761x1030.jpg 761w, https:\/\/agencevu.com\/wp-content\/uploads\/2022\/10\/01_deplacees_munich-allemagne_valeriia_2022-222x300.jpg 222w, https:\/\/agencevu.com\/wp-content\/uploads\/2022\/10\/01_deplacees_munich-allemagne_valeriia_2022-59x80.jpg 59w, https:\/\/agencevu.com\/wp-content\/uploads\/2022\/10\/01_deplacees_munich-allemagne_valeriia_2022-768x1039.jpg 768w, https:\/\/agencevu.com\/wp-content\/uploads\/2022\/10\/01_deplacees_munich-allemagne_valeriia_2022-521x705.jpg 521w, https:\/\/agencevu.com\/wp-content\/uploads\/2022\/10\/01_deplacees_munich-allemagne_valeriia_2022.jpg 798w\" href=\"(max-width: 761px) 100vw, 761px\" class='avia_image' ><img width=\"798\" height=\"1080\" class='wp-image-190121 avia-img-lazy-loading-not-190121 avia_image' src=\"https:\/\/agencevu.com\/wp-content\/uploads\/2022\/10\/01_deplacees_munich-allemagne_valeriia_2022.jpg\" alt='' title='01_deplacees_munich allemagne_valeriia_2022'  itemprop=\"thumbnailUrl\" srcset=\"https:\/\/agencevu.com\/wp-content\/uploads\/2022\/10\/01_deplacees_munich-allemagne_valeriia_2022.jpg 798w, https:\/\/agencevu.com\/wp-content\/uploads\/2022\/10\/01_deplacees_munich-allemagne_valeriia_2022-222x300.jpg 222w, https:\/\/agencevu.com\/wp-content\/uploads\/2022\/10\/01_deplacees_munich-allemagne_valeriia_2022-761x1030.jpg 761w, https:\/\/agencevu.com\/wp-content\/uploads\/2022\/10\/01_deplacees_munich-allemagne_valeriia_2022-59x80.jpg 59w, https:\/\/agencevu.com\/wp-content\/uploads\/2022\/10\/01_deplacees_munich-allemagne_valeriia_2022-768x1039.jpg 768w, https:\/\/agencevu.com\/wp-content\/uploads\/2022\/10\/01_deplacees_munich-allemagne_valeriia_2022-521x705.jpg 521w\" sizes=\"(max-width: 798px) 100vw, 798px\" \/><\/a><\/div><\/div><\/div><\/div><div class=\"flex_column av_one_half  flex_column_div av-zero-column-padding   avia-builder-el-16  el_after_av_one_half  el_before_av_one_half  column-top-margin\" style='margin-top:0px; margin-bottom:40px; border-radius:0px; '><div  class='avia-image-container  av-styling-no-styling    avia-builder-el-17  avia-builder-el-no-sibling  avia-align-center '  itemprop=\"image\" itemscope=\"itemscope\" itemtype=\"https:\/\/schema.org\/ImageObject\"  ><div class='avia-image-container-inner'><div class='avia-image-overlay-wrap'><a href=\"https:\/\/agencevu.com\/wp-content\/uploads\/2022\/10\/01_deplacees_berlin-allemagne_valeriia_2022-773x1030.jpg\" href=\"https:\/\/agencevu.com\/wp-content\/uploads\/2022\/10\/01_deplacees_berlin-allemagne_valeriia_2022-773x1030.jpg 773w, https:\/\/agencevu.com\/wp-content\/uploads\/2022\/10\/01_deplacees_berlin-allemagne_valeriia_2022-225x300.jpg 225w, https:\/\/agencevu.com\/wp-content\/uploads\/2022\/10\/01_deplacees_berlin-allemagne_valeriia_2022-60x80.jpg 60w, https:\/\/agencevu.com\/wp-content\/uploads\/2022\/10\/01_deplacees_berlin-allemagne_valeriia_2022-768x1024.jpg 768w, https:\/\/agencevu.com\/wp-content\/uploads\/2022\/10\/01_deplacees_berlin-allemagne_valeriia_2022-529x705.jpg 529w, https:\/\/agencevu.com\/wp-content\/uploads\/2022\/10\/01_deplacees_berlin-allemagne_valeriia_2022.jpg 810w\" href=\"(max-width: 773px) 100vw, 773px\" class='avia_image' ><img width=\"810\" height=\"1080\" class='wp-image-190111 avia-img-lazy-loading-not-190111 avia_image' src=\"https:\/\/agencevu.com\/wp-content\/uploads\/2022\/10\/01_deplacees_berlin-allemagne_valeriia_2022.jpg\" alt='' title='01_deplacees_berlin allemagne_valeriia_2022'  itemprop=\"thumbnailUrl\" srcset=\"https:\/\/agencevu.com\/wp-content\/uploads\/2022\/10\/01_deplacees_berlin-allemagne_valeriia_2022.jpg 810w, https:\/\/agencevu.com\/wp-content\/uploads\/2022\/10\/01_deplacees_berlin-allemagne_valeriia_2022-225x300.jpg 225w, https:\/\/agencevu.com\/wp-content\/uploads\/2022\/10\/01_deplacees_berlin-allemagne_valeriia_2022-773x1030.jpg 773w, https:\/\/agencevu.com\/wp-content\/uploads\/2022\/10\/01_deplacees_berlin-allemagne_valeriia_2022-60x80.jpg 60w, https:\/\/agencevu.com\/wp-content\/uploads\/2022\/10\/01_deplacees_berlin-allemagne_valeriia_2022-768x1024.jpg 768w, https:\/\/agencevu.com\/wp-content\/uploads\/2022\/10\/01_deplacees_berlin-allemagne_valeriia_2022-529x705.jpg 529w\" sizes=\"(max-width: 810px) 100vw, 810px\" \/><\/a><\/div><\/div><\/div><\/div><div class=\"flex_column av_one_half  flex_column_div av-zero-column-padding first  avia-builder-el-18  el_after_av_one_half  el_before_av_one_half  column-top-margin\" style='margin-top:0px; margin-bottom:40px; border-radius:0px; '><div  class='avia-image-container  av-styling-no-styling    avia-builder-el-19  avia-builder-el-no-sibling  avia-align-center '  itemprop=\"image\" itemscope=\"itemscope\" itemtype=\"https:\/\/schema.org\/ImageObject\"  ><div class='avia-image-container-inner'><div class='avia-image-overlay-wrap'><a href=\"https:\/\/agencevu.com\/wp-content\/uploads\/2022\/10\/01_deplacees_dusseldorf-allemagne_valeriia_2022-773x1030.jpg\" href=\"https:\/\/agencevu.com\/wp-content\/uploads\/2022\/10\/01_deplacees_dusseldorf-allemagne_valeriia_2022-773x1030.jpg 773w, https:\/\/agencevu.com\/wp-content\/uploads\/2022\/10\/01_deplacees_dusseldorf-allemagne_valeriia_2022-225x300.jpg 225w, https:\/\/agencevu.com\/wp-content\/uploads\/2022\/10\/01_deplacees_dusseldorf-allemagne_valeriia_2022-60x80.jpg 60w, https:\/\/agencevu.com\/wp-content\/uploads\/2022\/10\/01_deplacees_dusseldorf-allemagne_valeriia_2022-768x1024.jpg 768w, https:\/\/agencevu.com\/wp-content\/uploads\/2022\/10\/01_deplacees_dusseldorf-allemagne_valeriia_2022-529x705.jpg 529w, https:\/\/agencevu.com\/wp-content\/uploads\/2022\/10\/01_deplacees_dusseldorf-allemagne_valeriia_2022.jpg 810w\" href=\"(max-width: 773px) 100vw, 773px\" class='avia_image' ><img width=\"810\" height=\"1080\" class='wp-image-190113 avia-img-lazy-loading-not-190113 avia_image' src=\"https:\/\/agencevu.com\/wp-content\/uploads\/2022\/10\/01_deplacees_dusseldorf-allemagne_valeriia_2022.jpg\" alt='' title='01_deplacees_dusseldorf allemagne_valeriia_2022'  itemprop=\"thumbnailUrl\" srcset=\"https:\/\/agencevu.com\/wp-content\/uploads\/2022\/10\/01_deplacees_dusseldorf-allemagne_valeriia_2022.jpg 810w, https:\/\/agencevu.com\/wp-content\/uploads\/2022\/10\/01_deplacees_dusseldorf-allemagne_valeriia_2022-225x300.jpg 225w, https:\/\/agencevu.com\/wp-content\/uploads\/2022\/10\/01_deplacees_dusseldorf-allemagne_valeriia_2022-773x1030.jpg 773w, https:\/\/agencevu.com\/wp-content\/uploads\/2022\/10\/01_deplacees_dusseldorf-allemagne_valeriia_2022-60x80.jpg 60w, https:\/\/agencevu.com\/wp-content\/uploads\/2022\/10\/01_deplacees_dusseldorf-allemagne_valeriia_2022-768x1024.jpg 768w, https:\/\/agencevu.com\/wp-content\/uploads\/2022\/10\/01_deplacees_dusseldorf-allemagne_valeriia_2022-529x705.jpg 529w\" sizes=\"(max-width: 810px) 100vw, 810px\" \/><\/a><\/div><\/div><\/div><\/div><div class=\"flex_column av_one_half  flex_column_div av-zero-column-padding   avia-builder-el-20  el_after_av_one_half  el_before_av_one_half  column-top-margin\" style='margin-top:0px; margin-bottom:40px; border-radius:0px; '><div  class='avia-image-container  av-styling-no-styling    avia-builder-el-21  avia-builder-el-no-sibling  avia-align-center '  itemprop=\"image\" itemscope=\"itemscope\" itemtype=\"https:\/\/schema.org\/ImageObject\"  ><div class='avia-image-container-inner'><div class='avia-image-overlay-wrap'><a href=\"https:\/\/agencevu.com\/wp-content\/uploads\/2022\/10\/01_deplacees_paris-france_valeriia_2022-773x1030.jpg\" href=\"https:\/\/agencevu.com\/wp-content\/uploads\/2022\/10\/01_deplacees_paris-france_valeriia_2022-773x1030.jpg 773w, https:\/\/agencevu.com\/wp-content\/uploads\/2022\/10\/01_deplacees_paris-france_valeriia_2022-225x300.jpg 225w, https:\/\/agencevu.com\/wp-content\/uploads\/2022\/10\/01_deplacees_paris-france_valeriia_2022-60x80.jpg 60w, https:\/\/agencevu.com\/wp-content\/uploads\/2022\/10\/01_deplacees_paris-france_valeriia_2022-768x1024.jpg 768w, https:\/\/agencevu.com\/wp-content\/uploads\/2022\/10\/01_deplacees_paris-france_valeriia_2022-529x705.jpg 529w, https:\/\/agencevu.com\/wp-content\/uploads\/2022\/10\/01_deplacees_paris-france_valeriia_2022.jpg 810w\" href=\"(max-width: 773px) 100vw, 773px\" class='avia_image' ><img width=\"810\" height=\"1080\" class='wp-image-190123 avia-img-lazy-loading-not-190123 avia_image' src=\"https:\/\/agencevu.com\/wp-content\/uploads\/2022\/10\/01_deplacees_paris-france_valeriia_2022.jpg\" alt='' title='01_deplacees_paris france_valeriia_2022'  itemprop=\"thumbnailUrl\" srcset=\"https:\/\/agencevu.com\/wp-content\/uploads\/2022\/10\/01_deplacees_paris-france_valeriia_2022.jpg 810w, https:\/\/agencevu.com\/wp-content\/uploads\/2022\/10\/01_deplacees_paris-france_valeriia_2022-225x300.jpg 225w, https:\/\/agencevu.com\/wp-content\/uploads\/2022\/10\/01_deplacees_paris-france_valeriia_2022-773x1030.jpg 773w, https:\/\/agencevu.com\/wp-content\/uploads\/2022\/10\/01_deplacees_paris-france_valeriia_2022-60x80.jpg 60w, https:\/\/agencevu.com\/wp-content\/uploads\/2022\/10\/01_deplacees_paris-france_valeriia_2022-768x1024.jpg 768w, https:\/\/agencevu.com\/wp-content\/uploads\/2022\/10\/01_deplacees_paris-france_valeriia_2022-529x705.jpg 529w\" sizes=\"(max-width: 810px) 100vw, 810px\" \/><\/a><\/div><\/div><\/div><\/div><div class=\"flex_column av_one_half  flex_column_div av-zero-column-padding first  avia-builder-el-22  el_after_av_one_half  el_before_av_one_full  column-top-margin\" style='margin-top:0px; margin-bottom:40px; border-radius:0px; '><div  class='avia-image-container  av-styling-no-styling    avia-builder-el-23  avia-builder-el-no-sibling  avia-align-center '  itemprop=\"image\" itemscope=\"itemscope\" itemtype=\"https:\/\/schema.org\/ImageObject\"  ><div class='avia-image-container-inner'><div class='avia-image-overlay-wrap'><a href=\"https:\/\/agencevu.com\/wp-content\/uploads\/2022\/10\/01_deplacees_italie-venise_valeriia_2022-773x1030.jpg\" href=\"https:\/\/agencevu.com\/wp-content\/uploads\/2022\/10\/01_deplacees_italie-venise_valeriia_2022-773x1030.jpg 773w, https:\/\/agencevu.com\/wp-content\/uploads\/2022\/10\/01_deplacees_italie-venise_valeriia_2022-225x300.jpg 225w, https:\/\/agencevu.com\/wp-content\/uploads\/2022\/10\/01_deplacees_italie-venise_valeriia_2022-60x80.jpg 60w, https:\/\/agencevu.com\/wp-content\/uploads\/2022\/10\/01_deplacees_italie-venise_valeriia_2022-768x1024.jpg 768w, https:\/\/agencevu.com\/wp-content\/uploads\/2022\/10\/01_deplacees_italie-venise_valeriia_2022-529x705.jpg 529w, https:\/\/agencevu.com\/wp-content\/uploads\/2022\/10\/01_deplacees_italie-venise_valeriia_2022.jpg 810w\" href=\"(max-width: 773px) 100vw, 773px\" class='avia_image' ><img width=\"810\" height=\"1080\" class='wp-image-190115 avia-img-lazy-loading-not-190115 avia_image' src=\"https:\/\/agencevu.com\/wp-content\/uploads\/2022\/10\/01_deplacees_italie-venise_valeriia_2022.jpg\" alt='' title='01_deplacees_italie venise_valeriia_2022'  itemprop=\"thumbnailUrl\" srcset=\"https:\/\/agencevu.com\/wp-content\/uploads\/2022\/10\/01_deplacees_italie-venise_valeriia_2022.jpg 810w, https:\/\/agencevu.com\/wp-content\/uploads\/2022\/10\/01_deplacees_italie-venise_valeriia_2022-225x300.jpg 225w, https:\/\/agencevu.com\/wp-content\/uploads\/2022\/10\/01_deplacees_italie-venise_valeriia_2022-773x1030.jpg 773w, https:\/\/agencevu.com\/wp-content\/uploads\/2022\/10\/01_deplacees_italie-venise_valeriia_2022-60x80.jpg 60w, https:\/\/agencevu.com\/wp-content\/uploads\/2022\/10\/01_deplacees_italie-venise_valeriia_2022-768x1024.jpg 768w, https:\/\/agencevu.com\/wp-content\/uploads\/2022\/10\/01_deplacees_italie-venise_valeriia_2022-529x705.jpg 529w\" sizes=\"(max-width: 810px) 100vw, 810px\" \/><\/a><\/div><\/div><\/div><\/div><div class=\"flex_column av_one_full  flex_column_div av-zero-column-padding first  avia-builder-el-24  el_after_av_one_half  avia-builder-el-last  column-top-margin\" style='margin-top:0px; margin-bottom:40px; border-radius:0px; '><div  class='avia-buttonrow-wrap avia-buttonrow-center   avia-builder-el-25  avia-builder-el-no-sibling '>\n<a href='https:\/\/archive.agencevu.com\/?63149406310410637290' class='avia-button  avia-color-theme-color-highlight  avia-icon_select-no avia-size-small ' target=\"_blank\" rel=\"noopener noreferrer\" style='margin-bottom:15px; margin-left:8px; margin-right:8px; '><span class='avia_iconbox_title' >ARCHIVES<\/span><\/a>\n<a href='https:\/\/agencevu.com\/contacts\/'  class='avia-button  avia-color-theme-color-highlight  avia-icon_select-no avia-size-small '  style='margin-bottom:15px; margin-left:8px; margin-right:8px; ' ><span class='avia_iconbox_title' >CONTACT<\/span><\/a>\n<\/div><\/div>\n","protected":false},"excerpt":{"rendered":"<p>peu apr\u00e8s le d\u00e9but de l\u2019invasion de l\u2019Ukraine par les troupes russes, JR se rend \u00e0 Lviv, en Ukraine, pour d\u00e9voiler le portrait g\u00e9ant de Valeriia, une r\u00e9fugi\u00e9e de 5 ans.<\/p>\n","protected":false},"featured_media":76668,"menu_order":0,"template":"","categories":[],"tags":[],"photographe":[5589],"section_taxonomy":[5484],"yoast_head":"<!-- This site is optimized with the Yoast SEO plugin v16.3 - https:\/\/yoast.com\/wordpress\/plugins\/seo\/ -->\n<title>D\u00e9plac\u00e9.e.s, Valeriia, 2022 - Agence VU&#039;<\/title>\n<meta name=\"robots\" content=\"index, follow, max-snippet:-1, max-image-preview:large, max-video-preview:-1\" \/>\n<link rel=\"canonical\" href=\"\/\" \/>\n<meta property=\"og:locale\" content=\"en_US\" \/>\n<meta property=\"og:type\" content=\"article\" \/>\n<meta property=\"og:title\" content=\"D\u00e9plac\u00e9.e.s, Valeriia, 2022 - Agence VU&#039;\" \/>\n<meta property=\"og:description\" content=\"peu apr\u00e8s le d\u00e9but de l\u2019invasion de l\u2019Ukraine par les troupes russes, JR se rend \u00e0 Lviv, en Ukraine, pour d\u00e9voiler le portrait g\u00e9ant de Valeriia, une r\u00e9fugi\u00e9e de 5 ans.\" \/>\n<meta property=\"og:site_name\" content=\"Agence VU&#039;\" \/>\n<meta property=\"article:publisher\" content=\"https:\/\/www.facebook.com\/VUagence\" \/>\n<meta property=\"article:modified_time\" content=\"2022-10-27T15:25:14+00:00\" \/>\n<meta property=\"og:image\" content=\"https:\/\/agencevu.com\/wp-content\/uploads\/2020\/08\/07_JR22252-2017CL15.jpg\" \/>\n\t<meta property=\"og:image:width\" content=\"1400\" \/>\n\t<meta property=\"og:image:height\" content=\"934\" \/>\n<meta name=\"twitter:card\" content=\"summary_large_image\" \/>\n<meta name=\"twitter:site\" content=\"@agence_vu\" \/>\n<script type=\"application\/ld+json\" class=\"yoast-schema-graph\">{\"@context\":\"https:\/\/schema.org\",\"@graph\":[{\"@type\":\"WebSite\",\"@id\":\"https:\/\/agencevu.com\/en\/#website\",\"url\":\"https:\/\/agencevu.com\/en\/\",\"name\":\"Agence VU&#039;\",\"description\":\"Agency of photographers founded in 1986\",\"potentialAction\":[{\"@type\":\"SearchAction\",\"target\":\"https:\/\/agencevu.com\/en\/?s={search_term_string}\",\"query-input\":\"required name=search_term_string\"}],\"inLanguage\":\"en-US\"},{\"@type\":\"ImageObject\",\"@id\":\"#primaryimage\",\"inLanguage\":\"en-US\",\"url\":\"https:\/\/agencevu.com\/wp-content\/uploads\/2020\/08\/07_JR22252-2017CL15.jpg\",\"contentUrl\":\"https:\/\/agencevu.com\/wp-content\/uploads\/2020\/08\/07_JR22252-2017CL15.jpg\",\"width\":1400,\"height\":934},{\"@type\":\"WebPage\",\"@id\":\"#webpage\",\"url\":null,\"name\":\"D\\u00e9plac\\u00e9.e.s, Valeriia, 2022 - Agence VU&#039;\",\"isPartOf\":{\"@id\":\"https:\/\/agencevu.com\/en\/#website\"},\"primaryImageOfPage\":{\"@id\":\"#primaryimage\"},\"datePublished\":\"2022-10-27T15:24:24+00:00\",\"dateModified\":\"2022-10-27T15:25:14+00:00\",\"breadcrumb\":{\"@id\":\"#breadcrumb\"},\"inLanguage\":\"en-US\",\"potentialAction\":[{\"@type\":\"ReadAction\",\"target\":[null]}]},{\"@type\":\"BreadcrumbList\",\"@id\":\"#breadcrumb\",\"itemListElement\":[{\"@type\":\"ListItem\",\"position\":1,\"item\":{\"@type\":\"WebPage\",\"@id\":\"https:\/\/agencevu.com\/en\/home\/\",\"url\":\"https:\/\/agencevu.com\/en\/home\/\",\"name\":\"Home\"}},{\"@type\":\"ListItem\",\"position\":2,\"item\":{\"@type\":\"WebPage\",\"@id\":\"https:\/\/agencevu.com\/en\/serie\/\",\"url\":\"https:\/\/agencevu.com\/en\/serie\/\",\"name\":\"Series\"}},{\"@type\":\"ListItem\",\"position\":3,\"item\":{\"@id\":\"#webpage\"}}]}]}<\/script>\n<!-- \/ Yoast SEO plugin. -->","_links":{"self":[{"href":"https:\/\/agencevu.com\/en\/wp-json\/wp\/v2\/serie\/190082"}],"collection":[{"href":"https:\/\/agencevu.com\/en\/wp-json\/wp\/v2\/serie"}],"about":[{"href":"https:\/\/agencevu.com\/en\/wp-json\/wp\/v2\/types\/serie"}],"version-history":[{"count":3,"href":"https:\/\/agencevu.com\/en\/wp-json\/wp\/v2\/serie\/190082\/revisions"}],"predecessor-version":[{"id":190154,"href":"https:\/\/agencevu.com\/en\/wp-json\/wp\/v2\/serie\/190082\/revisions\/190154"}],"wp:featuredmedia":[{"embeddable":true,"href":"https:\/\/agencevu.com\/en\/wp-json\/wp\/v2\/media\/76668"}],"wp:attachment":[{"href":"https:\/\/agencevu.com\/en\/wp-json\/wp\/v2\/media?parent=190082"}],"wp:term":[{"taxonomy":"category","embeddable":true,"href":"https:\/\/agencevu.com\/en\/wp-json\/wp\/v2\/categories?post=190082"},{"taxonomy":"post_tag","embeddable":true,"href":"https:\/\/agencevu.com\/en\/wp-json\/wp\/v2\/tags?post=190082"},{"taxonomy":"photographe","embeddable":true,"href":"https:\/\/agencevu.com\/en\/wp-json\/wp\/v2\/photographe?post=190082"},{"taxonomy":"section_taxonomy","embeddable":true,"href":"https:\/\/agencevu.com\/en\/wp-json\/wp\/v2\/section_taxonomy?post=190082"}],"curies":[{"name":"wp","href":"https:\/\/api.w.org\/{rel}","templated":true}]}}