{"id":152835,"date":"2021-05-05T15:35:54","date_gmt":"2021-05-05T13:35:54","guid":{"rendered":"https:\/\/agencevu-dev.abvent.com\/?post_type=photographe&#038;p=152835"},"modified":"2022-04-06T10:26:41","modified_gmt":"2022-04-06T08:26:41","slug":"jose-manuel-navia","status":"publish","type":"photographe","link":"https:\/\/agencevu.com\/en\/photographer\/jose-manuel-navia\/","title":{"rendered":"Jos\u00e9 Manuel Navia"},"content":{"rendered":"<div id='av-layout-grid-1'  class='av-layout-grid-container entry-content-wrapper main_color av-flex-cells   av-medium-hide av-small-hide av-mini-hide   avia-builder-el-0  el_before_av_section  avia-builder-el-first  container_wrap fullsize' style=' '  >\n<div class=\"flex_cell no_margin av_one_half  avia-builder-el-1  el_before_av_cell_one_half  avia-builder-el-first   avia-full-contain \"  style='height:550px; min-height:550px;background:url(https:\/\/agencevu.com\/wp-content\/uploads\/2021\/05\/NAVI13255-2001CL126.jpg) center center no-repeat scroll; vertical-align:top; padding:30px; ' ><div class='flex_cell_inner' ><\/div><\/div><div class=\"flex_cell no_margin av_one_half  avia-builder-el-2  el_after_av_cell_one_half  avia-builder-el-last   \"  style='height:550px; min-height:550px;vertical-align:bottom; padding:30px 30px 90px 30px ; ' ><div class='flex_cell_inner' ><section class=\"av_textblock_section \"  itemscope=\"itemscope\" itemtype=\"https:\/\/schema.org\/CreativeWork\" ><div class='avia_textblock  '   itemprop=\"text\" ><h4 style=\"font-weight: 100; font-size: 45px;\">Jos\u00e9 Manuel<br \/>\n<span style=\"font-size: 45px;\"><strong><span style=\"line-height: 50px;\"> Navia <\/span><\/strong><\/span><\/h4>\n<\/div><\/section>\n<\/div><\/div>\n<\/div>\n<div id='av_section_1'  class='avia-section main_color avia-section-default avia-no-border-styling  avia-bg-style-scroll  avia-builder-el-4  el_after_av_layout_row  el_before_av_submenu   av-desktop-hide container_wrap fullsize' style=' '  ><div class='container' ><div class='template-page content  av-content-full alpha units'><div class='post-entry post-entry-type-page post-entry-152835'><div class='entry-content-wrapper clearfix'>\n<section class=\"av_textblock_section \"  itemscope=\"itemscope\" itemtype=\"https:\/\/schema.org\/CreativeWork\" ><div class='avia_textblock  '   itemprop=\"text\" ><h4 style=\"font-size: 35px; line-height: 40px; text-align: center;\"><span style=\"font-weight: 100;\">Jos\u00e9 Manuel <\/span>Navia<\/h4>\n<\/div><\/section>\n<div  style='height:50px' class='hr hr-invisible   avia-builder-el-6  el_after_av_textblock  el_before_av_image '><span class='hr-inner ' ><span class='hr-inner-style'><\/span><\/span><\/div>\n<div  class='avia-image-container  av-styling-no-styling    avia-builder-el-7  el_after_av_hr  avia-builder-el-last  avia-align-center '  itemprop=\"image\" itemscope=\"itemscope\" itemtype=\"https:\/\/schema.org\/ImageObject\"  ><div class='avia-image-container-inner'><div class='avia-image-overlay-wrap'><img class='wp-image-150806 avia-img-lazy-loading-not-150806 avia_image' src=\"https:\/\/agencevu.com\/wp-content\/uploads\/2021\/05\/NAVI13255-2001CL126.jpg\" alt='' title='&quot;PISADAS SONAMBULAS&quot;  (Lusophonie)' height=\"750\" width=\"1106\"  itemprop=\"thumbnailUrl\" srcset=\"https:\/\/agencevu.com\/wp-content\/uploads\/2021\/05\/NAVI13255-2001CL126.jpg 1106w, https:\/\/agencevu.com\/wp-content\/uploads\/2021\/05\/NAVI13255-2001CL126-300x203.jpg 300w, https:\/\/agencevu.com\/wp-content\/uploads\/2021\/05\/NAVI13255-2001CL126-1030x698.jpg 1030w, https:\/\/agencevu.com\/wp-content\/uploads\/2021\/05\/NAVI13255-2001CL126-80x54.jpg 80w, https:\/\/agencevu.com\/wp-content\/uploads\/2021\/05\/NAVI13255-2001CL126-768x521.jpg 768w, https:\/\/agencevu.com\/wp-content\/uploads\/2021\/05\/NAVI13255-2001CL126-705x478.jpg 705w\" sizes=\"(max-width: 1106px) 100vw, 1106px\" \/><\/div><\/div><\/div>\n\n<\/div><\/div><\/div><!-- close content main div --><\/div><\/div><div class='clear'><\/div><div id='sub_menu1'  class='av-submenu-container alternate_color  avia-builder-el-8  el_after_av_section  el_before_av_section  av-sticky-submenu av-switch-768 submenu-not-first container_wrap fullsize' style='  z-index:301' ><div class='container av-menu-mobile-active av-submenu-hidden'><a href='#' class='mobile_menu_toggle' aria-hidden='true' data-av_icon='\ue8a5' data-av_iconfont='entypo-fontello'><span class='av-current-placeholder'>Menu<\/span><\/a><ul id='av-custom-submenu-1' class='av-subnav-menu av-submenu-pos-center'>\n<li class='menu-item menu-item-top-level  menu-item-top-level-1'><a href='\/en\/photographer\/jose-manuel-navia\/#biography' ><span class='avia-bullet'><\/span><span class='avia-menu-text'>Biography<\/span><\/a><\/li>\n<li class='menu-item menu-item-top-level  menu-item-top-level-2'><a href='\/en\/photographer\/jose-manuel-navia\/#series' ><span class='avia-bullet'><\/span><span class='avia-menu-text'>Series<\/span><\/a><\/li>\n<li class='menu-item menu-item-top-level  menu-item-top-level-3'><a href='\/en\/photographer\/jose-manuel-navia\/#interview' ><span class='avia-bullet'><\/span><span class='avia-menu-text'>Interviews<\/span><\/a><\/li>\n<li class='menu-item menu-item-top-level  menu-item-top-level-4'><a href='\/en\/photographer\/jose-manuel-navia\/#exhibitions' ><span class='avia-bullet'><\/span><span class='avia-menu-text'>Exhibitions<\/span><\/a><\/li>\n<li class='menu-item menu-item-top-level  menu-item-top-level-5'><a href='\/en\/photographer\/jose-manuel-navia\/#books' ><span class='avia-bullet'><\/span><span class='avia-menu-text'>Books<\/span><\/a><\/li>\n<li class='menu-item menu-item-top-level  menu-item-top-level-6'><a href='\/en\/photographer\/jose-manuel-navia\/#awards' ><span class='avia-bullet'><\/span><span class='avia-menu-text'>Awards<\/span><\/a><\/li>\n<\/ul><\/div><\/div><div class='sticky_placeholder'><\/div>\n<div id='biographie'  class='avia-section main_color avia-section-default avia-no-shadow  avia-bg-style-scroll  avia-builder-el-9  el_after_av_submenu  el_before_av_section   container_wrap fullsize' style=' '  ><div class='container' ><div class='template-page content  av-content-full alpha units'><div class='post-entry post-entry-type-page post-entry-152835'><div class='entry-content-wrapper clearfix'>\n<div class=\"flex_column av_one_fifth  av-break-at-tablet flex_column_div av-zero-column-padding first  avia-builder-el-10  el_before_av_two_fifth  avia-builder-el-first  \" style='border-radius:0px; '><section class=\"av_textblock_section \"  itemscope=\"itemscope\" itemtype=\"https:\/\/schema.org\/CreativeWork\" ><div class='avia_textblock  '  style='font-size:20px; '  itemprop=\"text\" ><p id=\"biography\" style=\"color: #707070; letter-spacing: 1.5px; text-transform: uppercase;\">biography<\/p>\n<hr class=\"hr-titre-page\">\n<\/div><\/section><br \/>\n<div  style='height:50px' class='hr hr-invisible   avia-builder-el-12  el_after_av_textblock  el_before_av_image '><span class='hr-inner ' ><span class='hr-inner-style'><\/span><\/span><\/div><br \/>\n<div  class='avia-image-container  av-styling-no-styling    avia-builder-el-13  el_after_av_hr  avia-builder-el-last  imgBio avia-align-center '  itemprop=\"image\" itemscope=\"itemscope\" itemtype=\"https:\/\/schema.org\/ImageObject\"  ><div class='avia-image-container-inner'><div class='avia-image-overlay-wrap'><img class='wp-image-150808 avia-img-lazy-loading-not-150808 avia_image' src=\"https:\/\/agencevu.com\/wp-content\/uploads\/2021\/05\/Navia-2020@Manuel-J-Martinez.jpg\" alt='' title='Navia-2020@Manuel-J-Martinez' height=\"461\" width=\"576\"  itemprop=\"thumbnailUrl\" srcset=\"https:\/\/agencevu.com\/wp-content\/uploads\/2021\/05\/Navia-2020@Manuel-J-Martinez.jpg 576w, https:\/\/agencevu.com\/wp-content\/uploads\/2021\/05\/Navia-2020@Manuel-J-Martinez-300x240.jpg 300w, https:\/\/agencevu.com\/wp-content\/uploads\/2021\/05\/Navia-2020@Manuel-J-Martinez-80x64.jpg 80w\" sizes=\"(max-width: 576px) 100vw, 576px\" \/><\/div><\/div><\/div><\/p><\/div><div class=\"flex_column av_two_fifth  av-break-at-tablet flex_column_div av-zero-column-padding   avia-builder-el-14  el_after_av_one_fifth  el_before_av_two_fifth  \" style='border-radius:0px; '><section class=\"av_textblock_section \"  itemscope=\"itemscope\" itemtype=\"https:\/\/schema.org\/CreativeWork\" ><div class='avia_textblock  '   itemprop=\"text\" ><p>Spanish photographer, member of the VU&#8217; agency since 1992, lives and works mainly in Madrid (Spain).<\/p>\n<p>Graduated from the Universidad Aut\u00f3noma de Madrid in Philosophy in 1980, Jos\u00e9 Manuel Navia turned professionally towards photography, which he has been practicing since he was 17 years old. In 1987, he left press photography and became a freelance photographer, first in the Cover agency and then in the VU&#8217; agency. He claimed and imposed very early a singular approach of color, from which he composes his images, in a rare subtlety of shades, from deep blacks to delicate monochrome or more distinct tones.<\/p>\n<p>Initially focused on photojournalism, his photography became more documentary and more personal, keeping as a guiding thread a work on light and color. He has explored various territories: Spain, Portugal, Latin America as well as the Philippines, Morocco, or the Niger River, and has documented various subjects, but always related to Iberian, Hispanic or Andalusian cultures.<\/p>\n<\/div><\/section><\/div><div class=\"flex_column av_two_fifth  av-break-at-tablet flex_column_div av-zero-column-padding   avia-builder-el-16  el_after_av_two_fifth  avia-builder-el-last  \" style='border-radius:0px; '><section class=\"av_textblock_section \"  itemscope=\"itemscope\" itemtype=\"https:\/\/schema.org\/CreativeWork\" ><div class='avia_textblock  '   itemprop=\"text\" ><p>Inhabited by the question of meaning in photography, questioning its relationship with words, literature and the arts, Jose Manuel Navia also offers photographic journeys in the company of great contemporary writers, or in the footsteps of authors he admires, from Roa Bastos to Sallinger, from Garc\u00eda M\u00e1rquez to Pess\u00f5a or from Juan Rulfo to Cervantes.<\/p>\n<p>&#8220;Navia&#8221; was published by PHotoBolsillo. This book brings together reports from Navia in which the &#8220;master&#8221; of the use of color and framing presents a humanized vision of the landscapes and peoples of the South: the Mediterranean, Africa, Latin America and any region of the world with Iberian or Latin roots.<\/p>\n<p>Winner of numerous awards, his work is regularly published in the national and international press (especially in El Pais), and exhibited throughout the world. His photographs are included in the Municipal Museum of Contemporary Art of Madrid, collection of the Community of Madrid, Marugame Hirai Museum of Japan, collection of the City Council of Alcobendas, collection of the Foundation of Santa Mar\u00eda de Vitoria Cathedral, and La Galer\u00eda de La F\u00e1brica, Madrid.<\/p>\n<\/div><\/section><\/div>\n\n<\/div><\/div><\/div><!-- close content main div --><\/div><\/div><div id='series'  class='avia-section main_color avia-section-small avia-no-border-styling  avia-bg-style-scroll  avia-builder-el-18  el_after_av_section  el_before_av_section   container_wrap fullsize' style=' '  ><div class='container' ><div class='template-page content  av-content-full alpha units'><div class='post-entry post-entry-type-page post-entry-152835'><div class='entry-content-wrapper clearfix'>\n<section class=\"av_textblock_section \"  itemscope=\"itemscope\" itemtype=\"https:\/\/schema.org\/CreativeWork\" ><div class='avia_textblock  '  style='font-size:20px; '  itemprop=\"text\" ><p id=\"series\" style=\"color: #707070; letter-spacing: 1.5px; text-transform: uppercase;\">Series<\/p>\n<hr class=\"hr-titre-page\">\n<\/div><\/section>\n<div  data-autoplay=''  data-interval='5'  data-animation='fade'  data-show_slide_delay='90'  class='avia-content-slider avia-content-grid-active avia-content-slider1 avia-content-slider-odd  avia-builder-el-20  el_after_av_textblock  el_before_av_blog   av-medium-hide av-small-hide av-mini-hide'  itemscope=\"itemscope\" itemtype=\"https:\/\/schema.org\/Blog\" ><div class='avia-content-slider-inner'><div class='slide-entry-wrap'><article class='slide-entry flex_column  post-entry post-entry-152847 slide-entry-overview slide-loop-1 slide-parity-odd  av_one_third first real-thumbnail'  itemscope=\"itemscope\" itemtype=\"https:\/\/schema.org\/CreativeWork\" ><a href='https:\/\/agencevu.com\/en\/serie\/alma-tierra-2019\/' data-rel='slide-1' class='slide-image' title=''><img width=\"430\" height=\"290\" src=\"https:\/\/agencevu.com\/wp-content\/uploads\/2021\/05\/NAVI23635-2019CL03-1.jpg\" class=\"wp-image-151750 avia-img-lazy-loading-151750 attachment-portfolio size-portfolio wp-post-image\" alt=\"\" loading=\"lazy\" srcset=\"https:\/\/agencevu.com\/wp-content\/uploads\/2021\/05\/NAVI23635-2019CL03-1.jpg 430w, https:\/\/agencevu.com\/wp-content\/uploads\/2021\/05\/NAVI23635-2019CL03-1-300x202.jpg 300w, https:\/\/agencevu.com\/wp-content\/uploads\/2021\/05\/NAVI23635-2019CL03-1-80x54.jpg 80w\" sizes=\"(max-width: 430px) 100vw, 430px\" \/><\/a><div class='slide-content'><header class=\"entry-content-header\"><span class=\"blog-categories minor-meta\"> <a href=\"https:\/\/agencevu.com\/en\/photographer\/jose-manuel-navia\/\" rel=\"tag\">Jos\u00e9 Manuel Navia<\/a> <a href=\"https:\/\/agencevu.com\/en\/section_taxonomy\/series\/\" rel=\"tag\">s\u00e9ries<\/a> <\/span><h3 class='slide-entry-title entry-title'  itemprop=\"headline\" ><a href='https:\/\/agencevu.com\/en\/serie\/alma-tierra-2019\/' title='Alma Tierra, 2019'>Alma Tierra, 2019<\/a><\/h3><span class=\"av-vertical-delimiter\"><\/span><\/header><div class='slide-entry-excerpt entry-content'  itemprop=\"text\" ><span class=\"tag-extrait\">Series | <\/span> While urban and peripheral Spain grows disproportionately, inland and rural Spain are suffering in extremes that would surprise even Spaniards.<\/div><\/div><footer class=\"entry-footer\"><div class='slide-meta'><time class='slide-meta-time updated'  itemprop=\"datePublished\" datetime=\"2019-09-04T14:01:25+02:00\" >4 September 2019<\/time><\/div><\/footer><span class='hidden'>\n\t\t\t\t<span class='av-structured-data'  itemprop=\"image\" itemscope=\"itemscope\" itemtype=\"https:\/\/schema.org\/ImageObject\" >\n\t\t\t\t\t\t<span itemprop='url'>https:\/\/agencevu.com\/wp-content\/uploads\/2021\/05\/NAVI23635-2019CL03-1.jpg<\/span>\n\t\t\t\t\t\t<span itemprop='height'>290<\/span>\n\t\t\t\t\t\t<span itemprop='width'>430<\/span>\n\t\t\t\t<\/span>\n\t\t\t\t<span class='av-structured-data'  itemprop=\"publisher\" itemtype=\"https:\/\/schema.org\/Organization\" itemscope=\"itemscope\" >\n\t\t\t\t\t\t<span itemprop='name'>Editorial<\/span>\n\t\t\t\t\t\t<span itemprop='logo' itemscope itemtype='https:\/\/schema.org\/ImageObject'>\n\t\t\t\t\t\t\t<span itemprop='url'>\/wp-content\/uploads\/2021\/05\/logo-vert-2.svg<\/span>\n\t\t\t\t\t\t <\/span>\n\t\t\t\t<\/span><span class='av-structured-data'  itemprop=\"author\" itemscope=\"itemscope\" itemtype=\"https:\/\/schema.org\/Person\" ><span itemprop='name'>Editorial<\/span><\/span><span class='av-structured-data'  itemprop=\"datePublished\" datetime=\"2001-05-05T16:26:21+02:00\" >2019-09-04 14:01:25<\/span><span class='av-structured-data'  itemprop=\"dateModified\" itemtype=\"https:\/\/schema.org\/dateModified\" >2021-05-05 15:56:55<\/span><span class='av-structured-data'  itemprop=\"mainEntityOfPage\" itemtype=\"https:\/\/schema.org\/mainEntityOfPage\" ><span itemprop='name'>Alma Tierra, 2019<\/span><\/span><\/span><\/article><article class='slide-entry flex_column  post-entry post-entry-152853 slide-entry-overview slide-loop-2 slide-parity-even  av_one_third  real-thumbnail'  itemscope=\"itemscope\" itemtype=\"https:\/\/schema.org\/CreativeWork\" ><a href='https:\/\/agencevu.com\/en\/serie\/lempreinte-mauresque-en-tunisie-2018\/' data-rel='slide-1' class='slide-image' title=''><img width=\"434\" height=\"290\" src=\"https:\/\/agencevu.com\/wp-content\/uploads\/2021\/05\/00_NAVI22503-2017CL37.jpg\" class=\"wp-image-151621 avia-img-lazy-loading-151621 attachment-portfolio size-portfolio wp-post-image\" alt=\"\" loading=\"lazy\" srcset=\"https:\/\/agencevu.com\/wp-content\/uploads\/2021\/05\/00_NAVI22503-2017CL37.jpg 434w, https:\/\/agencevu.com\/wp-content\/uploads\/2021\/05\/00_NAVI22503-2017CL37-300x200.jpg 300w, https:\/\/agencevu.com\/wp-content\/uploads\/2021\/05\/00_NAVI22503-2017CL37-80x53.jpg 80w\" sizes=\"(max-width: 434px) 100vw, 434px\" \/><\/a><div class='slide-content'><header class=\"entry-content-header\"><span class=\"blog-categories minor-meta\"> <a href=\"https:\/\/agencevu.com\/en\/photographer\/jose-manuel-navia\/\" rel=\"tag\">Jos\u00e9 Manuel Navia<\/a> <a href=\"https:\/\/agencevu.com\/en\/section_taxonomy\/series\/\" rel=\"tag\">s\u00e9ries<\/a> <\/span><h3 class='slide-entry-title entry-title'  itemprop=\"headline\" ><a href='https:\/\/agencevu.com\/en\/serie\/lempreinte-mauresque-en-tunisie-2018\/' title='The Moorish mark in Tunisia, 2018'>The Moorish mark in Tunisia, 2018<\/a><\/h3><span class=\"av-vertical-delimiter\"><\/span><\/header><div class='slide-entry-excerpt entry-content'  itemprop=\"text\" ><span class=\"tag-extrait\">Series | <\/span> In Tunisia on the tracks of the rich and fertile legacy of the Moors expelled from the Iberian peninsula in the 17th century.<\/div><\/div><footer class=\"entry-footer\"><div class='slide-meta'><time class='slide-meta-time updated'  itemprop=\"datePublished\" datetime=\"2018-10-04T12:47:50+02:00\" >4 October 2018<\/time><\/div><\/footer><span class='hidden'>\n\t\t\t\t<span class='av-structured-data'  itemprop=\"image\" itemscope=\"itemscope\" itemtype=\"https:\/\/schema.org\/ImageObject\" >\n\t\t\t\t\t\t<span itemprop='url'>https:\/\/agencevu.com\/wp-content\/uploads\/2021\/05\/00_NAVI22503-2017CL37.jpg<\/span>\n\t\t\t\t\t\t<span itemprop='height'>290<\/span>\n\t\t\t\t\t\t<span itemprop='width'>434<\/span>\n\t\t\t\t<\/span>\n\t\t\t\t<span class='av-structured-data'  itemprop=\"publisher\" itemtype=\"https:\/\/schema.org\/Organization\" itemscope=\"itemscope\" >\n\t\t\t\t\t\t<span itemprop='name'>Editorial<\/span>\n\t\t\t\t\t\t<span itemprop='logo' itemscope itemtype='https:\/\/schema.org\/ImageObject'>\n\t\t\t\t\t\t\t<span itemprop='url'>\/wp-content\/uploads\/2021\/05\/logo-vert-2.svg<\/span>\n\t\t\t\t\t\t <\/span>\n\t\t\t\t<\/span><span class='av-structured-data'  itemprop=\"author\" itemscope=\"itemscope\" itemtype=\"https:\/\/schema.org\/Person\" ><span itemprop='name'>Editorial<\/span><\/span><span class='av-structured-data'  itemprop=\"datePublished\" datetime=\"2001-05-05T16:26:21+02:00\" >2018-10-04 12:47:50<\/span><span class='av-structured-data'  itemprop=\"dateModified\" itemtype=\"https:\/\/schema.org\/dateModified\" >2021-05-05 16:00:35<\/span><span class='av-structured-data'  itemprop=\"mainEntityOfPage\" itemtype=\"https:\/\/schema.org\/mainEntityOfPage\" ><span itemprop='name'>The Moorish mark in Tunisia, 2018<\/span><\/span><\/span><\/article><article class='slide-entry flex_column  post-entry post-entry-152857 slide-entry-overview slide-loop-3 slide-parity-odd  av_one_third  real-thumbnail'  itemscope=\"itemscope\" itemtype=\"https:\/\/schema.org\/CreativeWork\" ><a href='https:\/\/agencevu.com\/en\/serie\/castilla-2017\/' data-rel='slide-1' class='slide-image' title=''><img width=\"430\" height=\"290\" src=\"https:\/\/agencevu.com\/wp-content\/uploads\/2021\/05\/NAVI22501-2016CL00.jpg\" class=\"wp-image-151396 avia-img-lazy-loading-151396 attachment-portfolio size-portfolio wp-post-image\" alt=\"\" loading=\"lazy\" srcset=\"https:\/\/agencevu.com\/wp-content\/uploads\/2021\/05\/NAVI22501-2016CL00.jpg 430w, https:\/\/agencevu.com\/wp-content\/uploads\/2021\/05\/NAVI22501-2016CL00-300x202.jpg 300w, https:\/\/agencevu.com\/wp-content\/uploads\/2021\/05\/NAVI22501-2016CL00-80x54.jpg 80w\" sizes=\"(max-width: 430px) 100vw, 430px\" \/><\/a><div class='slide-content'><header class=\"entry-content-header\"><span class=\"blog-categories minor-meta\"> <a href=\"https:\/\/agencevu.com\/en\/photographer\/jose-manuel-navia\/\" rel=\"tag\">Jos\u00e9 Manuel Navia<\/a> <a href=\"https:\/\/agencevu.com\/en\/section_taxonomy\/series\/\" rel=\"tag\">s\u00e9ries<\/a> <\/span><h3 class='slide-entry-title entry-title'  itemprop=\"headline\" ><a href='https:\/\/agencevu.com\/en\/serie\/castilla-2017\/' title='Castilla, 2017'>Castilla, 2017<\/a><\/h3><span class=\"av-vertical-delimiter\"><\/span><\/header><div class='slide-entry-excerpt entry-content'  itemprop=\"text\" ><span class=\"tag-extrait\">S\u00e9rie| <\/span> A new approach to the text Viejas historias de Castilla la Vieja, by Delibes. <\/div><\/div><footer class=\"entry-footer\"><div class='slide-meta'><time class='slide-meta-time updated'  itemprop=\"datePublished\" datetime=\"2017-11-04T10:31:13+01:00\" >4 November 2017<\/time><\/div><\/footer><span class='hidden'>\n\t\t\t\t<span class='av-structured-data'  itemprop=\"image\" itemscope=\"itemscope\" itemtype=\"https:\/\/schema.org\/ImageObject\" >\n\t\t\t\t\t\t<span itemprop='url'>https:\/\/agencevu.com\/wp-content\/uploads\/2021\/05\/NAVI22501-2016CL00.jpg<\/span>\n\t\t\t\t\t\t<span itemprop='height'>290<\/span>\n\t\t\t\t\t\t<span itemprop='width'>430<\/span>\n\t\t\t\t<\/span>\n\t\t\t\t<span class='av-structured-data'  itemprop=\"publisher\" itemtype=\"https:\/\/schema.org\/Organization\" itemscope=\"itemscope\" >\n\t\t\t\t\t\t<span itemprop='name'>Editorial<\/span>\n\t\t\t\t\t\t<span itemprop='logo' itemscope itemtype='https:\/\/schema.org\/ImageObject'>\n\t\t\t\t\t\t\t<span itemprop='url'>\/wp-content\/uploads\/2021\/05\/logo-vert-2.svg<\/span>\n\t\t\t\t\t\t <\/span>\n\t\t\t\t<\/span><span class='av-structured-data'  itemprop=\"author\" itemscope=\"itemscope\" itemtype=\"https:\/\/schema.org\/Person\" ><span itemprop='name'>Editorial<\/span><\/span><span class='av-structured-data'  itemprop=\"datePublished\" datetime=\"2001-05-05T16:26:21+02:00\" >2017-11-04 10:31:13<\/span><span class='av-structured-data'  itemprop=\"dateModified\" itemtype=\"https:\/\/schema.org\/dateModified\" >2021-05-05 16:03:03<\/span><span class='av-structured-data'  itemprop=\"mainEntityOfPage\" itemtype=\"https:\/\/schema.org\/mainEntityOfPage\" ><span itemprop='name'>Castilla, 2017<\/span><\/span><\/span><\/article><\/div><div class='slide-entry-wrap'><article class='slide-entry flex_column  post-entry post-entry-152861 slide-entry-overview slide-loop-4 slide-parity-odd  av_one_third first real-thumbnail'  itemscope=\"itemscope\" itemtype=\"https:\/\/schema.org\/CreativeWork\" ><a href='https:\/\/agencevu.com\/en\/serie\/salzillo-la-vida-en-torno-2017\/' data-rel='slide-1' class='slide-image' title=''><img width=\"434\" height=\"290\" src=\"https:\/\/agencevu.com\/wp-content\/uploads\/2021\/05\/NAVI22502-2017CL00.jpg\" class=\"wp-image-151318 avia-img-lazy-loading-151318 attachment-portfolio size-portfolio wp-post-image\" alt=\"\" loading=\"lazy\" srcset=\"https:\/\/agencevu.com\/wp-content\/uploads\/2021\/05\/NAVI22502-2017CL00.jpg 434w, https:\/\/agencevu.com\/wp-content\/uploads\/2021\/05\/NAVI22502-2017CL00-300x200.jpg 300w, https:\/\/agencevu.com\/wp-content\/uploads\/2021\/05\/NAVI22502-2017CL00-80x53.jpg 80w\" sizes=\"(max-width: 434px) 100vw, 434px\" \/><\/a><div class='slide-content'><header class=\"entry-content-header\"><span class=\"blog-categories minor-meta\"> <a href=\"https:\/\/agencevu.com\/en\/photographer\/jose-manuel-navia\/\" rel=\"tag\">Jos\u00e9 Manuel Navia<\/a> <a href=\"https:\/\/agencevu.com\/en\/section_taxonomy\/series\/\" rel=\"tag\">s\u00e9ries<\/a> <\/span><h3 class='slide-entry-title entry-title'  itemprop=\"headline\" ><a href='https:\/\/agencevu.com\/en\/serie\/salzillo-la-vida-en-torno-2017\/' title='Salzillo, La vida en torno, 2017'>Salzillo, La vida en torno, 2017<\/a><\/h3><span class=\"av-vertical-delimiter\"><\/span><\/header><div class='slide-entry-excerpt entry-content'  itemprop=\"text\" ><span class=\"tag-extrait\">Series | <\/span> This project on Francisco Salzillo brings together images taken in 2016 and 2017 in Murcia, the city where he was born and lived. <\/div><\/div><footer class=\"entry-footer\"><div class='slide-meta'><time class='slide-meta-time updated'  itemprop=\"datePublished\" datetime=\"2017-04-03T17:28:06+02:00\" >3 April 2017<\/time><\/div><\/footer><span class='hidden'>\n\t\t\t\t<span class='av-structured-data'  itemprop=\"image\" itemscope=\"itemscope\" itemtype=\"https:\/\/schema.org\/ImageObject\" >\n\t\t\t\t\t\t<span itemprop='url'>https:\/\/agencevu.com\/wp-content\/uploads\/2021\/05\/NAVI22502-2017CL00.jpg<\/span>\n\t\t\t\t\t\t<span itemprop='height'>290<\/span>\n\t\t\t\t\t\t<span itemprop='width'>434<\/span>\n\t\t\t\t<\/span>\n\t\t\t\t<span class='av-structured-data'  itemprop=\"publisher\" itemtype=\"https:\/\/schema.org\/Organization\" itemscope=\"itemscope\" >\n\t\t\t\t\t\t<span itemprop='name'>Editorial<\/span>\n\t\t\t\t\t\t<span itemprop='logo' itemscope itemtype='https:\/\/schema.org\/ImageObject'>\n\t\t\t\t\t\t\t<span itemprop='url'>\/wp-content\/uploads\/2021\/05\/logo-vert-2.svg<\/span>\n\t\t\t\t\t\t <\/span>\n\t\t\t\t<\/span><span class='av-structured-data'  itemprop=\"author\" itemscope=\"itemscope\" itemtype=\"https:\/\/schema.org\/Person\" ><span itemprop='name'>Editorial<\/span><\/span><span class='av-structured-data'  itemprop=\"datePublished\" datetime=\"2001-05-05T16:26:21+02:00\" >2017-04-03 17:28:06<\/span><span class='av-structured-data'  itemprop=\"dateModified\" itemtype=\"https:\/\/schema.org\/dateModified\" >2021-05-05 16:05:53<\/span><span class='av-structured-data'  itemprop=\"mainEntityOfPage\" itemtype=\"https:\/\/schema.org\/mainEntityOfPage\" ><span itemprop='name'>Salzillo, La vida en torno, 2017<\/span><\/span><\/span><\/article><article class='slide-entry flex_column  post-entry post-entry-152865 slide-entry-overview slide-loop-5 slide-parity-even  av_one_third  real-thumbnail'  itemscope=\"itemscope\" itemtype=\"https:\/\/schema.org\/CreativeWork\" ><a href='https:\/\/agencevu.com\/en\/serie\/cuenca-in-the-gaze-2014\/' data-rel='slide-1' class='slide-image' title=''><img width=\"437\" height=\"290\" src=\"https:\/\/agencevu.com\/wp-content\/uploads\/2021\/05\/NAVI21232-2014CL00.jpg\" class=\"wp-image-151219 avia-img-lazy-loading-151219 attachment-portfolio size-portfolio wp-post-image\" alt=\"\" loading=\"lazy\" srcset=\"https:\/\/agencevu.com\/wp-content\/uploads\/2021\/05\/NAVI21232-2014CL00.jpg 437w, https:\/\/agencevu.com\/wp-content\/uploads\/2021\/05\/NAVI21232-2014CL00-300x199.jpg 300w, https:\/\/agencevu.com\/wp-content\/uploads\/2021\/05\/NAVI21232-2014CL00-80x53.jpg 80w\" sizes=\"(max-width: 437px) 100vw, 437px\" \/><\/a><div class='slide-content'><header class=\"entry-content-header\"><span class=\"blog-categories minor-meta\"> <a href=\"https:\/\/agencevu.com\/en\/photographer\/jose-manuel-navia\/\" rel=\"tag\">Jos\u00e9 Manuel Navia<\/a> <a href=\"https:\/\/agencevu.com\/en\/section_taxonomy\/series\/\" rel=\"tag\">s\u00e9ries<\/a> <\/span><h3 class='slide-entry-title entry-title'  itemprop=\"headline\" ><a href='https:\/\/agencevu.com\/en\/serie\/cuenca-in-the-gaze-2014\/' title='Cuenca in the gaze, 2014'>Cuenca in the gaze, 2014<\/a><\/h3><span class=\"av-vertical-delimiter\"><\/span><\/header><div class='slide-entry-excerpt entry-content'  itemprop=\"text\" ><span class=\"tag-extrait\">Series | <\/span> Over one winter, Navia has travelled across the rough landscapes of the Spanish province of Castilla-La Mancha, country of Don Quichotte where epochs cohabit and genrations get mixed up. <\/div><\/div><footer class=\"entry-footer\"><div class='slide-meta'><time class='slide-meta-time updated'  itemprop=\"datePublished\" datetime=\"2014-10-03T16:44:02+02:00\" >3 October 2014<\/time><\/div><\/footer><span class='hidden'>\n\t\t\t\t<span class='av-structured-data'  itemprop=\"image\" itemscope=\"itemscope\" itemtype=\"https:\/\/schema.org\/ImageObject\" >\n\t\t\t\t\t\t<span itemprop='url'>https:\/\/agencevu.com\/wp-content\/uploads\/2021\/05\/NAVI21232-2014CL00.jpg<\/span>\n\t\t\t\t\t\t<span itemprop='height'>290<\/span>\n\t\t\t\t\t\t<span itemprop='width'>437<\/span>\n\t\t\t\t<\/span>\n\t\t\t\t<span class='av-structured-data'  itemprop=\"publisher\" itemtype=\"https:\/\/schema.org\/Organization\" itemscope=\"itemscope\" >\n\t\t\t\t\t\t<span itemprop='name'>Editorial<\/span>\n\t\t\t\t\t\t<span itemprop='logo' itemscope itemtype='https:\/\/schema.org\/ImageObject'>\n\t\t\t\t\t\t\t<span itemprop='url'>\/wp-content\/uploads\/2021\/05\/logo-vert-2.svg<\/span>\n\t\t\t\t\t\t <\/span>\n\t\t\t\t<\/span><span class='av-structured-data'  itemprop=\"author\" itemscope=\"itemscope\" itemtype=\"https:\/\/schema.org\/Person\" ><span itemprop='name'>Editorial<\/span><\/span><span class='av-structured-data'  itemprop=\"datePublished\" datetime=\"2001-05-05T16:26:21+02:00\" >2014-10-03 16:44:02<\/span><span class='av-structured-data'  itemprop=\"dateModified\" itemtype=\"https:\/\/schema.org\/dateModified\" >2021-05-05 16:08:46<\/span><span class='av-structured-data'  itemprop=\"mainEntityOfPage\" itemtype=\"https:\/\/schema.org\/mainEntityOfPage\" ><span itemprop='name'>Cuenca in the gaze, 2014<\/span><\/span><\/span><\/article><article class='slide-entry flex_column  post-entry post-entry-152869 slide-entry-overview slide-loop-6 slide-parity-odd  av_one_third  real-thumbnail'  itemscope=\"itemscope\" itemtype=\"https:\/\/schema.org\/CreativeWork\" ><a href='https:\/\/agencevu.com\/en\/serie\/luz-y-sombra-2014\/' data-rel='slide-1' class='slide-image' title=''><img width=\"438\" height=\"290\" src=\"https:\/\/agencevu.com\/wp-content\/uploads\/2021\/05\/NAVI21826-2013CL01-1.jpg\" class=\"wp-image-151132 avia-img-lazy-loading-151132 attachment-portfolio size-portfolio wp-post-image\" alt=\"\" loading=\"lazy\" srcset=\"https:\/\/agencevu.com\/wp-content\/uploads\/2021\/05\/NAVI21826-2013CL01-1.jpg 438w, https:\/\/agencevu.com\/wp-content\/uploads\/2021\/05\/NAVI21826-2013CL01-1-300x199.jpg 300w, https:\/\/agencevu.com\/wp-content\/uploads\/2021\/05\/NAVI21826-2013CL01-1-80x53.jpg 80w\" sizes=\"(max-width: 438px) 100vw, 438px\" \/><\/a><div class='slide-content'><header class=\"entry-content-header\"><span class=\"blog-categories minor-meta\"> <a href=\"https:\/\/agencevu.com\/en\/photographer\/jose-manuel-navia\/\" rel=\"tag\">Jos\u00e9 Manuel Navia<\/a> <a href=\"https:\/\/agencevu.com\/en\/section_taxonomy\/series\/\" rel=\"tag\">s\u00e9ries<\/a> <\/span><h3 class='slide-entry-title entry-title'  itemprop=\"headline\" ><a href='https:\/\/agencevu.com\/en\/serie\/luz-y-sombra-2014\/' title='Luz y sombra, 2014'>Luz y sombra, 2014<\/a><\/h3><span class=\"av-vertical-delimiter\"><\/span><\/header><div class='slide-entry-excerpt entry-content'  itemprop=\"text\" ><span class=\"tag-extrait\">S\u00e9rie| <\/span> A personal approach on the bullfighting world as fascinating as contradictory. <\/div><\/div><footer class=\"entry-footer\"><div class='slide-meta'><time class='slide-meta-time updated'  itemprop=\"datePublished\" datetime=\"2014-04-03T15:57:42+02:00\" >3 April 2014<\/time><\/div><\/footer><span class='hidden'>\n\t\t\t\t<span class='av-structured-data'  itemprop=\"image\" itemscope=\"itemscope\" itemtype=\"https:\/\/schema.org\/ImageObject\" >\n\t\t\t\t\t\t<span itemprop='url'>https:\/\/agencevu.com\/wp-content\/uploads\/2021\/05\/NAVI21826-2013CL01-1.jpg<\/span>\n\t\t\t\t\t\t<span itemprop='height'>290<\/span>\n\t\t\t\t\t\t<span itemprop='width'>438<\/span>\n\t\t\t\t<\/span>\n\t\t\t\t<span class='av-structured-data'  itemprop=\"publisher\" itemtype=\"https:\/\/schema.org\/Organization\" itemscope=\"itemscope\" >\n\t\t\t\t\t\t<span itemprop='name'>Editorial<\/span>\n\t\t\t\t\t\t<span itemprop='logo' itemscope itemtype='https:\/\/schema.org\/ImageObject'>\n\t\t\t\t\t\t\t<span itemprop='url'>\/wp-content\/uploads\/2021\/05\/logo-vert-2.svg<\/span>\n\t\t\t\t\t\t <\/span>\n\t\t\t\t<\/span><span class='av-structured-data'  itemprop=\"author\" itemscope=\"itemscope\" itemtype=\"https:\/\/schema.org\/Person\" ><span itemprop='name'>Editorial<\/span><\/span><span class='av-structured-data'  itemprop=\"datePublished\" datetime=\"2001-05-05T16:26:21+02:00\" >2014-04-03 15:57:42<\/span><span class='av-structured-data'  itemprop=\"dateModified\" itemtype=\"https:\/\/schema.org\/dateModified\" >2021-05-05 16:11:33<\/span><span class='av-structured-data'  itemprop=\"mainEntityOfPage\" itemtype=\"https:\/\/schema.org\/mainEntityOfPage\" ><span itemprop='name'>Luz y sombra, 2014<\/span><\/span><\/span><\/article><\/div><div class='slide-entry-wrap'><article class='slide-entry flex_column  post-entry post-entry-150990 slide-entry-overview slide-loop-7 slide-parity-odd  post-entry-last  av_one_third first real-thumbnail'  itemscope=\"itemscope\" itemtype=\"https:\/\/schema.org\/CreativeWork\" ><a href='https:\/\/agencevu.com\/en\/serie\/pisadas-sonambulas-lusofonias-2001\/' data-rel='slide-1' class='slide-image' title=''><img width=\"431\" height=\"290\" src=\"https:\/\/agencevu.com\/wp-content\/uploads\/2021\/05\/NAVI13255-2001CL00.jpg\" class=\"wp-image-150986 avia-img-lazy-loading-150986 attachment-portfolio size-portfolio wp-post-image\" alt=\"\" loading=\"lazy\" srcset=\"https:\/\/agencevu.com\/wp-content\/uploads\/2021\/05\/NAVI13255-2001CL00.jpg 431w, https:\/\/agencevu.com\/wp-content\/uploads\/2021\/05\/NAVI13255-2001CL00-300x202.jpg 300w, https:\/\/agencevu.com\/wp-content\/uploads\/2021\/05\/NAVI13255-2001CL00-80x54.jpg 80w\" sizes=\"(max-width: 431px) 100vw, 431px\" \/><\/a><div class='slide-content'><header class=\"entry-content-header\"><span class=\"blog-categories minor-meta\"> <a href=\"https:\/\/agencevu.com\/en\/photographer\/jose-manuel-navia\/\" rel=\"tag\">Jos\u00e9 Manuel Navia<\/a> <a href=\"https:\/\/agencevu.com\/en\/section_taxonomy\/series\/\" rel=\"tag\">s\u00e9ries<\/a> <\/span><h3 class='slide-entry-title entry-title'  itemprop=\"headline\" ><a href='https:\/\/agencevu.com\/en\/serie\/pisadas-sonambulas-lusofonias-2001\/' title='Pisadas sonambulas : Lusofonias, 2001'>Pisadas sonambulas : Lusofonias, 2001<\/a><\/h3><span class=\"av-vertical-delimiter\"><\/span><\/header><div class='slide-entry-excerpt entry-content'  itemprop=\"text\" >The portuguese-speaking world.<\/div><\/div><footer class=\"entry-footer\"><div class='slide-meta'><time class='slide-meta-time updated'  itemprop=\"datePublished\" datetime=\"2001-05-05T16:26:21+02:00\" >5 May 2001<\/time><\/div><\/footer><span class='hidden'>\n\t\t\t\t<span class='av-structured-data'  itemprop=\"image\" itemscope=\"itemscope\" itemtype=\"https:\/\/schema.org\/ImageObject\" >\n\t\t\t\t\t\t<span itemprop='url'>https:\/\/agencevu.com\/wp-content\/uploads\/2021\/05\/NAVI13255-2001CL00.jpg<\/span>\n\t\t\t\t\t\t<span itemprop='height'>290<\/span>\n\t\t\t\t\t\t<span itemprop='width'>431<\/span>\n\t\t\t\t<\/span>\n\t\t\t\t<span class='av-structured-data'  itemprop=\"publisher\" itemtype=\"https:\/\/schema.org\/Organization\" itemscope=\"itemscope\" >\n\t\t\t\t\t\t<span itemprop='name'>Editorial<\/span>\n\t\t\t\t\t\t<span itemprop='logo' itemscope itemtype='https:\/\/schema.org\/ImageObject'>\n\t\t\t\t\t\t\t<span itemprop='url'>\/wp-content\/uploads\/2021\/05\/logo-vert-2.svg<\/span>\n\t\t\t\t\t\t <\/span>\n\t\t\t\t<\/span><span class='av-structured-data'  itemprop=\"author\" itemscope=\"itemscope\" itemtype=\"https:\/\/schema.org\/Person\" ><span itemprop='name'>Editorial<\/span><\/span><span class='av-structured-data'  itemprop=\"datePublished\" datetime=\"2001-05-05T16:26:21+02:00\" >2001-05-05 16:26:21<\/span><span class='av-structured-data'  itemprop=\"dateModified\" itemtype=\"https:\/\/schema.org\/dateModified\" >2021-05-05 16:27:45<\/span><span class='av-structured-data'  itemprop=\"mainEntityOfPage\" itemtype=\"https:\/\/schema.org\/mainEntityOfPage\" ><span itemprop='name'>Pisadas sonambulas : Lusofonias, 2001<\/span><\/span><\/span><\/article><\/div><\/div><\/div>\n<div  data-autoplay=''  data-interval='5'  data-animation='fade'  data-show_slide_delay='90'  class='avia-content-slider avia-content-grid-active avia-content-slider2 avia-content-slider-even   av-desktop-hide av-mini-hide'  itemscope=\"itemscope\" itemtype=\"https:\/\/schema.org\/Blog\" ><div class='avia-content-slider-inner'><div class='slide-entry-wrap'><article class='slide-entry flex_column  post-entry post-entry-152847 slide-entry-overview slide-loop-1 slide-parity-odd  av_one_half first real-thumbnail'  itemscope=\"itemscope\" itemtype=\"https:\/\/schema.org\/CreativeWork\" ><a href='https:\/\/agencevu.com\/en\/serie\/alma-tierra-2019\/' data-rel='slide-2' class='slide-image' title=''><img width=\"430\" height=\"290\" src=\"https:\/\/agencevu.com\/wp-content\/uploads\/2021\/05\/NAVI23635-2019CL03-1.jpg\" class=\"wp-image-151750 avia-img-lazy-loading-151750 attachment-portfolio size-portfolio wp-post-image\" alt=\"\" loading=\"lazy\" srcset=\"https:\/\/agencevu.com\/wp-content\/uploads\/2021\/05\/NAVI23635-2019CL03-1.jpg 430w, https:\/\/agencevu.com\/wp-content\/uploads\/2021\/05\/NAVI23635-2019CL03-1-300x202.jpg 300w, https:\/\/agencevu.com\/wp-content\/uploads\/2021\/05\/NAVI23635-2019CL03-1-80x54.jpg 80w\" sizes=\"(max-width: 430px) 100vw, 430px\" \/><\/a><div class='slide-content'><header class=\"entry-content-header\"><span class=\"blog-categories minor-meta\"> <a href=\"https:\/\/agencevu.com\/en\/photographer\/jose-manuel-navia\/\" rel=\"tag\">Jos\u00e9 Manuel Navia<\/a> <a href=\"https:\/\/agencevu.com\/en\/section_taxonomy\/series\/\" rel=\"tag\">s\u00e9ries<\/a> <\/span><h3 class='slide-entry-title entry-title'  itemprop=\"headline\" ><a href='https:\/\/agencevu.com\/en\/serie\/alma-tierra-2019\/' title='Alma Tierra, 2019'>Alma Tierra, 2019<\/a><\/h3><span class=\"av-vertical-delimiter\"><\/span><\/header><div class='slide-entry-excerpt entry-content'  itemprop=\"text\" ><span class=\"tag-extrait\">Series | <\/span> While urban and peripheral Spain grows disproportionately, inland and rural Spain are suffering in extremes that would surprise even Spaniards.<\/div><\/div><footer class=\"entry-footer\"><div class='slide-meta'><time class='slide-meta-time updated'  itemprop=\"datePublished\" datetime=\"2019-09-04T14:01:25+02:00\" >4 September 2019<\/time><\/div><\/footer><span class='hidden'>\n\t\t\t\t<span class='av-structured-data'  itemprop=\"image\" itemscope=\"itemscope\" itemtype=\"https:\/\/schema.org\/ImageObject\" >\n\t\t\t\t\t\t<span itemprop='url'>https:\/\/agencevu.com\/wp-content\/uploads\/2021\/05\/NAVI23635-2019CL03-1.jpg<\/span>\n\t\t\t\t\t\t<span itemprop='height'>290<\/span>\n\t\t\t\t\t\t<span itemprop='width'>430<\/span>\n\t\t\t\t<\/span>\n\t\t\t\t<span class='av-structured-data'  itemprop=\"publisher\" itemtype=\"https:\/\/schema.org\/Organization\" itemscope=\"itemscope\" >\n\t\t\t\t\t\t<span itemprop='name'>Editorial<\/span>\n\t\t\t\t\t\t<span itemprop='logo' itemscope itemtype='https:\/\/schema.org\/ImageObject'>\n\t\t\t\t\t\t\t<span itemprop='url'>\/wp-content\/uploads\/2021\/05\/logo-vert-2.svg<\/span>\n\t\t\t\t\t\t <\/span>\n\t\t\t\t<\/span><span class='av-structured-data'  itemprop=\"author\" itemscope=\"itemscope\" itemtype=\"https:\/\/schema.org\/Person\" ><span itemprop='name'>Editorial<\/span><\/span><span class='av-structured-data'  itemprop=\"datePublished\" datetime=\"2001-05-05T16:26:21+02:00\" >2019-09-04 14:01:25<\/span><span class='av-structured-data'  itemprop=\"dateModified\" itemtype=\"https:\/\/schema.org\/dateModified\" >2021-05-05 15:56:55<\/span><span class='av-structured-data'  itemprop=\"mainEntityOfPage\" itemtype=\"https:\/\/schema.org\/mainEntityOfPage\" ><span itemprop='name'>Alma Tierra, 2019<\/span><\/span><\/span><\/article><article class='slide-entry flex_column  post-entry post-entry-152853 slide-entry-overview slide-loop-2 slide-parity-even  av_one_half  real-thumbnail'  itemscope=\"itemscope\" itemtype=\"https:\/\/schema.org\/CreativeWork\" ><a href='https:\/\/agencevu.com\/en\/serie\/lempreinte-mauresque-en-tunisie-2018\/' data-rel='slide-2' class='slide-image' title=''><img width=\"434\" height=\"290\" src=\"https:\/\/agencevu.com\/wp-content\/uploads\/2021\/05\/00_NAVI22503-2017CL37.jpg\" class=\"wp-image-151621 avia-img-lazy-loading-151621 attachment-portfolio size-portfolio wp-post-image\" alt=\"\" loading=\"lazy\" srcset=\"https:\/\/agencevu.com\/wp-content\/uploads\/2021\/05\/00_NAVI22503-2017CL37.jpg 434w, https:\/\/agencevu.com\/wp-content\/uploads\/2021\/05\/00_NAVI22503-2017CL37-300x200.jpg 300w, https:\/\/agencevu.com\/wp-content\/uploads\/2021\/05\/00_NAVI22503-2017CL37-80x53.jpg 80w\" sizes=\"(max-width: 434px) 100vw, 434px\" \/><\/a><div class='slide-content'><header class=\"entry-content-header\"><span class=\"blog-categories minor-meta\"> <a href=\"https:\/\/agencevu.com\/en\/photographer\/jose-manuel-navia\/\" rel=\"tag\">Jos\u00e9 Manuel Navia<\/a> <a href=\"https:\/\/agencevu.com\/en\/section_taxonomy\/series\/\" rel=\"tag\">s\u00e9ries<\/a> <\/span><h3 class='slide-entry-title entry-title'  itemprop=\"headline\" ><a href='https:\/\/agencevu.com\/en\/serie\/lempreinte-mauresque-en-tunisie-2018\/' title='The Moorish mark in Tunisia, 2018'>The Moorish mark in Tunisia, 2018<\/a><\/h3><span class=\"av-vertical-delimiter\"><\/span><\/header><div class='slide-entry-excerpt entry-content'  itemprop=\"text\" ><span class=\"tag-extrait\">Series | <\/span> In Tunisia on the tracks of the rich and fertile legacy of the Moors expelled from the Iberian peninsula in the 17th century.<\/div><\/div><footer class=\"entry-footer\"><div class='slide-meta'><time class='slide-meta-time updated'  itemprop=\"datePublished\" datetime=\"2018-10-04T12:47:50+02:00\" >4 October 2018<\/time><\/div><\/footer><span class='hidden'>\n\t\t\t\t<span class='av-structured-data'  itemprop=\"image\" itemscope=\"itemscope\" itemtype=\"https:\/\/schema.org\/ImageObject\" >\n\t\t\t\t\t\t<span itemprop='url'>https:\/\/agencevu.com\/wp-content\/uploads\/2021\/05\/00_NAVI22503-2017CL37.jpg<\/span>\n\t\t\t\t\t\t<span itemprop='height'>290<\/span>\n\t\t\t\t\t\t<span itemprop='width'>434<\/span>\n\t\t\t\t<\/span>\n\t\t\t\t<span class='av-structured-data'  itemprop=\"publisher\" itemtype=\"https:\/\/schema.org\/Organization\" itemscope=\"itemscope\" >\n\t\t\t\t\t\t<span itemprop='name'>Editorial<\/span>\n\t\t\t\t\t\t<span itemprop='logo' itemscope itemtype='https:\/\/schema.org\/ImageObject'>\n\t\t\t\t\t\t\t<span itemprop='url'>\/wp-content\/uploads\/2021\/05\/logo-vert-2.svg<\/span>\n\t\t\t\t\t\t <\/span>\n\t\t\t\t<\/span><span class='av-structured-data'  itemprop=\"author\" itemscope=\"itemscope\" itemtype=\"https:\/\/schema.org\/Person\" ><span itemprop='name'>Editorial<\/span><\/span><span class='av-structured-data'  itemprop=\"datePublished\" datetime=\"2001-05-05T16:26:21+02:00\" >2018-10-04 12:47:50<\/span><span class='av-structured-data'  itemprop=\"dateModified\" itemtype=\"https:\/\/schema.org\/dateModified\" >2021-05-05 16:00:35<\/span><span class='av-structured-data'  itemprop=\"mainEntityOfPage\" itemtype=\"https:\/\/schema.org\/mainEntityOfPage\" ><span itemprop='name'>The Moorish mark in Tunisia, 2018<\/span><\/span><\/span><\/article><\/div><div class='slide-entry-wrap'><article class='slide-entry flex_column  post-entry post-entry-152857 slide-entry-overview slide-loop-3 slide-parity-odd  av_one_half first real-thumbnail'  itemscope=\"itemscope\" itemtype=\"https:\/\/schema.org\/CreativeWork\" ><a href='https:\/\/agencevu.com\/en\/serie\/castilla-2017\/' data-rel='slide-2' class='slide-image' title=''><img width=\"430\" height=\"290\" src=\"https:\/\/agencevu.com\/wp-content\/uploads\/2021\/05\/NAVI22501-2016CL00.jpg\" class=\"wp-image-151396 avia-img-lazy-loading-151396 attachment-portfolio size-portfolio wp-post-image\" alt=\"\" loading=\"lazy\" srcset=\"https:\/\/agencevu.com\/wp-content\/uploads\/2021\/05\/NAVI22501-2016CL00.jpg 430w, https:\/\/agencevu.com\/wp-content\/uploads\/2021\/05\/NAVI22501-2016CL00-300x202.jpg 300w, https:\/\/agencevu.com\/wp-content\/uploads\/2021\/05\/NAVI22501-2016CL00-80x54.jpg 80w\" sizes=\"(max-width: 430px) 100vw, 430px\" \/><\/a><div class='slide-content'><header class=\"entry-content-header\"><span class=\"blog-categories minor-meta\"> <a href=\"https:\/\/agencevu.com\/en\/photographer\/jose-manuel-navia\/\" rel=\"tag\">Jos\u00e9 Manuel Navia<\/a> <a href=\"https:\/\/agencevu.com\/en\/section_taxonomy\/series\/\" rel=\"tag\">s\u00e9ries<\/a> <\/span><h3 class='slide-entry-title entry-title'  itemprop=\"headline\" ><a href='https:\/\/agencevu.com\/en\/serie\/castilla-2017\/' title='Castilla, 2017'>Castilla, 2017<\/a><\/h3><span class=\"av-vertical-delimiter\"><\/span><\/header><div class='slide-entry-excerpt entry-content'  itemprop=\"text\" ><span class=\"tag-extrait\">S\u00e9rie| <\/span> A new approach to the text Viejas historias de Castilla la Vieja, by Delibes. <\/div><\/div><footer class=\"entry-footer\"><div class='slide-meta'><time class='slide-meta-time updated'  itemprop=\"datePublished\" datetime=\"2017-11-04T10:31:13+01:00\" >4 November 2017<\/time><\/div><\/footer><span class='hidden'>\n\t\t\t\t<span class='av-structured-data'  itemprop=\"image\" itemscope=\"itemscope\" itemtype=\"https:\/\/schema.org\/ImageObject\" >\n\t\t\t\t\t\t<span itemprop='url'>https:\/\/agencevu.com\/wp-content\/uploads\/2021\/05\/NAVI22501-2016CL00.jpg<\/span>\n\t\t\t\t\t\t<span itemprop='height'>290<\/span>\n\t\t\t\t\t\t<span itemprop='width'>430<\/span>\n\t\t\t\t<\/span>\n\t\t\t\t<span class='av-structured-data'  itemprop=\"publisher\" itemtype=\"https:\/\/schema.org\/Organization\" itemscope=\"itemscope\" >\n\t\t\t\t\t\t<span itemprop='name'>Editorial<\/span>\n\t\t\t\t\t\t<span itemprop='logo' itemscope itemtype='https:\/\/schema.org\/ImageObject'>\n\t\t\t\t\t\t\t<span itemprop='url'>\/wp-content\/uploads\/2021\/05\/logo-vert-2.svg<\/span>\n\t\t\t\t\t\t <\/span>\n\t\t\t\t<\/span><span class='av-structured-data'  itemprop=\"author\" itemscope=\"itemscope\" itemtype=\"https:\/\/schema.org\/Person\" ><span itemprop='name'>Editorial<\/span><\/span><span class='av-structured-data'  itemprop=\"datePublished\" datetime=\"2001-05-05T16:26:21+02:00\" >2017-11-04 10:31:13<\/span><span class='av-structured-data'  itemprop=\"dateModified\" itemtype=\"https:\/\/schema.org\/dateModified\" >2021-05-05 16:03:03<\/span><span class='av-structured-data'  itemprop=\"mainEntityOfPage\" itemtype=\"https:\/\/schema.org\/mainEntityOfPage\" ><span itemprop='name'>Castilla, 2017<\/span><\/span><\/span><\/article><article class='slide-entry flex_column  post-entry post-entry-152861 slide-entry-overview slide-loop-4 slide-parity-even  av_one_half  real-thumbnail'  itemscope=\"itemscope\" itemtype=\"https:\/\/schema.org\/CreativeWork\" ><a href='https:\/\/agencevu.com\/en\/serie\/salzillo-la-vida-en-torno-2017\/' data-rel='slide-2' class='slide-image' title=''><img width=\"434\" height=\"290\" src=\"https:\/\/agencevu.com\/wp-content\/uploads\/2021\/05\/NAVI22502-2017CL00.jpg\" class=\"wp-image-151318 avia-img-lazy-loading-151318 attachment-portfolio size-portfolio wp-post-image\" alt=\"\" loading=\"lazy\" srcset=\"https:\/\/agencevu.com\/wp-content\/uploads\/2021\/05\/NAVI22502-2017CL00.jpg 434w, https:\/\/agencevu.com\/wp-content\/uploads\/2021\/05\/NAVI22502-2017CL00-300x200.jpg 300w, https:\/\/agencevu.com\/wp-content\/uploads\/2021\/05\/NAVI22502-2017CL00-80x53.jpg 80w\" sizes=\"(max-width: 434px) 100vw, 434px\" \/><\/a><div class='slide-content'><header class=\"entry-content-header\"><span class=\"blog-categories minor-meta\"> <a href=\"https:\/\/agencevu.com\/en\/photographer\/jose-manuel-navia\/\" rel=\"tag\">Jos\u00e9 Manuel Navia<\/a> <a href=\"https:\/\/agencevu.com\/en\/section_taxonomy\/series\/\" rel=\"tag\">s\u00e9ries<\/a> <\/span><h3 class='slide-entry-title entry-title'  itemprop=\"headline\" ><a href='https:\/\/agencevu.com\/en\/serie\/salzillo-la-vida-en-torno-2017\/' title='Salzillo, La vida en torno, 2017'>Salzillo, La vida en torno, 2017<\/a><\/h3><span class=\"av-vertical-delimiter\"><\/span><\/header><div class='slide-entry-excerpt entry-content'  itemprop=\"text\" ><span class=\"tag-extrait\">Series | <\/span> This project on Francisco Salzillo brings together images taken in 2016 and 2017 in Murcia, the city where he was born and lived. <\/div><\/div><footer class=\"entry-footer\"><div class='slide-meta'><time class='slide-meta-time updated'  itemprop=\"datePublished\" datetime=\"2017-04-03T17:28:06+02:00\" >3 April 2017<\/time><\/div><\/footer><span class='hidden'>\n\t\t\t\t<span class='av-structured-data'  itemprop=\"image\" itemscope=\"itemscope\" itemtype=\"https:\/\/schema.org\/ImageObject\" >\n\t\t\t\t\t\t<span itemprop='url'>https:\/\/agencevu.com\/wp-content\/uploads\/2021\/05\/NAVI22502-2017CL00.jpg<\/span>\n\t\t\t\t\t\t<span itemprop='height'>290<\/span>\n\t\t\t\t\t\t<span itemprop='width'>434<\/span>\n\t\t\t\t<\/span>\n\t\t\t\t<span class='av-structured-data'  itemprop=\"publisher\" itemtype=\"https:\/\/schema.org\/Organization\" itemscope=\"itemscope\" >\n\t\t\t\t\t\t<span itemprop='name'>Editorial<\/span>\n\t\t\t\t\t\t<span itemprop='logo' itemscope itemtype='https:\/\/schema.org\/ImageObject'>\n\t\t\t\t\t\t\t<span itemprop='url'>\/wp-content\/uploads\/2021\/05\/logo-vert-2.svg<\/span>\n\t\t\t\t\t\t <\/span>\n\t\t\t\t<\/span><span class='av-structured-data'  itemprop=\"author\" itemscope=\"itemscope\" itemtype=\"https:\/\/schema.org\/Person\" ><span itemprop='name'>Editorial<\/span><\/span><span class='av-structured-data'  itemprop=\"datePublished\" datetime=\"2001-05-05T16:26:21+02:00\" >2017-04-03 17:28:06<\/span><span class='av-structured-data'  itemprop=\"dateModified\" itemtype=\"https:\/\/schema.org\/dateModified\" >2021-05-05 16:05:53<\/span><span class='av-structured-data'  itemprop=\"mainEntityOfPage\" itemtype=\"https:\/\/schema.org\/mainEntityOfPage\" ><span itemprop='name'>Salzillo, La vida en torno, 2017<\/span><\/span><\/span><\/article><\/div><div class='slide-entry-wrap'><article class='slide-entry flex_column  post-entry post-entry-152865 slide-entry-overview slide-loop-5 slide-parity-odd  av_one_half first real-thumbnail'  itemscope=\"itemscope\" itemtype=\"https:\/\/schema.org\/CreativeWork\" ><a href='https:\/\/agencevu.com\/en\/serie\/cuenca-in-the-gaze-2014\/' data-rel='slide-2' class='slide-image' title=''><img width=\"437\" height=\"290\" src=\"https:\/\/agencevu.com\/wp-content\/uploads\/2021\/05\/NAVI21232-2014CL00.jpg\" class=\"wp-image-151219 avia-img-lazy-loading-151219 attachment-portfolio size-portfolio wp-post-image\" alt=\"\" loading=\"lazy\" srcset=\"https:\/\/agencevu.com\/wp-content\/uploads\/2021\/05\/NAVI21232-2014CL00.jpg 437w, https:\/\/agencevu.com\/wp-content\/uploads\/2021\/05\/NAVI21232-2014CL00-300x199.jpg 300w, https:\/\/agencevu.com\/wp-content\/uploads\/2021\/05\/NAVI21232-2014CL00-80x53.jpg 80w\" sizes=\"(max-width: 437px) 100vw, 437px\" \/><\/a><div class='slide-content'><header class=\"entry-content-header\"><span class=\"blog-categories minor-meta\"> <a href=\"https:\/\/agencevu.com\/en\/photographer\/jose-manuel-navia\/\" rel=\"tag\">Jos\u00e9 Manuel Navia<\/a> <a href=\"https:\/\/agencevu.com\/en\/section_taxonomy\/series\/\" rel=\"tag\">s\u00e9ries<\/a> <\/span><h3 class='slide-entry-title entry-title'  itemprop=\"headline\" ><a href='https:\/\/agencevu.com\/en\/serie\/cuenca-in-the-gaze-2014\/' title='Cuenca in the gaze, 2014'>Cuenca in the gaze, 2014<\/a><\/h3><span class=\"av-vertical-delimiter\"><\/span><\/header><div class='slide-entry-excerpt entry-content'  itemprop=\"text\" ><span class=\"tag-extrait\">Series | <\/span> Over one winter, Navia has travelled across the rough landscapes of the Spanish province of Castilla-La Mancha, country of Don Quichotte where epochs cohabit and genrations get mixed up. <\/div><\/div><footer class=\"entry-footer\"><div class='slide-meta'><time class='slide-meta-time updated'  itemprop=\"datePublished\" datetime=\"2014-10-03T16:44:02+02:00\" >3 October 2014<\/time><\/div><\/footer><span class='hidden'>\n\t\t\t\t<span class='av-structured-data'  itemprop=\"image\" itemscope=\"itemscope\" itemtype=\"https:\/\/schema.org\/ImageObject\" >\n\t\t\t\t\t\t<span itemprop='url'>https:\/\/agencevu.com\/wp-content\/uploads\/2021\/05\/NAVI21232-2014CL00.jpg<\/span>\n\t\t\t\t\t\t<span itemprop='height'>290<\/span>\n\t\t\t\t\t\t<span itemprop='width'>437<\/span>\n\t\t\t\t<\/span>\n\t\t\t\t<span class='av-structured-data'  itemprop=\"publisher\" itemtype=\"https:\/\/schema.org\/Organization\" itemscope=\"itemscope\" >\n\t\t\t\t\t\t<span itemprop='name'>Editorial<\/span>\n\t\t\t\t\t\t<span itemprop='logo' itemscope itemtype='https:\/\/schema.org\/ImageObject'>\n\t\t\t\t\t\t\t<span itemprop='url'>\/wp-content\/uploads\/2021\/05\/logo-vert-2.svg<\/span>\n\t\t\t\t\t\t <\/span>\n\t\t\t\t<\/span><span class='av-structured-data'  itemprop=\"author\" itemscope=\"itemscope\" itemtype=\"https:\/\/schema.org\/Person\" ><span itemprop='name'>Editorial<\/span><\/span><span class='av-structured-data'  itemprop=\"datePublished\" datetime=\"2001-05-05T16:26:21+02:00\" >2014-10-03 16:44:02<\/span><span class='av-structured-data'  itemprop=\"dateModified\" itemtype=\"https:\/\/schema.org\/dateModified\" >2021-05-05 16:08:46<\/span><span class='av-structured-data'  itemprop=\"mainEntityOfPage\" itemtype=\"https:\/\/schema.org\/mainEntityOfPage\" ><span itemprop='name'>Cuenca in the gaze, 2014<\/span><\/span><\/span><\/article><article class='slide-entry flex_column  post-entry post-entry-152869 slide-entry-overview slide-loop-6 slide-parity-even  av_one_half  real-thumbnail'  itemscope=\"itemscope\" itemtype=\"https:\/\/schema.org\/CreativeWork\" ><a href='https:\/\/agencevu.com\/en\/serie\/luz-y-sombra-2014\/' data-rel='slide-2' class='slide-image' title=''><img width=\"438\" height=\"290\" src=\"https:\/\/agencevu.com\/wp-content\/uploads\/2021\/05\/NAVI21826-2013CL01-1.jpg\" class=\"wp-image-151132 avia-img-lazy-loading-151132 attachment-portfolio size-portfolio wp-post-image\" alt=\"\" loading=\"lazy\" srcset=\"https:\/\/agencevu.com\/wp-content\/uploads\/2021\/05\/NAVI21826-2013CL01-1.jpg 438w, https:\/\/agencevu.com\/wp-content\/uploads\/2021\/05\/NAVI21826-2013CL01-1-300x199.jpg 300w, https:\/\/agencevu.com\/wp-content\/uploads\/2021\/05\/NAVI21826-2013CL01-1-80x53.jpg 80w\" sizes=\"(max-width: 438px) 100vw, 438px\" \/><\/a><div class='slide-content'><header class=\"entry-content-header\"><span class=\"blog-categories minor-meta\"> <a href=\"https:\/\/agencevu.com\/en\/photographer\/jose-manuel-navia\/\" rel=\"tag\">Jos\u00e9 Manuel Navia<\/a> <a href=\"https:\/\/agencevu.com\/en\/section_taxonomy\/series\/\" rel=\"tag\">s\u00e9ries<\/a> <\/span><h3 class='slide-entry-title entry-title'  itemprop=\"headline\" ><a href='https:\/\/agencevu.com\/en\/serie\/luz-y-sombra-2014\/' title='Luz y sombra, 2014'>Luz y sombra, 2014<\/a><\/h3><span class=\"av-vertical-delimiter\"><\/span><\/header><div class='slide-entry-excerpt entry-content'  itemprop=\"text\" ><span class=\"tag-extrait\">S\u00e9rie| <\/span> A personal approach on the bullfighting world as fascinating as contradictory. <\/div><\/div><footer class=\"entry-footer\"><div class='slide-meta'><time class='slide-meta-time updated'  itemprop=\"datePublished\" datetime=\"2014-04-03T15:57:42+02:00\" >3 April 2014<\/time><\/div><\/footer><span class='hidden'>\n\t\t\t\t<span class='av-structured-data'  itemprop=\"image\" itemscope=\"itemscope\" itemtype=\"https:\/\/schema.org\/ImageObject\" >\n\t\t\t\t\t\t<span itemprop='url'>https:\/\/agencevu.com\/wp-content\/uploads\/2021\/05\/NAVI21826-2013CL01-1.jpg<\/span>\n\t\t\t\t\t\t<span itemprop='height'>290<\/span>\n\t\t\t\t\t\t<span itemprop='width'>438<\/span>\n\t\t\t\t<\/span>\n\t\t\t\t<span class='av-structured-data'  itemprop=\"publisher\" itemtype=\"https:\/\/schema.org\/Organization\" itemscope=\"itemscope\" >\n\t\t\t\t\t\t<span itemprop='name'>Editorial<\/span>\n\t\t\t\t\t\t<span itemprop='logo' itemscope itemtype='https:\/\/schema.org\/ImageObject'>\n\t\t\t\t\t\t\t<span itemprop='url'>\/wp-content\/uploads\/2021\/05\/logo-vert-2.svg<\/span>\n\t\t\t\t\t\t <\/span>\n\t\t\t\t<\/span><span class='av-structured-data'  itemprop=\"author\" itemscope=\"itemscope\" itemtype=\"https:\/\/schema.org\/Person\" ><span itemprop='name'>Editorial<\/span><\/span><span class='av-structured-data'  itemprop=\"datePublished\" datetime=\"2001-05-05T16:26:21+02:00\" >2014-04-03 15:57:42<\/span><span class='av-structured-data'  itemprop=\"dateModified\" itemtype=\"https:\/\/schema.org\/dateModified\" >2021-05-05 16:11:33<\/span><span class='av-structured-data'  itemprop=\"mainEntityOfPage\" itemtype=\"https:\/\/schema.org\/mainEntityOfPage\" ><span itemprop='name'>Luz y sombra, 2014<\/span><\/span><\/span><\/article><\/div><div class='slide-entry-wrap'><article class='slide-entry flex_column  post-entry post-entry-150990 slide-entry-overview slide-loop-7 slide-parity-odd  post-entry-last  av_one_half first real-thumbnail'  itemscope=\"itemscope\" itemtype=\"https:\/\/schema.org\/CreativeWork\" ><a href='https:\/\/agencevu.com\/en\/serie\/pisadas-sonambulas-lusofonias-2001\/' data-rel='slide-2' class='slide-image' title=''><img width=\"431\" height=\"290\" src=\"https:\/\/agencevu.com\/wp-content\/uploads\/2021\/05\/NAVI13255-2001CL00.jpg\" class=\"wp-image-150986 avia-img-lazy-loading-150986 attachment-portfolio size-portfolio wp-post-image\" alt=\"\" loading=\"lazy\" srcset=\"https:\/\/agencevu.com\/wp-content\/uploads\/2021\/05\/NAVI13255-2001CL00.jpg 431w, https:\/\/agencevu.com\/wp-content\/uploads\/2021\/05\/NAVI13255-2001CL00-300x202.jpg 300w, https:\/\/agencevu.com\/wp-content\/uploads\/2021\/05\/NAVI13255-2001CL00-80x54.jpg 80w\" sizes=\"(max-width: 431px) 100vw, 431px\" \/><\/a><div class='slide-content'><header class=\"entry-content-header\"><span class=\"blog-categories minor-meta\"> <a href=\"https:\/\/agencevu.com\/en\/photographer\/jose-manuel-navia\/\" rel=\"tag\">Jos\u00e9 Manuel Navia<\/a> <a href=\"https:\/\/agencevu.com\/en\/section_taxonomy\/series\/\" rel=\"tag\">s\u00e9ries<\/a> <\/span><h3 class='slide-entry-title entry-title'  itemprop=\"headline\" ><a href='https:\/\/agencevu.com\/en\/serie\/pisadas-sonambulas-lusofonias-2001\/' title='Pisadas sonambulas : Lusofonias, 2001'>Pisadas sonambulas : Lusofonias, 2001<\/a><\/h3><span class=\"av-vertical-delimiter\"><\/span><\/header><div class='slide-entry-excerpt entry-content'  itemprop=\"text\" >The portuguese-speaking world.<\/div><\/div><footer class=\"entry-footer\"><div class='slide-meta'><time class='slide-meta-time updated'  itemprop=\"datePublished\" datetime=\"2001-05-05T16:26:21+02:00\" >5 May 2001<\/time><\/div><\/footer><span class='hidden'>\n\t\t\t\t<span class='av-structured-data'  itemprop=\"image\" itemscope=\"itemscope\" itemtype=\"https:\/\/schema.org\/ImageObject\" >\n\t\t\t\t\t\t<span itemprop='url'>https:\/\/agencevu.com\/wp-content\/uploads\/2021\/05\/NAVI13255-2001CL00.jpg<\/span>\n\t\t\t\t\t\t<span itemprop='height'>290<\/span>\n\t\t\t\t\t\t<span itemprop='width'>431<\/span>\n\t\t\t\t<\/span>\n\t\t\t\t<span class='av-structured-data'  itemprop=\"publisher\" itemtype=\"https:\/\/schema.org\/Organization\" itemscope=\"itemscope\" >\n\t\t\t\t\t\t<span itemprop='name'>Editorial<\/span>\n\t\t\t\t\t\t<span itemprop='logo' itemscope itemtype='https:\/\/schema.org\/ImageObject'>\n\t\t\t\t\t\t\t<span itemprop='url'>\/wp-content\/uploads\/2021\/05\/logo-vert-2.svg<\/span>\n\t\t\t\t\t\t <\/span>\n\t\t\t\t<\/span><span class='av-structured-data'  itemprop=\"author\" itemscope=\"itemscope\" itemtype=\"https:\/\/schema.org\/Person\" ><span itemprop='name'>Editorial<\/span><\/span><span class='av-structured-data'  itemprop=\"datePublished\" datetime=\"2001-05-05T16:26:21+02:00\" >2001-05-05 16:26:21<\/span><span class='av-structured-data'  itemprop=\"dateModified\" itemtype=\"https:\/\/schema.org\/dateModified\" >2021-05-05 16:27:45<\/span><span class='av-structured-data'  itemprop=\"mainEntityOfPage\" itemtype=\"https:\/\/schema.org\/mainEntityOfPage\" ><span itemprop='name'>Pisadas sonambulas : Lusofonias, 2001<\/span><\/span><\/span><\/article><\/div><\/div><\/div>\n<div  data-autoplay=''  data-interval='5'  data-animation='fade'  data-show_slide_delay='90'  class='avia-content-slider avia-content-grid-active avia-content-slider3 avia-content-slider-odd   av-desktop-hide av-medium-hide av-small-hide'  itemscope=\"itemscope\" itemtype=\"https:\/\/schema.org\/Blog\" ><div class='avia-content-slider-inner'><div class='slide-entry-wrap'><article class='slide-entry flex_column  post-entry post-entry-152847 slide-entry-overview slide-loop-1 slide-parity-odd  av_fullwidth first real-thumbnail'  itemscope=\"itemscope\" itemtype=\"https:\/\/schema.org\/CreativeWork\" ><a href='https:\/\/agencevu.com\/en\/serie\/alma-tierra-2019\/' data-rel='slide-3' class='slide-image' title=''><img width=\"430\" height=\"290\" src=\"https:\/\/agencevu.com\/wp-content\/uploads\/2021\/05\/NAVI23635-2019CL03-1.jpg\" class=\"wp-image-151750 avia-img-lazy-loading-151750 attachment-large size-large wp-post-image\" alt=\"\" loading=\"lazy\" srcset=\"https:\/\/agencevu.com\/wp-content\/uploads\/2021\/05\/NAVI23635-2019CL03-1.jpg 430w, https:\/\/agencevu.com\/wp-content\/uploads\/2021\/05\/NAVI23635-2019CL03-1-300x202.jpg 300w, https:\/\/agencevu.com\/wp-content\/uploads\/2021\/05\/NAVI23635-2019CL03-1-80x54.jpg 80w\" sizes=\"(max-width: 430px) 100vw, 430px\" \/><\/a><div class='slide-content'><header class=\"entry-content-header\"><span class=\"blog-categories minor-meta\"> <a href=\"https:\/\/agencevu.com\/en\/photographer\/jose-manuel-navia\/\" rel=\"tag\">Jos\u00e9 Manuel Navia<\/a> <a href=\"https:\/\/agencevu.com\/en\/section_taxonomy\/series\/\" rel=\"tag\">s\u00e9ries<\/a> <\/span><h3 class='slide-entry-title entry-title'  itemprop=\"headline\" ><a href='https:\/\/agencevu.com\/en\/serie\/alma-tierra-2019\/' title='Alma Tierra, 2019'>Alma Tierra, 2019<\/a><\/h3><span class=\"av-vertical-delimiter\"><\/span><\/header><div class='slide-entry-excerpt entry-content'  itemprop=\"text\" ><span class=\"tag-extrait\">Series | <\/span> While urban and peripheral Spain grows disproportionately, inland and rural Spain are suffering in extremes that would surprise even Spaniards.<\/div><\/div><footer class=\"entry-footer\"><div class='slide-meta'><time class='slide-meta-time updated'  itemprop=\"datePublished\" datetime=\"2019-09-04T14:01:25+02:00\" >4 September 2019<\/time><\/div><\/footer><span class='hidden'>\n\t\t\t\t<span class='av-structured-data'  itemprop=\"image\" itemscope=\"itemscope\" itemtype=\"https:\/\/schema.org\/ImageObject\" >\n\t\t\t\t\t\t<span itemprop='url'>https:\/\/agencevu.com\/wp-content\/uploads\/2021\/05\/NAVI23635-2019CL03-1.jpg<\/span>\n\t\t\t\t\t\t<span itemprop='height'>290<\/span>\n\t\t\t\t\t\t<span itemprop='width'>430<\/span>\n\t\t\t\t<\/span>\n\t\t\t\t<span class='av-structured-data'  itemprop=\"publisher\" itemtype=\"https:\/\/schema.org\/Organization\" itemscope=\"itemscope\" >\n\t\t\t\t\t\t<span itemprop='name'>Editorial<\/span>\n\t\t\t\t\t\t<span itemprop='logo' itemscope itemtype='https:\/\/schema.org\/ImageObject'>\n\t\t\t\t\t\t\t<span itemprop='url'>\/wp-content\/uploads\/2021\/05\/logo-vert-2.svg<\/span>\n\t\t\t\t\t\t <\/span>\n\t\t\t\t<\/span><span class='av-structured-data'  itemprop=\"author\" itemscope=\"itemscope\" itemtype=\"https:\/\/schema.org\/Person\" ><span itemprop='name'>Editorial<\/span><\/span><span class='av-structured-data'  itemprop=\"datePublished\" datetime=\"2001-05-05T16:26:21+02:00\" >2019-09-04 14:01:25<\/span><span class='av-structured-data'  itemprop=\"dateModified\" itemtype=\"https:\/\/schema.org\/dateModified\" >2021-05-05 15:56:55<\/span><span class='av-structured-data'  itemprop=\"mainEntityOfPage\" itemtype=\"https:\/\/schema.org\/mainEntityOfPage\" ><span itemprop='name'>Alma Tierra, 2019<\/span><\/span><\/span><\/article><\/div><div class='slide-entry-wrap'><article class='slide-entry flex_column  post-entry post-entry-152853 slide-entry-overview slide-loop-2 slide-parity-odd  av_fullwidth first real-thumbnail'  itemscope=\"itemscope\" itemtype=\"https:\/\/schema.org\/CreativeWork\" ><a href='https:\/\/agencevu.com\/en\/serie\/lempreinte-mauresque-en-tunisie-2018\/' data-rel='slide-3' class='slide-image' title=''><img width=\"434\" height=\"290\" src=\"https:\/\/agencevu.com\/wp-content\/uploads\/2021\/05\/00_NAVI22503-2017CL37.jpg\" class=\"wp-image-151621 avia-img-lazy-loading-151621 attachment-large size-large wp-post-image\" alt=\"\" loading=\"lazy\" srcset=\"https:\/\/agencevu.com\/wp-content\/uploads\/2021\/05\/00_NAVI22503-2017CL37.jpg 434w, https:\/\/agencevu.com\/wp-content\/uploads\/2021\/05\/00_NAVI22503-2017CL37-300x200.jpg 300w, https:\/\/agencevu.com\/wp-content\/uploads\/2021\/05\/00_NAVI22503-2017CL37-80x53.jpg 80w\" sizes=\"(max-width: 434px) 100vw, 434px\" \/><\/a><div class='slide-content'><header class=\"entry-content-header\"><span class=\"blog-categories minor-meta\"> <a href=\"https:\/\/agencevu.com\/en\/photographer\/jose-manuel-navia\/\" rel=\"tag\">Jos\u00e9 Manuel Navia<\/a> <a href=\"https:\/\/agencevu.com\/en\/section_taxonomy\/series\/\" rel=\"tag\">s\u00e9ries<\/a> <\/span><h3 class='slide-entry-title entry-title'  itemprop=\"headline\" ><a href='https:\/\/agencevu.com\/en\/serie\/lempreinte-mauresque-en-tunisie-2018\/' title='The Moorish mark in Tunisia, 2018'>The Moorish mark in Tunisia, 2018<\/a><\/h3><span class=\"av-vertical-delimiter\"><\/span><\/header><div class='slide-entry-excerpt entry-content'  itemprop=\"text\" ><span class=\"tag-extrait\">Series | <\/span> In Tunisia on the tracks of the rich and fertile legacy of the Moors expelled from the Iberian peninsula in the 17th century.<\/div><\/div><footer class=\"entry-footer\"><div class='slide-meta'><time class='slide-meta-time updated'  itemprop=\"datePublished\" datetime=\"2018-10-04T12:47:50+02:00\" >4 October 2018<\/time><\/div><\/footer><span class='hidden'>\n\t\t\t\t<span class='av-structured-data'  itemprop=\"image\" itemscope=\"itemscope\" itemtype=\"https:\/\/schema.org\/ImageObject\" >\n\t\t\t\t\t\t<span itemprop='url'>https:\/\/agencevu.com\/wp-content\/uploads\/2021\/05\/00_NAVI22503-2017CL37.jpg<\/span>\n\t\t\t\t\t\t<span itemprop='height'>290<\/span>\n\t\t\t\t\t\t<span itemprop='width'>434<\/span>\n\t\t\t\t<\/span>\n\t\t\t\t<span class='av-structured-data'  itemprop=\"publisher\" itemtype=\"https:\/\/schema.org\/Organization\" itemscope=\"itemscope\" >\n\t\t\t\t\t\t<span itemprop='name'>Editorial<\/span>\n\t\t\t\t\t\t<span itemprop='logo' itemscope itemtype='https:\/\/schema.org\/ImageObject'>\n\t\t\t\t\t\t\t<span itemprop='url'>\/wp-content\/uploads\/2021\/05\/logo-vert-2.svg<\/span>\n\t\t\t\t\t\t <\/span>\n\t\t\t\t<\/span><span class='av-structured-data'  itemprop=\"author\" itemscope=\"itemscope\" itemtype=\"https:\/\/schema.org\/Person\" ><span itemprop='name'>Editorial<\/span><\/span><span class='av-structured-data'  itemprop=\"datePublished\" datetime=\"2001-05-05T16:26:21+02:00\" >2018-10-04 12:47:50<\/span><span class='av-structured-data'  itemprop=\"dateModified\" itemtype=\"https:\/\/schema.org\/dateModified\" >2021-05-05 16:00:35<\/span><span class='av-structured-data'  itemprop=\"mainEntityOfPage\" itemtype=\"https:\/\/schema.org\/mainEntityOfPage\" ><span itemprop='name'>The Moorish mark in Tunisia, 2018<\/span><\/span><\/span><\/article><\/div><div class='slide-entry-wrap'><article class='slide-entry flex_column  post-entry post-entry-152857 slide-entry-overview slide-loop-3 slide-parity-odd  av_fullwidth first real-thumbnail'  itemscope=\"itemscope\" itemtype=\"https:\/\/schema.org\/CreativeWork\" ><a href='https:\/\/agencevu.com\/en\/serie\/castilla-2017\/' data-rel='slide-3' class='slide-image' title=''><img width=\"430\" height=\"290\" src=\"https:\/\/agencevu.com\/wp-content\/uploads\/2021\/05\/NAVI22501-2016CL00.jpg\" class=\"wp-image-151396 avia-img-lazy-loading-151396 attachment-large size-large wp-post-image\" alt=\"\" loading=\"lazy\" srcset=\"https:\/\/agencevu.com\/wp-content\/uploads\/2021\/05\/NAVI22501-2016CL00.jpg 430w, https:\/\/agencevu.com\/wp-content\/uploads\/2021\/05\/NAVI22501-2016CL00-300x202.jpg 300w, https:\/\/agencevu.com\/wp-content\/uploads\/2021\/05\/NAVI22501-2016CL00-80x54.jpg 80w\" sizes=\"(max-width: 430px) 100vw, 430px\" \/><\/a><div class='slide-content'><header class=\"entry-content-header\"><span class=\"blog-categories minor-meta\"> <a href=\"https:\/\/agencevu.com\/en\/photographer\/jose-manuel-navia\/\" rel=\"tag\">Jos\u00e9 Manuel Navia<\/a> <a href=\"https:\/\/agencevu.com\/en\/section_taxonomy\/series\/\" rel=\"tag\">s\u00e9ries<\/a> <\/span><h3 class='slide-entry-title entry-title'  itemprop=\"headline\" ><a href='https:\/\/agencevu.com\/en\/serie\/castilla-2017\/' title='Castilla, 2017'>Castilla, 2017<\/a><\/h3><span class=\"av-vertical-delimiter\"><\/span><\/header><div class='slide-entry-excerpt entry-content'  itemprop=\"text\" ><span class=\"tag-extrait\">S\u00e9rie| <\/span> A new approach to the text Viejas historias de Castilla la Vieja, by Delibes. <\/div><\/div><footer class=\"entry-footer\"><div class='slide-meta'><time class='slide-meta-time updated'  itemprop=\"datePublished\" datetime=\"2017-11-04T10:31:13+01:00\" >4 November 2017<\/time><\/div><\/footer><span class='hidden'>\n\t\t\t\t<span class='av-structured-data'  itemprop=\"image\" itemscope=\"itemscope\" itemtype=\"https:\/\/schema.org\/ImageObject\" >\n\t\t\t\t\t\t<span itemprop='url'>https:\/\/agencevu.com\/wp-content\/uploads\/2021\/05\/NAVI22501-2016CL00.jpg<\/span>\n\t\t\t\t\t\t<span itemprop='height'>290<\/span>\n\t\t\t\t\t\t<span itemprop='width'>430<\/span>\n\t\t\t\t<\/span>\n\t\t\t\t<span class='av-structured-data'  itemprop=\"publisher\" itemtype=\"https:\/\/schema.org\/Organization\" itemscope=\"itemscope\" >\n\t\t\t\t\t\t<span itemprop='name'>Editorial<\/span>\n\t\t\t\t\t\t<span itemprop='logo' itemscope itemtype='https:\/\/schema.org\/ImageObject'>\n\t\t\t\t\t\t\t<span itemprop='url'>\/wp-content\/uploads\/2021\/05\/logo-vert-2.svg<\/span>\n\t\t\t\t\t\t <\/span>\n\t\t\t\t<\/span><span class='av-structured-data'  itemprop=\"author\" itemscope=\"itemscope\" itemtype=\"https:\/\/schema.org\/Person\" ><span itemprop='name'>Editorial<\/span><\/span><span class='av-structured-data'  itemprop=\"datePublished\" datetime=\"2001-05-05T16:26:21+02:00\" >2017-11-04 10:31:13<\/span><span class='av-structured-data'  itemprop=\"dateModified\" itemtype=\"https:\/\/schema.org\/dateModified\" >2021-05-05 16:03:03<\/span><span class='av-structured-data'  itemprop=\"mainEntityOfPage\" itemtype=\"https:\/\/schema.org\/mainEntityOfPage\" ><span itemprop='name'>Castilla, 2017<\/span><\/span><\/span><\/article><\/div><div class='slide-entry-wrap'><article class='slide-entry flex_column  post-entry post-entry-152861 slide-entry-overview slide-loop-4 slide-parity-odd  av_fullwidth first real-thumbnail'  itemscope=\"itemscope\" itemtype=\"https:\/\/schema.org\/CreativeWork\" ><a href='https:\/\/agencevu.com\/en\/serie\/salzillo-la-vida-en-torno-2017\/' data-rel='slide-3' class='slide-image' title=''><img width=\"434\" height=\"290\" src=\"https:\/\/agencevu.com\/wp-content\/uploads\/2021\/05\/NAVI22502-2017CL00.jpg\" class=\"wp-image-151318 avia-img-lazy-loading-151318 attachment-large size-large wp-post-image\" alt=\"\" loading=\"lazy\" srcset=\"https:\/\/agencevu.com\/wp-content\/uploads\/2021\/05\/NAVI22502-2017CL00.jpg 434w, https:\/\/agencevu.com\/wp-content\/uploads\/2021\/05\/NAVI22502-2017CL00-300x200.jpg 300w, https:\/\/agencevu.com\/wp-content\/uploads\/2021\/05\/NAVI22502-2017CL00-80x53.jpg 80w\" sizes=\"(max-width: 434px) 100vw, 434px\" \/><\/a><div class='slide-content'><header class=\"entry-content-header\"><span class=\"blog-categories minor-meta\"> <a href=\"https:\/\/agencevu.com\/en\/photographer\/jose-manuel-navia\/\" rel=\"tag\">Jos\u00e9 Manuel Navia<\/a> <a href=\"https:\/\/agencevu.com\/en\/section_taxonomy\/series\/\" rel=\"tag\">s\u00e9ries<\/a> <\/span><h3 class='slide-entry-title entry-title'  itemprop=\"headline\" ><a href='https:\/\/agencevu.com\/en\/serie\/salzillo-la-vida-en-torno-2017\/' title='Salzillo, La vida en torno, 2017'>Salzillo, La vida en torno, 2017<\/a><\/h3><span class=\"av-vertical-delimiter\"><\/span><\/header><div class='slide-entry-excerpt entry-content'  itemprop=\"text\" ><span class=\"tag-extrait\">Series | <\/span> This project on Francisco Salzillo brings together images taken in 2016 and 2017 in Murcia, the city where he was born and lived. <\/div><\/div><footer class=\"entry-footer\"><div class='slide-meta'><time class='slide-meta-time updated'  itemprop=\"datePublished\" datetime=\"2017-04-03T17:28:06+02:00\" >3 April 2017<\/time><\/div><\/footer><span class='hidden'>\n\t\t\t\t<span class='av-structured-data'  itemprop=\"image\" itemscope=\"itemscope\" itemtype=\"https:\/\/schema.org\/ImageObject\" >\n\t\t\t\t\t\t<span itemprop='url'>https:\/\/agencevu.com\/wp-content\/uploads\/2021\/05\/NAVI22502-2017CL00.jpg<\/span>\n\t\t\t\t\t\t<span itemprop='height'>290<\/span>\n\t\t\t\t\t\t<span itemprop='width'>434<\/span>\n\t\t\t\t<\/span>\n\t\t\t\t<span class='av-structured-data'  itemprop=\"publisher\" itemtype=\"https:\/\/schema.org\/Organization\" itemscope=\"itemscope\" >\n\t\t\t\t\t\t<span itemprop='name'>Editorial<\/span>\n\t\t\t\t\t\t<span itemprop='logo' itemscope itemtype='https:\/\/schema.org\/ImageObject'>\n\t\t\t\t\t\t\t<span itemprop='url'>\/wp-content\/uploads\/2021\/05\/logo-vert-2.svg<\/span>\n\t\t\t\t\t\t <\/span>\n\t\t\t\t<\/span><span class='av-structured-data'  itemprop=\"author\" itemscope=\"itemscope\" itemtype=\"https:\/\/schema.org\/Person\" ><span itemprop='name'>Editorial<\/span><\/span><span class='av-structured-data'  itemprop=\"datePublished\" datetime=\"2001-05-05T16:26:21+02:00\" >2017-04-03 17:28:06<\/span><span class='av-structured-data'  itemprop=\"dateModified\" itemtype=\"https:\/\/schema.org\/dateModified\" >2021-05-05 16:05:53<\/span><span class='av-structured-data'  itemprop=\"mainEntityOfPage\" itemtype=\"https:\/\/schema.org\/mainEntityOfPage\" ><span itemprop='name'>Salzillo, La vida en torno, 2017<\/span><\/span><\/span><\/article><\/div><div class='slide-entry-wrap'><article class='slide-entry flex_column  post-entry post-entry-152865 slide-entry-overview slide-loop-5 slide-parity-odd  av_fullwidth first real-thumbnail'  itemscope=\"itemscope\" itemtype=\"https:\/\/schema.org\/CreativeWork\" ><a href='https:\/\/agencevu.com\/en\/serie\/cuenca-in-the-gaze-2014\/' data-rel='slide-3' class='slide-image' title=''><img width=\"437\" height=\"290\" src=\"https:\/\/agencevu.com\/wp-content\/uploads\/2021\/05\/NAVI21232-2014CL00.jpg\" class=\"wp-image-151219 avia-img-lazy-loading-151219 attachment-large size-large wp-post-image\" alt=\"\" loading=\"lazy\" srcset=\"https:\/\/agencevu.com\/wp-content\/uploads\/2021\/05\/NAVI21232-2014CL00.jpg 437w, https:\/\/agencevu.com\/wp-content\/uploads\/2021\/05\/NAVI21232-2014CL00-300x199.jpg 300w, https:\/\/agencevu.com\/wp-content\/uploads\/2021\/05\/NAVI21232-2014CL00-80x53.jpg 80w\" sizes=\"(max-width: 437px) 100vw, 437px\" \/><\/a><div class='slide-content'><header class=\"entry-content-header\"><span class=\"blog-categories minor-meta\"> <a href=\"https:\/\/agencevu.com\/en\/photographer\/jose-manuel-navia\/\" rel=\"tag\">Jos\u00e9 Manuel Navia<\/a> <a href=\"https:\/\/agencevu.com\/en\/section_taxonomy\/series\/\" rel=\"tag\">s\u00e9ries<\/a> <\/span><h3 class='slide-entry-title entry-title'  itemprop=\"headline\" ><a href='https:\/\/agencevu.com\/en\/serie\/cuenca-in-the-gaze-2014\/' title='Cuenca in the gaze, 2014'>Cuenca in the gaze, 2014<\/a><\/h3><span class=\"av-vertical-delimiter\"><\/span><\/header><div class='slide-entry-excerpt entry-content'  itemprop=\"text\" ><span class=\"tag-extrait\">Series | <\/span> Over one winter, Navia has travelled across the rough landscapes of the Spanish province of Castilla-La Mancha, country of Don Quichotte where epochs cohabit and genrations get mixed up. <\/div><\/div><footer class=\"entry-footer\"><div class='slide-meta'><time class='slide-meta-time updated'  itemprop=\"datePublished\" datetime=\"2014-10-03T16:44:02+02:00\" >3 October 2014<\/time><\/div><\/footer><span class='hidden'>\n\t\t\t\t<span class='av-structured-data'  itemprop=\"image\" itemscope=\"itemscope\" itemtype=\"https:\/\/schema.org\/ImageObject\" >\n\t\t\t\t\t\t<span itemprop='url'>https:\/\/agencevu.com\/wp-content\/uploads\/2021\/05\/NAVI21232-2014CL00.jpg<\/span>\n\t\t\t\t\t\t<span itemprop='height'>290<\/span>\n\t\t\t\t\t\t<span itemprop='width'>437<\/span>\n\t\t\t\t<\/span>\n\t\t\t\t<span class='av-structured-data'  itemprop=\"publisher\" itemtype=\"https:\/\/schema.org\/Organization\" itemscope=\"itemscope\" >\n\t\t\t\t\t\t<span itemprop='name'>Editorial<\/span>\n\t\t\t\t\t\t<span itemprop='logo' itemscope itemtype='https:\/\/schema.org\/ImageObject'>\n\t\t\t\t\t\t\t<span itemprop='url'>\/wp-content\/uploads\/2021\/05\/logo-vert-2.svg<\/span>\n\t\t\t\t\t\t <\/span>\n\t\t\t\t<\/span><span class='av-structured-data'  itemprop=\"author\" itemscope=\"itemscope\" itemtype=\"https:\/\/schema.org\/Person\" ><span itemprop='name'>Editorial<\/span><\/span><span class='av-structured-data'  itemprop=\"datePublished\" datetime=\"2001-05-05T16:26:21+02:00\" >2014-10-03 16:44:02<\/span><span class='av-structured-data'  itemprop=\"dateModified\" itemtype=\"https:\/\/schema.org\/dateModified\" >2021-05-05 16:08:46<\/span><span class='av-structured-data'  itemprop=\"mainEntityOfPage\" itemtype=\"https:\/\/schema.org\/mainEntityOfPage\" ><span itemprop='name'>Cuenca in the gaze, 2014<\/span><\/span><\/span><\/article><\/div><div class='slide-entry-wrap'><article class='slide-entry flex_column  post-entry post-entry-152869 slide-entry-overview slide-loop-6 slide-parity-odd  av_fullwidth first real-thumbnail'  itemscope=\"itemscope\" itemtype=\"https:\/\/schema.org\/CreativeWork\" ><a href='https:\/\/agencevu.com\/en\/serie\/luz-y-sombra-2014\/' data-rel='slide-3' class='slide-image' title=''><img width=\"438\" height=\"290\" src=\"https:\/\/agencevu.com\/wp-content\/uploads\/2021\/05\/NAVI21826-2013CL01-1.jpg\" class=\"wp-image-151132 avia-img-lazy-loading-151132 attachment-large size-large wp-post-image\" alt=\"\" loading=\"lazy\" srcset=\"https:\/\/agencevu.com\/wp-content\/uploads\/2021\/05\/NAVI21826-2013CL01-1.jpg 438w, https:\/\/agencevu.com\/wp-content\/uploads\/2021\/05\/NAVI21826-2013CL01-1-300x199.jpg 300w, https:\/\/agencevu.com\/wp-content\/uploads\/2021\/05\/NAVI21826-2013CL01-1-80x53.jpg 80w\" sizes=\"(max-width: 438px) 100vw, 438px\" \/><\/a><div class='slide-content'><header class=\"entry-content-header\"><span class=\"blog-categories minor-meta\"> <a href=\"https:\/\/agencevu.com\/en\/photographer\/jose-manuel-navia\/\" rel=\"tag\">Jos\u00e9 Manuel Navia<\/a> <a href=\"https:\/\/agencevu.com\/en\/section_taxonomy\/series\/\" rel=\"tag\">s\u00e9ries<\/a> <\/span><h3 class='slide-entry-title entry-title'  itemprop=\"headline\" ><a href='https:\/\/agencevu.com\/en\/serie\/luz-y-sombra-2014\/' title='Luz y sombra, 2014'>Luz y sombra, 2014<\/a><\/h3><span class=\"av-vertical-delimiter\"><\/span><\/header><div class='slide-entry-excerpt entry-content'  itemprop=\"text\" ><span class=\"tag-extrait\">S\u00e9rie| <\/span> A personal approach on the bullfighting world as fascinating as contradictory. <\/div><\/div><footer class=\"entry-footer\"><div class='slide-meta'><time class='slide-meta-time updated'  itemprop=\"datePublished\" datetime=\"2014-04-03T15:57:42+02:00\" >3 April 2014<\/time><\/div><\/footer><span class='hidden'>\n\t\t\t\t<span class='av-structured-data'  itemprop=\"image\" itemscope=\"itemscope\" itemtype=\"https:\/\/schema.org\/ImageObject\" >\n\t\t\t\t\t\t<span itemprop='url'>https:\/\/agencevu.com\/wp-content\/uploads\/2021\/05\/NAVI21826-2013CL01-1.jpg<\/span>\n\t\t\t\t\t\t<span itemprop='height'>290<\/span>\n\t\t\t\t\t\t<span itemprop='width'>438<\/span>\n\t\t\t\t<\/span>\n\t\t\t\t<span class='av-structured-data'  itemprop=\"publisher\" itemtype=\"https:\/\/schema.org\/Organization\" itemscope=\"itemscope\" >\n\t\t\t\t\t\t<span itemprop='name'>Editorial<\/span>\n\t\t\t\t\t\t<span itemprop='logo' itemscope itemtype='https:\/\/schema.org\/ImageObject'>\n\t\t\t\t\t\t\t<span itemprop='url'>\/wp-content\/uploads\/2021\/05\/logo-vert-2.svg<\/span>\n\t\t\t\t\t\t <\/span>\n\t\t\t\t<\/span><span class='av-structured-data'  itemprop=\"author\" itemscope=\"itemscope\" itemtype=\"https:\/\/schema.org\/Person\" ><span itemprop='name'>Editorial<\/span><\/span><span class='av-structured-data'  itemprop=\"datePublished\" datetime=\"2001-05-05T16:26:21+02:00\" >2014-04-03 15:57:42<\/span><span class='av-structured-data'  itemprop=\"dateModified\" itemtype=\"https:\/\/schema.org\/dateModified\" >2021-05-05 16:11:33<\/span><span class='av-structured-data'  itemprop=\"mainEntityOfPage\" itemtype=\"https:\/\/schema.org\/mainEntityOfPage\" ><span itemprop='name'>Luz y sombra, 2014<\/span><\/span><\/span><\/article><\/div><div class='slide-entry-wrap'><article class='slide-entry flex_column  post-entry post-entry-150990 slide-entry-overview slide-loop-7 slide-parity-odd  post-entry-last  av_fullwidth first real-thumbnail'  itemscope=\"itemscope\" itemtype=\"https:\/\/schema.org\/CreativeWork\" ><a href='https:\/\/agencevu.com\/en\/serie\/pisadas-sonambulas-lusofonias-2001\/' data-rel='slide-3' class='slide-image' title=''><img width=\"431\" height=\"290\" src=\"https:\/\/agencevu.com\/wp-content\/uploads\/2021\/05\/NAVI13255-2001CL00.jpg\" class=\"wp-image-150986 avia-img-lazy-loading-150986 attachment-large size-large wp-post-image\" alt=\"\" loading=\"lazy\" srcset=\"https:\/\/agencevu.com\/wp-content\/uploads\/2021\/05\/NAVI13255-2001CL00.jpg 431w, https:\/\/agencevu.com\/wp-content\/uploads\/2021\/05\/NAVI13255-2001CL00-300x202.jpg 300w, https:\/\/agencevu.com\/wp-content\/uploads\/2021\/05\/NAVI13255-2001CL00-80x54.jpg 80w\" sizes=\"(max-width: 431px) 100vw, 431px\" \/><\/a><div class='slide-content'><header class=\"entry-content-header\"><span class=\"blog-categories minor-meta\"> <a href=\"https:\/\/agencevu.com\/en\/photographer\/jose-manuel-navia\/\" rel=\"tag\">Jos\u00e9 Manuel Navia<\/a> <a href=\"https:\/\/agencevu.com\/en\/section_taxonomy\/series\/\" rel=\"tag\">s\u00e9ries<\/a> <\/span><h3 class='slide-entry-title entry-title'  itemprop=\"headline\" ><a href='https:\/\/agencevu.com\/en\/serie\/pisadas-sonambulas-lusofonias-2001\/' title='Pisadas sonambulas : Lusofonias, 2001'>Pisadas sonambulas : Lusofonias, 2001<\/a><\/h3><span class=\"av-vertical-delimiter\"><\/span><\/header><div class='slide-entry-excerpt entry-content'  itemprop=\"text\" >The portuguese-speaking world.<\/div><\/div><footer class=\"entry-footer\"><div class='slide-meta'><time class='slide-meta-time updated'  itemprop=\"datePublished\" datetime=\"2001-05-05T16:26:21+02:00\" >5 May 2001<\/time><\/div><\/footer><span class='hidden'>\n\t\t\t\t<span class='av-structured-data'  itemprop=\"image\" itemscope=\"itemscope\" itemtype=\"https:\/\/schema.org\/ImageObject\" >\n\t\t\t\t\t\t<span itemprop='url'>https:\/\/agencevu.com\/wp-content\/uploads\/2021\/05\/NAVI13255-2001CL00.jpg<\/span>\n\t\t\t\t\t\t<span itemprop='height'>290<\/span>\n\t\t\t\t\t\t<span itemprop='width'>431<\/span>\n\t\t\t\t<\/span>\n\t\t\t\t<span class='av-structured-data'  itemprop=\"publisher\" itemtype=\"https:\/\/schema.org\/Organization\" itemscope=\"itemscope\" >\n\t\t\t\t\t\t<span itemprop='name'>Editorial<\/span>\n\t\t\t\t\t\t<span itemprop='logo' itemscope itemtype='https:\/\/schema.org\/ImageObject'>\n\t\t\t\t\t\t\t<span itemprop='url'>\/wp-content\/uploads\/2021\/05\/logo-vert-2.svg<\/span>\n\t\t\t\t\t\t <\/span>\n\t\t\t\t<\/span><span class='av-structured-data'  itemprop=\"author\" itemscope=\"itemscope\" itemtype=\"https:\/\/schema.org\/Person\" ><span itemprop='name'>Editorial<\/span><\/span><span class='av-structured-data'  itemprop=\"datePublished\" datetime=\"2001-05-05T16:26:21+02:00\" >2001-05-05 16:26:21<\/span><span class='av-structured-data'  itemprop=\"dateModified\" itemtype=\"https:\/\/schema.org\/dateModified\" >2021-05-05 16:27:45<\/span><span class='av-structured-data'  itemprop=\"mainEntityOfPage\" itemtype=\"https:\/\/schema.org\/mainEntityOfPage\" ><span itemprop='name'>Pisadas sonambulas : Lusofonias, 2001<\/span><\/span><\/span><\/article><\/div><\/div><\/div>\n\n<div id='interview'  class='avia-section main_color avia-section-small avia-no-border-styling  avia-bg-style-scroll  avia-builder-el-0  el_before_av_section  avia-builder-el-first   container_wrap fullsize' style=' '  ><div class='container' ><main  role=\"main\" itemprop=\"mainContentOfPage\"  class='template-page content  av-content-full alpha units'><div class='post-entry post-entry-type-page post-entry-152835'><div class='entry-content-wrapper clearfix'>\n<section class=\"av_textblock_section \"  itemscope=\"itemscope\" itemtype=\"https:\/\/schema.org\/CreativeWork\" ><div class='avia_textblock  '  style='font-size:20px; '  itemprop=\"text\" ><p id=\"interview\" style=\"color: #707070; letter-spacing: 1.5px; text-transform: uppercase;\">Interviews<\/p>\n<hr class=\"hr-titre-page\">\n<\/div><\/section>\n<div class=\"flex_column av_one_half  flex_column_div av-zero-column-padding first  \" style='border-radius:0px; '><p><div  class='avia-video avia-video-16-9   av-lazyload-immediate  av-lazyload-video-embed  '   itemprop=\"video\" itemtype=\"https:\/\/schema.org\/VideoObject\"  data-original_url='https:\/\/vimeo.com\/392432443' ><script type='text\/html' class='av-video-tmpl'><div class='avia-iframe-wrap'><iframe title=\"DETR&amp;Aacute;S DEL INSTANTE - JOS&amp;Eacute; MANUEL NAVIA\" src=\"https:\/\/player.vimeo.com\/video\/392432443?dnt=1&amp;app_id=122963&amp;h=94908b2d0a&autoplay=0&loop=0&controls=1&muted=0\" width=\"1500\" height=\"844\" frameborder=\"0\" allow=\"autoplay; fullscreen; picture-in-picture\" allowfullscreen><\/iframe><\/div><\/script><div class='av-click-to-play-overlay'><div class=\"avia_playpause_icon\"><\/div><\/div><\/div><br \/>\n<section class=\"av_textblock_section \"  itemscope=\"itemscope\" itemtype=\"https:\/\/schema.org\/CreativeWork\" ><div class='avia_textblock  '   itemprop=\"text\" ><p><em>Detr\u00e1s del instante \u2013 Jos\u00e9 Manuel Navia<\/em><br \/>\n<strong>REC PRODUCCIONS<\/strong><br \/>\n\u2014<br \/>\n2020<\/p>\n<p>Jos\u00e9 Manuel Navia has immortalized thousands of places and people, many of them let him into the intimacy of their homes and shared their stories with him. He comments on his works accompanied by Pepe Baiza and Carlos Perez de Rosas.<\/p>\n<\/div><\/section><\/p><\/div><div class=\"flex_column av_one_half  flex_column_div av-zero-column-padding   \" style='border-radius:0px; '><p><div  class='avia-video avia-video-16-9   av-lazyload-immediate  av-lazyload-video-embed  '   itemprop=\"video\" itemtype=\"https:\/\/schema.org\/VideoObject\"  data-original_url='https:\/\/vimeo.com\/31454030' ><script type='text\/html' class='av-video-tmpl'><div class='avia-iframe-wrap'><iframe title=\"Jos&amp;eacute; Manuel Navia \/\/ Zaragoza Photo 2011\" src=\"https:\/\/player.vimeo.com\/video\/31454030?dnt=1&amp;app_id=122963&amp;h=babf86724a&autoplay=0&loop=0&controls=1&muted=0\" width=\"640\" height=\"480\" frameborder=\"0\" allow=\"autoplay; fullscreen; picture-in-picture\" allowfullscreen><\/iframe><\/div><\/script><div class='av-click-to-play-overlay'><div class=\"avia_playpause_icon\"><\/div><\/div><\/div><br \/>\n<section class=\"av_textblock_section \"  itemscope=\"itemscope\" itemtype=\"https:\/\/schema.org\/CreativeWork\" ><div class='avia_textblock  '   itemprop=\"text\" ><p><em>Zaragoza \u2013 Jos\u00e9 Manuel Navia<\/em><br \/>\n<strong>ZaragozaPhoto<\/strong><br \/>\n\u2014<br \/>\n2011<\/p>\n<p>Encounter with Jos\u00e9 Manuel Navia during the Zaragoza Photo Festival 2011.<\/p>\n<\/div><\/section><\/p><\/div><div  style='height:50px' class='hr hr-invisible  '><span class='hr-inner ' ><span class='hr-inner-style'><\/span><\/span><\/div>\n\n<\/div><\/div><\/main><!-- close content main element --><\/div><\/div><div id='expositions'  class='avia-section main_color avia-section-small avia-no-border-styling  avia-bg-style-scroll   container_wrap fullsize' style=' '  ><div class='container' ><div class='template-page content  av-content-full alpha units'><div class='post-entry post-entry-type-page post-entry-152835'><div class='entry-content-wrapper clearfix'>\n<section class=\"av_textblock_section \"  itemscope=\"itemscope\" itemtype=\"https:\/\/schema.org\/CreativeWork\" ><div class='avia_textblock  '  style='font-size:20px; '  itemprop=\"text\" ><p id=\"exhibitions\" style=\"color: #707070; letter-spacing: 1.5px; text-transform: uppercase;\">EXHIBITIONS<\/p>\n<hr class=\"hr-titre-page\">\n<\/div><\/section>\n<div class=\"flex_column av_one_third  flex_column_div av-zero-column-padding first  \" style='border-radius:0px; '><p><div  class='avia-image-container  av-styling-no-styling    avia-align-center '  itemprop=\"image\" itemscope=\"itemscope\" itemtype=\"https:\/\/schema.org\/ImageObject\"  ><div class='avia-image-container-inner'><div class='avia-image-overlay-wrap'><a href=\"https:\/\/agencevu.com\/en\/fat-event\/jose-manuel-navia-alma-tierra\/\" class='avia_image'  target=\"_blank\"  rel=\"noopener noreferrer\"><img width=\"730\" height=\"487\" class='wp-image-73594 avia-img-lazy-loading-not-73594 avia_image' src=\"https:\/\/agencevu.com\/wp-content\/uploads\/2020\/07\/2019-Huesca-Alma-Tierra.jpg\" alt='' title='2019 - Huesca - Alma Tierra'  itemprop=\"thumbnailUrl\" srcset=\"https:\/\/agencevu.com\/wp-content\/uploads\/2020\/07\/2019-Huesca-Alma-Tierra.jpg 730w, https:\/\/agencevu.com\/wp-content\/uploads\/2020\/07\/2019-Huesca-Alma-Tierra-80x53.jpg 80w, https:\/\/agencevu.com\/wp-content\/uploads\/2020\/07\/2019-Huesca-Alma-Tierra-300x200.jpg 300w, https:\/\/agencevu.com\/wp-content\/uploads\/2020\/07\/2019-Huesca-Alma-Tierra-705x470.jpg 705w, https:\/\/agencevu.com\/wp-content\/uploads\/2020\/07\/2019-Huesca-Alma-Tierra-450x300.jpg 450w\" sizes=\"(max-width: 730px) 100vw, 730px\" \/><\/a><\/div><\/div><\/div><br \/>\n<section class=\"av_textblock_section \"  itemscope=\"itemscope\" itemtype=\"https:\/\/schema.org\/CreativeWork\" ><div class='avia_textblock  '   itemprop=\"text\" ><p><strong>Alma Tierra<\/strong><br \/>\n\u2014<br \/>\nDiputaci\u00f3n de Huesca<br \/>\n\u2014<br \/>\nDu 15 novembre 2019 au 6 janvier 2020<\/p>\n<\/div><\/section><br \/>\n<div  class='avia-button-wrap avia-button-left ' ><a href='\/en\/fat-event\/jose-manuel-navia-alma-tierra\/' class='avia-button  avia-color-theme-color-highlight   avia-icon_select-no avia-size-small avia-position-left ' target=\"_blank\" rel=\"noopener noreferrer\"><span class='avia_iconbox_title' >More information<\/span><\/a><\/div><\/p><\/div><div class=\"flex_column av_one_third  flex_column_div av-zero-column-padding   \" style='border-radius:0px; '><p><div  class='avia-image-container  av-styling-no-styling    avia-align-center '  itemprop=\"image\" itemscope=\"itemscope\" itemtype=\"https:\/\/schema.org\/ImageObject\"  ><div class='avia-image-container-inner'><div class='avia-image-overlay-wrap'><a href=\"https:\/\/agencevu.com\/en\/fat-event\/jose-manuel-navia-cervantes-ou-le-desir-de-vivre\/\" class='avia_image'  target=\"_blank\"  rel=\"noopener noreferrer\"><img width=\"730\" height=\"487\" class='wp-image-73596 avia-img-lazy-loading-not-73596 avia_image' src=\"https:\/\/agencevu.com\/wp-content\/uploads\/2020\/07\/2017-Paris-Cervantes-ou-le-de\u0301sir-de-vivre.jpg\" alt='' title='2017 - Paris - Cervantes ou le de\u0301sir de vivre'  itemprop=\"thumbnailUrl\" srcset=\"https:\/\/agencevu.com\/wp-content\/uploads\/2020\/07\/2017-Paris-Cervantes-ou-le-de\u0301sir-de-vivre.jpg 730w, https:\/\/agencevu.com\/wp-content\/uploads\/2020\/07\/2017-Paris-Cervantes-ou-le-de\u0301sir-de-vivre-80x53.jpg 80w, https:\/\/agencevu.com\/wp-content\/uploads\/2020\/07\/2017-Paris-Cervantes-ou-le-de\u0301sir-de-vivre-300x200.jpg 300w, https:\/\/agencevu.com\/wp-content\/uploads\/2020\/07\/2017-Paris-Cervantes-ou-le-de\u0301sir-de-vivre-705x470.jpg 705w, https:\/\/agencevu.com\/wp-content\/uploads\/2020\/07\/2017-Paris-Cervantes-ou-le-de\u0301sir-de-vivre-450x300.jpg 450w\" sizes=\"(max-width: 730px) 100vw, 730px\" \/><\/a><\/div><\/div><\/div><br \/>\n<section class=\"av_textblock_section \"  itemscope=\"itemscope\" itemtype=\"https:\/\/schema.org\/CreativeWork\" ><div class='avia_textblock  '   itemprop=\"text\" ><p><strong>Cervantes ou le d\u00e9sir de vivre<\/strong><br \/>\n\u2014<br \/>\nInstituto Cervantes,&nbsp;Paris (FRANCE)<br \/>\n\u2014<br \/>\nDu 7 novembre 2017 au 11 janvier 2018<\/p>\n<\/div><\/section><br \/>\n<div  class='avia-button-wrap avia-button-left ' ><a href='\/en\/fat-event\/jose-manuel-navia-cervantes-ou-le-desir-de-vivre\/' class='avia-button  avia-color-theme-color-highlight   avia-icon_select-no avia-size-small avia-position-left ' target=\"_blank\" rel=\"noopener noreferrer\"><span class='avia_iconbox_title' >More information<\/span><\/a><\/div><\/p><\/div><div class=\"flex_column av_one_third  flex_column_div av-zero-column-padding   \" style='border-radius:0px; '><p><div  class='avia-image-container  av-styling-no-styling    avia-align-center '  itemprop=\"image\" itemscope=\"itemscope\" itemtype=\"https:\/\/schema.org\/ImageObject\"  ><div class='avia-image-container-inner'><div class='avia-image-overlay-wrap'><a href=\"https:\/\/agencevu.com\/en\/fat-event\/jose-manuel-navia-nostos\/\" class='avia_image'  target=\"_blank\"  rel=\"noopener noreferrer\"><img width=\"730\" height=\"485\" class='wp-image-73598 avia-img-lazy-loading-not-73598 avia_image' src=\"https:\/\/agencevu.com\/wp-content\/uploads\/2020\/07\/2014-Madrid-Nosto\u0301s.jpg\" alt='' title='2014 -Madrid - Nosto\u0301s'  itemprop=\"thumbnailUrl\" srcset=\"https:\/\/agencevu.com\/wp-content\/uploads\/2020\/07\/2014-Madrid-Nosto\u0301s.jpg 730w, https:\/\/agencevu.com\/wp-content\/uploads\/2020\/07\/2014-Madrid-Nosto\u0301s-80x53.jpg 80w, https:\/\/agencevu.com\/wp-content\/uploads\/2020\/07\/2014-Madrid-Nosto\u0301s-300x199.jpg 300w, https:\/\/agencevu.com\/wp-content\/uploads\/2020\/07\/2014-Madrid-Nosto\u0301s-705x468.jpg 705w, https:\/\/agencevu.com\/wp-content\/uploads\/2020\/07\/2014-Madrid-Nosto\u0301s-450x299.jpg 450w\" sizes=\"(max-width: 730px) 100vw, 730px\" \/><\/a><\/div><\/div><\/div><br \/>\n<section class=\"av_textblock_section \"  itemscope=\"itemscope\" itemtype=\"https:\/\/schema.org\/CreativeWork\" ><div class='avia_textblock  '   itemprop=\"text\" ><p><strong>Nost\u00f3s<\/strong><br \/>\n\u2014<br \/>\nC\u00edrculo de Bellas Artes, Madrid (Espagne)<br \/>\n\u2014<br \/>\nDu 4 juin au 28 septembre 2014<\/p>\n<\/div><\/section><br \/>\n<div  class='avia-button-wrap avia-button-left ' ><a href='\/en\/fat-event\/jose-manuel-navia-nostos\/' class='avia-button  avia-color-theme-color-highlight   avia-icon_select-no avia-size-small avia-position-left ' target=\"_blank\" rel=\"noopener noreferrer\"><span class='avia_iconbox_title' >More information<\/span><\/a><\/div><\/p><\/div><div  style='height:50px' class='hr hr-invisible  '><span class='hr-inner ' ><span class='hr-inner-style'><\/span><\/span><\/div>\n<\/div><\/div><\/div><!-- close content main div --><\/div><\/div><div id='books'  class='avia-section main_color avia-section-small avia-no-border-styling  avia-bg-style-scroll   container_wrap fullsize' style=' '  ><div class='container' ><div class='template-page content  av-content-full alpha units'><div class='post-entry post-entry-type-page post-entry-152835'><div class='entry-content-wrapper clearfix'>\n<section class=\"av_textblock_section \"  itemscope=\"itemscope\" itemtype=\"https:\/\/schema.org\/CreativeWork\" ><div class='avia_textblock  '  style='font-size:20px; '  itemprop=\"text\" ><p id=\"book\" style=\"color: #707070; letter-spacing: 1.5px; text-transform: uppercase;\">books<\/p>\n<hr class=\"hr-titre-page\">\n<\/div><\/section>\n<div  data-autoplay=''  data-interval='5'  data-animation='fade'  data-show_slide_delay='90'  class='avia-content-slider avia-content-grid-active avia-content-slider4 avia-content-slider-even   av-medium-hide av-small-hide av-mini-hide'  itemscope=\"itemscope\" itemtype=\"https:\/\/schema.org\/Blog\" ><div class='avia-content-slider-inner'><div class='slide-entry-wrap'><article class='slide-entry flex_column  post-entry post-entry-220812 slide-entry-overview slide-loop-1 slide-parity-odd  av_one_fourth first real-thumbnail'  itemscope=\"itemscope\" itemtype=\"https:\/\/schema.org\/CreativeWork\" ><a href='https:\/\/agencevu.com\/en\/book\/un-reino-maravilloso\/' data-rel='slide-4' class='slide-image' title=''><img width=\"199\" height=\"182\" src=\"https:\/\/agencevu.com\/wp-content\/uploads\/2025\/03\/Couv.jpg\" class=\"wp-image-220810 avia-img-lazy-loading-220810 attachment-portfolio_small size-portfolio_small wp-post-image\" alt=\"\" loading=\"lazy\" srcset=\"https:\/\/agencevu.com\/wp-content\/uploads\/2025\/03\/Couv.jpg 199w, https:\/\/agencevu.com\/wp-content\/uploads\/2025\/03\/Couv-80x73.jpg 80w\" sizes=\"(max-width: 199px) 100vw, 199px\" \/><\/a><div class='slide-content'><header class=\"entry-content-header\"><span class=\"blog-categories minor-meta\"> <a href=\"https:\/\/agencevu.com\/en\/annee\/2025-en\/\" rel=\"tag\">2025<\/a> <a href=\"https:\/\/agencevu.com\/en\/photographer\/jose-manuel-navia\/\" rel=\"tag\">Jos\u00e9 Manuel Navia<\/a> <a href=\"https:\/\/agencevu.com\/en\/section_taxonomy\/livres\/\" rel=\"tag\">livres<\/a> <\/span><h3 class='slide-entry-title entry-title'  itemprop=\"headline\" ><a href='https:\/\/agencevu.com\/en\/book\/un-reino-maravilloso\/' title='Un reino maravilloso'>Un reino maravilloso<\/a><\/h3><span class=\"av-vertical-delimiter\"><\/span><\/header><div class='slide-entry-excerpt entry-content'  itemprop=\"text\" >Ediciones An\u00f3malas, en co\u00e9dition avec la Fondation Antonio P\u00e9rez - 2025<\/div><\/div><footer class=\"entry-footer\"><div class='slide-meta'><time class='slide-meta-time updated'  itemprop=\"datePublished\" datetime=\"2025-03-18T14:00:14+01:00\" >18 March 2025<\/time><\/div><\/footer><span class='hidden'>\n\t\t\t\t<span class='av-structured-data'  itemprop=\"image\" itemscope=\"itemscope\" itemtype=\"https:\/\/schema.org\/ImageObject\" >\n\t\t\t\t\t\t<span itemprop='url'>https:\/\/agencevu.com\/wp-content\/uploads\/2025\/03\/Couv.jpg<\/span>\n\t\t\t\t\t\t<span itemprop='height'>182<\/span>\n\t\t\t\t\t\t<span itemprop='width'>199<\/span>\n\t\t\t\t<\/span>\n\t\t\t\t<span class='av-structured-data'  itemprop=\"publisher\" itemtype=\"https:\/\/schema.org\/Organization\" itemscope=\"itemscope\" >\n\t\t\t\t\t\t<span itemprop='name'>Fanny Demichelis<\/span>\n\t\t\t\t\t\t<span itemprop='logo' itemscope itemtype='https:\/\/schema.org\/ImageObject'>\n\t\t\t\t\t\t\t<span itemprop='url'>\/wp-content\/uploads\/2021\/05\/logo-vert-2.svg<\/span>\n\t\t\t\t\t\t <\/span>\n\t\t\t\t<\/span><span class='av-structured-data'  itemprop=\"author\" itemscope=\"itemscope\" itemtype=\"https:\/\/schema.org\/Person\" ><span itemprop='name'>Fanny Demichelis<\/span><\/span><span class='av-structured-data'  itemprop=\"datePublished\" datetime=\"2000-02-24T10:26:02+01:00\" >2025-03-18 14:00:14<\/span><span class='av-structured-data'  itemprop=\"dateModified\" itemtype=\"https:\/\/schema.org\/dateModified\" >2025-03-18 14:26:46<\/span><span class='av-structured-data'  itemprop=\"mainEntityOfPage\" itemtype=\"https:\/\/schema.org\/mainEntityOfPage\" ><span itemprop='name'>Un reino maravilloso<\/span><\/span><\/span><\/article><article class='slide-entry flex_column  post-entry post-entry-151944 slide-entry-overview slide-loop-2 slide-parity-even  av_one_fourth  real-thumbnail'  itemscope=\"itemscope\" itemtype=\"https:\/\/schema.org\/CreativeWork\" ><a href='https:\/\/agencevu.com\/en\/book\/alma-tierra\/' data-rel='slide-4' class='slide-image' title=''><img width=\"139\" height=\"185\" src=\"https:\/\/agencevu.com\/wp-content\/uploads\/2021\/05\/unnamed.jpg\" class=\"wp-image-151903 avia-img-lazy-loading-151903 attachment-portfolio_small size-portfolio_small wp-post-image\" alt=\"\" loading=\"lazy\" srcset=\"https:\/\/agencevu.com\/wp-content\/uploads\/2021\/05\/unnamed.jpg 139w, https:\/\/agencevu.com\/wp-content\/uploads\/2021\/05\/unnamed-60x80.jpg 60w\" sizes=\"(max-width: 139px) 100vw, 139px\" \/><\/a><div class='slide-content'><header class=\"entry-content-header\"><span class=\"blog-categories minor-meta\"> <a href=\"https:\/\/agencevu.com\/en\/annee\/2019-en\/\" rel=\"tag\">2019<\/a> <a href=\"https:\/\/agencevu.com\/en\/photographer\/jose-manuel-navia\/\" rel=\"tag\">Jos\u00e9 Manuel Navia<\/a> <a href=\"https:\/\/agencevu.com\/en\/section_taxonomy\/livres\/\" rel=\"tag\">livres<\/a> <\/span><h3 class='slide-entry-title entry-title'  itemprop=\"headline\" ><a href='https:\/\/agencevu.com\/en\/book\/alma-tierra\/' title='Alma Tierra'>Alma Tierra<\/a><\/h3><span class=\"av-vertical-delimiter\"><\/span><\/header><div class='slide-entry-excerpt entry-content'  itemprop=\"text\" >Ediciones Anomalas & Acci\u00f3n Cultural Espa\u00f1ola  - 2019<\/div><\/div><footer class=\"entry-footer\"><div class='slide-meta'><time class='slide-meta-time updated'  itemprop=\"datePublished\" datetime=\"2019-05-05T16:42:51+02:00\" >5 May 2019<\/time><\/div><\/footer><span class='hidden'>\n\t\t\t\t<span class='av-structured-data'  itemprop=\"image\" itemscope=\"itemscope\" itemtype=\"https:\/\/schema.org\/ImageObject\" >\n\t\t\t\t\t\t<span itemprop='url'>https:\/\/agencevu.com\/wp-content\/uploads\/2021\/05\/unnamed.jpg<\/span>\n\t\t\t\t\t\t<span itemprop='height'>185<\/span>\n\t\t\t\t\t\t<span itemprop='width'>139<\/span>\n\t\t\t\t<\/span>\n\t\t\t\t<span class='av-structured-data'  itemprop=\"publisher\" itemtype=\"https:\/\/schema.org\/Organization\" itemscope=\"itemscope\" >\n\t\t\t\t\t\t<span itemprop='name'>Editorial<\/span>\n\t\t\t\t\t\t<span itemprop='logo' itemscope itemtype='https:\/\/schema.org\/ImageObject'>\n\t\t\t\t\t\t\t<span itemprop='url'>\/wp-content\/uploads\/2021\/05\/logo-vert-2.svg<\/span>\n\t\t\t\t\t\t <\/span>\n\t\t\t\t<\/span><span class='av-structured-data'  itemprop=\"author\" itemscope=\"itemscope\" itemtype=\"https:\/\/schema.org\/Person\" ><span itemprop='name'>Editorial<\/span><\/span><span class='av-structured-data'  itemprop=\"datePublished\" datetime=\"2000-02-24T10:26:02+01:00\" >2019-05-05 16:42:51<\/span><span class='av-structured-data'  itemprop=\"dateModified\" itemtype=\"https:\/\/schema.org\/dateModified\" >2021-05-05 16:50:04<\/span><span class='av-structured-data'  itemprop=\"mainEntityOfPage\" itemtype=\"https:\/\/schema.org\/mainEntityOfPage\" ><span itemprop='name'>Alma Tierra<\/span><\/span><\/span><\/article><article class='slide-entry flex_column  post-entry post-entry-54893 slide-entry-overview slide-loop-3 slide-parity-odd  av_one_fourth  real-thumbnail'  itemscope=\"itemscope\" itemtype=\"https:\/\/schema.org\/CreativeWork\" ><a href='https:\/\/agencevu.com\/en\/book\/navia-2018\/' data-rel='slide-4' class='slide-image' title=''><img width=\"133\" height=\"185\" src=\"https:\/\/agencevu.com\/wp-content\/uploads\/2020\/01\/2018-Photobolsillo-NAVI-preview-133x185.jpg\" class=\"wp-image-54881 avia-img-lazy-loading-54881 attachment-portfolio_small size-portfolio_small wp-post-image\" alt=\"\" loading=\"lazy\" srcset=\"https:\/\/agencevu.com\/wp-content\/uploads\/2020\/01\/2018-Photobolsillo-NAVI-preview.jpg 133w, https:\/\/agencevu.com\/wp-content\/uploads\/2020\/01\/2018-Photobolsillo-NAVI-preview-58x80.jpg 58w\" sizes=\"(max-width: 133px) 100vw, 133px\" \/><\/a><div class='slide-content'><header class=\"entry-content-header\"><span class=\"blog-categories minor-meta\"> <a href=\"https:\/\/agencevu.com\/en\/annee\/2018\/\" rel=\"tag\">2018<\/a> <a href=\"https:\/\/agencevu.com\/en\/photographer\/jose-manuel-navia\/\" rel=\"tag\">Jos\u00e9 Manuel Navia<\/a> <a href=\"https:\/\/agencevu.com\/en\/section_taxonomy\/livres\/\" rel=\"tag\">livres<\/a> <\/span><h3 class='slide-entry-title entry-title'  itemprop=\"headline\" ><a href='https:\/\/agencevu.com\/en\/book\/navia-2018\/' title='Navia'>Navia<\/a><\/h3><span class=\"av-vertical-delimiter\"><\/span><\/header><div class='slide-entry-excerpt entry-content'  itemprop=\"text\" >La Fabrica - 2018<\/div><\/div><footer class=\"entry-footer\"><div class='slide-meta'><time class='slide-meta-time updated'  itemprop=\"datePublished\" datetime=\"2018-03-24T10:26:32+01:00\" >24 March 2018<\/time><\/div><\/footer><span class='hidden'>\n\t\t\t\t<span class='av-structured-data'  itemprop=\"image\" itemscope=\"itemscope\" itemtype=\"https:\/\/schema.org\/ImageObject\" >\n\t\t\t\t\t\t<span itemprop='url'>https:\/\/agencevu.com\/wp-content\/uploads\/2020\/01\/2018-Photobolsillo-NAVI-preview.jpg<\/span>\n\t\t\t\t\t\t<span itemprop='height'>185<\/span>\n\t\t\t\t\t\t<span itemprop='width'>133<\/span>\n\t\t\t\t<\/span>\n\t\t\t\t<span class='av-structured-data'  itemprop=\"publisher\" itemtype=\"https:\/\/schema.org\/Organization\" itemscope=\"itemscope\" >\n\t\t\t\t\t\t<span itemprop='name'>Fanny Demichelis<\/span>\n\t\t\t\t\t\t<span itemprop='logo' itemscope itemtype='https:\/\/schema.org\/ImageObject'>\n\t\t\t\t\t\t\t<span itemprop='url'>\/wp-content\/uploads\/2021\/05\/logo-vert-2.svg<\/span>\n\t\t\t\t\t\t <\/span>\n\t\t\t\t<\/span><span class='av-structured-data'  itemprop=\"author\" itemscope=\"itemscope\" itemtype=\"https:\/\/schema.org\/Person\" ><span itemprop='name'>Fanny Demichelis<\/span><\/span><span class='av-structured-data'  itemprop=\"datePublished\" datetime=\"2000-02-24T10:26:02+01:00\" >2018-03-24 10:26:32<\/span><span class='av-structured-data'  itemprop=\"dateModified\" itemtype=\"https:\/\/schema.org\/dateModified\" >2021-05-17 19:00:51<\/span><span class='av-structured-data'  itemprop=\"mainEntityOfPage\" itemtype=\"https:\/\/schema.org\/mainEntityOfPage\" ><span itemprop='name'>Navia<\/span><\/span><\/span><\/article><article class='slide-entry flex_column  post-entry post-entry-151935 slide-entry-overview slide-loop-4 slide-parity-even  av_one_fourth  real-thumbnail'  itemscope=\"itemscope\" itemtype=\"https:\/\/schema.org\/CreativeWork\" ><a href='https:\/\/agencevu.com\/en\/book\/castilla\/' data-rel='slide-4' class='slide-image' title=''><img width=\"139\" height=\"185\" src=\"https:\/\/agencevu.com\/wp-content\/uploads\/2021\/05\/Cubierta_Delibes-Navia-3-139x185.jpg\" class=\"wp-image-151953 avia-img-lazy-loading-151953 attachment-portfolio_small size-portfolio_small wp-post-image\" alt=\"\" loading=\"lazy\" \/><\/a><div class='slide-content'><header class=\"entry-content-header\"><span class=\"blog-categories minor-meta\"> <a href=\"https:\/\/agencevu.com\/en\/annee\/2017-en\/\" rel=\"tag\">2017<\/a> <a href=\"https:\/\/agencevu.com\/en\/photographer\/jose-manuel-navia\/\" rel=\"tag\">Jos\u00e9 Manuel Navia<\/a> <a href=\"https:\/\/agencevu.com\/en\/section_taxonomy\/livres\/\" rel=\"tag\">livres<\/a> <\/span><h3 class='slide-entry-title entry-title'  itemprop=\"headline\" ><a href='https:\/\/agencevu.com\/en\/book\/castilla\/' title='Castilla'>Castilla<\/a><\/h3><span class=\"av-vertical-delimiter\"><\/span><\/header><div class='slide-entry-excerpt entry-content'  itemprop=\"text\" >Ken - 2017<\/div><\/div><footer class=\"entry-footer\"><div class='slide-meta'><time class='slide-meta-time updated'  itemprop=\"datePublished\" datetime=\"2017-11-05T16:50:32+01:00\" >5 November 2017<\/time><\/div><\/footer><span class='hidden'>\n\t\t\t\t<span class='av-structured-data'  itemprop=\"image\" itemscope=\"itemscope\" itemtype=\"https:\/\/schema.org\/ImageObject\" >\n\t\t\t\t\t\t<span itemprop='url'>https:\/\/agencevu.com\/wp-content\/uploads\/2021\/05\/Cubierta_Delibes-Navia-3.jpg<\/span>\n\t\t\t\t\t\t<span itemprop='height'>215<\/span>\n\t\t\t\t\t\t<span itemprop='width'>139<\/span>\n\t\t\t\t<\/span>\n\t\t\t\t<span class='av-structured-data'  itemprop=\"publisher\" itemtype=\"https:\/\/schema.org\/Organization\" itemscope=\"itemscope\" >\n\t\t\t\t\t\t<span itemprop='name'>Editorial<\/span>\n\t\t\t\t\t\t<span itemprop='logo' itemscope itemtype='https:\/\/schema.org\/ImageObject'>\n\t\t\t\t\t\t\t<span itemprop='url'>\/wp-content\/uploads\/2021\/05\/logo-vert-2.svg<\/span>\n\t\t\t\t\t\t <\/span>\n\t\t\t\t<\/span><span class='av-structured-data'  itemprop=\"author\" itemscope=\"itemscope\" itemtype=\"https:\/\/schema.org\/Person\" ><span itemprop='name'>Editorial<\/span><\/span><span class='av-structured-data'  itemprop=\"datePublished\" datetime=\"2000-02-24T10:26:02+01:00\" >2017-11-05 16:50:32<\/span><span class='av-structured-data'  itemprop=\"dateModified\" itemtype=\"https:\/\/schema.org\/dateModified\" >2021-05-05 16:52:32<\/span><span class='av-structured-data'  itemprop=\"mainEntityOfPage\" itemtype=\"https:\/\/schema.org\/mainEntityOfPage\" ><span itemprop='name'>Castilla<\/span><\/span><\/span><\/article><\/div><div class='slide-entry-wrap'><article class='slide-entry flex_column  post-entry post-entry-151926 slide-entry-overview slide-loop-5 slide-parity-odd  av_one_fourth first real-thumbnail'  itemscope=\"itemscope\" itemtype=\"https:\/\/schema.org\/CreativeWork\" ><a href='https:\/\/agencevu.com\/en\/book\/salzillo-la-vida-en-torno\/' data-rel='slide-4' class='slide-image' title=''><img width=\"133\" height=\"185\" src=\"https:\/\/agencevu.com\/wp-content\/uploads\/2021\/05\/00_portada-Navia-definitiva-736x1024-1.jpg\" class=\"wp-image-151883 avia-img-lazy-loading-151883 attachment-portfolio_small size-portfolio_small wp-post-image\" alt=\"\" loading=\"lazy\" srcset=\"https:\/\/agencevu.com\/wp-content\/uploads\/2021\/05\/00_portada-Navia-definitiva-736x1024-1.jpg 133w, https:\/\/agencevu.com\/wp-content\/uploads\/2021\/05\/00_portada-Navia-definitiva-736x1024-1-58x80.jpg 58w\" sizes=\"(max-width: 133px) 100vw, 133px\" \/><\/a><div class='slide-content'><header class=\"entry-content-header\"><span class=\"blog-categories minor-meta\"> <a href=\"https:\/\/agencevu.com\/en\/annee\/2017-en\/\" rel=\"tag\">2017<\/a> <a href=\"https:\/\/agencevu.com\/en\/photographer\/jose-manuel-navia\/\" rel=\"tag\">Jos\u00e9 Manuel Navia<\/a> <a href=\"https:\/\/agencevu.com\/en\/section_taxonomy\/livres\/\" rel=\"tag\">livres<\/a> <\/span><h3 class='slide-entry-title entry-title'  itemprop=\"headline\" ><a href='https:\/\/agencevu.com\/en\/book\/salzillo-la-vida-en-torno\/' title='Salzillo. La vida en torno'>Salzillo. La vida en torno<\/a><\/h3><span class=\"av-vertical-delimiter\"><\/span><\/header><div class='slide-entry-excerpt entry-content'  itemprop=\"text\" >Ayuntamiento de Murcia. Concejal\u00eda de Cultura - 2017<\/div><\/div><footer class=\"entry-footer\"><div class='slide-meta'><time class='slide-meta-time updated'  itemprop=\"datePublished\" datetime=\"2017-04-05T16:50:33+02:00\" >5 April 2017<\/time><\/div><\/footer><span class='hidden'>\n\t\t\t\t<span class='av-structured-data'  itemprop=\"image\" itemscope=\"itemscope\" itemtype=\"https:\/\/schema.org\/ImageObject\" >\n\t\t\t\t\t\t<span itemprop='url'>https:\/\/agencevu.com\/wp-content\/uploads\/2021\/05\/00_portada-Navia-definitiva-736x1024-1.jpg<\/span>\n\t\t\t\t\t\t<span itemprop='height'>185<\/span>\n\t\t\t\t\t\t<span itemprop='width'>133<\/span>\n\t\t\t\t<\/span>\n\t\t\t\t<span class='av-structured-data'  itemprop=\"publisher\" itemtype=\"https:\/\/schema.org\/Organization\" itemscope=\"itemscope\" >\n\t\t\t\t\t\t<span itemprop='name'>Editorial<\/span>\n\t\t\t\t\t\t<span itemprop='logo' itemscope itemtype='https:\/\/schema.org\/ImageObject'>\n\t\t\t\t\t\t\t<span itemprop='url'>\/wp-content\/uploads\/2021\/05\/logo-vert-2.svg<\/span>\n\t\t\t\t\t\t <\/span>\n\t\t\t\t<\/span><span class='av-structured-data'  itemprop=\"author\" itemscope=\"itemscope\" itemtype=\"https:\/\/schema.org\/Person\" ><span itemprop='name'>Editorial<\/span><\/span><span class='av-structured-data'  itemprop=\"datePublished\" datetime=\"2000-02-24T10:26:02+01:00\" >2017-04-05 16:50:33<\/span><span class='av-structured-data'  itemprop=\"dateModified\" itemtype=\"https:\/\/schema.org\/dateModified\" >2021-05-05 16:59:24<\/span><span class='av-structured-data'  itemprop=\"mainEntityOfPage\" itemtype=\"https:\/\/schema.org\/mainEntityOfPage\" ><span itemprop='name'>Salzillo. La vida en torno<\/span><\/span><\/span><\/article><article class='slide-entry flex_column  post-entry post-entry-54898 slide-entry-overview slide-loop-6 slide-parity-even  av_one_fourth  real-thumbnail'  itemscope=\"itemscope\" itemtype=\"https:\/\/schema.org\/CreativeWork\" ><a href='https:\/\/agencevu.com\/en\/book\/miguel-de-cervantes-or-the-wish-to-live\/' data-rel='slide-4' class='slide-image' title=''><img width=\"209\" height=\"185\" src=\"https:\/\/agencevu.com\/wp-content\/uploads\/2020\/01\/2015-Miguel-de-Cervantes-or-the-Wish-to-Live-NAVI-preview-209x185.jpg\" class=\"wp-image-54900 avia-img-lazy-loading-54900 attachment-portfolio_small size-portfolio_small wp-post-image\" alt=\"\" loading=\"lazy\" srcset=\"https:\/\/agencevu.com\/wp-content\/uploads\/2020\/01\/2015-Miguel-de-Cervantes-or-the-Wish-to-Live-NAVI-preview.jpg 209w, https:\/\/agencevu.com\/wp-content\/uploads\/2020\/01\/2015-Miguel-de-Cervantes-or-the-Wish-to-Live-NAVI-preview-80x71.jpg 80w\" sizes=\"(max-width: 209px) 100vw, 209px\" \/><\/a><div class='slide-content'><header class=\"entry-content-header\"><span class=\"blog-categories minor-meta\"> <a href=\"https:\/\/agencevu.com\/en\/annee\/2015-en\/\" rel=\"tag\">2015<\/a> <a href=\"https:\/\/agencevu.com\/en\/photographer\/jose-manuel-navia\/\" rel=\"tag\">Jos\u00e9 Manuel Navia<\/a> <a href=\"https:\/\/agencevu.com\/en\/section_taxonomy\/livres\/\" rel=\"tag\">livres<\/a> <\/span><h3 class='slide-entry-title entry-title'  itemprop=\"headline\" ><a href='https:\/\/agencevu.com\/en\/book\/miguel-de-cervantes-or-the-wish-to-live\/' title='Miguel de Cervantes or the Wish to Live'>Miguel de Cervantes or the Wish to Live<\/a><\/h3><span class=\"av-vertical-delimiter\"><\/span><\/header><div class='slide-entry-excerpt entry-content'  itemprop=\"text\" >Ediciones Anomalas - 2015<\/div><\/div><footer class=\"entry-footer\"><div class='slide-meta'><time class='slide-meta-time updated'  itemprop=\"datePublished\" datetime=\"2015-12-24T10:26:16+01:00\" >24 December 2015<\/time><\/div><\/footer><span class='hidden'>\n\t\t\t\t<span class='av-structured-data'  itemprop=\"image\" itemscope=\"itemscope\" itemtype=\"https:\/\/schema.org\/ImageObject\" >\n\t\t\t\t\t\t<span itemprop='url'>https:\/\/agencevu.com\/wp-content\/uploads\/2020\/01\/2015-Miguel-de-Cervantes-or-the-Wish-to-Live-NAVI-preview.jpg<\/span>\n\t\t\t\t\t\t<span itemprop='height'>185<\/span>\n\t\t\t\t\t\t<span itemprop='width'>209<\/span>\n\t\t\t\t<\/span>\n\t\t\t\t<span class='av-structured-data'  itemprop=\"publisher\" itemtype=\"https:\/\/schema.org\/Organization\" itemscope=\"itemscope\" >\n\t\t\t\t\t\t<span itemprop='name'>Fanny Demichelis<\/span>\n\t\t\t\t\t\t<span itemprop='logo' itemscope itemtype='https:\/\/schema.org\/ImageObject'>\n\t\t\t\t\t\t\t<span itemprop='url'>\/wp-content\/uploads\/2021\/05\/logo-vert-2.svg<\/span>\n\t\t\t\t\t\t <\/span>\n\t\t\t\t<\/span><span class='av-structured-data'  itemprop=\"author\" itemscope=\"itemscope\" itemtype=\"https:\/\/schema.org\/Person\" ><span itemprop='name'>Fanny Demichelis<\/span><\/span><span class='av-structured-data'  itemprop=\"datePublished\" datetime=\"2000-02-24T10:26:02+01:00\" >2015-12-24 10:26:16<\/span><span class='av-structured-data'  itemprop=\"dateModified\" itemtype=\"https:\/\/schema.org\/dateModified\" >2021-04-26 10:57:48<\/span><span class='av-structured-data'  itemprop=\"mainEntityOfPage\" itemtype=\"https:\/\/schema.org\/mainEntityOfPage\" ><span itemprop='name'>Miguel de Cervantes or the Wish to Live<\/span><\/span><\/span><\/article><article class='slide-entry flex_column  post-entry post-entry-151922 slide-entry-overview slide-loop-7 slide-parity-odd  av_one_fourth  real-thumbnail'  itemscope=\"itemscope\" itemtype=\"https:\/\/schema.org\/CreativeWork\" ><a href='https:\/\/agencevu.com\/en\/book\/cuenca-en-la-mirada-2\/' data-rel='slide-4' class='slide-image' title=''><img width=\"260\" height=\"185\" src=\"https:\/\/agencevu.com\/wp-content\/uploads\/2021\/05\/couv-3-260x185.jpg\" class=\"wp-image-151873 avia-img-lazy-loading-151873 attachment-portfolio_small size-portfolio_small wp-post-image\" alt=\"\" loading=\"lazy\" \/><\/a><div class='slide-content'><header class=\"entry-content-header\"><span class=\"blog-categories minor-meta\"> <a href=\"https:\/\/agencevu.com\/en\/annee\/2014\/\" rel=\"tag\">2014<\/a> <a href=\"https:\/\/agencevu.com\/en\/photographer\/jose-manuel-navia\/\" rel=\"tag\">Jos\u00e9 Manuel Navia<\/a> <a href=\"https:\/\/agencevu.com\/en\/section_taxonomy\/livres\/\" rel=\"tag\">livres<\/a> <\/span><h3 class='slide-entry-title entry-title'  itemprop=\"headline\" ><a href='https:\/\/agencevu.com\/en\/book\/cuenca-en-la-mirada-2\/' title='Cuenca en la mirada'>Cuenca en la mirada<\/a><\/h3><span class=\"av-vertical-delimiter\"><\/span><\/header><div class='slide-entry-excerpt entry-content'  itemprop=\"text\" >Ediciones An\u00f3malas - 2014<\/div><\/div><footer class=\"entry-footer\"><div class='slide-meta'><time class='slide-meta-time updated'  itemprop=\"datePublished\" datetime=\"2014-10-05T16:50:35+02:00\" >5 October 2014<\/time><\/div><\/footer><span class='hidden'>\n\t\t\t\t<span class='av-structured-data'  itemprop=\"image\" itemscope=\"itemscope\" itemtype=\"https:\/\/schema.org\/ImageObject\" >\n\t\t\t\t\t\t<span itemprop='url'>https:\/\/agencevu.com\/wp-content\/uploads\/2021\/05\/couv-3.jpg<\/span>\n\t\t\t\t\t\t<span itemprop='height'>678<\/span>\n\t\t\t\t\t\t<span itemprop='width'>570<\/span>\n\t\t\t\t<\/span>\n\t\t\t\t<span class='av-structured-data'  itemprop=\"publisher\" itemtype=\"https:\/\/schema.org\/Organization\" itemscope=\"itemscope\" >\n\t\t\t\t\t\t<span itemprop='name'>Editorial<\/span>\n\t\t\t\t\t\t<span itemprop='logo' itemscope itemtype='https:\/\/schema.org\/ImageObject'>\n\t\t\t\t\t\t\t<span itemprop='url'>\/wp-content\/uploads\/2021\/05\/logo-vert-2.svg<\/span>\n\t\t\t\t\t\t <\/span>\n\t\t\t\t<\/span><span class='av-structured-data'  itemprop=\"author\" itemscope=\"itemscope\" itemtype=\"https:\/\/schema.org\/Person\" ><span itemprop='name'>Editorial<\/span><\/span><span class='av-structured-data'  itemprop=\"datePublished\" datetime=\"2000-02-24T10:26:02+01:00\" >2014-10-05 16:50:35<\/span><span class='av-structured-data'  itemprop=\"dateModified\" itemtype=\"https:\/\/schema.org\/dateModified\" >2021-05-05 16:59:01<\/span><span class='av-structured-data'  itemprop=\"mainEntityOfPage\" itemtype=\"https:\/\/schema.org\/mainEntityOfPage\" ><span itemprop='name'>Cuenca en la mirada<\/span><\/span><\/span><\/article><article class='slide-entry flex_column  post-entry post-entry-151915 slide-entry-overview slide-loop-8 slide-parity-even  av_one_fourth  real-thumbnail'  itemscope=\"itemscope\" itemtype=\"https:\/\/schema.org\/CreativeWork\" ><a href='https:\/\/agencevu.com\/en\/book\/luz-y-sombra\/' data-rel='slide-4' class='slide-image' title=''><img width=\"189\" height=\"185\" src=\"https:\/\/agencevu.com\/wp-content\/uploads\/2021\/05\/00_Luz-y-Sombra-Navia.jpg\" class=\"wp-image-151863 avia-img-lazy-loading-151863 attachment-portfolio_small size-portfolio_small wp-post-image\" alt=\"\" loading=\"lazy\" srcset=\"https:\/\/agencevu.com\/wp-content\/uploads\/2021\/05\/00_Luz-y-Sombra-Navia.jpg 189w, https:\/\/agencevu.com\/wp-content\/uploads\/2021\/05\/00_Luz-y-Sombra-Navia-80x78.jpg 80w, https:\/\/agencevu.com\/wp-content\/uploads\/2021\/05\/00_Luz-y-Sombra-Navia-36x36.jpg 36w\" sizes=\"(max-width: 189px) 100vw, 189px\" \/><\/a><div class='slide-content'><header class=\"entry-content-header\"><span class=\"blog-categories minor-meta\"> <a href=\"https:\/\/agencevu.com\/en\/annee\/2014\/\" rel=\"tag\">2014<\/a> <a href=\"https:\/\/agencevu.com\/en\/photographer\/jose-manuel-navia\/\" rel=\"tag\">Jos\u00e9 Manuel Navia<\/a> <a href=\"https:\/\/agencevu.com\/en\/section_taxonomy\/livres\/\" rel=\"tag\">livres<\/a> <\/span><h3 class='slide-entry-title entry-title'  itemprop=\"headline\" ><a href='https:\/\/agencevu.com\/en\/book\/luz-y-sombra\/' title='Luz y sombra'>Luz y sombra<\/a><\/h3><span class=\"av-vertical-delimiter\"><\/span><\/header><div class='slide-entry-excerpt entry-content'  itemprop=\"text\" >Real Maestranza de Caballer\u00eda de Sevilla - 2014<\/div><\/div><footer class=\"entry-footer\"><div class='slide-meta'><time class='slide-meta-time updated'  itemprop=\"datePublished\" datetime=\"2014-04-05T16:50:36+02:00\" >5 April 2014<\/time><\/div><\/footer><span class='hidden'>\n\t\t\t\t<span class='av-structured-data'  itemprop=\"image\" itemscope=\"itemscope\" itemtype=\"https:\/\/schema.org\/ImageObject\" >\n\t\t\t\t\t\t<span itemprop='url'>https:\/\/agencevu.com\/wp-content\/uploads\/2021\/05\/00_Luz-y-Sombra-Navia.jpg<\/span>\n\t\t\t\t\t\t<span itemprop='height'>185<\/span>\n\t\t\t\t\t\t<span itemprop='width'>189<\/span>\n\t\t\t\t<\/span>\n\t\t\t\t<span class='av-structured-data'  itemprop=\"publisher\" itemtype=\"https:\/\/schema.org\/Organization\" itemscope=\"itemscope\" >\n\t\t\t\t\t\t<span itemprop='name'>Editorial<\/span>\n\t\t\t\t\t\t<span itemprop='logo' itemscope itemtype='https:\/\/schema.org\/ImageObject'>\n\t\t\t\t\t\t\t<span itemprop='url'>\/wp-content\/uploads\/2021\/05\/logo-vert-2.svg<\/span>\n\t\t\t\t\t\t <\/span>\n\t\t\t\t<\/span><span class='av-structured-data'  itemprop=\"author\" itemscope=\"itemscope\" itemtype=\"https:\/\/schema.org\/Person\" ><span itemprop='name'>Editorial<\/span><\/span><span class='av-structured-data'  itemprop=\"datePublished\" datetime=\"2000-02-24T10:26:02+01:00\" >2014-04-05 16:50:36<\/span><span class='av-structured-data'  itemprop=\"dateModified\" itemtype=\"https:\/\/schema.org\/dateModified\" >2021-05-05 16:58:52<\/span><span class='av-structured-data'  itemprop=\"mainEntityOfPage\" itemtype=\"https:\/\/schema.org\/mainEntityOfPage\" ><span itemprop='name'>Luz y sombra<\/span><\/span><\/span><\/article><\/div><div class='slide-entry-wrap'><article class='slide-entry flex_column  post-entry post-entry-54915 slide-entry-overview slide-loop-9 slide-parity-odd  av_one_fourth first real-thumbnail'  itemscope=\"itemscope\" itemtype=\"https:\/\/schema.org\/CreativeWork\" ><a href='https:\/\/agencevu.com\/en\/book\/nosto\/' data-rel='slide-4' class='slide-image' title=''><img width=\"132\" height=\"185\" src=\"https:\/\/agencevu.com\/wp-content\/uploads\/2020\/01\/41J-PSZomOL._SL500_-132x185.jpg\" class=\"wp-image-54917 avia-img-lazy-loading-54917 attachment-portfolio_small size-portfolio_small wp-post-image\" alt=\"\" loading=\"lazy\" srcset=\"https:\/\/agencevu.com\/wp-content\/uploads\/2020\/01\/41J-PSZomOL._SL500_.jpg 132w, https:\/\/agencevu.com\/wp-content\/uploads\/2020\/01\/41J-PSZomOL._SL500_-57x80.jpg 57w\" sizes=\"(max-width: 132px) 100vw, 132px\" \/><\/a><div class='slide-content'><header class=\"entry-content-header\"><span class=\"blog-categories minor-meta\"> <a href=\"https:\/\/agencevu.com\/en\/annee\/2013\/\" rel=\"tag\">2013<\/a> <a href=\"https:\/\/agencevu.com\/en\/photographer\/jose-manuel-navia\/\" rel=\"tag\">Jos\u00e9 Manuel Navia<\/a> <a href=\"https:\/\/agencevu.com\/en\/section_taxonomy\/livres\/\" rel=\"tag\">livres<\/a> <\/span><h3 class='slide-entry-title entry-title'  itemprop=\"headline\" ><a href='https:\/\/agencevu.com\/en\/book\/nosto\/' title='N\u00f3sto'>N\u00f3sto<\/a><\/h3><span class=\"av-vertical-delimiter\"><\/span><\/header><div class='slide-entry-excerpt entry-content'  itemprop=\"text\" >Ediciones Anomalas - 2013<\/div><\/div><footer class=\"entry-footer\"><div class='slide-meta'><time class='slide-meta-time updated'  itemprop=\"datePublished\" datetime=\"2013-08-24T10:26:30+02:00\" >24 August 2013<\/time><\/div><\/footer><span class='hidden'>\n\t\t\t\t<span class='av-structured-data'  itemprop=\"image\" itemscope=\"itemscope\" itemtype=\"https:\/\/schema.org\/ImageObject\" >\n\t\t\t\t\t\t<span itemprop='url'>https:\/\/agencevu.com\/wp-content\/uploads\/2020\/01\/41J-PSZomOL._SL500_.jpg<\/span>\n\t\t\t\t\t\t<span itemprop='height'>185<\/span>\n\t\t\t\t\t\t<span itemprop='width'>132<\/span>\n\t\t\t\t<\/span>\n\t\t\t\t<span class='av-structured-data'  itemprop=\"publisher\" itemtype=\"https:\/\/schema.org\/Organization\" itemscope=\"itemscope\" >\n\t\t\t\t\t\t<span itemprop='name'>Fanny Demichelis<\/span>\n\t\t\t\t\t\t<span itemprop='logo' itemscope itemtype='https:\/\/schema.org\/ImageObject'>\n\t\t\t\t\t\t\t<span itemprop='url'>\/wp-content\/uploads\/2021\/05\/logo-vert-2.svg<\/span>\n\t\t\t\t\t\t <\/span>\n\t\t\t\t<\/span><span class='av-structured-data'  itemprop=\"author\" itemscope=\"itemscope\" itemtype=\"https:\/\/schema.org\/Person\" ><span itemprop='name'>Fanny Demichelis<\/span><\/span><span class='av-structured-data'  itemprop=\"datePublished\" datetime=\"2000-02-24T10:26:02+01:00\" >2013-08-24 10:26:30<\/span><span class='av-structured-data'  itemprop=\"dateModified\" itemtype=\"https:\/\/schema.org\/dateModified\" >2021-04-26 10:44:05<\/span><span class='av-structured-data'  itemprop=\"mainEntityOfPage\" itemtype=\"https:\/\/schema.org\/mainEntityOfPage\" ><span itemprop='name'>N\u00f3sto<\/span><\/span><\/span><\/article><article class='slide-entry flex_column  post-entry post-entry-54945 slide-entry-overview slide-loop-10 slide-parity-even  av_one_fourth  real-thumbnail'  itemscope=\"itemscope\" itemtype=\"https:\/\/schema.org\/CreativeWork\" ><a href='https:\/\/agencevu.com\/en\/book\/un-madrid-literario\/' data-rel='slide-4' class='slide-image' title=''><img width=\"162\" height=\"185\" src=\"https:\/\/agencevu.com\/wp-content\/uploads\/2020\/01\/2009-Un-Madrid-literario-NAVI-preview-162x185.jpg\" class=\"wp-image-54943 avia-img-lazy-loading-54943 attachment-portfolio_small size-portfolio_small wp-post-image\" alt=\"\" loading=\"lazy\" srcset=\"https:\/\/agencevu.com\/wp-content\/uploads\/2020\/01\/2009-Un-Madrid-literario-NAVI-preview.jpg 162w, https:\/\/agencevu.com\/wp-content\/uploads\/2020\/01\/2009-Un-Madrid-literario-NAVI-preview-70x80.jpg 70w\" sizes=\"(max-width: 162px) 100vw, 162px\" \/><\/a><div class='slide-content'><header class=\"entry-content-header\"><span class=\"blog-categories minor-meta\"> <a href=\"https:\/\/agencevu.com\/en\/annee\/2013\/\" rel=\"tag\">2013<\/a> <a href=\"https:\/\/agencevu.com\/en\/photographer\/jose-manuel-navia\/\" rel=\"tag\">Jos\u00e9 Manuel Navia<\/a> <a href=\"https:\/\/agencevu.com\/en\/section_taxonomy\/livres\/\" rel=\"tag\">livres<\/a> <\/span><h3 class='slide-entry-title entry-title'  itemprop=\"headline\" ><a href='https:\/\/agencevu.com\/en\/book\/un-madrid-literario\/' title='Un Madrid literario'>Un Madrid literario<\/a><\/h3><span class=\"av-vertical-delimiter\"><\/span><\/header><div class='slide-entry-excerpt entry-content'  itemprop=\"text\" >Ediciones Anomalas - 2013<\/div><\/div><footer class=\"entry-footer\"><div class='slide-meta'><time class='slide-meta-time updated'  itemprop=\"datePublished\" datetime=\"2009-02-24T10:26:28+01:00\" >24 February 2009<\/time><\/div><\/footer><span class='hidden'>\n\t\t\t\t<span class='av-structured-data'  itemprop=\"image\" itemscope=\"itemscope\" itemtype=\"https:\/\/schema.org\/ImageObject\" >\n\t\t\t\t\t\t<span itemprop='url'>https:\/\/agencevu.com\/wp-content\/uploads\/2020\/01\/2009-Un-Madrid-literario-NAVI-preview.jpg<\/span>\n\t\t\t\t\t\t<span itemprop='height'>185<\/span>\n\t\t\t\t\t\t<span itemprop='width'>162<\/span>\n\t\t\t\t<\/span>\n\t\t\t\t<span class='av-structured-data'  itemprop=\"publisher\" itemtype=\"https:\/\/schema.org\/Organization\" itemscope=\"itemscope\" >\n\t\t\t\t\t\t<span itemprop='name'>Fanny Demichelis<\/span>\n\t\t\t\t\t\t<span itemprop='logo' itemscope itemtype='https:\/\/schema.org\/ImageObject'>\n\t\t\t\t\t\t\t<span itemprop='url'>\/wp-content\/uploads\/2021\/05\/logo-vert-2.svg<\/span>\n\t\t\t\t\t\t <\/span>\n\t\t\t\t<\/span><span class='av-structured-data'  itemprop=\"author\" itemscope=\"itemscope\" itemtype=\"https:\/\/schema.org\/Person\" ><span itemprop='name'>Fanny Demichelis<\/span><\/span><span class='av-structured-data'  itemprop=\"datePublished\" datetime=\"2000-02-24T10:26:02+01:00\" >2009-02-24 10:26:28<\/span><span class='av-structured-data'  itemprop=\"dateModified\" itemtype=\"https:\/\/schema.org\/dateModified\" >2021-04-26 10:44:21<\/span><span class='av-structured-data'  itemprop=\"mainEntityOfPage\" itemtype=\"https:\/\/schema.org\/mainEntityOfPage\" ><span itemprop='name'>Un Madrid literario<\/span><\/span><\/span><\/article><article class='slide-entry flex_column  post-entry post-entry-54961 slide-entry-overview slide-loop-11 slide-parity-odd  av_one_fourth  real-thumbnail'  itemscope=\"itemscope\" itemtype=\"https:\/\/schema.org\/CreativeWork\" ><a href='https:\/\/agencevu.com\/en\/book\/ciudades-patrimonio-de-la-humanidad-trece-joyas-de-espana\/' data-rel='slide-4' class='slide-image' title=''><img width=\"133\" height=\"185\" src=\"https:\/\/agencevu.com\/wp-content\/uploads\/2020\/01\/2008-Ciudades-Patrimonio-de-la-humanidad.-Trece-joyas-de-Espana-NAVI-preview-133x185.jpg\" class=\"wp-image-54959 avia-img-lazy-loading-54959 attachment-portfolio_small size-portfolio_small wp-post-image\" alt=\"\" loading=\"lazy\" srcset=\"https:\/\/agencevu.com\/wp-content\/uploads\/2020\/01\/2008-Ciudades-Patrimonio-de-la-humanidad.-Trece-joyas-de-Espana-NAVI-preview.jpg 133w, https:\/\/agencevu.com\/wp-content\/uploads\/2020\/01\/2008-Ciudades-Patrimonio-de-la-humanidad.-Trece-joyas-de-Espana-NAVI-preview-58x80.jpg 58w\" sizes=\"(max-width: 133px) 100vw, 133px\" \/><\/a><div class='slide-content'><header class=\"entry-content-header\"><span class=\"blog-categories minor-meta\"> <a href=\"https:\/\/agencevu.com\/en\/annee\/2008\/\" rel=\"tag\">2008<\/a> <a href=\"https:\/\/agencevu.com\/en\/photographer\/jose-manuel-navia\/\" rel=\"tag\">Jos\u00e9 Manuel Navia<\/a> <a href=\"https:\/\/agencevu.com\/en\/section_taxonomy\/livres\/\" rel=\"tag\">livres<\/a> <\/span><h3 class='slide-entry-title entry-title'  itemprop=\"headline\" ><a href='https:\/\/agencevu.com\/en\/book\/ciudades-patrimonio-de-la-humanidad-trece-joyas-de-espana\/' title='Ciudades Patrimonio de La Humanidad. Trece joyas de Espana'>Ciudades Patrimonio de La Humanidad. Trece joyas de Espana<\/a><\/h3><span class=\"av-vertical-delimiter\"><\/span><\/header><div class='slide-entry-excerpt entry-content'  itemprop=\"text\" >La Fabrica - 2008<\/div><\/div><footer class=\"entry-footer\"><div class='slide-meta'><time class='slide-meta-time updated'  itemprop=\"datePublished\" datetime=\"2008-02-24T10:26:25+01:00\" >24 February 2008<\/time><\/div><\/footer><span class='hidden'>\n\t\t\t\t<span class='av-structured-data'  itemprop=\"image\" itemscope=\"itemscope\" itemtype=\"https:\/\/schema.org\/ImageObject\" >\n\t\t\t\t\t\t<span itemprop='url'>https:\/\/agencevu.com\/wp-content\/uploads\/2020\/01\/2008-Ciudades-Patrimonio-de-la-humanidad.-Trece-joyas-de-Espana-NAVI-preview.jpg<\/span>\n\t\t\t\t\t\t<span itemprop='height'>185<\/span>\n\t\t\t\t\t\t<span itemprop='width'>133<\/span>\n\t\t\t\t<\/span>\n\t\t\t\t<span class='av-structured-data'  itemprop=\"publisher\" itemtype=\"https:\/\/schema.org\/Organization\" itemscope=\"itemscope\" >\n\t\t\t\t\t\t<span itemprop='name'>Fanny Demichelis<\/span>\n\t\t\t\t\t\t<span itemprop='logo' itemscope itemtype='https:\/\/schema.org\/ImageObject'>\n\t\t\t\t\t\t\t<span itemprop='url'>\/wp-content\/uploads\/2021\/05\/logo-vert-2.svg<\/span>\n\t\t\t\t\t\t <\/span>\n\t\t\t\t<\/span><span class='av-structured-data'  itemprop=\"author\" itemscope=\"itemscope\" itemtype=\"https:\/\/schema.org\/Person\" ><span itemprop='name'>Fanny Demichelis<\/span><\/span><span class='av-structured-data'  itemprop=\"datePublished\" datetime=\"2000-02-24T10:26:02+01:00\" >2008-02-24 10:26:25<\/span><span class='av-structured-data'  itemprop=\"dateModified\" itemtype=\"https:\/\/schema.org\/dateModified\" >2021-04-26 10:44:35<\/span><span class='av-structured-data'  itemprop=\"mainEntityOfPage\" itemtype=\"https:\/\/schema.org\/mainEntityOfPage\" ><span itemprop='name'>Ciudades Patrimonio de La Humanidad. Trece joyas de Espana<\/span><\/span><\/span><\/article><article class='slide-entry flex_column  post-entry post-entry-54977 slide-entry-overview slide-loop-12 slide-parity-even  av_one_fourth  real-thumbnail'  itemscope=\"itemscope\" itemtype=\"https:\/\/schema.org\/CreativeWork\" ><a href='https:\/\/agencevu.com\/en\/book\/antonio-machado-miradas\/' data-rel='slide-4' class='slide-image' title=''><img width=\"146\" height=\"185\" src=\"https:\/\/agencevu.com\/wp-content\/uploads\/2020\/01\/2007-Antonio-Machado-Miradas-NAVI-preview-146x185.jpg\" class=\"wp-image-54975 avia-img-lazy-loading-54975 attachment-portfolio_small size-portfolio_small wp-post-image\" alt=\"\" loading=\"lazy\" srcset=\"https:\/\/agencevu.com\/wp-content\/uploads\/2020\/01\/2007-Antonio-Machado-Miradas-NAVI-preview.jpg 146w, https:\/\/agencevu.com\/wp-content\/uploads\/2020\/01\/2007-Antonio-Machado-Miradas-NAVI-preview-63x80.jpg 63w\" sizes=\"(max-width: 146px) 100vw, 146px\" \/><\/a><div class='slide-content'><header class=\"entry-content-header\"><span class=\"blog-categories minor-meta\"> <a href=\"https:\/\/agencevu.com\/en\/annee\/2007-en\/\" rel=\"tag\">2007<\/a> <a href=\"https:\/\/agencevu.com\/en\/photographer\/jose-manuel-navia\/\" rel=\"tag\">Jos\u00e9 Manuel Navia<\/a> <a href=\"https:\/\/agencevu.com\/en\/section_taxonomy\/livres\/\" rel=\"tag\">livres<\/a> <\/span><h3 class='slide-entry-title entry-title'  itemprop=\"headline\" ><a href='https:\/\/agencevu.com\/en\/book\/antonio-machado-miradas\/' title='Antonio Machado Miradas'>Antonio Machado Miradas<\/a><\/h3><span class=\"av-vertical-delimiter\"><\/span><\/header><div class='slide-entry-excerpt entry-content'  itemprop=\"text\" >Caja Duero - 2007<\/div><\/div><footer class=\"entry-footer\"><div class='slide-meta'><time class='slide-meta-time updated'  itemprop=\"datePublished\" datetime=\"2007-01-24T10:26:17+01:00\" >24 January 2007<\/time><\/div><\/footer><span class='hidden'>\n\t\t\t\t<span class='av-structured-data'  itemprop=\"image\" itemscope=\"itemscope\" itemtype=\"https:\/\/schema.org\/ImageObject\" >\n\t\t\t\t\t\t<span itemprop='url'>https:\/\/agencevu.com\/wp-content\/uploads\/2020\/01\/2007-Antonio-Machado-Miradas-NAVI-preview.jpg<\/span>\n\t\t\t\t\t\t<span itemprop='height'>185<\/span>\n\t\t\t\t\t\t<span itemprop='width'>146<\/span>\n\t\t\t\t<\/span>\n\t\t\t\t<span class='av-structured-data'  itemprop=\"publisher\" itemtype=\"https:\/\/schema.org\/Organization\" itemscope=\"itemscope\" >\n\t\t\t\t\t\t<span itemprop='name'>Fanny Demichelis<\/span>\n\t\t\t\t\t\t<span itemprop='logo' itemscope itemtype='https:\/\/schema.org\/ImageObject'>\n\t\t\t\t\t\t\t<span itemprop='url'>\/wp-content\/uploads\/2021\/05\/logo-vert-2.svg<\/span>\n\t\t\t\t\t\t <\/span>\n\t\t\t\t<\/span><span class='av-structured-data'  itemprop=\"author\" itemscope=\"itemscope\" itemtype=\"https:\/\/schema.org\/Person\" ><span itemprop='name'>Fanny Demichelis<\/span><\/span><span class='av-structured-data'  itemprop=\"datePublished\" datetime=\"2000-02-24T10:26:02+01:00\" >2007-01-24 10:26:17<\/span><span class='av-structured-data'  itemprop=\"dateModified\" itemtype=\"https:\/\/schema.org\/dateModified\" >2021-04-26 10:43:35<\/span><span class='av-structured-data'  itemprop=\"mainEntityOfPage\" itemtype=\"https:\/\/schema.org\/mainEntityOfPage\" ><span itemprop='name'>Antonio Machado Miradas<\/span><\/span><\/span><\/article><\/div><div class='slide-entry-wrap'><article class='slide-entry flex_column  post-entry post-entry-151909 slide-entry-overview slide-loop-13 slide-parity-odd  av_one_fourth first real-thumbnail'  itemscope=\"itemscope\" itemtype=\"https:\/\/schema.org\/CreativeWork\" ><a href='https:\/\/agencevu.com\/en\/book\/visiones-de-marruecos-2\/' data-rel='slide-4' class='slide-image' title=''><img width=\"167\" height=\"185\" src=\"https:\/\/agencevu.com\/wp-content\/uploads\/2021\/05\/2006-Visiones-de-Marruecos-NAVI-preview.jpg\" class=\"wp-image-151853 avia-img-lazy-loading-151853 attachment-portfolio_small size-portfolio_small wp-post-image\" alt=\"\" loading=\"lazy\" srcset=\"https:\/\/agencevu.com\/wp-content\/uploads\/2021\/05\/2006-Visiones-de-Marruecos-NAVI-preview.jpg 167w, https:\/\/agencevu.com\/wp-content\/uploads\/2021\/05\/2006-Visiones-de-Marruecos-NAVI-preview-72x80.jpg 72w\" sizes=\"(max-width: 167px) 100vw, 167px\" \/><\/a><div class='slide-content'><header class=\"entry-content-header\"><span class=\"blog-categories minor-meta\"> <a href=\"https:\/\/agencevu.com\/en\/annee\/2006-en\/\" rel=\"tag\">2006<\/a> <a href=\"https:\/\/agencevu.com\/en\/photographer\/jose-manuel-navia\/\" rel=\"tag\">Jos\u00e9 Manuel Navia<\/a> <a href=\"https:\/\/agencevu.com\/en\/section_taxonomy\/livres\/\" rel=\"tag\">livres<\/a> <\/span><h3 class='slide-entry-title entry-title'  itemprop=\"headline\" ><a href='https:\/\/agencevu.com\/en\/book\/visiones-de-marruecos-2\/' title='Visiones de Marruecos'>Visiones de Marruecos<\/a><\/h3><span class=\"av-vertical-delimiter\"><\/span><\/header><div class='slide-entry-excerpt entry-content'  itemprop=\"text\" >Lunwerg Editores - 2006<\/div><\/div><footer class=\"entry-footer\"><div class='slide-meta'><time class='slide-meta-time updated'  itemprop=\"datePublished\" datetime=\"2006-11-05T16:50:38+01:00\" >5 November 2006<\/time><\/div><\/footer><span class='hidden'>\n\t\t\t\t<span class='av-structured-data'  itemprop=\"image\" itemscope=\"itemscope\" itemtype=\"https:\/\/schema.org\/ImageObject\" >\n\t\t\t\t\t\t<span itemprop='url'>https:\/\/agencevu.com\/wp-content\/uploads\/2021\/05\/2006-Visiones-de-Marruecos-NAVI-preview.jpg<\/span>\n\t\t\t\t\t\t<span itemprop='height'>185<\/span>\n\t\t\t\t\t\t<span itemprop='width'>167<\/span>\n\t\t\t\t<\/span>\n\t\t\t\t<span class='av-structured-data'  itemprop=\"publisher\" itemtype=\"https:\/\/schema.org\/Organization\" itemscope=\"itemscope\" >\n\t\t\t\t\t\t<span itemprop='name'>Editorial<\/span>\n\t\t\t\t\t\t<span itemprop='logo' itemscope itemtype='https:\/\/schema.org\/ImageObject'>\n\t\t\t\t\t\t\t<span itemprop='url'>\/wp-content\/uploads\/2021\/05\/logo-vert-2.svg<\/span>\n\t\t\t\t\t\t <\/span>\n\t\t\t\t<\/span><span class='av-structured-data'  itemprop=\"author\" itemscope=\"itemscope\" itemtype=\"https:\/\/schema.org\/Person\" ><span itemprop='name'>Editorial<\/span><\/span><span class='av-structured-data'  itemprop=\"datePublished\" datetime=\"2000-02-24T10:26:02+01:00\" >2006-11-05 16:50:38<\/span><span class='av-structured-data'  itemprop=\"dateModified\" itemtype=\"https:\/\/schema.org\/dateModified\" >2021-05-05 16:59:32<\/span><span class='av-structured-data'  itemprop=\"mainEntityOfPage\" itemtype=\"https:\/\/schema.org\/mainEntityOfPage\" ><span itemprop='name'>Visiones de Marruecos<\/span><\/span><\/span><\/article><article class='slide-entry flex_column  post-entry post-entry-54995 slide-entry-overview slide-loop-14 slide-parity-even  av_one_fourth  real-thumbnail'  itemscope=\"itemscope\" itemtype=\"https:\/\/schema.org\/CreativeWork\" ><a href='https:\/\/agencevu.com\/en\/book\/viaje-a-la-historia\/' data-rel='slide-4' class='slide-image' title=''><img width=\"134\" height=\"185\" src=\"https:\/\/agencevu.com\/wp-content\/uploads\/2020\/01\/41UYdgrCcML-1-134x185.jpg\" class=\"wp-image-54993 avia-img-lazy-loading-54993 attachment-portfolio_small size-portfolio_small wp-post-image\" alt=\"\" loading=\"lazy\" srcset=\"https:\/\/agencevu.com\/wp-content\/uploads\/2020\/01\/41UYdgrCcML-1.jpg 134w, https:\/\/agencevu.com\/wp-content\/uploads\/2020\/01\/41UYdgrCcML-1-58x80.jpg 58w\" sizes=\"(max-width: 134px) 100vw, 134px\" \/><\/a><div class='slide-content'><header class=\"entry-content-header\"><span class=\"blog-categories minor-meta\"> <a href=\"https:\/\/agencevu.com\/en\/annee\/2005-en\/\" rel=\"tag\">2005<\/a> <a href=\"https:\/\/agencevu.com\/en\/photographer\/jose-manuel-navia\/\" rel=\"tag\">Jos\u00e9 Manuel Navia<\/a> <a href=\"https:\/\/agencevu.com\/en\/section_taxonomy\/livres\/\" rel=\"tag\">livres<\/a> <\/span><h3 class='slide-entry-title entry-title'  itemprop=\"headline\" ><a href='https:\/\/agencevu.com\/en\/book\/viaje-a-la-historia\/' title='Viaje a la Historia'>Viaje a la Historia<\/a><\/h3><span class=\"av-vertical-delimiter\"><\/span><\/header><div class='slide-entry-excerpt entry-content'  itemprop=\"text\" >Lunwerg Editores - 2005<\/div><\/div><footer class=\"entry-footer\"><div class='slide-meta'><time class='slide-meta-time updated'  itemprop=\"datePublished\" datetime=\"2005-11-24T10:26:13+01:00\" >24 November 2005<\/time><\/div><\/footer><span class='hidden'>\n\t\t\t\t<span class='av-structured-data'  itemprop=\"image\" itemscope=\"itemscope\" itemtype=\"https:\/\/schema.org\/ImageObject\" >\n\t\t\t\t\t\t<span itemprop='url'>https:\/\/agencevu.com\/wp-content\/uploads\/2020\/01\/41UYdgrCcML-1.jpg<\/span>\n\t\t\t\t\t\t<span itemprop='height'>185<\/span>\n\t\t\t\t\t\t<span itemprop='width'>134<\/span>\n\t\t\t\t<\/span>\n\t\t\t\t<span class='av-structured-data'  itemprop=\"publisher\" itemtype=\"https:\/\/schema.org\/Organization\" itemscope=\"itemscope\" >\n\t\t\t\t\t\t<span itemprop='name'>Fanny Demichelis<\/span>\n\t\t\t\t\t\t<span itemprop='logo' itemscope itemtype='https:\/\/schema.org\/ImageObject'>\n\t\t\t\t\t\t\t<span itemprop='url'>\/wp-content\/uploads\/2021\/05\/logo-vert-2.svg<\/span>\n\t\t\t\t\t\t <\/span>\n\t\t\t\t<\/span><span class='av-structured-data'  itemprop=\"author\" itemscope=\"itemscope\" itemtype=\"https:\/\/schema.org\/Person\" ><span itemprop='name'>Fanny Demichelis<\/span><\/span><span class='av-structured-data'  itemprop=\"datePublished\" datetime=\"2000-02-24T10:26:02+01:00\" >2005-11-24 10:26:13<\/span><span class='av-structured-data'  itemprop=\"dateModified\" itemtype=\"https:\/\/schema.org\/dateModified\" >2021-04-26 10:58:07<\/span><span class='av-structured-data'  itemprop=\"mainEntityOfPage\" itemtype=\"https:\/\/schema.org\/mainEntityOfPage\" ><span itemprop='name'>Viaje a la Historia<\/span><\/span><\/span><\/article><article class='slide-entry flex_column  post-entry post-entry-55011 slide-entry-overview slide-loop-15 slide-parity-odd  av_one_fourth  real-thumbnail'  itemscope=\"itemscope\" itemtype=\"https:\/\/schema.org\/CreativeWork\" ><a href='https:\/\/agencevu.com\/en\/book\/diez-miradas\/' data-rel='slide-4' class='slide-image' title=''><img width=\"165\" height=\"185\" src=\"https:\/\/agencevu.com\/wp-content\/uploads\/2020\/01\/ti_1202146330-165x185.jpg\" class=\"wp-image-55009 avia-img-lazy-loading-55009 attachment-portfolio_small size-portfolio_small wp-post-image\" alt=\"\" loading=\"lazy\" srcset=\"https:\/\/agencevu.com\/wp-content\/uploads\/2020\/01\/ti_1202146330.jpg 165w, https:\/\/agencevu.com\/wp-content\/uploads\/2020\/01\/ti_1202146330-71x80.jpg 71w\" sizes=\"(max-width: 165px) 100vw, 165px\" \/><\/a><div class='slide-content'><header class=\"entry-content-header\"><span class=\"blog-categories minor-meta\"> <a href=\"https:\/\/agencevu.com\/en\/annee\/2005-en\/\" rel=\"tag\">2005<\/a> <a href=\"https:\/\/agencevu.com\/en\/photographer\/jose-manuel-navia\/\" rel=\"tag\">Jos\u00e9 Manuel Navia<\/a> <a href=\"https:\/\/agencevu.com\/en\/section_taxonomy\/livres\/\" rel=\"tag\">livres<\/a> <\/span><h3 class='slide-entry-title entry-title'  itemprop=\"headline\" ><a href='https:\/\/agencevu.com\/en\/book\/diez-miradas\/' title='Diez miradas'>Diez miradas<\/a><\/h3><span class=\"av-vertical-delimiter\"><\/span><\/header><div class='slide-entry-excerpt entry-content'  itemprop=\"text\" >Lunwerg Editores - 2005<\/div><\/div><footer class=\"entry-footer\"><div class='slide-meta'><time class='slide-meta-time updated'  itemprop=\"datePublished\" datetime=\"2005-02-24T10:26:10+01:00\" >24 February 2005<\/time><\/div><\/footer><span class='hidden'>\n\t\t\t\t<span class='av-structured-data'  itemprop=\"image\" itemscope=\"itemscope\" itemtype=\"https:\/\/schema.org\/ImageObject\" >\n\t\t\t\t\t\t<span itemprop='url'>https:\/\/agencevu.com\/wp-content\/uploads\/2020\/01\/ti_1202146330.jpg<\/span>\n\t\t\t\t\t\t<span itemprop='height'>185<\/span>\n\t\t\t\t\t\t<span itemprop='width'>165<\/span>\n\t\t\t\t<\/span>\n\t\t\t\t<span class='av-structured-data'  itemprop=\"publisher\" itemtype=\"https:\/\/schema.org\/Organization\" itemscope=\"itemscope\" >\n\t\t\t\t\t\t<span itemprop='name'>Fanny Demichelis<\/span>\n\t\t\t\t\t\t<span itemprop='logo' itemscope itemtype='https:\/\/schema.org\/ImageObject'>\n\t\t\t\t\t\t\t<span itemprop='url'>\/wp-content\/uploads\/2021\/05\/logo-vert-2.svg<\/span>\n\t\t\t\t\t\t <\/span>\n\t\t\t\t<\/span><span class='av-structured-data'  itemprop=\"author\" itemscope=\"itemscope\" itemtype=\"https:\/\/schema.org\/Person\" ><span itemprop='name'>Fanny Demichelis<\/span><\/span><span class='av-structured-data'  itemprop=\"datePublished\" datetime=\"2000-02-24T10:26:02+01:00\" >2005-02-24 10:26:10<\/span><span class='av-structured-data'  itemprop=\"dateModified\" itemtype=\"https:\/\/schema.org\/dateModified\" >2021-04-26 10:58:25<\/span><span class='av-structured-data'  itemprop=\"mainEntityOfPage\" itemtype=\"https:\/\/schema.org\/mainEntityOfPage\" ><span itemprop='name'>Diez miradas<\/span><\/span><\/span><\/article><article class='slide-entry flex_column  post-entry post-entry-55027 slide-entry-overview slide-loop-16 slide-parity-even  av_one_fourth  real-thumbnail'  itemscope=\"itemscope\" itemtype=\"https:\/\/schema.org\/CreativeWork\" ><a href='https:\/\/agencevu.com\/en\/book\/territorios-del-quijote\/' data-rel='slide-4' class='slide-image' title=''><img width=\"160\" height=\"185\" src=\"https:\/\/agencevu.com\/wp-content\/uploads\/2020\/01\/2004-Territorios-del-Quijote-NAVI-preview-160x185.jpg\" class=\"wp-image-55025 avia-img-lazy-loading-55025 attachment-portfolio_small size-portfolio_small wp-post-image\" alt=\"\" loading=\"lazy\" srcset=\"https:\/\/agencevu.com\/wp-content\/uploads\/2020\/01\/2004-Territorios-del-Quijote-NAVI-preview.jpg 160w, https:\/\/agencevu.com\/wp-content\/uploads\/2020\/01\/2004-Territorios-del-Quijote-NAVI-preview-69x80.jpg 69w\" sizes=\"(max-width: 160px) 100vw, 160px\" \/><\/a><div class='slide-content'><header class=\"entry-content-header\"><span class=\"blog-categories minor-meta\"> <a href=\"https:\/\/agencevu.com\/en\/annee\/2004-en\/\" rel=\"tag\">2004<\/a> <a href=\"https:\/\/agencevu.com\/en\/photographer\/jose-manuel-navia\/\" rel=\"tag\">Jos\u00e9 Manuel Navia<\/a> <a href=\"https:\/\/agencevu.com\/en\/section_taxonomy\/livres\/\" rel=\"tag\">livres<\/a> <\/span><h3 class='slide-entry-title entry-title'  itemprop=\"headline\" ><a href='https:\/\/agencevu.com\/en\/book\/territorios-del-quijote\/' title='Territorios del Quijote'>Territorios del Quijote<\/a><\/h3><span class=\"av-vertical-delimiter\"><\/span><\/header><div class='slide-entry-excerpt entry-content'  itemprop=\"text\" >Lunwerg Editores - 2004<\/div><\/div><footer class=\"entry-footer\"><div class='slide-meta'><time class='slide-meta-time updated'  itemprop=\"datePublished\" datetime=\"2004-12-24T10:26:09+01:00\" >24 December 2004<\/time><\/div><\/footer><span class='hidden'>\n\t\t\t\t<span class='av-structured-data'  itemprop=\"image\" itemscope=\"itemscope\" itemtype=\"https:\/\/schema.org\/ImageObject\" >\n\t\t\t\t\t\t<span itemprop='url'>https:\/\/agencevu.com\/wp-content\/uploads\/2020\/01\/2004-Territorios-del-Quijote-NAVI-preview.jpg<\/span>\n\t\t\t\t\t\t<span itemprop='height'>185<\/span>\n\t\t\t\t\t\t<span itemprop='width'>160<\/span>\n\t\t\t\t<\/span>\n\t\t\t\t<span class='av-structured-data'  itemprop=\"publisher\" itemtype=\"https:\/\/schema.org\/Organization\" itemscope=\"itemscope\" >\n\t\t\t\t\t\t<span itemprop='name'>Fanny Demichelis<\/span>\n\t\t\t\t\t\t<span itemprop='logo' itemscope itemtype='https:\/\/schema.org\/ImageObject'>\n\t\t\t\t\t\t\t<span itemprop='url'>\/wp-content\/uploads\/2021\/05\/logo-vert-2.svg<\/span>\n\t\t\t\t\t\t <\/span>\n\t\t\t\t<\/span><span class='av-structured-data'  itemprop=\"author\" itemscope=\"itemscope\" itemtype=\"https:\/\/schema.org\/Person\" ><span itemprop='name'>Fanny Demichelis<\/span><\/span><span class='av-structured-data'  itemprop=\"datePublished\" datetime=\"2000-02-24T10:26:02+01:00\" >2004-12-24 10:26:09<\/span><span class='av-structured-data'  itemprop=\"dateModified\" itemtype=\"https:\/\/schema.org\/dateModified\" >2021-04-26 10:56:15<\/span><span class='av-structured-data'  itemprop=\"mainEntityOfPage\" itemtype=\"https:\/\/schema.org\/mainEntityOfPage\" ><span itemprop='name'>Territorios del Quijote<\/span><\/span><\/span><\/article><\/div><div class='slide-entry-wrap'><article class='slide-entry flex_column  post-entry post-entry-151905 slide-entry-overview slide-loop-17 slide-parity-odd  av_one_fourth first real-thumbnail'  itemscope=\"itemscope\" itemtype=\"https:\/\/schema.org\/CreativeWork\" ><a href='https:\/\/agencevu.com\/en\/book\/un-viaje-a-madrid\/' data-rel='slide-4' class='slide-image' title=''><img width=\"179\" height=\"185\" src=\"https:\/\/agencevu.com\/wp-content\/uploads\/2021\/05\/2003-Un-viaje-a-madrid-NAVI-preview.jpg\" class=\"wp-image-151841 avia-img-lazy-loading-151841 attachment-portfolio_small size-portfolio_small wp-post-image\" alt=\"\" loading=\"lazy\" srcset=\"https:\/\/agencevu.com\/wp-content\/uploads\/2021\/05\/2003-Un-viaje-a-madrid-NAVI-preview.jpg 179w, https:\/\/agencevu.com\/wp-content\/uploads\/2021\/05\/2003-Un-viaje-a-madrid-NAVI-preview-77x80.jpg 77w, https:\/\/agencevu.com\/wp-content\/uploads\/2021\/05\/2003-Un-viaje-a-madrid-NAVI-preview-36x36.jpg 36w\" sizes=\"(max-width: 179px) 100vw, 179px\" \/><\/a><div class='slide-content'><header class=\"entry-content-header\"><span class=\"blog-categories minor-meta\"> <a href=\"https:\/\/agencevu.com\/en\/annee\/2003-en\/\" rel=\"tag\">2003<\/a> <a href=\"https:\/\/agencevu.com\/en\/photographer\/jose-manuel-navia\/\" rel=\"tag\">Jos\u00e9 Manuel Navia<\/a> <a href=\"https:\/\/agencevu.com\/en\/section_taxonomy\/livres\/\" rel=\"tag\">livres<\/a> <\/span><h3 class='slide-entry-title entry-title'  itemprop=\"headline\" ><a href='https:\/\/agencevu.com\/en\/book\/un-viaje-a-madrid\/' title='Un viaje a Madrid'>Un viaje a Madrid<\/a><\/h3><span class=\"av-vertical-delimiter\"><\/span><\/header><div class='slide-entry-excerpt entry-content'  itemprop=\"text\" >T Ediciones - 2003<\/div><\/div><footer class=\"entry-footer\"><div class='slide-meta'><time class='slide-meta-time updated'  itemprop=\"datePublished\" datetime=\"2003-12-05T16:50:40+01:00\" >5 December 2003<\/time><\/div><\/footer><span class='hidden'>\n\t\t\t\t<span class='av-structured-data'  itemprop=\"image\" itemscope=\"itemscope\" itemtype=\"https:\/\/schema.org\/ImageObject\" >\n\t\t\t\t\t\t<span itemprop='url'>https:\/\/agencevu.com\/wp-content\/uploads\/2021\/05\/2003-Un-viaje-a-madrid-NAVI-preview.jpg<\/span>\n\t\t\t\t\t\t<span itemprop='height'>185<\/span>\n\t\t\t\t\t\t<span itemprop='width'>179<\/span>\n\t\t\t\t<\/span>\n\t\t\t\t<span class='av-structured-data'  itemprop=\"publisher\" itemtype=\"https:\/\/schema.org\/Organization\" itemscope=\"itemscope\" >\n\t\t\t\t\t\t<span itemprop='name'>Editorial<\/span>\n\t\t\t\t\t\t<span itemprop='logo' itemscope itemtype='https:\/\/schema.org\/ImageObject'>\n\t\t\t\t\t\t\t<span itemprop='url'>\/wp-content\/uploads\/2021\/05\/logo-vert-2.svg<\/span>\n\t\t\t\t\t\t <\/span>\n\t\t\t\t<\/span><span class='av-structured-data'  itemprop=\"author\" itemscope=\"itemscope\" itemtype=\"https:\/\/schema.org\/Person\" ><span itemprop='name'>Editorial<\/span><\/span><span class='av-structured-data'  itemprop=\"datePublished\" datetime=\"2000-02-24T10:26:02+01:00\" >2003-12-05 16:50:40<\/span><span class='av-structured-data'  itemprop=\"dateModified\" itemtype=\"https:\/\/schema.org\/dateModified\" >2021-05-05 17:01:03<\/span><span class='av-structured-data'  itemprop=\"mainEntityOfPage\" itemtype=\"https:\/\/schema.org\/mainEntityOfPage\" ><span itemprop='name'>Un viaje a Madrid<\/span><\/span><\/span><\/article><article class='slide-entry flex_column  post-entry post-entry-55071 slide-entry-overview slide-loop-18 slide-parity-even  av_one_fourth  real-thumbnail'  itemscope=\"itemscope\" itemtype=\"https:\/\/schema.org\/CreativeWork\" ><a href='https:\/\/agencevu.com\/en\/book\/desde-la-catedral\/' data-rel='slide-4' class='slide-image' title=''><img width=\"130\" height=\"185\" src=\"https:\/\/agencevu.com\/wp-content\/uploads\/2020\/01\/2003-Desde-la-catedral-NAVI-preview-130x185.jpg\" class=\"wp-image-55069 avia-img-lazy-loading-55069 attachment-portfolio_small size-portfolio_small wp-post-image\" alt=\"\" loading=\"lazy\" srcset=\"https:\/\/agencevu.com\/wp-content\/uploads\/2020\/01\/2003-Desde-la-catedral-NAVI-preview.jpg 130w, https:\/\/agencevu.com\/wp-content\/uploads\/2020\/01\/2003-Desde-la-catedral-NAVI-preview-56x80.jpg 56w\" sizes=\"(max-width: 130px) 100vw, 130px\" \/><\/a><div class='slide-content'><header class=\"entry-content-header\"><span class=\"blog-categories minor-meta\"> <a href=\"https:\/\/agencevu.com\/en\/annee\/2003-en\/\" rel=\"tag\">2003<\/a> <a href=\"https:\/\/agencevu.com\/en\/photographer\/jose-manuel-navia\/\" rel=\"tag\">Jos\u00e9 Manuel Navia<\/a> <a href=\"https:\/\/agencevu.com\/en\/section_taxonomy\/livres\/\" rel=\"tag\">livres<\/a> <\/span><h3 class='slide-entry-title entry-title'  itemprop=\"headline\" ><a href='https:\/\/agencevu.com\/en\/book\/desde-la-catedral\/' title='Desde la catedral'>Desde la catedral<\/a><\/h3><span class=\"av-vertical-delimiter\"><\/span><\/header><div class='slide-entry-excerpt entry-content'  itemprop=\"text\" >Fundacion Catedral Santa Maria - 2003<\/div><\/div><footer class=\"entry-footer\"><div class='slide-meta'><time class='slide-meta-time updated'  itemprop=\"datePublished\" datetime=\"2003-09-24T10:26:07+02:00\" >24 September 2003<\/time><\/div><\/footer><span class='hidden'>\n\t\t\t\t<span class='av-structured-data'  itemprop=\"image\" itemscope=\"itemscope\" itemtype=\"https:\/\/schema.org\/ImageObject\" >\n\t\t\t\t\t\t<span itemprop='url'>https:\/\/agencevu.com\/wp-content\/uploads\/2020\/01\/2003-Desde-la-catedral-NAVI-preview.jpg<\/span>\n\t\t\t\t\t\t<span itemprop='height'>185<\/span>\n\t\t\t\t\t\t<span itemprop='width'>130<\/span>\n\t\t\t\t<\/span>\n\t\t\t\t<span class='av-structured-data'  itemprop=\"publisher\" itemtype=\"https:\/\/schema.org\/Organization\" itemscope=\"itemscope\" >\n\t\t\t\t\t\t<span itemprop='name'>Fanny Demichelis<\/span>\n\t\t\t\t\t\t<span itemprop='logo' itemscope itemtype='https:\/\/schema.org\/ImageObject'>\n\t\t\t\t\t\t\t<span itemprop='url'>\/wp-content\/uploads\/2021\/05\/logo-vert-2.svg<\/span>\n\t\t\t\t\t\t <\/span>\n\t\t\t\t<\/span><span class='av-structured-data'  itemprop=\"author\" itemscope=\"itemscope\" itemtype=\"https:\/\/schema.org\/Person\" ><span itemprop='name'>Fanny Demichelis<\/span><\/span><span class='av-structured-data'  itemprop=\"datePublished\" datetime=\"2000-02-24T10:26:02+01:00\" >2003-09-24 10:26:07<\/span><span class='av-structured-data'  itemprop=\"dateModified\" itemtype=\"https:\/\/schema.org\/dateModified\" >2021-04-26 10:58:47<\/span><span class='av-structured-data'  itemprop=\"mainEntityOfPage\" itemtype=\"https:\/\/schema.org\/mainEntityOfPage\" ><span itemprop='name'>Desde la catedral<\/span><\/span><\/span><\/article><article class='slide-entry flex_column  post-entry post-entry-55055 slide-entry-overview slide-loop-19 slide-parity-odd  av_one_fourth  real-thumbnail'  itemscope=\"itemscope\" itemtype=\"https:\/\/schema.org\/CreativeWork\" ><a href='https:\/\/agencevu.com\/en\/book\/marruecos\/' data-rel='slide-4' class='slide-image' title=''><img width=\"135\" height=\"185\" src=\"https:\/\/agencevu.com\/wp-content\/uploads\/2020\/01\/2003-Marruecos-NAVI-preview-135x185.jpg\" class=\"wp-image-55053 avia-img-lazy-loading-55053 attachment-portfolio_small size-portfolio_small wp-post-image\" alt=\"\" loading=\"lazy\" srcset=\"https:\/\/agencevu.com\/wp-content\/uploads\/2020\/01\/2003-Marruecos-NAVI-preview.jpg 135w, https:\/\/agencevu.com\/wp-content\/uploads\/2020\/01\/2003-Marruecos-NAVI-preview-58x80.jpg 58w\" sizes=\"(max-width: 135px) 100vw, 135px\" \/><\/a><div class='slide-content'><header class=\"entry-content-header\"><span class=\"blog-categories minor-meta\"> <a href=\"https:\/\/agencevu.com\/en\/annee\/2003-en\/\" rel=\"tag\">2003<\/a> <a href=\"https:\/\/agencevu.com\/en\/photographer\/jose-manuel-navia\/\" rel=\"tag\">Jos\u00e9 Manuel Navia<\/a> <a href=\"https:\/\/agencevu.com\/en\/section_taxonomy\/livres\/\" rel=\"tag\">livres<\/a> <\/span><h3 class='slide-entry-title entry-title'  itemprop=\"headline\" ><a href='https:\/\/agencevu.com\/en\/book\/marruecos\/' title='Marruecos'>Marruecos<\/a><\/h3><span class=\"av-vertical-delimiter\"><\/span><\/header><div class='slide-entry-excerpt entry-content'  itemprop=\"text\" >Edition Edicola62 SL - 2003<\/div><\/div><footer class=\"entry-footer\"><div class='slide-meta'><time class='slide-meta-time updated'  itemprop=\"datePublished\" datetime=\"2003-02-24T10:26:05+01:00\" >24 February 2003<\/time><\/div><\/footer><span class='hidden'>\n\t\t\t\t<span class='av-structured-data'  itemprop=\"image\" itemscope=\"itemscope\" itemtype=\"https:\/\/schema.org\/ImageObject\" >\n\t\t\t\t\t\t<span itemprop='url'>https:\/\/agencevu.com\/wp-content\/uploads\/2020\/01\/2003-Marruecos-NAVI-preview.jpg<\/span>\n\t\t\t\t\t\t<span itemprop='height'>185<\/span>\n\t\t\t\t\t\t<span itemprop='width'>135<\/span>\n\t\t\t\t<\/span>\n\t\t\t\t<span class='av-structured-data'  itemprop=\"publisher\" itemtype=\"https:\/\/schema.org\/Organization\" itemscope=\"itemscope\" >\n\t\t\t\t\t\t<span itemprop='name'>Fanny Demichelis<\/span>\n\t\t\t\t\t\t<span itemprop='logo' itemscope itemtype='https:\/\/schema.org\/ImageObject'>\n\t\t\t\t\t\t\t<span itemprop='url'>\/wp-content\/uploads\/2021\/05\/logo-vert-2.svg<\/span>\n\t\t\t\t\t\t <\/span>\n\t\t\t\t<\/span><span class='av-structured-data'  itemprop=\"author\" itemscope=\"itemscope\" itemtype=\"https:\/\/schema.org\/Person\" ><span itemprop='name'>Fanny Demichelis<\/span><\/span><span class='av-structured-data'  itemprop=\"datePublished\" datetime=\"2000-02-24T10:26:02+01:00\" >2003-02-24 10:26:05<\/span><span class='av-structured-data'  itemprop=\"dateModified\" itemtype=\"https:\/\/schema.org\/dateModified\" >2021-04-26 10:56:59<\/span><span class='av-structured-data'  itemprop=\"mainEntityOfPage\" itemtype=\"https:\/\/schema.org\/mainEntityOfPage\" ><span itemprop='name'>Marruecos<\/span><\/span><\/span><\/article><article class='slide-entry flex_column  post-entry post-entry-55087 slide-entry-overview slide-loop-20 slide-parity-even  av_one_fourth  real-thumbnail'  itemscope=\"itemscope\" itemtype=\"https:\/\/schema.org\/CreativeWork\" ><a href='https:\/\/agencevu.com\/en\/book\/pisadas-sonambulas-lusofonias\/' data-rel='slide-4' class='slide-image' title=''><img width=\"260\" height=\"185\" src=\"https:\/\/agencevu.com\/wp-content\/uploads\/2020\/01\/2001-Pisadas-sonambulas-Lusofonias-NAVI-preview-260x185.jpg\" class=\"wp-image-55085 avia-img-lazy-loading-55085 attachment-portfolio_small size-portfolio_small wp-post-image\" alt=\"\" loading=\"lazy\" srcset=\"https:\/\/agencevu.com\/wp-content\/uploads\/2020\/01\/2001-Pisadas-sonambulas-Lusofonias-NAVI-preview-260x185.jpg 260w, https:\/\/agencevu.com\/wp-content\/uploads\/2020\/01\/2001-Pisadas-sonambulas-Lusofonias-NAVI-preview-80x56.jpg 80w\" sizes=\"(max-width: 260px) 100vw, 260px\" \/><\/a><div class='slide-content'><header class=\"entry-content-header\"><span class=\"blog-categories minor-meta\"> <a href=\"https:\/\/agencevu.com\/en\/annee\/2001-en\/\" rel=\"tag\">2001<\/a> <a href=\"https:\/\/agencevu.com\/en\/photographer\/jose-manuel-navia\/\" rel=\"tag\">Jos\u00e9 Manuel Navia<\/a> <a href=\"https:\/\/agencevu.com\/en\/section_taxonomy\/livres\/\" rel=\"tag\">livres<\/a> <\/span><h3 class='slide-entry-title entry-title'  itemprop=\"headline\" ><a href='https:\/\/agencevu.com\/en\/book\/pisadas-sonambulas-lusofonias\/' title='Pisadas sonambulas\u00a0: Lusofonias'>Pisadas sonambulas\u00a0: Lusofonias<\/a><\/h3><span class=\"av-vertical-delimiter\"><\/span><\/header><div class='slide-entry-excerpt entry-content'  itemprop=\"text\" >La F\u00e1brica - 2001<\/div><\/div><footer class=\"entry-footer\"><div class='slide-meta'><time class='slide-meta-time updated'  itemprop=\"datePublished\" datetime=\"2001-12-24T10:26:03+01:00\" >24 December 2001<\/time><\/div><\/footer><span class='hidden'>\n\t\t\t\t<span class='av-structured-data'  itemprop=\"image\" itemscope=\"itemscope\" itemtype=\"https:\/\/schema.org\/ImageObject\" >\n\t\t\t\t\t\t<span itemprop='url'>https:\/\/agencevu.com\/wp-content\/uploads\/2020\/01\/2001-Pisadas-sonambulas-Lusofonias-NAVI-preview.jpg<\/span>\n\t\t\t\t\t\t<span itemprop='height'>185<\/span>\n\t\t\t\t\t\t<span itemprop='width'>265<\/span>\n\t\t\t\t<\/span>\n\t\t\t\t<span class='av-structured-data'  itemprop=\"publisher\" itemtype=\"https:\/\/schema.org\/Organization\" itemscope=\"itemscope\" >\n\t\t\t\t\t\t<span itemprop='name'>Fanny Demichelis<\/span>\n\t\t\t\t\t\t<span itemprop='logo' itemscope itemtype='https:\/\/schema.org\/ImageObject'>\n\t\t\t\t\t\t\t<span itemprop='url'>\/wp-content\/uploads\/2021\/05\/logo-vert-2.svg<\/span>\n\t\t\t\t\t\t <\/span>\n\t\t\t\t<\/span><span class='av-structured-data'  itemprop=\"author\" itemscope=\"itemscope\" itemtype=\"https:\/\/schema.org\/Person\" ><span itemprop='name'>Fanny Demichelis<\/span><\/span><span class='av-structured-data'  itemprop=\"datePublished\" datetime=\"2000-02-24T10:26:02+01:00\" >2001-12-24 10:26:03<\/span><span class='av-structured-data'  itemprop=\"dateModified\" itemtype=\"https:\/\/schema.org\/dateModified\" >2021-04-26 10:57:22<\/span><span class='av-structured-data'  itemprop=\"mainEntityOfPage\" itemtype=\"https:\/\/schema.org\/mainEntityOfPage\" ><span itemprop='name'>Pisadas sonambulas\u00a0: Lusofonias<\/span><\/span><\/span><\/article><\/div><div class='slide-entry-wrap'><article class='slide-entry flex_column  post-entry post-entry-55103 slide-entry-overview slide-loop-21 slide-parity-odd  post-entry-last  av_one_fourth first real-thumbnail'  itemscope=\"itemscope\" itemtype=\"https:\/\/schema.org\/CreativeWork\" ><a href='https:\/\/agencevu.com\/en\/book\/navia-2000\/' data-rel='slide-4' class='slide-image' title=''><img width=\"127\" height=\"185\" src=\"https:\/\/agencevu.com\/wp-content\/uploads\/2020\/01\/2000-Photobolsillo-NAVI-preview-127x185.jpg\" class=\"wp-image-55101 avia-img-lazy-loading-55101 attachment-portfolio_small size-portfolio_small wp-post-image\" alt=\"\" loading=\"lazy\" srcset=\"https:\/\/agencevu.com\/wp-content\/uploads\/2020\/01\/2000-Photobolsillo-NAVI-preview.jpg 127w, https:\/\/agencevu.com\/wp-content\/uploads\/2020\/01\/2000-Photobolsillo-NAVI-preview-55x80.jpg 55w\" sizes=\"(max-width: 127px) 100vw, 127px\" \/><\/a><div class='slide-content'><header class=\"entry-content-header\"><span class=\"blog-categories minor-meta\"> <a href=\"https:\/\/agencevu.com\/en\/annee\/2000-en\/\" rel=\"tag\">2000<\/a> <a href=\"https:\/\/agencevu.com\/en\/photographer\/jose-manuel-navia\/\" rel=\"tag\">Jos\u00e9 Manuel Navia<\/a> <a href=\"https:\/\/agencevu.com\/en\/section_taxonomy\/livres\/\" rel=\"tag\">livres<\/a> <\/span><h3 class='slide-entry-title entry-title'  itemprop=\"headline\" ><a href='https:\/\/agencevu.com\/en\/book\/navia-2000\/' title='Navia'>Navia<\/a><\/h3><span class=\"av-vertical-delimiter\"><\/span><\/header><div class='slide-entry-excerpt entry-content'  itemprop=\"text\" >La Fabrica - 2000<\/div><\/div><footer class=\"entry-footer\"><div class='slide-meta'><time class='slide-meta-time updated'  itemprop=\"datePublished\" datetime=\"2000-02-24T10:26:02+01:00\" >24 February 2000<\/time><\/div><\/footer><span class='hidden'>\n\t\t\t\t<span class='av-structured-data'  itemprop=\"image\" itemscope=\"itemscope\" itemtype=\"https:\/\/schema.org\/ImageObject\" >\n\t\t\t\t\t\t<span itemprop='url'>https:\/\/agencevu.com\/wp-content\/uploads\/2020\/01\/2000-Photobolsillo-NAVI-preview.jpg<\/span>\n\t\t\t\t\t\t<span itemprop='height'>185<\/span>\n\t\t\t\t\t\t<span itemprop='width'>127<\/span>\n\t\t\t\t<\/span>\n\t\t\t\t<span class='av-structured-data'  itemprop=\"publisher\" itemtype=\"https:\/\/schema.org\/Organization\" itemscope=\"itemscope\" >\n\t\t\t\t\t\t<span itemprop='name'>Fanny Demichelis<\/span>\n\t\t\t\t\t\t<span itemprop='logo' itemscope itemtype='https:\/\/schema.org\/ImageObject'>\n\t\t\t\t\t\t\t<span itemprop='url'>\/wp-content\/uploads\/2021\/05\/logo-vert-2.svg<\/span>\n\t\t\t\t\t\t <\/span>\n\t\t\t\t<\/span><span class='av-structured-data'  itemprop=\"author\" itemscope=\"itemscope\" itemtype=\"https:\/\/schema.org\/Person\" ><span itemprop='name'>Fanny Demichelis<\/span><\/span><span class='av-structured-data'  itemprop=\"datePublished\" datetime=\"2000-02-24T10:26:02+01:00\" >2000-02-24 10:26:02<\/span><span class='av-structured-data'  itemprop=\"dateModified\" itemtype=\"https:\/\/schema.org\/dateModified\" >2021-05-17 18:58:29<\/span><span class='av-structured-data'  itemprop=\"mainEntityOfPage\" itemtype=\"https:\/\/schema.org\/mainEntityOfPage\" ><span itemprop='name'>Navia<\/span><\/span><\/span><\/article><\/div><\/div><\/div>\n<div  data-autoplay=''  data-interval='5'  data-animation='fade'  data-show_slide_delay='90'  class='avia-content-slider avia-content-grid-active avia-content-slider5 avia-content-slider-odd   av-desktop-hide av-mini-hide'  itemscope=\"itemscope\" itemtype=\"https:\/\/schema.org\/Blog\" ><div class='avia-content-slider-inner'><div class='slide-entry-wrap'><article class='slide-entry flex_column  post-entry post-entry-220812 slide-entry-overview slide-loop-1 slide-parity-odd  av_one_third first real-thumbnail'  itemscope=\"itemscope\" itemtype=\"https:\/\/schema.org\/CreativeWork\" ><a href='https:\/\/agencevu.com\/en\/book\/un-reino-maravilloso\/' data-rel='slide-5' class='slide-image' title=''><img width=\"199\" height=\"182\" src=\"https:\/\/agencevu.com\/wp-content\/uploads\/2025\/03\/Couv.jpg\" class=\"wp-image-220810 avia-img-lazy-loading-220810 attachment-portfolio size-portfolio wp-post-image\" alt=\"\" loading=\"lazy\" srcset=\"https:\/\/agencevu.com\/wp-content\/uploads\/2025\/03\/Couv.jpg 199w, https:\/\/agencevu.com\/wp-content\/uploads\/2025\/03\/Couv-80x73.jpg 80w\" sizes=\"(max-width: 199px) 100vw, 199px\" \/><\/a><div class='slide-content'><header class=\"entry-content-header\"><span class=\"blog-categories minor-meta\"> <a href=\"https:\/\/agencevu.com\/en\/annee\/2025-en\/\" rel=\"tag\">2025<\/a> <a href=\"https:\/\/agencevu.com\/en\/photographer\/jose-manuel-navia\/\" rel=\"tag\">Jos\u00e9 Manuel Navia<\/a> <a href=\"https:\/\/agencevu.com\/en\/section_taxonomy\/livres\/\" rel=\"tag\">livres<\/a> <\/span><h3 class='slide-entry-title entry-title'  itemprop=\"headline\" ><a href='https:\/\/agencevu.com\/en\/book\/un-reino-maravilloso\/' title='Un reino maravilloso'>Un reino maravilloso<\/a><\/h3><span class=\"av-vertical-delimiter\"><\/span><\/header><div class='slide-entry-excerpt entry-content'  itemprop=\"text\" >Ediciones An\u00f3malas, en co\u00e9dition avec la Fondation Antonio P\u00e9rez - 2025<\/div><\/div><footer class=\"entry-footer\"><div class='slide-meta'><time class='slide-meta-time updated'  itemprop=\"datePublished\" datetime=\"2025-03-18T14:00:14+01:00\" >18 March 2025<\/time><\/div><\/footer><span class='hidden'>\n\t\t\t\t<span class='av-structured-data'  itemprop=\"image\" itemscope=\"itemscope\" itemtype=\"https:\/\/schema.org\/ImageObject\" >\n\t\t\t\t\t\t<span itemprop='url'>https:\/\/agencevu.com\/wp-content\/uploads\/2025\/03\/Couv.jpg<\/span>\n\t\t\t\t\t\t<span itemprop='height'>182<\/span>\n\t\t\t\t\t\t<span itemprop='width'>199<\/span>\n\t\t\t\t<\/span>\n\t\t\t\t<span class='av-structured-data'  itemprop=\"publisher\" itemtype=\"https:\/\/schema.org\/Organization\" itemscope=\"itemscope\" >\n\t\t\t\t\t\t<span itemprop='name'>Fanny Demichelis<\/span>\n\t\t\t\t\t\t<span itemprop='logo' itemscope itemtype='https:\/\/schema.org\/ImageObject'>\n\t\t\t\t\t\t\t<span itemprop='url'>\/wp-content\/uploads\/2021\/05\/logo-vert-2.svg<\/span>\n\t\t\t\t\t\t <\/span>\n\t\t\t\t<\/span><span class='av-structured-data'  itemprop=\"author\" itemscope=\"itemscope\" itemtype=\"https:\/\/schema.org\/Person\" ><span itemprop='name'>Fanny Demichelis<\/span><\/span><span class='av-structured-data'  itemprop=\"datePublished\" datetime=\"2000-02-24T10:26:02+01:00\" >2025-03-18 14:00:14<\/span><span class='av-structured-data'  itemprop=\"dateModified\" itemtype=\"https:\/\/schema.org\/dateModified\" >2025-03-18 14:26:46<\/span><span class='av-structured-data'  itemprop=\"mainEntityOfPage\" itemtype=\"https:\/\/schema.org\/mainEntityOfPage\" ><span itemprop='name'>Un reino maravilloso<\/span><\/span><\/span><\/article><article class='slide-entry flex_column  post-entry post-entry-151944 slide-entry-overview slide-loop-2 slide-parity-even  av_one_third  real-thumbnail'  itemscope=\"itemscope\" itemtype=\"https:\/\/schema.org\/CreativeWork\" ><a href='https:\/\/agencevu.com\/en\/book\/alma-tierra\/' data-rel='slide-5' class='slide-image' title=''><img width=\"139\" height=\"185\" src=\"https:\/\/agencevu.com\/wp-content\/uploads\/2021\/05\/unnamed.jpg\" class=\"wp-image-151903 avia-img-lazy-loading-151903 attachment-portfolio size-portfolio wp-post-image\" alt=\"\" loading=\"lazy\" srcset=\"https:\/\/agencevu.com\/wp-content\/uploads\/2021\/05\/unnamed.jpg 139w, https:\/\/agencevu.com\/wp-content\/uploads\/2021\/05\/unnamed-60x80.jpg 60w\" sizes=\"(max-width: 139px) 100vw, 139px\" \/><\/a><div class='slide-content'><header class=\"entry-content-header\"><span class=\"blog-categories minor-meta\"> <a href=\"https:\/\/agencevu.com\/en\/annee\/2019-en\/\" rel=\"tag\">2019<\/a> <a href=\"https:\/\/agencevu.com\/en\/photographer\/jose-manuel-navia\/\" rel=\"tag\">Jos\u00e9 Manuel Navia<\/a> <a href=\"https:\/\/agencevu.com\/en\/section_taxonomy\/livres\/\" rel=\"tag\">livres<\/a> <\/span><h3 class='slide-entry-title entry-title'  itemprop=\"headline\" ><a href='https:\/\/agencevu.com\/en\/book\/alma-tierra\/' title='Alma Tierra'>Alma Tierra<\/a><\/h3><span class=\"av-vertical-delimiter\"><\/span><\/header><div class='slide-entry-excerpt entry-content'  itemprop=\"text\" >Ediciones Anomalas & Acci\u00f3n Cultural Espa\u00f1ola  - 2019<\/div><\/div><footer class=\"entry-footer\"><div class='slide-meta'><time class='slide-meta-time updated'  itemprop=\"datePublished\" datetime=\"2019-05-05T16:42:51+02:00\" >5 May 2019<\/time><\/div><\/footer><span class='hidden'>\n\t\t\t\t<span class='av-structured-data'  itemprop=\"image\" itemscope=\"itemscope\" itemtype=\"https:\/\/schema.org\/ImageObject\" >\n\t\t\t\t\t\t<span itemprop='url'>https:\/\/agencevu.com\/wp-content\/uploads\/2021\/05\/unnamed.jpg<\/span>\n\t\t\t\t\t\t<span itemprop='height'>185<\/span>\n\t\t\t\t\t\t<span itemprop='width'>139<\/span>\n\t\t\t\t<\/span>\n\t\t\t\t<span class='av-structured-data'  itemprop=\"publisher\" itemtype=\"https:\/\/schema.org\/Organization\" itemscope=\"itemscope\" >\n\t\t\t\t\t\t<span itemprop='name'>Editorial<\/span>\n\t\t\t\t\t\t<span itemprop='logo' itemscope itemtype='https:\/\/schema.org\/ImageObject'>\n\t\t\t\t\t\t\t<span itemprop='url'>\/wp-content\/uploads\/2021\/05\/logo-vert-2.svg<\/span>\n\t\t\t\t\t\t <\/span>\n\t\t\t\t<\/span><span class='av-structured-data'  itemprop=\"author\" itemscope=\"itemscope\" itemtype=\"https:\/\/schema.org\/Person\" ><span itemprop='name'>Editorial<\/span><\/span><span class='av-structured-data'  itemprop=\"datePublished\" datetime=\"2000-02-24T10:26:02+01:00\" >2019-05-05 16:42:51<\/span><span class='av-structured-data'  itemprop=\"dateModified\" itemtype=\"https:\/\/schema.org\/dateModified\" >2021-05-05 16:50:04<\/span><span class='av-structured-data'  itemprop=\"mainEntityOfPage\" itemtype=\"https:\/\/schema.org\/mainEntityOfPage\" ><span itemprop='name'>Alma Tierra<\/span><\/span><\/span><\/article><article class='slide-entry flex_column  post-entry post-entry-54893 slide-entry-overview slide-loop-3 slide-parity-odd  av_one_third  real-thumbnail'  itemscope=\"itemscope\" itemtype=\"https:\/\/schema.org\/CreativeWork\" ><a href='https:\/\/agencevu.com\/en\/book\/navia-2018\/' data-rel='slide-5' class='slide-image' title=''><img width=\"133\" height=\"185\" src=\"https:\/\/agencevu.com\/wp-content\/uploads\/2020\/01\/2018-Photobolsillo-NAVI-preview.jpg\" class=\"wp-image-54881 avia-img-lazy-loading-54881 attachment-portfolio size-portfolio wp-post-image\" alt=\"\" loading=\"lazy\" srcset=\"https:\/\/agencevu.com\/wp-content\/uploads\/2020\/01\/2018-Photobolsillo-NAVI-preview.jpg 133w, https:\/\/agencevu.com\/wp-content\/uploads\/2020\/01\/2018-Photobolsillo-NAVI-preview-58x80.jpg 58w\" sizes=\"(max-width: 133px) 100vw, 133px\" \/><\/a><div class='slide-content'><header class=\"entry-content-header\"><span class=\"blog-categories minor-meta\"> <a href=\"https:\/\/agencevu.com\/en\/annee\/2018\/\" rel=\"tag\">2018<\/a> <a href=\"https:\/\/agencevu.com\/en\/photographer\/jose-manuel-navia\/\" rel=\"tag\">Jos\u00e9 Manuel Navia<\/a> <a href=\"https:\/\/agencevu.com\/en\/section_taxonomy\/livres\/\" rel=\"tag\">livres<\/a> <\/span><h3 class='slide-entry-title entry-title'  itemprop=\"headline\" ><a href='https:\/\/agencevu.com\/en\/book\/navia-2018\/' title='Navia'>Navia<\/a><\/h3><span class=\"av-vertical-delimiter\"><\/span><\/header><div class='slide-entry-excerpt entry-content'  itemprop=\"text\" >La Fabrica - 2018<\/div><\/div><footer class=\"entry-footer\"><div class='slide-meta'><time class='slide-meta-time updated'  itemprop=\"datePublished\" datetime=\"2018-03-24T10:26:32+01:00\" >24 March 2018<\/time><\/div><\/footer><span class='hidden'>\n\t\t\t\t<span class='av-structured-data'  itemprop=\"image\" itemscope=\"itemscope\" itemtype=\"https:\/\/schema.org\/ImageObject\" >\n\t\t\t\t\t\t<span itemprop='url'>https:\/\/agencevu.com\/wp-content\/uploads\/2020\/01\/2018-Photobolsillo-NAVI-preview.jpg<\/span>\n\t\t\t\t\t\t<span itemprop='height'>185<\/span>\n\t\t\t\t\t\t<span itemprop='width'>133<\/span>\n\t\t\t\t<\/span>\n\t\t\t\t<span class='av-structured-data'  itemprop=\"publisher\" itemtype=\"https:\/\/schema.org\/Organization\" itemscope=\"itemscope\" >\n\t\t\t\t\t\t<span itemprop='name'>Fanny Demichelis<\/span>\n\t\t\t\t\t\t<span itemprop='logo' itemscope itemtype='https:\/\/schema.org\/ImageObject'>\n\t\t\t\t\t\t\t<span itemprop='url'>\/wp-content\/uploads\/2021\/05\/logo-vert-2.svg<\/span>\n\t\t\t\t\t\t <\/span>\n\t\t\t\t<\/span><span class='av-structured-data'  itemprop=\"author\" itemscope=\"itemscope\" itemtype=\"https:\/\/schema.org\/Person\" ><span itemprop='name'>Fanny Demichelis<\/span><\/span><span class='av-structured-data'  itemprop=\"datePublished\" datetime=\"2000-02-24T10:26:02+01:00\" >2018-03-24 10:26:32<\/span><span class='av-structured-data'  itemprop=\"dateModified\" itemtype=\"https:\/\/schema.org\/dateModified\" >2021-05-17 19:00:51<\/span><span class='av-structured-data'  itemprop=\"mainEntityOfPage\" itemtype=\"https:\/\/schema.org\/mainEntityOfPage\" ><span itemprop='name'>Navia<\/span><\/span><\/span><\/article><\/div><div class='slide-entry-wrap'><article class='slide-entry flex_column  post-entry post-entry-151935 slide-entry-overview slide-loop-4 slide-parity-odd  av_one_third first real-thumbnail'  itemscope=\"itemscope\" itemtype=\"https:\/\/schema.org\/CreativeWork\" ><a href='https:\/\/agencevu.com\/en\/book\/castilla\/' data-rel='slide-5' class='slide-image' title=''><img width=\"139\" height=\"215\" src=\"https:\/\/agencevu.com\/wp-content\/uploads\/2021\/05\/Cubierta_Delibes-Navia-3.jpg\" class=\"wp-image-151953 avia-img-lazy-loading-151953 attachment-portfolio size-portfolio wp-post-image\" alt=\"\" loading=\"lazy\" srcset=\"https:\/\/agencevu.com\/wp-content\/uploads\/2021\/05\/Cubierta_Delibes-Navia-3.jpg 139w, https:\/\/agencevu.com\/wp-content\/uploads\/2021\/05\/Cubierta_Delibes-Navia-3-52x80.jpg 52w\" sizes=\"(max-width: 139px) 100vw, 139px\" \/><\/a><div class='slide-content'><header class=\"entry-content-header\"><span class=\"blog-categories minor-meta\"> <a href=\"https:\/\/agencevu.com\/en\/annee\/2017-en\/\" rel=\"tag\">2017<\/a> <a href=\"https:\/\/agencevu.com\/en\/photographer\/jose-manuel-navia\/\" rel=\"tag\">Jos\u00e9 Manuel Navia<\/a> <a href=\"https:\/\/agencevu.com\/en\/section_taxonomy\/livres\/\" rel=\"tag\">livres<\/a> <\/span><h3 class='slide-entry-title entry-title'  itemprop=\"headline\" ><a href='https:\/\/agencevu.com\/en\/book\/castilla\/' title='Castilla'>Castilla<\/a><\/h3><span class=\"av-vertical-delimiter\"><\/span><\/header><div class='slide-entry-excerpt entry-content'  itemprop=\"text\" >Ken - 2017<\/div><\/div><footer class=\"entry-footer\"><div class='slide-meta'><time class='slide-meta-time updated'  itemprop=\"datePublished\" datetime=\"2017-11-05T16:50:32+01:00\" >5 November 2017<\/time><\/div><\/footer><span class='hidden'>\n\t\t\t\t<span class='av-structured-data'  itemprop=\"image\" itemscope=\"itemscope\" itemtype=\"https:\/\/schema.org\/ImageObject\" >\n\t\t\t\t\t\t<span itemprop='url'>https:\/\/agencevu.com\/wp-content\/uploads\/2021\/05\/Cubierta_Delibes-Navia-3.jpg<\/span>\n\t\t\t\t\t\t<span itemprop='height'>215<\/span>\n\t\t\t\t\t\t<span itemprop='width'>139<\/span>\n\t\t\t\t<\/span>\n\t\t\t\t<span class='av-structured-data'  itemprop=\"publisher\" itemtype=\"https:\/\/schema.org\/Organization\" itemscope=\"itemscope\" >\n\t\t\t\t\t\t<span itemprop='name'>Editorial<\/span>\n\t\t\t\t\t\t<span itemprop='logo' itemscope itemtype='https:\/\/schema.org\/ImageObject'>\n\t\t\t\t\t\t\t<span itemprop='url'>\/wp-content\/uploads\/2021\/05\/logo-vert-2.svg<\/span>\n\t\t\t\t\t\t <\/span>\n\t\t\t\t<\/span><span class='av-structured-data'  itemprop=\"author\" itemscope=\"itemscope\" itemtype=\"https:\/\/schema.org\/Person\" ><span itemprop='name'>Editorial<\/span><\/span><span class='av-structured-data'  itemprop=\"datePublished\" datetime=\"2000-02-24T10:26:02+01:00\" >2017-11-05 16:50:32<\/span><span class='av-structured-data'  itemprop=\"dateModified\" itemtype=\"https:\/\/schema.org\/dateModified\" >2021-05-05 16:52:32<\/span><span class='av-structured-data'  itemprop=\"mainEntityOfPage\" itemtype=\"https:\/\/schema.org\/mainEntityOfPage\" ><span itemprop='name'>Castilla<\/span><\/span><\/span><\/article><article class='slide-entry flex_column  post-entry post-entry-151926 slide-entry-overview slide-loop-5 slide-parity-even  av_one_third  real-thumbnail'  itemscope=\"itemscope\" itemtype=\"https:\/\/schema.org\/CreativeWork\" ><a href='https:\/\/agencevu.com\/en\/book\/salzillo-la-vida-en-torno\/' data-rel='slide-5' class='slide-image' title=''><img width=\"133\" height=\"185\" src=\"https:\/\/agencevu.com\/wp-content\/uploads\/2021\/05\/00_portada-Navia-definitiva-736x1024-1.jpg\" class=\"wp-image-151883 avia-img-lazy-loading-151883 attachment-portfolio size-portfolio wp-post-image\" alt=\"\" loading=\"lazy\" srcset=\"https:\/\/agencevu.com\/wp-content\/uploads\/2021\/05\/00_portada-Navia-definitiva-736x1024-1.jpg 133w, https:\/\/agencevu.com\/wp-content\/uploads\/2021\/05\/00_portada-Navia-definitiva-736x1024-1-58x80.jpg 58w\" sizes=\"(max-width: 133px) 100vw, 133px\" \/><\/a><div class='slide-content'><header class=\"entry-content-header\"><span class=\"blog-categories minor-meta\"> <a href=\"https:\/\/agencevu.com\/en\/annee\/2017-en\/\" rel=\"tag\">2017<\/a> <a href=\"https:\/\/agencevu.com\/en\/photographer\/jose-manuel-navia\/\" rel=\"tag\">Jos\u00e9 Manuel Navia<\/a> <a href=\"https:\/\/agencevu.com\/en\/section_taxonomy\/livres\/\" rel=\"tag\">livres<\/a> <\/span><h3 class='slide-entry-title entry-title'  itemprop=\"headline\" ><a href='https:\/\/agencevu.com\/en\/book\/salzillo-la-vida-en-torno\/' title='Salzillo. La vida en torno'>Salzillo. La vida en torno<\/a><\/h3><span class=\"av-vertical-delimiter\"><\/span><\/header><div class='slide-entry-excerpt entry-content'  itemprop=\"text\" >Ayuntamiento de Murcia. Concejal\u00eda de Cultura - 2017<\/div><\/div><footer class=\"entry-footer\"><div class='slide-meta'><time class='slide-meta-time updated'  itemprop=\"datePublished\" datetime=\"2017-04-05T16:50:33+02:00\" >5 April 2017<\/time><\/div><\/footer><span class='hidden'>\n\t\t\t\t<span class='av-structured-data'  itemprop=\"image\" itemscope=\"itemscope\" itemtype=\"https:\/\/schema.org\/ImageObject\" >\n\t\t\t\t\t\t<span itemprop='url'>https:\/\/agencevu.com\/wp-content\/uploads\/2021\/05\/00_portada-Navia-definitiva-736x1024-1.jpg<\/span>\n\t\t\t\t\t\t<span itemprop='height'>185<\/span>\n\t\t\t\t\t\t<span itemprop='width'>133<\/span>\n\t\t\t\t<\/span>\n\t\t\t\t<span class='av-structured-data'  itemprop=\"publisher\" itemtype=\"https:\/\/schema.org\/Organization\" itemscope=\"itemscope\" >\n\t\t\t\t\t\t<span itemprop='name'>Editorial<\/span>\n\t\t\t\t\t\t<span itemprop='logo' itemscope itemtype='https:\/\/schema.org\/ImageObject'>\n\t\t\t\t\t\t\t<span itemprop='url'>\/wp-content\/uploads\/2021\/05\/logo-vert-2.svg<\/span>\n\t\t\t\t\t\t <\/span>\n\t\t\t\t<\/span><span class='av-structured-data'  itemprop=\"author\" itemscope=\"itemscope\" itemtype=\"https:\/\/schema.org\/Person\" ><span itemprop='name'>Editorial<\/span><\/span><span class='av-structured-data'  itemprop=\"datePublished\" datetime=\"2000-02-24T10:26:02+01:00\" >2017-04-05 16:50:33<\/span><span class='av-structured-data'  itemprop=\"dateModified\" itemtype=\"https:\/\/schema.org\/dateModified\" >2021-05-05 16:59:24<\/span><span class='av-structured-data'  itemprop=\"mainEntityOfPage\" itemtype=\"https:\/\/schema.org\/mainEntityOfPage\" ><span itemprop='name'>Salzillo. La vida en torno<\/span><\/span><\/span><\/article><article class='slide-entry flex_column  post-entry post-entry-54898 slide-entry-overview slide-loop-6 slide-parity-odd  av_one_third  real-thumbnail'  itemscope=\"itemscope\" itemtype=\"https:\/\/schema.org\/CreativeWork\" ><a href='https:\/\/agencevu.com\/en\/book\/miguel-de-cervantes-or-the-wish-to-live\/' data-rel='slide-5' class='slide-image' title=''><img width=\"209\" height=\"185\" src=\"https:\/\/agencevu.com\/wp-content\/uploads\/2020\/01\/2015-Miguel-de-Cervantes-or-the-Wish-to-Live-NAVI-preview.jpg\" class=\"wp-image-54900 avia-img-lazy-loading-54900 attachment-portfolio size-portfolio wp-post-image\" alt=\"\" loading=\"lazy\" srcset=\"https:\/\/agencevu.com\/wp-content\/uploads\/2020\/01\/2015-Miguel-de-Cervantes-or-the-Wish-to-Live-NAVI-preview.jpg 209w, https:\/\/agencevu.com\/wp-content\/uploads\/2020\/01\/2015-Miguel-de-Cervantes-or-the-Wish-to-Live-NAVI-preview-80x71.jpg 80w\" sizes=\"(max-width: 209px) 100vw, 209px\" \/><\/a><div class='slide-content'><header class=\"entry-content-header\"><span class=\"blog-categories minor-meta\"> <a href=\"https:\/\/agencevu.com\/en\/annee\/2015-en\/\" rel=\"tag\">2015<\/a> <a href=\"https:\/\/agencevu.com\/en\/photographer\/jose-manuel-navia\/\" rel=\"tag\">Jos\u00e9 Manuel Navia<\/a> <a href=\"https:\/\/agencevu.com\/en\/section_taxonomy\/livres\/\" rel=\"tag\">livres<\/a> <\/span><h3 class='slide-entry-title entry-title'  itemprop=\"headline\" ><a href='https:\/\/agencevu.com\/en\/book\/miguel-de-cervantes-or-the-wish-to-live\/' title='Miguel de Cervantes or the Wish to Live'>Miguel de Cervantes or the Wish to Live<\/a><\/h3><span class=\"av-vertical-delimiter\"><\/span><\/header><div class='slide-entry-excerpt entry-content'  itemprop=\"text\" >Ediciones Anomalas - 2015<\/div><\/div><footer class=\"entry-footer\"><div class='slide-meta'><time class='slide-meta-time updated'  itemprop=\"datePublished\" datetime=\"2015-12-24T10:26:16+01:00\" >24 December 2015<\/time><\/div><\/footer><span class='hidden'>\n\t\t\t\t<span class='av-structured-data'  itemprop=\"image\" itemscope=\"itemscope\" itemtype=\"https:\/\/schema.org\/ImageObject\" >\n\t\t\t\t\t\t<span itemprop='url'>https:\/\/agencevu.com\/wp-content\/uploads\/2020\/01\/2015-Miguel-de-Cervantes-or-the-Wish-to-Live-NAVI-preview.jpg<\/span>\n\t\t\t\t\t\t<span itemprop='height'>185<\/span>\n\t\t\t\t\t\t<span itemprop='width'>209<\/span>\n\t\t\t\t<\/span>\n\t\t\t\t<span class='av-structured-data'  itemprop=\"publisher\" itemtype=\"https:\/\/schema.org\/Organization\" itemscope=\"itemscope\" >\n\t\t\t\t\t\t<span itemprop='name'>Fanny Demichelis<\/span>\n\t\t\t\t\t\t<span itemprop='logo' itemscope itemtype='https:\/\/schema.org\/ImageObject'>\n\t\t\t\t\t\t\t<span itemprop='url'>\/wp-content\/uploads\/2021\/05\/logo-vert-2.svg<\/span>\n\t\t\t\t\t\t <\/span>\n\t\t\t\t<\/span><span class='av-structured-data'  itemprop=\"author\" itemscope=\"itemscope\" itemtype=\"https:\/\/schema.org\/Person\" ><span itemprop='name'>Fanny Demichelis<\/span><\/span><span class='av-structured-data'  itemprop=\"datePublished\" datetime=\"2000-02-24T10:26:02+01:00\" >2015-12-24 10:26:16<\/span><span class='av-structured-data'  itemprop=\"dateModified\" itemtype=\"https:\/\/schema.org\/dateModified\" >2021-04-26 10:57:48<\/span><span class='av-structured-data'  itemprop=\"mainEntityOfPage\" itemtype=\"https:\/\/schema.org\/mainEntityOfPage\" ><span itemprop='name'>Miguel de Cervantes or the Wish to Live<\/span><\/span><\/span><\/article><\/div><div class='slide-entry-wrap'><article class='slide-entry flex_column  post-entry post-entry-151922 slide-entry-overview slide-loop-7 slide-parity-odd  av_one_third first real-thumbnail'  itemscope=\"itemscope\" itemtype=\"https:\/\/schema.org\/CreativeWork\" ><a href='https:\/\/agencevu.com\/en\/book\/cuenca-en-la-mirada-2\/' data-rel='slide-5' class='slide-image' title=''><img width=\"495\" height=\"400\" src=\"https:\/\/agencevu.com\/wp-content\/uploads\/2021\/05\/couv-3-495x400.jpg\" class=\"wp-image-151873 avia-img-lazy-loading-151873 attachment-portfolio size-portfolio wp-post-image\" alt=\"\" loading=\"lazy\" \/><\/a><div class='slide-content'><header class=\"entry-content-header\"><span class=\"blog-categories minor-meta\"> <a href=\"https:\/\/agencevu.com\/en\/annee\/2014\/\" rel=\"tag\">2014<\/a> <a href=\"https:\/\/agencevu.com\/en\/photographer\/jose-manuel-navia\/\" rel=\"tag\">Jos\u00e9 Manuel Navia<\/a> <a href=\"https:\/\/agencevu.com\/en\/section_taxonomy\/livres\/\" rel=\"tag\">livres<\/a> <\/span><h3 class='slide-entry-title entry-title'  itemprop=\"headline\" ><a href='https:\/\/agencevu.com\/en\/book\/cuenca-en-la-mirada-2\/' title='Cuenca en la mirada'>Cuenca en la mirada<\/a><\/h3><span class=\"av-vertical-delimiter\"><\/span><\/header><div class='slide-entry-excerpt entry-content'  itemprop=\"text\" >Ediciones An\u00f3malas - 2014<\/div><\/div><footer class=\"entry-footer\"><div class='slide-meta'><time class='slide-meta-time updated'  itemprop=\"datePublished\" datetime=\"2014-10-05T16:50:35+02:00\" >5 October 2014<\/time><\/div><\/footer><span class='hidden'>\n\t\t\t\t<span class='av-structured-data'  itemprop=\"image\" itemscope=\"itemscope\" itemtype=\"https:\/\/schema.org\/ImageObject\" >\n\t\t\t\t\t\t<span itemprop='url'>https:\/\/agencevu.com\/wp-content\/uploads\/2021\/05\/couv-3.jpg<\/span>\n\t\t\t\t\t\t<span itemprop='height'>678<\/span>\n\t\t\t\t\t\t<span itemprop='width'>570<\/span>\n\t\t\t\t<\/span>\n\t\t\t\t<span class='av-structured-data'  itemprop=\"publisher\" itemtype=\"https:\/\/schema.org\/Organization\" itemscope=\"itemscope\" >\n\t\t\t\t\t\t<span itemprop='name'>Editorial<\/span>\n\t\t\t\t\t\t<span itemprop='logo' itemscope itemtype='https:\/\/schema.org\/ImageObject'>\n\t\t\t\t\t\t\t<span itemprop='url'>\/wp-content\/uploads\/2021\/05\/logo-vert-2.svg<\/span>\n\t\t\t\t\t\t <\/span>\n\t\t\t\t<\/span><span class='av-structured-data'  itemprop=\"author\" itemscope=\"itemscope\" itemtype=\"https:\/\/schema.org\/Person\" ><span itemprop='name'>Editorial<\/span><\/span><span class='av-structured-data'  itemprop=\"datePublished\" datetime=\"2000-02-24T10:26:02+01:00\" >2014-10-05 16:50:35<\/span><span class='av-structured-data'  itemprop=\"dateModified\" itemtype=\"https:\/\/schema.org\/dateModified\" >2021-05-05 16:59:01<\/span><span class='av-structured-data'  itemprop=\"mainEntityOfPage\" itemtype=\"https:\/\/schema.org\/mainEntityOfPage\" ><span itemprop='name'>Cuenca en la mirada<\/span><\/span><\/span><\/article><article class='slide-entry flex_column  post-entry post-entry-151915 slide-entry-overview slide-loop-8 slide-parity-even  av_one_third  real-thumbnail'  itemscope=\"itemscope\" itemtype=\"https:\/\/schema.org\/CreativeWork\" ><a href='https:\/\/agencevu.com\/en\/book\/luz-y-sombra\/' data-rel='slide-5' class='slide-image' title=''><img width=\"189\" height=\"185\" src=\"https:\/\/agencevu.com\/wp-content\/uploads\/2021\/05\/00_Luz-y-Sombra-Navia.jpg\" class=\"wp-image-151863 avia-img-lazy-loading-151863 attachment-portfolio size-portfolio wp-post-image\" alt=\"\" loading=\"lazy\" srcset=\"https:\/\/agencevu.com\/wp-content\/uploads\/2021\/05\/00_Luz-y-Sombra-Navia.jpg 189w, https:\/\/agencevu.com\/wp-content\/uploads\/2021\/05\/00_Luz-y-Sombra-Navia-80x78.jpg 80w, https:\/\/agencevu.com\/wp-content\/uploads\/2021\/05\/00_Luz-y-Sombra-Navia-36x36.jpg 36w\" sizes=\"(max-width: 189px) 100vw, 189px\" \/><\/a><div class='slide-content'><header class=\"entry-content-header\"><span class=\"blog-categories minor-meta\"> <a href=\"https:\/\/agencevu.com\/en\/annee\/2014\/\" rel=\"tag\">2014<\/a> <a href=\"https:\/\/agencevu.com\/en\/photographer\/jose-manuel-navia\/\" rel=\"tag\">Jos\u00e9 Manuel Navia<\/a> <a href=\"https:\/\/agencevu.com\/en\/section_taxonomy\/livres\/\" rel=\"tag\">livres<\/a> <\/span><h3 class='slide-entry-title entry-title'  itemprop=\"headline\" ><a href='https:\/\/agencevu.com\/en\/book\/luz-y-sombra\/' title='Luz y sombra'>Luz y sombra<\/a><\/h3><span class=\"av-vertical-delimiter\"><\/span><\/header><div class='slide-entry-excerpt entry-content'  itemprop=\"text\" >Real Maestranza de Caballer\u00eda de Sevilla - 2014<\/div><\/div><footer class=\"entry-footer\"><div class='slide-meta'><time class='slide-meta-time updated'  itemprop=\"datePublished\" datetime=\"2014-04-05T16:50:36+02:00\" >5 April 2014<\/time><\/div><\/footer><span class='hidden'>\n\t\t\t\t<span class='av-structured-data'  itemprop=\"image\" itemscope=\"itemscope\" itemtype=\"https:\/\/schema.org\/ImageObject\" >\n\t\t\t\t\t\t<span itemprop='url'>https:\/\/agencevu.com\/wp-content\/uploads\/2021\/05\/00_Luz-y-Sombra-Navia.jpg<\/span>\n\t\t\t\t\t\t<span itemprop='height'>185<\/span>\n\t\t\t\t\t\t<span itemprop='width'>189<\/span>\n\t\t\t\t<\/span>\n\t\t\t\t<span class='av-structured-data'  itemprop=\"publisher\" itemtype=\"https:\/\/schema.org\/Organization\" itemscope=\"itemscope\" >\n\t\t\t\t\t\t<span itemprop='name'>Editorial<\/span>\n\t\t\t\t\t\t<span itemprop='logo' itemscope itemtype='https:\/\/schema.org\/ImageObject'>\n\t\t\t\t\t\t\t<span itemprop='url'>\/wp-content\/uploads\/2021\/05\/logo-vert-2.svg<\/span>\n\t\t\t\t\t\t <\/span>\n\t\t\t\t<\/span><span class='av-structured-data'  itemprop=\"author\" itemscope=\"itemscope\" itemtype=\"https:\/\/schema.org\/Person\" ><span itemprop='name'>Editorial<\/span><\/span><span class='av-structured-data'  itemprop=\"datePublished\" datetime=\"2000-02-24T10:26:02+01:00\" >2014-04-05 16:50:36<\/span><span class='av-structured-data'  itemprop=\"dateModified\" itemtype=\"https:\/\/schema.org\/dateModified\" >2021-05-05 16:58:52<\/span><span class='av-structured-data'  itemprop=\"mainEntityOfPage\" itemtype=\"https:\/\/schema.org\/mainEntityOfPage\" ><span itemprop='name'>Luz y sombra<\/span><\/span><\/span><\/article><article class='slide-entry flex_column  post-entry post-entry-54915 slide-entry-overview slide-loop-9 slide-parity-odd  av_one_third  real-thumbnail'  itemscope=\"itemscope\" itemtype=\"https:\/\/schema.org\/CreativeWork\" ><a href='https:\/\/agencevu.com\/en\/book\/nosto\/' data-rel='slide-5' class='slide-image' title=''><img width=\"132\" height=\"185\" src=\"https:\/\/agencevu.com\/wp-content\/uploads\/2020\/01\/41J-PSZomOL._SL500_.jpg\" class=\"wp-image-54917 avia-img-lazy-loading-54917 attachment-portfolio size-portfolio wp-post-image\" alt=\"\" loading=\"lazy\" srcset=\"https:\/\/agencevu.com\/wp-content\/uploads\/2020\/01\/41J-PSZomOL._SL500_.jpg 132w, https:\/\/agencevu.com\/wp-content\/uploads\/2020\/01\/41J-PSZomOL._SL500_-57x80.jpg 57w\" sizes=\"(max-width: 132px) 100vw, 132px\" \/><\/a><div class='slide-content'><header class=\"entry-content-header\"><span class=\"blog-categories minor-meta\"> <a href=\"https:\/\/agencevu.com\/en\/annee\/2013\/\" rel=\"tag\">2013<\/a> <a href=\"https:\/\/agencevu.com\/en\/photographer\/jose-manuel-navia\/\" rel=\"tag\">Jos\u00e9 Manuel Navia<\/a> <a href=\"https:\/\/agencevu.com\/en\/section_taxonomy\/livres\/\" rel=\"tag\">livres<\/a> <\/span><h3 class='slide-entry-title entry-title'  itemprop=\"headline\" ><a href='https:\/\/agencevu.com\/en\/book\/nosto\/' title='N\u00f3sto'>N\u00f3sto<\/a><\/h3><span class=\"av-vertical-delimiter\"><\/span><\/header><div class='slide-entry-excerpt entry-content'  itemprop=\"text\" >Ediciones Anomalas - 2013<\/div><\/div><footer class=\"entry-footer\"><div class='slide-meta'><time class='slide-meta-time updated'  itemprop=\"datePublished\" datetime=\"2013-08-24T10:26:30+02:00\" >24 August 2013<\/time><\/div><\/footer><span class='hidden'>\n\t\t\t\t<span class='av-structured-data'  itemprop=\"image\" itemscope=\"itemscope\" itemtype=\"https:\/\/schema.org\/ImageObject\" >\n\t\t\t\t\t\t<span itemprop='url'>https:\/\/agencevu.com\/wp-content\/uploads\/2020\/01\/41J-PSZomOL._SL500_.jpg<\/span>\n\t\t\t\t\t\t<span itemprop='height'>185<\/span>\n\t\t\t\t\t\t<span itemprop='width'>132<\/span>\n\t\t\t\t<\/span>\n\t\t\t\t<span class='av-structured-data'  itemprop=\"publisher\" itemtype=\"https:\/\/schema.org\/Organization\" itemscope=\"itemscope\" >\n\t\t\t\t\t\t<span itemprop='name'>Fanny Demichelis<\/span>\n\t\t\t\t\t\t<span itemprop='logo' itemscope itemtype='https:\/\/schema.org\/ImageObject'>\n\t\t\t\t\t\t\t<span itemprop='url'>\/wp-content\/uploads\/2021\/05\/logo-vert-2.svg<\/span>\n\t\t\t\t\t\t <\/span>\n\t\t\t\t<\/span><span class='av-structured-data'  itemprop=\"author\" itemscope=\"itemscope\" itemtype=\"https:\/\/schema.org\/Person\" ><span itemprop='name'>Fanny Demichelis<\/span><\/span><span class='av-structured-data'  itemprop=\"datePublished\" datetime=\"2000-02-24T10:26:02+01:00\" >2013-08-24 10:26:30<\/span><span class='av-structured-data'  itemprop=\"dateModified\" itemtype=\"https:\/\/schema.org\/dateModified\" >2021-04-26 10:44:05<\/span><span class='av-structured-data'  itemprop=\"mainEntityOfPage\" itemtype=\"https:\/\/schema.org\/mainEntityOfPage\" ><span itemprop='name'>N\u00f3sto<\/span><\/span><\/span><\/article><\/div><div class='slide-entry-wrap'><article class='slide-entry flex_column  post-entry post-entry-54945 slide-entry-overview slide-loop-10 slide-parity-odd  av_one_third first real-thumbnail'  itemscope=\"itemscope\" itemtype=\"https:\/\/schema.org\/CreativeWork\" ><a href='https:\/\/agencevu.com\/en\/book\/un-madrid-literario\/' data-rel='slide-5' class='slide-image' title=''><img width=\"162\" height=\"185\" src=\"https:\/\/agencevu.com\/wp-content\/uploads\/2020\/01\/2009-Un-Madrid-literario-NAVI-preview.jpg\" class=\"wp-image-54943 avia-img-lazy-loading-54943 attachment-portfolio size-portfolio wp-post-image\" alt=\"\" loading=\"lazy\" srcset=\"https:\/\/agencevu.com\/wp-content\/uploads\/2020\/01\/2009-Un-Madrid-literario-NAVI-preview.jpg 162w, https:\/\/agencevu.com\/wp-content\/uploads\/2020\/01\/2009-Un-Madrid-literario-NAVI-preview-70x80.jpg 70w\" sizes=\"(max-width: 162px) 100vw, 162px\" \/><\/a><div class='slide-content'><header class=\"entry-content-header\"><span class=\"blog-categories minor-meta\"> <a href=\"https:\/\/agencevu.com\/en\/annee\/2013\/\" rel=\"tag\">2013<\/a> <a href=\"https:\/\/agencevu.com\/en\/photographer\/jose-manuel-navia\/\" rel=\"tag\">Jos\u00e9 Manuel Navia<\/a> <a href=\"https:\/\/agencevu.com\/en\/section_taxonomy\/livres\/\" rel=\"tag\">livres<\/a> <\/span><h3 class='slide-entry-title entry-title'  itemprop=\"headline\" ><a href='https:\/\/agencevu.com\/en\/book\/un-madrid-literario\/' title='Un Madrid literario'>Un Madrid literario<\/a><\/h3><span class=\"av-vertical-delimiter\"><\/span><\/header><div class='slide-entry-excerpt entry-content'  itemprop=\"text\" >Ediciones Anomalas - 2013<\/div><\/div><footer class=\"entry-footer\"><div class='slide-meta'><time class='slide-meta-time updated'  itemprop=\"datePublished\" datetime=\"2009-02-24T10:26:28+01:00\" >24 February 2009<\/time><\/div><\/footer><span class='hidden'>\n\t\t\t\t<span class='av-structured-data'  itemprop=\"image\" itemscope=\"itemscope\" itemtype=\"https:\/\/schema.org\/ImageObject\" >\n\t\t\t\t\t\t<span itemprop='url'>https:\/\/agencevu.com\/wp-content\/uploads\/2020\/01\/2009-Un-Madrid-literario-NAVI-preview.jpg<\/span>\n\t\t\t\t\t\t<span itemprop='height'>185<\/span>\n\t\t\t\t\t\t<span itemprop='width'>162<\/span>\n\t\t\t\t<\/span>\n\t\t\t\t<span class='av-structured-data'  itemprop=\"publisher\" itemtype=\"https:\/\/schema.org\/Organization\" itemscope=\"itemscope\" >\n\t\t\t\t\t\t<span itemprop='name'>Fanny Demichelis<\/span>\n\t\t\t\t\t\t<span itemprop='logo' itemscope itemtype='https:\/\/schema.org\/ImageObject'>\n\t\t\t\t\t\t\t<span itemprop='url'>\/wp-content\/uploads\/2021\/05\/logo-vert-2.svg<\/span>\n\t\t\t\t\t\t <\/span>\n\t\t\t\t<\/span><span class='av-structured-data'  itemprop=\"author\" itemscope=\"itemscope\" itemtype=\"https:\/\/schema.org\/Person\" ><span itemprop='name'>Fanny Demichelis<\/span><\/span><span class='av-structured-data'  itemprop=\"datePublished\" datetime=\"2000-02-24T10:26:02+01:00\" >2009-02-24 10:26:28<\/span><span class='av-structured-data'  itemprop=\"dateModified\" itemtype=\"https:\/\/schema.org\/dateModified\" >2021-04-26 10:44:21<\/span><span class='av-structured-data'  itemprop=\"mainEntityOfPage\" itemtype=\"https:\/\/schema.org\/mainEntityOfPage\" ><span itemprop='name'>Un Madrid literario<\/span><\/span><\/span><\/article><article class='slide-entry flex_column  post-entry post-entry-54961 slide-entry-overview slide-loop-11 slide-parity-even  av_one_third  real-thumbnail'  itemscope=\"itemscope\" itemtype=\"https:\/\/schema.org\/CreativeWork\" ><a href='https:\/\/agencevu.com\/en\/book\/ciudades-patrimonio-de-la-humanidad-trece-joyas-de-espana\/' data-rel='slide-5' class='slide-image' title=''><img width=\"133\" height=\"185\" src=\"https:\/\/agencevu.com\/wp-content\/uploads\/2020\/01\/2008-Ciudades-Patrimonio-de-la-humanidad.-Trece-joyas-de-Espana-NAVI-preview.jpg\" class=\"wp-image-54959 avia-img-lazy-loading-54959 attachment-portfolio size-portfolio wp-post-image\" alt=\"\" loading=\"lazy\" srcset=\"https:\/\/agencevu.com\/wp-content\/uploads\/2020\/01\/2008-Ciudades-Patrimonio-de-la-humanidad.-Trece-joyas-de-Espana-NAVI-preview.jpg 133w, https:\/\/agencevu.com\/wp-content\/uploads\/2020\/01\/2008-Ciudades-Patrimonio-de-la-humanidad.-Trece-joyas-de-Espana-NAVI-preview-58x80.jpg 58w\" sizes=\"(max-width: 133px) 100vw, 133px\" \/><\/a><div class='slide-content'><header class=\"entry-content-header\"><span class=\"blog-categories minor-meta\"> <a href=\"https:\/\/agencevu.com\/en\/annee\/2008\/\" rel=\"tag\">2008<\/a> <a href=\"https:\/\/agencevu.com\/en\/photographer\/jose-manuel-navia\/\" rel=\"tag\">Jos\u00e9 Manuel Navia<\/a> <a href=\"https:\/\/agencevu.com\/en\/section_taxonomy\/livres\/\" rel=\"tag\">livres<\/a> <\/span><h3 class='slide-entry-title entry-title'  itemprop=\"headline\" ><a href='https:\/\/agencevu.com\/en\/book\/ciudades-patrimonio-de-la-humanidad-trece-joyas-de-espana\/' title='Ciudades Patrimonio de La Humanidad. Trece joyas de Espana'>Ciudades Patrimonio de La Humanidad. Trece joyas de Espana<\/a><\/h3><span class=\"av-vertical-delimiter\"><\/span><\/header><div class='slide-entry-excerpt entry-content'  itemprop=\"text\" >La Fabrica - 2008<\/div><\/div><footer class=\"entry-footer\"><div class='slide-meta'><time class='slide-meta-time updated'  itemprop=\"datePublished\" datetime=\"2008-02-24T10:26:25+01:00\" >24 February 2008<\/time><\/div><\/footer><span class='hidden'>\n\t\t\t\t<span class='av-structured-data'  itemprop=\"image\" itemscope=\"itemscope\" itemtype=\"https:\/\/schema.org\/ImageObject\" >\n\t\t\t\t\t\t<span itemprop='url'>https:\/\/agencevu.com\/wp-content\/uploads\/2020\/01\/2008-Ciudades-Patrimonio-de-la-humanidad.-Trece-joyas-de-Espana-NAVI-preview.jpg<\/span>\n\t\t\t\t\t\t<span itemprop='height'>185<\/span>\n\t\t\t\t\t\t<span itemprop='width'>133<\/span>\n\t\t\t\t<\/span>\n\t\t\t\t<span class='av-structured-data'  itemprop=\"publisher\" itemtype=\"https:\/\/schema.org\/Organization\" itemscope=\"itemscope\" >\n\t\t\t\t\t\t<span itemprop='name'>Fanny Demichelis<\/span>\n\t\t\t\t\t\t<span itemprop='logo' itemscope itemtype='https:\/\/schema.org\/ImageObject'>\n\t\t\t\t\t\t\t<span itemprop='url'>\/wp-content\/uploads\/2021\/05\/logo-vert-2.svg<\/span>\n\t\t\t\t\t\t <\/span>\n\t\t\t\t<\/span><span class='av-structured-data'  itemprop=\"author\" itemscope=\"itemscope\" itemtype=\"https:\/\/schema.org\/Person\" ><span itemprop='name'>Fanny Demichelis<\/span><\/span><span class='av-structured-data'  itemprop=\"datePublished\" datetime=\"2000-02-24T10:26:02+01:00\" >2008-02-24 10:26:25<\/span><span class='av-structured-data'  itemprop=\"dateModified\" itemtype=\"https:\/\/schema.org\/dateModified\" >2021-04-26 10:44:35<\/span><span class='av-structured-data'  itemprop=\"mainEntityOfPage\" itemtype=\"https:\/\/schema.org\/mainEntityOfPage\" ><span itemprop='name'>Ciudades Patrimonio de La Humanidad. Trece joyas de Espana<\/span><\/span><\/span><\/article><article class='slide-entry flex_column  post-entry post-entry-54977 slide-entry-overview slide-loop-12 slide-parity-odd  av_one_third  real-thumbnail'  itemscope=\"itemscope\" itemtype=\"https:\/\/schema.org\/CreativeWork\" ><a href='https:\/\/agencevu.com\/en\/book\/antonio-machado-miradas\/' data-rel='slide-5' class='slide-image' title=''><img width=\"146\" height=\"185\" src=\"https:\/\/agencevu.com\/wp-content\/uploads\/2020\/01\/2007-Antonio-Machado-Miradas-NAVI-preview.jpg\" class=\"wp-image-54975 avia-img-lazy-loading-54975 attachment-portfolio size-portfolio wp-post-image\" alt=\"\" loading=\"lazy\" srcset=\"https:\/\/agencevu.com\/wp-content\/uploads\/2020\/01\/2007-Antonio-Machado-Miradas-NAVI-preview.jpg 146w, https:\/\/agencevu.com\/wp-content\/uploads\/2020\/01\/2007-Antonio-Machado-Miradas-NAVI-preview-63x80.jpg 63w\" sizes=\"(max-width: 146px) 100vw, 146px\" \/><\/a><div class='slide-content'><header class=\"entry-content-header\"><span class=\"blog-categories minor-meta\"> <a href=\"https:\/\/agencevu.com\/en\/annee\/2007-en\/\" rel=\"tag\">2007<\/a> <a href=\"https:\/\/agencevu.com\/en\/photographer\/jose-manuel-navia\/\" rel=\"tag\">Jos\u00e9 Manuel Navia<\/a> <a href=\"https:\/\/agencevu.com\/en\/section_taxonomy\/livres\/\" rel=\"tag\">livres<\/a> <\/span><h3 class='slide-entry-title entry-title'  itemprop=\"headline\" ><a href='https:\/\/agencevu.com\/en\/book\/antonio-machado-miradas\/' title='Antonio Machado Miradas'>Antonio Machado Miradas<\/a><\/h3><span class=\"av-vertical-delimiter\"><\/span><\/header><div class='slide-entry-excerpt entry-content'  itemprop=\"text\" >Caja Duero - 2007<\/div><\/div><footer class=\"entry-footer\"><div class='slide-meta'><time class='slide-meta-time updated'  itemprop=\"datePublished\" datetime=\"2007-01-24T10:26:17+01:00\" >24 January 2007<\/time><\/div><\/footer><span class='hidden'>\n\t\t\t\t<span class='av-structured-data'  itemprop=\"image\" itemscope=\"itemscope\" itemtype=\"https:\/\/schema.org\/ImageObject\" >\n\t\t\t\t\t\t<span itemprop='url'>https:\/\/agencevu.com\/wp-content\/uploads\/2020\/01\/2007-Antonio-Machado-Miradas-NAVI-preview.jpg<\/span>\n\t\t\t\t\t\t<span itemprop='height'>185<\/span>\n\t\t\t\t\t\t<span itemprop='width'>146<\/span>\n\t\t\t\t<\/span>\n\t\t\t\t<span class='av-structured-data'  itemprop=\"publisher\" itemtype=\"https:\/\/schema.org\/Organization\" itemscope=\"itemscope\" >\n\t\t\t\t\t\t<span itemprop='name'>Fanny Demichelis<\/span>\n\t\t\t\t\t\t<span itemprop='logo' itemscope itemtype='https:\/\/schema.org\/ImageObject'>\n\t\t\t\t\t\t\t<span itemprop='url'>\/wp-content\/uploads\/2021\/05\/logo-vert-2.svg<\/span>\n\t\t\t\t\t\t <\/span>\n\t\t\t\t<\/span><span class='av-structured-data'  itemprop=\"author\" itemscope=\"itemscope\" itemtype=\"https:\/\/schema.org\/Person\" ><span itemprop='name'>Fanny Demichelis<\/span><\/span><span class='av-structured-data'  itemprop=\"datePublished\" datetime=\"2000-02-24T10:26:02+01:00\" >2007-01-24 10:26:17<\/span><span class='av-structured-data'  itemprop=\"dateModified\" itemtype=\"https:\/\/schema.org\/dateModified\" >2021-04-26 10:43:35<\/span><span class='av-structured-data'  itemprop=\"mainEntityOfPage\" itemtype=\"https:\/\/schema.org\/mainEntityOfPage\" ><span itemprop='name'>Antonio Machado Miradas<\/span><\/span><\/span><\/article><\/div><div class='slide-entry-wrap'><article class='slide-entry flex_column  post-entry post-entry-151909 slide-entry-overview slide-loop-13 slide-parity-odd  av_one_third first real-thumbnail'  itemscope=\"itemscope\" itemtype=\"https:\/\/schema.org\/CreativeWork\" ><a href='https:\/\/agencevu.com\/en\/book\/visiones-de-marruecos-2\/' data-rel='slide-5' class='slide-image' title=''><img width=\"167\" height=\"185\" src=\"https:\/\/agencevu.com\/wp-content\/uploads\/2021\/05\/2006-Visiones-de-Marruecos-NAVI-preview.jpg\" class=\"wp-image-151853 avia-img-lazy-loading-151853 attachment-portfolio size-portfolio wp-post-image\" alt=\"\" loading=\"lazy\" srcset=\"https:\/\/agencevu.com\/wp-content\/uploads\/2021\/05\/2006-Visiones-de-Marruecos-NAVI-preview.jpg 167w, https:\/\/agencevu.com\/wp-content\/uploads\/2021\/05\/2006-Visiones-de-Marruecos-NAVI-preview-72x80.jpg 72w\" sizes=\"(max-width: 167px) 100vw, 167px\" \/><\/a><div class='slide-content'><header class=\"entry-content-header\"><span class=\"blog-categories minor-meta\"> <a href=\"https:\/\/agencevu.com\/en\/annee\/2006-en\/\" rel=\"tag\">2006<\/a> <a href=\"https:\/\/agencevu.com\/en\/photographer\/jose-manuel-navia\/\" rel=\"tag\">Jos\u00e9 Manuel Navia<\/a> <a href=\"https:\/\/agencevu.com\/en\/section_taxonomy\/livres\/\" rel=\"tag\">livres<\/a> <\/span><h3 class='slide-entry-title entry-title'  itemprop=\"headline\" ><a href='https:\/\/agencevu.com\/en\/book\/visiones-de-marruecos-2\/' title='Visiones de Marruecos'>Visiones de Marruecos<\/a><\/h3><span class=\"av-vertical-delimiter\"><\/span><\/header><div class='slide-entry-excerpt entry-content'  itemprop=\"text\" >Lunwerg Editores - 2006<\/div><\/div><footer class=\"entry-footer\"><div class='slide-meta'><time class='slide-meta-time updated'  itemprop=\"datePublished\" datetime=\"2006-11-05T16:50:38+01:00\" >5 November 2006<\/time><\/div><\/footer><span class='hidden'>\n\t\t\t\t<span class='av-structured-data'  itemprop=\"image\" itemscope=\"itemscope\" itemtype=\"https:\/\/schema.org\/ImageObject\" >\n\t\t\t\t\t\t<span itemprop='url'>https:\/\/agencevu.com\/wp-content\/uploads\/2021\/05\/2006-Visiones-de-Marruecos-NAVI-preview.jpg<\/span>\n\t\t\t\t\t\t<span itemprop='height'>185<\/span>\n\t\t\t\t\t\t<span itemprop='width'>167<\/span>\n\t\t\t\t<\/span>\n\t\t\t\t<span class='av-structured-data'  itemprop=\"publisher\" itemtype=\"https:\/\/schema.org\/Organization\" itemscope=\"itemscope\" >\n\t\t\t\t\t\t<span itemprop='name'>Editorial<\/span>\n\t\t\t\t\t\t<span itemprop='logo' itemscope itemtype='https:\/\/schema.org\/ImageObject'>\n\t\t\t\t\t\t\t<span itemprop='url'>\/wp-content\/uploads\/2021\/05\/logo-vert-2.svg<\/span>\n\t\t\t\t\t\t <\/span>\n\t\t\t\t<\/span><span class='av-structured-data'  itemprop=\"author\" itemscope=\"itemscope\" itemtype=\"https:\/\/schema.org\/Person\" ><span itemprop='name'>Editorial<\/span><\/span><span class='av-structured-data'  itemprop=\"datePublished\" datetime=\"2000-02-24T10:26:02+01:00\" >2006-11-05 16:50:38<\/span><span class='av-structured-data'  itemprop=\"dateModified\" itemtype=\"https:\/\/schema.org\/dateModified\" >2021-05-05 16:59:32<\/span><span class='av-structured-data'  itemprop=\"mainEntityOfPage\" itemtype=\"https:\/\/schema.org\/mainEntityOfPage\" ><span itemprop='name'>Visiones de Marruecos<\/span><\/span><\/span><\/article><article class='slide-entry flex_column  post-entry post-entry-54995 slide-entry-overview slide-loop-14 slide-parity-even  av_one_third  real-thumbnail'  itemscope=\"itemscope\" itemtype=\"https:\/\/schema.org\/CreativeWork\" ><a href='https:\/\/agencevu.com\/en\/book\/viaje-a-la-historia\/' data-rel='slide-5' class='slide-image' title=''><img width=\"134\" height=\"185\" src=\"https:\/\/agencevu.com\/wp-content\/uploads\/2020\/01\/41UYdgrCcML-1.jpg\" class=\"wp-image-54993 avia-img-lazy-loading-54993 attachment-portfolio size-portfolio wp-post-image\" alt=\"\" loading=\"lazy\" srcset=\"https:\/\/agencevu.com\/wp-content\/uploads\/2020\/01\/41UYdgrCcML-1.jpg 134w, https:\/\/agencevu.com\/wp-content\/uploads\/2020\/01\/41UYdgrCcML-1-58x80.jpg 58w\" sizes=\"(max-width: 134px) 100vw, 134px\" \/><\/a><div class='slide-content'><header class=\"entry-content-header\"><span class=\"blog-categories minor-meta\"> <a href=\"https:\/\/agencevu.com\/en\/annee\/2005-en\/\" rel=\"tag\">2005<\/a> <a href=\"https:\/\/agencevu.com\/en\/photographer\/jose-manuel-navia\/\" rel=\"tag\">Jos\u00e9 Manuel Navia<\/a> <a href=\"https:\/\/agencevu.com\/en\/section_taxonomy\/livres\/\" rel=\"tag\">livres<\/a> <\/span><h3 class='slide-entry-title entry-title'  itemprop=\"headline\" ><a href='https:\/\/agencevu.com\/en\/book\/viaje-a-la-historia\/' title='Viaje a la Historia'>Viaje a la Historia<\/a><\/h3><span class=\"av-vertical-delimiter\"><\/span><\/header><div class='slide-entry-excerpt entry-content'  itemprop=\"text\" >Lunwerg Editores - 2005<\/div><\/div><footer class=\"entry-footer\"><div class='slide-meta'><time class='slide-meta-time updated'  itemprop=\"datePublished\" datetime=\"2005-11-24T10:26:13+01:00\" >24 November 2005<\/time><\/div><\/footer><span class='hidden'>\n\t\t\t\t<span class='av-structured-data'  itemprop=\"image\" itemscope=\"itemscope\" itemtype=\"https:\/\/schema.org\/ImageObject\" >\n\t\t\t\t\t\t<span itemprop='url'>https:\/\/agencevu.com\/wp-content\/uploads\/2020\/01\/41UYdgrCcML-1.jpg<\/span>\n\t\t\t\t\t\t<span itemprop='height'>185<\/span>\n\t\t\t\t\t\t<span itemprop='width'>134<\/span>\n\t\t\t\t<\/span>\n\t\t\t\t<span class='av-structured-data'  itemprop=\"publisher\" itemtype=\"https:\/\/schema.org\/Organization\" itemscope=\"itemscope\" >\n\t\t\t\t\t\t<span itemprop='name'>Fanny Demichelis<\/span>\n\t\t\t\t\t\t<span itemprop='logo' itemscope itemtype='https:\/\/schema.org\/ImageObject'>\n\t\t\t\t\t\t\t<span itemprop='url'>\/wp-content\/uploads\/2021\/05\/logo-vert-2.svg<\/span>\n\t\t\t\t\t\t <\/span>\n\t\t\t\t<\/span><span class='av-structured-data'  itemprop=\"author\" itemscope=\"itemscope\" itemtype=\"https:\/\/schema.org\/Person\" ><span itemprop='name'>Fanny Demichelis<\/span><\/span><span class='av-structured-data'  itemprop=\"datePublished\" datetime=\"2000-02-24T10:26:02+01:00\" >2005-11-24 10:26:13<\/span><span class='av-structured-data'  itemprop=\"dateModified\" itemtype=\"https:\/\/schema.org\/dateModified\" >2021-04-26 10:58:07<\/span><span class='av-structured-data'  itemprop=\"mainEntityOfPage\" itemtype=\"https:\/\/schema.org\/mainEntityOfPage\" ><span itemprop='name'>Viaje a la Historia<\/span><\/span><\/span><\/article><article class='slide-entry flex_column  post-entry post-entry-55011 slide-entry-overview slide-loop-15 slide-parity-odd  av_one_third  real-thumbnail'  itemscope=\"itemscope\" itemtype=\"https:\/\/schema.org\/CreativeWork\" ><a href='https:\/\/agencevu.com\/en\/book\/diez-miradas\/' data-rel='slide-5' class='slide-image' title=''><img width=\"165\" height=\"185\" src=\"https:\/\/agencevu.com\/wp-content\/uploads\/2020\/01\/ti_1202146330.jpg\" class=\"wp-image-55009 avia-img-lazy-loading-55009 attachment-portfolio size-portfolio wp-post-image\" alt=\"\" loading=\"lazy\" srcset=\"https:\/\/agencevu.com\/wp-content\/uploads\/2020\/01\/ti_1202146330.jpg 165w, https:\/\/agencevu.com\/wp-content\/uploads\/2020\/01\/ti_1202146330-71x80.jpg 71w\" sizes=\"(max-width: 165px) 100vw, 165px\" \/><\/a><div class='slide-content'><header class=\"entry-content-header\"><span class=\"blog-categories minor-meta\"> <a href=\"https:\/\/agencevu.com\/en\/annee\/2005-en\/\" rel=\"tag\">2005<\/a> <a href=\"https:\/\/agencevu.com\/en\/photographer\/jose-manuel-navia\/\" rel=\"tag\">Jos\u00e9 Manuel Navia<\/a> <a href=\"https:\/\/agencevu.com\/en\/section_taxonomy\/livres\/\" rel=\"tag\">livres<\/a> <\/span><h3 class='slide-entry-title entry-title'  itemprop=\"headline\" ><a href='https:\/\/agencevu.com\/en\/book\/diez-miradas\/' title='Diez miradas'>Diez miradas<\/a><\/h3><span class=\"av-vertical-delimiter\"><\/span><\/header><div class='slide-entry-excerpt entry-content'  itemprop=\"text\" >Lunwerg Editores - 2005<\/div><\/div><footer class=\"entry-footer\"><div class='slide-meta'><time class='slide-meta-time updated'  itemprop=\"datePublished\" datetime=\"2005-02-24T10:26:10+01:00\" >24 February 2005<\/time><\/div><\/footer><span class='hidden'>\n\t\t\t\t<span class='av-structured-data'  itemprop=\"image\" itemscope=\"itemscope\" itemtype=\"https:\/\/schema.org\/ImageObject\" >\n\t\t\t\t\t\t<span itemprop='url'>https:\/\/agencevu.com\/wp-content\/uploads\/2020\/01\/ti_1202146330.jpg<\/span>\n\t\t\t\t\t\t<span itemprop='height'>185<\/span>\n\t\t\t\t\t\t<span itemprop='width'>165<\/span>\n\t\t\t\t<\/span>\n\t\t\t\t<span class='av-structured-data'  itemprop=\"publisher\" itemtype=\"https:\/\/schema.org\/Organization\" itemscope=\"itemscope\" >\n\t\t\t\t\t\t<span itemprop='name'>Fanny Demichelis<\/span>\n\t\t\t\t\t\t<span itemprop='logo' itemscope itemtype='https:\/\/schema.org\/ImageObject'>\n\t\t\t\t\t\t\t<span itemprop='url'>\/wp-content\/uploads\/2021\/05\/logo-vert-2.svg<\/span>\n\t\t\t\t\t\t <\/span>\n\t\t\t\t<\/span><span class='av-structured-data'  itemprop=\"author\" itemscope=\"itemscope\" itemtype=\"https:\/\/schema.org\/Person\" ><span itemprop='name'>Fanny Demichelis<\/span><\/span><span class='av-structured-data'  itemprop=\"datePublished\" datetime=\"2000-02-24T10:26:02+01:00\" >2005-02-24 10:26:10<\/span><span class='av-structured-data'  itemprop=\"dateModified\" itemtype=\"https:\/\/schema.org\/dateModified\" >2021-04-26 10:58:25<\/span><span class='av-structured-data'  itemprop=\"mainEntityOfPage\" itemtype=\"https:\/\/schema.org\/mainEntityOfPage\" ><span itemprop='name'>Diez miradas<\/span><\/span><\/span><\/article><\/div><div class='slide-entry-wrap'><article class='slide-entry flex_column  post-entry post-entry-55027 slide-entry-overview slide-loop-16 slide-parity-odd  av_one_third first real-thumbnail'  itemscope=\"itemscope\" itemtype=\"https:\/\/schema.org\/CreativeWork\" ><a href='https:\/\/agencevu.com\/en\/book\/territorios-del-quijote\/' data-rel='slide-5' class='slide-image' title=''><img width=\"160\" height=\"185\" src=\"https:\/\/agencevu.com\/wp-content\/uploads\/2020\/01\/2004-Territorios-del-Quijote-NAVI-preview.jpg\" class=\"wp-image-55025 avia-img-lazy-loading-55025 attachment-portfolio size-portfolio wp-post-image\" alt=\"\" loading=\"lazy\" srcset=\"https:\/\/agencevu.com\/wp-content\/uploads\/2020\/01\/2004-Territorios-del-Quijote-NAVI-preview.jpg 160w, https:\/\/agencevu.com\/wp-content\/uploads\/2020\/01\/2004-Territorios-del-Quijote-NAVI-preview-69x80.jpg 69w\" sizes=\"(max-width: 160px) 100vw, 160px\" \/><\/a><div class='slide-content'><header class=\"entry-content-header\"><span class=\"blog-categories minor-meta\"> <a href=\"https:\/\/agencevu.com\/en\/annee\/2004-en\/\" rel=\"tag\">2004<\/a> <a href=\"https:\/\/agencevu.com\/en\/photographer\/jose-manuel-navia\/\" rel=\"tag\">Jos\u00e9 Manuel Navia<\/a> <a href=\"https:\/\/agencevu.com\/en\/section_taxonomy\/livres\/\" rel=\"tag\">livres<\/a> <\/span><h3 class='slide-entry-title entry-title'  itemprop=\"headline\" ><a href='https:\/\/agencevu.com\/en\/book\/territorios-del-quijote\/' title='Territorios del Quijote'>Territorios del Quijote<\/a><\/h3><span class=\"av-vertical-delimiter\"><\/span><\/header><div class='slide-entry-excerpt entry-content'  itemprop=\"text\" >Lunwerg Editores - 2004<\/div><\/div><footer class=\"entry-footer\"><div class='slide-meta'><time class='slide-meta-time updated'  itemprop=\"datePublished\" datetime=\"2004-12-24T10:26:09+01:00\" >24 December 2004<\/time><\/div><\/footer><span class='hidden'>\n\t\t\t\t<span class='av-structured-data'  itemprop=\"image\" itemscope=\"itemscope\" itemtype=\"https:\/\/schema.org\/ImageObject\" >\n\t\t\t\t\t\t<span itemprop='url'>https:\/\/agencevu.com\/wp-content\/uploads\/2020\/01\/2004-Territorios-del-Quijote-NAVI-preview.jpg<\/span>\n\t\t\t\t\t\t<span itemprop='height'>185<\/span>\n\t\t\t\t\t\t<span itemprop='width'>160<\/span>\n\t\t\t\t<\/span>\n\t\t\t\t<span class='av-structured-data'  itemprop=\"publisher\" itemtype=\"https:\/\/schema.org\/Organization\" itemscope=\"itemscope\" >\n\t\t\t\t\t\t<span itemprop='name'>Fanny Demichelis<\/span>\n\t\t\t\t\t\t<span itemprop='logo' itemscope itemtype='https:\/\/schema.org\/ImageObject'>\n\t\t\t\t\t\t\t<span itemprop='url'>\/wp-content\/uploads\/2021\/05\/logo-vert-2.svg<\/span>\n\t\t\t\t\t\t <\/span>\n\t\t\t\t<\/span><span class='av-structured-data'  itemprop=\"author\" itemscope=\"itemscope\" itemtype=\"https:\/\/schema.org\/Person\" ><span itemprop='name'>Fanny Demichelis<\/span><\/span><span class='av-structured-data'  itemprop=\"datePublished\" datetime=\"2000-02-24T10:26:02+01:00\" >2004-12-24 10:26:09<\/span><span class='av-structured-data'  itemprop=\"dateModified\" itemtype=\"https:\/\/schema.org\/dateModified\" >2021-04-26 10:56:15<\/span><span class='av-structured-data'  itemprop=\"mainEntityOfPage\" itemtype=\"https:\/\/schema.org\/mainEntityOfPage\" ><span itemprop='name'>Territorios del Quijote<\/span><\/span><\/span><\/article><article class='slide-entry flex_column  post-entry post-entry-151905 slide-entry-overview slide-loop-17 slide-parity-even  av_one_third  real-thumbnail'  itemscope=\"itemscope\" itemtype=\"https:\/\/schema.org\/CreativeWork\" ><a href='https:\/\/agencevu.com\/en\/book\/un-viaje-a-madrid\/' data-rel='slide-5' class='slide-image' title=''><img width=\"179\" height=\"185\" src=\"https:\/\/agencevu.com\/wp-content\/uploads\/2021\/05\/2003-Un-viaje-a-madrid-NAVI-preview.jpg\" class=\"wp-image-151841 avia-img-lazy-loading-151841 attachment-portfolio size-portfolio wp-post-image\" alt=\"\" loading=\"lazy\" srcset=\"https:\/\/agencevu.com\/wp-content\/uploads\/2021\/05\/2003-Un-viaje-a-madrid-NAVI-preview.jpg 179w, https:\/\/agencevu.com\/wp-content\/uploads\/2021\/05\/2003-Un-viaje-a-madrid-NAVI-preview-77x80.jpg 77w, https:\/\/agencevu.com\/wp-content\/uploads\/2021\/05\/2003-Un-viaje-a-madrid-NAVI-preview-36x36.jpg 36w\" sizes=\"(max-width: 179px) 100vw, 179px\" \/><\/a><div class='slide-content'><header class=\"entry-content-header\"><span class=\"blog-categories minor-meta\"> <a href=\"https:\/\/agencevu.com\/en\/annee\/2003-en\/\" rel=\"tag\">2003<\/a> <a href=\"https:\/\/agencevu.com\/en\/photographer\/jose-manuel-navia\/\" rel=\"tag\">Jos\u00e9 Manuel Navia<\/a> <a href=\"https:\/\/agencevu.com\/en\/section_taxonomy\/livres\/\" rel=\"tag\">livres<\/a> <\/span><h3 class='slide-entry-title entry-title'  itemprop=\"headline\" ><a href='https:\/\/agencevu.com\/en\/book\/un-viaje-a-madrid\/' title='Un viaje a Madrid'>Un viaje a Madrid<\/a><\/h3><span class=\"av-vertical-delimiter\"><\/span><\/header><div class='slide-entry-excerpt entry-content'  itemprop=\"text\" >T Ediciones - 2003<\/div><\/div><footer class=\"entry-footer\"><div class='slide-meta'><time class='slide-meta-time updated'  itemprop=\"datePublished\" datetime=\"2003-12-05T16:50:40+01:00\" >5 December 2003<\/time><\/div><\/footer><span class='hidden'>\n\t\t\t\t<span class='av-structured-data'  itemprop=\"image\" itemscope=\"itemscope\" itemtype=\"https:\/\/schema.org\/ImageObject\" >\n\t\t\t\t\t\t<span itemprop='url'>https:\/\/agencevu.com\/wp-content\/uploads\/2021\/05\/2003-Un-viaje-a-madrid-NAVI-preview.jpg<\/span>\n\t\t\t\t\t\t<span itemprop='height'>185<\/span>\n\t\t\t\t\t\t<span itemprop='width'>179<\/span>\n\t\t\t\t<\/span>\n\t\t\t\t<span class='av-structured-data'  itemprop=\"publisher\" itemtype=\"https:\/\/schema.org\/Organization\" itemscope=\"itemscope\" >\n\t\t\t\t\t\t<span itemprop='name'>Editorial<\/span>\n\t\t\t\t\t\t<span itemprop='logo' itemscope itemtype='https:\/\/schema.org\/ImageObject'>\n\t\t\t\t\t\t\t<span itemprop='url'>\/wp-content\/uploads\/2021\/05\/logo-vert-2.svg<\/span>\n\t\t\t\t\t\t <\/span>\n\t\t\t\t<\/span><span class='av-structured-data'  itemprop=\"author\" itemscope=\"itemscope\" itemtype=\"https:\/\/schema.org\/Person\" ><span itemprop='name'>Editorial<\/span><\/span><span class='av-structured-data'  itemprop=\"datePublished\" datetime=\"2000-02-24T10:26:02+01:00\" >2003-12-05 16:50:40<\/span><span class='av-structured-data'  itemprop=\"dateModified\" itemtype=\"https:\/\/schema.org\/dateModified\" >2021-05-05 17:01:03<\/span><span class='av-structured-data'  itemprop=\"mainEntityOfPage\" itemtype=\"https:\/\/schema.org\/mainEntityOfPage\" ><span itemprop='name'>Un viaje a Madrid<\/span><\/span><\/span><\/article><article class='slide-entry flex_column  post-entry post-entry-55071 slide-entry-overview slide-loop-18 slide-parity-odd  av_one_third  real-thumbnail'  itemscope=\"itemscope\" itemtype=\"https:\/\/schema.org\/CreativeWork\" ><a href='https:\/\/agencevu.com\/en\/book\/desde-la-catedral\/' data-rel='slide-5' class='slide-image' title=''><img width=\"130\" height=\"185\" src=\"https:\/\/agencevu.com\/wp-content\/uploads\/2020\/01\/2003-Desde-la-catedral-NAVI-preview.jpg\" class=\"wp-image-55069 avia-img-lazy-loading-55069 attachment-portfolio size-portfolio wp-post-image\" alt=\"\" loading=\"lazy\" srcset=\"https:\/\/agencevu.com\/wp-content\/uploads\/2020\/01\/2003-Desde-la-catedral-NAVI-preview.jpg 130w, https:\/\/agencevu.com\/wp-content\/uploads\/2020\/01\/2003-Desde-la-catedral-NAVI-preview-56x80.jpg 56w\" sizes=\"(max-width: 130px) 100vw, 130px\" \/><\/a><div class='slide-content'><header class=\"entry-content-header\"><span class=\"blog-categories minor-meta\"> <a href=\"https:\/\/agencevu.com\/en\/annee\/2003-en\/\" rel=\"tag\">2003<\/a> <a href=\"https:\/\/agencevu.com\/en\/photographer\/jose-manuel-navia\/\" rel=\"tag\">Jos\u00e9 Manuel Navia<\/a> <a href=\"https:\/\/agencevu.com\/en\/section_taxonomy\/livres\/\" rel=\"tag\">livres<\/a> <\/span><h3 class='slide-entry-title entry-title'  itemprop=\"headline\" ><a href='https:\/\/agencevu.com\/en\/book\/desde-la-catedral\/' title='Desde la catedral'>Desde la catedral<\/a><\/h3><span class=\"av-vertical-delimiter\"><\/span><\/header><div class='slide-entry-excerpt entry-content'  itemprop=\"text\" >Fundacion Catedral Santa Maria - 2003<\/div><\/div><footer class=\"entry-footer\"><div class='slide-meta'><time class='slide-meta-time updated'  itemprop=\"datePublished\" datetime=\"2003-09-24T10:26:07+02:00\" >24 September 2003<\/time><\/div><\/footer><span class='hidden'>\n\t\t\t\t<span class='av-structured-data'  itemprop=\"image\" itemscope=\"itemscope\" itemtype=\"https:\/\/schema.org\/ImageObject\" >\n\t\t\t\t\t\t<span itemprop='url'>https:\/\/agencevu.com\/wp-content\/uploads\/2020\/01\/2003-Desde-la-catedral-NAVI-preview.jpg<\/span>\n\t\t\t\t\t\t<span itemprop='height'>185<\/span>\n\t\t\t\t\t\t<span itemprop='width'>130<\/span>\n\t\t\t\t<\/span>\n\t\t\t\t<span class='av-structured-data'  itemprop=\"publisher\" itemtype=\"https:\/\/schema.org\/Organization\" itemscope=\"itemscope\" >\n\t\t\t\t\t\t<span itemprop='name'>Fanny Demichelis<\/span>\n\t\t\t\t\t\t<span itemprop='logo' itemscope itemtype='https:\/\/schema.org\/ImageObject'>\n\t\t\t\t\t\t\t<span itemprop='url'>\/wp-content\/uploads\/2021\/05\/logo-vert-2.svg<\/span>\n\t\t\t\t\t\t <\/span>\n\t\t\t\t<\/span><span class='av-structured-data'  itemprop=\"author\" itemscope=\"itemscope\" itemtype=\"https:\/\/schema.org\/Person\" ><span itemprop='name'>Fanny Demichelis<\/span><\/span><span class='av-structured-data'  itemprop=\"datePublished\" datetime=\"2000-02-24T10:26:02+01:00\" >2003-09-24 10:26:07<\/span><span class='av-structured-data'  itemprop=\"dateModified\" itemtype=\"https:\/\/schema.org\/dateModified\" >2021-04-26 10:58:47<\/span><span class='av-structured-data'  itemprop=\"mainEntityOfPage\" itemtype=\"https:\/\/schema.org\/mainEntityOfPage\" ><span itemprop='name'>Desde la catedral<\/span><\/span><\/span><\/article><\/div><div class='slide-entry-wrap'><article class='slide-entry flex_column  post-entry post-entry-55055 slide-entry-overview slide-loop-19 slide-parity-odd  av_one_third first real-thumbnail'  itemscope=\"itemscope\" itemtype=\"https:\/\/schema.org\/CreativeWork\" ><a href='https:\/\/agencevu.com\/en\/book\/marruecos\/' data-rel='slide-5' class='slide-image' title=''><img width=\"135\" height=\"185\" src=\"https:\/\/agencevu.com\/wp-content\/uploads\/2020\/01\/2003-Marruecos-NAVI-preview.jpg\" class=\"wp-image-55053 avia-img-lazy-loading-55053 attachment-portfolio size-portfolio wp-post-image\" alt=\"\" loading=\"lazy\" srcset=\"https:\/\/agencevu.com\/wp-content\/uploads\/2020\/01\/2003-Marruecos-NAVI-preview.jpg 135w, https:\/\/agencevu.com\/wp-content\/uploads\/2020\/01\/2003-Marruecos-NAVI-preview-58x80.jpg 58w\" sizes=\"(max-width: 135px) 100vw, 135px\" \/><\/a><div class='slide-content'><header class=\"entry-content-header\"><span class=\"blog-categories minor-meta\"> <a href=\"https:\/\/agencevu.com\/en\/annee\/2003-en\/\" rel=\"tag\">2003<\/a> <a href=\"https:\/\/agencevu.com\/en\/photographer\/jose-manuel-navia\/\" rel=\"tag\">Jos\u00e9 Manuel Navia<\/a> <a href=\"https:\/\/agencevu.com\/en\/section_taxonomy\/livres\/\" rel=\"tag\">livres<\/a> <\/span><h3 class='slide-entry-title entry-title'  itemprop=\"headline\" ><a href='https:\/\/agencevu.com\/en\/book\/marruecos\/' title='Marruecos'>Marruecos<\/a><\/h3><span class=\"av-vertical-delimiter\"><\/span><\/header><div class='slide-entry-excerpt entry-content'  itemprop=\"text\" >Edition Edicola62 SL - 2003<\/div><\/div><footer class=\"entry-footer\"><div class='slide-meta'><time class='slide-meta-time updated'  itemprop=\"datePublished\" datetime=\"2003-02-24T10:26:05+01:00\" >24 February 2003<\/time><\/div><\/footer><span class='hidden'>\n\t\t\t\t<span class='av-structured-data'  itemprop=\"image\" itemscope=\"itemscope\" itemtype=\"https:\/\/schema.org\/ImageObject\" >\n\t\t\t\t\t\t<span itemprop='url'>https:\/\/agencevu.com\/wp-content\/uploads\/2020\/01\/2003-Marruecos-NAVI-preview.jpg<\/span>\n\t\t\t\t\t\t<span itemprop='height'>185<\/span>\n\t\t\t\t\t\t<span itemprop='width'>135<\/span>\n\t\t\t\t<\/span>\n\t\t\t\t<span class='av-structured-data'  itemprop=\"publisher\" itemtype=\"https:\/\/schema.org\/Organization\" itemscope=\"itemscope\" >\n\t\t\t\t\t\t<span itemprop='name'>Fanny Demichelis<\/span>\n\t\t\t\t\t\t<span itemprop='logo' itemscope itemtype='https:\/\/schema.org\/ImageObject'>\n\t\t\t\t\t\t\t<span itemprop='url'>\/wp-content\/uploads\/2021\/05\/logo-vert-2.svg<\/span>\n\t\t\t\t\t\t <\/span>\n\t\t\t\t<\/span><span class='av-structured-data'  itemprop=\"author\" itemscope=\"itemscope\" itemtype=\"https:\/\/schema.org\/Person\" ><span itemprop='name'>Fanny Demichelis<\/span><\/span><span class='av-structured-data'  itemprop=\"datePublished\" datetime=\"2000-02-24T10:26:02+01:00\" >2003-02-24 10:26:05<\/span><span class='av-structured-data'  itemprop=\"dateModified\" itemtype=\"https:\/\/schema.org\/dateModified\" >2021-04-26 10:56:59<\/span><span class='av-structured-data'  itemprop=\"mainEntityOfPage\" itemtype=\"https:\/\/schema.org\/mainEntityOfPage\" ><span itemprop='name'>Marruecos<\/span><\/span><\/span><\/article><article class='slide-entry flex_column  post-entry post-entry-55087 slide-entry-overview slide-loop-20 slide-parity-even  av_one_third  real-thumbnail'  itemscope=\"itemscope\" itemtype=\"https:\/\/schema.org\/CreativeWork\" ><a href='https:\/\/agencevu.com\/en\/book\/pisadas-sonambulas-lusofonias\/' data-rel='slide-5' class='slide-image' title=''><img width=\"265\" height=\"185\" src=\"https:\/\/agencevu.com\/wp-content\/uploads\/2020\/01\/2001-Pisadas-sonambulas-Lusofonias-NAVI-preview.jpg\" class=\"wp-image-55085 avia-img-lazy-loading-55085 attachment-portfolio size-portfolio wp-post-image\" alt=\"\" loading=\"lazy\" srcset=\"https:\/\/agencevu.com\/wp-content\/uploads\/2020\/01\/2001-Pisadas-sonambulas-Lusofonias-NAVI-preview.jpg 265w, https:\/\/agencevu.com\/wp-content\/uploads\/2020\/01\/2001-Pisadas-sonambulas-Lusofonias-NAVI-preview-80x56.jpg 80w\" sizes=\"(max-width: 265px) 100vw, 265px\" \/><\/a><div class='slide-content'><header class=\"entry-content-header\"><span class=\"blog-categories minor-meta\"> <a href=\"https:\/\/agencevu.com\/en\/annee\/2001-en\/\" rel=\"tag\">2001<\/a> <a href=\"https:\/\/agencevu.com\/en\/photographer\/jose-manuel-navia\/\" rel=\"tag\">Jos\u00e9 Manuel Navia<\/a> <a href=\"https:\/\/agencevu.com\/en\/section_taxonomy\/livres\/\" rel=\"tag\">livres<\/a> <\/span><h3 class='slide-entry-title entry-title'  itemprop=\"headline\" ><a href='https:\/\/agencevu.com\/en\/book\/pisadas-sonambulas-lusofonias\/' title='Pisadas sonambulas\u00a0: Lusofonias'>Pisadas sonambulas\u00a0: Lusofonias<\/a><\/h3><span class=\"av-vertical-delimiter\"><\/span><\/header><div class='slide-entry-excerpt entry-content'  itemprop=\"text\" >La F\u00e1brica - 2001<\/div><\/div><footer class=\"entry-footer\"><div class='slide-meta'><time class='slide-meta-time updated'  itemprop=\"datePublished\" datetime=\"2001-12-24T10:26:03+01:00\" >24 December 2001<\/time><\/div><\/footer><span class='hidden'>\n\t\t\t\t<span class='av-structured-data'  itemprop=\"image\" itemscope=\"itemscope\" itemtype=\"https:\/\/schema.org\/ImageObject\" >\n\t\t\t\t\t\t<span itemprop='url'>https:\/\/agencevu.com\/wp-content\/uploads\/2020\/01\/2001-Pisadas-sonambulas-Lusofonias-NAVI-preview.jpg<\/span>\n\t\t\t\t\t\t<span itemprop='height'>185<\/span>\n\t\t\t\t\t\t<span itemprop='width'>265<\/span>\n\t\t\t\t<\/span>\n\t\t\t\t<span class='av-structured-data'  itemprop=\"publisher\" itemtype=\"https:\/\/schema.org\/Organization\" itemscope=\"itemscope\" >\n\t\t\t\t\t\t<span itemprop='name'>Fanny Demichelis<\/span>\n\t\t\t\t\t\t<span itemprop='logo' itemscope itemtype='https:\/\/schema.org\/ImageObject'>\n\t\t\t\t\t\t\t<span itemprop='url'>\/wp-content\/uploads\/2021\/05\/logo-vert-2.svg<\/span>\n\t\t\t\t\t\t <\/span>\n\t\t\t\t<\/span><span class='av-structured-data'  itemprop=\"author\" itemscope=\"itemscope\" itemtype=\"https:\/\/schema.org\/Person\" ><span itemprop='name'>Fanny Demichelis<\/span><\/span><span class='av-structured-data'  itemprop=\"datePublished\" datetime=\"2000-02-24T10:26:02+01:00\" >2001-12-24 10:26:03<\/span><span class='av-structured-data'  itemprop=\"dateModified\" itemtype=\"https:\/\/schema.org\/dateModified\" >2021-04-26 10:57:22<\/span><span class='av-structured-data'  itemprop=\"mainEntityOfPage\" itemtype=\"https:\/\/schema.org\/mainEntityOfPage\" ><span itemprop='name'>Pisadas sonambulas\u00a0: Lusofonias<\/span><\/span><\/span><\/article><article class='slide-entry flex_column  post-entry post-entry-55103 slide-entry-overview slide-loop-21 slide-parity-odd  post-entry-last  av_one_third  real-thumbnail'  itemscope=\"itemscope\" itemtype=\"https:\/\/schema.org\/CreativeWork\" ><a href='https:\/\/agencevu.com\/en\/book\/navia-2000\/' data-rel='slide-5' class='slide-image' title=''><img width=\"127\" height=\"185\" src=\"https:\/\/agencevu.com\/wp-content\/uploads\/2020\/01\/2000-Photobolsillo-NAVI-preview.jpg\" class=\"wp-image-55101 avia-img-lazy-loading-55101 attachment-portfolio size-portfolio wp-post-image\" alt=\"\" loading=\"lazy\" srcset=\"https:\/\/agencevu.com\/wp-content\/uploads\/2020\/01\/2000-Photobolsillo-NAVI-preview.jpg 127w, https:\/\/agencevu.com\/wp-content\/uploads\/2020\/01\/2000-Photobolsillo-NAVI-preview-55x80.jpg 55w\" sizes=\"(max-width: 127px) 100vw, 127px\" \/><\/a><div class='slide-content'><header class=\"entry-content-header\"><span class=\"blog-categories minor-meta\"> <a href=\"https:\/\/agencevu.com\/en\/annee\/2000-en\/\" rel=\"tag\">2000<\/a> <a href=\"https:\/\/agencevu.com\/en\/photographer\/jose-manuel-navia\/\" rel=\"tag\">Jos\u00e9 Manuel Navia<\/a> <a href=\"https:\/\/agencevu.com\/en\/section_taxonomy\/livres\/\" rel=\"tag\">livres<\/a> <\/span><h3 class='slide-entry-title entry-title'  itemprop=\"headline\" ><a href='https:\/\/agencevu.com\/en\/book\/navia-2000\/' title='Navia'>Navia<\/a><\/h3><span class=\"av-vertical-delimiter\"><\/span><\/header><div class='slide-entry-excerpt entry-content'  itemprop=\"text\" >La Fabrica - 2000<\/div><\/div><footer class=\"entry-footer\"><div class='slide-meta'><time class='slide-meta-time updated'  itemprop=\"datePublished\" datetime=\"2000-02-24T10:26:02+01:00\" >24 February 2000<\/time><\/div><\/footer><span class='hidden'>\n\t\t\t\t<span class='av-structured-data'  itemprop=\"image\" itemscope=\"itemscope\" itemtype=\"https:\/\/schema.org\/ImageObject\" >\n\t\t\t\t\t\t<span itemprop='url'>https:\/\/agencevu.com\/wp-content\/uploads\/2020\/01\/2000-Photobolsillo-NAVI-preview.jpg<\/span>\n\t\t\t\t\t\t<span itemprop='height'>185<\/span>\n\t\t\t\t\t\t<span itemprop='width'>127<\/span>\n\t\t\t\t<\/span>\n\t\t\t\t<span class='av-structured-data'  itemprop=\"publisher\" itemtype=\"https:\/\/schema.org\/Organization\" itemscope=\"itemscope\" >\n\t\t\t\t\t\t<span itemprop='name'>Fanny Demichelis<\/span>\n\t\t\t\t\t\t<span itemprop='logo' itemscope itemtype='https:\/\/schema.org\/ImageObject'>\n\t\t\t\t\t\t\t<span itemprop='url'>\/wp-content\/uploads\/2021\/05\/logo-vert-2.svg<\/span>\n\t\t\t\t\t\t <\/span>\n\t\t\t\t<\/span><span class='av-structured-data'  itemprop=\"author\" itemscope=\"itemscope\" itemtype=\"https:\/\/schema.org\/Person\" ><span itemprop='name'>Fanny Demichelis<\/span><\/span><span class='av-structured-data'  itemprop=\"datePublished\" datetime=\"2000-02-24T10:26:02+01:00\" >2000-02-24 10:26:02<\/span><span class='av-structured-data'  itemprop=\"dateModified\" itemtype=\"https:\/\/schema.org\/dateModified\" >2021-05-17 18:58:29<\/span><span class='av-structured-data'  itemprop=\"mainEntityOfPage\" itemtype=\"https:\/\/schema.org\/mainEntityOfPage\" ><span itemprop='name'>Navia<\/span><\/span><\/span><\/article><\/div><\/div><\/div>\n<div  data-autoplay=''  data-interval='5'  data-animation='fade'  data-show_slide_delay='90'  class='avia-content-slider avia-content-grid-active avia-content-slider6 avia-content-slider-even   av-desktop-hide av-medium-hide av-small-hide'  itemscope=\"itemscope\" itemtype=\"https:\/\/schema.org\/Blog\" ><div class='avia-content-slider-inner'><div class='slide-entry-wrap'><article class='slide-entry flex_column  post-entry post-entry-220812 slide-entry-overview slide-loop-1 slide-parity-odd  av_one_half first real-thumbnail'  itemscope=\"itemscope\" itemtype=\"https:\/\/schema.org\/CreativeWork\" ><a href='https:\/\/agencevu.com\/en\/book\/un-reino-maravilloso\/' data-rel='slide-6' class='slide-image' title=''><img width=\"199\" height=\"182\" src=\"https:\/\/agencevu.com\/wp-content\/uploads\/2025\/03\/Couv.jpg\" class=\"wp-image-220810 avia-img-lazy-loading-220810 attachment-portfolio size-portfolio wp-post-image\" alt=\"\" loading=\"lazy\" srcset=\"https:\/\/agencevu.com\/wp-content\/uploads\/2025\/03\/Couv.jpg 199w, https:\/\/agencevu.com\/wp-content\/uploads\/2025\/03\/Couv-80x73.jpg 80w\" sizes=\"(max-width: 199px) 100vw, 199px\" \/><\/a><div class='slide-content'><header class=\"entry-content-header\"><span class=\"blog-categories minor-meta\"> <a href=\"https:\/\/agencevu.com\/en\/annee\/2025-en\/\" rel=\"tag\">2025<\/a> <a href=\"https:\/\/agencevu.com\/en\/photographer\/jose-manuel-navia\/\" rel=\"tag\">Jos\u00e9 Manuel Navia<\/a> <a href=\"https:\/\/agencevu.com\/en\/section_taxonomy\/livres\/\" rel=\"tag\">livres<\/a> <\/span><h3 class='slide-entry-title entry-title'  itemprop=\"headline\" ><a href='https:\/\/agencevu.com\/en\/book\/un-reino-maravilloso\/' title='Un reino maravilloso'>Un reino maravilloso<\/a><\/h3><span class=\"av-vertical-delimiter\"><\/span><\/header><div class='slide-entry-excerpt entry-content'  itemprop=\"text\" >Ediciones An\u00f3malas, en co\u00e9dition avec la Fondation Antonio P\u00e9rez - 2025<\/div><\/div><footer class=\"entry-footer\"><div class='slide-meta'><time class='slide-meta-time updated'  itemprop=\"datePublished\" datetime=\"2025-03-18T14:00:14+01:00\" >18 March 2025<\/time><\/div><\/footer><span class='hidden'>\n\t\t\t\t<span class='av-structured-data'  itemprop=\"image\" itemscope=\"itemscope\" itemtype=\"https:\/\/schema.org\/ImageObject\" >\n\t\t\t\t\t\t<span itemprop='url'>https:\/\/agencevu.com\/wp-content\/uploads\/2025\/03\/Couv.jpg<\/span>\n\t\t\t\t\t\t<span itemprop='height'>182<\/span>\n\t\t\t\t\t\t<span itemprop='width'>199<\/span>\n\t\t\t\t<\/span>\n\t\t\t\t<span class='av-structured-data'  itemprop=\"publisher\" itemtype=\"https:\/\/schema.org\/Organization\" itemscope=\"itemscope\" >\n\t\t\t\t\t\t<span itemprop='name'>Fanny Demichelis<\/span>\n\t\t\t\t\t\t<span itemprop='logo' itemscope itemtype='https:\/\/schema.org\/ImageObject'>\n\t\t\t\t\t\t\t<span itemprop='url'>\/wp-content\/uploads\/2021\/05\/logo-vert-2.svg<\/span>\n\t\t\t\t\t\t <\/span>\n\t\t\t\t<\/span><span class='av-structured-data'  itemprop=\"author\" itemscope=\"itemscope\" itemtype=\"https:\/\/schema.org\/Person\" ><span itemprop='name'>Fanny Demichelis<\/span><\/span><span class='av-structured-data'  itemprop=\"datePublished\" datetime=\"2000-02-24T10:26:02+01:00\" >2025-03-18 14:00:14<\/span><span class='av-structured-data'  itemprop=\"dateModified\" itemtype=\"https:\/\/schema.org\/dateModified\" >2025-03-18 14:26:46<\/span><span class='av-structured-data'  itemprop=\"mainEntityOfPage\" itemtype=\"https:\/\/schema.org\/mainEntityOfPage\" ><span itemprop='name'>Un reino maravilloso<\/span><\/span><\/span><\/article><article class='slide-entry flex_column  post-entry post-entry-151944 slide-entry-overview slide-loop-2 slide-parity-even  av_one_half  real-thumbnail'  itemscope=\"itemscope\" itemtype=\"https:\/\/schema.org\/CreativeWork\" ><a href='https:\/\/agencevu.com\/en\/book\/alma-tierra\/' data-rel='slide-6' class='slide-image' title=''><img width=\"139\" height=\"185\" src=\"https:\/\/agencevu.com\/wp-content\/uploads\/2021\/05\/unnamed.jpg\" class=\"wp-image-151903 avia-img-lazy-loading-151903 attachment-portfolio size-portfolio wp-post-image\" alt=\"\" loading=\"lazy\" srcset=\"https:\/\/agencevu.com\/wp-content\/uploads\/2021\/05\/unnamed.jpg 139w, https:\/\/agencevu.com\/wp-content\/uploads\/2021\/05\/unnamed-60x80.jpg 60w\" sizes=\"(max-width: 139px) 100vw, 139px\" \/><\/a><div class='slide-content'><header class=\"entry-content-header\"><span class=\"blog-categories minor-meta\"> <a href=\"https:\/\/agencevu.com\/en\/annee\/2019-en\/\" rel=\"tag\">2019<\/a> <a href=\"https:\/\/agencevu.com\/en\/photographer\/jose-manuel-navia\/\" rel=\"tag\">Jos\u00e9 Manuel Navia<\/a> <a href=\"https:\/\/agencevu.com\/en\/section_taxonomy\/livres\/\" rel=\"tag\">livres<\/a> <\/span><h3 class='slide-entry-title entry-title'  itemprop=\"headline\" ><a href='https:\/\/agencevu.com\/en\/book\/alma-tierra\/' title='Alma Tierra'>Alma Tierra<\/a><\/h3><span class=\"av-vertical-delimiter\"><\/span><\/header><div class='slide-entry-excerpt entry-content'  itemprop=\"text\" >Ediciones Anomalas & Acci\u00f3n Cultural Espa\u00f1ola  - 2019<\/div><\/div><footer class=\"entry-footer\"><div class='slide-meta'><time class='slide-meta-time updated'  itemprop=\"datePublished\" datetime=\"2019-05-05T16:42:51+02:00\" >5 May 2019<\/time><\/div><\/footer><span class='hidden'>\n\t\t\t\t<span class='av-structured-data'  itemprop=\"image\" itemscope=\"itemscope\" itemtype=\"https:\/\/schema.org\/ImageObject\" >\n\t\t\t\t\t\t<span itemprop='url'>https:\/\/agencevu.com\/wp-content\/uploads\/2021\/05\/unnamed.jpg<\/span>\n\t\t\t\t\t\t<span itemprop='height'>185<\/span>\n\t\t\t\t\t\t<span itemprop='width'>139<\/span>\n\t\t\t\t<\/span>\n\t\t\t\t<span class='av-structured-data'  itemprop=\"publisher\" itemtype=\"https:\/\/schema.org\/Organization\" itemscope=\"itemscope\" >\n\t\t\t\t\t\t<span itemprop='name'>Editorial<\/span>\n\t\t\t\t\t\t<span itemprop='logo' itemscope itemtype='https:\/\/schema.org\/ImageObject'>\n\t\t\t\t\t\t\t<span itemprop='url'>\/wp-content\/uploads\/2021\/05\/logo-vert-2.svg<\/span>\n\t\t\t\t\t\t <\/span>\n\t\t\t\t<\/span><span class='av-structured-data'  itemprop=\"author\" itemscope=\"itemscope\" itemtype=\"https:\/\/schema.org\/Person\" ><span itemprop='name'>Editorial<\/span><\/span><span class='av-structured-data'  itemprop=\"datePublished\" datetime=\"2000-02-24T10:26:02+01:00\" >2019-05-05 16:42:51<\/span><span class='av-structured-data'  itemprop=\"dateModified\" itemtype=\"https:\/\/schema.org\/dateModified\" >2021-05-05 16:50:04<\/span><span class='av-structured-data'  itemprop=\"mainEntityOfPage\" itemtype=\"https:\/\/schema.org\/mainEntityOfPage\" ><span itemprop='name'>Alma Tierra<\/span><\/span><\/span><\/article><\/div><div class='slide-entry-wrap'><article class='slide-entry flex_column  post-entry post-entry-54893 slide-entry-overview slide-loop-3 slide-parity-odd  av_one_half first real-thumbnail'  itemscope=\"itemscope\" itemtype=\"https:\/\/schema.org\/CreativeWork\" ><a href='https:\/\/agencevu.com\/en\/book\/navia-2018\/' data-rel='slide-6' class='slide-image' title=''><img width=\"133\" height=\"185\" src=\"https:\/\/agencevu.com\/wp-content\/uploads\/2020\/01\/2018-Photobolsillo-NAVI-preview.jpg\" class=\"wp-image-54881 avia-img-lazy-loading-54881 attachment-portfolio size-portfolio wp-post-image\" alt=\"\" loading=\"lazy\" srcset=\"https:\/\/agencevu.com\/wp-content\/uploads\/2020\/01\/2018-Photobolsillo-NAVI-preview.jpg 133w, https:\/\/agencevu.com\/wp-content\/uploads\/2020\/01\/2018-Photobolsillo-NAVI-preview-58x80.jpg 58w\" sizes=\"(max-width: 133px) 100vw, 133px\" \/><\/a><div class='slide-content'><header class=\"entry-content-header\"><span class=\"blog-categories minor-meta\"> <a href=\"https:\/\/agencevu.com\/en\/annee\/2018\/\" rel=\"tag\">2018<\/a> <a href=\"https:\/\/agencevu.com\/en\/photographer\/jose-manuel-navia\/\" rel=\"tag\">Jos\u00e9 Manuel Navia<\/a> <a href=\"https:\/\/agencevu.com\/en\/section_taxonomy\/livres\/\" rel=\"tag\">livres<\/a> <\/span><h3 class='slide-entry-title entry-title'  itemprop=\"headline\" ><a href='https:\/\/agencevu.com\/en\/book\/navia-2018\/' title='Navia'>Navia<\/a><\/h3><span class=\"av-vertical-delimiter\"><\/span><\/header><div class='slide-entry-excerpt entry-content'  itemprop=\"text\" >La Fabrica - 2018<\/div><\/div><footer class=\"entry-footer\"><div class='slide-meta'><time class='slide-meta-time updated'  itemprop=\"datePublished\" datetime=\"2018-03-24T10:26:32+01:00\" >24 March 2018<\/time><\/div><\/footer><span class='hidden'>\n\t\t\t\t<span class='av-structured-data'  itemprop=\"image\" itemscope=\"itemscope\" itemtype=\"https:\/\/schema.org\/ImageObject\" >\n\t\t\t\t\t\t<span itemprop='url'>https:\/\/agencevu.com\/wp-content\/uploads\/2020\/01\/2018-Photobolsillo-NAVI-preview.jpg<\/span>\n\t\t\t\t\t\t<span itemprop='height'>185<\/span>\n\t\t\t\t\t\t<span itemprop='width'>133<\/span>\n\t\t\t\t<\/span>\n\t\t\t\t<span class='av-structured-data'  itemprop=\"publisher\" itemtype=\"https:\/\/schema.org\/Organization\" itemscope=\"itemscope\" >\n\t\t\t\t\t\t<span itemprop='name'>Fanny Demichelis<\/span>\n\t\t\t\t\t\t<span itemprop='logo' itemscope itemtype='https:\/\/schema.org\/ImageObject'>\n\t\t\t\t\t\t\t<span itemprop='url'>\/wp-content\/uploads\/2021\/05\/logo-vert-2.svg<\/span>\n\t\t\t\t\t\t <\/span>\n\t\t\t\t<\/span><span class='av-structured-data'  itemprop=\"author\" itemscope=\"itemscope\" itemtype=\"https:\/\/schema.org\/Person\" ><span itemprop='name'>Fanny Demichelis<\/span><\/span><span class='av-structured-data'  itemprop=\"datePublished\" datetime=\"2000-02-24T10:26:02+01:00\" >2018-03-24 10:26:32<\/span><span class='av-structured-data'  itemprop=\"dateModified\" itemtype=\"https:\/\/schema.org\/dateModified\" >2021-05-17 19:00:51<\/span><span class='av-structured-data'  itemprop=\"mainEntityOfPage\" itemtype=\"https:\/\/schema.org\/mainEntityOfPage\" ><span itemprop='name'>Navia<\/span><\/span><\/span><\/article><article class='slide-entry flex_column  post-entry post-entry-151935 slide-entry-overview slide-loop-4 slide-parity-even  av_one_half  real-thumbnail'  itemscope=\"itemscope\" itemtype=\"https:\/\/schema.org\/CreativeWork\" ><a href='https:\/\/agencevu.com\/en\/book\/castilla\/' data-rel='slide-6' class='slide-image' title=''><img width=\"139\" height=\"215\" src=\"https:\/\/agencevu.com\/wp-content\/uploads\/2021\/05\/Cubierta_Delibes-Navia-3.jpg\" class=\"wp-image-151953 avia-img-lazy-loading-151953 attachment-portfolio size-portfolio wp-post-image\" alt=\"\" loading=\"lazy\" srcset=\"https:\/\/agencevu.com\/wp-content\/uploads\/2021\/05\/Cubierta_Delibes-Navia-3.jpg 139w, https:\/\/agencevu.com\/wp-content\/uploads\/2021\/05\/Cubierta_Delibes-Navia-3-52x80.jpg 52w\" sizes=\"(max-width: 139px) 100vw, 139px\" \/><\/a><div class='slide-content'><header class=\"entry-content-header\"><span class=\"blog-categories minor-meta\"> <a href=\"https:\/\/agencevu.com\/en\/annee\/2017-en\/\" rel=\"tag\">2017<\/a> <a href=\"https:\/\/agencevu.com\/en\/photographer\/jose-manuel-navia\/\" rel=\"tag\">Jos\u00e9 Manuel Navia<\/a> <a href=\"https:\/\/agencevu.com\/en\/section_taxonomy\/livres\/\" rel=\"tag\">livres<\/a> <\/span><h3 class='slide-entry-title entry-title'  itemprop=\"headline\" ><a href='https:\/\/agencevu.com\/en\/book\/castilla\/' title='Castilla'>Castilla<\/a><\/h3><span class=\"av-vertical-delimiter\"><\/span><\/header><div class='slide-entry-excerpt entry-content'  itemprop=\"text\" >Ken - 2017<\/div><\/div><footer class=\"entry-footer\"><div class='slide-meta'><time class='slide-meta-time updated'  itemprop=\"datePublished\" datetime=\"2017-11-05T16:50:32+01:00\" >5 November 2017<\/time><\/div><\/footer><span class='hidden'>\n\t\t\t\t<span class='av-structured-data'  itemprop=\"image\" itemscope=\"itemscope\" itemtype=\"https:\/\/schema.org\/ImageObject\" >\n\t\t\t\t\t\t<span itemprop='url'>https:\/\/agencevu.com\/wp-content\/uploads\/2021\/05\/Cubierta_Delibes-Navia-3.jpg<\/span>\n\t\t\t\t\t\t<span itemprop='height'>215<\/span>\n\t\t\t\t\t\t<span itemprop='width'>139<\/span>\n\t\t\t\t<\/span>\n\t\t\t\t<span class='av-structured-data'  itemprop=\"publisher\" itemtype=\"https:\/\/schema.org\/Organization\" itemscope=\"itemscope\" >\n\t\t\t\t\t\t<span itemprop='name'>Editorial<\/span>\n\t\t\t\t\t\t<span itemprop='logo' itemscope itemtype='https:\/\/schema.org\/ImageObject'>\n\t\t\t\t\t\t\t<span itemprop='url'>\/wp-content\/uploads\/2021\/05\/logo-vert-2.svg<\/span>\n\t\t\t\t\t\t <\/span>\n\t\t\t\t<\/span><span class='av-structured-data'  itemprop=\"author\" itemscope=\"itemscope\" itemtype=\"https:\/\/schema.org\/Person\" ><span itemprop='name'>Editorial<\/span><\/span><span class='av-structured-data'  itemprop=\"datePublished\" datetime=\"2000-02-24T10:26:02+01:00\" >2017-11-05 16:50:32<\/span><span class='av-structured-data'  itemprop=\"dateModified\" itemtype=\"https:\/\/schema.org\/dateModified\" >2021-05-05 16:52:32<\/span><span class='av-structured-data'  itemprop=\"mainEntityOfPage\" itemtype=\"https:\/\/schema.org\/mainEntityOfPage\" ><span itemprop='name'>Castilla<\/span><\/span><\/span><\/article><\/div><div class='slide-entry-wrap'><article class='slide-entry flex_column  post-entry post-entry-151926 slide-entry-overview slide-loop-5 slide-parity-odd  av_one_half first real-thumbnail'  itemscope=\"itemscope\" itemtype=\"https:\/\/schema.org\/CreativeWork\" ><a href='https:\/\/agencevu.com\/en\/book\/salzillo-la-vida-en-torno\/' data-rel='slide-6' class='slide-image' title=''><img width=\"133\" height=\"185\" src=\"https:\/\/agencevu.com\/wp-content\/uploads\/2021\/05\/00_portada-Navia-definitiva-736x1024-1.jpg\" class=\"wp-image-151883 avia-img-lazy-loading-151883 attachment-portfolio size-portfolio wp-post-image\" alt=\"\" loading=\"lazy\" srcset=\"https:\/\/agencevu.com\/wp-content\/uploads\/2021\/05\/00_portada-Navia-definitiva-736x1024-1.jpg 133w, https:\/\/agencevu.com\/wp-content\/uploads\/2021\/05\/00_portada-Navia-definitiva-736x1024-1-58x80.jpg 58w\" sizes=\"(max-width: 133px) 100vw, 133px\" \/><\/a><div class='slide-content'><header class=\"entry-content-header\"><span class=\"blog-categories minor-meta\"> <a href=\"https:\/\/agencevu.com\/en\/annee\/2017-en\/\" rel=\"tag\">2017<\/a> <a href=\"https:\/\/agencevu.com\/en\/photographer\/jose-manuel-navia\/\" rel=\"tag\">Jos\u00e9 Manuel Navia<\/a> <a href=\"https:\/\/agencevu.com\/en\/section_taxonomy\/livres\/\" rel=\"tag\">livres<\/a> <\/span><h3 class='slide-entry-title entry-title'  itemprop=\"headline\" ><a href='https:\/\/agencevu.com\/en\/book\/salzillo-la-vida-en-torno\/' title='Salzillo. La vida en torno'>Salzillo. La vida en torno<\/a><\/h3><span class=\"av-vertical-delimiter\"><\/span><\/header><div class='slide-entry-excerpt entry-content'  itemprop=\"text\" >Ayuntamiento de Murcia. Concejal\u00eda de Cultura - 2017<\/div><\/div><footer class=\"entry-footer\"><div class='slide-meta'><time class='slide-meta-time updated'  itemprop=\"datePublished\" datetime=\"2017-04-05T16:50:33+02:00\" >5 April 2017<\/time><\/div><\/footer><span class='hidden'>\n\t\t\t\t<span class='av-structured-data'  itemprop=\"image\" itemscope=\"itemscope\" itemtype=\"https:\/\/schema.org\/ImageObject\" >\n\t\t\t\t\t\t<span itemprop='url'>https:\/\/agencevu.com\/wp-content\/uploads\/2021\/05\/00_portada-Navia-definitiva-736x1024-1.jpg<\/span>\n\t\t\t\t\t\t<span itemprop='height'>185<\/span>\n\t\t\t\t\t\t<span itemprop='width'>133<\/span>\n\t\t\t\t<\/span>\n\t\t\t\t<span class='av-structured-data'  itemprop=\"publisher\" itemtype=\"https:\/\/schema.org\/Organization\" itemscope=\"itemscope\" >\n\t\t\t\t\t\t<span itemprop='name'>Editorial<\/span>\n\t\t\t\t\t\t<span itemprop='logo' itemscope itemtype='https:\/\/schema.org\/ImageObject'>\n\t\t\t\t\t\t\t<span itemprop='url'>\/wp-content\/uploads\/2021\/05\/logo-vert-2.svg<\/span>\n\t\t\t\t\t\t <\/span>\n\t\t\t\t<\/span><span class='av-structured-data'  itemprop=\"author\" itemscope=\"itemscope\" itemtype=\"https:\/\/schema.org\/Person\" ><span itemprop='name'>Editorial<\/span><\/span><span class='av-structured-data'  itemprop=\"datePublished\" datetime=\"2000-02-24T10:26:02+01:00\" >2017-04-05 16:50:33<\/span><span class='av-structured-data'  itemprop=\"dateModified\" itemtype=\"https:\/\/schema.org\/dateModified\" >2021-05-05 16:59:24<\/span><span class='av-structured-data'  itemprop=\"mainEntityOfPage\" itemtype=\"https:\/\/schema.org\/mainEntityOfPage\" ><span itemprop='name'>Salzillo. La vida en torno<\/span><\/span><\/span><\/article><article class='slide-entry flex_column  post-entry post-entry-54898 slide-entry-overview slide-loop-6 slide-parity-even  av_one_half  real-thumbnail'  itemscope=\"itemscope\" itemtype=\"https:\/\/schema.org\/CreativeWork\" ><a href='https:\/\/agencevu.com\/en\/book\/miguel-de-cervantes-or-the-wish-to-live\/' data-rel='slide-6' class='slide-image' title=''><img width=\"209\" height=\"185\" src=\"https:\/\/agencevu.com\/wp-content\/uploads\/2020\/01\/2015-Miguel-de-Cervantes-or-the-Wish-to-Live-NAVI-preview.jpg\" class=\"wp-image-54900 avia-img-lazy-loading-54900 attachment-portfolio size-portfolio wp-post-image\" alt=\"\" loading=\"lazy\" srcset=\"https:\/\/agencevu.com\/wp-content\/uploads\/2020\/01\/2015-Miguel-de-Cervantes-or-the-Wish-to-Live-NAVI-preview.jpg 209w, https:\/\/agencevu.com\/wp-content\/uploads\/2020\/01\/2015-Miguel-de-Cervantes-or-the-Wish-to-Live-NAVI-preview-80x71.jpg 80w\" sizes=\"(max-width: 209px) 100vw, 209px\" \/><\/a><div class='slide-content'><header class=\"entry-content-header\"><span class=\"blog-categories minor-meta\"> <a href=\"https:\/\/agencevu.com\/en\/annee\/2015-en\/\" rel=\"tag\">2015<\/a> <a href=\"https:\/\/agencevu.com\/en\/photographer\/jose-manuel-navia\/\" rel=\"tag\">Jos\u00e9 Manuel Navia<\/a> <a href=\"https:\/\/agencevu.com\/en\/section_taxonomy\/livres\/\" rel=\"tag\">livres<\/a> <\/span><h3 class='slide-entry-title entry-title'  itemprop=\"headline\" ><a href='https:\/\/agencevu.com\/en\/book\/miguel-de-cervantes-or-the-wish-to-live\/' title='Miguel de Cervantes or the Wish to Live'>Miguel de Cervantes or the Wish to Live<\/a><\/h3><span class=\"av-vertical-delimiter\"><\/span><\/header><div class='slide-entry-excerpt entry-content'  itemprop=\"text\" >Ediciones Anomalas - 2015<\/div><\/div><footer class=\"entry-footer\"><div class='slide-meta'><time class='slide-meta-time updated'  itemprop=\"datePublished\" datetime=\"2015-12-24T10:26:16+01:00\" >24 December 2015<\/time><\/div><\/footer><span class='hidden'>\n\t\t\t\t<span class='av-structured-data'  itemprop=\"image\" itemscope=\"itemscope\" itemtype=\"https:\/\/schema.org\/ImageObject\" >\n\t\t\t\t\t\t<span itemprop='url'>https:\/\/agencevu.com\/wp-content\/uploads\/2020\/01\/2015-Miguel-de-Cervantes-or-the-Wish-to-Live-NAVI-preview.jpg<\/span>\n\t\t\t\t\t\t<span itemprop='height'>185<\/span>\n\t\t\t\t\t\t<span itemprop='width'>209<\/span>\n\t\t\t\t<\/span>\n\t\t\t\t<span class='av-structured-data'  itemprop=\"publisher\" itemtype=\"https:\/\/schema.org\/Organization\" itemscope=\"itemscope\" >\n\t\t\t\t\t\t<span itemprop='name'>Fanny Demichelis<\/span>\n\t\t\t\t\t\t<span itemprop='logo' itemscope itemtype='https:\/\/schema.org\/ImageObject'>\n\t\t\t\t\t\t\t<span itemprop='url'>\/wp-content\/uploads\/2021\/05\/logo-vert-2.svg<\/span>\n\t\t\t\t\t\t <\/span>\n\t\t\t\t<\/span><span class='av-structured-data'  itemprop=\"author\" itemscope=\"itemscope\" itemtype=\"https:\/\/schema.org\/Person\" ><span itemprop='name'>Fanny Demichelis<\/span><\/span><span class='av-structured-data'  itemprop=\"datePublished\" datetime=\"2000-02-24T10:26:02+01:00\" >2015-12-24 10:26:16<\/span><span class='av-structured-data'  itemprop=\"dateModified\" itemtype=\"https:\/\/schema.org\/dateModified\" >2021-04-26 10:57:48<\/span><span class='av-structured-data'  itemprop=\"mainEntityOfPage\" itemtype=\"https:\/\/schema.org\/mainEntityOfPage\" ><span itemprop='name'>Miguel de Cervantes or the Wish to Live<\/span><\/span><\/span><\/article><\/div><div class='slide-entry-wrap'><article class='slide-entry flex_column  post-entry post-entry-151922 slide-entry-overview slide-loop-7 slide-parity-odd  av_one_half first real-thumbnail'  itemscope=\"itemscope\" itemtype=\"https:\/\/schema.org\/CreativeWork\" ><a href='https:\/\/agencevu.com\/en\/book\/cuenca-en-la-mirada-2\/' data-rel='slide-6' class='slide-image' title=''><img width=\"495\" height=\"400\" src=\"https:\/\/agencevu.com\/wp-content\/uploads\/2021\/05\/couv-3-495x400.jpg\" class=\"wp-image-151873 avia-img-lazy-loading-151873 attachment-portfolio size-portfolio wp-post-image\" alt=\"\" loading=\"lazy\" \/><\/a><div class='slide-content'><header class=\"entry-content-header\"><span class=\"blog-categories minor-meta\"> <a href=\"https:\/\/agencevu.com\/en\/annee\/2014\/\" rel=\"tag\">2014<\/a> <a href=\"https:\/\/agencevu.com\/en\/photographer\/jose-manuel-navia\/\" rel=\"tag\">Jos\u00e9 Manuel Navia<\/a> <a href=\"https:\/\/agencevu.com\/en\/section_taxonomy\/livres\/\" rel=\"tag\">livres<\/a> <\/span><h3 class='slide-entry-title entry-title'  itemprop=\"headline\" ><a href='https:\/\/agencevu.com\/en\/book\/cuenca-en-la-mirada-2\/' title='Cuenca en la mirada'>Cuenca en la mirada<\/a><\/h3><span class=\"av-vertical-delimiter\"><\/span><\/header><div class='slide-entry-excerpt entry-content'  itemprop=\"text\" >Ediciones An\u00f3malas - 2014<\/div><\/div><footer class=\"entry-footer\"><div class='slide-meta'><time class='slide-meta-time updated'  itemprop=\"datePublished\" datetime=\"2014-10-05T16:50:35+02:00\" >5 October 2014<\/time><\/div><\/footer><span class='hidden'>\n\t\t\t\t<span class='av-structured-data'  itemprop=\"image\" itemscope=\"itemscope\" itemtype=\"https:\/\/schema.org\/ImageObject\" >\n\t\t\t\t\t\t<span itemprop='url'>https:\/\/agencevu.com\/wp-content\/uploads\/2021\/05\/couv-3.jpg<\/span>\n\t\t\t\t\t\t<span itemprop='height'>678<\/span>\n\t\t\t\t\t\t<span itemprop='width'>570<\/span>\n\t\t\t\t<\/span>\n\t\t\t\t<span class='av-structured-data'  itemprop=\"publisher\" itemtype=\"https:\/\/schema.org\/Organization\" itemscope=\"itemscope\" >\n\t\t\t\t\t\t<span itemprop='name'>Editorial<\/span>\n\t\t\t\t\t\t<span itemprop='logo' itemscope itemtype='https:\/\/schema.org\/ImageObject'>\n\t\t\t\t\t\t\t<span itemprop='url'>\/wp-content\/uploads\/2021\/05\/logo-vert-2.svg<\/span>\n\t\t\t\t\t\t <\/span>\n\t\t\t\t<\/span><span class='av-structured-data'  itemprop=\"author\" itemscope=\"itemscope\" itemtype=\"https:\/\/schema.org\/Person\" ><span itemprop='name'>Editorial<\/span><\/span><span class='av-structured-data'  itemprop=\"datePublished\" datetime=\"2000-02-24T10:26:02+01:00\" >2014-10-05 16:50:35<\/span><span class='av-structured-data'  itemprop=\"dateModified\" itemtype=\"https:\/\/schema.org\/dateModified\" >2021-05-05 16:59:01<\/span><span class='av-structured-data'  itemprop=\"mainEntityOfPage\" itemtype=\"https:\/\/schema.org\/mainEntityOfPage\" ><span itemprop='name'>Cuenca en la mirada<\/span><\/span><\/span><\/article><article class='slide-entry flex_column  post-entry post-entry-151915 slide-entry-overview slide-loop-8 slide-parity-even  av_one_half  real-thumbnail'  itemscope=\"itemscope\" itemtype=\"https:\/\/schema.org\/CreativeWork\" ><a href='https:\/\/agencevu.com\/en\/book\/luz-y-sombra\/' data-rel='slide-6' class='slide-image' title=''><img width=\"189\" height=\"185\" src=\"https:\/\/agencevu.com\/wp-content\/uploads\/2021\/05\/00_Luz-y-Sombra-Navia.jpg\" class=\"wp-image-151863 avia-img-lazy-loading-151863 attachment-portfolio size-portfolio wp-post-image\" alt=\"\" loading=\"lazy\" srcset=\"https:\/\/agencevu.com\/wp-content\/uploads\/2021\/05\/00_Luz-y-Sombra-Navia.jpg 189w, https:\/\/agencevu.com\/wp-content\/uploads\/2021\/05\/00_Luz-y-Sombra-Navia-80x78.jpg 80w, https:\/\/agencevu.com\/wp-content\/uploads\/2021\/05\/00_Luz-y-Sombra-Navia-36x36.jpg 36w\" sizes=\"(max-width: 189px) 100vw, 189px\" \/><\/a><div class='slide-content'><header class=\"entry-content-header\"><span class=\"blog-categories minor-meta\"> <a href=\"https:\/\/agencevu.com\/en\/annee\/2014\/\" rel=\"tag\">2014<\/a> <a href=\"https:\/\/agencevu.com\/en\/photographer\/jose-manuel-navia\/\" rel=\"tag\">Jos\u00e9 Manuel Navia<\/a> <a href=\"https:\/\/agencevu.com\/en\/section_taxonomy\/livres\/\" rel=\"tag\">livres<\/a> <\/span><h3 class='slide-entry-title entry-title'  itemprop=\"headline\" ><a href='https:\/\/agencevu.com\/en\/book\/luz-y-sombra\/' title='Luz y sombra'>Luz y sombra<\/a><\/h3><span class=\"av-vertical-delimiter\"><\/span><\/header><div class='slide-entry-excerpt entry-content'  itemprop=\"text\" >Real Maestranza de Caballer\u00eda de Sevilla - 2014<\/div><\/div><footer class=\"entry-footer\"><div class='slide-meta'><time class='slide-meta-time updated'  itemprop=\"datePublished\" datetime=\"2014-04-05T16:50:36+02:00\" >5 April 2014<\/time><\/div><\/footer><span class='hidden'>\n\t\t\t\t<span class='av-structured-data'  itemprop=\"image\" itemscope=\"itemscope\" itemtype=\"https:\/\/schema.org\/ImageObject\" >\n\t\t\t\t\t\t<span itemprop='url'>https:\/\/agencevu.com\/wp-content\/uploads\/2021\/05\/00_Luz-y-Sombra-Navia.jpg<\/span>\n\t\t\t\t\t\t<span itemprop='height'>185<\/span>\n\t\t\t\t\t\t<span itemprop='width'>189<\/span>\n\t\t\t\t<\/span>\n\t\t\t\t<span class='av-structured-data'  itemprop=\"publisher\" itemtype=\"https:\/\/schema.org\/Organization\" itemscope=\"itemscope\" >\n\t\t\t\t\t\t<span itemprop='name'>Editorial<\/span>\n\t\t\t\t\t\t<span itemprop='logo' itemscope itemtype='https:\/\/schema.org\/ImageObject'>\n\t\t\t\t\t\t\t<span itemprop='url'>\/wp-content\/uploads\/2021\/05\/logo-vert-2.svg<\/span>\n\t\t\t\t\t\t <\/span>\n\t\t\t\t<\/span><span class='av-structured-data'  itemprop=\"author\" itemscope=\"itemscope\" itemtype=\"https:\/\/schema.org\/Person\" ><span itemprop='name'>Editorial<\/span><\/span><span class='av-structured-data'  itemprop=\"datePublished\" datetime=\"2000-02-24T10:26:02+01:00\" >2014-04-05 16:50:36<\/span><span class='av-structured-data'  itemprop=\"dateModified\" itemtype=\"https:\/\/schema.org\/dateModified\" >2021-05-05 16:58:52<\/span><span class='av-structured-data'  itemprop=\"mainEntityOfPage\" itemtype=\"https:\/\/schema.org\/mainEntityOfPage\" ><span itemprop='name'>Luz y sombra<\/span><\/span><\/span><\/article><\/div><div class='slide-entry-wrap'><article class='slide-entry flex_column  post-entry post-entry-54915 slide-entry-overview slide-loop-9 slide-parity-odd  av_one_half first real-thumbnail'  itemscope=\"itemscope\" itemtype=\"https:\/\/schema.org\/CreativeWork\" ><a href='https:\/\/agencevu.com\/en\/book\/nosto\/' data-rel='slide-6' class='slide-image' title=''><img width=\"132\" height=\"185\" src=\"https:\/\/agencevu.com\/wp-content\/uploads\/2020\/01\/41J-PSZomOL._SL500_.jpg\" class=\"wp-image-54917 avia-img-lazy-loading-54917 attachment-portfolio size-portfolio wp-post-image\" alt=\"\" loading=\"lazy\" srcset=\"https:\/\/agencevu.com\/wp-content\/uploads\/2020\/01\/41J-PSZomOL._SL500_.jpg 132w, https:\/\/agencevu.com\/wp-content\/uploads\/2020\/01\/41J-PSZomOL._SL500_-57x80.jpg 57w\" sizes=\"(max-width: 132px) 100vw, 132px\" \/><\/a><div class='slide-content'><header class=\"entry-content-header\"><span class=\"blog-categories minor-meta\"> <a href=\"https:\/\/agencevu.com\/en\/annee\/2013\/\" rel=\"tag\">2013<\/a> <a href=\"https:\/\/agencevu.com\/en\/photographer\/jose-manuel-navia\/\" rel=\"tag\">Jos\u00e9 Manuel Navia<\/a> <a href=\"https:\/\/agencevu.com\/en\/section_taxonomy\/livres\/\" rel=\"tag\">livres<\/a> <\/span><h3 class='slide-entry-title entry-title'  itemprop=\"headline\" ><a href='https:\/\/agencevu.com\/en\/book\/nosto\/' title='N\u00f3sto'>N\u00f3sto<\/a><\/h3><span class=\"av-vertical-delimiter\"><\/span><\/header><div class='slide-entry-excerpt entry-content'  itemprop=\"text\" >Ediciones Anomalas - 2013<\/div><\/div><footer class=\"entry-footer\"><div class='slide-meta'><time class='slide-meta-time updated'  itemprop=\"datePublished\" datetime=\"2013-08-24T10:26:30+02:00\" >24 August 2013<\/time><\/div><\/footer><span class='hidden'>\n\t\t\t\t<span class='av-structured-data'  itemprop=\"image\" itemscope=\"itemscope\" itemtype=\"https:\/\/schema.org\/ImageObject\" >\n\t\t\t\t\t\t<span itemprop='url'>https:\/\/agencevu.com\/wp-content\/uploads\/2020\/01\/41J-PSZomOL._SL500_.jpg<\/span>\n\t\t\t\t\t\t<span itemprop='height'>185<\/span>\n\t\t\t\t\t\t<span itemprop='width'>132<\/span>\n\t\t\t\t<\/span>\n\t\t\t\t<span class='av-structured-data'  itemprop=\"publisher\" itemtype=\"https:\/\/schema.org\/Organization\" itemscope=\"itemscope\" >\n\t\t\t\t\t\t<span itemprop='name'>Fanny Demichelis<\/span>\n\t\t\t\t\t\t<span itemprop='logo' itemscope itemtype='https:\/\/schema.org\/ImageObject'>\n\t\t\t\t\t\t\t<span itemprop='url'>\/wp-content\/uploads\/2021\/05\/logo-vert-2.svg<\/span>\n\t\t\t\t\t\t <\/span>\n\t\t\t\t<\/span><span class='av-structured-data'  itemprop=\"author\" itemscope=\"itemscope\" itemtype=\"https:\/\/schema.org\/Person\" ><span itemprop='name'>Fanny Demichelis<\/span><\/span><span class='av-structured-data'  itemprop=\"datePublished\" datetime=\"2000-02-24T10:26:02+01:00\" >2013-08-24 10:26:30<\/span><span class='av-structured-data'  itemprop=\"dateModified\" itemtype=\"https:\/\/schema.org\/dateModified\" >2021-04-26 10:44:05<\/span><span class='av-structured-data'  itemprop=\"mainEntityOfPage\" itemtype=\"https:\/\/schema.org\/mainEntityOfPage\" ><span itemprop='name'>N\u00f3sto<\/span><\/span><\/span><\/article><article class='slide-entry flex_column  post-entry post-entry-54945 slide-entry-overview slide-loop-10 slide-parity-even  av_one_half  real-thumbnail'  itemscope=\"itemscope\" itemtype=\"https:\/\/schema.org\/CreativeWork\" ><a href='https:\/\/agencevu.com\/en\/book\/un-madrid-literario\/' data-rel='slide-6' class='slide-image' title=''><img width=\"162\" height=\"185\" src=\"https:\/\/agencevu.com\/wp-content\/uploads\/2020\/01\/2009-Un-Madrid-literario-NAVI-preview.jpg\" class=\"wp-image-54943 avia-img-lazy-loading-54943 attachment-portfolio size-portfolio wp-post-image\" alt=\"\" loading=\"lazy\" srcset=\"https:\/\/agencevu.com\/wp-content\/uploads\/2020\/01\/2009-Un-Madrid-literario-NAVI-preview.jpg 162w, https:\/\/agencevu.com\/wp-content\/uploads\/2020\/01\/2009-Un-Madrid-literario-NAVI-preview-70x80.jpg 70w\" sizes=\"(max-width: 162px) 100vw, 162px\" \/><\/a><div class='slide-content'><header class=\"entry-content-header\"><span class=\"blog-categories minor-meta\"> <a href=\"https:\/\/agencevu.com\/en\/annee\/2013\/\" rel=\"tag\">2013<\/a> <a href=\"https:\/\/agencevu.com\/en\/photographer\/jose-manuel-navia\/\" rel=\"tag\">Jos\u00e9 Manuel Navia<\/a> <a href=\"https:\/\/agencevu.com\/en\/section_taxonomy\/livres\/\" rel=\"tag\">livres<\/a> <\/span><h3 class='slide-entry-title entry-title'  itemprop=\"headline\" ><a href='https:\/\/agencevu.com\/en\/book\/un-madrid-literario\/' title='Un Madrid literario'>Un Madrid literario<\/a><\/h3><span class=\"av-vertical-delimiter\"><\/span><\/header><div class='slide-entry-excerpt entry-content'  itemprop=\"text\" >Ediciones Anomalas - 2013<\/div><\/div><footer class=\"entry-footer\"><div class='slide-meta'><time class='slide-meta-time updated'  itemprop=\"datePublished\" datetime=\"2009-02-24T10:26:28+01:00\" >24 February 2009<\/time><\/div><\/footer><span class='hidden'>\n\t\t\t\t<span class='av-structured-data'  itemprop=\"image\" itemscope=\"itemscope\" itemtype=\"https:\/\/schema.org\/ImageObject\" >\n\t\t\t\t\t\t<span itemprop='url'>https:\/\/agencevu.com\/wp-content\/uploads\/2020\/01\/2009-Un-Madrid-literario-NAVI-preview.jpg<\/span>\n\t\t\t\t\t\t<span itemprop='height'>185<\/span>\n\t\t\t\t\t\t<span itemprop='width'>162<\/span>\n\t\t\t\t<\/span>\n\t\t\t\t<span class='av-structured-data'  itemprop=\"publisher\" itemtype=\"https:\/\/schema.org\/Organization\" itemscope=\"itemscope\" >\n\t\t\t\t\t\t<span itemprop='name'>Fanny Demichelis<\/span>\n\t\t\t\t\t\t<span itemprop='logo' itemscope itemtype='https:\/\/schema.org\/ImageObject'>\n\t\t\t\t\t\t\t<span itemprop='url'>\/wp-content\/uploads\/2021\/05\/logo-vert-2.svg<\/span>\n\t\t\t\t\t\t <\/span>\n\t\t\t\t<\/span><span class='av-structured-data'  itemprop=\"author\" itemscope=\"itemscope\" itemtype=\"https:\/\/schema.org\/Person\" ><span itemprop='name'>Fanny Demichelis<\/span><\/span><span class='av-structured-data'  itemprop=\"datePublished\" datetime=\"2000-02-24T10:26:02+01:00\" >2009-02-24 10:26:28<\/span><span class='av-structured-data'  itemprop=\"dateModified\" itemtype=\"https:\/\/schema.org\/dateModified\" >2021-04-26 10:44:21<\/span><span class='av-structured-data'  itemprop=\"mainEntityOfPage\" itemtype=\"https:\/\/schema.org\/mainEntityOfPage\" ><span itemprop='name'>Un Madrid literario<\/span><\/span><\/span><\/article><\/div><div class='slide-entry-wrap'><article class='slide-entry flex_column  post-entry post-entry-54961 slide-entry-overview slide-loop-11 slide-parity-odd  av_one_half first real-thumbnail'  itemscope=\"itemscope\" itemtype=\"https:\/\/schema.org\/CreativeWork\" ><a href='https:\/\/agencevu.com\/en\/book\/ciudades-patrimonio-de-la-humanidad-trece-joyas-de-espana\/' data-rel='slide-6' class='slide-image' title=''><img width=\"133\" height=\"185\" src=\"https:\/\/agencevu.com\/wp-content\/uploads\/2020\/01\/2008-Ciudades-Patrimonio-de-la-humanidad.-Trece-joyas-de-Espana-NAVI-preview.jpg\" class=\"wp-image-54959 avia-img-lazy-loading-54959 attachment-portfolio size-portfolio wp-post-image\" alt=\"\" loading=\"lazy\" srcset=\"https:\/\/agencevu.com\/wp-content\/uploads\/2020\/01\/2008-Ciudades-Patrimonio-de-la-humanidad.-Trece-joyas-de-Espana-NAVI-preview.jpg 133w, https:\/\/agencevu.com\/wp-content\/uploads\/2020\/01\/2008-Ciudades-Patrimonio-de-la-humanidad.-Trece-joyas-de-Espana-NAVI-preview-58x80.jpg 58w\" sizes=\"(max-width: 133px) 100vw, 133px\" \/><\/a><div class='slide-content'><header class=\"entry-content-header\"><span class=\"blog-categories minor-meta\"> <a href=\"https:\/\/agencevu.com\/en\/annee\/2008\/\" rel=\"tag\">2008<\/a> <a href=\"https:\/\/agencevu.com\/en\/photographer\/jose-manuel-navia\/\" rel=\"tag\">Jos\u00e9 Manuel Navia<\/a> <a href=\"https:\/\/agencevu.com\/en\/section_taxonomy\/livres\/\" rel=\"tag\">livres<\/a> <\/span><h3 class='slide-entry-title entry-title'  itemprop=\"headline\" ><a href='https:\/\/agencevu.com\/en\/book\/ciudades-patrimonio-de-la-humanidad-trece-joyas-de-espana\/' title='Ciudades Patrimonio de La Humanidad. Trece joyas de Espana'>Ciudades Patrimonio de La Humanidad. Trece joyas de Espana<\/a><\/h3><span class=\"av-vertical-delimiter\"><\/span><\/header><div class='slide-entry-excerpt entry-content'  itemprop=\"text\" >La Fabrica - 2008<\/div><\/div><footer class=\"entry-footer\"><div class='slide-meta'><time class='slide-meta-time updated'  itemprop=\"datePublished\" datetime=\"2008-02-24T10:26:25+01:00\" >24 February 2008<\/time><\/div><\/footer><span class='hidden'>\n\t\t\t\t<span class='av-structured-data'  itemprop=\"image\" itemscope=\"itemscope\" itemtype=\"https:\/\/schema.org\/ImageObject\" >\n\t\t\t\t\t\t<span itemprop='url'>https:\/\/agencevu.com\/wp-content\/uploads\/2020\/01\/2008-Ciudades-Patrimonio-de-la-humanidad.-Trece-joyas-de-Espana-NAVI-preview.jpg<\/span>\n\t\t\t\t\t\t<span itemprop='height'>185<\/span>\n\t\t\t\t\t\t<span itemprop='width'>133<\/span>\n\t\t\t\t<\/span>\n\t\t\t\t<span class='av-structured-data'  itemprop=\"publisher\" itemtype=\"https:\/\/schema.org\/Organization\" itemscope=\"itemscope\" >\n\t\t\t\t\t\t<span itemprop='name'>Fanny Demichelis<\/span>\n\t\t\t\t\t\t<span itemprop='logo' itemscope itemtype='https:\/\/schema.org\/ImageObject'>\n\t\t\t\t\t\t\t<span itemprop='url'>\/wp-content\/uploads\/2021\/05\/logo-vert-2.svg<\/span>\n\t\t\t\t\t\t <\/span>\n\t\t\t\t<\/span><span class='av-structured-data'  itemprop=\"author\" itemscope=\"itemscope\" itemtype=\"https:\/\/schema.org\/Person\" ><span itemprop='name'>Fanny Demichelis<\/span><\/span><span class='av-structured-data'  itemprop=\"datePublished\" datetime=\"2000-02-24T10:26:02+01:00\" >2008-02-24 10:26:25<\/span><span class='av-structured-data'  itemprop=\"dateModified\" itemtype=\"https:\/\/schema.org\/dateModified\" >2021-04-26 10:44:35<\/span><span class='av-structured-data'  itemprop=\"mainEntityOfPage\" itemtype=\"https:\/\/schema.org\/mainEntityOfPage\" ><span itemprop='name'>Ciudades Patrimonio de La Humanidad. Trece joyas de Espana<\/span><\/span><\/span><\/article><article class='slide-entry flex_column  post-entry post-entry-54977 slide-entry-overview slide-loop-12 slide-parity-even  av_one_half  real-thumbnail'  itemscope=\"itemscope\" itemtype=\"https:\/\/schema.org\/CreativeWork\" ><a href='https:\/\/agencevu.com\/en\/book\/antonio-machado-miradas\/' data-rel='slide-6' class='slide-image' title=''><img width=\"146\" height=\"185\" src=\"https:\/\/agencevu.com\/wp-content\/uploads\/2020\/01\/2007-Antonio-Machado-Miradas-NAVI-preview.jpg\" class=\"wp-image-54975 avia-img-lazy-loading-54975 attachment-portfolio size-portfolio wp-post-image\" alt=\"\" loading=\"lazy\" srcset=\"https:\/\/agencevu.com\/wp-content\/uploads\/2020\/01\/2007-Antonio-Machado-Miradas-NAVI-preview.jpg 146w, https:\/\/agencevu.com\/wp-content\/uploads\/2020\/01\/2007-Antonio-Machado-Miradas-NAVI-preview-63x80.jpg 63w\" sizes=\"(max-width: 146px) 100vw, 146px\" \/><\/a><div class='slide-content'><header class=\"entry-content-header\"><span class=\"blog-categories minor-meta\"> <a href=\"https:\/\/agencevu.com\/en\/annee\/2007-en\/\" rel=\"tag\">2007<\/a> <a href=\"https:\/\/agencevu.com\/en\/photographer\/jose-manuel-navia\/\" rel=\"tag\">Jos\u00e9 Manuel Navia<\/a> <a href=\"https:\/\/agencevu.com\/en\/section_taxonomy\/livres\/\" rel=\"tag\">livres<\/a> <\/span><h3 class='slide-entry-title entry-title'  itemprop=\"headline\" ><a href='https:\/\/agencevu.com\/en\/book\/antonio-machado-miradas\/' title='Antonio Machado Miradas'>Antonio Machado Miradas<\/a><\/h3><span class=\"av-vertical-delimiter\"><\/span><\/header><div class='slide-entry-excerpt entry-content'  itemprop=\"text\" >Caja Duero - 2007<\/div><\/div><footer class=\"entry-footer\"><div class='slide-meta'><time class='slide-meta-time updated'  itemprop=\"datePublished\" datetime=\"2007-01-24T10:26:17+01:00\" >24 January 2007<\/time><\/div><\/footer><span class='hidden'>\n\t\t\t\t<span class='av-structured-data'  itemprop=\"image\" itemscope=\"itemscope\" itemtype=\"https:\/\/schema.org\/ImageObject\" >\n\t\t\t\t\t\t<span itemprop='url'>https:\/\/agencevu.com\/wp-content\/uploads\/2020\/01\/2007-Antonio-Machado-Miradas-NAVI-preview.jpg<\/span>\n\t\t\t\t\t\t<span itemprop='height'>185<\/span>\n\t\t\t\t\t\t<span itemprop='width'>146<\/span>\n\t\t\t\t<\/span>\n\t\t\t\t<span class='av-structured-data'  itemprop=\"publisher\" itemtype=\"https:\/\/schema.org\/Organization\" itemscope=\"itemscope\" >\n\t\t\t\t\t\t<span itemprop='name'>Fanny Demichelis<\/span>\n\t\t\t\t\t\t<span itemprop='logo' itemscope itemtype='https:\/\/schema.org\/ImageObject'>\n\t\t\t\t\t\t\t<span itemprop='url'>\/wp-content\/uploads\/2021\/05\/logo-vert-2.svg<\/span>\n\t\t\t\t\t\t <\/span>\n\t\t\t\t<\/span><span class='av-structured-data'  itemprop=\"author\" itemscope=\"itemscope\" itemtype=\"https:\/\/schema.org\/Person\" ><span itemprop='name'>Fanny Demichelis<\/span><\/span><span class='av-structured-data'  itemprop=\"datePublished\" datetime=\"2000-02-24T10:26:02+01:00\" >2007-01-24 10:26:17<\/span><span class='av-structured-data'  itemprop=\"dateModified\" itemtype=\"https:\/\/schema.org\/dateModified\" >2021-04-26 10:43:35<\/span><span class='av-structured-data'  itemprop=\"mainEntityOfPage\" itemtype=\"https:\/\/schema.org\/mainEntityOfPage\" ><span itemprop='name'>Antonio Machado Miradas<\/span><\/span><\/span><\/article><\/div><div class='slide-entry-wrap'><article class='slide-entry flex_column  post-entry post-entry-151909 slide-entry-overview slide-loop-13 slide-parity-odd  av_one_half first real-thumbnail'  itemscope=\"itemscope\" itemtype=\"https:\/\/schema.org\/CreativeWork\" ><a href='https:\/\/agencevu.com\/en\/book\/visiones-de-marruecos-2\/' data-rel='slide-6' class='slide-image' title=''><img width=\"167\" height=\"185\" src=\"https:\/\/agencevu.com\/wp-content\/uploads\/2021\/05\/2006-Visiones-de-Marruecos-NAVI-preview.jpg\" class=\"wp-image-151853 avia-img-lazy-loading-151853 attachment-portfolio size-portfolio wp-post-image\" alt=\"\" loading=\"lazy\" srcset=\"https:\/\/agencevu.com\/wp-content\/uploads\/2021\/05\/2006-Visiones-de-Marruecos-NAVI-preview.jpg 167w, https:\/\/agencevu.com\/wp-content\/uploads\/2021\/05\/2006-Visiones-de-Marruecos-NAVI-preview-72x80.jpg 72w\" sizes=\"(max-width: 167px) 100vw, 167px\" \/><\/a><div class='slide-content'><header class=\"entry-content-header\"><span class=\"blog-categories minor-meta\"> <a href=\"https:\/\/agencevu.com\/en\/annee\/2006-en\/\" rel=\"tag\">2006<\/a> <a href=\"https:\/\/agencevu.com\/en\/photographer\/jose-manuel-navia\/\" rel=\"tag\">Jos\u00e9 Manuel Navia<\/a> <a href=\"https:\/\/agencevu.com\/en\/section_taxonomy\/livres\/\" rel=\"tag\">livres<\/a> <\/span><h3 class='slide-entry-title entry-title'  itemprop=\"headline\" ><a href='https:\/\/agencevu.com\/en\/book\/visiones-de-marruecos-2\/' title='Visiones de Marruecos'>Visiones de Marruecos<\/a><\/h3><span class=\"av-vertical-delimiter\"><\/span><\/header><div class='slide-entry-excerpt entry-content'  itemprop=\"text\" >Lunwerg Editores - 2006<\/div><\/div><footer class=\"entry-footer\"><div class='slide-meta'><time class='slide-meta-time updated'  itemprop=\"datePublished\" datetime=\"2006-11-05T16:50:38+01:00\" >5 November 2006<\/time><\/div><\/footer><span class='hidden'>\n\t\t\t\t<span class='av-structured-data'  itemprop=\"image\" itemscope=\"itemscope\" itemtype=\"https:\/\/schema.org\/ImageObject\" >\n\t\t\t\t\t\t<span itemprop='url'>https:\/\/agencevu.com\/wp-content\/uploads\/2021\/05\/2006-Visiones-de-Marruecos-NAVI-preview.jpg<\/span>\n\t\t\t\t\t\t<span itemprop='height'>185<\/span>\n\t\t\t\t\t\t<span itemprop='width'>167<\/span>\n\t\t\t\t<\/span>\n\t\t\t\t<span class='av-structured-data'  itemprop=\"publisher\" itemtype=\"https:\/\/schema.org\/Organization\" itemscope=\"itemscope\" >\n\t\t\t\t\t\t<span itemprop='name'>Editorial<\/span>\n\t\t\t\t\t\t<span itemprop='logo' itemscope itemtype='https:\/\/schema.org\/ImageObject'>\n\t\t\t\t\t\t\t<span itemprop='url'>\/wp-content\/uploads\/2021\/05\/logo-vert-2.svg<\/span>\n\t\t\t\t\t\t <\/span>\n\t\t\t\t<\/span><span class='av-structured-data'  itemprop=\"author\" itemscope=\"itemscope\" itemtype=\"https:\/\/schema.org\/Person\" ><span itemprop='name'>Editorial<\/span><\/span><span class='av-structured-data'  itemprop=\"datePublished\" datetime=\"2000-02-24T10:26:02+01:00\" >2006-11-05 16:50:38<\/span><span class='av-structured-data'  itemprop=\"dateModified\" itemtype=\"https:\/\/schema.org\/dateModified\" >2021-05-05 16:59:32<\/span><span class='av-structured-data'  itemprop=\"mainEntityOfPage\" itemtype=\"https:\/\/schema.org\/mainEntityOfPage\" ><span itemprop='name'>Visiones de Marruecos<\/span><\/span><\/span><\/article><article class='slide-entry flex_column  post-entry post-entry-54995 slide-entry-overview slide-loop-14 slide-parity-even  av_one_half  real-thumbnail'  itemscope=\"itemscope\" itemtype=\"https:\/\/schema.org\/CreativeWork\" ><a href='https:\/\/agencevu.com\/en\/book\/viaje-a-la-historia\/' data-rel='slide-6' class='slide-image' title=''><img width=\"134\" height=\"185\" src=\"https:\/\/agencevu.com\/wp-content\/uploads\/2020\/01\/41UYdgrCcML-1.jpg\" class=\"wp-image-54993 avia-img-lazy-loading-54993 attachment-portfolio size-portfolio wp-post-image\" alt=\"\" loading=\"lazy\" srcset=\"https:\/\/agencevu.com\/wp-content\/uploads\/2020\/01\/41UYdgrCcML-1.jpg 134w, https:\/\/agencevu.com\/wp-content\/uploads\/2020\/01\/41UYdgrCcML-1-58x80.jpg 58w\" sizes=\"(max-width: 134px) 100vw, 134px\" \/><\/a><div class='slide-content'><header class=\"entry-content-header\"><span class=\"blog-categories minor-meta\"> <a href=\"https:\/\/agencevu.com\/en\/annee\/2005-en\/\" rel=\"tag\">2005<\/a> <a href=\"https:\/\/agencevu.com\/en\/photographer\/jose-manuel-navia\/\" rel=\"tag\">Jos\u00e9 Manuel Navia<\/a> <a href=\"https:\/\/agencevu.com\/en\/section_taxonomy\/livres\/\" rel=\"tag\">livres<\/a> <\/span><h3 class='slide-entry-title entry-title'  itemprop=\"headline\" ><a href='https:\/\/agencevu.com\/en\/book\/viaje-a-la-historia\/' title='Viaje a la Historia'>Viaje a la Historia<\/a><\/h3><span class=\"av-vertical-delimiter\"><\/span><\/header><div class='slide-entry-excerpt entry-content'  itemprop=\"text\" >Lunwerg Editores - 2005<\/div><\/div><footer class=\"entry-footer\"><div class='slide-meta'><time class='slide-meta-time updated'  itemprop=\"datePublished\" datetime=\"2005-11-24T10:26:13+01:00\" >24 November 2005<\/time><\/div><\/footer><span class='hidden'>\n\t\t\t\t<span class='av-structured-data'  itemprop=\"image\" itemscope=\"itemscope\" itemtype=\"https:\/\/schema.org\/ImageObject\" >\n\t\t\t\t\t\t<span itemprop='url'>https:\/\/agencevu.com\/wp-content\/uploads\/2020\/01\/41UYdgrCcML-1.jpg<\/span>\n\t\t\t\t\t\t<span itemprop='height'>185<\/span>\n\t\t\t\t\t\t<span itemprop='width'>134<\/span>\n\t\t\t\t<\/span>\n\t\t\t\t<span class='av-structured-data'  itemprop=\"publisher\" itemtype=\"https:\/\/schema.org\/Organization\" itemscope=\"itemscope\" >\n\t\t\t\t\t\t<span itemprop='name'>Fanny Demichelis<\/span>\n\t\t\t\t\t\t<span itemprop='logo' itemscope itemtype='https:\/\/schema.org\/ImageObject'>\n\t\t\t\t\t\t\t<span itemprop='url'>\/wp-content\/uploads\/2021\/05\/logo-vert-2.svg<\/span>\n\t\t\t\t\t\t <\/span>\n\t\t\t\t<\/span><span class='av-structured-data'  itemprop=\"author\" itemscope=\"itemscope\" itemtype=\"https:\/\/schema.org\/Person\" ><span itemprop='name'>Fanny Demichelis<\/span><\/span><span class='av-structured-data'  itemprop=\"datePublished\" datetime=\"2000-02-24T10:26:02+01:00\" >2005-11-24 10:26:13<\/span><span class='av-structured-data'  itemprop=\"dateModified\" itemtype=\"https:\/\/schema.org\/dateModified\" >2021-04-26 10:58:07<\/span><span class='av-structured-data'  itemprop=\"mainEntityOfPage\" itemtype=\"https:\/\/schema.org\/mainEntityOfPage\" ><span itemprop='name'>Viaje a la Historia<\/span><\/span><\/span><\/article><\/div><div class='slide-entry-wrap'><article class='slide-entry flex_column  post-entry post-entry-55011 slide-entry-overview slide-loop-15 slide-parity-odd  av_one_half first real-thumbnail'  itemscope=\"itemscope\" itemtype=\"https:\/\/schema.org\/CreativeWork\" ><a href='https:\/\/agencevu.com\/en\/book\/diez-miradas\/' data-rel='slide-6' class='slide-image' title=''><img width=\"165\" height=\"185\" src=\"https:\/\/agencevu.com\/wp-content\/uploads\/2020\/01\/ti_1202146330.jpg\" class=\"wp-image-55009 avia-img-lazy-loading-55009 attachment-portfolio size-portfolio wp-post-image\" alt=\"\" loading=\"lazy\" srcset=\"https:\/\/agencevu.com\/wp-content\/uploads\/2020\/01\/ti_1202146330.jpg 165w, https:\/\/agencevu.com\/wp-content\/uploads\/2020\/01\/ti_1202146330-71x80.jpg 71w\" sizes=\"(max-width: 165px) 100vw, 165px\" \/><\/a><div class='slide-content'><header class=\"entry-content-header\"><span class=\"blog-categories minor-meta\"> <a href=\"https:\/\/agencevu.com\/en\/annee\/2005-en\/\" rel=\"tag\">2005<\/a> <a href=\"https:\/\/agencevu.com\/en\/photographer\/jose-manuel-navia\/\" rel=\"tag\">Jos\u00e9 Manuel Navia<\/a> <a href=\"https:\/\/agencevu.com\/en\/section_taxonomy\/livres\/\" rel=\"tag\">livres<\/a> <\/span><h3 class='slide-entry-title entry-title'  itemprop=\"headline\" ><a href='https:\/\/agencevu.com\/en\/book\/diez-miradas\/' title='Diez miradas'>Diez miradas<\/a><\/h3><span class=\"av-vertical-delimiter\"><\/span><\/header><div class='slide-entry-excerpt entry-content'  itemprop=\"text\" >Lunwerg Editores - 2005<\/div><\/div><footer class=\"entry-footer\"><div class='slide-meta'><time class='slide-meta-time updated'  itemprop=\"datePublished\" datetime=\"2005-02-24T10:26:10+01:00\" >24 February 2005<\/time><\/div><\/footer><span class='hidden'>\n\t\t\t\t<span class='av-structured-data'  itemprop=\"image\" itemscope=\"itemscope\" itemtype=\"https:\/\/schema.org\/ImageObject\" >\n\t\t\t\t\t\t<span itemprop='url'>https:\/\/agencevu.com\/wp-content\/uploads\/2020\/01\/ti_1202146330.jpg<\/span>\n\t\t\t\t\t\t<span itemprop='height'>185<\/span>\n\t\t\t\t\t\t<span itemprop='width'>165<\/span>\n\t\t\t\t<\/span>\n\t\t\t\t<span class='av-structured-data'  itemprop=\"publisher\" itemtype=\"https:\/\/schema.org\/Organization\" itemscope=\"itemscope\" >\n\t\t\t\t\t\t<span itemprop='name'>Fanny Demichelis<\/span>\n\t\t\t\t\t\t<span itemprop='logo' itemscope itemtype='https:\/\/schema.org\/ImageObject'>\n\t\t\t\t\t\t\t<span itemprop='url'>\/wp-content\/uploads\/2021\/05\/logo-vert-2.svg<\/span>\n\t\t\t\t\t\t <\/span>\n\t\t\t\t<\/span><span class='av-structured-data'  itemprop=\"author\" itemscope=\"itemscope\" itemtype=\"https:\/\/schema.org\/Person\" ><span itemprop='name'>Fanny Demichelis<\/span><\/span><span class='av-structured-data'  itemprop=\"datePublished\" datetime=\"2000-02-24T10:26:02+01:00\" >2005-02-24 10:26:10<\/span><span class='av-structured-data'  itemprop=\"dateModified\" itemtype=\"https:\/\/schema.org\/dateModified\" >2021-04-26 10:58:25<\/span><span class='av-structured-data'  itemprop=\"mainEntityOfPage\" itemtype=\"https:\/\/schema.org\/mainEntityOfPage\" ><span itemprop='name'>Diez miradas<\/span><\/span><\/span><\/article><article class='slide-entry flex_column  post-entry post-entry-55027 slide-entry-overview slide-loop-16 slide-parity-even  av_one_half  real-thumbnail'  itemscope=\"itemscope\" itemtype=\"https:\/\/schema.org\/CreativeWork\" ><a href='https:\/\/agencevu.com\/en\/book\/territorios-del-quijote\/' data-rel='slide-6' class='slide-image' title=''><img width=\"160\" height=\"185\" src=\"https:\/\/agencevu.com\/wp-content\/uploads\/2020\/01\/2004-Territorios-del-Quijote-NAVI-preview.jpg\" class=\"wp-image-55025 avia-img-lazy-loading-55025 attachment-portfolio size-portfolio wp-post-image\" alt=\"\" loading=\"lazy\" srcset=\"https:\/\/agencevu.com\/wp-content\/uploads\/2020\/01\/2004-Territorios-del-Quijote-NAVI-preview.jpg 160w, https:\/\/agencevu.com\/wp-content\/uploads\/2020\/01\/2004-Territorios-del-Quijote-NAVI-preview-69x80.jpg 69w\" sizes=\"(max-width: 160px) 100vw, 160px\" \/><\/a><div class='slide-content'><header class=\"entry-content-header\"><span class=\"blog-categories minor-meta\"> <a href=\"https:\/\/agencevu.com\/en\/annee\/2004-en\/\" rel=\"tag\">2004<\/a> <a href=\"https:\/\/agencevu.com\/en\/photographer\/jose-manuel-navia\/\" rel=\"tag\">Jos\u00e9 Manuel Navia<\/a> <a href=\"https:\/\/agencevu.com\/en\/section_taxonomy\/livres\/\" rel=\"tag\">livres<\/a> <\/span><h3 class='slide-entry-title entry-title'  itemprop=\"headline\" ><a href='https:\/\/agencevu.com\/en\/book\/territorios-del-quijote\/' title='Territorios del Quijote'>Territorios del Quijote<\/a><\/h3><span class=\"av-vertical-delimiter\"><\/span><\/header><div class='slide-entry-excerpt entry-content'  itemprop=\"text\" >Lunwerg Editores - 2004<\/div><\/div><footer class=\"entry-footer\"><div class='slide-meta'><time class='slide-meta-time updated'  itemprop=\"datePublished\" datetime=\"2004-12-24T10:26:09+01:00\" >24 December 2004<\/time><\/div><\/footer><span class='hidden'>\n\t\t\t\t<span class='av-structured-data'  itemprop=\"image\" itemscope=\"itemscope\" itemtype=\"https:\/\/schema.org\/ImageObject\" >\n\t\t\t\t\t\t<span itemprop='url'>https:\/\/agencevu.com\/wp-content\/uploads\/2020\/01\/2004-Territorios-del-Quijote-NAVI-preview.jpg<\/span>\n\t\t\t\t\t\t<span itemprop='height'>185<\/span>\n\t\t\t\t\t\t<span itemprop='width'>160<\/span>\n\t\t\t\t<\/span>\n\t\t\t\t<span class='av-structured-data'  itemprop=\"publisher\" itemtype=\"https:\/\/schema.org\/Organization\" itemscope=\"itemscope\" >\n\t\t\t\t\t\t<span itemprop='name'>Fanny Demichelis<\/span>\n\t\t\t\t\t\t<span itemprop='logo' itemscope itemtype='https:\/\/schema.org\/ImageObject'>\n\t\t\t\t\t\t\t<span itemprop='url'>\/wp-content\/uploads\/2021\/05\/logo-vert-2.svg<\/span>\n\t\t\t\t\t\t <\/span>\n\t\t\t\t<\/span><span class='av-structured-data'  itemprop=\"author\" itemscope=\"itemscope\" itemtype=\"https:\/\/schema.org\/Person\" ><span itemprop='name'>Fanny Demichelis<\/span><\/span><span class='av-structured-data'  itemprop=\"datePublished\" datetime=\"2000-02-24T10:26:02+01:00\" >2004-12-24 10:26:09<\/span><span class='av-structured-data'  itemprop=\"dateModified\" itemtype=\"https:\/\/schema.org\/dateModified\" >2021-04-26 10:56:15<\/span><span class='av-structured-data'  itemprop=\"mainEntityOfPage\" itemtype=\"https:\/\/schema.org\/mainEntityOfPage\" ><span itemprop='name'>Territorios del Quijote<\/span><\/span><\/span><\/article><\/div><div class='slide-entry-wrap'><article class='slide-entry flex_column  post-entry post-entry-151905 slide-entry-overview slide-loop-17 slide-parity-odd  av_one_half first real-thumbnail'  itemscope=\"itemscope\" itemtype=\"https:\/\/schema.org\/CreativeWork\" ><a href='https:\/\/agencevu.com\/en\/book\/un-viaje-a-madrid\/' data-rel='slide-6' class='slide-image' title=''><img width=\"179\" height=\"185\" src=\"https:\/\/agencevu.com\/wp-content\/uploads\/2021\/05\/2003-Un-viaje-a-madrid-NAVI-preview.jpg\" class=\"wp-image-151841 avia-img-lazy-loading-151841 attachment-portfolio size-portfolio wp-post-image\" alt=\"\" loading=\"lazy\" srcset=\"https:\/\/agencevu.com\/wp-content\/uploads\/2021\/05\/2003-Un-viaje-a-madrid-NAVI-preview.jpg 179w, https:\/\/agencevu.com\/wp-content\/uploads\/2021\/05\/2003-Un-viaje-a-madrid-NAVI-preview-77x80.jpg 77w, https:\/\/agencevu.com\/wp-content\/uploads\/2021\/05\/2003-Un-viaje-a-madrid-NAVI-preview-36x36.jpg 36w\" sizes=\"(max-width: 179px) 100vw, 179px\" \/><\/a><div class='slide-content'><header class=\"entry-content-header\"><span class=\"blog-categories minor-meta\"> <a href=\"https:\/\/agencevu.com\/en\/annee\/2003-en\/\" rel=\"tag\">2003<\/a> <a href=\"https:\/\/agencevu.com\/en\/photographer\/jose-manuel-navia\/\" rel=\"tag\">Jos\u00e9 Manuel Navia<\/a> <a href=\"https:\/\/agencevu.com\/en\/section_taxonomy\/livres\/\" rel=\"tag\">livres<\/a> <\/span><h3 class='slide-entry-title entry-title'  itemprop=\"headline\" ><a href='https:\/\/agencevu.com\/en\/book\/un-viaje-a-madrid\/' title='Un viaje a Madrid'>Un viaje a Madrid<\/a><\/h3><span class=\"av-vertical-delimiter\"><\/span><\/header><div class='slide-entry-excerpt entry-content'  itemprop=\"text\" >T Ediciones - 2003<\/div><\/div><footer class=\"entry-footer\"><div class='slide-meta'><time class='slide-meta-time updated'  itemprop=\"datePublished\" datetime=\"2003-12-05T16:50:40+01:00\" >5 December 2003<\/time><\/div><\/footer><span class='hidden'>\n\t\t\t\t<span class='av-structured-data'  itemprop=\"image\" itemscope=\"itemscope\" itemtype=\"https:\/\/schema.org\/ImageObject\" >\n\t\t\t\t\t\t<span itemprop='url'>https:\/\/agencevu.com\/wp-content\/uploads\/2021\/05\/2003-Un-viaje-a-madrid-NAVI-preview.jpg<\/span>\n\t\t\t\t\t\t<span itemprop='height'>185<\/span>\n\t\t\t\t\t\t<span itemprop='width'>179<\/span>\n\t\t\t\t<\/span>\n\t\t\t\t<span class='av-structured-data'  itemprop=\"publisher\" itemtype=\"https:\/\/schema.org\/Organization\" itemscope=\"itemscope\" >\n\t\t\t\t\t\t<span itemprop='name'>Editorial<\/span>\n\t\t\t\t\t\t<span itemprop='logo' itemscope itemtype='https:\/\/schema.org\/ImageObject'>\n\t\t\t\t\t\t\t<span itemprop='url'>\/wp-content\/uploads\/2021\/05\/logo-vert-2.svg<\/span>\n\t\t\t\t\t\t <\/span>\n\t\t\t\t<\/span><span class='av-structured-data'  itemprop=\"author\" itemscope=\"itemscope\" itemtype=\"https:\/\/schema.org\/Person\" ><span itemprop='name'>Editorial<\/span><\/span><span class='av-structured-data'  itemprop=\"datePublished\" datetime=\"2000-02-24T10:26:02+01:00\" >2003-12-05 16:50:40<\/span><span class='av-structured-data'  itemprop=\"dateModified\" itemtype=\"https:\/\/schema.org\/dateModified\" >2021-05-05 17:01:03<\/span><span class='av-structured-data'  itemprop=\"mainEntityOfPage\" itemtype=\"https:\/\/schema.org\/mainEntityOfPage\" ><span itemprop='name'>Un viaje a Madrid<\/span><\/span><\/span><\/article><article class='slide-entry flex_column  post-entry post-entry-55071 slide-entry-overview slide-loop-18 slide-parity-even  av_one_half  real-thumbnail'  itemscope=\"itemscope\" itemtype=\"https:\/\/schema.org\/CreativeWork\" ><a href='https:\/\/agencevu.com\/en\/book\/desde-la-catedral\/' data-rel='slide-6' class='slide-image' title=''><img width=\"130\" height=\"185\" src=\"https:\/\/agencevu.com\/wp-content\/uploads\/2020\/01\/2003-Desde-la-catedral-NAVI-preview.jpg\" class=\"wp-image-55069 avia-img-lazy-loading-55069 attachment-portfolio size-portfolio wp-post-image\" alt=\"\" loading=\"lazy\" srcset=\"https:\/\/agencevu.com\/wp-content\/uploads\/2020\/01\/2003-Desde-la-catedral-NAVI-preview.jpg 130w, https:\/\/agencevu.com\/wp-content\/uploads\/2020\/01\/2003-Desde-la-catedral-NAVI-preview-56x80.jpg 56w\" sizes=\"(max-width: 130px) 100vw, 130px\" \/><\/a><div class='slide-content'><header class=\"entry-content-header\"><span class=\"blog-categories minor-meta\"> <a href=\"https:\/\/agencevu.com\/en\/annee\/2003-en\/\" rel=\"tag\">2003<\/a> <a href=\"https:\/\/agencevu.com\/en\/photographer\/jose-manuel-navia\/\" rel=\"tag\">Jos\u00e9 Manuel Navia<\/a> <a href=\"https:\/\/agencevu.com\/en\/section_taxonomy\/livres\/\" rel=\"tag\">livres<\/a> <\/span><h3 class='slide-entry-title entry-title'  itemprop=\"headline\" ><a href='https:\/\/agencevu.com\/en\/book\/desde-la-catedral\/' title='Desde la catedral'>Desde la catedral<\/a><\/h3><span class=\"av-vertical-delimiter\"><\/span><\/header><div class='slide-entry-excerpt entry-content'  itemprop=\"text\" >Fundacion Catedral Santa Maria - 2003<\/div><\/div><footer class=\"entry-footer\"><div class='slide-meta'><time class='slide-meta-time updated'  itemprop=\"datePublished\" datetime=\"2003-09-24T10:26:07+02:00\" >24 September 2003<\/time><\/div><\/footer><span class='hidden'>\n\t\t\t\t<span class='av-structured-data'  itemprop=\"image\" itemscope=\"itemscope\" itemtype=\"https:\/\/schema.org\/ImageObject\" >\n\t\t\t\t\t\t<span itemprop='url'>https:\/\/agencevu.com\/wp-content\/uploads\/2020\/01\/2003-Desde-la-catedral-NAVI-preview.jpg<\/span>\n\t\t\t\t\t\t<span itemprop='height'>185<\/span>\n\t\t\t\t\t\t<span itemprop='width'>130<\/span>\n\t\t\t\t<\/span>\n\t\t\t\t<span class='av-structured-data'  itemprop=\"publisher\" itemtype=\"https:\/\/schema.org\/Organization\" itemscope=\"itemscope\" >\n\t\t\t\t\t\t<span itemprop='name'>Fanny Demichelis<\/span>\n\t\t\t\t\t\t<span itemprop='logo' itemscope itemtype='https:\/\/schema.org\/ImageObject'>\n\t\t\t\t\t\t\t<span itemprop='url'>\/wp-content\/uploads\/2021\/05\/logo-vert-2.svg<\/span>\n\t\t\t\t\t\t <\/span>\n\t\t\t\t<\/span><span class='av-structured-data'  itemprop=\"author\" itemscope=\"itemscope\" itemtype=\"https:\/\/schema.org\/Person\" ><span itemprop='name'>Fanny Demichelis<\/span><\/span><span class='av-structured-data'  itemprop=\"datePublished\" datetime=\"2000-02-24T10:26:02+01:00\" >2003-09-24 10:26:07<\/span><span class='av-structured-data'  itemprop=\"dateModified\" itemtype=\"https:\/\/schema.org\/dateModified\" >2021-04-26 10:58:47<\/span><span class='av-structured-data'  itemprop=\"mainEntityOfPage\" itemtype=\"https:\/\/schema.org\/mainEntityOfPage\" ><span itemprop='name'>Desde la catedral<\/span><\/span><\/span><\/article><\/div><div class='slide-entry-wrap'><article class='slide-entry flex_column  post-entry post-entry-55055 slide-entry-overview slide-loop-19 slide-parity-odd  av_one_half first real-thumbnail'  itemscope=\"itemscope\" itemtype=\"https:\/\/schema.org\/CreativeWork\" ><a href='https:\/\/agencevu.com\/en\/book\/marruecos\/' data-rel='slide-6' class='slide-image' title=''><img width=\"135\" height=\"185\" src=\"https:\/\/agencevu.com\/wp-content\/uploads\/2020\/01\/2003-Marruecos-NAVI-preview.jpg\" class=\"wp-image-55053 avia-img-lazy-loading-55053 attachment-portfolio size-portfolio wp-post-image\" alt=\"\" loading=\"lazy\" srcset=\"https:\/\/agencevu.com\/wp-content\/uploads\/2020\/01\/2003-Marruecos-NAVI-preview.jpg 135w, https:\/\/agencevu.com\/wp-content\/uploads\/2020\/01\/2003-Marruecos-NAVI-preview-58x80.jpg 58w\" sizes=\"(max-width: 135px) 100vw, 135px\" \/><\/a><div class='slide-content'><header class=\"entry-content-header\"><span class=\"blog-categories minor-meta\"> <a href=\"https:\/\/agencevu.com\/en\/annee\/2003-en\/\" rel=\"tag\">2003<\/a> <a href=\"https:\/\/agencevu.com\/en\/photographer\/jose-manuel-navia\/\" rel=\"tag\">Jos\u00e9 Manuel Navia<\/a> <a href=\"https:\/\/agencevu.com\/en\/section_taxonomy\/livres\/\" rel=\"tag\">livres<\/a> <\/span><h3 class='slide-entry-title entry-title'  itemprop=\"headline\" ><a href='https:\/\/agencevu.com\/en\/book\/marruecos\/' title='Marruecos'>Marruecos<\/a><\/h3><span class=\"av-vertical-delimiter\"><\/span><\/header><div class='slide-entry-excerpt entry-content'  itemprop=\"text\" >Edition Edicola62 SL - 2003<\/div><\/div><footer class=\"entry-footer\"><div class='slide-meta'><time class='slide-meta-time updated'  itemprop=\"datePublished\" datetime=\"2003-02-24T10:26:05+01:00\" >24 February 2003<\/time><\/div><\/footer><span class='hidden'>\n\t\t\t\t<span class='av-structured-data'  itemprop=\"image\" itemscope=\"itemscope\" itemtype=\"https:\/\/schema.org\/ImageObject\" >\n\t\t\t\t\t\t<span itemprop='url'>https:\/\/agencevu.com\/wp-content\/uploads\/2020\/01\/2003-Marruecos-NAVI-preview.jpg<\/span>\n\t\t\t\t\t\t<span itemprop='height'>185<\/span>\n\t\t\t\t\t\t<span itemprop='width'>135<\/span>\n\t\t\t\t<\/span>\n\t\t\t\t<span class='av-structured-data'  itemprop=\"publisher\" itemtype=\"https:\/\/schema.org\/Organization\" itemscope=\"itemscope\" >\n\t\t\t\t\t\t<span itemprop='name'>Fanny Demichelis<\/span>\n\t\t\t\t\t\t<span itemprop='logo' itemscope itemtype='https:\/\/schema.org\/ImageObject'>\n\t\t\t\t\t\t\t<span itemprop='url'>\/wp-content\/uploads\/2021\/05\/logo-vert-2.svg<\/span>\n\t\t\t\t\t\t <\/span>\n\t\t\t\t<\/span><span class='av-structured-data'  itemprop=\"author\" itemscope=\"itemscope\" itemtype=\"https:\/\/schema.org\/Person\" ><span itemprop='name'>Fanny Demichelis<\/span><\/span><span class='av-structured-data'  itemprop=\"datePublished\" datetime=\"2000-02-24T10:26:02+01:00\" >2003-02-24 10:26:05<\/span><span class='av-structured-data'  itemprop=\"dateModified\" itemtype=\"https:\/\/schema.org\/dateModified\" >2021-04-26 10:56:59<\/span><span class='av-structured-data'  itemprop=\"mainEntityOfPage\" itemtype=\"https:\/\/schema.org\/mainEntityOfPage\" ><span itemprop='name'>Marruecos<\/span><\/span><\/span><\/article><article class='slide-entry flex_column  post-entry post-entry-55087 slide-entry-overview slide-loop-20 slide-parity-even  av_one_half  real-thumbnail'  itemscope=\"itemscope\" itemtype=\"https:\/\/schema.org\/CreativeWork\" ><a href='https:\/\/agencevu.com\/en\/book\/pisadas-sonambulas-lusofonias\/' data-rel='slide-6' class='slide-image' title=''><img width=\"265\" height=\"185\" src=\"https:\/\/agencevu.com\/wp-content\/uploads\/2020\/01\/2001-Pisadas-sonambulas-Lusofonias-NAVI-preview.jpg\" class=\"wp-image-55085 avia-img-lazy-loading-55085 attachment-portfolio size-portfolio wp-post-image\" alt=\"\" loading=\"lazy\" srcset=\"https:\/\/agencevu.com\/wp-content\/uploads\/2020\/01\/2001-Pisadas-sonambulas-Lusofonias-NAVI-preview.jpg 265w, https:\/\/agencevu.com\/wp-content\/uploads\/2020\/01\/2001-Pisadas-sonambulas-Lusofonias-NAVI-preview-80x56.jpg 80w\" sizes=\"(max-width: 265px) 100vw, 265px\" \/><\/a><div class='slide-content'><header class=\"entry-content-header\"><span class=\"blog-categories minor-meta\"> <a href=\"https:\/\/agencevu.com\/en\/annee\/2001-en\/\" rel=\"tag\">2001<\/a> <a href=\"https:\/\/agencevu.com\/en\/photographer\/jose-manuel-navia\/\" rel=\"tag\">Jos\u00e9 Manuel Navia<\/a> <a href=\"https:\/\/agencevu.com\/en\/section_taxonomy\/livres\/\" rel=\"tag\">livres<\/a> <\/span><h3 class='slide-entry-title entry-title'  itemprop=\"headline\" ><a href='https:\/\/agencevu.com\/en\/book\/pisadas-sonambulas-lusofonias\/' title='Pisadas sonambulas\u00a0: Lusofonias'>Pisadas sonambulas\u00a0: Lusofonias<\/a><\/h3><span class=\"av-vertical-delimiter\"><\/span><\/header><div class='slide-entry-excerpt entry-content'  itemprop=\"text\" >La F\u00e1brica - 2001<\/div><\/div><footer class=\"entry-footer\"><div class='slide-meta'><time class='slide-meta-time updated'  itemprop=\"datePublished\" datetime=\"2001-12-24T10:26:03+01:00\" >24 December 2001<\/time><\/div><\/footer><span class='hidden'>\n\t\t\t\t<span class='av-structured-data'  itemprop=\"image\" itemscope=\"itemscope\" itemtype=\"https:\/\/schema.org\/ImageObject\" >\n\t\t\t\t\t\t<span itemprop='url'>https:\/\/agencevu.com\/wp-content\/uploads\/2020\/01\/2001-Pisadas-sonambulas-Lusofonias-NAVI-preview.jpg<\/span>\n\t\t\t\t\t\t<span itemprop='height'>185<\/span>\n\t\t\t\t\t\t<span itemprop='width'>265<\/span>\n\t\t\t\t<\/span>\n\t\t\t\t<span class='av-structured-data'  itemprop=\"publisher\" itemtype=\"https:\/\/schema.org\/Organization\" itemscope=\"itemscope\" >\n\t\t\t\t\t\t<span itemprop='name'>Fanny Demichelis<\/span>\n\t\t\t\t\t\t<span itemprop='logo' itemscope itemtype='https:\/\/schema.org\/ImageObject'>\n\t\t\t\t\t\t\t<span itemprop='url'>\/wp-content\/uploads\/2021\/05\/logo-vert-2.svg<\/span>\n\t\t\t\t\t\t <\/span>\n\t\t\t\t<\/span><span class='av-structured-data'  itemprop=\"author\" itemscope=\"itemscope\" itemtype=\"https:\/\/schema.org\/Person\" ><span itemprop='name'>Fanny Demichelis<\/span><\/span><span class='av-structured-data'  itemprop=\"datePublished\" datetime=\"2000-02-24T10:26:02+01:00\" >2001-12-24 10:26:03<\/span><span class='av-structured-data'  itemprop=\"dateModified\" itemtype=\"https:\/\/schema.org\/dateModified\" >2021-04-26 10:57:22<\/span><span class='av-structured-data'  itemprop=\"mainEntityOfPage\" itemtype=\"https:\/\/schema.org\/mainEntityOfPage\" ><span itemprop='name'>Pisadas sonambulas\u00a0: Lusofonias<\/span><\/span><\/span><\/article><\/div><div class='slide-entry-wrap'><article class='slide-entry flex_column  post-entry post-entry-55103 slide-entry-overview slide-loop-21 slide-parity-odd  post-entry-last  av_one_half first real-thumbnail'  itemscope=\"itemscope\" itemtype=\"https:\/\/schema.org\/CreativeWork\" ><a href='https:\/\/agencevu.com\/en\/book\/navia-2000\/' data-rel='slide-6' class='slide-image' title=''><img width=\"127\" height=\"185\" src=\"https:\/\/agencevu.com\/wp-content\/uploads\/2020\/01\/2000-Photobolsillo-NAVI-preview.jpg\" class=\"wp-image-55101 avia-img-lazy-loading-55101 attachment-portfolio size-portfolio wp-post-image\" alt=\"\" loading=\"lazy\" srcset=\"https:\/\/agencevu.com\/wp-content\/uploads\/2020\/01\/2000-Photobolsillo-NAVI-preview.jpg 127w, https:\/\/agencevu.com\/wp-content\/uploads\/2020\/01\/2000-Photobolsillo-NAVI-preview-55x80.jpg 55w\" sizes=\"(max-width: 127px) 100vw, 127px\" \/><\/a><div class='slide-content'><header class=\"entry-content-header\"><span class=\"blog-categories minor-meta\"> <a href=\"https:\/\/agencevu.com\/en\/annee\/2000-en\/\" rel=\"tag\">2000<\/a> <a href=\"https:\/\/agencevu.com\/en\/photographer\/jose-manuel-navia\/\" rel=\"tag\">Jos\u00e9 Manuel Navia<\/a> <a href=\"https:\/\/agencevu.com\/en\/section_taxonomy\/livres\/\" rel=\"tag\">livres<\/a> <\/span><h3 class='slide-entry-title entry-title'  itemprop=\"headline\" ><a href='https:\/\/agencevu.com\/en\/book\/navia-2000\/' title='Navia'>Navia<\/a><\/h3><span class=\"av-vertical-delimiter\"><\/span><\/header><div class='slide-entry-excerpt entry-content'  itemprop=\"text\" >La Fabrica - 2000<\/div><\/div><footer class=\"entry-footer\"><div class='slide-meta'><time class='slide-meta-time updated'  itemprop=\"datePublished\" datetime=\"2000-02-24T10:26:02+01:00\" >24 February 2000<\/time><\/div><\/footer><span class='hidden'>\n\t\t\t\t<span class='av-structured-data'  itemprop=\"image\" itemscope=\"itemscope\" itemtype=\"https:\/\/schema.org\/ImageObject\" >\n\t\t\t\t\t\t<span itemprop='url'>https:\/\/agencevu.com\/wp-content\/uploads\/2020\/01\/2000-Photobolsillo-NAVI-preview.jpg<\/span>\n\t\t\t\t\t\t<span itemprop='height'>185<\/span>\n\t\t\t\t\t\t<span itemprop='width'>127<\/span>\n\t\t\t\t<\/span>\n\t\t\t\t<span class='av-structured-data'  itemprop=\"publisher\" itemtype=\"https:\/\/schema.org\/Organization\" itemscope=\"itemscope\" >\n\t\t\t\t\t\t<span itemprop='name'>Fanny Demichelis<\/span>\n\t\t\t\t\t\t<span itemprop='logo' itemscope itemtype='https:\/\/schema.org\/ImageObject'>\n\t\t\t\t\t\t\t<span itemprop='url'>\/wp-content\/uploads\/2021\/05\/logo-vert-2.svg<\/span>\n\t\t\t\t\t\t <\/span>\n\t\t\t\t<\/span><span class='av-structured-data'  itemprop=\"author\" itemscope=\"itemscope\" itemtype=\"https:\/\/schema.org\/Person\" ><span itemprop='name'>Fanny Demichelis<\/span><\/span><span class='av-structured-data'  itemprop=\"datePublished\" datetime=\"2000-02-24T10:26:02+01:00\" >2000-02-24 10:26:02<\/span><span class='av-structured-data'  itemprop=\"dateModified\" itemtype=\"https:\/\/schema.org\/dateModified\" >2021-05-17 18:58:29<\/span><span class='av-structured-data'  itemprop=\"mainEntityOfPage\" itemtype=\"https:\/\/schema.org\/mainEntityOfPage\" ><span itemprop='name'>Navia<\/span><\/span><\/span><\/article><\/div><\/div><\/div>\n<\/p>\n<div id='prix'  class='avia-section main_color avia-section-small avia-no-border-styling  avia-bg-style-scroll  avia-builder-el-0  el_before_av_section  avia-builder-el-first   container_wrap fullsize' style=' '  ><div class='container' ><main  role=\"main\" itemprop=\"mainContentOfPage\"  class='template-page content  av-content-full alpha units'><div class='post-entry post-entry-type-page post-entry-152835'><div class='entry-content-wrapper clearfix'>\n<section class=\"av_textblock_section \"  itemscope=\"itemscope\" itemtype=\"https:\/\/schema.org\/CreativeWork\" ><div class='avia_textblock  '  style='font-size:20px; '  itemprop=\"text\" ><p id=\"awards\" style=\"color: #707070; letter-spacing: 1.5px; text-transform: uppercase;\">awards<\/p>\n<hr class=\"hr-titre-page\">\n<\/div><\/section>\n<div class=\"flex_column av_one_fourth  flex_column_div av-zero-column-padding first  \" style='border-radius:0px; '><p><div  class='avia-image-container  av-styling-no-styling    avia-align-center '  itemprop=\"image\" itemscope=\"itemscope\" itemtype=\"https:\/\/schema.org\/ImageObject\"  ><div class='avia-image-container-inner'><div class='avia-image-overlay-wrap'><img class='wp-image-150816 avia-img-lazy-loading-not-150816 avia_image' src=\"https:\/\/agencevu.com\/wp-content\/uploads\/2021\/05\/NAVI23635-2019CL64.jpg\" alt='' title='Alma-Tierra' height=\"1080\" width=\"1631\"  itemprop=\"thumbnailUrl\" srcset=\"https:\/\/agencevu.com\/wp-content\/uploads\/2021\/05\/NAVI23635-2019CL64.jpg 1631w, https:\/\/agencevu.com\/wp-content\/uploads\/2021\/05\/NAVI23635-2019CL64-300x199.jpg 300w, https:\/\/agencevu.com\/wp-content\/uploads\/2021\/05\/NAVI23635-2019CL64-1030x682.jpg 1030w, https:\/\/agencevu.com\/wp-content\/uploads\/2021\/05\/NAVI23635-2019CL64-80x53.jpg 80w, https:\/\/agencevu.com\/wp-content\/uploads\/2021\/05\/NAVI23635-2019CL64-768x509.jpg 768w, https:\/\/agencevu.com\/wp-content\/uploads\/2021\/05\/NAVI23635-2019CL64-1536x1017.jpg 1536w, https:\/\/agencevu.com\/wp-content\/uploads\/2021\/05\/NAVI23635-2019CL64-1500x993.jpg 1500w, https:\/\/agencevu.com\/wp-content\/uploads\/2021\/05\/NAVI23635-2019CL64-705x467.jpg 705w\" sizes=\"(max-width: 1631px) 100vw, 1631px\" \/><\/div><\/div><\/div><br \/>\n<section class=\"av_textblock_section \"  itemscope=\"itemscope\" itemtype=\"https:\/\/schema.org\/CreativeWork\" ><div class='avia_textblock  '   itemprop=\"text\" ><p><span style=\"font-size: 15px;\"><strong><span style=\"color: #76a38b;\"><span style=\"color: #76a38b; font-size: 15px;\">Winner of the 11th Piedad Isla National Photography Award, Spain<\/span><\/span><\/strong><\/span><\/p>\n<\/div><\/section><br \/>\n<section class=\"av_textblock_section \"  itemscope=\"itemscope\" itemtype=\"https:\/\/schema.org\/CreativeWork\" ><div class='avia_textblock  '   itemprop=\"text\" ><p><span style=\"color: #76a38b; font-size: 15px;\">For his entire work<\/span><\/p>\n<\/div><\/section><br \/>\n<section class=\"av_textblock_section \"  itemscope=\"itemscope\" itemtype=\"https:\/\/schema.org\/CreativeWork\" ><div class='avia_textblock  '   itemprop=\"text\" ><p><span style=\"font-size: 12px;\">2021<\/span><\/p>\n<\/div><\/section><\/p><\/div><div class=\"flex_column av_one_fourth  flex_column_div av-zero-column-padding   \" style='border-radius:0px; '><p><div  class='avia-image-container  av-styling-no-styling    avia-align-center '  itemprop=\"image\" itemscope=\"itemscope\" itemtype=\"https:\/\/schema.org\/ImageObject\"  ><div class='avia-image-container-inner'><div class='avia-image-overlay-wrap'><img class='wp-image-150986 avia-img-lazy-loading-not-150986 avia_image' src=\"https:\/\/agencevu.com\/wp-content\/uploads\/2021\/05\/NAVI13255-2001CL00.jpg\" alt='' title='&quot;PISADAS SONAMBULAS&quot;  (Lusophonie)' height=\"290\" width=\"431\"  itemprop=\"thumbnailUrl\" srcset=\"https:\/\/agencevu.com\/wp-content\/uploads\/2021\/05\/NAVI13255-2001CL00.jpg 431w, https:\/\/agencevu.com\/wp-content\/uploads\/2021\/05\/NAVI13255-2001CL00-300x202.jpg 300w, https:\/\/agencevu.com\/wp-content\/uploads\/2021\/05\/NAVI13255-2001CL00-80x54.jpg 80w\" sizes=\"(max-width: 431px) 100vw, 431px\" \/><\/div><\/div><\/div><br \/>\n<section class=\"av_textblock_section \"  itemscope=\"itemscope\" itemtype=\"https:\/\/schema.org\/CreativeWork\" ><div class='avia_textblock  '   itemprop=\"text\" ><p><span style=\"font-size: 15px;\"><strong><span style=\"color: #76a38b;\"><span style=\"color: #76a38b; font-size: 15px;\">Image Award Winner &#8211; Spanish Geographical Society, <\/span>Spain<\/span><\/strong><\/span><\/p>\n<\/div><\/section><br \/>\n<section class=\"av_textblock_section \"  itemscope=\"itemscope\" itemtype=\"https:\/\/schema.org\/CreativeWork\" ><div class='avia_textblock  '   itemprop=\"text\" ><p><span style=\"color: #76a38b; font-size: 15px;\">For his entire work<\/span><\/p>\n<\/div><\/section><br \/>\n<section class=\"av_textblock_section \"  itemscope=\"itemscope\" itemtype=\"https:\/\/schema.org\/CreativeWork\" ><div class='avia_textblock  '   itemprop=\"text\" ><p><span style=\"font-size: 12px;\">2006<\/span><\/p>\n<\/div><\/section><\/p><\/div><div class=\"flex_column av_one_fourth  flex_column_div av-zero-column-padding   \" style='border-radius:0px; '><p><div  class='avia-image-container  av-styling-no-styling    avia-align-center '  itemprop=\"image\" itemscope=\"itemscope\" itemtype=\"https:\/\/schema.org\/ImageObject\"  ><div class='avia-image-container-inner'><div class='avia-image-overlay-wrap'><img class='wp-image-150814 avia-img-lazy-loading-not-150814 avia_image' src=\"https:\/\/agencevu.com\/wp-content\/uploads\/2021\/05\/Navia-B209EST2028.jpg\" alt='' title='\u00a9 NAVIA\rSpain, Strait of Gibraltar, Algeciras.\rMoroccan immigrants.' height=\"1080\" width=\"1613\"  itemprop=\"thumbnailUrl\" srcset=\"https:\/\/agencevu.com\/wp-content\/uploads\/2021\/05\/Navia-B209EST2028.jpg 1613w, https:\/\/agencevu.com\/wp-content\/uploads\/2021\/05\/Navia-B209EST2028-300x201.jpg 300w, https:\/\/agencevu.com\/wp-content\/uploads\/2021\/05\/Navia-B209EST2028-1030x690.jpg 1030w, https:\/\/agencevu.com\/wp-content\/uploads\/2021\/05\/Navia-B209EST2028-80x54.jpg 80w, https:\/\/agencevu.com\/wp-content\/uploads\/2021\/05\/Navia-B209EST2028-768x514.jpg 768w, https:\/\/agencevu.com\/wp-content\/uploads\/2021\/05\/Navia-B209EST2028-1536x1028.jpg 1536w, https:\/\/agencevu.com\/wp-content\/uploads\/2021\/05\/Navia-B209EST2028-1500x1004.jpg 1500w, https:\/\/agencevu.com\/wp-content\/uploads\/2021\/05\/Navia-B209EST2028-705x472.jpg 705w\" sizes=\"(max-width: 1613px) 100vw, 1613px\" \/><\/div><\/div><\/div><br \/>\n<section class=\"av_textblock_section \"  itemscope=\"itemscope\" itemtype=\"https:\/\/schema.org\/CreativeWork\" ><div class='avia_textblock  '   itemprop=\"text\" ><p><span style=\"font-size: 15px;\"><strong><span style=\"color: #76a38b;\"><span style=\"color: #76a38b; font-size: 15px;\">Winner of the God\u00f3 Award for Photojournalism, Foundation Conde de Barcelona, La Vanguardia newspaper, Spain<br \/>\n<\/span><\/span><\/strong><\/span><\/p>\n<\/div><\/section><br \/>\n<section class=\"av_textblock_section \"  itemscope=\"itemscope\" itemtype=\"https:\/\/schema.org\/CreativeWork\" ><div class='avia_textblock  '   itemprop=\"text\" ><p><span style=\"color: #76a38b; font-size: 15px;\">For &#8220;Crossing the Strait&#8221;<\/span><\/p>\n<\/div><\/section><br \/>\n<section class=\"av_textblock_section \"  itemscope=\"itemscope\" itemtype=\"https:\/\/schema.org\/CreativeWork\" ><div class='avia_textblock  '   itemprop=\"text\" ><p><span style=\"font-size: 12px;\">1999<\/span><\/p>\n<\/div><\/section><\/p><\/div><div class=\"flex_column av_one_fourth  flex_column_div av-zero-column-padding   \" style='border-radius:0px; '><p><div  class='avia-image-container  av-styling-no-styling    avia-align-center '  itemprop=\"image\" itemscope=\"itemscope\" itemtype=\"https:\/\/schema.org\/ImageObject\"  ><div class='avia-image-container-inner'><div class='avia-image-overlay-wrap'><img class='wp-image-150812 avia-img-lazy-loading-not-150812 avia_image' src=\"https:\/\/agencevu.com\/wp-content\/uploads\/2021\/05\/fotopress.jpg\" alt='' title='fotopress' height=\"1080\" width=\"1600\"  itemprop=\"thumbnailUrl\" srcset=\"https:\/\/agencevu.com\/wp-content\/uploads\/2021\/05\/fotopress.jpg 1600w, https:\/\/agencevu.com\/wp-content\/uploads\/2021\/05\/fotopress-300x203.jpg 300w, https:\/\/agencevu.com\/wp-content\/uploads\/2021\/05\/fotopress-1030x695.jpg 1030w, https:\/\/agencevu.com\/wp-content\/uploads\/2021\/05\/fotopress-80x54.jpg 80w, https:\/\/agencevu.com\/wp-content\/uploads\/2021\/05\/fotopress-768x518.jpg 768w, https:\/\/agencevu.com\/wp-content\/uploads\/2021\/05\/fotopress-1536x1037.jpg 1536w, https:\/\/agencevu.com\/wp-content\/uploads\/2021\/05\/fotopress-1500x1013.jpg 1500w, https:\/\/agencevu.com\/wp-content\/uploads\/2021\/05\/fotopress-705x476.jpg 705w\" sizes=\"(max-width: 1600px) 100vw, 1600px\" \/><\/div><\/div><\/div><br \/>\n<section class=\"av_textblock_section \"  itemscope=\"itemscope\" itemtype=\"https:\/\/schema.org\/CreativeWork\" ><div class='avia_textblock  '   itemprop=\"text\" ><p><span style=\"font-size: 15px;\"><strong><span style=\"color: #76a38b;\"><span style=\"color: #76a38b; font-size: 15px;\">Winner of the \u00ab Fotopress \u00bb Award, Caixa Foundation, Spain<\/span><\/span><\/strong><\/span><\/p>\n<\/div><\/section><br \/>\n<section class=\"av_textblock_section \"  itemscope=\"itemscope\" itemtype=\"https:\/\/schema.org\/CreativeWork\" ><div class='avia_textblock  '   itemprop=\"text\" ><p><span style=\"color: #76a38b; font-size: 15px;\">For &#8220;El Salvador despu\u00e9s del terremoto&#8221;<\/span><\/p>\n<\/div><\/section><br \/>\n<section class=\"av_textblock_section \"  itemscope=\"itemscope\" itemtype=\"https:\/\/schema.org\/CreativeWork\" ><div class='avia_textblock  '   itemprop=\"text\" ><p><span style=\"font-size: 12px;\">1987<\/span><\/p>\n<\/div><\/section><\/p><\/div><div class=\"flex_column av_one_fourth  flex_column_div av-zero-column-padding first  \" style='border-radius:0px; '><p><div  class='avia-image-container  av-styling-no-styling    avia-align-center '  itemprop=\"image\" itemscope=\"itemscope\" itemtype=\"https:\/\/schema.org\/ImageObject\"  ><div class='avia-image-container-inner'><div class='avia-image-overlay-wrap'><img class='wp-image-150810 avia-img-lazy-loading-not-150810 avia_image' src=\"https:\/\/agencevu.com\/wp-content\/uploads\/2021\/05\/Navia-A310MOV1001.jpg\" alt='' title='Navia-A310MOV1001' height=\"1080\" width=\"1618\"  itemprop=\"thumbnailUrl\" srcset=\"https:\/\/agencevu.com\/wp-content\/uploads\/2021\/05\/Navia-A310MOV1001.jpg 1618w, https:\/\/agencevu.com\/wp-content\/uploads\/2021\/05\/Navia-A310MOV1001-300x200.jpg 300w, https:\/\/agencevu.com\/wp-content\/uploads\/2021\/05\/Navia-A310MOV1001-1030x688.jpg 1030w, https:\/\/agencevu.com\/wp-content\/uploads\/2021\/05\/Navia-A310MOV1001-80x53.jpg 80w, https:\/\/agencevu.com\/wp-content\/uploads\/2021\/05\/Navia-A310MOV1001-768x513.jpg 768w, https:\/\/agencevu.com\/wp-content\/uploads\/2021\/05\/Navia-A310MOV1001-1536x1025.jpg 1536w, https:\/\/agencevu.com\/wp-content\/uploads\/2021\/05\/Navia-A310MOV1001-1500x1001.jpg 1500w, https:\/\/agencevu.com\/wp-content\/uploads\/2021\/05\/Navia-A310MOV1001-705x471.jpg 705w\" sizes=\"(max-width: 1618px) 100vw, 1618px\" \/><\/div><\/div><\/div><br \/>\n<section class=\"av_textblock_section \"  itemscope=\"itemscope\" itemtype=\"https:\/\/schema.org\/CreativeWork\" ><div class='avia_textblock  '   itemprop=\"text\" ><p><span style=\"font-size: 15px;\"><strong><span style=\"color: #76a38b;\"><span style=\"color: #76a38b; font-size: 15px;\">Winner of the National Photography Contest about crafts, traditions and habits of the villages, Spain.<\/span><\/span><\/strong><\/span><\/p>\n<\/div><\/section><br \/>\n<section class=\"av_textblock_section \"  itemscope=\"itemscope\" itemtype=\"https:\/\/schema.org\/CreativeWork\" ><div class='avia_textblock  '   itemprop=\"text\" ><p><span style=\"font-size: 12px;\">1983<\/span><\/p>\n<\/div><\/section><\/p><\/div><div class=\"flex_column av_three_fourth  flex_column_div av-zero-column-padding   \" style='border-radius:0px; '><\/div><div  style='height:50px' class='hr hr-invisible  '><span class='hr-inner ' ><span class='hr-inner-style'><\/span><\/span><\/div>\n\n","protected":false},"featured_media":0,"parent":0,"menu_order":0,"template":"","categories":[],"tags":[],"yoast_head":"<!-- This site is optimized with the Yoast SEO plugin v16.3 - https:\/\/yoast.com\/wordpress\/plugins\/seo\/ -->\n<title>Agence VU&#039;<\/title>\n<meta name=\"robots\" content=\"index, follow, max-snippet:-1, max-image-preview:large, max-video-preview:-1\" \/>\n<link rel=\"canonical\" href=\"\/\" \/>\n<meta property=\"og:locale\" content=\"en_US\" \/>\n<meta property=\"og:type\" content=\"article\" \/>\n<meta property=\"og:site_name\" content=\"Agence VU&#039;\" \/>\n<meta name=\"twitter:card\" content=\"summary_large_image\" \/>\n<meta name=\"twitter:site\" content=\"@agence_vu\" \/>\n<script type=\"application\/ld+json\" class=\"yoast-schema-graph\">{\"@context\":\"https:\/\/schema.org\",\"@graph\":[{\"@type\":\"WebSite\",\"@id\":\"https:\/\/agencevu.com\/en\/#website\",\"url\":\"https:\/\/agencevu.com\/en\/\",\"name\":\"Agence VU&#039;\",\"description\":\"Agency of photographers founded in 1986\",\"potentialAction\":[{\"@type\":\"SearchAction\",\"target\":\"https:\/\/agencevu.com\/en\/?s={search_term_string}\",\"query-input\":\"required name=search_term_string\"}],\"inLanguage\":\"en-US\"},{\"@type\":\"CollectionPage\",\"@id\":\"#webpage\",\"url\":\"\",\"name\":\"\",\"isPartOf\":{\"@id\":\"https:\/\/agencevu.com\/en\/#website\"},\"breadcrumb\":{\"@id\":\"#breadcrumb\"},\"inLanguage\":\"en-US\",\"potentialAction\":[{\"@type\":\"ReadAction\",\"target\":[\"\"]}]},{\"@type\":\"BreadcrumbList\",\"@id\":\"#breadcrumb\",\"itemListElement\":[{\"@type\":\"ListItem\",\"position\":1,\"item\":{\"@type\":\"WebPage\",\"@id\":\"https:\/\/agencevu.com\/en\/home\/\",\"url\":\"https:\/\/agencevu.com\/en\/home\/\",\"name\":\"Home\"}},{\"@type\":\"ListItem\",\"position\":2,\"item\":{\"@id\":\"#webpage\"}}]}]}<\/script>\n<!-- \/ Yoast SEO plugin. -->","_links":{"self":[{"href":"https:\/\/agencevu.com\/en\/wp-json\/wp\/v2\/photographe\/152835"}],"collection":[{"href":"https:\/\/agencevu.com\/en\/wp-json\/wp\/v2\/photographe"}],"about":[{"href":"https:\/\/agencevu.com\/en\/wp-json\/wp\/v2\/types\/photographe"}],"version-history":[{"count":3,"href":"https:\/\/agencevu.com\/en\/wp-json\/wp\/v2\/photographe\/152835\/revisions"}],"predecessor-version":[{"id":179374,"href":"https:\/\/agencevu.com\/en\/wp-json\/wp\/v2\/photographe\/152835\/revisions\/179374"}],"wp:attachment":[{"href":"https:\/\/agencevu.com\/en\/wp-json\/wp\/v2\/media?parent=152835"}],"wp:term":[{"taxonomy":"category","embeddable":true,"href":"https:\/\/agencevu.com\/en\/wp-json\/wp\/v2\/categories?post=152835"},{"taxonomy":"post_tag","embeddable":true,"href":"https:\/\/agencevu.com\/en\/wp-json\/wp\/v2\/tags?post=152835"}],"curies":[{"name":"wp","href":"https:\/\/api.w.org\/{rel}","templated":true}]}}