{"id":147088,"date":"2021-04-22T19:46:05","date_gmt":"2021-04-22T17:46:05","guid":{"rendered":"https:\/\/agencevu-dev.abvent.com\/?post_type=photographe&#038;p=147088"},"modified":"2024-10-15T17:54:40","modified_gmt":"2024-10-15T15:54:40","slug":"adrien-selbert","status":"publish","type":"photographe","link":"https:\/\/agencevu.com\/en\/photographer\/adrien-selbert\/","title":{"rendered":"Adrien Selbert"},"content":{"rendered":"<div id='av-layout-grid-1'  class='av-layout-grid-container entry-content-wrapper main_color av-flex-cells   av-medium-hide av-small-hide av-mini-hide   avia-builder-el-0  el_before_av_section  avia-builder-el-first  container_wrap fullsize' style=' '  >\n<div class=\"flex_cell no_margin av_one_half  avia-builder-el-1  el_before_av_cell_one_half  avia-builder-el-first   avia-full-contain \"  style='height:550px; min-height:550px;background:url(https:\/\/agencevu.com\/wp-content\/uploads\/2021\/02\/00_DiptiqueBORDSREELS.jpg) center center no-repeat scroll; vertical-align:top; padding:30px; ' ><div class='flex_cell_inner' ><\/div><\/div><div class=\"flex_cell no_margin av_one_half  avia-builder-el-2  el_after_av_cell_one_half  avia-builder-el-last   \"  style='height:550px; min-height:550px;vertical-align:bottom; padding:30px 30px 90px 30px ; ' ><div class='flex_cell_inner' ><section class=\"av_textblock_section \"  itemscope=\"itemscope\" itemtype=\"https:\/\/schema.org\/CreativeWork\" ><div class='avia_textblock  '   itemprop=\"text\" ><h4 style=\"font-weight: 100; font-size: 45px;\">Adrien<br \/>\n<span style=\"font-size: 45px;\"><strong><span style=\"line-height: 50px;\"> Selbert <\/span><\/strong><\/span><\/h4>\n<\/div><\/section>\n<\/div><\/div>\n<\/div>\n<div id='av_section_1'  class='avia-section main_color avia-section-default avia-no-border-styling  avia-bg-style-scroll  avia-builder-el-4  el_after_av_layout_row  el_before_av_submenu   av-desktop-hide av-medium-hide container_wrap fullsize' style=' '  ><div class='container' ><div class='template-page content  av-content-full alpha units'><div class='post-entry post-entry-type-page post-entry-147088'><div class='entry-content-wrapper clearfix'>\n<section class=\"av_textblock_section \"  itemscope=\"itemscope\" itemtype=\"https:\/\/schema.org\/CreativeWork\" ><div class='avia_textblock  '   itemprop=\"text\" ><h4 style=\"font-size: 35px; line-height: 40px; text-align: center;\">Adrien <span style=\"font-weight: 100;\"> Selbert <\/span><\/h4>\n<\/div><\/section>\n<div  style='height:50px' class='hr hr-invisible   avia-builder-el-6  el_after_av_textblock  el_before_av_image '><span class='hr-inner ' ><span class='hr-inner-style'><\/span><\/span><\/div>\n<div  class='avia-image-container  av-styling-no-styling    avia-builder-el-7  el_after_av_hr  avia-builder-el-last  avia-align-center '  itemprop=\"image\" itemscope=\"itemscope\" itemtype=\"https:\/\/schema.org\/ImageObject\"  ><div class='avia-image-container-inner'><div class='avia-image-overlay-wrap'><img class='wp-image-110292 avia-img-lazy-loading-not-110292 avia_image' src=\"https:\/\/agencevu.com\/wp-content\/uploads\/2021\/02\/00_DiptiqueBORDSREELS.jpg\" alt='' title='00_DiptiqueBORDSREELS' height=\"750\" width=\"1125\"  itemprop=\"thumbnailUrl\" srcset=\"https:\/\/agencevu.com\/wp-content\/uploads\/2021\/02\/00_DiptiqueBORDSREELS.jpg 1125w, https:\/\/agencevu.com\/wp-content\/uploads\/2021\/02\/00_DiptiqueBORDSREELS-300x200.jpg 300w, https:\/\/agencevu.com\/wp-content\/uploads\/2021\/02\/00_DiptiqueBORDSREELS-1030x687.jpg 1030w, https:\/\/agencevu.com\/wp-content\/uploads\/2021\/02\/00_DiptiqueBORDSREELS-80x53.jpg 80w, https:\/\/agencevu.com\/wp-content\/uploads\/2021\/02\/00_DiptiqueBORDSREELS-768x512.jpg 768w, https:\/\/agencevu.com\/wp-content\/uploads\/2021\/02\/00_DiptiqueBORDSREELS-705x470.jpg 705w, https:\/\/agencevu.com\/wp-content\/uploads\/2021\/02\/00_DiptiqueBORDSREELS-450x300.jpg 450w\" sizes=\"(max-width: 1125px) 100vw, 1125px\" \/><\/div><\/div><\/div>\n\n<\/div><\/div><\/div><!-- close content main div --><\/div><\/div><div class='clear'><\/div><div id='sub_menu1'  class='av-submenu-container alternate_color  avia-builder-el-8  el_after_av_section  el_before_av_section  av-sticky-submenu av-switch-768 submenu-not-first container_wrap fullsize' style='  z-index:301' ><div class='container av-menu-mobile-active av-submenu-hidden'><a href='#' class='mobile_menu_toggle' aria-hidden='true' data-av_icon='\ue8a5' data-av_iconfont='entypo-fontello'><span class='av-current-placeholder'>Menu<\/span><\/a><ul id='av-custom-submenu-1' class='av-subnav-menu av-submenu-pos-center'>\n<li class='menu-item menu-item-top-level  menu-item-top-level-1'><a href='\/en\/photographer\/adrien-selbert\/#biographie' ><span class='avia-bullet'><\/span><span class='avia-menu-text'>Biography<\/span><\/a><\/li>\n<li class='menu-item menu-item-top-level  menu-item-top-level-2'><a href='\/en\/photographer\/adrien-selbert\/#series' ><span class='avia-bullet'><\/span><span class='avia-menu-text'>Series<\/span><\/a><\/li>\n<li class='menu-item menu-item-top-level  menu-item-top-level-3'><a href='https:\/\/agencevu.com\/en\/portraitist\/adrien-selbert\/'  target=\"_blank\"  rel=\"noopener noreferrer\"><span class='avia-bullet'><\/span><span class='avia-menu-text'>Portraits<\/span><\/a><\/li>\n<li class='menu-item menu-item-top-level  menu-item-top-level-4'><a href='\/en\/photographer\/adrien-selbert\/#videos' ><span class='avia-bullet'><\/span><span class='avia-menu-text'>Videos<\/span><\/a><\/li>\n<li class='menu-item menu-item-top-level  menu-item-top-level-5'><a href='https:\/\/agencevu.com\/en\/corporate\/photographer-adrien-selbert\/'  target=\"_blank\"  rel=\"noopener noreferrer\"><span class='avia-bullet'><\/span><span class='avia-menu-text'>Corporate &amp; Ads<\/span><\/a><\/li>\n<li class='menu-item menu-item-top-level  menu-item-top-level-6'><a href='\/en\/photographer\/adrien-selbert\/#interview' ><span class='avia-bullet'><\/span><span class='avia-menu-text'>Interviews<\/span><\/a><\/li>\n<li class='menu-item menu-item-top-level  menu-item-top-level-7'><a href='\/en\/photographer\/adrien-selbert\/#exhibitions' ><span class='avia-bullet'><\/span><span class='avia-menu-text'>Exhibitions<\/span><\/a><\/li>\n<li class='menu-item menu-item-top-level  menu-item-top-level-8'><a href='\/en\/photographer\/adrien-selbert\/#livres' ><span class='avia-bullet'><\/span><span class='avia-menu-text'>Books<\/span><\/a><\/li>\n<li class='menu-item menu-item-top-level  menu-item-top-level-9'><a href='\/en\/photographer\/adrien-selbert\/#prix' ><span class='avia-bullet'><\/span><span class='avia-menu-text'>Awards<\/span><\/a><\/li>\n<\/ul><\/div><\/div><div class='sticky_placeholder'><\/div>\n<div id='biographie'  class='avia-section main_color avia-section-large avia-no-shadow  avia-bg-style-scroll  avia-builder-el-9  el_after_av_submenu  el_before_av_section   container_wrap fullsize' style=' '  ><div class='container' ><div class='template-page content  av-content-full alpha units'><div class='post-entry post-entry-type-page post-entry-147088'><div class='entry-content-wrapper clearfix'>\n<div class='flex_column_table av-equal-height-column-flextable av-break-at-tablet-flextable' ><div class=\"flex_column av_one_fifth  av-break-at-tablet flex_column_table_cell av-equal-height-column av-align-top av-zero-column-padding first  avia-builder-el-10  el_before_av_two_fifth  avia-builder-el-first  \" style='border-radius:0px; '><section class=\"av_textblock_section \"  itemscope=\"itemscope\" itemtype=\"https:\/\/schema.org\/CreativeWork\" ><div class='avia_textblock  '  style='font-size:20px; '  itemprop=\"text\" ><p id=\"bio\" style=\"color: #707070; letter-spacing: 1.5px; text-transform: uppercase;\">biography<\/p>\n<hr class=\"hr-titre-page\">\n<\/div><\/section><br \/>\n<div  style='height:50px' class='hr hr-invisible   avia-builder-el-12  el_after_av_textblock  el_before_av_image '><span class='hr-inner ' ><span class='hr-inner-style'><\/span><\/span><\/div><br \/>\n<div  class='avia-image-container  av-styling-no-styling    avia-builder-el-13  el_after_av_hr  avia-builder-el-last  imgBio avia-align-center '  itemprop=\"image\" itemscope=\"itemscope\" itemtype=\"https:\/\/schema.org\/ImageObject\"  ><div class='avia-image-container-inner'><div class='avia-image-overlay-wrap'><img class='wp-image-110294 avia-img-lazy-loading-not-110294 avia_image' src=\"https:\/\/agencevu.com\/wp-content\/uploads\/2021\/02\/Portrait.ADRIENSELBERT-1.jpg\" alt='' title='Portrait.ADRIENSELBERT-1' height=\"1080\" width=\"810\"  itemprop=\"thumbnailUrl\" srcset=\"https:\/\/agencevu.com\/wp-content\/uploads\/2021\/02\/Portrait.ADRIENSELBERT-1.jpg 810w, https:\/\/agencevu.com\/wp-content\/uploads\/2021\/02\/Portrait.ADRIENSELBERT-1-225x300.jpg 225w, https:\/\/agencevu.com\/wp-content\/uploads\/2021\/02\/Portrait.ADRIENSELBERT-1-773x1030.jpg 773w, https:\/\/agencevu.com\/wp-content\/uploads\/2021\/02\/Portrait.ADRIENSELBERT-1-60x80.jpg 60w, https:\/\/agencevu.com\/wp-content\/uploads\/2021\/02\/Portrait.ADRIENSELBERT-1-768x1024.jpg 768w, https:\/\/agencevu.com\/wp-content\/uploads\/2021\/02\/Portrait.ADRIENSELBERT-1-529x705.jpg 529w, https:\/\/agencevu.com\/wp-content\/uploads\/2021\/02\/Portrait.ADRIENSELBERT-1-450x600.jpg 450w\" sizes=\"(max-width: 810px) 100vw, 810px\" \/><\/div><\/div><\/div><\/p><\/div><div class='av-flex-placeholder'><\/div><div class=\"flex_column av_two_fifth  av-break-at-tablet flex_column_table_cell av-equal-height-column av-align-top   avia-builder-el-14  el_after_av_one_fifth  el_before_av_two_fifth  \" style='padding:10px 0px 0px 0px ; border-radius:0px; '><section class=\"av_textblock_section \"  itemscope=\"itemscope\" itemtype=\"https:\/\/schema.org\/CreativeWork\" ><div class='avia_textblock  '   itemprop=\"text\" ><p>Photographer, filmmaker, multimedia editor, born in 1985, member of Agence VU&#8217; since 2017, based in Paris (France)<\/p>\n<p>Graduated from the Beaux-Arts de Nantes and the Arts D\u00e9coratifs de Paris, Adrien Selbert overcomes the conventional limits imposed by imagesto show the contemporary world, its youth and diversity, in a sensitive relationship to time and substance.<\/p>\n<p>In 2005, at twenty years old, he discovers Bosnia &#8211; a country that &#8220;<em>jumped in his face<\/em>&#8221; and that he has been documenting ever since. In 2010, he directs with Aude L\u00e9a Rapin &#8220;<em>Nino&#8217;s Place<\/em>&#8220;: this 52-minute documentary, awarded Best Grand Reportage at the Geneva International Film Festival of Human Rights, deals with the tireless struggle of a mother to find the body of her dead son Nino, a radio journalist who disappeared during the first days of the capture of Srebrenica in 1995.<\/p>\n<p>With &#8220;<em>Srebrenica, nuit \u00e0 nuit<\/em>\u201d (Srebrenica, Night to Night), he reveals, through photography, the specificity of young Bosnians\u2019 lives who evolve in the heart of the vestiges of a war that they had not lived but to which they are systematically brought back. &#8220;<em>His images of Srebrenica are spare and silent. They are sometimes reminiscent of the work of the great American artist Edward Hopper, whose still, sharply illuminated canvases captured some essence of human melancholy and solitude. Like Hopper, Selbert deploys realism so powerful that it takes the viewer beyond the surface into interior lives. This is realism intensely imagined, full of a revelatory fatalism<\/em>.&#8221; writes the New York Times editorialist Roger Cohen to accompany the monograph published by Le Bec en l&#8217;Air in 2016.<\/p>\n<\/div><\/section><\/div><div class='av-flex-placeholder'><\/div><div class=\"flex_column av_two_fifth  av-break-at-tablet flex_column_table_cell av-equal-height-column av-align-top   avia-builder-el-16  el_after_av_two_fifth  avia-builder-el-last  \" style='padding:10px 0px 0px 0px ; border-radius:0px; '><section class=\"av_textblock_section \"  itemscope=\"itemscope\" itemtype=\"https:\/\/schema.org\/CreativeWork\" ><div class='avia_textblock  '   itemprop=\"text\" ><p>In 2020, his series &#8220;<em>Les Bords r\u00e9els<\/em>&#8221; (The Real Shores) is an extension of his long-term project on Bosnia. Twenty-five years after the Dayton Accords and the end of the conflict, &#8220;&#8216;<em>Les Bords r\u00e9els&#8217; is a state of time more than a state of play. It&#8217;s a long-term wandering haunted by this question: is there an after to the post-war period ? It is meant to reflect the image of the country it crosses: fragmentary, vibrant and chaotic.&#8221;<\/em> His eponym photographic video is awarded with the Freelens&#8217; New writings prize.<\/p>\n<p>In parallel with his personal work, in the Balkans, but also in France with notably &#8220;<em>Prince Jordan<\/em>&#8220;, a fiction he directs in 2019 about young people facing a disaster, Adrien Selbert puts his documentary know-how and the singularity of his artistic vision at the service of the Press (Lib\u00e9ration, T\u00e9l\u00e9rama, N\u00e9on, etc.), the cultural world (music labels, theater and dance companies, etc.), companies (fashion and luxury, etc.) or institutions (high schools, etc.).<\/p>\n<p>His work&nbsp; is regularly exhibited and published, and has been distinguished with numerous awards and grants (Best Grand Reportage Award of the FIFDH, Prix Maison Blanche de la Photographie Contemporaine, the Freelens International Award for New Writings, MENTOR Jury Award, Emerging Talent Awards of LensCulture, grant to support contemporary documentary photography of the CNAP, Multimedia grant of the SCAM, etc.).<\/p>\n<\/div><\/section><\/div><\/div><!--close column table wrapper. Autoclose: 1 -->\n\n<\/div><\/div><\/div><!-- close content main div --><\/div><\/div><div id='biographie'  class='avia-section main_color avia-section-small avia-no-border-styling  avia-bg-style-scroll  avia-builder-el-18  el_after_av_section  el_before_av_section   container_wrap fullsize' style=' '  ><div class='container' ><div class='template-page content  av-content-full alpha units'><div class='post-entry post-entry-type-page post-entry-147088'><div class='entry-content-wrapper clearfix'>\n<section class=\"av_textblock_section \"  itemscope=\"itemscope\" itemtype=\"https:\/\/schema.org\/CreativeWork\" ><div class='avia_textblock  '  style='font-size:20px; '  itemprop=\"text\" ><p id=\"series\" style=\"color: #707070; letter-spacing: 1.5px; text-transform: uppercase;\">Series<\/p>\n<hr class=\"hr-titre-page\">\n<\/div><\/section>\n<div  data-autoplay=''  data-interval='5'  data-animation='fade'  data-show_slide_delay='90'  class='avia-content-slider avia-content-grid-active avia-content-slider1 avia-content-slider-odd  avia-builder-el-20  el_after_av_textblock  el_before_av_blog   av-medium-hide av-small-hide av-mini-hide'  itemscope=\"itemscope\" itemtype=\"https:\/\/schema.org\/Blog\" ><div class='avia-content-slider-inner'><div class='slide-entry-wrap'><article class='slide-entry flex_column  post-entry post-entry-198020 slide-entry-overview slide-loop-1 slide-parity-odd  av_one_third first real-thumbnail'  itemscope=\"itemscope\" itemtype=\"https:\/\/schema.org\/CreativeWork\" ><a href='https:\/\/agencevu.com\/en\/serie\/young-and-queer\/' data-rel='slide-1' class='slide-image' title=''><img width=\"387\" height=\"290\" src=\"https:\/\/agencevu.com\/wp-content\/uploads\/2023\/03\/Preview_Young_Queer.jpg\" class=\"wp-image-198098 avia-img-lazy-loading-198098 attachment-portfolio size-portfolio wp-post-image\" alt=\"\" loading=\"lazy\" srcset=\"https:\/\/agencevu.com\/wp-content\/uploads\/2023\/03\/Preview_Young_Queer.jpg 387w, https:\/\/agencevu.com\/wp-content\/uploads\/2023\/03\/Preview_Young_Queer-300x225.jpg 300w, https:\/\/agencevu.com\/wp-content\/uploads\/2023\/03\/Preview_Young_Queer-80x60.jpg 80w\" sizes=\"(max-width: 387px) 100vw, 387px\" \/><\/a><div class='slide-content'><header class=\"entry-content-header\"><span class=\"blog-categories minor-meta\"> <a href=\"https:\/\/agencevu.com\/en\/photographer\/adrien-selbert\/\" rel=\"tag\">Adrien Selbert<\/a> <a href=\"https:\/\/agencevu.com\/en\/section_taxonomy\/series\/\" rel=\"tag\">s\u00e9ries<\/a> <\/span><h3 class='slide-entry-title entry-title'  itemprop=\"headline\" ><a href='https:\/\/agencevu.com\/en\/serie\/young-and-queer\/' title='Young &amp; Queer'>Young & Queer<\/a><\/h3><span class=\"av-vertical-delimiter\"><\/span><\/header><div class='slide-entry-excerpt entry-content'  itemprop=\"text\" >These photographs depict a portrait of young people in Ile-de-France who are eager to abolish gender boundaries in a joyful fury.<\/div><\/div><footer class=\"entry-footer\"><div class='slide-meta'><time class='slide-meta-time updated'  itemprop=\"datePublished\" datetime=\"2023-03-13T16:33:43+01:00\" >13 March 2023<\/time><\/div><\/footer><span class='hidden'>\n\t\t\t\t<span class='av-structured-data'  itemprop=\"image\" itemscope=\"itemscope\" itemtype=\"https:\/\/schema.org\/ImageObject\" >\n\t\t\t\t\t\t<span itemprop='url'>https:\/\/agencevu.com\/wp-content\/uploads\/2023\/03\/Preview_Young_Queer.jpg<\/span>\n\t\t\t\t\t\t<span itemprop='height'>290<\/span>\n\t\t\t\t\t\t<span itemprop='width'>387<\/span>\n\t\t\t\t<\/span>\n\t\t\t\t<span class='av-structured-data'  itemprop=\"publisher\" itemtype=\"https:\/\/schema.org\/Organization\" itemscope=\"itemscope\" >\n\t\t\t\t\t\t<span itemprop='name'>Editorial<\/span>\n\t\t\t\t\t\t<span itemprop='logo' itemscope itemtype='https:\/\/schema.org\/ImageObject'>\n\t\t\t\t\t\t\t<span itemprop='url'>\/wp-content\/uploads\/2021\/05\/logo-vert-2.svg<\/span>\n\t\t\t\t\t\t <\/span>\n\t\t\t\t<\/span><span class='av-structured-data'  itemprop=\"author\" itemscope=\"itemscope\" itemtype=\"https:\/\/schema.org\/Person\" ><span itemprop='name'>Editorial<\/span><\/span><span class='av-structured-data'  itemprop=\"datePublished\" datetime=\"2015-07-01T12:00:55+02:00\" >2023-03-13 16:33:43<\/span><span class='av-structured-data'  itemprop=\"dateModified\" itemtype=\"https:\/\/schema.org\/dateModified\" >2023-03-14 11:55:03<\/span><span class='av-structured-data'  itemprop=\"mainEntityOfPage\" itemtype=\"https:\/\/schema.org\/mainEntityOfPage\" ><span itemprop='name'>Young &#038; Queer<\/span><\/span><\/span><\/article><article class='slide-entry flex_column  post-entry post-entry-109963 slide-entry-overview slide-loop-2 slide-parity-even  av_one_third  real-thumbnail'  itemscope=\"itemscope\" itemtype=\"https:\/\/schema.org\/CreativeWork\" ><a href='https:\/\/agencevu.com\/en\/serie\/les-bords-reels-2020\/' data-rel='slide-1' class='slide-image' title=''><img width=\"218\" height=\"290\" src=\"https:\/\/agencevu.com\/wp-content\/uploads\/2021\/02\/00_SELB23904-2019CL14.jpg\" class=\"wp-image-109961 avia-img-lazy-loading-109961 attachment-portfolio size-portfolio wp-post-image\" alt=\"\" loading=\"lazy\" srcset=\"https:\/\/agencevu.com\/wp-content\/uploads\/2021\/02\/00_SELB23904-2019CL14.jpg 218w, https:\/\/agencevu.com\/wp-content\/uploads\/2021\/02\/00_SELB23904-2019CL14-60x80.jpg 60w\" sizes=\"(max-width: 218px) 100vw, 218px\" \/><\/a><div class='slide-content'><header class=\"entry-content-header\"><span class=\"blog-categories minor-meta\"><a href=\"https:\/\/agencevu.com\/en\/Home\/home-realisations\/\" rel=\"tag\">Home-R\u00e9alisations<\/a> <a href=\"https:\/\/agencevu.com\/en\/photographer\/adrien-selbert\/\" rel=\"tag\">Adrien Selbert<\/a> <a href=\"https:\/\/agencevu.com\/en\/section_taxonomy\/series\/\" rel=\"tag\">s\u00e9ries<\/a> <\/span><h3 class='slide-entry-title entry-title'  itemprop=\"headline\" ><a href='https:\/\/agencevu.com\/en\/serie\/les-bords-reels-2020\/' title='The Real Edges, 2020'>The Real Edges, 2020<\/a><\/h3><span class=\"av-vertical-delimiter\"><\/span><\/header><div class='slide-entry-excerpt entry-content'  itemprop=\"text\" ><span class=\"tag-extrait\">Series | <\/span> On the occasion of the 25th anniversary of the end of the conflict in Bosnia in 2020, The Real Edges extends and completes the first photographic work by Adrien Selbert on Srebrenica.<\/div><\/div><footer class=\"entry-footer\"><div class='slide-meta'><time class='slide-meta-time updated'  itemprop=\"datePublished\" datetime=\"2020-12-01T12:00:23+01:00\" >1 December 2020<\/time><\/div><\/footer><span class='hidden'>\n\t\t\t\t<span class='av-structured-data'  itemprop=\"image\" itemscope=\"itemscope\" itemtype=\"https:\/\/schema.org\/ImageObject\" >\n\t\t\t\t\t\t<span itemprop='url'>https:\/\/agencevu.com\/wp-content\/uploads\/2021\/02\/00_SELB23904-2019CL14.jpg<\/span>\n\t\t\t\t\t\t<span itemprop='height'>290<\/span>\n\t\t\t\t\t\t<span itemprop='width'>218<\/span>\n\t\t\t\t<\/span>\n\t\t\t\t<span class='av-structured-data'  itemprop=\"publisher\" itemtype=\"https:\/\/schema.org\/Organization\" itemscope=\"itemscope\" >\n\t\t\t\t\t\t<span itemprop='name'>Fanny Demichelis<\/span>\n\t\t\t\t\t\t<span itemprop='logo' itemscope itemtype='https:\/\/schema.org\/ImageObject'>\n\t\t\t\t\t\t\t<span itemprop='url'>\/wp-content\/uploads\/2021\/05\/logo-vert-2.svg<\/span>\n\t\t\t\t\t\t <\/span>\n\t\t\t\t<\/span><span class='av-structured-data'  itemprop=\"author\" itemscope=\"itemscope\" itemtype=\"https:\/\/schema.org\/Person\" ><span itemprop='name'>Fanny Demichelis<\/span><\/span><span class='av-structured-data'  itemprop=\"datePublished\" datetime=\"2015-07-01T12:00:55+02:00\" >2020-12-01 12:00:23<\/span><span class='av-structured-data'  itemprop=\"dateModified\" itemtype=\"https:\/\/schema.org\/dateModified\" >2021-05-20 15:13:42<\/span><span class='av-structured-data'  itemprop=\"mainEntityOfPage\" itemtype=\"https:\/\/schema.org\/mainEntityOfPage\" ><span itemprop='name'>The Real Edges, 2020<\/span><\/span><\/span><\/article><article class='slide-entry flex_column  post-entry post-entry-109784 slide-entry-overview slide-loop-3 slide-parity-odd  av_one_third  real-thumbnail'  itemscope=\"itemscope\" itemtype=\"https:\/\/schema.org\/CreativeWork\" ><a href='https:\/\/agencevu.com\/en\/serie\/le-creole-2020\/' data-rel='slide-1' class='slide-image' title=''><img width=\"387\" height=\"290\" src=\"https:\/\/agencevu.com\/wp-content\/uploads\/2021\/02\/00_SELB23745-2020NB12.jpg\" class=\"wp-image-109780 avia-img-lazy-loading-109780 attachment-portfolio size-portfolio wp-post-image\" alt=\"\" loading=\"lazy\" srcset=\"https:\/\/agencevu.com\/wp-content\/uploads\/2021\/02\/00_SELB23745-2020NB12.jpg 387w, https:\/\/agencevu.com\/wp-content\/uploads\/2021\/02\/00_SELB23745-2020NB12-300x225.jpg 300w, https:\/\/agencevu.com\/wp-content\/uploads\/2021\/02\/00_SELB23745-2020NB12-80x60.jpg 80w\" sizes=\"(max-width: 387px) 100vw, 387px\" \/><\/a><div class='slide-content'><header class=\"entry-content-header\"><span class=\"blog-categories minor-meta\"> <a href=\"https:\/\/agencevu.com\/en\/photographer\/adrien-selbert\/\" rel=\"tag\">Adrien Selbert<\/a> <a href=\"https:\/\/agencevu.com\/en\/section_taxonomy\/series\/\" rel=\"tag\">s\u00e9ries<\/a> <\/span><h3 class='slide-entry-title entry-title'  itemprop=\"headline\" ><a href='https:\/\/agencevu.com\/en\/serie\/le-creole-2020\/' title='La Cr\u00e9ole, 2020'>La Cr\u00e9ole, 2020<\/a><\/h3><span class=\"av-vertical-delimiter\"><\/span><\/header><div class='slide-entry-excerpt entry-content'  itemprop=\"text\" >This series is an assigment for the newspaper Lib\u00e9ration. The photographer Adrien Selbert was photographed the 1 year of the collective \u201cLA CREOLE\u201d at the Club Le Chinois in Montreuil.<\/div><\/div><footer class=\"entry-footer\"><div class='slide-meta'><time class='slide-meta-time updated'  itemprop=\"datePublished\" datetime=\"2020-11-01T12:00:42+01:00\" >1 November 2020<\/time><\/div><\/footer><span class='hidden'>\n\t\t\t\t<span class='av-structured-data'  itemprop=\"image\" itemscope=\"itemscope\" itemtype=\"https:\/\/schema.org\/ImageObject\" >\n\t\t\t\t\t\t<span itemprop='url'>https:\/\/agencevu.com\/wp-content\/uploads\/2021\/02\/00_SELB23745-2020NB12.jpg<\/span>\n\t\t\t\t\t\t<span itemprop='height'>290<\/span>\n\t\t\t\t\t\t<span itemprop='width'>387<\/span>\n\t\t\t\t<\/span>\n\t\t\t\t<span class='av-structured-data'  itemprop=\"publisher\" itemtype=\"https:\/\/schema.org\/Organization\" itemscope=\"itemscope\" >\n\t\t\t\t\t\t<span itemprop='name'>Fanny Demichelis<\/span>\n\t\t\t\t\t\t<span itemprop='logo' itemscope itemtype='https:\/\/schema.org\/ImageObject'>\n\t\t\t\t\t\t\t<span itemprop='url'>\/wp-content\/uploads\/2021\/05\/logo-vert-2.svg<\/span>\n\t\t\t\t\t\t <\/span>\n\t\t\t\t<\/span><span class='av-structured-data'  itemprop=\"author\" itemscope=\"itemscope\" itemtype=\"https:\/\/schema.org\/Person\" ><span itemprop='name'>Fanny Demichelis<\/span><\/span><span class='av-structured-data'  itemprop=\"datePublished\" datetime=\"2015-07-01T12:00:55+02:00\" >2020-11-01 12:00:42<\/span><span class='av-structured-data'  itemprop=\"dateModified\" itemtype=\"https:\/\/schema.org\/dateModified\" >2023-03-10 11:41:46<\/span><span class='av-structured-data'  itemprop=\"mainEntityOfPage\" itemtype=\"https:\/\/schema.org\/mainEntityOfPage\" ><span itemprop='name'>La Cr\u00e9ole, 2020<\/span><\/span><\/span><\/article><\/div><div class='slide-entry-wrap'><article class='slide-entry flex_column  post-entry post-entry-109591 slide-entry-overview slide-loop-4 slide-parity-odd  av_one_third first real-thumbnail'  itemscope=\"itemscope\" itemtype=\"https:\/\/schema.org\/CreativeWork\" ><a href='https:\/\/agencevu.com\/en\/serie\/art-and-fashion-2018\/' data-rel='slide-1' class='slide-image' title=''><img width=\"435\" height=\"290\" src=\"https:\/\/agencevu.com\/wp-content\/uploads\/2021\/02\/00_SELB22633-2018CL01.jpg\" class=\"wp-image-109553 avia-img-lazy-loading-109553 attachment-portfolio size-portfolio wp-post-image\" alt=\"\" loading=\"lazy\" srcset=\"https:\/\/agencevu.com\/wp-content\/uploads\/2021\/02\/00_SELB22633-2018CL01.jpg 435w, https:\/\/agencevu.com\/wp-content\/uploads\/2021\/02\/00_SELB22633-2018CL01-300x200.jpg 300w, https:\/\/agencevu.com\/wp-content\/uploads\/2021\/02\/00_SELB22633-2018CL01-80x53.jpg 80w\" sizes=\"(max-width: 435px) 100vw, 435px\" \/><\/a><div class='slide-content'><header class=\"entry-content-header\"><span class=\"blog-categories minor-meta\"> <a href=\"https:\/\/agencevu.com\/en\/photographer\/adrien-selbert\/\" rel=\"tag\">Adrien Selbert<\/a> <a href=\"https:\/\/agencevu.com\/en\/section_taxonomy\/series\/\" rel=\"tag\">s\u00e9ries<\/a> <\/span><h3 class='slide-entry-title entry-title'  itemprop=\"headline\" ><a href='https:\/\/agencevu.com\/en\/serie\/art-and-fashion-2018\/' title='Art &amp; Fashion'>Art & Fashion<\/a><\/h3><span class=\"av-vertical-delimiter\"><\/span><\/header><div class='slide-entry-excerpt entry-content'  itemprop=\"text\" >Adrien Selbert was commissioned by the Lib\u00e9ration, N\u00e9on Mag, Label Kiddermaster media to photograph the Paris Fashion week pr\u00eat-\u00e0-porter, fall-winter 2018-2019 collection...<\/div><\/div><footer class=\"entry-footer\"><div class='slide-meta'><time class='slide-meta-time updated'  itemprop=\"datePublished\" datetime=\"2020-10-01T12:00:09+02:00\" >1 October 2020<\/time><\/div><\/footer><span class='hidden'>\n\t\t\t\t<span class='av-structured-data'  itemprop=\"image\" itemscope=\"itemscope\" itemtype=\"https:\/\/schema.org\/ImageObject\" >\n\t\t\t\t\t\t<span itemprop='url'>https:\/\/agencevu.com\/wp-content\/uploads\/2021\/02\/00_SELB22633-2018CL01.jpg<\/span>\n\t\t\t\t\t\t<span itemprop='height'>290<\/span>\n\t\t\t\t\t\t<span itemprop='width'>435<\/span>\n\t\t\t\t<\/span>\n\t\t\t\t<span class='av-structured-data'  itemprop=\"publisher\" itemtype=\"https:\/\/schema.org\/Organization\" itemscope=\"itemscope\" >\n\t\t\t\t\t\t<span itemprop='name'>Fanny Demichelis<\/span>\n\t\t\t\t\t\t<span itemprop='logo' itemscope itemtype='https:\/\/schema.org\/ImageObject'>\n\t\t\t\t\t\t\t<span itemprop='url'>\/wp-content\/uploads\/2021\/05\/logo-vert-2.svg<\/span>\n\t\t\t\t\t\t <\/span>\n\t\t\t\t<\/span><span class='av-structured-data'  itemprop=\"author\" itemscope=\"itemscope\" itemtype=\"https:\/\/schema.org\/Person\" ><span itemprop='name'>Fanny Demichelis<\/span><\/span><span class='av-structured-data'  itemprop=\"datePublished\" datetime=\"2015-07-01T12:00:55+02:00\" >2020-10-01 12:00:09<\/span><span class='av-structured-data'  itemprop=\"dateModified\" itemtype=\"https:\/\/schema.org\/dateModified\" >2021-05-20 16:00:05<\/span><span class='av-structured-data'  itemprop=\"mainEntityOfPage\" itemtype=\"https:\/\/schema.org\/mainEntityOfPage\" ><span itemprop='name'>Art &#038; Fashion<\/span><\/span><\/span><\/article><article class='slide-entry flex_column  post-entry post-entry-109903 slide-entry-overview slide-loop-5 slide-parity-even  av_one_third  real-thumbnail'  itemscope=\"itemscope\" itemtype=\"https:\/\/schema.org\/CreativeWork\" ><a href='https:\/\/agencevu.com\/en\/serie\/les-exclus-du-teletravail-2020\/' data-rel='slide-1' class='slide-image' title=''><img width=\"435\" height=\"290\" src=\"https:\/\/agencevu.com\/wp-content\/uploads\/2021\/02\/00_SELB23865-2020CL26.jpg\" class=\"wp-image-109901 avia-img-lazy-loading-109901 attachment-portfolio size-portfolio wp-post-image\" alt=\"\" loading=\"lazy\" srcset=\"https:\/\/agencevu.com\/wp-content\/uploads\/2021\/02\/00_SELB23865-2020CL26.jpg 435w, https:\/\/agencevu.com\/wp-content\/uploads\/2021\/02\/00_SELB23865-2020CL26-300x200.jpg 300w, https:\/\/agencevu.com\/wp-content\/uploads\/2021\/02\/00_SELB23865-2020CL26-80x53.jpg 80w\" sizes=\"(max-width: 435px) 100vw, 435px\" \/><\/a><div class='slide-content'><header class=\"entry-content-header\"><span class=\"blog-categories minor-meta\"> <a href=\"https:\/\/agencevu.com\/en\/photographer\/adrien-selbert\/\" rel=\"tag\">Adrien Selbert<\/a> <a href=\"https:\/\/agencevu.com\/en\/section_taxonomy\/series\/\" rel=\"tag\">s\u00e9ries<\/a> <\/span><h3 class='slide-entry-title entry-title'  itemprop=\"headline\" ><a href='https:\/\/agencevu.com\/en\/serie\/les-exclus-du-teletravail-2020\/' title='The Ones Left Out of Telework, 2020'>The Ones Left Out of Telework, 2020<\/a><\/h3><span class=\"av-vertical-delimiter\"><\/span><\/header><div class='slide-entry-excerpt entry-content'  itemprop=\"text\" >This report is an assigment for the newspaper Lib\u00e9ration. The station of Juvisy (Essonne), in the southern suburbs of Paris, is one of the busiest in France in normal times. During the lockdown, the trains are half empty. There are still some shadowy workers, who sometimes board the train with fear in their stomachs.<\/div><\/div><footer class=\"entry-footer\"><div class='slide-meta'><time class='slide-meta-time updated'  itemprop=\"datePublished\" datetime=\"2020-09-01T12:00:53+02:00\" >1 September 2020<\/time><\/div><\/footer><span class='hidden'>\n\t\t\t\t<span class='av-structured-data'  itemprop=\"image\" itemscope=\"itemscope\" itemtype=\"https:\/\/schema.org\/ImageObject\" >\n\t\t\t\t\t\t<span itemprop='url'>https:\/\/agencevu.com\/wp-content\/uploads\/2021\/02\/00_SELB23865-2020CL26.jpg<\/span>\n\t\t\t\t\t\t<span itemprop='height'>290<\/span>\n\t\t\t\t\t\t<span itemprop='width'>435<\/span>\n\t\t\t\t<\/span>\n\t\t\t\t<span class='av-structured-data'  itemprop=\"publisher\" itemtype=\"https:\/\/schema.org\/Organization\" itemscope=\"itemscope\" >\n\t\t\t\t\t\t<span itemprop='name'>Fanny Demichelis<\/span>\n\t\t\t\t\t\t<span itemprop='logo' itemscope itemtype='https:\/\/schema.org\/ImageObject'>\n\t\t\t\t\t\t\t<span itemprop='url'>\/wp-content\/uploads\/2021\/05\/logo-vert-2.svg<\/span>\n\t\t\t\t\t\t <\/span>\n\t\t\t\t<\/span><span class='av-structured-data'  itemprop=\"author\" itemscope=\"itemscope\" itemtype=\"https:\/\/schema.org\/Person\" ><span itemprop='name'>Fanny Demichelis<\/span><\/span><span class='av-structured-data'  itemprop=\"datePublished\" datetime=\"2015-07-01T12:00:55+02:00\" >2020-09-01 12:00:53<\/span><span class='av-structured-data'  itemprop=\"dateModified\" itemtype=\"https:\/\/schema.org\/dateModified\" >2021-05-20 15:49:01<\/span><span class='av-structured-data'  itemprop=\"mainEntityOfPage\" itemtype=\"https:\/\/schema.org\/mainEntityOfPage\" ><span itemprop='name'>The Ones Left Out of Telework, 2020<\/span><\/span><\/span><\/article><article class='slide-entry flex_column  post-entry post-entry-110245 slide-entry-overview slide-loop-6 slide-parity-odd  av_one_third  real-thumbnail'  itemscope=\"itemscope\" itemtype=\"https:\/\/schema.org\/CreativeWork\" ><a href='https:\/\/agencevu.com\/en\/serie\/retour-de-fievre-nocturne-2020\/' data-rel='slide-1' class='slide-image' title=''><img width=\"495\" height=\"400\" src=\"https:\/\/agencevu.com\/wp-content\/uploads\/2021\/02\/03_SELB23917-2020CL09-3-495x400.jpg\" class=\"wp-image-110243 avia-img-lazy-loading-110243 attachment-portfolio size-portfolio wp-post-image\" alt=\"\" loading=\"lazy\" srcset=\"https:\/\/agencevu.com\/wp-content\/uploads\/2021\/02\/03_SELB23917-2020CL09-3-495x400.jpg 495w, https:\/\/agencevu.com\/wp-content\/uploads\/2021\/02\/03_SELB23917-2020CL09-3-845x684.jpg 845w\" sizes=\"(max-width: 495px) 100vw, 495px\" \/><\/a><div class='slide-content'><header class=\"entry-content-header\"><span class=\"blog-categories minor-meta\"> <a href=\"https:\/\/agencevu.com\/en\/photographer\/adrien-selbert\/\" rel=\"tag\">Adrien Selbert<\/a> <a href=\"https:\/\/agencevu.com\/en\/section_taxonomy\/series\/\" rel=\"tag\">s\u00e9ries<\/a> <\/span><h3 class='slide-entry-title entry-title'  itemprop=\"headline\" ><a href='https:\/\/agencevu.com\/en\/serie\/retour-de-fievre-nocturne-2020\/' title='Return of Nocturnal Fever, 2020'>Return of Nocturnal Fever, 2020<\/a><\/h3><span class=\"av-vertical-delimiter\"><\/span><\/header><div class='slide-entry-excerpt entry-content'  itemprop=\"text\" >This series was commissioned by the newspaper Lib\u00e9ration. Nearly 200 people gathered at Kilowatt, in the suburbs of Paris, for the first techno party since the end of the confinement...<\/div><\/div><footer class=\"entry-footer\"><div class='slide-meta'><time class='slide-meta-time updated'  itemprop=\"datePublished\" datetime=\"2020-08-01T12:00:44+02:00\" >1 August 2020<\/time><\/div><\/footer><span class='hidden'>\n\t\t\t\t<span class='av-structured-data'  itemprop=\"image\" itemscope=\"itemscope\" itemtype=\"https:\/\/schema.org\/ImageObject\" >\n\t\t\t\t\t\t<span itemprop='url'>https:\/\/agencevu.com\/wp-content\/uploads\/2021\/02\/03_SELB23917-2020CL09-3.jpg<\/span>\n\t\t\t\t\t\t<span itemprop='height'>1080<\/span>\n\t\t\t\t\t\t<span itemprop='width'>1440<\/span>\n\t\t\t\t<\/span>\n\t\t\t\t<span class='av-structured-data'  itemprop=\"publisher\" itemtype=\"https:\/\/schema.org\/Organization\" itemscope=\"itemscope\" >\n\t\t\t\t\t\t<span itemprop='name'>Fanny Demichelis<\/span>\n\t\t\t\t\t\t<span itemprop='logo' itemscope itemtype='https:\/\/schema.org\/ImageObject'>\n\t\t\t\t\t\t\t<span itemprop='url'>\/wp-content\/uploads\/2021\/05\/logo-vert-2.svg<\/span>\n\t\t\t\t\t\t <\/span>\n\t\t\t\t<\/span><span class='av-structured-data'  itemprop=\"author\" itemscope=\"itemscope\" itemtype=\"https:\/\/schema.org\/Person\" ><span itemprop='name'>Fanny Demichelis<\/span><\/span><span class='av-structured-data'  itemprop=\"datePublished\" datetime=\"2015-07-01T12:00:55+02:00\" >2020-08-01 12:00:44<\/span><span class='av-structured-data'  itemprop=\"dateModified\" itemtype=\"https:\/\/schema.org\/dateModified\" >2021-04-27 15:10:58<\/span><span class='av-structured-data'  itemprop=\"mainEntityOfPage\" itemtype=\"https:\/\/schema.org\/mainEntityOfPage\" ><span itemprop='name'>Return of Nocturnal Fever, 2020<\/span><\/span><\/span><\/article><\/div><div class='slide-entry-wrap'><article class='slide-entry flex_column  post-entry post-entry-159637 slide-entry-overview slide-loop-7 slide-parity-odd  av_one_third first real-thumbnail'  itemscope=\"itemscope\" itemtype=\"https:\/\/schema.org\/CreativeWork\" ><a href='https:\/\/agencevu.com\/en\/serie\/paris-gaypride-2018\/' data-rel='slide-1' class='slide-image' title=''><img width=\"495\" height=\"400\" src=\"https:\/\/agencevu.com\/wp-content\/uploads\/2021\/05\/gaypride-1-1-495x400.jpg\" class=\"wp-image-159615 avia-img-lazy-loading-159615 attachment-portfolio size-portfolio wp-post-image\" alt=\"\" loading=\"lazy\" srcset=\"https:\/\/agencevu.com\/wp-content\/uploads\/2021\/05\/gaypride-1-1-495x400.jpg 495w, https:\/\/agencevu.com\/wp-content\/uploads\/2021\/05\/gaypride-1-1-845x684.jpg 845w\" sizes=\"(max-width: 495px) 100vw, 495px\" \/><\/a><div class='slide-content'><header class=\"entry-content-header\"><span class=\"blog-categories minor-meta\"> <a href=\"https:\/\/agencevu.com\/en\/photographer\/adrien-selbert\/\" rel=\"tag\">Adrien Selbert<\/a> <a href=\"https:\/\/agencevu.com\/en\/section_taxonomy\/series\/\" rel=\"tag\">s\u00e9ries<\/a> <\/span><h3 class='slide-entry-title entry-title'  itemprop=\"headline\" ><a href='https:\/\/agencevu.com\/en\/serie\/paris-gaypride-2018\/' title='Paris Gaypride, 2018'>Paris Gaypride, 2018<\/a><\/h3><span class=\"av-vertical-delimiter\"><\/span><\/header><div class='slide-entry-excerpt entry-content'  itemprop=\"text\" >This work is an assigment for the French newspaper Lib\u00e9ration. The photographer Adrien Selbert had photographed the 2018 Paris Gaypride.<\/div><\/div><footer class=\"entry-footer\"><div class='slide-meta'><time class='slide-meta-time updated'  itemprop=\"datePublished\" datetime=\"2018-06-30T12:01:58+02:00\" >30 June 2018<\/time><\/div><\/footer><span class='hidden'>\n\t\t\t\t<span class='av-structured-data'  itemprop=\"image\" itemscope=\"itemscope\" itemtype=\"https:\/\/schema.org\/ImageObject\" >\n\t\t\t\t\t\t<span itemprop='url'>https:\/\/agencevu.com\/wp-content\/uploads\/2021\/05\/gaypride-1-1.jpg<\/span>\n\t\t\t\t\t\t<span itemprop='height'>1080<\/span>\n\t\t\t\t\t\t<span itemprop='width'>1512<\/span>\n\t\t\t\t<\/span>\n\t\t\t\t<span class='av-structured-data'  itemprop=\"publisher\" itemtype=\"https:\/\/schema.org\/Organization\" itemscope=\"itemscope\" >\n\t\t\t\t\t\t<span itemprop='name'>Fanny Demichelis<\/span>\n\t\t\t\t\t\t<span itemprop='logo' itemscope itemtype='https:\/\/schema.org\/ImageObject'>\n\t\t\t\t\t\t\t<span itemprop='url'>\/wp-content\/uploads\/2021\/05\/logo-vert-2.svg<\/span>\n\t\t\t\t\t\t <\/span>\n\t\t\t\t<\/span><span class='av-structured-data'  itemprop=\"author\" itemscope=\"itemscope\" itemtype=\"https:\/\/schema.org\/Person\" ><span itemprop='name'>Fanny Demichelis<\/span><\/span><span class='av-structured-data'  itemprop=\"datePublished\" datetime=\"2015-07-01T12:00:55+02:00\" >2018-06-30 12:01:58<\/span><span class='av-structured-data'  itemprop=\"dateModified\" itemtype=\"https:\/\/schema.org\/dateModified\" >2021-05-26 12:06:08<\/span><span class='av-structured-data'  itemprop=\"mainEntityOfPage\" itemtype=\"https:\/\/schema.org\/mainEntityOfPage\" ><span itemprop='name'>Paris Gaypride, 2018<\/span><\/span><\/span><\/article><article class='slide-entry flex_column  post-entry post-entry-109457 slide-entry-overview slide-loop-8 slide-parity-even  av_one_third  real-thumbnail'  itemscope=\"itemscope\" itemtype=\"https:\/\/schema.org\/CreativeWork\" ><a href='https:\/\/agencevu.com\/en\/serie\/belgrade-annee-zero-17\/' data-rel='slide-1' class='slide-image' title=''><img width=\"435\" height=\"290\" src=\"https:\/\/agencevu.com\/wp-content\/uploads\/2021\/02\/00_SELB22156-2017CL34-1.jpg\" class=\"wp-image-109455 avia-img-lazy-loading-109455 attachment-portfolio size-portfolio wp-post-image\" alt=\"\" loading=\"lazy\" srcset=\"https:\/\/agencevu.com\/wp-content\/uploads\/2021\/02\/00_SELB22156-2017CL34-1.jpg 435w, https:\/\/agencevu.com\/wp-content\/uploads\/2021\/02\/00_SELB22156-2017CL34-1-300x200.jpg 300w, https:\/\/agencevu.com\/wp-content\/uploads\/2021\/02\/00_SELB22156-2017CL34-1-80x53.jpg 80w\" sizes=\"(max-width: 435px) 100vw, 435px\" \/><\/a><div class='slide-content'><header class=\"entry-content-header\"><span class=\"blog-categories minor-meta\"> <a href=\"https:\/\/agencevu.com\/en\/photographer\/adrien-selbert\/\" rel=\"tag\">Adrien Selbert<\/a> <a href=\"https:\/\/agencevu.com\/en\/section_taxonomy\/series\/\" rel=\"tag\">s\u00e9ries<\/a> <\/span><h3 class='slide-entry-title entry-title'  itemprop=\"headline\" ><a href='https:\/\/agencevu.com\/en\/serie\/belgrade-annee-zero-17\/' title='Belgrade, Ann\u00e9e Z\u00e9ro 17, 2017'>Belgrade, Ann\u00e9e Z\u00e9ro 17, 2017<\/a><\/h3><span class=\"av-vertical-delimiter\"><\/span><\/header><div class='slide-entry-excerpt entry-content'  itemprop=\"text\" >The cold spell has just hit Western Europe and has already been raging for several weeks in the East. It particularly threatens migrants trying to reach the Schengen area...<\/div><\/div><footer class=\"entry-footer\"><div class='slide-meta'><time class='slide-meta-time updated'  itemprop=\"datePublished\" datetime=\"2017-01-01T12:00:40+01:00\" >1 January 2017<\/time><\/div><\/footer><span class='hidden'>\n\t\t\t\t<span class='av-structured-data'  itemprop=\"image\" itemscope=\"itemscope\" itemtype=\"https:\/\/schema.org\/ImageObject\" >\n\t\t\t\t\t\t<span itemprop='url'>https:\/\/agencevu.com\/wp-content\/uploads\/2021\/02\/00_SELB22156-2017CL34-1.jpg<\/span>\n\t\t\t\t\t\t<span itemprop='height'>290<\/span>\n\t\t\t\t\t\t<span itemprop='width'>435<\/span>\n\t\t\t\t<\/span>\n\t\t\t\t<span class='av-structured-data'  itemprop=\"publisher\" itemtype=\"https:\/\/schema.org\/Organization\" itemscope=\"itemscope\" >\n\t\t\t\t\t\t<span itemprop='name'>Fanny Demichelis<\/span>\n\t\t\t\t\t\t<span itemprop='logo' itemscope itemtype='https:\/\/schema.org\/ImageObject'>\n\t\t\t\t\t\t\t<span itemprop='url'>\/wp-content\/uploads\/2021\/05\/logo-vert-2.svg<\/span>\n\t\t\t\t\t\t <\/span>\n\t\t\t\t<\/span><span class='av-structured-data'  itemprop=\"author\" itemscope=\"itemscope\" itemtype=\"https:\/\/schema.org\/Person\" ><span itemprop='name'>Fanny Demichelis<\/span><\/span><span class='av-structured-data'  itemprop=\"datePublished\" datetime=\"2015-07-01T12:00:55+02:00\" >2017-01-01 12:00:40<\/span><span class='av-structured-data'  itemprop=\"dateModified\" itemtype=\"https:\/\/schema.org\/dateModified\" >2021-04-27 15:11:11<\/span><span class='av-structured-data'  itemprop=\"mainEntityOfPage\" itemtype=\"https:\/\/schema.org\/mainEntityOfPage\" ><span itemprop='name'>Belgrade, Ann\u00e9e Z\u00e9ro 17, 2017<\/span><\/span><\/span><\/article><article class='slide-entry flex_column  post-entry post-entry-109275 slide-entry-overview slide-loop-9 slide-parity-odd  post-entry-last  av_one_third  real-thumbnail'  itemscope=\"itemscope\" itemtype=\"https:\/\/schema.org\/CreativeWork\" ><a href='https:\/\/agencevu.com\/en\/serie\/srebrenica-nuit-a-nuit-2015\/' data-rel='slide-1' class='slide-image' title=''><img width=\"495\" height=\"400\" src=\"https:\/\/agencevu.com\/wp-content\/uploads\/2021\/02\/00_SELB22163-2014CL11-1-495x400.jpg\" class=\"wp-image-109273 avia-img-lazy-loading-109273 attachment-portfolio size-portfolio wp-post-image\" alt=\"\" loading=\"lazy\" srcset=\"https:\/\/agencevu.com\/wp-content\/uploads\/2021\/02\/00_SELB22163-2014CL11-1-495x400.jpg 495w, https:\/\/agencevu.com\/wp-content\/uploads\/2021\/02\/00_SELB22163-2014CL11-1-845x684.jpg 845w\" sizes=\"(max-width: 495px) 100vw, 495px\" \/><\/a><div class='slide-content'><header class=\"entry-content-header\"><span class=\"blog-categories minor-meta\"> <a href=\"https:\/\/agencevu.com\/en\/photographer\/adrien-selbert\/\" rel=\"tag\">Adrien Selbert<\/a> <a href=\"https:\/\/agencevu.com\/en\/section_taxonomy\/series\/\" rel=\"tag\">s\u00e9ries<\/a> <\/span><h3 class='slide-entry-title entry-title'  itemprop=\"headline\" ><a href='https:\/\/agencevu.com\/en\/serie\/srebrenica-nuit-a-nuit-2015\/' title='Srebrenica, From Night to Night, 2015'>Srebrenica, From Night to Night, 2015<\/a><\/h3><span class=\"av-vertical-delimiter\"><\/span><\/header><div class='slide-entry-excerpt entry-content'  itemprop=\"text\" >Srebrenica is the first great personal work of Adrien Selbert. The series has been awarded by many institutions. On 11 July 1995, the Bosnian Serb army attacked the Muslim enclave of Srebrenica. More than 8 000 men will be massacred in 3 days. Twenty years later, the city seems frozen in the darkness of its history...<\/div><\/div><footer class=\"entry-footer\"><div class='slide-meta'><time class='slide-meta-time updated'  itemprop=\"datePublished\" datetime=\"2015-07-01T12:00:55+02:00\" >1 July 2015<\/time><\/div><\/footer><span class='hidden'>\n\t\t\t\t<span class='av-structured-data'  itemprop=\"image\" itemscope=\"itemscope\" itemtype=\"https:\/\/schema.org\/ImageObject\" >\n\t\t\t\t\t\t<span itemprop='url'>https:\/\/agencevu.com\/wp-content\/uploads\/2021\/02\/00_SELB22163-2014CL11-1.jpg<\/span>\n\t\t\t\t\t\t<span itemprop='height'>1080<\/span>\n\t\t\t\t\t\t<span itemprop='width'>1620<\/span>\n\t\t\t\t<\/span>\n\t\t\t\t<span class='av-structured-data'  itemprop=\"publisher\" itemtype=\"https:\/\/schema.org\/Organization\" itemscope=\"itemscope\" >\n\t\t\t\t\t\t<span itemprop='name'>Fanny Demichelis<\/span>\n\t\t\t\t\t\t<span itemprop='logo' itemscope itemtype='https:\/\/schema.org\/ImageObject'>\n\t\t\t\t\t\t\t<span itemprop='url'>\/wp-content\/uploads\/2021\/05\/logo-vert-2.svg<\/span>\n\t\t\t\t\t\t <\/span>\n\t\t\t\t<\/span><span class='av-structured-data'  itemprop=\"author\" itemscope=\"itemscope\" itemtype=\"https:\/\/schema.org\/Person\" ><span itemprop='name'>Fanny Demichelis<\/span><\/span><span class='av-structured-data'  itemprop=\"datePublished\" datetime=\"2015-07-01T12:00:55+02:00\" >2015-07-01 12:00:55<\/span><span class='av-structured-data'  itemprop=\"dateModified\" itemtype=\"https:\/\/schema.org\/dateModified\" >2022-11-16 11:13:29<\/span><span class='av-structured-data'  itemprop=\"mainEntityOfPage\" itemtype=\"https:\/\/schema.org\/mainEntityOfPage\" ><span itemprop='name'>Srebrenica, From Night to Night, 2015<\/span><\/span><\/span><\/article><\/div><\/div><\/div>\n<div  data-autoplay=''  data-interval='5'  data-animation='fade'  data-show_slide_delay='90'  class='avia-content-slider avia-content-grid-active avia-content-slider2 avia-content-slider-even   av-desktop-hide av-mini-hide'  itemscope=\"itemscope\" itemtype=\"https:\/\/schema.org\/Blog\" ><div class='avia-content-slider-inner'><div class='slide-entry-wrap'><article class='slide-entry flex_column  post-entry post-entry-198020 slide-entry-overview slide-loop-1 slide-parity-odd  av_one_half first real-thumbnail'  itemscope=\"itemscope\" itemtype=\"https:\/\/schema.org\/CreativeWork\" ><a href='https:\/\/agencevu.com\/en\/serie\/young-and-queer\/' data-rel='slide-2' class='slide-image' title=''><img width=\"387\" height=\"290\" src=\"https:\/\/agencevu.com\/wp-content\/uploads\/2023\/03\/Preview_Young_Queer.jpg\" class=\"wp-image-198098 avia-img-lazy-loading-198098 attachment-portfolio size-portfolio wp-post-image\" alt=\"\" loading=\"lazy\" srcset=\"https:\/\/agencevu.com\/wp-content\/uploads\/2023\/03\/Preview_Young_Queer.jpg 387w, https:\/\/agencevu.com\/wp-content\/uploads\/2023\/03\/Preview_Young_Queer-300x225.jpg 300w, https:\/\/agencevu.com\/wp-content\/uploads\/2023\/03\/Preview_Young_Queer-80x60.jpg 80w\" sizes=\"(max-width: 387px) 100vw, 387px\" \/><\/a><div class='slide-content'><header class=\"entry-content-header\"><span class=\"blog-categories minor-meta\"> <a href=\"https:\/\/agencevu.com\/en\/photographer\/adrien-selbert\/\" rel=\"tag\">Adrien Selbert<\/a> <a href=\"https:\/\/agencevu.com\/en\/section_taxonomy\/series\/\" rel=\"tag\">s\u00e9ries<\/a> <\/span><h3 class='slide-entry-title entry-title'  itemprop=\"headline\" ><a href='https:\/\/agencevu.com\/en\/serie\/young-and-queer\/' title='Young &amp; Queer'>Young & Queer<\/a><\/h3><span class=\"av-vertical-delimiter\"><\/span><\/header><div class='slide-entry-excerpt entry-content'  itemprop=\"text\" >These photographs depict a portrait of young people in Ile-de-France who are eager to abolish gender boundaries in a joyful fury.<\/div><\/div><footer class=\"entry-footer\"><div class='slide-meta'><time class='slide-meta-time updated'  itemprop=\"datePublished\" datetime=\"2023-03-13T16:33:43+01:00\" >13 March 2023<\/time><\/div><\/footer><span class='hidden'>\n\t\t\t\t<span class='av-structured-data'  itemprop=\"image\" itemscope=\"itemscope\" itemtype=\"https:\/\/schema.org\/ImageObject\" >\n\t\t\t\t\t\t<span itemprop='url'>https:\/\/agencevu.com\/wp-content\/uploads\/2023\/03\/Preview_Young_Queer.jpg<\/span>\n\t\t\t\t\t\t<span itemprop='height'>290<\/span>\n\t\t\t\t\t\t<span itemprop='width'>387<\/span>\n\t\t\t\t<\/span>\n\t\t\t\t<span class='av-structured-data'  itemprop=\"publisher\" itemtype=\"https:\/\/schema.org\/Organization\" itemscope=\"itemscope\" >\n\t\t\t\t\t\t<span itemprop='name'>Editorial<\/span>\n\t\t\t\t\t\t<span itemprop='logo' itemscope itemtype='https:\/\/schema.org\/ImageObject'>\n\t\t\t\t\t\t\t<span itemprop='url'>\/wp-content\/uploads\/2021\/05\/logo-vert-2.svg<\/span>\n\t\t\t\t\t\t <\/span>\n\t\t\t\t<\/span><span class='av-structured-data'  itemprop=\"author\" itemscope=\"itemscope\" itemtype=\"https:\/\/schema.org\/Person\" ><span itemprop='name'>Editorial<\/span><\/span><span class='av-structured-data'  itemprop=\"datePublished\" datetime=\"2015-07-01T12:00:55+02:00\" >2023-03-13 16:33:43<\/span><span class='av-structured-data'  itemprop=\"dateModified\" itemtype=\"https:\/\/schema.org\/dateModified\" >2023-03-14 11:55:03<\/span><span class='av-structured-data'  itemprop=\"mainEntityOfPage\" itemtype=\"https:\/\/schema.org\/mainEntityOfPage\" ><span itemprop='name'>Young &#038; Queer<\/span><\/span><\/span><\/article><article class='slide-entry flex_column  post-entry post-entry-109963 slide-entry-overview slide-loop-2 slide-parity-even  av_one_half  real-thumbnail'  itemscope=\"itemscope\" itemtype=\"https:\/\/schema.org\/CreativeWork\" ><a href='https:\/\/agencevu.com\/en\/serie\/les-bords-reels-2020\/' data-rel='slide-2' class='slide-image' title=''><img width=\"218\" height=\"290\" src=\"https:\/\/agencevu.com\/wp-content\/uploads\/2021\/02\/00_SELB23904-2019CL14.jpg\" class=\"wp-image-109961 avia-img-lazy-loading-109961 attachment-portfolio size-portfolio wp-post-image\" alt=\"\" loading=\"lazy\" srcset=\"https:\/\/agencevu.com\/wp-content\/uploads\/2021\/02\/00_SELB23904-2019CL14.jpg 218w, https:\/\/agencevu.com\/wp-content\/uploads\/2021\/02\/00_SELB23904-2019CL14-60x80.jpg 60w\" sizes=\"(max-width: 218px) 100vw, 218px\" \/><\/a><div class='slide-content'><header class=\"entry-content-header\"><span class=\"blog-categories minor-meta\"><a href=\"https:\/\/agencevu.com\/en\/Home\/home-realisations\/\" rel=\"tag\">Home-R\u00e9alisations<\/a> <a href=\"https:\/\/agencevu.com\/en\/photographer\/adrien-selbert\/\" rel=\"tag\">Adrien Selbert<\/a> <a href=\"https:\/\/agencevu.com\/en\/section_taxonomy\/series\/\" rel=\"tag\">s\u00e9ries<\/a> <\/span><h3 class='slide-entry-title entry-title'  itemprop=\"headline\" ><a href='https:\/\/agencevu.com\/en\/serie\/les-bords-reels-2020\/' title='The Real Edges, 2020'>The Real Edges, 2020<\/a><\/h3><span class=\"av-vertical-delimiter\"><\/span><\/header><div class='slide-entry-excerpt entry-content'  itemprop=\"text\" ><span class=\"tag-extrait\">Series | <\/span> On the occasion of the 25th anniversary of the end of the conflict in Bosnia in 2020, The Real Edges extends and completes the first photographic work by Adrien Selbert on Srebrenica.<\/div><\/div><footer class=\"entry-footer\"><div class='slide-meta'><time class='slide-meta-time updated'  itemprop=\"datePublished\" datetime=\"2020-12-01T12:00:23+01:00\" >1 December 2020<\/time><\/div><\/footer><span class='hidden'>\n\t\t\t\t<span class='av-structured-data'  itemprop=\"image\" itemscope=\"itemscope\" itemtype=\"https:\/\/schema.org\/ImageObject\" >\n\t\t\t\t\t\t<span itemprop='url'>https:\/\/agencevu.com\/wp-content\/uploads\/2021\/02\/00_SELB23904-2019CL14.jpg<\/span>\n\t\t\t\t\t\t<span itemprop='height'>290<\/span>\n\t\t\t\t\t\t<span itemprop='width'>218<\/span>\n\t\t\t\t<\/span>\n\t\t\t\t<span class='av-structured-data'  itemprop=\"publisher\" itemtype=\"https:\/\/schema.org\/Organization\" itemscope=\"itemscope\" >\n\t\t\t\t\t\t<span itemprop='name'>Fanny Demichelis<\/span>\n\t\t\t\t\t\t<span itemprop='logo' itemscope itemtype='https:\/\/schema.org\/ImageObject'>\n\t\t\t\t\t\t\t<span itemprop='url'>\/wp-content\/uploads\/2021\/05\/logo-vert-2.svg<\/span>\n\t\t\t\t\t\t <\/span>\n\t\t\t\t<\/span><span class='av-structured-data'  itemprop=\"author\" itemscope=\"itemscope\" itemtype=\"https:\/\/schema.org\/Person\" ><span itemprop='name'>Fanny Demichelis<\/span><\/span><span class='av-structured-data'  itemprop=\"datePublished\" datetime=\"2015-07-01T12:00:55+02:00\" >2020-12-01 12:00:23<\/span><span class='av-structured-data'  itemprop=\"dateModified\" itemtype=\"https:\/\/schema.org\/dateModified\" >2021-05-20 15:13:42<\/span><span class='av-structured-data'  itemprop=\"mainEntityOfPage\" itemtype=\"https:\/\/schema.org\/mainEntityOfPage\" ><span itemprop='name'>The Real Edges, 2020<\/span><\/span><\/span><\/article><\/div><div class='slide-entry-wrap'><article class='slide-entry flex_column  post-entry post-entry-109784 slide-entry-overview slide-loop-3 slide-parity-odd  av_one_half first real-thumbnail'  itemscope=\"itemscope\" itemtype=\"https:\/\/schema.org\/CreativeWork\" ><a href='https:\/\/agencevu.com\/en\/serie\/le-creole-2020\/' data-rel='slide-2' class='slide-image' title=''><img width=\"387\" height=\"290\" src=\"https:\/\/agencevu.com\/wp-content\/uploads\/2021\/02\/00_SELB23745-2020NB12.jpg\" class=\"wp-image-109780 avia-img-lazy-loading-109780 attachment-portfolio size-portfolio wp-post-image\" alt=\"\" loading=\"lazy\" srcset=\"https:\/\/agencevu.com\/wp-content\/uploads\/2021\/02\/00_SELB23745-2020NB12.jpg 387w, https:\/\/agencevu.com\/wp-content\/uploads\/2021\/02\/00_SELB23745-2020NB12-300x225.jpg 300w, https:\/\/agencevu.com\/wp-content\/uploads\/2021\/02\/00_SELB23745-2020NB12-80x60.jpg 80w\" sizes=\"(max-width: 387px) 100vw, 387px\" \/><\/a><div class='slide-content'><header class=\"entry-content-header\"><span class=\"blog-categories minor-meta\"> <a href=\"https:\/\/agencevu.com\/en\/photographer\/adrien-selbert\/\" rel=\"tag\">Adrien Selbert<\/a> <a href=\"https:\/\/agencevu.com\/en\/section_taxonomy\/series\/\" rel=\"tag\">s\u00e9ries<\/a> <\/span><h3 class='slide-entry-title entry-title'  itemprop=\"headline\" ><a href='https:\/\/agencevu.com\/en\/serie\/le-creole-2020\/' title='La Cr\u00e9ole, 2020'>La Cr\u00e9ole, 2020<\/a><\/h3><span class=\"av-vertical-delimiter\"><\/span><\/header><div class='slide-entry-excerpt entry-content'  itemprop=\"text\" >This series is an assigment for the newspaper Lib\u00e9ration. The photographer Adrien Selbert was photographed the 1 year of the collective \u201cLA CREOLE\u201d at the Club Le Chinois in Montreuil.<\/div><\/div><footer class=\"entry-footer\"><div class='slide-meta'><time class='slide-meta-time updated'  itemprop=\"datePublished\" datetime=\"2020-11-01T12:00:42+01:00\" >1 November 2020<\/time><\/div><\/footer><span class='hidden'>\n\t\t\t\t<span class='av-structured-data'  itemprop=\"image\" itemscope=\"itemscope\" itemtype=\"https:\/\/schema.org\/ImageObject\" >\n\t\t\t\t\t\t<span itemprop='url'>https:\/\/agencevu.com\/wp-content\/uploads\/2021\/02\/00_SELB23745-2020NB12.jpg<\/span>\n\t\t\t\t\t\t<span itemprop='height'>290<\/span>\n\t\t\t\t\t\t<span itemprop='width'>387<\/span>\n\t\t\t\t<\/span>\n\t\t\t\t<span class='av-structured-data'  itemprop=\"publisher\" itemtype=\"https:\/\/schema.org\/Organization\" itemscope=\"itemscope\" >\n\t\t\t\t\t\t<span itemprop='name'>Fanny Demichelis<\/span>\n\t\t\t\t\t\t<span itemprop='logo' itemscope itemtype='https:\/\/schema.org\/ImageObject'>\n\t\t\t\t\t\t\t<span itemprop='url'>\/wp-content\/uploads\/2021\/05\/logo-vert-2.svg<\/span>\n\t\t\t\t\t\t <\/span>\n\t\t\t\t<\/span><span class='av-structured-data'  itemprop=\"author\" itemscope=\"itemscope\" itemtype=\"https:\/\/schema.org\/Person\" ><span itemprop='name'>Fanny Demichelis<\/span><\/span><span class='av-structured-data'  itemprop=\"datePublished\" datetime=\"2015-07-01T12:00:55+02:00\" >2020-11-01 12:00:42<\/span><span class='av-structured-data'  itemprop=\"dateModified\" itemtype=\"https:\/\/schema.org\/dateModified\" >2023-03-10 11:41:46<\/span><span class='av-structured-data'  itemprop=\"mainEntityOfPage\" itemtype=\"https:\/\/schema.org\/mainEntityOfPage\" ><span itemprop='name'>La Cr\u00e9ole, 2020<\/span><\/span><\/span><\/article><article class='slide-entry flex_column  post-entry post-entry-109591 slide-entry-overview slide-loop-4 slide-parity-even  av_one_half  real-thumbnail'  itemscope=\"itemscope\" itemtype=\"https:\/\/schema.org\/CreativeWork\" ><a href='https:\/\/agencevu.com\/en\/serie\/art-and-fashion-2018\/' data-rel='slide-2' class='slide-image' title=''><img width=\"435\" height=\"290\" src=\"https:\/\/agencevu.com\/wp-content\/uploads\/2021\/02\/00_SELB22633-2018CL01.jpg\" class=\"wp-image-109553 avia-img-lazy-loading-109553 attachment-portfolio size-portfolio wp-post-image\" alt=\"\" loading=\"lazy\" srcset=\"https:\/\/agencevu.com\/wp-content\/uploads\/2021\/02\/00_SELB22633-2018CL01.jpg 435w, https:\/\/agencevu.com\/wp-content\/uploads\/2021\/02\/00_SELB22633-2018CL01-300x200.jpg 300w, https:\/\/agencevu.com\/wp-content\/uploads\/2021\/02\/00_SELB22633-2018CL01-80x53.jpg 80w\" sizes=\"(max-width: 435px) 100vw, 435px\" \/><\/a><div class='slide-content'><header class=\"entry-content-header\"><span class=\"blog-categories minor-meta\"> <a href=\"https:\/\/agencevu.com\/en\/photographer\/adrien-selbert\/\" rel=\"tag\">Adrien Selbert<\/a> <a href=\"https:\/\/agencevu.com\/en\/section_taxonomy\/series\/\" rel=\"tag\">s\u00e9ries<\/a> <\/span><h3 class='slide-entry-title entry-title'  itemprop=\"headline\" ><a href='https:\/\/agencevu.com\/en\/serie\/art-and-fashion-2018\/' title='Art &amp; Fashion'>Art & Fashion<\/a><\/h3><span class=\"av-vertical-delimiter\"><\/span><\/header><div class='slide-entry-excerpt entry-content'  itemprop=\"text\" >Adrien Selbert was commissioned by the Lib\u00e9ration, N\u00e9on Mag, Label Kiddermaster media to photograph the Paris Fashion week pr\u00eat-\u00e0-porter, fall-winter 2018-2019 collection...<\/div><\/div><footer class=\"entry-footer\"><div class='slide-meta'><time class='slide-meta-time updated'  itemprop=\"datePublished\" datetime=\"2020-10-01T12:00:09+02:00\" >1 October 2020<\/time><\/div><\/footer><span class='hidden'>\n\t\t\t\t<span class='av-structured-data'  itemprop=\"image\" itemscope=\"itemscope\" itemtype=\"https:\/\/schema.org\/ImageObject\" >\n\t\t\t\t\t\t<span itemprop='url'>https:\/\/agencevu.com\/wp-content\/uploads\/2021\/02\/00_SELB22633-2018CL01.jpg<\/span>\n\t\t\t\t\t\t<span itemprop='height'>290<\/span>\n\t\t\t\t\t\t<span itemprop='width'>435<\/span>\n\t\t\t\t<\/span>\n\t\t\t\t<span class='av-structured-data'  itemprop=\"publisher\" itemtype=\"https:\/\/schema.org\/Organization\" itemscope=\"itemscope\" >\n\t\t\t\t\t\t<span itemprop='name'>Fanny Demichelis<\/span>\n\t\t\t\t\t\t<span itemprop='logo' itemscope itemtype='https:\/\/schema.org\/ImageObject'>\n\t\t\t\t\t\t\t<span itemprop='url'>\/wp-content\/uploads\/2021\/05\/logo-vert-2.svg<\/span>\n\t\t\t\t\t\t <\/span>\n\t\t\t\t<\/span><span class='av-structured-data'  itemprop=\"author\" itemscope=\"itemscope\" itemtype=\"https:\/\/schema.org\/Person\" ><span itemprop='name'>Fanny Demichelis<\/span><\/span><span class='av-structured-data'  itemprop=\"datePublished\" datetime=\"2015-07-01T12:00:55+02:00\" >2020-10-01 12:00:09<\/span><span class='av-structured-data'  itemprop=\"dateModified\" itemtype=\"https:\/\/schema.org\/dateModified\" >2021-05-20 16:00:05<\/span><span class='av-structured-data'  itemprop=\"mainEntityOfPage\" itemtype=\"https:\/\/schema.org\/mainEntityOfPage\" ><span itemprop='name'>Art &#038; Fashion<\/span><\/span><\/span><\/article><\/div><div class='slide-entry-wrap'><article class='slide-entry flex_column  post-entry post-entry-109903 slide-entry-overview slide-loop-5 slide-parity-odd  av_one_half first real-thumbnail'  itemscope=\"itemscope\" itemtype=\"https:\/\/schema.org\/CreativeWork\" ><a href='https:\/\/agencevu.com\/en\/serie\/les-exclus-du-teletravail-2020\/' data-rel='slide-2' class='slide-image' title=''><img width=\"435\" height=\"290\" src=\"https:\/\/agencevu.com\/wp-content\/uploads\/2021\/02\/00_SELB23865-2020CL26.jpg\" class=\"wp-image-109901 avia-img-lazy-loading-109901 attachment-portfolio size-portfolio wp-post-image\" alt=\"\" loading=\"lazy\" srcset=\"https:\/\/agencevu.com\/wp-content\/uploads\/2021\/02\/00_SELB23865-2020CL26.jpg 435w, https:\/\/agencevu.com\/wp-content\/uploads\/2021\/02\/00_SELB23865-2020CL26-300x200.jpg 300w, https:\/\/agencevu.com\/wp-content\/uploads\/2021\/02\/00_SELB23865-2020CL26-80x53.jpg 80w\" sizes=\"(max-width: 435px) 100vw, 435px\" \/><\/a><div class='slide-content'><header class=\"entry-content-header\"><span class=\"blog-categories minor-meta\"> <a href=\"https:\/\/agencevu.com\/en\/photographer\/adrien-selbert\/\" rel=\"tag\">Adrien Selbert<\/a> <a href=\"https:\/\/agencevu.com\/en\/section_taxonomy\/series\/\" rel=\"tag\">s\u00e9ries<\/a> <\/span><h3 class='slide-entry-title entry-title'  itemprop=\"headline\" ><a href='https:\/\/agencevu.com\/en\/serie\/les-exclus-du-teletravail-2020\/' title='The Ones Left Out of Telework, 2020'>The Ones Left Out of Telework, 2020<\/a><\/h3><span class=\"av-vertical-delimiter\"><\/span><\/header><div class='slide-entry-excerpt entry-content'  itemprop=\"text\" >This report is an assigment for the newspaper Lib\u00e9ration. The station of Juvisy (Essonne), in the southern suburbs of Paris, is one of the busiest in France in normal times. During the lockdown, the trains are half empty. There are still some shadowy workers, who sometimes board the train with fear in their stomachs.<\/div><\/div><footer class=\"entry-footer\"><div class='slide-meta'><time class='slide-meta-time updated'  itemprop=\"datePublished\" datetime=\"2020-09-01T12:00:53+02:00\" >1 September 2020<\/time><\/div><\/footer><span class='hidden'>\n\t\t\t\t<span class='av-structured-data'  itemprop=\"image\" itemscope=\"itemscope\" itemtype=\"https:\/\/schema.org\/ImageObject\" >\n\t\t\t\t\t\t<span itemprop='url'>https:\/\/agencevu.com\/wp-content\/uploads\/2021\/02\/00_SELB23865-2020CL26.jpg<\/span>\n\t\t\t\t\t\t<span itemprop='height'>290<\/span>\n\t\t\t\t\t\t<span itemprop='width'>435<\/span>\n\t\t\t\t<\/span>\n\t\t\t\t<span class='av-structured-data'  itemprop=\"publisher\" itemtype=\"https:\/\/schema.org\/Organization\" itemscope=\"itemscope\" >\n\t\t\t\t\t\t<span itemprop='name'>Fanny Demichelis<\/span>\n\t\t\t\t\t\t<span itemprop='logo' itemscope itemtype='https:\/\/schema.org\/ImageObject'>\n\t\t\t\t\t\t\t<span itemprop='url'>\/wp-content\/uploads\/2021\/05\/logo-vert-2.svg<\/span>\n\t\t\t\t\t\t <\/span>\n\t\t\t\t<\/span><span class='av-structured-data'  itemprop=\"author\" itemscope=\"itemscope\" itemtype=\"https:\/\/schema.org\/Person\" ><span itemprop='name'>Fanny Demichelis<\/span><\/span><span class='av-structured-data'  itemprop=\"datePublished\" datetime=\"2015-07-01T12:00:55+02:00\" >2020-09-01 12:00:53<\/span><span class='av-structured-data'  itemprop=\"dateModified\" itemtype=\"https:\/\/schema.org\/dateModified\" >2021-05-20 15:49:01<\/span><span class='av-structured-data'  itemprop=\"mainEntityOfPage\" itemtype=\"https:\/\/schema.org\/mainEntityOfPage\" ><span itemprop='name'>The Ones Left Out of Telework, 2020<\/span><\/span><\/span><\/article><article class='slide-entry flex_column  post-entry post-entry-110245 slide-entry-overview slide-loop-6 slide-parity-even  av_one_half  real-thumbnail'  itemscope=\"itemscope\" itemtype=\"https:\/\/schema.org\/CreativeWork\" ><a href='https:\/\/agencevu.com\/en\/serie\/retour-de-fievre-nocturne-2020\/' data-rel='slide-2' class='slide-image' title=''><img width=\"495\" height=\"400\" src=\"https:\/\/agencevu.com\/wp-content\/uploads\/2021\/02\/03_SELB23917-2020CL09-3-495x400.jpg\" class=\"wp-image-110243 avia-img-lazy-loading-110243 attachment-portfolio size-portfolio wp-post-image\" alt=\"\" loading=\"lazy\" srcset=\"https:\/\/agencevu.com\/wp-content\/uploads\/2021\/02\/03_SELB23917-2020CL09-3-495x400.jpg 495w, https:\/\/agencevu.com\/wp-content\/uploads\/2021\/02\/03_SELB23917-2020CL09-3-845x684.jpg 845w\" sizes=\"(max-width: 495px) 100vw, 495px\" \/><\/a><div class='slide-content'><header class=\"entry-content-header\"><span class=\"blog-categories minor-meta\"> <a href=\"https:\/\/agencevu.com\/en\/photographer\/adrien-selbert\/\" rel=\"tag\">Adrien Selbert<\/a> <a href=\"https:\/\/agencevu.com\/en\/section_taxonomy\/series\/\" rel=\"tag\">s\u00e9ries<\/a> <\/span><h3 class='slide-entry-title entry-title'  itemprop=\"headline\" ><a href='https:\/\/agencevu.com\/en\/serie\/retour-de-fievre-nocturne-2020\/' title='Return of Nocturnal Fever, 2020'>Return of Nocturnal Fever, 2020<\/a><\/h3><span class=\"av-vertical-delimiter\"><\/span><\/header><div class='slide-entry-excerpt entry-content'  itemprop=\"text\" >This series was commissioned by the newspaper Lib\u00e9ration. Nearly 200 people gathered at Kilowatt, in the suburbs of Paris, for the first techno party since the end of the confinement...<\/div><\/div><footer class=\"entry-footer\"><div class='slide-meta'><time class='slide-meta-time updated'  itemprop=\"datePublished\" datetime=\"2020-08-01T12:00:44+02:00\" >1 August 2020<\/time><\/div><\/footer><span class='hidden'>\n\t\t\t\t<span class='av-structured-data'  itemprop=\"image\" itemscope=\"itemscope\" itemtype=\"https:\/\/schema.org\/ImageObject\" >\n\t\t\t\t\t\t<span itemprop='url'>https:\/\/agencevu.com\/wp-content\/uploads\/2021\/02\/03_SELB23917-2020CL09-3.jpg<\/span>\n\t\t\t\t\t\t<span itemprop='height'>1080<\/span>\n\t\t\t\t\t\t<span itemprop='width'>1440<\/span>\n\t\t\t\t<\/span>\n\t\t\t\t<span class='av-structured-data'  itemprop=\"publisher\" itemtype=\"https:\/\/schema.org\/Organization\" itemscope=\"itemscope\" >\n\t\t\t\t\t\t<span itemprop='name'>Fanny Demichelis<\/span>\n\t\t\t\t\t\t<span itemprop='logo' itemscope itemtype='https:\/\/schema.org\/ImageObject'>\n\t\t\t\t\t\t\t<span itemprop='url'>\/wp-content\/uploads\/2021\/05\/logo-vert-2.svg<\/span>\n\t\t\t\t\t\t <\/span>\n\t\t\t\t<\/span><span class='av-structured-data'  itemprop=\"author\" itemscope=\"itemscope\" itemtype=\"https:\/\/schema.org\/Person\" ><span itemprop='name'>Fanny Demichelis<\/span><\/span><span class='av-structured-data'  itemprop=\"datePublished\" datetime=\"2015-07-01T12:00:55+02:00\" >2020-08-01 12:00:44<\/span><span class='av-structured-data'  itemprop=\"dateModified\" itemtype=\"https:\/\/schema.org\/dateModified\" >2021-04-27 15:10:58<\/span><span class='av-structured-data'  itemprop=\"mainEntityOfPage\" itemtype=\"https:\/\/schema.org\/mainEntityOfPage\" ><span itemprop='name'>Return of Nocturnal Fever, 2020<\/span><\/span><\/span><\/article><\/div><div class='slide-entry-wrap'><article class='slide-entry flex_column  post-entry post-entry-159637 slide-entry-overview slide-loop-7 slide-parity-odd  av_one_half first real-thumbnail'  itemscope=\"itemscope\" itemtype=\"https:\/\/schema.org\/CreativeWork\" ><a href='https:\/\/agencevu.com\/en\/serie\/paris-gaypride-2018\/' data-rel='slide-2' class='slide-image' title=''><img width=\"495\" height=\"400\" src=\"https:\/\/agencevu.com\/wp-content\/uploads\/2021\/05\/gaypride-1-1-495x400.jpg\" class=\"wp-image-159615 avia-img-lazy-loading-159615 attachment-portfolio size-portfolio wp-post-image\" alt=\"\" loading=\"lazy\" srcset=\"https:\/\/agencevu.com\/wp-content\/uploads\/2021\/05\/gaypride-1-1-495x400.jpg 495w, https:\/\/agencevu.com\/wp-content\/uploads\/2021\/05\/gaypride-1-1-845x684.jpg 845w\" sizes=\"(max-width: 495px) 100vw, 495px\" \/><\/a><div class='slide-content'><header class=\"entry-content-header\"><span class=\"blog-categories minor-meta\"> <a href=\"https:\/\/agencevu.com\/en\/photographer\/adrien-selbert\/\" rel=\"tag\">Adrien Selbert<\/a> <a href=\"https:\/\/agencevu.com\/en\/section_taxonomy\/series\/\" rel=\"tag\">s\u00e9ries<\/a> <\/span><h3 class='slide-entry-title entry-title'  itemprop=\"headline\" ><a href='https:\/\/agencevu.com\/en\/serie\/paris-gaypride-2018\/' title='Paris Gaypride, 2018'>Paris Gaypride, 2018<\/a><\/h3><span class=\"av-vertical-delimiter\"><\/span><\/header><div class='slide-entry-excerpt entry-content'  itemprop=\"text\" >This work is an assigment for the French newspaper Lib\u00e9ration. The photographer Adrien Selbert had photographed the 2018 Paris Gaypride.<\/div><\/div><footer class=\"entry-footer\"><div class='slide-meta'><time class='slide-meta-time updated'  itemprop=\"datePublished\" datetime=\"2018-06-30T12:01:58+02:00\" >30 June 2018<\/time><\/div><\/footer><span class='hidden'>\n\t\t\t\t<span class='av-structured-data'  itemprop=\"image\" itemscope=\"itemscope\" itemtype=\"https:\/\/schema.org\/ImageObject\" >\n\t\t\t\t\t\t<span itemprop='url'>https:\/\/agencevu.com\/wp-content\/uploads\/2021\/05\/gaypride-1-1.jpg<\/span>\n\t\t\t\t\t\t<span itemprop='height'>1080<\/span>\n\t\t\t\t\t\t<span itemprop='width'>1512<\/span>\n\t\t\t\t<\/span>\n\t\t\t\t<span class='av-structured-data'  itemprop=\"publisher\" itemtype=\"https:\/\/schema.org\/Organization\" itemscope=\"itemscope\" >\n\t\t\t\t\t\t<span itemprop='name'>Fanny Demichelis<\/span>\n\t\t\t\t\t\t<span itemprop='logo' itemscope itemtype='https:\/\/schema.org\/ImageObject'>\n\t\t\t\t\t\t\t<span itemprop='url'>\/wp-content\/uploads\/2021\/05\/logo-vert-2.svg<\/span>\n\t\t\t\t\t\t <\/span>\n\t\t\t\t<\/span><span class='av-structured-data'  itemprop=\"author\" itemscope=\"itemscope\" itemtype=\"https:\/\/schema.org\/Person\" ><span itemprop='name'>Fanny Demichelis<\/span><\/span><span class='av-structured-data'  itemprop=\"datePublished\" datetime=\"2015-07-01T12:00:55+02:00\" >2018-06-30 12:01:58<\/span><span class='av-structured-data'  itemprop=\"dateModified\" itemtype=\"https:\/\/schema.org\/dateModified\" >2021-05-26 12:06:08<\/span><span class='av-structured-data'  itemprop=\"mainEntityOfPage\" itemtype=\"https:\/\/schema.org\/mainEntityOfPage\" ><span itemprop='name'>Paris Gaypride, 2018<\/span><\/span><\/span><\/article><article class='slide-entry flex_column  post-entry post-entry-109457 slide-entry-overview slide-loop-8 slide-parity-even  av_one_half  real-thumbnail'  itemscope=\"itemscope\" itemtype=\"https:\/\/schema.org\/CreativeWork\" ><a href='https:\/\/agencevu.com\/en\/serie\/belgrade-annee-zero-17\/' data-rel='slide-2' class='slide-image' title=''><img width=\"435\" height=\"290\" src=\"https:\/\/agencevu.com\/wp-content\/uploads\/2021\/02\/00_SELB22156-2017CL34-1.jpg\" class=\"wp-image-109455 avia-img-lazy-loading-109455 attachment-portfolio size-portfolio wp-post-image\" alt=\"\" loading=\"lazy\" srcset=\"https:\/\/agencevu.com\/wp-content\/uploads\/2021\/02\/00_SELB22156-2017CL34-1.jpg 435w, https:\/\/agencevu.com\/wp-content\/uploads\/2021\/02\/00_SELB22156-2017CL34-1-300x200.jpg 300w, https:\/\/agencevu.com\/wp-content\/uploads\/2021\/02\/00_SELB22156-2017CL34-1-80x53.jpg 80w\" sizes=\"(max-width: 435px) 100vw, 435px\" \/><\/a><div class='slide-content'><header class=\"entry-content-header\"><span class=\"blog-categories minor-meta\"> <a href=\"https:\/\/agencevu.com\/en\/photographer\/adrien-selbert\/\" rel=\"tag\">Adrien Selbert<\/a> <a href=\"https:\/\/agencevu.com\/en\/section_taxonomy\/series\/\" rel=\"tag\">s\u00e9ries<\/a> <\/span><h3 class='slide-entry-title entry-title'  itemprop=\"headline\" ><a href='https:\/\/agencevu.com\/en\/serie\/belgrade-annee-zero-17\/' title='Belgrade, Ann\u00e9e Z\u00e9ro 17, 2017'>Belgrade, Ann\u00e9e Z\u00e9ro 17, 2017<\/a><\/h3><span class=\"av-vertical-delimiter\"><\/span><\/header><div class='slide-entry-excerpt entry-content'  itemprop=\"text\" >The cold spell has just hit Western Europe and has already been raging for several weeks in the East. It particularly threatens migrants trying to reach the Schengen area...<\/div><\/div><footer class=\"entry-footer\"><div class='slide-meta'><time class='slide-meta-time updated'  itemprop=\"datePublished\" datetime=\"2017-01-01T12:00:40+01:00\" >1 January 2017<\/time><\/div><\/footer><span class='hidden'>\n\t\t\t\t<span class='av-structured-data'  itemprop=\"image\" itemscope=\"itemscope\" itemtype=\"https:\/\/schema.org\/ImageObject\" >\n\t\t\t\t\t\t<span itemprop='url'>https:\/\/agencevu.com\/wp-content\/uploads\/2021\/02\/00_SELB22156-2017CL34-1.jpg<\/span>\n\t\t\t\t\t\t<span itemprop='height'>290<\/span>\n\t\t\t\t\t\t<span itemprop='width'>435<\/span>\n\t\t\t\t<\/span>\n\t\t\t\t<span class='av-structured-data'  itemprop=\"publisher\" itemtype=\"https:\/\/schema.org\/Organization\" itemscope=\"itemscope\" >\n\t\t\t\t\t\t<span itemprop='name'>Fanny Demichelis<\/span>\n\t\t\t\t\t\t<span itemprop='logo' itemscope itemtype='https:\/\/schema.org\/ImageObject'>\n\t\t\t\t\t\t\t<span itemprop='url'>\/wp-content\/uploads\/2021\/05\/logo-vert-2.svg<\/span>\n\t\t\t\t\t\t <\/span>\n\t\t\t\t<\/span><span class='av-structured-data'  itemprop=\"author\" itemscope=\"itemscope\" itemtype=\"https:\/\/schema.org\/Person\" ><span itemprop='name'>Fanny Demichelis<\/span><\/span><span class='av-structured-data'  itemprop=\"datePublished\" datetime=\"2015-07-01T12:00:55+02:00\" >2017-01-01 12:00:40<\/span><span class='av-structured-data'  itemprop=\"dateModified\" itemtype=\"https:\/\/schema.org\/dateModified\" >2021-04-27 15:11:11<\/span><span class='av-structured-data'  itemprop=\"mainEntityOfPage\" itemtype=\"https:\/\/schema.org\/mainEntityOfPage\" ><span itemprop='name'>Belgrade, Ann\u00e9e Z\u00e9ro 17, 2017<\/span><\/span><\/span><\/article><\/div><div class='slide-entry-wrap'><article class='slide-entry flex_column  post-entry post-entry-109275 slide-entry-overview slide-loop-9 slide-parity-odd  post-entry-last  av_one_half first real-thumbnail'  itemscope=\"itemscope\" itemtype=\"https:\/\/schema.org\/CreativeWork\" ><a href='https:\/\/agencevu.com\/en\/serie\/srebrenica-nuit-a-nuit-2015\/' data-rel='slide-2' class='slide-image' title=''><img width=\"495\" height=\"400\" src=\"https:\/\/agencevu.com\/wp-content\/uploads\/2021\/02\/00_SELB22163-2014CL11-1-495x400.jpg\" class=\"wp-image-109273 avia-img-lazy-loading-109273 attachment-portfolio size-portfolio wp-post-image\" alt=\"\" loading=\"lazy\" srcset=\"https:\/\/agencevu.com\/wp-content\/uploads\/2021\/02\/00_SELB22163-2014CL11-1-495x400.jpg 495w, https:\/\/agencevu.com\/wp-content\/uploads\/2021\/02\/00_SELB22163-2014CL11-1-845x684.jpg 845w\" sizes=\"(max-width: 495px) 100vw, 495px\" \/><\/a><div class='slide-content'><header class=\"entry-content-header\"><span class=\"blog-categories minor-meta\"> <a href=\"https:\/\/agencevu.com\/en\/photographer\/adrien-selbert\/\" rel=\"tag\">Adrien Selbert<\/a> <a href=\"https:\/\/agencevu.com\/en\/section_taxonomy\/series\/\" rel=\"tag\">s\u00e9ries<\/a> <\/span><h3 class='slide-entry-title entry-title'  itemprop=\"headline\" ><a href='https:\/\/agencevu.com\/en\/serie\/srebrenica-nuit-a-nuit-2015\/' title='Srebrenica, From Night to Night, 2015'>Srebrenica, From Night to Night, 2015<\/a><\/h3><span class=\"av-vertical-delimiter\"><\/span><\/header><div class='slide-entry-excerpt entry-content'  itemprop=\"text\" >Srebrenica is the first great personal work of Adrien Selbert. The series has been awarded by many institutions. On 11 July 1995, the Bosnian Serb army attacked the Muslim enclave of Srebrenica. More than 8 000 men will be massacred in 3 days. Twenty years later, the city seems frozen in the darkness of its history...<\/div><\/div><footer class=\"entry-footer\"><div class='slide-meta'><time class='slide-meta-time updated'  itemprop=\"datePublished\" datetime=\"2015-07-01T12:00:55+02:00\" >1 July 2015<\/time><\/div><\/footer><span class='hidden'>\n\t\t\t\t<span class='av-structured-data'  itemprop=\"image\" itemscope=\"itemscope\" itemtype=\"https:\/\/schema.org\/ImageObject\" >\n\t\t\t\t\t\t<span itemprop='url'>https:\/\/agencevu.com\/wp-content\/uploads\/2021\/02\/00_SELB22163-2014CL11-1.jpg<\/span>\n\t\t\t\t\t\t<span itemprop='height'>1080<\/span>\n\t\t\t\t\t\t<span itemprop='width'>1620<\/span>\n\t\t\t\t<\/span>\n\t\t\t\t<span class='av-structured-data'  itemprop=\"publisher\" itemtype=\"https:\/\/schema.org\/Organization\" itemscope=\"itemscope\" >\n\t\t\t\t\t\t<span itemprop='name'>Fanny Demichelis<\/span>\n\t\t\t\t\t\t<span itemprop='logo' itemscope itemtype='https:\/\/schema.org\/ImageObject'>\n\t\t\t\t\t\t\t<span itemprop='url'>\/wp-content\/uploads\/2021\/05\/logo-vert-2.svg<\/span>\n\t\t\t\t\t\t <\/span>\n\t\t\t\t<\/span><span class='av-structured-data'  itemprop=\"author\" itemscope=\"itemscope\" itemtype=\"https:\/\/schema.org\/Person\" ><span itemprop='name'>Fanny Demichelis<\/span><\/span><span class='av-structured-data'  itemprop=\"datePublished\" datetime=\"2015-07-01T12:00:55+02:00\" >2015-07-01 12:00:55<\/span><span class='av-structured-data'  itemprop=\"dateModified\" itemtype=\"https:\/\/schema.org\/dateModified\" >2022-11-16 11:13:29<\/span><span class='av-structured-data'  itemprop=\"mainEntityOfPage\" itemtype=\"https:\/\/schema.org\/mainEntityOfPage\" ><span itemprop='name'>Srebrenica, From Night to Night, 2015<\/span><\/span><\/span><\/article><\/div><\/div><\/div>\n<div  data-autoplay=''  data-interval='5'  data-animation='fade'  data-show_slide_delay='90'  class='avia-content-slider avia-content-grid-active avia-content-slider3 avia-content-slider-odd   av-desktop-hide av-medium-hide av-small-hide'  itemscope=\"itemscope\" itemtype=\"https:\/\/schema.org\/Blog\" ><div class='avia-content-slider-inner'><div class='slide-entry-wrap'><article class='slide-entry flex_column  post-entry post-entry-198020 slide-entry-overview slide-loop-1 slide-parity-odd  av_fullwidth first real-thumbnail'  itemscope=\"itemscope\" itemtype=\"https:\/\/schema.org\/CreativeWork\" ><a href='https:\/\/agencevu.com\/en\/serie\/young-and-queer\/' data-rel='slide-3' class='slide-image' title=''><img width=\"387\" height=\"290\" src=\"https:\/\/agencevu.com\/wp-content\/uploads\/2023\/03\/Preview_Young_Queer.jpg\" class=\"wp-image-198098 avia-img-lazy-loading-198098 attachment-large size-large wp-post-image\" alt=\"\" loading=\"lazy\" srcset=\"https:\/\/agencevu.com\/wp-content\/uploads\/2023\/03\/Preview_Young_Queer.jpg 387w, https:\/\/agencevu.com\/wp-content\/uploads\/2023\/03\/Preview_Young_Queer-300x225.jpg 300w, https:\/\/agencevu.com\/wp-content\/uploads\/2023\/03\/Preview_Young_Queer-80x60.jpg 80w\" sizes=\"(max-width: 387px) 100vw, 387px\" \/><\/a><div class='slide-content'><header class=\"entry-content-header\"><span class=\"blog-categories minor-meta\"> <a href=\"https:\/\/agencevu.com\/en\/photographer\/adrien-selbert\/\" rel=\"tag\">Adrien Selbert<\/a> <a href=\"https:\/\/agencevu.com\/en\/section_taxonomy\/series\/\" rel=\"tag\">s\u00e9ries<\/a> <\/span><h3 class='slide-entry-title entry-title'  itemprop=\"headline\" ><a href='https:\/\/agencevu.com\/en\/serie\/young-and-queer\/' title='Young &amp; Queer'>Young & Queer<\/a><\/h3><span class=\"av-vertical-delimiter\"><\/span><\/header><div class='slide-entry-excerpt entry-content'  itemprop=\"text\" >These photographs depict a portrait of young people in Ile-de-France who are eager to abolish gender boundaries in a joyful fury.<\/div><\/div><footer class=\"entry-footer\"><div class='slide-meta'><time class='slide-meta-time updated'  itemprop=\"datePublished\" datetime=\"2023-03-13T16:33:43+01:00\" >13 March 2023<\/time><\/div><\/footer><span class='hidden'>\n\t\t\t\t<span class='av-structured-data'  itemprop=\"image\" itemscope=\"itemscope\" itemtype=\"https:\/\/schema.org\/ImageObject\" >\n\t\t\t\t\t\t<span itemprop='url'>https:\/\/agencevu.com\/wp-content\/uploads\/2023\/03\/Preview_Young_Queer.jpg<\/span>\n\t\t\t\t\t\t<span itemprop='height'>290<\/span>\n\t\t\t\t\t\t<span itemprop='width'>387<\/span>\n\t\t\t\t<\/span>\n\t\t\t\t<span class='av-structured-data'  itemprop=\"publisher\" itemtype=\"https:\/\/schema.org\/Organization\" itemscope=\"itemscope\" >\n\t\t\t\t\t\t<span itemprop='name'>Editorial<\/span>\n\t\t\t\t\t\t<span itemprop='logo' itemscope itemtype='https:\/\/schema.org\/ImageObject'>\n\t\t\t\t\t\t\t<span itemprop='url'>\/wp-content\/uploads\/2021\/05\/logo-vert-2.svg<\/span>\n\t\t\t\t\t\t <\/span>\n\t\t\t\t<\/span><span class='av-structured-data'  itemprop=\"author\" itemscope=\"itemscope\" itemtype=\"https:\/\/schema.org\/Person\" ><span itemprop='name'>Editorial<\/span><\/span><span class='av-structured-data'  itemprop=\"datePublished\" datetime=\"2015-07-01T12:00:55+02:00\" >2023-03-13 16:33:43<\/span><span class='av-structured-data'  itemprop=\"dateModified\" itemtype=\"https:\/\/schema.org\/dateModified\" >2023-03-14 11:55:03<\/span><span class='av-structured-data'  itemprop=\"mainEntityOfPage\" itemtype=\"https:\/\/schema.org\/mainEntityOfPage\" ><span itemprop='name'>Young &#038; Queer<\/span><\/span><\/span><\/article><\/div><div class='slide-entry-wrap'><article class='slide-entry flex_column  post-entry post-entry-109963 slide-entry-overview slide-loop-2 slide-parity-odd  av_fullwidth first real-thumbnail'  itemscope=\"itemscope\" itemtype=\"https:\/\/schema.org\/CreativeWork\" ><a href='https:\/\/agencevu.com\/en\/serie\/les-bords-reels-2020\/' data-rel='slide-3' class='slide-image' title=''><img width=\"218\" height=\"290\" src=\"https:\/\/agencevu.com\/wp-content\/uploads\/2021\/02\/00_SELB23904-2019CL14.jpg\" class=\"wp-image-109961 avia-img-lazy-loading-109961 attachment-large size-large wp-post-image\" alt=\"\" loading=\"lazy\" srcset=\"https:\/\/agencevu.com\/wp-content\/uploads\/2021\/02\/00_SELB23904-2019CL14.jpg 218w, https:\/\/agencevu.com\/wp-content\/uploads\/2021\/02\/00_SELB23904-2019CL14-60x80.jpg 60w\" sizes=\"(max-width: 218px) 100vw, 218px\" \/><\/a><div class='slide-content'><header class=\"entry-content-header\"><span class=\"blog-categories minor-meta\"><a href=\"https:\/\/agencevu.com\/en\/Home\/home-realisations\/\" rel=\"tag\">Home-R\u00e9alisations<\/a> <a href=\"https:\/\/agencevu.com\/en\/photographer\/adrien-selbert\/\" rel=\"tag\">Adrien Selbert<\/a> <a href=\"https:\/\/agencevu.com\/en\/section_taxonomy\/series\/\" rel=\"tag\">s\u00e9ries<\/a> <\/span><h3 class='slide-entry-title entry-title'  itemprop=\"headline\" ><a href='https:\/\/agencevu.com\/en\/serie\/les-bords-reels-2020\/' title='The Real Edges, 2020'>The Real Edges, 2020<\/a><\/h3><span class=\"av-vertical-delimiter\"><\/span><\/header><div class='slide-entry-excerpt entry-content'  itemprop=\"text\" ><span class=\"tag-extrait\">Series | <\/span> On the occasion of the 25th anniversary of the end of the conflict in Bosnia in 2020, The Real Edges extends and completes the first photographic work by Adrien Selbert on Srebrenica.<\/div><\/div><footer class=\"entry-footer\"><div class='slide-meta'><time class='slide-meta-time updated'  itemprop=\"datePublished\" datetime=\"2020-12-01T12:00:23+01:00\" >1 December 2020<\/time><\/div><\/footer><span class='hidden'>\n\t\t\t\t<span class='av-structured-data'  itemprop=\"image\" itemscope=\"itemscope\" itemtype=\"https:\/\/schema.org\/ImageObject\" >\n\t\t\t\t\t\t<span itemprop='url'>https:\/\/agencevu.com\/wp-content\/uploads\/2021\/02\/00_SELB23904-2019CL14.jpg<\/span>\n\t\t\t\t\t\t<span itemprop='height'>290<\/span>\n\t\t\t\t\t\t<span itemprop='width'>218<\/span>\n\t\t\t\t<\/span>\n\t\t\t\t<span class='av-structured-data'  itemprop=\"publisher\" itemtype=\"https:\/\/schema.org\/Organization\" itemscope=\"itemscope\" >\n\t\t\t\t\t\t<span itemprop='name'>Fanny Demichelis<\/span>\n\t\t\t\t\t\t<span itemprop='logo' itemscope itemtype='https:\/\/schema.org\/ImageObject'>\n\t\t\t\t\t\t\t<span itemprop='url'>\/wp-content\/uploads\/2021\/05\/logo-vert-2.svg<\/span>\n\t\t\t\t\t\t <\/span>\n\t\t\t\t<\/span><span class='av-structured-data'  itemprop=\"author\" itemscope=\"itemscope\" itemtype=\"https:\/\/schema.org\/Person\" ><span itemprop='name'>Fanny Demichelis<\/span><\/span><span class='av-structured-data'  itemprop=\"datePublished\" datetime=\"2015-07-01T12:00:55+02:00\" >2020-12-01 12:00:23<\/span><span class='av-structured-data'  itemprop=\"dateModified\" itemtype=\"https:\/\/schema.org\/dateModified\" >2021-05-20 15:13:42<\/span><span class='av-structured-data'  itemprop=\"mainEntityOfPage\" itemtype=\"https:\/\/schema.org\/mainEntityOfPage\" ><span itemprop='name'>The Real Edges, 2020<\/span><\/span><\/span><\/article><\/div><div class='slide-entry-wrap'><article class='slide-entry flex_column  post-entry post-entry-109784 slide-entry-overview slide-loop-3 slide-parity-odd  av_fullwidth first real-thumbnail'  itemscope=\"itemscope\" itemtype=\"https:\/\/schema.org\/CreativeWork\" ><a href='https:\/\/agencevu.com\/en\/serie\/le-creole-2020\/' data-rel='slide-3' class='slide-image' title=''><img width=\"387\" height=\"290\" src=\"https:\/\/agencevu.com\/wp-content\/uploads\/2021\/02\/00_SELB23745-2020NB12.jpg\" class=\"wp-image-109780 avia-img-lazy-loading-109780 attachment-large size-large wp-post-image\" alt=\"\" loading=\"lazy\" srcset=\"https:\/\/agencevu.com\/wp-content\/uploads\/2021\/02\/00_SELB23745-2020NB12.jpg 387w, https:\/\/agencevu.com\/wp-content\/uploads\/2021\/02\/00_SELB23745-2020NB12-300x225.jpg 300w, https:\/\/agencevu.com\/wp-content\/uploads\/2021\/02\/00_SELB23745-2020NB12-80x60.jpg 80w\" sizes=\"(max-width: 387px) 100vw, 387px\" \/><\/a><div class='slide-content'><header class=\"entry-content-header\"><span class=\"blog-categories minor-meta\"> <a href=\"https:\/\/agencevu.com\/en\/photographer\/adrien-selbert\/\" rel=\"tag\">Adrien Selbert<\/a> <a href=\"https:\/\/agencevu.com\/en\/section_taxonomy\/series\/\" rel=\"tag\">s\u00e9ries<\/a> <\/span><h3 class='slide-entry-title entry-title'  itemprop=\"headline\" ><a href='https:\/\/agencevu.com\/en\/serie\/le-creole-2020\/' title='La Cr\u00e9ole, 2020'>La Cr\u00e9ole, 2020<\/a><\/h3><span class=\"av-vertical-delimiter\"><\/span><\/header><div class='slide-entry-excerpt entry-content'  itemprop=\"text\" >This series is an assigment for the newspaper Lib\u00e9ration. The photographer Adrien Selbert was photographed the 1 year of the collective \u201cLA CREOLE\u201d at the Club Le Chinois in Montreuil.<\/div><\/div><footer class=\"entry-footer\"><div class='slide-meta'><time class='slide-meta-time updated'  itemprop=\"datePublished\" datetime=\"2020-11-01T12:00:42+01:00\" >1 November 2020<\/time><\/div><\/footer><span class='hidden'>\n\t\t\t\t<span class='av-structured-data'  itemprop=\"image\" itemscope=\"itemscope\" itemtype=\"https:\/\/schema.org\/ImageObject\" >\n\t\t\t\t\t\t<span itemprop='url'>https:\/\/agencevu.com\/wp-content\/uploads\/2021\/02\/00_SELB23745-2020NB12.jpg<\/span>\n\t\t\t\t\t\t<span itemprop='height'>290<\/span>\n\t\t\t\t\t\t<span itemprop='width'>387<\/span>\n\t\t\t\t<\/span>\n\t\t\t\t<span class='av-structured-data'  itemprop=\"publisher\" itemtype=\"https:\/\/schema.org\/Organization\" itemscope=\"itemscope\" >\n\t\t\t\t\t\t<span itemprop='name'>Fanny Demichelis<\/span>\n\t\t\t\t\t\t<span itemprop='logo' itemscope itemtype='https:\/\/schema.org\/ImageObject'>\n\t\t\t\t\t\t\t<span itemprop='url'>\/wp-content\/uploads\/2021\/05\/logo-vert-2.svg<\/span>\n\t\t\t\t\t\t <\/span>\n\t\t\t\t<\/span><span class='av-structured-data'  itemprop=\"author\" itemscope=\"itemscope\" itemtype=\"https:\/\/schema.org\/Person\" ><span itemprop='name'>Fanny Demichelis<\/span><\/span><span class='av-structured-data'  itemprop=\"datePublished\" datetime=\"2015-07-01T12:00:55+02:00\" >2020-11-01 12:00:42<\/span><span class='av-structured-data'  itemprop=\"dateModified\" itemtype=\"https:\/\/schema.org\/dateModified\" >2023-03-10 11:41:46<\/span><span class='av-structured-data'  itemprop=\"mainEntityOfPage\" itemtype=\"https:\/\/schema.org\/mainEntityOfPage\" ><span itemprop='name'>La Cr\u00e9ole, 2020<\/span><\/span><\/span><\/article><\/div><div class='slide-entry-wrap'><article class='slide-entry flex_column  post-entry post-entry-109591 slide-entry-overview slide-loop-4 slide-parity-odd  av_fullwidth first real-thumbnail'  itemscope=\"itemscope\" itemtype=\"https:\/\/schema.org\/CreativeWork\" ><a href='https:\/\/agencevu.com\/en\/serie\/art-and-fashion-2018\/' data-rel='slide-3' class='slide-image' title=''><img width=\"435\" height=\"290\" src=\"https:\/\/agencevu.com\/wp-content\/uploads\/2021\/02\/00_SELB22633-2018CL01.jpg\" class=\"wp-image-109553 avia-img-lazy-loading-109553 attachment-large size-large wp-post-image\" alt=\"\" loading=\"lazy\" srcset=\"https:\/\/agencevu.com\/wp-content\/uploads\/2021\/02\/00_SELB22633-2018CL01.jpg 435w, https:\/\/agencevu.com\/wp-content\/uploads\/2021\/02\/00_SELB22633-2018CL01-300x200.jpg 300w, https:\/\/agencevu.com\/wp-content\/uploads\/2021\/02\/00_SELB22633-2018CL01-80x53.jpg 80w\" sizes=\"(max-width: 435px) 100vw, 435px\" \/><\/a><div class='slide-content'><header class=\"entry-content-header\"><span class=\"blog-categories minor-meta\"> <a href=\"https:\/\/agencevu.com\/en\/photographer\/adrien-selbert\/\" rel=\"tag\">Adrien Selbert<\/a> <a href=\"https:\/\/agencevu.com\/en\/section_taxonomy\/series\/\" rel=\"tag\">s\u00e9ries<\/a> <\/span><h3 class='slide-entry-title entry-title'  itemprop=\"headline\" ><a href='https:\/\/agencevu.com\/en\/serie\/art-and-fashion-2018\/' title='Art &amp; Fashion'>Art & Fashion<\/a><\/h3><span class=\"av-vertical-delimiter\"><\/span><\/header><div class='slide-entry-excerpt entry-content'  itemprop=\"text\" >Adrien Selbert was commissioned by the Lib\u00e9ration, N\u00e9on Mag, Label Kiddermaster media to photograph the Paris Fashion week pr\u00eat-\u00e0-porter, fall-winter 2018-2019 collection...<\/div><\/div><footer class=\"entry-footer\"><div class='slide-meta'><time class='slide-meta-time updated'  itemprop=\"datePublished\" datetime=\"2020-10-01T12:00:09+02:00\" >1 October 2020<\/time><\/div><\/footer><span class='hidden'>\n\t\t\t\t<span class='av-structured-data'  itemprop=\"image\" itemscope=\"itemscope\" itemtype=\"https:\/\/schema.org\/ImageObject\" >\n\t\t\t\t\t\t<span itemprop='url'>https:\/\/agencevu.com\/wp-content\/uploads\/2021\/02\/00_SELB22633-2018CL01.jpg<\/span>\n\t\t\t\t\t\t<span itemprop='height'>290<\/span>\n\t\t\t\t\t\t<span itemprop='width'>435<\/span>\n\t\t\t\t<\/span>\n\t\t\t\t<span class='av-structured-data'  itemprop=\"publisher\" itemtype=\"https:\/\/schema.org\/Organization\" itemscope=\"itemscope\" >\n\t\t\t\t\t\t<span itemprop='name'>Fanny Demichelis<\/span>\n\t\t\t\t\t\t<span itemprop='logo' itemscope itemtype='https:\/\/schema.org\/ImageObject'>\n\t\t\t\t\t\t\t<span itemprop='url'>\/wp-content\/uploads\/2021\/05\/logo-vert-2.svg<\/span>\n\t\t\t\t\t\t <\/span>\n\t\t\t\t<\/span><span class='av-structured-data'  itemprop=\"author\" itemscope=\"itemscope\" itemtype=\"https:\/\/schema.org\/Person\" ><span itemprop='name'>Fanny Demichelis<\/span><\/span><span class='av-structured-data'  itemprop=\"datePublished\" datetime=\"2015-07-01T12:00:55+02:00\" >2020-10-01 12:00:09<\/span><span class='av-structured-data'  itemprop=\"dateModified\" itemtype=\"https:\/\/schema.org\/dateModified\" >2021-05-20 16:00:05<\/span><span class='av-structured-data'  itemprop=\"mainEntityOfPage\" itemtype=\"https:\/\/schema.org\/mainEntityOfPage\" ><span itemprop='name'>Art &#038; Fashion<\/span><\/span><\/span><\/article><\/div><div class='slide-entry-wrap'><article class='slide-entry flex_column  post-entry post-entry-109903 slide-entry-overview slide-loop-5 slide-parity-odd  av_fullwidth first real-thumbnail'  itemscope=\"itemscope\" itemtype=\"https:\/\/schema.org\/CreativeWork\" ><a href='https:\/\/agencevu.com\/en\/serie\/les-exclus-du-teletravail-2020\/' data-rel='slide-3' class='slide-image' title=''><img width=\"435\" height=\"290\" src=\"https:\/\/agencevu.com\/wp-content\/uploads\/2021\/02\/00_SELB23865-2020CL26.jpg\" class=\"wp-image-109901 avia-img-lazy-loading-109901 attachment-large size-large wp-post-image\" alt=\"\" loading=\"lazy\" srcset=\"https:\/\/agencevu.com\/wp-content\/uploads\/2021\/02\/00_SELB23865-2020CL26.jpg 435w, https:\/\/agencevu.com\/wp-content\/uploads\/2021\/02\/00_SELB23865-2020CL26-300x200.jpg 300w, https:\/\/agencevu.com\/wp-content\/uploads\/2021\/02\/00_SELB23865-2020CL26-80x53.jpg 80w\" sizes=\"(max-width: 435px) 100vw, 435px\" \/><\/a><div class='slide-content'><header class=\"entry-content-header\"><span class=\"blog-categories minor-meta\"> <a href=\"https:\/\/agencevu.com\/en\/photographer\/adrien-selbert\/\" rel=\"tag\">Adrien Selbert<\/a> <a href=\"https:\/\/agencevu.com\/en\/section_taxonomy\/series\/\" rel=\"tag\">s\u00e9ries<\/a> <\/span><h3 class='slide-entry-title entry-title'  itemprop=\"headline\" ><a href='https:\/\/agencevu.com\/en\/serie\/les-exclus-du-teletravail-2020\/' title='The Ones Left Out of Telework, 2020'>The Ones Left Out of Telework, 2020<\/a><\/h3><span class=\"av-vertical-delimiter\"><\/span><\/header><div class='slide-entry-excerpt entry-content'  itemprop=\"text\" >This report is an assigment for the newspaper Lib\u00e9ration. The station of Juvisy (Essonne), in the southern suburbs of Paris, is one of the busiest in France in normal times. During the lockdown, the trains are half empty. There are still some shadowy workers, who sometimes board the train with fear in their stomachs.<\/div><\/div><footer class=\"entry-footer\"><div class='slide-meta'><time class='slide-meta-time updated'  itemprop=\"datePublished\" datetime=\"2020-09-01T12:00:53+02:00\" >1 September 2020<\/time><\/div><\/footer><span class='hidden'>\n\t\t\t\t<span class='av-structured-data'  itemprop=\"image\" itemscope=\"itemscope\" itemtype=\"https:\/\/schema.org\/ImageObject\" >\n\t\t\t\t\t\t<span itemprop='url'>https:\/\/agencevu.com\/wp-content\/uploads\/2021\/02\/00_SELB23865-2020CL26.jpg<\/span>\n\t\t\t\t\t\t<span itemprop='height'>290<\/span>\n\t\t\t\t\t\t<span itemprop='width'>435<\/span>\n\t\t\t\t<\/span>\n\t\t\t\t<span class='av-structured-data'  itemprop=\"publisher\" itemtype=\"https:\/\/schema.org\/Organization\" itemscope=\"itemscope\" >\n\t\t\t\t\t\t<span itemprop='name'>Fanny Demichelis<\/span>\n\t\t\t\t\t\t<span itemprop='logo' itemscope itemtype='https:\/\/schema.org\/ImageObject'>\n\t\t\t\t\t\t\t<span itemprop='url'>\/wp-content\/uploads\/2021\/05\/logo-vert-2.svg<\/span>\n\t\t\t\t\t\t <\/span>\n\t\t\t\t<\/span><span class='av-structured-data'  itemprop=\"author\" itemscope=\"itemscope\" itemtype=\"https:\/\/schema.org\/Person\" ><span itemprop='name'>Fanny Demichelis<\/span><\/span><span class='av-structured-data'  itemprop=\"datePublished\" datetime=\"2015-07-01T12:00:55+02:00\" >2020-09-01 12:00:53<\/span><span class='av-structured-data'  itemprop=\"dateModified\" itemtype=\"https:\/\/schema.org\/dateModified\" >2021-05-20 15:49:01<\/span><span class='av-structured-data'  itemprop=\"mainEntityOfPage\" itemtype=\"https:\/\/schema.org\/mainEntityOfPage\" ><span itemprop='name'>The Ones Left Out of Telework, 2020<\/span><\/span><\/span><\/article><\/div><div class='slide-entry-wrap'><article class='slide-entry flex_column  post-entry post-entry-110245 slide-entry-overview slide-loop-6 slide-parity-odd  av_fullwidth first real-thumbnail'  itemscope=\"itemscope\" itemtype=\"https:\/\/schema.org\/CreativeWork\" ><a href='https:\/\/agencevu.com\/en\/serie\/retour-de-fievre-nocturne-2020\/' data-rel='slide-3' class='slide-image' title=''><img width=\"1030\" height=\"773\" src=\"https:\/\/agencevu.com\/wp-content\/uploads\/2021\/02\/03_SELB23917-2020CL09-3-1030x773.jpg\" class=\"wp-image-110243 avia-img-lazy-loading-110243 attachment-large size-large wp-post-image\" alt=\"\" loading=\"lazy\" srcset=\"https:\/\/agencevu.com\/wp-content\/uploads\/2021\/02\/03_SELB23917-2020CL09-3-1030x773.jpg 1030w, https:\/\/agencevu.com\/wp-content\/uploads\/2021\/02\/03_SELB23917-2020CL09-3-300x225.jpg 300w, https:\/\/agencevu.com\/wp-content\/uploads\/2021\/02\/03_SELB23917-2020CL09-3-80x60.jpg 80w, https:\/\/agencevu.com\/wp-content\/uploads\/2021\/02\/03_SELB23917-2020CL09-3-768x576.jpg 768w, https:\/\/agencevu.com\/wp-content\/uploads\/2021\/02\/03_SELB23917-2020CL09-3-705x529.jpg 705w, https:\/\/agencevu.com\/wp-content\/uploads\/2021\/02\/03_SELB23917-2020CL09-3-450x338.jpg 450w, https:\/\/agencevu.com\/wp-content\/uploads\/2021\/02\/03_SELB23917-2020CL09-3.jpg 1440w\" sizes=\"(max-width: 1030px) 100vw, 1030px\" \/><\/a><div class='slide-content'><header class=\"entry-content-header\"><span class=\"blog-categories minor-meta\"> <a href=\"https:\/\/agencevu.com\/en\/photographer\/adrien-selbert\/\" rel=\"tag\">Adrien Selbert<\/a> <a href=\"https:\/\/agencevu.com\/en\/section_taxonomy\/series\/\" rel=\"tag\">s\u00e9ries<\/a> <\/span><h3 class='slide-entry-title entry-title'  itemprop=\"headline\" ><a href='https:\/\/agencevu.com\/en\/serie\/retour-de-fievre-nocturne-2020\/' title='Return of Nocturnal Fever, 2020'>Return of Nocturnal Fever, 2020<\/a><\/h3><span class=\"av-vertical-delimiter\"><\/span><\/header><div class='slide-entry-excerpt entry-content'  itemprop=\"text\" >This series was commissioned by the newspaper Lib\u00e9ration. Nearly 200 people gathered at Kilowatt, in the suburbs of Paris, for the first techno party since the end of the confinement...<\/div><\/div><footer class=\"entry-footer\"><div class='slide-meta'><time class='slide-meta-time updated'  itemprop=\"datePublished\" datetime=\"2020-08-01T12:00:44+02:00\" >1 August 2020<\/time><\/div><\/footer><span class='hidden'>\n\t\t\t\t<span class='av-structured-data'  itemprop=\"image\" itemscope=\"itemscope\" itemtype=\"https:\/\/schema.org\/ImageObject\" >\n\t\t\t\t\t\t<span itemprop='url'>https:\/\/agencevu.com\/wp-content\/uploads\/2021\/02\/03_SELB23917-2020CL09-3.jpg<\/span>\n\t\t\t\t\t\t<span itemprop='height'>1080<\/span>\n\t\t\t\t\t\t<span itemprop='width'>1440<\/span>\n\t\t\t\t<\/span>\n\t\t\t\t<span class='av-structured-data'  itemprop=\"publisher\" itemtype=\"https:\/\/schema.org\/Organization\" itemscope=\"itemscope\" >\n\t\t\t\t\t\t<span itemprop='name'>Fanny Demichelis<\/span>\n\t\t\t\t\t\t<span itemprop='logo' itemscope itemtype='https:\/\/schema.org\/ImageObject'>\n\t\t\t\t\t\t\t<span itemprop='url'>\/wp-content\/uploads\/2021\/05\/logo-vert-2.svg<\/span>\n\t\t\t\t\t\t <\/span>\n\t\t\t\t<\/span><span class='av-structured-data'  itemprop=\"author\" itemscope=\"itemscope\" itemtype=\"https:\/\/schema.org\/Person\" ><span itemprop='name'>Fanny Demichelis<\/span><\/span><span class='av-structured-data'  itemprop=\"datePublished\" datetime=\"2015-07-01T12:00:55+02:00\" >2020-08-01 12:00:44<\/span><span class='av-structured-data'  itemprop=\"dateModified\" itemtype=\"https:\/\/schema.org\/dateModified\" >2021-04-27 15:10:58<\/span><span class='av-structured-data'  itemprop=\"mainEntityOfPage\" itemtype=\"https:\/\/schema.org\/mainEntityOfPage\" ><span itemprop='name'>Return of Nocturnal Fever, 2020<\/span><\/span><\/span><\/article><\/div><div class='slide-entry-wrap'><article class='slide-entry flex_column  post-entry post-entry-159637 slide-entry-overview slide-loop-7 slide-parity-odd  av_fullwidth first real-thumbnail'  itemscope=\"itemscope\" itemtype=\"https:\/\/schema.org\/CreativeWork\" ><a href='https:\/\/agencevu.com\/en\/serie\/paris-gaypride-2018\/' data-rel='slide-3' class='slide-image' title=''><img width=\"1030\" height=\"736\" src=\"https:\/\/agencevu.com\/wp-content\/uploads\/2021\/05\/gaypride-1-1-1030x736.jpg\" class=\"wp-image-159615 avia-img-lazy-loading-159615 attachment-large size-large wp-post-image\" alt=\"\" loading=\"lazy\" srcset=\"https:\/\/agencevu.com\/wp-content\/uploads\/2021\/05\/gaypride-1-1-1030x736.jpg 1030w, https:\/\/agencevu.com\/wp-content\/uploads\/2021\/05\/gaypride-1-1-300x214.jpg 300w, https:\/\/agencevu.com\/wp-content\/uploads\/2021\/05\/gaypride-1-1-80x57.jpg 80w, https:\/\/agencevu.com\/wp-content\/uploads\/2021\/05\/gaypride-1-1-768x549.jpg 768w, https:\/\/agencevu.com\/wp-content\/uploads\/2021\/05\/gaypride-1-1-1500x1071.jpg 1500w, https:\/\/agencevu.com\/wp-content\/uploads\/2021\/05\/gaypride-1-1-260x185.jpg 260w, https:\/\/agencevu.com\/wp-content\/uploads\/2021\/05\/gaypride-1-1-705x504.jpg 705w, https:\/\/agencevu.com\/wp-content\/uploads\/2021\/05\/gaypride-1-1.jpg 1512w\" sizes=\"(max-width: 1030px) 100vw, 1030px\" \/><\/a><div class='slide-content'><header class=\"entry-content-header\"><span class=\"blog-categories minor-meta\"> <a href=\"https:\/\/agencevu.com\/en\/photographer\/adrien-selbert\/\" rel=\"tag\">Adrien Selbert<\/a> <a href=\"https:\/\/agencevu.com\/en\/section_taxonomy\/series\/\" rel=\"tag\">s\u00e9ries<\/a> <\/span><h3 class='slide-entry-title entry-title'  itemprop=\"headline\" ><a href='https:\/\/agencevu.com\/en\/serie\/paris-gaypride-2018\/' title='Paris Gaypride, 2018'>Paris Gaypride, 2018<\/a><\/h3><span class=\"av-vertical-delimiter\"><\/span><\/header><div class='slide-entry-excerpt entry-content'  itemprop=\"text\" >This work is an assigment for the French newspaper Lib\u00e9ration. The photographer Adrien Selbert had photographed the 2018 Paris Gaypride.<\/div><\/div><footer class=\"entry-footer\"><div class='slide-meta'><time class='slide-meta-time updated'  itemprop=\"datePublished\" datetime=\"2018-06-30T12:01:58+02:00\" >30 June 2018<\/time><\/div><\/footer><span class='hidden'>\n\t\t\t\t<span class='av-structured-data'  itemprop=\"image\" itemscope=\"itemscope\" itemtype=\"https:\/\/schema.org\/ImageObject\" >\n\t\t\t\t\t\t<span itemprop='url'>https:\/\/agencevu.com\/wp-content\/uploads\/2021\/05\/gaypride-1-1.jpg<\/span>\n\t\t\t\t\t\t<span itemprop='height'>1080<\/span>\n\t\t\t\t\t\t<span itemprop='width'>1512<\/span>\n\t\t\t\t<\/span>\n\t\t\t\t<span class='av-structured-data'  itemprop=\"publisher\" itemtype=\"https:\/\/schema.org\/Organization\" itemscope=\"itemscope\" >\n\t\t\t\t\t\t<span itemprop='name'>Fanny Demichelis<\/span>\n\t\t\t\t\t\t<span itemprop='logo' itemscope itemtype='https:\/\/schema.org\/ImageObject'>\n\t\t\t\t\t\t\t<span itemprop='url'>\/wp-content\/uploads\/2021\/05\/logo-vert-2.svg<\/span>\n\t\t\t\t\t\t <\/span>\n\t\t\t\t<\/span><span class='av-structured-data'  itemprop=\"author\" itemscope=\"itemscope\" itemtype=\"https:\/\/schema.org\/Person\" ><span itemprop='name'>Fanny Demichelis<\/span><\/span><span class='av-structured-data'  itemprop=\"datePublished\" datetime=\"2015-07-01T12:00:55+02:00\" >2018-06-30 12:01:58<\/span><span class='av-structured-data'  itemprop=\"dateModified\" itemtype=\"https:\/\/schema.org\/dateModified\" >2021-05-26 12:06:08<\/span><span class='av-structured-data'  itemprop=\"mainEntityOfPage\" itemtype=\"https:\/\/schema.org\/mainEntityOfPage\" ><span itemprop='name'>Paris Gaypride, 2018<\/span><\/span><\/span><\/article><\/div><div class='slide-entry-wrap'><article class='slide-entry flex_column  post-entry post-entry-109457 slide-entry-overview slide-loop-8 slide-parity-odd  av_fullwidth first real-thumbnail'  itemscope=\"itemscope\" itemtype=\"https:\/\/schema.org\/CreativeWork\" ><a href='https:\/\/agencevu.com\/en\/serie\/belgrade-annee-zero-17\/' data-rel='slide-3' class='slide-image' title=''><img width=\"435\" height=\"290\" src=\"https:\/\/agencevu.com\/wp-content\/uploads\/2021\/02\/00_SELB22156-2017CL34-1.jpg\" class=\"wp-image-109455 avia-img-lazy-loading-109455 attachment-large size-large wp-post-image\" alt=\"\" loading=\"lazy\" srcset=\"https:\/\/agencevu.com\/wp-content\/uploads\/2021\/02\/00_SELB22156-2017CL34-1.jpg 435w, https:\/\/agencevu.com\/wp-content\/uploads\/2021\/02\/00_SELB22156-2017CL34-1-300x200.jpg 300w, https:\/\/agencevu.com\/wp-content\/uploads\/2021\/02\/00_SELB22156-2017CL34-1-80x53.jpg 80w\" sizes=\"(max-width: 435px) 100vw, 435px\" \/><\/a><div class='slide-content'><header class=\"entry-content-header\"><span class=\"blog-categories minor-meta\"> <a href=\"https:\/\/agencevu.com\/en\/photographer\/adrien-selbert\/\" rel=\"tag\">Adrien Selbert<\/a> <a href=\"https:\/\/agencevu.com\/en\/section_taxonomy\/series\/\" rel=\"tag\">s\u00e9ries<\/a> <\/span><h3 class='slide-entry-title entry-title'  itemprop=\"headline\" ><a href='https:\/\/agencevu.com\/en\/serie\/belgrade-annee-zero-17\/' title='Belgrade, Ann\u00e9e Z\u00e9ro 17, 2017'>Belgrade, Ann\u00e9e Z\u00e9ro 17, 2017<\/a><\/h3><span class=\"av-vertical-delimiter\"><\/span><\/header><div class='slide-entry-excerpt entry-content'  itemprop=\"text\" >The cold spell has just hit Western Europe and has already been raging for several weeks in the East. It particularly threatens migrants trying to reach the Schengen area...<\/div><\/div><footer class=\"entry-footer\"><div class='slide-meta'><time class='slide-meta-time updated'  itemprop=\"datePublished\" datetime=\"2017-01-01T12:00:40+01:00\" >1 January 2017<\/time><\/div><\/footer><span class='hidden'>\n\t\t\t\t<span class='av-structured-data'  itemprop=\"image\" itemscope=\"itemscope\" itemtype=\"https:\/\/schema.org\/ImageObject\" >\n\t\t\t\t\t\t<span itemprop='url'>https:\/\/agencevu.com\/wp-content\/uploads\/2021\/02\/00_SELB22156-2017CL34-1.jpg<\/span>\n\t\t\t\t\t\t<span itemprop='height'>290<\/span>\n\t\t\t\t\t\t<span itemprop='width'>435<\/span>\n\t\t\t\t<\/span>\n\t\t\t\t<span class='av-structured-data'  itemprop=\"publisher\" itemtype=\"https:\/\/schema.org\/Organization\" itemscope=\"itemscope\" >\n\t\t\t\t\t\t<span itemprop='name'>Fanny Demichelis<\/span>\n\t\t\t\t\t\t<span itemprop='logo' itemscope itemtype='https:\/\/schema.org\/ImageObject'>\n\t\t\t\t\t\t\t<span itemprop='url'>\/wp-content\/uploads\/2021\/05\/logo-vert-2.svg<\/span>\n\t\t\t\t\t\t <\/span>\n\t\t\t\t<\/span><span class='av-structured-data'  itemprop=\"author\" itemscope=\"itemscope\" itemtype=\"https:\/\/schema.org\/Person\" ><span itemprop='name'>Fanny Demichelis<\/span><\/span><span class='av-structured-data'  itemprop=\"datePublished\" datetime=\"2015-07-01T12:00:55+02:00\" >2017-01-01 12:00:40<\/span><span class='av-structured-data'  itemprop=\"dateModified\" itemtype=\"https:\/\/schema.org\/dateModified\" >2021-04-27 15:11:11<\/span><span class='av-structured-data'  itemprop=\"mainEntityOfPage\" itemtype=\"https:\/\/schema.org\/mainEntityOfPage\" ><span itemprop='name'>Belgrade, Ann\u00e9e Z\u00e9ro 17, 2017<\/span><\/span><\/span><\/article><\/div><div class='slide-entry-wrap'><article class='slide-entry flex_column  post-entry post-entry-109275 slide-entry-overview slide-loop-9 slide-parity-odd  post-entry-last  av_fullwidth first real-thumbnail'  itemscope=\"itemscope\" itemtype=\"https:\/\/schema.org\/CreativeWork\" ><a href='https:\/\/agencevu.com\/en\/serie\/srebrenica-nuit-a-nuit-2015\/' data-rel='slide-3' class='slide-image' title=''><img width=\"1030\" height=\"687\" src=\"https:\/\/agencevu.com\/wp-content\/uploads\/2021\/02\/00_SELB22163-2014CL11-1-1030x687.jpg\" class=\"wp-image-109273 avia-img-lazy-loading-109273 attachment-large size-large wp-post-image\" alt=\"\" loading=\"lazy\" srcset=\"https:\/\/agencevu.com\/wp-content\/uploads\/2021\/02\/00_SELB22163-2014CL11-1-1030x687.jpg 1030w, https:\/\/agencevu.com\/wp-content\/uploads\/2021\/02\/00_SELB22163-2014CL11-1-300x200.jpg 300w, https:\/\/agencevu.com\/wp-content\/uploads\/2021\/02\/00_SELB22163-2014CL11-1-80x53.jpg 80w, https:\/\/agencevu.com\/wp-content\/uploads\/2021\/02\/00_SELB22163-2014CL11-1-768x512.jpg 768w, https:\/\/agencevu.com\/wp-content\/uploads\/2021\/02\/00_SELB22163-2014CL11-1-1536x1024.jpg 1536w, https:\/\/agencevu.com\/wp-content\/uploads\/2021\/02\/00_SELB22163-2014CL11-1-1500x1000.jpg 1500w, https:\/\/agencevu.com\/wp-content\/uploads\/2021\/02\/00_SELB22163-2014CL11-1-705x470.jpg 705w, https:\/\/agencevu.com\/wp-content\/uploads\/2021\/02\/00_SELB22163-2014CL11-1-450x300.jpg 450w, https:\/\/agencevu.com\/wp-content\/uploads\/2021\/02\/00_SELB22163-2014CL11-1.jpg 1620w\" sizes=\"(max-width: 1030px) 100vw, 1030px\" \/><\/a><div class='slide-content'><header class=\"entry-content-header\"><span class=\"blog-categories minor-meta\"> <a href=\"https:\/\/agencevu.com\/en\/photographer\/adrien-selbert\/\" rel=\"tag\">Adrien Selbert<\/a> <a href=\"https:\/\/agencevu.com\/en\/section_taxonomy\/series\/\" rel=\"tag\">s\u00e9ries<\/a> <\/span><h3 class='slide-entry-title entry-title'  itemprop=\"headline\" ><a href='https:\/\/agencevu.com\/en\/serie\/srebrenica-nuit-a-nuit-2015\/' title='Srebrenica, From Night to Night, 2015'>Srebrenica, From Night to Night, 2015<\/a><\/h3><span class=\"av-vertical-delimiter\"><\/span><\/header><div class='slide-entry-excerpt entry-content'  itemprop=\"text\" >Srebrenica is the first great personal work of Adrien Selbert. The series has been awarded by many institutions. On 11 July 1995, the Bosnian Serb army attacked the Muslim enclave of Srebrenica. More than 8 000 men will be massacred in 3 days. Twenty years later, the city seems frozen in the darkness of its history...<\/div><\/div><footer class=\"entry-footer\"><div class='slide-meta'><time class='slide-meta-time updated'  itemprop=\"datePublished\" datetime=\"2015-07-01T12:00:55+02:00\" >1 July 2015<\/time><\/div><\/footer><span class='hidden'>\n\t\t\t\t<span class='av-structured-data'  itemprop=\"image\" itemscope=\"itemscope\" itemtype=\"https:\/\/schema.org\/ImageObject\" >\n\t\t\t\t\t\t<span itemprop='url'>https:\/\/agencevu.com\/wp-content\/uploads\/2021\/02\/00_SELB22163-2014CL11-1.jpg<\/span>\n\t\t\t\t\t\t<span itemprop='height'>1080<\/span>\n\t\t\t\t\t\t<span itemprop='width'>1620<\/span>\n\t\t\t\t<\/span>\n\t\t\t\t<span class='av-structured-data'  itemprop=\"publisher\" itemtype=\"https:\/\/schema.org\/Organization\" itemscope=\"itemscope\" >\n\t\t\t\t\t\t<span itemprop='name'>Fanny Demichelis<\/span>\n\t\t\t\t\t\t<span itemprop='logo' itemscope itemtype='https:\/\/schema.org\/ImageObject'>\n\t\t\t\t\t\t\t<span itemprop='url'>\/wp-content\/uploads\/2021\/05\/logo-vert-2.svg<\/span>\n\t\t\t\t\t\t <\/span>\n\t\t\t\t<\/span><span class='av-structured-data'  itemprop=\"author\" itemscope=\"itemscope\" itemtype=\"https:\/\/schema.org\/Person\" ><span itemprop='name'>Fanny Demichelis<\/span><\/span><span class='av-structured-data'  itemprop=\"datePublished\" datetime=\"2015-07-01T12:00:55+02:00\" >2015-07-01 12:00:55<\/span><span class='av-structured-data'  itemprop=\"dateModified\" itemtype=\"https:\/\/schema.org\/dateModified\" >2022-11-16 11:13:29<\/span><span class='av-structured-data'  itemprop=\"mainEntityOfPage\" itemtype=\"https:\/\/schema.org\/mainEntityOfPage\" ><span itemprop='name'>Srebrenica, From Night to Night, 2015<\/span><\/span><\/span><\/article><\/div><\/div><\/div>\n\n<div id='videos'  class='avia-section main_color avia-section-no-padding avia-no-border-styling  avia-bg-style-scroll  avia-builder-el-0  el_before_av_section  avia-builder-el-first   container_wrap fullsize' style=' '  ><div class='container' ><main  role=\"main\" itemprop=\"mainContentOfPage\"  class='template-page content  av-content-full alpha units'><div class='post-entry post-entry-type-page post-entry-147088'><div class='entry-content-wrapper clearfix'>\n<section class=\"av_textblock_section \"  itemscope=\"itemscope\" itemtype=\"https:\/\/schema.org\/CreativeWork\" ><div class='avia_textblock  '  style='font-size:20px; '  itemprop=\"text\" ><p id=\"multimedia\" style=\"color: #707070; letter-spacing: 1.5px; text-transform: uppercase;\">videos<\/p>\n<hr class=\"hr-titre-page\">\n<\/div><\/section>\n<div class=\"flex_column av_one_full  flex_column_div av-zero-column-padding first  avia-builder-el-1  avia-builder-el-no-sibling  \" style='border-radius:0px; '><p><div  class='avia-video avia-video-16-9   av-lazyload-immediate  av-lazyload-video-embed  '   itemprop=\"video\" itemtype=\"https:\/\/schema.org\/VideoObject\"  data-original_url='https:\/\/youtu.be\/gzunAMYVngo' ><script type='text\/html' class='av-video-tmpl'><div class='avia-iframe-wrap'><iframe title=\"ADRIEN SELBERT - Showreel 2023\" width=\"1500\" height=\"844\" src=\"https:\/\/www.youtube.com\/embed\/gzunAMYVngo?feature=oembed&autoplay=0&loop=0&controls=1&mute=0\" frameborder=\"0\" allow=\"accelerometer; autoplay; clipboard-write; encrypted-media; gyroscope; picture-in-picture; web-share\" referrerpolicy=\"strict-origin-when-cross-origin\" allowfullscreen><\/iframe><\/div><\/script><div class='av-click-to-play-overlay'><div class=\"avia_playpause_icon\"><\/div><\/div><\/div><br \/>\n<section class=\"av_textblock_section \"  itemscope=\"itemscope\" itemtype=\"https:\/\/schema.org\/CreativeWork\" ><div class='avia_textblock  '   itemprop=\"text\" ><p><strong>Showreal, 2023<\/strong><\/p>\n<\/div><\/section><\/p><\/div><div  style=' margin-top:50px; margin-bottom:50px;'  class='hr hr-custom hr-center hr-icon-no  '><span class='hr-inner  inner-border-av-border-thin' style=' width:100%; border-color:#d8d8d8;' ><span class='hr-inner-style'><\/span><\/span><\/div>\n<div class=\"flex_column av_one_half  flex_column_div av-zero-column-padding first  \" style='border-radius:0px; '><p><div  class='avia-video avia-video-16-9   av-lazyload-immediate  av-lazyload-video-embed  '   itemprop=\"video\" itemtype=\"https:\/\/schema.org\/VideoObject\"  data-original_url='https:\/\/vimeo.com\/485698454' ><script type='text\/html' class='av-video-tmpl'><div class='avia-iframe-wrap'><iframe title=\"Les Bords R\u00e9els\" src=\"https:\/\/player.vimeo.com\/video\/485698454?dnt=1&amp;app_id=122963&autoplay=0&loop=0&controls=1&muted=0\" width=\"1500\" height=\"844\" frameborder=\"0\" allow=\"autoplay; fullscreen; picture-in-picture; clipboard-write\"><\/iframe><\/div><\/script><div class='av-click-to-play-overlay'><div class=\"avia_playpause_icon\"><\/div><\/div><\/div><br \/>\n<section class=\"av_textblock_section \"  itemscope=\"itemscope\" itemtype=\"https:\/\/schema.org\/CreativeWork\" ><div class='avia_textblock  '   itemprop=\"text\" ><p><strong>The Real Edges, 2020<\/strong><br \/>\n&#8211;<br \/>\nOn the occasion of the 25th anniversary of the end of the conflict in Bosnia in 2020, The Real Edges extends and completes the first photographic work by Adrien Selbert \u201cSrebrenica, night to night\u201d in 2015 and has been awarded numerous prizes. This three-year long project received the support of the SCAM and the CNAP and was exhibited in Arles as part of VU\u2019 In\u00e9dits.<\/p>\n<p>The series \u00ab The Real Edges \u00bb won the 2020 Prix des Nouvelles Ecritures given by La SAIF, category Freelance.<\/p>\n<\/div><\/section><\/p><\/div><div class=\"flex_column av_one_half  flex_column_div av-zero-column-padding   \" style='border-radius:0px; '><p><div  class='avia-video avia-video-16-9   av-lazyload-immediate  av-lazyload-video-embed  '   itemprop=\"video\" itemtype=\"https:\/\/schema.org\/VideoObject\"  data-original_url='https:\/\/vimeo.com\/453686291' ><script type='text\/html' class='av-video-tmpl'><div class='avia-iframe-wrap'><iframe title=\"PRINCE-JORDAN (extrait)\" src=\"https:\/\/player.vimeo.com\/video\/453686291?dnt=1&amp;app_id=122963&autoplay=0&loop=0&controls=1&muted=0\" width=\"1500\" height=\"844\" frameborder=\"0\" allow=\"autoplay; fullscreen; picture-in-picture; clipboard-write\"><\/iframe><\/div><\/script><div class='av-click-to-play-overlay'><div class=\"avia_playpause_icon\"><\/div><\/div><\/div><br \/>\n<section class=\"av_textblock_section \"  itemscope=\"itemscope\" itemtype=\"https:\/\/schema.org\/CreativeWork\" ><div class='avia_textblock  '   itemprop=\"text\" ><p><strong>Prince Jordan, 2019<\/strong><br \/>\n&#8211;<br \/>\nThis winter, Prince Jordan died. The storm Liliane took him away. He was Linda\u2019s love. He was the chief of the gang. Linda was sent to a boarding school, far from the boys, far from the kids. This summer, she\u2019s back. But the gang has no head anymore and everything is falling apart.<\/p>\n<\/div><\/section><\/p><\/div><div  style=' margin-top:50px; margin-bottom:50px;'  class='hr hr-custom hr-center hr-icon-no  '><span class='hr-inner  inner-border-av-border-thin' style=' width:100%; border-color:#d8d8d8;' ><span class='hr-inner-style'><\/span><\/span><\/div>\n<div class=\"flex_column av_one_half  flex_column_div av-zero-column-padding first  \" style='border-radius:0px; '><p><div  class='avia-video avia-video-16-9   av-lazyload-immediate  av-lazyload-video-embed  '   itemprop=\"video\" itemtype=\"https:\/\/schema.org\/VideoObject\"  data-original_url='https:\/\/vimeo.com\/454002402' ><script type='text\/html' class='av-video-tmpl'><div class='avia-iframe-wrap'><iframe title=\"Srebrenica, nuit a\u0300 nuit\" src=\"https:\/\/player.vimeo.com\/video\/454002402?dnt=1&amp;app_id=122963&autoplay=0&loop=0&controls=1&muted=0\" width=\"1500\" height=\"844\" frameborder=\"0\" allow=\"autoplay; fullscreen; picture-in-picture; clipboard-write\"><\/iframe><\/div><\/script><div class='av-click-to-play-overlay'><div class=\"avia_playpause_icon\"><\/div><\/div><\/div><br \/>\n<section class=\"av_textblock_section \"  itemscope=\"itemscope\" itemtype=\"https:\/\/schema.org\/CreativeWork\" ><div class='avia_textblock  '   itemprop=\"text\" ><p><strong>Srebrenica, From Night to Night, 2015<\/strong><br \/>\n&#8211;<br \/>\nOn July 11 1995, the town of Srebrenica (Bosnia) fell into the hands of the Serbian army. The former spa town became the scene of the worst massacre in Europe since World War II.<br \/>\n20 years later, the city commemorates the tragedy and still buries its dead.<br \/>\nA new generation has emerged. She has the genocide\u2019s age.<\/p>\n<\/div><\/section><\/p><\/div><div class=\"flex_column av_one_half  flex_column_div av-zero-column-padding   \" style='border-radius:0px; '><p><div  class='avia-video avia-video-16-9   av-lazyload-immediate  av-lazyload-video-embed  '   itemprop=\"video\" itemtype=\"https:\/\/schema.org\/VideoObject\"  data-original_url='https:\/\/vimeo.com\/22653233' ><script type='text\/html' class='av-video-tmpl'><div class='avia-iframe-wrap'><iframe title=\"Nino&#039;s Place\" src=\"https:\/\/player.vimeo.com\/video\/22653233?dnt=1&amp;app_id=122963&autoplay=0&loop=0&controls=1&muted=0\" width=\"640\" height=\"512\" frameborder=\"0\" allow=\"autoplay; fullscreen; picture-in-picture; clipboard-write\"><\/iframe><\/div><\/script><div class='av-click-to-play-overlay'><div class=\"avia_playpause_icon\"><\/div><\/div><\/div><br \/>\n<section class=\"av_textblock_section \"  itemscope=\"itemscope\" itemtype=\"https:\/\/schema.org\/CreativeWork\" ><div class='avia_textblock  '   itemprop=\"text\" ><p><strong>Nino&#8217;s Place, 2010<\/strong><br \/>\n&#8211;<br \/>\n\u201cFifteen years after the genocide in Srebrenica, a mother\u2019s struggle to find her son\u2026\u201d<br \/>\n\u201cNino\u2019s Place\u201d is a 52-minute documentary, Best Grand Reportage Award at the Geneva International Human Rights Film Festival. The film deals with the tireless struggle of a mother to find the body of her son Nino, a radio journalist who disappeared during the very first days of the capture of Srebrenica in 1995.<\/p>\n<\/div><\/section><\/p><\/div>\n\n<\/div><\/div><\/main><!-- close content main element --><\/div><\/div><div id='interview'  class='avia-section main_color avia-section-small avia-no-border-styling  avia-bg-style-scroll  avia-builder-el-3  el_after_av_section  el_before_av_section   container_wrap fullsize' style=' '  ><div class='container' ><div class='template-page content  av-content-full alpha units'><div class='post-entry post-entry-type-page post-entry-147088'><div class='entry-content-wrapper clearfix'>\n<section class=\"av_textblock_section \"  itemscope=\"itemscope\" itemtype=\"https:\/\/schema.org\/CreativeWork\" ><div class='avia_textblock  '  style='font-size:20px; '  itemprop=\"text\" ><p id=\"interview\" style=\"color: #707070; letter-spacing: 1.5px; text-transform: uppercase;\">Interviews<\/p>\n<hr class=\"hr-titre-page\">\n<\/div><\/section>\n<div class=\"flex_column av_one_third  flex_column_div av-zero-column-padding first  \" style='border-radius:0px; '><p><div  class='avia-video avia-video-16-9   av-lazyload-immediate  av-lazyload-video-embed  '   itemprop=\"video\" itemtype=\"https:\/\/schema.org\/VideoObject\"  data-original_url='https:\/\/vimeo.com\/156635361' ><script type='text\/html' class='av-video-tmpl'><div class='avia-iframe-wrap'><iframe title=\"Adrien Selbert\" src=\"https:\/\/player.vimeo.com\/video\/156635361?dnt=1&amp;app_id=122963&autoplay=0&loop=0&controls=1&muted=0\" width=\"1500\" height=\"844\" frameborder=\"0\" allow=\"autoplay; fullscreen; picture-in-picture; clipboard-write\"><\/iframe><\/div><\/script><div class='av-click-to-play-overlay'><div class=\"avia_playpause_icon\"><\/div><\/div><\/div><br \/>\n<section class=\"av_textblock_section \"  itemscope=\"itemscope\" itemtype=\"https:\/\/schema.org\/CreativeWork\" ><div class='avia_textblock  '   itemprop=\"text\" ><p><em>Srebrenica, nuit \u00e0 nuit<\/em><br \/>\n<strong>Lens Culture<\/strong><br \/>\n\u2014<br \/>\n2020<\/p>\n<p>When you are 20 years old, Bosnia is a strange destination. In 2005, it is however in Srebrenica that Adrien Selbert went on a whim. At the time, the young man from Nantes (France) wanted to make a documentary film on youth. \u201c<em>I wanted to see what Bosnia was like ten years after the end of the conflict. Why Srebrenica? Out of curiosity<\/em>\u201c, he explains. On July 11, 1995, the Muslim enclave of this ancient spa town in Bosnia-Herzegovina fell under the control of the Serbian army, which massacred more than eight thousand men in the space of three days. Adrien still remembers the images of this war on the television news. Images that marked him.<\/p>\n<\/div><\/section><\/p><\/div><div class=\"flex_column av_one_third  flex_column_div av-zero-column-padding   \" style='border-radius:0px; '><p><div  class='avia-video avia-video-16-9   av-lazyload-immediate  av-lazyload-video-embed  '   itemprop=\"video\" itemtype=\"https:\/\/schema.org\/VideoObject\"  data-original_url='https:\/\/vimeo.com\/453991100' ><script type='text\/html' class='av-video-tmpl'><div class='avia-iframe-wrap'><iframe title=\"Galerie Focale - Interview d&#039;Adrien Selbert\" src=\"https:\/\/player.vimeo.com\/video\/453991100?dnt=1&amp;app_id=122963&autoplay=0&loop=0&controls=1&muted=0\" width=\"1026\" height=\"576\" frameborder=\"0\" allow=\"autoplay; fullscreen; picture-in-picture; clipboard-write\"><\/iframe><\/div><\/script><div class='av-click-to-play-overlay'><div class=\"avia_playpause_icon\"><\/div><\/div><\/div><br \/>\n<section class=\"av_textblock_section \"  itemscope=\"itemscope\" itemtype=\"https:\/\/schema.org\/CreativeWork\" ><div class='avia_textblock  '   itemprop=\"text\" ><p><em>Capture<\/em><br \/>\n<strong>Galerie Focale<\/strong><br \/>\n\u2014<br \/>\n2020<\/p>\n<p>Explanation of a photography present in the series <em>Srebrenica, From Night to Night<\/em> for the exhibition at the Galerie Focale in Nyon (Switzerland).<\/p>\n<\/div><\/section><\/p><\/div><div class=\"flex_column av_one_third  flex_column_div av-zero-column-padding   \" style='border-radius:0px; '><p><div  class='avia-image-container  av-styling-    avia-align-center '  itemprop=\"image\" itemscope=\"itemscope\" itemtype=\"https:\/\/schema.org\/ImageObject\"  ><div class='avia-image-container-inner'><div class='avia-image-overlay-wrap'><a href=\"https:\/\/www.rts.ch\/play\/radio\/vertigo\/audio\/linvite-adrien-selbert-photographe?id=8587232&amp;station=a9e7621504c6959e35c3ecbe7f6bed0446cdf8da\" class='avia_image' target=\"_blank\" rel=\"noopener noreferrer\"><img width=\"1620\" height=\"911\" class='wp-image-110360 avia-img-lazy-loading-not-110360 avia_image' src=\"https:\/\/agencevu.com\/wp-content\/uploads\/2021\/02\/00_SELB22163-2014CL11-2-1.jpg\" alt='' title='Srebrenica, nuit \u00e0 nuit'  itemprop=\"thumbnailUrl\" srcset=\"https:\/\/agencevu.com\/wp-content\/uploads\/2021\/02\/00_SELB22163-2014CL11-2-1.jpg 1620w, https:\/\/agencevu.com\/wp-content\/uploads\/2021\/02\/00_SELB22163-2014CL11-2-1-300x169.jpg 300w, https:\/\/agencevu.com\/wp-content\/uploads\/2021\/02\/00_SELB22163-2014CL11-2-1-1030x579.jpg 1030w, https:\/\/agencevu.com\/wp-content\/uploads\/2021\/02\/00_SELB22163-2014CL11-2-1-80x45.jpg 80w, https:\/\/agencevu.com\/wp-content\/uploads\/2021\/02\/00_SELB22163-2014CL11-2-1-768x432.jpg 768w, https:\/\/agencevu.com\/wp-content\/uploads\/2021\/02\/00_SELB22163-2014CL11-2-1-1536x864.jpg 1536w, https:\/\/agencevu.com\/wp-content\/uploads\/2021\/02\/00_SELB22163-2014CL11-2-1-1500x844.jpg 1500w, https:\/\/agencevu.com\/wp-content\/uploads\/2021\/02\/00_SELB22163-2014CL11-2-1-705x396.jpg 705w, https:\/\/agencevu.com\/wp-content\/uploads\/2021\/02\/00_SELB22163-2014CL11-2-1-450x253.jpg 450w\" sizes=\"(max-width: 1620px) 100vw, 1620px\" \/><\/a><\/div><\/div><\/div><br \/>\n<section class=\"av_textblock_section \"  itemscope=\"itemscope\" itemtype=\"https:\/\/schema.org\/CreativeWork\" ><div class='avia_textblock  '   itemprop=\"text\" ><p><em>Vertigo<\/em><br \/>\n<strong>RTS Radio<\/strong><br \/>\n\u2014<br \/>\n2017<\/p>\n<p>Adrien Selbert exhibits \u201cSrebrenica, nuit \u00e0 nuit\u201d at the Focale gallery in Nyon until June 11th 2017. A series that has won several awards on l\u02b9apr\u00e8s-guerre \u00e0 Srebrenica in Bosnia-Herzegovina and published by Le Bec en l\u02b9air (2016). A graduate of the Beaux-Arts de Nantes and the Arts D\u00e9coratifs de Paris, Adrien Selbert is also a director and editor. Adrien Selbert is the guest of Pierre Philippe Cadert.<\/p>\n<\/div><\/section><br \/>\n<div  class='avia-button-wrap avia-button-left ' ><a href='https:\/\/www.rts.ch\/play\/radio\/vertigo\/audio\/linvite-adrien-selbert-photographe?id=8587232&amp;station=a9e7621504c6959e35c3ecbe7f6bed0446cdf8da' class='avia-button  avia-color-theme-color-highlight   avia-icon_select-no avia-size-small avia-position-left ' target=\"_blank\" rel=\"noopener noreferrer\"><span class='avia_iconbox_title' >Listen<\/span><\/a><\/div><\/p><\/div><div class=\"flex_column av_one_third  flex_column_div av-zero-column-padding first  \" style='border-radius:0px; '><p><div  class='avia-video avia-video-16-9   av-lazyload-immediate  av-lazyload-video-embed  '   itemprop=\"video\" itemtype=\"https:\/\/schema.org\/VideoObject\"  data-original_url='https:\/\/vimeo.com\/452261326' ><script type='text\/html' class='av-video-tmpl'><div class='avia-iframe-wrap'><iframe title=\"Visa pour l&#039;image ITW d&#039;Adrien Selbert\" src=\"https:\/\/player.vimeo.com\/video\/452261326?dnt=1&amp;app_id=122963&autoplay=0&loop=0&controls=1&muted=0\" width=\"640\" height=\"360\" frameborder=\"0\" allow=\"autoplay; fullscreen; picture-in-picture; clipboard-write\"><\/iframe><\/div><\/script><div class='av-click-to-play-overlay'><div class=\"avia_playpause_icon\"><\/div><\/div><\/div><br \/>\n<section class=\"av_textblock_section \"  itemscope=\"itemscope\" itemtype=\"https:\/\/schema.org\/CreativeWork\" ><div class='avia_textblock  '   itemprop=\"text\" ><p><em>Le photojournalisme \u00e0 l&#8217;\u00e8re de Facebook et d&#8217;Instagram<\/em><br \/>\n<strong>France 3<\/strong><br \/>\n\u2014<br \/>\n2016<\/p>\n<p>What place for photojournalism in the era of Facebook and Instagram? On <em>France 3<\/em>, alongside Olivier Laurent of <em>Time<\/em> and Jean-Fran\u00e7ois Leroy, director <em>of Visa pour l\u2019Image-Perpignan<\/em>, Adrien Selbert talks about his series <em>Srebrenica, night after night<\/em> and the unusual form he uses of GIF, a form resulting from a double-temporality that he links to the political situation in Bosnia: \u201c(the) Bosnian territory is blocked in a post-war temporality that has lasted for 20 years in opposition with a time that repeat itself, the GIF allows these temporalities to cross\u201d.<\/p>\n<\/div><\/section><\/p><\/div><div class=\"flex_column av_one_third  flex_column_div av-zero-column-padding   \" style='border-radius:0px; '><p><div  class='avia-image-container  av-styling-    avia-align-center '  itemprop=\"image\" itemscope=\"itemscope\" itemtype=\"https:\/\/schema.org\/ImageObject\"  ><div class='avia-image-container-inner'><div class='avia-image-overlay-wrap'><a href=\"https:\/\/www.franceinter.fr\/emissions\/le-debat-de-midi\/le-debat-de-midi-18-aout-2016\" class='avia_image' target=\"_blank\" rel=\"noopener noreferrer\"><img width=\"1620\" height=\"911\" class='wp-image-110360 avia-img-lazy-loading-not-110360 avia_image' src=\"https:\/\/agencevu.com\/wp-content\/uploads\/2021\/02\/00_SELB22163-2014CL11-2-1.jpg\" alt='' title='Srebrenica, nuit \u00e0 nuit'  itemprop=\"thumbnailUrl\" srcset=\"https:\/\/agencevu.com\/wp-content\/uploads\/2021\/02\/00_SELB22163-2014CL11-2-1.jpg 1620w, https:\/\/agencevu.com\/wp-content\/uploads\/2021\/02\/00_SELB22163-2014CL11-2-1-300x169.jpg 300w, https:\/\/agencevu.com\/wp-content\/uploads\/2021\/02\/00_SELB22163-2014CL11-2-1-1030x579.jpg 1030w, https:\/\/agencevu.com\/wp-content\/uploads\/2021\/02\/00_SELB22163-2014CL11-2-1-80x45.jpg 80w, https:\/\/agencevu.com\/wp-content\/uploads\/2021\/02\/00_SELB22163-2014CL11-2-1-768x432.jpg 768w, https:\/\/agencevu.com\/wp-content\/uploads\/2021\/02\/00_SELB22163-2014CL11-2-1-1536x864.jpg 1536w, https:\/\/agencevu.com\/wp-content\/uploads\/2021\/02\/00_SELB22163-2014CL11-2-1-1500x844.jpg 1500w, https:\/\/agencevu.com\/wp-content\/uploads\/2021\/02\/00_SELB22163-2014CL11-2-1-705x396.jpg 705w, https:\/\/agencevu.com\/wp-content\/uploads\/2021\/02\/00_SELB22163-2014CL11-2-1-450x253.jpg 450w\" sizes=\"(max-width: 1620px) 100vw, 1620px\" \/><\/a><\/div><\/div><\/div><br \/>\n<section class=\"av_textblock_section \"  itemscope=\"itemscope\" itemtype=\"https:\/\/schema.org\/CreativeWork\" ><div class='avia_textblock  '   itemprop=\"text\" ><p><em>Le D\u00e9bat de midi<\/em><br \/>\n<strong>France Inter<\/strong><br \/>\n\u2014<br \/>\n2016<\/p>\n<p>Adrien Selbert was the guest of Thomas Chauvineau in the Midday Debate, alongside Lionel Charrier from Lib\u00e9ration, Sam Stourzd\u00e9 from the Rencontres d\u2019Arles and Andr\u00e9 Gunthert, a specialist in visual and digital cultures.<\/p>\n<\/div><\/section><br \/>\n<div  class='avia-button-wrap avia-button-left ' ><a href='https:\/\/www.franceinter.fr\/emissions\/le-debat-de-midi\/le-debat-de-midi-18-aout-2016' class='avia-button  avia-color-theme-color-highlight   avia-icon_select-no avia-size-small avia-position-left ' target=\"_blank\" rel=\"noopener noreferrer\"><span class='avia_iconbox_title' >Listen<\/span><\/a><\/div><\/p><\/div><div class=\"flex_column av_one_third  flex_column_div av-zero-column-padding   \" style='border-radius:0px; '><\/div><div  style='height:50px' class='hr hr-invisible  '><span class='hr-inner ' ><span class='hr-inner-style'><\/span><\/span><\/div>\n\n<\/div><\/div><\/div><!-- close content main div --><\/div><\/div><div id='exhibitions'  class='avia-section main_color avia-section-default avia-no-border-styling  avia-bg-style-scroll   container_wrap fullsize' style=' '  ><div class='container' ><div class='template-page content  av-content-full alpha units'><div class='post-entry post-entry-type-page post-entry-147088'><div class='entry-content-wrapper clearfix'>\n<section class=\"av_textblock_section \"  itemscope=\"itemscope\" itemtype=\"https:\/\/schema.org\/CreativeWork\" ><div class='avia_textblock  '  style='font-size:20px; '  itemprop=\"text\" ><p id=\"expo\" style=\"color: #707070; letter-spacing: 1.5px; text-transform: uppercase;\">ExhIBITIONS<\/p>\n<hr class=\"hr-titre-page\">\n<\/div><\/section>\n<div class='flex_column_table av-equal-height-column-flextable -flextable' ><div class=\"flex_column av_one_third  flex_column_table_cell av-equal-height-column av-align-top av-zero-column-padding first  \" style='border-radius:0px; '><p><div  class='avia-image-container  av-styling-no-styling    avia-align-center '  itemprop=\"image\" itemscope=\"itemscope\" itemtype=\"https:\/\/schema.org\/ImageObject\"  ><div class='avia-image-container-inner'><div class='avia-image-overlay-wrap'><a href=\"https:\/\/agencevu.com\/en\/fat-event\/adrien-selbert-les-bords-reels-2\/\" class='avia_image' ><img width=\"810\" height=\"1080\" class='wp-image-153582 avia-img-lazy-loading-not-153582 avia_image' src=\"https:\/\/agencevu.com\/wp-content\/uploads\/2021\/05\/01_preview-1.jpg\" alt='' title='The real Edges \/ Les Bords R\u00e9els'  itemprop=\"thumbnailUrl\" srcset=\"https:\/\/agencevu.com\/wp-content\/uploads\/2021\/05\/01_preview-1.jpg 810w, https:\/\/agencevu.com\/wp-content\/uploads\/2021\/05\/01_preview-1-225x300.jpg 225w, https:\/\/agencevu.com\/wp-content\/uploads\/2021\/05\/01_preview-1-773x1030.jpg 773w, https:\/\/agencevu.com\/wp-content\/uploads\/2021\/05\/01_preview-1-60x80.jpg 60w, https:\/\/agencevu.com\/wp-content\/uploads\/2021\/05\/01_preview-1-768x1024.jpg 768w, https:\/\/agencevu.com\/wp-content\/uploads\/2021\/05\/01_preview-1-529x705.jpg 529w\" sizes=\"(max-width: 810px) 100vw, 810px\" \/><\/a><\/div><\/div><\/div><br \/>\n<section class=\"av_textblock_section \"  itemscope=\"itemscope\" itemtype=\"https:\/\/schema.org\/CreativeWork\" ><div class='avia_textblock  '   itemprop=\"text\" ><p><strong>Les Bords r\u00e9els<\/strong><br \/>\n\u2014<br \/>\nHalle aux grains, Saint-Junien (FRANCE)<br \/>\n\u2014<br \/>\nFrom October 5 to 15, 2020<\/p>\n<\/div><\/section><br \/>\n<div  class='avia-button-wrap avia-button-left ' ><a href='\/en\/fat-event\/adrien-selbert-les-bords-reels-2\/' class='avia-button  avia-color-theme-color-highlight   avia-icon_select-no avia-size-small avia-position-left ' target=\"_blank\" rel=\"noopener noreferrer\"><span class='avia_iconbox_title' >More information<\/span><\/a><\/div><\/p><\/div><\/div><!--close column table wrapper. Autoclose: 1 --><div class='flex_column_table av-equal-height-column-flextable -flextable' ><div class='av-flex-placeholder'><\/div><div class=\"flex_column av_one_third  flex_column_table_cell av-equal-height-column av-align-top av-zero-column-padding   \" style='border-radius:0px; '><p><div  class='avia-image-container  av-styling-no-styling    avia-align-center '  itemprop=\"image\" itemscope=\"itemscope\" itemtype=\"https:\/\/schema.org\/ImageObject\"  ><div class='avia-image-container-inner'><div class='avia-image-overlay-wrap'><a href=\"https:\/\/agencevu.com\/en\/fat-event\/adrien-selbert-les-bords-reels\/\" class='avia_image' ><img width=\"810\" height=\"1080\" class='wp-image-153527 avia-img-lazy-loading-not-153527 avia_image' src=\"https:\/\/agencevu.com\/wp-content\/uploads\/2021\/05\/01_preview.jpg\" alt='' title='The real Edges \/ Les Bords R\u00e9els'  itemprop=\"thumbnailUrl\" srcset=\"https:\/\/agencevu.com\/wp-content\/uploads\/2021\/05\/01_preview.jpg 810w, https:\/\/agencevu.com\/wp-content\/uploads\/2021\/05\/01_preview-225x300.jpg 225w, https:\/\/agencevu.com\/wp-content\/uploads\/2021\/05\/01_preview-773x1030.jpg 773w, https:\/\/agencevu.com\/wp-content\/uploads\/2021\/05\/01_preview-60x80.jpg 60w, https:\/\/agencevu.com\/wp-content\/uploads\/2021\/05\/01_preview-768x1024.jpg 768w, https:\/\/agencevu.com\/wp-content\/uploads\/2021\/05\/01_preview-529x705.jpg 529w\" sizes=\"(max-width: 810px) 100vw, 810px\" \/><\/a><\/div><\/div><\/div><br \/>\n<section class=\"av_textblock_section \"  itemscope=\"itemscope\" itemtype=\"https:\/\/schema.org\/CreativeWork\" ><div class='avia_textblock  '   itemprop=\"text\" ><p><strong>Les Bords r\u00e9els<\/strong><br \/>\n\u2014<br \/>\nLes Rencontres d&#8217;Arles, Arles (FRANCE)<br \/>\n\u2014<br \/>\nFrom July 1 to 6, 2019<\/p>\n<\/div><\/section><br \/>\n<div  class='avia-button-wrap avia-button-left ' ><a href='\/en\/fat-event\/adrien-selbert-les-bords-reels\/' class='avia-button  avia-color-theme-color-highlight   avia-icon_select-no avia-size-small avia-position-left ' target=\"_blank\" rel=\"noopener noreferrer\"><span class='avia_iconbox_title' >More information<\/span><\/a><\/div><\/p><\/div><\/div><!--close column table wrapper. Autoclose: 1 --><div class='flex_column_table av-equal-height-column-flextable -flextable' ><div class='av-flex-placeholder'><\/div><div class=\"flex_column av_one_third  flex_column_table_cell av-equal-height-column av-align-top av-zero-column-padding   \" style='border-radius:0px; '><p><div  class='avia-image-container  av-styling-no-styling    avia-align-center '  itemprop=\"image\" itemscope=\"itemscope\" itemtype=\"https:\/\/schema.org\/ImageObject\"  ><div class='avia-image-container-inner'><div class='avia-image-overlay-wrap'><a href=\"https:\/\/agencevu.com\/en\/fat-event\/adrien-selbert-srebrenica-nuit-a-nuit\/\" class='avia_image' ><img width=\"584\" height=\"730\" class='wp-image-73720 avia-img-lazy-loading-not-73720 avia_image' src=\"https:\/\/agencevu.com\/wp-content\/uploads\/2020\/07\/2017-Nyons-Srebrenica-nuit-a\u0300-nuit.jpg\" alt='' title='2017 - Nyons - Srebrenica, nuit a\u0300 nuit'  itemprop=\"thumbnailUrl\" srcset=\"https:\/\/agencevu.com\/wp-content\/uploads\/2020\/07\/2017-Nyons-Srebrenica-nuit-a\u0300-nuit.jpg 584w, https:\/\/agencevu.com\/wp-content\/uploads\/2020\/07\/2017-Nyons-Srebrenica-nuit-a\u0300-nuit-64x80.jpg 64w, https:\/\/agencevu.com\/wp-content\/uploads\/2020\/07\/2017-Nyons-Srebrenica-nuit-a\u0300-nuit-240x300.jpg 240w, https:\/\/agencevu.com\/wp-content\/uploads\/2020\/07\/2017-Nyons-Srebrenica-nuit-a\u0300-nuit-564x705.jpg 564w, https:\/\/agencevu.com\/wp-content\/uploads\/2020\/07\/2017-Nyons-Srebrenica-nuit-a\u0300-nuit-450x563.jpg 450w\" sizes=\"(max-width: 584px) 100vw, 584px\" \/><\/a><\/div><\/div><\/div><br \/>\n<section class=\"av_textblock_section \"  itemscope=\"itemscope\" itemtype=\"https:\/\/schema.org\/CreativeWork\" ><div class='avia_textblock  '   itemprop=\"text\" ><p><strong>Srebrenica, nuit \u00e0 nuit<\/strong><br \/>\n\u2014<br \/>\nGalerie FOCALE, Nyon (SWITZERLAND)<br \/>\n\u2014<br \/>\nFrom April 23 to June 11 2017<\/p>\n<\/div><\/section><br \/>\n<div  class='avia-button-wrap avia-button-left ' ><a href='\/en\/fat-event\/adrien-selbert-srebrenica-nuit-a-nuit\/' class='avia-button  avia-color-theme-color-highlight   avia-icon_select-no avia-size-small avia-position-left ' target=\"_blank\" rel=\"noopener noreferrer\"><span class='avia_iconbox_title' >More informations<\/span><\/a><\/div><\/p><\/div><\/div><!--close column table wrapper. Autoclose: 1 --><div  style='height:50px' class='hr hr-invisible  '><span class='hr-inner ' ><span class='hr-inner-style'><\/span><\/span><\/div>\n\n<\/div><\/div><\/div><!-- close content main div --><\/div><\/div><div id='livres'  class='avia-section main_color avia-section-small avia-no-border-styling  avia-bg-style-scroll   container_wrap fullsize' style=' '  ><div class='container' ><div class='template-page content  av-content-full alpha units'><div class='post-entry post-entry-type-page post-entry-147088'><div class='entry-content-wrapper clearfix'>\n<section class=\"av_textblock_section \"  itemscope=\"itemscope\" itemtype=\"https:\/\/schema.org\/CreativeWork\" ><div class='avia_textblock  '  style='font-size:20px; '  itemprop=\"text\" ><p id=\"livre\" style=\"color: #707070; letter-spacing: 1.5px; text-transform: uppercase;\">BOOKS<\/p>\n<hr class=\"hr-titre-page\">\n<\/div><\/section>\n<div  data-autoplay=''  data-interval='5'  data-animation='fade'  data-show_slide_delay='90'  class='avia-content-slider avia-content-grid-active avia-content-slider4 avia-content-slider-even   av-medium-hide av-small-hide av-mini-hide'  itemscope=\"itemscope\" itemtype=\"https:\/\/schema.org\/Blog\" ><div class='avia-content-slider-inner'><div class='slide-entry-wrap'><article class='slide-entry flex_column  post-entry post-entry-110483 slide-entry-overview slide-loop-1 slide-parity-odd  av_one_fourth first real-thumbnail'  itemscope=\"itemscope\" itemtype=\"https:\/\/schema.org\/CreativeWork\" ><a href='https:\/\/agencevu.com\/en\/book\/les-bords-reels-2020\/' data-rel='slide-4' class='slide-image' title=''><img width=\"170\" height=\"185\" src=\"https:\/\/agencevu.com\/wp-content\/uploads\/2021\/02\/00_Les-Bords-Reels_2020.jpg\" class=\"wp-image-110479 avia-img-lazy-loading-110479 attachment-portfolio_small size-portfolio_small wp-post-image\" alt=\"\" loading=\"lazy\" srcset=\"https:\/\/agencevu.com\/wp-content\/uploads\/2021\/02\/00_Les-Bords-Reels_2020.jpg 170w, https:\/\/agencevu.com\/wp-content\/uploads\/2021\/02\/00_Les-Bords-Reels_2020-74x80.jpg 74w\" sizes=\"(max-width: 170px) 100vw, 170px\" \/><\/a><div class='slide-content'><header class=\"entry-content-header\"><span class=\"blog-categories minor-meta\"> <a href=\"https:\/\/agencevu.com\/en\/annee\/2021-en\/\" rel=\"tag\">2021<\/a> <a href=\"https:\/\/agencevu.com\/en\/photographer\/adrien-selbert\/\" rel=\"tag\">Adrien Selbert<\/a> <a href=\"https:\/\/agencevu.com\/en\/section_taxonomy\/livres\/\" rel=\"tag\">livres<\/a> <\/span><h3 class='slide-entry-title entry-title'  itemprop=\"headline\" ><a href='https:\/\/agencevu.com\/en\/book\/les-bords-reels-2020\/' title='Les Bords R\u00e9els'>Les Bords R\u00e9els<\/a><\/h3><span class=\"av-vertical-delimiter\"><\/span><\/header><div class='slide-entry-excerpt entry-content'  itemprop=\"text\" >Le Bec en l\u2019air \u2013 2021<\/div><\/div><footer class=\"entry-footer\"><div class='slide-meta'><time class='slide-meta-time updated'  itemprop=\"datePublished\" datetime=\"2021-04-28T12:00:18+02:00\" >28 April 2021<\/time><\/div><\/footer><span class='hidden'>\n\t\t\t\t<span class='av-structured-data'  itemprop=\"image\" itemscope=\"itemscope\" itemtype=\"https:\/\/schema.org\/ImageObject\" >\n\t\t\t\t\t\t<span itemprop='url'>https:\/\/agencevu.com\/wp-content\/uploads\/2021\/02\/00_Les-Bords-Reels_2020.jpg<\/span>\n\t\t\t\t\t\t<span itemprop='height'>185<\/span>\n\t\t\t\t\t\t<span itemprop='width'>170<\/span>\n\t\t\t\t<\/span>\n\t\t\t\t<span class='av-structured-data'  itemprop=\"publisher\" itemtype=\"https:\/\/schema.org\/Organization\" itemscope=\"itemscope\" >\n\t\t\t\t\t\t<span itemprop='name'>Fanny Demichelis<\/span>\n\t\t\t\t\t\t<span itemprop='logo' itemscope itemtype='https:\/\/schema.org\/ImageObject'>\n\t\t\t\t\t\t\t<span itemprop='url'>\/wp-content\/uploads\/2021\/05\/logo-vert-2.svg<\/span>\n\t\t\t\t\t\t <\/span>\n\t\t\t\t<\/span><span class='av-structured-data'  itemprop=\"author\" itemscope=\"itemscope\" itemtype=\"https:\/\/schema.org\/Person\" ><span itemprop='name'>Fanny Demichelis<\/span><\/span><span class='av-structured-data'  itemprop=\"datePublished\" datetime=\"2016-09-23T17:59:59+02:00\" >2021-04-28 12:00:18<\/span><span class='av-structured-data'  itemprop=\"dateModified\" itemtype=\"https:\/\/schema.org\/dateModified\" >2021-11-02 14:22:04<\/span><span class='av-structured-data'  itemprop=\"mainEntityOfPage\" itemtype=\"https:\/\/schema.org\/mainEntityOfPage\" ><span itemprop='name'>Les Bords R\u00e9els<\/span><\/span><\/span><\/article><article class='slide-entry flex_column  post-entry post-entry-33287 slide-entry-overview slide-loop-2 slide-parity-even  post-entry-last  av_one_fourth  real-thumbnail'  itemscope=\"itemscope\" itemtype=\"https:\/\/schema.org\/CreativeWork\" ><a href='https:\/\/agencevu.com\/en\/book\/srebrenica-nuit-a-nuit\/' data-rel='slide-4' class='slide-image' title=''><img width=\"142\" height=\"185\" src=\"https:\/\/agencevu.com\/wp-content\/uploads\/2019\/09\/00-preview-couv-2-142x185.jpg\" class=\"wp-image-32829 avia-img-lazy-loading-32829 attachment-portfolio_small size-portfolio_small wp-post-image\" alt=\"\" loading=\"lazy\" srcset=\"https:\/\/agencevu.com\/wp-content\/uploads\/2019\/09\/00-preview-couv-2.jpg 142w, https:\/\/agencevu.com\/wp-content\/uploads\/2019\/09\/00-preview-couv-2-61x80.jpg 61w\" sizes=\"(max-width: 142px) 100vw, 142px\" \/><\/a><div class='slide-content'><header class=\"entry-content-header\"><span class=\"blog-categories minor-meta\"> <a href=\"https:\/\/agencevu.com\/en\/annee\/2016\/\" rel=\"tag\">2016<\/a> <a href=\"https:\/\/agencevu.com\/en\/photographer\/adrien-selbert\/\" rel=\"tag\">Adrien Selbert<\/a> <a href=\"https:\/\/agencevu.com\/en\/section_taxonomy\/livres\/\" rel=\"tag\">livres<\/a> <\/span><h3 class='slide-entry-title entry-title'  itemprop=\"headline\" ><a href='https:\/\/agencevu.com\/en\/book\/srebrenica-nuit-a-nuit\/' title='Srebrenica, nuit \u00e0 nuit'>Srebrenica, nuit \u00e0 nuit<\/a><\/h3><span class=\"av-vertical-delimiter\"><\/span><\/header><div class='slide-entry-excerpt entry-content'  itemprop=\"text\" >Le Bec en l\u2019air \u2013 2016<\/div><\/div><footer class=\"entry-footer\"><div class='slide-meta'><time class='slide-meta-time updated'  itemprop=\"datePublished\" datetime=\"2016-09-23T17:59:59+02:00\" >23 September 2016<\/time><\/div><\/footer><span class='hidden'>\n\t\t\t\t<span class='av-structured-data'  itemprop=\"image\" itemscope=\"itemscope\" itemtype=\"https:\/\/schema.org\/ImageObject\" >\n\t\t\t\t\t\t<span itemprop='url'>https:\/\/agencevu.com\/wp-content\/uploads\/2019\/09\/00-preview-couv-2.jpg<\/span>\n\t\t\t\t\t\t<span itemprop='height'>185<\/span>\n\t\t\t\t\t\t<span itemprop='width'>142<\/span>\n\t\t\t\t<\/span>\n\t\t\t\t<span class='av-structured-data'  itemprop=\"publisher\" itemtype=\"https:\/\/schema.org\/Organization\" itemscope=\"itemscope\" >\n\t\t\t\t\t\t<span itemprop='name'>Fanny Demichelis<\/span>\n\t\t\t\t\t\t<span itemprop='logo' itemscope itemtype='https:\/\/schema.org\/ImageObject'>\n\t\t\t\t\t\t\t<span itemprop='url'>\/wp-content\/uploads\/2021\/05\/logo-vert-2.svg<\/span>\n\t\t\t\t\t\t <\/span>\n\t\t\t\t<\/span><span class='av-structured-data'  itemprop=\"author\" itemscope=\"itemscope\" itemtype=\"https:\/\/schema.org\/Person\" ><span itemprop='name'>Fanny Demichelis<\/span><\/span><span class='av-structured-data'  itemprop=\"datePublished\" datetime=\"2016-09-23T17:59:59+02:00\" >2016-09-23 17:59:59<\/span><span class='av-structured-data'  itemprop=\"dateModified\" itemtype=\"https:\/\/schema.org\/dateModified\" >2021-04-22 10:14:01<\/span><span class='av-structured-data'  itemprop=\"mainEntityOfPage\" itemtype=\"https:\/\/schema.org\/mainEntityOfPage\" ><span itemprop='name'>Srebrenica, nuit \u00e0 nuit<\/span><\/span><\/span><\/article><\/div><\/div><\/div>\n<div  data-autoplay=''  data-interval='5'  data-animation='fade'  data-show_slide_delay='90'  class='avia-content-slider avia-content-grid-active avia-content-slider5 avia-content-slider-odd   av-desktop-hide av-mini-hide'  itemscope=\"itemscope\" itemtype=\"https:\/\/schema.org\/Blog\" ><div class='avia-content-slider-inner'><div class='slide-entry-wrap'><article class='slide-entry flex_column  post-entry post-entry-110483 slide-entry-overview slide-loop-1 slide-parity-odd  av_one_third first real-thumbnail'  itemscope=\"itemscope\" itemtype=\"https:\/\/schema.org\/CreativeWork\" ><a href='https:\/\/agencevu.com\/en\/book\/les-bords-reels-2020\/' data-rel='slide-5' class='slide-image' title=''><img width=\"170\" height=\"185\" src=\"https:\/\/agencevu.com\/wp-content\/uploads\/2021\/02\/00_Les-Bords-Reels_2020.jpg\" class=\"wp-image-110479 avia-img-lazy-loading-110479 attachment-portfolio size-portfolio wp-post-image\" alt=\"\" loading=\"lazy\" srcset=\"https:\/\/agencevu.com\/wp-content\/uploads\/2021\/02\/00_Les-Bords-Reels_2020.jpg 170w, https:\/\/agencevu.com\/wp-content\/uploads\/2021\/02\/00_Les-Bords-Reels_2020-74x80.jpg 74w\" sizes=\"(max-width: 170px) 100vw, 170px\" \/><\/a><div class='slide-content'><header class=\"entry-content-header\"><span class=\"blog-categories minor-meta\"> <a href=\"https:\/\/agencevu.com\/en\/annee\/2021-en\/\" rel=\"tag\">2021<\/a> <a href=\"https:\/\/agencevu.com\/en\/photographer\/adrien-selbert\/\" rel=\"tag\">Adrien Selbert<\/a> <a href=\"https:\/\/agencevu.com\/en\/section_taxonomy\/livres\/\" rel=\"tag\">livres<\/a> <\/span><h3 class='slide-entry-title entry-title'  itemprop=\"headline\" ><a href='https:\/\/agencevu.com\/en\/book\/les-bords-reels-2020\/' title='Les Bords R\u00e9els'>Les Bords R\u00e9els<\/a><\/h3><span class=\"av-vertical-delimiter\"><\/span><\/header><div class='slide-entry-excerpt entry-content'  itemprop=\"text\" >Le Bec en l\u2019air \u2013 2021<\/div><\/div><footer class=\"entry-footer\"><div class='slide-meta'><time class='slide-meta-time updated'  itemprop=\"datePublished\" datetime=\"2021-04-28T12:00:18+02:00\" >28 April 2021<\/time><\/div><\/footer><span class='hidden'>\n\t\t\t\t<span class='av-structured-data'  itemprop=\"image\" itemscope=\"itemscope\" itemtype=\"https:\/\/schema.org\/ImageObject\" >\n\t\t\t\t\t\t<span itemprop='url'>https:\/\/agencevu.com\/wp-content\/uploads\/2021\/02\/00_Les-Bords-Reels_2020.jpg<\/span>\n\t\t\t\t\t\t<span itemprop='height'>185<\/span>\n\t\t\t\t\t\t<span itemprop='width'>170<\/span>\n\t\t\t\t<\/span>\n\t\t\t\t<span class='av-structured-data'  itemprop=\"publisher\" itemtype=\"https:\/\/schema.org\/Organization\" itemscope=\"itemscope\" >\n\t\t\t\t\t\t<span itemprop='name'>Fanny Demichelis<\/span>\n\t\t\t\t\t\t<span itemprop='logo' itemscope itemtype='https:\/\/schema.org\/ImageObject'>\n\t\t\t\t\t\t\t<span itemprop='url'>\/wp-content\/uploads\/2021\/05\/logo-vert-2.svg<\/span>\n\t\t\t\t\t\t <\/span>\n\t\t\t\t<\/span><span class='av-structured-data'  itemprop=\"author\" itemscope=\"itemscope\" itemtype=\"https:\/\/schema.org\/Person\" ><span itemprop='name'>Fanny Demichelis<\/span><\/span><span class='av-structured-data'  itemprop=\"datePublished\" datetime=\"2016-09-23T17:59:59+02:00\" >2021-04-28 12:00:18<\/span><span class='av-structured-data'  itemprop=\"dateModified\" itemtype=\"https:\/\/schema.org\/dateModified\" >2021-11-02 14:22:04<\/span><span class='av-structured-data'  itemprop=\"mainEntityOfPage\" itemtype=\"https:\/\/schema.org\/mainEntityOfPage\" ><span itemprop='name'>Les Bords R\u00e9els<\/span><\/span><\/span><\/article><article class='slide-entry flex_column  post-entry post-entry-33287 slide-entry-overview slide-loop-2 slide-parity-even  post-entry-last  av_one_third  real-thumbnail'  itemscope=\"itemscope\" itemtype=\"https:\/\/schema.org\/CreativeWork\" ><a href='https:\/\/agencevu.com\/en\/book\/srebrenica-nuit-a-nuit\/' data-rel='slide-5' class='slide-image' title=''><img width=\"142\" height=\"185\" src=\"https:\/\/agencevu.com\/wp-content\/uploads\/2019\/09\/00-preview-couv-2.jpg\" class=\"wp-image-32829 avia-img-lazy-loading-32829 attachment-portfolio size-portfolio wp-post-image\" alt=\"\" loading=\"lazy\" srcset=\"https:\/\/agencevu.com\/wp-content\/uploads\/2019\/09\/00-preview-couv-2.jpg 142w, https:\/\/agencevu.com\/wp-content\/uploads\/2019\/09\/00-preview-couv-2-61x80.jpg 61w\" sizes=\"(max-width: 142px) 100vw, 142px\" \/><\/a><div class='slide-content'><header class=\"entry-content-header\"><span class=\"blog-categories minor-meta\"> <a href=\"https:\/\/agencevu.com\/en\/annee\/2016\/\" rel=\"tag\">2016<\/a> <a href=\"https:\/\/agencevu.com\/en\/photographer\/adrien-selbert\/\" rel=\"tag\">Adrien Selbert<\/a> <a href=\"https:\/\/agencevu.com\/en\/section_taxonomy\/livres\/\" rel=\"tag\">livres<\/a> <\/span><h3 class='slide-entry-title entry-title'  itemprop=\"headline\" ><a href='https:\/\/agencevu.com\/en\/book\/srebrenica-nuit-a-nuit\/' title='Srebrenica, nuit \u00e0 nuit'>Srebrenica, nuit \u00e0 nuit<\/a><\/h3><span class=\"av-vertical-delimiter\"><\/span><\/header><div class='slide-entry-excerpt entry-content'  itemprop=\"text\" >Le Bec en l\u2019air \u2013 2016<\/div><\/div><footer class=\"entry-footer\"><div class='slide-meta'><time class='slide-meta-time updated'  itemprop=\"datePublished\" datetime=\"2016-09-23T17:59:59+02:00\" >23 September 2016<\/time><\/div><\/footer><span class='hidden'>\n\t\t\t\t<span class='av-structured-data'  itemprop=\"image\" itemscope=\"itemscope\" itemtype=\"https:\/\/schema.org\/ImageObject\" >\n\t\t\t\t\t\t<span itemprop='url'>https:\/\/agencevu.com\/wp-content\/uploads\/2019\/09\/00-preview-couv-2.jpg<\/span>\n\t\t\t\t\t\t<span itemprop='height'>185<\/span>\n\t\t\t\t\t\t<span itemprop='width'>142<\/span>\n\t\t\t\t<\/span>\n\t\t\t\t<span class='av-structured-data'  itemprop=\"publisher\" itemtype=\"https:\/\/schema.org\/Organization\" itemscope=\"itemscope\" >\n\t\t\t\t\t\t<span itemprop='name'>Fanny Demichelis<\/span>\n\t\t\t\t\t\t<span itemprop='logo' itemscope itemtype='https:\/\/schema.org\/ImageObject'>\n\t\t\t\t\t\t\t<span itemprop='url'>\/wp-content\/uploads\/2021\/05\/logo-vert-2.svg<\/span>\n\t\t\t\t\t\t <\/span>\n\t\t\t\t<\/span><span class='av-structured-data'  itemprop=\"author\" itemscope=\"itemscope\" itemtype=\"https:\/\/schema.org\/Person\" ><span itemprop='name'>Fanny Demichelis<\/span><\/span><span class='av-structured-data'  itemprop=\"datePublished\" datetime=\"2016-09-23T17:59:59+02:00\" >2016-09-23 17:59:59<\/span><span class='av-structured-data'  itemprop=\"dateModified\" itemtype=\"https:\/\/schema.org\/dateModified\" >2021-04-22 10:14:01<\/span><span class='av-structured-data'  itemprop=\"mainEntityOfPage\" itemtype=\"https:\/\/schema.org\/mainEntityOfPage\" ><span itemprop='name'>Srebrenica, nuit \u00e0 nuit<\/span><\/span><\/span><\/article><\/div><\/div><\/div>\n<div  data-autoplay=''  data-interval='5'  data-animation='fade'  data-show_slide_delay='90'  class='avia-content-slider avia-content-grid-active avia-content-slider6 avia-content-slider-even   av-desktop-hide av-medium-hide av-small-hide'  itemscope=\"itemscope\" itemtype=\"https:\/\/schema.org\/Blog\" ><div class='avia-content-slider-inner'><div class='slide-entry-wrap'><article class='slide-entry flex_column  post-entry post-entry-110483 slide-entry-overview slide-loop-1 slide-parity-odd  av_one_half first real-thumbnail'  itemscope=\"itemscope\" itemtype=\"https:\/\/schema.org\/CreativeWork\" ><a href='https:\/\/agencevu.com\/en\/book\/les-bords-reels-2020\/' data-rel='slide-6' class='slide-image' title=''><img width=\"170\" height=\"185\" src=\"https:\/\/agencevu.com\/wp-content\/uploads\/2021\/02\/00_Les-Bords-Reels_2020.jpg\" class=\"wp-image-110479 avia-img-lazy-loading-110479 attachment-portfolio size-portfolio wp-post-image\" alt=\"\" loading=\"lazy\" srcset=\"https:\/\/agencevu.com\/wp-content\/uploads\/2021\/02\/00_Les-Bords-Reels_2020.jpg 170w, https:\/\/agencevu.com\/wp-content\/uploads\/2021\/02\/00_Les-Bords-Reels_2020-74x80.jpg 74w\" sizes=\"(max-width: 170px) 100vw, 170px\" \/><\/a><div class='slide-content'><header class=\"entry-content-header\"><span class=\"blog-categories minor-meta\"> <a href=\"https:\/\/agencevu.com\/en\/annee\/2021-en\/\" rel=\"tag\">2021<\/a> <a href=\"https:\/\/agencevu.com\/en\/photographer\/adrien-selbert\/\" rel=\"tag\">Adrien Selbert<\/a> <a href=\"https:\/\/agencevu.com\/en\/section_taxonomy\/livres\/\" rel=\"tag\">livres<\/a> <\/span><h3 class='slide-entry-title entry-title'  itemprop=\"headline\" ><a href='https:\/\/agencevu.com\/en\/book\/les-bords-reels-2020\/' title='Les Bords R\u00e9els'>Les Bords R\u00e9els<\/a><\/h3><span class=\"av-vertical-delimiter\"><\/span><\/header><div class='slide-entry-excerpt entry-content'  itemprop=\"text\" >Le Bec en l\u2019air \u2013 2021<\/div><\/div><footer class=\"entry-footer\"><div class='slide-meta'><time class='slide-meta-time updated'  itemprop=\"datePublished\" datetime=\"2021-04-28T12:00:18+02:00\" >28 April 2021<\/time><\/div><\/footer><span class='hidden'>\n\t\t\t\t<span class='av-structured-data'  itemprop=\"image\" itemscope=\"itemscope\" itemtype=\"https:\/\/schema.org\/ImageObject\" >\n\t\t\t\t\t\t<span itemprop='url'>https:\/\/agencevu.com\/wp-content\/uploads\/2021\/02\/00_Les-Bords-Reels_2020.jpg<\/span>\n\t\t\t\t\t\t<span itemprop='height'>185<\/span>\n\t\t\t\t\t\t<span itemprop='width'>170<\/span>\n\t\t\t\t<\/span>\n\t\t\t\t<span class='av-structured-data'  itemprop=\"publisher\" itemtype=\"https:\/\/schema.org\/Organization\" itemscope=\"itemscope\" >\n\t\t\t\t\t\t<span itemprop='name'>Fanny Demichelis<\/span>\n\t\t\t\t\t\t<span itemprop='logo' itemscope itemtype='https:\/\/schema.org\/ImageObject'>\n\t\t\t\t\t\t\t<span itemprop='url'>\/wp-content\/uploads\/2021\/05\/logo-vert-2.svg<\/span>\n\t\t\t\t\t\t <\/span>\n\t\t\t\t<\/span><span class='av-structured-data'  itemprop=\"author\" itemscope=\"itemscope\" itemtype=\"https:\/\/schema.org\/Person\" ><span itemprop='name'>Fanny Demichelis<\/span><\/span><span class='av-structured-data'  itemprop=\"datePublished\" datetime=\"2016-09-23T17:59:59+02:00\" >2021-04-28 12:00:18<\/span><span class='av-structured-data'  itemprop=\"dateModified\" itemtype=\"https:\/\/schema.org\/dateModified\" >2021-11-02 14:22:04<\/span><span class='av-structured-data'  itemprop=\"mainEntityOfPage\" itemtype=\"https:\/\/schema.org\/mainEntityOfPage\" ><span itemprop='name'>Les Bords R\u00e9els<\/span><\/span><\/span><\/article><article class='slide-entry flex_column  post-entry post-entry-33287 slide-entry-overview slide-loop-2 slide-parity-even  post-entry-last  av_one_half  real-thumbnail'  itemscope=\"itemscope\" itemtype=\"https:\/\/schema.org\/CreativeWork\" ><a href='https:\/\/agencevu.com\/en\/book\/srebrenica-nuit-a-nuit\/' data-rel='slide-6' class='slide-image' title=''><img width=\"142\" height=\"185\" src=\"https:\/\/agencevu.com\/wp-content\/uploads\/2019\/09\/00-preview-couv-2.jpg\" class=\"wp-image-32829 avia-img-lazy-loading-32829 attachment-portfolio size-portfolio wp-post-image\" alt=\"\" loading=\"lazy\" srcset=\"https:\/\/agencevu.com\/wp-content\/uploads\/2019\/09\/00-preview-couv-2.jpg 142w, https:\/\/agencevu.com\/wp-content\/uploads\/2019\/09\/00-preview-couv-2-61x80.jpg 61w\" sizes=\"(max-width: 142px) 100vw, 142px\" \/><\/a><div class='slide-content'><header class=\"entry-content-header\"><span class=\"blog-categories minor-meta\"> <a href=\"https:\/\/agencevu.com\/en\/annee\/2016\/\" rel=\"tag\">2016<\/a> <a href=\"https:\/\/agencevu.com\/en\/photographer\/adrien-selbert\/\" rel=\"tag\">Adrien Selbert<\/a> <a href=\"https:\/\/agencevu.com\/en\/section_taxonomy\/livres\/\" rel=\"tag\">livres<\/a> <\/span><h3 class='slide-entry-title entry-title'  itemprop=\"headline\" ><a href='https:\/\/agencevu.com\/en\/book\/srebrenica-nuit-a-nuit\/' title='Srebrenica, nuit \u00e0 nuit'>Srebrenica, nuit \u00e0 nuit<\/a><\/h3><span class=\"av-vertical-delimiter\"><\/span><\/header><div class='slide-entry-excerpt entry-content'  itemprop=\"text\" >Le Bec en l\u2019air \u2013 2016<\/div><\/div><footer class=\"entry-footer\"><div class='slide-meta'><time class='slide-meta-time updated'  itemprop=\"datePublished\" datetime=\"2016-09-23T17:59:59+02:00\" >23 September 2016<\/time><\/div><\/footer><span class='hidden'>\n\t\t\t\t<span class='av-structured-data'  itemprop=\"image\" itemscope=\"itemscope\" itemtype=\"https:\/\/schema.org\/ImageObject\" >\n\t\t\t\t\t\t<span itemprop='url'>https:\/\/agencevu.com\/wp-content\/uploads\/2019\/09\/00-preview-couv-2.jpg<\/span>\n\t\t\t\t\t\t<span itemprop='height'>185<\/span>\n\t\t\t\t\t\t<span itemprop='width'>142<\/span>\n\t\t\t\t<\/span>\n\t\t\t\t<span class='av-structured-data'  itemprop=\"publisher\" itemtype=\"https:\/\/schema.org\/Organization\" itemscope=\"itemscope\" >\n\t\t\t\t\t\t<span itemprop='name'>Fanny Demichelis<\/span>\n\t\t\t\t\t\t<span itemprop='logo' itemscope itemtype='https:\/\/schema.org\/ImageObject'>\n\t\t\t\t\t\t\t<span itemprop='url'>\/wp-content\/uploads\/2021\/05\/logo-vert-2.svg<\/span>\n\t\t\t\t\t\t <\/span>\n\t\t\t\t<\/span><span class='av-structured-data'  itemprop=\"author\" itemscope=\"itemscope\" itemtype=\"https:\/\/schema.org\/Person\" ><span itemprop='name'>Fanny Demichelis<\/span><\/span><span class='av-structured-data'  itemprop=\"datePublished\" datetime=\"2016-09-23T17:59:59+02:00\" >2016-09-23 17:59:59<\/span><span class='av-structured-data'  itemprop=\"dateModified\" itemtype=\"https:\/\/schema.org\/dateModified\" >2021-04-22 10:14:01<\/span><span class='av-structured-data'  itemprop=\"mainEntityOfPage\" itemtype=\"https:\/\/schema.org\/mainEntityOfPage\" ><span itemprop='name'>Srebrenica, nuit \u00e0 nuit<\/span><\/span><\/span><\/article><\/div><\/div><\/div>\n\n<div id='prix'  class='avia-section main_color avia-section-small avia-no-border-styling  avia-bg-style-scroll  avia-builder-el-0  el_before_av_section  avia-builder-el-first   container_wrap fullsize' style=' '  ><div class='container' ><main  role=\"main\" itemprop=\"mainContentOfPage\"  class='template-page content  av-content-full alpha units'><div class='post-entry post-entry-type-page post-entry-147088'><div class='entry-content-wrapper clearfix'>\n<section class=\"av_textblock_section \"  itemscope=\"itemscope\" itemtype=\"https:\/\/schema.org\/CreativeWork\" ><div class='avia_textblock  '  style='font-size:20px; '  itemprop=\"text\" ><p id=\"prix\" style=\"color: #707070; letter-spacing: 1.5px; text-transform: uppercase;\">AWARDS<\/p>\n<hr class=\"hr-titre-page\">\n<\/div><\/section>\n<div class=\"flex_column av_one_fourth  flex_column_div av-zero-column-padding first  \" style='border-radius:0px; '><p><div  class='avia-image-container  av-styling-no-styling    avia-align-center '  itemprop=\"image\" itemscope=\"itemscope\" itemtype=\"https:\/\/schema.org\/ImageObject\"  ><div class='avia-image-container-inner'><div class='avia-image-overlay-wrap'><a href=\"http:\/\/viensvoir.oai13.com\/adrien-selbert-laureat-du-prix-nouvelles-ecritures-2020\/\" class='avia_image' target=\"_blank\" rel=\"noopener noreferrer\"><img width=\"800\" height=\"448\" class='wp-image-110465 avia-img-lazy-loading-not-110465 avia_image' src=\"https:\/\/agencevu.com\/wp-content\/uploads\/2021\/02\/VV_adrien_selbert_film.jpg\" alt='' title='VV_adrien_selbert_film'  itemprop=\"thumbnailUrl\" srcset=\"https:\/\/agencevu.com\/wp-content\/uploads\/2021\/02\/VV_adrien_selbert_film.jpg 800w, https:\/\/agencevu.com\/wp-content\/uploads\/2021\/02\/VV_adrien_selbert_film-300x168.jpg 300w, https:\/\/agencevu.com\/wp-content\/uploads\/2021\/02\/VV_adrien_selbert_film-80x45.jpg 80w, https:\/\/agencevu.com\/wp-content\/uploads\/2021\/02\/VV_adrien_selbert_film-768x430.jpg 768w, https:\/\/agencevu.com\/wp-content\/uploads\/2021\/02\/VV_adrien_selbert_film-705x395.jpg 705w, https:\/\/agencevu.com\/wp-content\/uploads\/2021\/02\/VV_adrien_selbert_film-450x252.jpg 450w\" sizes=\"(max-width: 800px) 100vw, 800px\" \/><\/a><\/div><\/div><\/div><br \/>\n<section class=\"av_textblock_section \"  itemscope=\"itemscope\" itemtype=\"https:\/\/schema.org\/CreativeWork\" ><div class='avia_textblock  '   itemprop=\"text\" ><p><span style=\"font-size: 15px;\"><strong><span style=\"color: #76a38b;\">Nouvelles \u00c9critures 2020 Award<br \/>\n<\/span><\/strong><\/span><\/p>\n<\/div><\/section><br \/>\n<section class=\"av_textblock_section \"  itemscope=\"itemscope\" itemtype=\"https:\/\/schema.org\/CreativeWork\" ><div class='avia_textblock  '   itemprop=\"text\" ><p><span style=\"color: #76a38b; font-size: 15px;\">For his photographic film: Les Bords R\u00e9els<\/span><\/p>\n<\/div><\/section><br \/>\n<section class=\"av_textblock_section \"  itemscope=\"itemscope\" itemtype=\"https:\/\/schema.org\/CreativeWork\" ><div class='avia_textblock  '   itemprop=\"text\" ><p><span style=\"font-size: 12px;\">2020<\/span><\/p>\n<\/div><\/section><\/p><\/div><div class=\"flex_column av_one_fourth  flex_column_div av-zero-column-padding   \" style='border-radius:0px; '><p><div  class='avia-image-container  av-styling-no-styling    avia-align-center '  itemprop=\"image\" itemscope=\"itemscope\" itemtype=\"https:\/\/schema.org\/ImageObject\"  ><div class='avia-image-container-inner'><div class='avia-image-overlay-wrap'><a href=\"https:\/\/vimeo.com\/156635361\" class='avia_image' ><img width=\"1620\" height=\"1080\" class='wp-image-110312 avia-img-lazy-loading-not-110312 avia_image' src=\"https:\/\/agencevu.com\/wp-content\/uploads\/2021\/02\/00_SELB22163-2014CL11-13.jpg\" alt='' title='Srebrenica, nuit \u00e0 nuit - Bosnia, Srebrenica, July 17th 2014'  itemprop=\"thumbnailUrl\" srcset=\"https:\/\/agencevu.com\/wp-content\/uploads\/2021\/02\/00_SELB22163-2014CL11-13.jpg 1620w, https:\/\/agencevu.com\/wp-content\/uploads\/2021\/02\/00_SELB22163-2014CL11-13-300x200.jpg 300w, https:\/\/agencevu.com\/wp-content\/uploads\/2021\/02\/00_SELB22163-2014CL11-13-1030x687.jpg 1030w, https:\/\/agencevu.com\/wp-content\/uploads\/2021\/02\/00_SELB22163-2014CL11-13-80x53.jpg 80w, https:\/\/agencevu.com\/wp-content\/uploads\/2021\/02\/00_SELB22163-2014CL11-13-768x512.jpg 768w, https:\/\/agencevu.com\/wp-content\/uploads\/2021\/02\/00_SELB22163-2014CL11-13-1536x1024.jpg 1536w, https:\/\/agencevu.com\/wp-content\/uploads\/2021\/02\/00_SELB22163-2014CL11-13-1500x1000.jpg 1500w, https:\/\/agencevu.com\/wp-content\/uploads\/2021\/02\/00_SELB22163-2014CL11-13-705x470.jpg 705w, https:\/\/agencevu.com\/wp-content\/uploads\/2021\/02\/00_SELB22163-2014CL11-13-450x300.jpg 450w\" sizes=\"(max-width: 1620px) 100vw, 1620px\" \/><\/a><\/div><\/div><\/div><br \/>\n<section class=\"av_textblock_section \"  itemscope=\"itemscope\" itemtype=\"https:\/\/schema.org\/CreativeWork\" ><div class='avia_textblock  '   itemprop=\"text\" ><p><span style=\"font-size: 15px;\"><strong><span style=\"color: #76a38b;\">Nouvelles \u00c9critures 2015 Award (Winner and Favorite)<\/span><\/strong><\/span><\/p>\n<\/div><\/section><br \/>\n<section class=\"av_textblock_section \"  itemscope=\"itemscope\" itemtype=\"https:\/\/schema.org\/CreativeWork\" ><div class='avia_textblock  '   itemprop=\"text\" ><p><span style=\"color: #76a38b; font-size: 15px;\">For his series: Srebrenica, From Night to Night<br \/>\n<\/span><\/p>\n<\/div><\/section><br \/>\n<section class=\"av_textblock_section \"  itemscope=\"itemscope\" itemtype=\"https:\/\/schema.org\/CreativeWork\" ><div class='avia_textblock  '   itemprop=\"text\" ><p><span style=\"font-size: 12px;\">2015<\/span><\/p>\n<\/div><\/section><\/p><\/div><div class=\"flex_column av_one_fourth  flex_column_div av-zero-column-padding   \" style='border-radius:0px; '><p><div  class='avia-image-container  av-styling-no-styling    avia-align-center '  itemprop=\"image\" itemscope=\"itemscope\" itemtype=\"https:\/\/schema.org\/ImageObject\"  ><div class='avia-image-container-inner'><div class='avia-image-overlay-wrap'><a href=\"https:\/\/vimeo.com\/156635361\" class='avia_image' ><img width=\"1620\" height=\"1080\" class='wp-image-110312 avia-img-lazy-loading-not-110312 avia_image' src=\"https:\/\/agencevu.com\/wp-content\/uploads\/2021\/02\/00_SELB22163-2014CL11-13.jpg\" alt='' title='Srebrenica, nuit \u00e0 nuit - Bosnia, Srebrenica, July 17th 2014'  itemprop=\"thumbnailUrl\" srcset=\"https:\/\/agencevu.com\/wp-content\/uploads\/2021\/02\/00_SELB22163-2014CL11-13.jpg 1620w, https:\/\/agencevu.com\/wp-content\/uploads\/2021\/02\/00_SELB22163-2014CL11-13-300x200.jpg 300w, https:\/\/agencevu.com\/wp-content\/uploads\/2021\/02\/00_SELB22163-2014CL11-13-1030x687.jpg 1030w, https:\/\/agencevu.com\/wp-content\/uploads\/2021\/02\/00_SELB22163-2014CL11-13-80x53.jpg 80w, https:\/\/agencevu.com\/wp-content\/uploads\/2021\/02\/00_SELB22163-2014CL11-13-768x512.jpg 768w, https:\/\/agencevu.com\/wp-content\/uploads\/2021\/02\/00_SELB22163-2014CL11-13-1536x1024.jpg 1536w, https:\/\/agencevu.com\/wp-content\/uploads\/2021\/02\/00_SELB22163-2014CL11-13-1500x1000.jpg 1500w, https:\/\/agencevu.com\/wp-content\/uploads\/2021\/02\/00_SELB22163-2014CL11-13-705x470.jpg 705w, https:\/\/agencevu.com\/wp-content\/uploads\/2021\/02\/00_SELB22163-2014CL11-13-450x300.jpg 450w\" sizes=\"(max-width: 1620px) 100vw, 1620px\" \/><\/a><\/div><\/div><\/div><br \/>\n<section class=\"av_textblock_section \"  itemscope=\"itemscope\" itemtype=\"https:\/\/schema.org\/CreativeWork\" ><div class='avia_textblock  '   itemprop=\"text\" ><p><span style=\"font-size: 15px;\"><strong><span style=\"color: #76a38b;\">Fisheye Award of the Rencontres d&#8217;Arles (Second Price)<\/span><\/strong><\/span><\/p>\n<\/div><\/section><br \/>\n<section class=\"av_textblock_section \"  itemscope=\"itemscope\" itemtype=\"https:\/\/schema.org\/CreativeWork\" ><div class='avia_textblock  '   itemprop=\"text\" ><p><span style=\"color: #76a38b; font-size: 15px;\">For his series: Srebrenica, From Night to Night<br \/>\n<\/span><\/p>\n<\/div><\/section><br \/>\n<section class=\"av_textblock_section \"  itemscope=\"itemscope\" itemtype=\"https:\/\/schema.org\/CreativeWork\" ><div class='avia_textblock  '   itemprop=\"text\" ><p><span style=\"font-size: 12px;\">2015<\/span><\/p>\n<\/div><\/section><\/p><\/div><div class=\"flex_column av_one_fourth  flex_column_div av-zero-column-padding   \" style='border-radius:0px; '><p><div  class='avia-image-container  av-styling-no-styling    avia-align-center '  itemprop=\"image\" itemscope=\"itemscope\" itemtype=\"https:\/\/schema.org\/ImageObject\"  ><div class='avia-image-container-inner'><div class='avia-image-overlay-wrap'><a href=\"https:\/\/vimeo.com\/156635361\" class='avia_image' ><img width=\"1620\" height=\"1080\" class='wp-image-110312 avia-img-lazy-loading-not-110312 avia_image' src=\"https:\/\/agencevu.com\/wp-content\/uploads\/2021\/02\/00_SELB22163-2014CL11-13.jpg\" alt='' title='Srebrenica, nuit \u00e0 nuit - Bosnia, Srebrenica, July 17th 2014'  itemprop=\"thumbnailUrl\" srcset=\"https:\/\/agencevu.com\/wp-content\/uploads\/2021\/02\/00_SELB22163-2014CL11-13.jpg 1620w, https:\/\/agencevu.com\/wp-content\/uploads\/2021\/02\/00_SELB22163-2014CL11-13-300x200.jpg 300w, https:\/\/agencevu.com\/wp-content\/uploads\/2021\/02\/00_SELB22163-2014CL11-13-1030x687.jpg 1030w, https:\/\/agencevu.com\/wp-content\/uploads\/2021\/02\/00_SELB22163-2014CL11-13-80x53.jpg 80w, https:\/\/agencevu.com\/wp-content\/uploads\/2021\/02\/00_SELB22163-2014CL11-13-768x512.jpg 768w, https:\/\/agencevu.com\/wp-content\/uploads\/2021\/02\/00_SELB22163-2014CL11-13-1536x1024.jpg 1536w, https:\/\/agencevu.com\/wp-content\/uploads\/2021\/02\/00_SELB22163-2014CL11-13-1500x1000.jpg 1500w, https:\/\/agencevu.com\/wp-content\/uploads\/2021\/02\/00_SELB22163-2014CL11-13-705x470.jpg 705w, https:\/\/agencevu.com\/wp-content\/uploads\/2021\/02\/00_SELB22163-2014CL11-13-450x300.jpg 450w\" sizes=\"(max-width: 1620px) 100vw, 1620px\" \/><\/a><\/div><\/div><\/div><br \/>\n<section class=\"av_textblock_section \"  itemscope=\"itemscope\" itemtype=\"https:\/\/schema.org\/CreativeWork\" ><div class='avia_textblock  '   itemprop=\"text\" ><p><span style=\"font-size: 15px;\"><strong><span style=\"color: #76a38b;\">Zoom Award (6th edition) at the Salon de la Photo, Paris<\/span><\/strong><\/span><\/p>\n<\/div><\/section><br \/>\n<section class=\"av_textblock_section \"  itemscope=\"itemscope\" itemtype=\"https:\/\/schema.org\/CreativeWork\" ><div class='avia_textblock  '   itemprop=\"text\" ><p><span style=\"color: #76a38b; font-size: 15px;\">For his series: Srebrenica, From Night to Night<br \/>\n<\/span><\/p>\n<\/div><\/section><br \/>\n<section class=\"av_textblock_section \"  itemscope=\"itemscope\" itemtype=\"https:\/\/schema.org\/CreativeWork\" ><div class='avia_textblock  '   itemprop=\"text\" ><p><span style=\"font-size: 12px;\">2015<\/span><\/p>\n<\/div><\/section><\/p><\/div><div class=\"flex_column av_one_fourth  flex_column_div av-zero-column-padding first  \" style='border-radius:0px; '><p><div  class='avia-image-container  av-styling-no-styling    avia-align-center '  itemprop=\"image\" itemscope=\"itemscope\" itemtype=\"https:\/\/schema.org\/ImageObject\"  ><div class='avia-image-container-inner'><div class='avia-image-overlay-wrap'><a href=\"https:\/\/vimeo.com\/156635361\" class='avia_image' ><img width=\"1620\" height=\"1080\" class='wp-image-110312 avia-img-lazy-loading-not-110312 avia_image' src=\"https:\/\/agencevu.com\/wp-content\/uploads\/2021\/02\/00_SELB22163-2014CL11-13.jpg\" alt='' title='Srebrenica, nuit \u00e0 nuit - Bosnia, Srebrenica, July 17th 2014'  itemprop=\"thumbnailUrl\" srcset=\"https:\/\/agencevu.com\/wp-content\/uploads\/2021\/02\/00_SELB22163-2014CL11-13.jpg 1620w, https:\/\/agencevu.com\/wp-content\/uploads\/2021\/02\/00_SELB22163-2014CL11-13-300x200.jpg 300w, https:\/\/agencevu.com\/wp-content\/uploads\/2021\/02\/00_SELB22163-2014CL11-13-1030x687.jpg 1030w, https:\/\/agencevu.com\/wp-content\/uploads\/2021\/02\/00_SELB22163-2014CL11-13-80x53.jpg 80w, https:\/\/agencevu.com\/wp-content\/uploads\/2021\/02\/00_SELB22163-2014CL11-13-768x512.jpg 768w, https:\/\/agencevu.com\/wp-content\/uploads\/2021\/02\/00_SELB22163-2014CL11-13-1536x1024.jpg 1536w, https:\/\/agencevu.com\/wp-content\/uploads\/2021\/02\/00_SELB22163-2014CL11-13-1500x1000.jpg 1500w, https:\/\/agencevu.com\/wp-content\/uploads\/2021\/02\/00_SELB22163-2014CL11-13-705x470.jpg 705w, https:\/\/agencevu.com\/wp-content\/uploads\/2021\/02\/00_SELB22163-2014CL11-13-450x300.jpg 450w\" sizes=\"(max-width: 1620px) 100vw, 1620px\" \/><\/a><\/div><\/div><\/div><br \/>\n<section class=\"av_textblock_section \"  itemscope=\"itemscope\" itemtype=\"https:\/\/schema.org\/CreativeWork\" ><div class='avia_textblock  '   itemprop=\"text\" ><p><span style=\"font-size: 15px;\"><strong><span style=\"color: #76a38b;\">Special mention of the Moscow International Foto Awards, category Photo Documentaire<\/span><\/strong><\/span><\/p>\n<\/div><\/section><br \/>\n<section class=\"av_textblock_section \"  itemscope=\"itemscope\" itemtype=\"https:\/\/schema.org\/CreativeWork\" ><div class='avia_textblock  '   itemprop=\"text\" ><p><span style=\"color: #76a38b; font-size: 15px;\">For his series: Srebrenica, From Night to Night<br \/>\n<\/span><\/p>\n<\/div><\/section><br \/>\n<section class=\"av_textblock_section \"  itemscope=\"itemscope\" itemtype=\"https:\/\/schema.org\/CreativeWork\" ><div class='avia_textblock  '   itemprop=\"text\" ><p><span style=\"font-size: 12px;\">2015<\/span><\/p>\n<\/div><\/section><\/p><\/div><div class=\"flex_column av_one_fourth  flex_column_div av-zero-column-padding   \" style='border-radius:0px; '><p><div  class='avia-image-container  av-styling-no-styling    avia-align-center '  itemprop=\"image\" itemscope=\"itemscope\" itemtype=\"https:\/\/schema.org\/ImageObject\"  ><div class='avia-image-container-inner'><div class='avia-image-overlay-wrap'><a href=\"https:\/\/vimeo.com\/156635361\" class='avia_image' ><img width=\"1620\" height=\"1080\" class='wp-image-110312 avia-img-lazy-loading-not-110312 avia_image' src=\"https:\/\/agencevu.com\/wp-content\/uploads\/2021\/02\/00_SELB22163-2014CL11-13.jpg\" alt='' title='Srebrenica, nuit \u00e0 nuit - Bosnia, Srebrenica, July 17th 2014'  itemprop=\"thumbnailUrl\" srcset=\"https:\/\/agencevu.com\/wp-content\/uploads\/2021\/02\/00_SELB22163-2014CL11-13.jpg 1620w, https:\/\/agencevu.com\/wp-content\/uploads\/2021\/02\/00_SELB22163-2014CL11-13-300x200.jpg 300w, https:\/\/agencevu.com\/wp-content\/uploads\/2021\/02\/00_SELB22163-2014CL11-13-1030x687.jpg 1030w, https:\/\/agencevu.com\/wp-content\/uploads\/2021\/02\/00_SELB22163-2014CL11-13-80x53.jpg 80w, https:\/\/agencevu.com\/wp-content\/uploads\/2021\/02\/00_SELB22163-2014CL11-13-768x512.jpg 768w, https:\/\/agencevu.com\/wp-content\/uploads\/2021\/02\/00_SELB22163-2014CL11-13-1536x1024.jpg 1536w, https:\/\/agencevu.com\/wp-content\/uploads\/2021\/02\/00_SELB22163-2014CL11-13-1500x1000.jpg 1500w, https:\/\/agencevu.com\/wp-content\/uploads\/2021\/02\/00_SELB22163-2014CL11-13-705x470.jpg 705w, https:\/\/agencevu.com\/wp-content\/uploads\/2021\/02\/00_SELB22163-2014CL11-13-450x300.jpg 450w\" sizes=\"(max-width: 1620px) 100vw, 1620px\" \/><\/a><\/div><\/div><\/div><br \/>\n<section class=\"av_textblock_section \"  itemscope=\"itemscope\" itemtype=\"https:\/\/schema.org\/CreativeWork\" ><div class='avia_textblock  '   itemprop=\"text\" ><p><span style=\"font-size: 15px;\"><strong><span style=\"color: #76a38b;\">Maison Blanche Award for the Contemporary Photography<br \/>\n<\/span><\/strong><\/span><\/p>\n<\/div><\/section><br \/>\n<section class=\"av_textblock_section \"  itemscope=\"itemscope\" itemtype=\"https:\/\/schema.org\/CreativeWork\" ><div class='avia_textblock  '   itemprop=\"text\" ><p><span style=\"color: #76a38b; font-size: 15px;\">For his series: Srebrenica, From Night to Night<br \/>\n<\/span><\/p>\n<\/div><\/section><br \/>\n<section class=\"av_textblock_section \"  itemscope=\"itemscope\" itemtype=\"https:\/\/schema.org\/CreativeWork\" ><div class='avia_textblock  '   itemprop=\"text\" ><p><span style=\"font-size: 12px;\">2015<\/span><\/p>\n<\/div><\/section><\/p><\/div><div class=\"flex_column av_one_fourth  flex_column_div av-zero-column-padding   \" style='border-radius:0px; '><p><div  class='avia-image-container  av-styling-no-styling    avia-align-center '  itemprop=\"image\" itemscope=\"itemscope\" itemtype=\"https:\/\/schema.org\/ImageObject\"  ><div class='avia-image-container-inner'><div class='avia-image-overlay-wrap'><a href=\"https:\/\/vimeo.com\/156635361\" class='avia_image' ><img width=\"1620\" height=\"1080\" class='wp-image-110312 avia-img-lazy-loading-not-110312 avia_image' src=\"https:\/\/agencevu.com\/wp-content\/uploads\/2021\/02\/00_SELB22163-2014CL11-13.jpg\" alt='' title='Srebrenica, nuit \u00e0 nuit - Bosnia, Srebrenica, July 17th 2014'  itemprop=\"thumbnailUrl\" srcset=\"https:\/\/agencevu.com\/wp-content\/uploads\/2021\/02\/00_SELB22163-2014CL11-13.jpg 1620w, https:\/\/agencevu.com\/wp-content\/uploads\/2021\/02\/00_SELB22163-2014CL11-13-300x200.jpg 300w, https:\/\/agencevu.com\/wp-content\/uploads\/2021\/02\/00_SELB22163-2014CL11-13-1030x687.jpg 1030w, https:\/\/agencevu.com\/wp-content\/uploads\/2021\/02\/00_SELB22163-2014CL11-13-80x53.jpg 80w, https:\/\/agencevu.com\/wp-content\/uploads\/2021\/02\/00_SELB22163-2014CL11-13-768x512.jpg 768w, https:\/\/agencevu.com\/wp-content\/uploads\/2021\/02\/00_SELB22163-2014CL11-13-1536x1024.jpg 1536w, https:\/\/agencevu.com\/wp-content\/uploads\/2021\/02\/00_SELB22163-2014CL11-13-1500x1000.jpg 1500w, https:\/\/agencevu.com\/wp-content\/uploads\/2021\/02\/00_SELB22163-2014CL11-13-705x470.jpg 705w, https:\/\/agencevu.com\/wp-content\/uploads\/2021\/02\/00_SELB22163-2014CL11-13-450x300.jpg 450w\" sizes=\"(max-width: 1620px) 100vw, 1620px\" \/><\/a><\/div><\/div><\/div><br \/>\n<section class=\"av_textblock_section \"  itemscope=\"itemscope\" itemtype=\"https:\/\/schema.org\/CreativeWork\" ><div class='avia_textblock  '   itemprop=\"text\" ><p><span style=\"font-size: 15px;\"><strong><span style=\"color: #76a38b;\">Mentor Award #1, Favorite of the professional jury<br \/>\n<\/span><\/strong><\/span><\/p>\n<\/div><\/section><br \/>\n<section class=\"av_textblock_section \"  itemscope=\"itemscope\" itemtype=\"https:\/\/schema.org\/CreativeWork\" ><div class='avia_textblock  '   itemprop=\"text\" ><p><span style=\"color: #76a38b; font-size: 15px;\">For his series: Srebrenica, From Night to Night<br \/>\n<\/span><\/p>\n<\/div><\/section><br \/>\n<section class=\"av_textblock_section \"  itemscope=\"itemscope\" itemtype=\"https:\/\/schema.org\/CreativeWork\" ><div class='avia_textblock  '   itemprop=\"text\" ><p><span style=\"font-size: 12px;\">2015<\/span><\/p>\n<\/div><\/section><\/p><\/div><div class=\"flex_column av_one_fourth  flex_column_div av-zero-column-padding   \" style='border-radius:0px; '><p><div  class='avia-image-container  av-styling-no-styling    avia-align-center '  itemprop=\"image\" itemscope=\"itemscope\" itemtype=\"https:\/\/schema.org\/ImageObject\"  ><div class='avia-image-container-inner'><div class='avia-image-overlay-wrap'><img class='wp-image-110316 avia-img-lazy-loading-not-110316 avia_image' src=\"https:\/\/agencevu.com\/wp-content\/uploads\/2021\/02\/Capture-de\u0301cran-2020-11-25-a\u0300-10.47.29-1.jpg\" alt='' title='Capture d\u2019e\u0301cran 2020-11-25 a\u0300 10.47.29' height=\"1080\" width=\"1579\"  itemprop=\"thumbnailUrl\" srcset=\"https:\/\/agencevu.com\/wp-content\/uploads\/2021\/02\/Capture-de\u0301cran-2020-11-25-a\u0300-10.47.29-1.jpg 1579w, https:\/\/agencevu.com\/wp-content\/uploads\/2021\/02\/Capture-de\u0301cran-2020-11-25-a\u0300-10.47.29-1-300x205.jpg 300w, https:\/\/agencevu.com\/wp-content\/uploads\/2021\/02\/Capture-de\u0301cran-2020-11-25-a\u0300-10.47.29-1-1030x704.jpg 1030w, https:\/\/agencevu.com\/wp-content\/uploads\/2021\/02\/Capture-de\u0301cran-2020-11-25-a\u0300-10.47.29-1-80x55.jpg 80w, https:\/\/agencevu.com\/wp-content\/uploads\/2021\/02\/Capture-de\u0301cran-2020-11-25-a\u0300-10.47.29-1-768x525.jpg 768w, https:\/\/agencevu.com\/wp-content\/uploads\/2021\/02\/Capture-de\u0301cran-2020-11-25-a\u0300-10.47.29-1-1536x1051.jpg 1536w, https:\/\/agencevu.com\/wp-content\/uploads\/2021\/02\/Capture-de\u0301cran-2020-11-25-a\u0300-10.47.29-1-1500x1026.jpg 1500w, https:\/\/agencevu.com\/wp-content\/uploads\/2021\/02\/Capture-de\u0301cran-2020-11-25-a\u0300-10.47.29-1-705x482.jpg 705w, https:\/\/agencevu.com\/wp-content\/uploads\/2021\/02\/Capture-de\u0301cran-2020-11-25-a\u0300-10.47.29-1-450x308.jpg 450w\" sizes=\"(max-width: 1579px) 100vw, 1579px\" \/><\/div><\/div><\/div><br \/>\n<section class=\"av_textblock_section \"  itemscope=\"itemscope\" itemtype=\"https:\/\/schema.org\/CreativeWork\" ><div class='avia_textblock  '   itemprop=\"text\" ><p><span style=\"font-size: 15px;\"><strong><span style=\"color: #76a38b;\">\u00c9toile of la Scam, edition 2015 of Documentary Film<br \/>\n<\/span><\/strong><\/span><\/p>\n<\/div><\/section><br \/>\n<section class=\"av_textblock_section \"  itemscope=\"itemscope\" itemtype=\"https:\/\/schema.org\/CreativeWork\" ><div class='avia_textblock  '   itemprop=\"text\" ><p><span style=\"color: #76a38b; font-size: 15px;\">For &#8220;L&#8217;Enclave&#8221; directed by Aude L\u00e9a Rapin and Adrien Selbert<\/span><\/p>\n<\/div><\/section><br \/>\n<section class=\"av_textblock_section \"  itemscope=\"itemscope\" itemtype=\"https:\/\/schema.org\/CreativeWork\" ><div class='avia_textblock  '   itemprop=\"text\" ><p><span style=\"font-size: 12px;\">2015<\/span><\/p>\n<\/div><\/section><\/p><\/div><div class=\"flex_column av_one_fourth  flex_column_div av-zero-column-padding first  \" style='border-radius:0px; '><p><div  class='avia-image-container  av-styling-no-styling    avia-align-center '  itemprop=\"image\" itemscope=\"itemscope\" itemtype=\"https:\/\/schema.org\/ImageObject\"  ><div class='avia-image-container-inner'><div class='avia-image-overlay-wrap'><img class='wp-image-110314 avia-img-lazy-loading-not-110314 avia_image' src=\"https:\/\/agencevu.com\/wp-content\/uploads\/2021\/02\/00_Ninos-Place_Preview-1.jpg\" alt='' title='00_Nino&#039;s Place_Preview' height=\"908\" width=\"1361\"  itemprop=\"thumbnailUrl\" srcset=\"https:\/\/agencevu.com\/wp-content\/uploads\/2021\/02\/00_Ninos-Place_Preview-1.jpg 1361w, https:\/\/agencevu.com\/wp-content\/uploads\/2021\/02\/00_Ninos-Place_Preview-1-300x200.jpg 300w, https:\/\/agencevu.com\/wp-content\/uploads\/2021\/02\/00_Ninos-Place_Preview-1-1030x687.jpg 1030w, https:\/\/agencevu.com\/wp-content\/uploads\/2021\/02\/00_Ninos-Place_Preview-1-80x53.jpg 80w, https:\/\/agencevu.com\/wp-content\/uploads\/2021\/02\/00_Ninos-Place_Preview-1-768x512.jpg 768w, https:\/\/agencevu.com\/wp-content\/uploads\/2021\/02\/00_Ninos-Place_Preview-1-705x470.jpg 705w, https:\/\/agencevu.com\/wp-content\/uploads\/2021\/02\/00_Ninos-Place_Preview-1-450x300.jpg 450w\" sizes=\"(max-width: 1361px) 100vw, 1361px\" \/><\/div><\/div><\/div><br \/>\n<section class=\"av_textblock_section \"  itemscope=\"itemscope\" itemtype=\"https:\/\/schema.org\/CreativeWork\" ><div class='avia_textblock  '   itemprop=\"text\" ><p><span style=\"font-size: 15px;\"><strong><span style=\"color: #76a38b;\">Best Grand Reportage Award at the Festival International des droits humains of Geneva<br \/>\n<\/span><\/strong><\/span><\/p>\n<\/div><\/section><br \/>\n<section class=\"av_textblock_section \"  itemscope=\"itemscope\" itemtype=\"https:\/\/schema.org\/CreativeWork\" ><div class='avia_textblock  '   itemprop=\"text\" ><p><span style=\"color: #76a38b; font-size: 15px;\">For the film &#8220;Nino\u2019s Place&#8221; directed by Aude L\u00e9a Rapin and Adrien Selbert<\/span><\/p>\n<\/div><\/section><br \/>\n<section class=\"av_textblock_section \"  itemscope=\"itemscope\" itemtype=\"https:\/\/schema.org\/CreativeWork\" ><div class='avia_textblock  '   itemprop=\"text\" ><p><span style=\"font-size: 12px;\">2010<\/span><\/p>\n<\/div><\/section><\/p><\/div><div class=\"flex_column av_one_fourth  flex_column_div av-zero-column-padding   \" style='border-radius:0px; '><\/div><div class=\"flex_column av_one_fourth  flex_column_div av-zero-column-padding   \" style='border-radius:0px; '><\/div><div class=\"flex_column av_one_fourth  flex_column_div av-zero-column-padding   \" style='border-radius:0px; '><\/div><div  style='height:50px' class='hr hr-invisible  '><span class='hr-inner ' ><span class='hr-inner-style'><\/span><\/span><\/div>\n\n","protected":false},"featured_media":0,"parent":0,"menu_order":0,"template":"","categories":[],"tags":[],"yoast_head":"<!-- This site is optimized with the Yoast SEO plugin v16.3 - https:\/\/yoast.com\/wordpress\/plugins\/seo\/ -->\n<title>Agence VU&#039;<\/title>\n<meta name=\"robots\" content=\"index, follow, max-snippet:-1, max-image-preview:large, max-video-preview:-1\" \/>\n<link rel=\"canonical\" href=\"\/\" \/>\n<meta property=\"og:locale\" content=\"en_US\" \/>\n<meta property=\"og:type\" content=\"article\" \/>\n<meta property=\"og:site_name\" content=\"Agence VU&#039;\" \/>\n<meta name=\"twitter:card\" content=\"summary_large_image\" \/>\n<meta name=\"twitter:site\" content=\"@agence_vu\" \/>\n<script type=\"application\/ld+json\" class=\"yoast-schema-graph\">{\"@context\":\"https:\/\/schema.org\",\"@graph\":[{\"@type\":\"WebSite\",\"@id\":\"https:\/\/agencevu.com\/en\/#website\",\"url\":\"https:\/\/agencevu.com\/en\/\",\"name\":\"Agence VU&#039;\",\"description\":\"Agency of photographers founded in 1986\",\"potentialAction\":[{\"@type\":\"SearchAction\",\"target\":\"https:\/\/agencevu.com\/en\/?s={search_term_string}\",\"query-input\":\"required name=search_term_string\"}],\"inLanguage\":\"en-US\"},{\"@type\":\"CollectionPage\",\"@id\":\"#webpage\",\"url\":\"\",\"name\":\"\",\"isPartOf\":{\"@id\":\"https:\/\/agencevu.com\/en\/#website\"},\"breadcrumb\":{\"@id\":\"#breadcrumb\"},\"inLanguage\":\"en-US\",\"potentialAction\":[{\"@type\":\"ReadAction\",\"target\":[\"\"]}]},{\"@type\":\"BreadcrumbList\",\"@id\":\"#breadcrumb\",\"itemListElement\":[{\"@type\":\"ListItem\",\"position\":1,\"item\":{\"@type\":\"WebPage\",\"@id\":\"https:\/\/agencevu.com\/en\/home\/\",\"url\":\"https:\/\/agencevu.com\/en\/home\/\",\"name\":\"Home\"}},{\"@type\":\"ListItem\",\"position\":2,\"item\":{\"@id\":\"#webpage\"}}]}]}<\/script>\n<!-- \/ Yoast SEO plugin. -->","_links":{"self":[{"href":"https:\/\/agencevu.com\/en\/wp-json\/wp\/v2\/photographe\/147088"}],"collection":[{"href":"https:\/\/agencevu.com\/en\/wp-json\/wp\/v2\/photographe"}],"about":[{"href":"https:\/\/agencevu.com\/en\/wp-json\/wp\/v2\/types\/photographe"}],"version-history":[{"count":3,"href":"https:\/\/agencevu.com\/en\/wp-json\/wp\/v2\/photographe\/147088\/revisions"}],"predecessor-version":[{"id":215785,"href":"https:\/\/agencevu.com\/en\/wp-json\/wp\/v2\/photographe\/147088\/revisions\/215785"}],"wp:attachment":[{"href":"https:\/\/agencevu.com\/en\/wp-json\/wp\/v2\/media?parent=147088"}],"wp:term":[{"taxonomy":"category","embeddable":true,"href":"https:\/\/agencevu.com\/en\/wp-json\/wp\/v2\/categories?post=147088"},{"taxonomy":"post_tag","embeddable":true,"href":"https:\/\/agencevu.com\/en\/wp-json\/wp\/v2\/tags?post=147088"}],"curies":[{"name":"wp","href":"https:\/\/api.w.org\/{rel}","templated":true}]}}