{"id":133692,"date":"2021-04-08T12:40:43","date_gmt":"2021-04-08T10:40:43","guid":{"rendered":"https:\/\/agencevu-dev.abvent.com\/?post_type=photographe&#038;p=133692"},"modified":"2024-10-16T11:46:36","modified_gmt":"2024-10-16T09:46:36","slug":"michael-zumstein","status":"publish","type":"photographe","link":"https:\/\/agencevu.com\/en\/photographer\/michael-zumstein\/","title":{"rendered":"Micha\u00ebl Zumstein"},"content":{"rendered":"<div id='av-layout-grid-1'  class='av-layout-grid-container entry-content-wrapper main_color av-flex-cells   av-medium-hide av-small-hide av-mini-hide   avia-builder-el-0  el_before_av_section  avia-builder-el-first  container_wrap fullsize' style=' '  >\n<div class=\"flex_cell no_margin av_one_half  avia-builder-el-1  el_before_av_cell_one_half  avia-builder-el-first   avia-full-contain \"  style='height:450px; min-height:450px;background:url(https:\/\/agencevu.com\/wp-content\/uploads\/2019\/12\/COVER_Aka-Zidane_Zumstein_19.jpg) center left no-repeat scroll; vertical-align:middle; padding:30px; ' ><div class='flex_cell_inner' ><\/div><\/div><div class=\"flex_cell no_margin av_one_half  avia-builder-el-2  el_after_av_cell_one_half  avia-builder-el-last   \"  style='height:450px; min-height:450px;vertical-align:bottom; padding:30px 30px 90px 30px ; ' ><div class='flex_cell_inner' ><section class=\"av_textblock_section \"  itemscope=\"itemscope\" itemtype=\"https:\/\/schema.org\/CreativeWork\" ><div class='avia_textblock  '   itemprop=\"text\" ><h4 style=\"font-weight: 100; font-size: 45px;\">Micha\u00ebl<br \/>\n<span style=\"font-size: 45px;\"><strong><span style=\"line-height: 50px;\"> Zumstein <\/span><\/strong><\/span><\/h4>\n<\/div><\/section>\n<\/div><\/div>\n<\/div>\n<div id='av_section_1'  class='avia-section main_color avia-section-default avia-no-border-styling  avia-bg-style-scroll  avia-builder-el-4  el_after_av_layout_row  el_before_av_submenu   av-desktop-hide container_wrap fullsize' style=' '  ><div class='container' ><div class='template-page content  av-content-full alpha units'><div class='post-entry post-entry-type-page post-entry-133692'><div class='entry-content-wrapper clearfix'>\n<section class=\"av_textblock_section \"  itemscope=\"itemscope\" itemtype=\"https:\/\/schema.org\/CreativeWork\" ><div class='avia_textblock  '   itemprop=\"text\" ><h4 style=\"font-size: 35px; line-height: 40px; text-align: center;\"><span style=\"font-weight: 100;\"> Micha\u00ebl <\/span>Zumstein<\/h4>\n<\/div><\/section>\n<div  style='height:50px' class='hr hr-invisible   avia-builder-el-6  el_after_av_textblock  el_before_av_image '><span class='hr-inner ' ><span class='hr-inner-style'><\/span><\/span><\/div>\n<div  class='avia-image-container  av-styling-no-styling    avia-builder-el-7  el_after_av_hr  avia-builder-el-last  avia-align-center '  itemprop=\"image\" itemscope=\"itemscope\" itemtype=\"https:\/\/schema.org\/ImageObject\"  ><div class='avia-image-container-inner'><div class='avia-image-overlay-wrap'><img class='wp-image-42648 avia-img-lazy-loading-not-42648 avia_image' src=\"https:\/\/agencevu.com\/wp-content\/uploads\/2019\/12\/COVER_Aka-Zidane_Zumstein_19.jpg\" alt='' title='COVER_Aka Zidane_Zumstein_19' height=\"750\" width=\"1124\"  itemprop=\"thumbnailUrl\" srcset=\"https:\/\/agencevu.com\/wp-content\/uploads\/2019\/12\/COVER_Aka-Zidane_Zumstein_19.jpg 1124w, https:\/\/agencevu.com\/wp-content\/uploads\/2019\/12\/COVER_Aka-Zidane_Zumstein_19-80x53.jpg 80w, https:\/\/agencevu.com\/wp-content\/uploads\/2019\/12\/COVER_Aka-Zidane_Zumstein_19-300x200.jpg 300w, https:\/\/agencevu.com\/wp-content\/uploads\/2019\/12\/COVER_Aka-Zidane_Zumstein_19-768x512.jpg 768w, https:\/\/agencevu.com\/wp-content\/uploads\/2019\/12\/COVER_Aka-Zidane_Zumstein_19-1030x687.jpg 1030w, https:\/\/agencevu.com\/wp-content\/uploads\/2019\/12\/COVER_Aka-Zidane_Zumstein_19-705x470.jpg 705w, https:\/\/agencevu.com\/wp-content\/uploads\/2019\/12\/COVER_Aka-Zidane_Zumstein_19-450x300.jpg 450w\" sizes=\"(max-width: 1124px) 100vw, 1124px\" \/><\/div><\/div><\/div>\n\n<\/div><\/div><\/div><!-- close content main div --><\/div><\/div><div class='clear'><\/div><div id='sub_menu1'  class='av-submenu-container alternate_color  avia-builder-el-8  el_after_av_section  el_before_av_section  av-sticky-submenu av-switch-768 submenu-not-first container_wrap fullsize' style='  z-index:301' ><div class='container av-menu-mobile-active av-submenu-hidden'><a href='#' class='mobile_menu_toggle' aria-hidden='true' data-av_icon='\ue8a5' data-av_iconfont='entypo-fontello'><span class='av-current-placeholder'>Menu<\/span><\/a><ul id='av-custom-submenu-1' class='av-subnav-menu av-submenu-pos-center'>\n<li class='menu-item menu-item-top-level  menu-item-top-level-1'><a href='\/en\/photographer\/michael-zumstein\/#biography' ><span class='avia-bullet'><\/span><span class='avia-menu-text'>Biography<\/span><\/a><\/li>\n<li class='menu-item menu-item-top-level  menu-item-top-level-2'><a href='\/en\/photographer\/michael-zumstein\/#series' ><span class='avia-bullet'><\/span><span class='avia-menu-text'>Series<\/span><\/a><\/li>\n<li class='menu-item menu-item-top-level  menu-item-top-level-3'><a href='https:\/\/agencevu.com\/en\/portraitist\/michael-zumstein\/'  target=\"_blank\"  rel=\"noopener noreferrer\"><span class='avia-bullet'><\/span><span class='avia-menu-text'>Portraits<\/span><\/a><\/li>\n<li class='menu-item menu-item-top-level  menu-item-top-level-4'><a href='\/en\/photographer\/michael-zumstein\/#multimedia' ><span class='avia-bullet'><\/span><span class='avia-menu-text'>Videos<\/span><\/a><\/li>\n<li class='menu-item menu-item-top-level  menu-item-top-level-5'><a href='https:\/\/agencevu.com\/en\/corporate\/photographer-michael-zumstein\/'  target=\"_blank\"  rel=\"noopener noreferrer\"><span class='avia-bullet'><\/span><span class='avia-menu-text'>Corporate &amp; Ads<\/span><\/a><\/li>\n<li class='menu-item menu-item-top-level  menu-item-top-level-6'><a href='\/en\/photographer\/michael-zumstein\/#interview' ><span class='avia-bullet'><\/span><span class='avia-menu-text'>Interviews<\/span><\/a><\/li>\n<li class='menu-item menu-item-top-level  menu-item-top-level-7'><a href='\/en\/photographer\/michael-zumstein\/#exhibitions' ><span class='avia-bullet'><\/span><span class='avia-menu-text'>Exhibitions<\/span><\/a><\/li>\n<li class='menu-item menu-item-top-level  menu-item-top-level-8'><a href='\/en\/photographer\/michael-zumstein\/#awards' ><span class='avia-bullet'><\/span><span class='avia-menu-text'>Awards<\/span><\/a><\/li>\n<li class='menu-item menu-item-top-level  menu-item-top-level-9'><a href='\/en\/photographer\/michael-zumstein\/#book' ><span class='avia-bullet'><\/span><span class='avia-menu-text'>Book<\/span><\/a><\/li>\n<\/ul><\/div><\/div><div class='sticky_placeholder'><\/div>\n<div id='biography'  class='avia-section main_color avia-section-default avia-no-border-styling  avia-bg-style-scroll  avia-builder-el-9  el_after_av_submenu  el_before_av_section   container_wrap fullsize' style=' '  ><div class='container' ><div class='template-page content  av-content-full alpha units'><div class='post-entry post-entry-type-page post-entry-133692'><div class='entry-content-wrapper clearfix'>\n<div class=\"flex_column av_one_fifth  av-break-at-tablet flex_column_div av-zero-column-padding first  avia-builder-el-10  el_before_av_two_fifth  avia-builder-el-first  \" style='border-radius:0px; '><section class=\"av_textblock_section \"  itemscope=\"itemscope\" itemtype=\"https:\/\/schema.org\/CreativeWork\" ><div class='avia_textblock  '  style='font-size:20px; '  itemprop=\"text\" ><p id=\"bio\" style=\"color: #707070; letter-spacing: 1.5px; text-transform: uppercase;\">biography<\/p>\n<hr class=\"hr-titre-page\">\n<\/div><\/section><br \/>\n<div  style='height:50px' class='hr hr-invisible   avia-builder-el-12  el_after_av_textblock  el_before_av_image '><span class='hr-inner ' ><span class='hr-inner-style'><\/span><\/span><\/div><br \/>\n<div  class='avia-image-container  av-styling-no-styling    avia-builder-el-13  el_after_av_hr  avia-builder-el-last  imgBio avia-align-center '  itemprop=\"image\" itemscope=\"itemscope\" itemtype=\"https:\/\/schema.org\/ImageObject\"  ><div class='avia-image-container-inner'><div class='avia-image-overlay-wrap'><img class='wp-image-42650 avia-img-lazy-loading-not-42650 avia_image' src=\"https:\/\/agencevu.com\/wp-content\/uploads\/2019\/12\/Portrait-Michael-Zumstein-2014.jpg\" alt='' title='Portrait-Michael Zumstein-2014' height=\"1596\" width=\"1596\"  itemprop=\"thumbnailUrl\" srcset=\"https:\/\/agencevu.com\/wp-content\/uploads\/2019\/12\/Portrait-Michael-Zumstein-2014.jpg 1596w, https:\/\/agencevu.com\/wp-content\/uploads\/2019\/12\/Portrait-Michael-Zumstein-2014-80x80.jpg 80w, https:\/\/agencevu.com\/wp-content\/uploads\/2019\/12\/Portrait-Michael-Zumstein-2014-300x300.jpg 300w, https:\/\/agencevu.com\/wp-content\/uploads\/2019\/12\/Portrait-Michael-Zumstein-2014-768x768.jpg 768w, https:\/\/agencevu.com\/wp-content\/uploads\/2019\/12\/Portrait-Michael-Zumstein-2014-1030x1030.jpg 1030w, https:\/\/agencevu.com\/wp-content\/uploads\/2019\/12\/Portrait-Michael-Zumstein-2014-36x36.jpg 36w, https:\/\/agencevu.com\/wp-content\/uploads\/2019\/12\/Portrait-Michael-Zumstein-2014-180x180.jpg 180w, https:\/\/agencevu.com\/wp-content\/uploads\/2019\/12\/Portrait-Michael-Zumstein-2014-1500x1500.jpg 1500w, https:\/\/agencevu.com\/wp-content\/uploads\/2019\/12\/Portrait-Michael-Zumstein-2014-705x705.jpg 705w, https:\/\/agencevu.com\/wp-content\/uploads\/2019\/12\/Portrait-Michael-Zumstein-2014-120x120.jpg 120w, https:\/\/agencevu.com\/wp-content\/uploads\/2019\/12\/Portrait-Michael-Zumstein-2014-450x450.jpg 450w\" sizes=\"(max-width: 1596px) 100vw, 1596px\" \/><\/div><\/div><\/div><\/p><\/div><div class=\"flex_column av_two_fifth  av-break-at-tablet flex_column_div av-zero-column-padding   avia-builder-el-14  el_after_av_one_fifth  el_before_av_two_fifth  \" style='border-radius:0px; '><section class=\"av_textblock_section \"  itemscope=\"itemscope\" itemtype=\"https:\/\/schema.org\/CreativeWork\" ><div class='avia_textblock  '   itemprop=\"text\" ><p>Micha\u00ebl Zumstein, French-Swiss photographer and director, based in Paris (France)<\/p>\n<p>After graduating from the Ecole Sup\u00e9rieure de Photographie de Vevey, Micha\u00ebl Zumstein takes a plane off to a long initiatory journey through Africa. With more than 20 years of experience in reporting different types of groups, societies and populations, in Africa and in France, his work is in the tradition of investigative photojournalism, combining documentary realism and graphic writing to reveal interactions between individuals and show beyond the clich\u00e9.<\/p>\n<p>As a keen observer of Africa for the press, for NGOs or for his personal projects, he looks at &#8220;the ambiguous relations between Africa and the West&#8221;, at conflicts and political events, but also at daily life in the Democratic Republic of Congo, Nigeria, Ivory Coast, Sudan, Senegal, Mali, Niger, or Central African Republic.<\/p>\n<p>In 2014, he begins a large-scale project on the crisis in the Central African Republic &#8220;Of terror and tears&#8221; which will be exhibited at the Visa pour l&#8217;image Festival: &#8220;The reasons for the ordeal of the Central African Republic are complex and profound. Micha\u00ebl is interested in history in its entirety. Tries to understand it. To explain it. With discretion and humility, he is one of the most attentive witnesses of the Central African crisis. Through his photos, Micha\u00ebl Zumstein succeeds in restoring to us the state of this state that no longer exists.&#8221; (Cyril Bensimon, journalist).<\/p>\n<\/div><\/section><\/div><div class=\"flex_column av_two_fifth  av-break-at-tablet flex_column_div av-zero-column-padding   avia-builder-el-16  el_after_av_two_fifth  avia-builder-el-last  \" style='border-radius:0px; '><section class=\"av_textblock_section \"  itemscope=\"itemscope\" itemtype=\"https:\/\/schema.org\/CreativeWork\" ><div class='avia_textblock  '   itemprop=\"text\" ><p class=\"p1\"><span class=\"s1\">In fact, violence is indeed present in the images of Micha\u00ebl Zumstein but more evoked than shown frontally: &#8220;Ultra-violence sometimes diverts the vision of the whole and removes the narrative side of the story that is given to see&#8221; he says.<\/span><\/p>\n<p class=\"p1\"><span class=\"s1\">Faced with the importance, diversity and complexity of the subjects he documents, he multiplies his travels, investigations, but also the mediums to become the most accurate witness of the situations he is confronted with: in 2013, he started the project &#8220;Good Friends&#8221; which mixes photos and videos to address the difficult reconciliation that must be carried out by the different Ivorian camps; in 2019 he actively participated in Boris Lojkine&#8217;s feature film &#8220;Camille&#8221;; in 2020 he obtained the first Canon grant for the video documentary short film that will allow him to realize his project on the organization of Miss Central Africa in a country affected by outbreaks of violence.<\/span><\/p>\n<p class=\"p1\"><span class=\"s1\">Regularly published in the French and international press, Micha\u00ebl Zumsteim is the winner of 2 Swiss Press Awards: the 3rd Swiss Press Photo Award abroad in 2014 for &#8220;Chaos in Central Africa&#8221; and in 2019 the 1st Swiss Press Photo Award abroad, for &#8220;Life after Boko Haram&#8221;. <\/span><\/p>\n<\/div><\/section><\/div>\n\n<\/div><\/div><\/div><!-- close content main div --><\/div><\/div><div id='series'  class='avia-section main_color avia-section-small avia-no-border-styling  avia-bg-style-scroll  avia-builder-el-18  el_after_av_section  el_before_av_section   container_wrap fullsize' style=' '  ><div class='container' ><div class='template-page content  av-content-full alpha units'><div class='post-entry post-entry-type-page post-entry-133692'><div class='entry-content-wrapper clearfix'>\n<section class=\"av_textblock_section \"  itemscope=\"itemscope\" itemtype=\"https:\/\/schema.org\/CreativeWork\" ><div class='avia_textblock  '  style='font-size:20px; '  itemprop=\"text\" ><p id=\"series\" style=\"color: #707070; letter-spacing: 1.5px; text-transform: uppercase;\">Series<\/p>\n<hr class=\"hr-titre-page\">\n<\/div><\/section>\n<div  data-autoplay=''  data-interval='5'  data-animation='fade'  data-show_slide_delay='90'  class='avia-content-slider avia-content-grid-active avia-content-slider1 avia-content-slider-odd  avia-builder-el-20  el_after_av_textblock  el_before_av_blog   av-medium-hide av-small-hide av-mini-hide'  itemscope=\"itemscope\" itemtype=\"https:\/\/schema.org\/Blog\" ><div class='avia-content-slider-inner'><div class='slide-entry-wrap'><article class='slide-entry flex_column  post-entry post-entry-44838 slide-entry-overview slide-loop-1 slide-parity-odd  av_one_third first real-thumbnail'  itemscope=\"itemscope\" itemtype=\"https:\/\/schema.org\/CreativeWork\" ><a href='https:\/\/agencevu.com\/en\/serie\/aka-zidane-2019\/' data-rel='slide-1' class='slide-image' title=''><img width=\"389\" height=\"290\" src=\"https:\/\/agencevu.com\/wp-content\/uploads\/2019\/12\/00_Aka_Zidane_Zumstein.jpg\" class=\"wp-image-44521 avia-img-lazy-loading-44521 attachment-portfolio size-portfolio wp-post-image\" alt=\"\" loading=\"lazy\" srcset=\"https:\/\/agencevu.com\/wp-content\/uploads\/2019\/12\/00_Aka_Zidane_Zumstein.jpg 389w, https:\/\/agencevu.com\/wp-content\/uploads\/2019\/12\/00_Aka_Zidane_Zumstein-80x60.jpg 80w, https:\/\/agencevu.com\/wp-content\/uploads\/2019\/12\/00_Aka_Zidane_Zumstein-300x224.jpg 300w\" sizes=\"(max-width: 389px) 100vw, 389px\" \/><\/a><div class='slide-content'><header class=\"entry-content-header\"><span class=\"blog-categories minor-meta\"> <a href=\"https:\/\/agencevu.com\/en\/photographer\/michael-zumstein\/\" rel=\"tag\">Micha\u00ebl Zumstein<\/a> <a href=\"https:\/\/agencevu.com\/en\/section_taxonomy\/series\/\" rel=\"tag\">s\u00e9ries<\/a> <\/span><h3 class='slide-entry-title entry-title'  itemprop=\"headline\" ><a href='https:\/\/agencevu.com\/en\/serie\/aka-zidane-2019\/' title='AKA ZIDANE, 2019'>AKA ZIDANE, 2019<\/a><\/h3><span class=\"av-vertical-delimiter\"><\/span><\/header><div class='slide-entry-excerpt entry-content'  itemprop=\"text\" ><span class=\"tag-extrait\">Serie | <\/span> A crowd of anonymous people wearing the names of the world's greatest soccer stars on their tshirts. Facing poverty, violence, exile but also some sweet moments of the daily life, the contrast is striking...<\/div><\/div><footer class=\"entry-footer\"><div class='slide-meta'><time class='slide-meta-time updated'  itemprop=\"datePublished\" datetime=\"2019-11-09T15:00:44+01:00\" >9 November 2019<\/time><\/div><\/footer><span class='hidden'>\n\t\t\t\t<span class='av-structured-data'  itemprop=\"image\" itemscope=\"itemscope\" itemtype=\"https:\/\/schema.org\/ImageObject\" >\n\t\t\t\t\t\t<span itemprop='url'>https:\/\/agencevu.com\/wp-content\/uploads\/2019\/12\/00_Aka_Zidane_Zumstein.jpg<\/span>\n\t\t\t\t\t\t<span itemprop='height'>290<\/span>\n\t\t\t\t\t\t<span itemprop='width'>389<\/span>\n\t\t\t\t<\/span>\n\t\t\t\t<span class='av-structured-data'  itemprop=\"publisher\" itemtype=\"https:\/\/schema.org\/Organization\" itemscope=\"itemscope\" >\n\t\t\t\t\t\t<span itemprop='name'>Fanny Demichelis<\/span>\n\t\t\t\t\t\t<span itemprop='logo' itemscope itemtype='https:\/\/schema.org\/ImageObject'>\n\t\t\t\t\t\t\t<span itemprop='url'>\/wp-content\/uploads\/2021\/05\/logo-vert-2.svg<\/span>\n\t\t\t\t\t\t <\/span>\n\t\t\t\t<\/span><span class='av-structured-data'  itemprop=\"author\" itemscope=\"itemscope\" itemtype=\"https:\/\/schema.org\/Person\" ><span itemprop='name'>Fanny Demichelis<\/span><\/span><span class='av-structured-data'  itemprop=\"datePublished\" datetime=\"2011-01-06T12:37:21+01:00\" >2019-11-09 15:00:44<\/span><span class='av-structured-data'  itemprop=\"dateModified\" itemtype=\"https:\/\/schema.org\/dateModified\" >2021-05-31 11:06:05<\/span><span class='av-structured-data'  itemprop=\"mainEntityOfPage\" itemtype=\"https:\/\/schema.org\/mainEntityOfPage\" ><span itemprop='name'>AKA ZIDANE, 2019<\/span><\/span><\/span><\/article><article class='slide-entry flex_column  post-entry post-entry-44839 slide-entry-overview slide-loop-2 slide-parity-even  av_one_third  real-thumbnail'  itemscope=\"itemscope\" itemtype=\"https:\/\/schema.org\/CreativeWork\" ><a href='https:\/\/agencevu.com\/en\/serie\/on-the-movie-set-of-camille-central-african-republic-2019\/' data-rel='slide-1' class='slide-image' title=''><img width=\"436\" height=\"290\" src=\"https:\/\/agencevu.com\/wp-content\/uploads\/2019\/12\/00_ZUM23072-2018CL50-copie.jpg\" class=\"wp-image-44447 avia-img-lazy-loading-44447 attachment-portfolio size-portfolio wp-post-image\" alt=\"\" loading=\"lazy\" srcset=\"https:\/\/agencevu.com\/wp-content\/uploads\/2019\/12\/00_ZUM23072-2018CL50-copie.jpg 436w, https:\/\/agencevu.com\/wp-content\/uploads\/2019\/12\/00_ZUM23072-2018CL50-copie-80x53.jpg 80w, https:\/\/agencevu.com\/wp-content\/uploads\/2019\/12\/00_ZUM23072-2018CL50-copie-300x200.jpg 300w\" sizes=\"(max-width: 436px) 100vw, 436px\" \/><\/a><div class='slide-content'><header class=\"entry-content-header\"><span class=\"blog-categories minor-meta\"> <a href=\"https:\/\/agencevu.com\/en\/photographer\/michael-zumstein\/\" rel=\"tag\">Micha\u00ebl Zumstein<\/a> <a href=\"https:\/\/agencevu.com\/en\/section_taxonomy\/series\/\" rel=\"tag\">s\u00e9ries<\/a> <\/span><h3 class='slide-entry-title entry-title'  itemprop=\"headline\" ><a href='https:\/\/agencevu.com\/en\/serie\/on-the-movie-set-of-camille-central-african-republic-2019\/' title='On the movie set of Camille, Central African Republic, 2019'>On the movie set of Camille, Central African Republic, 2019<\/a><\/h3><span class=\"av-vertical-delimiter\"><\/span><\/header><div class='slide-entry-excerpt entry-content'  itemprop=\"text\" ><span class=\"tag-extrait\">Serie | <\/span> In 2014, Camille Lepage, a French photojournalist based in Bangui, lost her life in unsolved circumstances while covering the conflict between Selekas and anti-Balaka militias in the Central African countryside. <\/div><\/div><footer class=\"entry-footer\"><div class='slide-meta'><time class='slide-meta-time updated'  itemprop=\"datePublished\" datetime=\"2019-08-09T14:54:12+02:00\" >9 August 2019<\/time><\/div><\/footer><span class='hidden'>\n\t\t\t\t<span class='av-structured-data'  itemprop=\"image\" itemscope=\"itemscope\" itemtype=\"https:\/\/schema.org\/ImageObject\" >\n\t\t\t\t\t\t<span itemprop='url'>https:\/\/agencevu.com\/wp-content\/uploads\/2019\/12\/00_ZUM23072-2018CL50-copie.jpg<\/span>\n\t\t\t\t\t\t<span itemprop='height'>290<\/span>\n\t\t\t\t\t\t<span itemprop='width'>436<\/span>\n\t\t\t\t<\/span>\n\t\t\t\t<span class='av-structured-data'  itemprop=\"publisher\" itemtype=\"https:\/\/schema.org\/Organization\" itemscope=\"itemscope\" >\n\t\t\t\t\t\t<span itemprop='name'>Fanny Demichelis<\/span>\n\t\t\t\t\t\t<span itemprop='logo' itemscope itemtype='https:\/\/schema.org\/ImageObject'>\n\t\t\t\t\t\t\t<span itemprop='url'>\/wp-content\/uploads\/2021\/05\/logo-vert-2.svg<\/span>\n\t\t\t\t\t\t <\/span>\n\t\t\t\t<\/span><span class='av-structured-data'  itemprop=\"author\" itemscope=\"itemscope\" itemtype=\"https:\/\/schema.org\/Person\" ><span itemprop='name'>Fanny Demichelis<\/span><\/span><span class='av-structured-data'  itemprop=\"datePublished\" datetime=\"2011-01-06T12:37:21+01:00\" >2019-08-09 14:54:12<\/span><span class='av-structured-data'  itemprop=\"dateModified\" itemtype=\"https:\/\/schema.org\/dateModified\" >2021-05-31 11:37:56<\/span><span class='av-structured-data'  itemprop=\"mainEntityOfPage\" itemtype=\"https:\/\/schema.org\/mainEntityOfPage\" ><span itemprop='name'>On the movie set of Camille, Central African Republic, 2019<\/span><\/span><\/span><\/article><article class='slide-entry flex_column  post-entry post-entry-44840 slide-entry-overview slide-loop-3 slide-parity-odd  av_one_third  real-thumbnail'  itemscope=\"itemscope\" itemtype=\"https:\/\/schema.org\/CreativeWork\" ><a href='https:\/\/agencevu.com\/en\/serie\/those-who-leaves-2016\/' data-rel='slide-1' class='slide-image' title=''><img width=\"435\" height=\"290\" src=\"https:\/\/agencevu.com\/wp-content\/uploads\/2019\/12\/00_ZUM21944-2016CL01.jpg\" class=\"wp-image-44397 avia-img-lazy-loading-44397 attachment-portfolio size-portfolio wp-post-image\" alt=\"\" loading=\"lazy\" srcset=\"https:\/\/agencevu.com\/wp-content\/uploads\/2019\/12\/00_ZUM21944-2016CL01.jpg 435w, https:\/\/agencevu.com\/wp-content\/uploads\/2019\/12\/00_ZUM21944-2016CL01-80x53.jpg 80w, https:\/\/agencevu.com\/wp-content\/uploads\/2019\/12\/00_ZUM21944-2016CL01-300x200.jpg 300w\" sizes=\"(max-width: 435px) 100vw, 435px\" \/><\/a><div class='slide-content'><header class=\"entry-content-header\"><span class=\"blog-categories minor-meta\"> <a href=\"https:\/\/agencevu.com\/en\/photographer\/michael-zumstein\/\" rel=\"tag\">Micha\u00ebl Zumstein<\/a> <a href=\"https:\/\/agencevu.com\/en\/section_taxonomy\/series\/\" rel=\"tag\">s\u00e9ries<\/a> <\/span><h3 class='slide-entry-title entry-title'  itemprop=\"headline\" ><a href='https:\/\/agencevu.com\/en\/serie\/those-who-leaves-2016\/' title='Those who leaves, 2016'>Those who leaves, 2016<\/a><\/h3><span class=\"av-vertical-delimiter\"><\/span><\/header><div class='slide-entry-excerpt entry-content'  itemprop=\"text\" ><span class=\"tag-extrait\">Serie | <\/span> With eight children by woman, Nigeria has the world's highest natality birthrate and is the 6th poorest country in the world.<\/div><\/div><footer class=\"entry-footer\"><div class='slide-meta'><time class='slide-meta-time updated'  itemprop=\"datePublished\" datetime=\"2016-06-09T14:51:21+02:00\" >9 June 2016<\/time><\/div><\/footer><span class='hidden'>\n\t\t\t\t<span class='av-structured-data'  itemprop=\"image\" itemscope=\"itemscope\" itemtype=\"https:\/\/schema.org\/ImageObject\" >\n\t\t\t\t\t\t<span itemprop='url'>https:\/\/agencevu.com\/wp-content\/uploads\/2019\/12\/00_ZUM21944-2016CL01.jpg<\/span>\n\t\t\t\t\t\t<span itemprop='height'>290<\/span>\n\t\t\t\t\t\t<span itemprop='width'>435<\/span>\n\t\t\t\t<\/span>\n\t\t\t\t<span class='av-structured-data'  itemprop=\"publisher\" itemtype=\"https:\/\/schema.org\/Organization\" itemscope=\"itemscope\" >\n\t\t\t\t\t\t<span itemprop='name'>Fanny Demichelis<\/span>\n\t\t\t\t\t\t<span itemprop='logo' itemscope itemtype='https:\/\/schema.org\/ImageObject'>\n\t\t\t\t\t\t\t<span itemprop='url'>\/wp-content\/uploads\/2021\/05\/logo-vert-2.svg<\/span>\n\t\t\t\t\t\t <\/span>\n\t\t\t\t<\/span><span class='av-structured-data'  itemprop=\"author\" itemscope=\"itemscope\" itemtype=\"https:\/\/schema.org\/Person\" ><span itemprop='name'>Fanny Demichelis<\/span><\/span><span class='av-structured-data'  itemprop=\"datePublished\" datetime=\"2011-01-06T12:37:21+01:00\" >2016-06-09 14:51:21<\/span><span class='av-structured-data'  itemprop=\"dateModified\" itemtype=\"https:\/\/schema.org\/dateModified\" >2021-05-31 11:38:18<\/span><span class='av-structured-data'  itemprop=\"mainEntityOfPage\" itemtype=\"https:\/\/schema.org\/mainEntityOfPage\" ><span itemprop='name'>Those who leaves, 2016<\/span><\/span><\/span><\/article><\/div><div class='slide-entry-wrap'><article class='slide-entry flex_column  post-entry post-entry-44841 slide-entry-overview slide-loop-4 slide-parity-odd  av_one_third first real-thumbnail'  itemscope=\"itemscope\" itemtype=\"https:\/\/schema.org\/CreativeWork\" ><a href='https:\/\/agencevu.com\/en\/serie\/on-the-road-of-sub-saharan-migrants-2016\/' data-rel='slide-1' class='slide-image' title=''><img width=\"435\" height=\"290\" src=\"https:\/\/agencevu.com\/wp-content\/uploads\/2019\/12\/00_33_ZUM21636-2015CL19.jpg\" class=\"wp-image-44349 avia-img-lazy-loading-44349 attachment-portfolio size-portfolio wp-post-image\" alt=\"\" loading=\"lazy\" srcset=\"https:\/\/agencevu.com\/wp-content\/uploads\/2019\/12\/00_33_ZUM21636-2015CL19.jpg 435w, https:\/\/agencevu.com\/wp-content\/uploads\/2019\/12\/00_33_ZUM21636-2015CL19-80x53.jpg 80w, https:\/\/agencevu.com\/wp-content\/uploads\/2019\/12\/00_33_ZUM21636-2015CL19-300x200.jpg 300w\" sizes=\"(max-width: 435px) 100vw, 435px\" \/><\/a><div class='slide-content'><header class=\"entry-content-header\"><span class=\"blog-categories minor-meta\"> <a href=\"https:\/\/agencevu.com\/en\/photographer\/michael-zumstein\/\" rel=\"tag\">Micha\u00ebl Zumstein<\/a> <a href=\"https:\/\/agencevu.com\/en\/section_taxonomy\/series\/\" rel=\"tag\">s\u00e9ries<\/a> <\/span><h3 class='slide-entry-title entry-title'  itemprop=\"headline\" ><a href='https:\/\/agencevu.com\/en\/serie\/on-the-road-of-sub-saharan-migrants-2016\/' title='On the Road of Sub-Saharan Migrants, 2016'>On the Road of Sub-Saharan Migrants, 2016<\/a><\/h3><span class=\"av-vertical-delimiter\"><\/span><\/header><div class='slide-entry-excerpt entry-content'  itemprop=\"text\" ><span class=\"tag-extrait\">Serie | <\/span> Michael Zumstein followed the road taken by thousands of Sub-Saharan migrants as they leave their countries for a long and dangerous journey : from Banjul (Gambia) to the Libyan coast, including Agadez (Niger).<\/div><\/div><footer class=\"entry-footer\"><div class='slide-meta'><time class='slide-meta-time updated'  itemprop=\"datePublished\" datetime=\"2016-01-09T14:19:23+01:00\" >9 January 2016<\/time><\/div><\/footer><span class='hidden'>\n\t\t\t\t<span class='av-structured-data'  itemprop=\"image\" itemscope=\"itemscope\" itemtype=\"https:\/\/schema.org\/ImageObject\" >\n\t\t\t\t\t\t<span itemprop='url'>https:\/\/agencevu.com\/wp-content\/uploads\/2019\/12\/00_33_ZUM21636-2015CL19.jpg<\/span>\n\t\t\t\t\t\t<span itemprop='height'>290<\/span>\n\t\t\t\t\t\t<span itemprop='width'>435<\/span>\n\t\t\t\t<\/span>\n\t\t\t\t<span class='av-structured-data'  itemprop=\"publisher\" itemtype=\"https:\/\/schema.org\/Organization\" itemscope=\"itemscope\" >\n\t\t\t\t\t\t<span itemprop='name'>Fanny Demichelis<\/span>\n\t\t\t\t\t\t<span itemprop='logo' itemscope itemtype='https:\/\/schema.org\/ImageObject'>\n\t\t\t\t\t\t\t<span itemprop='url'>\/wp-content\/uploads\/2021\/05\/logo-vert-2.svg<\/span>\n\t\t\t\t\t\t <\/span>\n\t\t\t\t<\/span><span class='av-structured-data'  itemprop=\"author\" itemscope=\"itemscope\" itemtype=\"https:\/\/schema.org\/Person\" ><span itemprop='name'>Fanny Demichelis<\/span><\/span><span class='av-structured-data'  itemprop=\"datePublished\" datetime=\"2011-01-06T12:37:21+01:00\" >2016-01-09 14:19:23<\/span><span class='av-structured-data'  itemprop=\"dateModified\" itemtype=\"https:\/\/schema.org\/dateModified\" >2021-05-31 11:34:41<\/span><span class='av-structured-data'  itemprop=\"mainEntityOfPage\" itemtype=\"https:\/\/schema.org\/mainEntityOfPage\" ><span itemprop='name'>On the Road of Sub-Saharan Migrants, 2016<\/span><\/span><\/span><\/article><article class='slide-entry flex_column  post-entry post-entry-160529 slide-entry-overview slide-loop-5 slide-parity-even  av_one_third  real-thumbnail'  itemscope=\"itemscope\" itemtype=\"https:\/\/schema.org\/CreativeWork\" ><a href='https:\/\/agencevu.com\/en\/serie\/bamako-the-downloaders-2015\/' data-rel='slide-1' class='slide-image' title=''><img width=\"435\" height=\"290\" src=\"https:\/\/agencevu.com\/wp-content\/uploads\/2019\/12\/00_ZUM21543-2015CL03.jpg\" class=\"wp-image-44249 avia-img-lazy-loading-44249 attachment-portfolio size-portfolio wp-post-image\" alt=\"\" loading=\"lazy\" srcset=\"https:\/\/agencevu.com\/wp-content\/uploads\/2019\/12\/00_ZUM21543-2015CL03.jpg 435w, https:\/\/agencevu.com\/wp-content\/uploads\/2019\/12\/00_ZUM21543-2015CL03-80x53.jpg 80w, https:\/\/agencevu.com\/wp-content\/uploads\/2019\/12\/00_ZUM21543-2015CL03-300x200.jpg 300w\" sizes=\"(max-width: 435px) 100vw, 435px\" \/><\/a><div class='slide-content'><header class=\"entry-content-header\"><span class=\"blog-categories minor-meta\"> <a href=\"https:\/\/agencevu.com\/en\/photographer\/michael-zumstein\/\" rel=\"tag\">Micha\u00ebl Zumstein<\/a> <a href=\"https:\/\/agencevu.com\/en\/section_taxonomy\/series\/\" rel=\"tag\">s\u00e9ries<\/a> <\/span><h3 class='slide-entry-title entry-title'  itemprop=\"headline\" ><a href='https:\/\/agencevu.com\/en\/serie\/bamako-the-downloaders-2015\/' title='Bamako, The Downloaders, 2015'>Bamako, The Downloaders, 2015<\/a><\/h3><span class=\"av-vertical-delimiter\"><\/span><\/header><div class='slide-entry-excerpt entry-content'  itemprop=\"text\" ><span class=\"tag-extrait\">Serie | <\/span> Since two decades, cellphone has created a little revolution in Mali, overcoming the lack of landlines. Its capital, Bamako, has seen come into being new sellers who download popular music as much as diversified.<\/div><\/div><footer class=\"entry-footer\"><div class='slide-meta'><time class='slide-meta-time updated'  itemprop=\"datePublished\" datetime=\"2015-05-31T11:44:23+02:00\" >31 May 2015<\/time><\/div><\/footer><span class='hidden'>\n\t\t\t\t<span class='av-structured-data'  itemprop=\"image\" itemscope=\"itemscope\" itemtype=\"https:\/\/schema.org\/ImageObject\" >\n\t\t\t\t\t\t<span itemprop='url'>https:\/\/agencevu.com\/wp-content\/uploads\/2019\/12\/00_ZUM21543-2015CL03.jpg<\/span>\n\t\t\t\t\t\t<span itemprop='height'>290<\/span>\n\t\t\t\t\t\t<span itemprop='width'>435<\/span>\n\t\t\t\t<\/span>\n\t\t\t\t<span class='av-structured-data'  itemprop=\"publisher\" itemtype=\"https:\/\/schema.org\/Organization\" itemscope=\"itemscope\" >\n\t\t\t\t\t\t<span itemprop='name'>Editorial<\/span>\n\t\t\t\t\t\t<span itemprop='logo' itemscope itemtype='https:\/\/schema.org\/ImageObject'>\n\t\t\t\t\t\t\t<span itemprop='url'>\/wp-content\/uploads\/2021\/05\/logo-vert-2.svg<\/span>\n\t\t\t\t\t\t <\/span>\n\t\t\t\t<\/span><span class='av-structured-data'  itemprop=\"author\" itemscope=\"itemscope\" itemtype=\"https:\/\/schema.org\/Person\" ><span itemprop='name'>Editorial<\/span><\/span><span class='av-structured-data'  itemprop=\"datePublished\" datetime=\"2011-01-06T12:37:21+01:00\" >2015-05-31 11:44:23<\/span><span class='av-structured-data'  itemprop=\"dateModified\" itemtype=\"https:\/\/schema.org\/dateModified\" >2021-05-31 11:46:50<\/span><span class='av-structured-data'  itemprop=\"mainEntityOfPage\" itemtype=\"https:\/\/schema.org\/mainEntityOfPage\" ><span itemprop='name'>Bamako, The Downloaders, 2015<\/span><\/span><\/span><\/article><article class='slide-entry flex_column  post-entry post-entry-44842 slide-entry-overview slide-loop-6 slide-parity-odd  av_one_third  real-thumbnail'  itemscope=\"itemscope\" itemtype=\"https:\/\/schema.org\/CreativeWork\" ><a href='https:\/\/agencevu.com\/en\/serie\/trafficking-bolabola-rosewood-2015\/' data-rel='slide-1' class='slide-image' title=''><img width=\"435\" height=\"290\" src=\"https:\/\/agencevu.com\/wp-content\/uploads\/2019\/12\/00_ZUM21114-2014CL11.jpg\" class=\"wp-image-44134 avia-img-lazy-loading-44134 attachment-portfolio size-portfolio wp-post-image\" alt=\"\" loading=\"lazy\" srcset=\"https:\/\/agencevu.com\/wp-content\/uploads\/2019\/12\/00_ZUM21114-2014CL11.jpg 435w, https:\/\/agencevu.com\/wp-content\/uploads\/2019\/12\/00_ZUM21114-2014CL11-80x53.jpg 80w, https:\/\/agencevu.com\/wp-content\/uploads\/2019\/12\/00_ZUM21114-2014CL11-300x200.jpg 300w\" sizes=\"(max-width: 435px) 100vw, 435px\" \/><\/a><div class='slide-content'><header class=\"entry-content-header\"><span class=\"blog-categories minor-meta\"> <a href=\"https:\/\/agencevu.com\/en\/photographer\/michael-zumstein\/\" rel=\"tag\">Micha\u00ebl Zumstein<\/a> <a href=\"https:\/\/agencevu.com\/en\/section_taxonomy\/series\/\" rel=\"tag\">s\u00e9ries<\/a> <\/span><h3 class='slide-entry-title entry-title'  itemprop=\"headline\" ><a href='https:\/\/agencevu.com\/en\/serie\/trafficking-bolabola-rosewood-2015\/' title='Trafficking Bolabola Rosewood, 2015'>Trafficking Bolabola Rosewood, 2015<\/a><\/h3><span class=\"av-vertical-delimiter\"><\/span><\/header><div class='slide-entry-excerpt entry-content'  itemprop=\"text\" ><span class=\"tag-extrait\">Serie | <\/span> Rosewood is one of the most sought-after resources, and is trafficked as \"forest ivory\". <\/div><\/div><footer class=\"entry-footer\"><div class='slide-meta'><time class='slide-meta-time updated'  itemprop=\"datePublished\" datetime=\"2015-02-09T10:58:31+01:00\" >9 February 2015<\/time><\/div><\/footer><span class='hidden'>\n\t\t\t\t<span class='av-structured-data'  itemprop=\"image\" itemscope=\"itemscope\" itemtype=\"https:\/\/schema.org\/ImageObject\" >\n\t\t\t\t\t\t<span itemprop='url'>https:\/\/agencevu.com\/wp-content\/uploads\/2019\/12\/00_ZUM21114-2014CL11.jpg<\/span>\n\t\t\t\t\t\t<span itemprop='height'>290<\/span>\n\t\t\t\t\t\t<span itemprop='width'>435<\/span>\n\t\t\t\t<\/span>\n\t\t\t\t<span class='av-structured-data'  itemprop=\"publisher\" itemtype=\"https:\/\/schema.org\/Organization\" itemscope=\"itemscope\" >\n\t\t\t\t\t\t<span itemprop='name'>Fanny Demichelis<\/span>\n\t\t\t\t\t\t<span itemprop='logo' itemscope itemtype='https:\/\/schema.org\/ImageObject'>\n\t\t\t\t\t\t\t<span itemprop='url'>\/wp-content\/uploads\/2021\/05\/logo-vert-2.svg<\/span>\n\t\t\t\t\t\t <\/span>\n\t\t\t\t<\/span><span class='av-structured-data'  itemprop=\"author\" itemscope=\"itemscope\" itemtype=\"https:\/\/schema.org\/Person\" ><span itemprop='name'>Fanny Demichelis<\/span><\/span><span class='av-structured-data'  itemprop=\"datePublished\" datetime=\"2011-01-06T12:37:21+01:00\" >2015-02-09 10:58:31<\/span><span class='av-structured-data'  itemprop=\"dateModified\" itemtype=\"https:\/\/schema.org\/dateModified\" >2021-05-31 11:59:39<\/span><span class='av-structured-data'  itemprop=\"mainEntityOfPage\" itemtype=\"https:\/\/schema.org\/mainEntityOfPage\" ><span itemprop='name'>Trafficking Bolabola Rosewood, 2015<\/span><\/span><\/span><\/article><\/div><div class='slide-entry-wrap'><article class='slide-entry flex_column  post-entry post-entry-160565 slide-entry-overview slide-loop-7 slide-parity-odd  av_one_third first real-thumbnail'  itemscope=\"itemscope\" itemtype=\"https:\/\/schema.org\/CreativeWork\" ><a href='https:\/\/agencevu.com\/en\/serie\/central-african-republic-the-wages-of-fear-2014\/' data-rel='slide-1' class='slide-image' title=''><img width=\"435\" height=\"290\" src=\"https:\/\/agencevu.com\/wp-content\/uploads\/2019\/12\/00_ZUM21351-2014CL35.jpg\" class=\"wp-image-44002 avia-img-lazy-loading-44002 attachment-portfolio size-portfolio wp-post-image\" alt=\"\" loading=\"lazy\" srcset=\"https:\/\/agencevu.com\/wp-content\/uploads\/2019\/12\/00_ZUM21351-2014CL35.jpg 435w, https:\/\/agencevu.com\/wp-content\/uploads\/2019\/12\/00_ZUM21351-2014CL35-80x53.jpg 80w, https:\/\/agencevu.com\/wp-content\/uploads\/2019\/12\/00_ZUM21351-2014CL35-300x200.jpg 300w\" sizes=\"(max-width: 435px) 100vw, 435px\" \/><\/a><div class='slide-content'><header class=\"entry-content-header\"><span class=\"blog-categories minor-meta\"> <a href=\"https:\/\/agencevu.com\/en\/photographer\/michael-zumstein\/\" rel=\"tag\">Micha\u00ebl Zumstein<\/a> <a href=\"https:\/\/agencevu.com\/en\/section_taxonomy\/series\/\" rel=\"tag\">s\u00e9ries<\/a> <\/span><h3 class='slide-entry-title entry-title'  itemprop=\"headline\" ><a href='https:\/\/agencevu.com\/en\/serie\/central-african-republic-the-wages-of-fear-2014\/' title='Central African Republic, The Wages of Fear, 2014'>Central African Republic, The Wages of Fear, 2014<\/a><\/h3><span class=\"av-vertical-delimiter\"><\/span><\/header><div class='slide-entry-excerpt entry-content'  itemprop=\"text\" ><span class=\"tag-extrait\">Serie | <\/span> In Central African Republic, torn appart by the conflict beetween Christians and Muslims, diamonds production decreased sightly. Dispite the dissolution of the Seleka, a muslim coalition opposed to the former president Fran\u00e7ois Boziz\u00e9, mining still fuels the conflict. <\/div><\/div><footer class=\"entry-footer\"><div class='slide-meta'><time class='slide-meta-time updated'  itemprop=\"datePublished\" datetime=\"2014-10-31T12:17:15+01:00\" >31 October 2014<\/time><\/div><\/footer><span class='hidden'>\n\t\t\t\t<span class='av-structured-data'  itemprop=\"image\" itemscope=\"itemscope\" itemtype=\"https:\/\/schema.org\/ImageObject\" >\n\t\t\t\t\t\t<span itemprop='url'>https:\/\/agencevu.com\/wp-content\/uploads\/2019\/12\/00_ZUM21351-2014CL35.jpg<\/span>\n\t\t\t\t\t\t<span itemprop='height'>290<\/span>\n\t\t\t\t\t\t<span itemprop='width'>435<\/span>\n\t\t\t\t<\/span>\n\t\t\t\t<span class='av-structured-data'  itemprop=\"publisher\" itemtype=\"https:\/\/schema.org\/Organization\" itemscope=\"itemscope\" >\n\t\t\t\t\t\t<span itemprop='name'>Editorial<\/span>\n\t\t\t\t\t\t<span itemprop='logo' itemscope itemtype='https:\/\/schema.org\/ImageObject'>\n\t\t\t\t\t\t\t<span itemprop='url'>\/wp-content\/uploads\/2021\/05\/logo-vert-2.svg<\/span>\n\t\t\t\t\t\t <\/span>\n\t\t\t\t<\/span><span class='av-structured-data'  itemprop=\"author\" itemscope=\"itemscope\" itemtype=\"https:\/\/schema.org\/Person\" ><span itemprop='name'>Editorial<\/span><\/span><span class='av-structured-data'  itemprop=\"datePublished\" datetime=\"2011-01-06T12:37:21+01:00\" >2014-10-31 12:17:15<\/span><span class='av-structured-data'  itemprop=\"dateModified\" itemtype=\"https:\/\/schema.org\/dateModified\" >2021-05-31 12:21:02<\/span><span class='av-structured-data'  itemprop=\"mainEntityOfPage\" itemtype=\"https:\/\/schema.org\/mainEntityOfPage\" ><span itemprop='name'>Central African Republic, The Wages of Fear, 2014<\/span><\/span><\/span><\/article><article class='slide-entry flex_column  post-entry post-entry-44844 slide-entry-overview slide-loop-8 slide-parity-even  av_one_third  real-thumbnail'  itemscope=\"itemscope\" itemtype=\"https:\/\/schema.org\/CreativeWork\" ><a href='https:\/\/agencevu.com\/en\/serie\/crisis-in-central-african-republic-2014\/' data-rel='slide-1' class='slide-image' title=''><img width=\"435\" height=\"290\" src=\"https:\/\/agencevu.com\/wp-content\/uploads\/2019\/12\/00_09_ZUM19931-2013CL160.jpg\" class=\"wp-image-44811 avia-img-lazy-loading-44811 attachment-portfolio size-portfolio wp-post-image\" alt=\"\" loading=\"lazy\" srcset=\"https:\/\/agencevu.com\/wp-content\/uploads\/2019\/12\/00_09_ZUM19931-2013CL160.jpg 435w, https:\/\/agencevu.com\/wp-content\/uploads\/2019\/12\/00_09_ZUM19931-2013CL160-80x53.jpg 80w, https:\/\/agencevu.com\/wp-content\/uploads\/2019\/12\/00_09_ZUM19931-2013CL160-300x200.jpg 300w\" sizes=\"(max-width: 435px) 100vw, 435px\" \/><\/a><div class='slide-content'><header class=\"entry-content-header\"><span class=\"blog-categories minor-meta\"> <a href=\"https:\/\/agencevu.com\/en\/photographer\/michael-zumstein\/\" rel=\"tag\">Micha\u00ebl Zumstein<\/a> <a href=\"https:\/\/agencevu.com\/en\/section_taxonomy\/series\/\" rel=\"tag\">s\u00e9ries<\/a> <\/span><h3 class='slide-entry-title entry-title'  itemprop=\"headline\" ><a href='https:\/\/agencevu.com\/en\/serie\/crisis-in-central-african-republic-2014\/' title='Crisis in Central African Republic, 2014'>Crisis in Central African Republic, 2014<\/a><\/h3><span class=\"av-vertical-delimiter\"><\/span><\/header><div class='slide-entry-excerpt entry-content'  itemprop=\"text\" ><span class=\"tag-extrait\">Serie | <\/span> In 2013, the Central African Republic found itself plunged into an unprecedented spiral of deadly violence since the overthrow of President Fran\u00e7ois Boziz\u00e9's regime by the Sel\u00e9ka rebels, a coalition from the northeast of the country. <\/div><\/div><footer class=\"entry-footer\"><div class='slide-meta'><time class='slide-meta-time updated'  itemprop=\"datePublished\" datetime=\"2014-04-09T10:31:56+02:00\" >9 April 2014<\/time><\/div><\/footer><span class='hidden'>\n\t\t\t\t<span class='av-structured-data'  itemprop=\"image\" itemscope=\"itemscope\" itemtype=\"https:\/\/schema.org\/ImageObject\" >\n\t\t\t\t\t\t<span itemprop='url'>https:\/\/agencevu.com\/wp-content\/uploads\/2019\/12\/00_09_ZUM19931-2013CL160.jpg<\/span>\n\t\t\t\t\t\t<span itemprop='height'>290<\/span>\n\t\t\t\t\t\t<span itemprop='width'>435<\/span>\n\t\t\t\t<\/span>\n\t\t\t\t<span class='av-structured-data'  itemprop=\"publisher\" itemtype=\"https:\/\/schema.org\/Organization\" itemscope=\"itemscope\" >\n\t\t\t\t\t\t<span itemprop='name'>Fanny Demichelis<\/span>\n\t\t\t\t\t\t<span itemprop='logo' itemscope itemtype='https:\/\/schema.org\/ImageObject'>\n\t\t\t\t\t\t\t<span itemprop='url'>\/wp-content\/uploads\/2021\/05\/logo-vert-2.svg<\/span>\n\t\t\t\t\t\t <\/span>\n\t\t\t\t<\/span><span class='av-structured-data'  itemprop=\"author\" itemscope=\"itemscope\" itemtype=\"https:\/\/schema.org\/Person\" ><span itemprop='name'>Fanny Demichelis<\/span><\/span><span class='av-structured-data'  itemprop=\"datePublished\" datetime=\"2011-01-06T12:37:21+01:00\" >2014-04-09 10:31:56<\/span><span class='av-structured-data'  itemprop=\"dateModified\" itemtype=\"https:\/\/schema.org\/dateModified\" >2021-05-31 12:08:38<\/span><span class='av-structured-data'  itemprop=\"mainEntityOfPage\" itemtype=\"https:\/\/schema.org\/mainEntityOfPage\" ><span itemprop='name'>Crisis in Central African Republic, 2014<\/span><\/span><\/span><\/article><article class='slide-entry flex_column  post-entry post-entry-44846 slide-entry-overview slide-loop-9 slide-parity-odd  post-entry-last  av_one_third  real-thumbnail'  itemscope=\"itemscope\" itemtype=\"https:\/\/schema.org\/CreativeWork\" ><a href='https:\/\/agencevu.com\/en\/serie\/two-presidents-for-one-country-2011\/' data-rel='slide-1' class='slide-image' title=''><img width=\"436\" height=\"290\" src=\"https:\/\/agencevu.com\/wp-content\/uploads\/2019\/12\/00_ZUM17693-2011CL72.jpg\" class=\"wp-image-43353 avia-img-lazy-loading-43353 attachment-portfolio size-portfolio wp-post-image\" alt=\"\" loading=\"lazy\" srcset=\"https:\/\/agencevu.com\/wp-content\/uploads\/2019\/12\/00_ZUM17693-2011CL72.jpg 436w, https:\/\/agencevu.com\/wp-content\/uploads\/2019\/12\/00_ZUM17693-2011CL72-80x53.jpg 80w, https:\/\/agencevu.com\/wp-content\/uploads\/2019\/12\/00_ZUM17693-2011CL72-300x200.jpg 300w\" sizes=\"(max-width: 436px) 100vw, 436px\" \/><\/a><div class='slide-content'><header class=\"entry-content-header\"><span class=\"blog-categories minor-meta\"> <a href=\"https:\/\/agencevu.com\/en\/photographer\/michael-zumstein\/\" rel=\"tag\">Micha\u00ebl Zumstein<\/a> <a href=\"https:\/\/agencevu.com\/en\/section_taxonomy\/series\/\" rel=\"tag\">s\u00e9ries<\/a> <\/span><h3 class='slide-entry-title entry-title'  itemprop=\"headline\" ><a href='https:\/\/agencevu.com\/en\/serie\/two-presidents-for-one-country-2011\/' title='Two presidents for one country, 2011'>Two presidents for one country, 2011<\/a><\/h3><span class=\"av-vertical-delimiter\"><\/span><\/header><div class='slide-entry-excerpt entry-content'  itemprop=\"text\" ><span class=\"tag-extrait\">S\u00e9rie | <\/span> The 2010-2011 Ivorian crisis is a political crisis that emerged after the second round of the 2010 Ivorian presidential election, the first election whose outcome led to an electoral dispute following a suspicion of fraud.\r\n<\/div><\/div><footer class=\"entry-footer\"><div class='slide-meta'><time class='slide-meta-time updated'  itemprop=\"datePublished\" datetime=\"2011-01-06T12:37:21+01:00\" >6 January 2011<\/time><\/div><\/footer><span class='hidden'>\n\t\t\t\t<span class='av-structured-data'  itemprop=\"image\" itemscope=\"itemscope\" itemtype=\"https:\/\/schema.org\/ImageObject\" >\n\t\t\t\t\t\t<span itemprop='url'>https:\/\/agencevu.com\/wp-content\/uploads\/2019\/12\/00_ZUM17693-2011CL72.jpg<\/span>\n\t\t\t\t\t\t<span itemprop='height'>290<\/span>\n\t\t\t\t\t\t<span itemprop='width'>436<\/span>\n\t\t\t\t<\/span>\n\t\t\t\t<span class='av-structured-data'  itemprop=\"publisher\" itemtype=\"https:\/\/schema.org\/Organization\" itemscope=\"itemscope\" >\n\t\t\t\t\t\t<span itemprop='name'>Fanny Demichelis<\/span>\n\t\t\t\t\t\t<span itemprop='logo' itemscope itemtype='https:\/\/schema.org\/ImageObject'>\n\t\t\t\t\t\t\t<span itemprop='url'>\/wp-content\/uploads\/2021\/05\/logo-vert-2.svg<\/span>\n\t\t\t\t\t\t <\/span>\n\t\t\t\t<\/span><span class='av-structured-data'  itemprop=\"author\" itemscope=\"itemscope\" itemtype=\"https:\/\/schema.org\/Person\" ><span itemprop='name'>Fanny Demichelis<\/span><\/span><span class='av-structured-data'  itemprop=\"datePublished\" datetime=\"2011-01-06T12:37:21+01:00\" >2011-01-06 12:37:21<\/span><span class='av-structured-data'  itemprop=\"dateModified\" itemtype=\"https:\/\/schema.org\/dateModified\" >2021-05-31 16:38:31<\/span><span class='av-structured-data'  itemprop=\"mainEntityOfPage\" itemtype=\"https:\/\/schema.org\/mainEntityOfPage\" ><span itemprop='name'>Two presidents for one country, 2011<\/span><\/span><\/span><\/article><\/div><\/div><\/div>\n<div  data-autoplay=''  data-interval='5'  data-animation='fade'  data-show_slide_delay='90'  class='avia-content-slider avia-content-grid-active avia-content-slider2 avia-content-slider-even   av-desktop-hide av-mini-hide'  itemscope=\"itemscope\" itemtype=\"https:\/\/schema.org\/Blog\" ><div class='avia-content-slider-inner'><div class='slide-entry-wrap'><article class='slide-entry flex_column  post-entry post-entry-44838 slide-entry-overview slide-loop-1 slide-parity-odd  av_one_half first real-thumbnail'  itemscope=\"itemscope\" itemtype=\"https:\/\/schema.org\/CreativeWork\" ><a href='https:\/\/agencevu.com\/en\/serie\/aka-zidane-2019\/' data-rel='slide-2' class='slide-image' title=''><img width=\"389\" height=\"290\" src=\"https:\/\/agencevu.com\/wp-content\/uploads\/2019\/12\/00_Aka_Zidane_Zumstein.jpg\" class=\"wp-image-44521 avia-img-lazy-loading-44521 attachment-portfolio size-portfolio wp-post-image\" alt=\"\" loading=\"lazy\" srcset=\"https:\/\/agencevu.com\/wp-content\/uploads\/2019\/12\/00_Aka_Zidane_Zumstein.jpg 389w, https:\/\/agencevu.com\/wp-content\/uploads\/2019\/12\/00_Aka_Zidane_Zumstein-80x60.jpg 80w, https:\/\/agencevu.com\/wp-content\/uploads\/2019\/12\/00_Aka_Zidane_Zumstein-300x224.jpg 300w\" sizes=\"(max-width: 389px) 100vw, 389px\" \/><\/a><div class='slide-content'><header class=\"entry-content-header\"><span class=\"blog-categories minor-meta\"> <a href=\"https:\/\/agencevu.com\/en\/photographer\/michael-zumstein\/\" rel=\"tag\">Micha\u00ebl Zumstein<\/a> <a href=\"https:\/\/agencevu.com\/en\/section_taxonomy\/series\/\" rel=\"tag\">s\u00e9ries<\/a> <\/span><h3 class='slide-entry-title entry-title'  itemprop=\"headline\" ><a href='https:\/\/agencevu.com\/en\/serie\/aka-zidane-2019\/' title='AKA ZIDANE, 2019'>AKA ZIDANE, 2019<\/a><\/h3><span class=\"av-vertical-delimiter\"><\/span><\/header><div class='slide-entry-excerpt entry-content'  itemprop=\"text\" ><span class=\"tag-extrait\">Serie | <\/span> A crowd of anonymous people wearing the names of the world's greatest soccer stars on their tshirts. Facing poverty, violence, exile but also some sweet moments of the daily life, the contrast is striking...<\/div><\/div><footer class=\"entry-footer\"><div class='slide-meta'><time class='slide-meta-time updated'  itemprop=\"datePublished\" datetime=\"2019-11-09T15:00:44+01:00\" >9 November 2019<\/time><\/div><\/footer><span class='hidden'>\n\t\t\t\t<span class='av-structured-data'  itemprop=\"image\" itemscope=\"itemscope\" itemtype=\"https:\/\/schema.org\/ImageObject\" >\n\t\t\t\t\t\t<span itemprop='url'>https:\/\/agencevu.com\/wp-content\/uploads\/2019\/12\/00_Aka_Zidane_Zumstein.jpg<\/span>\n\t\t\t\t\t\t<span itemprop='height'>290<\/span>\n\t\t\t\t\t\t<span itemprop='width'>389<\/span>\n\t\t\t\t<\/span>\n\t\t\t\t<span class='av-structured-data'  itemprop=\"publisher\" itemtype=\"https:\/\/schema.org\/Organization\" itemscope=\"itemscope\" >\n\t\t\t\t\t\t<span itemprop='name'>Fanny Demichelis<\/span>\n\t\t\t\t\t\t<span itemprop='logo' itemscope itemtype='https:\/\/schema.org\/ImageObject'>\n\t\t\t\t\t\t\t<span itemprop='url'>\/wp-content\/uploads\/2021\/05\/logo-vert-2.svg<\/span>\n\t\t\t\t\t\t <\/span>\n\t\t\t\t<\/span><span class='av-structured-data'  itemprop=\"author\" itemscope=\"itemscope\" itemtype=\"https:\/\/schema.org\/Person\" ><span itemprop='name'>Fanny Demichelis<\/span><\/span><span class='av-structured-data'  itemprop=\"datePublished\" datetime=\"2011-01-06T12:37:21+01:00\" >2019-11-09 15:00:44<\/span><span class='av-structured-data'  itemprop=\"dateModified\" itemtype=\"https:\/\/schema.org\/dateModified\" >2021-05-31 11:06:05<\/span><span class='av-structured-data'  itemprop=\"mainEntityOfPage\" itemtype=\"https:\/\/schema.org\/mainEntityOfPage\" ><span itemprop='name'>AKA ZIDANE, 2019<\/span><\/span><\/span><\/article><article class='slide-entry flex_column  post-entry post-entry-44839 slide-entry-overview slide-loop-2 slide-parity-even  av_one_half  real-thumbnail'  itemscope=\"itemscope\" itemtype=\"https:\/\/schema.org\/CreativeWork\" ><a href='https:\/\/agencevu.com\/en\/serie\/on-the-movie-set-of-camille-central-african-republic-2019\/' data-rel='slide-2' class='slide-image' title=''><img width=\"436\" height=\"290\" src=\"https:\/\/agencevu.com\/wp-content\/uploads\/2019\/12\/00_ZUM23072-2018CL50-copie.jpg\" class=\"wp-image-44447 avia-img-lazy-loading-44447 attachment-portfolio size-portfolio wp-post-image\" alt=\"\" loading=\"lazy\" srcset=\"https:\/\/agencevu.com\/wp-content\/uploads\/2019\/12\/00_ZUM23072-2018CL50-copie.jpg 436w, https:\/\/agencevu.com\/wp-content\/uploads\/2019\/12\/00_ZUM23072-2018CL50-copie-80x53.jpg 80w, https:\/\/agencevu.com\/wp-content\/uploads\/2019\/12\/00_ZUM23072-2018CL50-copie-300x200.jpg 300w\" sizes=\"(max-width: 436px) 100vw, 436px\" \/><\/a><div class='slide-content'><header class=\"entry-content-header\"><span class=\"blog-categories minor-meta\"> <a href=\"https:\/\/agencevu.com\/en\/photographer\/michael-zumstein\/\" rel=\"tag\">Micha\u00ebl Zumstein<\/a> <a href=\"https:\/\/agencevu.com\/en\/section_taxonomy\/series\/\" rel=\"tag\">s\u00e9ries<\/a> <\/span><h3 class='slide-entry-title entry-title'  itemprop=\"headline\" ><a href='https:\/\/agencevu.com\/en\/serie\/on-the-movie-set-of-camille-central-african-republic-2019\/' title='On the movie set of Camille, Central African Republic, 2019'>On the movie set of Camille, Central African Republic, 2019<\/a><\/h3><span class=\"av-vertical-delimiter\"><\/span><\/header><div class='slide-entry-excerpt entry-content'  itemprop=\"text\" ><span class=\"tag-extrait\">Serie | <\/span> In 2014, Camille Lepage, a French photojournalist based in Bangui, lost her life in unsolved circumstances while covering the conflict between Selekas and anti-Balaka militias in the Central African countryside. <\/div><\/div><footer class=\"entry-footer\"><div class='slide-meta'><time class='slide-meta-time updated'  itemprop=\"datePublished\" datetime=\"2019-08-09T14:54:12+02:00\" >9 August 2019<\/time><\/div><\/footer><span class='hidden'>\n\t\t\t\t<span class='av-structured-data'  itemprop=\"image\" itemscope=\"itemscope\" itemtype=\"https:\/\/schema.org\/ImageObject\" >\n\t\t\t\t\t\t<span itemprop='url'>https:\/\/agencevu.com\/wp-content\/uploads\/2019\/12\/00_ZUM23072-2018CL50-copie.jpg<\/span>\n\t\t\t\t\t\t<span itemprop='height'>290<\/span>\n\t\t\t\t\t\t<span itemprop='width'>436<\/span>\n\t\t\t\t<\/span>\n\t\t\t\t<span class='av-structured-data'  itemprop=\"publisher\" itemtype=\"https:\/\/schema.org\/Organization\" itemscope=\"itemscope\" >\n\t\t\t\t\t\t<span itemprop='name'>Fanny Demichelis<\/span>\n\t\t\t\t\t\t<span itemprop='logo' itemscope itemtype='https:\/\/schema.org\/ImageObject'>\n\t\t\t\t\t\t\t<span itemprop='url'>\/wp-content\/uploads\/2021\/05\/logo-vert-2.svg<\/span>\n\t\t\t\t\t\t <\/span>\n\t\t\t\t<\/span><span class='av-structured-data'  itemprop=\"author\" itemscope=\"itemscope\" itemtype=\"https:\/\/schema.org\/Person\" ><span itemprop='name'>Fanny Demichelis<\/span><\/span><span class='av-structured-data'  itemprop=\"datePublished\" datetime=\"2011-01-06T12:37:21+01:00\" >2019-08-09 14:54:12<\/span><span class='av-structured-data'  itemprop=\"dateModified\" itemtype=\"https:\/\/schema.org\/dateModified\" >2021-05-31 11:37:56<\/span><span class='av-structured-data'  itemprop=\"mainEntityOfPage\" itemtype=\"https:\/\/schema.org\/mainEntityOfPage\" ><span itemprop='name'>On the movie set of Camille, Central African Republic, 2019<\/span><\/span><\/span><\/article><\/div><div class='slide-entry-wrap'><article class='slide-entry flex_column  post-entry post-entry-44840 slide-entry-overview slide-loop-3 slide-parity-odd  av_one_half first real-thumbnail'  itemscope=\"itemscope\" itemtype=\"https:\/\/schema.org\/CreativeWork\" ><a href='https:\/\/agencevu.com\/en\/serie\/those-who-leaves-2016\/' data-rel='slide-2' class='slide-image' title=''><img width=\"435\" height=\"290\" src=\"https:\/\/agencevu.com\/wp-content\/uploads\/2019\/12\/00_ZUM21944-2016CL01.jpg\" class=\"wp-image-44397 avia-img-lazy-loading-44397 attachment-portfolio size-portfolio wp-post-image\" alt=\"\" loading=\"lazy\" srcset=\"https:\/\/agencevu.com\/wp-content\/uploads\/2019\/12\/00_ZUM21944-2016CL01.jpg 435w, https:\/\/agencevu.com\/wp-content\/uploads\/2019\/12\/00_ZUM21944-2016CL01-80x53.jpg 80w, https:\/\/agencevu.com\/wp-content\/uploads\/2019\/12\/00_ZUM21944-2016CL01-300x200.jpg 300w\" sizes=\"(max-width: 435px) 100vw, 435px\" \/><\/a><div class='slide-content'><header class=\"entry-content-header\"><span class=\"blog-categories minor-meta\"> <a href=\"https:\/\/agencevu.com\/en\/photographer\/michael-zumstein\/\" rel=\"tag\">Micha\u00ebl Zumstein<\/a> <a href=\"https:\/\/agencevu.com\/en\/section_taxonomy\/series\/\" rel=\"tag\">s\u00e9ries<\/a> <\/span><h3 class='slide-entry-title entry-title'  itemprop=\"headline\" ><a href='https:\/\/agencevu.com\/en\/serie\/those-who-leaves-2016\/' title='Those who leaves, 2016'>Those who leaves, 2016<\/a><\/h3><span class=\"av-vertical-delimiter\"><\/span><\/header><div class='slide-entry-excerpt entry-content'  itemprop=\"text\" ><span class=\"tag-extrait\">Serie | <\/span> With eight children by woman, Nigeria has the world's highest natality birthrate and is the 6th poorest country in the world.<\/div><\/div><footer class=\"entry-footer\"><div class='slide-meta'><time class='slide-meta-time updated'  itemprop=\"datePublished\" datetime=\"2016-06-09T14:51:21+02:00\" >9 June 2016<\/time><\/div><\/footer><span class='hidden'>\n\t\t\t\t<span class='av-structured-data'  itemprop=\"image\" itemscope=\"itemscope\" itemtype=\"https:\/\/schema.org\/ImageObject\" >\n\t\t\t\t\t\t<span itemprop='url'>https:\/\/agencevu.com\/wp-content\/uploads\/2019\/12\/00_ZUM21944-2016CL01.jpg<\/span>\n\t\t\t\t\t\t<span itemprop='height'>290<\/span>\n\t\t\t\t\t\t<span itemprop='width'>435<\/span>\n\t\t\t\t<\/span>\n\t\t\t\t<span class='av-structured-data'  itemprop=\"publisher\" itemtype=\"https:\/\/schema.org\/Organization\" itemscope=\"itemscope\" >\n\t\t\t\t\t\t<span itemprop='name'>Fanny Demichelis<\/span>\n\t\t\t\t\t\t<span itemprop='logo' itemscope itemtype='https:\/\/schema.org\/ImageObject'>\n\t\t\t\t\t\t\t<span itemprop='url'>\/wp-content\/uploads\/2021\/05\/logo-vert-2.svg<\/span>\n\t\t\t\t\t\t <\/span>\n\t\t\t\t<\/span><span class='av-structured-data'  itemprop=\"author\" itemscope=\"itemscope\" itemtype=\"https:\/\/schema.org\/Person\" ><span itemprop='name'>Fanny Demichelis<\/span><\/span><span class='av-structured-data'  itemprop=\"datePublished\" datetime=\"2011-01-06T12:37:21+01:00\" >2016-06-09 14:51:21<\/span><span class='av-structured-data'  itemprop=\"dateModified\" itemtype=\"https:\/\/schema.org\/dateModified\" >2021-05-31 11:38:18<\/span><span class='av-structured-data'  itemprop=\"mainEntityOfPage\" itemtype=\"https:\/\/schema.org\/mainEntityOfPage\" ><span itemprop='name'>Those who leaves, 2016<\/span><\/span><\/span><\/article><article class='slide-entry flex_column  post-entry post-entry-44841 slide-entry-overview slide-loop-4 slide-parity-even  av_one_half  real-thumbnail'  itemscope=\"itemscope\" itemtype=\"https:\/\/schema.org\/CreativeWork\" ><a href='https:\/\/agencevu.com\/en\/serie\/on-the-road-of-sub-saharan-migrants-2016\/' data-rel='slide-2' class='slide-image' title=''><img width=\"435\" height=\"290\" src=\"https:\/\/agencevu.com\/wp-content\/uploads\/2019\/12\/00_33_ZUM21636-2015CL19.jpg\" class=\"wp-image-44349 avia-img-lazy-loading-44349 attachment-portfolio size-portfolio wp-post-image\" alt=\"\" loading=\"lazy\" srcset=\"https:\/\/agencevu.com\/wp-content\/uploads\/2019\/12\/00_33_ZUM21636-2015CL19.jpg 435w, https:\/\/agencevu.com\/wp-content\/uploads\/2019\/12\/00_33_ZUM21636-2015CL19-80x53.jpg 80w, https:\/\/agencevu.com\/wp-content\/uploads\/2019\/12\/00_33_ZUM21636-2015CL19-300x200.jpg 300w\" sizes=\"(max-width: 435px) 100vw, 435px\" \/><\/a><div class='slide-content'><header class=\"entry-content-header\"><span class=\"blog-categories minor-meta\"> <a href=\"https:\/\/agencevu.com\/en\/photographer\/michael-zumstein\/\" rel=\"tag\">Micha\u00ebl Zumstein<\/a> <a href=\"https:\/\/agencevu.com\/en\/section_taxonomy\/series\/\" rel=\"tag\">s\u00e9ries<\/a> <\/span><h3 class='slide-entry-title entry-title'  itemprop=\"headline\" ><a href='https:\/\/agencevu.com\/en\/serie\/on-the-road-of-sub-saharan-migrants-2016\/' title='On the Road of Sub-Saharan Migrants, 2016'>On the Road of Sub-Saharan Migrants, 2016<\/a><\/h3><span class=\"av-vertical-delimiter\"><\/span><\/header><div class='slide-entry-excerpt entry-content'  itemprop=\"text\" ><span class=\"tag-extrait\">Serie | <\/span> Michael Zumstein followed the road taken by thousands of Sub-Saharan migrants as they leave their countries for a long and dangerous journey : from Banjul (Gambia) to the Libyan coast, including Agadez (Niger).<\/div><\/div><footer class=\"entry-footer\"><div class='slide-meta'><time class='slide-meta-time updated'  itemprop=\"datePublished\" datetime=\"2016-01-09T14:19:23+01:00\" >9 January 2016<\/time><\/div><\/footer><span class='hidden'>\n\t\t\t\t<span class='av-structured-data'  itemprop=\"image\" itemscope=\"itemscope\" itemtype=\"https:\/\/schema.org\/ImageObject\" >\n\t\t\t\t\t\t<span itemprop='url'>https:\/\/agencevu.com\/wp-content\/uploads\/2019\/12\/00_33_ZUM21636-2015CL19.jpg<\/span>\n\t\t\t\t\t\t<span itemprop='height'>290<\/span>\n\t\t\t\t\t\t<span itemprop='width'>435<\/span>\n\t\t\t\t<\/span>\n\t\t\t\t<span class='av-structured-data'  itemprop=\"publisher\" itemtype=\"https:\/\/schema.org\/Organization\" itemscope=\"itemscope\" >\n\t\t\t\t\t\t<span itemprop='name'>Fanny Demichelis<\/span>\n\t\t\t\t\t\t<span itemprop='logo' itemscope itemtype='https:\/\/schema.org\/ImageObject'>\n\t\t\t\t\t\t\t<span itemprop='url'>\/wp-content\/uploads\/2021\/05\/logo-vert-2.svg<\/span>\n\t\t\t\t\t\t <\/span>\n\t\t\t\t<\/span><span class='av-structured-data'  itemprop=\"author\" itemscope=\"itemscope\" itemtype=\"https:\/\/schema.org\/Person\" ><span itemprop='name'>Fanny Demichelis<\/span><\/span><span class='av-structured-data'  itemprop=\"datePublished\" datetime=\"2011-01-06T12:37:21+01:00\" >2016-01-09 14:19:23<\/span><span class='av-structured-data'  itemprop=\"dateModified\" itemtype=\"https:\/\/schema.org\/dateModified\" >2021-05-31 11:34:41<\/span><span class='av-structured-data'  itemprop=\"mainEntityOfPage\" itemtype=\"https:\/\/schema.org\/mainEntityOfPage\" ><span itemprop='name'>On the Road of Sub-Saharan Migrants, 2016<\/span><\/span><\/span><\/article><\/div><div class='slide-entry-wrap'><article class='slide-entry flex_column  post-entry post-entry-160529 slide-entry-overview slide-loop-5 slide-parity-odd  av_one_half first real-thumbnail'  itemscope=\"itemscope\" itemtype=\"https:\/\/schema.org\/CreativeWork\" ><a href='https:\/\/agencevu.com\/en\/serie\/bamako-the-downloaders-2015\/' data-rel='slide-2' class='slide-image' title=''><img width=\"435\" height=\"290\" src=\"https:\/\/agencevu.com\/wp-content\/uploads\/2019\/12\/00_ZUM21543-2015CL03.jpg\" class=\"wp-image-44249 avia-img-lazy-loading-44249 attachment-portfolio size-portfolio wp-post-image\" alt=\"\" loading=\"lazy\" srcset=\"https:\/\/agencevu.com\/wp-content\/uploads\/2019\/12\/00_ZUM21543-2015CL03.jpg 435w, https:\/\/agencevu.com\/wp-content\/uploads\/2019\/12\/00_ZUM21543-2015CL03-80x53.jpg 80w, https:\/\/agencevu.com\/wp-content\/uploads\/2019\/12\/00_ZUM21543-2015CL03-300x200.jpg 300w\" sizes=\"(max-width: 435px) 100vw, 435px\" \/><\/a><div class='slide-content'><header class=\"entry-content-header\"><span class=\"blog-categories minor-meta\"> <a href=\"https:\/\/agencevu.com\/en\/photographer\/michael-zumstein\/\" rel=\"tag\">Micha\u00ebl Zumstein<\/a> <a href=\"https:\/\/agencevu.com\/en\/section_taxonomy\/series\/\" rel=\"tag\">s\u00e9ries<\/a> <\/span><h3 class='slide-entry-title entry-title'  itemprop=\"headline\" ><a href='https:\/\/agencevu.com\/en\/serie\/bamako-the-downloaders-2015\/' title='Bamako, The Downloaders, 2015'>Bamako, The Downloaders, 2015<\/a><\/h3><span class=\"av-vertical-delimiter\"><\/span><\/header><div class='slide-entry-excerpt entry-content'  itemprop=\"text\" ><span class=\"tag-extrait\">Serie | <\/span> Since two decades, cellphone has created a little revolution in Mali, overcoming the lack of landlines. Its capital, Bamako, has seen come into being new sellers who download popular music as much as diversified.<\/div><\/div><footer class=\"entry-footer\"><div class='slide-meta'><time class='slide-meta-time updated'  itemprop=\"datePublished\" datetime=\"2015-05-31T11:44:23+02:00\" >31 May 2015<\/time><\/div><\/footer><span class='hidden'>\n\t\t\t\t<span class='av-structured-data'  itemprop=\"image\" itemscope=\"itemscope\" itemtype=\"https:\/\/schema.org\/ImageObject\" >\n\t\t\t\t\t\t<span itemprop='url'>https:\/\/agencevu.com\/wp-content\/uploads\/2019\/12\/00_ZUM21543-2015CL03.jpg<\/span>\n\t\t\t\t\t\t<span itemprop='height'>290<\/span>\n\t\t\t\t\t\t<span itemprop='width'>435<\/span>\n\t\t\t\t<\/span>\n\t\t\t\t<span class='av-structured-data'  itemprop=\"publisher\" itemtype=\"https:\/\/schema.org\/Organization\" itemscope=\"itemscope\" >\n\t\t\t\t\t\t<span itemprop='name'>Editorial<\/span>\n\t\t\t\t\t\t<span itemprop='logo' itemscope itemtype='https:\/\/schema.org\/ImageObject'>\n\t\t\t\t\t\t\t<span itemprop='url'>\/wp-content\/uploads\/2021\/05\/logo-vert-2.svg<\/span>\n\t\t\t\t\t\t <\/span>\n\t\t\t\t<\/span><span class='av-structured-data'  itemprop=\"author\" itemscope=\"itemscope\" itemtype=\"https:\/\/schema.org\/Person\" ><span itemprop='name'>Editorial<\/span><\/span><span class='av-structured-data'  itemprop=\"datePublished\" datetime=\"2011-01-06T12:37:21+01:00\" >2015-05-31 11:44:23<\/span><span class='av-structured-data'  itemprop=\"dateModified\" itemtype=\"https:\/\/schema.org\/dateModified\" >2021-05-31 11:46:50<\/span><span class='av-structured-data'  itemprop=\"mainEntityOfPage\" itemtype=\"https:\/\/schema.org\/mainEntityOfPage\" ><span itemprop='name'>Bamako, The Downloaders, 2015<\/span><\/span><\/span><\/article><article class='slide-entry flex_column  post-entry post-entry-44842 slide-entry-overview slide-loop-6 slide-parity-even  av_one_half  real-thumbnail'  itemscope=\"itemscope\" itemtype=\"https:\/\/schema.org\/CreativeWork\" ><a href='https:\/\/agencevu.com\/en\/serie\/trafficking-bolabola-rosewood-2015\/' data-rel='slide-2' class='slide-image' title=''><img width=\"435\" height=\"290\" src=\"https:\/\/agencevu.com\/wp-content\/uploads\/2019\/12\/00_ZUM21114-2014CL11.jpg\" class=\"wp-image-44134 avia-img-lazy-loading-44134 attachment-portfolio size-portfolio wp-post-image\" alt=\"\" loading=\"lazy\" srcset=\"https:\/\/agencevu.com\/wp-content\/uploads\/2019\/12\/00_ZUM21114-2014CL11.jpg 435w, https:\/\/agencevu.com\/wp-content\/uploads\/2019\/12\/00_ZUM21114-2014CL11-80x53.jpg 80w, https:\/\/agencevu.com\/wp-content\/uploads\/2019\/12\/00_ZUM21114-2014CL11-300x200.jpg 300w\" sizes=\"(max-width: 435px) 100vw, 435px\" \/><\/a><div class='slide-content'><header class=\"entry-content-header\"><span class=\"blog-categories minor-meta\"> <a href=\"https:\/\/agencevu.com\/en\/photographer\/michael-zumstein\/\" rel=\"tag\">Micha\u00ebl Zumstein<\/a> <a href=\"https:\/\/agencevu.com\/en\/section_taxonomy\/series\/\" rel=\"tag\">s\u00e9ries<\/a> <\/span><h3 class='slide-entry-title entry-title'  itemprop=\"headline\" ><a href='https:\/\/agencevu.com\/en\/serie\/trafficking-bolabola-rosewood-2015\/' title='Trafficking Bolabola Rosewood, 2015'>Trafficking Bolabola Rosewood, 2015<\/a><\/h3><span class=\"av-vertical-delimiter\"><\/span><\/header><div class='slide-entry-excerpt entry-content'  itemprop=\"text\" ><span class=\"tag-extrait\">Serie | <\/span> Rosewood is one of the most sought-after resources, and is trafficked as \"forest ivory\". <\/div><\/div><footer class=\"entry-footer\"><div class='slide-meta'><time class='slide-meta-time updated'  itemprop=\"datePublished\" datetime=\"2015-02-09T10:58:31+01:00\" >9 February 2015<\/time><\/div><\/footer><span class='hidden'>\n\t\t\t\t<span class='av-structured-data'  itemprop=\"image\" itemscope=\"itemscope\" itemtype=\"https:\/\/schema.org\/ImageObject\" >\n\t\t\t\t\t\t<span itemprop='url'>https:\/\/agencevu.com\/wp-content\/uploads\/2019\/12\/00_ZUM21114-2014CL11.jpg<\/span>\n\t\t\t\t\t\t<span itemprop='height'>290<\/span>\n\t\t\t\t\t\t<span itemprop='width'>435<\/span>\n\t\t\t\t<\/span>\n\t\t\t\t<span class='av-structured-data'  itemprop=\"publisher\" itemtype=\"https:\/\/schema.org\/Organization\" itemscope=\"itemscope\" >\n\t\t\t\t\t\t<span itemprop='name'>Fanny Demichelis<\/span>\n\t\t\t\t\t\t<span itemprop='logo' itemscope itemtype='https:\/\/schema.org\/ImageObject'>\n\t\t\t\t\t\t\t<span itemprop='url'>\/wp-content\/uploads\/2021\/05\/logo-vert-2.svg<\/span>\n\t\t\t\t\t\t <\/span>\n\t\t\t\t<\/span><span class='av-structured-data'  itemprop=\"author\" itemscope=\"itemscope\" itemtype=\"https:\/\/schema.org\/Person\" ><span itemprop='name'>Fanny Demichelis<\/span><\/span><span class='av-structured-data'  itemprop=\"datePublished\" datetime=\"2011-01-06T12:37:21+01:00\" >2015-02-09 10:58:31<\/span><span class='av-structured-data'  itemprop=\"dateModified\" itemtype=\"https:\/\/schema.org\/dateModified\" >2021-05-31 11:59:39<\/span><span class='av-structured-data'  itemprop=\"mainEntityOfPage\" itemtype=\"https:\/\/schema.org\/mainEntityOfPage\" ><span itemprop='name'>Trafficking Bolabola Rosewood, 2015<\/span><\/span><\/span><\/article><\/div><div class='slide-entry-wrap'><article class='slide-entry flex_column  post-entry post-entry-160565 slide-entry-overview slide-loop-7 slide-parity-odd  av_one_half first real-thumbnail'  itemscope=\"itemscope\" itemtype=\"https:\/\/schema.org\/CreativeWork\" ><a href='https:\/\/agencevu.com\/en\/serie\/central-african-republic-the-wages-of-fear-2014\/' data-rel='slide-2' class='slide-image' title=''><img width=\"435\" height=\"290\" src=\"https:\/\/agencevu.com\/wp-content\/uploads\/2019\/12\/00_ZUM21351-2014CL35.jpg\" class=\"wp-image-44002 avia-img-lazy-loading-44002 attachment-portfolio size-portfolio wp-post-image\" alt=\"\" loading=\"lazy\" srcset=\"https:\/\/agencevu.com\/wp-content\/uploads\/2019\/12\/00_ZUM21351-2014CL35.jpg 435w, https:\/\/agencevu.com\/wp-content\/uploads\/2019\/12\/00_ZUM21351-2014CL35-80x53.jpg 80w, https:\/\/agencevu.com\/wp-content\/uploads\/2019\/12\/00_ZUM21351-2014CL35-300x200.jpg 300w\" sizes=\"(max-width: 435px) 100vw, 435px\" \/><\/a><div class='slide-content'><header class=\"entry-content-header\"><span class=\"blog-categories minor-meta\"> <a href=\"https:\/\/agencevu.com\/en\/photographer\/michael-zumstein\/\" rel=\"tag\">Micha\u00ebl Zumstein<\/a> <a href=\"https:\/\/agencevu.com\/en\/section_taxonomy\/series\/\" rel=\"tag\">s\u00e9ries<\/a> <\/span><h3 class='slide-entry-title entry-title'  itemprop=\"headline\" ><a href='https:\/\/agencevu.com\/en\/serie\/central-african-republic-the-wages-of-fear-2014\/' title='Central African Republic, The Wages of Fear, 2014'>Central African Republic, The Wages of Fear, 2014<\/a><\/h3><span class=\"av-vertical-delimiter\"><\/span><\/header><div class='slide-entry-excerpt entry-content'  itemprop=\"text\" ><span class=\"tag-extrait\">Serie | <\/span> In Central African Republic, torn appart by the conflict beetween Christians and Muslims, diamonds production decreased sightly. Dispite the dissolution of the Seleka, a muslim coalition opposed to the former president Fran\u00e7ois Boziz\u00e9, mining still fuels the conflict. <\/div><\/div><footer class=\"entry-footer\"><div class='slide-meta'><time class='slide-meta-time updated'  itemprop=\"datePublished\" datetime=\"2014-10-31T12:17:15+01:00\" >31 October 2014<\/time><\/div><\/footer><span class='hidden'>\n\t\t\t\t<span class='av-structured-data'  itemprop=\"image\" itemscope=\"itemscope\" itemtype=\"https:\/\/schema.org\/ImageObject\" >\n\t\t\t\t\t\t<span itemprop='url'>https:\/\/agencevu.com\/wp-content\/uploads\/2019\/12\/00_ZUM21351-2014CL35.jpg<\/span>\n\t\t\t\t\t\t<span itemprop='height'>290<\/span>\n\t\t\t\t\t\t<span itemprop='width'>435<\/span>\n\t\t\t\t<\/span>\n\t\t\t\t<span class='av-structured-data'  itemprop=\"publisher\" itemtype=\"https:\/\/schema.org\/Organization\" itemscope=\"itemscope\" >\n\t\t\t\t\t\t<span itemprop='name'>Editorial<\/span>\n\t\t\t\t\t\t<span itemprop='logo' itemscope itemtype='https:\/\/schema.org\/ImageObject'>\n\t\t\t\t\t\t\t<span itemprop='url'>\/wp-content\/uploads\/2021\/05\/logo-vert-2.svg<\/span>\n\t\t\t\t\t\t <\/span>\n\t\t\t\t<\/span><span class='av-structured-data'  itemprop=\"author\" itemscope=\"itemscope\" itemtype=\"https:\/\/schema.org\/Person\" ><span itemprop='name'>Editorial<\/span><\/span><span class='av-structured-data'  itemprop=\"datePublished\" datetime=\"2011-01-06T12:37:21+01:00\" >2014-10-31 12:17:15<\/span><span class='av-structured-data'  itemprop=\"dateModified\" itemtype=\"https:\/\/schema.org\/dateModified\" >2021-05-31 12:21:02<\/span><span class='av-structured-data'  itemprop=\"mainEntityOfPage\" itemtype=\"https:\/\/schema.org\/mainEntityOfPage\" ><span itemprop='name'>Central African Republic, The Wages of Fear, 2014<\/span><\/span><\/span><\/article><article class='slide-entry flex_column  post-entry post-entry-44844 slide-entry-overview slide-loop-8 slide-parity-even  av_one_half  real-thumbnail'  itemscope=\"itemscope\" itemtype=\"https:\/\/schema.org\/CreativeWork\" ><a href='https:\/\/agencevu.com\/en\/serie\/crisis-in-central-african-republic-2014\/' data-rel='slide-2' class='slide-image' title=''><img width=\"435\" height=\"290\" src=\"https:\/\/agencevu.com\/wp-content\/uploads\/2019\/12\/00_09_ZUM19931-2013CL160.jpg\" class=\"wp-image-44811 avia-img-lazy-loading-44811 attachment-portfolio size-portfolio wp-post-image\" alt=\"\" loading=\"lazy\" srcset=\"https:\/\/agencevu.com\/wp-content\/uploads\/2019\/12\/00_09_ZUM19931-2013CL160.jpg 435w, https:\/\/agencevu.com\/wp-content\/uploads\/2019\/12\/00_09_ZUM19931-2013CL160-80x53.jpg 80w, https:\/\/agencevu.com\/wp-content\/uploads\/2019\/12\/00_09_ZUM19931-2013CL160-300x200.jpg 300w\" sizes=\"(max-width: 435px) 100vw, 435px\" \/><\/a><div class='slide-content'><header class=\"entry-content-header\"><span class=\"blog-categories minor-meta\"> <a href=\"https:\/\/agencevu.com\/en\/photographer\/michael-zumstein\/\" rel=\"tag\">Micha\u00ebl Zumstein<\/a> <a href=\"https:\/\/agencevu.com\/en\/section_taxonomy\/series\/\" rel=\"tag\">s\u00e9ries<\/a> <\/span><h3 class='slide-entry-title entry-title'  itemprop=\"headline\" ><a href='https:\/\/agencevu.com\/en\/serie\/crisis-in-central-african-republic-2014\/' title='Crisis in Central African Republic, 2014'>Crisis in Central African Republic, 2014<\/a><\/h3><span class=\"av-vertical-delimiter\"><\/span><\/header><div class='slide-entry-excerpt entry-content'  itemprop=\"text\" ><span class=\"tag-extrait\">Serie | <\/span> In 2013, the Central African Republic found itself plunged into an unprecedented spiral of deadly violence since the overthrow of President Fran\u00e7ois Boziz\u00e9's regime by the Sel\u00e9ka rebels, a coalition from the northeast of the country. <\/div><\/div><footer class=\"entry-footer\"><div class='slide-meta'><time class='slide-meta-time updated'  itemprop=\"datePublished\" datetime=\"2014-04-09T10:31:56+02:00\" >9 April 2014<\/time><\/div><\/footer><span class='hidden'>\n\t\t\t\t<span class='av-structured-data'  itemprop=\"image\" itemscope=\"itemscope\" itemtype=\"https:\/\/schema.org\/ImageObject\" >\n\t\t\t\t\t\t<span itemprop='url'>https:\/\/agencevu.com\/wp-content\/uploads\/2019\/12\/00_09_ZUM19931-2013CL160.jpg<\/span>\n\t\t\t\t\t\t<span itemprop='height'>290<\/span>\n\t\t\t\t\t\t<span itemprop='width'>435<\/span>\n\t\t\t\t<\/span>\n\t\t\t\t<span class='av-structured-data'  itemprop=\"publisher\" itemtype=\"https:\/\/schema.org\/Organization\" itemscope=\"itemscope\" >\n\t\t\t\t\t\t<span itemprop='name'>Fanny Demichelis<\/span>\n\t\t\t\t\t\t<span itemprop='logo' itemscope itemtype='https:\/\/schema.org\/ImageObject'>\n\t\t\t\t\t\t\t<span itemprop='url'>\/wp-content\/uploads\/2021\/05\/logo-vert-2.svg<\/span>\n\t\t\t\t\t\t <\/span>\n\t\t\t\t<\/span><span class='av-structured-data'  itemprop=\"author\" itemscope=\"itemscope\" itemtype=\"https:\/\/schema.org\/Person\" ><span itemprop='name'>Fanny Demichelis<\/span><\/span><span class='av-structured-data'  itemprop=\"datePublished\" datetime=\"2011-01-06T12:37:21+01:00\" >2014-04-09 10:31:56<\/span><span class='av-structured-data'  itemprop=\"dateModified\" itemtype=\"https:\/\/schema.org\/dateModified\" >2021-05-31 12:08:38<\/span><span class='av-structured-data'  itemprop=\"mainEntityOfPage\" itemtype=\"https:\/\/schema.org\/mainEntityOfPage\" ><span itemprop='name'>Crisis in Central African Republic, 2014<\/span><\/span><\/span><\/article><\/div><div class='slide-entry-wrap'><article class='slide-entry flex_column  post-entry post-entry-44846 slide-entry-overview slide-loop-9 slide-parity-odd  post-entry-last  av_one_half first real-thumbnail'  itemscope=\"itemscope\" itemtype=\"https:\/\/schema.org\/CreativeWork\" ><a href='https:\/\/agencevu.com\/en\/serie\/two-presidents-for-one-country-2011\/' data-rel='slide-2' class='slide-image' title=''><img width=\"436\" height=\"290\" src=\"https:\/\/agencevu.com\/wp-content\/uploads\/2019\/12\/00_ZUM17693-2011CL72.jpg\" class=\"wp-image-43353 avia-img-lazy-loading-43353 attachment-portfolio size-portfolio wp-post-image\" alt=\"\" loading=\"lazy\" srcset=\"https:\/\/agencevu.com\/wp-content\/uploads\/2019\/12\/00_ZUM17693-2011CL72.jpg 436w, https:\/\/agencevu.com\/wp-content\/uploads\/2019\/12\/00_ZUM17693-2011CL72-80x53.jpg 80w, https:\/\/agencevu.com\/wp-content\/uploads\/2019\/12\/00_ZUM17693-2011CL72-300x200.jpg 300w\" sizes=\"(max-width: 436px) 100vw, 436px\" \/><\/a><div class='slide-content'><header class=\"entry-content-header\"><span class=\"blog-categories minor-meta\"> <a href=\"https:\/\/agencevu.com\/en\/photographer\/michael-zumstein\/\" rel=\"tag\">Micha\u00ebl Zumstein<\/a> <a href=\"https:\/\/agencevu.com\/en\/section_taxonomy\/series\/\" rel=\"tag\">s\u00e9ries<\/a> <\/span><h3 class='slide-entry-title entry-title'  itemprop=\"headline\" ><a href='https:\/\/agencevu.com\/en\/serie\/two-presidents-for-one-country-2011\/' title='Two presidents for one country, 2011'>Two presidents for one country, 2011<\/a><\/h3><span class=\"av-vertical-delimiter\"><\/span><\/header><div class='slide-entry-excerpt entry-content'  itemprop=\"text\" ><span class=\"tag-extrait\">S\u00e9rie | <\/span> The 2010-2011 Ivorian crisis is a political crisis that emerged after the second round of the 2010 Ivorian presidential election, the first election whose outcome led to an electoral dispute following a suspicion of fraud.\r\n<\/div><\/div><footer class=\"entry-footer\"><div class='slide-meta'><time class='slide-meta-time updated'  itemprop=\"datePublished\" datetime=\"2011-01-06T12:37:21+01:00\" >6 January 2011<\/time><\/div><\/footer><span class='hidden'>\n\t\t\t\t<span class='av-structured-data'  itemprop=\"image\" itemscope=\"itemscope\" itemtype=\"https:\/\/schema.org\/ImageObject\" >\n\t\t\t\t\t\t<span itemprop='url'>https:\/\/agencevu.com\/wp-content\/uploads\/2019\/12\/00_ZUM17693-2011CL72.jpg<\/span>\n\t\t\t\t\t\t<span itemprop='height'>290<\/span>\n\t\t\t\t\t\t<span itemprop='width'>436<\/span>\n\t\t\t\t<\/span>\n\t\t\t\t<span class='av-structured-data'  itemprop=\"publisher\" itemtype=\"https:\/\/schema.org\/Organization\" itemscope=\"itemscope\" >\n\t\t\t\t\t\t<span itemprop='name'>Fanny Demichelis<\/span>\n\t\t\t\t\t\t<span itemprop='logo' itemscope itemtype='https:\/\/schema.org\/ImageObject'>\n\t\t\t\t\t\t\t<span itemprop='url'>\/wp-content\/uploads\/2021\/05\/logo-vert-2.svg<\/span>\n\t\t\t\t\t\t <\/span>\n\t\t\t\t<\/span><span class='av-structured-data'  itemprop=\"author\" itemscope=\"itemscope\" itemtype=\"https:\/\/schema.org\/Person\" ><span itemprop='name'>Fanny Demichelis<\/span><\/span><span class='av-structured-data'  itemprop=\"datePublished\" datetime=\"2011-01-06T12:37:21+01:00\" >2011-01-06 12:37:21<\/span><span class='av-structured-data'  itemprop=\"dateModified\" itemtype=\"https:\/\/schema.org\/dateModified\" >2021-05-31 16:38:31<\/span><span class='av-structured-data'  itemprop=\"mainEntityOfPage\" itemtype=\"https:\/\/schema.org\/mainEntityOfPage\" ><span itemprop='name'>Two presidents for one country, 2011<\/span><\/span><\/span><\/article><\/div><\/div><\/div>\n<div  data-autoplay=''  data-interval='5'  data-animation='fade'  data-show_slide_delay='90'  class='avia-content-slider avia-content-grid-active avia-content-slider3 avia-content-slider-odd   av-desktop-hide av-medium-hide av-small-hide'  itemscope=\"itemscope\" itemtype=\"https:\/\/schema.org\/Blog\" ><div class='avia-content-slider-inner'><div class='slide-entry-wrap'><article class='slide-entry flex_column  post-entry post-entry-44838 slide-entry-overview slide-loop-1 slide-parity-odd  av_fullwidth first real-thumbnail'  itemscope=\"itemscope\" itemtype=\"https:\/\/schema.org\/CreativeWork\" ><a href='https:\/\/agencevu.com\/en\/serie\/aka-zidane-2019\/' data-rel='slide-3' class='slide-image' title=''><img width=\"389\" height=\"290\" src=\"https:\/\/agencevu.com\/wp-content\/uploads\/2019\/12\/00_Aka_Zidane_Zumstein.jpg\" class=\"wp-image-44521 avia-img-lazy-loading-44521 attachment-large size-large wp-post-image\" alt=\"\" loading=\"lazy\" srcset=\"https:\/\/agencevu.com\/wp-content\/uploads\/2019\/12\/00_Aka_Zidane_Zumstein.jpg 389w, https:\/\/agencevu.com\/wp-content\/uploads\/2019\/12\/00_Aka_Zidane_Zumstein-80x60.jpg 80w, https:\/\/agencevu.com\/wp-content\/uploads\/2019\/12\/00_Aka_Zidane_Zumstein-300x224.jpg 300w\" sizes=\"(max-width: 389px) 100vw, 389px\" \/><\/a><div class='slide-content'><header class=\"entry-content-header\"><span class=\"blog-categories minor-meta\"> <a href=\"https:\/\/agencevu.com\/en\/photographer\/michael-zumstein\/\" rel=\"tag\">Micha\u00ebl Zumstein<\/a> <a href=\"https:\/\/agencevu.com\/en\/section_taxonomy\/series\/\" rel=\"tag\">s\u00e9ries<\/a> <\/span><h3 class='slide-entry-title entry-title'  itemprop=\"headline\" ><a href='https:\/\/agencevu.com\/en\/serie\/aka-zidane-2019\/' title='AKA ZIDANE, 2019'>AKA ZIDANE, 2019<\/a><\/h3><span class=\"av-vertical-delimiter\"><\/span><\/header><div class='slide-entry-excerpt entry-content'  itemprop=\"text\" ><span class=\"tag-extrait\">Serie | <\/span> A crowd of anonymous people wearing the names of the world's greatest soccer stars on their tshirts. Facing poverty, violence, exile but also some sweet moments of the daily life, the contrast is striking...<\/div><\/div><footer class=\"entry-footer\"><div class='slide-meta'><time class='slide-meta-time updated'  itemprop=\"datePublished\" datetime=\"2019-11-09T15:00:44+01:00\" >9 November 2019<\/time><\/div><\/footer><span class='hidden'>\n\t\t\t\t<span class='av-structured-data'  itemprop=\"image\" itemscope=\"itemscope\" itemtype=\"https:\/\/schema.org\/ImageObject\" >\n\t\t\t\t\t\t<span itemprop='url'>https:\/\/agencevu.com\/wp-content\/uploads\/2019\/12\/00_Aka_Zidane_Zumstein.jpg<\/span>\n\t\t\t\t\t\t<span itemprop='height'>290<\/span>\n\t\t\t\t\t\t<span itemprop='width'>389<\/span>\n\t\t\t\t<\/span>\n\t\t\t\t<span class='av-structured-data'  itemprop=\"publisher\" itemtype=\"https:\/\/schema.org\/Organization\" itemscope=\"itemscope\" >\n\t\t\t\t\t\t<span itemprop='name'>Fanny Demichelis<\/span>\n\t\t\t\t\t\t<span itemprop='logo' itemscope itemtype='https:\/\/schema.org\/ImageObject'>\n\t\t\t\t\t\t\t<span itemprop='url'>\/wp-content\/uploads\/2021\/05\/logo-vert-2.svg<\/span>\n\t\t\t\t\t\t <\/span>\n\t\t\t\t<\/span><span class='av-structured-data'  itemprop=\"author\" itemscope=\"itemscope\" itemtype=\"https:\/\/schema.org\/Person\" ><span itemprop='name'>Fanny Demichelis<\/span><\/span><span class='av-structured-data'  itemprop=\"datePublished\" datetime=\"2011-01-06T12:37:21+01:00\" >2019-11-09 15:00:44<\/span><span class='av-structured-data'  itemprop=\"dateModified\" itemtype=\"https:\/\/schema.org\/dateModified\" >2021-05-31 11:06:05<\/span><span class='av-structured-data'  itemprop=\"mainEntityOfPage\" itemtype=\"https:\/\/schema.org\/mainEntityOfPage\" ><span itemprop='name'>AKA ZIDANE, 2019<\/span><\/span><\/span><\/article><\/div><div class='slide-entry-wrap'><article class='slide-entry flex_column  post-entry post-entry-44839 slide-entry-overview slide-loop-2 slide-parity-odd  av_fullwidth first real-thumbnail'  itemscope=\"itemscope\" itemtype=\"https:\/\/schema.org\/CreativeWork\" ><a href='https:\/\/agencevu.com\/en\/serie\/on-the-movie-set-of-camille-central-african-republic-2019\/' data-rel='slide-3' class='slide-image' title=''><img width=\"436\" height=\"290\" src=\"https:\/\/agencevu.com\/wp-content\/uploads\/2019\/12\/00_ZUM23072-2018CL50-copie.jpg\" class=\"wp-image-44447 avia-img-lazy-loading-44447 attachment-large size-large wp-post-image\" alt=\"\" loading=\"lazy\" srcset=\"https:\/\/agencevu.com\/wp-content\/uploads\/2019\/12\/00_ZUM23072-2018CL50-copie.jpg 436w, https:\/\/agencevu.com\/wp-content\/uploads\/2019\/12\/00_ZUM23072-2018CL50-copie-80x53.jpg 80w, https:\/\/agencevu.com\/wp-content\/uploads\/2019\/12\/00_ZUM23072-2018CL50-copie-300x200.jpg 300w\" sizes=\"(max-width: 436px) 100vw, 436px\" \/><\/a><div class='slide-content'><header class=\"entry-content-header\"><span class=\"blog-categories minor-meta\"> <a href=\"https:\/\/agencevu.com\/en\/photographer\/michael-zumstein\/\" rel=\"tag\">Micha\u00ebl Zumstein<\/a> <a href=\"https:\/\/agencevu.com\/en\/section_taxonomy\/series\/\" rel=\"tag\">s\u00e9ries<\/a> <\/span><h3 class='slide-entry-title entry-title'  itemprop=\"headline\" ><a href='https:\/\/agencevu.com\/en\/serie\/on-the-movie-set-of-camille-central-african-republic-2019\/' title='On the movie set of Camille, Central African Republic, 2019'>On the movie set of Camille, Central African Republic, 2019<\/a><\/h3><span class=\"av-vertical-delimiter\"><\/span><\/header><div class='slide-entry-excerpt entry-content'  itemprop=\"text\" ><span class=\"tag-extrait\">Serie | <\/span> In 2014, Camille Lepage, a French photojournalist based in Bangui, lost her life in unsolved circumstances while covering the conflict between Selekas and anti-Balaka militias in the Central African countryside. <\/div><\/div><footer class=\"entry-footer\"><div class='slide-meta'><time class='slide-meta-time updated'  itemprop=\"datePublished\" datetime=\"2019-08-09T14:54:12+02:00\" >9 August 2019<\/time><\/div><\/footer><span class='hidden'>\n\t\t\t\t<span class='av-structured-data'  itemprop=\"image\" itemscope=\"itemscope\" itemtype=\"https:\/\/schema.org\/ImageObject\" >\n\t\t\t\t\t\t<span itemprop='url'>https:\/\/agencevu.com\/wp-content\/uploads\/2019\/12\/00_ZUM23072-2018CL50-copie.jpg<\/span>\n\t\t\t\t\t\t<span itemprop='height'>290<\/span>\n\t\t\t\t\t\t<span itemprop='width'>436<\/span>\n\t\t\t\t<\/span>\n\t\t\t\t<span class='av-structured-data'  itemprop=\"publisher\" itemtype=\"https:\/\/schema.org\/Organization\" itemscope=\"itemscope\" >\n\t\t\t\t\t\t<span itemprop='name'>Fanny Demichelis<\/span>\n\t\t\t\t\t\t<span itemprop='logo' itemscope itemtype='https:\/\/schema.org\/ImageObject'>\n\t\t\t\t\t\t\t<span itemprop='url'>\/wp-content\/uploads\/2021\/05\/logo-vert-2.svg<\/span>\n\t\t\t\t\t\t <\/span>\n\t\t\t\t<\/span><span class='av-structured-data'  itemprop=\"author\" itemscope=\"itemscope\" itemtype=\"https:\/\/schema.org\/Person\" ><span itemprop='name'>Fanny Demichelis<\/span><\/span><span class='av-structured-data'  itemprop=\"datePublished\" datetime=\"2011-01-06T12:37:21+01:00\" >2019-08-09 14:54:12<\/span><span class='av-structured-data'  itemprop=\"dateModified\" itemtype=\"https:\/\/schema.org\/dateModified\" >2021-05-31 11:37:56<\/span><span class='av-structured-data'  itemprop=\"mainEntityOfPage\" itemtype=\"https:\/\/schema.org\/mainEntityOfPage\" ><span itemprop='name'>On the movie set of Camille, Central African Republic, 2019<\/span><\/span><\/span><\/article><\/div><div class='slide-entry-wrap'><article class='slide-entry flex_column  post-entry post-entry-44840 slide-entry-overview slide-loop-3 slide-parity-odd  av_fullwidth first real-thumbnail'  itemscope=\"itemscope\" itemtype=\"https:\/\/schema.org\/CreativeWork\" ><a href='https:\/\/agencevu.com\/en\/serie\/those-who-leaves-2016\/' data-rel='slide-3' class='slide-image' title=''><img width=\"435\" height=\"290\" src=\"https:\/\/agencevu.com\/wp-content\/uploads\/2019\/12\/00_ZUM21944-2016CL01.jpg\" class=\"wp-image-44397 avia-img-lazy-loading-44397 attachment-large size-large wp-post-image\" alt=\"\" loading=\"lazy\" srcset=\"https:\/\/agencevu.com\/wp-content\/uploads\/2019\/12\/00_ZUM21944-2016CL01.jpg 435w, https:\/\/agencevu.com\/wp-content\/uploads\/2019\/12\/00_ZUM21944-2016CL01-80x53.jpg 80w, https:\/\/agencevu.com\/wp-content\/uploads\/2019\/12\/00_ZUM21944-2016CL01-300x200.jpg 300w\" sizes=\"(max-width: 435px) 100vw, 435px\" \/><\/a><div class='slide-content'><header class=\"entry-content-header\"><span class=\"blog-categories minor-meta\"> <a href=\"https:\/\/agencevu.com\/en\/photographer\/michael-zumstein\/\" rel=\"tag\">Micha\u00ebl Zumstein<\/a> <a href=\"https:\/\/agencevu.com\/en\/section_taxonomy\/series\/\" rel=\"tag\">s\u00e9ries<\/a> <\/span><h3 class='slide-entry-title entry-title'  itemprop=\"headline\" ><a href='https:\/\/agencevu.com\/en\/serie\/those-who-leaves-2016\/' title='Those who leaves, 2016'>Those who leaves, 2016<\/a><\/h3><span class=\"av-vertical-delimiter\"><\/span><\/header><div class='slide-entry-excerpt entry-content'  itemprop=\"text\" ><span class=\"tag-extrait\">Serie | <\/span> With eight children by woman, Nigeria has the world's highest natality birthrate and is the 6th poorest country in the world.<\/div><\/div><footer class=\"entry-footer\"><div class='slide-meta'><time class='slide-meta-time updated'  itemprop=\"datePublished\" datetime=\"2016-06-09T14:51:21+02:00\" >9 June 2016<\/time><\/div><\/footer><span class='hidden'>\n\t\t\t\t<span class='av-structured-data'  itemprop=\"image\" itemscope=\"itemscope\" itemtype=\"https:\/\/schema.org\/ImageObject\" >\n\t\t\t\t\t\t<span itemprop='url'>https:\/\/agencevu.com\/wp-content\/uploads\/2019\/12\/00_ZUM21944-2016CL01.jpg<\/span>\n\t\t\t\t\t\t<span itemprop='height'>290<\/span>\n\t\t\t\t\t\t<span itemprop='width'>435<\/span>\n\t\t\t\t<\/span>\n\t\t\t\t<span class='av-structured-data'  itemprop=\"publisher\" itemtype=\"https:\/\/schema.org\/Organization\" itemscope=\"itemscope\" >\n\t\t\t\t\t\t<span itemprop='name'>Fanny Demichelis<\/span>\n\t\t\t\t\t\t<span itemprop='logo' itemscope itemtype='https:\/\/schema.org\/ImageObject'>\n\t\t\t\t\t\t\t<span itemprop='url'>\/wp-content\/uploads\/2021\/05\/logo-vert-2.svg<\/span>\n\t\t\t\t\t\t <\/span>\n\t\t\t\t<\/span><span class='av-structured-data'  itemprop=\"author\" itemscope=\"itemscope\" itemtype=\"https:\/\/schema.org\/Person\" ><span itemprop='name'>Fanny Demichelis<\/span><\/span><span class='av-structured-data'  itemprop=\"datePublished\" datetime=\"2011-01-06T12:37:21+01:00\" >2016-06-09 14:51:21<\/span><span class='av-structured-data'  itemprop=\"dateModified\" itemtype=\"https:\/\/schema.org\/dateModified\" >2021-05-31 11:38:18<\/span><span class='av-structured-data'  itemprop=\"mainEntityOfPage\" itemtype=\"https:\/\/schema.org\/mainEntityOfPage\" ><span itemprop='name'>Those who leaves, 2016<\/span><\/span><\/span><\/article><\/div><div class='slide-entry-wrap'><article class='slide-entry flex_column  post-entry post-entry-44841 slide-entry-overview slide-loop-4 slide-parity-odd  av_fullwidth first real-thumbnail'  itemscope=\"itemscope\" itemtype=\"https:\/\/schema.org\/CreativeWork\" ><a href='https:\/\/agencevu.com\/en\/serie\/on-the-road-of-sub-saharan-migrants-2016\/' data-rel='slide-3' class='slide-image' title=''><img width=\"435\" height=\"290\" src=\"https:\/\/agencevu.com\/wp-content\/uploads\/2019\/12\/00_33_ZUM21636-2015CL19.jpg\" class=\"wp-image-44349 avia-img-lazy-loading-44349 attachment-large size-large wp-post-image\" alt=\"\" loading=\"lazy\" srcset=\"https:\/\/agencevu.com\/wp-content\/uploads\/2019\/12\/00_33_ZUM21636-2015CL19.jpg 435w, https:\/\/agencevu.com\/wp-content\/uploads\/2019\/12\/00_33_ZUM21636-2015CL19-80x53.jpg 80w, https:\/\/agencevu.com\/wp-content\/uploads\/2019\/12\/00_33_ZUM21636-2015CL19-300x200.jpg 300w\" sizes=\"(max-width: 435px) 100vw, 435px\" \/><\/a><div class='slide-content'><header class=\"entry-content-header\"><span class=\"blog-categories minor-meta\"> <a href=\"https:\/\/agencevu.com\/en\/photographer\/michael-zumstein\/\" rel=\"tag\">Micha\u00ebl Zumstein<\/a> <a href=\"https:\/\/agencevu.com\/en\/section_taxonomy\/series\/\" rel=\"tag\">s\u00e9ries<\/a> <\/span><h3 class='slide-entry-title entry-title'  itemprop=\"headline\" ><a href='https:\/\/agencevu.com\/en\/serie\/on-the-road-of-sub-saharan-migrants-2016\/' title='On the Road of Sub-Saharan Migrants, 2016'>On the Road of Sub-Saharan Migrants, 2016<\/a><\/h3><span class=\"av-vertical-delimiter\"><\/span><\/header><div class='slide-entry-excerpt entry-content'  itemprop=\"text\" ><span class=\"tag-extrait\">Serie | <\/span> Michael Zumstein followed the road taken by thousands of Sub-Saharan migrants as they leave their countries for a long and dangerous journey : from Banjul (Gambia) to the Libyan coast, including Agadez (Niger).<\/div><\/div><footer class=\"entry-footer\"><div class='slide-meta'><time class='slide-meta-time updated'  itemprop=\"datePublished\" datetime=\"2016-01-09T14:19:23+01:00\" >9 January 2016<\/time><\/div><\/footer><span class='hidden'>\n\t\t\t\t<span class='av-structured-data'  itemprop=\"image\" itemscope=\"itemscope\" itemtype=\"https:\/\/schema.org\/ImageObject\" >\n\t\t\t\t\t\t<span itemprop='url'>https:\/\/agencevu.com\/wp-content\/uploads\/2019\/12\/00_33_ZUM21636-2015CL19.jpg<\/span>\n\t\t\t\t\t\t<span itemprop='height'>290<\/span>\n\t\t\t\t\t\t<span itemprop='width'>435<\/span>\n\t\t\t\t<\/span>\n\t\t\t\t<span class='av-structured-data'  itemprop=\"publisher\" itemtype=\"https:\/\/schema.org\/Organization\" itemscope=\"itemscope\" >\n\t\t\t\t\t\t<span itemprop='name'>Fanny Demichelis<\/span>\n\t\t\t\t\t\t<span itemprop='logo' itemscope itemtype='https:\/\/schema.org\/ImageObject'>\n\t\t\t\t\t\t\t<span itemprop='url'>\/wp-content\/uploads\/2021\/05\/logo-vert-2.svg<\/span>\n\t\t\t\t\t\t <\/span>\n\t\t\t\t<\/span><span class='av-structured-data'  itemprop=\"author\" itemscope=\"itemscope\" itemtype=\"https:\/\/schema.org\/Person\" ><span itemprop='name'>Fanny Demichelis<\/span><\/span><span class='av-structured-data'  itemprop=\"datePublished\" datetime=\"2011-01-06T12:37:21+01:00\" >2016-01-09 14:19:23<\/span><span class='av-structured-data'  itemprop=\"dateModified\" itemtype=\"https:\/\/schema.org\/dateModified\" >2021-05-31 11:34:41<\/span><span class='av-structured-data'  itemprop=\"mainEntityOfPage\" itemtype=\"https:\/\/schema.org\/mainEntityOfPage\" ><span itemprop='name'>On the Road of Sub-Saharan Migrants, 2016<\/span><\/span><\/span><\/article><\/div><div class='slide-entry-wrap'><article class='slide-entry flex_column  post-entry post-entry-160529 slide-entry-overview slide-loop-5 slide-parity-odd  av_fullwidth first real-thumbnail'  itemscope=\"itemscope\" itemtype=\"https:\/\/schema.org\/CreativeWork\" ><a href='https:\/\/agencevu.com\/en\/serie\/bamako-the-downloaders-2015\/' data-rel='slide-3' class='slide-image' title=''><img width=\"435\" height=\"290\" src=\"https:\/\/agencevu.com\/wp-content\/uploads\/2019\/12\/00_ZUM21543-2015CL03.jpg\" class=\"wp-image-44249 avia-img-lazy-loading-44249 attachment-large size-large wp-post-image\" alt=\"\" loading=\"lazy\" srcset=\"https:\/\/agencevu.com\/wp-content\/uploads\/2019\/12\/00_ZUM21543-2015CL03.jpg 435w, https:\/\/agencevu.com\/wp-content\/uploads\/2019\/12\/00_ZUM21543-2015CL03-80x53.jpg 80w, https:\/\/agencevu.com\/wp-content\/uploads\/2019\/12\/00_ZUM21543-2015CL03-300x200.jpg 300w\" sizes=\"(max-width: 435px) 100vw, 435px\" \/><\/a><div class='slide-content'><header class=\"entry-content-header\"><span class=\"blog-categories minor-meta\"> <a href=\"https:\/\/agencevu.com\/en\/photographer\/michael-zumstein\/\" rel=\"tag\">Micha\u00ebl Zumstein<\/a> <a href=\"https:\/\/agencevu.com\/en\/section_taxonomy\/series\/\" rel=\"tag\">s\u00e9ries<\/a> <\/span><h3 class='slide-entry-title entry-title'  itemprop=\"headline\" ><a href='https:\/\/agencevu.com\/en\/serie\/bamako-the-downloaders-2015\/' title='Bamako, The Downloaders, 2015'>Bamako, The Downloaders, 2015<\/a><\/h3><span class=\"av-vertical-delimiter\"><\/span><\/header><div class='slide-entry-excerpt entry-content'  itemprop=\"text\" ><span class=\"tag-extrait\">Serie | <\/span> Since two decades, cellphone has created a little revolution in Mali, overcoming the lack of landlines. Its capital, Bamako, has seen come into being new sellers who download popular music as much as diversified.<\/div><\/div><footer class=\"entry-footer\"><div class='slide-meta'><time class='slide-meta-time updated'  itemprop=\"datePublished\" datetime=\"2015-05-31T11:44:23+02:00\" >31 May 2015<\/time><\/div><\/footer><span class='hidden'>\n\t\t\t\t<span class='av-structured-data'  itemprop=\"image\" itemscope=\"itemscope\" itemtype=\"https:\/\/schema.org\/ImageObject\" >\n\t\t\t\t\t\t<span itemprop='url'>https:\/\/agencevu.com\/wp-content\/uploads\/2019\/12\/00_ZUM21543-2015CL03.jpg<\/span>\n\t\t\t\t\t\t<span itemprop='height'>290<\/span>\n\t\t\t\t\t\t<span itemprop='width'>435<\/span>\n\t\t\t\t<\/span>\n\t\t\t\t<span class='av-structured-data'  itemprop=\"publisher\" itemtype=\"https:\/\/schema.org\/Organization\" itemscope=\"itemscope\" >\n\t\t\t\t\t\t<span itemprop='name'>Editorial<\/span>\n\t\t\t\t\t\t<span itemprop='logo' itemscope itemtype='https:\/\/schema.org\/ImageObject'>\n\t\t\t\t\t\t\t<span itemprop='url'>\/wp-content\/uploads\/2021\/05\/logo-vert-2.svg<\/span>\n\t\t\t\t\t\t <\/span>\n\t\t\t\t<\/span><span class='av-structured-data'  itemprop=\"author\" itemscope=\"itemscope\" itemtype=\"https:\/\/schema.org\/Person\" ><span itemprop='name'>Editorial<\/span><\/span><span class='av-structured-data'  itemprop=\"datePublished\" datetime=\"2011-01-06T12:37:21+01:00\" >2015-05-31 11:44:23<\/span><span class='av-structured-data'  itemprop=\"dateModified\" itemtype=\"https:\/\/schema.org\/dateModified\" >2021-05-31 11:46:50<\/span><span class='av-structured-data'  itemprop=\"mainEntityOfPage\" itemtype=\"https:\/\/schema.org\/mainEntityOfPage\" ><span itemprop='name'>Bamako, The Downloaders, 2015<\/span><\/span><\/span><\/article><\/div><div class='slide-entry-wrap'><article class='slide-entry flex_column  post-entry post-entry-44842 slide-entry-overview slide-loop-6 slide-parity-odd  av_fullwidth first real-thumbnail'  itemscope=\"itemscope\" itemtype=\"https:\/\/schema.org\/CreativeWork\" ><a href='https:\/\/agencevu.com\/en\/serie\/trafficking-bolabola-rosewood-2015\/' data-rel='slide-3' class='slide-image' title=''><img width=\"435\" height=\"290\" src=\"https:\/\/agencevu.com\/wp-content\/uploads\/2019\/12\/00_ZUM21114-2014CL11.jpg\" class=\"wp-image-44134 avia-img-lazy-loading-44134 attachment-large size-large wp-post-image\" alt=\"\" loading=\"lazy\" srcset=\"https:\/\/agencevu.com\/wp-content\/uploads\/2019\/12\/00_ZUM21114-2014CL11.jpg 435w, https:\/\/agencevu.com\/wp-content\/uploads\/2019\/12\/00_ZUM21114-2014CL11-80x53.jpg 80w, https:\/\/agencevu.com\/wp-content\/uploads\/2019\/12\/00_ZUM21114-2014CL11-300x200.jpg 300w\" sizes=\"(max-width: 435px) 100vw, 435px\" \/><\/a><div class='slide-content'><header class=\"entry-content-header\"><span class=\"blog-categories minor-meta\"> <a href=\"https:\/\/agencevu.com\/en\/photographer\/michael-zumstein\/\" rel=\"tag\">Micha\u00ebl Zumstein<\/a> <a href=\"https:\/\/agencevu.com\/en\/section_taxonomy\/series\/\" rel=\"tag\">s\u00e9ries<\/a> <\/span><h3 class='slide-entry-title entry-title'  itemprop=\"headline\" ><a href='https:\/\/agencevu.com\/en\/serie\/trafficking-bolabola-rosewood-2015\/' title='Trafficking Bolabola Rosewood, 2015'>Trafficking Bolabola Rosewood, 2015<\/a><\/h3><span class=\"av-vertical-delimiter\"><\/span><\/header><div class='slide-entry-excerpt entry-content'  itemprop=\"text\" ><span class=\"tag-extrait\">Serie | <\/span> Rosewood is one of the most sought-after resources, and is trafficked as \"forest ivory\". <\/div><\/div><footer class=\"entry-footer\"><div class='slide-meta'><time class='slide-meta-time updated'  itemprop=\"datePublished\" datetime=\"2015-02-09T10:58:31+01:00\" >9 February 2015<\/time><\/div><\/footer><span class='hidden'>\n\t\t\t\t<span class='av-structured-data'  itemprop=\"image\" itemscope=\"itemscope\" itemtype=\"https:\/\/schema.org\/ImageObject\" >\n\t\t\t\t\t\t<span itemprop='url'>https:\/\/agencevu.com\/wp-content\/uploads\/2019\/12\/00_ZUM21114-2014CL11.jpg<\/span>\n\t\t\t\t\t\t<span itemprop='height'>290<\/span>\n\t\t\t\t\t\t<span itemprop='width'>435<\/span>\n\t\t\t\t<\/span>\n\t\t\t\t<span class='av-structured-data'  itemprop=\"publisher\" itemtype=\"https:\/\/schema.org\/Organization\" itemscope=\"itemscope\" >\n\t\t\t\t\t\t<span itemprop='name'>Fanny Demichelis<\/span>\n\t\t\t\t\t\t<span itemprop='logo' itemscope itemtype='https:\/\/schema.org\/ImageObject'>\n\t\t\t\t\t\t\t<span itemprop='url'>\/wp-content\/uploads\/2021\/05\/logo-vert-2.svg<\/span>\n\t\t\t\t\t\t <\/span>\n\t\t\t\t<\/span><span class='av-structured-data'  itemprop=\"author\" itemscope=\"itemscope\" itemtype=\"https:\/\/schema.org\/Person\" ><span itemprop='name'>Fanny Demichelis<\/span><\/span><span class='av-structured-data'  itemprop=\"datePublished\" datetime=\"2011-01-06T12:37:21+01:00\" >2015-02-09 10:58:31<\/span><span class='av-structured-data'  itemprop=\"dateModified\" itemtype=\"https:\/\/schema.org\/dateModified\" >2021-05-31 11:59:39<\/span><span class='av-structured-data'  itemprop=\"mainEntityOfPage\" itemtype=\"https:\/\/schema.org\/mainEntityOfPage\" ><span itemprop='name'>Trafficking Bolabola Rosewood, 2015<\/span><\/span><\/span><\/article><\/div><div class='slide-entry-wrap'><article class='slide-entry flex_column  post-entry post-entry-160565 slide-entry-overview slide-loop-7 slide-parity-odd  av_fullwidth first real-thumbnail'  itemscope=\"itemscope\" itemtype=\"https:\/\/schema.org\/CreativeWork\" ><a href='https:\/\/agencevu.com\/en\/serie\/central-african-republic-the-wages-of-fear-2014\/' data-rel='slide-3' class='slide-image' title=''><img width=\"435\" height=\"290\" src=\"https:\/\/agencevu.com\/wp-content\/uploads\/2019\/12\/00_ZUM21351-2014CL35.jpg\" class=\"wp-image-44002 avia-img-lazy-loading-44002 attachment-large size-large wp-post-image\" alt=\"\" loading=\"lazy\" srcset=\"https:\/\/agencevu.com\/wp-content\/uploads\/2019\/12\/00_ZUM21351-2014CL35.jpg 435w, https:\/\/agencevu.com\/wp-content\/uploads\/2019\/12\/00_ZUM21351-2014CL35-80x53.jpg 80w, https:\/\/agencevu.com\/wp-content\/uploads\/2019\/12\/00_ZUM21351-2014CL35-300x200.jpg 300w\" sizes=\"(max-width: 435px) 100vw, 435px\" \/><\/a><div class='slide-content'><header class=\"entry-content-header\"><span class=\"blog-categories minor-meta\"> <a href=\"https:\/\/agencevu.com\/en\/photographer\/michael-zumstein\/\" rel=\"tag\">Micha\u00ebl Zumstein<\/a> <a href=\"https:\/\/agencevu.com\/en\/section_taxonomy\/series\/\" rel=\"tag\">s\u00e9ries<\/a> <\/span><h3 class='slide-entry-title entry-title'  itemprop=\"headline\" ><a href='https:\/\/agencevu.com\/en\/serie\/central-african-republic-the-wages-of-fear-2014\/' title='Central African Republic, The Wages of Fear, 2014'>Central African Republic, The Wages of Fear, 2014<\/a><\/h3><span class=\"av-vertical-delimiter\"><\/span><\/header><div class='slide-entry-excerpt entry-content'  itemprop=\"text\" ><span class=\"tag-extrait\">Serie | <\/span> In Central African Republic, torn appart by the conflict beetween Christians and Muslims, diamonds production decreased sightly. Dispite the dissolution of the Seleka, a muslim coalition opposed to the former president Fran\u00e7ois Boziz\u00e9, mining still fuels the conflict. <\/div><\/div><footer class=\"entry-footer\"><div class='slide-meta'><time class='slide-meta-time updated'  itemprop=\"datePublished\" datetime=\"2014-10-31T12:17:15+01:00\" >31 October 2014<\/time><\/div><\/footer><span class='hidden'>\n\t\t\t\t<span class='av-structured-data'  itemprop=\"image\" itemscope=\"itemscope\" itemtype=\"https:\/\/schema.org\/ImageObject\" >\n\t\t\t\t\t\t<span itemprop='url'>https:\/\/agencevu.com\/wp-content\/uploads\/2019\/12\/00_ZUM21351-2014CL35.jpg<\/span>\n\t\t\t\t\t\t<span itemprop='height'>290<\/span>\n\t\t\t\t\t\t<span itemprop='width'>435<\/span>\n\t\t\t\t<\/span>\n\t\t\t\t<span class='av-structured-data'  itemprop=\"publisher\" itemtype=\"https:\/\/schema.org\/Organization\" itemscope=\"itemscope\" >\n\t\t\t\t\t\t<span itemprop='name'>Editorial<\/span>\n\t\t\t\t\t\t<span itemprop='logo' itemscope itemtype='https:\/\/schema.org\/ImageObject'>\n\t\t\t\t\t\t\t<span itemprop='url'>\/wp-content\/uploads\/2021\/05\/logo-vert-2.svg<\/span>\n\t\t\t\t\t\t <\/span>\n\t\t\t\t<\/span><span class='av-structured-data'  itemprop=\"author\" itemscope=\"itemscope\" itemtype=\"https:\/\/schema.org\/Person\" ><span itemprop='name'>Editorial<\/span><\/span><span class='av-structured-data'  itemprop=\"datePublished\" datetime=\"2011-01-06T12:37:21+01:00\" >2014-10-31 12:17:15<\/span><span class='av-structured-data'  itemprop=\"dateModified\" itemtype=\"https:\/\/schema.org\/dateModified\" >2021-05-31 12:21:02<\/span><span class='av-structured-data'  itemprop=\"mainEntityOfPage\" itemtype=\"https:\/\/schema.org\/mainEntityOfPage\" ><span itemprop='name'>Central African Republic, The Wages of Fear, 2014<\/span><\/span><\/span><\/article><\/div><div class='slide-entry-wrap'><article class='slide-entry flex_column  post-entry post-entry-44844 slide-entry-overview slide-loop-8 slide-parity-odd  av_fullwidth first real-thumbnail'  itemscope=\"itemscope\" itemtype=\"https:\/\/schema.org\/CreativeWork\" ><a href='https:\/\/agencevu.com\/en\/serie\/crisis-in-central-african-republic-2014\/' data-rel='slide-3' class='slide-image' title=''><img width=\"435\" height=\"290\" src=\"https:\/\/agencevu.com\/wp-content\/uploads\/2019\/12\/00_09_ZUM19931-2013CL160.jpg\" class=\"wp-image-44811 avia-img-lazy-loading-44811 attachment-large size-large wp-post-image\" alt=\"\" loading=\"lazy\" srcset=\"https:\/\/agencevu.com\/wp-content\/uploads\/2019\/12\/00_09_ZUM19931-2013CL160.jpg 435w, https:\/\/agencevu.com\/wp-content\/uploads\/2019\/12\/00_09_ZUM19931-2013CL160-80x53.jpg 80w, https:\/\/agencevu.com\/wp-content\/uploads\/2019\/12\/00_09_ZUM19931-2013CL160-300x200.jpg 300w\" sizes=\"(max-width: 435px) 100vw, 435px\" \/><\/a><div class='slide-content'><header class=\"entry-content-header\"><span class=\"blog-categories minor-meta\"> <a href=\"https:\/\/agencevu.com\/en\/photographer\/michael-zumstein\/\" rel=\"tag\">Micha\u00ebl Zumstein<\/a> <a href=\"https:\/\/agencevu.com\/en\/section_taxonomy\/series\/\" rel=\"tag\">s\u00e9ries<\/a> <\/span><h3 class='slide-entry-title entry-title'  itemprop=\"headline\" ><a href='https:\/\/agencevu.com\/en\/serie\/crisis-in-central-african-republic-2014\/' title='Crisis in Central African Republic, 2014'>Crisis in Central African Republic, 2014<\/a><\/h3><span class=\"av-vertical-delimiter\"><\/span><\/header><div class='slide-entry-excerpt entry-content'  itemprop=\"text\" ><span class=\"tag-extrait\">Serie | <\/span> In 2013, the Central African Republic found itself plunged into an unprecedented spiral of deadly violence since the overthrow of President Fran\u00e7ois Boziz\u00e9's regime by the Sel\u00e9ka rebels, a coalition from the northeast of the country. <\/div><\/div><footer class=\"entry-footer\"><div class='slide-meta'><time class='slide-meta-time updated'  itemprop=\"datePublished\" datetime=\"2014-04-09T10:31:56+02:00\" >9 April 2014<\/time><\/div><\/footer><span class='hidden'>\n\t\t\t\t<span class='av-structured-data'  itemprop=\"image\" itemscope=\"itemscope\" itemtype=\"https:\/\/schema.org\/ImageObject\" >\n\t\t\t\t\t\t<span itemprop='url'>https:\/\/agencevu.com\/wp-content\/uploads\/2019\/12\/00_09_ZUM19931-2013CL160.jpg<\/span>\n\t\t\t\t\t\t<span itemprop='height'>290<\/span>\n\t\t\t\t\t\t<span itemprop='width'>435<\/span>\n\t\t\t\t<\/span>\n\t\t\t\t<span class='av-structured-data'  itemprop=\"publisher\" itemtype=\"https:\/\/schema.org\/Organization\" itemscope=\"itemscope\" >\n\t\t\t\t\t\t<span itemprop='name'>Fanny Demichelis<\/span>\n\t\t\t\t\t\t<span itemprop='logo' itemscope itemtype='https:\/\/schema.org\/ImageObject'>\n\t\t\t\t\t\t\t<span itemprop='url'>\/wp-content\/uploads\/2021\/05\/logo-vert-2.svg<\/span>\n\t\t\t\t\t\t <\/span>\n\t\t\t\t<\/span><span class='av-structured-data'  itemprop=\"author\" itemscope=\"itemscope\" itemtype=\"https:\/\/schema.org\/Person\" ><span itemprop='name'>Fanny Demichelis<\/span><\/span><span class='av-structured-data'  itemprop=\"datePublished\" datetime=\"2011-01-06T12:37:21+01:00\" >2014-04-09 10:31:56<\/span><span class='av-structured-data'  itemprop=\"dateModified\" itemtype=\"https:\/\/schema.org\/dateModified\" >2021-05-31 12:08:38<\/span><span class='av-structured-data'  itemprop=\"mainEntityOfPage\" itemtype=\"https:\/\/schema.org\/mainEntityOfPage\" ><span itemprop='name'>Crisis in Central African Republic, 2014<\/span><\/span><\/span><\/article><\/div><div class='slide-entry-wrap'><article class='slide-entry flex_column  post-entry post-entry-44846 slide-entry-overview slide-loop-9 slide-parity-odd  post-entry-last  av_fullwidth first real-thumbnail'  itemscope=\"itemscope\" itemtype=\"https:\/\/schema.org\/CreativeWork\" ><a href='https:\/\/agencevu.com\/en\/serie\/two-presidents-for-one-country-2011\/' data-rel='slide-3' class='slide-image' title=''><img width=\"436\" height=\"290\" src=\"https:\/\/agencevu.com\/wp-content\/uploads\/2019\/12\/00_ZUM17693-2011CL72.jpg\" class=\"wp-image-43353 avia-img-lazy-loading-43353 attachment-large size-large wp-post-image\" alt=\"\" loading=\"lazy\" srcset=\"https:\/\/agencevu.com\/wp-content\/uploads\/2019\/12\/00_ZUM17693-2011CL72.jpg 436w, https:\/\/agencevu.com\/wp-content\/uploads\/2019\/12\/00_ZUM17693-2011CL72-80x53.jpg 80w, https:\/\/agencevu.com\/wp-content\/uploads\/2019\/12\/00_ZUM17693-2011CL72-300x200.jpg 300w\" sizes=\"(max-width: 436px) 100vw, 436px\" \/><\/a><div class='slide-content'><header class=\"entry-content-header\"><span class=\"blog-categories minor-meta\"> <a href=\"https:\/\/agencevu.com\/en\/photographer\/michael-zumstein\/\" rel=\"tag\">Micha\u00ebl Zumstein<\/a> <a href=\"https:\/\/agencevu.com\/en\/section_taxonomy\/series\/\" rel=\"tag\">s\u00e9ries<\/a> <\/span><h3 class='slide-entry-title entry-title'  itemprop=\"headline\" ><a href='https:\/\/agencevu.com\/en\/serie\/two-presidents-for-one-country-2011\/' title='Two presidents for one country, 2011'>Two presidents for one country, 2011<\/a><\/h3><span class=\"av-vertical-delimiter\"><\/span><\/header><div class='slide-entry-excerpt entry-content'  itemprop=\"text\" ><span class=\"tag-extrait\">S\u00e9rie | <\/span> The 2010-2011 Ivorian crisis is a political crisis that emerged after the second round of the 2010 Ivorian presidential election, the first election whose outcome led to an electoral dispute following a suspicion of fraud.\r\n<\/div><\/div><footer class=\"entry-footer\"><div class='slide-meta'><time class='slide-meta-time updated'  itemprop=\"datePublished\" datetime=\"2011-01-06T12:37:21+01:00\" >6 January 2011<\/time><\/div><\/footer><span class='hidden'>\n\t\t\t\t<span class='av-structured-data'  itemprop=\"image\" itemscope=\"itemscope\" itemtype=\"https:\/\/schema.org\/ImageObject\" >\n\t\t\t\t\t\t<span itemprop='url'>https:\/\/agencevu.com\/wp-content\/uploads\/2019\/12\/00_ZUM17693-2011CL72.jpg<\/span>\n\t\t\t\t\t\t<span itemprop='height'>290<\/span>\n\t\t\t\t\t\t<span itemprop='width'>436<\/span>\n\t\t\t\t<\/span>\n\t\t\t\t<span class='av-structured-data'  itemprop=\"publisher\" itemtype=\"https:\/\/schema.org\/Organization\" itemscope=\"itemscope\" >\n\t\t\t\t\t\t<span itemprop='name'>Fanny Demichelis<\/span>\n\t\t\t\t\t\t<span itemprop='logo' itemscope itemtype='https:\/\/schema.org\/ImageObject'>\n\t\t\t\t\t\t\t<span itemprop='url'>\/wp-content\/uploads\/2021\/05\/logo-vert-2.svg<\/span>\n\t\t\t\t\t\t <\/span>\n\t\t\t\t<\/span><span class='av-structured-data'  itemprop=\"author\" itemscope=\"itemscope\" itemtype=\"https:\/\/schema.org\/Person\" ><span itemprop='name'>Fanny Demichelis<\/span><\/span><span class='av-structured-data'  itemprop=\"datePublished\" datetime=\"2011-01-06T12:37:21+01:00\" >2011-01-06 12:37:21<\/span><span class='av-structured-data'  itemprop=\"dateModified\" itemtype=\"https:\/\/schema.org\/dateModified\" >2021-05-31 16:38:31<\/span><span class='av-structured-data'  itemprop=\"mainEntityOfPage\" itemtype=\"https:\/\/schema.org\/mainEntityOfPage\" ><span itemprop='name'>Two presidents for one country, 2011<\/span><\/span><\/span><\/article><\/div><\/div><\/div>\n\n<div id='multimedia'  class='avia-section main_color avia-section-small avia-no-border-styling  avia-bg-style-scroll  avia-builder-el-0  el_before_av_submenu  avia-builder-el-first   container_wrap fullsize' style=' '  ><div class='container' ><main  role=\"main\" itemprop=\"mainContentOfPage\"  class='template-page content  av-content-full alpha units'><div class='post-entry post-entry-type-page post-entry-133692'><div class='entry-content-wrapper clearfix'>\n<section class=\"av_textblock_section \"  itemscope=\"itemscope\" itemtype=\"https:\/\/schema.org\/CreativeWork\" ><div class='avia_textblock  '  style='font-size:20px; '  itemprop=\"text\" ><p id=\"multimedia\" style=\"color: #707070; letter-spacing: 1.5px; text-transform: uppercase;\">videos<\/p>\n<hr class=\"hr-titre-page\">\n<\/div><\/section>\n<div class=\"flex_column av_one_half  flex_column_div av-zero-column-padding first  \" style='border-radius:0px; '><p><div  class='avia-video avia-video-16-9   av-lazyload-immediate  av-lazyload-video-embed  '   itemprop=\"video\" itemtype=\"https:\/\/schema.org\/VideoObject\"  data-original_url='https:\/\/youtu.be\/nP5i4NE_53E' ><script type='text\/html' class='av-video-tmpl'><div class='avia-iframe-wrap'><iframe title=\"Il faut ramener albert (trailer) by Micha\u00ebl Zumstein\" width=\"1500\" height=\"844\" src=\"https:\/\/www.youtube.com\/embed\/nP5i4NE_53E?feature=oembed&autoplay=0&loop=0&controls=1&mute=0\" frameborder=\"0\" allow=\"accelerometer; autoplay; clipboard-write; encrypted-media; gyroscope; picture-in-picture; web-share\" referrerpolicy=\"strict-origin-when-cross-origin\" allowfullscreen><\/iframe><\/div><\/script><div class='av-click-to-play-overlay'><div class=\"avia_playpause_icon\"><\/div><\/div><\/div><br \/>\n<section class=\"av_textblock_section \"  itemscope=\"itemscope\" itemtype=\"https:\/\/schema.org\/CreativeWork\" ><div class='avia_textblock  '   itemprop=\"text\" ><p><strong>Il faut ramener Albert, 2022<\/strong><\/p>\n<\/div><\/section><br \/>\n<section class=\"av_textblock_section \"  itemscope=\"itemscope\" itemtype=\"https:\/\/schema.org\/CreativeWork\" ><div class='avia_textblock  '   itemprop=\"text\" ><p>Roger, Colette et Nicole se lancent avec d\u00e9termination dans une mission impossible : ramener en France le cercueil de leur grand fr\u00e8re ador\u00e9, mort en 1944 et enterr\u00e9 dans un cimeti\u00e8re militaire \u00e0 Oran.&nbsp;Pour cela, il va falloir surmonter l\u2019enfer administratif et, \u00e0 plus de 90 ans, apprendre \u00e0 dompter le num\u00e9rique avec Siri, SMS, emails et tablette. Pour le meilleur et pour la vie.<\/p>\n<\/div><\/section><\/p><\/div><div class=\"flex_column av_one_half  flex_column_div av-zero-column-padding   \" style='border-radius:0px; '><p><div  class='avia-video avia-video-16-9   av-lazyload-immediate  av-lazyload-video-embed  '   itemprop=\"video\" itemtype=\"https:\/\/schema.org\/VideoObject\"  data-original_url='https:\/\/vimeo.com\/423584149' ><script type='text\/html' class='av-video-tmpl'><div class='avia-iframe-wrap'><iframe title=\"BA Une Caravane en hiver\" src=\"https:\/\/player.vimeo.com\/video\/423584149?dnt=1&amp;app_id=122963&autoplay=0&loop=0&controls=1&muted=0\" width=\"1500\" height=\"844\" frameborder=\"0\" allow=\"autoplay; fullscreen; picture-in-picture; clipboard-write\"><\/iframe><\/div><\/script><div class='av-click-to-play-overlay'><div class=\"avia_playpause_icon\"><\/div><\/div><\/div><br \/>\n<section class=\"av_textblock_section \"  itemscope=\"itemscope\" itemtype=\"https:\/\/schema.org\/CreativeWork\" ><div class='avia_textblock  '   itemprop=\"text\" ><p><strong>Une caravane en hiver, 2020<\/strong><\/p>\n<\/div><\/section><br \/>\n<section class=\"av_textblock_section \"  itemscope=\"itemscope\" itemtype=\"https:\/\/schema.org\/CreativeWork\" ><div class='avia_textblock  '   itemprop=\"text\" ><p>Dans une petite ville du sud marocain, abrite\u0301s entre les murs d\u2019un camping, des retraite\u0301s modestes s\u2019installent tous les hivers. Pour la premie\u0300re fois, ils prennent le temps de vivre et pensent e\u0301chapper a\u0300 une France qu\u2019ils ne comprennent plus. Entre Maroc fantasme\u0301 et Marocain imagine\u0301, ils tentent l\u2019aventure. \u00c0 quelques me\u0300tres d\u2019eux, un jeune ouvrier marocain s\u2019e\u0301chappe de sa condition, porte\u0301 par son apprentissage de la musique classique.<\/p>\n<\/div><\/section><\/p><\/div><div class=\"flex_column av_one_half  flex_column_div av-zero-column-padding first  \" style='border-radius:0px; '><p><div  class='avia-video avia-video-16-9   av-lazyload-immediate  av-lazyload-video-embed  '   itemprop=\"video\" itemtype=\"https:\/\/schema.org\/VideoObject\"  data-original_url='https:\/\/vimeo.com\/459290900' ><script type='text\/html' class='av-video-tmpl'><div class='avia-iframe-wrap'><iframe title=\"Teaser - Le tribunal militaire contre la police\" src=\"https:\/\/player.vimeo.com\/video\/459290900?dnt=1&amp;app_id=122963&autoplay=0&loop=0&controls=1&muted=0\" width=\"1500\" height=\"844\" frameborder=\"0\" allow=\"autoplay; fullscreen; picture-in-picture; clipboard-write\"><\/iframe><\/div><\/script><div class='av-click-to-play-overlay'><div class=\"avia_playpause_icon\"><\/div><\/div><\/div><br \/>\n<section class=\"av_textblock_section \"  itemscope=\"itemscope\" itemtype=\"https:\/\/schema.org\/CreativeWork\" ><div class='avia_textblock  '   itemprop=\"text\" ><p><strong>C\u00f4te d\u2019Ivoire : le tribunal militaire contre la police, 2020<\/strong><\/p>\n<\/div><\/section><br \/>\n<section class=\"av_textblock_section \"  itemscope=\"itemscope\" itemtype=\"https:\/\/schema.org\/CreativeWork\" ><div class='avia_textblock  '   itemprop=\"text\" ><p>La C\u00f4te d\u2019Ivoire tente de se d\u00e9barrasser de la corruption ordinaire qui gangr\u00e8ne la soci\u00e9t\u00e9 ivoirienne. A Abidjan, comme dans le reste du pays, le racket pratiqu\u00e9 par les forces de l\u2019ordre pourrit la vie des Ivoiriens.<br \/>\nH\u00e9ritage des conflits de ces 20 derni\u00e8res ann\u00e9es, les routes sont parsem\u00e9es de barrages o\u00f9 les policiers pr\u00e9l\u00e8vent de l\u2019argent aux camions de marchandises, aux bus et aux particuliers. La totalit\u00e9 du trafic commercial se faisant par la route, le racket g\u00e9n\u00e8re des sommes colossales, une \u00e9conomie parall\u00e8le qui \u00e9chappe aux caisses de l\u2019Etat.<\/p>\n<\/div><\/section><\/p><\/div><div class=\"flex_column av_one_half  flex_column_div av-zero-column-padding   \" style='border-radius:0px; '><p><div  class='avia-video avia-video-16-9   av-lazyload-immediate  av-lazyload-video-embed  '   itemprop=\"video\" itemtype=\"https:\/\/schema.org\/VideoObject\"  data-original_url='https:\/\/vimeo.com\/67240012' ><script type='text\/html' class='av-video-tmpl'><div class='avia-iframe-wrap'><iframe title=\"BONS AMIS - Ivory Coast\" src=\"https:\/\/player.vimeo.com\/video\/67240012?dnt=1&amp;app_id=122963&autoplay=0&loop=0&controls=1&muted=0\" width=\"960\" height=\"540\" frameborder=\"0\" allow=\"autoplay; fullscreen; picture-in-picture; clipboard-write\"><\/iframe><\/div><\/script><div class='av-click-to-play-overlay'><div class=\"avia_playpause_icon\"><\/div><\/div><\/div><br \/>\n<section class=\"av_textblock_section \"  itemscope=\"itemscope\" itemtype=\"https:\/\/schema.org\/CreativeWork\" ><div class='avia_textblock  '   itemprop=\"text\" ><p><strong>Bons amis, 2013<\/strong><\/p>\n<\/div><\/section><br \/>\n<section class=\"av_textblock_section \"  itemscope=\"itemscope\" itemtype=\"https:\/\/schema.org\/CreativeWork\" ><div class='avia_textblock  '   itemprop=\"text\" ><p>Enqu\u00eate, interviews, portraits,&nbsp;<em>Bons Amis<\/em>&nbsp;a pour ambition d\u2019approfondir la d\u00e9licate question de la r\u00e9conciliation en C\u00f4te d\u2019Ivoire et de documenter les enjeux d\u2019une m\u00e9moire apais\u00e9e pour un pays majeur d\u2019Afrique de l\u2019ouest.<\/p>\n<p>Au lendemain de la chute de Laurent Gbagbo, Alassane Ouattara, le pr\u00e9sident nouvellement \u00e9lu, confiait \u00e0 des journalistes&nbsp;: \u201cReconstruire la C\u00f4te d\u2019Ivoire ne sera pas difficile (\u2026). Mais parvenir \u00e0 r\u00e9concilier les Ivoiriens avec eux-m\u00eames le sera beaucoup plus\u201d.<\/p>\n<\/div><\/section><\/p><\/div><div class=\"flex_column av_one_half  flex_column_div av-zero-column-padding first  \" style='border-radius:0px; '><p><div  class='avia-video avia-video-16-9   av-lazyload-immediate  av-lazyload-video-embed  '   itemprop=\"video\" itemtype=\"https:\/\/schema.org\/VideoObject\"  data-original_url='https:\/\/vimeo.com\/77390478' ><script type='text\/html' class='av-video-tmpl'><div class='avia-iframe-wrap'><iframe title=\"With the christians of Chad\" src=\"https:\/\/player.vimeo.com\/video\/77390478?dnt=1&amp;app_id=122963&autoplay=0&loop=0&controls=1&muted=0\" width=\"1500\" height=\"844\" frameborder=\"0\" allow=\"autoplay; fullscreen; picture-in-picture; clipboard-write\"><\/iframe><\/div><\/script><div class='av-click-to-play-overlay'><div class=\"avia_playpause_icon\"><\/div><\/div><\/div><br \/>\n<section class=\"av_textblock_section \"  itemscope=\"itemscope\" itemtype=\"https:\/\/schema.org\/CreativeWork\" ><div class='avia_textblock  '   itemprop=\"text\" ><p><strong>Avec les chr\u00e9tiens du Tchad, 2012<\/strong><\/p>\n<\/div><\/section><br \/>\n<section class=\"av_textblock_section \"  itemscope=\"itemscope\" itemtype=\"https:\/\/schema.org\/CreativeWork\" ><div class='avia_textblock  '   itemprop=\"text\" ><p><strong>Client&nbsp;:&nbsp;<\/strong>P\u00e8lerin Magazine<\/p>\n<hr>\n<p class=\"Corps\">Reportage au Tchad sur la vie quotidienne de la communaut\u00e9 chr\u00e9tienne dans la r\u00e9gion du Mont Guera.<\/p>\n<\/div><\/section><\/p><\/div><div class=\"flex_column av_one_half  flex_column_div av-zero-column-padding   \" style='border-radius:0px; '><p><div  class='avia-video avia-video-16-9   av-lazyload-immediate  av-lazyload-video-embed  '   itemprop=\"video\" itemtype=\"https:\/\/schema.org\/VideoObject\"  data-original_url='https:\/\/vimeo.com\/77392468' ><script type='text\/html' class='av-video-tmpl'><div class='avia-iframe-wrap'><iframe title=\"3 batonnets\" src=\"https:\/\/player.vimeo.com\/video\/77392468?dnt=1&amp;app_id=122963&autoplay=0&loop=0&controls=1&muted=0\" width=\"1500\" height=\"844\" frameborder=\"0\" allow=\"autoplay; fullscreen; picture-in-picture; clipboard-write\"><\/iframe><\/div><\/script><div class='av-click-to-play-overlay'><div class=\"avia_playpause_icon\"><\/div><\/div><\/div><br \/>\n<section class=\"av_textblock_section \"  itemscope=\"itemscope\" itemtype=\"https:\/\/schema.org\/CreativeWork\" ><div class='avia_textblock  '   itemprop=\"text\" ><p><strong>3 b\u00e2tonnets, 2012<\/strong><\/p>\n<\/div><\/section><br \/>\n<section class=\"av_textblock_section \"  itemscope=\"itemscope\" itemtype=\"https:\/\/schema.org\/CreativeWork\" ><div class='avia_textblock  '   itemprop=\"text\" ><p><strong>Client&nbsp;:&nbsp;<\/strong>P\u00e8lerin Magazine<\/p>\n<hr>\n<p class=\"Corps\">Reportage au Tchad sur la vie quotidienne de la communaut\u00e9 chr\u00e9tienne dans la r\u00e9gion du Mont Guera.<\/p>\n<\/div><\/section><\/p><\/div>\n\n<\/div><\/div><\/main><!-- close content main element --><\/div><\/div><div id='interview'  class='avia-section main_color avia-section-small avia-no-border-styling  avia-bg-style-scroll   container_wrap fullsize' style=' '  ><div class='container' ><div class='template-page content  av-content-full alpha units'><div class='post-entry post-entry-type-page post-entry-133692'><div class='entry-content-wrapper clearfix'>\n<section class=\"av_textblock_section \"  itemscope=\"itemscope\" itemtype=\"https:\/\/schema.org\/CreativeWork\" ><div class='avia_textblock  '  style='font-size:20px; '  itemprop=\"text\" ><p id=\"interview\" style=\"color: #707070; letter-spacing: 1.5px; text-transform: uppercase;\">Interviews<\/p>\n<hr class=\"hr-titre-page\">\n<\/div><\/section>\n<div class=\"flex_column av_one_third  flex_column_div av-zero-column-padding first  \" style='border-radius:0px; '><p><div  class='avia-image-container  av-styling-    avia-align-center '  itemprop=\"image\" itemscope=\"itemscope\" itemtype=\"https:\/\/schema.org\/ImageObject\"  ><div class='avia-image-container-inner'><div class='avia-image-overlay-wrap'><a href=\"https:\/\/www.nouvelobs.com\/photo\/20140829.OBS7627\/centrafrique-le-sang-n-est-pas-la-preuve-que-la-photo-est-bonne.html?xtor=RSS-17\" class='avia_image' target=\"_blank\" rel=\"noopener noreferrer\"><img width=\"435\" height=\"290\" class='wp-image-191554 avia-img-lazy-loading-not-191554 avia_image' src=\"https:\/\/agencevu.com\/wp-content\/uploads\/2022\/11\/18_Aka_Zidane_Zumstein-1.jpg\" alt='' title='18_Aka_Zidane_Zumstein'  itemprop=\"thumbnailUrl\" srcset=\"https:\/\/agencevu.com\/wp-content\/uploads\/2022\/11\/18_Aka_Zidane_Zumstein-1.jpg 435w, https:\/\/agencevu.com\/wp-content\/uploads\/2022\/11\/18_Aka_Zidane_Zumstein-1-300x200.jpg 300w, https:\/\/agencevu.com\/wp-content\/uploads\/2022\/11\/18_Aka_Zidane_Zumstein-1-80x53.jpg 80w\" sizes=\"(max-width: 435px) 100vw, 435px\" \/><\/a><\/div><\/div><\/div><br \/>\n<section class=\"av_textblock_section \"  itemscope=\"itemscope\" itemtype=\"https:\/\/schema.org\/CreativeWork\" ><div class='avia_textblock  '   itemprop=\"text\" ><p><em>&#8220;Aka Zidane&#8221;, un photoreportage sur les maillots de foot en Afrique<\/em><br \/>\n<strong>TV5Monde<\/strong><br \/>\n\u2014<br \/>\nInterview on the TV channel TV5Monde, 2022<\/p>\n<p>A meeting with the photographer Michael Zumstein about his photographic work which has been assembled in his book Aka Zidane, published by Images Plurielles earlier this year.<\/p>\n<\/div><\/section><br \/>\n<div  class='avia-button-wrap avia-button-left ' ><a href='https:\/\/information.tv5monde.com\/video\/aka-zidane-un-photoreportage-sur-les-maillots-de-foot-en-afrique' class='avia-button  avia-color-theme-color-highlight   avia-icon_select-no avia-size-small avia-position-left ' target=\"_blank\" rel=\"noopener noreferrer\"><span class='avia_iconbox_title' >Read<\/span><\/a><\/div><\/p><\/div><div class=\"flex_column av_one_third  flex_column_div av-zero-column-padding   \" style='border-radius:0px; '><p><div  class='avia-video avia-video-16-9   av-lazyload-immediate  av-lazyload-video-embed  '   itemprop=\"video\" itemtype=\"https:\/\/schema.org\/VideoObject\"  data-original_url='https:\/\/vimeo.com\/326606992' ><script type='text\/html' class='av-video-tmpl'><div class='avia-iframe-wrap'><iframe title=\"Swiss Press Photo 19 \u2013 F \u2013 Micha\u00ebl Zumstein \u2014 Gagnant \u00e9tranger\" src=\"https:\/\/player.vimeo.com\/video\/326606992?dnt=1&amp;app_id=122963&autoplay=0&loop=0&controls=1&muted=0\" width=\"1500\" height=\"844\" frameborder=\"0\" allow=\"autoplay; fullscreen; picture-in-picture; clipboard-write\"><\/iframe><\/div><\/script><div class='av-click-to-play-overlay'><div class=\"avia_playpause_icon\"><\/div><\/div><\/div><br \/>\n<section class=\"av_textblock_section \"  itemscope=\"itemscope\" itemtype=\"https:\/\/schema.org\/CreativeWork\" ><div class='avia_textblock  '   itemprop=\"text\" ><p><em>La vie apr\u00e8s Boko Haram<\/em><br \/>\n<strong>Swiss Press Photo<\/strong><br \/>\n\u2014<br \/>\n2019<\/p>\n<p>Interview with Micha\u00ebl Zumstein who went to Niger, in Goudoumaria, for a report on a center that welcomes the repentant of Boko Haram. In this centre, attempts are being made to reintegrate repentant fighters from the Islamist terrorist sect. Some prefer to remain anonymous, and others show their faces. There is also a section reserved for women.<\/p>\n<\/div><\/section><\/p><\/div><div class=\"flex_column av_one_third  flex_column_div av-zero-column-padding   \" style='border-radius:0px; '><p><div  class='avia-video avia-video-16-9   av-lazyload-immediate  av-lazyload-video-embed  '   itemprop=\"video\" itemtype=\"https:\/\/schema.org\/VideoObject\"  data-original_url='https:\/\/www.youtube.com\/watch?v=2l3K8uIDS1Y' ><script type='text\/html' class='av-video-tmpl'><div class='avia-iframe-wrap'><iframe title=\"&quot;Une photo, un auteur&quot; avec Michael Zumstein (3\/5)\" width=\"1500\" height=\"844\" src=\"https:\/\/www.youtube.com\/embed\/2l3K8uIDS1Y?feature=oembed&autoplay=0&loop=0&controls=1&mute=0\" frameborder=\"0\" allow=\"accelerometer; autoplay; clipboard-write; encrypted-media; gyroscope; picture-in-picture; web-share\" referrerpolicy=\"strict-origin-when-cross-origin\" allowfullscreen><\/iframe><\/div><\/script><div class='av-click-to-play-overlay'><div class=\"avia_playpause_icon\"><\/div><\/div><\/div><br \/>\n<section class=\"av_textblock_section \"  itemscope=\"itemscope\" itemtype=\"https:\/\/schema.org\/CreativeWork\" ><div class='avia_textblock  '   itemprop=\"text\" ><p><em>Une photo, un auteur<\/em><br \/>\n<strong>Visa pour l&#8217;Image<\/strong><br \/>\n\u2014<br \/>\n2014<\/p>\n<p>At Visa pour l\u2019Image, Micha\u00ebl Zumstein presents his work in the exhibition \u201cCentrafrique. Of terror and tears\u201d. Ten days after the attack launched by anti-Balaka militiamen on Bangui, Michael Zumstein met with young Christian rebels.<\/p>\n<\/div><\/section><\/p><\/div><div class=\"flex_column av_one_third  flex_column_div av-zero-column-padding first  \" style='border-radius:0px; '><p><div  class='avia-image-container  av-styling-    avia-align-center '  itemprop=\"image\" itemscope=\"itemscope\" itemtype=\"https:\/\/schema.org\/ImageObject\"  ><div class='avia-image-container-inner'><div class='avia-image-overlay-wrap'><a href=\"https:\/\/www.nouvelobs.com\/photo\/20140829.OBS7627\/centrafrique-le-sang-n-est-pas-la-preuve-que-la-photo-est-bonne.html?xtor=RSS-17\" class='avia_image' target=\"_blank\" rel=\"noopener noreferrer\"><img width=\"1620\" height=\"1080\" class='wp-image-42644 avia-img-lazy-loading-not-42644 avia_image' src=\"https:\/\/agencevu.com\/wp-content\/uploads\/2019\/12\/2014_LOBS_Centrafrique-copie.jpg\" alt='' title='Crisis in Central African Republic \/ Crise en R\u00c8publique Centrafricaine (Part II)'  itemprop=\"thumbnailUrl\" srcset=\"https:\/\/agencevu.com\/wp-content\/uploads\/2019\/12\/2014_LOBS_Centrafrique-copie.jpg 1620w, https:\/\/agencevu.com\/wp-content\/uploads\/2019\/12\/2014_LOBS_Centrafrique-copie-80x53.jpg 80w, https:\/\/agencevu.com\/wp-content\/uploads\/2019\/12\/2014_LOBS_Centrafrique-copie-300x200.jpg 300w, https:\/\/agencevu.com\/wp-content\/uploads\/2019\/12\/2014_LOBS_Centrafrique-copie-768x512.jpg 768w, https:\/\/agencevu.com\/wp-content\/uploads\/2019\/12\/2014_LOBS_Centrafrique-copie-1030x687.jpg 1030w, https:\/\/agencevu.com\/wp-content\/uploads\/2019\/12\/2014_LOBS_Centrafrique-copie-1500x1000.jpg 1500w, https:\/\/agencevu.com\/wp-content\/uploads\/2019\/12\/2014_LOBS_Centrafrique-copie-705x470.jpg 705w, https:\/\/agencevu.com\/wp-content\/uploads\/2019\/12\/2014_LOBS_Centrafrique-copie-450x300.jpg 450w\" sizes=\"(max-width: 1620px) 100vw, 1620px\" \/><\/a><\/div><\/div><\/div><br \/>\n<section class=\"av_textblock_section \"  itemscope=\"itemscope\" itemtype=\"https:\/\/schema.org\/CreativeWork\" ><div class='avia_textblock  '   itemprop=\"text\" ><p><em>Micha\u00ebl Zumstein \u00e0 Visa pour l&#8217;Image<\/em><br \/>\n<strong>L&#8217;Obs<\/strong><br \/>\n\u2014<br \/>\nInterview by Tancr\u00e8de Bonora, 2014<\/p>\n<p>On the occasion of the Visa pour l\u2019image de Perpignan festival, photojournalist Micha\u00ebl Zumstein looks back on his reports in Central Africa.<\/p>\n<\/div><\/section><br \/>\n<div  class='avia-button-wrap avia-button-center ' ><a href=''  class='avia-button  avia-color-theme-color   avia-icon_select-yes-left-icon avia-size-small avia-position-center '   ><span class='avia_button_icon avia_button_icon_left ' aria-hidden='true' data-av_icon='' data-av_iconfont='entypo-fontello'><\/span><span class='avia_iconbox_title' >Cliquez sur moi<\/span><\/a><\/div><\/p><\/div><div class=\"flex_column av_one_third  flex_column_div av-zero-column-padding   \" style='border-radius:0px; '><p><div  class='avia-video avia-video-16-9   av-lazyload-immediate  av-lazyload-video-embed  '   itemprop=\"video\" itemtype=\"https:\/\/schema.org\/VideoObject\"  data-original_url='https:\/\/www.dailymotion.com\/video\/x2513mn' ><script type='text\/html' class='av-video-tmpl'><div class='avia-iframe-wrap'><iframe title=\"Centrafrique de terreur et de larmes Micha\u00ebl Zumstein\" frameborder=\"0\" width=\"1500\" height=\"843\" src=\"https:\/\/geo.dailymotion.com\/player.html?video=x2513mn&\" allowfullscreen allow=\"autoplay; fullscreen; picture-in-picture; web-share\"><\/iframe><\/div><\/script><div class='av-click-to-play-overlay'><div class=\"avia_playpause_icon\"><\/div><\/div><\/div><br \/>\n<section class=\"av_textblock_section \"  itemscope=\"itemscope\" itemtype=\"https:\/\/schema.org\/CreativeWork\" ><div class='avia_textblock  '   itemprop=\"text\" ><p><em>Centrafrique de terreur et de larmes<\/em><br \/>\n<strong>France 3 Occitanie<\/strong><br \/>\n\u2014<br \/>\n2014<\/p>\n<p>In 2012, Micha\u00ebl Zumstein was in Central Africa at the heart of the conflict between Christian and Muslim militias. He spent 6 months in this country, moving from one camp to another in order to show the backstage.<\/p>\n<\/div><\/section><\/p><\/div><div class=\"flex_column av_one_third  flex_column_div av-zero-column-padding   \" style='border-radius:0px; '><p><div  class='avia-video avia-video-16-9   av-lazyload-immediate  av-lazyload-video-embed  '   itemprop=\"video\" itemtype=\"https:\/\/schema.org\/VideoObject\"  data-original_url='https:\/\/vimeo.com\/88609073' ><script type='text\/html' class='av-video-tmpl'><div class='avia-iframe-wrap'><iframe title=\"Dignity Interview: Michael Zumstein\" src=\"https:\/\/player.vimeo.com\/video\/88609073?dnt=1&amp;app_id=122963&autoplay=0&loop=0&controls=1&muted=0\" width=\"640\" height=\"424\" frameborder=\"0\" allow=\"autoplay; fullscreen; picture-in-picture; clipboard-write\"><\/iframe><\/div><\/script><div class='av-click-to-play-overlay'><div class=\"avia_playpause_icon\"><\/div><\/div><\/div><br \/>\n<section class=\"av_textblock_section \"  itemscope=\"itemscope\" itemtype=\"https:\/\/schema.org\/CreativeWork\" ><div class='avia_textblock  '   itemprop=\"text\" ><p><em>Dignit\u00e9<\/em><br \/>\n<strong>Elizabeth Kelly<\/strong><br \/>\n\u2014<br \/>\n2014<\/p>\n<p>Interview with photographer Micha\u00ebl Zumstein about his photo series documenting housing injustices in the rapidly growing city of Lagos, Nigeria. This video is one in a 6-part series of interviews with contributors to Dignity, a photographic exhibition sponsored by Amnesty International focused on humanitarian issues around the world.<\/p>\n<\/div><\/section><\/p><\/div><div class=\"flex_column av_one_third  flex_column_div av-zero-column-padding first  \" style='border-radius:0px; '><p><div  class='avia-video avia-video-16-9   av-lazyload-immediate  av-lazyload-video-embed  '   itemprop=\"video\" itemtype=\"https:\/\/schema.org\/VideoObject\"  data-original_url='https:\/\/vimeo.com\/375975285' ><script type='text\/html' class='av-video-tmpl'><div class='avia-iframe-wrap'><iframe title=\"Michael Zumstein -  C\u00f4te d&#039;Ivoire, la d\u00e9mocratie par les armes\" src=\"https:\/\/player.vimeo.com\/video\/375975285?dnt=1&amp;app_id=122963&autoplay=0&loop=0&controls=1&muted=0\" width=\"720\" height=\"400\" frameborder=\"0\" allow=\"autoplay; fullscreen; picture-in-picture; clipboard-write\"><\/iframe><\/div><\/script><div class='av-click-to-play-overlay'><div class=\"avia_playpause_icon\"><\/div><\/div><\/div><br \/>\n<section class=\"av_textblock_section \"  itemscope=\"itemscope\" itemtype=\"https:\/\/schema.org\/CreativeWork\" ><div class='avia_textblock  '   itemprop=\"text\" ><p><em>C\u00f4te d&#8217;Ivoire, la d\u00e9mocratie par les armes<\/em><br \/>\n<strong>Arte<\/strong><br \/>\n\u2014<br \/>\n2013<\/p>\n<p>Micha\u00ebl Zumstein followed the outcome of the Ivorian conflict in the heart of Abidjan. Although calm has returned, it still remains calm: Alassane Ouatara has been invested President of the Republic promising to gather all the Ivorian people. This task will be difficult after the violence that has taken place between each side.<\/p>\n<\/div><\/section><\/p><\/div><div  style='height:50px' class='hr hr-invisible  '><span class='hr-inner ' ><span class='hr-inner-style'><\/span><\/span><\/div>\n\n<\/div><\/div><\/div><!-- close content main div --><\/div><\/div><div id='exhibitions'  class='avia-section main_color avia-section-small avia-no-border-styling  avia-bg-style-scroll   container_wrap fullsize' style=' '  ><div class='container' ><div class='template-page content  av-content-full alpha units'><div class='post-entry post-entry-type-page post-entry-133692'><div class='entry-content-wrapper clearfix'>\n<section class=\"av_textblock_section \"  itemscope=\"itemscope\" itemtype=\"https:\/\/schema.org\/CreativeWork\" ><div class='avia_textblock  '  style='font-size:20px; '  itemprop=\"text\" ><p id=\"interview\" style=\"color: #707070; letter-spacing: 1.5px; text-transform: uppercase;\">Exhibitions<\/p>\n<hr class=\"hr-titre-page\">\n<\/div><\/section>\n<div class=\"flex_column av_one_third  flex_column_div av-zero-column-padding first  \" style='border-radius:0px; '><p><div  class='avia-image-container  av-styling-    avia-align-center '  itemprop=\"image\" itemscope=\"itemscope\" itemtype=\"https:\/\/schema.org\/ImageObject\"  ><div class='avia-image-container-inner'><div class='avia-image-overlay-wrap'><a href=\"https:\/\/agencevu.com\/en\/fat-event\/michael-zumstein-aka-zidane-2\/\" class='avia_image'  target=\"_blank\"  rel=\"noopener noreferrer\"><img width=\"435\" height=\"290\" class='wp-image-191554 avia-img-lazy-loading-not-191554 avia_image' src=\"https:\/\/agencevu.com\/wp-content\/uploads\/2022\/11\/18_Aka_Zidane_Zumstein-1.jpg\" alt='' title='18_Aka_Zidane_Zumstein'  itemprop=\"thumbnailUrl\" srcset=\"https:\/\/agencevu.com\/wp-content\/uploads\/2022\/11\/18_Aka_Zidane_Zumstein-1.jpg 435w, https:\/\/agencevu.com\/wp-content\/uploads\/2022\/11\/18_Aka_Zidane_Zumstein-1-300x200.jpg 300w, https:\/\/agencevu.com\/wp-content\/uploads\/2022\/11\/18_Aka_Zidane_Zumstein-1-80x53.jpg 80w\" sizes=\"(max-width: 435px) 100vw, 435px\" \/><\/a><\/div><\/div><\/div><br \/>\n<section class=\"av_textblock_section \"  itemscope=\"itemscope\" itemtype=\"https:\/\/schema.org\/CreativeWork\" ><div class='avia_textblock  '   itemprop=\"text\" ><p><strong>&#8220;Aka Zidane&#8221;<\/strong><br \/>\n\u2014<br \/>\n13th International Photography Festival \u2013 Cortona On The Move<br \/>\n\u2014<br \/>\nFrom July 13 to October 1, 2023<\/p>\n<\/div><\/section><br \/>\n<div  class='avia-button-wrap avia-button-left ' ><a href='https:\/\/agencevu.com\/en\/fat-event\/michael-zumstein-aka-zidane-2\/'  class='avia-button  avia-color-theme-color-highlight   avia-icon_select-no avia-size-small avia-position-left '  target=\"_blank\"  rel=\"noopener noreferrer\"  ><span class='avia_iconbox_title' >More information<\/span><\/a><\/div><\/p><\/div><div class=\"flex_column av_one_third  flex_column_div av-zero-column-padding   \" style='border-radius:0px; '><\/div><div class=\"flex_column av_one_third  flex_column_div av-zero-column-padding   \" style='border-radius:0px; '><\/div><div  style='height:50px' class='hr hr-invisible  '><span class='hr-inner ' ><span class='hr-inner-style'><\/span><\/span><\/div>\n\n<\/div><\/div><\/div><!-- close content main div --><\/div><\/div><div id='livres'  class='avia-section main_color avia-section-small avia-no-border-styling  avia-bg-style-scroll   container_wrap fullsize' style=' '  ><div class='container' ><div class='template-page content  av-content-full alpha units'><div class='post-entry post-entry-type-page post-entry-133692'><div class='entry-content-wrapper clearfix'>\n<section class=\"av_textblock_section \"  itemscope=\"itemscope\" itemtype=\"https:\/\/schema.org\/CreativeWork\" ><div class='avia_textblock  '  style='font-size:20px; '  itemprop=\"text\" ><p id=\"book\" style=\"color: #707070; letter-spacing: 1.5px; text-transform: uppercase;\">Book<\/p>\n<hr class=\"hr-titre-page\">\n<\/div><\/section>\n<div  data-autoplay=''  data-interval='5'  data-animation='fade'  data-show_slide_delay='90'  class='avia-content-slider avia-content-grid-active avia-content-slider4 avia-content-slider-even   av-medium-hide av-small-hide av-mini-hide'  itemscope=\"itemscope\" itemtype=\"https:\/\/schema.org\/Blog\" ><div class='avia-content-slider-inner'><div class='slide-entry-wrap'><article class='slide-entry flex_column  post-entry post-entry-189115 slide-entry-overview slide-loop-1 slide-parity-odd  post-entry-last  av_one_fourth first real-thumbnail'  itemscope=\"itemscope\" itemtype=\"https:\/\/schema.org\/CreativeWork\" ><a href='https:\/\/agencevu.com\/en\/book\/aka-zidane\/' data-rel='slide-4' class='slide-image' title=''><img width=\"148\" height=\"185\" src=\"https:\/\/agencevu.com\/wp-content\/uploads\/2022\/09\/Preview_2022_AKA-ZIDANE-Michae\u0308l-Zumstein.jpg\" class=\"wp-image-189113 avia-img-lazy-loading-189113 attachment-portfolio_small size-portfolio_small wp-post-image\" alt=\"\" loading=\"lazy\" srcset=\"https:\/\/agencevu.com\/wp-content\/uploads\/2022\/09\/Preview_2022_AKA-ZIDANE-Michae\u0308l-Zumstein.jpg 148w, https:\/\/agencevu.com\/wp-content\/uploads\/2022\/09\/Preview_2022_AKA-ZIDANE-Michae\u0308l-Zumstein-64x80.jpg 64w\" sizes=\"(max-width: 148px) 100vw, 148px\" \/><\/a><div class='slide-content'><header class=\"entry-content-header\"><span class=\"blog-categories minor-meta\"><a href=\"https:\/\/agencevu.com\/en\/Home\/home-evenements\/\" rel=\"tag\">Home-Evenements<\/a> <a href=\"https:\/\/agencevu.com\/en\/annee\/2022-en\/\" rel=\"tag\">2022<\/a> <a href=\"https:\/\/agencevu.com\/en\/photographer\/michael-zumstein\/\" rel=\"tag\">Micha\u00ebl Zumstein<\/a> <a href=\"https:\/\/agencevu.com\/en\/section_taxonomy\/livres\/\" rel=\"tag\">livres<\/a> <\/span><h3 class='slide-entry-title entry-title'  itemprop=\"headline\" ><a href='https:\/\/agencevu.com\/en\/book\/aka-zidane\/' title='Aka Zidane'>Aka Zidane<\/a><\/h3><span class=\"av-vertical-delimiter\"><\/span><\/header><div class='slide-entry-excerpt entry-content'  itemprop=\"text\" >Images Plurielles - 2022<\/div><\/div><footer class=\"entry-footer\"><div class='slide-meta'><time class='slide-meta-time updated'  itemprop=\"datePublished\" datetime=\"2022-09-26T17:11:46+02:00\" >26 September 2022<\/time><\/div><\/footer><span class='hidden'>\n\t\t\t\t<span class='av-structured-data'  itemprop=\"image\" itemscope=\"itemscope\" itemtype=\"https:\/\/schema.org\/ImageObject\" >\n\t\t\t\t\t\t<span itemprop='url'>https:\/\/agencevu.com\/wp-content\/uploads\/2022\/09\/Preview_2022_AKA-ZIDANE-Michae\u0308l-Zumstein.jpg<\/span>\n\t\t\t\t\t\t<span itemprop='height'>185<\/span>\n\t\t\t\t\t\t<span itemprop='width'>148<\/span>\n\t\t\t\t<\/span>\n\t\t\t\t<span class='av-structured-data'  itemprop=\"publisher\" itemtype=\"https:\/\/schema.org\/Organization\" itemscope=\"itemscope\" >\n\t\t\t\t\t\t<span itemprop='name'>Editorial<\/span>\n\t\t\t\t\t\t<span itemprop='logo' itemscope itemtype='https:\/\/schema.org\/ImageObject'>\n\t\t\t\t\t\t\t<span itemprop='url'>\/wp-content\/uploads\/2021\/05\/logo-vert-2.svg<\/span>\n\t\t\t\t\t\t <\/span>\n\t\t\t\t<\/span><span class='av-structured-data'  itemprop=\"author\" itemscope=\"itemscope\" itemtype=\"https:\/\/schema.org\/Person\" ><span itemprop='name'>Editorial<\/span><\/span><span class='av-structured-data'  itemprop=\"datePublished\" datetime=\"2022-09-26T17:11:46+02:00\" >2022-09-26 17:11:46<\/span><span class='av-structured-data'  itemprop=\"dateModified\" itemtype=\"https:\/\/schema.org\/dateModified\" >2022-09-29 17:38:32<\/span><span class='av-structured-data'  itemprop=\"mainEntityOfPage\" itemtype=\"https:\/\/schema.org\/mainEntityOfPage\" ><span itemprop='name'>Aka Zidane<\/span><\/span><\/span><\/article><\/div><\/div><\/div>\n<div  data-autoplay=''  data-interval='5'  data-animation='fade'  data-show_slide_delay='90'  class='avia-content-slider avia-content-grid-active avia-content-slider5 avia-content-slider-odd   av-desktop-hide av-mini-hide'  itemscope=\"itemscope\" itemtype=\"https:\/\/schema.org\/Blog\" ><div class='avia-content-slider-inner'><div class='slide-entry-wrap'><article class='slide-entry flex_column  post-entry post-entry-189115 slide-entry-overview slide-loop-1 slide-parity-odd  post-entry-last  av_one_third first real-thumbnail'  itemscope=\"itemscope\" itemtype=\"https:\/\/schema.org\/CreativeWork\" ><a href='https:\/\/agencevu.com\/en\/book\/aka-zidane\/' data-rel='slide-5' class='slide-image' title=''><img width=\"148\" height=\"185\" src=\"https:\/\/agencevu.com\/wp-content\/uploads\/2022\/09\/Preview_2022_AKA-ZIDANE-Michae\u0308l-Zumstein.jpg\" class=\"wp-image-189113 avia-img-lazy-loading-189113 attachment-portfolio size-portfolio wp-post-image\" alt=\"\" loading=\"lazy\" srcset=\"https:\/\/agencevu.com\/wp-content\/uploads\/2022\/09\/Preview_2022_AKA-ZIDANE-Michae\u0308l-Zumstein.jpg 148w, https:\/\/agencevu.com\/wp-content\/uploads\/2022\/09\/Preview_2022_AKA-ZIDANE-Michae\u0308l-Zumstein-64x80.jpg 64w\" sizes=\"(max-width: 148px) 100vw, 148px\" \/><\/a><div class='slide-content'><header class=\"entry-content-header\"><span class=\"blog-categories minor-meta\"><a href=\"https:\/\/agencevu.com\/en\/Home\/home-evenements\/\" rel=\"tag\">Home-Evenements<\/a> <a href=\"https:\/\/agencevu.com\/en\/annee\/2022-en\/\" rel=\"tag\">2022<\/a> <a href=\"https:\/\/agencevu.com\/en\/photographer\/michael-zumstein\/\" rel=\"tag\">Micha\u00ebl Zumstein<\/a> <a href=\"https:\/\/agencevu.com\/en\/section_taxonomy\/livres\/\" rel=\"tag\">livres<\/a> <\/span><h3 class='slide-entry-title entry-title'  itemprop=\"headline\" ><a href='https:\/\/agencevu.com\/en\/book\/aka-zidane\/' title='Aka Zidane'>Aka Zidane<\/a><\/h3><span class=\"av-vertical-delimiter\"><\/span><\/header><div class='slide-entry-excerpt entry-content'  itemprop=\"text\" >Images Plurielles - 2022<\/div><\/div><footer class=\"entry-footer\"><div class='slide-meta'><time class='slide-meta-time updated'  itemprop=\"datePublished\" datetime=\"2022-09-26T17:11:46+02:00\" >26 September 2022<\/time><\/div><\/footer><span class='hidden'>\n\t\t\t\t<span class='av-structured-data'  itemprop=\"image\" itemscope=\"itemscope\" itemtype=\"https:\/\/schema.org\/ImageObject\" >\n\t\t\t\t\t\t<span itemprop='url'>https:\/\/agencevu.com\/wp-content\/uploads\/2022\/09\/Preview_2022_AKA-ZIDANE-Michae\u0308l-Zumstein.jpg<\/span>\n\t\t\t\t\t\t<span itemprop='height'>185<\/span>\n\t\t\t\t\t\t<span itemprop='width'>148<\/span>\n\t\t\t\t<\/span>\n\t\t\t\t<span class='av-structured-data'  itemprop=\"publisher\" itemtype=\"https:\/\/schema.org\/Organization\" itemscope=\"itemscope\" >\n\t\t\t\t\t\t<span itemprop='name'>Editorial<\/span>\n\t\t\t\t\t\t<span itemprop='logo' itemscope itemtype='https:\/\/schema.org\/ImageObject'>\n\t\t\t\t\t\t\t<span itemprop='url'>\/wp-content\/uploads\/2021\/05\/logo-vert-2.svg<\/span>\n\t\t\t\t\t\t <\/span>\n\t\t\t\t<\/span><span class='av-structured-data'  itemprop=\"author\" itemscope=\"itemscope\" itemtype=\"https:\/\/schema.org\/Person\" ><span itemprop='name'>Editorial<\/span><\/span><span class='av-structured-data'  itemprop=\"datePublished\" datetime=\"2022-09-26T17:11:46+02:00\" >2022-09-26 17:11:46<\/span><span class='av-structured-data'  itemprop=\"dateModified\" itemtype=\"https:\/\/schema.org\/dateModified\" >2022-09-29 17:38:32<\/span><span class='av-structured-data'  itemprop=\"mainEntityOfPage\" itemtype=\"https:\/\/schema.org\/mainEntityOfPage\" ><span itemprop='name'>Aka Zidane<\/span><\/span><\/span><\/article><\/div><\/div><\/div>\n<div  data-autoplay=''  data-interval='5'  data-animation='fade'  data-show_slide_delay='90'  class='avia-content-slider avia-content-grid-active avia-content-slider6 avia-content-slider-even   av-desktop-hide av-medium-hide av-small-hide'  itemscope=\"itemscope\" itemtype=\"https:\/\/schema.org\/Blog\" ><div class='avia-content-slider-inner'><div class='slide-entry-wrap'><article class='slide-entry flex_column  post-entry post-entry-189115 slide-entry-overview slide-loop-1 slide-parity-odd  post-entry-last  av_one_half first real-thumbnail'  itemscope=\"itemscope\" itemtype=\"https:\/\/schema.org\/CreativeWork\" ><a href='https:\/\/agencevu.com\/en\/book\/aka-zidane\/' data-rel='slide-6' class='slide-image' title=''><img width=\"148\" height=\"185\" src=\"https:\/\/agencevu.com\/wp-content\/uploads\/2022\/09\/Preview_2022_AKA-ZIDANE-Michae\u0308l-Zumstein.jpg\" class=\"wp-image-189113 avia-img-lazy-loading-189113 attachment-portfolio size-portfolio wp-post-image\" alt=\"\" loading=\"lazy\" srcset=\"https:\/\/agencevu.com\/wp-content\/uploads\/2022\/09\/Preview_2022_AKA-ZIDANE-Michae\u0308l-Zumstein.jpg 148w, https:\/\/agencevu.com\/wp-content\/uploads\/2022\/09\/Preview_2022_AKA-ZIDANE-Michae\u0308l-Zumstein-64x80.jpg 64w\" sizes=\"(max-width: 148px) 100vw, 148px\" \/><\/a><div class='slide-content'><header class=\"entry-content-header\"><span class=\"blog-categories minor-meta\"><a href=\"https:\/\/agencevu.com\/en\/Home\/home-evenements\/\" rel=\"tag\">Home-Evenements<\/a> <a href=\"https:\/\/agencevu.com\/en\/annee\/2022-en\/\" rel=\"tag\">2022<\/a> <a href=\"https:\/\/agencevu.com\/en\/photographer\/michael-zumstein\/\" rel=\"tag\">Micha\u00ebl Zumstein<\/a> <a href=\"https:\/\/agencevu.com\/en\/section_taxonomy\/livres\/\" rel=\"tag\">livres<\/a> <\/span><h3 class='slide-entry-title entry-title'  itemprop=\"headline\" ><a href='https:\/\/agencevu.com\/en\/book\/aka-zidane\/' title='Aka Zidane'>Aka Zidane<\/a><\/h3><span class=\"av-vertical-delimiter\"><\/span><\/header><div class='slide-entry-excerpt entry-content'  itemprop=\"text\" >Images Plurielles - 2022<\/div><\/div><footer class=\"entry-footer\"><div class='slide-meta'><time class='slide-meta-time updated'  itemprop=\"datePublished\" datetime=\"2022-09-26T17:11:46+02:00\" >26 September 2022<\/time><\/div><\/footer><span class='hidden'>\n\t\t\t\t<span class='av-structured-data'  itemprop=\"image\" itemscope=\"itemscope\" itemtype=\"https:\/\/schema.org\/ImageObject\" >\n\t\t\t\t\t\t<span itemprop='url'>https:\/\/agencevu.com\/wp-content\/uploads\/2022\/09\/Preview_2022_AKA-ZIDANE-Michae\u0308l-Zumstein.jpg<\/span>\n\t\t\t\t\t\t<span itemprop='height'>185<\/span>\n\t\t\t\t\t\t<span itemprop='width'>148<\/span>\n\t\t\t\t<\/span>\n\t\t\t\t<span class='av-structured-data'  itemprop=\"publisher\" itemtype=\"https:\/\/schema.org\/Organization\" itemscope=\"itemscope\" >\n\t\t\t\t\t\t<span itemprop='name'>Editorial<\/span>\n\t\t\t\t\t\t<span itemprop='logo' itemscope itemtype='https:\/\/schema.org\/ImageObject'>\n\t\t\t\t\t\t\t<span itemprop='url'>\/wp-content\/uploads\/2021\/05\/logo-vert-2.svg<\/span>\n\t\t\t\t\t\t <\/span>\n\t\t\t\t<\/span><span class='av-structured-data'  itemprop=\"author\" itemscope=\"itemscope\" itemtype=\"https:\/\/schema.org\/Person\" ><span itemprop='name'>Editorial<\/span><\/span><span class='av-structured-data'  itemprop=\"datePublished\" datetime=\"2022-09-26T17:11:46+02:00\" >2022-09-26 17:11:46<\/span><span class='av-structured-data'  itemprop=\"dateModified\" itemtype=\"https:\/\/schema.org\/dateModified\" >2022-09-29 17:38:32<\/span><span class='av-structured-data'  itemprop=\"mainEntityOfPage\" itemtype=\"https:\/\/schema.org\/mainEntityOfPage\" ><span itemprop='name'>Aka Zidane<\/span><\/span><\/span><\/article><\/div><\/div><\/div>\n\n<div id='awards'  class='avia-section main_color avia-section-small avia-no-border-styling  avia-bg-style-scroll  avia-builder-el-0  el_before_av_section  avia-builder-el-first   container_wrap fullsize' style=' '  ><div class='container' ><main  role=\"main\" itemprop=\"mainContentOfPage\"  class='template-page content  av-content-full alpha units'><div class='post-entry post-entry-type-page post-entry-133692'><div class='entry-content-wrapper clearfix'>\n<section class=\"av_textblock_section \"  itemscope=\"itemscope\" itemtype=\"https:\/\/schema.org\/CreativeWork\" ><div class='avia_textblock  '  style='font-size:20px; '  itemprop=\"text\" ><p id=\"prix\" style=\"color: #707070; letter-spacing: 1.5px; text-transform: uppercase;\">awards<\/p>\n<hr class=\"hr-titre-page\">\n<\/div><\/section>\n<div class=\"flex_column av_one_third  flex_column_div av-zero-column-padding first  \" style='border-radius:0px; '><p><div  class='avia-video avia-video-16-9   av-lazyload-immediate  av-lazyload-video-embed  '   itemprop=\"video\" itemtype=\"https:\/\/schema.org\/VideoObject\"  data-original_url='https:\/\/youtu.be\/aE6F2XwR0ew' ><script type='text\/html' class='av-video-tmpl'><div class='avia-iframe-wrap'><iframe title=\"CanonVideoGrant\" width=\"1500\" height=\"844\" src=\"https:\/\/www.youtube.com\/embed\/aE6F2XwR0ew?feature=oembed&autoplay=0&loop=0&controls=1&mute=0\" frameborder=\"0\" allow=\"accelerometer; autoplay; clipboard-write; encrypted-media; gyroscope; picture-in-picture\" allowfullscreen><\/iframe><\/div><\/script><div class='av-click-to-play-overlay'><div class=\"avia_playpause_icon\"><\/div><\/div><\/div><br \/>\n<section class=\"av_textblock_section \"  itemscope=\"itemscope\" itemtype=\"https:\/\/schema.org\/CreativeWork\" ><div class='avia_textblock  '   itemprop=\"text\" ><p><span style=\"font-size: 15px;\"><strong><span style=\"color: #76a38b;\">Canon 2020 Grant for short Film (France)<br \/>\n<\/span><\/strong><\/span><\/p>\n<\/div><\/section><br \/>\n<section class=\"av_textblock_section \"  itemscope=\"itemscope\" itemtype=\"https:\/\/schema.org\/CreativeWork\" ><div class='avia_textblock  '   itemprop=\"text\" ><p><span style=\"color: #76a38b; font-size: 15px;\">For his film &#8220;Bangui la coquette&#8221;<br \/>\n<\/span><\/p>\n<\/div><\/section><br \/>\n<section class=\"av_textblock_section \"  itemscope=\"itemscope\" itemtype=\"https:\/\/schema.org\/CreativeWork\" ><div class='avia_textblock  '   itemprop=\"text\" ><p><span style=\"font-size: 12px;\">2020<\/span><\/p>\n<\/div><\/section><\/p><\/div><div class=\"flex_column av_one_third  flex_column_div av-zero-column-padding   \" style='border-radius:0px; '><p><div  class='avia-image-container  av-styling-no-styling    avia-align-center '  itemprop=\"image\" itemscope=\"itemscope\" itemtype=\"https:\/\/schema.org\/ImageObject\"  ><div class='avia-image-container-inner'><div class='avia-image-overlay-wrap'><img class='wp-image-42654 avia-img-lazy-loading-not-42654 avia_image' src=\"https:\/\/agencevu.com\/wp-content\/uploads\/2019\/12\/2019_Swiss-Press-Photo_La-vie-apre\u0300s-Boko-Haram.jpg\" alt='' title='Boko Haram&#039;s repentant center \/ Centre des repentis de Boko Haram' height=\"1281\" width=\"1920\"  itemprop=\"thumbnailUrl\" srcset=\"https:\/\/agencevu.com\/wp-content\/uploads\/2019\/12\/2019_Swiss-Press-Photo_La-vie-apre\u0300s-Boko-Haram.jpg 1920w, https:\/\/agencevu.com\/wp-content\/uploads\/2019\/12\/2019_Swiss-Press-Photo_La-vie-apre\u0300s-Boko-Haram-80x53.jpg 80w, https:\/\/agencevu.com\/wp-content\/uploads\/2019\/12\/2019_Swiss-Press-Photo_La-vie-apre\u0300s-Boko-Haram-300x200.jpg 300w, https:\/\/agencevu.com\/wp-content\/uploads\/2019\/12\/2019_Swiss-Press-Photo_La-vie-apre\u0300s-Boko-Haram-768x512.jpg 768w, https:\/\/agencevu.com\/wp-content\/uploads\/2019\/12\/2019_Swiss-Press-Photo_La-vie-apre\u0300s-Boko-Haram-1030x687.jpg 1030w, https:\/\/agencevu.com\/wp-content\/uploads\/2019\/12\/2019_Swiss-Press-Photo_La-vie-apre\u0300s-Boko-Haram-1500x1001.jpg 1500w, https:\/\/agencevu.com\/wp-content\/uploads\/2019\/12\/2019_Swiss-Press-Photo_La-vie-apre\u0300s-Boko-Haram-705x470.jpg 705w, https:\/\/agencevu.com\/wp-content\/uploads\/2019\/12\/2019_Swiss-Press-Photo_La-vie-apre\u0300s-Boko-Haram-450x300.jpg 450w\" sizes=\"(max-width: 1920px) 100vw, 1920px\" \/><\/div><\/div><\/div><br \/>\n<section class=\"av_textblock_section \"  itemscope=\"itemscope\" itemtype=\"https:\/\/schema.org\/CreativeWork\" ><div class='avia_textblock  '   itemprop=\"text\" ><p><span style=\"font-size: 15px;\"><strong><span style=\"color: #76a38b;\">Swiss Press Photo &#8211; 1st Prize, World category (Swiss)<br \/>\n<\/span><\/strong><\/span><\/p>\n<\/div><\/section><br \/>\n<section class=\"av_textblock_section \"  itemscope=\"itemscope\" itemtype=\"https:\/\/schema.org\/CreativeWork\" ><div class='avia_textblock  '   itemprop=\"text\" ><p><span style=\"color: #76a38b; font-size: 15px;\">For his subject: &#8220;La vie apr\u00e8s Boko Haram&#8221;.<br \/>\n<\/span><\/p>\n<\/div><\/section><br \/>\n<section class=\"av_textblock_section \"  itemscope=\"itemscope\" itemtype=\"https:\/\/schema.org\/CreativeWork\" ><div class='avia_textblock  '   itemprop=\"text\" ><p><span style=\"font-size: 12px;\">2019<\/span><\/p>\n<\/div><\/section><\/p><\/div><div class=\"flex_column av_one_third  flex_column_div av-zero-column-padding   \" style='border-radius:0px; '><p><div  class='avia-image-container  av-styling-no-styling    avia-align-center '  itemprop=\"image\" itemscope=\"itemscope\" itemtype=\"https:\/\/schema.org\/ImageObject\"  ><div class='avia-image-container-inner'><div class='avia-image-overlay-wrap'><img class='wp-image-42652 avia-img-lazy-loading-not-42652 avia_image' src=\"https:\/\/agencevu.com\/wp-content\/uploads\/2019\/12\/2014_Pictures-Of-the-Year_Centrafrique.jpg\" alt='' title='Crisis in Central African Republic \/ Crise en R\u00c8publique Centrafricaine (Part II)' height=\"1280\" width=\"1920\"  itemprop=\"thumbnailUrl\" srcset=\"https:\/\/agencevu.com\/wp-content\/uploads\/2019\/12\/2014_Pictures-Of-the-Year_Centrafrique.jpg 1920w, https:\/\/agencevu.com\/wp-content\/uploads\/2019\/12\/2014_Pictures-Of-the-Year_Centrafrique-80x53.jpg 80w, https:\/\/agencevu.com\/wp-content\/uploads\/2019\/12\/2014_Pictures-Of-the-Year_Centrafrique-300x200.jpg 300w, https:\/\/agencevu.com\/wp-content\/uploads\/2019\/12\/2014_Pictures-Of-the-Year_Centrafrique-768x512.jpg 768w, https:\/\/agencevu.com\/wp-content\/uploads\/2019\/12\/2014_Pictures-Of-the-Year_Centrafrique-1030x687.jpg 1030w, https:\/\/agencevu.com\/wp-content\/uploads\/2019\/12\/2014_Pictures-Of-the-Year_Centrafrique-1500x1000.jpg 1500w, https:\/\/agencevu.com\/wp-content\/uploads\/2019\/12\/2014_Pictures-Of-the-Year_Centrafrique-705x470.jpg 705w, https:\/\/agencevu.com\/wp-content\/uploads\/2019\/12\/2014_Pictures-Of-the-Year_Centrafrique-450x300.jpg 450w\" sizes=\"(max-width: 1920px) 100vw, 1920px\" \/><\/div><\/div><\/div><br \/>\n<section class=\"av_textblock_section \"  itemscope=\"itemscope\" itemtype=\"https:\/\/schema.org\/CreativeWork\" ><div class='avia_textblock  '   itemprop=\"text\" ><p><span style=\"font-size: 15px;\"><strong><span style=\"color: #76a38b;\">POY (Pictures Of the Year) &#8211; Award of Excellence<br \/>\n<\/span><\/strong><\/span><\/p>\n<\/div><\/section><br \/>\n<section class=\"av_textblock_section \"  itemscope=\"itemscope\" itemtype=\"https:\/\/schema.org\/CreativeWork\" ><div class='avia_textblock  '   itemprop=\"text\" ><p><span style=\"color: #76a38b; font-size: 15px;\">For his subject: \u201cTerror and tears in Central African Republic\u201d<br \/>\n<\/span><\/p>\n<\/div><\/section><br \/>\n<section class=\"av_textblock_section \"  itemscope=\"itemscope\" itemtype=\"https:\/\/schema.org\/CreativeWork\" ><div class='avia_textblock  '   itemprop=\"text\" ><p><span style=\"font-size: 12px;\">2014<\/span><\/p>\n<\/div><\/section><\/p><\/div><div  style='height:50px' class='hr hr-invisible  '><span class='hr-inner ' ><span class='hr-inner-style'><\/span><\/span><\/div>\n\n","protected":false},"featured_media":0,"parent":0,"menu_order":0,"template":"","categories":[],"tags":[],"yoast_head":"<!-- This site is optimized with the Yoast SEO plugin v16.3 - https:\/\/yoast.com\/wordpress\/plugins\/seo\/ -->\n<title>Agence VU&#039;<\/title>\n<meta name=\"robots\" content=\"index, follow, max-snippet:-1, max-image-preview:large, max-video-preview:-1\" \/>\n<link rel=\"canonical\" href=\"\/\" \/>\n<meta property=\"og:locale\" content=\"en_US\" \/>\n<meta property=\"og:type\" content=\"article\" \/>\n<meta property=\"og:site_name\" content=\"Agence VU&#039;\" \/>\n<meta name=\"twitter:card\" content=\"summary_large_image\" \/>\n<meta name=\"twitter:site\" content=\"@agence_vu\" \/>\n<script type=\"application\/ld+json\" class=\"yoast-schema-graph\">{\"@context\":\"https:\/\/schema.org\",\"@graph\":[{\"@type\":\"WebSite\",\"@id\":\"https:\/\/agencevu.com\/en\/#website\",\"url\":\"https:\/\/agencevu.com\/en\/\",\"name\":\"Agence VU&#039;\",\"description\":\"Agency of photographers founded in 1986\",\"potentialAction\":[{\"@type\":\"SearchAction\",\"target\":\"https:\/\/agencevu.com\/en\/?s={search_term_string}\",\"query-input\":\"required name=search_term_string\"}],\"inLanguage\":\"en-US\"},{\"@type\":\"CollectionPage\",\"@id\":\"#webpage\",\"url\":\"\",\"name\":\"\",\"isPartOf\":{\"@id\":\"https:\/\/agencevu.com\/en\/#website\"},\"breadcrumb\":{\"@id\":\"#breadcrumb\"},\"inLanguage\":\"en-US\",\"potentialAction\":[{\"@type\":\"ReadAction\",\"target\":[\"\"]}]},{\"@type\":\"BreadcrumbList\",\"@id\":\"#breadcrumb\",\"itemListElement\":[{\"@type\":\"ListItem\",\"position\":1,\"item\":{\"@type\":\"WebPage\",\"@id\":\"https:\/\/agencevu.com\/en\/home\/\",\"url\":\"https:\/\/agencevu.com\/en\/home\/\",\"name\":\"Home\"}},{\"@type\":\"ListItem\",\"position\":2,\"item\":{\"@id\":\"#webpage\"}}]}]}<\/script>\n<!-- \/ Yoast SEO plugin. -->","_links":{"self":[{"href":"https:\/\/agencevu.com\/en\/wp-json\/wp\/v2\/photographe\/133692"}],"collection":[{"href":"https:\/\/agencevu.com\/en\/wp-json\/wp\/v2\/photographe"}],"about":[{"href":"https:\/\/agencevu.com\/en\/wp-json\/wp\/v2\/types\/photographe"}],"version-history":[{"count":3,"href":"https:\/\/agencevu.com\/en\/wp-json\/wp\/v2\/photographe\/133692\/revisions"}],"predecessor-version":[{"id":215828,"href":"https:\/\/agencevu.com\/en\/wp-json\/wp\/v2\/photographe\/133692\/revisions\/215828"}],"wp:attachment":[{"href":"https:\/\/agencevu.com\/en\/wp-json\/wp\/v2\/media?parent=133692"}],"wp:term":[{"taxonomy":"category","embeddable":true,"href":"https:\/\/agencevu.com\/en\/wp-json\/wp\/v2\/categories?post=133692"},{"taxonomy":"post_tag","embeddable":true,"href":"https:\/\/agencevu.com\/en\/wp-json\/wp\/v2\/tags?post=133692"}],"curies":[{"name":"wp","href":"https:\/\/api.w.org\/{rel}","templated":true}]}}