{"id":126929,"date":"2021-04-13T16:22:50","date_gmt":"2021-04-13T14:22:50","guid":{"rendered":"https:\/\/agencevu-dev.abvent.com\/?post_type=photographe&#038;p=126929"},"modified":"2022-05-17T15:21:28","modified_gmt":"2022-05-17T13:21:28","slug":"anne-rearick","status":"publish","type":"photographe","link":"https:\/\/agencevu.com\/en\/photographer\/anne-rearick\/","title":{"rendered":"Anne Rearick"},"content":{"rendered":"<div id='av-layout-grid-1'  class='av-layout-grid-container entry-content-wrapper main_color av-flex-cells   av-medium-hide av-small-hide av-mini-hide   avia-builder-el-0  el_before_av_section  avia-builder-el-first  container_wrap fullsize' style=' '  >\n<div class=\"flex_cell no_margin av_one_half  avia-builder-el-1  el_before_av_cell_one_half  avia-builder-el-first   avia-full-contain \"  style='height:550px; min-height:550px;background:url(https:\/\/agencevu.com\/wp-content\/uploads\/2021\/03\/01_COUV_REAR21943-2016NB47-1.jpg) center center no-repeat scroll; vertical-align:middle; padding:30px; ' ><div class='flex_cell_inner' ><\/div><\/div><div class=\"flex_cell no_margin av_one_half  avia-builder-el-2  el_after_av_cell_one_half  avia-builder-el-last   \"  style='height:550px; min-height:550px;vertical-align:bottom; padding:30px 30px 90px 30px ; ' ><div class='flex_cell_inner' ><section class=\"av_textblock_section \"  itemscope=\"itemscope\" itemtype=\"https:\/\/schema.org\/CreativeWork\" ><div class='avia_textblock  '   itemprop=\"text\" ><h4 style=\"font-weight: 100; font-size: 45px;\">Anne<br \/>\n<span style=\"font-size: 45px;\"><strong><span style=\"line-height: 50px;\"> Rearick <\/span><\/strong><\/span><\/h4>\n<\/div><\/section>\n<\/div><\/div>\n<\/div>\n<div id='av_section_1'  class='avia-section main_color avia-section-default avia-no-border-styling  avia-bg-style-scroll  avia-builder-el-4  el_after_av_layout_row  el_before_av_submenu   av-desktop-hide container_wrap fullsize' style=' '  ><div class='container' ><div class='template-page content  av-content-full alpha units'><div class='post-entry post-entry-type-page post-entry-126929'><div class='entry-content-wrapper clearfix'>\n<section class=\"av_textblock_section \"  itemscope=\"itemscope\" itemtype=\"https:\/\/schema.org\/CreativeWork\" ><div class='avia_textblock  '   itemprop=\"text\" ><h4 style=\"font-size: 35px; line-height: 40px; text-align: center;\"><span style=\"font-weight: 100;\">Anne <\/span>Rearick<\/h4>\n<\/div><\/section>\n<div  style='height:50px' class='hr hr-invisible   avia-builder-el-6  el_after_av_textblock  el_before_av_image '><span class='hr-inner ' ><span class='hr-inner-style'><\/span><\/span><\/div>\n<div  class='avia-image-container  av-styling-no-styling    avia-builder-el-7  el_after_av_hr  avia-builder-el-last  avia-align-center '  itemprop=\"image\" itemscope=\"itemscope\" itemtype=\"https:\/\/schema.org\/ImageObject\"  ><div class='avia-image-container-inner'><div class='avia-image-overlay-wrap'><img class='wp-image-127074 avia-img-lazy-loading-not-127074 avia_image' src=\"https:\/\/agencevu.com\/wp-content\/uploads\/2021\/03\/01_COUV_REAR21943-2016NB47-1.jpg\" alt='' title='Township' height=\"750\" width=\"750\"  itemprop=\"thumbnailUrl\" srcset=\"https:\/\/agencevu.com\/wp-content\/uploads\/2021\/03\/01_COUV_REAR21943-2016NB47-1.jpg 750w, https:\/\/agencevu.com\/wp-content\/uploads\/2021\/03\/01_COUV_REAR21943-2016NB47-1-300x300.jpg 300w, https:\/\/agencevu.com\/wp-content\/uploads\/2021\/03\/01_COUV_REAR21943-2016NB47-1-80x80.jpg 80w, https:\/\/agencevu.com\/wp-content\/uploads\/2021\/03\/01_COUV_REAR21943-2016NB47-1-36x36.jpg 36w, https:\/\/agencevu.com\/wp-content\/uploads\/2021\/03\/01_COUV_REAR21943-2016NB47-1-180x180.jpg 180w, https:\/\/agencevu.com\/wp-content\/uploads\/2021\/03\/01_COUV_REAR21943-2016NB47-1-705x705.jpg 705w\" sizes=\"(max-width: 750px) 100vw, 750px\" \/><\/div><\/div><\/div>\n\n<\/div><\/div><\/div><!-- close content main div --><\/div><\/div><div class='clear'><\/div><div id='sub_menu1'  class='av-submenu-container alternate_color  avia-builder-el-8  el_after_av_section  el_before_av_section  av-sticky-submenu av-switch-768 submenu-not-first container_wrap fullsize' style='  z-index:301' ><div class='container av-menu-mobile-active av-submenu-hidden'><a href='#' class='mobile_menu_toggle' aria-hidden='true' data-av_icon='\ue8a5' data-av_iconfont='entypo-fontello'><span class='av-current-placeholder'>Menu<\/span><\/a><ul id='av-custom-submenu-1' class='av-subnav-menu av-submenu-pos-center'>\n<li class='menu-item menu-item-top-level  menu-item-top-level-1'><a href='\/en\/photographer\/anne-rearick\/#biography' ><span class='avia-bullet'><\/span><span class='avia-menu-text'>Biography<\/span><\/a><\/li>\n<li class='menu-item menu-item-top-level  menu-item-top-level-2'><a href='\/en\/photographer\/anne-rearick\/#series' ><span class='avia-bullet'><\/span><span class='avia-menu-text'>Series<\/span><\/a><\/li>\n<li class='menu-item menu-item-top-level  menu-item-top-level-3'><a href='\/en\/photographer\/anne-rearick\/#interview' ><span class='avia-bullet'><\/span><span class='avia-menu-text'>Interviews<\/span><\/a><\/li>\n<li class='menu-item menu-item-top-level  menu-item-top-level-4'><a href='\/en\/photographer\/anne-rearick\/#exhibitions' ><span class='avia-bullet'><\/span><span class='avia-menu-text'>Exhibitions<\/span><\/a><\/li>\n<li class='menu-item menu-item-top-level  menu-item-top-level-5'><a href='\/en\/photographer\/anne-rearick\/#books' ><span class='avia-bullet'><\/span><span class='avia-menu-text'>Books<\/span><\/a><\/li>\n<li class='menu-item menu-item-top-level  menu-item-top-level-6'><a href='\/en\/photographer\/anne-rearick\/#awards' ><span class='avia-bullet'><\/span><span class='avia-menu-text'>Awards<\/span><\/a><\/li>\n<\/ul><\/div><\/div><div class='sticky_placeholder'><\/div>\n<div id='biography'  class='avia-section main_color avia-section-default avia-no-border-styling  avia-bg-style-scroll  avia-builder-el-9  el_after_av_submenu  el_before_av_section   container_wrap fullsize' style=' '  ><div class='container' ><div class='template-page content  av-content-full alpha units'><div class='post-entry post-entry-type-page post-entry-126929'><div class='entry-content-wrapper clearfix'>\n<div class=\"flex_column av_one_fifth  av-break-at-tablet flex_column_div av-zero-column-padding first  avia-builder-el-10  el_before_av_two_fifth  avia-builder-el-first  \" style='border-radius:0px; '><section class=\"av_textblock_section \"  itemscope=\"itemscope\" itemtype=\"https:\/\/schema.org\/CreativeWork\" ><div class='avia_textblock  '  style='font-size:20px; '  itemprop=\"text\" ><p id=\"bio\" style=\"color: #707070; letter-spacing: 1.5px; text-transform: uppercase;\">biography<\/p>\n<hr class=\"hr-titre-page\">\n<\/div><\/section><br \/>\n<div  style='height:50px' class='hr hr-invisible   avia-builder-el-12  el_after_av_textblock  el_before_av_image '><span class='hr-inner ' ><span class='hr-inner-style'><\/span><\/span><\/div><br \/>\n<div  class='avia-image-container  av-styling-no-styling    avia-builder-el-13  el_after_av_hr  avia-builder-el-last  imgBio avia-align-center '  itemprop=\"image\" itemscope=\"itemscope\" itemtype=\"https:\/\/schema.org\/ImageObject\"  ><div class='avia-image-container-inner'><div class='avia-image-overlay-wrap'><img class='wp-image-126505 avia-img-lazy-loading-not-126505 avia_image' src=\"https:\/\/agencevu.com\/wp-content\/uploads\/2021\/03\/Portrait-Anne-Rearick-2008-1.jpg\" alt='' title='AppleMark' height=\"584\" width=\"480\"  itemprop=\"thumbnailUrl\" srcset=\"https:\/\/agencevu.com\/wp-content\/uploads\/2021\/03\/Portrait-Anne-Rearick-2008-1.jpg 480w, https:\/\/agencevu.com\/wp-content\/uploads\/2021\/03\/Portrait-Anne-Rearick-2008-1-247x300.jpg 247w, https:\/\/agencevu.com\/wp-content\/uploads\/2021\/03\/Portrait-Anne-Rearick-2008-1-66x80.jpg 66w\" sizes=\"(max-width: 480px) 100vw, 480px\" \/><\/div><\/div><\/div><\/p><\/div><div class=\"flex_column av_two_fifth  av-break-at-tablet flex_column_div av-zero-column-padding   avia-builder-el-14  el_after_av_one_fifth  el_before_av_two_fifth  \" style='border-radius:0px; '><section class=\"av_textblock_section \"  itemscope=\"itemscope\" itemtype=\"https:\/\/schema.org\/CreativeWork\" ><div class='avia_textblock  '   itemprop=\"text\" ><p>American photographer,&nbsp; member of Agence VU&#8217; Agency&nbsp; 1993,&nbsp; based in Gloucester (Massachusetts, USA).<\/p>\n<p>Anne Rearick graduated from the Massachusetts College of Art in 1990. Since then, she has worked as both a teacher and a photographer.<\/p>\n<p>In the great tradition of American documentary photography to which she adds her singularity, she works on subjects over a long period of time, deepening the relationships with people and places that she captures over time. Her photography captures the daily experience of the worlds she immerses herself in, which she celebrates with delicacy.<\/p>\n<p>Wether in the United States, in South Africa or in the Basque Country, Anne Rearick has the same generous look at people to give images that want, above all, to express the pleasure of the moment and the quality of the encounter.<\/p>\n<\/div><\/section><\/div><div class=\"flex_column av_two_fifth  av-break-at-tablet flex_column_div av-zero-column-padding   avia-builder-el-16  el_after_av_two_fifth  el_before_av_hr  \" style='border-radius:0px; '><section class=\"av_textblock_section \"  itemscope=\"itemscope\" itemtype=\"https:\/\/schema.org\/CreativeWork\" ><div class='avia_textblock  '   itemprop=\"text\" ><p>&#8220;<em>Free of any globalizing project, she lets everyone express themselves in turn with glances, poses, gestures, movement and she renews with this profoundly humanistic photography that never looks at her navel, that does not seek her ego or her identity but goes to meet the other, her equa<\/em>l&#8221; (Christian Caujolle).<\/p>\n<p>Rewarded with numerous prizes, such as the Guggenheim Fellowship Award, the Dorothea Lange &#8211; Paul Taylor Award, and the Roger-Pic Prize of the Scam, her photographs have been included in major public collections such as those of the Biblioth\u00e8que Nationale de France, the Centre national de l&#8217;Audiovisuel du Luxembourg, and the Museum of Modern Art in San Francisco. She is also represented by the gallery Cl\u00e9mentine de la F\u00e9ronni\u00e8re (Paris).<\/p>\n<\/div><\/section><\/div><div  style='height:50px' class='hr hr-invisible   avia-builder-el-18  el_after_av_two_fifth  avia-builder-el-last '><span class='hr-inner ' ><span class='hr-inner-style'><\/span><\/span><\/div>\n\n<\/div><\/div><\/div><!-- close content main div --><\/div><\/div><div id='series'  class='avia-section main_color avia-section-small avia-no-border-styling  avia-bg-style-scroll  avia-builder-el-19  el_after_av_section  el_before_av_section   container_wrap fullsize' style=' '  ><div class='container' ><div class='template-page content  av-content-full alpha units'><div class='post-entry post-entry-type-page post-entry-126929'><div class='entry-content-wrapper clearfix'>\n<section class=\"av_textblock_section \"  itemscope=\"itemscope\" itemtype=\"https:\/\/schema.org\/CreativeWork\" ><div class='avia_textblock  '  style='font-size:20px; '  itemprop=\"text\" ><p id=\"series\" style=\"color: #707070; letter-spacing: 1.5px; text-transform: uppercase;\">Series<\/p>\n<hr class=\"hr-titre-page\">\n<\/div><\/section>\n<div  data-autoplay=''  data-interval='5'  data-animation='fade'  data-show_slide_delay='90'  class='avia-content-slider avia-content-grid-active avia-content-slider1 avia-content-slider-odd  avia-builder-el-21  el_after_av_textblock  el_before_av_blog   av-medium-hide av-small-hide av-mini-hide'  itemscope=\"itemscope\" itemtype=\"https:\/\/schema.org\/Blog\" ><div class='avia-content-slider-inner'><div class='slide-entry-wrap'><article class='slide-entry flex_column  post-entry post-entry-135002 slide-entry-overview slide-loop-1 slide-parity-odd  av_one_third first real-thumbnail'  itemscope=\"itemscope\" itemtype=\"https:\/\/schema.org\/CreativeWork\" ><a href='https:\/\/agencevu.com\/en\/serie\/true-west-2020\/' data-rel='slide-1' class='slide-image' title=''><img width=\"290\" height=\"290\" src=\"https:\/\/agencevu.com\/wp-content\/uploads\/2021\/04\/00_True-West_Idaho.jpg\" class=\"wp-image-134973 avia-img-lazy-loading-134973 attachment-portfolio size-portfolio wp-post-image\" alt=\"\" loading=\"lazy\" srcset=\"https:\/\/agencevu.com\/wp-content\/uploads\/2021\/04\/00_True-West_Idaho.jpg 290w, https:\/\/agencevu.com\/wp-content\/uploads\/2021\/04\/00_True-West_Idaho-80x80.jpg 80w, https:\/\/agencevu.com\/wp-content\/uploads\/2021\/04\/00_True-West_Idaho-36x36.jpg 36w, https:\/\/agencevu.com\/wp-content\/uploads\/2021\/04\/00_True-West_Idaho-180x180.jpg 180w\" sizes=\"(max-width: 290px) 100vw, 290px\" \/><\/a><div class='slide-content'><header class=\"entry-content-header\"><span class=\"blog-categories minor-meta\"> <a href=\"https:\/\/agencevu.com\/en\/photographer\/anne-rearick\/\" rel=\"tag\">Anne Rearick<\/a> <a href=\"https:\/\/agencevu.com\/en\/section_taxonomy\/series\/\" rel=\"tag\">s\u00e9ries<\/a> <\/span><h3 class='slide-entry-title entry-title'  itemprop=\"headline\" ><a href='https:\/\/agencevu.com\/en\/serie\/true-west-2020\/' title='True West, 2020'>True West, 2020<\/a><\/h3><span class=\"av-vertical-delimiter\"><\/span><\/header><div class='slide-entry-excerpt entry-content'  itemprop=\"text\" >Idaho is similar to many American states: the capital Boise, with its beautiful university and mixed population, is home to only 12% of the population. In the rest of the region, there is a collection of small rural towns, where in some churches, the American flag proudly flies next to the cross... <\/div><\/div><footer class=\"entry-footer\"><div class='slide-meta'><time class='slide-meta-time updated'  itemprop=\"datePublished\" datetime=\"2020-01-13T15:57:41+01:00\" >13 January 2020<\/time><\/div><\/footer><span class='hidden'>\n\t\t\t\t<span class='av-structured-data'  itemprop=\"image\" itemscope=\"itemscope\" itemtype=\"https:\/\/schema.org\/ImageObject\" >\n\t\t\t\t\t\t<span itemprop='url'>https:\/\/agencevu.com\/wp-content\/uploads\/2021\/04\/00_True-West_Idaho.jpg<\/span>\n\t\t\t\t\t\t<span itemprop='height'>290<\/span>\n\t\t\t\t\t\t<span itemprop='width'>290<\/span>\n\t\t\t\t<\/span>\n\t\t\t\t<span class='av-structured-data'  itemprop=\"publisher\" itemtype=\"https:\/\/schema.org\/Organization\" itemscope=\"itemscope\" >\n\t\t\t\t\t\t<span itemprop='name'>Fanny Demichelis<\/span>\n\t\t\t\t\t\t<span itemprop='logo' itemscope itemtype='https:\/\/schema.org\/ImageObject'>\n\t\t\t\t\t\t\t<span itemprop='url'>\/wp-content\/uploads\/2021\/05\/logo-vert-2.svg<\/span>\n\t\t\t\t\t\t <\/span>\n\t\t\t\t<\/span><span class='av-structured-data'  itemprop=\"author\" itemscope=\"itemscope\" itemtype=\"https:\/\/schema.org\/Person\" ><span itemprop='name'>Fanny Demichelis<\/span><\/span><span class='av-structured-data'  itemprop=\"datePublished\" datetime=\"1990-05-29T15:10:58+02:00\" >2020-01-13 15:57:41<\/span><span class='av-structured-data'  itemprop=\"dateModified\" itemtype=\"https:\/\/schema.org\/dateModified\" >2021-04-13 16:06:20<\/span><span class='av-structured-data'  itemprop=\"mainEntityOfPage\" itemtype=\"https:\/\/schema.org\/mainEntityOfPage\" ><span itemprop='name'>True West, 2020<\/span><\/span><\/span><\/article><article class='slide-entry flex_column  post-entry post-entry-131716 slide-entry-overview slide-loop-2 slide-parity-even  av_one_third  real-thumbnail'  itemscope=\"itemscope\" itemtype=\"https:\/\/schema.org\/CreativeWork\" ><a href='https:\/\/agencevu.com\/en\/serie\/sete-17-2017\/' data-rel='slide-1' class='slide-image' title=''><img width=\"290\" height=\"290\" src=\"https:\/\/agencevu.com\/wp-content\/uploads\/2021\/03\/00_REAR22289-2017CL26.jpg\" class=\"wp-image-128710 avia-img-lazy-loading-128710 attachment-portfolio size-portfolio wp-post-image\" alt=\"\" loading=\"lazy\" srcset=\"https:\/\/agencevu.com\/wp-content\/uploads\/2021\/03\/00_REAR22289-2017CL26.jpg 290w, https:\/\/agencevu.com\/wp-content\/uploads\/2021\/03\/00_REAR22289-2017CL26-80x80.jpg 80w, https:\/\/agencevu.com\/wp-content\/uploads\/2021\/03\/00_REAR22289-2017CL26-36x36.jpg 36w, https:\/\/agencevu.com\/wp-content\/uploads\/2021\/03\/00_REAR22289-2017CL26-180x180.jpg 180w\" sizes=\"(max-width: 290px) 100vw, 290px\" \/><\/a><div class='slide-content'><header class=\"entry-content-header\"><span class=\"blog-categories minor-meta\"> <a href=\"https:\/\/agencevu.com\/en\/photographer\/anne-rearick\/\" rel=\"tag\">Anne Rearick<\/a> <a href=\"https:\/\/agencevu.com\/en\/section_taxonomy\/series\/\" rel=\"tag\">s\u00e9ries<\/a> <\/span><h3 class='slide-entry-title entry-title'  itemprop=\"headline\" ><a href='https:\/\/agencevu.com\/en\/serie\/sete-17-2017\/' title='S\u00e8te #17, 2017'>S\u00e8te #17, 2017<\/a><\/h3><span class=\"av-vertical-delimiter\"><\/span><\/header><div class='slide-entry-excerpt entry-content'  itemprop=\"text\" >People, lights. One could say that S\u00e8te is all about that under the eye of Anne Rearick. Quite simply, with the immense freedom that is hers, with the flexibility that makes her elegantly wander the square of her frame until she reduces, without limiting it, the space of her experience to this magic square because it is inexplicable.<\/div><\/div><footer class=\"entry-footer\"><div class='slide-meta'><time class='slide-meta-time updated'  itemprop=\"datePublished\" datetime=\"2017-03-13T15:57:44+01:00\" >13 March 2017<\/time><\/div><\/footer><span class='hidden'>\n\t\t\t\t<span class='av-structured-data'  itemprop=\"image\" itemscope=\"itemscope\" itemtype=\"https:\/\/schema.org\/ImageObject\" >\n\t\t\t\t\t\t<span itemprop='url'>https:\/\/agencevu.com\/wp-content\/uploads\/2021\/03\/00_REAR22289-2017CL26.jpg<\/span>\n\t\t\t\t\t\t<span itemprop='height'>290<\/span>\n\t\t\t\t\t\t<span itemprop='width'>290<\/span>\n\t\t\t\t<\/span>\n\t\t\t\t<span class='av-structured-data'  itemprop=\"publisher\" itemtype=\"https:\/\/schema.org\/Organization\" itemscope=\"itemscope\" >\n\t\t\t\t\t\t<span itemprop='name'>Fanny Demichelis<\/span>\n\t\t\t\t\t\t<span itemprop='logo' itemscope itemtype='https:\/\/schema.org\/ImageObject'>\n\t\t\t\t\t\t\t<span itemprop='url'>\/wp-content\/uploads\/2021\/05\/logo-vert-2.svg<\/span>\n\t\t\t\t\t\t <\/span>\n\t\t\t\t<\/span><span class='av-structured-data'  itemprop=\"author\" itemscope=\"itemscope\" itemtype=\"https:\/\/schema.org\/Person\" ><span itemprop='name'>Fanny Demichelis<\/span><\/span><span class='av-structured-data'  itemprop=\"datePublished\" datetime=\"1990-05-29T15:10:58+02:00\" >2017-03-13 15:57:44<\/span><span class='av-structured-data'  itemprop=\"dateModified\" itemtype=\"https:\/\/schema.org\/dateModified\" >2021-04-13 16:05:28<\/span><span class='av-structured-data'  itemprop=\"mainEntityOfPage\" itemtype=\"https:\/\/schema.org\/mainEntityOfPage\" ><span itemprop='name'>S\u00e8te #17, 2017<\/span><\/span><\/span><\/article><article class='slide-entry flex_column  post-entry post-entry-139871 slide-entry-overview slide-loop-3 slide-parity-odd  av_one_third  real-thumbnail'  itemscope=\"itemscope\" itemtype=\"https:\/\/schema.org\/CreativeWork\" ><a href='https:\/\/agencevu.com\/en\/serie\/township-life-after-apartheid-2004-2015\/' data-rel='slide-1' class='slide-image' title=''><img width=\"290\" height=\"290\" src=\"https:\/\/agencevu.com\/wp-content\/uploads\/2021\/03\/01_REAR21943-2016NB47-1.jpg\" class=\"wp-image-128464 avia-img-lazy-loading-128464 attachment-portfolio size-portfolio wp-post-image\" alt=\"\" loading=\"lazy\" srcset=\"https:\/\/agencevu.com\/wp-content\/uploads\/2021\/03\/01_REAR21943-2016NB47-1.jpg 290w, https:\/\/agencevu.com\/wp-content\/uploads\/2021\/03\/01_REAR21943-2016NB47-1-80x80.jpg 80w, https:\/\/agencevu.com\/wp-content\/uploads\/2021\/03\/01_REAR21943-2016NB47-1-36x36.jpg 36w, https:\/\/agencevu.com\/wp-content\/uploads\/2021\/03\/01_REAR21943-2016NB47-1-180x180.jpg 180w\" sizes=\"(max-width: 290px) 100vw, 290px\" \/><\/a><div class='slide-content'><header class=\"entry-content-header\"><span class=\"blog-categories minor-meta\"> <a href=\"https:\/\/agencevu.com\/en\/photographer\/anne-rearick\/\" rel=\"tag\">Anne Rearick<\/a> <a href=\"https:\/\/agencevu.com\/en\/section_taxonomy\/series\/\" rel=\"tag\">s\u00e9ries<\/a> <\/span><h3 class='slide-entry-title entry-title'  itemprop=\"headline\" ><a href='https:\/\/agencevu.com\/en\/serie\/township-life-after-apartheid-2004-2015\/' title='Township : Life after Apartheid (2004-2015)'>Township : Life after Apartheid (2004-2015)<\/a><\/h3><span class=\"av-vertical-delimiter\"><\/span><\/header><div class='slide-entry-excerpt entry-content'  itemprop=\"text\" >\u00ab My work in South Africa was by chance. While exploring amateur boxing in the U.S. and abroad, I was led to visit the Luyviso Club, housed in an old neighbourhood house converted into a gym, in Khayelitsha, a township 40 kilometers from Cape Town. \u00bb<\/div><\/div><footer class=\"entry-footer\"><div class='slide-meta'><time class='slide-meta-time updated'  itemprop=\"datePublished\" datetime=\"2015-05-25T16:15:11+02:00\" >25 May 2015<\/time><\/div><\/footer><span class='hidden'>\n\t\t\t\t<span class='av-structured-data'  itemprop=\"image\" itemscope=\"itemscope\" itemtype=\"https:\/\/schema.org\/ImageObject\" >\n\t\t\t\t\t\t<span itemprop='url'>https:\/\/agencevu.com\/wp-content\/uploads\/2021\/03\/01_REAR21943-2016NB47-1.jpg<\/span>\n\t\t\t\t\t\t<span itemprop='height'>290<\/span>\n\t\t\t\t\t\t<span itemprop='width'>290<\/span>\n\t\t\t\t<\/span>\n\t\t\t\t<span class='av-structured-data'  itemprop=\"publisher\" itemtype=\"https:\/\/schema.org\/Organization\" itemscope=\"itemscope\" >\n\t\t\t\t\t\t<span itemprop='name'>Fanny Demichelis<\/span>\n\t\t\t\t\t\t<span itemprop='logo' itemscope itemtype='https:\/\/schema.org\/ImageObject'>\n\t\t\t\t\t\t\t<span itemprop='url'>\/wp-content\/uploads\/2021\/05\/logo-vert-2.svg<\/span>\n\t\t\t\t\t\t <\/span>\n\t\t\t\t<\/span><span class='av-structured-data'  itemprop=\"author\" itemscope=\"itemscope\" itemtype=\"https:\/\/schema.org\/Person\" ><span itemprop='name'>Fanny Demichelis<\/span><\/span><span class='av-structured-data'  itemprop=\"datePublished\" datetime=\"1990-05-29T15:10:58+02:00\" >2015-05-25 16:15:11<\/span><span class='av-structured-data'  itemprop=\"dateModified\" itemtype=\"https:\/\/schema.org\/dateModified\" >2021-04-13 16:04:33<\/span><span class='av-structured-data'  itemprop=\"mainEntityOfPage\" itemtype=\"https:\/\/schema.org\/mainEntityOfPage\" ><span itemprop='name'>Township : Life after Apartheid (2004-2015)<\/span><\/span><\/span><\/article><\/div><div class='slide-entry-wrap'><article class='slide-entry flex_column  post-entry post-entry-139872 slide-entry-overview slide-loop-4 slide-parity-odd  av_one_third first real-thumbnail'  itemscope=\"itemscope\" itemtype=\"https:\/\/schema.org\/CreativeWork\" ><a href='https:\/\/agencevu.com\/en\/serie\/appalachia-2009\/' data-rel='slide-1' class='slide-image' title=''><img width=\"290\" height=\"290\" src=\"https:\/\/agencevu.com\/wp-content\/uploads\/2021\/03\/00_REAR15252-2009NB03.jpg\" class=\"wp-image-127081 avia-img-lazy-loading-127081 attachment-portfolio size-portfolio wp-post-image\" alt=\"\" loading=\"lazy\" srcset=\"https:\/\/agencevu.com\/wp-content\/uploads\/2021\/03\/00_REAR15252-2009NB03.jpg 290w, https:\/\/agencevu.com\/wp-content\/uploads\/2021\/03\/00_REAR15252-2009NB03-80x80.jpg 80w, https:\/\/agencevu.com\/wp-content\/uploads\/2021\/03\/00_REAR15252-2009NB03-36x36.jpg 36w, https:\/\/agencevu.com\/wp-content\/uploads\/2021\/03\/00_REAR15252-2009NB03-180x180.jpg 180w\" sizes=\"(max-width: 290px) 100vw, 290px\" \/><\/a><div class='slide-content'><header class=\"entry-content-header\"><span class=\"blog-categories minor-meta\"> <a href=\"https:\/\/agencevu.com\/en\/photographer\/anne-rearick\/\" rel=\"tag\">Anne Rearick<\/a> <a href=\"https:\/\/agencevu.com\/en\/section_taxonomy\/series\/\" rel=\"tag\">s\u00e9ries<\/a> <\/span><h3 class='slide-entry-title entry-title'  itemprop=\"headline\" ><a href='https:\/\/agencevu.com\/en\/serie\/appalachia-2009\/' title='Appalachia, 2009'>Appalachia, 2009<\/a><\/h3><span class=\"av-vertical-delimiter\"><\/span><\/header><div class='slide-entry-excerpt entry-content'  itemprop=\"text\" >\u00ab In 1990, I traveled to the Appalachian Mountains in eastern Kentucky. Lost on the mountain roads, I stopped in a store to ask for directions. Luckily, a man in the store knew where I was going, and drove me down the windy roads with the backdrop of the mountain slopes until we arrived at Viper. \u00bb<\/div><\/div><footer class=\"entry-footer\"><div class='slide-meta'><time class='slide-meta-time updated'  itemprop=\"datePublished\" datetime=\"2009-05-12T14:24:47+02:00\" >12 May 2009<\/time><\/div><\/footer><span class='hidden'>\n\t\t\t\t<span class='av-structured-data'  itemprop=\"image\" itemscope=\"itemscope\" itemtype=\"https:\/\/schema.org\/ImageObject\" >\n\t\t\t\t\t\t<span itemprop='url'>https:\/\/agencevu.com\/wp-content\/uploads\/2021\/03\/00_REAR15252-2009NB03.jpg<\/span>\n\t\t\t\t\t\t<span itemprop='height'>290<\/span>\n\t\t\t\t\t\t<span itemprop='width'>290<\/span>\n\t\t\t\t<\/span>\n\t\t\t\t<span class='av-structured-data'  itemprop=\"publisher\" itemtype=\"https:\/\/schema.org\/Organization\" itemscope=\"itemscope\" >\n\t\t\t\t\t\t<span itemprop='name'>Fanny Demichelis<\/span>\n\t\t\t\t\t\t<span itemprop='logo' itemscope itemtype='https:\/\/schema.org\/ImageObject'>\n\t\t\t\t\t\t\t<span itemprop='url'>\/wp-content\/uploads\/2021\/05\/logo-vert-2.svg<\/span>\n\t\t\t\t\t\t <\/span>\n\t\t\t\t<\/span><span class='av-structured-data'  itemprop=\"author\" itemscope=\"itemscope\" itemtype=\"https:\/\/schema.org\/Person\" ><span itemprop='name'>Fanny Demichelis<\/span><\/span><span class='av-structured-data'  itemprop=\"datePublished\" datetime=\"1990-05-29T15:10:58+02:00\" >2009-05-12 14:24:47<\/span><span class='av-structured-data'  itemprop=\"dateModified\" itemtype=\"https:\/\/schema.org\/dateModified\" >2021-04-13 16:03:34<\/span><span class='av-structured-data'  itemprop=\"mainEntityOfPage\" itemtype=\"https:\/\/schema.org\/mainEntityOfPage\" ><span itemprop='name'>Appalachia, 2009<\/span><\/span><\/span><\/article><article class='slide-entry flex_column  post-entry post-entry-139873 slide-entry-overview slide-loop-5 slide-parity-even  av_one_third  real-thumbnail'  itemscope=\"itemscope\" itemtype=\"https:\/\/schema.org\/CreativeWork\" ><a href='https:\/\/agencevu.com\/en\/serie\/tekeli-kazakhstan-2004\/' data-rel='slide-1' class='slide-image' title=''><img width=\"290\" height=\"290\" src=\"https:\/\/agencevu.com\/wp-content\/uploads\/2021\/03\/00_REAR11835-2004NB30-3.jpg\" class=\"wp-image-126920 avia-img-lazy-loading-126920 attachment-portfolio size-portfolio wp-post-image\" alt=\"\" loading=\"lazy\" srcset=\"https:\/\/agencevu.com\/wp-content\/uploads\/2021\/03\/00_REAR11835-2004NB30-3.jpg 290w, https:\/\/agencevu.com\/wp-content\/uploads\/2021\/03\/00_REAR11835-2004NB30-3-80x80.jpg 80w, https:\/\/agencevu.com\/wp-content\/uploads\/2021\/03\/00_REAR11835-2004NB30-3-36x36.jpg 36w, https:\/\/agencevu.com\/wp-content\/uploads\/2021\/03\/00_REAR11835-2004NB30-3-180x180.jpg 180w\" sizes=\"(max-width: 290px) 100vw, 290px\" \/><\/a><div class='slide-content'><header class=\"entry-content-header\"><span class=\"blog-categories minor-meta\"> <a href=\"https:\/\/agencevu.com\/en\/photographer\/anne-rearick\/\" rel=\"tag\">Anne Rearick<\/a> <a href=\"https:\/\/agencevu.com\/en\/section_taxonomy\/series\/\" rel=\"tag\">s\u00e9ries<\/a> <\/span><h3 class='slide-entry-title entry-title'  itemprop=\"headline\" ><a href='https:\/\/agencevu.com\/en\/serie\/tekeli-kazakhstan-2004\/' title='Tekeli, Kazakhstan, 2004'>Tekeli, Kazakhstan, 2004<\/a><\/h3><span class=\"av-vertical-delimiter\"><\/span><\/header><div class='slide-entry-excerpt entry-content'  itemprop=\"text\" >In the remote mountains of Tian Shan, on the Chinese border, and 5 hours from the largest city in Kazakhstan, the city of Tekeli has experienced all facets of the post-Soviet economy and social dislocation. <\/div><\/div><footer class=\"entry-footer\"><div class='slide-meta'><time class='slide-meta-time updated'  itemprop=\"datePublished\" datetime=\"2004-05-12T17:35:06+02:00\" >12 May 2004<\/time><\/div><\/footer><span class='hidden'>\n\t\t\t\t<span class='av-structured-data'  itemprop=\"image\" itemscope=\"itemscope\" itemtype=\"https:\/\/schema.org\/ImageObject\" >\n\t\t\t\t\t\t<span itemprop='url'>https:\/\/agencevu.com\/wp-content\/uploads\/2021\/03\/00_REAR11835-2004NB30-3.jpg<\/span>\n\t\t\t\t\t\t<span itemprop='height'>290<\/span>\n\t\t\t\t\t\t<span itemprop='width'>290<\/span>\n\t\t\t\t<\/span>\n\t\t\t\t<span class='av-structured-data'  itemprop=\"publisher\" itemtype=\"https:\/\/schema.org\/Organization\" itemscope=\"itemscope\" >\n\t\t\t\t\t\t<span itemprop='name'>Fanny Demichelis<\/span>\n\t\t\t\t\t\t<span itemprop='logo' itemscope itemtype='https:\/\/schema.org\/ImageObject'>\n\t\t\t\t\t\t\t<span itemprop='url'>\/wp-content\/uploads\/2021\/05\/logo-vert-2.svg<\/span>\n\t\t\t\t\t\t <\/span>\n\t\t\t\t<\/span><span class='av-structured-data'  itemprop=\"author\" itemscope=\"itemscope\" itemtype=\"https:\/\/schema.org\/Person\" ><span itemprop='name'>Fanny Demichelis<\/span><\/span><span class='av-structured-data'  itemprop=\"datePublished\" datetime=\"1990-05-29T15:10:58+02:00\" >2004-05-12 17:35:06<\/span><span class='av-structured-data'  itemprop=\"dateModified\" itemtype=\"https:\/\/schema.org\/dateModified\" >2021-04-13 16:02:21<\/span><span class='av-structured-data'  itemprop=\"mainEntityOfPage\" itemtype=\"https:\/\/schema.org\/mainEntityOfPage\" ><span itemprop='name'>Tekeli, Kazakhstan, 2004<\/span><\/span><\/span><\/article><article class='slide-entry flex_column  post-entry post-entry-139874 slide-entry-overview slide-loop-6 slide-parity-odd  av_one_third  real-thumbnail'  itemscope=\"itemscope\" itemtype=\"https:\/\/schema.org\/CreativeWork\" ><a href='https:\/\/agencevu.com\/en\/serie\/lace-on-the-gloves-amateur-boxing-in-the-us-and-beyond-2001\/' data-rel='slide-1' class='slide-image' title=''><img width=\"283\" height=\"290\" src=\"https:\/\/agencevu.com\/wp-content\/uploads\/2021\/03\/00_REAR10571-2001NB31.jpg\" class=\"wp-image-126767 avia-img-lazy-loading-126767 attachment-portfolio size-portfolio wp-post-image\" alt=\"\" loading=\"lazy\" srcset=\"https:\/\/agencevu.com\/wp-content\/uploads\/2021\/03\/00_REAR10571-2001NB31.jpg 283w, https:\/\/agencevu.com\/wp-content\/uploads\/2021\/03\/00_REAR10571-2001NB31-78x80.jpg 78w, https:\/\/agencevu.com\/wp-content\/uploads\/2021\/03\/00_REAR10571-2001NB31-36x36.jpg 36w\" sizes=\"(max-width: 283px) 100vw, 283px\" \/><\/a><div class='slide-content'><header class=\"entry-content-header\"><span class=\"blog-categories minor-meta\"> <a href=\"https:\/\/agencevu.com\/en\/photographer\/anne-rearick\/\" rel=\"tag\">Anne Rearick<\/a> <a href=\"https:\/\/agencevu.com\/en\/section_taxonomy\/series\/\" rel=\"tag\">s\u00e9ries<\/a> <\/span><h3 class='slide-entry-title entry-title'  itemprop=\"headline\" ><a href='https:\/\/agencevu.com\/en\/serie\/lace-on-the-gloves-amateur-boxing-in-the-us-and-beyond-2001\/' title='Lace on the Gloves : Amateur Boxing in the US and Beyond, 2001'>Lace on the Gloves : Amateur Boxing in the US and Beyond, 2001<\/a><\/h3><span class=\"av-vertical-delimiter\"><\/span><\/header><div class='slide-entry-excerpt entry-content'  itemprop=\"text\" >In this world, amateur boxing is lived in the shadow of the professional and pretentious one. In this world, which I photographed in a small boxing clubhouse in Old Church, Somerville, Massachusetts, during the New England Golden Gloves competition in Lowell...<\/div><\/div><footer class=\"entry-footer\"><div class='slide-meta'><time class='slide-meta-time updated'  itemprop=\"datePublished\" datetime=\"2001-12-14T16:23:24+01:00\" >14 December 2001<\/time><\/div><\/footer><span class='hidden'>\n\t\t\t\t<span class='av-structured-data'  itemprop=\"image\" itemscope=\"itemscope\" itemtype=\"https:\/\/schema.org\/ImageObject\" >\n\t\t\t\t\t\t<span itemprop='url'>https:\/\/agencevu.com\/wp-content\/uploads\/2021\/03\/00_REAR10571-2001NB31.jpg<\/span>\n\t\t\t\t\t\t<span itemprop='height'>290<\/span>\n\t\t\t\t\t\t<span itemprop='width'>283<\/span>\n\t\t\t\t<\/span>\n\t\t\t\t<span class='av-structured-data'  itemprop=\"publisher\" itemtype=\"https:\/\/schema.org\/Organization\" itemscope=\"itemscope\" >\n\t\t\t\t\t\t<span itemprop='name'>Fanny Demichelis<\/span>\n\t\t\t\t\t\t<span itemprop='logo' itemscope itemtype='https:\/\/schema.org\/ImageObject'>\n\t\t\t\t\t\t\t<span itemprop='url'>\/wp-content\/uploads\/2021\/05\/logo-vert-2.svg<\/span>\n\t\t\t\t\t\t <\/span>\n\t\t\t\t<\/span><span class='av-structured-data'  itemprop=\"author\" itemscope=\"itemscope\" itemtype=\"https:\/\/schema.org\/Person\" ><span itemprop='name'>Fanny Demichelis<\/span><\/span><span class='av-structured-data'  itemprop=\"datePublished\" datetime=\"1990-05-29T15:10:58+02:00\" >2001-12-14 16:23:24<\/span><span class='av-structured-data'  itemprop=\"dateModified\" itemtype=\"https:\/\/schema.org\/dateModified\" >2021-04-30 15:52:35<\/span><span class='av-structured-data'  itemprop=\"mainEntityOfPage\" itemtype=\"https:\/\/schema.org\/mainEntityOfPage\" ><span itemprop='name'>Lace on the Gloves : Amateur Boxing in the US and Beyond, 2001<\/span><\/span><\/span><\/article><\/div><div class='slide-entry-wrap'><article class='slide-entry flex_column  post-entry post-entry-139875 slide-entry-overview slide-loop-7 slide-parity-odd  post-entry-last  av_one_third first real-thumbnail'  itemscope=\"itemscope\" itemtype=\"https:\/\/schema.org\/CreativeWork\" ><a href='https:\/\/agencevu.com\/en\/serie\/basque-heartland-1990\/' data-rel='slide-1' class='slide-image' title=''><img width=\"290\" height=\"290\" src=\"https:\/\/agencevu.com\/wp-content\/uploads\/2021\/03\/00_REAR11141-1996NB02-1.jpg\" class=\"wp-image-126580 avia-img-lazy-loading-126580 attachment-portfolio size-portfolio wp-post-image\" alt=\"\" loading=\"lazy\" srcset=\"https:\/\/agencevu.com\/wp-content\/uploads\/2021\/03\/00_REAR11141-1996NB02-1.jpg 290w, https:\/\/agencevu.com\/wp-content\/uploads\/2021\/03\/00_REAR11141-1996NB02-1-80x80.jpg 80w, https:\/\/agencevu.com\/wp-content\/uploads\/2021\/03\/00_REAR11141-1996NB02-1-36x36.jpg 36w, https:\/\/agencevu.com\/wp-content\/uploads\/2021\/03\/00_REAR11141-1996NB02-1-180x180.jpg 180w\" sizes=\"(max-width: 290px) 100vw, 290px\" \/><\/a><div class='slide-content'><header class=\"entry-content-header\"><span class=\"blog-categories minor-meta\"> <a href=\"https:\/\/agencevu.com\/en\/photographer\/anne-rearick\/\" rel=\"tag\">Anne Rearick<\/a> <a href=\"https:\/\/agencevu.com\/en\/section_taxonomy\/series\/\" rel=\"tag\">s\u00e9ries<\/a> <\/span><h3 class='slide-entry-title entry-title'  itemprop=\"headline\" ><a href='https:\/\/agencevu.com\/en\/serie\/basque-heartland-1990\/' title='Basque Heartland, 1990'>Basque Heartland, 1990<\/a><\/h3><span class=\"av-vertical-delimiter\"><\/span><\/header><div class='slide-entry-excerpt entry-content'  itemprop=\"text\" >In 1990, Anne Rearick left the East Coast of the United States to spend a year photographing the daily life of Iparralde, in the French Basque Country.<\/div><\/div><footer class=\"entry-footer\"><div class='slide-meta'><time class='slide-meta-time updated'  itemprop=\"datePublished\" datetime=\"1990-05-29T15:10:58+02:00\" >29 May 1990<\/time><\/div><\/footer><span class='hidden'>\n\t\t\t\t<span class='av-structured-data'  itemprop=\"image\" itemscope=\"itemscope\" itemtype=\"https:\/\/schema.org\/ImageObject\" >\n\t\t\t\t\t\t<span itemprop='url'>https:\/\/agencevu.com\/wp-content\/uploads\/2021\/03\/00_REAR11141-1996NB02-1.jpg<\/span>\n\t\t\t\t\t\t<span itemprop='height'>290<\/span>\n\t\t\t\t\t\t<span itemprop='width'>290<\/span>\n\t\t\t\t<\/span>\n\t\t\t\t<span class='av-structured-data'  itemprop=\"publisher\" itemtype=\"https:\/\/schema.org\/Organization\" itemscope=\"itemscope\" >\n\t\t\t\t\t\t<span itemprop='name'>Fanny Demichelis<\/span>\n\t\t\t\t\t\t<span itemprop='logo' itemscope itemtype='https:\/\/schema.org\/ImageObject'>\n\t\t\t\t\t\t\t<span itemprop='url'>\/wp-content\/uploads\/2021\/05\/logo-vert-2.svg<\/span>\n\t\t\t\t\t\t <\/span>\n\t\t\t\t<\/span><span class='av-structured-data'  itemprop=\"author\" itemscope=\"itemscope\" itemtype=\"https:\/\/schema.org\/Person\" ><span itemprop='name'>Fanny Demichelis<\/span><\/span><span class='av-structured-data'  itemprop=\"datePublished\" datetime=\"1990-05-29T15:10:58+02:00\" >1990-05-29 15:10:58<\/span><span class='av-structured-data'  itemprop=\"dateModified\" itemtype=\"https:\/\/schema.org\/dateModified\" >2021-04-13 16:00:20<\/span><span class='av-structured-data'  itemprop=\"mainEntityOfPage\" itemtype=\"https:\/\/schema.org\/mainEntityOfPage\" ><span itemprop='name'>Basque Heartland, 1990<\/span><\/span><\/span><\/article><\/div><\/div><\/div>\n<div  data-autoplay=''  data-interval='5'  data-animation='fade'  data-show_slide_delay='90'  class='avia-content-slider avia-content-grid-active avia-content-slider2 avia-content-slider-even   av-desktop-hide av-mini-hide'  itemscope=\"itemscope\" itemtype=\"https:\/\/schema.org\/Blog\" ><div class='avia-content-slider-inner'><div class='slide-entry-wrap'><article class='slide-entry flex_column  post-entry post-entry-135002 slide-entry-overview slide-loop-1 slide-parity-odd  av_one_half first real-thumbnail'  itemscope=\"itemscope\" itemtype=\"https:\/\/schema.org\/CreativeWork\" ><a href='https:\/\/agencevu.com\/en\/serie\/true-west-2020\/' data-rel='slide-2' class='slide-image' title=''><img width=\"290\" height=\"290\" src=\"https:\/\/agencevu.com\/wp-content\/uploads\/2021\/04\/00_True-West_Idaho.jpg\" class=\"wp-image-134973 avia-img-lazy-loading-134973 attachment-portfolio size-portfolio wp-post-image\" alt=\"\" loading=\"lazy\" srcset=\"https:\/\/agencevu.com\/wp-content\/uploads\/2021\/04\/00_True-West_Idaho.jpg 290w, https:\/\/agencevu.com\/wp-content\/uploads\/2021\/04\/00_True-West_Idaho-80x80.jpg 80w, https:\/\/agencevu.com\/wp-content\/uploads\/2021\/04\/00_True-West_Idaho-36x36.jpg 36w, https:\/\/agencevu.com\/wp-content\/uploads\/2021\/04\/00_True-West_Idaho-180x180.jpg 180w\" sizes=\"(max-width: 290px) 100vw, 290px\" \/><\/a><div class='slide-content'><header class=\"entry-content-header\"><span class=\"blog-categories minor-meta\"> <a href=\"https:\/\/agencevu.com\/en\/photographer\/anne-rearick\/\" rel=\"tag\">Anne Rearick<\/a> <a href=\"https:\/\/agencevu.com\/en\/section_taxonomy\/series\/\" rel=\"tag\">s\u00e9ries<\/a> <\/span><h3 class='slide-entry-title entry-title'  itemprop=\"headline\" ><a href='https:\/\/agencevu.com\/en\/serie\/true-west-2020\/' title='True West, 2020'>True West, 2020<\/a><\/h3><span class=\"av-vertical-delimiter\"><\/span><\/header><div class='slide-entry-excerpt entry-content'  itemprop=\"text\" >Idaho is similar to many American states: the capital Boise, with its beautiful university and mixed population, is home to only 12% of the population. In the rest of the region, there is a collection of small rural towns, where in some churches, the American flag proudly flies next to the cross... <\/div><\/div><footer class=\"entry-footer\"><div class='slide-meta'><time class='slide-meta-time updated'  itemprop=\"datePublished\" datetime=\"2020-01-13T15:57:41+01:00\" >13 January 2020<\/time><\/div><\/footer><span class='hidden'>\n\t\t\t\t<span class='av-structured-data'  itemprop=\"image\" itemscope=\"itemscope\" itemtype=\"https:\/\/schema.org\/ImageObject\" >\n\t\t\t\t\t\t<span itemprop='url'>https:\/\/agencevu.com\/wp-content\/uploads\/2021\/04\/00_True-West_Idaho.jpg<\/span>\n\t\t\t\t\t\t<span itemprop='height'>290<\/span>\n\t\t\t\t\t\t<span itemprop='width'>290<\/span>\n\t\t\t\t<\/span>\n\t\t\t\t<span class='av-structured-data'  itemprop=\"publisher\" itemtype=\"https:\/\/schema.org\/Organization\" itemscope=\"itemscope\" >\n\t\t\t\t\t\t<span itemprop='name'>Fanny Demichelis<\/span>\n\t\t\t\t\t\t<span itemprop='logo' itemscope itemtype='https:\/\/schema.org\/ImageObject'>\n\t\t\t\t\t\t\t<span itemprop='url'>\/wp-content\/uploads\/2021\/05\/logo-vert-2.svg<\/span>\n\t\t\t\t\t\t <\/span>\n\t\t\t\t<\/span><span class='av-structured-data'  itemprop=\"author\" itemscope=\"itemscope\" itemtype=\"https:\/\/schema.org\/Person\" ><span itemprop='name'>Fanny Demichelis<\/span><\/span><span class='av-structured-data'  itemprop=\"datePublished\" datetime=\"1990-05-29T15:10:58+02:00\" >2020-01-13 15:57:41<\/span><span class='av-structured-data'  itemprop=\"dateModified\" itemtype=\"https:\/\/schema.org\/dateModified\" >2021-04-13 16:06:20<\/span><span class='av-structured-data'  itemprop=\"mainEntityOfPage\" itemtype=\"https:\/\/schema.org\/mainEntityOfPage\" ><span itemprop='name'>True West, 2020<\/span><\/span><\/span><\/article><article class='slide-entry flex_column  post-entry post-entry-131716 slide-entry-overview slide-loop-2 slide-parity-even  av_one_half  real-thumbnail'  itemscope=\"itemscope\" itemtype=\"https:\/\/schema.org\/CreativeWork\" ><a href='https:\/\/agencevu.com\/en\/serie\/sete-17-2017\/' data-rel='slide-2' class='slide-image' title=''><img width=\"290\" height=\"290\" src=\"https:\/\/agencevu.com\/wp-content\/uploads\/2021\/03\/00_REAR22289-2017CL26.jpg\" class=\"wp-image-128710 avia-img-lazy-loading-128710 attachment-portfolio size-portfolio wp-post-image\" alt=\"\" loading=\"lazy\" srcset=\"https:\/\/agencevu.com\/wp-content\/uploads\/2021\/03\/00_REAR22289-2017CL26.jpg 290w, https:\/\/agencevu.com\/wp-content\/uploads\/2021\/03\/00_REAR22289-2017CL26-80x80.jpg 80w, https:\/\/agencevu.com\/wp-content\/uploads\/2021\/03\/00_REAR22289-2017CL26-36x36.jpg 36w, https:\/\/agencevu.com\/wp-content\/uploads\/2021\/03\/00_REAR22289-2017CL26-180x180.jpg 180w\" sizes=\"(max-width: 290px) 100vw, 290px\" \/><\/a><div class='slide-content'><header class=\"entry-content-header\"><span class=\"blog-categories minor-meta\"> <a href=\"https:\/\/agencevu.com\/en\/photographer\/anne-rearick\/\" rel=\"tag\">Anne Rearick<\/a> <a href=\"https:\/\/agencevu.com\/en\/section_taxonomy\/series\/\" rel=\"tag\">s\u00e9ries<\/a> <\/span><h3 class='slide-entry-title entry-title'  itemprop=\"headline\" ><a href='https:\/\/agencevu.com\/en\/serie\/sete-17-2017\/' title='S\u00e8te #17, 2017'>S\u00e8te #17, 2017<\/a><\/h3><span class=\"av-vertical-delimiter\"><\/span><\/header><div class='slide-entry-excerpt entry-content'  itemprop=\"text\" >People, lights. One could say that S\u00e8te is all about that under the eye of Anne Rearick. Quite simply, with the immense freedom that is hers, with the flexibility that makes her elegantly wander the square of her frame until she reduces, without limiting it, the space of her experience to this magic square because it is inexplicable.<\/div><\/div><footer class=\"entry-footer\"><div class='slide-meta'><time class='slide-meta-time updated'  itemprop=\"datePublished\" datetime=\"2017-03-13T15:57:44+01:00\" >13 March 2017<\/time><\/div><\/footer><span class='hidden'>\n\t\t\t\t<span class='av-structured-data'  itemprop=\"image\" itemscope=\"itemscope\" itemtype=\"https:\/\/schema.org\/ImageObject\" >\n\t\t\t\t\t\t<span itemprop='url'>https:\/\/agencevu.com\/wp-content\/uploads\/2021\/03\/00_REAR22289-2017CL26.jpg<\/span>\n\t\t\t\t\t\t<span itemprop='height'>290<\/span>\n\t\t\t\t\t\t<span itemprop='width'>290<\/span>\n\t\t\t\t<\/span>\n\t\t\t\t<span class='av-structured-data'  itemprop=\"publisher\" itemtype=\"https:\/\/schema.org\/Organization\" itemscope=\"itemscope\" >\n\t\t\t\t\t\t<span itemprop='name'>Fanny Demichelis<\/span>\n\t\t\t\t\t\t<span itemprop='logo' itemscope itemtype='https:\/\/schema.org\/ImageObject'>\n\t\t\t\t\t\t\t<span itemprop='url'>\/wp-content\/uploads\/2021\/05\/logo-vert-2.svg<\/span>\n\t\t\t\t\t\t <\/span>\n\t\t\t\t<\/span><span class='av-structured-data'  itemprop=\"author\" itemscope=\"itemscope\" itemtype=\"https:\/\/schema.org\/Person\" ><span itemprop='name'>Fanny Demichelis<\/span><\/span><span class='av-structured-data'  itemprop=\"datePublished\" datetime=\"1990-05-29T15:10:58+02:00\" >2017-03-13 15:57:44<\/span><span class='av-structured-data'  itemprop=\"dateModified\" itemtype=\"https:\/\/schema.org\/dateModified\" >2021-04-13 16:05:28<\/span><span class='av-structured-data'  itemprop=\"mainEntityOfPage\" itemtype=\"https:\/\/schema.org\/mainEntityOfPage\" ><span itemprop='name'>S\u00e8te #17, 2017<\/span><\/span><\/span><\/article><\/div><div class='slide-entry-wrap'><article class='slide-entry flex_column  post-entry post-entry-139871 slide-entry-overview slide-loop-3 slide-parity-odd  av_one_half first real-thumbnail'  itemscope=\"itemscope\" itemtype=\"https:\/\/schema.org\/CreativeWork\" ><a href='https:\/\/agencevu.com\/en\/serie\/township-life-after-apartheid-2004-2015\/' data-rel='slide-2' class='slide-image' title=''><img width=\"290\" height=\"290\" src=\"https:\/\/agencevu.com\/wp-content\/uploads\/2021\/03\/01_REAR21943-2016NB47-1.jpg\" class=\"wp-image-128464 avia-img-lazy-loading-128464 attachment-portfolio size-portfolio wp-post-image\" alt=\"\" loading=\"lazy\" srcset=\"https:\/\/agencevu.com\/wp-content\/uploads\/2021\/03\/01_REAR21943-2016NB47-1.jpg 290w, https:\/\/agencevu.com\/wp-content\/uploads\/2021\/03\/01_REAR21943-2016NB47-1-80x80.jpg 80w, https:\/\/agencevu.com\/wp-content\/uploads\/2021\/03\/01_REAR21943-2016NB47-1-36x36.jpg 36w, https:\/\/agencevu.com\/wp-content\/uploads\/2021\/03\/01_REAR21943-2016NB47-1-180x180.jpg 180w\" sizes=\"(max-width: 290px) 100vw, 290px\" \/><\/a><div class='slide-content'><header class=\"entry-content-header\"><span class=\"blog-categories minor-meta\"> <a href=\"https:\/\/agencevu.com\/en\/photographer\/anne-rearick\/\" rel=\"tag\">Anne Rearick<\/a> <a href=\"https:\/\/agencevu.com\/en\/section_taxonomy\/series\/\" rel=\"tag\">s\u00e9ries<\/a> <\/span><h3 class='slide-entry-title entry-title'  itemprop=\"headline\" ><a href='https:\/\/agencevu.com\/en\/serie\/township-life-after-apartheid-2004-2015\/' title='Township : Life after Apartheid (2004-2015)'>Township : Life after Apartheid (2004-2015)<\/a><\/h3><span class=\"av-vertical-delimiter\"><\/span><\/header><div class='slide-entry-excerpt entry-content'  itemprop=\"text\" >\u00ab My work in South Africa was by chance. While exploring amateur boxing in the U.S. and abroad, I was led to visit the Luyviso Club, housed in an old neighbourhood house converted into a gym, in Khayelitsha, a township 40 kilometers from Cape Town. \u00bb<\/div><\/div><footer class=\"entry-footer\"><div class='slide-meta'><time class='slide-meta-time updated'  itemprop=\"datePublished\" datetime=\"2015-05-25T16:15:11+02:00\" >25 May 2015<\/time><\/div><\/footer><span class='hidden'>\n\t\t\t\t<span class='av-structured-data'  itemprop=\"image\" itemscope=\"itemscope\" itemtype=\"https:\/\/schema.org\/ImageObject\" >\n\t\t\t\t\t\t<span itemprop='url'>https:\/\/agencevu.com\/wp-content\/uploads\/2021\/03\/01_REAR21943-2016NB47-1.jpg<\/span>\n\t\t\t\t\t\t<span itemprop='height'>290<\/span>\n\t\t\t\t\t\t<span itemprop='width'>290<\/span>\n\t\t\t\t<\/span>\n\t\t\t\t<span class='av-structured-data'  itemprop=\"publisher\" itemtype=\"https:\/\/schema.org\/Organization\" itemscope=\"itemscope\" >\n\t\t\t\t\t\t<span itemprop='name'>Fanny Demichelis<\/span>\n\t\t\t\t\t\t<span itemprop='logo' itemscope itemtype='https:\/\/schema.org\/ImageObject'>\n\t\t\t\t\t\t\t<span itemprop='url'>\/wp-content\/uploads\/2021\/05\/logo-vert-2.svg<\/span>\n\t\t\t\t\t\t <\/span>\n\t\t\t\t<\/span><span class='av-structured-data'  itemprop=\"author\" itemscope=\"itemscope\" itemtype=\"https:\/\/schema.org\/Person\" ><span itemprop='name'>Fanny Demichelis<\/span><\/span><span class='av-structured-data'  itemprop=\"datePublished\" datetime=\"1990-05-29T15:10:58+02:00\" >2015-05-25 16:15:11<\/span><span class='av-structured-data'  itemprop=\"dateModified\" itemtype=\"https:\/\/schema.org\/dateModified\" >2021-04-13 16:04:33<\/span><span class='av-structured-data'  itemprop=\"mainEntityOfPage\" itemtype=\"https:\/\/schema.org\/mainEntityOfPage\" ><span itemprop='name'>Township : Life after Apartheid (2004-2015)<\/span><\/span><\/span><\/article><article class='slide-entry flex_column  post-entry post-entry-139872 slide-entry-overview slide-loop-4 slide-parity-even  av_one_half  real-thumbnail'  itemscope=\"itemscope\" itemtype=\"https:\/\/schema.org\/CreativeWork\" ><a href='https:\/\/agencevu.com\/en\/serie\/appalachia-2009\/' data-rel='slide-2' class='slide-image' title=''><img width=\"290\" height=\"290\" src=\"https:\/\/agencevu.com\/wp-content\/uploads\/2021\/03\/00_REAR15252-2009NB03.jpg\" class=\"wp-image-127081 avia-img-lazy-loading-127081 attachment-portfolio size-portfolio wp-post-image\" alt=\"\" loading=\"lazy\" srcset=\"https:\/\/agencevu.com\/wp-content\/uploads\/2021\/03\/00_REAR15252-2009NB03.jpg 290w, https:\/\/agencevu.com\/wp-content\/uploads\/2021\/03\/00_REAR15252-2009NB03-80x80.jpg 80w, https:\/\/agencevu.com\/wp-content\/uploads\/2021\/03\/00_REAR15252-2009NB03-36x36.jpg 36w, https:\/\/agencevu.com\/wp-content\/uploads\/2021\/03\/00_REAR15252-2009NB03-180x180.jpg 180w\" sizes=\"(max-width: 290px) 100vw, 290px\" \/><\/a><div class='slide-content'><header class=\"entry-content-header\"><span class=\"blog-categories minor-meta\"> <a href=\"https:\/\/agencevu.com\/en\/photographer\/anne-rearick\/\" rel=\"tag\">Anne Rearick<\/a> <a href=\"https:\/\/agencevu.com\/en\/section_taxonomy\/series\/\" rel=\"tag\">s\u00e9ries<\/a> <\/span><h3 class='slide-entry-title entry-title'  itemprop=\"headline\" ><a href='https:\/\/agencevu.com\/en\/serie\/appalachia-2009\/' title='Appalachia, 2009'>Appalachia, 2009<\/a><\/h3><span class=\"av-vertical-delimiter\"><\/span><\/header><div class='slide-entry-excerpt entry-content'  itemprop=\"text\" >\u00ab In 1990, I traveled to the Appalachian Mountains in eastern Kentucky. Lost on the mountain roads, I stopped in a store to ask for directions. Luckily, a man in the store knew where I was going, and drove me down the windy roads with the backdrop of the mountain slopes until we arrived at Viper. \u00bb<\/div><\/div><footer class=\"entry-footer\"><div class='slide-meta'><time class='slide-meta-time updated'  itemprop=\"datePublished\" datetime=\"2009-05-12T14:24:47+02:00\" >12 May 2009<\/time><\/div><\/footer><span class='hidden'>\n\t\t\t\t<span class='av-structured-data'  itemprop=\"image\" itemscope=\"itemscope\" itemtype=\"https:\/\/schema.org\/ImageObject\" >\n\t\t\t\t\t\t<span itemprop='url'>https:\/\/agencevu.com\/wp-content\/uploads\/2021\/03\/00_REAR15252-2009NB03.jpg<\/span>\n\t\t\t\t\t\t<span itemprop='height'>290<\/span>\n\t\t\t\t\t\t<span itemprop='width'>290<\/span>\n\t\t\t\t<\/span>\n\t\t\t\t<span class='av-structured-data'  itemprop=\"publisher\" itemtype=\"https:\/\/schema.org\/Organization\" itemscope=\"itemscope\" >\n\t\t\t\t\t\t<span itemprop='name'>Fanny Demichelis<\/span>\n\t\t\t\t\t\t<span itemprop='logo' itemscope itemtype='https:\/\/schema.org\/ImageObject'>\n\t\t\t\t\t\t\t<span itemprop='url'>\/wp-content\/uploads\/2021\/05\/logo-vert-2.svg<\/span>\n\t\t\t\t\t\t <\/span>\n\t\t\t\t<\/span><span class='av-structured-data'  itemprop=\"author\" itemscope=\"itemscope\" itemtype=\"https:\/\/schema.org\/Person\" ><span itemprop='name'>Fanny Demichelis<\/span><\/span><span class='av-structured-data'  itemprop=\"datePublished\" datetime=\"1990-05-29T15:10:58+02:00\" >2009-05-12 14:24:47<\/span><span class='av-structured-data'  itemprop=\"dateModified\" itemtype=\"https:\/\/schema.org\/dateModified\" >2021-04-13 16:03:34<\/span><span class='av-structured-data'  itemprop=\"mainEntityOfPage\" itemtype=\"https:\/\/schema.org\/mainEntityOfPage\" ><span itemprop='name'>Appalachia, 2009<\/span><\/span><\/span><\/article><\/div><div class='slide-entry-wrap'><article class='slide-entry flex_column  post-entry post-entry-139873 slide-entry-overview slide-loop-5 slide-parity-odd  av_one_half first real-thumbnail'  itemscope=\"itemscope\" itemtype=\"https:\/\/schema.org\/CreativeWork\" ><a href='https:\/\/agencevu.com\/en\/serie\/tekeli-kazakhstan-2004\/' data-rel='slide-2' class='slide-image' title=''><img width=\"290\" height=\"290\" src=\"https:\/\/agencevu.com\/wp-content\/uploads\/2021\/03\/00_REAR11835-2004NB30-3.jpg\" class=\"wp-image-126920 avia-img-lazy-loading-126920 attachment-portfolio size-portfolio wp-post-image\" alt=\"\" loading=\"lazy\" srcset=\"https:\/\/agencevu.com\/wp-content\/uploads\/2021\/03\/00_REAR11835-2004NB30-3.jpg 290w, https:\/\/agencevu.com\/wp-content\/uploads\/2021\/03\/00_REAR11835-2004NB30-3-80x80.jpg 80w, https:\/\/agencevu.com\/wp-content\/uploads\/2021\/03\/00_REAR11835-2004NB30-3-36x36.jpg 36w, https:\/\/agencevu.com\/wp-content\/uploads\/2021\/03\/00_REAR11835-2004NB30-3-180x180.jpg 180w\" sizes=\"(max-width: 290px) 100vw, 290px\" \/><\/a><div class='slide-content'><header class=\"entry-content-header\"><span class=\"blog-categories minor-meta\"> <a href=\"https:\/\/agencevu.com\/en\/photographer\/anne-rearick\/\" rel=\"tag\">Anne Rearick<\/a> <a href=\"https:\/\/agencevu.com\/en\/section_taxonomy\/series\/\" rel=\"tag\">s\u00e9ries<\/a> <\/span><h3 class='slide-entry-title entry-title'  itemprop=\"headline\" ><a href='https:\/\/agencevu.com\/en\/serie\/tekeli-kazakhstan-2004\/' title='Tekeli, Kazakhstan, 2004'>Tekeli, Kazakhstan, 2004<\/a><\/h3><span class=\"av-vertical-delimiter\"><\/span><\/header><div class='slide-entry-excerpt entry-content'  itemprop=\"text\" >In the remote mountains of Tian Shan, on the Chinese border, and 5 hours from the largest city in Kazakhstan, the city of Tekeli has experienced all facets of the post-Soviet economy and social dislocation. <\/div><\/div><footer class=\"entry-footer\"><div class='slide-meta'><time class='slide-meta-time updated'  itemprop=\"datePublished\" datetime=\"2004-05-12T17:35:06+02:00\" >12 May 2004<\/time><\/div><\/footer><span class='hidden'>\n\t\t\t\t<span class='av-structured-data'  itemprop=\"image\" itemscope=\"itemscope\" itemtype=\"https:\/\/schema.org\/ImageObject\" >\n\t\t\t\t\t\t<span itemprop='url'>https:\/\/agencevu.com\/wp-content\/uploads\/2021\/03\/00_REAR11835-2004NB30-3.jpg<\/span>\n\t\t\t\t\t\t<span itemprop='height'>290<\/span>\n\t\t\t\t\t\t<span itemprop='width'>290<\/span>\n\t\t\t\t<\/span>\n\t\t\t\t<span class='av-structured-data'  itemprop=\"publisher\" itemtype=\"https:\/\/schema.org\/Organization\" itemscope=\"itemscope\" >\n\t\t\t\t\t\t<span itemprop='name'>Fanny Demichelis<\/span>\n\t\t\t\t\t\t<span itemprop='logo' itemscope itemtype='https:\/\/schema.org\/ImageObject'>\n\t\t\t\t\t\t\t<span itemprop='url'>\/wp-content\/uploads\/2021\/05\/logo-vert-2.svg<\/span>\n\t\t\t\t\t\t <\/span>\n\t\t\t\t<\/span><span class='av-structured-data'  itemprop=\"author\" itemscope=\"itemscope\" itemtype=\"https:\/\/schema.org\/Person\" ><span itemprop='name'>Fanny Demichelis<\/span><\/span><span class='av-structured-data'  itemprop=\"datePublished\" datetime=\"1990-05-29T15:10:58+02:00\" >2004-05-12 17:35:06<\/span><span class='av-structured-data'  itemprop=\"dateModified\" itemtype=\"https:\/\/schema.org\/dateModified\" >2021-04-13 16:02:21<\/span><span class='av-structured-data'  itemprop=\"mainEntityOfPage\" itemtype=\"https:\/\/schema.org\/mainEntityOfPage\" ><span itemprop='name'>Tekeli, Kazakhstan, 2004<\/span><\/span><\/span><\/article><article class='slide-entry flex_column  post-entry post-entry-139874 slide-entry-overview slide-loop-6 slide-parity-even  av_one_half  real-thumbnail'  itemscope=\"itemscope\" itemtype=\"https:\/\/schema.org\/CreativeWork\" ><a href='https:\/\/agencevu.com\/en\/serie\/lace-on-the-gloves-amateur-boxing-in-the-us-and-beyond-2001\/' data-rel='slide-2' class='slide-image' title=''><img width=\"283\" height=\"290\" src=\"https:\/\/agencevu.com\/wp-content\/uploads\/2021\/03\/00_REAR10571-2001NB31.jpg\" class=\"wp-image-126767 avia-img-lazy-loading-126767 attachment-portfolio size-portfolio wp-post-image\" alt=\"\" loading=\"lazy\" srcset=\"https:\/\/agencevu.com\/wp-content\/uploads\/2021\/03\/00_REAR10571-2001NB31.jpg 283w, https:\/\/agencevu.com\/wp-content\/uploads\/2021\/03\/00_REAR10571-2001NB31-78x80.jpg 78w, https:\/\/agencevu.com\/wp-content\/uploads\/2021\/03\/00_REAR10571-2001NB31-36x36.jpg 36w\" sizes=\"(max-width: 283px) 100vw, 283px\" \/><\/a><div class='slide-content'><header class=\"entry-content-header\"><span class=\"blog-categories minor-meta\"> <a href=\"https:\/\/agencevu.com\/en\/photographer\/anne-rearick\/\" rel=\"tag\">Anne Rearick<\/a> <a href=\"https:\/\/agencevu.com\/en\/section_taxonomy\/series\/\" rel=\"tag\">s\u00e9ries<\/a> <\/span><h3 class='slide-entry-title entry-title'  itemprop=\"headline\" ><a href='https:\/\/agencevu.com\/en\/serie\/lace-on-the-gloves-amateur-boxing-in-the-us-and-beyond-2001\/' title='Lace on the Gloves : Amateur Boxing in the US and Beyond, 2001'>Lace on the Gloves : Amateur Boxing in the US and Beyond, 2001<\/a><\/h3><span class=\"av-vertical-delimiter\"><\/span><\/header><div class='slide-entry-excerpt entry-content'  itemprop=\"text\" >In this world, amateur boxing is lived in the shadow of the professional and pretentious one. In this world, which I photographed in a small boxing clubhouse in Old Church, Somerville, Massachusetts, during the New England Golden Gloves competition in Lowell...<\/div><\/div><footer class=\"entry-footer\"><div class='slide-meta'><time class='slide-meta-time updated'  itemprop=\"datePublished\" datetime=\"2001-12-14T16:23:24+01:00\" >14 December 2001<\/time><\/div><\/footer><span class='hidden'>\n\t\t\t\t<span class='av-structured-data'  itemprop=\"image\" itemscope=\"itemscope\" itemtype=\"https:\/\/schema.org\/ImageObject\" >\n\t\t\t\t\t\t<span itemprop='url'>https:\/\/agencevu.com\/wp-content\/uploads\/2021\/03\/00_REAR10571-2001NB31.jpg<\/span>\n\t\t\t\t\t\t<span itemprop='height'>290<\/span>\n\t\t\t\t\t\t<span itemprop='width'>283<\/span>\n\t\t\t\t<\/span>\n\t\t\t\t<span class='av-structured-data'  itemprop=\"publisher\" itemtype=\"https:\/\/schema.org\/Organization\" itemscope=\"itemscope\" >\n\t\t\t\t\t\t<span itemprop='name'>Fanny Demichelis<\/span>\n\t\t\t\t\t\t<span itemprop='logo' itemscope itemtype='https:\/\/schema.org\/ImageObject'>\n\t\t\t\t\t\t\t<span itemprop='url'>\/wp-content\/uploads\/2021\/05\/logo-vert-2.svg<\/span>\n\t\t\t\t\t\t <\/span>\n\t\t\t\t<\/span><span class='av-structured-data'  itemprop=\"author\" itemscope=\"itemscope\" itemtype=\"https:\/\/schema.org\/Person\" ><span itemprop='name'>Fanny Demichelis<\/span><\/span><span class='av-structured-data'  itemprop=\"datePublished\" datetime=\"1990-05-29T15:10:58+02:00\" >2001-12-14 16:23:24<\/span><span class='av-structured-data'  itemprop=\"dateModified\" itemtype=\"https:\/\/schema.org\/dateModified\" >2021-04-30 15:52:35<\/span><span class='av-structured-data'  itemprop=\"mainEntityOfPage\" itemtype=\"https:\/\/schema.org\/mainEntityOfPage\" ><span itemprop='name'>Lace on the Gloves : Amateur Boxing in the US and Beyond, 2001<\/span><\/span><\/span><\/article><\/div><div class='slide-entry-wrap'><article class='slide-entry flex_column  post-entry post-entry-139875 slide-entry-overview slide-loop-7 slide-parity-odd  post-entry-last  av_one_half first real-thumbnail'  itemscope=\"itemscope\" itemtype=\"https:\/\/schema.org\/CreativeWork\" ><a href='https:\/\/agencevu.com\/en\/serie\/basque-heartland-1990\/' data-rel='slide-2' class='slide-image' title=''><img width=\"290\" height=\"290\" src=\"https:\/\/agencevu.com\/wp-content\/uploads\/2021\/03\/00_REAR11141-1996NB02-1.jpg\" class=\"wp-image-126580 avia-img-lazy-loading-126580 attachment-portfolio size-portfolio wp-post-image\" alt=\"\" loading=\"lazy\" srcset=\"https:\/\/agencevu.com\/wp-content\/uploads\/2021\/03\/00_REAR11141-1996NB02-1.jpg 290w, https:\/\/agencevu.com\/wp-content\/uploads\/2021\/03\/00_REAR11141-1996NB02-1-80x80.jpg 80w, https:\/\/agencevu.com\/wp-content\/uploads\/2021\/03\/00_REAR11141-1996NB02-1-36x36.jpg 36w, https:\/\/agencevu.com\/wp-content\/uploads\/2021\/03\/00_REAR11141-1996NB02-1-180x180.jpg 180w\" sizes=\"(max-width: 290px) 100vw, 290px\" \/><\/a><div class='slide-content'><header class=\"entry-content-header\"><span class=\"blog-categories minor-meta\"> <a href=\"https:\/\/agencevu.com\/en\/photographer\/anne-rearick\/\" rel=\"tag\">Anne Rearick<\/a> <a href=\"https:\/\/agencevu.com\/en\/section_taxonomy\/series\/\" rel=\"tag\">s\u00e9ries<\/a> <\/span><h3 class='slide-entry-title entry-title'  itemprop=\"headline\" ><a href='https:\/\/agencevu.com\/en\/serie\/basque-heartland-1990\/' title='Basque Heartland, 1990'>Basque Heartland, 1990<\/a><\/h3><span class=\"av-vertical-delimiter\"><\/span><\/header><div class='slide-entry-excerpt entry-content'  itemprop=\"text\" >In 1990, Anne Rearick left the East Coast of the United States to spend a year photographing the daily life of Iparralde, in the French Basque Country.<\/div><\/div><footer class=\"entry-footer\"><div class='slide-meta'><time class='slide-meta-time updated'  itemprop=\"datePublished\" datetime=\"1990-05-29T15:10:58+02:00\" >29 May 1990<\/time><\/div><\/footer><span class='hidden'>\n\t\t\t\t<span class='av-structured-data'  itemprop=\"image\" itemscope=\"itemscope\" itemtype=\"https:\/\/schema.org\/ImageObject\" >\n\t\t\t\t\t\t<span itemprop='url'>https:\/\/agencevu.com\/wp-content\/uploads\/2021\/03\/00_REAR11141-1996NB02-1.jpg<\/span>\n\t\t\t\t\t\t<span itemprop='height'>290<\/span>\n\t\t\t\t\t\t<span itemprop='width'>290<\/span>\n\t\t\t\t<\/span>\n\t\t\t\t<span class='av-structured-data'  itemprop=\"publisher\" itemtype=\"https:\/\/schema.org\/Organization\" itemscope=\"itemscope\" >\n\t\t\t\t\t\t<span itemprop='name'>Fanny Demichelis<\/span>\n\t\t\t\t\t\t<span itemprop='logo' itemscope itemtype='https:\/\/schema.org\/ImageObject'>\n\t\t\t\t\t\t\t<span itemprop='url'>\/wp-content\/uploads\/2021\/05\/logo-vert-2.svg<\/span>\n\t\t\t\t\t\t <\/span>\n\t\t\t\t<\/span><span class='av-structured-data'  itemprop=\"author\" itemscope=\"itemscope\" itemtype=\"https:\/\/schema.org\/Person\" ><span itemprop='name'>Fanny Demichelis<\/span><\/span><span class='av-structured-data'  itemprop=\"datePublished\" datetime=\"1990-05-29T15:10:58+02:00\" >1990-05-29 15:10:58<\/span><span class='av-structured-data'  itemprop=\"dateModified\" itemtype=\"https:\/\/schema.org\/dateModified\" >2021-04-13 16:00:20<\/span><span class='av-structured-data'  itemprop=\"mainEntityOfPage\" itemtype=\"https:\/\/schema.org\/mainEntityOfPage\" ><span itemprop='name'>Basque Heartland, 1990<\/span><\/span><\/span><\/article><\/div><\/div><\/div>\n<div  data-autoplay=''  data-interval='5'  data-animation='fade'  data-show_slide_delay='90'  class='avia-content-slider avia-content-grid-active avia-content-slider3 avia-content-slider-odd   av-desktop-hide av-medium-hide av-small-hide'  itemscope=\"itemscope\" itemtype=\"https:\/\/schema.org\/Blog\" ><div class='avia-content-slider-inner'><div class='slide-entry-wrap'><article class='slide-entry flex_column  post-entry post-entry-135002 slide-entry-overview slide-loop-1 slide-parity-odd  av_fullwidth first real-thumbnail'  itemscope=\"itemscope\" itemtype=\"https:\/\/schema.org\/CreativeWork\" ><a href='https:\/\/agencevu.com\/en\/serie\/true-west-2020\/' data-rel='slide-3' class='slide-image' title=''><img width=\"290\" height=\"290\" src=\"https:\/\/agencevu.com\/wp-content\/uploads\/2021\/04\/00_True-West_Idaho.jpg\" class=\"wp-image-134973 avia-img-lazy-loading-134973 attachment-large size-large wp-post-image\" alt=\"\" loading=\"lazy\" srcset=\"https:\/\/agencevu.com\/wp-content\/uploads\/2021\/04\/00_True-West_Idaho.jpg 290w, https:\/\/agencevu.com\/wp-content\/uploads\/2021\/04\/00_True-West_Idaho-80x80.jpg 80w, https:\/\/agencevu.com\/wp-content\/uploads\/2021\/04\/00_True-West_Idaho-36x36.jpg 36w, https:\/\/agencevu.com\/wp-content\/uploads\/2021\/04\/00_True-West_Idaho-180x180.jpg 180w\" sizes=\"(max-width: 290px) 100vw, 290px\" \/><\/a><div class='slide-content'><header class=\"entry-content-header\"><span class=\"blog-categories minor-meta\"> <a href=\"https:\/\/agencevu.com\/en\/photographer\/anne-rearick\/\" rel=\"tag\">Anne Rearick<\/a> <a href=\"https:\/\/agencevu.com\/en\/section_taxonomy\/series\/\" rel=\"tag\">s\u00e9ries<\/a> <\/span><h3 class='slide-entry-title entry-title'  itemprop=\"headline\" ><a href='https:\/\/agencevu.com\/en\/serie\/true-west-2020\/' title='True West, 2020'>True West, 2020<\/a><\/h3><span class=\"av-vertical-delimiter\"><\/span><\/header><div class='slide-entry-excerpt entry-content'  itemprop=\"text\" >Idaho is similar to many American states: the capital Boise, with its beautiful university and mixed population, is home to only 12% of the population. In the rest of the region, there is a collection of small rural towns, where in some churches, the American flag proudly flies next to the cross... <\/div><\/div><footer class=\"entry-footer\"><div class='slide-meta'><time class='slide-meta-time updated'  itemprop=\"datePublished\" datetime=\"2020-01-13T15:57:41+01:00\" >13 January 2020<\/time><\/div><\/footer><span class='hidden'>\n\t\t\t\t<span class='av-structured-data'  itemprop=\"image\" itemscope=\"itemscope\" itemtype=\"https:\/\/schema.org\/ImageObject\" >\n\t\t\t\t\t\t<span itemprop='url'>https:\/\/agencevu.com\/wp-content\/uploads\/2021\/04\/00_True-West_Idaho.jpg<\/span>\n\t\t\t\t\t\t<span itemprop='height'>290<\/span>\n\t\t\t\t\t\t<span itemprop='width'>290<\/span>\n\t\t\t\t<\/span>\n\t\t\t\t<span class='av-structured-data'  itemprop=\"publisher\" itemtype=\"https:\/\/schema.org\/Organization\" itemscope=\"itemscope\" >\n\t\t\t\t\t\t<span itemprop='name'>Fanny Demichelis<\/span>\n\t\t\t\t\t\t<span itemprop='logo' itemscope itemtype='https:\/\/schema.org\/ImageObject'>\n\t\t\t\t\t\t\t<span itemprop='url'>\/wp-content\/uploads\/2021\/05\/logo-vert-2.svg<\/span>\n\t\t\t\t\t\t <\/span>\n\t\t\t\t<\/span><span class='av-structured-data'  itemprop=\"author\" itemscope=\"itemscope\" itemtype=\"https:\/\/schema.org\/Person\" ><span itemprop='name'>Fanny Demichelis<\/span><\/span><span class='av-structured-data'  itemprop=\"datePublished\" datetime=\"1990-05-29T15:10:58+02:00\" >2020-01-13 15:57:41<\/span><span class='av-structured-data'  itemprop=\"dateModified\" itemtype=\"https:\/\/schema.org\/dateModified\" >2021-04-13 16:06:20<\/span><span class='av-structured-data'  itemprop=\"mainEntityOfPage\" itemtype=\"https:\/\/schema.org\/mainEntityOfPage\" ><span itemprop='name'>True West, 2020<\/span><\/span><\/span><\/article><\/div><div class='slide-entry-wrap'><article class='slide-entry flex_column  post-entry post-entry-131716 slide-entry-overview slide-loop-2 slide-parity-odd  av_fullwidth first real-thumbnail'  itemscope=\"itemscope\" itemtype=\"https:\/\/schema.org\/CreativeWork\" ><a href='https:\/\/agencevu.com\/en\/serie\/sete-17-2017\/' data-rel='slide-3' class='slide-image' title=''><img width=\"290\" height=\"290\" src=\"https:\/\/agencevu.com\/wp-content\/uploads\/2021\/03\/00_REAR22289-2017CL26.jpg\" class=\"wp-image-128710 avia-img-lazy-loading-128710 attachment-large size-large wp-post-image\" alt=\"\" loading=\"lazy\" srcset=\"https:\/\/agencevu.com\/wp-content\/uploads\/2021\/03\/00_REAR22289-2017CL26.jpg 290w, https:\/\/agencevu.com\/wp-content\/uploads\/2021\/03\/00_REAR22289-2017CL26-80x80.jpg 80w, https:\/\/agencevu.com\/wp-content\/uploads\/2021\/03\/00_REAR22289-2017CL26-36x36.jpg 36w, https:\/\/agencevu.com\/wp-content\/uploads\/2021\/03\/00_REAR22289-2017CL26-180x180.jpg 180w\" sizes=\"(max-width: 290px) 100vw, 290px\" \/><\/a><div class='slide-content'><header class=\"entry-content-header\"><span class=\"blog-categories minor-meta\"> <a href=\"https:\/\/agencevu.com\/en\/photographer\/anne-rearick\/\" rel=\"tag\">Anne Rearick<\/a> <a href=\"https:\/\/agencevu.com\/en\/section_taxonomy\/series\/\" rel=\"tag\">s\u00e9ries<\/a> <\/span><h3 class='slide-entry-title entry-title'  itemprop=\"headline\" ><a href='https:\/\/agencevu.com\/en\/serie\/sete-17-2017\/' title='S\u00e8te #17, 2017'>S\u00e8te #17, 2017<\/a><\/h3><span class=\"av-vertical-delimiter\"><\/span><\/header><div class='slide-entry-excerpt entry-content'  itemprop=\"text\" >People, lights. One could say that S\u00e8te is all about that under the eye of Anne Rearick. Quite simply, with the immense freedom that is hers, with the flexibility that makes her elegantly wander the square of her frame until she reduces, without limiting it, the space of her experience to this magic square because it is inexplicable.<\/div><\/div><footer class=\"entry-footer\"><div class='slide-meta'><time class='slide-meta-time updated'  itemprop=\"datePublished\" datetime=\"2017-03-13T15:57:44+01:00\" >13 March 2017<\/time><\/div><\/footer><span class='hidden'>\n\t\t\t\t<span class='av-structured-data'  itemprop=\"image\" itemscope=\"itemscope\" itemtype=\"https:\/\/schema.org\/ImageObject\" >\n\t\t\t\t\t\t<span itemprop='url'>https:\/\/agencevu.com\/wp-content\/uploads\/2021\/03\/00_REAR22289-2017CL26.jpg<\/span>\n\t\t\t\t\t\t<span itemprop='height'>290<\/span>\n\t\t\t\t\t\t<span itemprop='width'>290<\/span>\n\t\t\t\t<\/span>\n\t\t\t\t<span class='av-structured-data'  itemprop=\"publisher\" itemtype=\"https:\/\/schema.org\/Organization\" itemscope=\"itemscope\" >\n\t\t\t\t\t\t<span itemprop='name'>Fanny Demichelis<\/span>\n\t\t\t\t\t\t<span itemprop='logo' itemscope itemtype='https:\/\/schema.org\/ImageObject'>\n\t\t\t\t\t\t\t<span itemprop='url'>\/wp-content\/uploads\/2021\/05\/logo-vert-2.svg<\/span>\n\t\t\t\t\t\t <\/span>\n\t\t\t\t<\/span><span class='av-structured-data'  itemprop=\"author\" itemscope=\"itemscope\" itemtype=\"https:\/\/schema.org\/Person\" ><span itemprop='name'>Fanny Demichelis<\/span><\/span><span class='av-structured-data'  itemprop=\"datePublished\" datetime=\"1990-05-29T15:10:58+02:00\" >2017-03-13 15:57:44<\/span><span class='av-structured-data'  itemprop=\"dateModified\" itemtype=\"https:\/\/schema.org\/dateModified\" >2021-04-13 16:05:28<\/span><span class='av-structured-data'  itemprop=\"mainEntityOfPage\" itemtype=\"https:\/\/schema.org\/mainEntityOfPage\" ><span itemprop='name'>S\u00e8te #17, 2017<\/span><\/span><\/span><\/article><\/div><div class='slide-entry-wrap'><article class='slide-entry flex_column  post-entry post-entry-139871 slide-entry-overview slide-loop-3 slide-parity-odd  av_fullwidth first real-thumbnail'  itemscope=\"itemscope\" itemtype=\"https:\/\/schema.org\/CreativeWork\" ><a href='https:\/\/agencevu.com\/en\/serie\/township-life-after-apartheid-2004-2015\/' data-rel='slide-3' class='slide-image' title=''><img width=\"290\" height=\"290\" src=\"https:\/\/agencevu.com\/wp-content\/uploads\/2021\/03\/01_REAR21943-2016NB47-1.jpg\" class=\"wp-image-128464 avia-img-lazy-loading-128464 attachment-large size-large wp-post-image\" alt=\"\" loading=\"lazy\" srcset=\"https:\/\/agencevu.com\/wp-content\/uploads\/2021\/03\/01_REAR21943-2016NB47-1.jpg 290w, https:\/\/agencevu.com\/wp-content\/uploads\/2021\/03\/01_REAR21943-2016NB47-1-80x80.jpg 80w, https:\/\/agencevu.com\/wp-content\/uploads\/2021\/03\/01_REAR21943-2016NB47-1-36x36.jpg 36w, https:\/\/agencevu.com\/wp-content\/uploads\/2021\/03\/01_REAR21943-2016NB47-1-180x180.jpg 180w\" sizes=\"(max-width: 290px) 100vw, 290px\" \/><\/a><div class='slide-content'><header class=\"entry-content-header\"><span class=\"blog-categories minor-meta\"> <a href=\"https:\/\/agencevu.com\/en\/photographer\/anne-rearick\/\" rel=\"tag\">Anne Rearick<\/a> <a href=\"https:\/\/agencevu.com\/en\/section_taxonomy\/series\/\" rel=\"tag\">s\u00e9ries<\/a> <\/span><h3 class='slide-entry-title entry-title'  itemprop=\"headline\" ><a href='https:\/\/agencevu.com\/en\/serie\/township-life-after-apartheid-2004-2015\/' title='Township : Life after Apartheid (2004-2015)'>Township : Life after Apartheid (2004-2015)<\/a><\/h3><span class=\"av-vertical-delimiter\"><\/span><\/header><div class='slide-entry-excerpt entry-content'  itemprop=\"text\" >\u00ab My work in South Africa was by chance. While exploring amateur boxing in the U.S. and abroad, I was led to visit the Luyviso Club, housed in an old neighbourhood house converted into a gym, in Khayelitsha, a township 40 kilometers from Cape Town. \u00bb<\/div><\/div><footer class=\"entry-footer\"><div class='slide-meta'><time class='slide-meta-time updated'  itemprop=\"datePublished\" datetime=\"2015-05-25T16:15:11+02:00\" >25 May 2015<\/time><\/div><\/footer><span class='hidden'>\n\t\t\t\t<span class='av-structured-data'  itemprop=\"image\" itemscope=\"itemscope\" itemtype=\"https:\/\/schema.org\/ImageObject\" >\n\t\t\t\t\t\t<span itemprop='url'>https:\/\/agencevu.com\/wp-content\/uploads\/2021\/03\/01_REAR21943-2016NB47-1.jpg<\/span>\n\t\t\t\t\t\t<span itemprop='height'>290<\/span>\n\t\t\t\t\t\t<span itemprop='width'>290<\/span>\n\t\t\t\t<\/span>\n\t\t\t\t<span class='av-structured-data'  itemprop=\"publisher\" itemtype=\"https:\/\/schema.org\/Organization\" itemscope=\"itemscope\" >\n\t\t\t\t\t\t<span itemprop='name'>Fanny Demichelis<\/span>\n\t\t\t\t\t\t<span itemprop='logo' itemscope itemtype='https:\/\/schema.org\/ImageObject'>\n\t\t\t\t\t\t\t<span itemprop='url'>\/wp-content\/uploads\/2021\/05\/logo-vert-2.svg<\/span>\n\t\t\t\t\t\t <\/span>\n\t\t\t\t<\/span><span class='av-structured-data'  itemprop=\"author\" itemscope=\"itemscope\" itemtype=\"https:\/\/schema.org\/Person\" ><span itemprop='name'>Fanny Demichelis<\/span><\/span><span class='av-structured-data'  itemprop=\"datePublished\" datetime=\"1990-05-29T15:10:58+02:00\" >2015-05-25 16:15:11<\/span><span class='av-structured-data'  itemprop=\"dateModified\" itemtype=\"https:\/\/schema.org\/dateModified\" >2021-04-13 16:04:33<\/span><span class='av-structured-data'  itemprop=\"mainEntityOfPage\" itemtype=\"https:\/\/schema.org\/mainEntityOfPage\" ><span itemprop='name'>Township : Life after Apartheid (2004-2015)<\/span><\/span><\/span><\/article><\/div><div class='slide-entry-wrap'><article class='slide-entry flex_column  post-entry post-entry-139872 slide-entry-overview slide-loop-4 slide-parity-odd  av_fullwidth first real-thumbnail'  itemscope=\"itemscope\" itemtype=\"https:\/\/schema.org\/CreativeWork\" ><a href='https:\/\/agencevu.com\/en\/serie\/appalachia-2009\/' data-rel='slide-3' class='slide-image' title=''><img width=\"290\" height=\"290\" src=\"https:\/\/agencevu.com\/wp-content\/uploads\/2021\/03\/00_REAR15252-2009NB03.jpg\" class=\"wp-image-127081 avia-img-lazy-loading-127081 attachment-large size-large wp-post-image\" alt=\"\" loading=\"lazy\" srcset=\"https:\/\/agencevu.com\/wp-content\/uploads\/2021\/03\/00_REAR15252-2009NB03.jpg 290w, https:\/\/agencevu.com\/wp-content\/uploads\/2021\/03\/00_REAR15252-2009NB03-80x80.jpg 80w, https:\/\/agencevu.com\/wp-content\/uploads\/2021\/03\/00_REAR15252-2009NB03-36x36.jpg 36w, https:\/\/agencevu.com\/wp-content\/uploads\/2021\/03\/00_REAR15252-2009NB03-180x180.jpg 180w\" sizes=\"(max-width: 290px) 100vw, 290px\" \/><\/a><div class='slide-content'><header class=\"entry-content-header\"><span class=\"blog-categories minor-meta\"> <a href=\"https:\/\/agencevu.com\/en\/photographer\/anne-rearick\/\" rel=\"tag\">Anne Rearick<\/a> <a href=\"https:\/\/agencevu.com\/en\/section_taxonomy\/series\/\" rel=\"tag\">s\u00e9ries<\/a> <\/span><h3 class='slide-entry-title entry-title'  itemprop=\"headline\" ><a href='https:\/\/agencevu.com\/en\/serie\/appalachia-2009\/' title='Appalachia, 2009'>Appalachia, 2009<\/a><\/h3><span class=\"av-vertical-delimiter\"><\/span><\/header><div class='slide-entry-excerpt entry-content'  itemprop=\"text\" >\u00ab In 1990, I traveled to the Appalachian Mountains in eastern Kentucky. Lost on the mountain roads, I stopped in a store to ask for directions. Luckily, a man in the store knew where I was going, and drove me down the windy roads with the backdrop of the mountain slopes until we arrived at Viper. \u00bb<\/div><\/div><footer class=\"entry-footer\"><div class='slide-meta'><time class='slide-meta-time updated'  itemprop=\"datePublished\" datetime=\"2009-05-12T14:24:47+02:00\" >12 May 2009<\/time><\/div><\/footer><span class='hidden'>\n\t\t\t\t<span class='av-structured-data'  itemprop=\"image\" itemscope=\"itemscope\" itemtype=\"https:\/\/schema.org\/ImageObject\" >\n\t\t\t\t\t\t<span itemprop='url'>https:\/\/agencevu.com\/wp-content\/uploads\/2021\/03\/00_REAR15252-2009NB03.jpg<\/span>\n\t\t\t\t\t\t<span itemprop='height'>290<\/span>\n\t\t\t\t\t\t<span itemprop='width'>290<\/span>\n\t\t\t\t<\/span>\n\t\t\t\t<span class='av-structured-data'  itemprop=\"publisher\" itemtype=\"https:\/\/schema.org\/Organization\" itemscope=\"itemscope\" >\n\t\t\t\t\t\t<span itemprop='name'>Fanny Demichelis<\/span>\n\t\t\t\t\t\t<span itemprop='logo' itemscope itemtype='https:\/\/schema.org\/ImageObject'>\n\t\t\t\t\t\t\t<span itemprop='url'>\/wp-content\/uploads\/2021\/05\/logo-vert-2.svg<\/span>\n\t\t\t\t\t\t <\/span>\n\t\t\t\t<\/span><span class='av-structured-data'  itemprop=\"author\" itemscope=\"itemscope\" itemtype=\"https:\/\/schema.org\/Person\" ><span itemprop='name'>Fanny Demichelis<\/span><\/span><span class='av-structured-data'  itemprop=\"datePublished\" datetime=\"1990-05-29T15:10:58+02:00\" >2009-05-12 14:24:47<\/span><span class='av-structured-data'  itemprop=\"dateModified\" itemtype=\"https:\/\/schema.org\/dateModified\" >2021-04-13 16:03:34<\/span><span class='av-structured-data'  itemprop=\"mainEntityOfPage\" itemtype=\"https:\/\/schema.org\/mainEntityOfPage\" ><span itemprop='name'>Appalachia, 2009<\/span><\/span><\/span><\/article><\/div><div class='slide-entry-wrap'><article class='slide-entry flex_column  post-entry post-entry-139873 slide-entry-overview slide-loop-5 slide-parity-odd  av_fullwidth first real-thumbnail'  itemscope=\"itemscope\" itemtype=\"https:\/\/schema.org\/CreativeWork\" ><a href='https:\/\/agencevu.com\/en\/serie\/tekeli-kazakhstan-2004\/' data-rel='slide-3' class='slide-image' title=''><img width=\"290\" height=\"290\" src=\"https:\/\/agencevu.com\/wp-content\/uploads\/2021\/03\/00_REAR11835-2004NB30-3.jpg\" class=\"wp-image-126920 avia-img-lazy-loading-126920 attachment-large size-large wp-post-image\" alt=\"\" loading=\"lazy\" srcset=\"https:\/\/agencevu.com\/wp-content\/uploads\/2021\/03\/00_REAR11835-2004NB30-3.jpg 290w, https:\/\/agencevu.com\/wp-content\/uploads\/2021\/03\/00_REAR11835-2004NB30-3-80x80.jpg 80w, https:\/\/agencevu.com\/wp-content\/uploads\/2021\/03\/00_REAR11835-2004NB30-3-36x36.jpg 36w, https:\/\/agencevu.com\/wp-content\/uploads\/2021\/03\/00_REAR11835-2004NB30-3-180x180.jpg 180w\" sizes=\"(max-width: 290px) 100vw, 290px\" \/><\/a><div class='slide-content'><header class=\"entry-content-header\"><span class=\"blog-categories minor-meta\"> <a href=\"https:\/\/agencevu.com\/en\/photographer\/anne-rearick\/\" rel=\"tag\">Anne Rearick<\/a> <a href=\"https:\/\/agencevu.com\/en\/section_taxonomy\/series\/\" rel=\"tag\">s\u00e9ries<\/a> <\/span><h3 class='slide-entry-title entry-title'  itemprop=\"headline\" ><a href='https:\/\/agencevu.com\/en\/serie\/tekeli-kazakhstan-2004\/' title='Tekeli, Kazakhstan, 2004'>Tekeli, Kazakhstan, 2004<\/a><\/h3><span class=\"av-vertical-delimiter\"><\/span><\/header><div class='slide-entry-excerpt entry-content'  itemprop=\"text\" >In the remote mountains of Tian Shan, on the Chinese border, and 5 hours from the largest city in Kazakhstan, the city of Tekeli has experienced all facets of the post-Soviet economy and social dislocation. <\/div><\/div><footer class=\"entry-footer\"><div class='slide-meta'><time class='slide-meta-time updated'  itemprop=\"datePublished\" datetime=\"2004-05-12T17:35:06+02:00\" >12 May 2004<\/time><\/div><\/footer><span class='hidden'>\n\t\t\t\t<span class='av-structured-data'  itemprop=\"image\" itemscope=\"itemscope\" itemtype=\"https:\/\/schema.org\/ImageObject\" >\n\t\t\t\t\t\t<span itemprop='url'>https:\/\/agencevu.com\/wp-content\/uploads\/2021\/03\/00_REAR11835-2004NB30-3.jpg<\/span>\n\t\t\t\t\t\t<span itemprop='height'>290<\/span>\n\t\t\t\t\t\t<span itemprop='width'>290<\/span>\n\t\t\t\t<\/span>\n\t\t\t\t<span class='av-structured-data'  itemprop=\"publisher\" itemtype=\"https:\/\/schema.org\/Organization\" itemscope=\"itemscope\" >\n\t\t\t\t\t\t<span itemprop='name'>Fanny Demichelis<\/span>\n\t\t\t\t\t\t<span itemprop='logo' itemscope itemtype='https:\/\/schema.org\/ImageObject'>\n\t\t\t\t\t\t\t<span itemprop='url'>\/wp-content\/uploads\/2021\/05\/logo-vert-2.svg<\/span>\n\t\t\t\t\t\t <\/span>\n\t\t\t\t<\/span><span class='av-structured-data'  itemprop=\"author\" itemscope=\"itemscope\" itemtype=\"https:\/\/schema.org\/Person\" ><span itemprop='name'>Fanny Demichelis<\/span><\/span><span class='av-structured-data'  itemprop=\"datePublished\" datetime=\"1990-05-29T15:10:58+02:00\" >2004-05-12 17:35:06<\/span><span class='av-structured-data'  itemprop=\"dateModified\" itemtype=\"https:\/\/schema.org\/dateModified\" >2021-04-13 16:02:21<\/span><span class='av-structured-data'  itemprop=\"mainEntityOfPage\" itemtype=\"https:\/\/schema.org\/mainEntityOfPage\" ><span itemprop='name'>Tekeli, Kazakhstan, 2004<\/span><\/span><\/span><\/article><\/div><div class='slide-entry-wrap'><article class='slide-entry flex_column  post-entry post-entry-139874 slide-entry-overview slide-loop-6 slide-parity-odd  av_fullwidth first real-thumbnail'  itemscope=\"itemscope\" itemtype=\"https:\/\/schema.org\/CreativeWork\" ><a href='https:\/\/agencevu.com\/en\/serie\/lace-on-the-gloves-amateur-boxing-in-the-us-and-beyond-2001\/' data-rel='slide-3' class='slide-image' title=''><img width=\"283\" height=\"290\" src=\"https:\/\/agencevu.com\/wp-content\/uploads\/2021\/03\/00_REAR10571-2001NB31.jpg\" class=\"wp-image-126767 avia-img-lazy-loading-126767 attachment-large size-large wp-post-image\" alt=\"\" loading=\"lazy\" srcset=\"https:\/\/agencevu.com\/wp-content\/uploads\/2021\/03\/00_REAR10571-2001NB31.jpg 283w, https:\/\/agencevu.com\/wp-content\/uploads\/2021\/03\/00_REAR10571-2001NB31-78x80.jpg 78w, https:\/\/agencevu.com\/wp-content\/uploads\/2021\/03\/00_REAR10571-2001NB31-36x36.jpg 36w\" sizes=\"(max-width: 283px) 100vw, 283px\" \/><\/a><div class='slide-content'><header class=\"entry-content-header\"><span class=\"blog-categories minor-meta\"> <a href=\"https:\/\/agencevu.com\/en\/photographer\/anne-rearick\/\" rel=\"tag\">Anne Rearick<\/a> <a href=\"https:\/\/agencevu.com\/en\/section_taxonomy\/series\/\" rel=\"tag\">s\u00e9ries<\/a> <\/span><h3 class='slide-entry-title entry-title'  itemprop=\"headline\" ><a href='https:\/\/agencevu.com\/en\/serie\/lace-on-the-gloves-amateur-boxing-in-the-us-and-beyond-2001\/' title='Lace on the Gloves : Amateur Boxing in the US and Beyond, 2001'>Lace on the Gloves : Amateur Boxing in the US and Beyond, 2001<\/a><\/h3><span class=\"av-vertical-delimiter\"><\/span><\/header><div class='slide-entry-excerpt entry-content'  itemprop=\"text\" >In this world, amateur boxing is lived in the shadow of the professional and pretentious one. In this world, which I photographed in a small boxing clubhouse in Old Church, Somerville, Massachusetts, during the New England Golden Gloves competition in Lowell...<\/div><\/div><footer class=\"entry-footer\"><div class='slide-meta'><time class='slide-meta-time updated'  itemprop=\"datePublished\" datetime=\"2001-12-14T16:23:24+01:00\" >14 December 2001<\/time><\/div><\/footer><span class='hidden'>\n\t\t\t\t<span class='av-structured-data'  itemprop=\"image\" itemscope=\"itemscope\" itemtype=\"https:\/\/schema.org\/ImageObject\" >\n\t\t\t\t\t\t<span itemprop='url'>https:\/\/agencevu.com\/wp-content\/uploads\/2021\/03\/00_REAR10571-2001NB31.jpg<\/span>\n\t\t\t\t\t\t<span itemprop='height'>290<\/span>\n\t\t\t\t\t\t<span itemprop='width'>283<\/span>\n\t\t\t\t<\/span>\n\t\t\t\t<span class='av-structured-data'  itemprop=\"publisher\" itemtype=\"https:\/\/schema.org\/Organization\" itemscope=\"itemscope\" >\n\t\t\t\t\t\t<span itemprop='name'>Fanny Demichelis<\/span>\n\t\t\t\t\t\t<span itemprop='logo' itemscope itemtype='https:\/\/schema.org\/ImageObject'>\n\t\t\t\t\t\t\t<span itemprop='url'>\/wp-content\/uploads\/2021\/05\/logo-vert-2.svg<\/span>\n\t\t\t\t\t\t <\/span>\n\t\t\t\t<\/span><span class='av-structured-data'  itemprop=\"author\" itemscope=\"itemscope\" itemtype=\"https:\/\/schema.org\/Person\" ><span itemprop='name'>Fanny Demichelis<\/span><\/span><span class='av-structured-data'  itemprop=\"datePublished\" datetime=\"1990-05-29T15:10:58+02:00\" >2001-12-14 16:23:24<\/span><span class='av-structured-data'  itemprop=\"dateModified\" itemtype=\"https:\/\/schema.org\/dateModified\" >2021-04-30 15:52:35<\/span><span class='av-structured-data'  itemprop=\"mainEntityOfPage\" itemtype=\"https:\/\/schema.org\/mainEntityOfPage\" ><span itemprop='name'>Lace on the Gloves : Amateur Boxing in the US and Beyond, 2001<\/span><\/span><\/span><\/article><\/div><div class='slide-entry-wrap'><article class='slide-entry flex_column  post-entry post-entry-139875 slide-entry-overview slide-loop-7 slide-parity-odd  post-entry-last  av_fullwidth first real-thumbnail'  itemscope=\"itemscope\" itemtype=\"https:\/\/schema.org\/CreativeWork\" ><a href='https:\/\/agencevu.com\/en\/serie\/basque-heartland-1990\/' data-rel='slide-3' class='slide-image' title=''><img width=\"290\" height=\"290\" src=\"https:\/\/agencevu.com\/wp-content\/uploads\/2021\/03\/00_REAR11141-1996NB02-1.jpg\" class=\"wp-image-126580 avia-img-lazy-loading-126580 attachment-large size-large wp-post-image\" alt=\"\" loading=\"lazy\" srcset=\"https:\/\/agencevu.com\/wp-content\/uploads\/2021\/03\/00_REAR11141-1996NB02-1.jpg 290w, https:\/\/agencevu.com\/wp-content\/uploads\/2021\/03\/00_REAR11141-1996NB02-1-80x80.jpg 80w, https:\/\/agencevu.com\/wp-content\/uploads\/2021\/03\/00_REAR11141-1996NB02-1-36x36.jpg 36w, https:\/\/agencevu.com\/wp-content\/uploads\/2021\/03\/00_REAR11141-1996NB02-1-180x180.jpg 180w\" sizes=\"(max-width: 290px) 100vw, 290px\" \/><\/a><div class='slide-content'><header class=\"entry-content-header\"><span class=\"blog-categories minor-meta\"> <a href=\"https:\/\/agencevu.com\/en\/photographer\/anne-rearick\/\" rel=\"tag\">Anne Rearick<\/a> <a href=\"https:\/\/agencevu.com\/en\/section_taxonomy\/series\/\" rel=\"tag\">s\u00e9ries<\/a> <\/span><h3 class='slide-entry-title entry-title'  itemprop=\"headline\" ><a href='https:\/\/agencevu.com\/en\/serie\/basque-heartland-1990\/' title='Basque Heartland, 1990'>Basque Heartland, 1990<\/a><\/h3><span class=\"av-vertical-delimiter\"><\/span><\/header><div class='slide-entry-excerpt entry-content'  itemprop=\"text\" >In 1990, Anne Rearick left the East Coast of the United States to spend a year photographing the daily life of Iparralde, in the French Basque Country.<\/div><\/div><footer class=\"entry-footer\"><div class='slide-meta'><time class='slide-meta-time updated'  itemprop=\"datePublished\" datetime=\"1990-05-29T15:10:58+02:00\" >29 May 1990<\/time><\/div><\/footer><span class='hidden'>\n\t\t\t\t<span class='av-structured-data'  itemprop=\"image\" itemscope=\"itemscope\" itemtype=\"https:\/\/schema.org\/ImageObject\" >\n\t\t\t\t\t\t<span itemprop='url'>https:\/\/agencevu.com\/wp-content\/uploads\/2021\/03\/00_REAR11141-1996NB02-1.jpg<\/span>\n\t\t\t\t\t\t<span itemprop='height'>290<\/span>\n\t\t\t\t\t\t<span itemprop='width'>290<\/span>\n\t\t\t\t<\/span>\n\t\t\t\t<span class='av-structured-data'  itemprop=\"publisher\" itemtype=\"https:\/\/schema.org\/Organization\" itemscope=\"itemscope\" >\n\t\t\t\t\t\t<span itemprop='name'>Fanny Demichelis<\/span>\n\t\t\t\t\t\t<span itemprop='logo' itemscope itemtype='https:\/\/schema.org\/ImageObject'>\n\t\t\t\t\t\t\t<span itemprop='url'>\/wp-content\/uploads\/2021\/05\/logo-vert-2.svg<\/span>\n\t\t\t\t\t\t <\/span>\n\t\t\t\t<\/span><span class='av-structured-data'  itemprop=\"author\" itemscope=\"itemscope\" itemtype=\"https:\/\/schema.org\/Person\" ><span itemprop='name'>Fanny Demichelis<\/span><\/span><span class='av-structured-data'  itemprop=\"datePublished\" datetime=\"1990-05-29T15:10:58+02:00\" >1990-05-29 15:10:58<\/span><span class='av-structured-data'  itemprop=\"dateModified\" itemtype=\"https:\/\/schema.org\/dateModified\" >2021-04-13 16:00:20<\/span><span class='av-structured-data'  itemprop=\"mainEntityOfPage\" itemtype=\"https:\/\/schema.org\/mainEntityOfPage\" ><span itemprop='name'>Basque Heartland, 1990<\/span><\/span><\/span><\/article><\/div><\/div><\/div>\n\n<div id='interview'  class='avia-section main_color avia-section-small avia-no-border-styling  avia-bg-style-scroll  avia-builder-el-0  el_before_av_section  avia-builder-el-first   container_wrap fullsize' style=' '  ><div class='container' ><main  role=\"main\" itemprop=\"mainContentOfPage\"  class='template-page content  av-content-full alpha units'><div class='post-entry post-entry-type-page post-entry-126929'><div class='entry-content-wrapper clearfix'>\n<section class=\"av_textblock_section \"  itemscope=\"itemscope\" itemtype=\"https:\/\/schema.org\/CreativeWork\" ><div class='avia_textblock  '  style='font-size:20px; '  itemprop=\"text\" ><p id=\"interview\" style=\"color: #707070; letter-spacing: 1.5px; text-transform: uppercase;\">Interviews<\/p>\n<hr class=\"hr-titre-page\">\n<\/div><\/section>\n<div class=\"flex_column av_one_third  flex_column_div av-zero-column-padding first  \" style='border-radius:0px; '><p><div  class='avia-image-container  av-styling-no-styling    avia-align-center '  itemprop=\"image\" itemscope=\"itemscope\" itemtype=\"https:\/\/schema.org\/ImageObject\"  ><div class='avia-image-container-inner'><div class='avia-image-overlay-wrap'><a href=\"https:\/\/www.rfi.fr\/en\/culture\/20220515-black-and-white-striking-images-of-south-african-townships\" class='avia_image' target=\"_blank\" rel=\"noopener noreferrer\"><img width=\"1080\" height=\"1080\" class='wp-image-128414 avia-img-lazy-loading-not-128414 avia_image' src=\"https:\/\/agencevu.com\/wp-content\/uploads\/2021\/03\/21_REAR21943-2016NB06.jpg\" alt='' title='South Africa, Khayelitsha, 2004 - Hanging out in front of a house.'  itemprop=\"thumbnailUrl\" srcset=\"https:\/\/agencevu.com\/wp-content\/uploads\/2021\/03\/21_REAR21943-2016NB06.jpg 1080w, https:\/\/agencevu.com\/wp-content\/uploads\/2021\/03\/21_REAR21943-2016NB06-300x300.jpg 300w, https:\/\/agencevu.com\/wp-content\/uploads\/2021\/03\/21_REAR21943-2016NB06-1030x1030.jpg 1030w, https:\/\/agencevu.com\/wp-content\/uploads\/2021\/03\/21_REAR21943-2016NB06-80x80.jpg 80w, https:\/\/agencevu.com\/wp-content\/uploads\/2021\/03\/21_REAR21943-2016NB06-768x768.jpg 768w, https:\/\/agencevu.com\/wp-content\/uploads\/2021\/03\/21_REAR21943-2016NB06-36x36.jpg 36w, https:\/\/agencevu.com\/wp-content\/uploads\/2021\/03\/21_REAR21943-2016NB06-180x180.jpg 180w, https:\/\/agencevu.com\/wp-content\/uploads\/2021\/03\/21_REAR21943-2016NB06-705x705.jpg 705w\" sizes=\"(max-width: 1080px) 100vw, 1080px\" \/><\/a><\/div><\/div><\/div><br \/>\n<section class=\"av_textblock_section \"  itemscope=\"itemscope\" itemtype=\"https:\/\/schema.org\/CreativeWork\" ><div class='avia_textblock  '   itemprop=\"text\" ><p><em>Black and white: striking images of South African townships<\/em><br \/>\n<strong>RFI<\/strong><br \/>\n\u2014<br \/>\nInterview directed by RFI, text by Ollia Horton, 2022<\/p>\n<p>Anne Rearick is one of those photographers who likes to take the long view, literally. For the project &#8220;Township&#8221;, the American returned to shanty towns in South Africa over several years, building longstanding relationships with many of her subjects, part of the trademark of her humanist approach.<\/p>\n<\/div><\/section><br \/>\n<div  class='avia-button-wrap avia-button-left ' ><a href='https:\/\/www.rfi.fr\/en\/culture\/20220515-black-and-white-striking-images-of-south-african-townships' class='avia-button  avia-color-theme-color-highlight   avia-icon_select-no avia-size-medium avia-position-left ' target=\"_blank\" rel=\"noopener noreferrer\"><span class='avia_iconbox_title' >Read<\/span><\/a><\/div><\/p><\/div><div  style='height:50px' class='hr hr-invisible  '><span class='hr-inner ' ><span class='hr-inner-style'><\/span><\/span><\/div>\n\n<\/div><\/div><\/main><!-- close content main element --><\/div><\/div><div id='exhibitions'  class='avia-section main_color avia-section-small avia-no-border-styling  avia-bg-style-scroll   container_wrap fullsize' style=' '  ><div class='container' ><div class='template-page content  av-content-full alpha units'><div class='post-entry post-entry-type-page post-entry-126929'><div class='entry-content-wrapper clearfix'>\n<section class=\"av_textblock_section \"  itemscope=\"itemscope\" itemtype=\"https:\/\/schema.org\/CreativeWork\" ><div class='avia_textblock  '  style='font-size:20px; '  itemprop=\"text\" ><p id=\"expo\" style=\"color: #707070; letter-spacing: 1.5px; text-transform: uppercase;\">exhibitions<\/p>\n<hr class=\"hr-titre-page\">\n<\/div><\/section>\n<div class=\"flex_column av_one_third  flex_column_div av-zero-column-padding first  \" style='border-radius:0px; '><p><div  class='avia-image-container  av-styling-no-styling    avia-align-center '  itemprop=\"image\" itemscope=\"itemscope\" itemtype=\"https:\/\/schema.org\/ImageObject\"  ><div class='avia-image-container-inner'><div class='avia-image-overlay-wrap'><a href=\"https:\/\/agencevu.com\/en\/fat-event\/loeil-urbain-festival-photographique-anne-rearick-township\/\" class='avia_image'  target=\"_blank\"  rel=\"noopener noreferrer\"><img width=\"730\" height=\"730\" class='wp-image-177261 avia-img-lazy-loading-not-177261 avia_image' src=\"https:\/\/agencevu.com\/wp-content\/uploads\/2022\/03\/REAR12909-2006NB52-copie.jpg\" alt='' title='Langa township, Capetown area \/ Township de Langa, dans la r\u00e9gion de Capetown'  itemprop=\"thumbnailUrl\" srcset=\"https:\/\/agencevu.com\/wp-content\/uploads\/2022\/03\/REAR12909-2006NB52-copie.jpg 730w, https:\/\/agencevu.com\/wp-content\/uploads\/2022\/03\/REAR12909-2006NB52-copie-300x300.jpg 300w, https:\/\/agencevu.com\/wp-content\/uploads\/2022\/03\/REAR12909-2006NB52-copie-80x80.jpg 80w, https:\/\/agencevu.com\/wp-content\/uploads\/2022\/03\/REAR12909-2006NB52-copie-36x36.jpg 36w, https:\/\/agencevu.com\/wp-content\/uploads\/2022\/03\/REAR12909-2006NB52-copie-180x180.jpg 180w, https:\/\/agencevu.com\/wp-content\/uploads\/2022\/03\/REAR12909-2006NB52-copie-705x705.jpg 705w\" sizes=\"(max-width: 730px) 100vw, 730px\" \/><\/a><\/div><\/div><\/div><br \/>\n<section class=\"av_textblock_section \"  itemscope=\"itemscope\" itemtype=\"https:\/\/schema.org\/CreativeWork\" ><div class='avia_textblock  '   itemprop=\"text\" ><p><strong>Township<\/strong><br \/>\n\u2014<br \/>\nL&#8217;Oeil Urbain, festival photographique, Corbeil-Essones<br \/>\n\u2014<br \/>\nFrom April 1 to May 22, 2022<\/p>\n<\/div><\/section><br \/>\n<div  class='avia-button-wrap avia-button-left ' ><a href='https:\/\/agencevu.com\/en\/fat-event\/loeil-urbain-festival-photographique-anne-rearick-township\/'  class='avia-button  avia-color-theme-color-highlight   avia-icon_select-no avia-size-small avia-position-left '  target=\"_blank\"  rel=\"noopener noreferrer\"  ><span class='avia_iconbox_title' >More information<\/span><\/a><\/div><\/p><\/div><div class=\"flex_column av_one_third  flex_column_div av-zero-column-padding   \" style='border-radius:0px; '><p><div  class='avia-image-container  av-styling-no-styling    avia-align-center '  itemprop=\"image\" itemscope=\"itemscope\" itemtype=\"https:\/\/schema.org\/ImageObject\"  ><div class='avia-image-container-inner'><div class='avia-image-overlay-wrap'><a href=\"\/en\/fat-event\/anne-rearick-true-west\/\" class='avia_image' target=\"_blank\" rel=\"noopener noreferrer\"><img width=\"730\" height=\"730\" class='wp-image-73685 avia-img-lazy-loading-not-73685 avia_image' src=\"https:\/\/agencevu.com\/wp-content\/uploads\/2020\/07\/2019-Paris-True-West.jpg\" alt='' title='2019 - Paris - True West'  itemprop=\"thumbnailUrl\" srcset=\"https:\/\/agencevu.com\/wp-content\/uploads\/2020\/07\/2019-Paris-True-West.jpg 730w, https:\/\/agencevu.com\/wp-content\/uploads\/2020\/07\/2019-Paris-True-West-80x80.jpg 80w, https:\/\/agencevu.com\/wp-content\/uploads\/2020\/07\/2019-Paris-True-West-300x300.jpg 300w, https:\/\/agencevu.com\/wp-content\/uploads\/2020\/07\/2019-Paris-True-West-36x36.jpg 36w, https:\/\/agencevu.com\/wp-content\/uploads\/2020\/07\/2019-Paris-True-West-180x180.jpg 180w, https:\/\/agencevu.com\/wp-content\/uploads\/2020\/07\/2019-Paris-True-West-705x705.jpg 705w, https:\/\/agencevu.com\/wp-content\/uploads\/2020\/07\/2019-Paris-True-West-120x120.jpg 120w, https:\/\/agencevu.com\/wp-content\/uploads\/2020\/07\/2019-Paris-True-West-450x450.jpg 450w\" sizes=\"(max-width: 730px) 100vw, 730px\" \/><\/a><\/div><\/div><\/div><br \/>\n<section class=\"av_textblock_section \"  itemscope=\"itemscope\" itemtype=\"https:\/\/schema.org\/CreativeWork\" ><div class='avia_textblock  '   itemprop=\"text\" ><p><strong>True West<\/strong><br \/>\n\u2014<br \/>\nGalerie Cl\u00e9mentine de la Feronni\u00e8re, Paris (FRANCE)<br \/>\n\u2014<br \/>\nFrom November 16, 2019 to February 22, 2020<\/p>\n<\/div><\/section><br \/>\n<div  class='avia-button-wrap avia-button-left ' ><a href='\/en\/fat-event\/anne-rearick-true-west\/' class='avia-button  avia-color-theme-color-highlight   avia-icon_select-no avia-size-small avia-position-left ' target=\"_blank\" rel=\"noopener noreferrer\"><span class='avia_iconbox_title' >More information<\/span><\/a><\/div><\/p><\/div><div class=\"flex_column av_one_third  flex_column_div av-zero-column-padding   \" style='border-radius:0px; '><p><div  class='avia-image-container  av-styling-no-styling    avia-align-center '  itemprop=\"image\" itemscope=\"itemscope\" itemtype=\"https:\/\/schema.org\/ImageObject\"  ><div class='avia-image-container-inner'><div class='avia-image-overlay-wrap'><a href=\"https:\/\/agencevu.com\/en\/fat-event\/anne-rearick-pays-basque-township\/\" class='avia_image'  target=\"_blank\"  rel=\"noopener noreferrer\"><img width=\"1006\" height=\"1006\" class='wp-image-73687 avia-img-lazy-loading-not-73687 avia_image' src=\"https:\/\/agencevu.com\/wp-content\/uploads\/2020\/07\/REAR21943-2016NB48.jpg\" alt='' title='Township'  itemprop=\"thumbnailUrl\" srcset=\"https:\/\/agencevu.com\/wp-content\/uploads\/2020\/07\/REAR21943-2016NB48.jpg 1006w, https:\/\/agencevu.com\/wp-content\/uploads\/2020\/07\/REAR21943-2016NB48-80x80.jpg 80w, https:\/\/agencevu.com\/wp-content\/uploads\/2020\/07\/REAR21943-2016NB48-300x300.jpg 300w, https:\/\/agencevu.com\/wp-content\/uploads\/2020\/07\/REAR21943-2016NB48-768x768.jpg 768w, https:\/\/agencevu.com\/wp-content\/uploads\/2020\/07\/REAR21943-2016NB48-36x36.jpg 36w, https:\/\/agencevu.com\/wp-content\/uploads\/2020\/07\/REAR21943-2016NB48-180x180.jpg 180w, https:\/\/agencevu.com\/wp-content\/uploads\/2020\/07\/REAR21943-2016NB48-705x705.jpg 705w, https:\/\/agencevu.com\/wp-content\/uploads\/2020\/07\/REAR21943-2016NB48-120x120.jpg 120w, https:\/\/agencevu.com\/wp-content\/uploads\/2020\/07\/REAR21943-2016NB48-450x450.jpg 450w\" sizes=\"(max-width: 1006px) 100vw, 1006px\" \/><\/a><\/div><\/div><\/div><br \/>\n<section class=\"av_textblock_section \"  itemscope=\"itemscope\" itemtype=\"https:\/\/schema.org\/CreativeWork\" ><div class='avia_textblock  '   itemprop=\"text\" ><p><strong>Pays Basque &amp; Township<\/strong><br \/>\n\u2014<br \/>\nFestival du Regard, Cergy-Pontoise (FRANCE)<br \/>\n\u2014<br \/>\nFrom May 24 to July 14, 2019<\/p>\n<\/div><\/section><br \/>\n<div  class='avia-button-wrap avia-button-left ' ><a href='https:\/\/agencevu.com\/en\/fat-event\/anne-rearick-pays-basque-township\/'  class='avia-button  avia-color-theme-color-highlight   avia-icon_select-no avia-size-small avia-position-left '  target=\"_blank\"  rel=\"noopener noreferrer\"  ><span class='avia_iconbox_title' >More information<\/span><\/a><\/div><\/p><\/div><div  style='height:50px' class='hr hr-invisible  '><span class='hr-inner ' ><span class='hr-inner-style'><\/span><\/span><\/div>\n\n<\/div><\/div><\/div><!-- close content main div --><\/div><\/div><div id='books'  class='avia-section main_color avia-section-small avia-no-border-styling  avia-bg-style-scroll   container_wrap fullsize' style=' '  ><div class='container' ><div class='template-page content  av-content-full alpha units'><div class='post-entry post-entry-type-page post-entry-126929'><div class='entry-content-wrapper clearfix'>\n<section class=\"av_textblock_section \"  itemscope=\"itemscope\" itemtype=\"https:\/\/schema.org\/CreativeWork\" ><div class='avia_textblock  '  style='font-size:20px; '  itemprop=\"text\" ><p id=\"livre\" style=\"color: #707070; letter-spacing: 1.5px; text-transform: uppercase;\">books<\/p>\n<hr class=\"hr-titre-page\">\n<\/div><\/section>\n<div  data-autoplay=''  data-interval='5'  data-animation='fade'  data-show_slide_delay='90'  class='avia-content-slider avia-content-grid-active avia-content-slider4 avia-content-slider-even   av-medium-hide av-small-hide av-mini-hide'  itemscope=\"itemscope\" itemtype=\"https:\/\/schema.org\/Blog\" ><div class='avia-content-slider-inner'><div class='slide-entry-wrap'><article class='slide-entry flex_column  post-entry post-entry-216871 slide-entry-overview slide-loop-1 slide-parity-odd  av_one_fourth first real-thumbnail'  itemscope=\"itemscope\" itemtype=\"https:\/\/schema.org\/CreativeWork\" ><a href='https:\/\/agencevu.com\/en\/book\/gure-bazterrak\/' data-rel='slide-4' class='slide-image' title=''><img width=\"153\" height=\"185\" src=\"https:\/\/agencevu.com\/wp-content\/uploads\/2024\/10\/2024_Livre-Rearick_Gure-Bazterrak_00Preview.jpg\" class=\"wp-image-216866 avia-img-lazy-loading-216866 attachment-portfolio_small size-portfolio_small wp-post-image\" alt=\"\" loading=\"lazy\" srcset=\"https:\/\/agencevu.com\/wp-content\/uploads\/2024\/10\/2024_Livre-Rearick_Gure-Bazterrak_00Preview.jpg 153w, https:\/\/agencevu.com\/wp-content\/uploads\/2024\/10\/2024_Livre-Rearick_Gure-Bazterrak_00Preview-66x80.jpg 66w\" sizes=\"(max-width: 153px) 100vw, 153px\" \/><\/a><div class='slide-content'><header class=\"entry-content-header\"><span class=\"blog-categories minor-meta\"> <a href=\"https:\/\/agencevu.com\/en\/annee\/2024-en\/\" rel=\"tag\">2024<\/a> <a href=\"https:\/\/agencevu.com\/en\/photographer\/anne-rearick\/\" rel=\"tag\">Anne Rearick<\/a> <a href=\"https:\/\/agencevu.com\/en\/section_taxonomy\/livres\/\" rel=\"tag\">livres<\/a> <\/span><h3 class='slide-entry-title entry-title'  itemprop=\"headline\" ><a href='https:\/\/agencevu.com\/en\/book\/gure-bazterrak\/' title='Gure Bazterrak'>Gure Bazterrak<\/a><\/h3><span class=\"av-vertical-delimiter\"><\/span><\/header><div class='slide-entry-excerpt entry-content'  itemprop=\"text\" ><span class=\"tag-extrait\">Livre | <\/span>Deadbeat Club - 2024<\/div><\/div><footer class=\"entry-footer\"><div class='slide-meta'><time class='slide-meta-time updated'  itemprop=\"datePublished\" datetime=\"2024-10-29T14:45:07+01:00\" >29 October 2024<\/time><\/div><\/footer><span class='hidden'>\n\t\t\t\t<span class='av-structured-data'  itemprop=\"image\" itemscope=\"itemscope\" itemtype=\"https:\/\/schema.org\/ImageObject\" >\n\t\t\t\t\t\t<span itemprop='url'>https:\/\/agencevu.com\/wp-content\/uploads\/2024\/10\/2024_Livre-Rearick_Gure-Bazterrak_00Preview.jpg<\/span>\n\t\t\t\t\t\t<span itemprop='height'>185<\/span>\n\t\t\t\t\t\t<span itemprop='width'>153<\/span>\n\t\t\t\t<\/span>\n\t\t\t\t<span class='av-structured-data'  itemprop=\"publisher\" itemtype=\"https:\/\/schema.org\/Organization\" itemscope=\"itemscope\" >\n\t\t\t\t\t\t<span itemprop='name'>Fanny Demichelis<\/span>\n\t\t\t\t\t\t<span itemprop='logo' itemscope itemtype='https:\/\/schema.org\/ImageObject'>\n\t\t\t\t\t\t\t<span itemprop='url'>\/wp-content\/uploads\/2021\/05\/logo-vert-2.svg<\/span>\n\t\t\t\t\t\t <\/span>\n\t\t\t\t<\/span><span class='av-structured-data'  itemprop=\"author\" itemscope=\"itemscope\" itemtype=\"https:\/\/schema.org\/Person\" ><span itemprop='name'>Fanny Demichelis<\/span><\/span><span class='av-structured-data'  itemprop=\"datePublished\" datetime=\"2003-10-08T10:49:22+02:00\" >2024-10-29 14:45:07<\/span><span class='av-structured-data'  itemprop=\"dateModified\" itemtype=\"https:\/\/schema.org\/dateModified\" >2024-11-13 14:43:20<\/span><span class='av-structured-data'  itemprop=\"mainEntityOfPage\" itemtype=\"https:\/\/schema.org\/mainEntityOfPage\" ><span itemprop='name'>Gure Bazterrak<\/span><\/span><\/span><\/article><article class='slide-entry flex_column  post-entry post-entry-206147 slide-entry-overview slide-loop-2 slide-parity-even  av_one_fourth  real-thumbnail'  itemscope=\"itemscope\" itemtype=\"https:\/\/schema.org\/CreativeWork\" ><a href='https:\/\/agencevu.com\/en\/book\/you-will-look-to-the-mountains-2\/' data-rel='slide-4' class='slide-image' title=''><img width=\"159\" height=\"185\" src=\"https:\/\/agencevu.com\/wp-content\/uploads\/2023\/10\/Anne-Rearick_You-Will-Look-To-The-Mountains_Couverture_preview.jpg\" class=\"wp-image-205745 avia-img-lazy-loading-205745 attachment-portfolio_small size-portfolio_small wp-post-image\" alt=\"\" loading=\"lazy\" srcset=\"https:\/\/agencevu.com\/wp-content\/uploads\/2023\/10\/Anne-Rearick_You-Will-Look-To-The-Mountains_Couverture_preview.jpg 159w, https:\/\/agencevu.com\/wp-content\/uploads\/2023\/10\/Anne-Rearick_You-Will-Look-To-The-Mountains_Couverture_preview-69x80.jpg 69w\" sizes=\"(max-width: 159px) 100vw, 159px\" \/><\/a><div class='slide-content'><header class=\"entry-content-header\"><span class=\"blog-categories minor-meta\"><a href=\"https:\/\/agencevu.com\/en\/Home\/home-evenements\/\" rel=\"tag\">Home-Evenements<\/a> <a href=\"https:\/\/agencevu.com\/en\/annee\/2023-2-en\/\" rel=\"tag\">2023<\/a> <a href=\"https:\/\/agencevu.com\/en\/photographer\/anne-rearick\/\" rel=\"tag\">Anne Rearick<\/a> <a href=\"https:\/\/agencevu.com\/en\/section_taxonomy\/livres\/\" rel=\"tag\">livres<\/a> <\/span><h3 class='slide-entry-title entry-title'  itemprop=\"headline\" ><a href='https:\/\/agencevu.com\/en\/book\/you-will-look-to-the-mountains-2\/' title='You Will Look To The Mountains'>You Will Look To The Mountains<\/a><\/h3><span class=\"av-vertical-delimiter\"><\/span><\/header><div class='slide-entry-excerpt entry-content'  itemprop=\"text\" >Deadbeat Club - 2023<\/div><\/div><footer class=\"entry-footer\"><div class='slide-meta'><time class='slide-meta-time updated'  itemprop=\"datePublished\" datetime=\"2023-10-27T11:32:52+02:00\" >27 October 2023<\/time><\/div><\/footer><span class='hidden'>\n\t\t\t\t<span class='av-structured-data'  itemprop=\"image\" itemscope=\"itemscope\" itemtype=\"https:\/\/schema.org\/ImageObject\" >\n\t\t\t\t\t\t<span itemprop='url'>https:\/\/agencevu.com\/wp-content\/uploads\/2023\/10\/Anne-Rearick_You-Will-Look-To-The-Mountains_Couverture_preview.jpg<\/span>\n\t\t\t\t\t\t<span itemprop='height'>185<\/span>\n\t\t\t\t\t\t<span itemprop='width'>159<\/span>\n\t\t\t\t<\/span>\n\t\t\t\t<span class='av-structured-data'  itemprop=\"publisher\" itemtype=\"https:\/\/schema.org\/Organization\" itemscope=\"itemscope\" >\n\t\t\t\t\t\t<span itemprop='name'>Editorial<\/span>\n\t\t\t\t\t\t<span itemprop='logo' itemscope itemtype='https:\/\/schema.org\/ImageObject'>\n\t\t\t\t\t\t\t<span itemprop='url'>\/wp-content\/uploads\/2021\/05\/logo-vert-2.svg<\/span>\n\t\t\t\t\t\t <\/span>\n\t\t\t\t<\/span><span class='av-structured-data'  itemprop=\"author\" itemscope=\"itemscope\" itemtype=\"https:\/\/schema.org\/Person\" ><span itemprop='name'>Editorial<\/span><\/span><span class='av-structured-data'  itemprop=\"datePublished\" datetime=\"2003-10-08T10:49:22+02:00\" >2023-10-27 11:32:52<\/span><span class='av-structured-data'  itemprop=\"dateModified\" itemtype=\"https:\/\/schema.org\/dateModified\" >2024-11-13 14:48:02<\/span><span class='av-structured-data'  itemprop=\"mainEntityOfPage\" itemtype=\"https:\/\/schema.org\/mainEntityOfPage\" ><span itemprop='name'>You Will Look To The Mountains<\/span><\/span><\/span><\/article><article class='slide-entry flex_column  post-entry post-entry-135352 slide-entry-overview slide-loop-3 slide-parity-odd  av_one_fourth  real-thumbnail'  itemscope=\"itemscope\" itemtype=\"https:\/\/schema.org\/CreativeWork\" ><a href='https:\/\/agencevu.com\/en\/book\/true-west\/' data-rel='slide-4' class='slide-image' title=''><img width=\"161\" height=\"185\" src=\"https:\/\/agencevu.com\/wp-content\/uploads\/2021\/04\/00_Anne-Rearick_True-west_prerview.jpg\" class=\"wp-image-135347 avia-img-lazy-loading-135347 attachment-portfolio_small size-portfolio_small wp-post-image\" alt=\"\" loading=\"lazy\" srcset=\"https:\/\/agencevu.com\/wp-content\/uploads\/2021\/04\/00_Anne-Rearick_True-west_prerview.jpg 161w, https:\/\/agencevu.com\/wp-content\/uploads\/2021\/04\/00_Anne-Rearick_True-west_prerview-70x80.jpg 70w\" sizes=\"(max-width: 161px) 100vw, 161px\" \/><\/a><div class='slide-content'><header class=\"entry-content-header\"><span class=\"blog-categories minor-meta\"> <a href=\"https:\/\/agencevu.com\/en\/annee\/2019-en\/\" rel=\"tag\">2019<\/a> <a href=\"https:\/\/agencevu.com\/en\/photographer\/anne-rearick\/\" rel=\"tag\">Anne Rearick<\/a> <a href=\"https:\/\/agencevu.com\/en\/section_taxonomy\/livres\/\" rel=\"tag\">livres<\/a> <\/span><h3 class='slide-entry-title entry-title'  itemprop=\"headline\" ><a href='https:\/\/agencevu.com\/en\/book\/true-west\/' title='True West'>True West<\/a><\/h3><span class=\"av-vertical-delimiter\"><\/span><\/header><div class='slide-entry-excerpt entry-content'  itemprop=\"text\" >Editions Cl\u00e9mentine de la F\u00e9ronni\u00e8re - 2019<\/div><\/div><footer class=\"entry-footer\"><div class='slide-meta'><time class='slide-meta-time updated'  itemprop=\"datePublished\" datetime=\"2019-11-09T14:23:42+01:00\" >9 November 2019<\/time><\/div><\/footer><span class='hidden'>\n\t\t\t\t<span class='av-structured-data'  itemprop=\"image\" itemscope=\"itemscope\" itemtype=\"https:\/\/schema.org\/ImageObject\" >\n\t\t\t\t\t\t<span itemprop='url'>https:\/\/agencevu.com\/wp-content\/uploads\/2021\/04\/00_Anne-Rearick_True-west_prerview.jpg<\/span>\n\t\t\t\t\t\t<span itemprop='height'>185<\/span>\n\t\t\t\t\t\t<span itemprop='width'>161<\/span>\n\t\t\t\t<\/span>\n\t\t\t\t<span class='av-structured-data'  itemprop=\"publisher\" itemtype=\"https:\/\/schema.org\/Organization\" itemscope=\"itemscope\" >\n\t\t\t\t\t\t<span itemprop='name'>Fanny Demichelis<\/span>\n\t\t\t\t\t\t<span itemprop='logo' itemscope itemtype='https:\/\/schema.org\/ImageObject'>\n\t\t\t\t\t\t\t<span itemprop='url'>\/wp-content\/uploads\/2021\/05\/logo-vert-2.svg<\/span>\n\t\t\t\t\t\t <\/span>\n\t\t\t\t<\/span><span class='av-structured-data'  itemprop=\"author\" itemscope=\"itemscope\" itemtype=\"https:\/\/schema.org\/Person\" ><span itemprop='name'>Fanny Demichelis<\/span><\/span><span class='av-structured-data'  itemprop=\"datePublished\" datetime=\"2003-10-08T10:49:22+02:00\" >2019-11-09 14:23:42<\/span><span class='av-structured-data'  itemprop=\"dateModified\" itemtype=\"https:\/\/schema.org\/dateModified\" >2021-04-27 10:34:28<\/span><span class='av-structured-data'  itemprop=\"mainEntityOfPage\" itemtype=\"https:\/\/schema.org\/mainEntityOfPage\" ><span itemprop='name'>True West<\/span><\/span><\/span><\/article><article class='slide-entry flex_column  post-entry post-entry-135119 slide-entry-overview slide-loop-4 slide-parity-even  av_one_fourth  real-thumbnail'  itemscope=\"itemscope\" itemtype=\"https:\/\/schema.org\/CreativeWork\" ><a href='https:\/\/agencevu.com\/en\/book\/sete-17\/' data-rel='slide-4' class='slide-image' title=''><img width=\"155\" height=\"185\" src=\"https:\/\/agencevu.com\/wp-content\/uploads\/2021\/04\/00_Sete-couv-1.jpg\" class=\"wp-image-135240 avia-img-lazy-loading-135240 attachment-portfolio_small size-portfolio_small wp-post-image\" alt=\"\" loading=\"lazy\" srcset=\"https:\/\/agencevu.com\/wp-content\/uploads\/2021\/04\/00_Sete-couv-1.jpg 155w, https:\/\/agencevu.com\/wp-content\/uploads\/2021\/04\/00_Sete-couv-1-67x80.jpg 67w\" sizes=\"(max-width: 155px) 100vw, 155px\" \/><\/a><div class='slide-content'><header class=\"entry-content-header\"><span class=\"blog-categories minor-meta\"> <a href=\"https:\/\/agencevu.com\/en\/annee\/2017-en\/\" rel=\"tag\">2017<\/a> <a href=\"https:\/\/agencevu.com\/en\/photographer\/anne-rearick\/\" rel=\"tag\">Anne Rearick<\/a> <a href=\"https:\/\/agencevu.com\/en\/section_taxonomy\/livres\/\" rel=\"tag\">livres<\/a> <\/span><h3 class='slide-entry-title entry-title'  itemprop=\"headline\" ><a href='https:\/\/agencevu.com\/en\/book\/sete-17\/' title='S\u00e8te #17'>S\u00e8te #17<\/a><\/h3><span class=\"av-vertical-delimiter\"><\/span><\/header><div class='slide-entry-excerpt entry-content'  itemprop=\"text\" >Le Bec en l\u2019Air & C\u00e9T\u00e0VOIR - 2017<\/div><\/div><footer class=\"entry-footer\"><div class='slide-meta'><time class='slide-meta-time updated'  itemprop=\"datePublished\" datetime=\"2017-08-13T15:49:50+02:00\" >13 August 2017<\/time><\/div><\/footer><span class='hidden'>\n\t\t\t\t<span class='av-structured-data'  itemprop=\"image\" itemscope=\"itemscope\" itemtype=\"https:\/\/schema.org\/ImageObject\" >\n\t\t\t\t\t\t<span itemprop='url'>https:\/\/agencevu.com\/wp-content\/uploads\/2021\/04\/00_Sete-couv-1.jpg<\/span>\n\t\t\t\t\t\t<span itemprop='height'>185<\/span>\n\t\t\t\t\t\t<span itemprop='width'>155<\/span>\n\t\t\t\t<\/span>\n\t\t\t\t<span class='av-structured-data'  itemprop=\"publisher\" itemtype=\"https:\/\/schema.org\/Organization\" itemscope=\"itemscope\" >\n\t\t\t\t\t\t<span itemprop='name'>Fanny Demichelis<\/span>\n\t\t\t\t\t\t<span itemprop='logo' itemscope itemtype='https:\/\/schema.org\/ImageObject'>\n\t\t\t\t\t\t\t<span itemprop='url'>\/wp-content\/uploads\/2021\/05\/logo-vert-2.svg<\/span>\n\t\t\t\t\t\t <\/span>\n\t\t\t\t<\/span><span class='av-structured-data'  itemprop=\"author\" itemscope=\"itemscope\" itemtype=\"https:\/\/schema.org\/Person\" ><span itemprop='name'>Fanny Demichelis<\/span><\/span><span class='av-structured-data'  itemprop=\"datePublished\" datetime=\"2003-10-08T10:49:22+02:00\" >2017-08-13 15:49:50<\/span><span class='av-structured-data'  itemprop=\"dateModified\" itemtype=\"https:\/\/schema.org\/dateModified\" >2021-05-20 14:11:18<\/span><span class='av-structured-data'  itemprop=\"mainEntityOfPage\" itemtype=\"https:\/\/schema.org\/mainEntityOfPage\" ><span itemprop='name'>S\u00e8te #17<\/span><\/span><\/span><\/article><\/div><div class='slide-entry-wrap'><article class='slide-entry flex_column  post-entry post-entry-36709 slide-entry-overview slide-loop-5 slide-parity-odd  av_one_fourth first real-thumbnail'  itemscope=\"itemscope\" itemtype=\"https:\/\/schema.org\/CreativeWork\" ><a href='https:\/\/agencevu.com\/en\/book\/township\/' data-rel='slide-4' class='slide-image' title=''><img width=\"167\" height=\"185\" src=\"https:\/\/agencevu.com\/wp-content\/uploads\/2019\/11\/2016-Township-REAR-preview-00-167x185.jpg\" class=\"wp-image-36434 avia-img-lazy-loading-36434 attachment-portfolio_small size-portfolio_small wp-post-image\" alt=\"\" loading=\"lazy\" srcset=\"https:\/\/agencevu.com\/wp-content\/uploads\/2019\/11\/2016-Township-REAR-preview-00.jpg 167w, https:\/\/agencevu.com\/wp-content\/uploads\/2019\/11\/2016-Township-REAR-preview-00-72x80.jpg 72w\" sizes=\"(max-width: 167px) 100vw, 167px\" \/><\/a><div class='slide-content'><header class=\"entry-content-header\"><span class=\"blog-categories minor-meta\"> <a href=\"https:\/\/agencevu.com\/en\/annee\/2016\/\" rel=\"tag\">2016<\/a> <a href=\"https:\/\/agencevu.com\/en\/photographer\/anne-rearick\/\" rel=\"tag\">Anne Rearick<\/a> <a href=\"https:\/\/agencevu.com\/en\/section_taxonomy\/livres\/\" rel=\"tag\">livres<\/a> <\/span><h3 class='slide-entry-title entry-title'  itemprop=\"headline\" ><a href='https:\/\/agencevu.com\/en\/book\/township\/' title='Township'>Township<\/a><\/h3><span class=\"av-vertical-delimiter\"><\/span><\/header><div class='slide-entry-excerpt entry-content'  itemprop=\"text\" >Editions Cl\u00e9mentine de la F\u00e9ronni\u00e8re - 2016<\/div><\/div><footer class=\"entry-footer\"><div class='slide-meta'><time class='slide-meta-time updated'  itemprop=\"datePublished\" datetime=\"2016-04-08T10:49:24+02:00\" >8 April 2016<\/time><\/div><\/footer><span class='hidden'>\n\t\t\t\t<span class='av-structured-data'  itemprop=\"image\" itemscope=\"itemscope\" itemtype=\"https:\/\/schema.org\/ImageObject\" >\n\t\t\t\t\t\t<span itemprop='url'>https:\/\/agencevu.com\/wp-content\/uploads\/2019\/11\/2016-Township-REAR-preview-00.jpg<\/span>\n\t\t\t\t\t\t<span itemprop='height'>185<\/span>\n\t\t\t\t\t\t<span itemprop='width'>167<\/span>\n\t\t\t\t<\/span>\n\t\t\t\t<span class='av-structured-data'  itemprop=\"publisher\" itemtype=\"https:\/\/schema.org\/Organization\" itemscope=\"itemscope\" >\n\t\t\t\t\t\t<span itemprop='name'>Fanny Demichelis<\/span>\n\t\t\t\t\t\t<span itemprop='logo' itemscope itemtype='https:\/\/schema.org\/ImageObject'>\n\t\t\t\t\t\t\t<span itemprop='url'>\/wp-content\/uploads\/2021\/05\/logo-vert-2.svg<\/span>\n\t\t\t\t\t\t <\/span>\n\t\t\t\t<\/span><span class='av-structured-data'  itemprop=\"author\" itemscope=\"itemscope\" itemtype=\"https:\/\/schema.org\/Person\" ><span itemprop='name'>Fanny Demichelis<\/span><\/span><span class='av-structured-data'  itemprop=\"datePublished\" datetime=\"2003-10-08T10:49:22+02:00\" >2016-04-08 10:49:24<\/span><span class='av-structured-data'  itemprop=\"dateModified\" itemtype=\"https:\/\/schema.org\/dateModified\" >2021-04-13 15:45:19<\/span><span class='av-structured-data'  itemprop=\"mainEntityOfPage\" itemtype=\"https:\/\/schema.org\/mainEntityOfPage\" ><span itemprop='name'>Township<\/span><\/span><\/span><\/article><article class='slide-entry flex_column  post-entry post-entry-36705 slide-entry-overview slide-loop-6 slide-parity-even  post-entry-last  av_one_fourth  real-thumbnail'  itemscope=\"itemscope\" itemtype=\"https:\/\/schema.org\/CreativeWork\" ><a href='https:\/\/agencevu.com\/en\/book\/anne-rearicks-eye\/' data-rel='slide-4' class='slide-image' title=''><img width=\"150\" height=\"185\" src=\"https:\/\/agencevu.com\/wp-content\/uploads\/2019\/11\/2003-Anne-Rearicks-eye-REAR-preview-150x185.jpg\" class=\"wp-image-36446 avia-img-lazy-loading-36446 attachment-portfolio_small size-portfolio_small wp-post-image\" alt=\"\" loading=\"lazy\" srcset=\"https:\/\/agencevu.com\/wp-content\/uploads\/2019\/11\/2003-Anne-Rearicks-eye-REAR-preview.jpg 150w, https:\/\/agencevu.com\/wp-content\/uploads\/2019\/11\/2003-Anne-Rearicks-eye-REAR-preview-65x80.jpg 65w\" sizes=\"(max-width: 150px) 100vw, 150px\" \/><\/a><div class='slide-content'><header class=\"entry-content-header\"><span class=\"blog-categories minor-meta\"> <a href=\"https:\/\/agencevu.com\/en\/annee\/2003-en\/\" rel=\"tag\">2003<\/a> <a href=\"https:\/\/agencevu.com\/en\/photographer\/anne-rearick\/\" rel=\"tag\">Anne Rearick<\/a> <a href=\"https:\/\/agencevu.com\/en\/section_taxonomy\/livres\/\" rel=\"tag\">livres<\/a> <\/span><h3 class='slide-entry-title entry-title'  itemprop=\"headline\" ><a href='https:\/\/agencevu.com\/en\/book\/anne-rearicks-eye\/' title='Anne Rearick\u2019s eye'>Anne Rearick\u2019s eye<\/a><\/h3><span class=\"av-vertical-delimiter\"><\/span><\/header><div class='slide-entry-excerpt entry-content'  itemprop=\"text\" >Editions Atlantica - 2003<\/div><\/div><footer class=\"entry-footer\"><div class='slide-meta'><time class='slide-meta-time updated'  itemprop=\"datePublished\" datetime=\"2003-10-08T10:49:22+02:00\" >8 October 2003<\/time><\/div><\/footer><span class='hidden'>\n\t\t\t\t<span class='av-structured-data'  itemprop=\"image\" itemscope=\"itemscope\" itemtype=\"https:\/\/schema.org\/ImageObject\" >\n\t\t\t\t\t\t<span itemprop='url'>https:\/\/agencevu.com\/wp-content\/uploads\/2019\/11\/2003-Anne-Rearicks-eye-REAR-preview.jpg<\/span>\n\t\t\t\t\t\t<span itemprop='height'>185<\/span>\n\t\t\t\t\t\t<span itemprop='width'>150<\/span>\n\t\t\t\t<\/span>\n\t\t\t\t<span class='av-structured-data'  itemprop=\"publisher\" itemtype=\"https:\/\/schema.org\/Organization\" itemscope=\"itemscope\" >\n\t\t\t\t\t\t<span itemprop='name'>Fanny Demichelis<\/span>\n\t\t\t\t\t\t<span itemprop='logo' itemscope itemtype='https:\/\/schema.org\/ImageObject'>\n\t\t\t\t\t\t\t<span itemprop='url'>\/wp-content\/uploads\/2021\/05\/logo-vert-2.svg<\/span>\n\t\t\t\t\t\t <\/span>\n\t\t\t\t<\/span><span class='av-structured-data'  itemprop=\"author\" itemscope=\"itemscope\" itemtype=\"https:\/\/schema.org\/Person\" ><span itemprop='name'>Fanny Demichelis<\/span><\/span><span class='av-structured-data'  itemprop=\"datePublished\" datetime=\"2003-10-08T10:49:22+02:00\" >2003-10-08 10:49:22<\/span><span class='av-structured-data'  itemprop=\"dateModified\" itemtype=\"https:\/\/schema.org\/dateModified\" >2021-04-13 15:37:41<\/span><span class='av-structured-data'  itemprop=\"mainEntityOfPage\" itemtype=\"https:\/\/schema.org\/mainEntityOfPage\" ><span itemprop='name'>Anne Rearick\u2019s eye<\/span><\/span><\/span><\/article><\/div><\/div><\/div>\n<div  data-autoplay=''  data-interval='5'  data-animation='fade'  data-show_slide_delay='90'  class='avia-content-slider avia-content-grid-active avia-content-slider5 avia-content-slider-odd   av-desktop-hide av-mini-hide'  itemscope=\"itemscope\" itemtype=\"https:\/\/schema.org\/Blog\" ><div class='avia-content-slider-inner'><div class='slide-entry-wrap'><article class='slide-entry flex_column  post-entry post-entry-216871 slide-entry-overview slide-loop-1 slide-parity-odd  av_one_third first real-thumbnail'  itemscope=\"itemscope\" itemtype=\"https:\/\/schema.org\/CreativeWork\" ><a href='https:\/\/agencevu.com\/en\/book\/gure-bazterrak\/' data-rel='slide-5' class='slide-image' title=''><img width=\"153\" height=\"185\" src=\"https:\/\/agencevu.com\/wp-content\/uploads\/2024\/10\/2024_Livre-Rearick_Gure-Bazterrak_00Preview.jpg\" class=\"wp-image-216866 avia-img-lazy-loading-216866 attachment-portfolio size-portfolio wp-post-image\" alt=\"\" loading=\"lazy\" srcset=\"https:\/\/agencevu.com\/wp-content\/uploads\/2024\/10\/2024_Livre-Rearick_Gure-Bazterrak_00Preview.jpg 153w, https:\/\/agencevu.com\/wp-content\/uploads\/2024\/10\/2024_Livre-Rearick_Gure-Bazterrak_00Preview-66x80.jpg 66w\" sizes=\"(max-width: 153px) 100vw, 153px\" \/><\/a><div class='slide-content'><header class=\"entry-content-header\"><span class=\"blog-categories minor-meta\"> <a href=\"https:\/\/agencevu.com\/en\/annee\/2024-en\/\" rel=\"tag\">2024<\/a> <a href=\"https:\/\/agencevu.com\/en\/photographer\/anne-rearick\/\" rel=\"tag\">Anne Rearick<\/a> <a href=\"https:\/\/agencevu.com\/en\/section_taxonomy\/livres\/\" rel=\"tag\">livres<\/a> <\/span><h3 class='slide-entry-title entry-title'  itemprop=\"headline\" ><a href='https:\/\/agencevu.com\/en\/book\/gure-bazterrak\/' title='Gure Bazterrak'>Gure Bazterrak<\/a><\/h3><span class=\"av-vertical-delimiter\"><\/span><\/header><div class='slide-entry-excerpt entry-content'  itemprop=\"text\" ><span class=\"tag-extrait\">Livre | <\/span>Deadbeat Club - 2024<\/div><\/div><footer class=\"entry-footer\"><div class='slide-meta'><time class='slide-meta-time updated'  itemprop=\"datePublished\" datetime=\"2024-10-29T14:45:07+01:00\" >29 October 2024<\/time><\/div><\/footer><span class='hidden'>\n\t\t\t\t<span class='av-structured-data'  itemprop=\"image\" itemscope=\"itemscope\" itemtype=\"https:\/\/schema.org\/ImageObject\" >\n\t\t\t\t\t\t<span itemprop='url'>https:\/\/agencevu.com\/wp-content\/uploads\/2024\/10\/2024_Livre-Rearick_Gure-Bazterrak_00Preview.jpg<\/span>\n\t\t\t\t\t\t<span itemprop='height'>185<\/span>\n\t\t\t\t\t\t<span itemprop='width'>153<\/span>\n\t\t\t\t<\/span>\n\t\t\t\t<span class='av-structured-data'  itemprop=\"publisher\" itemtype=\"https:\/\/schema.org\/Organization\" itemscope=\"itemscope\" >\n\t\t\t\t\t\t<span itemprop='name'>Fanny Demichelis<\/span>\n\t\t\t\t\t\t<span itemprop='logo' itemscope itemtype='https:\/\/schema.org\/ImageObject'>\n\t\t\t\t\t\t\t<span itemprop='url'>\/wp-content\/uploads\/2021\/05\/logo-vert-2.svg<\/span>\n\t\t\t\t\t\t <\/span>\n\t\t\t\t<\/span><span class='av-structured-data'  itemprop=\"author\" itemscope=\"itemscope\" itemtype=\"https:\/\/schema.org\/Person\" ><span itemprop='name'>Fanny Demichelis<\/span><\/span><span class='av-structured-data'  itemprop=\"datePublished\" datetime=\"2003-10-08T10:49:22+02:00\" >2024-10-29 14:45:07<\/span><span class='av-structured-data'  itemprop=\"dateModified\" itemtype=\"https:\/\/schema.org\/dateModified\" >2024-11-13 14:43:20<\/span><span class='av-structured-data'  itemprop=\"mainEntityOfPage\" itemtype=\"https:\/\/schema.org\/mainEntityOfPage\" ><span itemprop='name'>Gure Bazterrak<\/span><\/span><\/span><\/article><article class='slide-entry flex_column  post-entry post-entry-206147 slide-entry-overview slide-loop-2 slide-parity-even  av_one_third  real-thumbnail'  itemscope=\"itemscope\" itemtype=\"https:\/\/schema.org\/CreativeWork\" ><a href='https:\/\/agencevu.com\/en\/book\/you-will-look-to-the-mountains-2\/' data-rel='slide-5' class='slide-image' title=''><img width=\"159\" height=\"185\" src=\"https:\/\/agencevu.com\/wp-content\/uploads\/2023\/10\/Anne-Rearick_You-Will-Look-To-The-Mountains_Couverture_preview.jpg\" class=\"wp-image-205745 avia-img-lazy-loading-205745 attachment-portfolio size-portfolio wp-post-image\" alt=\"\" loading=\"lazy\" srcset=\"https:\/\/agencevu.com\/wp-content\/uploads\/2023\/10\/Anne-Rearick_You-Will-Look-To-The-Mountains_Couverture_preview.jpg 159w, https:\/\/agencevu.com\/wp-content\/uploads\/2023\/10\/Anne-Rearick_You-Will-Look-To-The-Mountains_Couverture_preview-69x80.jpg 69w\" sizes=\"(max-width: 159px) 100vw, 159px\" \/><\/a><div class='slide-content'><header class=\"entry-content-header\"><span class=\"blog-categories minor-meta\"><a href=\"https:\/\/agencevu.com\/en\/Home\/home-evenements\/\" rel=\"tag\">Home-Evenements<\/a> <a href=\"https:\/\/agencevu.com\/en\/annee\/2023-2-en\/\" rel=\"tag\">2023<\/a> <a href=\"https:\/\/agencevu.com\/en\/photographer\/anne-rearick\/\" rel=\"tag\">Anne Rearick<\/a> <a href=\"https:\/\/agencevu.com\/en\/section_taxonomy\/livres\/\" rel=\"tag\">livres<\/a> <\/span><h3 class='slide-entry-title entry-title'  itemprop=\"headline\" ><a href='https:\/\/agencevu.com\/en\/book\/you-will-look-to-the-mountains-2\/' title='You Will Look To The Mountains'>You Will Look To The Mountains<\/a><\/h3><span class=\"av-vertical-delimiter\"><\/span><\/header><div class='slide-entry-excerpt entry-content'  itemprop=\"text\" >Deadbeat Club - 2023<\/div><\/div><footer class=\"entry-footer\"><div class='slide-meta'><time class='slide-meta-time updated'  itemprop=\"datePublished\" datetime=\"2023-10-27T11:32:52+02:00\" >27 October 2023<\/time><\/div><\/footer><span class='hidden'>\n\t\t\t\t<span class='av-structured-data'  itemprop=\"image\" itemscope=\"itemscope\" itemtype=\"https:\/\/schema.org\/ImageObject\" >\n\t\t\t\t\t\t<span itemprop='url'>https:\/\/agencevu.com\/wp-content\/uploads\/2023\/10\/Anne-Rearick_You-Will-Look-To-The-Mountains_Couverture_preview.jpg<\/span>\n\t\t\t\t\t\t<span itemprop='height'>185<\/span>\n\t\t\t\t\t\t<span itemprop='width'>159<\/span>\n\t\t\t\t<\/span>\n\t\t\t\t<span class='av-structured-data'  itemprop=\"publisher\" itemtype=\"https:\/\/schema.org\/Organization\" itemscope=\"itemscope\" >\n\t\t\t\t\t\t<span itemprop='name'>Editorial<\/span>\n\t\t\t\t\t\t<span itemprop='logo' itemscope itemtype='https:\/\/schema.org\/ImageObject'>\n\t\t\t\t\t\t\t<span itemprop='url'>\/wp-content\/uploads\/2021\/05\/logo-vert-2.svg<\/span>\n\t\t\t\t\t\t <\/span>\n\t\t\t\t<\/span><span class='av-structured-data'  itemprop=\"author\" itemscope=\"itemscope\" itemtype=\"https:\/\/schema.org\/Person\" ><span itemprop='name'>Editorial<\/span><\/span><span class='av-structured-data'  itemprop=\"datePublished\" datetime=\"2003-10-08T10:49:22+02:00\" >2023-10-27 11:32:52<\/span><span class='av-structured-data'  itemprop=\"dateModified\" itemtype=\"https:\/\/schema.org\/dateModified\" >2024-11-13 14:48:02<\/span><span class='av-structured-data'  itemprop=\"mainEntityOfPage\" itemtype=\"https:\/\/schema.org\/mainEntityOfPage\" ><span itemprop='name'>You Will Look To The Mountains<\/span><\/span><\/span><\/article><article class='slide-entry flex_column  post-entry post-entry-135352 slide-entry-overview slide-loop-3 slide-parity-odd  av_one_third  real-thumbnail'  itemscope=\"itemscope\" itemtype=\"https:\/\/schema.org\/CreativeWork\" ><a href='https:\/\/agencevu.com\/en\/book\/true-west\/' data-rel='slide-5' class='slide-image' title=''><img width=\"161\" height=\"185\" src=\"https:\/\/agencevu.com\/wp-content\/uploads\/2021\/04\/00_Anne-Rearick_True-west_prerview.jpg\" class=\"wp-image-135347 avia-img-lazy-loading-135347 attachment-portfolio size-portfolio wp-post-image\" alt=\"\" loading=\"lazy\" srcset=\"https:\/\/agencevu.com\/wp-content\/uploads\/2021\/04\/00_Anne-Rearick_True-west_prerview.jpg 161w, https:\/\/agencevu.com\/wp-content\/uploads\/2021\/04\/00_Anne-Rearick_True-west_prerview-70x80.jpg 70w\" sizes=\"(max-width: 161px) 100vw, 161px\" \/><\/a><div class='slide-content'><header class=\"entry-content-header\"><span class=\"blog-categories minor-meta\"> <a href=\"https:\/\/agencevu.com\/en\/annee\/2019-en\/\" rel=\"tag\">2019<\/a> <a href=\"https:\/\/agencevu.com\/en\/photographer\/anne-rearick\/\" rel=\"tag\">Anne Rearick<\/a> <a href=\"https:\/\/agencevu.com\/en\/section_taxonomy\/livres\/\" rel=\"tag\">livres<\/a> <\/span><h3 class='slide-entry-title entry-title'  itemprop=\"headline\" ><a href='https:\/\/agencevu.com\/en\/book\/true-west\/' title='True West'>True West<\/a><\/h3><span class=\"av-vertical-delimiter\"><\/span><\/header><div class='slide-entry-excerpt entry-content'  itemprop=\"text\" >Editions Cl\u00e9mentine de la F\u00e9ronni\u00e8re - 2019<\/div><\/div><footer class=\"entry-footer\"><div class='slide-meta'><time class='slide-meta-time updated'  itemprop=\"datePublished\" datetime=\"2019-11-09T14:23:42+01:00\" >9 November 2019<\/time><\/div><\/footer><span class='hidden'>\n\t\t\t\t<span class='av-structured-data'  itemprop=\"image\" itemscope=\"itemscope\" itemtype=\"https:\/\/schema.org\/ImageObject\" >\n\t\t\t\t\t\t<span itemprop='url'>https:\/\/agencevu.com\/wp-content\/uploads\/2021\/04\/00_Anne-Rearick_True-west_prerview.jpg<\/span>\n\t\t\t\t\t\t<span itemprop='height'>185<\/span>\n\t\t\t\t\t\t<span itemprop='width'>161<\/span>\n\t\t\t\t<\/span>\n\t\t\t\t<span class='av-structured-data'  itemprop=\"publisher\" itemtype=\"https:\/\/schema.org\/Organization\" itemscope=\"itemscope\" >\n\t\t\t\t\t\t<span itemprop='name'>Fanny Demichelis<\/span>\n\t\t\t\t\t\t<span itemprop='logo' itemscope itemtype='https:\/\/schema.org\/ImageObject'>\n\t\t\t\t\t\t\t<span itemprop='url'>\/wp-content\/uploads\/2021\/05\/logo-vert-2.svg<\/span>\n\t\t\t\t\t\t <\/span>\n\t\t\t\t<\/span><span class='av-structured-data'  itemprop=\"author\" itemscope=\"itemscope\" itemtype=\"https:\/\/schema.org\/Person\" ><span itemprop='name'>Fanny Demichelis<\/span><\/span><span class='av-structured-data'  itemprop=\"datePublished\" datetime=\"2003-10-08T10:49:22+02:00\" >2019-11-09 14:23:42<\/span><span class='av-structured-data'  itemprop=\"dateModified\" itemtype=\"https:\/\/schema.org\/dateModified\" >2021-04-27 10:34:28<\/span><span class='av-structured-data'  itemprop=\"mainEntityOfPage\" itemtype=\"https:\/\/schema.org\/mainEntityOfPage\" ><span itemprop='name'>True West<\/span><\/span><\/span><\/article><\/div><div class='slide-entry-wrap'><article class='slide-entry flex_column  post-entry post-entry-135119 slide-entry-overview slide-loop-4 slide-parity-odd  av_one_third first real-thumbnail'  itemscope=\"itemscope\" itemtype=\"https:\/\/schema.org\/CreativeWork\" ><a href='https:\/\/agencevu.com\/en\/book\/sete-17\/' data-rel='slide-5' class='slide-image' title=''><img width=\"155\" height=\"185\" src=\"https:\/\/agencevu.com\/wp-content\/uploads\/2021\/04\/00_Sete-couv-1.jpg\" class=\"wp-image-135240 avia-img-lazy-loading-135240 attachment-portfolio size-portfolio wp-post-image\" alt=\"\" loading=\"lazy\" srcset=\"https:\/\/agencevu.com\/wp-content\/uploads\/2021\/04\/00_Sete-couv-1.jpg 155w, https:\/\/agencevu.com\/wp-content\/uploads\/2021\/04\/00_Sete-couv-1-67x80.jpg 67w\" sizes=\"(max-width: 155px) 100vw, 155px\" \/><\/a><div class='slide-content'><header class=\"entry-content-header\"><span class=\"blog-categories minor-meta\"> <a href=\"https:\/\/agencevu.com\/en\/annee\/2017-en\/\" rel=\"tag\">2017<\/a> <a href=\"https:\/\/agencevu.com\/en\/photographer\/anne-rearick\/\" rel=\"tag\">Anne Rearick<\/a> <a href=\"https:\/\/agencevu.com\/en\/section_taxonomy\/livres\/\" rel=\"tag\">livres<\/a> <\/span><h3 class='slide-entry-title entry-title'  itemprop=\"headline\" ><a href='https:\/\/agencevu.com\/en\/book\/sete-17\/' title='S\u00e8te #17'>S\u00e8te #17<\/a><\/h3><span class=\"av-vertical-delimiter\"><\/span><\/header><div class='slide-entry-excerpt entry-content'  itemprop=\"text\" >Le Bec en l\u2019Air & C\u00e9T\u00e0VOIR - 2017<\/div><\/div><footer class=\"entry-footer\"><div class='slide-meta'><time class='slide-meta-time updated'  itemprop=\"datePublished\" datetime=\"2017-08-13T15:49:50+02:00\" >13 August 2017<\/time><\/div><\/footer><span class='hidden'>\n\t\t\t\t<span class='av-structured-data'  itemprop=\"image\" itemscope=\"itemscope\" itemtype=\"https:\/\/schema.org\/ImageObject\" >\n\t\t\t\t\t\t<span itemprop='url'>https:\/\/agencevu.com\/wp-content\/uploads\/2021\/04\/00_Sete-couv-1.jpg<\/span>\n\t\t\t\t\t\t<span itemprop='height'>185<\/span>\n\t\t\t\t\t\t<span itemprop='width'>155<\/span>\n\t\t\t\t<\/span>\n\t\t\t\t<span class='av-structured-data'  itemprop=\"publisher\" itemtype=\"https:\/\/schema.org\/Organization\" itemscope=\"itemscope\" >\n\t\t\t\t\t\t<span itemprop='name'>Fanny Demichelis<\/span>\n\t\t\t\t\t\t<span itemprop='logo' itemscope itemtype='https:\/\/schema.org\/ImageObject'>\n\t\t\t\t\t\t\t<span itemprop='url'>\/wp-content\/uploads\/2021\/05\/logo-vert-2.svg<\/span>\n\t\t\t\t\t\t <\/span>\n\t\t\t\t<\/span><span class='av-structured-data'  itemprop=\"author\" itemscope=\"itemscope\" itemtype=\"https:\/\/schema.org\/Person\" ><span itemprop='name'>Fanny Demichelis<\/span><\/span><span class='av-structured-data'  itemprop=\"datePublished\" datetime=\"2003-10-08T10:49:22+02:00\" >2017-08-13 15:49:50<\/span><span class='av-structured-data'  itemprop=\"dateModified\" itemtype=\"https:\/\/schema.org\/dateModified\" >2021-05-20 14:11:18<\/span><span class='av-structured-data'  itemprop=\"mainEntityOfPage\" itemtype=\"https:\/\/schema.org\/mainEntityOfPage\" ><span itemprop='name'>S\u00e8te #17<\/span><\/span><\/span><\/article><article class='slide-entry flex_column  post-entry post-entry-36709 slide-entry-overview slide-loop-5 slide-parity-even  av_one_third  real-thumbnail'  itemscope=\"itemscope\" itemtype=\"https:\/\/schema.org\/CreativeWork\" ><a href='https:\/\/agencevu.com\/en\/book\/township\/' data-rel='slide-5' class='slide-image' title=''><img width=\"167\" height=\"185\" src=\"https:\/\/agencevu.com\/wp-content\/uploads\/2019\/11\/2016-Township-REAR-preview-00.jpg\" class=\"wp-image-36434 avia-img-lazy-loading-36434 attachment-portfolio size-portfolio wp-post-image\" alt=\"\" loading=\"lazy\" srcset=\"https:\/\/agencevu.com\/wp-content\/uploads\/2019\/11\/2016-Township-REAR-preview-00.jpg 167w, https:\/\/agencevu.com\/wp-content\/uploads\/2019\/11\/2016-Township-REAR-preview-00-72x80.jpg 72w\" sizes=\"(max-width: 167px) 100vw, 167px\" \/><\/a><div class='slide-content'><header class=\"entry-content-header\"><span class=\"blog-categories minor-meta\"> <a href=\"https:\/\/agencevu.com\/en\/annee\/2016\/\" rel=\"tag\">2016<\/a> <a href=\"https:\/\/agencevu.com\/en\/photographer\/anne-rearick\/\" rel=\"tag\">Anne Rearick<\/a> <a href=\"https:\/\/agencevu.com\/en\/section_taxonomy\/livres\/\" rel=\"tag\">livres<\/a> <\/span><h3 class='slide-entry-title entry-title'  itemprop=\"headline\" ><a href='https:\/\/agencevu.com\/en\/book\/township\/' title='Township'>Township<\/a><\/h3><span class=\"av-vertical-delimiter\"><\/span><\/header><div class='slide-entry-excerpt entry-content'  itemprop=\"text\" >Editions Cl\u00e9mentine de la F\u00e9ronni\u00e8re - 2016<\/div><\/div><footer class=\"entry-footer\"><div class='slide-meta'><time class='slide-meta-time updated'  itemprop=\"datePublished\" datetime=\"2016-04-08T10:49:24+02:00\" >8 April 2016<\/time><\/div><\/footer><span class='hidden'>\n\t\t\t\t<span class='av-structured-data'  itemprop=\"image\" itemscope=\"itemscope\" itemtype=\"https:\/\/schema.org\/ImageObject\" >\n\t\t\t\t\t\t<span itemprop='url'>https:\/\/agencevu.com\/wp-content\/uploads\/2019\/11\/2016-Township-REAR-preview-00.jpg<\/span>\n\t\t\t\t\t\t<span itemprop='height'>185<\/span>\n\t\t\t\t\t\t<span itemprop='width'>167<\/span>\n\t\t\t\t<\/span>\n\t\t\t\t<span class='av-structured-data'  itemprop=\"publisher\" itemtype=\"https:\/\/schema.org\/Organization\" itemscope=\"itemscope\" >\n\t\t\t\t\t\t<span itemprop='name'>Fanny Demichelis<\/span>\n\t\t\t\t\t\t<span itemprop='logo' itemscope itemtype='https:\/\/schema.org\/ImageObject'>\n\t\t\t\t\t\t\t<span itemprop='url'>\/wp-content\/uploads\/2021\/05\/logo-vert-2.svg<\/span>\n\t\t\t\t\t\t <\/span>\n\t\t\t\t<\/span><span class='av-structured-data'  itemprop=\"author\" itemscope=\"itemscope\" itemtype=\"https:\/\/schema.org\/Person\" ><span itemprop='name'>Fanny Demichelis<\/span><\/span><span class='av-structured-data'  itemprop=\"datePublished\" datetime=\"2003-10-08T10:49:22+02:00\" >2016-04-08 10:49:24<\/span><span class='av-structured-data'  itemprop=\"dateModified\" itemtype=\"https:\/\/schema.org\/dateModified\" >2021-04-13 15:45:19<\/span><span class='av-structured-data'  itemprop=\"mainEntityOfPage\" itemtype=\"https:\/\/schema.org\/mainEntityOfPage\" ><span itemprop='name'>Township<\/span><\/span><\/span><\/article><article class='slide-entry flex_column  post-entry post-entry-36705 slide-entry-overview slide-loop-6 slide-parity-odd  post-entry-last  av_one_third  real-thumbnail'  itemscope=\"itemscope\" itemtype=\"https:\/\/schema.org\/CreativeWork\" ><a href='https:\/\/agencevu.com\/en\/book\/anne-rearicks-eye\/' data-rel='slide-5' class='slide-image' title=''><img width=\"150\" height=\"185\" src=\"https:\/\/agencevu.com\/wp-content\/uploads\/2019\/11\/2003-Anne-Rearicks-eye-REAR-preview.jpg\" class=\"wp-image-36446 avia-img-lazy-loading-36446 attachment-portfolio size-portfolio wp-post-image\" alt=\"\" loading=\"lazy\" srcset=\"https:\/\/agencevu.com\/wp-content\/uploads\/2019\/11\/2003-Anne-Rearicks-eye-REAR-preview.jpg 150w, https:\/\/agencevu.com\/wp-content\/uploads\/2019\/11\/2003-Anne-Rearicks-eye-REAR-preview-65x80.jpg 65w\" sizes=\"(max-width: 150px) 100vw, 150px\" \/><\/a><div class='slide-content'><header class=\"entry-content-header\"><span class=\"blog-categories minor-meta\"> <a href=\"https:\/\/agencevu.com\/en\/annee\/2003-en\/\" rel=\"tag\">2003<\/a> <a href=\"https:\/\/agencevu.com\/en\/photographer\/anne-rearick\/\" rel=\"tag\">Anne Rearick<\/a> <a href=\"https:\/\/agencevu.com\/en\/section_taxonomy\/livres\/\" rel=\"tag\">livres<\/a> <\/span><h3 class='slide-entry-title entry-title'  itemprop=\"headline\" ><a href='https:\/\/agencevu.com\/en\/book\/anne-rearicks-eye\/' title='Anne Rearick\u2019s eye'>Anne Rearick\u2019s eye<\/a><\/h3><span class=\"av-vertical-delimiter\"><\/span><\/header><div class='slide-entry-excerpt entry-content'  itemprop=\"text\" >Editions Atlantica - 2003<\/div><\/div><footer class=\"entry-footer\"><div class='slide-meta'><time class='slide-meta-time updated'  itemprop=\"datePublished\" datetime=\"2003-10-08T10:49:22+02:00\" >8 October 2003<\/time><\/div><\/footer><span class='hidden'>\n\t\t\t\t<span class='av-structured-data'  itemprop=\"image\" itemscope=\"itemscope\" itemtype=\"https:\/\/schema.org\/ImageObject\" >\n\t\t\t\t\t\t<span itemprop='url'>https:\/\/agencevu.com\/wp-content\/uploads\/2019\/11\/2003-Anne-Rearicks-eye-REAR-preview.jpg<\/span>\n\t\t\t\t\t\t<span itemprop='height'>185<\/span>\n\t\t\t\t\t\t<span itemprop='width'>150<\/span>\n\t\t\t\t<\/span>\n\t\t\t\t<span class='av-structured-data'  itemprop=\"publisher\" itemtype=\"https:\/\/schema.org\/Organization\" itemscope=\"itemscope\" >\n\t\t\t\t\t\t<span itemprop='name'>Fanny Demichelis<\/span>\n\t\t\t\t\t\t<span itemprop='logo' itemscope itemtype='https:\/\/schema.org\/ImageObject'>\n\t\t\t\t\t\t\t<span itemprop='url'>\/wp-content\/uploads\/2021\/05\/logo-vert-2.svg<\/span>\n\t\t\t\t\t\t <\/span>\n\t\t\t\t<\/span><span class='av-structured-data'  itemprop=\"author\" itemscope=\"itemscope\" itemtype=\"https:\/\/schema.org\/Person\" ><span itemprop='name'>Fanny Demichelis<\/span><\/span><span class='av-structured-data'  itemprop=\"datePublished\" datetime=\"2003-10-08T10:49:22+02:00\" >2003-10-08 10:49:22<\/span><span class='av-structured-data'  itemprop=\"dateModified\" itemtype=\"https:\/\/schema.org\/dateModified\" >2021-04-13 15:37:41<\/span><span class='av-structured-data'  itemprop=\"mainEntityOfPage\" itemtype=\"https:\/\/schema.org\/mainEntityOfPage\" ><span itemprop='name'>Anne Rearick\u2019s eye<\/span><\/span><\/span><\/article><\/div><\/div><\/div>\n<div  data-autoplay=''  data-interval='5'  data-animation='fade'  data-show_slide_delay='90'  class='avia-content-slider avia-content-grid-active avia-content-slider6 avia-content-slider-even   av-desktop-hide av-medium-hide av-small-hide'  itemscope=\"itemscope\" itemtype=\"https:\/\/schema.org\/Blog\" ><div class='avia-content-slider-inner'><div class='slide-entry-wrap'><article class='slide-entry flex_column  post-entry post-entry-216871 slide-entry-overview slide-loop-1 slide-parity-odd  av_one_half first real-thumbnail'  itemscope=\"itemscope\" itemtype=\"https:\/\/schema.org\/CreativeWork\" ><a href='https:\/\/agencevu.com\/en\/book\/gure-bazterrak\/' data-rel='slide-6' class='slide-image' title=''><img width=\"153\" height=\"185\" src=\"https:\/\/agencevu.com\/wp-content\/uploads\/2024\/10\/2024_Livre-Rearick_Gure-Bazterrak_00Preview.jpg\" class=\"wp-image-216866 avia-img-lazy-loading-216866 attachment-portfolio size-portfolio wp-post-image\" alt=\"\" loading=\"lazy\" srcset=\"https:\/\/agencevu.com\/wp-content\/uploads\/2024\/10\/2024_Livre-Rearick_Gure-Bazterrak_00Preview.jpg 153w, https:\/\/agencevu.com\/wp-content\/uploads\/2024\/10\/2024_Livre-Rearick_Gure-Bazterrak_00Preview-66x80.jpg 66w\" sizes=\"(max-width: 153px) 100vw, 153px\" \/><\/a><div class='slide-content'><header class=\"entry-content-header\"><span class=\"blog-categories minor-meta\"> <a href=\"https:\/\/agencevu.com\/en\/annee\/2024-en\/\" rel=\"tag\">2024<\/a> <a href=\"https:\/\/agencevu.com\/en\/photographer\/anne-rearick\/\" rel=\"tag\">Anne Rearick<\/a> <a href=\"https:\/\/agencevu.com\/en\/section_taxonomy\/livres\/\" rel=\"tag\">livres<\/a> <\/span><h3 class='slide-entry-title entry-title'  itemprop=\"headline\" ><a href='https:\/\/agencevu.com\/en\/book\/gure-bazterrak\/' title='Gure Bazterrak'>Gure Bazterrak<\/a><\/h3><span class=\"av-vertical-delimiter\"><\/span><\/header><div class='slide-entry-excerpt entry-content'  itemprop=\"text\" ><span class=\"tag-extrait\">Livre | <\/span>Deadbeat Club - 2024<\/div><\/div><footer class=\"entry-footer\"><div class='slide-meta'><time class='slide-meta-time updated'  itemprop=\"datePublished\" datetime=\"2024-10-29T14:45:07+01:00\" >29 October 2024<\/time><\/div><\/footer><span class='hidden'>\n\t\t\t\t<span class='av-structured-data'  itemprop=\"image\" itemscope=\"itemscope\" itemtype=\"https:\/\/schema.org\/ImageObject\" >\n\t\t\t\t\t\t<span itemprop='url'>https:\/\/agencevu.com\/wp-content\/uploads\/2024\/10\/2024_Livre-Rearick_Gure-Bazterrak_00Preview.jpg<\/span>\n\t\t\t\t\t\t<span itemprop='height'>185<\/span>\n\t\t\t\t\t\t<span itemprop='width'>153<\/span>\n\t\t\t\t<\/span>\n\t\t\t\t<span class='av-structured-data'  itemprop=\"publisher\" itemtype=\"https:\/\/schema.org\/Organization\" itemscope=\"itemscope\" >\n\t\t\t\t\t\t<span itemprop='name'>Fanny Demichelis<\/span>\n\t\t\t\t\t\t<span itemprop='logo' itemscope itemtype='https:\/\/schema.org\/ImageObject'>\n\t\t\t\t\t\t\t<span itemprop='url'>\/wp-content\/uploads\/2021\/05\/logo-vert-2.svg<\/span>\n\t\t\t\t\t\t <\/span>\n\t\t\t\t<\/span><span class='av-structured-data'  itemprop=\"author\" itemscope=\"itemscope\" itemtype=\"https:\/\/schema.org\/Person\" ><span itemprop='name'>Fanny Demichelis<\/span><\/span><span class='av-structured-data'  itemprop=\"datePublished\" datetime=\"2003-10-08T10:49:22+02:00\" >2024-10-29 14:45:07<\/span><span class='av-structured-data'  itemprop=\"dateModified\" itemtype=\"https:\/\/schema.org\/dateModified\" >2024-11-13 14:43:20<\/span><span class='av-structured-data'  itemprop=\"mainEntityOfPage\" itemtype=\"https:\/\/schema.org\/mainEntityOfPage\" ><span itemprop='name'>Gure Bazterrak<\/span><\/span><\/span><\/article><article class='slide-entry flex_column  post-entry post-entry-206147 slide-entry-overview slide-loop-2 slide-parity-even  av_one_half  real-thumbnail'  itemscope=\"itemscope\" itemtype=\"https:\/\/schema.org\/CreativeWork\" ><a href='https:\/\/agencevu.com\/en\/book\/you-will-look-to-the-mountains-2\/' data-rel='slide-6' class='slide-image' title=''><img width=\"159\" height=\"185\" src=\"https:\/\/agencevu.com\/wp-content\/uploads\/2023\/10\/Anne-Rearick_You-Will-Look-To-The-Mountains_Couverture_preview.jpg\" class=\"wp-image-205745 avia-img-lazy-loading-205745 attachment-portfolio size-portfolio wp-post-image\" alt=\"\" loading=\"lazy\" srcset=\"https:\/\/agencevu.com\/wp-content\/uploads\/2023\/10\/Anne-Rearick_You-Will-Look-To-The-Mountains_Couverture_preview.jpg 159w, https:\/\/agencevu.com\/wp-content\/uploads\/2023\/10\/Anne-Rearick_You-Will-Look-To-The-Mountains_Couverture_preview-69x80.jpg 69w\" sizes=\"(max-width: 159px) 100vw, 159px\" \/><\/a><div class='slide-content'><header class=\"entry-content-header\"><span class=\"blog-categories minor-meta\"><a href=\"https:\/\/agencevu.com\/en\/Home\/home-evenements\/\" rel=\"tag\">Home-Evenements<\/a> <a href=\"https:\/\/agencevu.com\/en\/annee\/2023-2-en\/\" rel=\"tag\">2023<\/a> <a href=\"https:\/\/agencevu.com\/en\/photographer\/anne-rearick\/\" rel=\"tag\">Anne Rearick<\/a> <a href=\"https:\/\/agencevu.com\/en\/section_taxonomy\/livres\/\" rel=\"tag\">livres<\/a> <\/span><h3 class='slide-entry-title entry-title'  itemprop=\"headline\" ><a href='https:\/\/agencevu.com\/en\/book\/you-will-look-to-the-mountains-2\/' title='You Will Look To The Mountains'>You Will Look To The Mountains<\/a><\/h3><span class=\"av-vertical-delimiter\"><\/span><\/header><div class='slide-entry-excerpt entry-content'  itemprop=\"text\" >Deadbeat Club - 2023<\/div><\/div><footer class=\"entry-footer\"><div class='slide-meta'><time class='slide-meta-time updated'  itemprop=\"datePublished\" datetime=\"2023-10-27T11:32:52+02:00\" >27 October 2023<\/time><\/div><\/footer><span class='hidden'>\n\t\t\t\t<span class='av-structured-data'  itemprop=\"image\" itemscope=\"itemscope\" itemtype=\"https:\/\/schema.org\/ImageObject\" >\n\t\t\t\t\t\t<span itemprop='url'>https:\/\/agencevu.com\/wp-content\/uploads\/2023\/10\/Anne-Rearick_You-Will-Look-To-The-Mountains_Couverture_preview.jpg<\/span>\n\t\t\t\t\t\t<span itemprop='height'>185<\/span>\n\t\t\t\t\t\t<span itemprop='width'>159<\/span>\n\t\t\t\t<\/span>\n\t\t\t\t<span class='av-structured-data'  itemprop=\"publisher\" itemtype=\"https:\/\/schema.org\/Organization\" itemscope=\"itemscope\" >\n\t\t\t\t\t\t<span itemprop='name'>Editorial<\/span>\n\t\t\t\t\t\t<span itemprop='logo' itemscope itemtype='https:\/\/schema.org\/ImageObject'>\n\t\t\t\t\t\t\t<span itemprop='url'>\/wp-content\/uploads\/2021\/05\/logo-vert-2.svg<\/span>\n\t\t\t\t\t\t <\/span>\n\t\t\t\t<\/span><span class='av-structured-data'  itemprop=\"author\" itemscope=\"itemscope\" itemtype=\"https:\/\/schema.org\/Person\" ><span itemprop='name'>Editorial<\/span><\/span><span class='av-structured-data'  itemprop=\"datePublished\" datetime=\"2003-10-08T10:49:22+02:00\" >2023-10-27 11:32:52<\/span><span class='av-structured-data'  itemprop=\"dateModified\" itemtype=\"https:\/\/schema.org\/dateModified\" >2024-11-13 14:48:02<\/span><span class='av-structured-data'  itemprop=\"mainEntityOfPage\" itemtype=\"https:\/\/schema.org\/mainEntityOfPage\" ><span itemprop='name'>You Will Look To The Mountains<\/span><\/span><\/span><\/article><\/div><div class='slide-entry-wrap'><article class='slide-entry flex_column  post-entry post-entry-135352 slide-entry-overview slide-loop-3 slide-parity-odd  av_one_half first real-thumbnail'  itemscope=\"itemscope\" itemtype=\"https:\/\/schema.org\/CreativeWork\" ><a href='https:\/\/agencevu.com\/en\/book\/true-west\/' data-rel='slide-6' class='slide-image' title=''><img width=\"161\" height=\"185\" src=\"https:\/\/agencevu.com\/wp-content\/uploads\/2021\/04\/00_Anne-Rearick_True-west_prerview.jpg\" class=\"wp-image-135347 avia-img-lazy-loading-135347 attachment-portfolio size-portfolio wp-post-image\" alt=\"\" loading=\"lazy\" srcset=\"https:\/\/agencevu.com\/wp-content\/uploads\/2021\/04\/00_Anne-Rearick_True-west_prerview.jpg 161w, https:\/\/agencevu.com\/wp-content\/uploads\/2021\/04\/00_Anne-Rearick_True-west_prerview-70x80.jpg 70w\" sizes=\"(max-width: 161px) 100vw, 161px\" \/><\/a><div class='slide-content'><header class=\"entry-content-header\"><span class=\"blog-categories minor-meta\"> <a href=\"https:\/\/agencevu.com\/en\/annee\/2019-en\/\" rel=\"tag\">2019<\/a> <a href=\"https:\/\/agencevu.com\/en\/photographer\/anne-rearick\/\" rel=\"tag\">Anne Rearick<\/a> <a href=\"https:\/\/agencevu.com\/en\/section_taxonomy\/livres\/\" rel=\"tag\">livres<\/a> <\/span><h3 class='slide-entry-title entry-title'  itemprop=\"headline\" ><a href='https:\/\/agencevu.com\/en\/book\/true-west\/' title='True West'>True West<\/a><\/h3><span class=\"av-vertical-delimiter\"><\/span><\/header><div class='slide-entry-excerpt entry-content'  itemprop=\"text\" >Editions Cl\u00e9mentine de la F\u00e9ronni\u00e8re - 2019<\/div><\/div><footer class=\"entry-footer\"><div class='slide-meta'><time class='slide-meta-time updated'  itemprop=\"datePublished\" datetime=\"2019-11-09T14:23:42+01:00\" >9 November 2019<\/time><\/div><\/footer><span class='hidden'>\n\t\t\t\t<span class='av-structured-data'  itemprop=\"image\" itemscope=\"itemscope\" itemtype=\"https:\/\/schema.org\/ImageObject\" >\n\t\t\t\t\t\t<span itemprop='url'>https:\/\/agencevu.com\/wp-content\/uploads\/2021\/04\/00_Anne-Rearick_True-west_prerview.jpg<\/span>\n\t\t\t\t\t\t<span itemprop='height'>185<\/span>\n\t\t\t\t\t\t<span itemprop='width'>161<\/span>\n\t\t\t\t<\/span>\n\t\t\t\t<span class='av-structured-data'  itemprop=\"publisher\" itemtype=\"https:\/\/schema.org\/Organization\" itemscope=\"itemscope\" >\n\t\t\t\t\t\t<span itemprop='name'>Fanny Demichelis<\/span>\n\t\t\t\t\t\t<span itemprop='logo' itemscope itemtype='https:\/\/schema.org\/ImageObject'>\n\t\t\t\t\t\t\t<span itemprop='url'>\/wp-content\/uploads\/2021\/05\/logo-vert-2.svg<\/span>\n\t\t\t\t\t\t <\/span>\n\t\t\t\t<\/span><span class='av-structured-data'  itemprop=\"author\" itemscope=\"itemscope\" itemtype=\"https:\/\/schema.org\/Person\" ><span itemprop='name'>Fanny Demichelis<\/span><\/span><span class='av-structured-data'  itemprop=\"datePublished\" datetime=\"2003-10-08T10:49:22+02:00\" >2019-11-09 14:23:42<\/span><span class='av-structured-data'  itemprop=\"dateModified\" itemtype=\"https:\/\/schema.org\/dateModified\" >2021-04-27 10:34:28<\/span><span class='av-structured-data'  itemprop=\"mainEntityOfPage\" itemtype=\"https:\/\/schema.org\/mainEntityOfPage\" ><span itemprop='name'>True West<\/span><\/span><\/span><\/article><article class='slide-entry flex_column  post-entry post-entry-135119 slide-entry-overview slide-loop-4 slide-parity-even  av_one_half  real-thumbnail'  itemscope=\"itemscope\" itemtype=\"https:\/\/schema.org\/CreativeWork\" ><a href='https:\/\/agencevu.com\/en\/book\/sete-17\/' data-rel='slide-6' class='slide-image' title=''><img width=\"155\" height=\"185\" src=\"https:\/\/agencevu.com\/wp-content\/uploads\/2021\/04\/00_Sete-couv-1.jpg\" class=\"wp-image-135240 avia-img-lazy-loading-135240 attachment-portfolio size-portfolio wp-post-image\" alt=\"\" loading=\"lazy\" srcset=\"https:\/\/agencevu.com\/wp-content\/uploads\/2021\/04\/00_Sete-couv-1.jpg 155w, https:\/\/agencevu.com\/wp-content\/uploads\/2021\/04\/00_Sete-couv-1-67x80.jpg 67w\" sizes=\"(max-width: 155px) 100vw, 155px\" \/><\/a><div class='slide-content'><header class=\"entry-content-header\"><span class=\"blog-categories minor-meta\"> <a href=\"https:\/\/agencevu.com\/en\/annee\/2017-en\/\" rel=\"tag\">2017<\/a> <a href=\"https:\/\/agencevu.com\/en\/photographer\/anne-rearick\/\" rel=\"tag\">Anne Rearick<\/a> <a href=\"https:\/\/agencevu.com\/en\/section_taxonomy\/livres\/\" rel=\"tag\">livres<\/a> <\/span><h3 class='slide-entry-title entry-title'  itemprop=\"headline\" ><a href='https:\/\/agencevu.com\/en\/book\/sete-17\/' title='S\u00e8te #17'>S\u00e8te #17<\/a><\/h3><span class=\"av-vertical-delimiter\"><\/span><\/header><div class='slide-entry-excerpt entry-content'  itemprop=\"text\" >Le Bec en l\u2019Air & C\u00e9T\u00e0VOIR - 2017<\/div><\/div><footer class=\"entry-footer\"><div class='slide-meta'><time class='slide-meta-time updated'  itemprop=\"datePublished\" datetime=\"2017-08-13T15:49:50+02:00\" >13 August 2017<\/time><\/div><\/footer><span class='hidden'>\n\t\t\t\t<span class='av-structured-data'  itemprop=\"image\" itemscope=\"itemscope\" itemtype=\"https:\/\/schema.org\/ImageObject\" >\n\t\t\t\t\t\t<span itemprop='url'>https:\/\/agencevu.com\/wp-content\/uploads\/2021\/04\/00_Sete-couv-1.jpg<\/span>\n\t\t\t\t\t\t<span itemprop='height'>185<\/span>\n\t\t\t\t\t\t<span itemprop='width'>155<\/span>\n\t\t\t\t<\/span>\n\t\t\t\t<span class='av-structured-data'  itemprop=\"publisher\" itemtype=\"https:\/\/schema.org\/Organization\" itemscope=\"itemscope\" >\n\t\t\t\t\t\t<span itemprop='name'>Fanny Demichelis<\/span>\n\t\t\t\t\t\t<span itemprop='logo' itemscope itemtype='https:\/\/schema.org\/ImageObject'>\n\t\t\t\t\t\t\t<span itemprop='url'>\/wp-content\/uploads\/2021\/05\/logo-vert-2.svg<\/span>\n\t\t\t\t\t\t <\/span>\n\t\t\t\t<\/span><span class='av-structured-data'  itemprop=\"author\" itemscope=\"itemscope\" itemtype=\"https:\/\/schema.org\/Person\" ><span itemprop='name'>Fanny Demichelis<\/span><\/span><span class='av-structured-data'  itemprop=\"datePublished\" datetime=\"2003-10-08T10:49:22+02:00\" >2017-08-13 15:49:50<\/span><span class='av-structured-data'  itemprop=\"dateModified\" itemtype=\"https:\/\/schema.org\/dateModified\" >2021-05-20 14:11:18<\/span><span class='av-structured-data'  itemprop=\"mainEntityOfPage\" itemtype=\"https:\/\/schema.org\/mainEntityOfPage\" ><span itemprop='name'>S\u00e8te #17<\/span><\/span><\/span><\/article><\/div><div class='slide-entry-wrap'><article class='slide-entry flex_column  post-entry post-entry-36709 slide-entry-overview slide-loop-5 slide-parity-odd  av_one_half first real-thumbnail'  itemscope=\"itemscope\" itemtype=\"https:\/\/schema.org\/CreativeWork\" ><a href='https:\/\/agencevu.com\/en\/book\/township\/' data-rel='slide-6' class='slide-image' title=''><img width=\"167\" height=\"185\" src=\"https:\/\/agencevu.com\/wp-content\/uploads\/2019\/11\/2016-Township-REAR-preview-00.jpg\" class=\"wp-image-36434 avia-img-lazy-loading-36434 attachment-portfolio size-portfolio wp-post-image\" alt=\"\" loading=\"lazy\" srcset=\"https:\/\/agencevu.com\/wp-content\/uploads\/2019\/11\/2016-Township-REAR-preview-00.jpg 167w, https:\/\/agencevu.com\/wp-content\/uploads\/2019\/11\/2016-Township-REAR-preview-00-72x80.jpg 72w\" sizes=\"(max-width: 167px) 100vw, 167px\" \/><\/a><div class='slide-content'><header class=\"entry-content-header\"><span class=\"blog-categories minor-meta\"> <a href=\"https:\/\/agencevu.com\/en\/annee\/2016\/\" rel=\"tag\">2016<\/a> <a href=\"https:\/\/agencevu.com\/en\/photographer\/anne-rearick\/\" rel=\"tag\">Anne Rearick<\/a> <a href=\"https:\/\/agencevu.com\/en\/section_taxonomy\/livres\/\" rel=\"tag\">livres<\/a> <\/span><h3 class='slide-entry-title entry-title'  itemprop=\"headline\" ><a href='https:\/\/agencevu.com\/en\/book\/township\/' title='Township'>Township<\/a><\/h3><span class=\"av-vertical-delimiter\"><\/span><\/header><div class='slide-entry-excerpt entry-content'  itemprop=\"text\" >Editions Cl\u00e9mentine de la F\u00e9ronni\u00e8re - 2016<\/div><\/div><footer class=\"entry-footer\"><div class='slide-meta'><time class='slide-meta-time updated'  itemprop=\"datePublished\" datetime=\"2016-04-08T10:49:24+02:00\" >8 April 2016<\/time><\/div><\/footer><span class='hidden'>\n\t\t\t\t<span class='av-structured-data'  itemprop=\"image\" itemscope=\"itemscope\" itemtype=\"https:\/\/schema.org\/ImageObject\" >\n\t\t\t\t\t\t<span itemprop='url'>https:\/\/agencevu.com\/wp-content\/uploads\/2019\/11\/2016-Township-REAR-preview-00.jpg<\/span>\n\t\t\t\t\t\t<span itemprop='height'>185<\/span>\n\t\t\t\t\t\t<span itemprop='width'>167<\/span>\n\t\t\t\t<\/span>\n\t\t\t\t<span class='av-structured-data'  itemprop=\"publisher\" itemtype=\"https:\/\/schema.org\/Organization\" itemscope=\"itemscope\" >\n\t\t\t\t\t\t<span itemprop='name'>Fanny Demichelis<\/span>\n\t\t\t\t\t\t<span itemprop='logo' itemscope itemtype='https:\/\/schema.org\/ImageObject'>\n\t\t\t\t\t\t\t<span itemprop='url'>\/wp-content\/uploads\/2021\/05\/logo-vert-2.svg<\/span>\n\t\t\t\t\t\t <\/span>\n\t\t\t\t<\/span><span class='av-structured-data'  itemprop=\"author\" itemscope=\"itemscope\" itemtype=\"https:\/\/schema.org\/Person\" ><span itemprop='name'>Fanny Demichelis<\/span><\/span><span class='av-structured-data'  itemprop=\"datePublished\" datetime=\"2003-10-08T10:49:22+02:00\" >2016-04-08 10:49:24<\/span><span class='av-structured-data'  itemprop=\"dateModified\" itemtype=\"https:\/\/schema.org\/dateModified\" >2021-04-13 15:45:19<\/span><span class='av-structured-data'  itemprop=\"mainEntityOfPage\" itemtype=\"https:\/\/schema.org\/mainEntityOfPage\" ><span itemprop='name'>Township<\/span><\/span><\/span><\/article><article class='slide-entry flex_column  post-entry post-entry-36705 slide-entry-overview slide-loop-6 slide-parity-even  post-entry-last  av_one_half  real-thumbnail'  itemscope=\"itemscope\" itemtype=\"https:\/\/schema.org\/CreativeWork\" ><a href='https:\/\/agencevu.com\/en\/book\/anne-rearicks-eye\/' data-rel='slide-6' class='slide-image' title=''><img width=\"150\" height=\"185\" src=\"https:\/\/agencevu.com\/wp-content\/uploads\/2019\/11\/2003-Anne-Rearicks-eye-REAR-preview.jpg\" class=\"wp-image-36446 avia-img-lazy-loading-36446 attachment-portfolio size-portfolio wp-post-image\" alt=\"\" loading=\"lazy\" srcset=\"https:\/\/agencevu.com\/wp-content\/uploads\/2019\/11\/2003-Anne-Rearicks-eye-REAR-preview.jpg 150w, https:\/\/agencevu.com\/wp-content\/uploads\/2019\/11\/2003-Anne-Rearicks-eye-REAR-preview-65x80.jpg 65w\" sizes=\"(max-width: 150px) 100vw, 150px\" \/><\/a><div class='slide-content'><header class=\"entry-content-header\"><span class=\"blog-categories minor-meta\"> <a href=\"https:\/\/agencevu.com\/en\/annee\/2003-en\/\" rel=\"tag\">2003<\/a> <a href=\"https:\/\/agencevu.com\/en\/photographer\/anne-rearick\/\" rel=\"tag\">Anne Rearick<\/a> <a href=\"https:\/\/agencevu.com\/en\/section_taxonomy\/livres\/\" rel=\"tag\">livres<\/a> <\/span><h3 class='slide-entry-title entry-title'  itemprop=\"headline\" ><a href='https:\/\/agencevu.com\/en\/book\/anne-rearicks-eye\/' title='Anne Rearick\u2019s eye'>Anne Rearick\u2019s eye<\/a><\/h3><span class=\"av-vertical-delimiter\"><\/span><\/header><div class='slide-entry-excerpt entry-content'  itemprop=\"text\" >Editions Atlantica - 2003<\/div><\/div><footer class=\"entry-footer\"><div class='slide-meta'><time class='slide-meta-time updated'  itemprop=\"datePublished\" datetime=\"2003-10-08T10:49:22+02:00\" >8 October 2003<\/time><\/div><\/footer><span class='hidden'>\n\t\t\t\t<span class='av-structured-data'  itemprop=\"image\" itemscope=\"itemscope\" itemtype=\"https:\/\/schema.org\/ImageObject\" >\n\t\t\t\t\t\t<span itemprop='url'>https:\/\/agencevu.com\/wp-content\/uploads\/2019\/11\/2003-Anne-Rearicks-eye-REAR-preview.jpg<\/span>\n\t\t\t\t\t\t<span itemprop='height'>185<\/span>\n\t\t\t\t\t\t<span itemprop='width'>150<\/span>\n\t\t\t\t<\/span>\n\t\t\t\t<span class='av-structured-data'  itemprop=\"publisher\" itemtype=\"https:\/\/schema.org\/Organization\" itemscope=\"itemscope\" >\n\t\t\t\t\t\t<span itemprop='name'>Fanny Demichelis<\/span>\n\t\t\t\t\t\t<span itemprop='logo' itemscope itemtype='https:\/\/schema.org\/ImageObject'>\n\t\t\t\t\t\t\t<span itemprop='url'>\/wp-content\/uploads\/2021\/05\/logo-vert-2.svg<\/span>\n\t\t\t\t\t\t <\/span>\n\t\t\t\t<\/span><span class='av-structured-data'  itemprop=\"author\" itemscope=\"itemscope\" itemtype=\"https:\/\/schema.org\/Person\" ><span itemprop='name'>Fanny Demichelis<\/span><\/span><span class='av-structured-data'  itemprop=\"datePublished\" datetime=\"2003-10-08T10:49:22+02:00\" >2003-10-08 10:49:22<\/span><span class='av-structured-data'  itemprop=\"dateModified\" itemtype=\"https:\/\/schema.org\/dateModified\" >2021-04-13 15:37:41<\/span><span class='av-structured-data'  itemprop=\"mainEntityOfPage\" itemtype=\"https:\/\/schema.org\/mainEntityOfPage\" ><span itemprop='name'>Anne Rearick\u2019s eye<\/span><\/span><\/span><\/article><\/div><\/div><\/div>\n\n<div id='awards'  class='avia-section main_color avia-section-small avia-no-border-styling  avia-bg-style-scroll  avia-builder-el-0  el_before_av_section  avia-builder-el-first   container_wrap fullsize' style=' '  ><div class='container' ><main  role=\"main\" itemprop=\"mainContentOfPage\"  class='template-page content  av-content-full alpha units'><div class='post-entry post-entry-type-page post-entry-126929'><div class='entry-content-wrapper clearfix'>\n<section class=\"av_textblock_section \"  itemscope=\"itemscope\" itemtype=\"https:\/\/schema.org\/CreativeWork\" ><div class='avia_textblock  '  style='font-size:20px; '  itemprop=\"text\" ><p id=\"prix\" style=\"color: #707070; letter-spacing: 1.5px; text-transform: uppercase;\">awards<\/p>\n<hr class=\"hr-titre-page\">\n<\/div><\/section>\n<div class=\"flex_column av_one_fourth  flex_column_div av-zero-column-padding first  \" style='border-radius:0px; '><p><div  class='avia-image-container  av-styling-no-styling    avia-align-center '  itemprop=\"image\" itemscope=\"itemscope\" itemtype=\"https:\/\/schema.org\/ImageObject\"  ><div class='avia-image-container-inner'><div class='avia-image-overlay-wrap'><img class='wp-image-135450 avia-img-lazy-loading-not-135450 avia_image' src=\"https:\/\/agencevu.com\/wp-content\/uploads\/2021\/04\/REAR21943-2016NB81_.jpg\" alt='' title='Township' height=\"1080\" width=\"1080\"  itemprop=\"thumbnailUrl\" srcset=\"https:\/\/agencevu.com\/wp-content\/uploads\/2021\/04\/REAR21943-2016NB81_.jpg 1080w, https:\/\/agencevu.com\/wp-content\/uploads\/2021\/04\/REAR21943-2016NB81_-300x300.jpg 300w, https:\/\/agencevu.com\/wp-content\/uploads\/2021\/04\/REAR21943-2016NB81_-1030x1030.jpg 1030w, https:\/\/agencevu.com\/wp-content\/uploads\/2021\/04\/REAR21943-2016NB81_-80x80.jpg 80w, https:\/\/agencevu.com\/wp-content\/uploads\/2021\/04\/REAR21943-2016NB81_-768x768.jpg 768w, https:\/\/agencevu.com\/wp-content\/uploads\/2021\/04\/REAR21943-2016NB81_-36x36.jpg 36w, https:\/\/agencevu.com\/wp-content\/uploads\/2021\/04\/REAR21943-2016NB81_-180x180.jpg 180w, https:\/\/agencevu.com\/wp-content\/uploads\/2021\/04\/REAR21943-2016NB81_-705x705.jpg 705w\" sizes=\"(max-width: 1080px) 100vw, 1080px\" \/><\/div><\/div><\/div><br \/>\n<section class=\"av_textblock_section \"  itemscope=\"itemscope\" itemtype=\"https:\/\/schema.org\/CreativeWork\" ><div class='avia_textblock  '   itemprop=\"text\" ><p><span style=\"font-size: 15px;\"><strong><span style=\"color: #76a38b;\">LensCulture Portrait Awards &#8211; Juror\u2019s Pick (USA)<br \/>\n<\/span><\/strong><\/span><\/p>\n<\/div><\/section><br \/>\n<section class=\"av_textblock_section \"  itemscope=\"itemscope\" itemtype=\"https:\/\/schema.org\/CreativeWork\" ><div class='avia_textblock  av_inherit_color '  style='font-size:15px; color:#76a38b; '  itemprop=\"text\" ><p>For his series &#8220;South Africa &#8211; Chronicles of a Township&#8221;<\/p>\n<\/div><\/section><br \/>\n<section class=\"av_textblock_section \"  itemscope=\"itemscope\" itemtype=\"https:\/\/schema.org\/CreativeWork\" ><div class='avia_textblock  '   itemprop=\"text\" ><p><span style=\"font-size: 12px;\">2015<\/span><\/p>\n<\/div><\/section><\/p><\/div><div class=\"flex_column av_one_fourth  flex_column_div av-zero-column-padding   \" style='border-radius:0px; '><p><div  class='avia-image-container  av-styling-no-styling    avia-align-center '  itemprop=\"image\" itemscope=\"itemscope\" itemtype=\"https:\/\/schema.org\/ImageObject\"  ><div class='avia-image-container-inner'><div class='avia-image-overlay-wrap'><img class='wp-image-135448 avia-img-lazy-loading-not-135448 avia_image' src=\"https:\/\/agencevu.com\/wp-content\/uploads\/2021\/04\/REAR21943-2016NB47_.jpg\" alt='' title='Township' height=\"1080\" width=\"1080\"  itemprop=\"thumbnailUrl\" srcset=\"https:\/\/agencevu.com\/wp-content\/uploads\/2021\/04\/REAR21943-2016NB47_.jpg 1080w, https:\/\/agencevu.com\/wp-content\/uploads\/2021\/04\/REAR21943-2016NB47_-300x300.jpg 300w, https:\/\/agencevu.com\/wp-content\/uploads\/2021\/04\/REAR21943-2016NB47_-1030x1030.jpg 1030w, https:\/\/agencevu.com\/wp-content\/uploads\/2021\/04\/REAR21943-2016NB47_-80x80.jpg 80w, https:\/\/agencevu.com\/wp-content\/uploads\/2021\/04\/REAR21943-2016NB47_-768x768.jpg 768w, https:\/\/agencevu.com\/wp-content\/uploads\/2021\/04\/REAR21943-2016NB47_-36x36.jpg 36w, https:\/\/agencevu.com\/wp-content\/uploads\/2021\/04\/REAR21943-2016NB47_-180x180.jpg 180w, https:\/\/agencevu.com\/wp-content\/uploads\/2021\/04\/REAR21943-2016NB47_-705x705.jpg 705w\" sizes=\"(max-width: 1080px) 100vw, 1080px\" \/><\/div><\/div><\/div><br \/>\n<section class=\"av_textblock_section \"  itemscope=\"itemscope\" itemtype=\"https:\/\/schema.org\/CreativeWork\" ><div class='avia_textblock  '   itemprop=\"text\" ><p><span style=\"font-size: 15px;\"><strong><span style=\"color: #76a38b;\">Roger Pic Award of the SCAM (France)<br \/>\n<\/span><\/strong><\/span><\/p>\n<\/div><\/section><br \/>\n<section class=\"av_textblock_section \"  itemscope=\"itemscope\" itemtype=\"https:\/\/schema.org\/CreativeWork\" ><div class='avia_textblock  av_inherit_color '  style='font-size:15px; color:#76a38b; '  itemprop=\"text\" ><p>For his series &#8220;South Africa &#8211; Chronicles of a Township&#8221;<\/p>\n<\/div><\/section><br \/>\n<section class=\"av_textblock_section \"  itemscope=\"itemscope\" itemtype=\"https:\/\/schema.org\/CreativeWork\" ><div class='avia_textblock  '   itemprop=\"text\" ><p><span style=\"font-size: 12px;\">2014<\/span><\/p>\n<\/div><\/section><\/p><\/div><div class=\"flex_column av_one_fourth  flex_column_div av-zero-column-padding   \" style='border-radius:0px; '><p><div  class='avia-image-container  av-styling-no-styling    avia-align-center '  itemprop=\"image\" itemscope=\"itemscope\" itemtype=\"https:\/\/schema.org\/ImageObject\"  ><div class='avia-image-container-inner'><div class='avia-image-overlay-wrap'><img class='wp-image-135446 avia-img-lazy-loading-not-135446 avia_image' src=\"https:\/\/agencevu.com\/wp-content\/uploads\/2021\/04\/REAR10571-2002NB05_.jpg\" alt='' title='Boxing' height=\"1080\" width=\"1074\"  itemprop=\"thumbnailUrl\" srcset=\"https:\/\/agencevu.com\/wp-content\/uploads\/2021\/04\/REAR10571-2002NB05_.jpg 1074w, https:\/\/agencevu.com\/wp-content\/uploads\/2021\/04\/REAR10571-2002NB05_-298x300.jpg 298w, https:\/\/agencevu.com\/wp-content\/uploads\/2021\/04\/REAR10571-2002NB05_-1024x1030.jpg 1024w, https:\/\/agencevu.com\/wp-content\/uploads\/2021\/04\/REAR10571-2002NB05_-80x80.jpg 80w, https:\/\/agencevu.com\/wp-content\/uploads\/2021\/04\/REAR10571-2002NB05_-768x772.jpg 768w, https:\/\/agencevu.com\/wp-content\/uploads\/2021\/04\/REAR10571-2002NB05_-36x36.jpg 36w, https:\/\/agencevu.com\/wp-content\/uploads\/2021\/04\/REAR10571-2002NB05_-180x180.jpg 180w, https:\/\/agencevu.com\/wp-content\/uploads\/2021\/04\/REAR10571-2002NB05_-701x705.jpg 701w\" sizes=\"(max-width: 1074px) 100vw, 1074px\" \/><\/div><\/div><\/div><br \/>\n<section class=\"av_textblock_section \"  itemscope=\"itemscope\" itemtype=\"https:\/\/schema.org\/CreativeWork\" ><div class='avia_textblock  '   itemprop=\"text\" ><p><span style=\"font-size: 15px;\"><strong><span style=\"color: #76a38b;\">John Simon Guggenheim Fellowship<br \/>\n<\/span><\/strong><\/span><\/p>\n<\/div><\/section><br \/>\n<section class=\"av_textblock_section \"  itemscope=\"itemscope\" itemtype=\"https:\/\/schema.org\/CreativeWork\" ><div class='avia_textblock  av_inherit_color '  style='font-size:15px; color:#76a38b; '  itemprop=\"text\" ><p>To explore the culture of amateur boxing in the United States, Kazakhstan and South Africa<\/p>\n<\/div><\/section><br \/>\n<section class=\"av_textblock_section \"  itemscope=\"itemscope\" itemtype=\"https:\/\/schema.org\/CreativeWork\" ><div class='avia_textblock  '   itemprop=\"text\" ><p><span style=\"font-size: 12px;\">2003<\/span><\/p>\n<\/div><\/section><\/p><\/div><div class=\"flex_column av_one_fourth  flex_column_div av-zero-column-padding   \" style='border-radius:0px; '><p><div  class='avia-image-container  av-styling-no-styling    avia-align-center '  itemprop=\"image\" itemscope=\"itemscope\" itemtype=\"https:\/\/schema.org\/ImageObject\"  ><div class='avia-image-container-inner'><div class='avia-image-overlay-wrap'><img class='wp-image-135444 avia-img-lazy-loading-not-135444 avia_image' src=\"https:\/\/agencevu.com\/wp-content\/uploads\/2021\/04\/00_Preview-1.jpg\" alt='' title='Wayne and Friend' height=\"1000\" width=\"1000\"  itemprop=\"thumbnailUrl\" srcset=\"https:\/\/agencevu.com\/wp-content\/uploads\/2021\/04\/00_Preview-1.jpg 1000w, https:\/\/agencevu.com\/wp-content\/uploads\/2021\/04\/00_Preview-1-300x300.jpg 300w, https:\/\/agencevu.com\/wp-content\/uploads\/2021\/04\/00_Preview-1-80x80.jpg 80w, https:\/\/agencevu.com\/wp-content\/uploads\/2021\/04\/00_Preview-1-768x768.jpg 768w, https:\/\/agencevu.com\/wp-content\/uploads\/2021\/04\/00_Preview-1-36x36.jpg 36w, https:\/\/agencevu.com\/wp-content\/uploads\/2021\/04\/00_Preview-1-180x180.jpg 180w, https:\/\/agencevu.com\/wp-content\/uploads\/2021\/04\/00_Preview-1-705x705.jpg 705w\" sizes=\"(max-width: 1000px) 100vw, 1000px\" \/><\/div><\/div><\/div><br \/>\n<section class=\"av_textblock_section \"  itemscope=\"itemscope\" itemtype=\"https:\/\/schema.org\/CreativeWork\" ><div class='avia_textblock  '   itemprop=\"text\" ><p><span style=\"font-size: 15px;\"><strong><span style=\"color: #76a38b;\">Dorothea Lange \/ Paul Taylor Prize (USA)<\/span><\/strong><\/span><\/p>\n<\/div><\/section><br \/>\n<section class=\"av_textblock_section \"  itemscope=\"itemscope\" itemtype=\"https:\/\/schema.org\/CreativeWork\" ><div class='avia_textblock  av_inherit_color '  style='font-size:15px; color:#76a38b; '  itemprop=\"text\" ><p>Honorable Mention<\/p>\n<\/div><\/section><br \/>\n<section class=\"av_textblock_section \"  itemscope=\"itemscope\" itemtype=\"https:\/\/schema.org\/CreativeWork\" ><div class='avia_textblock  '   itemprop=\"text\" ><p><span style=\"font-size: 12px;\">2002<\/span><\/p>\n<\/div><\/section><\/p><\/div><div class=\"flex_column av_one_fourth  flex_column_div av-zero-column-padding first  \" style='border-radius:0px; '><p><div  class='avia-image-container  av-styling-no-styling    avia-align-center '  itemprop=\"image\" itemscope=\"itemscope\" itemtype=\"https:\/\/schema.org\/ImageObject\"  ><div class='avia-image-container-inner'><div class='avia-image-overlay-wrap'><img class='wp-image-135452 avia-img-lazy-loading-not-135452 avia_image' src=\"https:\/\/agencevu.com\/wp-content\/uploads\/2021\/04\/00_Preview-1-1.jpg\" alt='' title='00_Preview (1)' height=\"1000\" width=\"1000\"  itemprop=\"thumbnailUrl\" srcset=\"https:\/\/agencevu.com\/wp-content\/uploads\/2021\/04\/00_Preview-1-1.jpg 1000w, https:\/\/agencevu.com\/wp-content\/uploads\/2021\/04\/00_Preview-1-1-300x300.jpg 300w, https:\/\/agencevu.com\/wp-content\/uploads\/2021\/04\/00_Preview-1-1-80x80.jpg 80w, https:\/\/agencevu.com\/wp-content\/uploads\/2021\/04\/00_Preview-1-1-768x768.jpg 768w, https:\/\/agencevu.com\/wp-content\/uploads\/2021\/04\/00_Preview-1-1-36x36.jpg 36w, https:\/\/agencevu.com\/wp-content\/uploads\/2021\/04\/00_Preview-1-1-180x180.jpg 180w, https:\/\/agencevu.com\/wp-content\/uploads\/2021\/04\/00_Preview-1-1-705x705.jpg 705w\" sizes=\"(max-width: 1000px) 100vw, 1000px\" \/><\/div><\/div><\/div><br \/>\n<section class=\"av_textblock_section \"  itemscope=\"itemscope\" itemtype=\"https:\/\/schema.org\/CreativeWork\" ><div class='avia_textblock  '   itemprop=\"text\" ><p><span style=\"font-size: 15px;\"><strong><span style=\"color: #76a38b;\">Mosaique Programme, Centre National de L&#8217;Audiovisuel, Luxembourg.<br \/>\n<\/span><\/strong><\/span><\/p>\n<\/div><\/section><br \/>\n<section class=\"av_textblock_section \"  itemscope=\"itemscope\" itemtype=\"https:\/\/schema.org\/CreativeWork\" ><div class='avia_textblock  av_inherit_color '  style='font-size:15px; color:#76a38b; '  itemprop=\"text\" ><p>For his series &#8220;Rural Communities: Scotland, Italy and Spain&#8221;<\/p>\n<\/div><\/section><br \/>\n<section class=\"av_textblock_section \"  itemscope=\"itemscope\" itemtype=\"https:\/\/schema.org\/CreativeWork\" ><div class='avia_textblock  '   itemprop=\"text\" ><p><span style=\"font-size: 12px;\">1998<\/span><\/p>\n<\/div><\/section><\/p><\/div><div  style='height:50px' class='hr hr-invisible  '><span class='hr-inner ' ><span class='hr-inner-style'><\/span><\/span><\/div>\n\n","protected":false},"featured_media":0,"parent":0,"menu_order":0,"template":"","categories":[],"tags":[],"yoast_head":"<!-- This site is optimized with the Yoast SEO plugin v16.3 - https:\/\/yoast.com\/wordpress\/plugins\/seo\/ -->\n<title>Agence VU&#039;<\/title>\n<meta name=\"robots\" content=\"index, follow, max-snippet:-1, max-image-preview:large, max-video-preview:-1\" \/>\n<link rel=\"canonical\" href=\"\/\" \/>\n<meta property=\"og:locale\" content=\"en_US\" \/>\n<meta property=\"og:type\" content=\"article\" \/>\n<meta property=\"og:site_name\" content=\"Agence VU&#039;\" \/>\n<meta name=\"twitter:card\" content=\"summary_large_image\" \/>\n<meta name=\"twitter:site\" content=\"@agence_vu\" \/>\n<script type=\"application\/ld+json\" class=\"yoast-schema-graph\">{\"@context\":\"https:\/\/schema.org\",\"@graph\":[{\"@type\":\"WebSite\",\"@id\":\"https:\/\/agencevu.com\/en\/#website\",\"url\":\"https:\/\/agencevu.com\/en\/\",\"name\":\"Agence VU&#039;\",\"description\":\"Agency of photographers founded in 1986\",\"potentialAction\":[{\"@type\":\"SearchAction\",\"target\":\"https:\/\/agencevu.com\/en\/?s={search_term_string}\",\"query-input\":\"required name=search_term_string\"}],\"inLanguage\":\"en-US\"},{\"@type\":\"CollectionPage\",\"@id\":\"#webpage\",\"url\":\"\",\"name\":\"\",\"isPartOf\":{\"@id\":\"https:\/\/agencevu.com\/en\/#website\"},\"breadcrumb\":{\"@id\":\"#breadcrumb\"},\"inLanguage\":\"en-US\",\"potentialAction\":[{\"@type\":\"ReadAction\",\"target\":[\"\"]}]},{\"@type\":\"BreadcrumbList\",\"@id\":\"#breadcrumb\",\"itemListElement\":[{\"@type\":\"ListItem\",\"position\":1,\"item\":{\"@type\":\"WebPage\",\"@id\":\"https:\/\/agencevu.com\/en\/home\/\",\"url\":\"https:\/\/agencevu.com\/en\/home\/\",\"name\":\"Home\"}},{\"@type\":\"ListItem\",\"position\":2,\"item\":{\"@id\":\"#webpage\"}}]}]}<\/script>\n<!-- \/ Yoast SEO plugin. -->","_links":{"self":[{"href":"https:\/\/agencevu.com\/en\/wp-json\/wp\/v2\/photographe\/126929"}],"collection":[{"href":"https:\/\/agencevu.com\/en\/wp-json\/wp\/v2\/photographe"}],"about":[{"href":"https:\/\/agencevu.com\/en\/wp-json\/wp\/v2\/types\/photographe"}],"version-history":[{"count":3,"href":"https:\/\/agencevu.com\/en\/wp-json\/wp\/v2\/photographe\/126929\/revisions"}],"predecessor-version":[{"id":182050,"href":"https:\/\/agencevu.com\/en\/wp-json\/wp\/v2\/photographe\/126929\/revisions\/182050"}],"wp:attachment":[{"href":"https:\/\/agencevu.com\/en\/wp-json\/wp\/v2\/media?parent=126929"}],"wp:term":[{"taxonomy":"category","embeddable":true,"href":"https:\/\/agencevu.com\/en\/wp-json\/wp\/v2\/categories?post=126929"},{"taxonomy":"post_tag","embeddable":true,"href":"https:\/\/agencevu.com\/en\/wp-json\/wp\/v2\/tags?post=126929"}],"curies":[{"name":"wp","href":"https:\/\/api.w.org\/{rel}","templated":true}]}}