{"id":126146,"date":"2021-04-07T10:30:54","date_gmt":"2021-04-07T08:30:54","guid":{"rendered":"https:\/\/agencevu-dev.abvent.com\/?post_type=photographe&#038;p=126146"},"modified":"2024-10-15T17:35:58","modified_gmt":"2024-10-15T15:35:58","slug":"franck-ferville","status":"publish","type":"photographe","link":"https:\/\/agencevu.com\/en\/photographer\/franck-ferville\/","title":{"rendered":"Franck Ferville"},"content":{"rendered":"<div id='av-layout-grid-1'  class='av-layout-grid-container entry-content-wrapper main_color av-flex-cells   av-medium-hide av-small-hide av-mini-hide   avia-builder-el-0  el_before_av_section  avia-builder-el-first  av-cell-min-height av-cell-min-height-75 container_wrap fullsize' style=' '   data-av_minimum_height_pc='75'>\n<div class=\"flex_cell no_margin av_one_half  avia-builder-el-1  el_before_av_cell_one_half  avia-builder-el-first   avia-full-contain \"  style='background:url(https:\/\/agencevu.com\/wp-content\/uploads\/2019\/12\/IMG1718.jpg) center center no-repeat scroll; vertical-align:top; padding:30px; ' ><div class='flex_cell_inner' ><\/div><\/div><div class=\"flex_cell no_margin av_one_half  avia-builder-el-2  el_after_av_cell_one_half  avia-builder-el-last   \"  style='vertical-align:bottom; padding:30px 30px 90px 30px ; ' ><div class='flex_cell_inner' ><section class=\"av_textblock_section \"  itemscope=\"itemscope\" itemtype=\"https:\/\/schema.org\/CreativeWork\" ><div class='avia_textblock  '   itemprop=\"text\" ><h4 style=\"font-weight: 100; font-size: 45px;\">Franck<br \/>\n<span style=\"font-size: 45px;\"><strong><span style=\"line-height: 50px;\"> Ferville <\/span><\/strong><\/span><\/h4>\n<\/div><\/section>\n<\/div><\/div>\n<\/div>\n<div id='av_section_1'  class='avia-section main_color avia-section-default avia-no-border-styling  avia-bg-style-scroll  avia-builder-el-4  el_after_av_layout_row  el_before_av_submenu   av-desktop-hide container_wrap fullsize' style=' '  ><div class='container' ><div class='template-page content  av-content-full alpha units'><div class='post-entry post-entry-type-page post-entry-126146'><div class='entry-content-wrapper clearfix'>\n<section class=\"av_textblock_section \"  itemscope=\"itemscope\" itemtype=\"https:\/\/schema.org\/CreativeWork\" ><div class='avia_textblock  '   itemprop=\"text\" ><h4 style=\"font-size: 35px; line-height: 40px; text-align: center;\"><span style=\"font-weight: 100;\">Franck <\/span>Ferville<\/h4>\n<\/div><\/section>\n<div  style='height:50px' class='hr hr-invisible   avia-builder-el-6  el_after_av_textblock  el_before_av_image '><span class='hr-inner ' ><span class='hr-inner-style'><\/span><\/span><\/div>\n<div  class='avia-image-container  av-styling-no-styling    avia-builder-el-7  el_after_av_hr  avia-builder-el-last  avia-align-center '  itemprop=\"image\" itemscope=\"itemscope\" itemtype=\"https:\/\/schema.org\/ImageObject\"  ><div class='avia-image-container-inner'><div class='avia-image-overlay-wrap'><img class='wp-image-44881 avia-img-lazy-loading-not-44881 avia_image' src=\"https:\/\/agencevu.com\/wp-content\/uploads\/2019\/12\/IMG1718.jpg\" alt='' title='Salman Rushdie, \u00e9crivain anglais d\u2019originne indienne' height=\"750\" width=\"564\"  itemprop=\"thumbnailUrl\" srcset=\"https:\/\/agencevu.com\/wp-content\/uploads\/2019\/12\/IMG1718.jpg 564w, https:\/\/agencevu.com\/wp-content\/uploads\/2019\/12\/IMG1718-60x80.jpg 60w, https:\/\/agencevu.com\/wp-content\/uploads\/2019\/12\/IMG1718-226x300.jpg 226w, https:\/\/agencevu.com\/wp-content\/uploads\/2019\/12\/IMG1718-530x705.jpg 530w, https:\/\/agencevu.com\/wp-content\/uploads\/2019\/12\/IMG1718-450x598.jpg 450w\" sizes=\"(max-width: 564px) 100vw, 564px\" \/><\/div><\/div><\/div>\n\n<\/div><\/div><\/div><!-- close content main div --><\/div><\/div><div class='clear'><\/div><div id='sub_menu1'  class='av-submenu-container alternate_color  avia-builder-el-8  el_after_av_section  el_before_av_section  av-sticky-submenu av-switch-768 submenu-not-first container_wrap fullsize' style='  z-index:301' ><div class='container av-menu-mobile-active av-submenu-hidden'><a href='#' class='mobile_menu_toggle' aria-hidden='true' data-av_icon='\ue8a5' data-av_iconfont='entypo-fontello'><span class='av-current-placeholder'>Menu<\/span><\/a><ul id='av-custom-submenu-1' class='av-subnav-menu av-submenu-pos-center'>\n<li class='menu-item menu-item-top-level  menu-item-top-level-1'><a href='\/en\/photographer\/franck-ferville\/#biographie' ><span class='avia-bullet'><\/span><span class='avia-menu-text'>Biography<\/span><\/a><\/li>\n<li class='menu-item menu-item-top-level  menu-item-top-level-2'><a href='\/en\/photographer\/franck-ferville\/#series' ><span class='avia-bullet'><\/span><span class='avia-menu-text'>Series<\/span><\/a><\/li>\n<li class='menu-item menu-item-top-level  menu-item-top-level-3'><a href='https:\/\/agencevu.com\/en\/portraitist\/franck-ferville\/'  target=\"_blank\"  rel=\"noopener noreferrer\"><span class='avia-bullet'><\/span><span class='avia-menu-text'>Portraits<\/span><\/a><\/li>\n<li class='menu-item menu-item-top-level  menu-item-top-level-4'><a href='https:\/\/agencevu.com\/en\/corporate\/photographer-franck-ferville\/'  target=\"_blank\"  rel=\"noopener noreferrer\"><span class='avia-bullet'><\/span><span class='avia-menu-text'>Corporate &amp; Ads<\/span><\/a><\/li>\n<li class='menu-item menu-item-top-level  menu-item-top-level-5'><a href='\/en\/photographer\/franck-ferville\/#interview' ><span class='avia-bullet'><\/span><span class='avia-menu-text'>Interviews<\/span><\/a><\/li>\n<li class='menu-item menu-item-top-level  menu-item-top-level-6'><a href='\/en\/photographer\/franck-ferville\/#prix' ><span class='avia-bullet'><\/span><span class='avia-menu-text'>Awards<\/span><\/a><\/li>\n<\/ul><\/div><\/div><div class='sticky_placeholder'><\/div>\n<div id='biographie'  class='avia-section main_color avia-section-large avia-no-border-styling  avia-bg-style-scroll  avia-builder-el-9  el_after_av_submenu  el_before_av_section   container_wrap fullsize' style=' '  ><div class='container' ><div class='template-page content  av-content-full alpha units'><div class='post-entry post-entry-type-page post-entry-126146'><div class='entry-content-wrapper clearfix'>\n<div class=\"flex_column av_one_fifth  av-break-at-tablet flex_column_div av-zero-column-padding first  avia-builder-el-10  el_before_av_two_fifth  avia-builder-el-first  \" style='border-radius:0px; '><section class=\"av_textblock_section \"  itemscope=\"itemscope\" itemtype=\"https:\/\/schema.org\/CreativeWork\" ><div class='avia_textblock  '  style='font-size:20px; '  itemprop=\"text\" ><p id=\"bio\" style=\"color: #707070; letter-spacing: 1.5px; text-transform: uppercase;\">biography<\/p>\n<hr class=\"hr-titre-page\">\n<\/div><\/section><br \/>\n<div  style='height:50px' class='hr hr-invisible   avia-builder-el-12  el_after_av_textblock  el_before_av_image '><span class='hr-inner ' ><span class='hr-inner-style'><\/span><\/span><\/div><br \/>\n<div  class='avia-image-container  av-styling-no-styling    avia-builder-el-13  el_after_av_hr  avia-builder-el-last  imgBio avia-align-center '  itemprop=\"image\" itemscope=\"itemscope\" itemtype=\"https:\/\/schema.org\/ImageObject\"  ><div class='avia-image-container-inner'><div class='avia-image-overlay-wrap'><img class='wp-image-44883 avia-img-lazy-loading-not-44883 avia_image' src=\"https:\/\/agencevu.com\/wp-content\/uploads\/2019\/12\/FERVILLE.jpg\" alt='' title='FERVILLE' height=\"936\" width=\"936\"  itemprop=\"thumbnailUrl\" srcset=\"https:\/\/agencevu.com\/wp-content\/uploads\/2019\/12\/FERVILLE.jpg 936w, https:\/\/agencevu.com\/wp-content\/uploads\/2019\/12\/FERVILLE-80x80.jpg 80w, https:\/\/agencevu.com\/wp-content\/uploads\/2019\/12\/FERVILLE-300x300.jpg 300w, https:\/\/agencevu.com\/wp-content\/uploads\/2019\/12\/FERVILLE-768x768.jpg 768w, https:\/\/agencevu.com\/wp-content\/uploads\/2019\/12\/FERVILLE-36x36.jpg 36w, https:\/\/agencevu.com\/wp-content\/uploads\/2019\/12\/FERVILLE-180x180.jpg 180w, https:\/\/agencevu.com\/wp-content\/uploads\/2019\/12\/FERVILLE-705x705.jpg 705w, https:\/\/agencevu.com\/wp-content\/uploads\/2019\/12\/FERVILLE-120x120.jpg 120w, https:\/\/agencevu.com\/wp-content\/uploads\/2019\/12\/FERVILLE-450x450.jpg 450w\" sizes=\"(max-width: 936px) 100vw, 936px\" \/><\/div><\/div><\/div><\/p><\/div><div class=\"flex_column av_two_fifth  av-break-at-tablet flex_column_div av-zero-column-padding   avia-builder-el-14  el_after_av_one_fifth  el_before_av_two_fifth  \" style='border-radius:0px; '><section class=\"av_textblock_section \"  itemscope=\"itemscope\" itemtype=\"https:\/\/schema.org\/CreativeWork\" ><div class='avia_textblock  '   itemprop=\"text\" ><p>French photographer and portraitist, born in 1965, based in Paris (France)Trained as a musician, Franck Ferville quickly turned to photography, shooting portraits of pianists, then going beyond the world of music to photograph personalities from other fields. Represented by Agence VU&#8217; since 1992, he has developed an intense activity as a portrait photographer, commissioned by the press &#8211; wether generalist or specialized, daily or monthly &#8211; publishers, and companies, for which he puts his technical efficiency and the sensitivity of his gaze at the service.<\/p>\n<p>Realized in a constrained space-time &#8211; in imposed, often public, and generally impersonal, places and in a reduced time, depending on the model&#8217;s busy agenda &#8211; his portraits do not try to reveal the deep personality of the model &#8211; an utopia &#8211; nor to signify a plastic intention which would have been staged before the shooting. As in music, the improvisation takes place without a score and is built in situ thanks to a great mastery of techniques that has become a reflex, and above all thanks to an attentive availability to the interactions that bind the different elements of the scene: the model, the environment, the light.<\/p>\n<\/div><\/section><\/div><div class=\"flex_column av_two_fifth  av-break-at-tablet flex_column_div av-zero-column-padding   avia-builder-el-16  el_after_av_two_fifth  avia-builder-el-last  \" style='border-radius:0px; '><section class=\"av_textblock_section \"  itemscope=\"itemscope\" itemtype=\"https:\/\/schema.org\/CreativeWork\" ><div class='avia_textblock  '   itemprop=\"text\" ><p>In parallel to this activity of portraitist, Franck Ferville also develops, on a personal basis or for the specialized press, series related to travel. Whether they are made in the literal sense on distant territories (India, 1989-2003, Vietnam, 2015, Iceland, 2018) or in the figurative sense within human groups (Gypsies 2002, Pamela&#8217;s evenings, 2012, People of my village, 2019), these journeys are not a pretext to draw a portrait of a country or a community: they are above all an opportunity to capture a vital energy, that of the encounting.<\/p>\n<p>Awarded the Ilford Prize in 2000, Franck Ferville&#8217;s work is regularly published in the French and international press.<\/p>\n<\/div><\/section><\/div>\n\n<\/div><\/div><\/div><!-- close content main div --><\/div><\/div><div id='series'  class='avia-section main_color avia-section-small avia-no-border-styling  avia-bg-style-scroll  avia-builder-el-18  el_after_av_section  el_before_av_section   container_wrap fullsize' style=' '  ><div class='container' ><div class='template-page content  av-content-full alpha units'><div class='post-entry post-entry-type-page post-entry-126146'><div class='entry-content-wrapper clearfix'>\n<section class=\"av_textblock_section \"  itemscope=\"itemscope\" itemtype=\"https:\/\/schema.org\/CreativeWork\" ><div class='avia_textblock  '  style='font-size:20px; '  itemprop=\"text\" ><p id=\"series\" style=\"color: #707070; letter-spacing: 1.5px; text-transform: uppercase;\">series<\/p>\n<hr class=\"hr-titre-page\">\n<\/div><\/section>\n<div  data-autoplay=''  data-interval='5'  data-animation='fade'  data-show_slide_delay='90'  class='avia-content-slider avia-content-grid-active avia-content-slider1 avia-content-slider-odd  avia-builder-el-20  el_after_av_textblock  el_before_av_blog   av-medium-hide av-small-hide av-mini-hide'  itemscope=\"itemscope\" itemtype=\"https:\/\/schema.org\/Blog\" ><div class='avia-content-slider-inner'><div class='slide-entry-wrap'><article class='slide-entry flex_column  post-entry post-entry-130588 slide-entry-overview slide-loop-1 slide-parity-odd  av_one_third first real-thumbnail'  itemscope=\"itemscope\" itemtype=\"https:\/\/schema.org\/CreativeWork\" ><a href='https:\/\/agencevu.com\/en\/serie\/portraits-de-personnalites-2019-2021\/' data-rel='slide-1' class='slide-image' title=''><img width=\"215\" height=\"290\" src=\"https:\/\/agencevu.com\/wp-content\/uploads\/2021\/04\/00_FERV24435-2021CL03.jpg\" class=\"wp-image-130541 avia-img-lazy-loading-130541 attachment-portfolio size-portfolio wp-post-image\" alt=\"\" loading=\"lazy\" srcset=\"https:\/\/agencevu.com\/wp-content\/uploads\/2021\/04\/00_FERV24435-2021CL03.jpg 215w, https:\/\/agencevu.com\/wp-content\/uploads\/2021\/04\/00_FERV24435-2021CL03-59x80.jpg 59w\" sizes=\"(max-width: 215px) 100vw, 215px\" \/><\/a><div class='slide-content'><header class=\"entry-content-header\"><span class=\"blog-categories minor-meta\"> <a href=\"https:\/\/agencevu.com\/en\/photographer\/franck-ferville\/\" rel=\"tag\">Franck Ferville<\/a> <a href=\"https:\/\/agencevu.com\/en\/section_taxonomy\/series\/\" rel=\"tag\">s\u00e9ries<\/a> <\/span><h3 class='slide-entry-title entry-title'  itemprop=\"headline\" ><a href='https:\/\/agencevu.com\/en\/serie\/portraits-de-personnalites-2019-2021\/' title='Portraits of Personalities, 2019-2021'>Portraits of Personalities, 2019-2021<\/a><\/h3><span class=\"av-vertical-delimiter\"><\/span><\/header><div class='slide-entry-excerpt entry-content'  itemprop=\"text\" >Selection of French and international personalities\u2019 portraits shot between 2019 and 2021 by Franck Ferville. <\/div><\/div><footer class=\"entry-footer\"><div class='slide-meta'><time class='slide-meta-time updated'  itemprop=\"datePublished\" datetime=\"2021-04-01T15:09:03+02:00\" >1 April 2021<\/time><\/div><\/footer><span class='hidden'>\n\t\t\t\t<span class='av-structured-data'  itemprop=\"image\" itemscope=\"itemscope\" itemtype=\"https:\/\/schema.org\/ImageObject\" >\n\t\t\t\t\t\t<span itemprop='url'>https:\/\/agencevu.com\/wp-content\/uploads\/2021\/04\/00_FERV24435-2021CL03.jpg<\/span>\n\t\t\t\t\t\t<span itemprop='height'>290<\/span>\n\t\t\t\t\t\t<span itemprop='width'>215<\/span>\n\t\t\t\t<\/span>\n\t\t\t\t<span class='av-structured-data'  itemprop=\"publisher\" itemtype=\"https:\/\/schema.org\/Organization\" itemscope=\"itemscope\" >\n\t\t\t\t\t\t<span itemprop='name'>Fanny Demichelis<\/span>\n\t\t\t\t\t\t<span itemprop='logo' itemscope itemtype='https:\/\/schema.org\/ImageObject'>\n\t\t\t\t\t\t\t<span itemprop='url'>\/wp-content\/uploads\/2021\/05\/logo-vert-2.svg<\/span>\n\t\t\t\t\t\t <\/span>\n\t\t\t\t<\/span><span class='av-structured-data'  itemprop=\"author\" itemscope=\"itemscope\" itemtype=\"https:\/\/schema.org\/Person\" ><span itemprop='name'>Fanny Demichelis<\/span><\/span><span class='av-structured-data'  itemprop=\"datePublished\" datetime=\"1997-02-11T16:28:46+01:00\" >2021-04-01 15:09:03<\/span><span class='av-structured-data'  itemprop=\"dateModified\" itemtype=\"https:\/\/schema.org\/dateModified\" >2021-04-07 15:13:45<\/span><span class='av-structured-data'  itemprop=\"mainEntityOfPage\" itemtype=\"https:\/\/schema.org\/mainEntityOfPage\" ><span itemprop='name'>Portraits of Personalities, 2019-2021<\/span><\/span><\/span><\/article><article class='slide-entry flex_column  post-entry post-entry-45931 slide-entry-overview slide-loop-2 slide-parity-even  av_one_third  real-thumbnail'  itemscope=\"itemscope\" itemtype=\"https:\/\/schema.org\/CreativeWork\" ><a href='https:\/\/agencevu.com\/en\/serie\/les-gens-de-mon-village-portraits-des-nouveaux-ruraux-2019\/' data-rel='slide-1' class='slide-image' title=''><img width=\"215\" height=\"290\" src=\"https:\/\/agencevu.com\/wp-content\/uploads\/2019\/12\/00_IMG8654.jpg\" class=\"wp-image-45726 avia-img-lazy-loading-45726 attachment-portfolio size-portfolio wp-post-image\" alt=\"\" loading=\"lazy\" srcset=\"https:\/\/agencevu.com\/wp-content\/uploads\/2019\/12\/00_IMG8654.jpg 215w, https:\/\/agencevu.com\/wp-content\/uploads\/2019\/12\/00_IMG8654-59x80.jpg 59w\" sizes=\"(max-width: 215px) 100vw, 215px\" \/><\/a><div class='slide-content'><header class=\"entry-content-header\"><span class=\"blog-categories minor-meta\"> <a href=\"https:\/\/agencevu.com\/en\/photographer\/franck-ferville\/\" rel=\"tag\">Franck Ferville<\/a> <a href=\"https:\/\/agencevu.com\/en\/section_taxonomy\/series\/\" rel=\"tag\">s\u00e9ries<\/a> <\/span><h3 class='slide-entry-title entry-title'  itemprop=\"headline\" ><a href='https:\/\/agencevu.com\/en\/serie\/les-gens-de-mon-village-portraits-des-nouveaux-ruraux-2019\/' title='The People of my Village \/ Portraits of New Rural Residents, 2019'>The People of my Village \/ Portraits of New Rural Residents, 2019<\/a><\/h3><span class=\"av-vertical-delimiter\"><\/span><\/header><div class='slide-entry-excerpt entry-content'  itemprop=\"text\" >Franck Ferville went to meet the inhabitants of his village, to paint a portrait of this new generation increasingly attracted by rural life. <\/div><\/div><footer class=\"entry-footer\"><div class='slide-meta'><time class='slide-meta-time updated'  itemprop=\"datePublished\" datetime=\"2019-09-17T18:28:36+02:00\" >17 September 2019<\/time><\/div><\/footer><span class='hidden'>\n\t\t\t\t<span class='av-structured-data'  itemprop=\"image\" itemscope=\"itemscope\" itemtype=\"https:\/\/schema.org\/ImageObject\" >\n\t\t\t\t\t\t<span itemprop='url'>https:\/\/agencevu.com\/wp-content\/uploads\/2019\/12\/00_IMG8654.jpg<\/span>\n\t\t\t\t\t\t<span itemprop='height'>290<\/span>\n\t\t\t\t\t\t<span itemprop='width'>215<\/span>\n\t\t\t\t<\/span>\n\t\t\t\t<span class='av-structured-data'  itemprop=\"publisher\" itemtype=\"https:\/\/schema.org\/Organization\" itemscope=\"itemscope\" >\n\t\t\t\t\t\t<span itemprop='name'>Fanny Demichelis<\/span>\n\t\t\t\t\t\t<span itemprop='logo' itemscope itemtype='https:\/\/schema.org\/ImageObject'>\n\t\t\t\t\t\t\t<span itemprop='url'>\/wp-content\/uploads\/2021\/05\/logo-vert-2.svg<\/span>\n\t\t\t\t\t\t <\/span>\n\t\t\t\t<\/span><span class='av-structured-data'  itemprop=\"author\" itemscope=\"itemscope\" itemtype=\"https:\/\/schema.org\/Person\" ><span itemprop='name'>Fanny Demichelis<\/span><\/span><span class='av-structured-data'  itemprop=\"datePublished\" datetime=\"1997-02-11T16:28:46+01:00\" >2019-09-17 18:28:36<\/span><span class='av-structured-data'  itemprop=\"dateModified\" itemtype=\"https:\/\/schema.org\/dateModified\" >2021-04-07 16:46:02<\/span><span class='av-structured-data'  itemprop=\"mainEntityOfPage\" itemtype=\"https:\/\/schema.org\/mainEntityOfPage\" ><span itemprop='name'>The People of my Village \/ Portraits of New Rural Residents, 2019<\/span><\/span><\/span><\/article><article class='slide-entry flex_column  post-entry post-entry-130581 slide-entry-overview slide-loop-3 slide-parity-odd  av_one_third  real-thumbnail'  itemscope=\"itemscope\" itemtype=\"https:\/\/schema.org\/CreativeWork\" ><a href='https:\/\/agencevu.com\/en\/serie\/portraits-de-personnalites-2016-2018\/' data-rel='slide-1' class='slide-image' title=''><img width=\"215\" height=\"290\" src=\"https:\/\/agencevu.com\/wp-content\/uploads\/2021\/04\/00_FERV23086-2018CL01.jpg\" class=\"wp-image-130573 avia-img-lazy-loading-130573 attachment-portfolio size-portfolio wp-post-image\" alt=\"\" loading=\"lazy\" srcset=\"https:\/\/agencevu.com\/wp-content\/uploads\/2021\/04\/00_FERV23086-2018CL01.jpg 215w, https:\/\/agencevu.com\/wp-content\/uploads\/2021\/04\/00_FERV23086-2018CL01-59x80.jpg 59w\" sizes=\"(max-width: 215px) 100vw, 215px\" \/><\/a><div class='slide-content'><header class=\"entry-content-header\"><span class=\"blog-categories minor-meta\"> <a href=\"https:\/\/agencevu.com\/en\/photographer\/franck-ferville\/\" rel=\"tag\">Franck Ferville<\/a> <a href=\"https:\/\/agencevu.com\/en\/section_taxonomy\/series\/\" rel=\"tag\">s\u00e9ries<\/a> <\/span><h3 class='slide-entry-title entry-title'  itemprop=\"headline\" ><a href='https:\/\/agencevu.com\/en\/serie\/portraits-de-personnalites-2016-2018\/' title='Portraits of Personalities, 2016-2018'>Portraits of Personalities, 2016-2018<\/a><\/h3><span class=\"av-vertical-delimiter\"><\/span><\/header><div class='slide-entry-excerpt entry-content'  itemprop=\"text\" >Selection of French and international personalities\u2019 portraits shot between 2016 and 2018 by Franck Ferville. <\/div><\/div><footer class=\"entry-footer\"><div class='slide-meta'><time class='slide-meta-time updated'  itemprop=\"datePublished\" datetime=\"2018-12-31T15:15:32+01:00\" >31 December 2018<\/time><\/div><\/footer><span class='hidden'>\n\t\t\t\t<span class='av-structured-data'  itemprop=\"image\" itemscope=\"itemscope\" itemtype=\"https:\/\/schema.org\/ImageObject\" >\n\t\t\t\t\t\t<span itemprop='url'>https:\/\/agencevu.com\/wp-content\/uploads\/2021\/04\/00_FERV23086-2018CL01.jpg<\/span>\n\t\t\t\t\t\t<span itemprop='height'>290<\/span>\n\t\t\t\t\t\t<span itemprop='width'>215<\/span>\n\t\t\t\t<\/span>\n\t\t\t\t<span class='av-structured-data'  itemprop=\"publisher\" itemtype=\"https:\/\/schema.org\/Organization\" itemscope=\"itemscope\" >\n\t\t\t\t\t\t<span itemprop='name'>Fanny Demichelis<\/span>\n\t\t\t\t\t\t<span itemprop='logo' itemscope itemtype='https:\/\/schema.org\/ImageObject'>\n\t\t\t\t\t\t\t<span itemprop='url'>\/wp-content\/uploads\/2021\/05\/logo-vert-2.svg<\/span>\n\t\t\t\t\t\t <\/span>\n\t\t\t\t<\/span><span class='av-structured-data'  itemprop=\"author\" itemscope=\"itemscope\" itemtype=\"https:\/\/schema.org\/Person\" ><span itemprop='name'>Fanny Demichelis<\/span><\/span><span class='av-structured-data'  itemprop=\"datePublished\" datetime=\"1997-02-11T16:28:46+01:00\" >2018-12-31 15:15:32<\/span><span class='av-structured-data'  itemprop=\"dateModified\" itemtype=\"https:\/\/schema.org\/dateModified\" >2021-04-07 15:16:59<\/span><span class='av-structured-data'  itemprop=\"mainEntityOfPage\" itemtype=\"https:\/\/schema.org\/mainEntityOfPage\" ><span itemprop='name'>Portraits of Personalities, 2016-2018<\/span><\/span><\/span><\/article><\/div><div class='slide-entry-wrap'><article class='slide-entry flex_column  post-entry post-entry-45923 slide-entry-overview slide-loop-4 slide-parity-odd  av_one_third first real-thumbnail'  itemscope=\"itemscope\" itemtype=\"https:\/\/schema.org\/CreativeWork\" ><a href='https:\/\/agencevu.com\/en\/serie\/iceland-2018\/' data-rel='slide-1' class='slide-image' title=''><img width=\"387\" height=\"290\" src=\"https:\/\/agencevu.com\/wp-content\/uploads\/2019\/12\/00_FERV23593-2018CL25.jpg\" class=\"wp-image-45668 avia-img-lazy-loading-45668 attachment-portfolio size-portfolio wp-post-image\" alt=\"\" loading=\"lazy\" srcset=\"https:\/\/agencevu.com\/wp-content\/uploads\/2019\/12\/00_FERV23593-2018CL25.jpg 387w, https:\/\/agencevu.com\/wp-content\/uploads\/2019\/12\/00_FERV23593-2018CL25-80x60.jpg 80w, https:\/\/agencevu.com\/wp-content\/uploads\/2019\/12\/00_FERV23593-2018CL25-300x225.jpg 300w\" sizes=\"(max-width: 387px) 100vw, 387px\" \/><\/a><div class='slide-content'><header class=\"entry-content-header\"><span class=\"blog-categories minor-meta\"> <a href=\"https:\/\/agencevu.com\/en\/photographer\/franck-ferville\/\" rel=\"tag\">Franck Ferville<\/a> <a href=\"https:\/\/agencevu.com\/en\/section_taxonomy\/series\/\" rel=\"tag\">s\u00e9ries<\/a> <\/span><h3 class='slide-entry-title entry-title'  itemprop=\"headline\" ><a href='https:\/\/agencevu.com\/en\/serie\/iceland-2018\/' title='Iceland, 2018'>Iceland, 2018<\/a><\/h3><span class=\"av-vertical-delimiter\"><\/span><\/header><div class='slide-entry-excerpt entry-content'  itemprop=\"text\" ><span class=\"tag-extrait\">S\u00e9rie | <\/span> Franck Ferville travelled the roads of southeastern Island to discover a territory with unique landscapes. \r\n<\/div><\/div><footer class=\"entry-footer\"><div class='slide-meta'><time class='slide-meta-time updated'  itemprop=\"datePublished\" datetime=\"2018-12-17T18:16:17+01:00\" >17 December 2018<\/time><\/div><\/footer><span class='hidden'>\n\t\t\t\t<span class='av-structured-data'  itemprop=\"image\" itemscope=\"itemscope\" itemtype=\"https:\/\/schema.org\/ImageObject\" >\n\t\t\t\t\t\t<span itemprop='url'>https:\/\/agencevu.com\/wp-content\/uploads\/2019\/12\/00_FERV23593-2018CL25.jpg<\/span>\n\t\t\t\t\t\t<span itemprop='height'>290<\/span>\n\t\t\t\t\t\t<span itemprop='width'>387<\/span>\n\t\t\t\t<\/span>\n\t\t\t\t<span class='av-structured-data'  itemprop=\"publisher\" itemtype=\"https:\/\/schema.org\/Organization\" itemscope=\"itemscope\" >\n\t\t\t\t\t\t<span itemprop='name'>Fanny Demichelis<\/span>\n\t\t\t\t\t\t<span itemprop='logo' itemscope itemtype='https:\/\/schema.org\/ImageObject'>\n\t\t\t\t\t\t\t<span itemprop='url'>\/wp-content\/uploads\/2021\/05\/logo-vert-2.svg<\/span>\n\t\t\t\t\t\t <\/span>\n\t\t\t\t<\/span><span class='av-structured-data'  itemprop=\"author\" itemscope=\"itemscope\" itemtype=\"https:\/\/schema.org\/Person\" ><span itemprop='name'>Fanny Demichelis<\/span><\/span><span class='av-structured-data'  itemprop=\"datePublished\" datetime=\"1997-02-11T16:28:46+01:00\" >2018-12-17 18:16:17<\/span><span class='av-structured-data'  itemprop=\"dateModified\" itemtype=\"https:\/\/schema.org\/dateModified\" >2021-04-07 15:24:54<\/span><span class='av-structured-data'  itemprop=\"mainEntityOfPage\" itemtype=\"https:\/\/schema.org\/mainEntityOfPage\" ><span itemprop='name'>Iceland, 2018<\/span><\/span><\/span><\/article><article class='slide-entry flex_column  post-entry post-entry-45912 slide-entry-overview slide-loop-5 slide-parity-even  av_one_third  real-thumbnail'  itemscope=\"itemscope\" itemtype=\"https:\/\/schema.org\/CreativeWork\" ><a href='https:\/\/agencevu.com\/en\/serie\/vietnam-2015\/' data-rel='slide-1' class='slide-image' title=''><img width=\"290\" height=\"290\" src=\"https:\/\/agencevu.com\/wp-content\/uploads\/2019\/12\/00_FERV21728-2015CL21-1.jpg\" class=\"wp-image-45914 avia-img-lazy-loading-45914 attachment-portfolio size-portfolio wp-post-image\" alt=\"\" loading=\"lazy\" srcset=\"https:\/\/agencevu.com\/wp-content\/uploads\/2019\/12\/00_FERV21728-2015CL21-1.jpg 290w, https:\/\/agencevu.com\/wp-content\/uploads\/2019\/12\/00_FERV21728-2015CL21-1-80x80.jpg 80w, https:\/\/agencevu.com\/wp-content\/uploads\/2019\/12\/00_FERV21728-2015CL21-1-36x36.jpg 36w, https:\/\/agencevu.com\/wp-content\/uploads\/2019\/12\/00_FERV21728-2015CL21-1-180x180.jpg 180w, https:\/\/agencevu.com\/wp-content\/uploads\/2019\/12\/00_FERV21728-2015CL21-1-120x120.jpg 120w\" sizes=\"(max-width: 290px) 100vw, 290px\" \/><\/a><div class='slide-content'><header class=\"entry-content-header\"><span class=\"blog-categories minor-meta\"> <a href=\"https:\/\/agencevu.com\/en\/photographer\/franck-ferville\/\" rel=\"tag\">Franck Ferville<\/a> <a href=\"https:\/\/agencevu.com\/en\/section_taxonomy\/series\/\" rel=\"tag\">s\u00e9ries<\/a> <\/span><h3 class='slide-entry-title entry-title'  itemprop=\"headline\" ><a href='https:\/\/agencevu.com\/en\/serie\/vietnam-2015\/' title='Vietnam, 2015'>Vietnam, 2015<\/a><\/h3><span class=\"av-vertical-delimiter\"><\/span><\/header><div class='slide-entry-excerpt entry-content'  itemprop=\"text\" >In 2015, Franck Ferville set off to discover Vietnam, stopping in a few cities in the north of the country. \r\n<\/div><\/div><footer class=\"entry-footer\"><div class='slide-meta'><time class='slide-meta-time updated'  itemprop=\"datePublished\" datetime=\"2015-04-17T18:35:20+02:00\" >17 April 2015<\/time><\/div><\/footer><span class='hidden'>\n\t\t\t\t<span class='av-structured-data'  itemprop=\"image\" itemscope=\"itemscope\" itemtype=\"https:\/\/schema.org\/ImageObject\" >\n\t\t\t\t\t\t<span itemprop='url'>https:\/\/agencevu.com\/wp-content\/uploads\/2019\/12\/00_FERV21728-2015CL21-1.jpg<\/span>\n\t\t\t\t\t\t<span itemprop='height'>290<\/span>\n\t\t\t\t\t\t<span itemprop='width'>290<\/span>\n\t\t\t\t<\/span>\n\t\t\t\t<span class='av-structured-data'  itemprop=\"publisher\" itemtype=\"https:\/\/schema.org\/Organization\" itemscope=\"itemscope\" >\n\t\t\t\t\t\t<span itemprop='name'>Fanny Demichelis<\/span>\n\t\t\t\t\t\t<span itemprop='logo' itemscope itemtype='https:\/\/schema.org\/ImageObject'>\n\t\t\t\t\t\t\t<span itemprop='url'>\/wp-content\/uploads\/2021\/05\/logo-vert-2.svg<\/span>\n\t\t\t\t\t\t <\/span>\n\t\t\t\t<\/span><span class='av-structured-data'  itemprop=\"author\" itemscope=\"itemscope\" itemtype=\"https:\/\/schema.org\/Person\" ><span itemprop='name'>Fanny Demichelis<\/span><\/span><span class='av-structured-data'  itemprop=\"datePublished\" datetime=\"1997-02-11T16:28:46+01:00\" >2015-04-17 18:35:20<\/span><span class='av-structured-data'  itemprop=\"dateModified\" itemtype=\"https:\/\/schema.org\/dateModified\" >2021-04-07 15:26:46<\/span><span class='av-structured-data'  itemprop=\"mainEntityOfPage\" itemtype=\"https:\/\/schema.org\/mainEntityOfPage\" ><span itemprop='name'>Vietnam, 2015<\/span><\/span><\/span><\/article><article class='slide-entry flex_column  post-entry post-entry-45908 slide-entry-overview slide-loop-6 slide-parity-odd  av_one_third  real-thumbnail'  itemscope=\"itemscope\" itemtype=\"https:\/\/schema.org\/CreativeWork\" ><a href='https:\/\/agencevu.com\/en\/serie\/les-soirees-de-pamela-2012\/' data-rel='slide-1' class='slide-image' title=''><img width=\"290\" height=\"290\" src=\"https:\/\/agencevu.com\/wp-content\/uploads\/2019\/12\/00_FERV18988-2012CL08-copie.jpg\" class=\"wp-image-45564 avia-img-lazy-loading-45564 attachment-portfolio size-portfolio wp-post-image\" alt=\"\" loading=\"lazy\" srcset=\"https:\/\/agencevu.com\/wp-content\/uploads\/2019\/12\/00_FERV18988-2012CL08-copie.jpg 290w, https:\/\/agencevu.com\/wp-content\/uploads\/2019\/12\/00_FERV18988-2012CL08-copie-80x80.jpg 80w, https:\/\/agencevu.com\/wp-content\/uploads\/2019\/12\/00_FERV18988-2012CL08-copie-36x36.jpg 36w, https:\/\/agencevu.com\/wp-content\/uploads\/2019\/12\/00_FERV18988-2012CL08-copie-180x180.jpg 180w, https:\/\/agencevu.com\/wp-content\/uploads\/2019\/12\/00_FERV18988-2012CL08-copie-120x120.jpg 120w\" sizes=\"(max-width: 290px) 100vw, 290px\" \/><\/a><div class='slide-content'><header class=\"entry-content-header\"><span class=\"blog-categories minor-meta\"> <a href=\"https:\/\/agencevu.com\/en\/photographer\/franck-ferville\/\" rel=\"tag\">Franck Ferville<\/a> <a href=\"https:\/\/agencevu.com\/en\/section_taxonomy\/series\/\" rel=\"tag\">s\u00e9ries<\/a> <\/span><h3 class='slide-entry-title entry-title'  itemprop=\"headline\" ><a href='https:\/\/agencevu.com\/en\/serie\/les-soirees-de-pamela-2012\/' title='The Night Life of Pamela, 2012'>The Night Life of Pamela, 2012<\/a><\/h3><span class=\"av-vertical-delimiter\"><\/span><\/header><div class='slide-entry-excerpt entry-content'  itemprop=\"text\" >By day, Garbatje is a nurse in Bruge. By night, everywhere else, he's Pamela. Come nighttime, parading her body before an audience...<\/div><\/div><footer class=\"entry-footer\"><div class='slide-meta'><time class='slide-meta-time updated'  itemprop=\"datePublished\" datetime=\"2012-05-17T18:04:43+02:00\" >17 May 2012<\/time><\/div><\/footer><span class='hidden'>\n\t\t\t\t<span class='av-structured-data'  itemprop=\"image\" itemscope=\"itemscope\" itemtype=\"https:\/\/schema.org\/ImageObject\" >\n\t\t\t\t\t\t<span itemprop='url'>https:\/\/agencevu.com\/wp-content\/uploads\/2019\/12\/00_FERV18988-2012CL08-copie.jpg<\/span>\n\t\t\t\t\t\t<span itemprop='height'>290<\/span>\n\t\t\t\t\t\t<span itemprop='width'>290<\/span>\n\t\t\t\t<\/span>\n\t\t\t\t<span class='av-structured-data'  itemprop=\"publisher\" itemtype=\"https:\/\/schema.org\/Organization\" itemscope=\"itemscope\" >\n\t\t\t\t\t\t<span itemprop='name'>Fanny Demichelis<\/span>\n\t\t\t\t\t\t<span itemprop='logo' itemscope itemtype='https:\/\/schema.org\/ImageObject'>\n\t\t\t\t\t\t\t<span itemprop='url'>\/wp-content\/uploads\/2021\/05\/logo-vert-2.svg<\/span>\n\t\t\t\t\t\t <\/span>\n\t\t\t\t<\/span><span class='av-structured-data'  itemprop=\"author\" itemscope=\"itemscope\" itemtype=\"https:\/\/schema.org\/Person\" ><span itemprop='name'>Fanny Demichelis<\/span><\/span><span class='av-structured-data'  itemprop=\"datePublished\" datetime=\"1997-02-11T16:28:46+01:00\" >2012-05-17 18:04:43<\/span><span class='av-structured-data'  itemprop=\"dateModified\" itemtype=\"https:\/\/schema.org\/dateModified\" >2021-04-07 15:28:53<\/span><span class='av-structured-data'  itemprop=\"mainEntityOfPage\" itemtype=\"https:\/\/schema.org\/mainEntityOfPage\" ><span itemprop='name'>The Night Life of Pamela, 2012<\/span><\/span><\/span><\/article><\/div><div class='slide-entry-wrap'><article class='slide-entry flex_column  post-entry post-entry-45904 slide-entry-overview slide-loop-7 slide-parity-odd  av_one_third first real-thumbnail'  itemscope=\"itemscope\" itemtype=\"https:\/\/schema.org\/CreativeWork\" ><a href='https:\/\/agencevu.com\/en\/serie\/new-york-city-2011\/' data-rel='slide-1' class='slide-image' title=''><img width=\"290\" height=\"290\" src=\"https:\/\/agencevu.com\/wp-content\/uploads\/2019\/12\/00_01_FERV15393-2009CL35-copie.jpg\" class=\"wp-image-45520 avia-img-lazy-loading-45520 attachment-portfolio size-portfolio wp-post-image\" alt=\"\" loading=\"lazy\" srcset=\"https:\/\/agencevu.com\/wp-content\/uploads\/2019\/12\/00_01_FERV15393-2009CL35-copie.jpg 290w, https:\/\/agencevu.com\/wp-content\/uploads\/2019\/12\/00_01_FERV15393-2009CL35-copie-80x80.jpg 80w, https:\/\/agencevu.com\/wp-content\/uploads\/2019\/12\/00_01_FERV15393-2009CL35-copie-36x36.jpg 36w, https:\/\/agencevu.com\/wp-content\/uploads\/2019\/12\/00_01_FERV15393-2009CL35-copie-180x180.jpg 180w, https:\/\/agencevu.com\/wp-content\/uploads\/2019\/12\/00_01_FERV15393-2009CL35-copie-120x120.jpg 120w\" sizes=\"(max-width: 290px) 100vw, 290px\" \/><\/a><div class='slide-content'><header class=\"entry-content-header\"><span class=\"blog-categories minor-meta\"> <a href=\"https:\/\/agencevu.com\/en\/photographer\/franck-ferville\/\" rel=\"tag\">Franck Ferville<\/a> <a href=\"https:\/\/agencevu.com\/en\/section_taxonomy\/series\/\" rel=\"tag\">s\u00e9ries<\/a> <\/span><h3 class='slide-entry-title entry-title'  itemprop=\"headline\" ><a href='https:\/\/agencevu.com\/en\/serie\/new-york-city-2011\/' title='New York City, 2011'>New York City, 2011<\/a><\/h3><span class=\"av-vertical-delimiter\"><\/span><\/header><div class='slide-entry-excerpt entry-content'  itemprop=\"text\" >In 2011, Franck Ferville walked the streets of New York City, capturing some iconic images of the city that never sleeps. \r\n<\/div><\/div><footer class=\"entry-footer\"><div class='slide-meta'><time class='slide-meta-time updated'  itemprop=\"datePublished\" datetime=\"2011-04-17T18:35:16+02:00\" >17 April 2011<\/time><\/div><\/footer><span class='hidden'>\n\t\t\t\t<span class='av-structured-data'  itemprop=\"image\" itemscope=\"itemscope\" itemtype=\"https:\/\/schema.org\/ImageObject\" >\n\t\t\t\t\t\t<span itemprop='url'>https:\/\/agencevu.com\/wp-content\/uploads\/2019\/12\/00_01_FERV15393-2009CL35-copie.jpg<\/span>\n\t\t\t\t\t\t<span itemprop='height'>290<\/span>\n\t\t\t\t\t\t<span itemprop='width'>290<\/span>\n\t\t\t\t<\/span>\n\t\t\t\t<span class='av-structured-data'  itemprop=\"publisher\" itemtype=\"https:\/\/schema.org\/Organization\" itemscope=\"itemscope\" >\n\t\t\t\t\t\t<span itemprop='name'>Fanny Demichelis<\/span>\n\t\t\t\t\t\t<span itemprop='logo' itemscope itemtype='https:\/\/schema.org\/ImageObject'>\n\t\t\t\t\t\t\t<span itemprop='url'>\/wp-content\/uploads\/2021\/05\/logo-vert-2.svg<\/span>\n\t\t\t\t\t\t <\/span>\n\t\t\t\t<\/span><span class='av-structured-data'  itemprop=\"author\" itemscope=\"itemscope\" itemtype=\"https:\/\/schema.org\/Person\" ><span itemprop='name'>Fanny Demichelis<\/span><\/span><span class='av-structured-data'  itemprop=\"datePublished\" datetime=\"1997-02-11T16:28:46+01:00\" >2011-04-17 18:35:16<\/span><span class='av-structured-data'  itemprop=\"dateModified\" itemtype=\"https:\/\/schema.org\/dateModified\" >2021-04-07 16:47:53<\/span><span class='av-structured-data'  itemprop=\"mainEntityOfPage\" itemtype=\"https:\/\/schema.org\/mainEntityOfPage\" ><span itemprop='name'>New York City, 2011<\/span><\/span><\/span><\/article><article class='slide-entry flex_column  post-entry post-entry-45900 slide-entry-overview slide-loop-8 slide-parity-even  av_one_third  real-thumbnail'  itemscope=\"itemscope\" itemtype=\"https:\/\/schema.org\/CreativeWork\" ><a href='https:\/\/agencevu.com\/en\/serie\/one-second-between-01-am-and-06-am-2006\/' data-rel='slide-1' class='slide-image' title=''><img width=\"290\" height=\"290\" src=\"https:\/\/agencevu.com\/wp-content\/uploads\/2019\/12\/00_04_FERV13673-2006CL004-copie.jpg\" class=\"wp-image-45490 avia-img-lazy-loading-45490 attachment-portfolio size-portfolio wp-post-image\" alt=\"\" loading=\"lazy\" srcset=\"https:\/\/agencevu.com\/wp-content\/uploads\/2019\/12\/00_04_FERV13673-2006CL004-copie.jpg 290w, https:\/\/agencevu.com\/wp-content\/uploads\/2019\/12\/00_04_FERV13673-2006CL004-copie-80x80.jpg 80w, https:\/\/agencevu.com\/wp-content\/uploads\/2019\/12\/00_04_FERV13673-2006CL004-copie-36x36.jpg 36w, https:\/\/agencevu.com\/wp-content\/uploads\/2019\/12\/00_04_FERV13673-2006CL004-copie-180x180.jpg 180w, https:\/\/agencevu.com\/wp-content\/uploads\/2019\/12\/00_04_FERV13673-2006CL004-copie-120x120.jpg 120w\" sizes=\"(max-width: 290px) 100vw, 290px\" \/><\/a><div class='slide-content'><header class=\"entry-content-header\"><span class=\"blog-categories minor-meta\"> <a href=\"https:\/\/agencevu.com\/en\/photographer\/franck-ferville\/\" rel=\"tag\">Franck Ferville<\/a> <a href=\"https:\/\/agencevu.com\/en\/section_taxonomy\/series\/\" rel=\"tag\">s\u00e9ries<\/a> <\/span><h3 class='slide-entry-title entry-title'  itemprop=\"headline\" ><a href='https:\/\/agencevu.com\/en\/serie\/one-second-between-01-am-and-06-am-2006\/' title='One second between 1am and 6am, 2006'>One second between 1am and 6am, 2006<\/a><\/h3><span class=\"av-vertical-delimiter\"><\/span><\/header><div class='slide-entry-excerpt entry-content'  itemprop=\"text\" >This is a portraits series realized during parties in Paris, between 1am and 6am, where I shot every model only once.<\/div><\/div><footer class=\"entry-footer\"><div class='slide-meta'><time class='slide-meta-time updated'  itemprop=\"datePublished\" datetime=\"2006-07-17T18:35:15+02:00\" >17 July 2006<\/time><\/div><\/footer><span class='hidden'>\n\t\t\t\t<span class='av-structured-data'  itemprop=\"image\" itemscope=\"itemscope\" itemtype=\"https:\/\/schema.org\/ImageObject\" >\n\t\t\t\t\t\t<span itemprop='url'>https:\/\/agencevu.com\/wp-content\/uploads\/2019\/12\/00_04_FERV13673-2006CL004-copie.jpg<\/span>\n\t\t\t\t\t\t<span itemprop='height'>290<\/span>\n\t\t\t\t\t\t<span itemprop='width'>290<\/span>\n\t\t\t\t<\/span>\n\t\t\t\t<span class='av-structured-data'  itemprop=\"publisher\" itemtype=\"https:\/\/schema.org\/Organization\" itemscope=\"itemscope\" >\n\t\t\t\t\t\t<span itemprop='name'>Fanny Demichelis<\/span>\n\t\t\t\t\t\t<span itemprop='logo' itemscope itemtype='https:\/\/schema.org\/ImageObject'>\n\t\t\t\t\t\t\t<span itemprop='url'>\/wp-content\/uploads\/2021\/05\/logo-vert-2.svg<\/span>\n\t\t\t\t\t\t <\/span>\n\t\t\t\t<\/span><span class='av-structured-data'  itemprop=\"author\" itemscope=\"itemscope\" itemtype=\"https:\/\/schema.org\/Person\" ><span itemprop='name'>Fanny Demichelis<\/span><\/span><span class='av-structured-data'  itemprop=\"datePublished\" datetime=\"1997-02-11T16:28:46+01:00\" >2006-07-17 18:35:15<\/span><span class='av-structured-data'  itemprop=\"dateModified\" itemtype=\"https:\/\/schema.org\/dateModified\" >2021-04-07 16:06:03<\/span><span class='av-structured-data'  itemprop=\"mainEntityOfPage\" itemtype=\"https:\/\/schema.org\/mainEntityOfPage\" ><span itemprop='name'>One second between 1am and 6am, 2006<\/span><\/span><\/span><\/article><article class='slide-entry flex_column  post-entry post-entry-45896 slide-entry-overview slide-loop-9 slide-parity-odd  av_one_third  real-thumbnail'  itemscope=\"itemscope\" itemtype=\"https:\/\/schema.org\/CreativeWork\" ><a href='https:\/\/agencevu.com\/en\/serie\/cheerleaders-2006\/' data-rel='slide-1' class='slide-image' title=''><img width=\"290\" height=\"290\" src=\"https:\/\/agencevu.com\/wp-content\/uploads\/2019\/12\/00_FERV13028-2006CL03.jpg\" class=\"wp-image-45456 avia-img-lazy-loading-45456 attachment-portfolio size-portfolio wp-post-image\" alt=\"\" loading=\"lazy\" srcset=\"https:\/\/agencevu.com\/wp-content\/uploads\/2019\/12\/00_FERV13028-2006CL03.jpg 290w, https:\/\/agencevu.com\/wp-content\/uploads\/2019\/12\/00_FERV13028-2006CL03-80x80.jpg 80w, https:\/\/agencevu.com\/wp-content\/uploads\/2019\/12\/00_FERV13028-2006CL03-36x36.jpg 36w, https:\/\/agencevu.com\/wp-content\/uploads\/2019\/12\/00_FERV13028-2006CL03-180x180.jpg 180w, https:\/\/agencevu.com\/wp-content\/uploads\/2019\/12\/00_FERV13028-2006CL03-120x120.jpg 120w\" sizes=\"(max-width: 290px) 100vw, 290px\" \/><\/a><div class='slide-content'><header class=\"entry-content-header\"><span class=\"blog-categories minor-meta\"> <a href=\"https:\/\/agencevu.com\/en\/photographer\/franck-ferville\/\" rel=\"tag\">Franck Ferville<\/a> <a href=\"https:\/\/agencevu.com\/en\/section_taxonomy\/series\/\" rel=\"tag\">s\u00e9ries<\/a> <\/span><h3 class='slide-entry-title entry-title'  itemprop=\"headline\" ><a href='https:\/\/agencevu.com\/en\/serie\/cheerleaders-2006\/' title='Cheerleaders, 2006'>Cheerleaders, 2006<\/a><\/h3><span class=\"av-vertical-delimiter\"><\/span><\/header><div class='slide-entry-excerpt entry-content'  itemprop=\"text\" >Series \"Cheerleaders\" - 2006<\/div><\/div><footer class=\"entry-footer\"><div class='slide-meta'><time class='slide-meta-time updated'  itemprop=\"datePublished\" datetime=\"2006-05-17T18:35:13+02:00\" >17 May 2006<\/time><\/div><\/footer><span class='hidden'>\n\t\t\t\t<span class='av-structured-data'  itemprop=\"image\" itemscope=\"itemscope\" itemtype=\"https:\/\/schema.org\/ImageObject\" >\n\t\t\t\t\t\t<span itemprop='url'>https:\/\/agencevu.com\/wp-content\/uploads\/2019\/12\/00_FERV13028-2006CL03.jpg<\/span>\n\t\t\t\t\t\t<span itemprop='height'>290<\/span>\n\t\t\t\t\t\t<span itemprop='width'>290<\/span>\n\t\t\t\t<\/span>\n\t\t\t\t<span class='av-structured-data'  itemprop=\"publisher\" itemtype=\"https:\/\/schema.org\/Organization\" itemscope=\"itemscope\" >\n\t\t\t\t\t\t<span itemprop='name'>Fanny Demichelis<\/span>\n\t\t\t\t\t\t<span itemprop='logo' itemscope itemtype='https:\/\/schema.org\/ImageObject'>\n\t\t\t\t\t\t\t<span itemprop='url'>\/wp-content\/uploads\/2021\/05\/logo-vert-2.svg<\/span>\n\t\t\t\t\t\t <\/span>\n\t\t\t\t<\/span><span class='av-structured-data'  itemprop=\"author\" itemscope=\"itemscope\" itemtype=\"https:\/\/schema.org\/Person\" ><span itemprop='name'>Fanny Demichelis<\/span><\/span><span class='av-structured-data'  itemprop=\"datePublished\" datetime=\"1997-02-11T16:28:46+01:00\" >2006-05-17 18:35:13<\/span><span class='av-structured-data'  itemprop=\"dateModified\" itemtype=\"https:\/\/schema.org\/dateModified\" >2021-04-07 15:20:47<\/span><span class='av-structured-data'  itemprop=\"mainEntityOfPage\" itemtype=\"https:\/\/schema.org\/mainEntityOfPage\" ><span itemprop='name'>Cheerleaders, 2006<\/span><\/span><\/span><\/article><\/div><div class='slide-entry-wrap'><article class='slide-entry flex_column  post-entry post-entry-45892 slide-entry-overview slide-loop-10 slide-parity-odd  av_one_third first real-thumbnail'  itemscope=\"itemscope\" itemtype=\"https:\/\/schema.org\/CreativeWork\" ><a href='https:\/\/agencevu.com\/en\/serie\/blankenberge-2004\/' data-rel='slide-1' class='slide-image' title=''><img width=\"290\" height=\"290\" src=\"https:\/\/agencevu.com\/wp-content\/uploads\/2019\/12\/00_FERV11173-2003NB03.jpg\" class=\"wp-image-45430 avia-img-lazy-loading-45430 attachment-portfolio size-portfolio wp-post-image\" alt=\"\" loading=\"lazy\" srcset=\"https:\/\/agencevu.com\/wp-content\/uploads\/2019\/12\/00_FERV11173-2003NB03.jpg 290w, https:\/\/agencevu.com\/wp-content\/uploads\/2019\/12\/00_FERV11173-2003NB03-80x80.jpg 80w, https:\/\/agencevu.com\/wp-content\/uploads\/2019\/12\/00_FERV11173-2003NB03-36x36.jpg 36w, https:\/\/agencevu.com\/wp-content\/uploads\/2019\/12\/00_FERV11173-2003NB03-180x180.jpg 180w, https:\/\/agencevu.com\/wp-content\/uploads\/2019\/12\/00_FERV11173-2003NB03-120x120.jpg 120w\" sizes=\"(max-width: 290px) 100vw, 290px\" \/><\/a><div class='slide-content'><header class=\"entry-content-header\"><span class=\"blog-categories minor-meta\"> <a href=\"https:\/\/agencevu.com\/en\/photographer\/franck-ferville\/\" rel=\"tag\">Franck Ferville<\/a> <a href=\"https:\/\/agencevu.com\/en\/section_taxonomy\/series\/\" rel=\"tag\">s\u00e9ries<\/a> <\/span><h3 class='slide-entry-title entry-title'  itemprop=\"headline\" ><a href='https:\/\/agencevu.com\/en\/serie\/blankenberge-2004\/' title='Blankenberge, 2004'>Blankenberge, 2004<\/a><\/h3><span class=\"av-vertical-delimiter\"><\/span><\/header><div class='slide-entry-excerpt entry-content'  itemprop=\"text\" >Wedged between Knokke-le-Zoute and Ostende, the Blankenberge seaside resort emits a paradoxical poetry.\u2028<\/div><\/div><footer class=\"entry-footer\"><div class='slide-meta'><time class='slide-meta-time updated'  itemprop=\"datePublished\" datetime=\"2004-08-17T18:35:11+02:00\" >17 August 2004<\/time><\/div><\/footer><span class='hidden'>\n\t\t\t\t<span class='av-structured-data'  itemprop=\"image\" itemscope=\"itemscope\" itemtype=\"https:\/\/schema.org\/ImageObject\" >\n\t\t\t\t\t\t<span itemprop='url'>https:\/\/agencevu.com\/wp-content\/uploads\/2019\/12\/00_FERV11173-2003NB03.jpg<\/span>\n\t\t\t\t\t\t<span itemprop='height'>290<\/span>\n\t\t\t\t\t\t<span itemprop='width'>290<\/span>\n\t\t\t\t<\/span>\n\t\t\t\t<span class='av-structured-data'  itemprop=\"publisher\" itemtype=\"https:\/\/schema.org\/Organization\" itemscope=\"itemscope\" >\n\t\t\t\t\t\t<span itemprop='name'>Fanny Demichelis<\/span>\n\t\t\t\t\t\t<span itemprop='logo' itemscope itemtype='https:\/\/schema.org\/ImageObject'>\n\t\t\t\t\t\t\t<span itemprop='url'>\/wp-content\/uploads\/2021\/05\/logo-vert-2.svg<\/span>\n\t\t\t\t\t\t <\/span>\n\t\t\t\t<\/span><span class='av-structured-data'  itemprop=\"author\" itemscope=\"itemscope\" itemtype=\"https:\/\/schema.org\/Person\" ><span itemprop='name'>Fanny Demichelis<\/span><\/span><span class='av-structured-data'  itemprop=\"datePublished\" datetime=\"1997-02-11T16:28:46+01:00\" >2004-08-17 18:35:11<\/span><span class='av-structured-data'  itemprop=\"dateModified\" itemtype=\"https:\/\/schema.org\/dateModified\" >2021-04-07 16:07:30<\/span><span class='av-structured-data'  itemprop=\"mainEntityOfPage\" itemtype=\"https:\/\/schema.org\/mainEntityOfPage\" ><span itemprop='name'>Blankenberge, 2004<\/span><\/span><\/span><\/article><article class='slide-entry flex_column  post-entry post-entry-45888 slide-entry-overview slide-loop-11 slide-parity-even  av_one_third  real-thumbnail'  itemscope=\"itemscope\" itemtype=\"https:\/\/schema.org\/CreativeWork\" ><a href='https:\/\/agencevu.com\/en\/serie\/india-1989-2003\/' data-rel='slide-1' class='slide-image' title=''><img width=\"290\" height=\"290\" src=\"https:\/\/agencevu.com\/wp-content\/uploads\/2019\/12\/08_FERV4765-2003NB12.jpg\" class=\"wp-image-45375 avia-img-lazy-loading-45375 attachment-portfolio size-portfolio wp-post-image\" alt=\"\" loading=\"lazy\" srcset=\"https:\/\/agencevu.com\/wp-content\/uploads\/2019\/12\/08_FERV4765-2003NB12.jpg 290w, https:\/\/agencevu.com\/wp-content\/uploads\/2019\/12\/08_FERV4765-2003NB12-80x80.jpg 80w, https:\/\/agencevu.com\/wp-content\/uploads\/2019\/12\/08_FERV4765-2003NB12-36x36.jpg 36w, https:\/\/agencevu.com\/wp-content\/uploads\/2019\/12\/08_FERV4765-2003NB12-180x180.jpg 180w, https:\/\/agencevu.com\/wp-content\/uploads\/2019\/12\/08_FERV4765-2003NB12-120x120.jpg 120w\" sizes=\"(max-width: 290px) 100vw, 290px\" \/><\/a><div class='slide-content'><header class=\"entry-content-header\"><span class=\"blog-categories minor-meta\"> <a href=\"https:\/\/agencevu.com\/en\/photographer\/franck-ferville\/\" rel=\"tag\">Franck Ferville<\/a> <a href=\"https:\/\/agencevu.com\/en\/section_taxonomy\/series\/\" rel=\"tag\">s\u00e9ries<\/a> <\/span><h3 class='slide-entry-title entry-title'  itemprop=\"headline\" ><a href='https:\/\/agencevu.com\/en\/serie\/india-1989-2003\/' title='India, 1989-2003'>India, 1989-2003<\/a><\/h3><span class=\"av-vertical-delimiter\"><\/span><\/header><div class='slide-entry-excerpt entry-content'  itemprop=\"text\" >Passionate about India, Franck Ferville has made several trips to different parts of India since the late 1990s. <\/div><\/div><footer class=\"entry-footer\"><div class='slide-meta'><time class='slide-meta-time updated'  itemprop=\"datePublished\" datetime=\"2003-06-17T18:35:09+02:00\" >17 June 2003<\/time><\/div><\/footer><span class='hidden'>\n\t\t\t\t<span class='av-structured-data'  itemprop=\"image\" itemscope=\"itemscope\" itemtype=\"https:\/\/schema.org\/ImageObject\" >\n\t\t\t\t\t\t<span itemprop='url'>https:\/\/agencevu.com\/wp-content\/uploads\/2019\/12\/08_FERV4765-2003NB12.jpg<\/span>\n\t\t\t\t\t\t<span itemprop='height'>290<\/span>\n\t\t\t\t\t\t<span itemprop='width'>290<\/span>\n\t\t\t\t<\/span>\n\t\t\t\t<span class='av-structured-data'  itemprop=\"publisher\" itemtype=\"https:\/\/schema.org\/Organization\" itemscope=\"itemscope\" >\n\t\t\t\t\t\t<span itemprop='name'>Fanny Demichelis<\/span>\n\t\t\t\t\t\t<span itemprop='logo' itemscope itemtype='https:\/\/schema.org\/ImageObject'>\n\t\t\t\t\t\t\t<span itemprop='url'>\/wp-content\/uploads\/2021\/05\/logo-vert-2.svg<\/span>\n\t\t\t\t\t\t <\/span>\n\t\t\t\t<\/span><span class='av-structured-data'  itemprop=\"author\" itemscope=\"itemscope\" itemtype=\"https:\/\/schema.org\/Person\" ><span itemprop='name'>Fanny Demichelis<\/span><\/span><span class='av-structured-data'  itemprop=\"datePublished\" datetime=\"1997-02-11T16:28:46+01:00\" >2003-06-17 18:35:09<\/span><span class='av-structured-data'  itemprop=\"dateModified\" itemtype=\"https:\/\/schema.org\/dateModified\" >2021-04-07 16:09:15<\/span><span class='av-structured-data'  itemprop=\"mainEntityOfPage\" itemtype=\"https:\/\/schema.org\/mainEntityOfPage\" ><span itemprop='name'>India, 1989-2003<\/span><\/span><\/span><\/article><article class='slide-entry flex_column  post-entry post-entry-45298 slide-entry-overview slide-loop-12 slide-parity-odd  av_one_third  real-thumbnail'  itemscope=\"itemscope\" itemtype=\"https:\/\/schema.org\/CreativeWork\" ><a href='https:\/\/agencevu.com\/en\/serie\/gypsies-2002\/' data-rel='slide-1' class='slide-image' title=''><img width=\"290\" height=\"290\" src=\"https:\/\/agencevu.com\/wp-content\/uploads\/2019\/12\/00_FERV12121-2000CL002-copie.jpg\" class=\"wp-image-45082 avia-img-lazy-loading-45082 attachment-portfolio size-portfolio wp-post-image\" alt=\"\" loading=\"lazy\" srcset=\"https:\/\/agencevu.com\/wp-content\/uploads\/2019\/12\/00_FERV12121-2000CL002-copie.jpg 290w, https:\/\/agencevu.com\/wp-content\/uploads\/2019\/12\/00_FERV12121-2000CL002-copie-80x80.jpg 80w, https:\/\/agencevu.com\/wp-content\/uploads\/2019\/12\/00_FERV12121-2000CL002-copie-36x36.jpg 36w, https:\/\/agencevu.com\/wp-content\/uploads\/2019\/12\/00_FERV12121-2000CL002-copie-180x180.jpg 180w, https:\/\/agencevu.com\/wp-content\/uploads\/2019\/12\/00_FERV12121-2000CL002-copie-120x120.jpg 120w\" sizes=\"(max-width: 290px) 100vw, 290px\" \/><\/a><div class='slide-content'><header class=\"entry-content-header\"><span class=\"blog-categories minor-meta\"> <a href=\"https:\/\/agencevu.com\/en\/photographer\/franck-ferville\/\" rel=\"tag\">Franck Ferville<\/a> <a href=\"https:\/\/agencevu.com\/en\/section_taxonomy\/series\/\" rel=\"tag\">s\u00e9ries<\/a> <\/span><h3 class='slide-entry-title entry-title'  itemprop=\"headline\" ><a href='https:\/\/agencevu.com\/en\/serie\/gypsies-2002\/' title='Gypsies, 2002'>Gypsies, 2002<\/a><\/h3><span class=\"av-vertical-delimiter\"><\/span><\/header><div class='slide-entry-excerpt entry-content'  itemprop=\"text\" >It was precisely when I ran into a convoy of caravans in the Parisian suburbs that I met Mickey, Evangelical pastor and clan chief of this community. <\/div><\/div><footer class=\"entry-footer\"><div class='slide-meta'><time class='slide-meta-time updated'  itemprop=\"datePublished\" datetime=\"2002-09-11T16:46:28+02:00\" >11 September 2002<\/time><\/div><\/footer><span class='hidden'>\n\t\t\t\t<span class='av-structured-data'  itemprop=\"image\" itemscope=\"itemscope\" itemtype=\"https:\/\/schema.org\/ImageObject\" >\n\t\t\t\t\t\t<span itemprop='url'>https:\/\/agencevu.com\/wp-content\/uploads\/2019\/12\/00_FERV12121-2000CL002-copie.jpg<\/span>\n\t\t\t\t\t\t<span itemprop='height'>290<\/span>\n\t\t\t\t\t\t<span itemprop='width'>290<\/span>\n\t\t\t\t<\/span>\n\t\t\t\t<span class='av-structured-data'  itemprop=\"publisher\" itemtype=\"https:\/\/schema.org\/Organization\" itemscope=\"itemscope\" >\n\t\t\t\t\t\t<span itemprop='name'>Fanny Demichelis<\/span>\n\t\t\t\t\t\t<span itemprop='logo' itemscope itemtype='https:\/\/schema.org\/ImageObject'>\n\t\t\t\t\t\t\t<span itemprop='url'>\/wp-content\/uploads\/2021\/05\/logo-vert-2.svg<\/span>\n\t\t\t\t\t\t <\/span>\n\t\t\t\t<\/span><span class='av-structured-data'  itemprop=\"author\" itemscope=\"itemscope\" itemtype=\"https:\/\/schema.org\/Person\" ><span itemprop='name'>Fanny Demichelis<\/span><\/span><span class='av-structured-data'  itemprop=\"datePublished\" datetime=\"1997-02-11T16:28:46+01:00\" >2002-09-11 16:46:28<\/span><span class='av-structured-data'  itemprop=\"dateModified\" itemtype=\"https:\/\/schema.org\/dateModified\" >2021-04-07 16:11:44<\/span><span class='av-structured-data'  itemprop=\"mainEntityOfPage\" itemtype=\"https:\/\/schema.org\/mainEntityOfPage\" ><span itemprop='name'>Gypsies, 2002<\/span><\/span><\/span><\/article><\/div><div class='slide-entry-wrap'><article class='slide-entry flex_column  post-entry post-entry-45299 slide-entry-overview slide-loop-13 slide-parity-odd  post-entry-last  av_one_third first real-thumbnail'  itemscope=\"itemscope\" itemtype=\"https:\/\/schema.org\/CreativeWork\" ><a href='https:\/\/agencevu.com\/en\/serie\/the-moreno-circus-1997\/' data-rel='slide-1' class='slide-image' title=''><img width=\"290\" height=\"290\" src=\"https:\/\/agencevu.com\/wp-content\/uploads\/2019\/12\/00_02_FERV8023-1997CL03-copie.jpg\" class=\"wp-image-45038 avia-img-lazy-loading-45038 attachment-portfolio size-portfolio wp-post-image\" alt=\"\" loading=\"lazy\" srcset=\"https:\/\/agencevu.com\/wp-content\/uploads\/2019\/12\/00_02_FERV8023-1997CL03-copie.jpg 290w, https:\/\/agencevu.com\/wp-content\/uploads\/2019\/12\/00_02_FERV8023-1997CL03-copie-80x80.jpg 80w, https:\/\/agencevu.com\/wp-content\/uploads\/2019\/12\/00_02_FERV8023-1997CL03-copie-36x36.jpg 36w, https:\/\/agencevu.com\/wp-content\/uploads\/2019\/12\/00_02_FERV8023-1997CL03-copie-180x180.jpg 180w, https:\/\/agencevu.com\/wp-content\/uploads\/2019\/12\/00_02_FERV8023-1997CL03-copie-120x120.jpg 120w\" sizes=\"(max-width: 290px) 100vw, 290px\" \/><\/a><div class='slide-content'><header class=\"entry-content-header\"><span class=\"blog-categories minor-meta\"> <a href=\"https:\/\/agencevu.com\/en\/photographer\/franck-ferville\/\" rel=\"tag\">Franck Ferville<\/a> <a href=\"https:\/\/agencevu.com\/en\/section_taxonomy\/series\/\" rel=\"tag\">s\u00e9ries<\/a> <\/span><h3 class='slide-entry-title entry-title'  itemprop=\"headline\" ><a href='https:\/\/agencevu.com\/en\/serie\/the-moreno-circus-1997\/' title='The Mor\u00e9no Circus, 1997'>The Mor\u00e9no Circus, 1997<\/a><\/h3><span class=\"av-vertical-delimiter\"><\/span><\/header><div class='slide-entry-excerpt entry-content'  itemprop=\"text\" >Franck Ferville went to the Moreno circus to photograph animal shows: tigers, elephants, giraffe, monkey, as well as other animals\r\n<\/div><\/div><footer class=\"entry-footer\"><div class='slide-meta'><time class='slide-meta-time updated'  itemprop=\"datePublished\" datetime=\"1997-02-11T16:28:46+01:00\" >11 February 1997<\/time><\/div><\/footer><span class='hidden'>\n\t\t\t\t<span class='av-structured-data'  itemprop=\"image\" itemscope=\"itemscope\" itemtype=\"https:\/\/schema.org\/ImageObject\" >\n\t\t\t\t\t\t<span itemprop='url'>https:\/\/agencevu.com\/wp-content\/uploads\/2019\/12\/00_02_FERV8023-1997CL03-copie.jpg<\/span>\n\t\t\t\t\t\t<span itemprop='height'>290<\/span>\n\t\t\t\t\t\t<span itemprop='width'>290<\/span>\n\t\t\t\t<\/span>\n\t\t\t\t<span class='av-structured-data'  itemprop=\"publisher\" itemtype=\"https:\/\/schema.org\/Organization\" itemscope=\"itemscope\" >\n\t\t\t\t\t\t<span itemprop='name'>Fanny Demichelis<\/span>\n\t\t\t\t\t\t<span itemprop='logo' itemscope itemtype='https:\/\/schema.org\/ImageObject'>\n\t\t\t\t\t\t\t<span itemprop='url'>\/wp-content\/uploads\/2021\/05\/logo-vert-2.svg<\/span>\n\t\t\t\t\t\t <\/span>\n\t\t\t\t<\/span><span class='av-structured-data'  itemprop=\"author\" itemscope=\"itemscope\" itemtype=\"https:\/\/schema.org\/Person\" ><span itemprop='name'>Fanny Demichelis<\/span><\/span><span class='av-structured-data'  itemprop=\"datePublished\" datetime=\"1997-02-11T16:28:46+01:00\" >1997-02-11 16:28:46<\/span><span class='av-structured-data'  itemprop=\"dateModified\" itemtype=\"https:\/\/schema.org\/dateModified\" >2021-04-07 16:13:19<\/span><span class='av-structured-data'  itemprop=\"mainEntityOfPage\" itemtype=\"https:\/\/schema.org\/mainEntityOfPage\" ><span itemprop='name'>The Mor\u00e9no Circus, 1997<\/span><\/span><\/span><\/article><\/div><\/div><\/div>\n<div  data-autoplay=''  data-interval='5'  data-animation='fade'  data-show_slide_delay='90'  class='avia-content-slider avia-content-grid-active avia-content-slider2 avia-content-slider-even   av-desktop-hide av-mini-hide'  itemscope=\"itemscope\" itemtype=\"https:\/\/schema.org\/Blog\" ><div class='avia-content-slider-inner'><div class='slide-entry-wrap'><article class='slide-entry flex_column  post-entry post-entry-130588 slide-entry-overview slide-loop-1 slide-parity-odd  av_one_half first real-thumbnail'  itemscope=\"itemscope\" itemtype=\"https:\/\/schema.org\/CreativeWork\" ><a href='https:\/\/agencevu.com\/en\/serie\/portraits-de-personnalites-2019-2021\/' data-rel='slide-2' class='slide-image' title=''><img width=\"215\" height=\"290\" src=\"https:\/\/agencevu.com\/wp-content\/uploads\/2021\/04\/00_FERV24435-2021CL03.jpg\" class=\"wp-image-130541 avia-img-lazy-loading-130541 attachment-portfolio size-portfolio wp-post-image\" alt=\"\" loading=\"lazy\" srcset=\"https:\/\/agencevu.com\/wp-content\/uploads\/2021\/04\/00_FERV24435-2021CL03.jpg 215w, https:\/\/agencevu.com\/wp-content\/uploads\/2021\/04\/00_FERV24435-2021CL03-59x80.jpg 59w\" sizes=\"(max-width: 215px) 100vw, 215px\" \/><\/a><div class='slide-content'><header class=\"entry-content-header\"><span class=\"blog-categories minor-meta\"> <a href=\"https:\/\/agencevu.com\/en\/photographer\/franck-ferville\/\" rel=\"tag\">Franck Ferville<\/a> <a href=\"https:\/\/agencevu.com\/en\/section_taxonomy\/series\/\" rel=\"tag\">s\u00e9ries<\/a> <\/span><h3 class='slide-entry-title entry-title'  itemprop=\"headline\" ><a href='https:\/\/agencevu.com\/en\/serie\/portraits-de-personnalites-2019-2021\/' title='Portraits of Personalities, 2019-2021'>Portraits of Personalities, 2019-2021<\/a><\/h3><span class=\"av-vertical-delimiter\"><\/span><\/header><div class='slide-entry-excerpt entry-content'  itemprop=\"text\" >Selection of French and international personalities\u2019 portraits shot between 2019 and 2021 by Franck Ferville. <\/div><\/div><footer class=\"entry-footer\"><div class='slide-meta'><time class='slide-meta-time updated'  itemprop=\"datePublished\" datetime=\"2021-04-01T15:09:03+02:00\" >1 April 2021<\/time><\/div><\/footer><span class='hidden'>\n\t\t\t\t<span class='av-structured-data'  itemprop=\"image\" itemscope=\"itemscope\" itemtype=\"https:\/\/schema.org\/ImageObject\" >\n\t\t\t\t\t\t<span itemprop='url'>https:\/\/agencevu.com\/wp-content\/uploads\/2021\/04\/00_FERV24435-2021CL03.jpg<\/span>\n\t\t\t\t\t\t<span itemprop='height'>290<\/span>\n\t\t\t\t\t\t<span itemprop='width'>215<\/span>\n\t\t\t\t<\/span>\n\t\t\t\t<span class='av-structured-data'  itemprop=\"publisher\" itemtype=\"https:\/\/schema.org\/Organization\" itemscope=\"itemscope\" >\n\t\t\t\t\t\t<span itemprop='name'>Fanny Demichelis<\/span>\n\t\t\t\t\t\t<span itemprop='logo' itemscope itemtype='https:\/\/schema.org\/ImageObject'>\n\t\t\t\t\t\t\t<span itemprop='url'>\/wp-content\/uploads\/2021\/05\/logo-vert-2.svg<\/span>\n\t\t\t\t\t\t <\/span>\n\t\t\t\t<\/span><span class='av-structured-data'  itemprop=\"author\" itemscope=\"itemscope\" itemtype=\"https:\/\/schema.org\/Person\" ><span itemprop='name'>Fanny Demichelis<\/span><\/span><span class='av-structured-data'  itemprop=\"datePublished\" datetime=\"1997-02-11T16:28:46+01:00\" >2021-04-01 15:09:03<\/span><span class='av-structured-data'  itemprop=\"dateModified\" itemtype=\"https:\/\/schema.org\/dateModified\" >2021-04-07 15:13:45<\/span><span class='av-structured-data'  itemprop=\"mainEntityOfPage\" itemtype=\"https:\/\/schema.org\/mainEntityOfPage\" ><span itemprop='name'>Portraits of Personalities, 2019-2021<\/span><\/span><\/span><\/article><article class='slide-entry flex_column  post-entry post-entry-45931 slide-entry-overview slide-loop-2 slide-parity-even  av_one_half  real-thumbnail'  itemscope=\"itemscope\" itemtype=\"https:\/\/schema.org\/CreativeWork\" ><a href='https:\/\/agencevu.com\/en\/serie\/les-gens-de-mon-village-portraits-des-nouveaux-ruraux-2019\/' data-rel='slide-2' class='slide-image' title=''><img width=\"215\" height=\"290\" src=\"https:\/\/agencevu.com\/wp-content\/uploads\/2019\/12\/00_IMG8654.jpg\" class=\"wp-image-45726 avia-img-lazy-loading-45726 attachment-portfolio size-portfolio wp-post-image\" alt=\"\" loading=\"lazy\" srcset=\"https:\/\/agencevu.com\/wp-content\/uploads\/2019\/12\/00_IMG8654.jpg 215w, https:\/\/agencevu.com\/wp-content\/uploads\/2019\/12\/00_IMG8654-59x80.jpg 59w\" sizes=\"(max-width: 215px) 100vw, 215px\" \/><\/a><div class='slide-content'><header class=\"entry-content-header\"><span class=\"blog-categories minor-meta\"> <a href=\"https:\/\/agencevu.com\/en\/photographer\/franck-ferville\/\" rel=\"tag\">Franck Ferville<\/a> <a href=\"https:\/\/agencevu.com\/en\/section_taxonomy\/series\/\" rel=\"tag\">s\u00e9ries<\/a> <\/span><h3 class='slide-entry-title entry-title'  itemprop=\"headline\" ><a href='https:\/\/agencevu.com\/en\/serie\/les-gens-de-mon-village-portraits-des-nouveaux-ruraux-2019\/' title='The People of my Village \/ Portraits of New Rural Residents, 2019'>The People of my Village \/ Portraits of New Rural Residents, 2019<\/a><\/h3><span class=\"av-vertical-delimiter\"><\/span><\/header><div class='slide-entry-excerpt entry-content'  itemprop=\"text\" >Franck Ferville went to meet the inhabitants of his village, to paint a portrait of this new generation increasingly attracted by rural life. <\/div><\/div><footer class=\"entry-footer\"><div class='slide-meta'><time class='slide-meta-time updated'  itemprop=\"datePublished\" datetime=\"2019-09-17T18:28:36+02:00\" >17 September 2019<\/time><\/div><\/footer><span class='hidden'>\n\t\t\t\t<span class='av-structured-data'  itemprop=\"image\" itemscope=\"itemscope\" itemtype=\"https:\/\/schema.org\/ImageObject\" >\n\t\t\t\t\t\t<span itemprop='url'>https:\/\/agencevu.com\/wp-content\/uploads\/2019\/12\/00_IMG8654.jpg<\/span>\n\t\t\t\t\t\t<span itemprop='height'>290<\/span>\n\t\t\t\t\t\t<span itemprop='width'>215<\/span>\n\t\t\t\t<\/span>\n\t\t\t\t<span class='av-structured-data'  itemprop=\"publisher\" itemtype=\"https:\/\/schema.org\/Organization\" itemscope=\"itemscope\" >\n\t\t\t\t\t\t<span itemprop='name'>Fanny Demichelis<\/span>\n\t\t\t\t\t\t<span itemprop='logo' itemscope itemtype='https:\/\/schema.org\/ImageObject'>\n\t\t\t\t\t\t\t<span itemprop='url'>\/wp-content\/uploads\/2021\/05\/logo-vert-2.svg<\/span>\n\t\t\t\t\t\t <\/span>\n\t\t\t\t<\/span><span class='av-structured-data'  itemprop=\"author\" itemscope=\"itemscope\" itemtype=\"https:\/\/schema.org\/Person\" ><span itemprop='name'>Fanny Demichelis<\/span><\/span><span class='av-structured-data'  itemprop=\"datePublished\" datetime=\"1997-02-11T16:28:46+01:00\" >2019-09-17 18:28:36<\/span><span class='av-structured-data'  itemprop=\"dateModified\" itemtype=\"https:\/\/schema.org\/dateModified\" >2021-04-07 16:46:02<\/span><span class='av-structured-data'  itemprop=\"mainEntityOfPage\" itemtype=\"https:\/\/schema.org\/mainEntityOfPage\" ><span itemprop='name'>The People of my Village \/ Portraits of New Rural Residents, 2019<\/span><\/span><\/span><\/article><\/div><div class='slide-entry-wrap'><article class='slide-entry flex_column  post-entry post-entry-130581 slide-entry-overview slide-loop-3 slide-parity-odd  av_one_half first real-thumbnail'  itemscope=\"itemscope\" itemtype=\"https:\/\/schema.org\/CreativeWork\" ><a href='https:\/\/agencevu.com\/en\/serie\/portraits-de-personnalites-2016-2018\/' data-rel='slide-2' class='slide-image' title=''><img width=\"215\" height=\"290\" src=\"https:\/\/agencevu.com\/wp-content\/uploads\/2021\/04\/00_FERV23086-2018CL01.jpg\" class=\"wp-image-130573 avia-img-lazy-loading-130573 attachment-portfolio size-portfolio wp-post-image\" alt=\"\" loading=\"lazy\" srcset=\"https:\/\/agencevu.com\/wp-content\/uploads\/2021\/04\/00_FERV23086-2018CL01.jpg 215w, https:\/\/agencevu.com\/wp-content\/uploads\/2021\/04\/00_FERV23086-2018CL01-59x80.jpg 59w\" sizes=\"(max-width: 215px) 100vw, 215px\" \/><\/a><div class='slide-content'><header class=\"entry-content-header\"><span class=\"blog-categories minor-meta\"> <a href=\"https:\/\/agencevu.com\/en\/photographer\/franck-ferville\/\" rel=\"tag\">Franck Ferville<\/a> <a href=\"https:\/\/agencevu.com\/en\/section_taxonomy\/series\/\" rel=\"tag\">s\u00e9ries<\/a> <\/span><h3 class='slide-entry-title entry-title'  itemprop=\"headline\" ><a href='https:\/\/agencevu.com\/en\/serie\/portraits-de-personnalites-2016-2018\/' title='Portraits of Personalities, 2016-2018'>Portraits of Personalities, 2016-2018<\/a><\/h3><span class=\"av-vertical-delimiter\"><\/span><\/header><div class='slide-entry-excerpt entry-content'  itemprop=\"text\" >Selection of French and international personalities\u2019 portraits shot between 2016 and 2018 by Franck Ferville. <\/div><\/div><footer class=\"entry-footer\"><div class='slide-meta'><time class='slide-meta-time updated'  itemprop=\"datePublished\" datetime=\"2018-12-31T15:15:32+01:00\" >31 December 2018<\/time><\/div><\/footer><span class='hidden'>\n\t\t\t\t<span class='av-structured-data'  itemprop=\"image\" itemscope=\"itemscope\" itemtype=\"https:\/\/schema.org\/ImageObject\" >\n\t\t\t\t\t\t<span itemprop='url'>https:\/\/agencevu.com\/wp-content\/uploads\/2021\/04\/00_FERV23086-2018CL01.jpg<\/span>\n\t\t\t\t\t\t<span itemprop='height'>290<\/span>\n\t\t\t\t\t\t<span itemprop='width'>215<\/span>\n\t\t\t\t<\/span>\n\t\t\t\t<span class='av-structured-data'  itemprop=\"publisher\" itemtype=\"https:\/\/schema.org\/Organization\" itemscope=\"itemscope\" >\n\t\t\t\t\t\t<span itemprop='name'>Fanny Demichelis<\/span>\n\t\t\t\t\t\t<span itemprop='logo' itemscope itemtype='https:\/\/schema.org\/ImageObject'>\n\t\t\t\t\t\t\t<span itemprop='url'>\/wp-content\/uploads\/2021\/05\/logo-vert-2.svg<\/span>\n\t\t\t\t\t\t <\/span>\n\t\t\t\t<\/span><span class='av-structured-data'  itemprop=\"author\" itemscope=\"itemscope\" itemtype=\"https:\/\/schema.org\/Person\" ><span itemprop='name'>Fanny Demichelis<\/span><\/span><span class='av-structured-data'  itemprop=\"datePublished\" datetime=\"1997-02-11T16:28:46+01:00\" >2018-12-31 15:15:32<\/span><span class='av-structured-data'  itemprop=\"dateModified\" itemtype=\"https:\/\/schema.org\/dateModified\" >2021-04-07 15:16:59<\/span><span class='av-structured-data'  itemprop=\"mainEntityOfPage\" itemtype=\"https:\/\/schema.org\/mainEntityOfPage\" ><span itemprop='name'>Portraits of Personalities, 2016-2018<\/span><\/span><\/span><\/article><article class='slide-entry flex_column  post-entry post-entry-45923 slide-entry-overview slide-loop-4 slide-parity-even  av_one_half  real-thumbnail'  itemscope=\"itemscope\" itemtype=\"https:\/\/schema.org\/CreativeWork\" ><a href='https:\/\/agencevu.com\/en\/serie\/iceland-2018\/' data-rel='slide-2' class='slide-image' title=''><img width=\"387\" height=\"290\" src=\"https:\/\/agencevu.com\/wp-content\/uploads\/2019\/12\/00_FERV23593-2018CL25.jpg\" class=\"wp-image-45668 avia-img-lazy-loading-45668 attachment-portfolio size-portfolio wp-post-image\" alt=\"\" loading=\"lazy\" srcset=\"https:\/\/agencevu.com\/wp-content\/uploads\/2019\/12\/00_FERV23593-2018CL25.jpg 387w, https:\/\/agencevu.com\/wp-content\/uploads\/2019\/12\/00_FERV23593-2018CL25-80x60.jpg 80w, https:\/\/agencevu.com\/wp-content\/uploads\/2019\/12\/00_FERV23593-2018CL25-300x225.jpg 300w\" sizes=\"(max-width: 387px) 100vw, 387px\" \/><\/a><div class='slide-content'><header class=\"entry-content-header\"><span class=\"blog-categories minor-meta\"> <a href=\"https:\/\/agencevu.com\/en\/photographer\/franck-ferville\/\" rel=\"tag\">Franck Ferville<\/a> <a href=\"https:\/\/agencevu.com\/en\/section_taxonomy\/series\/\" rel=\"tag\">s\u00e9ries<\/a> <\/span><h3 class='slide-entry-title entry-title'  itemprop=\"headline\" ><a href='https:\/\/agencevu.com\/en\/serie\/iceland-2018\/' title='Iceland, 2018'>Iceland, 2018<\/a><\/h3><span class=\"av-vertical-delimiter\"><\/span><\/header><div class='slide-entry-excerpt entry-content'  itemprop=\"text\" ><span class=\"tag-extrait\">S\u00e9rie | <\/span> Franck Ferville travelled the roads of southeastern Island to discover a territory with unique landscapes. \r\n<\/div><\/div><footer class=\"entry-footer\"><div class='slide-meta'><time class='slide-meta-time updated'  itemprop=\"datePublished\" datetime=\"2018-12-17T18:16:17+01:00\" >17 December 2018<\/time><\/div><\/footer><span class='hidden'>\n\t\t\t\t<span class='av-structured-data'  itemprop=\"image\" itemscope=\"itemscope\" itemtype=\"https:\/\/schema.org\/ImageObject\" >\n\t\t\t\t\t\t<span itemprop='url'>https:\/\/agencevu.com\/wp-content\/uploads\/2019\/12\/00_FERV23593-2018CL25.jpg<\/span>\n\t\t\t\t\t\t<span itemprop='height'>290<\/span>\n\t\t\t\t\t\t<span itemprop='width'>387<\/span>\n\t\t\t\t<\/span>\n\t\t\t\t<span class='av-structured-data'  itemprop=\"publisher\" itemtype=\"https:\/\/schema.org\/Organization\" itemscope=\"itemscope\" >\n\t\t\t\t\t\t<span itemprop='name'>Fanny Demichelis<\/span>\n\t\t\t\t\t\t<span itemprop='logo' itemscope itemtype='https:\/\/schema.org\/ImageObject'>\n\t\t\t\t\t\t\t<span itemprop='url'>\/wp-content\/uploads\/2021\/05\/logo-vert-2.svg<\/span>\n\t\t\t\t\t\t <\/span>\n\t\t\t\t<\/span><span class='av-structured-data'  itemprop=\"author\" itemscope=\"itemscope\" itemtype=\"https:\/\/schema.org\/Person\" ><span itemprop='name'>Fanny Demichelis<\/span><\/span><span class='av-structured-data'  itemprop=\"datePublished\" datetime=\"1997-02-11T16:28:46+01:00\" >2018-12-17 18:16:17<\/span><span class='av-structured-data'  itemprop=\"dateModified\" itemtype=\"https:\/\/schema.org\/dateModified\" >2021-04-07 15:24:54<\/span><span class='av-structured-data'  itemprop=\"mainEntityOfPage\" itemtype=\"https:\/\/schema.org\/mainEntityOfPage\" ><span itemprop='name'>Iceland, 2018<\/span><\/span><\/span><\/article><\/div><div class='slide-entry-wrap'><article class='slide-entry flex_column  post-entry post-entry-45912 slide-entry-overview slide-loop-5 slide-parity-odd  av_one_half first real-thumbnail'  itemscope=\"itemscope\" itemtype=\"https:\/\/schema.org\/CreativeWork\" ><a href='https:\/\/agencevu.com\/en\/serie\/vietnam-2015\/' data-rel='slide-2' class='slide-image' title=''><img width=\"290\" height=\"290\" src=\"https:\/\/agencevu.com\/wp-content\/uploads\/2019\/12\/00_FERV21728-2015CL21-1.jpg\" class=\"wp-image-45914 avia-img-lazy-loading-45914 attachment-portfolio size-portfolio wp-post-image\" alt=\"\" loading=\"lazy\" srcset=\"https:\/\/agencevu.com\/wp-content\/uploads\/2019\/12\/00_FERV21728-2015CL21-1.jpg 290w, https:\/\/agencevu.com\/wp-content\/uploads\/2019\/12\/00_FERV21728-2015CL21-1-80x80.jpg 80w, https:\/\/agencevu.com\/wp-content\/uploads\/2019\/12\/00_FERV21728-2015CL21-1-36x36.jpg 36w, https:\/\/agencevu.com\/wp-content\/uploads\/2019\/12\/00_FERV21728-2015CL21-1-180x180.jpg 180w, https:\/\/agencevu.com\/wp-content\/uploads\/2019\/12\/00_FERV21728-2015CL21-1-120x120.jpg 120w\" sizes=\"(max-width: 290px) 100vw, 290px\" \/><\/a><div class='slide-content'><header class=\"entry-content-header\"><span class=\"blog-categories minor-meta\"> <a href=\"https:\/\/agencevu.com\/en\/photographer\/franck-ferville\/\" rel=\"tag\">Franck Ferville<\/a> <a href=\"https:\/\/agencevu.com\/en\/section_taxonomy\/series\/\" rel=\"tag\">s\u00e9ries<\/a> <\/span><h3 class='slide-entry-title entry-title'  itemprop=\"headline\" ><a href='https:\/\/agencevu.com\/en\/serie\/vietnam-2015\/' title='Vietnam, 2015'>Vietnam, 2015<\/a><\/h3><span class=\"av-vertical-delimiter\"><\/span><\/header><div class='slide-entry-excerpt entry-content'  itemprop=\"text\" >In 2015, Franck Ferville set off to discover Vietnam, stopping in a few cities in the north of the country. \r\n<\/div><\/div><footer class=\"entry-footer\"><div class='slide-meta'><time class='slide-meta-time updated'  itemprop=\"datePublished\" datetime=\"2015-04-17T18:35:20+02:00\" >17 April 2015<\/time><\/div><\/footer><span class='hidden'>\n\t\t\t\t<span class='av-structured-data'  itemprop=\"image\" itemscope=\"itemscope\" itemtype=\"https:\/\/schema.org\/ImageObject\" >\n\t\t\t\t\t\t<span itemprop='url'>https:\/\/agencevu.com\/wp-content\/uploads\/2019\/12\/00_FERV21728-2015CL21-1.jpg<\/span>\n\t\t\t\t\t\t<span itemprop='height'>290<\/span>\n\t\t\t\t\t\t<span itemprop='width'>290<\/span>\n\t\t\t\t<\/span>\n\t\t\t\t<span class='av-structured-data'  itemprop=\"publisher\" itemtype=\"https:\/\/schema.org\/Organization\" itemscope=\"itemscope\" >\n\t\t\t\t\t\t<span itemprop='name'>Fanny Demichelis<\/span>\n\t\t\t\t\t\t<span itemprop='logo' itemscope itemtype='https:\/\/schema.org\/ImageObject'>\n\t\t\t\t\t\t\t<span itemprop='url'>\/wp-content\/uploads\/2021\/05\/logo-vert-2.svg<\/span>\n\t\t\t\t\t\t <\/span>\n\t\t\t\t<\/span><span class='av-structured-data'  itemprop=\"author\" itemscope=\"itemscope\" itemtype=\"https:\/\/schema.org\/Person\" ><span itemprop='name'>Fanny Demichelis<\/span><\/span><span class='av-structured-data'  itemprop=\"datePublished\" datetime=\"1997-02-11T16:28:46+01:00\" >2015-04-17 18:35:20<\/span><span class='av-structured-data'  itemprop=\"dateModified\" itemtype=\"https:\/\/schema.org\/dateModified\" >2021-04-07 15:26:46<\/span><span class='av-structured-data'  itemprop=\"mainEntityOfPage\" itemtype=\"https:\/\/schema.org\/mainEntityOfPage\" ><span itemprop='name'>Vietnam, 2015<\/span><\/span><\/span><\/article><article class='slide-entry flex_column  post-entry post-entry-45908 slide-entry-overview slide-loop-6 slide-parity-even  av_one_half  real-thumbnail'  itemscope=\"itemscope\" itemtype=\"https:\/\/schema.org\/CreativeWork\" ><a href='https:\/\/agencevu.com\/en\/serie\/les-soirees-de-pamela-2012\/' data-rel='slide-2' class='slide-image' title=''><img width=\"290\" height=\"290\" src=\"https:\/\/agencevu.com\/wp-content\/uploads\/2019\/12\/00_FERV18988-2012CL08-copie.jpg\" class=\"wp-image-45564 avia-img-lazy-loading-45564 attachment-portfolio size-portfolio wp-post-image\" alt=\"\" loading=\"lazy\" srcset=\"https:\/\/agencevu.com\/wp-content\/uploads\/2019\/12\/00_FERV18988-2012CL08-copie.jpg 290w, https:\/\/agencevu.com\/wp-content\/uploads\/2019\/12\/00_FERV18988-2012CL08-copie-80x80.jpg 80w, https:\/\/agencevu.com\/wp-content\/uploads\/2019\/12\/00_FERV18988-2012CL08-copie-36x36.jpg 36w, https:\/\/agencevu.com\/wp-content\/uploads\/2019\/12\/00_FERV18988-2012CL08-copie-180x180.jpg 180w, https:\/\/agencevu.com\/wp-content\/uploads\/2019\/12\/00_FERV18988-2012CL08-copie-120x120.jpg 120w\" sizes=\"(max-width: 290px) 100vw, 290px\" \/><\/a><div class='slide-content'><header class=\"entry-content-header\"><span class=\"blog-categories minor-meta\"> <a href=\"https:\/\/agencevu.com\/en\/photographer\/franck-ferville\/\" rel=\"tag\">Franck Ferville<\/a> <a href=\"https:\/\/agencevu.com\/en\/section_taxonomy\/series\/\" rel=\"tag\">s\u00e9ries<\/a> <\/span><h3 class='slide-entry-title entry-title'  itemprop=\"headline\" ><a href='https:\/\/agencevu.com\/en\/serie\/les-soirees-de-pamela-2012\/' title='The Night Life of Pamela, 2012'>The Night Life of Pamela, 2012<\/a><\/h3><span class=\"av-vertical-delimiter\"><\/span><\/header><div class='slide-entry-excerpt entry-content'  itemprop=\"text\" >By day, Garbatje is a nurse in Bruge. By night, everywhere else, he's Pamela. Come nighttime, parading her body before an audience...<\/div><\/div><footer class=\"entry-footer\"><div class='slide-meta'><time class='slide-meta-time updated'  itemprop=\"datePublished\" datetime=\"2012-05-17T18:04:43+02:00\" >17 May 2012<\/time><\/div><\/footer><span class='hidden'>\n\t\t\t\t<span class='av-structured-data'  itemprop=\"image\" itemscope=\"itemscope\" itemtype=\"https:\/\/schema.org\/ImageObject\" >\n\t\t\t\t\t\t<span itemprop='url'>https:\/\/agencevu.com\/wp-content\/uploads\/2019\/12\/00_FERV18988-2012CL08-copie.jpg<\/span>\n\t\t\t\t\t\t<span itemprop='height'>290<\/span>\n\t\t\t\t\t\t<span itemprop='width'>290<\/span>\n\t\t\t\t<\/span>\n\t\t\t\t<span class='av-structured-data'  itemprop=\"publisher\" itemtype=\"https:\/\/schema.org\/Organization\" itemscope=\"itemscope\" >\n\t\t\t\t\t\t<span itemprop='name'>Fanny Demichelis<\/span>\n\t\t\t\t\t\t<span itemprop='logo' itemscope itemtype='https:\/\/schema.org\/ImageObject'>\n\t\t\t\t\t\t\t<span itemprop='url'>\/wp-content\/uploads\/2021\/05\/logo-vert-2.svg<\/span>\n\t\t\t\t\t\t <\/span>\n\t\t\t\t<\/span><span class='av-structured-data'  itemprop=\"author\" itemscope=\"itemscope\" itemtype=\"https:\/\/schema.org\/Person\" ><span itemprop='name'>Fanny Demichelis<\/span><\/span><span class='av-structured-data'  itemprop=\"datePublished\" datetime=\"1997-02-11T16:28:46+01:00\" >2012-05-17 18:04:43<\/span><span class='av-structured-data'  itemprop=\"dateModified\" itemtype=\"https:\/\/schema.org\/dateModified\" >2021-04-07 15:28:53<\/span><span class='av-structured-data'  itemprop=\"mainEntityOfPage\" itemtype=\"https:\/\/schema.org\/mainEntityOfPage\" ><span itemprop='name'>The Night Life of Pamela, 2012<\/span><\/span><\/span><\/article><\/div><div class='slide-entry-wrap'><article class='slide-entry flex_column  post-entry post-entry-45904 slide-entry-overview slide-loop-7 slide-parity-odd  av_one_half first real-thumbnail'  itemscope=\"itemscope\" itemtype=\"https:\/\/schema.org\/CreativeWork\" ><a href='https:\/\/agencevu.com\/en\/serie\/new-york-city-2011\/' data-rel='slide-2' class='slide-image' title=''><img width=\"290\" height=\"290\" src=\"https:\/\/agencevu.com\/wp-content\/uploads\/2019\/12\/00_01_FERV15393-2009CL35-copie.jpg\" class=\"wp-image-45520 avia-img-lazy-loading-45520 attachment-portfolio size-portfolio wp-post-image\" alt=\"\" loading=\"lazy\" srcset=\"https:\/\/agencevu.com\/wp-content\/uploads\/2019\/12\/00_01_FERV15393-2009CL35-copie.jpg 290w, https:\/\/agencevu.com\/wp-content\/uploads\/2019\/12\/00_01_FERV15393-2009CL35-copie-80x80.jpg 80w, https:\/\/agencevu.com\/wp-content\/uploads\/2019\/12\/00_01_FERV15393-2009CL35-copie-36x36.jpg 36w, https:\/\/agencevu.com\/wp-content\/uploads\/2019\/12\/00_01_FERV15393-2009CL35-copie-180x180.jpg 180w, https:\/\/agencevu.com\/wp-content\/uploads\/2019\/12\/00_01_FERV15393-2009CL35-copie-120x120.jpg 120w\" sizes=\"(max-width: 290px) 100vw, 290px\" \/><\/a><div class='slide-content'><header class=\"entry-content-header\"><span class=\"blog-categories minor-meta\"> <a href=\"https:\/\/agencevu.com\/en\/photographer\/franck-ferville\/\" rel=\"tag\">Franck Ferville<\/a> <a href=\"https:\/\/agencevu.com\/en\/section_taxonomy\/series\/\" rel=\"tag\">s\u00e9ries<\/a> <\/span><h3 class='slide-entry-title entry-title'  itemprop=\"headline\" ><a href='https:\/\/agencevu.com\/en\/serie\/new-york-city-2011\/' title='New York City, 2011'>New York City, 2011<\/a><\/h3><span class=\"av-vertical-delimiter\"><\/span><\/header><div class='slide-entry-excerpt entry-content'  itemprop=\"text\" >In 2011, Franck Ferville walked the streets of New York City, capturing some iconic images of the city that never sleeps. \r\n<\/div><\/div><footer class=\"entry-footer\"><div class='slide-meta'><time class='slide-meta-time updated'  itemprop=\"datePublished\" datetime=\"2011-04-17T18:35:16+02:00\" >17 April 2011<\/time><\/div><\/footer><span class='hidden'>\n\t\t\t\t<span class='av-structured-data'  itemprop=\"image\" itemscope=\"itemscope\" itemtype=\"https:\/\/schema.org\/ImageObject\" >\n\t\t\t\t\t\t<span itemprop='url'>https:\/\/agencevu.com\/wp-content\/uploads\/2019\/12\/00_01_FERV15393-2009CL35-copie.jpg<\/span>\n\t\t\t\t\t\t<span itemprop='height'>290<\/span>\n\t\t\t\t\t\t<span itemprop='width'>290<\/span>\n\t\t\t\t<\/span>\n\t\t\t\t<span class='av-structured-data'  itemprop=\"publisher\" itemtype=\"https:\/\/schema.org\/Organization\" itemscope=\"itemscope\" >\n\t\t\t\t\t\t<span itemprop='name'>Fanny Demichelis<\/span>\n\t\t\t\t\t\t<span itemprop='logo' itemscope itemtype='https:\/\/schema.org\/ImageObject'>\n\t\t\t\t\t\t\t<span itemprop='url'>\/wp-content\/uploads\/2021\/05\/logo-vert-2.svg<\/span>\n\t\t\t\t\t\t <\/span>\n\t\t\t\t<\/span><span class='av-structured-data'  itemprop=\"author\" itemscope=\"itemscope\" itemtype=\"https:\/\/schema.org\/Person\" ><span itemprop='name'>Fanny Demichelis<\/span><\/span><span class='av-structured-data'  itemprop=\"datePublished\" datetime=\"1997-02-11T16:28:46+01:00\" >2011-04-17 18:35:16<\/span><span class='av-structured-data'  itemprop=\"dateModified\" itemtype=\"https:\/\/schema.org\/dateModified\" >2021-04-07 16:47:53<\/span><span class='av-structured-data'  itemprop=\"mainEntityOfPage\" itemtype=\"https:\/\/schema.org\/mainEntityOfPage\" ><span itemprop='name'>New York City, 2011<\/span><\/span><\/span><\/article><article class='slide-entry flex_column  post-entry post-entry-45900 slide-entry-overview slide-loop-8 slide-parity-even  av_one_half  real-thumbnail'  itemscope=\"itemscope\" itemtype=\"https:\/\/schema.org\/CreativeWork\" ><a href='https:\/\/agencevu.com\/en\/serie\/one-second-between-01-am-and-06-am-2006\/' data-rel='slide-2' class='slide-image' title=''><img width=\"290\" height=\"290\" src=\"https:\/\/agencevu.com\/wp-content\/uploads\/2019\/12\/00_04_FERV13673-2006CL004-copie.jpg\" class=\"wp-image-45490 avia-img-lazy-loading-45490 attachment-portfolio size-portfolio wp-post-image\" alt=\"\" loading=\"lazy\" srcset=\"https:\/\/agencevu.com\/wp-content\/uploads\/2019\/12\/00_04_FERV13673-2006CL004-copie.jpg 290w, https:\/\/agencevu.com\/wp-content\/uploads\/2019\/12\/00_04_FERV13673-2006CL004-copie-80x80.jpg 80w, https:\/\/agencevu.com\/wp-content\/uploads\/2019\/12\/00_04_FERV13673-2006CL004-copie-36x36.jpg 36w, https:\/\/agencevu.com\/wp-content\/uploads\/2019\/12\/00_04_FERV13673-2006CL004-copie-180x180.jpg 180w, https:\/\/agencevu.com\/wp-content\/uploads\/2019\/12\/00_04_FERV13673-2006CL004-copie-120x120.jpg 120w\" sizes=\"(max-width: 290px) 100vw, 290px\" \/><\/a><div class='slide-content'><header class=\"entry-content-header\"><span class=\"blog-categories minor-meta\"> <a href=\"https:\/\/agencevu.com\/en\/photographer\/franck-ferville\/\" rel=\"tag\">Franck Ferville<\/a> <a href=\"https:\/\/agencevu.com\/en\/section_taxonomy\/series\/\" rel=\"tag\">s\u00e9ries<\/a> <\/span><h3 class='slide-entry-title entry-title'  itemprop=\"headline\" ><a href='https:\/\/agencevu.com\/en\/serie\/one-second-between-01-am-and-06-am-2006\/' title='One second between 1am and 6am, 2006'>One second between 1am and 6am, 2006<\/a><\/h3><span class=\"av-vertical-delimiter\"><\/span><\/header><div class='slide-entry-excerpt entry-content'  itemprop=\"text\" >This is a portraits series realized during parties in Paris, between 1am and 6am, where I shot every model only once.<\/div><\/div><footer class=\"entry-footer\"><div class='slide-meta'><time class='slide-meta-time updated'  itemprop=\"datePublished\" datetime=\"2006-07-17T18:35:15+02:00\" >17 July 2006<\/time><\/div><\/footer><span class='hidden'>\n\t\t\t\t<span class='av-structured-data'  itemprop=\"image\" itemscope=\"itemscope\" itemtype=\"https:\/\/schema.org\/ImageObject\" >\n\t\t\t\t\t\t<span itemprop='url'>https:\/\/agencevu.com\/wp-content\/uploads\/2019\/12\/00_04_FERV13673-2006CL004-copie.jpg<\/span>\n\t\t\t\t\t\t<span itemprop='height'>290<\/span>\n\t\t\t\t\t\t<span itemprop='width'>290<\/span>\n\t\t\t\t<\/span>\n\t\t\t\t<span class='av-structured-data'  itemprop=\"publisher\" itemtype=\"https:\/\/schema.org\/Organization\" itemscope=\"itemscope\" >\n\t\t\t\t\t\t<span itemprop='name'>Fanny Demichelis<\/span>\n\t\t\t\t\t\t<span itemprop='logo' itemscope itemtype='https:\/\/schema.org\/ImageObject'>\n\t\t\t\t\t\t\t<span itemprop='url'>\/wp-content\/uploads\/2021\/05\/logo-vert-2.svg<\/span>\n\t\t\t\t\t\t <\/span>\n\t\t\t\t<\/span><span class='av-structured-data'  itemprop=\"author\" itemscope=\"itemscope\" itemtype=\"https:\/\/schema.org\/Person\" ><span itemprop='name'>Fanny Demichelis<\/span><\/span><span class='av-structured-data'  itemprop=\"datePublished\" datetime=\"1997-02-11T16:28:46+01:00\" >2006-07-17 18:35:15<\/span><span class='av-structured-data'  itemprop=\"dateModified\" itemtype=\"https:\/\/schema.org\/dateModified\" >2021-04-07 16:06:03<\/span><span class='av-structured-data'  itemprop=\"mainEntityOfPage\" itemtype=\"https:\/\/schema.org\/mainEntityOfPage\" ><span itemprop='name'>One second between 1am and 6am, 2006<\/span><\/span><\/span><\/article><\/div><div class='slide-entry-wrap'><article class='slide-entry flex_column  post-entry post-entry-45896 slide-entry-overview slide-loop-9 slide-parity-odd  av_one_half first real-thumbnail'  itemscope=\"itemscope\" itemtype=\"https:\/\/schema.org\/CreativeWork\" ><a href='https:\/\/agencevu.com\/en\/serie\/cheerleaders-2006\/' data-rel='slide-2' class='slide-image' title=''><img width=\"290\" height=\"290\" src=\"https:\/\/agencevu.com\/wp-content\/uploads\/2019\/12\/00_FERV13028-2006CL03.jpg\" class=\"wp-image-45456 avia-img-lazy-loading-45456 attachment-portfolio size-portfolio wp-post-image\" alt=\"\" loading=\"lazy\" srcset=\"https:\/\/agencevu.com\/wp-content\/uploads\/2019\/12\/00_FERV13028-2006CL03.jpg 290w, https:\/\/agencevu.com\/wp-content\/uploads\/2019\/12\/00_FERV13028-2006CL03-80x80.jpg 80w, https:\/\/agencevu.com\/wp-content\/uploads\/2019\/12\/00_FERV13028-2006CL03-36x36.jpg 36w, https:\/\/agencevu.com\/wp-content\/uploads\/2019\/12\/00_FERV13028-2006CL03-180x180.jpg 180w, https:\/\/agencevu.com\/wp-content\/uploads\/2019\/12\/00_FERV13028-2006CL03-120x120.jpg 120w\" sizes=\"(max-width: 290px) 100vw, 290px\" \/><\/a><div class='slide-content'><header class=\"entry-content-header\"><span class=\"blog-categories minor-meta\"> <a href=\"https:\/\/agencevu.com\/en\/photographer\/franck-ferville\/\" rel=\"tag\">Franck Ferville<\/a> <a href=\"https:\/\/agencevu.com\/en\/section_taxonomy\/series\/\" rel=\"tag\">s\u00e9ries<\/a> <\/span><h3 class='slide-entry-title entry-title'  itemprop=\"headline\" ><a href='https:\/\/agencevu.com\/en\/serie\/cheerleaders-2006\/' title='Cheerleaders, 2006'>Cheerleaders, 2006<\/a><\/h3><span class=\"av-vertical-delimiter\"><\/span><\/header><div class='slide-entry-excerpt entry-content'  itemprop=\"text\" >Series \"Cheerleaders\" - 2006<\/div><\/div><footer class=\"entry-footer\"><div class='slide-meta'><time class='slide-meta-time updated'  itemprop=\"datePublished\" datetime=\"2006-05-17T18:35:13+02:00\" >17 May 2006<\/time><\/div><\/footer><span class='hidden'>\n\t\t\t\t<span class='av-structured-data'  itemprop=\"image\" itemscope=\"itemscope\" itemtype=\"https:\/\/schema.org\/ImageObject\" >\n\t\t\t\t\t\t<span itemprop='url'>https:\/\/agencevu.com\/wp-content\/uploads\/2019\/12\/00_FERV13028-2006CL03.jpg<\/span>\n\t\t\t\t\t\t<span itemprop='height'>290<\/span>\n\t\t\t\t\t\t<span itemprop='width'>290<\/span>\n\t\t\t\t<\/span>\n\t\t\t\t<span class='av-structured-data'  itemprop=\"publisher\" itemtype=\"https:\/\/schema.org\/Organization\" itemscope=\"itemscope\" >\n\t\t\t\t\t\t<span itemprop='name'>Fanny Demichelis<\/span>\n\t\t\t\t\t\t<span itemprop='logo' itemscope itemtype='https:\/\/schema.org\/ImageObject'>\n\t\t\t\t\t\t\t<span itemprop='url'>\/wp-content\/uploads\/2021\/05\/logo-vert-2.svg<\/span>\n\t\t\t\t\t\t <\/span>\n\t\t\t\t<\/span><span class='av-structured-data'  itemprop=\"author\" itemscope=\"itemscope\" itemtype=\"https:\/\/schema.org\/Person\" ><span itemprop='name'>Fanny Demichelis<\/span><\/span><span class='av-structured-data'  itemprop=\"datePublished\" datetime=\"1997-02-11T16:28:46+01:00\" >2006-05-17 18:35:13<\/span><span class='av-structured-data'  itemprop=\"dateModified\" itemtype=\"https:\/\/schema.org\/dateModified\" >2021-04-07 15:20:47<\/span><span class='av-structured-data'  itemprop=\"mainEntityOfPage\" itemtype=\"https:\/\/schema.org\/mainEntityOfPage\" ><span itemprop='name'>Cheerleaders, 2006<\/span><\/span><\/span><\/article><article class='slide-entry flex_column  post-entry post-entry-45892 slide-entry-overview slide-loop-10 slide-parity-even  av_one_half  real-thumbnail'  itemscope=\"itemscope\" itemtype=\"https:\/\/schema.org\/CreativeWork\" ><a href='https:\/\/agencevu.com\/en\/serie\/blankenberge-2004\/' data-rel='slide-2' class='slide-image' title=''><img width=\"290\" height=\"290\" src=\"https:\/\/agencevu.com\/wp-content\/uploads\/2019\/12\/00_FERV11173-2003NB03.jpg\" class=\"wp-image-45430 avia-img-lazy-loading-45430 attachment-portfolio size-portfolio wp-post-image\" alt=\"\" loading=\"lazy\" srcset=\"https:\/\/agencevu.com\/wp-content\/uploads\/2019\/12\/00_FERV11173-2003NB03.jpg 290w, https:\/\/agencevu.com\/wp-content\/uploads\/2019\/12\/00_FERV11173-2003NB03-80x80.jpg 80w, https:\/\/agencevu.com\/wp-content\/uploads\/2019\/12\/00_FERV11173-2003NB03-36x36.jpg 36w, https:\/\/agencevu.com\/wp-content\/uploads\/2019\/12\/00_FERV11173-2003NB03-180x180.jpg 180w, https:\/\/agencevu.com\/wp-content\/uploads\/2019\/12\/00_FERV11173-2003NB03-120x120.jpg 120w\" sizes=\"(max-width: 290px) 100vw, 290px\" \/><\/a><div class='slide-content'><header class=\"entry-content-header\"><span class=\"blog-categories minor-meta\"> <a href=\"https:\/\/agencevu.com\/en\/photographer\/franck-ferville\/\" rel=\"tag\">Franck Ferville<\/a> <a href=\"https:\/\/agencevu.com\/en\/section_taxonomy\/series\/\" rel=\"tag\">s\u00e9ries<\/a> <\/span><h3 class='slide-entry-title entry-title'  itemprop=\"headline\" ><a href='https:\/\/agencevu.com\/en\/serie\/blankenberge-2004\/' title='Blankenberge, 2004'>Blankenberge, 2004<\/a><\/h3><span class=\"av-vertical-delimiter\"><\/span><\/header><div class='slide-entry-excerpt entry-content'  itemprop=\"text\" >Wedged between Knokke-le-Zoute and Ostende, the Blankenberge seaside resort emits a paradoxical poetry.\u2028<\/div><\/div><footer class=\"entry-footer\"><div class='slide-meta'><time class='slide-meta-time updated'  itemprop=\"datePublished\" datetime=\"2004-08-17T18:35:11+02:00\" >17 August 2004<\/time><\/div><\/footer><span class='hidden'>\n\t\t\t\t<span class='av-structured-data'  itemprop=\"image\" itemscope=\"itemscope\" itemtype=\"https:\/\/schema.org\/ImageObject\" >\n\t\t\t\t\t\t<span itemprop='url'>https:\/\/agencevu.com\/wp-content\/uploads\/2019\/12\/00_FERV11173-2003NB03.jpg<\/span>\n\t\t\t\t\t\t<span itemprop='height'>290<\/span>\n\t\t\t\t\t\t<span itemprop='width'>290<\/span>\n\t\t\t\t<\/span>\n\t\t\t\t<span class='av-structured-data'  itemprop=\"publisher\" itemtype=\"https:\/\/schema.org\/Organization\" itemscope=\"itemscope\" >\n\t\t\t\t\t\t<span itemprop='name'>Fanny Demichelis<\/span>\n\t\t\t\t\t\t<span itemprop='logo' itemscope itemtype='https:\/\/schema.org\/ImageObject'>\n\t\t\t\t\t\t\t<span itemprop='url'>\/wp-content\/uploads\/2021\/05\/logo-vert-2.svg<\/span>\n\t\t\t\t\t\t <\/span>\n\t\t\t\t<\/span><span class='av-structured-data'  itemprop=\"author\" itemscope=\"itemscope\" itemtype=\"https:\/\/schema.org\/Person\" ><span itemprop='name'>Fanny Demichelis<\/span><\/span><span class='av-structured-data'  itemprop=\"datePublished\" datetime=\"1997-02-11T16:28:46+01:00\" >2004-08-17 18:35:11<\/span><span class='av-structured-data'  itemprop=\"dateModified\" itemtype=\"https:\/\/schema.org\/dateModified\" >2021-04-07 16:07:30<\/span><span class='av-structured-data'  itemprop=\"mainEntityOfPage\" itemtype=\"https:\/\/schema.org\/mainEntityOfPage\" ><span itemprop='name'>Blankenberge, 2004<\/span><\/span><\/span><\/article><\/div><div class='slide-entry-wrap'><article class='slide-entry flex_column  post-entry post-entry-45888 slide-entry-overview slide-loop-11 slide-parity-odd  av_one_half first real-thumbnail'  itemscope=\"itemscope\" itemtype=\"https:\/\/schema.org\/CreativeWork\" ><a href='https:\/\/agencevu.com\/en\/serie\/india-1989-2003\/' data-rel='slide-2' class='slide-image' title=''><img width=\"290\" height=\"290\" src=\"https:\/\/agencevu.com\/wp-content\/uploads\/2019\/12\/08_FERV4765-2003NB12.jpg\" class=\"wp-image-45375 avia-img-lazy-loading-45375 attachment-portfolio size-portfolio wp-post-image\" alt=\"\" loading=\"lazy\" srcset=\"https:\/\/agencevu.com\/wp-content\/uploads\/2019\/12\/08_FERV4765-2003NB12.jpg 290w, https:\/\/agencevu.com\/wp-content\/uploads\/2019\/12\/08_FERV4765-2003NB12-80x80.jpg 80w, https:\/\/agencevu.com\/wp-content\/uploads\/2019\/12\/08_FERV4765-2003NB12-36x36.jpg 36w, https:\/\/agencevu.com\/wp-content\/uploads\/2019\/12\/08_FERV4765-2003NB12-180x180.jpg 180w, https:\/\/agencevu.com\/wp-content\/uploads\/2019\/12\/08_FERV4765-2003NB12-120x120.jpg 120w\" sizes=\"(max-width: 290px) 100vw, 290px\" \/><\/a><div class='slide-content'><header class=\"entry-content-header\"><span class=\"blog-categories minor-meta\"> <a href=\"https:\/\/agencevu.com\/en\/photographer\/franck-ferville\/\" rel=\"tag\">Franck Ferville<\/a> <a href=\"https:\/\/agencevu.com\/en\/section_taxonomy\/series\/\" rel=\"tag\">s\u00e9ries<\/a> <\/span><h3 class='slide-entry-title entry-title'  itemprop=\"headline\" ><a href='https:\/\/agencevu.com\/en\/serie\/india-1989-2003\/' title='India, 1989-2003'>India, 1989-2003<\/a><\/h3><span class=\"av-vertical-delimiter\"><\/span><\/header><div class='slide-entry-excerpt entry-content'  itemprop=\"text\" >Passionate about India, Franck Ferville has made several trips to different parts of India since the late 1990s. <\/div><\/div><footer class=\"entry-footer\"><div class='slide-meta'><time class='slide-meta-time updated'  itemprop=\"datePublished\" datetime=\"2003-06-17T18:35:09+02:00\" >17 June 2003<\/time><\/div><\/footer><span class='hidden'>\n\t\t\t\t<span class='av-structured-data'  itemprop=\"image\" itemscope=\"itemscope\" itemtype=\"https:\/\/schema.org\/ImageObject\" >\n\t\t\t\t\t\t<span itemprop='url'>https:\/\/agencevu.com\/wp-content\/uploads\/2019\/12\/08_FERV4765-2003NB12.jpg<\/span>\n\t\t\t\t\t\t<span itemprop='height'>290<\/span>\n\t\t\t\t\t\t<span itemprop='width'>290<\/span>\n\t\t\t\t<\/span>\n\t\t\t\t<span class='av-structured-data'  itemprop=\"publisher\" itemtype=\"https:\/\/schema.org\/Organization\" itemscope=\"itemscope\" >\n\t\t\t\t\t\t<span itemprop='name'>Fanny Demichelis<\/span>\n\t\t\t\t\t\t<span itemprop='logo' itemscope itemtype='https:\/\/schema.org\/ImageObject'>\n\t\t\t\t\t\t\t<span itemprop='url'>\/wp-content\/uploads\/2021\/05\/logo-vert-2.svg<\/span>\n\t\t\t\t\t\t <\/span>\n\t\t\t\t<\/span><span class='av-structured-data'  itemprop=\"author\" itemscope=\"itemscope\" itemtype=\"https:\/\/schema.org\/Person\" ><span itemprop='name'>Fanny Demichelis<\/span><\/span><span class='av-structured-data'  itemprop=\"datePublished\" datetime=\"1997-02-11T16:28:46+01:00\" >2003-06-17 18:35:09<\/span><span class='av-structured-data'  itemprop=\"dateModified\" itemtype=\"https:\/\/schema.org\/dateModified\" >2021-04-07 16:09:15<\/span><span class='av-structured-data'  itemprop=\"mainEntityOfPage\" itemtype=\"https:\/\/schema.org\/mainEntityOfPage\" ><span itemprop='name'>India, 1989-2003<\/span><\/span><\/span><\/article><article class='slide-entry flex_column  post-entry post-entry-45298 slide-entry-overview slide-loop-12 slide-parity-even  av_one_half  real-thumbnail'  itemscope=\"itemscope\" itemtype=\"https:\/\/schema.org\/CreativeWork\" ><a href='https:\/\/agencevu.com\/en\/serie\/gypsies-2002\/' data-rel='slide-2' class='slide-image' title=''><img width=\"290\" height=\"290\" src=\"https:\/\/agencevu.com\/wp-content\/uploads\/2019\/12\/00_FERV12121-2000CL002-copie.jpg\" class=\"wp-image-45082 avia-img-lazy-loading-45082 attachment-portfolio size-portfolio wp-post-image\" alt=\"\" loading=\"lazy\" srcset=\"https:\/\/agencevu.com\/wp-content\/uploads\/2019\/12\/00_FERV12121-2000CL002-copie.jpg 290w, https:\/\/agencevu.com\/wp-content\/uploads\/2019\/12\/00_FERV12121-2000CL002-copie-80x80.jpg 80w, https:\/\/agencevu.com\/wp-content\/uploads\/2019\/12\/00_FERV12121-2000CL002-copie-36x36.jpg 36w, https:\/\/agencevu.com\/wp-content\/uploads\/2019\/12\/00_FERV12121-2000CL002-copie-180x180.jpg 180w, https:\/\/agencevu.com\/wp-content\/uploads\/2019\/12\/00_FERV12121-2000CL002-copie-120x120.jpg 120w\" sizes=\"(max-width: 290px) 100vw, 290px\" \/><\/a><div class='slide-content'><header class=\"entry-content-header\"><span class=\"blog-categories minor-meta\"> <a href=\"https:\/\/agencevu.com\/en\/photographer\/franck-ferville\/\" rel=\"tag\">Franck Ferville<\/a> <a href=\"https:\/\/agencevu.com\/en\/section_taxonomy\/series\/\" rel=\"tag\">s\u00e9ries<\/a> <\/span><h3 class='slide-entry-title entry-title'  itemprop=\"headline\" ><a href='https:\/\/agencevu.com\/en\/serie\/gypsies-2002\/' title='Gypsies, 2002'>Gypsies, 2002<\/a><\/h3><span class=\"av-vertical-delimiter\"><\/span><\/header><div class='slide-entry-excerpt entry-content'  itemprop=\"text\" >It was precisely when I ran into a convoy of caravans in the Parisian suburbs that I met Mickey, Evangelical pastor and clan chief of this community. <\/div><\/div><footer class=\"entry-footer\"><div class='slide-meta'><time class='slide-meta-time updated'  itemprop=\"datePublished\" datetime=\"2002-09-11T16:46:28+02:00\" >11 September 2002<\/time><\/div><\/footer><span class='hidden'>\n\t\t\t\t<span class='av-structured-data'  itemprop=\"image\" itemscope=\"itemscope\" itemtype=\"https:\/\/schema.org\/ImageObject\" >\n\t\t\t\t\t\t<span itemprop='url'>https:\/\/agencevu.com\/wp-content\/uploads\/2019\/12\/00_FERV12121-2000CL002-copie.jpg<\/span>\n\t\t\t\t\t\t<span itemprop='height'>290<\/span>\n\t\t\t\t\t\t<span itemprop='width'>290<\/span>\n\t\t\t\t<\/span>\n\t\t\t\t<span class='av-structured-data'  itemprop=\"publisher\" itemtype=\"https:\/\/schema.org\/Organization\" itemscope=\"itemscope\" >\n\t\t\t\t\t\t<span itemprop='name'>Fanny Demichelis<\/span>\n\t\t\t\t\t\t<span itemprop='logo' itemscope itemtype='https:\/\/schema.org\/ImageObject'>\n\t\t\t\t\t\t\t<span itemprop='url'>\/wp-content\/uploads\/2021\/05\/logo-vert-2.svg<\/span>\n\t\t\t\t\t\t <\/span>\n\t\t\t\t<\/span><span class='av-structured-data'  itemprop=\"author\" itemscope=\"itemscope\" itemtype=\"https:\/\/schema.org\/Person\" ><span itemprop='name'>Fanny Demichelis<\/span><\/span><span class='av-structured-data'  itemprop=\"datePublished\" datetime=\"1997-02-11T16:28:46+01:00\" >2002-09-11 16:46:28<\/span><span class='av-structured-data'  itemprop=\"dateModified\" itemtype=\"https:\/\/schema.org\/dateModified\" >2021-04-07 16:11:44<\/span><span class='av-structured-data'  itemprop=\"mainEntityOfPage\" itemtype=\"https:\/\/schema.org\/mainEntityOfPage\" ><span itemprop='name'>Gypsies, 2002<\/span><\/span><\/span><\/article><\/div><div class='slide-entry-wrap'><article class='slide-entry flex_column  post-entry post-entry-45299 slide-entry-overview slide-loop-13 slide-parity-odd  post-entry-last  av_one_half first real-thumbnail'  itemscope=\"itemscope\" itemtype=\"https:\/\/schema.org\/CreativeWork\" ><a href='https:\/\/agencevu.com\/en\/serie\/the-moreno-circus-1997\/' data-rel='slide-2' class='slide-image' title=''><img width=\"290\" height=\"290\" src=\"https:\/\/agencevu.com\/wp-content\/uploads\/2019\/12\/00_02_FERV8023-1997CL03-copie.jpg\" class=\"wp-image-45038 avia-img-lazy-loading-45038 attachment-portfolio size-portfolio wp-post-image\" alt=\"\" loading=\"lazy\" srcset=\"https:\/\/agencevu.com\/wp-content\/uploads\/2019\/12\/00_02_FERV8023-1997CL03-copie.jpg 290w, https:\/\/agencevu.com\/wp-content\/uploads\/2019\/12\/00_02_FERV8023-1997CL03-copie-80x80.jpg 80w, https:\/\/agencevu.com\/wp-content\/uploads\/2019\/12\/00_02_FERV8023-1997CL03-copie-36x36.jpg 36w, https:\/\/agencevu.com\/wp-content\/uploads\/2019\/12\/00_02_FERV8023-1997CL03-copie-180x180.jpg 180w, https:\/\/agencevu.com\/wp-content\/uploads\/2019\/12\/00_02_FERV8023-1997CL03-copie-120x120.jpg 120w\" sizes=\"(max-width: 290px) 100vw, 290px\" \/><\/a><div class='slide-content'><header class=\"entry-content-header\"><span class=\"blog-categories minor-meta\"> <a href=\"https:\/\/agencevu.com\/en\/photographer\/franck-ferville\/\" rel=\"tag\">Franck Ferville<\/a> <a href=\"https:\/\/agencevu.com\/en\/section_taxonomy\/series\/\" rel=\"tag\">s\u00e9ries<\/a> <\/span><h3 class='slide-entry-title entry-title'  itemprop=\"headline\" ><a href='https:\/\/agencevu.com\/en\/serie\/the-moreno-circus-1997\/' title='The Mor\u00e9no Circus, 1997'>The Mor\u00e9no Circus, 1997<\/a><\/h3><span class=\"av-vertical-delimiter\"><\/span><\/header><div class='slide-entry-excerpt entry-content'  itemprop=\"text\" >Franck Ferville went to the Moreno circus to photograph animal shows: tigers, elephants, giraffe, monkey, as well as other animals\r\n<\/div><\/div><footer class=\"entry-footer\"><div class='slide-meta'><time class='slide-meta-time updated'  itemprop=\"datePublished\" datetime=\"1997-02-11T16:28:46+01:00\" >11 February 1997<\/time><\/div><\/footer><span class='hidden'>\n\t\t\t\t<span class='av-structured-data'  itemprop=\"image\" itemscope=\"itemscope\" itemtype=\"https:\/\/schema.org\/ImageObject\" >\n\t\t\t\t\t\t<span itemprop='url'>https:\/\/agencevu.com\/wp-content\/uploads\/2019\/12\/00_02_FERV8023-1997CL03-copie.jpg<\/span>\n\t\t\t\t\t\t<span itemprop='height'>290<\/span>\n\t\t\t\t\t\t<span itemprop='width'>290<\/span>\n\t\t\t\t<\/span>\n\t\t\t\t<span class='av-structured-data'  itemprop=\"publisher\" itemtype=\"https:\/\/schema.org\/Organization\" itemscope=\"itemscope\" >\n\t\t\t\t\t\t<span itemprop='name'>Fanny Demichelis<\/span>\n\t\t\t\t\t\t<span itemprop='logo' itemscope itemtype='https:\/\/schema.org\/ImageObject'>\n\t\t\t\t\t\t\t<span itemprop='url'>\/wp-content\/uploads\/2021\/05\/logo-vert-2.svg<\/span>\n\t\t\t\t\t\t <\/span>\n\t\t\t\t<\/span><span class='av-structured-data'  itemprop=\"author\" itemscope=\"itemscope\" itemtype=\"https:\/\/schema.org\/Person\" ><span itemprop='name'>Fanny Demichelis<\/span><\/span><span class='av-structured-data'  itemprop=\"datePublished\" datetime=\"1997-02-11T16:28:46+01:00\" >1997-02-11 16:28:46<\/span><span class='av-structured-data'  itemprop=\"dateModified\" itemtype=\"https:\/\/schema.org\/dateModified\" >2021-04-07 16:13:19<\/span><span class='av-structured-data'  itemprop=\"mainEntityOfPage\" itemtype=\"https:\/\/schema.org\/mainEntityOfPage\" ><span itemprop='name'>The Mor\u00e9no Circus, 1997<\/span><\/span><\/span><\/article><\/div><\/div><\/div>\n<div  data-autoplay=''  data-interval='5'  data-animation='fade'  data-show_slide_delay='90'  class='avia-content-slider avia-content-grid-active avia-content-slider3 avia-content-slider-odd   av-desktop-hide av-medium-hide av-small-hide'  itemscope=\"itemscope\" itemtype=\"https:\/\/schema.org\/Blog\" ><div class='avia-content-slider-inner'><div class='slide-entry-wrap'><article class='slide-entry flex_column  post-entry post-entry-130588 slide-entry-overview slide-loop-1 slide-parity-odd  av_fullwidth first real-thumbnail'  itemscope=\"itemscope\" itemtype=\"https:\/\/schema.org\/CreativeWork\" ><a href='https:\/\/agencevu.com\/en\/serie\/portraits-de-personnalites-2019-2021\/' data-rel='slide-3' class='slide-image' title=''><img width=\"215\" height=\"290\" src=\"https:\/\/agencevu.com\/wp-content\/uploads\/2021\/04\/00_FERV24435-2021CL03.jpg\" class=\"wp-image-130541 avia-img-lazy-loading-130541 attachment-large size-large wp-post-image\" alt=\"\" loading=\"lazy\" srcset=\"https:\/\/agencevu.com\/wp-content\/uploads\/2021\/04\/00_FERV24435-2021CL03.jpg 215w, https:\/\/agencevu.com\/wp-content\/uploads\/2021\/04\/00_FERV24435-2021CL03-59x80.jpg 59w\" sizes=\"(max-width: 215px) 100vw, 215px\" \/><\/a><div class='slide-content'><header class=\"entry-content-header\"><span class=\"blog-categories minor-meta\"> <a href=\"https:\/\/agencevu.com\/en\/photographer\/franck-ferville\/\" rel=\"tag\">Franck Ferville<\/a> <a href=\"https:\/\/agencevu.com\/en\/section_taxonomy\/series\/\" rel=\"tag\">s\u00e9ries<\/a> <\/span><h3 class='slide-entry-title entry-title'  itemprop=\"headline\" ><a href='https:\/\/agencevu.com\/en\/serie\/portraits-de-personnalites-2019-2021\/' title='Portraits of Personalities, 2019-2021'>Portraits of Personalities, 2019-2021<\/a><\/h3><span class=\"av-vertical-delimiter\"><\/span><\/header><div class='slide-entry-excerpt entry-content'  itemprop=\"text\" >Selection of French and international personalities\u2019 portraits shot between 2019 and 2021 by Franck Ferville. <\/div><\/div><footer class=\"entry-footer\"><div class='slide-meta'><time class='slide-meta-time updated'  itemprop=\"datePublished\" datetime=\"2021-04-01T15:09:03+02:00\" >1 April 2021<\/time><\/div><\/footer><span class='hidden'>\n\t\t\t\t<span class='av-structured-data'  itemprop=\"image\" itemscope=\"itemscope\" itemtype=\"https:\/\/schema.org\/ImageObject\" >\n\t\t\t\t\t\t<span itemprop='url'>https:\/\/agencevu.com\/wp-content\/uploads\/2021\/04\/00_FERV24435-2021CL03.jpg<\/span>\n\t\t\t\t\t\t<span itemprop='height'>290<\/span>\n\t\t\t\t\t\t<span itemprop='width'>215<\/span>\n\t\t\t\t<\/span>\n\t\t\t\t<span class='av-structured-data'  itemprop=\"publisher\" itemtype=\"https:\/\/schema.org\/Organization\" itemscope=\"itemscope\" >\n\t\t\t\t\t\t<span itemprop='name'>Fanny Demichelis<\/span>\n\t\t\t\t\t\t<span itemprop='logo' itemscope itemtype='https:\/\/schema.org\/ImageObject'>\n\t\t\t\t\t\t\t<span itemprop='url'>\/wp-content\/uploads\/2021\/05\/logo-vert-2.svg<\/span>\n\t\t\t\t\t\t <\/span>\n\t\t\t\t<\/span><span class='av-structured-data'  itemprop=\"author\" itemscope=\"itemscope\" itemtype=\"https:\/\/schema.org\/Person\" ><span itemprop='name'>Fanny Demichelis<\/span><\/span><span class='av-structured-data'  itemprop=\"datePublished\" datetime=\"1997-02-11T16:28:46+01:00\" >2021-04-01 15:09:03<\/span><span class='av-structured-data'  itemprop=\"dateModified\" itemtype=\"https:\/\/schema.org\/dateModified\" >2021-04-07 15:13:45<\/span><span class='av-structured-data'  itemprop=\"mainEntityOfPage\" itemtype=\"https:\/\/schema.org\/mainEntityOfPage\" ><span itemprop='name'>Portraits of Personalities, 2019-2021<\/span><\/span><\/span><\/article><\/div><div class='slide-entry-wrap'><article class='slide-entry flex_column  post-entry post-entry-45931 slide-entry-overview slide-loop-2 slide-parity-odd  av_fullwidth first real-thumbnail'  itemscope=\"itemscope\" itemtype=\"https:\/\/schema.org\/CreativeWork\" ><a href='https:\/\/agencevu.com\/en\/serie\/les-gens-de-mon-village-portraits-des-nouveaux-ruraux-2019\/' data-rel='slide-3' class='slide-image' title=''><img width=\"215\" height=\"290\" src=\"https:\/\/agencevu.com\/wp-content\/uploads\/2019\/12\/00_IMG8654.jpg\" class=\"wp-image-45726 avia-img-lazy-loading-45726 attachment-large size-large wp-post-image\" alt=\"\" loading=\"lazy\" srcset=\"https:\/\/agencevu.com\/wp-content\/uploads\/2019\/12\/00_IMG8654.jpg 215w, https:\/\/agencevu.com\/wp-content\/uploads\/2019\/12\/00_IMG8654-59x80.jpg 59w\" sizes=\"(max-width: 215px) 100vw, 215px\" \/><\/a><div class='slide-content'><header class=\"entry-content-header\"><span class=\"blog-categories minor-meta\"> <a href=\"https:\/\/agencevu.com\/en\/photographer\/franck-ferville\/\" rel=\"tag\">Franck Ferville<\/a> <a href=\"https:\/\/agencevu.com\/en\/section_taxonomy\/series\/\" rel=\"tag\">s\u00e9ries<\/a> <\/span><h3 class='slide-entry-title entry-title'  itemprop=\"headline\" ><a href='https:\/\/agencevu.com\/en\/serie\/les-gens-de-mon-village-portraits-des-nouveaux-ruraux-2019\/' title='The People of my Village \/ Portraits of New Rural Residents, 2019'>The People of my Village \/ Portraits of New Rural Residents, 2019<\/a><\/h3><span class=\"av-vertical-delimiter\"><\/span><\/header><div class='slide-entry-excerpt entry-content'  itemprop=\"text\" >Franck Ferville went to meet the inhabitants of his village, to paint a portrait of this new generation increasingly attracted by rural life. <\/div><\/div><footer class=\"entry-footer\"><div class='slide-meta'><time class='slide-meta-time updated'  itemprop=\"datePublished\" datetime=\"2019-09-17T18:28:36+02:00\" >17 September 2019<\/time><\/div><\/footer><span class='hidden'>\n\t\t\t\t<span class='av-structured-data'  itemprop=\"image\" itemscope=\"itemscope\" itemtype=\"https:\/\/schema.org\/ImageObject\" >\n\t\t\t\t\t\t<span itemprop='url'>https:\/\/agencevu.com\/wp-content\/uploads\/2019\/12\/00_IMG8654.jpg<\/span>\n\t\t\t\t\t\t<span itemprop='height'>290<\/span>\n\t\t\t\t\t\t<span itemprop='width'>215<\/span>\n\t\t\t\t<\/span>\n\t\t\t\t<span class='av-structured-data'  itemprop=\"publisher\" itemtype=\"https:\/\/schema.org\/Organization\" itemscope=\"itemscope\" >\n\t\t\t\t\t\t<span itemprop='name'>Fanny Demichelis<\/span>\n\t\t\t\t\t\t<span itemprop='logo' itemscope itemtype='https:\/\/schema.org\/ImageObject'>\n\t\t\t\t\t\t\t<span itemprop='url'>\/wp-content\/uploads\/2021\/05\/logo-vert-2.svg<\/span>\n\t\t\t\t\t\t <\/span>\n\t\t\t\t<\/span><span class='av-structured-data'  itemprop=\"author\" itemscope=\"itemscope\" itemtype=\"https:\/\/schema.org\/Person\" ><span itemprop='name'>Fanny Demichelis<\/span><\/span><span class='av-structured-data'  itemprop=\"datePublished\" datetime=\"1997-02-11T16:28:46+01:00\" >2019-09-17 18:28:36<\/span><span class='av-structured-data'  itemprop=\"dateModified\" itemtype=\"https:\/\/schema.org\/dateModified\" >2021-04-07 16:46:02<\/span><span class='av-structured-data'  itemprop=\"mainEntityOfPage\" itemtype=\"https:\/\/schema.org\/mainEntityOfPage\" ><span itemprop='name'>The People of my Village \/ Portraits of New Rural Residents, 2019<\/span><\/span><\/span><\/article><\/div><div class='slide-entry-wrap'><article class='slide-entry flex_column  post-entry post-entry-130581 slide-entry-overview slide-loop-3 slide-parity-odd  av_fullwidth first real-thumbnail'  itemscope=\"itemscope\" itemtype=\"https:\/\/schema.org\/CreativeWork\" ><a href='https:\/\/agencevu.com\/en\/serie\/portraits-de-personnalites-2016-2018\/' data-rel='slide-3' class='slide-image' title=''><img width=\"215\" height=\"290\" src=\"https:\/\/agencevu.com\/wp-content\/uploads\/2021\/04\/00_FERV23086-2018CL01.jpg\" class=\"wp-image-130573 avia-img-lazy-loading-130573 attachment-large size-large wp-post-image\" alt=\"\" loading=\"lazy\" srcset=\"https:\/\/agencevu.com\/wp-content\/uploads\/2021\/04\/00_FERV23086-2018CL01.jpg 215w, https:\/\/agencevu.com\/wp-content\/uploads\/2021\/04\/00_FERV23086-2018CL01-59x80.jpg 59w\" sizes=\"(max-width: 215px) 100vw, 215px\" \/><\/a><div class='slide-content'><header class=\"entry-content-header\"><span class=\"blog-categories minor-meta\"> <a href=\"https:\/\/agencevu.com\/en\/photographer\/franck-ferville\/\" rel=\"tag\">Franck Ferville<\/a> <a href=\"https:\/\/agencevu.com\/en\/section_taxonomy\/series\/\" rel=\"tag\">s\u00e9ries<\/a> <\/span><h3 class='slide-entry-title entry-title'  itemprop=\"headline\" ><a href='https:\/\/agencevu.com\/en\/serie\/portraits-de-personnalites-2016-2018\/' title='Portraits of Personalities, 2016-2018'>Portraits of Personalities, 2016-2018<\/a><\/h3><span class=\"av-vertical-delimiter\"><\/span><\/header><div class='slide-entry-excerpt entry-content'  itemprop=\"text\" >Selection of French and international personalities\u2019 portraits shot between 2016 and 2018 by Franck Ferville. <\/div><\/div><footer class=\"entry-footer\"><div class='slide-meta'><time class='slide-meta-time updated'  itemprop=\"datePublished\" datetime=\"2018-12-31T15:15:32+01:00\" >31 December 2018<\/time><\/div><\/footer><span class='hidden'>\n\t\t\t\t<span class='av-structured-data'  itemprop=\"image\" itemscope=\"itemscope\" itemtype=\"https:\/\/schema.org\/ImageObject\" >\n\t\t\t\t\t\t<span itemprop='url'>https:\/\/agencevu.com\/wp-content\/uploads\/2021\/04\/00_FERV23086-2018CL01.jpg<\/span>\n\t\t\t\t\t\t<span itemprop='height'>290<\/span>\n\t\t\t\t\t\t<span itemprop='width'>215<\/span>\n\t\t\t\t<\/span>\n\t\t\t\t<span class='av-structured-data'  itemprop=\"publisher\" itemtype=\"https:\/\/schema.org\/Organization\" itemscope=\"itemscope\" >\n\t\t\t\t\t\t<span itemprop='name'>Fanny Demichelis<\/span>\n\t\t\t\t\t\t<span itemprop='logo' itemscope itemtype='https:\/\/schema.org\/ImageObject'>\n\t\t\t\t\t\t\t<span itemprop='url'>\/wp-content\/uploads\/2021\/05\/logo-vert-2.svg<\/span>\n\t\t\t\t\t\t <\/span>\n\t\t\t\t<\/span><span class='av-structured-data'  itemprop=\"author\" itemscope=\"itemscope\" itemtype=\"https:\/\/schema.org\/Person\" ><span itemprop='name'>Fanny Demichelis<\/span><\/span><span class='av-structured-data'  itemprop=\"datePublished\" datetime=\"1997-02-11T16:28:46+01:00\" >2018-12-31 15:15:32<\/span><span class='av-structured-data'  itemprop=\"dateModified\" itemtype=\"https:\/\/schema.org\/dateModified\" >2021-04-07 15:16:59<\/span><span class='av-structured-data'  itemprop=\"mainEntityOfPage\" itemtype=\"https:\/\/schema.org\/mainEntityOfPage\" ><span itemprop='name'>Portraits of Personalities, 2016-2018<\/span><\/span><\/span><\/article><\/div><div class='slide-entry-wrap'><article class='slide-entry flex_column  post-entry post-entry-45923 slide-entry-overview slide-loop-4 slide-parity-odd  av_fullwidth first real-thumbnail'  itemscope=\"itemscope\" itemtype=\"https:\/\/schema.org\/CreativeWork\" ><a href='https:\/\/agencevu.com\/en\/serie\/iceland-2018\/' data-rel='slide-3' class='slide-image' title=''><img width=\"387\" height=\"290\" src=\"https:\/\/agencevu.com\/wp-content\/uploads\/2019\/12\/00_FERV23593-2018CL25.jpg\" class=\"wp-image-45668 avia-img-lazy-loading-45668 attachment-large size-large wp-post-image\" alt=\"\" loading=\"lazy\" srcset=\"https:\/\/agencevu.com\/wp-content\/uploads\/2019\/12\/00_FERV23593-2018CL25.jpg 387w, https:\/\/agencevu.com\/wp-content\/uploads\/2019\/12\/00_FERV23593-2018CL25-80x60.jpg 80w, https:\/\/agencevu.com\/wp-content\/uploads\/2019\/12\/00_FERV23593-2018CL25-300x225.jpg 300w\" sizes=\"(max-width: 387px) 100vw, 387px\" \/><\/a><div class='slide-content'><header class=\"entry-content-header\"><span class=\"blog-categories minor-meta\"> <a href=\"https:\/\/agencevu.com\/en\/photographer\/franck-ferville\/\" rel=\"tag\">Franck Ferville<\/a> <a href=\"https:\/\/agencevu.com\/en\/section_taxonomy\/series\/\" rel=\"tag\">s\u00e9ries<\/a> <\/span><h3 class='slide-entry-title entry-title'  itemprop=\"headline\" ><a href='https:\/\/agencevu.com\/en\/serie\/iceland-2018\/' title='Iceland, 2018'>Iceland, 2018<\/a><\/h3><span class=\"av-vertical-delimiter\"><\/span><\/header><div class='slide-entry-excerpt entry-content'  itemprop=\"text\" ><span class=\"tag-extrait\">S\u00e9rie | <\/span> Franck Ferville travelled the roads of southeastern Island to discover a territory with unique landscapes. \r\n<\/div><\/div><footer class=\"entry-footer\"><div class='slide-meta'><time class='slide-meta-time updated'  itemprop=\"datePublished\" datetime=\"2018-12-17T18:16:17+01:00\" >17 December 2018<\/time><\/div><\/footer><span class='hidden'>\n\t\t\t\t<span class='av-structured-data'  itemprop=\"image\" itemscope=\"itemscope\" itemtype=\"https:\/\/schema.org\/ImageObject\" >\n\t\t\t\t\t\t<span itemprop='url'>https:\/\/agencevu.com\/wp-content\/uploads\/2019\/12\/00_FERV23593-2018CL25.jpg<\/span>\n\t\t\t\t\t\t<span itemprop='height'>290<\/span>\n\t\t\t\t\t\t<span itemprop='width'>387<\/span>\n\t\t\t\t<\/span>\n\t\t\t\t<span class='av-structured-data'  itemprop=\"publisher\" itemtype=\"https:\/\/schema.org\/Organization\" itemscope=\"itemscope\" >\n\t\t\t\t\t\t<span itemprop='name'>Fanny Demichelis<\/span>\n\t\t\t\t\t\t<span itemprop='logo' itemscope itemtype='https:\/\/schema.org\/ImageObject'>\n\t\t\t\t\t\t\t<span itemprop='url'>\/wp-content\/uploads\/2021\/05\/logo-vert-2.svg<\/span>\n\t\t\t\t\t\t <\/span>\n\t\t\t\t<\/span><span class='av-structured-data'  itemprop=\"author\" itemscope=\"itemscope\" itemtype=\"https:\/\/schema.org\/Person\" ><span itemprop='name'>Fanny Demichelis<\/span><\/span><span class='av-structured-data'  itemprop=\"datePublished\" datetime=\"1997-02-11T16:28:46+01:00\" >2018-12-17 18:16:17<\/span><span class='av-structured-data'  itemprop=\"dateModified\" itemtype=\"https:\/\/schema.org\/dateModified\" >2021-04-07 15:24:54<\/span><span class='av-structured-data'  itemprop=\"mainEntityOfPage\" itemtype=\"https:\/\/schema.org\/mainEntityOfPage\" ><span itemprop='name'>Iceland, 2018<\/span><\/span><\/span><\/article><\/div><div class='slide-entry-wrap'><article class='slide-entry flex_column  post-entry post-entry-45912 slide-entry-overview slide-loop-5 slide-parity-odd  av_fullwidth first real-thumbnail'  itemscope=\"itemscope\" itemtype=\"https:\/\/schema.org\/CreativeWork\" ><a href='https:\/\/agencevu.com\/en\/serie\/vietnam-2015\/' data-rel='slide-3' class='slide-image' title=''><img width=\"290\" height=\"290\" src=\"https:\/\/agencevu.com\/wp-content\/uploads\/2019\/12\/00_FERV21728-2015CL21-1.jpg\" class=\"wp-image-45914 avia-img-lazy-loading-45914 attachment-large size-large wp-post-image\" alt=\"\" loading=\"lazy\" srcset=\"https:\/\/agencevu.com\/wp-content\/uploads\/2019\/12\/00_FERV21728-2015CL21-1.jpg 290w, https:\/\/agencevu.com\/wp-content\/uploads\/2019\/12\/00_FERV21728-2015CL21-1-80x80.jpg 80w, https:\/\/agencevu.com\/wp-content\/uploads\/2019\/12\/00_FERV21728-2015CL21-1-36x36.jpg 36w, https:\/\/agencevu.com\/wp-content\/uploads\/2019\/12\/00_FERV21728-2015CL21-1-180x180.jpg 180w, https:\/\/agencevu.com\/wp-content\/uploads\/2019\/12\/00_FERV21728-2015CL21-1-120x120.jpg 120w\" sizes=\"(max-width: 290px) 100vw, 290px\" \/><\/a><div class='slide-content'><header class=\"entry-content-header\"><span class=\"blog-categories minor-meta\"> <a href=\"https:\/\/agencevu.com\/en\/photographer\/franck-ferville\/\" rel=\"tag\">Franck Ferville<\/a> <a href=\"https:\/\/agencevu.com\/en\/section_taxonomy\/series\/\" rel=\"tag\">s\u00e9ries<\/a> <\/span><h3 class='slide-entry-title entry-title'  itemprop=\"headline\" ><a href='https:\/\/agencevu.com\/en\/serie\/vietnam-2015\/' title='Vietnam, 2015'>Vietnam, 2015<\/a><\/h3><span class=\"av-vertical-delimiter\"><\/span><\/header><div class='slide-entry-excerpt entry-content'  itemprop=\"text\" >In 2015, Franck Ferville set off to discover Vietnam, stopping in a few cities in the north of the country. \r\n<\/div><\/div><footer class=\"entry-footer\"><div class='slide-meta'><time class='slide-meta-time updated'  itemprop=\"datePublished\" datetime=\"2015-04-17T18:35:20+02:00\" >17 April 2015<\/time><\/div><\/footer><span class='hidden'>\n\t\t\t\t<span class='av-structured-data'  itemprop=\"image\" itemscope=\"itemscope\" itemtype=\"https:\/\/schema.org\/ImageObject\" >\n\t\t\t\t\t\t<span itemprop='url'>https:\/\/agencevu.com\/wp-content\/uploads\/2019\/12\/00_FERV21728-2015CL21-1.jpg<\/span>\n\t\t\t\t\t\t<span itemprop='height'>290<\/span>\n\t\t\t\t\t\t<span itemprop='width'>290<\/span>\n\t\t\t\t<\/span>\n\t\t\t\t<span class='av-structured-data'  itemprop=\"publisher\" itemtype=\"https:\/\/schema.org\/Organization\" itemscope=\"itemscope\" >\n\t\t\t\t\t\t<span itemprop='name'>Fanny Demichelis<\/span>\n\t\t\t\t\t\t<span itemprop='logo' itemscope itemtype='https:\/\/schema.org\/ImageObject'>\n\t\t\t\t\t\t\t<span itemprop='url'>\/wp-content\/uploads\/2021\/05\/logo-vert-2.svg<\/span>\n\t\t\t\t\t\t <\/span>\n\t\t\t\t<\/span><span class='av-structured-data'  itemprop=\"author\" itemscope=\"itemscope\" itemtype=\"https:\/\/schema.org\/Person\" ><span itemprop='name'>Fanny Demichelis<\/span><\/span><span class='av-structured-data'  itemprop=\"datePublished\" datetime=\"1997-02-11T16:28:46+01:00\" >2015-04-17 18:35:20<\/span><span class='av-structured-data'  itemprop=\"dateModified\" itemtype=\"https:\/\/schema.org\/dateModified\" >2021-04-07 15:26:46<\/span><span class='av-structured-data'  itemprop=\"mainEntityOfPage\" itemtype=\"https:\/\/schema.org\/mainEntityOfPage\" ><span itemprop='name'>Vietnam, 2015<\/span><\/span><\/span><\/article><\/div><div class='slide-entry-wrap'><article class='slide-entry flex_column  post-entry post-entry-45908 slide-entry-overview slide-loop-6 slide-parity-odd  av_fullwidth first real-thumbnail'  itemscope=\"itemscope\" itemtype=\"https:\/\/schema.org\/CreativeWork\" ><a href='https:\/\/agencevu.com\/en\/serie\/les-soirees-de-pamela-2012\/' data-rel='slide-3' class='slide-image' title=''><img width=\"290\" height=\"290\" src=\"https:\/\/agencevu.com\/wp-content\/uploads\/2019\/12\/00_FERV18988-2012CL08-copie.jpg\" class=\"wp-image-45564 avia-img-lazy-loading-45564 attachment-large size-large wp-post-image\" alt=\"\" loading=\"lazy\" srcset=\"https:\/\/agencevu.com\/wp-content\/uploads\/2019\/12\/00_FERV18988-2012CL08-copie.jpg 290w, https:\/\/agencevu.com\/wp-content\/uploads\/2019\/12\/00_FERV18988-2012CL08-copie-80x80.jpg 80w, https:\/\/agencevu.com\/wp-content\/uploads\/2019\/12\/00_FERV18988-2012CL08-copie-36x36.jpg 36w, https:\/\/agencevu.com\/wp-content\/uploads\/2019\/12\/00_FERV18988-2012CL08-copie-180x180.jpg 180w, https:\/\/agencevu.com\/wp-content\/uploads\/2019\/12\/00_FERV18988-2012CL08-copie-120x120.jpg 120w\" sizes=\"(max-width: 290px) 100vw, 290px\" \/><\/a><div class='slide-content'><header class=\"entry-content-header\"><span class=\"blog-categories minor-meta\"> <a href=\"https:\/\/agencevu.com\/en\/photographer\/franck-ferville\/\" rel=\"tag\">Franck Ferville<\/a> <a href=\"https:\/\/agencevu.com\/en\/section_taxonomy\/series\/\" rel=\"tag\">s\u00e9ries<\/a> <\/span><h3 class='slide-entry-title entry-title'  itemprop=\"headline\" ><a href='https:\/\/agencevu.com\/en\/serie\/les-soirees-de-pamela-2012\/' title='The Night Life of Pamela, 2012'>The Night Life of Pamela, 2012<\/a><\/h3><span class=\"av-vertical-delimiter\"><\/span><\/header><div class='slide-entry-excerpt entry-content'  itemprop=\"text\" >By day, Garbatje is a nurse in Bruge. By night, everywhere else, he's Pamela. Come nighttime, parading her body before an audience...<\/div><\/div><footer class=\"entry-footer\"><div class='slide-meta'><time class='slide-meta-time updated'  itemprop=\"datePublished\" datetime=\"2012-05-17T18:04:43+02:00\" >17 May 2012<\/time><\/div><\/footer><span class='hidden'>\n\t\t\t\t<span class='av-structured-data'  itemprop=\"image\" itemscope=\"itemscope\" itemtype=\"https:\/\/schema.org\/ImageObject\" >\n\t\t\t\t\t\t<span itemprop='url'>https:\/\/agencevu.com\/wp-content\/uploads\/2019\/12\/00_FERV18988-2012CL08-copie.jpg<\/span>\n\t\t\t\t\t\t<span itemprop='height'>290<\/span>\n\t\t\t\t\t\t<span itemprop='width'>290<\/span>\n\t\t\t\t<\/span>\n\t\t\t\t<span class='av-structured-data'  itemprop=\"publisher\" itemtype=\"https:\/\/schema.org\/Organization\" itemscope=\"itemscope\" >\n\t\t\t\t\t\t<span itemprop='name'>Fanny Demichelis<\/span>\n\t\t\t\t\t\t<span itemprop='logo' itemscope itemtype='https:\/\/schema.org\/ImageObject'>\n\t\t\t\t\t\t\t<span itemprop='url'>\/wp-content\/uploads\/2021\/05\/logo-vert-2.svg<\/span>\n\t\t\t\t\t\t <\/span>\n\t\t\t\t<\/span><span class='av-structured-data'  itemprop=\"author\" itemscope=\"itemscope\" itemtype=\"https:\/\/schema.org\/Person\" ><span itemprop='name'>Fanny Demichelis<\/span><\/span><span class='av-structured-data'  itemprop=\"datePublished\" datetime=\"1997-02-11T16:28:46+01:00\" >2012-05-17 18:04:43<\/span><span class='av-structured-data'  itemprop=\"dateModified\" itemtype=\"https:\/\/schema.org\/dateModified\" >2021-04-07 15:28:53<\/span><span class='av-structured-data'  itemprop=\"mainEntityOfPage\" itemtype=\"https:\/\/schema.org\/mainEntityOfPage\" ><span itemprop='name'>The Night Life of Pamela, 2012<\/span><\/span><\/span><\/article><\/div><div class='slide-entry-wrap'><article class='slide-entry flex_column  post-entry post-entry-45904 slide-entry-overview slide-loop-7 slide-parity-odd  av_fullwidth first real-thumbnail'  itemscope=\"itemscope\" itemtype=\"https:\/\/schema.org\/CreativeWork\" ><a href='https:\/\/agencevu.com\/en\/serie\/new-york-city-2011\/' data-rel='slide-3' class='slide-image' title=''><img width=\"290\" height=\"290\" src=\"https:\/\/agencevu.com\/wp-content\/uploads\/2019\/12\/00_01_FERV15393-2009CL35-copie.jpg\" class=\"wp-image-45520 avia-img-lazy-loading-45520 attachment-large size-large wp-post-image\" alt=\"\" loading=\"lazy\" srcset=\"https:\/\/agencevu.com\/wp-content\/uploads\/2019\/12\/00_01_FERV15393-2009CL35-copie.jpg 290w, https:\/\/agencevu.com\/wp-content\/uploads\/2019\/12\/00_01_FERV15393-2009CL35-copie-80x80.jpg 80w, https:\/\/agencevu.com\/wp-content\/uploads\/2019\/12\/00_01_FERV15393-2009CL35-copie-36x36.jpg 36w, https:\/\/agencevu.com\/wp-content\/uploads\/2019\/12\/00_01_FERV15393-2009CL35-copie-180x180.jpg 180w, https:\/\/agencevu.com\/wp-content\/uploads\/2019\/12\/00_01_FERV15393-2009CL35-copie-120x120.jpg 120w\" sizes=\"(max-width: 290px) 100vw, 290px\" \/><\/a><div class='slide-content'><header class=\"entry-content-header\"><span class=\"blog-categories minor-meta\"> <a href=\"https:\/\/agencevu.com\/en\/photographer\/franck-ferville\/\" rel=\"tag\">Franck Ferville<\/a> <a href=\"https:\/\/agencevu.com\/en\/section_taxonomy\/series\/\" rel=\"tag\">s\u00e9ries<\/a> <\/span><h3 class='slide-entry-title entry-title'  itemprop=\"headline\" ><a href='https:\/\/agencevu.com\/en\/serie\/new-york-city-2011\/' title='New York City, 2011'>New York City, 2011<\/a><\/h3><span class=\"av-vertical-delimiter\"><\/span><\/header><div class='slide-entry-excerpt entry-content'  itemprop=\"text\" >In 2011, Franck Ferville walked the streets of New York City, capturing some iconic images of the city that never sleeps. \r\n<\/div><\/div><footer class=\"entry-footer\"><div class='slide-meta'><time class='slide-meta-time updated'  itemprop=\"datePublished\" datetime=\"2011-04-17T18:35:16+02:00\" >17 April 2011<\/time><\/div><\/footer><span class='hidden'>\n\t\t\t\t<span class='av-structured-data'  itemprop=\"image\" itemscope=\"itemscope\" itemtype=\"https:\/\/schema.org\/ImageObject\" >\n\t\t\t\t\t\t<span itemprop='url'>https:\/\/agencevu.com\/wp-content\/uploads\/2019\/12\/00_01_FERV15393-2009CL35-copie.jpg<\/span>\n\t\t\t\t\t\t<span itemprop='height'>290<\/span>\n\t\t\t\t\t\t<span itemprop='width'>290<\/span>\n\t\t\t\t<\/span>\n\t\t\t\t<span class='av-structured-data'  itemprop=\"publisher\" itemtype=\"https:\/\/schema.org\/Organization\" itemscope=\"itemscope\" >\n\t\t\t\t\t\t<span itemprop='name'>Fanny Demichelis<\/span>\n\t\t\t\t\t\t<span itemprop='logo' itemscope itemtype='https:\/\/schema.org\/ImageObject'>\n\t\t\t\t\t\t\t<span itemprop='url'>\/wp-content\/uploads\/2021\/05\/logo-vert-2.svg<\/span>\n\t\t\t\t\t\t <\/span>\n\t\t\t\t<\/span><span class='av-structured-data'  itemprop=\"author\" itemscope=\"itemscope\" itemtype=\"https:\/\/schema.org\/Person\" ><span itemprop='name'>Fanny Demichelis<\/span><\/span><span class='av-structured-data'  itemprop=\"datePublished\" datetime=\"1997-02-11T16:28:46+01:00\" >2011-04-17 18:35:16<\/span><span class='av-structured-data'  itemprop=\"dateModified\" itemtype=\"https:\/\/schema.org\/dateModified\" >2021-04-07 16:47:53<\/span><span class='av-structured-data'  itemprop=\"mainEntityOfPage\" itemtype=\"https:\/\/schema.org\/mainEntityOfPage\" ><span itemprop='name'>New York City, 2011<\/span><\/span><\/span><\/article><\/div><div class='slide-entry-wrap'><article class='slide-entry flex_column  post-entry post-entry-45900 slide-entry-overview slide-loop-8 slide-parity-odd  av_fullwidth first real-thumbnail'  itemscope=\"itemscope\" itemtype=\"https:\/\/schema.org\/CreativeWork\" ><a href='https:\/\/agencevu.com\/en\/serie\/one-second-between-01-am-and-06-am-2006\/' data-rel='slide-3' class='slide-image' title=''><img width=\"290\" height=\"290\" src=\"https:\/\/agencevu.com\/wp-content\/uploads\/2019\/12\/00_04_FERV13673-2006CL004-copie.jpg\" class=\"wp-image-45490 avia-img-lazy-loading-45490 attachment-large size-large wp-post-image\" alt=\"\" loading=\"lazy\" srcset=\"https:\/\/agencevu.com\/wp-content\/uploads\/2019\/12\/00_04_FERV13673-2006CL004-copie.jpg 290w, https:\/\/agencevu.com\/wp-content\/uploads\/2019\/12\/00_04_FERV13673-2006CL004-copie-80x80.jpg 80w, https:\/\/agencevu.com\/wp-content\/uploads\/2019\/12\/00_04_FERV13673-2006CL004-copie-36x36.jpg 36w, https:\/\/agencevu.com\/wp-content\/uploads\/2019\/12\/00_04_FERV13673-2006CL004-copie-180x180.jpg 180w, https:\/\/agencevu.com\/wp-content\/uploads\/2019\/12\/00_04_FERV13673-2006CL004-copie-120x120.jpg 120w\" sizes=\"(max-width: 290px) 100vw, 290px\" \/><\/a><div class='slide-content'><header class=\"entry-content-header\"><span class=\"blog-categories minor-meta\"> <a href=\"https:\/\/agencevu.com\/en\/photographer\/franck-ferville\/\" rel=\"tag\">Franck Ferville<\/a> <a href=\"https:\/\/agencevu.com\/en\/section_taxonomy\/series\/\" rel=\"tag\">s\u00e9ries<\/a> <\/span><h3 class='slide-entry-title entry-title'  itemprop=\"headline\" ><a href='https:\/\/agencevu.com\/en\/serie\/one-second-between-01-am-and-06-am-2006\/' title='One second between 1am and 6am, 2006'>One second between 1am and 6am, 2006<\/a><\/h3><span class=\"av-vertical-delimiter\"><\/span><\/header><div class='slide-entry-excerpt entry-content'  itemprop=\"text\" >This is a portraits series realized during parties in Paris, between 1am and 6am, where I shot every model only once.<\/div><\/div><footer class=\"entry-footer\"><div class='slide-meta'><time class='slide-meta-time updated'  itemprop=\"datePublished\" datetime=\"2006-07-17T18:35:15+02:00\" >17 July 2006<\/time><\/div><\/footer><span class='hidden'>\n\t\t\t\t<span class='av-structured-data'  itemprop=\"image\" itemscope=\"itemscope\" itemtype=\"https:\/\/schema.org\/ImageObject\" >\n\t\t\t\t\t\t<span itemprop='url'>https:\/\/agencevu.com\/wp-content\/uploads\/2019\/12\/00_04_FERV13673-2006CL004-copie.jpg<\/span>\n\t\t\t\t\t\t<span itemprop='height'>290<\/span>\n\t\t\t\t\t\t<span itemprop='width'>290<\/span>\n\t\t\t\t<\/span>\n\t\t\t\t<span class='av-structured-data'  itemprop=\"publisher\" itemtype=\"https:\/\/schema.org\/Organization\" itemscope=\"itemscope\" >\n\t\t\t\t\t\t<span itemprop='name'>Fanny Demichelis<\/span>\n\t\t\t\t\t\t<span itemprop='logo' itemscope itemtype='https:\/\/schema.org\/ImageObject'>\n\t\t\t\t\t\t\t<span itemprop='url'>\/wp-content\/uploads\/2021\/05\/logo-vert-2.svg<\/span>\n\t\t\t\t\t\t <\/span>\n\t\t\t\t<\/span><span class='av-structured-data'  itemprop=\"author\" itemscope=\"itemscope\" itemtype=\"https:\/\/schema.org\/Person\" ><span itemprop='name'>Fanny Demichelis<\/span><\/span><span class='av-structured-data'  itemprop=\"datePublished\" datetime=\"1997-02-11T16:28:46+01:00\" >2006-07-17 18:35:15<\/span><span class='av-structured-data'  itemprop=\"dateModified\" itemtype=\"https:\/\/schema.org\/dateModified\" >2021-04-07 16:06:03<\/span><span class='av-structured-data'  itemprop=\"mainEntityOfPage\" itemtype=\"https:\/\/schema.org\/mainEntityOfPage\" ><span itemprop='name'>One second between 1am and 6am, 2006<\/span><\/span><\/span><\/article><\/div><div class='slide-entry-wrap'><article class='slide-entry flex_column  post-entry post-entry-45896 slide-entry-overview slide-loop-9 slide-parity-odd  av_fullwidth first real-thumbnail'  itemscope=\"itemscope\" itemtype=\"https:\/\/schema.org\/CreativeWork\" ><a href='https:\/\/agencevu.com\/en\/serie\/cheerleaders-2006\/' data-rel='slide-3' class='slide-image' title=''><img width=\"290\" height=\"290\" src=\"https:\/\/agencevu.com\/wp-content\/uploads\/2019\/12\/00_FERV13028-2006CL03.jpg\" class=\"wp-image-45456 avia-img-lazy-loading-45456 attachment-large size-large wp-post-image\" alt=\"\" loading=\"lazy\" srcset=\"https:\/\/agencevu.com\/wp-content\/uploads\/2019\/12\/00_FERV13028-2006CL03.jpg 290w, https:\/\/agencevu.com\/wp-content\/uploads\/2019\/12\/00_FERV13028-2006CL03-80x80.jpg 80w, https:\/\/agencevu.com\/wp-content\/uploads\/2019\/12\/00_FERV13028-2006CL03-36x36.jpg 36w, https:\/\/agencevu.com\/wp-content\/uploads\/2019\/12\/00_FERV13028-2006CL03-180x180.jpg 180w, https:\/\/agencevu.com\/wp-content\/uploads\/2019\/12\/00_FERV13028-2006CL03-120x120.jpg 120w\" sizes=\"(max-width: 290px) 100vw, 290px\" \/><\/a><div class='slide-content'><header class=\"entry-content-header\"><span class=\"blog-categories minor-meta\"> <a href=\"https:\/\/agencevu.com\/en\/photographer\/franck-ferville\/\" rel=\"tag\">Franck Ferville<\/a> <a href=\"https:\/\/agencevu.com\/en\/section_taxonomy\/series\/\" rel=\"tag\">s\u00e9ries<\/a> <\/span><h3 class='slide-entry-title entry-title'  itemprop=\"headline\" ><a href='https:\/\/agencevu.com\/en\/serie\/cheerleaders-2006\/' title='Cheerleaders, 2006'>Cheerleaders, 2006<\/a><\/h3><span class=\"av-vertical-delimiter\"><\/span><\/header><div class='slide-entry-excerpt entry-content'  itemprop=\"text\" >Series \"Cheerleaders\" - 2006<\/div><\/div><footer class=\"entry-footer\"><div class='slide-meta'><time class='slide-meta-time updated'  itemprop=\"datePublished\" datetime=\"2006-05-17T18:35:13+02:00\" >17 May 2006<\/time><\/div><\/footer><span class='hidden'>\n\t\t\t\t<span class='av-structured-data'  itemprop=\"image\" itemscope=\"itemscope\" itemtype=\"https:\/\/schema.org\/ImageObject\" >\n\t\t\t\t\t\t<span itemprop='url'>https:\/\/agencevu.com\/wp-content\/uploads\/2019\/12\/00_FERV13028-2006CL03.jpg<\/span>\n\t\t\t\t\t\t<span itemprop='height'>290<\/span>\n\t\t\t\t\t\t<span itemprop='width'>290<\/span>\n\t\t\t\t<\/span>\n\t\t\t\t<span class='av-structured-data'  itemprop=\"publisher\" itemtype=\"https:\/\/schema.org\/Organization\" itemscope=\"itemscope\" >\n\t\t\t\t\t\t<span itemprop='name'>Fanny Demichelis<\/span>\n\t\t\t\t\t\t<span itemprop='logo' itemscope itemtype='https:\/\/schema.org\/ImageObject'>\n\t\t\t\t\t\t\t<span itemprop='url'>\/wp-content\/uploads\/2021\/05\/logo-vert-2.svg<\/span>\n\t\t\t\t\t\t <\/span>\n\t\t\t\t<\/span><span class='av-structured-data'  itemprop=\"author\" itemscope=\"itemscope\" itemtype=\"https:\/\/schema.org\/Person\" ><span itemprop='name'>Fanny Demichelis<\/span><\/span><span class='av-structured-data'  itemprop=\"datePublished\" datetime=\"1997-02-11T16:28:46+01:00\" >2006-05-17 18:35:13<\/span><span class='av-structured-data'  itemprop=\"dateModified\" itemtype=\"https:\/\/schema.org\/dateModified\" >2021-04-07 15:20:47<\/span><span class='av-structured-data'  itemprop=\"mainEntityOfPage\" itemtype=\"https:\/\/schema.org\/mainEntityOfPage\" ><span itemprop='name'>Cheerleaders, 2006<\/span><\/span><\/span><\/article><\/div><div class='slide-entry-wrap'><article class='slide-entry flex_column  post-entry post-entry-45892 slide-entry-overview slide-loop-10 slide-parity-odd  av_fullwidth first real-thumbnail'  itemscope=\"itemscope\" itemtype=\"https:\/\/schema.org\/CreativeWork\" ><a href='https:\/\/agencevu.com\/en\/serie\/blankenberge-2004\/' data-rel='slide-3' class='slide-image' title=''><img width=\"290\" height=\"290\" src=\"https:\/\/agencevu.com\/wp-content\/uploads\/2019\/12\/00_FERV11173-2003NB03.jpg\" class=\"wp-image-45430 avia-img-lazy-loading-45430 attachment-large size-large wp-post-image\" alt=\"\" loading=\"lazy\" srcset=\"https:\/\/agencevu.com\/wp-content\/uploads\/2019\/12\/00_FERV11173-2003NB03.jpg 290w, https:\/\/agencevu.com\/wp-content\/uploads\/2019\/12\/00_FERV11173-2003NB03-80x80.jpg 80w, https:\/\/agencevu.com\/wp-content\/uploads\/2019\/12\/00_FERV11173-2003NB03-36x36.jpg 36w, https:\/\/agencevu.com\/wp-content\/uploads\/2019\/12\/00_FERV11173-2003NB03-180x180.jpg 180w, https:\/\/agencevu.com\/wp-content\/uploads\/2019\/12\/00_FERV11173-2003NB03-120x120.jpg 120w\" sizes=\"(max-width: 290px) 100vw, 290px\" \/><\/a><div class='slide-content'><header class=\"entry-content-header\"><span class=\"blog-categories minor-meta\"> <a href=\"https:\/\/agencevu.com\/en\/photographer\/franck-ferville\/\" rel=\"tag\">Franck Ferville<\/a> <a href=\"https:\/\/agencevu.com\/en\/section_taxonomy\/series\/\" rel=\"tag\">s\u00e9ries<\/a> <\/span><h3 class='slide-entry-title entry-title'  itemprop=\"headline\" ><a href='https:\/\/agencevu.com\/en\/serie\/blankenberge-2004\/' title='Blankenberge, 2004'>Blankenberge, 2004<\/a><\/h3><span class=\"av-vertical-delimiter\"><\/span><\/header><div class='slide-entry-excerpt entry-content'  itemprop=\"text\" >Wedged between Knokke-le-Zoute and Ostende, the Blankenberge seaside resort emits a paradoxical poetry.\u2028<\/div><\/div><footer class=\"entry-footer\"><div class='slide-meta'><time class='slide-meta-time updated'  itemprop=\"datePublished\" datetime=\"2004-08-17T18:35:11+02:00\" >17 August 2004<\/time><\/div><\/footer><span class='hidden'>\n\t\t\t\t<span class='av-structured-data'  itemprop=\"image\" itemscope=\"itemscope\" itemtype=\"https:\/\/schema.org\/ImageObject\" >\n\t\t\t\t\t\t<span itemprop='url'>https:\/\/agencevu.com\/wp-content\/uploads\/2019\/12\/00_FERV11173-2003NB03.jpg<\/span>\n\t\t\t\t\t\t<span itemprop='height'>290<\/span>\n\t\t\t\t\t\t<span itemprop='width'>290<\/span>\n\t\t\t\t<\/span>\n\t\t\t\t<span class='av-structured-data'  itemprop=\"publisher\" itemtype=\"https:\/\/schema.org\/Organization\" itemscope=\"itemscope\" >\n\t\t\t\t\t\t<span itemprop='name'>Fanny Demichelis<\/span>\n\t\t\t\t\t\t<span itemprop='logo' itemscope itemtype='https:\/\/schema.org\/ImageObject'>\n\t\t\t\t\t\t\t<span itemprop='url'>\/wp-content\/uploads\/2021\/05\/logo-vert-2.svg<\/span>\n\t\t\t\t\t\t <\/span>\n\t\t\t\t<\/span><span class='av-structured-data'  itemprop=\"author\" itemscope=\"itemscope\" itemtype=\"https:\/\/schema.org\/Person\" ><span itemprop='name'>Fanny Demichelis<\/span><\/span><span class='av-structured-data'  itemprop=\"datePublished\" datetime=\"1997-02-11T16:28:46+01:00\" >2004-08-17 18:35:11<\/span><span class='av-structured-data'  itemprop=\"dateModified\" itemtype=\"https:\/\/schema.org\/dateModified\" >2021-04-07 16:07:30<\/span><span class='av-structured-data'  itemprop=\"mainEntityOfPage\" itemtype=\"https:\/\/schema.org\/mainEntityOfPage\" ><span itemprop='name'>Blankenberge, 2004<\/span><\/span><\/span><\/article><\/div><div class='slide-entry-wrap'><article class='slide-entry flex_column  post-entry post-entry-45888 slide-entry-overview slide-loop-11 slide-parity-odd  av_fullwidth first real-thumbnail'  itemscope=\"itemscope\" itemtype=\"https:\/\/schema.org\/CreativeWork\" ><a href='https:\/\/agencevu.com\/en\/serie\/india-1989-2003\/' data-rel='slide-3' class='slide-image' title=''><img width=\"290\" height=\"290\" src=\"https:\/\/agencevu.com\/wp-content\/uploads\/2019\/12\/08_FERV4765-2003NB12.jpg\" class=\"wp-image-45375 avia-img-lazy-loading-45375 attachment-large size-large wp-post-image\" alt=\"\" loading=\"lazy\" srcset=\"https:\/\/agencevu.com\/wp-content\/uploads\/2019\/12\/08_FERV4765-2003NB12.jpg 290w, https:\/\/agencevu.com\/wp-content\/uploads\/2019\/12\/08_FERV4765-2003NB12-80x80.jpg 80w, https:\/\/agencevu.com\/wp-content\/uploads\/2019\/12\/08_FERV4765-2003NB12-36x36.jpg 36w, https:\/\/agencevu.com\/wp-content\/uploads\/2019\/12\/08_FERV4765-2003NB12-180x180.jpg 180w, https:\/\/agencevu.com\/wp-content\/uploads\/2019\/12\/08_FERV4765-2003NB12-120x120.jpg 120w\" sizes=\"(max-width: 290px) 100vw, 290px\" \/><\/a><div class='slide-content'><header class=\"entry-content-header\"><span class=\"blog-categories minor-meta\"> <a href=\"https:\/\/agencevu.com\/en\/photographer\/franck-ferville\/\" rel=\"tag\">Franck Ferville<\/a> <a href=\"https:\/\/agencevu.com\/en\/section_taxonomy\/series\/\" rel=\"tag\">s\u00e9ries<\/a> <\/span><h3 class='slide-entry-title entry-title'  itemprop=\"headline\" ><a href='https:\/\/agencevu.com\/en\/serie\/india-1989-2003\/' title='India, 1989-2003'>India, 1989-2003<\/a><\/h3><span class=\"av-vertical-delimiter\"><\/span><\/header><div class='slide-entry-excerpt entry-content'  itemprop=\"text\" >Passionate about India, Franck Ferville has made several trips to different parts of India since the late 1990s. <\/div><\/div><footer class=\"entry-footer\"><div class='slide-meta'><time class='slide-meta-time updated'  itemprop=\"datePublished\" datetime=\"2003-06-17T18:35:09+02:00\" >17 June 2003<\/time><\/div><\/footer><span class='hidden'>\n\t\t\t\t<span class='av-structured-data'  itemprop=\"image\" itemscope=\"itemscope\" itemtype=\"https:\/\/schema.org\/ImageObject\" >\n\t\t\t\t\t\t<span itemprop='url'>https:\/\/agencevu.com\/wp-content\/uploads\/2019\/12\/08_FERV4765-2003NB12.jpg<\/span>\n\t\t\t\t\t\t<span itemprop='height'>290<\/span>\n\t\t\t\t\t\t<span itemprop='width'>290<\/span>\n\t\t\t\t<\/span>\n\t\t\t\t<span class='av-structured-data'  itemprop=\"publisher\" itemtype=\"https:\/\/schema.org\/Organization\" itemscope=\"itemscope\" >\n\t\t\t\t\t\t<span itemprop='name'>Fanny Demichelis<\/span>\n\t\t\t\t\t\t<span itemprop='logo' itemscope itemtype='https:\/\/schema.org\/ImageObject'>\n\t\t\t\t\t\t\t<span itemprop='url'>\/wp-content\/uploads\/2021\/05\/logo-vert-2.svg<\/span>\n\t\t\t\t\t\t <\/span>\n\t\t\t\t<\/span><span class='av-structured-data'  itemprop=\"author\" itemscope=\"itemscope\" itemtype=\"https:\/\/schema.org\/Person\" ><span itemprop='name'>Fanny Demichelis<\/span><\/span><span class='av-structured-data'  itemprop=\"datePublished\" datetime=\"1997-02-11T16:28:46+01:00\" >2003-06-17 18:35:09<\/span><span class='av-structured-data'  itemprop=\"dateModified\" itemtype=\"https:\/\/schema.org\/dateModified\" >2021-04-07 16:09:15<\/span><span class='av-structured-data'  itemprop=\"mainEntityOfPage\" itemtype=\"https:\/\/schema.org\/mainEntityOfPage\" ><span itemprop='name'>India, 1989-2003<\/span><\/span><\/span><\/article><\/div><div class='slide-entry-wrap'><article class='slide-entry flex_column  post-entry post-entry-45298 slide-entry-overview slide-loop-12 slide-parity-odd  av_fullwidth first real-thumbnail'  itemscope=\"itemscope\" itemtype=\"https:\/\/schema.org\/CreativeWork\" ><a href='https:\/\/agencevu.com\/en\/serie\/gypsies-2002\/' data-rel='slide-3' class='slide-image' title=''><img width=\"290\" height=\"290\" src=\"https:\/\/agencevu.com\/wp-content\/uploads\/2019\/12\/00_FERV12121-2000CL002-copie.jpg\" class=\"wp-image-45082 avia-img-lazy-loading-45082 attachment-large size-large wp-post-image\" alt=\"\" loading=\"lazy\" srcset=\"https:\/\/agencevu.com\/wp-content\/uploads\/2019\/12\/00_FERV12121-2000CL002-copie.jpg 290w, https:\/\/agencevu.com\/wp-content\/uploads\/2019\/12\/00_FERV12121-2000CL002-copie-80x80.jpg 80w, https:\/\/agencevu.com\/wp-content\/uploads\/2019\/12\/00_FERV12121-2000CL002-copie-36x36.jpg 36w, https:\/\/agencevu.com\/wp-content\/uploads\/2019\/12\/00_FERV12121-2000CL002-copie-180x180.jpg 180w, https:\/\/agencevu.com\/wp-content\/uploads\/2019\/12\/00_FERV12121-2000CL002-copie-120x120.jpg 120w\" sizes=\"(max-width: 290px) 100vw, 290px\" \/><\/a><div class='slide-content'><header class=\"entry-content-header\"><span class=\"blog-categories minor-meta\"> <a href=\"https:\/\/agencevu.com\/en\/photographer\/franck-ferville\/\" rel=\"tag\">Franck Ferville<\/a> <a href=\"https:\/\/agencevu.com\/en\/section_taxonomy\/series\/\" rel=\"tag\">s\u00e9ries<\/a> <\/span><h3 class='slide-entry-title entry-title'  itemprop=\"headline\" ><a href='https:\/\/agencevu.com\/en\/serie\/gypsies-2002\/' title='Gypsies, 2002'>Gypsies, 2002<\/a><\/h3><span class=\"av-vertical-delimiter\"><\/span><\/header><div class='slide-entry-excerpt entry-content'  itemprop=\"text\" >It was precisely when I ran into a convoy of caravans in the Parisian suburbs that I met Mickey, Evangelical pastor and clan chief of this community. <\/div><\/div><footer class=\"entry-footer\"><div class='slide-meta'><time class='slide-meta-time updated'  itemprop=\"datePublished\" datetime=\"2002-09-11T16:46:28+02:00\" >11 September 2002<\/time><\/div><\/footer><span class='hidden'>\n\t\t\t\t<span class='av-structured-data'  itemprop=\"image\" itemscope=\"itemscope\" itemtype=\"https:\/\/schema.org\/ImageObject\" >\n\t\t\t\t\t\t<span itemprop='url'>https:\/\/agencevu.com\/wp-content\/uploads\/2019\/12\/00_FERV12121-2000CL002-copie.jpg<\/span>\n\t\t\t\t\t\t<span itemprop='height'>290<\/span>\n\t\t\t\t\t\t<span itemprop='width'>290<\/span>\n\t\t\t\t<\/span>\n\t\t\t\t<span class='av-structured-data'  itemprop=\"publisher\" itemtype=\"https:\/\/schema.org\/Organization\" itemscope=\"itemscope\" >\n\t\t\t\t\t\t<span itemprop='name'>Fanny Demichelis<\/span>\n\t\t\t\t\t\t<span itemprop='logo' itemscope itemtype='https:\/\/schema.org\/ImageObject'>\n\t\t\t\t\t\t\t<span itemprop='url'>\/wp-content\/uploads\/2021\/05\/logo-vert-2.svg<\/span>\n\t\t\t\t\t\t <\/span>\n\t\t\t\t<\/span><span class='av-structured-data'  itemprop=\"author\" itemscope=\"itemscope\" itemtype=\"https:\/\/schema.org\/Person\" ><span itemprop='name'>Fanny Demichelis<\/span><\/span><span class='av-structured-data'  itemprop=\"datePublished\" datetime=\"1997-02-11T16:28:46+01:00\" >2002-09-11 16:46:28<\/span><span class='av-structured-data'  itemprop=\"dateModified\" itemtype=\"https:\/\/schema.org\/dateModified\" >2021-04-07 16:11:44<\/span><span class='av-structured-data'  itemprop=\"mainEntityOfPage\" itemtype=\"https:\/\/schema.org\/mainEntityOfPage\" ><span itemprop='name'>Gypsies, 2002<\/span><\/span><\/span><\/article><\/div><div class='slide-entry-wrap'><article class='slide-entry flex_column  post-entry post-entry-45299 slide-entry-overview slide-loop-13 slide-parity-odd  post-entry-last  av_fullwidth first real-thumbnail'  itemscope=\"itemscope\" itemtype=\"https:\/\/schema.org\/CreativeWork\" ><a href='https:\/\/agencevu.com\/en\/serie\/the-moreno-circus-1997\/' data-rel='slide-3' class='slide-image' title=''><img width=\"290\" height=\"290\" src=\"https:\/\/agencevu.com\/wp-content\/uploads\/2019\/12\/00_02_FERV8023-1997CL03-copie.jpg\" class=\"wp-image-45038 avia-img-lazy-loading-45038 attachment-large size-large wp-post-image\" alt=\"\" loading=\"lazy\" srcset=\"https:\/\/agencevu.com\/wp-content\/uploads\/2019\/12\/00_02_FERV8023-1997CL03-copie.jpg 290w, https:\/\/agencevu.com\/wp-content\/uploads\/2019\/12\/00_02_FERV8023-1997CL03-copie-80x80.jpg 80w, https:\/\/agencevu.com\/wp-content\/uploads\/2019\/12\/00_02_FERV8023-1997CL03-copie-36x36.jpg 36w, https:\/\/agencevu.com\/wp-content\/uploads\/2019\/12\/00_02_FERV8023-1997CL03-copie-180x180.jpg 180w, https:\/\/agencevu.com\/wp-content\/uploads\/2019\/12\/00_02_FERV8023-1997CL03-copie-120x120.jpg 120w\" sizes=\"(max-width: 290px) 100vw, 290px\" \/><\/a><div class='slide-content'><header class=\"entry-content-header\"><span class=\"blog-categories minor-meta\"> <a href=\"https:\/\/agencevu.com\/en\/photographer\/franck-ferville\/\" rel=\"tag\">Franck Ferville<\/a> <a href=\"https:\/\/agencevu.com\/en\/section_taxonomy\/series\/\" rel=\"tag\">s\u00e9ries<\/a> <\/span><h3 class='slide-entry-title entry-title'  itemprop=\"headline\" ><a href='https:\/\/agencevu.com\/en\/serie\/the-moreno-circus-1997\/' title='The Mor\u00e9no Circus, 1997'>The Mor\u00e9no Circus, 1997<\/a><\/h3><span class=\"av-vertical-delimiter\"><\/span><\/header><div class='slide-entry-excerpt entry-content'  itemprop=\"text\" >Franck Ferville went to the Moreno circus to photograph animal shows: tigers, elephants, giraffe, monkey, as well as other animals\r\n<\/div><\/div><footer class=\"entry-footer\"><div class='slide-meta'><time class='slide-meta-time updated'  itemprop=\"datePublished\" datetime=\"1997-02-11T16:28:46+01:00\" >11 February 1997<\/time><\/div><\/footer><span class='hidden'>\n\t\t\t\t<span class='av-structured-data'  itemprop=\"image\" itemscope=\"itemscope\" itemtype=\"https:\/\/schema.org\/ImageObject\" >\n\t\t\t\t\t\t<span itemprop='url'>https:\/\/agencevu.com\/wp-content\/uploads\/2019\/12\/00_02_FERV8023-1997CL03-copie.jpg<\/span>\n\t\t\t\t\t\t<span itemprop='height'>290<\/span>\n\t\t\t\t\t\t<span itemprop='width'>290<\/span>\n\t\t\t\t<\/span>\n\t\t\t\t<span class='av-structured-data'  itemprop=\"publisher\" itemtype=\"https:\/\/schema.org\/Organization\" itemscope=\"itemscope\" >\n\t\t\t\t\t\t<span itemprop='name'>Fanny Demichelis<\/span>\n\t\t\t\t\t\t<span itemprop='logo' itemscope itemtype='https:\/\/schema.org\/ImageObject'>\n\t\t\t\t\t\t\t<span itemprop='url'>\/wp-content\/uploads\/2021\/05\/logo-vert-2.svg<\/span>\n\t\t\t\t\t\t <\/span>\n\t\t\t\t<\/span><span class='av-structured-data'  itemprop=\"author\" itemscope=\"itemscope\" itemtype=\"https:\/\/schema.org\/Person\" ><span itemprop='name'>Fanny Demichelis<\/span><\/span><span class='av-structured-data'  itemprop=\"datePublished\" datetime=\"1997-02-11T16:28:46+01:00\" >1997-02-11 16:28:46<\/span><span class='av-structured-data'  itemprop=\"dateModified\" itemtype=\"https:\/\/schema.org\/dateModified\" >2021-04-07 16:13:19<\/span><span class='av-structured-data'  itemprop=\"mainEntityOfPage\" itemtype=\"https:\/\/schema.org\/mainEntityOfPage\" ><span itemprop='name'>The Mor\u00e9no Circus, 1997<\/span><\/span><\/span><\/article><\/div><\/div><\/div>\n\n<div id='interview'  class='avia-section main_color avia-section-small avia-no-border-styling  avia-bg-style-scroll  avia-builder-el-0  el_before_av_section  avia-builder-el-first   container_wrap fullsize' style=' '  ><div class='container' ><main  role=\"main\" itemprop=\"mainContentOfPage\"  class='template-page content  av-content-full alpha units'><div class='post-entry post-entry-type-page post-entry-126146'><div class='entry-content-wrapper clearfix'>\n<section class=\"av_textblock_section \"  itemscope=\"itemscope\" itemtype=\"https:\/\/schema.org\/CreativeWork\" ><div class='avia_textblock  '  style='font-size:20px; '  itemprop=\"text\" ><p id=\"interview\" style=\"color: #707070; letter-spacing: 1.5px; text-transform: uppercase;\">InterviewS<\/p>\n<hr class=\"hr-titre-page\">\n<\/div><\/section>\n<div class=\"flex_column av_one_third  flex_column_div av-zero-column-padding first  \" style='border-radius:0px; '><p><div  class='avia-image-container  av-styling-    avia-align-center '  itemprop=\"image\" itemscope=\"itemscope\" itemtype=\"https:\/\/schema.org\/ImageObject\"  ><div class='avia-image-container-inner'><div class='avia-image-overlay-wrap'><a href=\"https:\/\/soundcloud.com\/hemeria\/lil-ecoute-n3-la-couleur-en-photographie-selon-franck-ferville\" class='avia_image' target=\"_blank\" rel=\"noopener noreferrer\"><img width=\"800\" height=\"799\" class='wp-image-123026 avia-img-lazy-loading-not-123026 avia_image' src=\"https:\/\/agencevu.com\/wp-content\/uploads\/2021\/03\/Itw_Ferville_2020.jpg\" alt='' title='Itw_Ferville_2020'  itemprop=\"thumbnailUrl\" srcset=\"https:\/\/agencevu.com\/wp-content\/uploads\/2021\/03\/Itw_Ferville_2020.jpg 800w, https:\/\/agencevu.com\/wp-content\/uploads\/2021\/03\/Itw_Ferville_2020-300x300.jpg 300w, https:\/\/agencevu.com\/wp-content\/uploads\/2021\/03\/Itw_Ferville_2020-80x80.jpg 80w, https:\/\/agencevu.com\/wp-content\/uploads\/2021\/03\/Itw_Ferville_2020-768x767.jpg 768w, https:\/\/agencevu.com\/wp-content\/uploads\/2021\/03\/Itw_Ferville_2020-36x36.jpg 36w, https:\/\/agencevu.com\/wp-content\/uploads\/2021\/03\/Itw_Ferville_2020-180x180.jpg 180w, https:\/\/agencevu.com\/wp-content\/uploads\/2021\/03\/Itw_Ferville_2020-705x705.jpg 705w\" sizes=\"(max-width: 800px) 100vw, 800px\" \/><\/a><\/div><\/div><\/div><br \/>\n<section class=\"av_textblock_section \"  itemscope=\"itemscope\" itemtype=\"https:\/\/schema.org\/CreativeWork\" ><div class='avia_textblock  '   itemprop=\"text\" ><p><em>#3 &#8211; La couleur en photographie<\/em><br \/>\n<strong>L\u2019Oeil \u00e9coute<\/strong><br \/>\n\u2014<br \/>\nInterview by Hemeria, 2020<\/p>\n<p>\u201cWhile images are everywhere and mostly shared in social medias, we whish have a discussion with photographers about colour and how they use it in order to think their images\u201d Hemeria<\/p>\n<\/div><\/section><br \/>\n<div  class='avia-button-wrap avia-button-left ' ><a href='https:\/\/soundcloud.com\/hemeria\/lil-ecoute-n3-la-couleur-en-photographie-selon-franck-ferville' class='avia-button  avia-color-theme-color-highlight   avia-icon_select-no avia-size-small avia-position-left ' target=\"_blank\" rel=\"noopener noreferrer\"><span class='avia_iconbox_title' >Listen<\/span><\/a><\/div><\/p><\/div><div  style='height:50px' class='hr hr-invisible  '><span class='hr-inner ' ><span class='hr-inner-style'><\/span><\/span><\/div>\n\n<\/div><\/div><\/main><!-- close content main element --><\/div><\/div><div id='prix'  class='avia-section main_color avia-section-small avia-no-border-styling  avia-bg-style-scroll  avia-builder-el-2  el_after_av_section  el_before_av_section   container_wrap fullsize' style=' '  ><div class='container' ><div class='template-page content  av-content-full alpha units'><div class='post-entry post-entry-type-page post-entry-126146'><div class='entry-content-wrapper clearfix'>\n<section class=\"av_textblock_section \"  itemscope=\"itemscope\" itemtype=\"https:\/\/schema.org\/CreativeWork\" ><div class='avia_textblock  '  style='font-size:20px; '  itemprop=\"text\" ><p id=\"prix\" style=\"color: #707070; letter-spacing: 1.5px; text-transform: uppercase;\">AWARDS<\/p>\n<hr class=\"hr-titre-page\">\n<\/div><\/section>\n<div class=\"flex_column av_one_third  flex_column_div av-zero-column-padding first  \" style='border-radius:0px; '><p><div  class='avia-image-container  av-styling-no-styling    avia-align-center '  itemprop=\"image\" itemscope=\"itemscope\" itemtype=\"https:\/\/schema.org\/ImageObject\"  ><div class='avia-image-container-inner'><div class='avia-image-overlay-wrap'><img class='wp-image-44887 avia-img-lazy-loading-not-44887 avia_image' src=\"https:\/\/agencevu.com\/wp-content\/uploads\/2019\/12\/2000_Prix-du-Jury-Ilford_Inde_e\u0301le\u0301phant.jpg\" alt='' title='El\u221a\u00a9phant dans un temple' height=\"1417\" width=\"1417\"  itemprop=\"thumbnailUrl\" srcset=\"https:\/\/agencevu.com\/wp-content\/uploads\/2019\/12\/2000_Prix-du-Jury-Ilford_Inde_e\u0301le\u0301phant.jpg 1417w, https:\/\/agencevu.com\/wp-content\/uploads\/2019\/12\/2000_Prix-du-Jury-Ilford_Inde_e\u0301le\u0301phant-80x80.jpg 80w, https:\/\/agencevu.com\/wp-content\/uploads\/2019\/12\/2000_Prix-du-Jury-Ilford_Inde_e\u0301le\u0301phant-300x300.jpg 300w, https:\/\/agencevu.com\/wp-content\/uploads\/2019\/12\/2000_Prix-du-Jury-Ilford_Inde_e\u0301le\u0301phant-768x768.jpg 768w, https:\/\/agencevu.com\/wp-content\/uploads\/2019\/12\/2000_Prix-du-Jury-Ilford_Inde_e\u0301le\u0301phant-1030x1030.jpg 1030w, https:\/\/agencevu.com\/wp-content\/uploads\/2019\/12\/2000_Prix-du-Jury-Ilford_Inde_e\u0301le\u0301phant-36x36.jpg 36w, https:\/\/agencevu.com\/wp-content\/uploads\/2019\/12\/2000_Prix-du-Jury-Ilford_Inde_e\u0301le\u0301phant-180x180.jpg 180w, https:\/\/agencevu.com\/wp-content\/uploads\/2019\/12\/2000_Prix-du-Jury-Ilford_Inde_e\u0301le\u0301phant-705x705.jpg 705w, https:\/\/agencevu.com\/wp-content\/uploads\/2019\/12\/2000_Prix-du-Jury-Ilford_Inde_e\u0301le\u0301phant-120x120.jpg 120w, https:\/\/agencevu.com\/wp-content\/uploads\/2019\/12\/2000_Prix-du-Jury-Ilford_Inde_e\u0301le\u0301phant-450x450.jpg 450w\" sizes=\"(max-width: 1417px) 100vw, 1417px\" \/><\/div><\/div><\/div><br \/>\n<section class=\"av_textblock_section \"  itemscope=\"itemscope\" itemtype=\"https:\/\/schema.org\/CreativeWork\" ><div class='avia_textblock  '   itemprop=\"text\" ><p><span style=\"font-size: 15px;\"><strong><span style=\"color: #76a38b;\">Ilford Jury Prize<\/span><\/strong><\/span><\/p>\n<\/div><\/section><br \/>\n<section class=\"av_textblock_section \"  itemscope=\"itemscope\" itemtype=\"https:\/\/schema.org\/CreativeWork\" ><div class='avia_textblock  '   itemprop=\"text\" ><p><span style=\"color: #76a38b; font-size: 15px;\">For the photography &#8220;Toilette de l\u2019\u00e9l\u00e9phant, Madura\u00ef, 1999&#8221;.<br \/>\n<\/span><\/p>\n<\/div><\/section><br \/>\n<section class=\"av_textblock_section \"  itemscope=\"itemscope\" itemtype=\"https:\/\/schema.org\/CreativeWork\" ><div class='avia_textblock  '   itemprop=\"text\" ><p><span style=\"font-size: 12px;\">2000<\/span><\/p>\n<\/div><\/section><\/p><\/div><div  style='height:50px' class='hr hr-invisible   avia-builder-el-5  el_after_av_textblock  el_before_av_two_third '><span class='hr-inner ' ><span class='hr-inner-style'><\/span><\/span><\/div>\n\n","protected":false},"featured_media":0,"parent":0,"menu_order":0,"template":"","categories":[],"tags":[],"yoast_head":"<!-- This site is optimized with the Yoast SEO plugin v16.3 - https:\/\/yoast.com\/wordpress\/plugins\/seo\/ -->\n<title>Agence VU&#039;<\/title>\n<meta name=\"robots\" content=\"index, follow, max-snippet:-1, max-image-preview:large, max-video-preview:-1\" \/>\n<link rel=\"canonical\" href=\"\/\" \/>\n<meta property=\"og:locale\" content=\"en_US\" \/>\n<meta property=\"og:type\" content=\"article\" \/>\n<meta property=\"og:site_name\" content=\"Agence VU&#039;\" \/>\n<meta name=\"twitter:card\" content=\"summary_large_image\" \/>\n<meta name=\"twitter:site\" content=\"@agence_vu\" \/>\n<script type=\"application\/ld+json\" class=\"yoast-schema-graph\">{\"@context\":\"https:\/\/schema.org\",\"@graph\":[{\"@type\":\"WebSite\",\"@id\":\"https:\/\/agencevu.com\/en\/#website\",\"url\":\"https:\/\/agencevu.com\/en\/\",\"name\":\"Agence VU&#039;\",\"description\":\"Agency of photographers founded in 1986\",\"potentialAction\":[{\"@type\":\"SearchAction\",\"target\":\"https:\/\/agencevu.com\/en\/?s={search_term_string}\",\"query-input\":\"required name=search_term_string\"}],\"inLanguage\":\"en-US\"},{\"@type\":\"CollectionPage\",\"@id\":\"#webpage\",\"url\":\"\",\"name\":\"\",\"isPartOf\":{\"@id\":\"https:\/\/agencevu.com\/en\/#website\"},\"breadcrumb\":{\"@id\":\"#breadcrumb\"},\"inLanguage\":\"en-US\",\"potentialAction\":[{\"@type\":\"ReadAction\",\"target\":[\"\"]}]},{\"@type\":\"BreadcrumbList\",\"@id\":\"#breadcrumb\",\"itemListElement\":[{\"@type\":\"ListItem\",\"position\":1,\"item\":{\"@type\":\"WebPage\",\"@id\":\"https:\/\/agencevu.com\/en\/home\/\",\"url\":\"https:\/\/agencevu.com\/en\/home\/\",\"name\":\"Home\"}},{\"@type\":\"ListItem\",\"position\":2,\"item\":{\"@id\":\"#webpage\"}}]}]}<\/script>\n<!-- \/ Yoast SEO plugin. -->","_links":{"self":[{"href":"https:\/\/agencevu.com\/en\/wp-json\/wp\/v2\/photographe\/126146"}],"collection":[{"href":"https:\/\/agencevu.com\/en\/wp-json\/wp\/v2\/photographe"}],"about":[{"href":"https:\/\/agencevu.com\/en\/wp-json\/wp\/v2\/types\/photographe"}],"version-history":[{"count":3,"href":"https:\/\/agencevu.com\/en\/wp-json\/wp\/v2\/photographe\/126146\/revisions"}],"predecessor-version":[{"id":215753,"href":"https:\/\/agencevu.com\/en\/wp-json\/wp\/v2\/photographe\/126146\/revisions\/215753"}],"wp:attachment":[{"href":"https:\/\/agencevu.com\/en\/wp-json\/wp\/v2\/media?parent=126146"}],"wp:term":[{"taxonomy":"category","embeddable":true,"href":"https:\/\/agencevu.com\/en\/wp-json\/wp\/v2\/categories?post=126146"},{"taxonomy":"post_tag","embeddable":true,"href":"https:\/\/agencevu.com\/en\/wp-json\/wp\/v2\/tags?post=126146"}],"curies":[{"name":"wp","href":"https:\/\/api.w.org\/{rel}","templated":true}]}}