{"id":116723,"date":"2021-03-15T15:47:24","date_gmt":"2021-03-15T14:47:24","guid":{"rendered":"https:\/\/agencevu-dev.abvent.com\/?post_type=photographe&#038;p=116723"},"modified":"2024-10-14T16:59:32","modified_gmt":"2024-10-14T14:59:32","slug":"munem-wasif","status":"publish","type":"photographe","link":"https:\/\/agencevu.com\/en\/photographer\/munem-wasif\/","title":{"rendered":"Munem Wasif"},"content":{"rendered":"<div id='av-layout-grid-1'  class='av-layout-grid-container entry-content-wrapper main_color av-flex-cells   av-medium-hide av-small-hide av-mini-hide   avia-builder-el-0  el_before_av_section  avia-builder-el-first  container_wrap fullsize' style=' '  >\n<div class=\"flex_cell no_margin av_one_half  avia-builder-el-1  el_before_av_cell_one_half  avia-builder-el-first   avia-full-contain \"  style='height:450px; min-height:450px;background:url(https:\/\/agencevu.com\/wp-content\/uploads\/2018\/09\/00_Seed_MUNE.jpg) center center no-repeat scroll; vertical-align:middle; padding:30px; ' ><div class='flex_cell_inner' ><\/div><\/div><div class=\"flex_cell no_margin av_one_half  avia-builder-el-2  el_after_av_cell_one_half  avia-builder-el-last   \"  style='height:450px; min-height:450px;vertical-align:bottom; padding:30px 30px 90px 30px ; ' ><div class='flex_cell_inner' ><section class=\"av_textblock_section \"  itemscope=\"itemscope\" itemtype=\"https:\/\/schema.org\/CreativeWork\" ><div class='avia_textblock  '   itemprop=\"text\" ><h4 style=\"font-weight: 100; font-size: 45px;\">Munem<br \/>\n<span style=\"font-size: 45px;\"><strong><span style=\"line-height: 50px;\"> Wasif <\/span><\/strong><\/span><\/h4>\n<\/div><\/section>\n<\/div><\/div>\n<\/div>\n<div id='av_section_1'  class='avia-section main_color avia-section-default avia-no-border-styling  avia-bg-style-scroll  avia-builder-el-4  el_after_av_layout_row  el_before_av_submenu   av-desktop-hide container_wrap fullsize' style=' '  ><div class='container' ><div class='template-page content  av-content-full alpha units'><div class='post-entry post-entry-type-page post-entry-116723'><div class='entry-content-wrapper clearfix'>\n<section class=\"av_textblock_section \"  itemscope=\"itemscope\" itemtype=\"https:\/\/schema.org\/CreativeWork\" ><div class='avia_textblock  '   itemprop=\"text\" ><h4 style=\"font-size: 35px; line-height: 40px; text-align: center;\"><span style=\"font-weight: 100;\"> Munem <\/span>Wasif<\/h4>\n<\/div><\/section>\n<div  style='height:50px' class='hr hr-invisible   avia-builder-el-6  el_after_av_textblock  el_before_av_image '><span class='hr-inner ' ><span class='hr-inner-style'><\/span><\/span><\/div>\n<div  class='avia-image-container  av-styling-no-styling    avia-builder-el-7  el_after_av_hr  avia-builder-el-last  avia-align-center '  itemprop=\"image\" itemscope=\"itemscope\" itemtype=\"https:\/\/schema.org\/ImageObject\"  ><div class='avia-image-container-inner'><div class='avia-image-overlay-wrap'><img class='wp-image-115315 avia-img-lazy-loading-not-115315 avia_image' src=\"https:\/\/agencevu.com\/wp-content\/uploads\/2018\/09\/00_Seed_MUNE.jpg\" alt='' title='Seeds Shall Set Us Free' height=\"750\" width=\"1135\"  itemprop=\"thumbnailUrl\" srcset=\"https:\/\/agencevu.com\/wp-content\/uploads\/2018\/09\/00_Seed_MUNE.jpg 1135w, https:\/\/agencevu.com\/wp-content\/uploads\/2018\/09\/00_Seed_MUNE-300x198.jpg 300w, https:\/\/agencevu.com\/wp-content\/uploads\/2018\/09\/00_Seed_MUNE-1030x681.jpg 1030w, https:\/\/agencevu.com\/wp-content\/uploads\/2018\/09\/00_Seed_MUNE-80x53.jpg 80w, https:\/\/agencevu.com\/wp-content\/uploads\/2018\/09\/00_Seed_MUNE-768x507.jpg 768w, https:\/\/agencevu.com\/wp-content\/uploads\/2018\/09\/00_Seed_MUNE-705x466.jpg 705w, https:\/\/agencevu.com\/wp-content\/uploads\/2018\/09\/00_Seed_MUNE-450x297.jpg 450w\" sizes=\"(max-width: 1135px) 100vw, 1135px\" \/><\/div><\/div><\/div>\n\n<\/div><\/div><\/div><!-- close content main div --><\/div><\/div><div class='clear'><\/div><div id='sub_menu1'  class='av-submenu-container alternate_color  avia-builder-el-8  el_after_av_section  el_before_av_section  av-sticky-submenu av-switch-768 submenu-not-first container_wrap fullsize' style='  z-index:301' ><div class='container av-menu-mobile-active av-submenu-hidden'><a href='#' class='mobile_menu_toggle' aria-hidden='true' data-av_icon='\ue8a5' data-av_iconfont='entypo-fontello'><span class='av-current-placeholder'>Menu<\/span><\/a><ul id='av-custom-submenu-1' class='av-subnav-menu av-submenu-pos-center'>\n<li class='menu-item menu-item-top-level  menu-item-top-level-1'><a href='\/en\/photographer\/munem-wasif\/#biography' ><span class='avia-bullet'><\/span><span class='avia-menu-text'>Biography<\/span><\/a><\/li>\n<li class='menu-item menu-item-top-level  menu-item-top-level-2'><a href='\/en\/photographer\/munem-wasif\/#series' ><span class='avia-bullet'><\/span><span class='avia-menu-text'>Series<\/span><\/a><\/li>\n<li class='menu-item menu-item-top-level  menu-item-top-level-3'><a href='\/en\/photographer\/munem-wasif\/#video' ><span class='avia-bullet'><\/span><span class='avia-menu-text'>Video<\/span><\/a><\/li>\n<li class='menu-item menu-item-top-level  menu-item-top-level-4'><a href='\/en\/photographer\/munem-wasif\/#interview' ><span class='avia-bullet'><\/span><span class='avia-menu-text'>Interviews<\/span><\/a><\/li>\n<li class='menu-item menu-item-top-level  menu-item-top-level-5'><a href='\/en\/photographer\/munem-wasif\/#exhibitions' ><span class='avia-bullet'><\/span><span class='avia-menu-text'>Exhibitions<\/span><\/a><\/li>\n<li class='menu-item menu-item-top-level  menu-item-top-level-6'><a href='\/en\/photographer\/munem-wasif\/#books' ><span class='avia-bullet'><\/span><span class='avia-menu-text'>Books<\/span><\/a><\/li>\n<li class='menu-item menu-item-top-level  menu-item-top-level-7'><a href='\/en\/photographer\/munem-wasif\/#awards' ><span class='avia-bullet'><\/span><span class='avia-menu-text'>Awards<\/span><\/a><\/li>\n<\/ul><\/div><\/div><div class='sticky_placeholder'><\/div>\n<div id='biography'  class='avia-section main_color avia-section-default avia-no-border-styling  avia-bg-style-scroll  avia-builder-el-9  el_after_av_submenu  el_before_av_section   container_wrap fullsize' style=' '  ><div class='container' ><div class='template-page content  av-content-full alpha units'><div class='post-entry post-entry-type-page post-entry-116723'><div class='entry-content-wrapper clearfix'>\n<div class=\"flex_column av_one_fifth  av-break-at-tablet flex_column_div av-zero-column-padding first  avia-builder-el-10  el_before_av_two_fifth  avia-builder-el-first  \" style='border-radius:0px; '><section class=\"av_textblock_section \"  itemscope=\"itemscope\" itemtype=\"https:\/\/schema.org\/CreativeWork\" ><div class='avia_textblock  '  style='font-size:20px; '  itemprop=\"text\" ><p id=\"bio\" style=\"color: #707070; letter-spacing: 1.5px; text-transform: uppercase;\">biography<\/p>\n<hr class=\"hr-titre-page\">\n<\/div><\/section><br \/>\n<div  style='height:50px' class='hr hr-invisible   avia-builder-el-12  el_after_av_textblock  el_before_av_image '><span class='hr-inner ' ><span class='hr-inner-style'><\/span><\/span><\/div><br \/>\n<div  class='avia-image-container  av-styling-no-styling    avia-builder-el-13  el_after_av_hr  avia-builder-el-last  imgBio avia-align-center '  itemprop=\"image\" itemscope=\"itemscope\" itemtype=\"https:\/\/schema.org\/ImageObject\"  ><div class='avia-image-container-inner'><div class='avia-image-overlay-wrap'><img class='wp-image-115311 avia-img-lazy-loading-not-115311 avia_image' src=\"https:\/\/agencevu.com\/wp-content\/uploads\/2018\/09\/Portrait-Munem-wasif-2019.jpg\" alt='' title='Portrait-Munem wasif-2019' height=\"1024\" width=\"1024\"  itemprop=\"thumbnailUrl\" srcset=\"https:\/\/agencevu.com\/wp-content\/uploads\/2018\/09\/Portrait-Munem-wasif-2019.jpg 1024w, https:\/\/agencevu.com\/wp-content\/uploads\/2018\/09\/Portrait-Munem-wasif-2019-300x300.jpg 300w, https:\/\/agencevu.com\/wp-content\/uploads\/2018\/09\/Portrait-Munem-wasif-2019-80x80.jpg 80w, https:\/\/agencevu.com\/wp-content\/uploads\/2018\/09\/Portrait-Munem-wasif-2019-768x768.jpg 768w, https:\/\/agencevu.com\/wp-content\/uploads\/2018\/09\/Portrait-Munem-wasif-2019-36x36.jpg 36w, https:\/\/agencevu.com\/wp-content\/uploads\/2018\/09\/Portrait-Munem-wasif-2019-180x180.jpg 180w, https:\/\/agencevu.com\/wp-content\/uploads\/2018\/09\/Portrait-Munem-wasif-2019-705x705.jpg 705w, https:\/\/agencevu.com\/wp-content\/uploads\/2018\/09\/Portrait-Munem-wasif-2019-120x120.jpg 120w, https:\/\/agencevu.com\/wp-content\/uploads\/2018\/09\/Portrait-Munem-wasif-2019-450x450.jpg 450w\" sizes=\"(max-width: 1024px) 100vw, 1024px\" \/><\/div><\/div><\/div><\/p><\/div><div class=\"flex_column av_two_fifth  av-break-at-tablet flex_column_div av-zero-column-padding   avia-builder-el-14  el_after_av_one_fifth  el_before_av_two_fifth  \" style='border-radius:0px; '><section class=\"av_textblock_section \"  itemscope=\"itemscope\" itemtype=\"https:\/\/schema.org\/CreativeWork\" ><div class='avia_textblock  '   itemprop=\"text\" ><p class=\"p1\"><span class=\"s1\">Munem Wasif was born in Bangladesh in 1983 and graduated from Pathshala in photography.<\/span><\/p>\n<p class=\"p1\"><span class=\"s1\">Munem Wasif\u2019s photography and film investigates complex social and political issues with a humanistic language, by getting close to the people, physically and psychologically, dealing with multiple questions and contradictions. Expressionistic in style and long-term in method, Wasif often experiments beyond the tradition, tests the possibilities of fiction, by borrowing a familiar documentary language. His interest is often on the concept of \u2018documents\u2019 and \u2018archives\u2019 and its influence on addressing politically and geographically complex issues. <\/span><\/p>\n<p class=\"p1\"><span class=\"s1\">He had exhibitions worldwide including, Center Pompidou, Palais de Tokyo &amp; Visa pour l\u2019image in France, Whitechapel Gallery, Kettle\u2019s Yard &amp; Victoria &amp; Albert museum in England, Museu d\u2019Art Contemporani of Barcelona in Spain, Mus\u00e9e de l\u2019\u00c9lysee,<span class=\"Apple-converted-space\">&nbsp; <\/span>Mus\u00e9e d\u2019Art et d\u2019Histoire &amp; Fotomuseam Winterthur in Switzerland, Kunsthal museum &amp; Noordelicht festival in Netherlands, Museum of Modern Art in Poland, Parasite in Hong Kong, The Factory Contemporary Arts Centre in Vietnam, Gwangju biennale in Korea, Singapore biennale, Sharjah Bienalle in UAE, Asia Pacific Triennial of contemporary art in Australia, and Dhaka Art summit &amp; Chobi Mela in Bangladesh.<\/span><\/p>\n<\/div><\/section><\/div><div class=\"flex_column av_two_fifth  av-break-at-tablet flex_column_div av-zero-column-padding   avia-builder-el-16  el_after_av_two_fifth  avia-builder-el-last  \" style='border-radius:0px; '><section class=\"av_textblock_section \"  itemscope=\"itemscope\" itemtype=\"https:\/\/schema.org\/CreativeWork\" ><div class='avia_textblock  '   itemprop=\"text\" ><p class=\"p1\"><span class=\"s1\">His photographs have been published in Le Monde, Sunday Times Magazine, Geo, Guardian, Politiken, Mare, Du, Days Japan, L\u2019espresso, Lib\u00e9ration, Wall Street Journal and many others.<\/span><\/p>\n<p class=\"p1\"><span class=\"s1\">Munem Wasif is also a Fellow at the Wissenschaftskolleg zu Berlin, Germany from 2020-2021. His last book on Old Dhaka was published by Cl\u00e9mentine de la F\u00e9ronni\u00e8re in France.<\/span><\/p>\n<p class=\"p1\"><span class=\"s1\">He is represented by Agence Vu in Paris and Project 88 in Mumbai.<\/span><\/p>\n<\/div><\/section><\/div>\n\n<\/div><\/div><\/div><!-- close content main div --><\/div><\/div><div id='series'  class='avia-section main_color avia-section-small avia-no-border-styling  avia-bg-style-scroll  avia-builder-el-18  el_after_av_section  el_before_av_section   container_wrap fullsize' style=' '  ><div class='container' ><div class='template-page content  av-content-full alpha units'><div class='post-entry post-entry-type-page post-entry-116723'><div class='entry-content-wrapper clearfix'>\n<section class=\"av_textblock_section \"  itemscope=\"itemscope\" itemtype=\"https:\/\/schema.org\/CreativeWork\" ><div class='avia_textblock  '  style='font-size:20px; '  itemprop=\"text\" ><p id=\"series\" style=\"color: #707070; letter-spacing: 1.5px; text-transform: uppercase;\">Series<\/p>\n<hr class=\"hr-titre-page\">\n<\/div><\/section>\n<div  data-autoplay=''  data-interval='5'  data-animation='fade'  data-show_slide_delay='90'  class='avia-content-slider avia-content-grid-active avia-content-slider1 avia-content-slider-odd  avia-builder-el-20  el_after_av_textblock  el_before_av_blog   av-medium-hide av-small-hide av-mini-hide'  itemscope=\"itemscope\" itemtype=\"https:\/\/schema.org\/Blog\" ><div class='avia-content-slider-inner'><div class='slide-entry-wrap'><article class='slide-entry flex_column  post-entry post-entry-116677 slide-entry-overview slide-loop-1 slide-parity-odd  av_one_third first real-thumbnail'  itemscope=\"itemscope\" itemtype=\"https:\/\/schema.org\/CreativeWork\" ><a href='https:\/\/agencevu.com\/en\/serie\/spring-song-2019\/' data-rel='slide-1' class='slide-image' title=''><img width=\"436\" height=\"290\" src=\"https:\/\/agencevu.com\/wp-content\/uploads\/2021\/03\/17_Spring-Song_MUNE-1.jpg\" class=\"wp-image-116580 avia-img-lazy-loading-116580 attachment-portfolio size-portfolio wp-post-image\" alt=\"\" loading=\"lazy\" srcset=\"https:\/\/agencevu.com\/wp-content\/uploads\/2021\/03\/17_Spring-Song_MUNE-1.jpg 436w, https:\/\/agencevu.com\/wp-content\/uploads\/2021\/03\/17_Spring-Song_MUNE-1-300x200.jpg 300w, https:\/\/agencevu.com\/wp-content\/uploads\/2021\/03\/17_Spring-Song_MUNE-1-80x53.jpg 80w\" sizes=\"(max-width: 436px) 100vw, 436px\" \/><\/a><div class='slide-content'><header class=\"entry-content-header\"><span class=\"blog-categories minor-meta\"> <a href=\"https:\/\/agencevu.com\/en\/photographer\/munem-wasif\/\" rel=\"tag\">Munem Wasif<\/a> <a href=\"https:\/\/agencevu.com\/en\/section_taxonomy\/series\/\" rel=\"tag\">s\u00e9ries<\/a> <\/span><h3 class='slide-entry-title entry-title'  itemprop=\"headline\" ><a href='https:\/\/agencevu.com\/en\/serie\/spring-song-2019\/' title='Spring Song, 2019'>Spring Song, 2019<\/a><\/h3><span class=\"av-vertical-delimiter\"><\/span><\/header><div class='slide-entry-excerpt entry-content'  itemprop=\"text\" >Munem Wasif constantly explores the idea of border and re-examines the questions around its formation. How these borders constructed? Who constructs them? How are they broken and re-formed?<\/div><\/div><footer class=\"entry-footer\"><div class='slide-meta'><time class='slide-meta-time updated'  itemprop=\"datePublished\" datetime=\"2019-12-15T13:51:55+01:00\" >15 December 2019<\/time><\/div><\/footer><span class='hidden'>\n\t\t\t\t<span class='av-structured-data'  itemprop=\"image\" itemscope=\"itemscope\" itemtype=\"https:\/\/schema.org\/ImageObject\" >\n\t\t\t\t\t\t<span itemprop='url'>https:\/\/agencevu.com\/wp-content\/uploads\/2021\/03\/17_Spring-Song_MUNE-1.jpg<\/span>\n\t\t\t\t\t\t<span itemprop='height'>290<\/span>\n\t\t\t\t\t\t<span itemprop='width'>436<\/span>\n\t\t\t\t<\/span>\n\t\t\t\t<span class='av-structured-data'  itemprop=\"publisher\" itemtype=\"https:\/\/schema.org\/Organization\" itemscope=\"itemscope\" >\n\t\t\t\t\t\t<span itemprop='name'>Fanny Demichelis<\/span>\n\t\t\t\t\t\t<span itemprop='logo' itemscope itemtype='https:\/\/schema.org\/ImageObject'>\n\t\t\t\t\t\t\t<span itemprop='url'>\/wp-content\/uploads\/2021\/05\/logo-vert-2.svg<\/span>\n\t\t\t\t\t\t <\/span>\n\t\t\t\t<\/span><span class='av-structured-data'  itemprop=\"author\" itemscope=\"itemscope\" itemtype=\"https:\/\/schema.org\/Person\" ><span itemprop='name'>Fanny Demichelis<\/span><\/span><span class='av-structured-data'  itemprop=\"datePublished\" datetime=\"2006-05-11T17:42:43+02:00\" >2019-12-15 13:51:55<\/span><span class='av-structured-data'  itemprop=\"dateModified\" itemtype=\"https:\/\/schema.org\/dateModified\" >2021-03-15 15:13:29<\/span><span class='av-structured-data'  itemprop=\"mainEntityOfPage\" itemtype=\"https:\/\/schema.org\/mainEntityOfPage\" ><span itemprop='name'>Spring Song, 2019<\/span><\/span><\/span><\/article><article class='slide-entry flex_column  post-entry post-entry-116676 slide-entry-overview slide-loop-2 slide-parity-even  av_one_third  real-thumbnail'  itemscope=\"itemscope\" itemtype=\"https:\/\/schema.org\/CreativeWork\" ><a href='https:\/\/agencevu.com\/en\/serie\/seeds-shall-set-us-free-2017\/' data-rel='slide-1' class='slide-image' title=''><img width=\"439\" height=\"290\" src=\"https:\/\/agencevu.com\/wp-content\/uploads\/2021\/03\/00_Seed_MUNE.jpg\" class=\"wp-image-116468 avia-img-lazy-loading-116468 attachment-portfolio size-portfolio wp-post-image\" alt=\"\" loading=\"lazy\" srcset=\"https:\/\/agencevu.com\/wp-content\/uploads\/2021\/03\/00_Seed_MUNE.jpg 439w, https:\/\/agencevu.com\/wp-content\/uploads\/2021\/03\/00_Seed_MUNE-300x198.jpg 300w, https:\/\/agencevu.com\/wp-content\/uploads\/2021\/03\/00_Seed_MUNE-80x53.jpg 80w\" sizes=\"(max-width: 439px) 100vw, 439px\" \/><\/a><div class='slide-content'><header class=\"entry-content-header\"><span class=\"blog-categories minor-meta\"> <a href=\"https:\/\/agencevu.com\/en\/photographer\/munem-wasif\/\" rel=\"tag\">Munem Wasif<\/a> <a href=\"https:\/\/agencevu.com\/en\/section_taxonomy\/series\/\" rel=\"tag\">s\u00e9ries<\/a> <\/span><h3 class='slide-entry-title entry-title'  itemprop=\"headline\" ><a href='https:\/\/agencevu.com\/en\/serie\/seeds-shall-set-us-free-2017\/' title='Seeds Shall set us Free, 2017'>Seeds Shall set us Free, 2017<\/a><\/h3><span class=\"av-vertical-delimiter\"><\/span><\/header><div class='slide-entry-excerpt entry-content'  itemprop=\"text\" >Munem Wasif seeks to reimagine an indigenous \u201cecosophical\u201d mode of agriculture, where grain is a companion species to humanity, having names, deities and spirits, around which the village organizes itself.<\/div><\/div><footer class=\"entry-footer\"><div class='slide-meta'><time class='slide-meta-time updated'  itemprop=\"datePublished\" datetime=\"2017-09-15T12:37:12+02:00\" >15 September 2017<\/time><\/div><\/footer><span class='hidden'>\n\t\t\t\t<span class='av-structured-data'  itemprop=\"image\" itemscope=\"itemscope\" itemtype=\"https:\/\/schema.org\/ImageObject\" >\n\t\t\t\t\t\t<span itemprop='url'>https:\/\/agencevu.com\/wp-content\/uploads\/2021\/03\/00_Seed_MUNE.jpg<\/span>\n\t\t\t\t\t\t<span itemprop='height'>290<\/span>\n\t\t\t\t\t\t<span itemprop='width'>439<\/span>\n\t\t\t\t<\/span>\n\t\t\t\t<span class='av-structured-data'  itemprop=\"publisher\" itemtype=\"https:\/\/schema.org\/Organization\" itemscope=\"itemscope\" >\n\t\t\t\t\t\t<span itemprop='name'>Fanny Demichelis<\/span>\n\t\t\t\t\t\t<span itemprop='logo' itemscope itemtype='https:\/\/schema.org\/ImageObject'>\n\t\t\t\t\t\t\t<span itemprop='url'>\/wp-content\/uploads\/2021\/05\/logo-vert-2.svg<\/span>\n\t\t\t\t\t\t <\/span>\n\t\t\t\t<\/span><span class='av-structured-data'  itemprop=\"author\" itemscope=\"itemscope\" itemtype=\"https:\/\/schema.org\/Person\" ><span itemprop='name'>Fanny Demichelis<\/span><\/span><span class='av-structured-data'  itemprop=\"datePublished\" datetime=\"2006-05-11T17:42:43+02:00\" >2017-09-15 12:37:12<\/span><span class='av-structured-data'  itemprop=\"dateModified\" itemtype=\"https:\/\/schema.org\/dateModified\" >2021-03-15 15:14:14<\/span><span class='av-structured-data'  itemprop=\"mainEntityOfPage\" itemtype=\"https:\/\/schema.org\/mainEntityOfPage\" ><span itemprop='name'>Seeds Shall set us Free, 2017<\/span><\/span><\/span><\/article><article class='slide-entry flex_column  post-entry post-entry-116675 slide-entry-overview slide-loop-3 slide-parity-odd  av_one_third  real-thumbnail'  itemscope=\"itemscope\" itemtype=\"https:\/\/schema.org\/CreativeWork\" ><a href='https:\/\/agencevu.com\/en\/serie\/machine-matter-2017\/' data-rel='slide-1' class='slide-image' title=''><img width=\"495\" height=\"290\" src=\"https:\/\/agencevu.com\/wp-content\/uploads\/2021\/03\/00_Machine_Matter_MUNE-495x290.jpg\" class=\"wp-image-116395 avia-img-lazy-loading-116395 attachment-portfolio size-portfolio wp-post-image\" alt=\"\" loading=\"lazy\" \/><\/a><div class='slide-content'><header class=\"entry-content-header\"><span class=\"blog-categories minor-meta\"> <a href=\"https:\/\/agencevu.com\/en\/photographer\/munem-wasif\/\" rel=\"tag\">Munem Wasif<\/a> <a href=\"https:\/\/agencevu.com\/en\/section_taxonomy\/series\/\" rel=\"tag\">s\u00e9ries<\/a> <\/span><h3 class='slide-entry-title entry-title'  itemprop=\"headline\" ><a href='https:\/\/agencevu.com\/en\/serie\/machine-matter-2017\/' title='Machine Matter, 2017'>Machine Matter, 2017<\/a><\/h3><span class=\"av-vertical-delimiter\"><\/span><\/header><div class='slide-entry-excerpt entry-content'  itemprop=\"text\" >In Machine Matter, Wasif examines the death of the jute industry in Bangladesh and the destruction of the livelihoods the \u2018golden fibre\u2019 once supported.<\/div><\/div><footer class=\"entry-footer\"><div class='slide-meta'><time class='slide-meta-time updated'  itemprop=\"datePublished\" datetime=\"2017-06-15T12:00:18+02:00\" >15 June 2017<\/time><\/div><\/footer><span class='hidden'>\n\t\t\t\t<span class='av-structured-data'  itemprop=\"image\" itemscope=\"itemscope\" itemtype=\"https:\/\/schema.org\/ImageObject\" >\n\t\t\t\t\t\t<span itemprop='url'>https:\/\/agencevu.com\/wp-content\/uploads\/2021\/03\/00_Machine_Matter_MUNE.jpg<\/span>\n\t\t\t\t\t\t<span itemprop='height'>290<\/span>\n\t\t\t\t\t\t<span itemprop='width'>516<\/span>\n\t\t\t\t<\/span>\n\t\t\t\t<span class='av-structured-data'  itemprop=\"publisher\" itemtype=\"https:\/\/schema.org\/Organization\" itemscope=\"itemscope\" >\n\t\t\t\t\t\t<span itemprop='name'>Fanny Demichelis<\/span>\n\t\t\t\t\t\t<span itemprop='logo' itemscope itemtype='https:\/\/schema.org\/ImageObject'>\n\t\t\t\t\t\t\t<span itemprop='url'>\/wp-content\/uploads\/2021\/05\/logo-vert-2.svg<\/span>\n\t\t\t\t\t\t <\/span>\n\t\t\t\t<\/span><span class='av-structured-data'  itemprop=\"author\" itemscope=\"itemscope\" itemtype=\"https:\/\/schema.org\/Person\" ><span itemprop='name'>Fanny Demichelis<\/span><\/span><span class='av-structured-data'  itemprop=\"datePublished\" datetime=\"2006-05-11T17:42:43+02:00\" >2017-06-15 12:00:18<\/span><span class='av-structured-data'  itemprop=\"dateModified\" itemtype=\"https:\/\/schema.org\/dateModified\" >2021-03-15 15:14:55<\/span><span class='av-structured-data'  itemprop=\"mainEntityOfPage\" itemtype=\"https:\/\/schema.org\/mainEntityOfPage\" ><span itemprop='name'>Machine Matter, 2017<\/span><\/span><\/span><\/article><\/div><div class='slide-entry-wrap'><article class='slide-entry flex_column  post-entry post-entry-116674 slide-entry-overview slide-loop-4 slide-parity-odd  av_one_third first real-thumbnail'  itemscope=\"itemscope\" itemtype=\"https:\/\/schema.org\/CreativeWork\" ><a href='https:\/\/agencevu.com\/en\/serie\/land-of-the-undefined-territory-2012\/' data-rel='slide-1' class='slide-image' title=''><img width=\"434\" height=\"290\" src=\"https:\/\/agencevu.com\/wp-content\/uploads\/2021\/03\/00_MUNE22479-2015NB02.jpg\" class=\"wp-image-116346 avia-img-lazy-loading-116346 attachment-portfolio size-portfolio wp-post-image\" alt=\"\" loading=\"lazy\" srcset=\"https:\/\/agencevu.com\/wp-content\/uploads\/2021\/03\/00_MUNE22479-2015NB02.jpg 434w, https:\/\/agencevu.com\/wp-content\/uploads\/2021\/03\/00_MUNE22479-2015NB02-300x200.jpg 300w, https:\/\/agencevu.com\/wp-content\/uploads\/2021\/03\/00_MUNE22479-2015NB02-80x53.jpg 80w\" sizes=\"(max-width: 434px) 100vw, 434px\" \/><\/a><div class='slide-content'><header class=\"entry-content-header\"><span class=\"blog-categories minor-meta\"> <a href=\"https:\/\/agencevu.com\/en\/photographer\/munem-wasif\/\" rel=\"tag\">Munem Wasif<\/a> <a href=\"https:\/\/agencevu.com\/en\/section_taxonomy\/series\/\" rel=\"tag\">s\u00e9ries<\/a> <\/span><h3 class='slide-entry-title entry-title'  itemprop=\"headline\" ><a href='https:\/\/agencevu.com\/en\/serie\/land-of-the-undefined-territory-2012\/' title='Land of the undefined territory, 2012'>Land of the undefined territory, 2012<\/a><\/h3><span class=\"av-vertical-delimiter\"><\/span><\/header><div class='slide-entry-excerpt entry-content'  itemprop=\"text\" >Munem Wasif has photographed a blurred boundary between Bangladesh and India with a dispassionate and systematic approach that mimics investigation, topographic study, geological survey or a simple aesthetic search. <\/div><\/div><footer class=\"entry-footer\"><div class='slide-meta'><time class='slide-meta-time updated'  itemprop=\"datePublished\" datetime=\"2012-04-15T11:21:37+02:00\" >15 April 2012<\/time><\/div><\/footer><span class='hidden'>\n\t\t\t\t<span class='av-structured-data'  itemprop=\"image\" itemscope=\"itemscope\" itemtype=\"https:\/\/schema.org\/ImageObject\" >\n\t\t\t\t\t\t<span itemprop='url'>https:\/\/agencevu.com\/wp-content\/uploads\/2021\/03\/00_MUNE22479-2015NB02.jpg<\/span>\n\t\t\t\t\t\t<span itemprop='height'>290<\/span>\n\t\t\t\t\t\t<span itemprop='width'>434<\/span>\n\t\t\t\t<\/span>\n\t\t\t\t<span class='av-structured-data'  itemprop=\"publisher\" itemtype=\"https:\/\/schema.org\/Organization\" itemscope=\"itemscope\" >\n\t\t\t\t\t\t<span itemprop='name'>Fanny Demichelis<\/span>\n\t\t\t\t\t\t<span itemprop='logo' itemscope itemtype='https:\/\/schema.org\/ImageObject'>\n\t\t\t\t\t\t\t<span itemprop='url'>\/wp-content\/uploads\/2021\/05\/logo-vert-2.svg<\/span>\n\t\t\t\t\t\t <\/span>\n\t\t\t\t<\/span><span class='av-structured-data'  itemprop=\"author\" itemscope=\"itemscope\" itemtype=\"https:\/\/schema.org\/Person\" ><span itemprop='name'>Fanny Demichelis<\/span><\/span><span class='av-structured-data'  itemprop=\"datePublished\" datetime=\"2006-05-11T17:42:43+02:00\" >2012-04-15 11:21:37<\/span><span class='av-structured-data'  itemprop=\"dateModified\" itemtype=\"https:\/\/schema.org\/dateModified\" >2021-03-15 15:15:21<\/span><span class='av-structured-data'  itemprop=\"mainEntityOfPage\" itemtype=\"https:\/\/schema.org\/mainEntityOfPage\" ><span itemprop='name'>Land of the undefined territory, 2012<\/span><\/span><\/span><\/article><article class='slide-entry flex_column  post-entry post-entry-116673 slide-entry-overview slide-loop-5 slide-parity-even  av_one_third  real-thumbnail'  itemscope=\"itemscope\" itemtype=\"https:\/\/schema.org\/CreativeWork\" ><a href='https:\/\/agencevu.com\/en\/serie\/salt-water-tears-2008\/' data-rel='slide-1' class='slide-image' title=''><img width=\"435\" height=\"290\" src=\"https:\/\/agencevu.com\/wp-content\/uploads\/2021\/03\/00_MUNE17733-2011NB16-1.jpg\" class=\"wp-image-116281 avia-img-lazy-loading-116281 attachment-portfolio size-portfolio wp-post-image\" alt=\"\" loading=\"lazy\" srcset=\"https:\/\/agencevu.com\/wp-content\/uploads\/2021\/03\/00_MUNE17733-2011NB16-1.jpg 435w, https:\/\/agencevu.com\/wp-content\/uploads\/2021\/03\/00_MUNE17733-2011NB16-1-300x200.jpg 300w, https:\/\/agencevu.com\/wp-content\/uploads\/2021\/03\/00_MUNE17733-2011NB16-1-80x53.jpg 80w\" sizes=\"(max-width: 435px) 100vw, 435px\" \/><\/a><div class='slide-content'><header class=\"entry-content-header\"><span class=\"blog-categories minor-meta\"> <a href=\"https:\/\/agencevu.com\/en\/photographer\/munem-wasif\/\" rel=\"tag\">Munem Wasif<\/a> <a href=\"https:\/\/agencevu.com\/en\/section_taxonomy\/series\/\" rel=\"tag\">s\u00e9ries<\/a> <\/span><h3 class='slide-entry-title entry-title'  itemprop=\"headline\" ><a href='https:\/\/agencevu.com\/en\/serie\/salt-water-tears-2008\/' title='Salt Water Tears, 2008'>Salt Water Tears, 2008<\/a><\/h3><span class=\"av-vertical-delimiter\"><\/span><\/header><div class='slide-entry-excerpt entry-content'  itemprop=\"text\" >Rippling sea waves, dried river beds and endless fields. Water everywhere, but not a drop to drink. A family needs about six pitchers of water a day, and they have to walk seven miles to get it. <\/div><\/div><footer class=\"entry-footer\"><div class='slide-meta'><time class='slide-meta-time updated'  itemprop=\"datePublished\" datetime=\"2008-12-15T09:36:20+01:00\" >15 December 2008<\/time><\/div><\/footer><span class='hidden'>\n\t\t\t\t<span class='av-structured-data'  itemprop=\"image\" itemscope=\"itemscope\" itemtype=\"https:\/\/schema.org\/ImageObject\" >\n\t\t\t\t\t\t<span itemprop='url'>https:\/\/agencevu.com\/wp-content\/uploads\/2021\/03\/00_MUNE17733-2011NB16-1.jpg<\/span>\n\t\t\t\t\t\t<span itemprop='height'>290<\/span>\n\t\t\t\t\t\t<span itemprop='width'>435<\/span>\n\t\t\t\t<\/span>\n\t\t\t\t<span class='av-structured-data'  itemprop=\"publisher\" itemtype=\"https:\/\/schema.org\/Organization\" itemscope=\"itemscope\" >\n\t\t\t\t\t\t<span itemprop='name'>Fanny Demichelis<\/span>\n\t\t\t\t\t\t<span itemprop='logo' itemscope itemtype='https:\/\/schema.org\/ImageObject'>\n\t\t\t\t\t\t\t<span itemprop='url'>\/wp-content\/uploads\/2021\/05\/logo-vert-2.svg<\/span>\n\t\t\t\t\t\t <\/span>\n\t\t\t\t<\/span><span class='av-structured-data'  itemprop=\"author\" itemscope=\"itemscope\" itemtype=\"https:\/\/schema.org\/Person\" ><span itemprop='name'>Fanny Demichelis<\/span><\/span><span class='av-structured-data'  itemprop=\"datePublished\" datetime=\"2006-05-11T17:42:43+02:00\" >2008-12-15 09:36:20<\/span><span class='av-structured-data'  itemprop=\"dateModified\" itemtype=\"https:\/\/schema.org\/dateModified\" >2022-03-18 10:17:18<\/span><span class='av-structured-data'  itemprop=\"mainEntityOfPage\" itemtype=\"https:\/\/schema.org\/mainEntityOfPage\" ><span itemprop='name'>Salt Water Tears, 2008<\/span><\/span><\/span><\/article><article class='slide-entry flex_column  post-entry post-entry-116672 slide-entry-overview slide-loop-6 slide-parity-odd  av_one_third  real-thumbnail'  itemscope=\"itemscope\" itemtype=\"https:\/\/schema.org\/CreativeWork\" ><a href='https:\/\/agencevu.com\/en\/serie\/climate-refugees-2007\/' data-rel='slide-1' class='slide-image' title=''><img width=\"433\" height=\"290\" src=\"https:\/\/agencevu.com\/wp-content\/uploads\/2021\/03\/00_MUNE14064-2007NB03.jpg\" class=\"wp-image-115569 avia-img-lazy-loading-115569 attachment-portfolio size-portfolio wp-post-image\" alt=\"\" loading=\"lazy\" srcset=\"https:\/\/agencevu.com\/wp-content\/uploads\/2021\/03\/00_MUNE14064-2007NB03.jpg 433w, https:\/\/agencevu.com\/wp-content\/uploads\/2021\/03\/00_MUNE14064-2007NB03-300x201.jpg 300w, https:\/\/agencevu.com\/wp-content\/uploads\/2021\/03\/00_MUNE14064-2007NB03-80x54.jpg 80w\" sizes=\"(max-width: 433px) 100vw, 433px\" \/><\/a><div class='slide-content'><header class=\"entry-content-header\"><span class=\"blog-categories minor-meta\"> <a href=\"https:\/\/agencevu.com\/en\/photographer\/munem-wasif\/\" rel=\"tag\">Munem Wasif<\/a> <a href=\"https:\/\/agencevu.com\/en\/section_taxonomy\/series\/\" rel=\"tag\">s\u00e9ries<\/a> <\/span><h3 class='slide-entry-title entry-title'  itemprop=\"headline\" ><a href='https:\/\/agencevu.com\/en\/serie\/climate-refugees-2007\/' title='Climate refugees, 2007'>Climate refugees, 2007<\/a><\/h3><span class=\"av-vertical-delimiter\"><\/span><\/header><div class='slide-entry-excerpt entry-content'  itemprop=\"text\" >In the past ten years, farmers like Hatem Ali have had to dismantle and relocate their tin and bamboo houses at least five times to escape the invasive waters of the huge Brahmaputra River in Kurigram. <\/div><\/div><footer class=\"entry-footer\"><div class='slide-meta'><time class='slide-meta-time updated'  itemprop=\"datePublished\" datetime=\"2007-05-12T11:07:51+02:00\" >12 May 2007<\/time><\/div><\/footer><span class='hidden'>\n\t\t\t\t<span class='av-structured-data'  itemprop=\"image\" itemscope=\"itemscope\" itemtype=\"https:\/\/schema.org\/ImageObject\" >\n\t\t\t\t\t\t<span itemprop='url'>https:\/\/agencevu.com\/wp-content\/uploads\/2021\/03\/00_MUNE14064-2007NB03.jpg<\/span>\n\t\t\t\t\t\t<span itemprop='height'>290<\/span>\n\t\t\t\t\t\t<span itemprop='width'>433<\/span>\n\t\t\t\t<\/span>\n\t\t\t\t<span class='av-structured-data'  itemprop=\"publisher\" itemtype=\"https:\/\/schema.org\/Organization\" itemscope=\"itemscope\" >\n\t\t\t\t\t\t<span itemprop='name'>Fanny Demichelis<\/span>\n\t\t\t\t\t\t<span itemprop='logo' itemscope itemtype='https:\/\/schema.org\/ImageObject'>\n\t\t\t\t\t\t\t<span itemprop='url'>\/wp-content\/uploads\/2021\/05\/logo-vert-2.svg<\/span>\n\t\t\t\t\t\t <\/span>\n\t\t\t\t<\/span><span class='av-structured-data'  itemprop=\"author\" itemscope=\"itemscope\" itemtype=\"https:\/\/schema.org\/Person\" ><span itemprop='name'>Fanny Demichelis<\/span><\/span><span class='av-structured-data'  itemprop=\"datePublished\" datetime=\"2006-05-11T17:42:43+02:00\" >2007-05-12 11:07:51<\/span><span class='av-structured-data'  itemprop=\"dateModified\" itemtype=\"https:\/\/schema.org\/dateModified\" >2021-03-15 15:18:23<\/span><span class='av-structured-data'  itemprop=\"mainEntityOfPage\" itemtype=\"https:\/\/schema.org\/mainEntityOfPage\" ><span itemprop='name'>Climate refugees, 2007<\/span><\/span><\/span><\/article><\/div><div class='slide-entry-wrap'><article class='slide-entry flex_column  post-entry post-entry-116671 slide-entry-overview slide-loop-7 slide-parity-odd  post-entry-last  av_one_third first real-thumbnail'  itemscope=\"itemscope\" itemtype=\"https:\/\/schema.org\/CreativeWork\" ><a href='https:\/\/agencevu.com\/en\/serie\/belonging-2006\/' data-rel='slide-1' class='slide-image' title=''><img width=\"435\" height=\"290\" src=\"https:\/\/agencevu.com\/wp-content\/uploads\/2021\/03\/00_MUNE19651-2013NB61.jpg\" class=\"wp-image-115443 avia-img-lazy-loading-115443 attachment-portfolio size-portfolio wp-post-image\" alt=\"\" loading=\"lazy\" srcset=\"https:\/\/agencevu.com\/wp-content\/uploads\/2021\/03\/00_MUNE19651-2013NB61.jpg 435w, https:\/\/agencevu.com\/wp-content\/uploads\/2021\/03\/00_MUNE19651-2013NB61-300x200.jpg 300w, https:\/\/agencevu.com\/wp-content\/uploads\/2021\/03\/00_MUNE19651-2013NB61-80x53.jpg 80w\" sizes=\"(max-width: 435px) 100vw, 435px\" \/><\/a><div class='slide-content'><header class=\"entry-content-header\"><span class=\"blog-categories minor-meta\"> <a href=\"https:\/\/agencevu.com\/en\/photographer\/munem-wasif\/\" rel=\"tag\">Munem Wasif<\/a> <a href=\"https:\/\/agencevu.com\/en\/section_taxonomy\/series\/\" rel=\"tag\">s\u00e9ries<\/a> <\/span><h3 class='slide-entry-title entry-title'  itemprop=\"headline\" ><a href='https:\/\/agencevu.com\/en\/serie\/belonging-2006\/' title='Belonging, 2006'>Belonging, 2006<\/a><\/h3><span class=\"av-vertical-delimiter\"><\/span><\/header><div class='slide-entry-excerpt entry-content'  itemprop=\"text\" >\"Puran Dhaka, or \"Old Dhaka\", was a rather unlikely subject for me because I\u2019ve been living there for many years. It was about trying to find a feeling of something new in the routine of my daily life. <\/div><\/div><footer class=\"entry-footer\"><div class='slide-meta'><time class='slide-meta-time updated'  itemprop=\"datePublished\" datetime=\"2006-05-11T17:42:43+02:00\" >11 May 2006<\/time><\/div><\/footer><span class='hidden'>\n\t\t\t\t<span class='av-structured-data'  itemprop=\"image\" itemscope=\"itemscope\" itemtype=\"https:\/\/schema.org\/ImageObject\" >\n\t\t\t\t\t\t<span itemprop='url'>https:\/\/agencevu.com\/wp-content\/uploads\/2021\/03\/00_MUNE19651-2013NB61.jpg<\/span>\n\t\t\t\t\t\t<span itemprop='height'>290<\/span>\n\t\t\t\t\t\t<span itemprop='width'>435<\/span>\n\t\t\t\t<\/span>\n\t\t\t\t<span class='av-structured-data'  itemprop=\"publisher\" itemtype=\"https:\/\/schema.org\/Organization\" itemscope=\"itemscope\" >\n\t\t\t\t\t\t<span itemprop='name'>Fanny Demichelis<\/span>\n\t\t\t\t\t\t<span itemprop='logo' itemscope itemtype='https:\/\/schema.org\/ImageObject'>\n\t\t\t\t\t\t\t<span itemprop='url'>\/wp-content\/uploads\/2021\/05\/logo-vert-2.svg<\/span>\n\t\t\t\t\t\t <\/span>\n\t\t\t\t<\/span><span class='av-structured-data'  itemprop=\"author\" itemscope=\"itemscope\" itemtype=\"https:\/\/schema.org\/Person\" ><span itemprop='name'>Fanny Demichelis<\/span><\/span><span class='av-structured-data'  itemprop=\"datePublished\" datetime=\"2006-05-11T17:42:43+02:00\" >2006-05-11 17:42:43<\/span><span class='av-structured-data'  itemprop=\"dateModified\" itemtype=\"https:\/\/schema.org\/dateModified\" >2021-03-15 15:19:20<\/span><span class='av-structured-data'  itemprop=\"mainEntityOfPage\" itemtype=\"https:\/\/schema.org\/mainEntityOfPage\" ><span itemprop='name'>Belonging, 2006<\/span><\/span><\/span><\/article><\/div><\/div><\/div>\n<div  data-autoplay=''  data-interval='5'  data-animation='fade'  data-show_slide_delay='90'  class='avia-content-slider avia-content-grid-active avia-content-slider2 avia-content-slider-even   av-desktop-hide av-mini-hide'  itemscope=\"itemscope\" itemtype=\"https:\/\/schema.org\/Blog\" ><div class='avia-content-slider-inner'><div class='slide-entry-wrap'><article class='slide-entry flex_column  post-entry post-entry-116677 slide-entry-overview slide-loop-1 slide-parity-odd  av_one_half first real-thumbnail'  itemscope=\"itemscope\" itemtype=\"https:\/\/schema.org\/CreativeWork\" ><a href='https:\/\/agencevu.com\/en\/serie\/spring-song-2019\/' data-rel='slide-2' class='slide-image' title=''><img width=\"436\" height=\"290\" src=\"https:\/\/agencevu.com\/wp-content\/uploads\/2021\/03\/17_Spring-Song_MUNE-1.jpg\" class=\"wp-image-116580 avia-img-lazy-loading-116580 attachment-portfolio size-portfolio wp-post-image\" alt=\"\" loading=\"lazy\" srcset=\"https:\/\/agencevu.com\/wp-content\/uploads\/2021\/03\/17_Spring-Song_MUNE-1.jpg 436w, https:\/\/agencevu.com\/wp-content\/uploads\/2021\/03\/17_Spring-Song_MUNE-1-300x200.jpg 300w, https:\/\/agencevu.com\/wp-content\/uploads\/2021\/03\/17_Spring-Song_MUNE-1-80x53.jpg 80w\" sizes=\"(max-width: 436px) 100vw, 436px\" \/><\/a><div class='slide-content'><header class=\"entry-content-header\"><span class=\"blog-categories minor-meta\"> <a href=\"https:\/\/agencevu.com\/en\/photographer\/munem-wasif\/\" rel=\"tag\">Munem Wasif<\/a> <a href=\"https:\/\/agencevu.com\/en\/section_taxonomy\/series\/\" rel=\"tag\">s\u00e9ries<\/a> <\/span><h3 class='slide-entry-title entry-title'  itemprop=\"headline\" ><a href='https:\/\/agencevu.com\/en\/serie\/spring-song-2019\/' title='Spring Song, 2019'>Spring Song, 2019<\/a><\/h3><span class=\"av-vertical-delimiter\"><\/span><\/header><div class='slide-entry-excerpt entry-content'  itemprop=\"text\" >Munem Wasif constantly explores the idea of border and re-examines the questions around its formation. How these borders constructed? Who constructs them? How are they broken and re-formed?<\/div><\/div><footer class=\"entry-footer\"><div class='slide-meta'><time class='slide-meta-time updated'  itemprop=\"datePublished\" datetime=\"2019-12-15T13:51:55+01:00\" >15 December 2019<\/time><\/div><\/footer><span class='hidden'>\n\t\t\t\t<span class='av-structured-data'  itemprop=\"image\" itemscope=\"itemscope\" itemtype=\"https:\/\/schema.org\/ImageObject\" >\n\t\t\t\t\t\t<span itemprop='url'>https:\/\/agencevu.com\/wp-content\/uploads\/2021\/03\/17_Spring-Song_MUNE-1.jpg<\/span>\n\t\t\t\t\t\t<span itemprop='height'>290<\/span>\n\t\t\t\t\t\t<span itemprop='width'>436<\/span>\n\t\t\t\t<\/span>\n\t\t\t\t<span class='av-structured-data'  itemprop=\"publisher\" itemtype=\"https:\/\/schema.org\/Organization\" itemscope=\"itemscope\" >\n\t\t\t\t\t\t<span itemprop='name'>Fanny Demichelis<\/span>\n\t\t\t\t\t\t<span itemprop='logo' itemscope itemtype='https:\/\/schema.org\/ImageObject'>\n\t\t\t\t\t\t\t<span itemprop='url'>\/wp-content\/uploads\/2021\/05\/logo-vert-2.svg<\/span>\n\t\t\t\t\t\t <\/span>\n\t\t\t\t<\/span><span class='av-structured-data'  itemprop=\"author\" itemscope=\"itemscope\" itemtype=\"https:\/\/schema.org\/Person\" ><span itemprop='name'>Fanny Demichelis<\/span><\/span><span class='av-structured-data'  itemprop=\"datePublished\" datetime=\"2006-05-11T17:42:43+02:00\" >2019-12-15 13:51:55<\/span><span class='av-structured-data'  itemprop=\"dateModified\" itemtype=\"https:\/\/schema.org\/dateModified\" >2021-03-15 15:13:29<\/span><span class='av-structured-data'  itemprop=\"mainEntityOfPage\" itemtype=\"https:\/\/schema.org\/mainEntityOfPage\" ><span itemprop='name'>Spring Song, 2019<\/span><\/span><\/span><\/article><article class='slide-entry flex_column  post-entry post-entry-116676 slide-entry-overview slide-loop-2 slide-parity-even  av_one_half  real-thumbnail'  itemscope=\"itemscope\" itemtype=\"https:\/\/schema.org\/CreativeWork\" ><a href='https:\/\/agencevu.com\/en\/serie\/seeds-shall-set-us-free-2017\/' data-rel='slide-2' class='slide-image' title=''><img width=\"439\" height=\"290\" src=\"https:\/\/agencevu.com\/wp-content\/uploads\/2021\/03\/00_Seed_MUNE.jpg\" class=\"wp-image-116468 avia-img-lazy-loading-116468 attachment-portfolio size-portfolio wp-post-image\" alt=\"\" loading=\"lazy\" srcset=\"https:\/\/agencevu.com\/wp-content\/uploads\/2021\/03\/00_Seed_MUNE.jpg 439w, https:\/\/agencevu.com\/wp-content\/uploads\/2021\/03\/00_Seed_MUNE-300x198.jpg 300w, https:\/\/agencevu.com\/wp-content\/uploads\/2021\/03\/00_Seed_MUNE-80x53.jpg 80w\" sizes=\"(max-width: 439px) 100vw, 439px\" \/><\/a><div class='slide-content'><header class=\"entry-content-header\"><span class=\"blog-categories minor-meta\"> <a href=\"https:\/\/agencevu.com\/en\/photographer\/munem-wasif\/\" rel=\"tag\">Munem Wasif<\/a> <a href=\"https:\/\/agencevu.com\/en\/section_taxonomy\/series\/\" rel=\"tag\">s\u00e9ries<\/a> <\/span><h3 class='slide-entry-title entry-title'  itemprop=\"headline\" ><a href='https:\/\/agencevu.com\/en\/serie\/seeds-shall-set-us-free-2017\/' title='Seeds Shall set us Free, 2017'>Seeds Shall set us Free, 2017<\/a><\/h3><span class=\"av-vertical-delimiter\"><\/span><\/header><div class='slide-entry-excerpt entry-content'  itemprop=\"text\" >Munem Wasif seeks to reimagine an indigenous \u201cecosophical\u201d mode of agriculture, where grain is a companion species to humanity, having names, deities and spirits, around which the village organizes itself.<\/div><\/div><footer class=\"entry-footer\"><div class='slide-meta'><time class='slide-meta-time updated'  itemprop=\"datePublished\" datetime=\"2017-09-15T12:37:12+02:00\" >15 September 2017<\/time><\/div><\/footer><span class='hidden'>\n\t\t\t\t<span class='av-structured-data'  itemprop=\"image\" itemscope=\"itemscope\" itemtype=\"https:\/\/schema.org\/ImageObject\" >\n\t\t\t\t\t\t<span itemprop='url'>https:\/\/agencevu.com\/wp-content\/uploads\/2021\/03\/00_Seed_MUNE.jpg<\/span>\n\t\t\t\t\t\t<span itemprop='height'>290<\/span>\n\t\t\t\t\t\t<span itemprop='width'>439<\/span>\n\t\t\t\t<\/span>\n\t\t\t\t<span class='av-structured-data'  itemprop=\"publisher\" itemtype=\"https:\/\/schema.org\/Organization\" itemscope=\"itemscope\" >\n\t\t\t\t\t\t<span itemprop='name'>Fanny Demichelis<\/span>\n\t\t\t\t\t\t<span itemprop='logo' itemscope itemtype='https:\/\/schema.org\/ImageObject'>\n\t\t\t\t\t\t\t<span itemprop='url'>\/wp-content\/uploads\/2021\/05\/logo-vert-2.svg<\/span>\n\t\t\t\t\t\t <\/span>\n\t\t\t\t<\/span><span class='av-structured-data'  itemprop=\"author\" itemscope=\"itemscope\" itemtype=\"https:\/\/schema.org\/Person\" ><span itemprop='name'>Fanny Demichelis<\/span><\/span><span class='av-structured-data'  itemprop=\"datePublished\" datetime=\"2006-05-11T17:42:43+02:00\" >2017-09-15 12:37:12<\/span><span class='av-structured-data'  itemprop=\"dateModified\" itemtype=\"https:\/\/schema.org\/dateModified\" >2021-03-15 15:14:14<\/span><span class='av-structured-data'  itemprop=\"mainEntityOfPage\" itemtype=\"https:\/\/schema.org\/mainEntityOfPage\" ><span itemprop='name'>Seeds Shall set us Free, 2017<\/span><\/span><\/span><\/article><\/div><div class='slide-entry-wrap'><article class='slide-entry flex_column  post-entry post-entry-116675 slide-entry-overview slide-loop-3 slide-parity-odd  av_one_half first real-thumbnail'  itemscope=\"itemscope\" itemtype=\"https:\/\/schema.org\/CreativeWork\" ><a href='https:\/\/agencevu.com\/en\/serie\/machine-matter-2017\/' data-rel='slide-2' class='slide-image' title=''><img width=\"495\" height=\"290\" src=\"https:\/\/agencevu.com\/wp-content\/uploads\/2021\/03\/00_Machine_Matter_MUNE-495x290.jpg\" class=\"wp-image-116395 avia-img-lazy-loading-116395 attachment-portfolio size-portfolio wp-post-image\" alt=\"\" loading=\"lazy\" \/><\/a><div class='slide-content'><header class=\"entry-content-header\"><span class=\"blog-categories minor-meta\"> <a href=\"https:\/\/agencevu.com\/en\/photographer\/munem-wasif\/\" rel=\"tag\">Munem Wasif<\/a> <a href=\"https:\/\/agencevu.com\/en\/section_taxonomy\/series\/\" rel=\"tag\">s\u00e9ries<\/a> <\/span><h3 class='slide-entry-title entry-title'  itemprop=\"headline\" ><a href='https:\/\/agencevu.com\/en\/serie\/machine-matter-2017\/' title='Machine Matter, 2017'>Machine Matter, 2017<\/a><\/h3><span class=\"av-vertical-delimiter\"><\/span><\/header><div class='slide-entry-excerpt entry-content'  itemprop=\"text\" >In Machine Matter, Wasif examines the death of the jute industry in Bangladesh and the destruction of the livelihoods the \u2018golden fibre\u2019 once supported.<\/div><\/div><footer class=\"entry-footer\"><div class='slide-meta'><time class='slide-meta-time updated'  itemprop=\"datePublished\" datetime=\"2017-06-15T12:00:18+02:00\" >15 June 2017<\/time><\/div><\/footer><span class='hidden'>\n\t\t\t\t<span class='av-structured-data'  itemprop=\"image\" itemscope=\"itemscope\" itemtype=\"https:\/\/schema.org\/ImageObject\" >\n\t\t\t\t\t\t<span itemprop='url'>https:\/\/agencevu.com\/wp-content\/uploads\/2021\/03\/00_Machine_Matter_MUNE.jpg<\/span>\n\t\t\t\t\t\t<span itemprop='height'>290<\/span>\n\t\t\t\t\t\t<span itemprop='width'>516<\/span>\n\t\t\t\t<\/span>\n\t\t\t\t<span class='av-structured-data'  itemprop=\"publisher\" itemtype=\"https:\/\/schema.org\/Organization\" itemscope=\"itemscope\" >\n\t\t\t\t\t\t<span itemprop='name'>Fanny Demichelis<\/span>\n\t\t\t\t\t\t<span itemprop='logo' itemscope itemtype='https:\/\/schema.org\/ImageObject'>\n\t\t\t\t\t\t\t<span itemprop='url'>\/wp-content\/uploads\/2021\/05\/logo-vert-2.svg<\/span>\n\t\t\t\t\t\t <\/span>\n\t\t\t\t<\/span><span class='av-structured-data'  itemprop=\"author\" itemscope=\"itemscope\" itemtype=\"https:\/\/schema.org\/Person\" ><span itemprop='name'>Fanny Demichelis<\/span><\/span><span class='av-structured-data'  itemprop=\"datePublished\" datetime=\"2006-05-11T17:42:43+02:00\" >2017-06-15 12:00:18<\/span><span class='av-structured-data'  itemprop=\"dateModified\" itemtype=\"https:\/\/schema.org\/dateModified\" >2021-03-15 15:14:55<\/span><span class='av-structured-data'  itemprop=\"mainEntityOfPage\" itemtype=\"https:\/\/schema.org\/mainEntityOfPage\" ><span itemprop='name'>Machine Matter, 2017<\/span><\/span><\/span><\/article><article class='slide-entry flex_column  post-entry post-entry-116674 slide-entry-overview slide-loop-4 slide-parity-even  av_one_half  real-thumbnail'  itemscope=\"itemscope\" itemtype=\"https:\/\/schema.org\/CreativeWork\" ><a href='https:\/\/agencevu.com\/en\/serie\/land-of-the-undefined-territory-2012\/' data-rel='slide-2' class='slide-image' title=''><img width=\"434\" height=\"290\" src=\"https:\/\/agencevu.com\/wp-content\/uploads\/2021\/03\/00_MUNE22479-2015NB02.jpg\" class=\"wp-image-116346 avia-img-lazy-loading-116346 attachment-portfolio size-portfolio wp-post-image\" alt=\"\" loading=\"lazy\" srcset=\"https:\/\/agencevu.com\/wp-content\/uploads\/2021\/03\/00_MUNE22479-2015NB02.jpg 434w, https:\/\/agencevu.com\/wp-content\/uploads\/2021\/03\/00_MUNE22479-2015NB02-300x200.jpg 300w, https:\/\/agencevu.com\/wp-content\/uploads\/2021\/03\/00_MUNE22479-2015NB02-80x53.jpg 80w\" sizes=\"(max-width: 434px) 100vw, 434px\" \/><\/a><div class='slide-content'><header class=\"entry-content-header\"><span class=\"blog-categories minor-meta\"> <a href=\"https:\/\/agencevu.com\/en\/photographer\/munem-wasif\/\" rel=\"tag\">Munem Wasif<\/a> <a href=\"https:\/\/agencevu.com\/en\/section_taxonomy\/series\/\" rel=\"tag\">s\u00e9ries<\/a> <\/span><h3 class='slide-entry-title entry-title'  itemprop=\"headline\" ><a href='https:\/\/agencevu.com\/en\/serie\/land-of-the-undefined-territory-2012\/' title='Land of the undefined territory, 2012'>Land of the undefined territory, 2012<\/a><\/h3><span class=\"av-vertical-delimiter\"><\/span><\/header><div class='slide-entry-excerpt entry-content'  itemprop=\"text\" >Munem Wasif has photographed a blurred boundary between Bangladesh and India with a dispassionate and systematic approach that mimics investigation, topographic study, geological survey or a simple aesthetic search. <\/div><\/div><footer class=\"entry-footer\"><div class='slide-meta'><time class='slide-meta-time updated'  itemprop=\"datePublished\" datetime=\"2012-04-15T11:21:37+02:00\" >15 April 2012<\/time><\/div><\/footer><span class='hidden'>\n\t\t\t\t<span class='av-structured-data'  itemprop=\"image\" itemscope=\"itemscope\" itemtype=\"https:\/\/schema.org\/ImageObject\" >\n\t\t\t\t\t\t<span itemprop='url'>https:\/\/agencevu.com\/wp-content\/uploads\/2021\/03\/00_MUNE22479-2015NB02.jpg<\/span>\n\t\t\t\t\t\t<span itemprop='height'>290<\/span>\n\t\t\t\t\t\t<span itemprop='width'>434<\/span>\n\t\t\t\t<\/span>\n\t\t\t\t<span class='av-structured-data'  itemprop=\"publisher\" itemtype=\"https:\/\/schema.org\/Organization\" itemscope=\"itemscope\" >\n\t\t\t\t\t\t<span itemprop='name'>Fanny Demichelis<\/span>\n\t\t\t\t\t\t<span itemprop='logo' itemscope itemtype='https:\/\/schema.org\/ImageObject'>\n\t\t\t\t\t\t\t<span itemprop='url'>\/wp-content\/uploads\/2021\/05\/logo-vert-2.svg<\/span>\n\t\t\t\t\t\t <\/span>\n\t\t\t\t<\/span><span class='av-structured-data'  itemprop=\"author\" itemscope=\"itemscope\" itemtype=\"https:\/\/schema.org\/Person\" ><span itemprop='name'>Fanny Demichelis<\/span><\/span><span class='av-structured-data'  itemprop=\"datePublished\" datetime=\"2006-05-11T17:42:43+02:00\" >2012-04-15 11:21:37<\/span><span class='av-structured-data'  itemprop=\"dateModified\" itemtype=\"https:\/\/schema.org\/dateModified\" >2021-03-15 15:15:21<\/span><span class='av-structured-data'  itemprop=\"mainEntityOfPage\" itemtype=\"https:\/\/schema.org\/mainEntityOfPage\" ><span itemprop='name'>Land of the undefined territory, 2012<\/span><\/span><\/span><\/article><\/div><div class='slide-entry-wrap'><article class='slide-entry flex_column  post-entry post-entry-116673 slide-entry-overview slide-loop-5 slide-parity-odd  av_one_half first real-thumbnail'  itemscope=\"itemscope\" itemtype=\"https:\/\/schema.org\/CreativeWork\" ><a href='https:\/\/agencevu.com\/en\/serie\/salt-water-tears-2008\/' data-rel='slide-2' class='slide-image' title=''><img width=\"435\" height=\"290\" src=\"https:\/\/agencevu.com\/wp-content\/uploads\/2021\/03\/00_MUNE17733-2011NB16-1.jpg\" class=\"wp-image-116281 avia-img-lazy-loading-116281 attachment-portfolio size-portfolio wp-post-image\" alt=\"\" loading=\"lazy\" srcset=\"https:\/\/agencevu.com\/wp-content\/uploads\/2021\/03\/00_MUNE17733-2011NB16-1.jpg 435w, https:\/\/agencevu.com\/wp-content\/uploads\/2021\/03\/00_MUNE17733-2011NB16-1-300x200.jpg 300w, https:\/\/agencevu.com\/wp-content\/uploads\/2021\/03\/00_MUNE17733-2011NB16-1-80x53.jpg 80w\" sizes=\"(max-width: 435px) 100vw, 435px\" \/><\/a><div class='slide-content'><header class=\"entry-content-header\"><span class=\"blog-categories minor-meta\"> <a href=\"https:\/\/agencevu.com\/en\/photographer\/munem-wasif\/\" rel=\"tag\">Munem Wasif<\/a> <a href=\"https:\/\/agencevu.com\/en\/section_taxonomy\/series\/\" rel=\"tag\">s\u00e9ries<\/a> <\/span><h3 class='slide-entry-title entry-title'  itemprop=\"headline\" ><a href='https:\/\/agencevu.com\/en\/serie\/salt-water-tears-2008\/' title='Salt Water Tears, 2008'>Salt Water Tears, 2008<\/a><\/h3><span class=\"av-vertical-delimiter\"><\/span><\/header><div class='slide-entry-excerpt entry-content'  itemprop=\"text\" >Rippling sea waves, dried river beds and endless fields. Water everywhere, but not a drop to drink. A family needs about six pitchers of water a day, and they have to walk seven miles to get it. <\/div><\/div><footer class=\"entry-footer\"><div class='slide-meta'><time class='slide-meta-time updated'  itemprop=\"datePublished\" datetime=\"2008-12-15T09:36:20+01:00\" >15 December 2008<\/time><\/div><\/footer><span class='hidden'>\n\t\t\t\t<span class='av-structured-data'  itemprop=\"image\" itemscope=\"itemscope\" itemtype=\"https:\/\/schema.org\/ImageObject\" >\n\t\t\t\t\t\t<span itemprop='url'>https:\/\/agencevu.com\/wp-content\/uploads\/2021\/03\/00_MUNE17733-2011NB16-1.jpg<\/span>\n\t\t\t\t\t\t<span itemprop='height'>290<\/span>\n\t\t\t\t\t\t<span itemprop='width'>435<\/span>\n\t\t\t\t<\/span>\n\t\t\t\t<span class='av-structured-data'  itemprop=\"publisher\" itemtype=\"https:\/\/schema.org\/Organization\" itemscope=\"itemscope\" >\n\t\t\t\t\t\t<span itemprop='name'>Fanny Demichelis<\/span>\n\t\t\t\t\t\t<span itemprop='logo' itemscope itemtype='https:\/\/schema.org\/ImageObject'>\n\t\t\t\t\t\t\t<span itemprop='url'>\/wp-content\/uploads\/2021\/05\/logo-vert-2.svg<\/span>\n\t\t\t\t\t\t <\/span>\n\t\t\t\t<\/span><span class='av-structured-data'  itemprop=\"author\" itemscope=\"itemscope\" itemtype=\"https:\/\/schema.org\/Person\" ><span itemprop='name'>Fanny Demichelis<\/span><\/span><span class='av-structured-data'  itemprop=\"datePublished\" datetime=\"2006-05-11T17:42:43+02:00\" >2008-12-15 09:36:20<\/span><span class='av-structured-data'  itemprop=\"dateModified\" itemtype=\"https:\/\/schema.org\/dateModified\" >2022-03-18 10:17:18<\/span><span class='av-structured-data'  itemprop=\"mainEntityOfPage\" itemtype=\"https:\/\/schema.org\/mainEntityOfPage\" ><span itemprop='name'>Salt Water Tears, 2008<\/span><\/span><\/span><\/article><article class='slide-entry flex_column  post-entry post-entry-116672 slide-entry-overview slide-loop-6 slide-parity-even  av_one_half  real-thumbnail'  itemscope=\"itemscope\" itemtype=\"https:\/\/schema.org\/CreativeWork\" ><a href='https:\/\/agencevu.com\/en\/serie\/climate-refugees-2007\/' data-rel='slide-2' class='slide-image' title=''><img width=\"433\" height=\"290\" src=\"https:\/\/agencevu.com\/wp-content\/uploads\/2021\/03\/00_MUNE14064-2007NB03.jpg\" class=\"wp-image-115569 avia-img-lazy-loading-115569 attachment-portfolio size-portfolio wp-post-image\" alt=\"\" loading=\"lazy\" srcset=\"https:\/\/agencevu.com\/wp-content\/uploads\/2021\/03\/00_MUNE14064-2007NB03.jpg 433w, https:\/\/agencevu.com\/wp-content\/uploads\/2021\/03\/00_MUNE14064-2007NB03-300x201.jpg 300w, https:\/\/agencevu.com\/wp-content\/uploads\/2021\/03\/00_MUNE14064-2007NB03-80x54.jpg 80w\" sizes=\"(max-width: 433px) 100vw, 433px\" \/><\/a><div class='slide-content'><header class=\"entry-content-header\"><span class=\"blog-categories minor-meta\"> <a href=\"https:\/\/agencevu.com\/en\/photographer\/munem-wasif\/\" rel=\"tag\">Munem Wasif<\/a> <a href=\"https:\/\/agencevu.com\/en\/section_taxonomy\/series\/\" rel=\"tag\">s\u00e9ries<\/a> <\/span><h3 class='slide-entry-title entry-title'  itemprop=\"headline\" ><a href='https:\/\/agencevu.com\/en\/serie\/climate-refugees-2007\/' title='Climate refugees, 2007'>Climate refugees, 2007<\/a><\/h3><span class=\"av-vertical-delimiter\"><\/span><\/header><div class='slide-entry-excerpt entry-content'  itemprop=\"text\" >In the past ten years, farmers like Hatem Ali have had to dismantle and relocate their tin and bamboo houses at least five times to escape the invasive waters of the huge Brahmaputra River in Kurigram. <\/div><\/div><footer class=\"entry-footer\"><div class='slide-meta'><time class='slide-meta-time updated'  itemprop=\"datePublished\" datetime=\"2007-05-12T11:07:51+02:00\" >12 May 2007<\/time><\/div><\/footer><span class='hidden'>\n\t\t\t\t<span class='av-structured-data'  itemprop=\"image\" itemscope=\"itemscope\" itemtype=\"https:\/\/schema.org\/ImageObject\" >\n\t\t\t\t\t\t<span itemprop='url'>https:\/\/agencevu.com\/wp-content\/uploads\/2021\/03\/00_MUNE14064-2007NB03.jpg<\/span>\n\t\t\t\t\t\t<span itemprop='height'>290<\/span>\n\t\t\t\t\t\t<span itemprop='width'>433<\/span>\n\t\t\t\t<\/span>\n\t\t\t\t<span class='av-structured-data'  itemprop=\"publisher\" itemtype=\"https:\/\/schema.org\/Organization\" itemscope=\"itemscope\" >\n\t\t\t\t\t\t<span itemprop='name'>Fanny Demichelis<\/span>\n\t\t\t\t\t\t<span itemprop='logo' itemscope itemtype='https:\/\/schema.org\/ImageObject'>\n\t\t\t\t\t\t\t<span itemprop='url'>\/wp-content\/uploads\/2021\/05\/logo-vert-2.svg<\/span>\n\t\t\t\t\t\t <\/span>\n\t\t\t\t<\/span><span class='av-structured-data'  itemprop=\"author\" itemscope=\"itemscope\" itemtype=\"https:\/\/schema.org\/Person\" ><span itemprop='name'>Fanny Demichelis<\/span><\/span><span class='av-structured-data'  itemprop=\"datePublished\" datetime=\"2006-05-11T17:42:43+02:00\" >2007-05-12 11:07:51<\/span><span class='av-structured-data'  itemprop=\"dateModified\" itemtype=\"https:\/\/schema.org\/dateModified\" >2021-03-15 15:18:23<\/span><span class='av-structured-data'  itemprop=\"mainEntityOfPage\" itemtype=\"https:\/\/schema.org\/mainEntityOfPage\" ><span itemprop='name'>Climate refugees, 2007<\/span><\/span><\/span><\/article><\/div><div class='slide-entry-wrap'><article class='slide-entry flex_column  post-entry post-entry-116671 slide-entry-overview slide-loop-7 slide-parity-odd  post-entry-last  av_one_half first real-thumbnail'  itemscope=\"itemscope\" itemtype=\"https:\/\/schema.org\/CreativeWork\" ><a href='https:\/\/agencevu.com\/en\/serie\/belonging-2006\/' data-rel='slide-2' class='slide-image' title=''><img width=\"435\" height=\"290\" src=\"https:\/\/agencevu.com\/wp-content\/uploads\/2021\/03\/00_MUNE19651-2013NB61.jpg\" class=\"wp-image-115443 avia-img-lazy-loading-115443 attachment-portfolio size-portfolio wp-post-image\" alt=\"\" loading=\"lazy\" srcset=\"https:\/\/agencevu.com\/wp-content\/uploads\/2021\/03\/00_MUNE19651-2013NB61.jpg 435w, https:\/\/agencevu.com\/wp-content\/uploads\/2021\/03\/00_MUNE19651-2013NB61-300x200.jpg 300w, https:\/\/agencevu.com\/wp-content\/uploads\/2021\/03\/00_MUNE19651-2013NB61-80x53.jpg 80w\" sizes=\"(max-width: 435px) 100vw, 435px\" \/><\/a><div class='slide-content'><header class=\"entry-content-header\"><span class=\"blog-categories minor-meta\"> <a href=\"https:\/\/agencevu.com\/en\/photographer\/munem-wasif\/\" rel=\"tag\">Munem Wasif<\/a> <a href=\"https:\/\/agencevu.com\/en\/section_taxonomy\/series\/\" rel=\"tag\">s\u00e9ries<\/a> <\/span><h3 class='slide-entry-title entry-title'  itemprop=\"headline\" ><a href='https:\/\/agencevu.com\/en\/serie\/belonging-2006\/' title='Belonging, 2006'>Belonging, 2006<\/a><\/h3><span class=\"av-vertical-delimiter\"><\/span><\/header><div class='slide-entry-excerpt entry-content'  itemprop=\"text\" >\"Puran Dhaka, or \"Old Dhaka\", was a rather unlikely subject for me because I\u2019ve been living there for many years. It was about trying to find a feeling of something new in the routine of my daily life. <\/div><\/div><footer class=\"entry-footer\"><div class='slide-meta'><time class='slide-meta-time updated'  itemprop=\"datePublished\" datetime=\"2006-05-11T17:42:43+02:00\" >11 May 2006<\/time><\/div><\/footer><span class='hidden'>\n\t\t\t\t<span class='av-structured-data'  itemprop=\"image\" itemscope=\"itemscope\" itemtype=\"https:\/\/schema.org\/ImageObject\" >\n\t\t\t\t\t\t<span itemprop='url'>https:\/\/agencevu.com\/wp-content\/uploads\/2021\/03\/00_MUNE19651-2013NB61.jpg<\/span>\n\t\t\t\t\t\t<span itemprop='height'>290<\/span>\n\t\t\t\t\t\t<span itemprop='width'>435<\/span>\n\t\t\t\t<\/span>\n\t\t\t\t<span class='av-structured-data'  itemprop=\"publisher\" itemtype=\"https:\/\/schema.org\/Organization\" itemscope=\"itemscope\" >\n\t\t\t\t\t\t<span itemprop='name'>Fanny Demichelis<\/span>\n\t\t\t\t\t\t<span itemprop='logo' itemscope itemtype='https:\/\/schema.org\/ImageObject'>\n\t\t\t\t\t\t\t<span itemprop='url'>\/wp-content\/uploads\/2021\/05\/logo-vert-2.svg<\/span>\n\t\t\t\t\t\t <\/span>\n\t\t\t\t<\/span><span class='av-structured-data'  itemprop=\"author\" itemscope=\"itemscope\" itemtype=\"https:\/\/schema.org\/Person\" ><span itemprop='name'>Fanny Demichelis<\/span><\/span><span class='av-structured-data'  itemprop=\"datePublished\" datetime=\"2006-05-11T17:42:43+02:00\" >2006-05-11 17:42:43<\/span><span class='av-structured-data'  itemprop=\"dateModified\" itemtype=\"https:\/\/schema.org\/dateModified\" >2021-03-15 15:19:20<\/span><span class='av-structured-data'  itemprop=\"mainEntityOfPage\" itemtype=\"https:\/\/schema.org\/mainEntityOfPage\" ><span itemprop='name'>Belonging, 2006<\/span><\/span><\/span><\/article><\/div><\/div><\/div>\n<div  data-autoplay=''  data-interval='5'  data-animation='fade'  data-show_slide_delay='90'  class='avia-content-slider avia-content-grid-active avia-content-slider3 avia-content-slider-odd   av-desktop-hide av-medium-hide av-small-hide'  itemscope=\"itemscope\" itemtype=\"https:\/\/schema.org\/Blog\" ><div class='avia-content-slider-inner'><div class='slide-entry-wrap'><article class='slide-entry flex_column  post-entry post-entry-116677 slide-entry-overview slide-loop-1 slide-parity-odd  av_fullwidth first real-thumbnail'  itemscope=\"itemscope\" itemtype=\"https:\/\/schema.org\/CreativeWork\" ><a href='https:\/\/agencevu.com\/en\/serie\/spring-song-2019\/' data-rel='slide-3' class='slide-image' title=''><img width=\"436\" height=\"290\" src=\"https:\/\/agencevu.com\/wp-content\/uploads\/2021\/03\/17_Spring-Song_MUNE-1.jpg\" class=\"wp-image-116580 avia-img-lazy-loading-116580 attachment-large size-large wp-post-image\" alt=\"\" loading=\"lazy\" srcset=\"https:\/\/agencevu.com\/wp-content\/uploads\/2021\/03\/17_Spring-Song_MUNE-1.jpg 436w, https:\/\/agencevu.com\/wp-content\/uploads\/2021\/03\/17_Spring-Song_MUNE-1-300x200.jpg 300w, https:\/\/agencevu.com\/wp-content\/uploads\/2021\/03\/17_Spring-Song_MUNE-1-80x53.jpg 80w\" sizes=\"(max-width: 436px) 100vw, 436px\" \/><\/a><div class='slide-content'><header class=\"entry-content-header\"><span class=\"blog-categories minor-meta\"> <a href=\"https:\/\/agencevu.com\/en\/photographer\/munem-wasif\/\" rel=\"tag\">Munem Wasif<\/a> <a href=\"https:\/\/agencevu.com\/en\/section_taxonomy\/series\/\" rel=\"tag\">s\u00e9ries<\/a> <\/span><h3 class='slide-entry-title entry-title'  itemprop=\"headline\" ><a href='https:\/\/agencevu.com\/en\/serie\/spring-song-2019\/' title='Spring Song, 2019'>Spring Song, 2019<\/a><\/h3><span class=\"av-vertical-delimiter\"><\/span><\/header><div class='slide-entry-excerpt entry-content'  itemprop=\"text\" >Munem Wasif constantly explores the idea of border and re-examines the questions around its formation. How these borders constructed? Who constructs them? How are they broken and re-formed?<\/div><\/div><footer class=\"entry-footer\"><div class='slide-meta'><time class='slide-meta-time updated'  itemprop=\"datePublished\" datetime=\"2019-12-15T13:51:55+01:00\" >15 December 2019<\/time><\/div><\/footer><span class='hidden'>\n\t\t\t\t<span class='av-structured-data'  itemprop=\"image\" itemscope=\"itemscope\" itemtype=\"https:\/\/schema.org\/ImageObject\" >\n\t\t\t\t\t\t<span itemprop='url'>https:\/\/agencevu.com\/wp-content\/uploads\/2021\/03\/17_Spring-Song_MUNE-1.jpg<\/span>\n\t\t\t\t\t\t<span itemprop='height'>290<\/span>\n\t\t\t\t\t\t<span itemprop='width'>436<\/span>\n\t\t\t\t<\/span>\n\t\t\t\t<span class='av-structured-data'  itemprop=\"publisher\" itemtype=\"https:\/\/schema.org\/Organization\" itemscope=\"itemscope\" >\n\t\t\t\t\t\t<span itemprop='name'>Fanny Demichelis<\/span>\n\t\t\t\t\t\t<span itemprop='logo' itemscope itemtype='https:\/\/schema.org\/ImageObject'>\n\t\t\t\t\t\t\t<span itemprop='url'>\/wp-content\/uploads\/2021\/05\/logo-vert-2.svg<\/span>\n\t\t\t\t\t\t <\/span>\n\t\t\t\t<\/span><span class='av-structured-data'  itemprop=\"author\" itemscope=\"itemscope\" itemtype=\"https:\/\/schema.org\/Person\" ><span itemprop='name'>Fanny Demichelis<\/span><\/span><span class='av-structured-data'  itemprop=\"datePublished\" datetime=\"2006-05-11T17:42:43+02:00\" >2019-12-15 13:51:55<\/span><span class='av-structured-data'  itemprop=\"dateModified\" itemtype=\"https:\/\/schema.org\/dateModified\" >2021-03-15 15:13:29<\/span><span class='av-structured-data'  itemprop=\"mainEntityOfPage\" itemtype=\"https:\/\/schema.org\/mainEntityOfPage\" ><span itemprop='name'>Spring Song, 2019<\/span><\/span><\/span><\/article><\/div><div class='slide-entry-wrap'><article class='slide-entry flex_column  post-entry post-entry-116676 slide-entry-overview slide-loop-2 slide-parity-odd  av_fullwidth first real-thumbnail'  itemscope=\"itemscope\" itemtype=\"https:\/\/schema.org\/CreativeWork\" ><a href='https:\/\/agencevu.com\/en\/serie\/seeds-shall-set-us-free-2017\/' data-rel='slide-3' class='slide-image' title=''><img width=\"439\" height=\"290\" src=\"https:\/\/agencevu.com\/wp-content\/uploads\/2021\/03\/00_Seed_MUNE.jpg\" class=\"wp-image-116468 avia-img-lazy-loading-116468 attachment-large size-large wp-post-image\" alt=\"\" loading=\"lazy\" srcset=\"https:\/\/agencevu.com\/wp-content\/uploads\/2021\/03\/00_Seed_MUNE.jpg 439w, https:\/\/agencevu.com\/wp-content\/uploads\/2021\/03\/00_Seed_MUNE-300x198.jpg 300w, https:\/\/agencevu.com\/wp-content\/uploads\/2021\/03\/00_Seed_MUNE-80x53.jpg 80w\" sizes=\"(max-width: 439px) 100vw, 439px\" \/><\/a><div class='slide-content'><header class=\"entry-content-header\"><span class=\"blog-categories minor-meta\"> <a href=\"https:\/\/agencevu.com\/en\/photographer\/munem-wasif\/\" rel=\"tag\">Munem Wasif<\/a> <a href=\"https:\/\/agencevu.com\/en\/section_taxonomy\/series\/\" rel=\"tag\">s\u00e9ries<\/a> <\/span><h3 class='slide-entry-title entry-title'  itemprop=\"headline\" ><a href='https:\/\/agencevu.com\/en\/serie\/seeds-shall-set-us-free-2017\/' title='Seeds Shall set us Free, 2017'>Seeds Shall set us Free, 2017<\/a><\/h3><span class=\"av-vertical-delimiter\"><\/span><\/header><div class='slide-entry-excerpt entry-content'  itemprop=\"text\" >Munem Wasif seeks to reimagine an indigenous \u201cecosophical\u201d mode of agriculture, where grain is a companion species to humanity, having names, deities and spirits, around which the village organizes itself.<\/div><\/div><footer class=\"entry-footer\"><div class='slide-meta'><time class='slide-meta-time updated'  itemprop=\"datePublished\" datetime=\"2017-09-15T12:37:12+02:00\" >15 September 2017<\/time><\/div><\/footer><span class='hidden'>\n\t\t\t\t<span class='av-structured-data'  itemprop=\"image\" itemscope=\"itemscope\" itemtype=\"https:\/\/schema.org\/ImageObject\" >\n\t\t\t\t\t\t<span itemprop='url'>https:\/\/agencevu.com\/wp-content\/uploads\/2021\/03\/00_Seed_MUNE.jpg<\/span>\n\t\t\t\t\t\t<span itemprop='height'>290<\/span>\n\t\t\t\t\t\t<span itemprop='width'>439<\/span>\n\t\t\t\t<\/span>\n\t\t\t\t<span class='av-structured-data'  itemprop=\"publisher\" itemtype=\"https:\/\/schema.org\/Organization\" itemscope=\"itemscope\" >\n\t\t\t\t\t\t<span itemprop='name'>Fanny Demichelis<\/span>\n\t\t\t\t\t\t<span itemprop='logo' itemscope itemtype='https:\/\/schema.org\/ImageObject'>\n\t\t\t\t\t\t\t<span itemprop='url'>\/wp-content\/uploads\/2021\/05\/logo-vert-2.svg<\/span>\n\t\t\t\t\t\t <\/span>\n\t\t\t\t<\/span><span class='av-structured-data'  itemprop=\"author\" itemscope=\"itemscope\" itemtype=\"https:\/\/schema.org\/Person\" ><span itemprop='name'>Fanny Demichelis<\/span><\/span><span class='av-structured-data'  itemprop=\"datePublished\" datetime=\"2006-05-11T17:42:43+02:00\" >2017-09-15 12:37:12<\/span><span class='av-structured-data'  itemprop=\"dateModified\" itemtype=\"https:\/\/schema.org\/dateModified\" >2021-03-15 15:14:14<\/span><span class='av-structured-data'  itemprop=\"mainEntityOfPage\" itemtype=\"https:\/\/schema.org\/mainEntityOfPage\" ><span itemprop='name'>Seeds Shall set us Free, 2017<\/span><\/span><\/span><\/article><\/div><div class='slide-entry-wrap'><article class='slide-entry flex_column  post-entry post-entry-116675 slide-entry-overview slide-loop-3 slide-parity-odd  av_fullwidth first real-thumbnail'  itemscope=\"itemscope\" itemtype=\"https:\/\/schema.org\/CreativeWork\" ><a href='https:\/\/agencevu.com\/en\/serie\/machine-matter-2017\/' data-rel='slide-3' class='slide-image' title=''><img width=\"516\" height=\"290\" src=\"https:\/\/agencevu.com\/wp-content\/uploads\/2021\/03\/00_Machine_Matter_MUNE.jpg\" class=\"wp-image-116395 avia-img-lazy-loading-116395 attachment-large size-large wp-post-image\" alt=\"\" loading=\"lazy\" srcset=\"https:\/\/agencevu.com\/wp-content\/uploads\/2021\/03\/00_Machine_Matter_MUNE.jpg 516w, https:\/\/agencevu.com\/wp-content\/uploads\/2021\/03\/00_Machine_Matter_MUNE-300x169.jpg 300w, https:\/\/agencevu.com\/wp-content\/uploads\/2021\/03\/00_Machine_Matter_MUNE-80x45.jpg 80w, https:\/\/agencevu.com\/wp-content\/uploads\/2021\/03\/00_Machine_Matter_MUNE-450x253.jpg 450w\" sizes=\"(max-width: 516px) 100vw, 516px\" \/><\/a><div class='slide-content'><header class=\"entry-content-header\"><span class=\"blog-categories minor-meta\"> <a href=\"https:\/\/agencevu.com\/en\/photographer\/munem-wasif\/\" rel=\"tag\">Munem Wasif<\/a> <a href=\"https:\/\/agencevu.com\/en\/section_taxonomy\/series\/\" rel=\"tag\">s\u00e9ries<\/a> <\/span><h3 class='slide-entry-title entry-title'  itemprop=\"headline\" ><a href='https:\/\/agencevu.com\/en\/serie\/machine-matter-2017\/' title='Machine Matter, 2017'>Machine Matter, 2017<\/a><\/h3><span class=\"av-vertical-delimiter\"><\/span><\/header><div class='slide-entry-excerpt entry-content'  itemprop=\"text\" >In Machine Matter, Wasif examines the death of the jute industry in Bangladesh and the destruction of the livelihoods the \u2018golden fibre\u2019 once supported.<\/div><\/div><footer class=\"entry-footer\"><div class='slide-meta'><time class='slide-meta-time updated'  itemprop=\"datePublished\" datetime=\"2017-06-15T12:00:18+02:00\" >15 June 2017<\/time><\/div><\/footer><span class='hidden'>\n\t\t\t\t<span class='av-structured-data'  itemprop=\"image\" itemscope=\"itemscope\" itemtype=\"https:\/\/schema.org\/ImageObject\" >\n\t\t\t\t\t\t<span itemprop='url'>https:\/\/agencevu.com\/wp-content\/uploads\/2021\/03\/00_Machine_Matter_MUNE.jpg<\/span>\n\t\t\t\t\t\t<span itemprop='height'>290<\/span>\n\t\t\t\t\t\t<span itemprop='width'>516<\/span>\n\t\t\t\t<\/span>\n\t\t\t\t<span class='av-structured-data'  itemprop=\"publisher\" itemtype=\"https:\/\/schema.org\/Organization\" itemscope=\"itemscope\" >\n\t\t\t\t\t\t<span itemprop='name'>Fanny Demichelis<\/span>\n\t\t\t\t\t\t<span itemprop='logo' itemscope itemtype='https:\/\/schema.org\/ImageObject'>\n\t\t\t\t\t\t\t<span itemprop='url'>\/wp-content\/uploads\/2021\/05\/logo-vert-2.svg<\/span>\n\t\t\t\t\t\t <\/span>\n\t\t\t\t<\/span><span class='av-structured-data'  itemprop=\"author\" itemscope=\"itemscope\" itemtype=\"https:\/\/schema.org\/Person\" ><span itemprop='name'>Fanny Demichelis<\/span><\/span><span class='av-structured-data'  itemprop=\"datePublished\" datetime=\"2006-05-11T17:42:43+02:00\" >2017-06-15 12:00:18<\/span><span class='av-structured-data'  itemprop=\"dateModified\" itemtype=\"https:\/\/schema.org\/dateModified\" >2021-03-15 15:14:55<\/span><span class='av-structured-data'  itemprop=\"mainEntityOfPage\" itemtype=\"https:\/\/schema.org\/mainEntityOfPage\" ><span itemprop='name'>Machine Matter, 2017<\/span><\/span><\/span><\/article><\/div><div class='slide-entry-wrap'><article class='slide-entry flex_column  post-entry post-entry-116674 slide-entry-overview slide-loop-4 slide-parity-odd  av_fullwidth first real-thumbnail'  itemscope=\"itemscope\" itemtype=\"https:\/\/schema.org\/CreativeWork\" ><a href='https:\/\/agencevu.com\/en\/serie\/land-of-the-undefined-territory-2012\/' data-rel='slide-3' class='slide-image' title=''><img width=\"434\" height=\"290\" src=\"https:\/\/agencevu.com\/wp-content\/uploads\/2021\/03\/00_MUNE22479-2015NB02.jpg\" class=\"wp-image-116346 avia-img-lazy-loading-116346 attachment-large size-large wp-post-image\" alt=\"\" loading=\"lazy\" srcset=\"https:\/\/agencevu.com\/wp-content\/uploads\/2021\/03\/00_MUNE22479-2015NB02.jpg 434w, https:\/\/agencevu.com\/wp-content\/uploads\/2021\/03\/00_MUNE22479-2015NB02-300x200.jpg 300w, https:\/\/agencevu.com\/wp-content\/uploads\/2021\/03\/00_MUNE22479-2015NB02-80x53.jpg 80w\" sizes=\"(max-width: 434px) 100vw, 434px\" \/><\/a><div class='slide-content'><header class=\"entry-content-header\"><span class=\"blog-categories minor-meta\"> <a href=\"https:\/\/agencevu.com\/en\/photographer\/munem-wasif\/\" rel=\"tag\">Munem Wasif<\/a> <a href=\"https:\/\/agencevu.com\/en\/section_taxonomy\/series\/\" rel=\"tag\">s\u00e9ries<\/a> <\/span><h3 class='slide-entry-title entry-title'  itemprop=\"headline\" ><a href='https:\/\/agencevu.com\/en\/serie\/land-of-the-undefined-territory-2012\/' title='Land of the undefined territory, 2012'>Land of the undefined territory, 2012<\/a><\/h3><span class=\"av-vertical-delimiter\"><\/span><\/header><div class='slide-entry-excerpt entry-content'  itemprop=\"text\" >Munem Wasif has photographed a blurred boundary between Bangladesh and India with a dispassionate and systematic approach that mimics investigation, topographic study, geological survey or a simple aesthetic search. <\/div><\/div><footer class=\"entry-footer\"><div class='slide-meta'><time class='slide-meta-time updated'  itemprop=\"datePublished\" datetime=\"2012-04-15T11:21:37+02:00\" >15 April 2012<\/time><\/div><\/footer><span class='hidden'>\n\t\t\t\t<span class='av-structured-data'  itemprop=\"image\" itemscope=\"itemscope\" itemtype=\"https:\/\/schema.org\/ImageObject\" >\n\t\t\t\t\t\t<span itemprop='url'>https:\/\/agencevu.com\/wp-content\/uploads\/2021\/03\/00_MUNE22479-2015NB02.jpg<\/span>\n\t\t\t\t\t\t<span itemprop='height'>290<\/span>\n\t\t\t\t\t\t<span itemprop='width'>434<\/span>\n\t\t\t\t<\/span>\n\t\t\t\t<span class='av-structured-data'  itemprop=\"publisher\" itemtype=\"https:\/\/schema.org\/Organization\" itemscope=\"itemscope\" >\n\t\t\t\t\t\t<span itemprop='name'>Fanny Demichelis<\/span>\n\t\t\t\t\t\t<span itemprop='logo' itemscope itemtype='https:\/\/schema.org\/ImageObject'>\n\t\t\t\t\t\t\t<span itemprop='url'>\/wp-content\/uploads\/2021\/05\/logo-vert-2.svg<\/span>\n\t\t\t\t\t\t <\/span>\n\t\t\t\t<\/span><span class='av-structured-data'  itemprop=\"author\" itemscope=\"itemscope\" itemtype=\"https:\/\/schema.org\/Person\" ><span itemprop='name'>Fanny Demichelis<\/span><\/span><span class='av-structured-data'  itemprop=\"datePublished\" datetime=\"2006-05-11T17:42:43+02:00\" >2012-04-15 11:21:37<\/span><span class='av-structured-data'  itemprop=\"dateModified\" itemtype=\"https:\/\/schema.org\/dateModified\" >2021-03-15 15:15:21<\/span><span class='av-structured-data'  itemprop=\"mainEntityOfPage\" itemtype=\"https:\/\/schema.org\/mainEntityOfPage\" ><span itemprop='name'>Land of the undefined territory, 2012<\/span><\/span><\/span><\/article><\/div><div class='slide-entry-wrap'><article class='slide-entry flex_column  post-entry post-entry-116673 slide-entry-overview slide-loop-5 slide-parity-odd  av_fullwidth first real-thumbnail'  itemscope=\"itemscope\" itemtype=\"https:\/\/schema.org\/CreativeWork\" ><a href='https:\/\/agencevu.com\/en\/serie\/salt-water-tears-2008\/' data-rel='slide-3' class='slide-image' title=''><img width=\"435\" height=\"290\" src=\"https:\/\/agencevu.com\/wp-content\/uploads\/2021\/03\/00_MUNE17733-2011NB16-1.jpg\" class=\"wp-image-116281 avia-img-lazy-loading-116281 attachment-large size-large wp-post-image\" alt=\"\" loading=\"lazy\" srcset=\"https:\/\/agencevu.com\/wp-content\/uploads\/2021\/03\/00_MUNE17733-2011NB16-1.jpg 435w, https:\/\/agencevu.com\/wp-content\/uploads\/2021\/03\/00_MUNE17733-2011NB16-1-300x200.jpg 300w, https:\/\/agencevu.com\/wp-content\/uploads\/2021\/03\/00_MUNE17733-2011NB16-1-80x53.jpg 80w\" sizes=\"(max-width: 435px) 100vw, 435px\" \/><\/a><div class='slide-content'><header class=\"entry-content-header\"><span class=\"blog-categories minor-meta\"> <a href=\"https:\/\/agencevu.com\/en\/photographer\/munem-wasif\/\" rel=\"tag\">Munem Wasif<\/a> <a href=\"https:\/\/agencevu.com\/en\/section_taxonomy\/series\/\" rel=\"tag\">s\u00e9ries<\/a> <\/span><h3 class='slide-entry-title entry-title'  itemprop=\"headline\" ><a href='https:\/\/agencevu.com\/en\/serie\/salt-water-tears-2008\/' title='Salt Water Tears, 2008'>Salt Water Tears, 2008<\/a><\/h3><span class=\"av-vertical-delimiter\"><\/span><\/header><div class='slide-entry-excerpt entry-content'  itemprop=\"text\" >Rippling sea waves, dried river beds and endless fields. Water everywhere, but not a drop to drink. A family needs about six pitchers of water a day, and they have to walk seven miles to get it. <\/div><\/div><footer class=\"entry-footer\"><div class='slide-meta'><time class='slide-meta-time updated'  itemprop=\"datePublished\" datetime=\"2008-12-15T09:36:20+01:00\" >15 December 2008<\/time><\/div><\/footer><span class='hidden'>\n\t\t\t\t<span class='av-structured-data'  itemprop=\"image\" itemscope=\"itemscope\" itemtype=\"https:\/\/schema.org\/ImageObject\" >\n\t\t\t\t\t\t<span itemprop='url'>https:\/\/agencevu.com\/wp-content\/uploads\/2021\/03\/00_MUNE17733-2011NB16-1.jpg<\/span>\n\t\t\t\t\t\t<span itemprop='height'>290<\/span>\n\t\t\t\t\t\t<span itemprop='width'>435<\/span>\n\t\t\t\t<\/span>\n\t\t\t\t<span class='av-structured-data'  itemprop=\"publisher\" itemtype=\"https:\/\/schema.org\/Organization\" itemscope=\"itemscope\" >\n\t\t\t\t\t\t<span itemprop='name'>Fanny Demichelis<\/span>\n\t\t\t\t\t\t<span itemprop='logo' itemscope itemtype='https:\/\/schema.org\/ImageObject'>\n\t\t\t\t\t\t\t<span itemprop='url'>\/wp-content\/uploads\/2021\/05\/logo-vert-2.svg<\/span>\n\t\t\t\t\t\t <\/span>\n\t\t\t\t<\/span><span class='av-structured-data'  itemprop=\"author\" itemscope=\"itemscope\" itemtype=\"https:\/\/schema.org\/Person\" ><span itemprop='name'>Fanny Demichelis<\/span><\/span><span class='av-structured-data'  itemprop=\"datePublished\" datetime=\"2006-05-11T17:42:43+02:00\" >2008-12-15 09:36:20<\/span><span class='av-structured-data'  itemprop=\"dateModified\" itemtype=\"https:\/\/schema.org\/dateModified\" >2022-03-18 10:17:18<\/span><span class='av-structured-data'  itemprop=\"mainEntityOfPage\" itemtype=\"https:\/\/schema.org\/mainEntityOfPage\" ><span itemprop='name'>Salt Water Tears, 2008<\/span><\/span><\/span><\/article><\/div><div class='slide-entry-wrap'><article class='slide-entry flex_column  post-entry post-entry-116672 slide-entry-overview slide-loop-6 slide-parity-odd  av_fullwidth first real-thumbnail'  itemscope=\"itemscope\" itemtype=\"https:\/\/schema.org\/CreativeWork\" ><a href='https:\/\/agencevu.com\/en\/serie\/climate-refugees-2007\/' data-rel='slide-3' class='slide-image' title=''><img width=\"433\" height=\"290\" src=\"https:\/\/agencevu.com\/wp-content\/uploads\/2021\/03\/00_MUNE14064-2007NB03.jpg\" class=\"wp-image-115569 avia-img-lazy-loading-115569 attachment-large size-large wp-post-image\" alt=\"\" loading=\"lazy\" srcset=\"https:\/\/agencevu.com\/wp-content\/uploads\/2021\/03\/00_MUNE14064-2007NB03.jpg 433w, https:\/\/agencevu.com\/wp-content\/uploads\/2021\/03\/00_MUNE14064-2007NB03-300x201.jpg 300w, https:\/\/agencevu.com\/wp-content\/uploads\/2021\/03\/00_MUNE14064-2007NB03-80x54.jpg 80w\" sizes=\"(max-width: 433px) 100vw, 433px\" \/><\/a><div class='slide-content'><header class=\"entry-content-header\"><span class=\"blog-categories minor-meta\"> <a href=\"https:\/\/agencevu.com\/en\/photographer\/munem-wasif\/\" rel=\"tag\">Munem Wasif<\/a> <a href=\"https:\/\/agencevu.com\/en\/section_taxonomy\/series\/\" rel=\"tag\">s\u00e9ries<\/a> <\/span><h3 class='slide-entry-title entry-title'  itemprop=\"headline\" ><a href='https:\/\/agencevu.com\/en\/serie\/climate-refugees-2007\/' title='Climate refugees, 2007'>Climate refugees, 2007<\/a><\/h3><span class=\"av-vertical-delimiter\"><\/span><\/header><div class='slide-entry-excerpt entry-content'  itemprop=\"text\" >In the past ten years, farmers like Hatem Ali have had to dismantle and relocate their tin and bamboo houses at least five times to escape the invasive waters of the huge Brahmaputra River in Kurigram. <\/div><\/div><footer class=\"entry-footer\"><div class='slide-meta'><time class='slide-meta-time updated'  itemprop=\"datePublished\" datetime=\"2007-05-12T11:07:51+02:00\" >12 May 2007<\/time><\/div><\/footer><span class='hidden'>\n\t\t\t\t<span class='av-structured-data'  itemprop=\"image\" itemscope=\"itemscope\" itemtype=\"https:\/\/schema.org\/ImageObject\" >\n\t\t\t\t\t\t<span itemprop='url'>https:\/\/agencevu.com\/wp-content\/uploads\/2021\/03\/00_MUNE14064-2007NB03.jpg<\/span>\n\t\t\t\t\t\t<span itemprop='height'>290<\/span>\n\t\t\t\t\t\t<span itemprop='width'>433<\/span>\n\t\t\t\t<\/span>\n\t\t\t\t<span class='av-structured-data'  itemprop=\"publisher\" itemtype=\"https:\/\/schema.org\/Organization\" itemscope=\"itemscope\" >\n\t\t\t\t\t\t<span itemprop='name'>Fanny Demichelis<\/span>\n\t\t\t\t\t\t<span itemprop='logo' itemscope itemtype='https:\/\/schema.org\/ImageObject'>\n\t\t\t\t\t\t\t<span itemprop='url'>\/wp-content\/uploads\/2021\/05\/logo-vert-2.svg<\/span>\n\t\t\t\t\t\t <\/span>\n\t\t\t\t<\/span><span class='av-structured-data'  itemprop=\"author\" itemscope=\"itemscope\" itemtype=\"https:\/\/schema.org\/Person\" ><span itemprop='name'>Fanny Demichelis<\/span><\/span><span class='av-structured-data'  itemprop=\"datePublished\" datetime=\"2006-05-11T17:42:43+02:00\" >2007-05-12 11:07:51<\/span><span class='av-structured-data'  itemprop=\"dateModified\" itemtype=\"https:\/\/schema.org\/dateModified\" >2021-03-15 15:18:23<\/span><span class='av-structured-data'  itemprop=\"mainEntityOfPage\" itemtype=\"https:\/\/schema.org\/mainEntityOfPage\" ><span itemprop='name'>Climate refugees, 2007<\/span><\/span><\/span><\/article><\/div><div class='slide-entry-wrap'><article class='slide-entry flex_column  post-entry post-entry-116671 slide-entry-overview slide-loop-7 slide-parity-odd  post-entry-last  av_fullwidth first real-thumbnail'  itemscope=\"itemscope\" itemtype=\"https:\/\/schema.org\/CreativeWork\" ><a href='https:\/\/agencevu.com\/en\/serie\/belonging-2006\/' data-rel='slide-3' class='slide-image' title=''><img width=\"435\" height=\"290\" src=\"https:\/\/agencevu.com\/wp-content\/uploads\/2021\/03\/00_MUNE19651-2013NB61.jpg\" class=\"wp-image-115443 avia-img-lazy-loading-115443 attachment-large size-large wp-post-image\" alt=\"\" loading=\"lazy\" srcset=\"https:\/\/agencevu.com\/wp-content\/uploads\/2021\/03\/00_MUNE19651-2013NB61.jpg 435w, https:\/\/agencevu.com\/wp-content\/uploads\/2021\/03\/00_MUNE19651-2013NB61-300x200.jpg 300w, https:\/\/agencevu.com\/wp-content\/uploads\/2021\/03\/00_MUNE19651-2013NB61-80x53.jpg 80w\" sizes=\"(max-width: 435px) 100vw, 435px\" \/><\/a><div class='slide-content'><header class=\"entry-content-header\"><span class=\"blog-categories minor-meta\"> <a href=\"https:\/\/agencevu.com\/en\/photographer\/munem-wasif\/\" rel=\"tag\">Munem Wasif<\/a> <a href=\"https:\/\/agencevu.com\/en\/section_taxonomy\/series\/\" rel=\"tag\">s\u00e9ries<\/a> <\/span><h3 class='slide-entry-title entry-title'  itemprop=\"headline\" ><a href='https:\/\/agencevu.com\/en\/serie\/belonging-2006\/' title='Belonging, 2006'>Belonging, 2006<\/a><\/h3><span class=\"av-vertical-delimiter\"><\/span><\/header><div class='slide-entry-excerpt entry-content'  itemprop=\"text\" >\"Puran Dhaka, or \"Old Dhaka\", was a rather unlikely subject for me because I\u2019ve been living there for many years. It was about trying to find a feeling of something new in the routine of my daily life. <\/div><\/div><footer class=\"entry-footer\"><div class='slide-meta'><time class='slide-meta-time updated'  itemprop=\"datePublished\" datetime=\"2006-05-11T17:42:43+02:00\" >11 May 2006<\/time><\/div><\/footer><span class='hidden'>\n\t\t\t\t<span class='av-structured-data'  itemprop=\"image\" itemscope=\"itemscope\" itemtype=\"https:\/\/schema.org\/ImageObject\" >\n\t\t\t\t\t\t<span itemprop='url'>https:\/\/agencevu.com\/wp-content\/uploads\/2021\/03\/00_MUNE19651-2013NB61.jpg<\/span>\n\t\t\t\t\t\t<span itemprop='height'>290<\/span>\n\t\t\t\t\t\t<span itemprop='width'>435<\/span>\n\t\t\t\t<\/span>\n\t\t\t\t<span class='av-structured-data'  itemprop=\"publisher\" itemtype=\"https:\/\/schema.org\/Organization\" itemscope=\"itemscope\" >\n\t\t\t\t\t\t<span itemprop='name'>Fanny Demichelis<\/span>\n\t\t\t\t\t\t<span itemprop='logo' itemscope itemtype='https:\/\/schema.org\/ImageObject'>\n\t\t\t\t\t\t\t<span itemprop='url'>\/wp-content\/uploads\/2021\/05\/logo-vert-2.svg<\/span>\n\t\t\t\t\t\t <\/span>\n\t\t\t\t<\/span><span class='av-structured-data'  itemprop=\"author\" itemscope=\"itemscope\" itemtype=\"https:\/\/schema.org\/Person\" ><span itemprop='name'>Fanny Demichelis<\/span><\/span><span class='av-structured-data'  itemprop=\"datePublished\" datetime=\"2006-05-11T17:42:43+02:00\" >2006-05-11 17:42:43<\/span><span class='av-structured-data'  itemprop=\"dateModified\" itemtype=\"https:\/\/schema.org\/dateModified\" >2021-03-15 15:19:20<\/span><span class='av-structured-data'  itemprop=\"mainEntityOfPage\" itemtype=\"https:\/\/schema.org\/mainEntityOfPage\" ><span itemprop='name'>Belonging, 2006<\/span><\/span><\/span><\/article><\/div><\/div><\/div>\n\n<div id='video'  class='avia-section main_color avia-section-no-padding avia-no-border-styling  avia-bg-style-scroll  avia-builder-el-0  el_before_av_section  avia-builder-el-first   container_wrap fullsize' style=' '  ><div class='container' ><main  role=\"main\" itemprop=\"mainContentOfPage\"  class='template-page content  av-content-full alpha units'><div class='post-entry post-entry-type-page post-entry-116723'><div class='entry-content-wrapper clearfix'>\n<section class=\"av_textblock_section \"  itemscope=\"itemscope\" itemtype=\"https:\/\/schema.org\/CreativeWork\" ><div class='avia_textblock  '  style='font-size:20px; '  itemprop=\"text\" ><p id=\"series\" style=\"color: #707070; letter-spacing: 1.5px; text-transform: uppercase;\">video<\/p>\n<hr class=\"hr-titre-page\">\n<\/div><\/section>\n<div class=\"flex_column av_one_full  flex_column_div av-zero-column-padding first  \" style='border-radius:0px; '><div  class='avia-video avia-video-16-9   av-lazyload-immediate  av-lazyload-video-embed  '   itemprop=\"video\" itemtype=\"https:\/\/schema.org\/VideoObject\"  data-original_url='https:\/\/www.youtube.com\/watch?v=r1H8MI-SX-I' ><script type='text\/html' class='av-video-tmpl'><div class='avia-iframe-wrap'><iframe title=\"Machine Matter (Trailer) by Munem Wasif\" width=\"1500\" height=\"844\" src=\"https:\/\/www.youtube.com\/embed\/r1H8MI-SX-I?feature=oembed&autoplay=0&loop=0&controls=1&mute=0\" frameborder=\"0\" allow=\"accelerometer; autoplay; clipboard-write; encrypted-media; gyroscope; picture-in-picture; web-share\" referrerpolicy=\"strict-origin-when-cross-origin\" allowfullscreen><\/iframe><\/div><\/script><div class='av-click-to-play-overlay'><div class=\"avia_playpause_icon\"><\/div><\/div><\/div><\/div><div class=\"flex_column av_one_half  flex_column_div av-zero-column-padding first  \" style='border-radius:0px; '><section class=\"av_textblock_section \"  itemscope=\"itemscope\" itemtype=\"https:\/\/schema.org\/CreativeWork\" ><div class='avia_textblock  '   itemprop=\"text\" ><p><strong>Machine Matter, 2017<\/strong><br \/>\n\u2014<br \/>\nIn <em>Machine Matter<\/em>, Wasif examines the death of the jute industry in Bangladesh and the destruction of the livelihoods the \u2018golden fibre\u2019 once supported. Until the mid-twentieth century, the jute industry was strong in the Indian subcontinent as jute twine was employed to package the world\u2019s cotton, grains, coffee, sugar and cement. However, with the shift of power from East Bengal to Pakistan after the partition in 1947, the jute industry began to generate most of the income for the new state, diverting profits away from small stakeholders in East Bengal and leaving factories without work. In addition, jute production was reduced overall by the widespread use of artificial materials and the rise of shipping containers and cargo ships.<\/p>\n<p>Using long takes and tight shots, the artist turns his lens to an abandoned jute mill and the former workers who ran the machines\u2014the union of man and machine that formed the heart of a major industry. Close-ups of people focus on overall presence rather than individual faces, drawing parallels between the stillness of bodies and the idle machinery that surrounds them. Only soft breezes, dripping water, stray feathers or rays of sunlight activate the otherwise static scenes of this once thriving site of production, which connected this place to global circuits of capital.<\/p>\n<\/div><\/section><\/div><div class=\"flex_column av_one_half  flex_column_div av-zero-column-padding   \" style='border-radius:0px; '><\/div>\n\n<\/div><\/div><\/main><!-- close content main element --><\/div><\/div><div id='interview'  class='avia-section main_color avia-section-small avia-no-border-styling  avia-bg-style-scroll  avia-builder-el-2  el_after_av_section  el_before_av_section   container_wrap fullsize' style=' '  ><div class='container' ><div class='template-page content  av-content-full alpha units'><div class='post-entry post-entry-type-page post-entry-116723'><div class='entry-content-wrapper clearfix'>\n<section class=\"av_textblock_section \"  itemscope=\"itemscope\" itemtype=\"https:\/\/schema.org\/CreativeWork\" ><div class='avia_textblock  '  style='font-size:20px; '  itemprop=\"text\" ><p id=\"interview\" style=\"color: #707070; letter-spacing: 1.5px; text-transform: uppercase;\">Interviews<\/p>\n<hr class=\"hr-titre-page\">\n<\/div><\/section>\n<div class=\"flex_column av_one_third  flex_column_div av-zero-column-padding first  \" style='border-radius:0px; '><p><div  class='avia-video avia-video-16-9   av-lazyload-immediate  av-lazyload-video-embed  '   itemprop=\"video\" itemtype=\"https:\/\/schema.org\/VideoObject\"  data-original_url='https:\/\/www.youtube.com\/watch?v=KGnFKDZaalI' ><script type='text\/html' class='av-video-tmpl'><div class='avia-iframe-wrap'><iframe title=\"APT9\/ Artist Stories: Munem Wasif\" width=\"1500\" height=\"844\" src=\"https:\/\/www.youtube.com\/embed\/KGnFKDZaalI?feature=oembed&autoplay=0&loop=0&controls=1&mute=0\" frameborder=\"0\" allow=\"accelerometer; autoplay; clipboard-write; encrypted-media; gyroscope; picture-in-picture; web-share\" referrerpolicy=\"strict-origin-when-cross-origin\" allowfullscreen><\/iframe><\/div><\/script><div class='av-click-to-play-overlay'><div class=\"avia_playpause_icon\"><\/div><\/div><\/div><br \/>\n<section class=\"av_textblock_section \"  itemscope=\"itemscope\" itemtype=\"https:\/\/schema.org\/CreativeWork\" ><div class='avia_textblock  '   itemprop=\"text\" ><p><em>Artist Stories: Munem Wasif<\/em><br \/>\n<strong>APT 9<\/strong><br \/>\n\u2014<br \/>\n2019<\/p>\n<p class=\"p1\"><span class=\"s1\">Munem Wasif talks about his film <i>Kheyal <\/i>(2015-18) where he follows four characters through the streets of old Dhaka in Bangladesh. The title is derived from the Arabic word \u201cKhyal\u201d or \u201cKhayal\u201d, which means fiction or imagination. The film shows the enigmatic environments and unique identities that inhabit the historic city. <\/span><\/p>\n<p class=\"p1\"><span class=\"s1\">Wasif describes his film as a work of \u201cmagical realism\u201d because it oscillates between real and imaginary narratives, navigating between the conscious and subconscious, and reveals the very different pace of life that inhabits the old city.<\/span><\/p>\n<p><span class=\"s1\">&nbsp;<\/span><\/p>\n<\/div><\/section><\/p><\/div><div class=\"flex_column av_one_third  flex_column_div av-zero-column-padding   \" style='border-radius:0px; '><p><div  class='avia-video avia-video-16-9   av-lazyload-immediate  av-lazyload-video-embed  '   itemprop=\"video\" itemtype=\"https:\/\/schema.org\/VideoObject\"  data-original_url='https:\/\/www.youtube.com\/watch?v=QzyaGWP75Mk' ><script type='text\/html' class='av-video-tmpl'><div class='avia-iframe-wrap'><iframe title=\"Prix Pictet \u2019Space&#039; Interview Series: Munem Wasif\" width=\"1500\" height=\"844\" src=\"https:\/\/www.youtube.com\/embed\/QzyaGWP75Mk?feature=oembed&autoplay=0&loop=0&controls=1&mute=0\" frameborder=\"0\" allow=\"accelerometer; autoplay; clipboard-write; encrypted-media; gyroscope; picture-in-picture; web-share\" referrerpolicy=\"strict-origin-when-cross-origin\" allowfullscreen><\/iframe><\/div><\/script><div class='av-click-to-play-overlay'><div class=\"avia_playpause_icon\"><\/div><\/div><\/div><br \/>\n<section class=\"av_textblock_section \"  itemscope=\"itemscope\" itemtype=\"https:\/\/schema.org\/CreativeWork\" ><div class='avia_textblock  '   itemprop=\"text\" ><p><em>Pictet Award, Space: Munem Wasif<\/em><br \/>\n<strong>Prix Pictet<\/strong><br \/>\n\u2014<br \/>\n2017<\/p>\n<p><span class=\"s1\">Prix Pictet \u2018Space\u2019 shortlisted artist Munem Wasif was interviewed at the Victoria &amp; Albert Museum in London during the Finalists\u2019 Exhibition on May 4th 2017.<\/span><\/p>\n<\/div><\/section><\/p><\/div><div class=\"flex_column av_one_third  flex_column_div av-zero-column-padding   \" style='border-radius:0px; '><p><div  class='avia-video avia-video-16-9   av-lazyload-immediate  av-lazyload-video-embed  '   itemprop=\"video\" itemtype=\"https:\/\/schema.org\/VideoObject\"  data-original_url='https:\/\/www.youtube.com\/watch?v=mn8aMhA3VE8' ><script type='text\/html' class='av-video-tmpl'><div class='avia-iframe-wrap'><iframe title=\"Munem Wasif talks about his new work at Dhaka Art Summit 2016\" width=\"1500\" height=\"844\" src=\"https:\/\/www.youtube.com\/embed\/mn8aMhA3VE8?feature=oembed&autoplay=0&loop=0&controls=1&mute=0\" frameborder=\"0\" allow=\"accelerometer; autoplay; clipboard-write; encrypted-media; gyroscope; picture-in-picture; web-share\" referrerpolicy=\"strict-origin-when-cross-origin\" allowfullscreen><\/iframe><\/div><\/script><div class='av-click-to-play-overlay'><div class=\"avia_playpause_icon\"><\/div><\/div><\/div><br \/>\n<section class=\"av_textblock_section \"  itemscope=\"itemscope\" itemtype=\"https:\/\/schema.org\/CreativeWork\" ><div class='avia_textblock  '   itemprop=\"text\" ><p><em>The Land of the Undefined Territory<\/em><br \/>\n<strong>CoBo Dhaka Art Summit<\/strong><br \/>\n\u2014<br \/>\n2016<\/p>\n<p><span class=\"s1\">Munem Wasif talks about his exhibition \u201cLand of the undefined territory\u201d at the Dhaka Art Summit and Samdani Art Foundation in 2016. This work questions the identity of a land that is linked to a specific political and geographical context, but could also be anywhere. Wasif\u2019s serene and systematic approach in this series imitates that of a survey, a topographical study, a geological survey or a simple aesthetic question.<\/span><\/p>\n<\/div><\/section><\/p><\/div><div class=\"flex_column av_one_third  flex_column_div av-zero-column-padding first  \" style='border-radius:0px; '><p><div  class='avia-image-container  av-styling-no-styling    avia-align-center '  itemprop=\"image\" itemscope=\"itemscope\" itemtype=\"https:\/\/schema.org\/ImageObject\"  ><div class='avia-image-container-inner'><div class='avia-image-overlay-wrap'><a href=\"https:\/\/www.france24.com\/en\/20151106-culture-photography-munem-wasif-gallery-247-women-photographers-paris\" class='avia_image' target=\"_blank\" rel=\"noopener noreferrer\"><img width=\"1620\" height=\"1080\" class='wp-image-115296 avia-img-lazy-loading-not-115296 avia_image' src=\"https:\/\/agencevu.com\/wp-content\/uploads\/2018\/09\/00_MUNE16602-2010NB31_.jpg\" alt='' title='&quot;In God We Trust&quot; \/ &quot;Nous avons foi en Dieu&quot;'  itemprop=\"thumbnailUrl\" srcset=\"https:\/\/agencevu.com\/wp-content\/uploads\/2018\/09\/00_MUNE16602-2010NB31_.jpg 1620w, https:\/\/agencevu.com\/wp-content\/uploads\/2018\/09\/00_MUNE16602-2010NB31_-300x200.jpg 300w, https:\/\/agencevu.com\/wp-content\/uploads\/2018\/09\/00_MUNE16602-2010NB31_-1030x687.jpg 1030w, https:\/\/agencevu.com\/wp-content\/uploads\/2018\/09\/00_MUNE16602-2010NB31_-80x53.jpg 80w, https:\/\/agencevu.com\/wp-content\/uploads\/2018\/09\/00_MUNE16602-2010NB31_-768x512.jpg 768w, https:\/\/agencevu.com\/wp-content\/uploads\/2018\/09\/00_MUNE16602-2010NB31_-1536x1024.jpg 1536w, https:\/\/agencevu.com\/wp-content\/uploads\/2018\/09\/00_MUNE16602-2010NB31_-1500x1000.jpg 1500w, https:\/\/agencevu.com\/wp-content\/uploads\/2018\/09\/00_MUNE16602-2010NB31_-705x470.jpg 705w, https:\/\/agencevu.com\/wp-content\/uploads\/2018\/09\/00_MUNE16602-2010NB31_-450x300.jpg 450w\" sizes=\"(max-width: 1620px) 100vw, 1620px\" \/><\/a><\/div><\/div><\/div><br \/>\n<section class=\"av_textblock_section \"  itemscope=\"itemscope\" itemtype=\"https:\/\/schema.org\/CreativeWork\" ><div class='avia_textblock  '   itemprop=\"text\" ><p><em>Encore !<\/em><br \/>\n<strong>France 24<\/strong><br \/>\n\u2014<br \/>\n2015<\/p>\n<p><span class=\"s1\">Photographer Munem Wasif was invited in the Encore! studio to talk about a new exhibition which aims to show the complexity of faith in his native Bangladesh. From his sister\u2019s hijab to the country\u2019s diverse history, Wasif tries to bring nuance to an issue that \u2013 unlike his photos \u2013 is not just black and white.<\/span><\/p>\n<\/div><\/section><br \/>\n<div  class='avia-button-wrap avia-button-left ' ><a href='https:\/\/www.france24.com\/en\/20151106-culture-photography-munem-wasif-gallery-247-women-photographers-paris' class='avia-button  avia-color-theme-color-highlight   avia-icon_select-no avia-size-small avia-position-left ' target=\"_blank\" rel=\"noopener noreferrer\"><span class='avia_iconbox_title' >Listen<\/span><\/a><\/div><\/p><\/div><div class=\"flex_column av_one_third  flex_column_div av-zero-column-padding   \" style='border-radius:0px; '><p><div  class='avia-video avia-video-16-9   av-lazyload-immediate  av-lazyload-video-embed  '   itemprop=\"video\" itemtype=\"https:\/\/schema.org\/VideoObject\"  data-original_url='https:\/\/www.youtube.com\/watch?v=p9YsPoSHvLo' ><script type='text\/html' class='av-video-tmpl'><div class='avia-iframe-wrap'><iframe title=\"#NuitNoire -  EMPREINTE CLIMATIQUE t\u00e9moignage du photographe Munem Wasif\" width=\"1500\" height=\"844\" src=\"https:\/\/www.youtube.com\/embed\/p9YsPoSHvLo?feature=oembed&autoplay=0&loop=0&controls=1&mute=0\" frameborder=\"0\" allow=\"accelerometer; autoplay; clipboard-write; encrypted-media; gyroscope; picture-in-picture; web-share\" referrerpolicy=\"strict-origin-when-cross-origin\" allowfullscreen><\/iframe><\/div><\/script><div class='av-click-to-play-overlay'><div class=\"avia_playpause_icon\"><\/div><\/div><\/div><br \/>\n<section class=\"av_textblock_section \"  itemscope=\"itemscope\" itemtype=\"https:\/\/schema.org\/CreativeWork\" ><div class='avia_textblock  '   itemprop=\"text\" ><p><em>Nuit noire, empreinte climatique<\/em><br \/>\n<strong>Action contre la faim et l&#8217;Agence VU&#8217;<\/strong><br \/>\n\u2014<br \/>\n2015<\/p>\n<p><span class=\"s1\">On the occasion of the Nuit Blanche 2015 in Paris, the French association Action Against Hunger and the Agence VU create the itinerary Nuit Noire \u2013 Empreinte Climatique (Black Night \u2013 Climate Footprint). Based on the work of photographer Wasif Munem, the exhibition sheds light on the climate threat in Bangladesh, where the association is active. In this interview, Wasif Munem explains the impact of climate change on the populations he photograph using his series \u201cA Tale of Paradise Lost\u201d : \u201cEvery monsoon, there is a fear that a tornado or cyclone will destroy the dikes (\u2026) some have lost their homes a dozen times. \u00bb<\/span><\/p>\n<\/div><\/section><\/p><\/div><div class=\"flex_column av_one_third  flex_column_div av-zero-column-padding   \" style='border-radius:0px; '><p><div  class='avia-video avia-video-16-9   av-lazyload-immediate  av-lazyload-video-embed  '   itemprop=\"video\" itemtype=\"https:\/\/schema.org\/VideoObject\"  data-original_url='https:\/\/www.youtube.com\/watch?v=xgwRu4YYPk8' ><script type='text\/html' class='av-video-tmpl'><div class='avia-iframe-wrap'><iframe title=\"A tale of the old city | Munem Wasif | TEDxDhaka\" width=\"1500\" height=\"844\" src=\"https:\/\/www.youtube.com\/embed\/xgwRu4YYPk8?feature=oembed&autoplay=0&loop=0&controls=1&mute=0\" frameborder=\"0\" allow=\"accelerometer; autoplay; clipboard-write; encrypted-media; gyroscope; picture-in-picture; web-share\" referrerpolicy=\"strict-origin-when-cross-origin\" allowfullscreen><\/iframe><\/div><\/script><div class='av-click-to-play-overlay'><div class=\"avia_playpause_icon\"><\/div><\/div><\/div><br \/>\n<section class=\"av_textblock_section \"  itemscope=\"itemscope\" itemtype=\"https:\/\/schema.org\/CreativeWork\" ><div class='avia_textblock  '   itemprop=\"text\" ><p><em>L&#8217;histoire de la vieille ville<\/em><br \/>\n<strong>TEDx Talks<\/strong><br \/>\n\u2014<br \/>\n2015<\/p>\n<p><span class=\"s1\">Munem Wasif has been taking photos of the old part of Dhaka city for more than a decade. From his deep love for the place, a sense of belonging, Wasif comes with breathtaking photos and several intimate insider stories from the community. <\/span><\/p>\n<\/div><\/section><\/p><\/div><div class=\"flex_column av_one_third  flex_column_div av-zero-column-padding first  \" style='border-radius:0px; '><p><div  class='avia-video avia-video-16-9   av-lazyload-immediate  av-lazyload-video-embed  '   itemprop=\"video\" itemtype=\"https:\/\/schema.org\/VideoObject\"  data-original_url='https:\/\/vimeo.com\/13332904' ><script type='text\/html' class='av-video-tmpl'><div class='avia-iframe-wrap'><iframe title=\"Munem Wasif, Prix Pictet Commission, Water\" src=\"https:\/\/player.vimeo.com\/video\/13332904?dnt=1&amp;app_id=122963&autoplay=0&loop=0&controls=1&muted=0\" width=\"1024\" height=\"576\" frameborder=\"0\" allow=\"autoplay; fullscreen; picture-in-picture; clipboard-write\"><\/iframe><\/div><\/script><div class='av-click-to-play-overlay'><div class=\"avia_playpause_icon\"><\/div><\/div><\/div><br \/>\n<section class=\"av_textblock_section \"  itemscope=\"itemscope\" itemtype=\"https:\/\/schema.org\/CreativeWork\" ><div class='avia_textblock  '   itemprop=\"text\" ><p><em>Munem Wasif, Pictet Award<\/em><br \/>\n<strong>Prix Pictet<\/strong><br \/>\n\u2014<br \/>\n2010<\/p>\n<p><span class=\"s1\">Interview conducted on the occasion of the Prix Pictet 2008 at the Mus\u00e9e de l\u2019\u00c9lys\u00e9e de Lausanne, to document the struggles of the people of Bangladesh who have lost virtually all their natural resources and way of life due to shrimp farming along the coast.<\/span><\/p>\n<\/div><\/section><\/p><\/div><div class=\"flex_column av_one_third  flex_column_div av-zero-column-padding   \" style='border-radius:0px; '><p><div  class='avia-video avia-video-16-9   av-lazyload-immediate  av-lazyload-video-embed  '   itemprop=\"video\" itemtype=\"https:\/\/schema.org\/VideoObject\"  data-original_url='https:\/\/www.youtube.com\/watch?v=19-duEz_RpA' ><script type='text\/html' class='av-video-tmpl'><div class='avia-iframe-wrap'><iframe title=\"Canon CPN - Munem Wasif Bangladesh Standing on the edge\" width=\"1500\" height=\"844\" src=\"https:\/\/www.youtube.com\/embed\/19-duEz_RpA?feature=oembed&autoplay=0&loop=0&controls=1&mute=0\" frameborder=\"0\" allow=\"accelerometer; autoplay; clipboard-write; encrypted-media; gyroscope; picture-in-picture; web-share\" referrerpolicy=\"strict-origin-when-cross-origin\" allowfullscreen><\/iframe><\/div><\/script><div class='av-click-to-play-overlay'><div class=\"avia_playpause_icon\"><\/div><\/div><\/div><br \/>\n<section class=\"av_textblock_section \"  itemscope=\"itemscope\" itemtype=\"https:\/\/schema.org\/CreativeWork\" ><div class='avia_textblock  '   itemprop=\"text\" ><p><em>Standin on the Edge<\/em><br \/>\n<strong>Canon CPN<\/strong><br \/>\n\u2014<br \/>\n2009<\/p>\n<p><span class=\"s1\">Agency VU&#8217; photographer Munem Wasif tells the story behind his unforgettable black and white images of refugees in his homeland of Bangladesh. Here he talks about his career and reveals how issues close to his heart helped him to document the major refugee problems.<\/span><\/p>\n<\/div><\/section><\/p><\/div><div class=\"flex_column av_one_third  flex_column_div av-zero-column-padding   \" style='border-radius:0px; '><\/div><div  style='height:50px' class='hr hr-invisible  '><span class='hr-inner ' ><span class='hr-inner-style'><\/span><\/span><\/div>\n\n<\/div><\/div><\/div><!-- close content main div --><\/div><\/div><div id='exhibitions'  class='avia-section main_color avia-section-small avia-no-border-styling  avia-bg-style-scroll   container_wrap fullsize' style=' '  ><div class='container' ><div class='template-page content  av-content-full alpha units'><div class='post-entry post-entry-type-page post-entry-116723'><div class='entry-content-wrapper clearfix'>\n<section class=\"av_textblock_section \"  itemscope=\"itemscope\" itemtype=\"https:\/\/schema.org\/CreativeWork\" ><div class='avia_textblock  '  style='font-size:20px; '  itemprop=\"text\" ><p id=\"expo\" style=\"color: #707070; letter-spacing: 1.5px; text-transform: uppercase;\">Exhibitions<\/p>\n<hr class=\"hr-titre-page\">\n<\/div><\/section>\n<div class=\"flex_column av_one_third  flex_column_div av-zero-column-padding first  \" style='border-radius:0px; '><p><div  class='avia-image-container  av-styling-no-styling    avia-align-center '  itemprop=\"image\" itemscope=\"itemscope\" itemtype=\"https:\/\/schema.org\/ImageObject\"  ><div class='avia-image-container-inner'><div class='avia-image-overlay-wrap'><a href=\"https:\/\/agencevu.com\/en\/fat-event\/munem-wasif-en-dieu-nous-croyons\/\" class='avia_image'  target=\"_blank\"  rel=\"noopener noreferrer\"><img width=\"1096\" height=\"730\" class='wp-image-181792 avia-img-lazy-loading-not-181792 avia_image' src=\"https:\/\/agencevu.com\/wp-content\/uploads\/2022\/05\/Preview_MUNE14984-2009NB11.jpg\" alt='' title='Salty Tears \/ Larmes sal\u00e9es'  itemprop=\"thumbnailUrl\" srcset=\"https:\/\/agencevu.com\/wp-content\/uploads\/2022\/05\/Preview_MUNE14984-2009NB11.jpg 1096w, https:\/\/agencevu.com\/wp-content\/uploads\/2022\/05\/Preview_MUNE14984-2009NB11-300x200.jpg 300w, https:\/\/agencevu.com\/wp-content\/uploads\/2022\/05\/Preview_MUNE14984-2009NB11-1030x686.jpg 1030w, https:\/\/agencevu.com\/wp-content\/uploads\/2022\/05\/Preview_MUNE14984-2009NB11-80x53.jpg 80w, https:\/\/agencevu.com\/wp-content\/uploads\/2022\/05\/Preview_MUNE14984-2009NB11-768x512.jpg 768w, https:\/\/agencevu.com\/wp-content\/uploads\/2022\/05\/Preview_MUNE14984-2009NB11-705x470.jpg 705w\" sizes=\"(max-width: 1096px) 100vw, 1096px\" \/><\/a><\/div><\/div><\/div><br \/>\n<section class=\"av_textblock_section \"  itemscope=\"itemscope\" itemtype=\"https:\/\/schema.org\/CreativeWork\" ><div class='avia_textblock  '   itemprop=\"text\" ><p><strong>Salt water tears<\/strong><br \/>\n\u2014<br \/>\nFestival L\u2019Homme et la Mer, Guilvinec (FRANCE)<br \/>\n\u2014<br \/>\nFrom June 1 to September 30, 2022<\/p>\n<\/div><\/section><br \/>\n<div  class='avia-button-wrap avia-button-left ' ><a href='https:\/\/agencevu.com\/en\/fat-event\/munem-wasif-salty-tears\/'  class='avia-button  avia-color-theme-color-highlight   avia-icon_select-no avia-size-small avia-position-left '  target=\"_blank\"  rel=\"noopener noreferrer\"  ><span class='avia_iconbox_title' >More information<\/span><\/a><\/div><\/p><\/div><div class=\"flex_column av_one_third  flex_column_div av-zero-column-padding   \" style='border-radius:0px; '><p><div  class='avia-image-container  av-styling-no-styling    avia-align-center '  itemprop=\"image\" itemscope=\"itemscope\" itemtype=\"https:\/\/schema.org\/ImageObject\"  ><div class='avia-image-container-inner'><div class='avia-image-overlay-wrap'><a href=\" https:\/\/agencevu.com\/en\/fat-event\/munem-wasif-kheyal\/\" class='avia_image'  target=\"_blank\"  rel=\"noopener noreferrer\"><img width=\"357\" height=\"201\" class='wp-image-156961 avia-img-lazy-loading-not-156961 avia_image' src=\"https:\/\/agencevu.com\/wp-content\/uploads\/2015\/08\/Wasif-multimedia-01.jpg\" alt='' title='Wasif-multimedia-01'  itemprop=\"thumbnailUrl\" srcset=\"https:\/\/agencevu.com\/wp-content\/uploads\/2015\/08\/Wasif-multimedia-01.jpg 357w, https:\/\/agencevu.com\/wp-content\/uploads\/2015\/08\/Wasif-multimedia-01-300x169.jpg 300w, https:\/\/agencevu.com\/wp-content\/uploads\/2015\/08\/Wasif-multimedia-01-80x45.jpg 80w\" sizes=\"(max-width: 357px) 100vw, 357px\" \/><\/a><\/div><\/div><\/div><br \/>\n<section class=\"av_textblock_section \"  itemscope=\"itemscope\" itemtype=\"https:\/\/schema.org\/CreativeWork\" ><div class='avia_textblock  '   itemprop=\"text\" ><p><strong>Imagined documents &#8211; Kheyal<\/strong><br \/>\n\u2014<br \/>\nLes Rencontres de la Photographie, Arles (FRANCE)<br \/>\n\u2014<br \/>\nFrom July 4 to September 25, 2022<\/p>\n<\/div><\/section><br \/>\n<div  class='avia-button-wrap avia-button-left ' ><a href=' https:\/\/agencevu.com\/en\/fat-event\/munem-wasif-kheyal\/'  class='avia-button  avia-color-theme-color-highlight   avia-icon_select-no avia-size-small avia-position-left '  target=\"_blank\"  rel=\"noopener noreferrer\"  ><span class='avia_iconbox_title' >More information<\/span><\/a><\/div><\/p><\/div><div class=\"flex_column av_one_third  flex_column_div av-zero-column-padding   \" style='border-radius:0px; '><p><div  class='avia-image-container  av-styling-no-styling    avia-align-center '  itemprop=\"image\" itemscope=\"itemscope\" itemtype=\"https:\/\/schema.org\/ImageObject\"  ><div class='avia-image-container-inner'><div class='avia-image-overlay-wrap'><a href=\"https:\/\/agencevu.com\/en\/fat-event\/munem-wasif-seeds-shall-set-us-free-ii\/\" class='avia_image'  target=\"_blank\"  rel=\"noopener noreferrer\"><img width=\"486\" height=\"730\" class='wp-image-73471 avia-img-lazy-loading-not-73471 avia_image' src=\"https:\/\/agencevu.com\/wp-content\/uploads\/2020\/07\/2019-pompidou-Seeds-Shall-Set-Us-Free-II.jpg\" alt='' title='2019 - pompidou - Seeds Shall Set Us Free II'  itemprop=\"thumbnailUrl\" srcset=\"https:\/\/agencevu.com\/wp-content\/uploads\/2020\/07\/2019-pompidou-Seeds-Shall-Set-Us-Free-II.jpg 486w, https:\/\/agencevu.com\/wp-content\/uploads\/2020\/07\/2019-pompidou-Seeds-Shall-Set-Us-Free-II-53x80.jpg 53w, https:\/\/agencevu.com\/wp-content\/uploads\/2020\/07\/2019-pompidou-Seeds-Shall-Set-Us-Free-II-200x300.jpg 200w, https:\/\/agencevu.com\/wp-content\/uploads\/2020\/07\/2019-pompidou-Seeds-Shall-Set-Us-Free-II-469x705.jpg 469w, https:\/\/agencevu.com\/wp-content\/uploads\/2020\/07\/2019-pompidou-Seeds-Shall-Set-Us-Free-II-450x676.jpg 450w\" sizes=\"(max-width: 486px) 100vw, 486px\" \/><\/a><\/div><\/div><\/div><br \/>\n<section class=\"av_textblock_section \"  itemscope=\"itemscope\" itemtype=\"https:\/\/schema.org\/CreativeWork\" ><div class='avia_textblock  '   itemprop=\"text\" ><p><strong>Seeds Shall Set Us Free II<\/strong><br \/>\n\u2014<br \/>\nCentre Pompidou, Paris (FRANCE)<br \/>\n\u2014<br \/>\nFrom October 23 to December 23, 2019<\/p>\n<\/div><\/section><br \/>\n<div  class='avia-button-wrap avia-button-left ' ><a href='\/en\/fat-event\/munem-wasif-seeds-shall-set-us-free-ii\/' class='avia-button  avia-color-theme-color-highlight   avia-icon_select-no avia-size-small avia-position-left ' target=\"_blank\" rel=\"noopener noreferrer\"><span class='avia_iconbox_title' >More information<\/span><\/a><\/div><\/p><\/div><div class=\"flex_column av_one_third  flex_column_div av-zero-column-padding first  \" style='border-radius:0px; '><p><div  class='avia-image-container  av-styling-no-styling    avia-align-center '  itemprop=\"image\" itemscope=\"itemscope\" itemtype=\"https:\/\/schema.org\/ImageObject\"  ><div class='avia-image-container-inner'><div class='avia-image-overlay-wrap'><a href=\"https:\/\/agencevu.com\/en\/fat-event\/munem-wasif-salt-water-tears\/\" class='avia_image'  target=\"_blank\"  rel=\"noopener noreferrer\"><img width=\"730\" height=\"485\" class='wp-image-73473 avia-img-lazy-loading-not-73473 avia_image' src=\"https:\/\/agencevu.com\/wp-content\/uploads\/2020\/07\/2011-Chobi-Mela-Salty-tears.jpg\" alt='' title='2011 - Chobi Mela - Salty tears'  itemprop=\"thumbnailUrl\" srcset=\"https:\/\/agencevu.com\/wp-content\/uploads\/2020\/07\/2011-Chobi-Mela-Salty-tears.jpg 730w, https:\/\/agencevu.com\/wp-content\/uploads\/2020\/07\/2011-Chobi-Mela-Salty-tears-80x53.jpg 80w, https:\/\/agencevu.com\/wp-content\/uploads\/2020\/07\/2011-Chobi-Mela-Salty-tears-300x199.jpg 300w, https:\/\/agencevu.com\/wp-content\/uploads\/2020\/07\/2011-Chobi-Mela-Salty-tears-705x468.jpg 705w, https:\/\/agencevu.com\/wp-content\/uploads\/2020\/07\/2011-Chobi-Mela-Salty-tears-450x299.jpg 450w\" sizes=\"(max-width: 730px) 100vw, 730px\" \/><\/a><\/div><\/div><\/div><br \/>\n<section class=\"av_textblock_section \"  itemscope=\"itemscope\" itemtype=\"https:\/\/schema.org\/CreativeWork\" ><div class='avia_textblock  '   itemprop=\"text\" ><p><strong>Salt Water Tears<\/strong><br \/>\n\u2014<br \/>\nFestival de Chobi Mela VI, 2011,&nbsp;(BANGLADESH)<br \/>\n\u2014<br \/>\nFrom January 21 to March 2, 2011<\/p>\n<\/div><\/section><br \/>\n<div  class='avia-button-wrap avia-button-left ' ><a href='\/en\/fat-event\/munem-wasif-salt-water-tears\/' class='avia-button  avia-color-theme-color-highlight   avia-icon_select-no avia-size-small avia-position-left ' target=\"_blank\" rel=\"noopener noreferrer\"><span class='avia_iconbox_title' >More information<\/span><\/a><\/div><\/p><\/div><div  style='height:50px' class='hr hr-invisible  '><span class='hr-inner ' ><span class='hr-inner-style'><\/span><\/span><\/div>\n\n<\/div><\/div><\/div><!-- close content main div --><\/div><\/div><div id='books'  class='avia-section main_color avia-section-small avia-no-border-styling  avia-bg-style-scroll   container_wrap fullsize' style=' '  ><div class='container' ><div class='template-page content  av-content-full alpha units'><div class='post-entry post-entry-type-page post-entry-116723'><div class='entry-content-wrapper clearfix'>\n<section class=\"av_textblock_section \"  itemscope=\"itemscope\" itemtype=\"https:\/\/schema.org\/CreativeWork\" ><div class='avia_textblock  '  style='font-size:20px; '  itemprop=\"text\" ><p id=\"livre\" style=\"color: #707070; letter-spacing: 1.5px; text-transform: uppercase;\">books<\/p>\n<hr class=\"hr-titre-page\">\n<\/div><\/section>\n<div  data-autoplay=''  data-interval='5'  data-animation='fade'  data-show_slide_delay='90'  class='avia-content-slider avia-content-grid-active avia-content-slider4 avia-content-slider-even   av-medium-hide av-small-hide av-mini-hide'  itemscope=\"itemscope\" itemtype=\"https:\/\/schema.org\/Blog\" ><div class='avia-content-slider-inner'><div class='slide-entry-wrap'><article class='slide-entry flex_column  post-entry post-entry-36687 slide-entry-overview slide-loop-1 slide-parity-odd  av_one_fourth first real-thumbnail'  itemscope=\"itemscope\" itemtype=\"https:\/\/schema.org\/CreativeWork\" ><a href='https:\/\/agencevu.com\/en\/book\/belonging\/' data-rel='slide-4' class='slide-image' title=''><img width=\"119\" height=\"185\" src=\"https:\/\/agencevu.com\/wp-content\/uploads\/2019\/11\/2013-Belonging-MUNE-preview-00-1-119x185.jpg\" class=\"wp-image-36689 avia-img-lazy-loading-36689 attachment-portfolio_small size-portfolio_small wp-post-image\" alt=\"\" loading=\"lazy\" srcset=\"https:\/\/agencevu.com\/wp-content\/uploads\/2019\/11\/2013-Belonging-MUNE-preview-00-1.jpg 119w, https:\/\/agencevu.com\/wp-content\/uploads\/2019\/11\/2013-Belonging-MUNE-preview-00-1-51x80.jpg 51w\" sizes=\"(max-width: 119px) 100vw, 119px\" \/><\/a><div class='slide-content'><header class=\"entry-content-header\"><span class=\"blog-categories minor-meta\"> <a href=\"https:\/\/agencevu.com\/en\/annee\/2013\/\" rel=\"tag\">2013<\/a> <a href=\"https:\/\/agencevu.com\/en\/photographer\/munem-wasif\/\" rel=\"tag\">Munem Wasif<\/a> <a href=\"https:\/\/agencevu.com\/en\/section_taxonomy\/livres\/\" rel=\"tag\">livres<\/a> <\/span><h3 class='slide-entry-title entry-title'  itemprop=\"headline\" ><a href='https:\/\/agencevu.com\/en\/book\/belonging\/' title='Belonging'>Belonging<\/a><\/h3><span class=\"av-vertical-delimiter\"><\/span><\/header><div class='slide-entry-excerpt entry-content'  itemprop=\"text\" >\u00c9ditions Cl\u00e9mentine de la Feronni\u00e8re - 2013<\/div><\/div><footer class=\"entry-footer\"><div class='slide-meta'><time class='slide-meta-time updated'  itemprop=\"datePublished\" datetime=\"2013-09-07T18:30:09+02:00\" >7 September 2013<\/time><\/div><\/footer><span class='hidden'>\n\t\t\t\t<span class='av-structured-data'  itemprop=\"image\" itemscope=\"itemscope\" itemtype=\"https:\/\/schema.org\/ImageObject\" >\n\t\t\t\t\t\t<span itemprop='url'>https:\/\/agencevu.com\/wp-content\/uploads\/2019\/11\/2013-Belonging-MUNE-preview-00-1.jpg<\/span>\n\t\t\t\t\t\t<span itemprop='height'>185<\/span>\n\t\t\t\t\t\t<span itemprop='width'>119<\/span>\n\t\t\t\t<\/span>\n\t\t\t\t<span class='av-structured-data'  itemprop=\"publisher\" itemtype=\"https:\/\/schema.org\/Organization\" itemscope=\"itemscope\" >\n\t\t\t\t\t\t<span itemprop='name'>Fanny Demichelis<\/span>\n\t\t\t\t\t\t<span itemprop='logo' itemscope itemtype='https:\/\/schema.org\/ImageObject'>\n\t\t\t\t\t\t\t<span itemprop='url'>\/wp-content\/uploads\/2021\/05\/logo-vert-2.svg<\/span>\n\t\t\t\t\t\t <\/span>\n\t\t\t\t<\/span><span class='av-structured-data'  itemprop=\"author\" itemscope=\"itemscope\" itemtype=\"https:\/\/schema.org\/Person\" ><span itemprop='name'>Fanny Demichelis<\/span><\/span><span class='av-structured-data'  itemprop=\"datePublished\" datetime=\"2008-08-07T18:30:04+02:00\" >2013-09-07 18:30:09<\/span><span class='av-structured-data'  itemprop=\"dateModified\" itemtype=\"https:\/\/schema.org\/dateModified\" >2021-04-23 17:59:02<\/span><span class='av-structured-data'  itemprop=\"mainEntityOfPage\" itemtype=\"https:\/\/schema.org\/mainEntityOfPage\" ><span itemprop='name'>Belonging<\/span><\/span><\/span><\/article><article class='slide-entry flex_column  post-entry post-entry-36683 slide-entry-overview slide-loop-2 slide-parity-even  av_one_fourth  real-thumbnail'  itemscope=\"itemscope\" itemtype=\"https:\/\/schema.org\/CreativeWork\" ><a href='https:\/\/agencevu.com\/en\/book\/larmes-salees\/' data-rel='slide-4' class='slide-image' title=''><img width=\"183\" height=\"185\" src=\"https:\/\/agencevu.com\/wp-content\/uploads\/2019\/11\/2011-Larmes-sale\u0301es-MUNE-preview-183x185.jpg\" class=\"wp-image-36400 avia-img-lazy-loading-36400 attachment-portfolio_small size-portfolio_small wp-post-image\" alt=\"\" loading=\"lazy\" srcset=\"https:\/\/agencevu.com\/wp-content\/uploads\/2019\/11\/2011-Larmes-sale\u0301es-MUNE-preview.jpg 183w, https:\/\/agencevu.com\/wp-content\/uploads\/2019\/11\/2011-Larmes-sale\u0301es-MUNE-preview-80x80.jpg 80w, https:\/\/agencevu.com\/wp-content\/uploads\/2019\/11\/2011-Larmes-sale\u0301es-MUNE-preview-36x36.jpg 36w, https:\/\/agencevu.com\/wp-content\/uploads\/2019\/11\/2011-Larmes-sale\u0301es-MUNE-preview-120x120.jpg 120w\" sizes=\"(max-width: 183px) 100vw, 183px\" \/><\/a><div class='slide-content'><header class=\"entry-content-header\"><span class=\"blog-categories minor-meta\"> <a href=\"https:\/\/agencevu.com\/en\/annee\/2011\/\" rel=\"tag\">2011<\/a> <a href=\"https:\/\/agencevu.com\/en\/photographer\/munem-wasif\/\" rel=\"tag\">Munem Wasif<\/a> <a href=\"https:\/\/agencevu.com\/en\/section_taxonomy\/livres\/\" rel=\"tag\">livres<\/a> <\/span><h3 class='slide-entry-title entry-title'  itemprop=\"headline\" ><a href='https:\/\/agencevu.com\/en\/book\/larmes-salees\/' title='Larmes sal\u00e9es'>Larmes sal\u00e9es<\/a><\/h3><span class=\"av-vertical-delimiter\"><\/span><\/header><div class='slide-entry-excerpt entry-content'  itemprop=\"text\" >Images plurielles - 2011<\/div><\/div><footer class=\"entry-footer\"><div class='slide-meta'><time class='slide-meta-time updated'  itemprop=\"datePublished\" datetime=\"2011-05-07T18:30:06+02:00\" >7 May 2011<\/time><\/div><\/footer><span class='hidden'>\n\t\t\t\t<span class='av-structured-data'  itemprop=\"image\" itemscope=\"itemscope\" itemtype=\"https:\/\/schema.org\/ImageObject\" >\n\t\t\t\t\t\t<span itemprop='url'>https:\/\/agencevu.com\/wp-content\/uploads\/2019\/11\/2011-Larmes-sale\u0301es-MUNE-preview.jpg<\/span>\n\t\t\t\t\t\t<span itemprop='height'>185<\/span>\n\t\t\t\t\t\t<span itemprop='width'>183<\/span>\n\t\t\t\t<\/span>\n\t\t\t\t<span class='av-structured-data'  itemprop=\"publisher\" itemtype=\"https:\/\/schema.org\/Organization\" itemscope=\"itemscope\" >\n\t\t\t\t\t\t<span itemprop='name'>Fanny Demichelis<\/span>\n\t\t\t\t\t\t<span itemprop='logo' itemscope itemtype='https:\/\/schema.org\/ImageObject'>\n\t\t\t\t\t\t\t<span itemprop='url'>\/wp-content\/uploads\/2021\/05\/logo-vert-2.svg<\/span>\n\t\t\t\t\t\t <\/span>\n\t\t\t\t<\/span><span class='av-structured-data'  itemprop=\"author\" itemscope=\"itemscope\" itemtype=\"https:\/\/schema.org\/Person\" ><span itemprop='name'>Fanny Demichelis<\/span><\/span><span class='av-structured-data'  itemprop=\"datePublished\" datetime=\"2008-08-07T18:30:04+02:00\" >2011-05-07 18:30:06<\/span><span class='av-structured-data'  itemprop=\"dateModified\" itemtype=\"https:\/\/schema.org\/dateModified\" >2021-05-20 14:13:40<\/span><span class='av-structured-data'  itemprop=\"mainEntityOfPage\" itemtype=\"https:\/\/schema.org\/mainEntityOfPage\" ><span itemprop='name'>Larmes sal\u00e9es<\/span><\/span><\/span><\/article><article class='slide-entry flex_column  post-entry post-entry-36677 slide-entry-overview slide-loop-3 slide-parity-odd  post-entry-last  av_one_fourth  real-thumbnail'  itemscope=\"itemscope\" itemtype=\"https:\/\/schema.org\/CreativeWork\" ><a href='https:\/\/agencevu.com\/en\/book\/bangladesh-standing-on-the-edge\/' data-rel='slide-4' class='slide-image' title=''><img width=\"148\" height=\"185\" src=\"https:\/\/agencevu.com\/wp-content\/uploads\/2019\/11\/2008-Bangladesh-Standing-on-the-edge-MUNE-preview-00-1-148x185.jpg\" class=\"wp-image-36679 avia-img-lazy-loading-36679 attachment-portfolio_small size-portfolio_small wp-post-image\" alt=\"\" loading=\"lazy\" srcset=\"https:\/\/agencevu.com\/wp-content\/uploads\/2019\/11\/2008-Bangladesh-Standing-on-the-edge-MUNE-preview-00-1.jpg 148w, https:\/\/agencevu.com\/wp-content\/uploads\/2019\/11\/2008-Bangladesh-Standing-on-the-edge-MUNE-preview-00-1-64x80.jpg 64w\" sizes=\"(max-width: 148px) 100vw, 148px\" \/><\/a><div class='slide-content'><header class=\"entry-content-header\"><span class=\"blog-categories minor-meta\"> <a href=\"https:\/\/agencevu.com\/en\/annee\/2008\/\" rel=\"tag\">2008<\/a> <a href=\"https:\/\/agencevu.com\/en\/photographer\/munem-wasif\/\" rel=\"tag\">Munem Wasif<\/a> <a href=\"https:\/\/agencevu.com\/en\/section_taxonomy\/livres\/\" rel=\"tag\">livres<\/a> <\/span><h3 class='slide-entry-title entry-title'  itemprop=\"headline\" ><a href='https:\/\/agencevu.com\/en\/book\/bangladesh-standing-on-the-edge\/' title='Bangladesh, Standing on the edge'>Bangladesh, Standing on the edge<\/a><\/h3><span class=\"av-vertical-delimiter\"><\/span><\/header><div class='slide-entry-excerpt entry-content'  itemprop=\"text\" >\u00c9ditions C.D.P \u2013 Collection Visa pour l\u2019Image - 2008<\/div><\/div><footer class=\"entry-footer\"><div class='slide-meta'><time class='slide-meta-time updated'  itemprop=\"datePublished\" datetime=\"2008-08-07T18:30:04+02:00\" >7 August 2008<\/time><\/div><\/footer><span class='hidden'>\n\t\t\t\t<span class='av-structured-data'  itemprop=\"image\" itemscope=\"itemscope\" itemtype=\"https:\/\/schema.org\/ImageObject\" >\n\t\t\t\t\t\t<span itemprop='url'>https:\/\/agencevu.com\/wp-content\/uploads\/2019\/11\/2008-Bangladesh-Standing-on-the-edge-MUNE-preview-00-1.jpg<\/span>\n\t\t\t\t\t\t<span itemprop='height'>185<\/span>\n\t\t\t\t\t\t<span itemprop='width'>148<\/span>\n\t\t\t\t<\/span>\n\t\t\t\t<span class='av-structured-data'  itemprop=\"publisher\" itemtype=\"https:\/\/schema.org\/Organization\" itemscope=\"itemscope\" >\n\t\t\t\t\t\t<span itemprop='name'>Fanny Demichelis<\/span>\n\t\t\t\t\t\t<span itemprop='logo' itemscope itemtype='https:\/\/schema.org\/ImageObject'>\n\t\t\t\t\t\t\t<span itemprop='url'>\/wp-content\/uploads\/2021\/05\/logo-vert-2.svg<\/span>\n\t\t\t\t\t\t <\/span>\n\t\t\t\t<\/span><span class='av-structured-data'  itemprop=\"author\" itemscope=\"itemscope\" itemtype=\"https:\/\/schema.org\/Person\" ><span itemprop='name'>Fanny Demichelis<\/span><\/span><span class='av-structured-data'  itemprop=\"datePublished\" datetime=\"2008-08-07T18:30:04+02:00\" >2008-08-07 18:30:04<\/span><span class='av-structured-data'  itemprop=\"dateModified\" itemtype=\"https:\/\/schema.org\/dateModified\" >2021-04-23 17:59:36<\/span><span class='av-structured-data'  itemprop=\"mainEntityOfPage\" itemtype=\"https:\/\/schema.org\/mainEntityOfPage\" ><span itemprop='name'>Bangladesh, Standing on the edge<\/span><\/span><\/span><\/article><\/div><\/div><\/div>\n<div  data-autoplay=''  data-interval='5'  data-animation='fade'  data-show_slide_delay='90'  class='avia-content-slider avia-content-grid-active avia-content-slider5 avia-content-slider-odd   av-desktop-hide av-mini-hide'  itemscope=\"itemscope\" itemtype=\"https:\/\/schema.org\/Blog\" ><div class='avia-content-slider-inner'><div class='slide-entry-wrap'><article class='slide-entry flex_column  post-entry post-entry-36687 slide-entry-overview slide-loop-1 slide-parity-odd  av_one_third first real-thumbnail'  itemscope=\"itemscope\" itemtype=\"https:\/\/schema.org\/CreativeWork\" ><a href='https:\/\/agencevu.com\/en\/book\/belonging\/' data-rel='slide-5' class='slide-image' title=''><img width=\"119\" height=\"185\" src=\"https:\/\/agencevu.com\/wp-content\/uploads\/2019\/11\/2013-Belonging-MUNE-preview-00-1.jpg\" class=\"wp-image-36689 avia-img-lazy-loading-36689 attachment-portfolio size-portfolio wp-post-image\" alt=\"\" loading=\"lazy\" srcset=\"https:\/\/agencevu.com\/wp-content\/uploads\/2019\/11\/2013-Belonging-MUNE-preview-00-1.jpg 119w, https:\/\/agencevu.com\/wp-content\/uploads\/2019\/11\/2013-Belonging-MUNE-preview-00-1-51x80.jpg 51w\" sizes=\"(max-width: 119px) 100vw, 119px\" \/><\/a><div class='slide-content'><header class=\"entry-content-header\"><span class=\"blog-categories minor-meta\"> <a href=\"https:\/\/agencevu.com\/en\/annee\/2013\/\" rel=\"tag\">2013<\/a> <a href=\"https:\/\/agencevu.com\/en\/photographer\/munem-wasif\/\" rel=\"tag\">Munem Wasif<\/a> <a href=\"https:\/\/agencevu.com\/en\/section_taxonomy\/livres\/\" rel=\"tag\">livres<\/a> <\/span><h3 class='slide-entry-title entry-title'  itemprop=\"headline\" ><a href='https:\/\/agencevu.com\/en\/book\/belonging\/' title='Belonging'>Belonging<\/a><\/h3><span class=\"av-vertical-delimiter\"><\/span><\/header><div class='slide-entry-excerpt entry-content'  itemprop=\"text\" >\u00c9ditions Cl\u00e9mentine de la Feronni\u00e8re - 2013<\/div><\/div><footer class=\"entry-footer\"><div class='slide-meta'><time class='slide-meta-time updated'  itemprop=\"datePublished\" datetime=\"2013-09-07T18:30:09+02:00\" >7 September 2013<\/time><\/div><\/footer><span class='hidden'>\n\t\t\t\t<span class='av-structured-data'  itemprop=\"image\" itemscope=\"itemscope\" itemtype=\"https:\/\/schema.org\/ImageObject\" >\n\t\t\t\t\t\t<span itemprop='url'>https:\/\/agencevu.com\/wp-content\/uploads\/2019\/11\/2013-Belonging-MUNE-preview-00-1.jpg<\/span>\n\t\t\t\t\t\t<span itemprop='height'>185<\/span>\n\t\t\t\t\t\t<span itemprop='width'>119<\/span>\n\t\t\t\t<\/span>\n\t\t\t\t<span class='av-structured-data'  itemprop=\"publisher\" itemtype=\"https:\/\/schema.org\/Organization\" itemscope=\"itemscope\" >\n\t\t\t\t\t\t<span itemprop='name'>Fanny Demichelis<\/span>\n\t\t\t\t\t\t<span itemprop='logo' itemscope itemtype='https:\/\/schema.org\/ImageObject'>\n\t\t\t\t\t\t\t<span itemprop='url'>\/wp-content\/uploads\/2021\/05\/logo-vert-2.svg<\/span>\n\t\t\t\t\t\t <\/span>\n\t\t\t\t<\/span><span class='av-structured-data'  itemprop=\"author\" itemscope=\"itemscope\" itemtype=\"https:\/\/schema.org\/Person\" ><span itemprop='name'>Fanny Demichelis<\/span><\/span><span class='av-structured-data'  itemprop=\"datePublished\" datetime=\"2008-08-07T18:30:04+02:00\" >2013-09-07 18:30:09<\/span><span class='av-structured-data'  itemprop=\"dateModified\" itemtype=\"https:\/\/schema.org\/dateModified\" >2021-04-23 17:59:02<\/span><span class='av-structured-data'  itemprop=\"mainEntityOfPage\" itemtype=\"https:\/\/schema.org\/mainEntityOfPage\" ><span itemprop='name'>Belonging<\/span><\/span><\/span><\/article><article class='slide-entry flex_column  post-entry post-entry-36683 slide-entry-overview slide-loop-2 slide-parity-even  av_one_third  real-thumbnail'  itemscope=\"itemscope\" itemtype=\"https:\/\/schema.org\/CreativeWork\" ><a href='https:\/\/agencevu.com\/en\/book\/larmes-salees\/' data-rel='slide-5' class='slide-image' title=''><img width=\"183\" height=\"185\" src=\"https:\/\/agencevu.com\/wp-content\/uploads\/2019\/11\/2011-Larmes-sale\u0301es-MUNE-preview.jpg\" class=\"wp-image-36400 avia-img-lazy-loading-36400 attachment-portfolio size-portfolio wp-post-image\" alt=\"\" loading=\"lazy\" srcset=\"https:\/\/agencevu.com\/wp-content\/uploads\/2019\/11\/2011-Larmes-sale\u0301es-MUNE-preview.jpg 183w, https:\/\/agencevu.com\/wp-content\/uploads\/2019\/11\/2011-Larmes-sale\u0301es-MUNE-preview-80x80.jpg 80w, https:\/\/agencevu.com\/wp-content\/uploads\/2019\/11\/2011-Larmes-sale\u0301es-MUNE-preview-36x36.jpg 36w, https:\/\/agencevu.com\/wp-content\/uploads\/2019\/11\/2011-Larmes-sale\u0301es-MUNE-preview-120x120.jpg 120w\" sizes=\"(max-width: 183px) 100vw, 183px\" \/><\/a><div class='slide-content'><header class=\"entry-content-header\"><span class=\"blog-categories minor-meta\"> <a href=\"https:\/\/agencevu.com\/en\/annee\/2011\/\" rel=\"tag\">2011<\/a> <a href=\"https:\/\/agencevu.com\/en\/photographer\/munem-wasif\/\" rel=\"tag\">Munem Wasif<\/a> <a href=\"https:\/\/agencevu.com\/en\/section_taxonomy\/livres\/\" rel=\"tag\">livres<\/a> <\/span><h3 class='slide-entry-title entry-title'  itemprop=\"headline\" ><a href='https:\/\/agencevu.com\/en\/book\/larmes-salees\/' title='Larmes sal\u00e9es'>Larmes sal\u00e9es<\/a><\/h3><span class=\"av-vertical-delimiter\"><\/span><\/header><div class='slide-entry-excerpt entry-content'  itemprop=\"text\" >Images plurielles - 2011<\/div><\/div><footer class=\"entry-footer\"><div class='slide-meta'><time class='slide-meta-time updated'  itemprop=\"datePublished\" datetime=\"2011-05-07T18:30:06+02:00\" >7 May 2011<\/time><\/div><\/footer><span class='hidden'>\n\t\t\t\t<span class='av-structured-data'  itemprop=\"image\" itemscope=\"itemscope\" itemtype=\"https:\/\/schema.org\/ImageObject\" >\n\t\t\t\t\t\t<span itemprop='url'>https:\/\/agencevu.com\/wp-content\/uploads\/2019\/11\/2011-Larmes-sale\u0301es-MUNE-preview.jpg<\/span>\n\t\t\t\t\t\t<span itemprop='height'>185<\/span>\n\t\t\t\t\t\t<span itemprop='width'>183<\/span>\n\t\t\t\t<\/span>\n\t\t\t\t<span class='av-structured-data'  itemprop=\"publisher\" itemtype=\"https:\/\/schema.org\/Organization\" itemscope=\"itemscope\" >\n\t\t\t\t\t\t<span itemprop='name'>Fanny Demichelis<\/span>\n\t\t\t\t\t\t<span itemprop='logo' itemscope itemtype='https:\/\/schema.org\/ImageObject'>\n\t\t\t\t\t\t\t<span itemprop='url'>\/wp-content\/uploads\/2021\/05\/logo-vert-2.svg<\/span>\n\t\t\t\t\t\t <\/span>\n\t\t\t\t<\/span><span class='av-structured-data'  itemprop=\"author\" itemscope=\"itemscope\" itemtype=\"https:\/\/schema.org\/Person\" ><span itemprop='name'>Fanny Demichelis<\/span><\/span><span class='av-structured-data'  itemprop=\"datePublished\" datetime=\"2008-08-07T18:30:04+02:00\" >2011-05-07 18:30:06<\/span><span class='av-structured-data'  itemprop=\"dateModified\" itemtype=\"https:\/\/schema.org\/dateModified\" >2021-05-20 14:13:40<\/span><span class='av-structured-data'  itemprop=\"mainEntityOfPage\" itemtype=\"https:\/\/schema.org\/mainEntityOfPage\" ><span itemprop='name'>Larmes sal\u00e9es<\/span><\/span><\/span><\/article><article class='slide-entry flex_column  post-entry post-entry-36677 slide-entry-overview slide-loop-3 slide-parity-odd  post-entry-last  av_one_third  real-thumbnail'  itemscope=\"itemscope\" itemtype=\"https:\/\/schema.org\/CreativeWork\" ><a href='https:\/\/agencevu.com\/en\/book\/bangladesh-standing-on-the-edge\/' data-rel='slide-5' class='slide-image' title=''><img width=\"148\" height=\"185\" src=\"https:\/\/agencevu.com\/wp-content\/uploads\/2019\/11\/2008-Bangladesh-Standing-on-the-edge-MUNE-preview-00-1.jpg\" class=\"wp-image-36679 avia-img-lazy-loading-36679 attachment-portfolio size-portfolio wp-post-image\" alt=\"\" loading=\"lazy\" srcset=\"https:\/\/agencevu.com\/wp-content\/uploads\/2019\/11\/2008-Bangladesh-Standing-on-the-edge-MUNE-preview-00-1.jpg 148w, https:\/\/agencevu.com\/wp-content\/uploads\/2019\/11\/2008-Bangladesh-Standing-on-the-edge-MUNE-preview-00-1-64x80.jpg 64w\" sizes=\"(max-width: 148px) 100vw, 148px\" \/><\/a><div class='slide-content'><header class=\"entry-content-header\"><span class=\"blog-categories minor-meta\"> <a href=\"https:\/\/agencevu.com\/en\/annee\/2008\/\" rel=\"tag\">2008<\/a> <a href=\"https:\/\/agencevu.com\/en\/photographer\/munem-wasif\/\" rel=\"tag\">Munem Wasif<\/a> <a href=\"https:\/\/agencevu.com\/en\/section_taxonomy\/livres\/\" rel=\"tag\">livres<\/a> <\/span><h3 class='slide-entry-title entry-title'  itemprop=\"headline\" ><a href='https:\/\/agencevu.com\/en\/book\/bangladesh-standing-on-the-edge\/' title='Bangladesh, Standing on the edge'>Bangladesh, Standing on the edge<\/a><\/h3><span class=\"av-vertical-delimiter\"><\/span><\/header><div class='slide-entry-excerpt entry-content'  itemprop=\"text\" >\u00c9ditions C.D.P \u2013 Collection Visa pour l\u2019Image - 2008<\/div><\/div><footer class=\"entry-footer\"><div class='slide-meta'><time class='slide-meta-time updated'  itemprop=\"datePublished\" datetime=\"2008-08-07T18:30:04+02:00\" >7 August 2008<\/time><\/div><\/footer><span class='hidden'>\n\t\t\t\t<span class='av-structured-data'  itemprop=\"image\" itemscope=\"itemscope\" itemtype=\"https:\/\/schema.org\/ImageObject\" >\n\t\t\t\t\t\t<span itemprop='url'>https:\/\/agencevu.com\/wp-content\/uploads\/2019\/11\/2008-Bangladesh-Standing-on-the-edge-MUNE-preview-00-1.jpg<\/span>\n\t\t\t\t\t\t<span itemprop='height'>185<\/span>\n\t\t\t\t\t\t<span itemprop='width'>148<\/span>\n\t\t\t\t<\/span>\n\t\t\t\t<span class='av-structured-data'  itemprop=\"publisher\" itemtype=\"https:\/\/schema.org\/Organization\" itemscope=\"itemscope\" >\n\t\t\t\t\t\t<span itemprop='name'>Fanny Demichelis<\/span>\n\t\t\t\t\t\t<span itemprop='logo' itemscope itemtype='https:\/\/schema.org\/ImageObject'>\n\t\t\t\t\t\t\t<span itemprop='url'>\/wp-content\/uploads\/2021\/05\/logo-vert-2.svg<\/span>\n\t\t\t\t\t\t <\/span>\n\t\t\t\t<\/span><span class='av-structured-data'  itemprop=\"author\" itemscope=\"itemscope\" itemtype=\"https:\/\/schema.org\/Person\" ><span itemprop='name'>Fanny Demichelis<\/span><\/span><span class='av-structured-data'  itemprop=\"datePublished\" datetime=\"2008-08-07T18:30:04+02:00\" >2008-08-07 18:30:04<\/span><span class='av-structured-data'  itemprop=\"dateModified\" itemtype=\"https:\/\/schema.org\/dateModified\" >2021-04-23 17:59:36<\/span><span class='av-structured-data'  itemprop=\"mainEntityOfPage\" itemtype=\"https:\/\/schema.org\/mainEntityOfPage\" ><span itemprop='name'>Bangladesh, Standing on the edge<\/span><\/span><\/span><\/article><\/div><\/div><\/div>\n<div  data-autoplay=''  data-interval='5'  data-animation='fade'  data-show_slide_delay='90'  class='avia-content-slider avia-content-grid-active avia-content-slider6 avia-content-slider-even   av-desktop-hide av-medium-hide av-small-hide'  itemscope=\"itemscope\" itemtype=\"https:\/\/schema.org\/Blog\" ><div class='avia-content-slider-inner'><div class='slide-entry-wrap'><article class='slide-entry flex_column  post-entry post-entry-36687 slide-entry-overview slide-loop-1 slide-parity-odd  av_one_half first real-thumbnail'  itemscope=\"itemscope\" itemtype=\"https:\/\/schema.org\/CreativeWork\" ><a href='https:\/\/agencevu.com\/en\/book\/belonging\/' data-rel='slide-6' class='slide-image' title=''><img width=\"119\" height=\"185\" src=\"https:\/\/agencevu.com\/wp-content\/uploads\/2019\/11\/2013-Belonging-MUNE-preview-00-1.jpg\" class=\"wp-image-36689 avia-img-lazy-loading-36689 attachment-portfolio size-portfolio wp-post-image\" alt=\"\" loading=\"lazy\" srcset=\"https:\/\/agencevu.com\/wp-content\/uploads\/2019\/11\/2013-Belonging-MUNE-preview-00-1.jpg 119w, https:\/\/agencevu.com\/wp-content\/uploads\/2019\/11\/2013-Belonging-MUNE-preview-00-1-51x80.jpg 51w\" sizes=\"(max-width: 119px) 100vw, 119px\" \/><\/a><div class='slide-content'><header class=\"entry-content-header\"><span class=\"blog-categories minor-meta\"> <a href=\"https:\/\/agencevu.com\/en\/annee\/2013\/\" rel=\"tag\">2013<\/a> <a href=\"https:\/\/agencevu.com\/en\/photographer\/munem-wasif\/\" rel=\"tag\">Munem Wasif<\/a> <a href=\"https:\/\/agencevu.com\/en\/section_taxonomy\/livres\/\" rel=\"tag\">livres<\/a> <\/span><h3 class='slide-entry-title entry-title'  itemprop=\"headline\" ><a href='https:\/\/agencevu.com\/en\/book\/belonging\/' title='Belonging'>Belonging<\/a><\/h3><span class=\"av-vertical-delimiter\"><\/span><\/header><div class='slide-entry-excerpt entry-content'  itemprop=\"text\" >\u00c9ditions Cl\u00e9mentine de la Feronni\u00e8re - 2013<\/div><\/div><footer class=\"entry-footer\"><div class='slide-meta'><time class='slide-meta-time updated'  itemprop=\"datePublished\" datetime=\"2013-09-07T18:30:09+02:00\" >7 September 2013<\/time><\/div><\/footer><span class='hidden'>\n\t\t\t\t<span class='av-structured-data'  itemprop=\"image\" itemscope=\"itemscope\" itemtype=\"https:\/\/schema.org\/ImageObject\" >\n\t\t\t\t\t\t<span itemprop='url'>https:\/\/agencevu.com\/wp-content\/uploads\/2019\/11\/2013-Belonging-MUNE-preview-00-1.jpg<\/span>\n\t\t\t\t\t\t<span itemprop='height'>185<\/span>\n\t\t\t\t\t\t<span itemprop='width'>119<\/span>\n\t\t\t\t<\/span>\n\t\t\t\t<span class='av-structured-data'  itemprop=\"publisher\" itemtype=\"https:\/\/schema.org\/Organization\" itemscope=\"itemscope\" >\n\t\t\t\t\t\t<span itemprop='name'>Fanny Demichelis<\/span>\n\t\t\t\t\t\t<span itemprop='logo' itemscope itemtype='https:\/\/schema.org\/ImageObject'>\n\t\t\t\t\t\t\t<span itemprop='url'>\/wp-content\/uploads\/2021\/05\/logo-vert-2.svg<\/span>\n\t\t\t\t\t\t <\/span>\n\t\t\t\t<\/span><span class='av-structured-data'  itemprop=\"author\" itemscope=\"itemscope\" itemtype=\"https:\/\/schema.org\/Person\" ><span itemprop='name'>Fanny Demichelis<\/span><\/span><span class='av-structured-data'  itemprop=\"datePublished\" datetime=\"2008-08-07T18:30:04+02:00\" >2013-09-07 18:30:09<\/span><span class='av-structured-data'  itemprop=\"dateModified\" itemtype=\"https:\/\/schema.org\/dateModified\" >2021-04-23 17:59:02<\/span><span class='av-structured-data'  itemprop=\"mainEntityOfPage\" itemtype=\"https:\/\/schema.org\/mainEntityOfPage\" ><span itemprop='name'>Belonging<\/span><\/span><\/span><\/article><article class='slide-entry flex_column  post-entry post-entry-36683 slide-entry-overview slide-loop-2 slide-parity-even  av_one_half  real-thumbnail'  itemscope=\"itemscope\" itemtype=\"https:\/\/schema.org\/CreativeWork\" ><a href='https:\/\/agencevu.com\/en\/book\/larmes-salees\/' data-rel='slide-6' class='slide-image' title=''><img width=\"183\" height=\"185\" src=\"https:\/\/agencevu.com\/wp-content\/uploads\/2019\/11\/2011-Larmes-sale\u0301es-MUNE-preview.jpg\" class=\"wp-image-36400 avia-img-lazy-loading-36400 attachment-portfolio size-portfolio wp-post-image\" alt=\"\" loading=\"lazy\" srcset=\"https:\/\/agencevu.com\/wp-content\/uploads\/2019\/11\/2011-Larmes-sale\u0301es-MUNE-preview.jpg 183w, https:\/\/agencevu.com\/wp-content\/uploads\/2019\/11\/2011-Larmes-sale\u0301es-MUNE-preview-80x80.jpg 80w, https:\/\/agencevu.com\/wp-content\/uploads\/2019\/11\/2011-Larmes-sale\u0301es-MUNE-preview-36x36.jpg 36w, https:\/\/agencevu.com\/wp-content\/uploads\/2019\/11\/2011-Larmes-sale\u0301es-MUNE-preview-120x120.jpg 120w\" sizes=\"(max-width: 183px) 100vw, 183px\" \/><\/a><div class='slide-content'><header class=\"entry-content-header\"><span class=\"blog-categories minor-meta\"> <a href=\"https:\/\/agencevu.com\/en\/annee\/2011\/\" rel=\"tag\">2011<\/a> <a href=\"https:\/\/agencevu.com\/en\/photographer\/munem-wasif\/\" rel=\"tag\">Munem Wasif<\/a> <a href=\"https:\/\/agencevu.com\/en\/section_taxonomy\/livres\/\" rel=\"tag\">livres<\/a> <\/span><h3 class='slide-entry-title entry-title'  itemprop=\"headline\" ><a href='https:\/\/agencevu.com\/en\/book\/larmes-salees\/' title='Larmes sal\u00e9es'>Larmes sal\u00e9es<\/a><\/h3><span class=\"av-vertical-delimiter\"><\/span><\/header><div class='slide-entry-excerpt entry-content'  itemprop=\"text\" >Images plurielles - 2011<\/div><\/div><footer class=\"entry-footer\"><div class='slide-meta'><time class='slide-meta-time updated'  itemprop=\"datePublished\" datetime=\"2011-05-07T18:30:06+02:00\" >7 May 2011<\/time><\/div><\/footer><span class='hidden'>\n\t\t\t\t<span class='av-structured-data'  itemprop=\"image\" itemscope=\"itemscope\" itemtype=\"https:\/\/schema.org\/ImageObject\" >\n\t\t\t\t\t\t<span itemprop='url'>https:\/\/agencevu.com\/wp-content\/uploads\/2019\/11\/2011-Larmes-sale\u0301es-MUNE-preview.jpg<\/span>\n\t\t\t\t\t\t<span itemprop='height'>185<\/span>\n\t\t\t\t\t\t<span itemprop='width'>183<\/span>\n\t\t\t\t<\/span>\n\t\t\t\t<span class='av-structured-data'  itemprop=\"publisher\" itemtype=\"https:\/\/schema.org\/Organization\" itemscope=\"itemscope\" >\n\t\t\t\t\t\t<span itemprop='name'>Fanny Demichelis<\/span>\n\t\t\t\t\t\t<span itemprop='logo' itemscope itemtype='https:\/\/schema.org\/ImageObject'>\n\t\t\t\t\t\t\t<span itemprop='url'>\/wp-content\/uploads\/2021\/05\/logo-vert-2.svg<\/span>\n\t\t\t\t\t\t <\/span>\n\t\t\t\t<\/span><span class='av-structured-data'  itemprop=\"author\" itemscope=\"itemscope\" itemtype=\"https:\/\/schema.org\/Person\" ><span itemprop='name'>Fanny Demichelis<\/span><\/span><span class='av-structured-data'  itemprop=\"datePublished\" datetime=\"2008-08-07T18:30:04+02:00\" >2011-05-07 18:30:06<\/span><span class='av-structured-data'  itemprop=\"dateModified\" itemtype=\"https:\/\/schema.org\/dateModified\" >2021-05-20 14:13:40<\/span><span class='av-structured-data'  itemprop=\"mainEntityOfPage\" itemtype=\"https:\/\/schema.org\/mainEntityOfPage\" ><span itemprop='name'>Larmes sal\u00e9es<\/span><\/span><\/span><\/article><\/div><div class='slide-entry-wrap'><article class='slide-entry flex_column  post-entry post-entry-36677 slide-entry-overview slide-loop-3 slide-parity-odd  post-entry-last  av_one_half first real-thumbnail'  itemscope=\"itemscope\" itemtype=\"https:\/\/schema.org\/CreativeWork\" ><a href='https:\/\/agencevu.com\/en\/book\/bangladesh-standing-on-the-edge\/' data-rel='slide-6' class='slide-image' title=''><img width=\"148\" height=\"185\" src=\"https:\/\/agencevu.com\/wp-content\/uploads\/2019\/11\/2008-Bangladesh-Standing-on-the-edge-MUNE-preview-00-1.jpg\" class=\"wp-image-36679 avia-img-lazy-loading-36679 attachment-portfolio size-portfolio wp-post-image\" alt=\"\" loading=\"lazy\" srcset=\"https:\/\/agencevu.com\/wp-content\/uploads\/2019\/11\/2008-Bangladesh-Standing-on-the-edge-MUNE-preview-00-1.jpg 148w, https:\/\/agencevu.com\/wp-content\/uploads\/2019\/11\/2008-Bangladesh-Standing-on-the-edge-MUNE-preview-00-1-64x80.jpg 64w\" sizes=\"(max-width: 148px) 100vw, 148px\" \/><\/a><div class='slide-content'><header class=\"entry-content-header\"><span class=\"blog-categories minor-meta\"> <a href=\"https:\/\/agencevu.com\/en\/annee\/2008\/\" rel=\"tag\">2008<\/a> <a href=\"https:\/\/agencevu.com\/en\/photographer\/munem-wasif\/\" rel=\"tag\">Munem Wasif<\/a> <a href=\"https:\/\/agencevu.com\/en\/section_taxonomy\/livres\/\" rel=\"tag\">livres<\/a> <\/span><h3 class='slide-entry-title entry-title'  itemprop=\"headline\" ><a href='https:\/\/agencevu.com\/en\/book\/bangladesh-standing-on-the-edge\/' title='Bangladesh, Standing on the edge'>Bangladesh, Standing on the edge<\/a><\/h3><span class=\"av-vertical-delimiter\"><\/span><\/header><div class='slide-entry-excerpt entry-content'  itemprop=\"text\" >\u00c9ditions C.D.P \u2013 Collection Visa pour l\u2019Image - 2008<\/div><\/div><footer class=\"entry-footer\"><div class='slide-meta'><time class='slide-meta-time updated'  itemprop=\"datePublished\" datetime=\"2008-08-07T18:30:04+02:00\" >7 August 2008<\/time><\/div><\/footer><span class='hidden'>\n\t\t\t\t<span class='av-structured-data'  itemprop=\"image\" itemscope=\"itemscope\" itemtype=\"https:\/\/schema.org\/ImageObject\" >\n\t\t\t\t\t\t<span itemprop='url'>https:\/\/agencevu.com\/wp-content\/uploads\/2019\/11\/2008-Bangladesh-Standing-on-the-edge-MUNE-preview-00-1.jpg<\/span>\n\t\t\t\t\t\t<span itemprop='height'>185<\/span>\n\t\t\t\t\t\t<span itemprop='width'>148<\/span>\n\t\t\t\t<\/span>\n\t\t\t\t<span class='av-structured-data'  itemprop=\"publisher\" itemtype=\"https:\/\/schema.org\/Organization\" itemscope=\"itemscope\" >\n\t\t\t\t\t\t<span itemprop='name'>Fanny Demichelis<\/span>\n\t\t\t\t\t\t<span itemprop='logo' itemscope itemtype='https:\/\/schema.org\/ImageObject'>\n\t\t\t\t\t\t\t<span itemprop='url'>\/wp-content\/uploads\/2021\/05\/logo-vert-2.svg<\/span>\n\t\t\t\t\t\t <\/span>\n\t\t\t\t<\/span><span class='av-structured-data'  itemprop=\"author\" itemscope=\"itemscope\" itemtype=\"https:\/\/schema.org\/Person\" ><span itemprop='name'>Fanny Demichelis<\/span><\/span><span class='av-structured-data'  itemprop=\"datePublished\" datetime=\"2008-08-07T18:30:04+02:00\" >2008-08-07 18:30:04<\/span><span class='av-structured-data'  itemprop=\"dateModified\" itemtype=\"https:\/\/schema.org\/dateModified\" >2021-04-23 17:59:36<\/span><span class='av-structured-data'  itemprop=\"mainEntityOfPage\" itemtype=\"https:\/\/schema.org\/mainEntityOfPage\" ><span itemprop='name'>Bangladesh, Standing on the edge<\/span><\/span><\/span><\/article><\/div><\/div><\/div>\n\n<div id='awards'  class='avia-section main_color avia-section-small avia-no-border-styling  avia-bg-style-scroll  avia-builder-el-0  el_before_av_section  avia-builder-el-first   container_wrap fullsize' style=' '  ><div class='container' ><main  role=\"main\" itemprop=\"mainContentOfPage\"  class='template-page content  av-content-full alpha units'><div class='post-entry post-entry-type-page post-entry-116723'><div class='entry-content-wrapper clearfix'>\n<section class=\"av_textblock_section \"  itemscope=\"itemscope\" itemtype=\"https:\/\/schema.org\/CreativeWork\" ><div class='avia_textblock  '  style='font-size:20px; '  itemprop=\"text\" ><p id=\"prix\" style=\"color: #707070; letter-spacing: 1.5px; text-transform: uppercase;\">awards<\/p>\n<hr class=\"hr-titre-page\">\n<\/div><\/section>\n<div class=\"flex_column av_one_fourth  flex_column_div av-zero-column-padding first  \" style='border-radius:0px; '><p><div  class='avia-image-container  av-styling-no-styling    avia-align-center '  itemprop=\"image\" itemscope=\"itemscope\" itemtype=\"https:\/\/schema.org\/ImageObject\"  ><div class='avia-image-container-inner'><div class='avia-image-overlay-wrap'><img class='wp-image-115250 avia-img-lazy-loading-not-115250 avia_image' src=\"https:\/\/agencevu.com\/wp-content\/uploads\/2013\/09\/01_MUNE19651-2013NB66_.jpg\" alt='' title='Belonging - Old Dhaka' height=\"1080\" width=\"1624\"  itemprop=\"thumbnailUrl\" srcset=\"https:\/\/agencevu.com\/wp-content\/uploads\/2013\/09\/01_MUNE19651-2013NB66_.jpg 1624w, https:\/\/agencevu.com\/wp-content\/uploads\/2013\/09\/01_MUNE19651-2013NB66_-300x200.jpg 300w, https:\/\/agencevu.com\/wp-content\/uploads\/2013\/09\/01_MUNE19651-2013NB66_-1030x685.jpg 1030w, https:\/\/agencevu.com\/wp-content\/uploads\/2013\/09\/01_MUNE19651-2013NB66_-80x53.jpg 80w, https:\/\/agencevu.com\/wp-content\/uploads\/2013\/09\/01_MUNE19651-2013NB66_-768x511.jpg 768w, https:\/\/agencevu.com\/wp-content\/uploads\/2013\/09\/01_MUNE19651-2013NB66_-1536x1021.jpg 1536w, https:\/\/agencevu.com\/wp-content\/uploads\/2013\/09\/01_MUNE19651-2013NB66_-1500x998.jpg 1500w, https:\/\/agencevu.com\/wp-content\/uploads\/2013\/09\/01_MUNE19651-2013NB66_-705x469.jpg 705w, https:\/\/agencevu.com\/wp-content\/uploads\/2013\/09\/01_MUNE19651-2013NB66_-450x299.jpg 450w\" sizes=\"(max-width: 1624px) 100vw, 1624px\" \/><\/div><\/div><\/div><br \/>\n<section class=\"av_textblock_section \"  itemscope=\"itemscope\" itemtype=\"https:\/\/schema.org\/CreativeWork\" ><div class='avia_textblock  av_inherit_color '  style='font-size:15px; color:#76a38b; '  itemprop=\"text\" ><p class=\"p1\"><strong><span class=\"s1\">The F25 International Award For Concerned Photography of the Fabrica<\/span><\/strong><\/p>\n<\/div><\/section><br \/>\n<section class=\"av_textblock_section \"  itemscope=\"itemscope\" itemtype=\"https:\/\/schema.org\/CreativeWork\" ><div class='avia_textblock  av_inherit_color '  style='font-size:15px; color:#76a38b; '  itemprop=\"text\" ><p class=\"p1\"><span class=\"s1\">For his Series \u00ab&nbsp;Belonging &#8211; Old Dhaka \u00bb<\/span><\/p>\n<\/div><\/section><br \/>\n<section class=\"av_textblock_section \"  itemscope=\"itemscope\" itemtype=\"https:\/\/schema.org\/CreativeWork\" ><div class='avia_textblock  '  style='font-size:12px; '  itemprop=\"text\" ><p class=\"p1\"><span class=\"s1\">2010<\/span><\/p>\n<\/div><\/section><\/p><\/div><div class=\"flex_column av_one_fourth  flex_column_div av-zero-column-padding   \" style='border-radius:0px; '><p><div  class='avia-image-container  av-styling-no-styling    avia-align-center '  itemprop=\"image\" itemscope=\"itemscope\" itemtype=\"https:\/\/schema.org\/ImageObject\"  ><div class='avia-image-container-inner'><div class='avia-image-overlay-wrap'><img class='wp-image-115304 avia-img-lazy-loading-not-115304 avia_image' src=\"https:\/\/agencevu.com\/wp-content\/uploads\/2018\/09\/00_MUNE14064-2007NB06_.jpg\" alt='' title='Climate refugees \/ Les r\u00c8fugi\u00c8s climatiques' height=\"1080\" width=\"1612\"  itemprop=\"thumbnailUrl\" srcset=\"https:\/\/agencevu.com\/wp-content\/uploads\/2018\/09\/00_MUNE14064-2007NB06_.jpg 1612w, https:\/\/agencevu.com\/wp-content\/uploads\/2018\/09\/00_MUNE14064-2007NB06_-300x201.jpg 300w, https:\/\/agencevu.com\/wp-content\/uploads\/2018\/09\/00_MUNE14064-2007NB06_-1030x690.jpg 1030w, https:\/\/agencevu.com\/wp-content\/uploads\/2018\/09\/00_MUNE14064-2007NB06_-80x54.jpg 80w, https:\/\/agencevu.com\/wp-content\/uploads\/2018\/09\/00_MUNE14064-2007NB06_-768x515.jpg 768w, https:\/\/agencevu.com\/wp-content\/uploads\/2018\/09\/00_MUNE14064-2007NB06_-1536x1029.jpg 1536w, https:\/\/agencevu.com\/wp-content\/uploads\/2018\/09\/00_MUNE14064-2007NB06_-1500x1005.jpg 1500w, https:\/\/agencevu.com\/wp-content\/uploads\/2018\/09\/00_MUNE14064-2007NB06_-705x472.jpg 705w, https:\/\/agencevu.com\/wp-content\/uploads\/2018\/09\/00_MUNE14064-2007NB06_-450x301.jpg 450w\" sizes=\"(max-width: 1612px) 100vw, 1612px\" \/><\/div><\/div><\/div><br \/>\n<section class=\"av_textblock_section \"  itemscope=\"itemscope\" itemtype=\"https:\/\/schema.org\/CreativeWork\" ><div class='avia_textblock  av_inherit_color '  style='font-size:15px; color:#76a38b; '  itemprop=\"text\" ><p class=\"p1\"><strong><span class=\"s1\">Commision for the Prize Pictet<\/span><\/strong><\/p>\n<\/div><\/section><br \/>\n<section class=\"av_textblock_section \"  itemscope=\"itemscope\" itemtype=\"https:\/\/schema.org\/CreativeWork\" ><div class='avia_textblock  av_inherit_color '  style='font-size:15px; color:#76a38b; '  itemprop=\"text\" ><p class=\"p1\"><span class=\"s1\">Series \u201cSalt Water Tears\u201d<\/span><\/p>\n<\/div><\/section><br \/>\n<section class=\"av_textblock_section \"  itemscope=\"itemscope\" itemtype=\"https:\/\/schema.org\/CreativeWork\" ><div class='avia_textblock  '  style='font-size:12px; '  itemprop=\"text\" ><p class=\"p1\"><span class=\"s1\">2009<\/span><\/p>\n<\/div><\/section><\/p><\/div><div class=\"flex_column av_one_fourth  flex_column_div av-zero-column-padding   \" style='border-radius:0px; '><p><div  class='avia-image-container  av-styling-no-styling    avia-align-center '  itemprop=\"image\" itemscope=\"itemscope\" itemtype=\"https:\/\/schema.org\/ImageObject\"  ><div class='avia-image-container-inner'><div class='avia-image-overlay-wrap'><img class='wp-image-115250 avia-img-lazy-loading-not-115250 avia_image' src=\"https:\/\/agencevu.com\/wp-content\/uploads\/2013\/09\/01_MUNE19651-2013NB66_.jpg\" alt='' title='Belonging - Old Dhaka' height=\"1080\" width=\"1624\"  itemprop=\"thumbnailUrl\" srcset=\"https:\/\/agencevu.com\/wp-content\/uploads\/2013\/09\/01_MUNE19651-2013NB66_.jpg 1624w, https:\/\/agencevu.com\/wp-content\/uploads\/2013\/09\/01_MUNE19651-2013NB66_-300x200.jpg 300w, https:\/\/agencevu.com\/wp-content\/uploads\/2013\/09\/01_MUNE19651-2013NB66_-1030x685.jpg 1030w, https:\/\/agencevu.com\/wp-content\/uploads\/2013\/09\/01_MUNE19651-2013NB66_-80x53.jpg 80w, https:\/\/agencevu.com\/wp-content\/uploads\/2013\/09\/01_MUNE19651-2013NB66_-768x511.jpg 768w, https:\/\/agencevu.com\/wp-content\/uploads\/2013\/09\/01_MUNE19651-2013NB66_-1536x1021.jpg 1536w, https:\/\/agencevu.com\/wp-content\/uploads\/2013\/09\/01_MUNE19651-2013NB66_-1500x998.jpg 1500w, https:\/\/agencevu.com\/wp-content\/uploads\/2013\/09\/01_MUNE19651-2013NB66_-705x469.jpg 705w, https:\/\/agencevu.com\/wp-content\/uploads\/2013\/09\/01_MUNE19651-2013NB66_-450x299.jpg 450w\" sizes=\"(max-width: 1624px) 100vw, 1624px\" \/><\/div><\/div><\/div><br \/>\n<section class=\"av_textblock_section \"  itemscope=\"itemscope\" itemtype=\"https:\/\/schema.org\/CreativeWork\" ><div class='avia_textblock  av_inherit_color '  style='font-size:15px; color:#76a38b; '  itemprop=\"text\" ><p class=\"p1\"><strong><span class=\"s1\">City of Perpignan Award R\u00e9mi Ochlik<\/span><\/strong><\/p>\n<\/div><\/section><br \/>\n<section class=\"av_textblock_section \"  itemscope=\"itemscope\" itemtype=\"https:\/\/schema.org\/CreativeWork\" ><div class='avia_textblock  av_inherit_color '  style='font-size:15px; color:#76a38b; '  itemprop=\"text\" ><p class=\"p1\"><span class=\"s1\">For its series &#8220;Bangladesh, on the wire&#8221;<\/span><\/p>\n<\/div><\/section><br \/>\n<section class=\"av_textblock_section \"  itemscope=\"itemscope\" itemtype=\"https:\/\/schema.org\/CreativeWork\" ><div class='avia_textblock  '  style='font-size:12px; '  itemprop=\"text\" ><p class=\"p1\"><span class=\"s1\">2008<\/span><\/p>\n<\/div><\/section><\/p><\/div><div class=\"flex_column av_one_fourth  flex_column_div av-zero-column-padding   \" style='border-radius:0px; '><p><div  class='avia-image-container  av-styling-no-styling    avia-align-center '  itemprop=\"image\" itemscope=\"itemscope\" itemtype=\"https:\/\/schema.org\/ImageObject\"  ><div class='avia-image-container-inner'><div class='avia-image-overlay-wrap'><img class='wp-image-115307 avia-img-lazy-loading-not-115307 avia_image' src=\"https:\/\/agencevu.com\/wp-content\/uploads\/2018\/09\/00_MUNE19651-2013NB10_.jpg\" alt='' title='Belonging - Old Dhaka' height=\"1080\" width=\"1620\"  itemprop=\"thumbnailUrl\" srcset=\"https:\/\/agencevu.com\/wp-content\/uploads\/2018\/09\/00_MUNE19651-2013NB10_.jpg 1620w, https:\/\/agencevu.com\/wp-content\/uploads\/2018\/09\/00_MUNE19651-2013NB10_-300x200.jpg 300w, https:\/\/agencevu.com\/wp-content\/uploads\/2018\/09\/00_MUNE19651-2013NB10_-1030x687.jpg 1030w, https:\/\/agencevu.com\/wp-content\/uploads\/2018\/09\/00_MUNE19651-2013NB10_-80x53.jpg 80w, https:\/\/agencevu.com\/wp-content\/uploads\/2018\/09\/00_MUNE19651-2013NB10_-768x512.jpg 768w, https:\/\/agencevu.com\/wp-content\/uploads\/2018\/09\/00_MUNE19651-2013NB10_-1536x1024.jpg 1536w, https:\/\/agencevu.com\/wp-content\/uploads\/2018\/09\/00_MUNE19651-2013NB10_-1500x1000.jpg 1500w, https:\/\/agencevu.com\/wp-content\/uploads\/2018\/09\/00_MUNE19651-2013NB10_-705x470.jpg 705w, https:\/\/agencevu.com\/wp-content\/uploads\/2018\/09\/00_MUNE19651-2013NB10_-450x300.jpg 450w\" sizes=\"(max-width: 1620px) 100vw, 1620px\" \/><\/div><\/div><\/div><br \/>\n<section class=\"av_textblock_section \"  itemscope=\"itemscope\" itemtype=\"https:\/\/schema.org\/CreativeWork\" ><div class='avia_textblock  av_inherit_color '  style='font-size:15px; color:#76a38b; '  itemprop=\"text\" ><p class=\"p1\"><strong><span class=\"s1\">The F25 International Award For Concerned Photography of the Fabrica<\/span><\/strong><\/p>\n<\/div><\/section><br \/>\n<section class=\"av_textblock_section \"  itemscope=\"itemscope\" itemtype=\"https:\/\/schema.org\/CreativeWork\" ><div class='avia_textblock  av_inherit_color '  style='font-size:15px; color:#76a38b; '  itemprop=\"text\" ><p class=\"p1\"><span class=\"s1\">For his Series \u00ab&nbsp;Belonging &#8211; Old Dhaka \u00bb<\/span><\/p>\n<\/div><\/section><br \/>\n<section class=\"av_textblock_section \"  itemscope=\"itemscope\" itemtype=\"https:\/\/schema.org\/CreativeWork\" ><div class='avia_textblock  '  style='font-size:12px; '  itemprop=\"text\" ><p class=\"p1\"><span class=\"s1\">2008<\/span><\/p>\n<\/div><\/section><\/p><\/div><div class=\"flex_column av_one_fourth  flex_column_div av-zero-column-padding first  \" style='border-radius:0px; '><p><div  class='avia-image-container  av-styling-no-styling    avia-align-center '  itemprop=\"image\" itemscope=\"itemscope\" itemtype=\"https:\/\/schema.org\/ImageObject\"  ><div class='avia-image-container-inner'><div class='avia-image-overlay-wrap'><img class='wp-image-115307 avia-img-lazy-loading-not-115307 avia_image' src=\"https:\/\/agencevu.com\/wp-content\/uploads\/2018\/09\/00_MUNE19651-2013NB10_.jpg\" alt='' title='Belonging - Old Dhaka' height=\"1080\" width=\"1620\"  itemprop=\"thumbnailUrl\" srcset=\"https:\/\/agencevu.com\/wp-content\/uploads\/2018\/09\/00_MUNE19651-2013NB10_.jpg 1620w, https:\/\/agencevu.com\/wp-content\/uploads\/2018\/09\/00_MUNE19651-2013NB10_-300x200.jpg 300w, https:\/\/agencevu.com\/wp-content\/uploads\/2018\/09\/00_MUNE19651-2013NB10_-1030x687.jpg 1030w, https:\/\/agencevu.com\/wp-content\/uploads\/2018\/09\/00_MUNE19651-2013NB10_-80x53.jpg 80w, https:\/\/agencevu.com\/wp-content\/uploads\/2018\/09\/00_MUNE19651-2013NB10_-768x512.jpg 768w, https:\/\/agencevu.com\/wp-content\/uploads\/2018\/09\/00_MUNE19651-2013NB10_-1536x1024.jpg 1536w, https:\/\/agencevu.com\/wp-content\/uploads\/2018\/09\/00_MUNE19651-2013NB10_-1500x1000.jpg 1500w, https:\/\/agencevu.com\/wp-content\/uploads\/2018\/09\/00_MUNE19651-2013NB10_-705x470.jpg 705w, https:\/\/agencevu.com\/wp-content\/uploads\/2018\/09\/00_MUNE19651-2013NB10_-450x300.jpg 450w\" sizes=\"(max-width: 1620px) 100vw, 1620px\" \/><\/div><\/div><\/div><br \/>\n<section class=\"av_textblock_section \"  itemscope=\"itemscope\" itemtype=\"https:\/\/schema.org\/CreativeWork\" ><div class='avia_textblock  av_inherit_color '  style='font-size:15px; color:#76a38b; '  itemprop=\"text\" ><p class=\"p1\"><span class=\"s1\"><strong>Joop Swart Masterclass<\/strong> <\/span><\/p>\n<\/div><\/section><br \/>\n<section class=\"av_textblock_section \"  itemscope=\"itemscope\" itemtype=\"https:\/\/schema.org\/CreativeWork\" ><div class='avia_textblock  '  style='font-size:12px; '  itemprop=\"text\" ><p class=\"p1\"><span class=\"s1\">2007<\/span><\/p>\n<\/div><\/section><\/p><\/div><div class=\"flex_column av_three_fourth  flex_column_div av-zero-column-padding   \" style='border-radius:0px; '><\/div><div  style='height:50px' class='hr hr-invisible  '><span class='hr-inner ' ><span class='hr-inner-style'><\/span><\/span><\/div>\n\n","protected":false},"featured_media":0,"parent":0,"menu_order":0,"template":"","categories":[],"tags":[],"yoast_head":"<!-- This site is optimized with the Yoast SEO plugin v16.3 - https:\/\/yoast.com\/wordpress\/plugins\/seo\/ -->\n<title>Agence VU&#039;<\/title>\n<meta name=\"robots\" content=\"index, follow, max-snippet:-1, max-image-preview:large, max-video-preview:-1\" \/>\n<link rel=\"canonical\" href=\"\/\" \/>\n<meta property=\"og:locale\" content=\"en_US\" \/>\n<meta property=\"og:type\" content=\"article\" \/>\n<meta property=\"og:site_name\" content=\"Agence VU&#039;\" \/>\n<meta name=\"twitter:card\" content=\"summary_large_image\" \/>\n<meta name=\"twitter:site\" content=\"@agence_vu\" \/>\n<script type=\"application\/ld+json\" class=\"yoast-schema-graph\">{\"@context\":\"https:\/\/schema.org\",\"@graph\":[{\"@type\":\"WebSite\",\"@id\":\"https:\/\/agencevu.com\/en\/#website\",\"url\":\"https:\/\/agencevu.com\/en\/\",\"name\":\"Agence VU&#039;\",\"description\":\"Agency of photographers founded in 1986\",\"potentialAction\":[{\"@type\":\"SearchAction\",\"target\":\"https:\/\/agencevu.com\/en\/?s={search_term_string}\",\"query-input\":\"required name=search_term_string\"}],\"inLanguage\":\"en-US\"},{\"@type\":\"CollectionPage\",\"@id\":\"#webpage\",\"url\":\"\",\"name\":\"\",\"isPartOf\":{\"@id\":\"https:\/\/agencevu.com\/en\/#website\"},\"breadcrumb\":{\"@id\":\"#breadcrumb\"},\"inLanguage\":\"en-US\",\"potentialAction\":[{\"@type\":\"ReadAction\",\"target\":[\"\"]}]},{\"@type\":\"BreadcrumbList\",\"@id\":\"#breadcrumb\",\"itemListElement\":[{\"@type\":\"ListItem\",\"position\":1,\"item\":{\"@type\":\"WebPage\",\"@id\":\"https:\/\/agencevu.com\/en\/home\/\",\"url\":\"https:\/\/agencevu.com\/en\/home\/\",\"name\":\"Home\"}},{\"@type\":\"ListItem\",\"position\":2,\"item\":{\"@id\":\"#webpage\"}}]}]}<\/script>\n<!-- \/ Yoast SEO plugin. -->","_links":{"self":[{"href":"https:\/\/agencevu.com\/en\/wp-json\/wp\/v2\/photographe\/116723"}],"collection":[{"href":"https:\/\/agencevu.com\/en\/wp-json\/wp\/v2\/photographe"}],"about":[{"href":"https:\/\/agencevu.com\/en\/wp-json\/wp\/v2\/types\/photographe"}],"version-history":[{"count":3,"href":"https:\/\/agencevu.com\/en\/wp-json\/wp\/v2\/photographe\/116723\/revisions"}],"predecessor-version":[{"id":215619,"href":"https:\/\/agencevu.com\/en\/wp-json\/wp\/v2\/photographe\/116723\/revisions\/215619"}],"wp:attachment":[{"href":"https:\/\/agencevu.com\/en\/wp-json\/wp\/v2\/media?parent=116723"}],"wp:term":[{"taxonomy":"category","embeddable":true,"href":"https:\/\/agencevu.com\/en\/wp-json\/wp\/v2\/categories?post=116723"},{"taxonomy":"post_tag","embeddable":true,"href":"https:\/\/agencevu.com\/en\/wp-json\/wp\/v2\/tags?post=116723"}],"curies":[{"name":"wp","href":"https:\/\/api.w.org\/{rel}","templated":true}]}}