{"id":107884,"date":"2018-09-07T09:58:17","date_gmt":"2018-09-07T07:58:17","guid":{"rendered":"https:\/\/agencevu-dev.abvent.com\/photographe\/claudine-doury\/"},"modified":"2026-03-19T14:37:38","modified_gmt":"2026-03-19T13:37:38","slug":"claudine-doury","status":"publish","type":"photographe","link":"https:\/\/agencevu.com\/en\/photographer\/claudine-doury\/","title":{"rendered":"Claudine Doury"},"content":{"rendered":"<div id='av-layout-grid-1'  class='av-layout-grid-container entry-content-wrapper main_color av-flex-cells   av-medium-hide av-small-hide av-mini-hide   avia-builder-el-0  el_before_av_section  avia-builder-el-first  container_wrap fullsize' style=' '  >\n<div class=\"flex_cell no_margin av_one_half  avia-builder-el-1  el_before_av_cell_one_half  avia-builder-el-first   avia-full-contain \"  style='height:450px; min-height:450px;background:url(https:\/\/agencevu.com\/wp-content\/uploads\/2018\/09\/00_DOUR7196-1991CL61.jpg) top left no-repeat scroll; vertical-align:middle; padding:30px; ' ><div class='flex_cell_inner' ><\/div><\/div><div class=\"flex_cell no_margin av_one_half  avia-builder-el-2  el_after_av_cell_one_half  avia-builder-el-last   \"  style='height:450px; min-height:450px;vertical-align:bottom; padding:30px 30px 90px 30px ; ' ><div class='flex_cell_inner' ><section class=\"av_textblock_section \"  itemscope=\"itemscope\" itemtype=\"https:\/\/schema.org\/CreativeWork\" ><div class='avia_textblock  '   itemprop=\"text\" ><h4 style=\"font-weight: 100; font-size: 45px;\">Claudine<br \/>\n<span style=\"font-size: 45px;\"><strong><span style=\"line-height: 50px;\"> Doury <\/span><\/strong><\/span><\/h4>\n<\/div><\/section>\n<\/div><\/div>\n<\/div>\n<div id='av_section_1'  class='avia-section main_color avia-section-default avia-no-border-styling  avia-bg-style-scroll  avia-builder-el-4  el_after_av_layout_row  el_before_av_submenu   av-desktop-hide container_wrap fullsize' style=' '  ><div class='container' ><div class='template-page content  av-content-full alpha units'><div class='post-entry post-entry-type-page post-entry-107884'><div class='entry-content-wrapper clearfix'>\n<section class=\"av_textblock_section \"  itemscope=\"itemscope\" itemtype=\"https:\/\/schema.org\/CreativeWork\" ><div class='avia_textblock  '   itemprop=\"text\" ><h4 style=\"font-size: 35px; line-height: 40px; text-align: center;\"><span style=\"font-weight: 100;\">Claudine <\/span>Doury<\/h4>\n<\/div><\/section>\n<div  style='height:50px' class='hr hr-invisible   avia-builder-el-6  el_after_av_textblock  el_before_av_image '><span class='hr-inner ' ><span class='hr-inner-style'><\/span><\/span><\/div>\n<div  class='avia-image-container  av-styling-no-styling    avia-builder-el-7  el_after_av_hr  avia-builder-el-last  avia-align-center '  itemprop=\"image\" itemscope=\"itemscope\" itemtype=\"https:\/\/schema.org\/ImageObject\"  ><div class='avia-image-container-inner'><div class='avia-image-overlay-wrap'><img class='wp-image-77220 avia-img-lazy-loading-not-77220 avia_image' src=\"https:\/\/agencevu.com\/wp-content\/uploads\/2018\/09\/00_DOUR7196-1991CL61.jpg\" alt='' title='Russia, Blagoveshchensk, 1991 - This family crosses the Amur River by ferry, near the town of Blagoveshchensk. I found this photo taken during my first trip on the Love River. At the time, I didn&#039;t retain it. I like the mystery surrounding the attention given to the child.' height=\"750\" width=\"1128\"  itemprop=\"thumbnailUrl\" srcset=\"https:\/\/agencevu.com\/wp-content\/uploads\/2018\/09\/00_DOUR7196-1991CL61.jpg 1128w, https:\/\/agencevu.com\/wp-content\/uploads\/2018\/09\/00_DOUR7196-1991CL61-80x53.jpg 80w, https:\/\/agencevu.com\/wp-content\/uploads\/2018\/09\/00_DOUR7196-1991CL61-300x199.jpg 300w, https:\/\/agencevu.com\/wp-content\/uploads\/2018\/09\/00_DOUR7196-1991CL61-768x511.jpg 768w, https:\/\/agencevu.com\/wp-content\/uploads\/2018\/09\/00_DOUR7196-1991CL61-1030x685.jpg 1030w, https:\/\/agencevu.com\/wp-content\/uploads\/2018\/09\/00_DOUR7196-1991CL61-705x469.jpg 705w, https:\/\/agencevu.com\/wp-content\/uploads\/2018\/09\/00_DOUR7196-1991CL61-450x299.jpg 450w\" sizes=\"(max-width: 1128px) 100vw, 1128px\" \/><\/div><\/div><\/div>\n\n<\/div><\/div><\/div><!-- close content main div --><\/div><\/div><div class='clear'><\/div><div id='sub_menu1'  class='av-submenu-container alternate_color  avia-builder-el-8  el_after_av_section  el_before_av_section  av-sticky-submenu av-switch-768 submenu-not-first container_wrap fullsize' style='  z-index:301' ><div class='container av-menu-mobile-active av-submenu-hidden'><a href='#' class='mobile_menu_toggle' aria-hidden='true' data-av_icon='\ue8a5' data-av_iconfont='entypo-fontello'><span class='av-current-placeholder'>Menu<\/span><\/a><ul id='av-custom-submenu-1' class='av-subnav-menu av-submenu-pos-center'>\n<li class='menu-item menu-item-top-level  menu-item-top-level-1'><a href='\/en\/photographer\/claudine-doury\/#biography' ><span class='avia-bullet'><\/span><span class='avia-menu-text'>Biography<\/span><\/a><\/li>\n<li class='menu-item menu-item-top-level  menu-item-top-level-2'><a href='\/en\/photographer\/claudine-doury\/#series' ><span class='avia-bullet'><\/span><span class='avia-menu-text'>Series<\/span><\/a><\/li>\n<li class='menu-item menu-item-top-level  menu-item-top-level-3'><a href='https:\/\/agencevu.com\/en\/corporate\/photographer-claudine-doury\/'  target=\"_blank\"  rel=\"noopener noreferrer\"><span class='avia-bullet'><\/span><span class='avia-menu-text'>Corporate &amp; Ads<\/span><\/a><\/li>\n<li class='menu-item menu-item-top-level  menu-item-top-level-4'><a href='https:\/\/agencevu.com\/en\/portraitist\/claudine-doury\/'  target=\"_blank\"  rel=\"noopener noreferrer\"><span class='avia-bullet'><\/span><span class='avia-menu-text'>Portraits<\/span><\/a><\/li>\n<li class='menu-item menu-item-top-level  menu-item-top-level-5'><a href='\/en\/photographer\/claudine-doury\/#interview' ><span class='avia-bullet'><\/span><span class='avia-menu-text'>Interviews<\/span><\/a><\/li>\n<li class='menu-item menu-item-top-level  menu-item-top-level-6'><a href='\/en\/photographer\/claudine-doury\/#exhibitions' ><span class='avia-bullet'><\/span><span class='avia-menu-text'>Exhibitions<\/span><\/a><\/li>\n<li class='menu-item menu-item-top-level  menu-item-top-level-7'><a href='\/en\/photographer\/claudine-doury\/#books' ><span class='avia-bullet'><\/span><span class='avia-menu-text'>Books<\/span><\/a><\/li>\n<li class='menu-item menu-item-top-level  menu-item-top-level-8'><a href='\/en\/photographer\/claudine-doury\/#awards' ><span class='avia-bullet'><\/span><span class='avia-menu-text'>Awards<\/span><\/a><\/li>\n<\/ul><\/div><\/div><div class='sticky_placeholder'><\/div>\n<div id='biography'  class='avia-section main_color avia-section-default avia-no-shadow  avia-bg-style-scroll  avia-builder-el-9  el_after_av_submenu  el_before_av_section   container_wrap fullsize' style=' '  ><div class='container' ><div class='template-page content  av-content-full alpha units'><div class='post-entry post-entry-type-page post-entry-107884'><div class='entry-content-wrapper clearfix'>\n<div class=\"flex_column av_one_fifth  av-break-at-tablet flex_column_div av-zero-column-padding first  avia-builder-el-10  el_before_av_two_fifth  avia-builder-el-first  \" style='border-radius:0px; '><section class=\"av_textblock_section \"  itemscope=\"itemscope\" itemtype=\"https:\/\/schema.org\/CreativeWork\" ><div class='avia_textblock  '  style='font-size:20px; '  itemprop=\"text\" ><p id=\"bio\" style=\"color: #707070; letter-spacing: 1.5px; text-transform: uppercase;\">biography<\/p>\n<hr class=\"hr-titre-page\">\n<\/div><\/section><br \/>\n<div  style='height:50px' class='hr hr-invisible   avia-builder-el-12  el_after_av_textblock  el_before_av_image '><span class='hr-inner ' ><span class='hr-inner-style'><\/span><\/span><\/div><br \/>\n<div  class='avia-image-container  av-styling-no-styling    avia-builder-el-13  el_after_av_hr  avia-builder-el-last  imgBio avia-align-center '  itemprop=\"image\" itemscope=\"itemscope\" itemtype=\"https:\/\/schema.org\/ImageObject\"  ><div class='avia-image-container-inner'><div class='avia-image-overlay-wrap'><img class='wp-image-27629 avia-img-lazy-loading-not-27629 avia_image' src=\"https:\/\/agencevu.com\/wp-content\/uploads\/2019\/06\/03-Claudine-Doury---P-Charton.jpeg\" alt='' title='03-Claudine Doury \u00a9P.Charton' height=\"1080\" width=\"1350\"  itemprop=\"thumbnailUrl\" srcset=\"https:\/\/agencevu.com\/wp-content\/uploads\/2019\/06\/03-Claudine-Doury---P-Charton.jpeg 1350w, https:\/\/agencevu.com\/wp-content\/uploads\/2019\/06\/03-Claudine-Doury---P-Charton-80x64.jpeg 80w, https:\/\/agencevu.com\/wp-content\/uploads\/2019\/06\/03-Claudine-Doury---P-Charton-300x240.jpeg 300w, https:\/\/agencevu.com\/wp-content\/uploads\/2019\/06\/03-Claudine-Doury---P-Charton-768x614.jpeg 768w, https:\/\/agencevu.com\/wp-content\/uploads\/2019\/06\/03-Claudine-Doury---P-Charton-1030x824.jpeg 1030w, https:\/\/agencevu.com\/wp-content\/uploads\/2019\/06\/03-Claudine-Doury---P-Charton-705x564.jpeg 705w, https:\/\/agencevu.com\/wp-content\/uploads\/2019\/06\/03-Claudine-Doury---P-Charton-450x360.jpeg 450w\" sizes=\"(max-width: 1350px) 100vw, 1350px\" \/><\/div><\/div><\/div><\/p><\/div><div class=\"flex_column av_two_fifth  av-break-at-tablet flex_column_div av-zero-column-padding   avia-builder-el-14  el_after_av_one_fifth  el_before_av_two_fifth  \" style='border-radius:0px; '><section class=\"av_textblock_section \"  itemscope=\"itemscope\" itemtype=\"https:\/\/schema.org\/CreativeWork\" ><div class='avia_textblock textJustify '   itemprop=\"text\" ><p class=\"p2\"><span class=\"s2\">French photographer, member of Agence VU&#8217;, represented by Galerie In Camera (Paris), she lives and works mainly in Paris.<\/span><\/p>\n<p class=\"p1\">At the intersection of reality and fiction, her work deals with notions of memory and transition, particularly around adolescence and travel, central themes of her work.<\/p>\n<p class=\"p1\">Her work has been awarded the Leica Oscar Barnack Prize (1999), the World Press Photos (2000) and the Niepce Prize (2004).&nbsp;She is the winner of the Marc Ladreit de Lacharri\u00e8re &#8211; Acad\u00e9mie des Beaux-Arts Prize (2017), as well as two major national commissions from the French Ministry of Culture and Communication: with the CNAP in 2017 for <em>Jeunes &#8211; G\u00e9n\u00e9rations<\/em>, and with the BnF in 2021 for <em>Radiosocopie de la France: regards sur un pays travers\u00e9 par la crise sanitaire.<\/em><\/p>\n<\/div><\/section><\/div><div class=\"flex_column av_two_fifth  av-break-at-tablet flex_column_div av-zero-column-padding   avia-builder-el-16  el_after_av_two_fifth  avia-builder-el-last  \" style='border-radius:0px; '><section class=\"av_textblock_section \"  itemscope=\"itemscope\" itemtype=\"https:\/\/schema.org\/CreativeWork\" ><div class='avia_textblock textJustify '   itemprop=\"text\" ><p class=\"p1\">Her work is regularly exhibited in France and abroad and her photographs are part of prestigious private and public collections including the Fonds National d&#8217;Art Contemporain, Neuflize OBC, the artoth\u00e8ques of La Rochelle and La Roche-sur-Yon, the Imagerie in Lannion, the Mus\u00e9e de l&#8217;Elys\u00e9e in Lausanne (Switzerland) , the Fonds d&#8217;Art Contemporain in Meyrin (Switzerland), the Mus\u00e9e de la Photographie in Braga (Portugal) and the Agn\u00e8s B collection<\/p>\n<p class=\"p1\">She has published five monographic books: <em>Peuples de Sib\u00e9rie<\/em> (Le Seuil, 1999), <em>Artek, un \u00e9t\u00e9 en Crim\u00e9e <\/em>(La Martini\u00e8re, 2004), <em>Loulan Beauty<\/em> (Le Ch\u00eane, 2007), <em>Sasha <\/em>(Le Caillou Bleu, 2011), <em>L&#8217;Homme Nouveau<\/em> (Filigranes, 2017) and <em>Amour<\/em> (Chose Commune, 2019).<\/p>\n<\/div><\/section><\/div>\n\n<\/div><\/div><\/div><!-- close content main div --><\/div><\/div><div id='series'  class='avia-section main_color avia-section-small avia-no-border-styling  avia-bg-style-scroll  avia-builder-el-18  el_after_av_section  el_before_av_section   container_wrap fullsize' style=' '  ><div class='container' ><div class='template-page content  av-content-full alpha units'><div class='post-entry post-entry-type-page post-entry-107884'><div class='entry-content-wrapper clearfix'>\n<section class=\"av_textblock_section \"  itemscope=\"itemscope\" itemtype=\"https:\/\/schema.org\/CreativeWork\" ><div class='avia_textblock  '  style='font-size:20px; '  itemprop=\"text\" ><p id=\"series\" style=\"color: #707070; letter-spacing: 1.5px; text-transform: uppercase;\">Series<\/p>\n<hr class=\"hr-titre-page\">\n<\/div><\/section>\n<div  data-autoplay=''  data-interval='5'  data-animation='fade'  data-show_slide_delay='90'  class='avia-content-slider avia-content-grid-active avia-content-slider1 avia-content-slider-odd  avia-builder-el-20  el_after_av_textblock  el_before_av_blog   av-medium-hide av-small-hide av-mini-hide'  itemscope=\"itemscope\" itemtype=\"https:\/\/schema.org\/Blog\" ><div class='avia-content-slider-inner'><div class='slide-entry-wrap'><article class='slide-entry flex_column  post-entry post-entry-79832 slide-entry-overview slide-loop-1 slide-parity-odd  av_one_third first real-thumbnail'  itemscope=\"itemscope\" itemtype=\"https:\/\/schema.org\/CreativeWork\" ><a href='https:\/\/agencevu.com\/en\/serie\/amour-2019\/' data-rel='slide-1' class='slide-image' title=''><img width=\"436\" height=\"290\" src=\"https:\/\/agencevu.com\/wp-content\/uploads\/2020\/08\/00_DOUR7196-1991CL61.jpg\" class=\"wp-image-77890 avia-img-lazy-loading-77890 attachment-portfolio size-portfolio wp-post-image\" alt=\"\" loading=\"lazy\" srcset=\"https:\/\/agencevu.com\/wp-content\/uploads\/2020\/08\/00_DOUR7196-1991CL61.jpg 436w, https:\/\/agencevu.com\/wp-content\/uploads\/2020\/08\/00_DOUR7196-1991CL61-80x53.jpg 80w, https:\/\/agencevu.com\/wp-content\/uploads\/2020\/08\/00_DOUR7196-1991CL61-300x200.jpg 300w\" sizes=\"(max-width: 436px) 100vw, 436px\" \/><\/a><div class='slide-content'><header class=\"entry-content-header\"><span class=\"blog-categories minor-meta\"> <a href=\"https:\/\/agencevu.com\/en\/photographer\/claudine-doury\/\" rel=\"tag\">Claudine Doury<\/a> <a href=\"https:\/\/agencevu.com\/en\/section_taxonomy\/series\/\" rel=\"tag\">s\u00e9ries<\/a> <\/span><h3 class='slide-entry-title entry-title'  itemprop=\"headline\" ><a href='https:\/\/agencevu.com\/en\/serie\/amour-2019\/' title='Amour, 2019'>Amour, 2019<\/a><\/h3><span class=\"av-vertical-delimiter\"><\/span><\/header><div class='slide-entry-excerpt entry-content'  itemprop=\"text\" ><span class=\"tag-extrait\">Serie | <\/span> Claudine Doury first went in Far Eastern Siberia in 1991 and again in 1997 to witness the lives of native peoples. Traveling along the banks of the Amur River, she passed through the villages of Nergen, Bulava, Ush Gur, and Bogorodskoye.<\/div><\/div><footer class=\"entry-footer\"><div class='slide-meta'><time class='slide-meta-time updated'  itemprop=\"datePublished\" datetime=\"2019-05-20T11:15:32+02:00\" >20 May 2019<\/time><\/div><\/footer><span class='hidden'>\n\t\t\t\t<span class='av-structured-data'  itemprop=\"image\" itemscope=\"itemscope\" itemtype=\"https:\/\/schema.org\/ImageObject\" >\n\t\t\t\t\t\t<span itemprop='url'>https:\/\/agencevu.com\/wp-content\/uploads\/2020\/08\/00_DOUR7196-1991CL61.jpg<\/span>\n\t\t\t\t\t\t<span itemprop='height'>290<\/span>\n\t\t\t\t\t\t<span itemprop='width'>436<\/span>\n\t\t\t\t<\/span>\n\t\t\t\t<span class='av-structured-data'  itemprop=\"publisher\" itemtype=\"https:\/\/schema.org\/Organization\" itemscope=\"itemscope\" >\n\t\t\t\t\t\t<span itemprop='name'>Fanny Demichelis<\/span>\n\t\t\t\t\t\t<span itemprop='logo' itemscope itemtype='https:\/\/schema.org\/ImageObject'>\n\t\t\t\t\t\t\t<span itemprop='url'>\/wp-content\/uploads\/2021\/05\/logo-vert-2.svg<\/span>\n\t\t\t\t\t\t <\/span>\n\t\t\t\t<\/span><span class='av-structured-data'  itemprop=\"author\" itemscope=\"itemscope\" itemtype=\"https:\/\/schema.org\/Person\" ><span itemprop='name'>Fanny Demichelis<\/span><\/span><span class='av-structured-data'  itemprop=\"datePublished\" datetime=\"1999-05-18T16:56:57+02:00\" >2019-05-20 11:15:32<\/span><span class='av-structured-data'  itemprop=\"dateModified\" itemtype=\"https:\/\/schema.org\/dateModified\" >2021-01-19 11:28:33<\/span><span class='av-structured-data'  itemprop=\"mainEntityOfPage\" itemtype=\"https:\/\/schema.org\/mainEntityOfPage\" ><span itemprop='name'>Amour, 2019<\/span><\/span><\/span><\/article><article class='slide-entry flex_column  post-entry post-entry-79829 slide-entry-overview slide-loop-2 slide-parity-even  av_one_third  real-thumbnail'  itemscope=\"itemscope\" itemtype=\"https:\/\/schema.org\/CreativeWork\" ><a href='https:\/\/agencevu.com\/en\/serie\/soviet-sanatoriums-2018\/' data-rel='slide-1' class='slide-image' title=''><img width=\"434\" height=\"290\" src=\"https:\/\/agencevu.com\/wp-content\/uploads\/2018\/05\/00_DOUR22222-2016CL117.jpg\" class=\"wp-image-100054 avia-img-lazy-loading-100054 attachment-portfolio size-portfolio wp-post-image\" alt=\"\" loading=\"lazy\" srcset=\"https:\/\/agencevu.com\/wp-content\/uploads\/2018\/05\/00_DOUR22222-2016CL117.jpg 434w, https:\/\/agencevu.com\/wp-content\/uploads\/2018\/05\/00_DOUR22222-2016CL117-80x53.jpg 80w, https:\/\/agencevu.com\/wp-content\/uploads\/2018\/05\/00_DOUR22222-2016CL117-300x200.jpg 300w\" sizes=\"(max-width: 434px) 100vw, 434px\" \/><\/a><div class='slide-content'><header class=\"entry-content-header\"><span class=\"blog-categories minor-meta\"> <a href=\"https:\/\/agencevu.com\/en\/photographer\/claudine-doury\/\" rel=\"tag\">Claudine Doury<\/a> <a href=\"https:\/\/agencevu.com\/en\/section_taxonomy\/series\/\" rel=\"tag\">s\u00e9ries<\/a> <\/span><h3 class='slide-entry-title entry-title'  itemprop=\"headline\" ><a href='https:\/\/agencevu.com\/en\/serie\/soviet-sanatoriums-2018\/' title='Soviet Sanatoriums, 2018'>Soviet Sanatoriums, 2018<\/a><\/h3><span class=\"av-vertical-delimiter\"><\/span><\/header><div class='slide-entry-excerpt entry-content'  itemprop=\"text\" ><span class=\"tag-extrait\">Serie | <\/span> Oil baths, Radon mineral water massage, thalassotherapy at the edge of the Black Sea are the cure centers\u2019 specialties \u2013 also called sanatoriums \u2013 in Naftalan, Kolkhida and Tskaltubo, respectively based in Azebadjian and in Georgia. <\/div><\/div><footer class=\"entry-footer\"><div class='slide-meta'><time class='slide-meta-time updated'  itemprop=\"datePublished\" datetime=\"2018-05-20T10:43:28+02:00\" >20 May 2018<\/time><\/div><\/footer><span class='hidden'>\n\t\t\t\t<span class='av-structured-data'  itemprop=\"image\" itemscope=\"itemscope\" itemtype=\"https:\/\/schema.org\/ImageObject\" >\n\t\t\t\t\t\t<span itemprop='url'>https:\/\/agencevu.com\/wp-content\/uploads\/2018\/05\/00_DOUR22222-2016CL117.jpg<\/span>\n\t\t\t\t\t\t<span itemprop='height'>290<\/span>\n\t\t\t\t\t\t<span itemprop='width'>434<\/span>\n\t\t\t\t<\/span>\n\t\t\t\t<span class='av-structured-data'  itemprop=\"publisher\" itemtype=\"https:\/\/schema.org\/Organization\" itemscope=\"itemscope\" >\n\t\t\t\t\t\t<span itemprop='name'>Fanny Demichelis<\/span>\n\t\t\t\t\t\t<span itemprop='logo' itemscope itemtype='https:\/\/schema.org\/ImageObject'>\n\t\t\t\t\t\t\t<span itemprop='url'>\/wp-content\/uploads\/2021\/05\/logo-vert-2.svg<\/span>\n\t\t\t\t\t\t <\/span>\n\t\t\t\t<\/span><span class='av-structured-data'  itemprop=\"author\" itemscope=\"itemscope\" itemtype=\"https:\/\/schema.org\/Person\" ><span itemprop='name'>Fanny Demichelis<\/span><\/span><span class='av-structured-data'  itemprop=\"datePublished\" datetime=\"1999-05-18T16:56:57+02:00\" >2018-05-20 10:43:28<\/span><span class='av-structured-data'  itemprop=\"dateModified\" itemtype=\"https:\/\/schema.org\/dateModified\" >2021-05-10 12:20:19<\/span><span class='av-structured-data'  itemprop=\"mainEntityOfPage\" itemtype=\"https:\/\/schema.org\/mainEntityOfPage\" ><span itemprop='name'>Soviet Sanatoriums, 2018<\/span><\/span><\/span><\/article><article class='slide-entry flex_column  post-entry post-entry-79830 slide-entry-overview slide-loop-3 slide-parity-odd  av_one_third  real-thumbnail'  itemscope=\"itemscope\" itemtype=\"https:\/\/schema.org\/CreativeWork\" ><a href='https:\/\/agencevu.com\/en\/serie\/1st-acte-2017\/' data-rel='slide-1' class='slide-image' title=''><img width=\"387\" height=\"290\" src=\"https:\/\/agencevu.com\/wp-content\/uploads\/2020\/08\/00_DOUR22275-2017CL08.jpg\" class=\"wp-image-77726 avia-img-lazy-loading-77726 attachment-portfolio size-portfolio wp-post-image\" alt=\"\" loading=\"lazy\" srcset=\"https:\/\/agencevu.com\/wp-content\/uploads\/2020\/08\/00_DOUR22275-2017CL08.jpg 387w, https:\/\/agencevu.com\/wp-content\/uploads\/2020\/08\/00_DOUR22275-2017CL08-80x60.jpg 80w, https:\/\/agencevu.com\/wp-content\/uploads\/2020\/08\/00_DOUR22275-2017CL08-300x225.jpg 300w\" sizes=\"(max-width: 387px) 100vw, 387px\" \/><\/a><div class='slide-content'><header class=\"entry-content-header\"><span class=\"blog-categories minor-meta\"> <a href=\"https:\/\/agencevu.com\/en\/photographer\/claudine-doury\/\" rel=\"tag\">Claudine Doury<\/a> <a href=\"https:\/\/agencevu.com\/en\/section_taxonomy\/series\/\" rel=\"tag\">s\u00e9ries<\/a> <\/span><h3 class='slide-entry-title entry-title'  itemprop=\"headline\" ><a href='https:\/\/agencevu.com\/en\/serie\/1st-acte-2017\/' title='1st Acte, 2017'>1st Acte, 2017<\/a><\/h3><span class=\"av-vertical-delimiter\"><\/span><\/header><div class='slide-entry-excerpt entry-content'  itemprop=\"text\" ><span class=\"tag-extrait\">Serie | <\/span> This series presents a vision of these modern actors who take over the know-how and age-old traditions of the profession.\r\n<\/div><\/div><footer class=\"entry-footer\"><div class='slide-meta'><time class='slide-meta-time updated'  itemprop=\"datePublished\" datetime=\"2017-03-20T10:20:48+01:00\" >20 March 2017<\/time><\/div><\/footer><span class='hidden'>\n\t\t\t\t<span class='av-structured-data'  itemprop=\"image\" itemscope=\"itemscope\" itemtype=\"https:\/\/schema.org\/ImageObject\" >\n\t\t\t\t\t\t<span itemprop='url'>https:\/\/agencevu.com\/wp-content\/uploads\/2020\/08\/00_DOUR22275-2017CL08.jpg<\/span>\n\t\t\t\t\t\t<span itemprop='height'>290<\/span>\n\t\t\t\t\t\t<span itemprop='width'>387<\/span>\n\t\t\t\t<\/span>\n\t\t\t\t<span class='av-structured-data'  itemprop=\"publisher\" itemtype=\"https:\/\/schema.org\/Organization\" itemscope=\"itemscope\" >\n\t\t\t\t\t\t<span itemprop='name'>Fanny Demichelis<\/span>\n\t\t\t\t\t\t<span itemprop='logo' itemscope itemtype='https:\/\/schema.org\/ImageObject'>\n\t\t\t\t\t\t\t<span itemprop='url'>\/wp-content\/uploads\/2021\/05\/logo-vert-2.svg<\/span>\n\t\t\t\t\t\t <\/span>\n\t\t\t\t<\/span><span class='av-structured-data'  itemprop=\"author\" itemscope=\"itemscope\" itemtype=\"https:\/\/schema.org\/Person\" ><span itemprop='name'>Fanny Demichelis<\/span><\/span><span class='av-structured-data'  itemprop=\"datePublished\" datetime=\"1999-05-18T16:56:57+02:00\" >2017-03-20 10:20:48<\/span><span class='av-structured-data'  itemprop=\"dateModified\" itemtype=\"https:\/\/schema.org\/dateModified\" >2020-08-24 17:20:49<\/span><span class='av-structured-data'  itemprop=\"mainEntityOfPage\" itemtype=\"https:\/\/schema.org\/mainEntityOfPage\" ><span itemprop='name'>1st Acte, 2017<\/span><\/span><\/span><\/article><\/div><div class='slide-entry-wrap'><article class='slide-entry flex_column  post-entry post-entry-79831 slide-entry-overview slide-loop-4 slide-parity-odd  av_one_third first real-thumbnail'  itemscope=\"itemscope\" itemtype=\"https:\/\/schema.org\/CreativeWork\" ><a href='https:\/\/agencevu.com\/en\/serie\/the-new-men-2016\/' data-rel='slide-1' class='slide-image' title=''><img width=\"359\" height=\"290\" src=\"https:\/\/agencevu.com\/wp-content\/uploads\/2020\/08\/01_DOUR18561-2017CL33.jpg\" class=\"wp-image-77692 avia-img-lazy-loading-77692 attachment-portfolio size-portfolio wp-post-image\" alt=\"\" loading=\"lazy\" srcset=\"https:\/\/agencevu.com\/wp-content\/uploads\/2020\/08\/01_DOUR18561-2017CL33.jpg 359w, https:\/\/agencevu.com\/wp-content\/uploads\/2020\/08\/01_DOUR18561-2017CL33-80x65.jpg 80w, https:\/\/agencevu.com\/wp-content\/uploads\/2020\/08\/01_DOUR18561-2017CL33-300x242.jpg 300w\" sizes=\"(max-width: 359px) 100vw, 359px\" \/><\/a><div class='slide-content'><header class=\"entry-content-header\"><span class=\"blog-categories minor-meta\"> <a href=\"https:\/\/agencevu.com\/en\/photographer\/claudine-doury\/\" rel=\"tag\">Claudine Doury<\/a> <a href=\"https:\/\/agencevu.com\/en\/section_taxonomy\/series\/\" rel=\"tag\">s\u00e9ries<\/a> <\/span><h3 class='slide-entry-title entry-title'  itemprop=\"headline\" ><a href='https:\/\/agencevu.com\/en\/serie\/the-new-men-2016\/' title='The New Men, 2016'>The New Men, 2016<\/a><\/h3><span class=\"av-vertical-delimiter\"><\/span><\/header><div class='slide-entry-excerpt entry-content'  itemprop=\"text\" ><span class=\"tag-extrait\">Serie | <\/span> Claudine Doury keeps on questioning this fragile and violent in-between stage of the body and of the coming of age that is teenagerhood.<\/div><\/div><footer class=\"entry-footer\"><div class='slide-meta'><time class='slide-meta-time updated'  itemprop=\"datePublished\" datetime=\"2016-05-20T09:38:19+02:00\" >20 May 2016<\/time><\/div><\/footer><span class='hidden'>\n\t\t\t\t<span class='av-structured-data'  itemprop=\"image\" itemscope=\"itemscope\" itemtype=\"https:\/\/schema.org\/ImageObject\" >\n\t\t\t\t\t\t<span itemprop='url'>https:\/\/agencevu.com\/wp-content\/uploads\/2020\/08\/01_DOUR18561-2017CL33.jpg<\/span>\n\t\t\t\t\t\t<span itemprop='height'>290<\/span>\n\t\t\t\t\t\t<span itemprop='width'>359<\/span>\n\t\t\t\t<\/span>\n\t\t\t\t<span class='av-structured-data'  itemprop=\"publisher\" itemtype=\"https:\/\/schema.org\/Organization\" itemscope=\"itemscope\" >\n\t\t\t\t\t\t<span itemprop='name'>Fanny Demichelis<\/span>\n\t\t\t\t\t\t<span itemprop='logo' itemscope itemtype='https:\/\/schema.org\/ImageObject'>\n\t\t\t\t\t\t\t<span itemprop='url'>\/wp-content\/uploads\/2021\/05\/logo-vert-2.svg<\/span>\n\t\t\t\t\t\t <\/span>\n\t\t\t\t<\/span><span class='av-structured-data'  itemprop=\"author\" itemscope=\"itemscope\" itemtype=\"https:\/\/schema.org\/Person\" ><span itemprop='name'>Fanny Demichelis<\/span><\/span><span class='av-structured-data'  itemprop=\"datePublished\" datetime=\"1999-05-18T16:56:57+02:00\" >2016-05-20 09:38:19<\/span><span class='av-structured-data'  itemprop=\"dateModified\" itemtype=\"https:\/\/schema.org\/dateModified\" >2021-05-10 12:20:42<\/span><span class='av-structured-data'  itemprop=\"mainEntityOfPage\" itemtype=\"https:\/\/schema.org\/mainEntityOfPage\" ><span itemprop='name'>The New Men, 2016<\/span><\/span><\/span><\/article><article class='slide-entry flex_column  post-entry post-entry-79827 slide-entry-overview slide-loop-5 slide-parity-even  av_one_third  real-thumbnail'  itemscope=\"itemscope\" itemtype=\"https:\/\/schema.org\/CreativeWork\" ><a href='https:\/\/agencevu.com\/en\/serie\/russia-white-nights-2012\/' data-rel='slide-1' class='slide-image' title=''><img width=\"435\" height=\"290\" src=\"https:\/\/agencevu.com\/wp-content\/uploads\/2020\/08\/00_DOUR19104-2012CL31.jpg\" class=\"wp-image-77625 avia-img-lazy-loading-77625 attachment-portfolio size-portfolio wp-post-image\" alt=\"\" loading=\"lazy\" srcset=\"https:\/\/agencevu.com\/wp-content\/uploads\/2020\/08\/00_DOUR19104-2012CL31.jpg 435w, https:\/\/agencevu.com\/wp-content\/uploads\/2020\/08\/00_DOUR19104-2012CL31-80x53.jpg 80w, https:\/\/agencevu.com\/wp-content\/uploads\/2020\/08\/00_DOUR19104-2012CL31-300x200.jpg 300w\" sizes=\"(max-width: 435px) 100vw, 435px\" \/><\/a><div class='slide-content'><header class=\"entry-content-header\"><span class=\"blog-categories minor-meta\"> <a href=\"https:\/\/agencevu.com\/en\/photographer\/claudine-doury\/\" rel=\"tag\">Claudine Doury<\/a> <a href=\"https:\/\/agencevu.com\/en\/section_taxonomy\/series\/\" rel=\"tag\">s\u00e9ries<\/a> <\/span><h3 class='slide-entry-title entry-title'  itemprop=\"headline\" ><a href='https:\/\/agencevu.com\/en\/serie\/russia-white-nights-2012\/' title='Russia, White nights, 2012'>Russia, White nights, 2012<\/a><\/h3><span class=\"av-vertical-delimiter\"><\/span><\/header><div class='slide-entry-excerpt entry-content'  itemprop=\"text\" ><span class=\"tag-extrait\">Serie | <\/span> My night was more beautiful than day\u201d wrote Dostoyevsky in his debut novel. Tonight isn\u2019t just another night. It is the longest of the year, the Summer Solstice at the end of June. At such a close range from the arctic circle, as it is in Saint Petersburg, this night appears as a day without end.<\/div><\/div><footer class=\"entry-footer\"><div class='slide-meta'><time class='slide-meta-time updated'  itemprop=\"datePublished\" datetime=\"2012-05-19T17:44:20+02:00\" >19 May 2012<\/time><\/div><\/footer><span class='hidden'>\n\t\t\t\t<span class='av-structured-data'  itemprop=\"image\" itemscope=\"itemscope\" itemtype=\"https:\/\/schema.org\/ImageObject\" >\n\t\t\t\t\t\t<span itemprop='url'>https:\/\/agencevu.com\/wp-content\/uploads\/2020\/08\/00_DOUR19104-2012CL31.jpg<\/span>\n\t\t\t\t\t\t<span itemprop='height'>290<\/span>\n\t\t\t\t\t\t<span itemprop='width'>435<\/span>\n\t\t\t\t<\/span>\n\t\t\t\t<span class='av-structured-data'  itemprop=\"publisher\" itemtype=\"https:\/\/schema.org\/Organization\" itemscope=\"itemscope\" >\n\t\t\t\t\t\t<span itemprop='name'>Fanny Demichelis<\/span>\n\t\t\t\t\t\t<span itemprop='logo' itemscope itemtype='https:\/\/schema.org\/ImageObject'>\n\t\t\t\t\t\t\t<span itemprop='url'>\/wp-content\/uploads\/2021\/05\/logo-vert-2.svg<\/span>\n\t\t\t\t\t\t <\/span>\n\t\t\t\t<\/span><span class='av-structured-data'  itemprop=\"author\" itemscope=\"itemscope\" itemtype=\"https:\/\/schema.org\/Person\" ><span itemprop='name'>Fanny Demichelis<\/span><\/span><span class='av-structured-data'  itemprop=\"datePublished\" datetime=\"1999-05-18T16:56:57+02:00\" >2012-05-19 17:44:20<\/span><span class='av-structured-data'  itemprop=\"dateModified\" itemtype=\"https:\/\/schema.org\/dateModified\" >2021-05-10 12:20:59<\/span><span class='av-structured-data'  itemprop=\"mainEntityOfPage\" itemtype=\"https:\/\/schema.org\/mainEntityOfPage\" ><span itemprop='name'>Russia, White nights, 2012<\/span><\/span><\/span><\/article><article class='slide-entry flex_column  post-entry post-entry-79828 slide-entry-overview slide-loop-6 slide-parity-odd  av_one_third  real-thumbnail'  itemscope=\"itemscope\" itemtype=\"https:\/\/schema.org\/CreativeWork\" ><a href='https:\/\/agencevu.com\/en\/serie\/sasha-2011\/' data-rel='slide-1' class='slide-image' title=''><img width=\"436\" height=\"290\" src=\"https:\/\/agencevu.com\/wp-content\/uploads\/2020\/08\/01_DOUR18120-2010CL19.jpg\" class=\"wp-image-77553 avia-img-lazy-loading-77553 attachment-portfolio size-portfolio wp-post-image\" alt=\"\" loading=\"lazy\" srcset=\"https:\/\/agencevu.com\/wp-content\/uploads\/2020\/08\/01_DOUR18120-2010CL19.jpg 436w, https:\/\/agencevu.com\/wp-content\/uploads\/2020\/08\/01_DOUR18120-2010CL19-80x53.jpg 80w, https:\/\/agencevu.com\/wp-content\/uploads\/2020\/08\/01_DOUR18120-2010CL19-300x200.jpg 300w\" sizes=\"(max-width: 436px) 100vw, 436px\" \/><\/a><div class='slide-content'><header class=\"entry-content-header\"><span class=\"blog-categories minor-meta\"> <a href=\"https:\/\/agencevu.com\/en\/photographer\/claudine-doury\/\" rel=\"tag\">Claudine Doury<\/a> <a href=\"https:\/\/agencevu.com\/en\/section_taxonomy\/series\/\" rel=\"tag\">s\u00e9ries<\/a> <\/span><h3 class='slide-entry-title entry-title'  itemprop=\"headline\" ><a href='https:\/\/agencevu.com\/en\/serie\/sasha-2011\/' title='Sasha , 2011'>Sasha , 2011<\/a><\/h3><span class=\"av-vertical-delimiter\"><\/span><\/header><div class='slide-entry-excerpt entry-content'  itemprop=\"text\" ><span class=\"tag-extrait\">Serie | <\/span> \u201cFor a long time, I have been interested in girl teenagers\u2019 rites of passage, sacred for the time of a party: Sweet sixteen in USA, Quinceanera in Cuba and new \u201cproms\u201d in Russia\u2026<\/div><\/div><footer class=\"entry-footer\"><div class='slide-meta'><time class='slide-meta-time updated'  itemprop=\"datePublished\" datetime=\"2011-05-19T12:43:05+02:00\" >19 May 2011<\/time><\/div><\/footer><span class='hidden'>\n\t\t\t\t<span class='av-structured-data'  itemprop=\"image\" itemscope=\"itemscope\" itemtype=\"https:\/\/schema.org\/ImageObject\" >\n\t\t\t\t\t\t<span itemprop='url'>https:\/\/agencevu.com\/wp-content\/uploads\/2020\/08\/01_DOUR18120-2010CL19.jpg<\/span>\n\t\t\t\t\t\t<span itemprop='height'>290<\/span>\n\t\t\t\t\t\t<span itemprop='width'>436<\/span>\n\t\t\t\t<\/span>\n\t\t\t\t<span class='av-structured-data'  itemprop=\"publisher\" itemtype=\"https:\/\/schema.org\/Organization\" itemscope=\"itemscope\" >\n\t\t\t\t\t\t<span itemprop='name'>Fanny Demichelis<\/span>\n\t\t\t\t\t\t<span itemprop='logo' itemscope itemtype='https:\/\/schema.org\/ImageObject'>\n\t\t\t\t\t\t\t<span itemprop='url'>\/wp-content\/uploads\/2021\/05\/logo-vert-2.svg<\/span>\n\t\t\t\t\t\t <\/span>\n\t\t\t\t<\/span><span class='av-structured-data'  itemprop=\"author\" itemscope=\"itemscope\" itemtype=\"https:\/\/schema.org\/Person\" ><span itemprop='name'>Fanny Demichelis<\/span><\/span><span class='av-structured-data'  itemprop=\"datePublished\" datetime=\"1999-05-18T16:56:57+02:00\" >2011-05-19 12:43:05<\/span><span class='av-structured-data'  itemprop=\"dateModified\" itemtype=\"https:\/\/schema.org\/dateModified\" >2021-01-19 12:07:41<\/span><span class='av-structured-data'  itemprop=\"mainEntityOfPage\" itemtype=\"https:\/\/schema.org\/mainEntityOfPage\" ><span itemprop='name'>Sasha , 2011<\/span><\/span><\/span><\/article><\/div><div class='slide-entry-wrap'><article class='slide-entry flex_column  post-entry post-entry-100125 slide-entry-overview slide-loop-7 slide-parity-odd  av_one_third first real-thumbnail'  itemscope=\"itemscope\" itemtype=\"https:\/\/schema.org\/CreativeWork\" ><a href='https:\/\/agencevu.com\/en\/serie\/rites-de-passages-1999-2007\/' data-rel='slide-1' class='slide-image' title=''><img width=\"445\" height=\"290\" src=\"https:\/\/agencevu.com\/wp-content\/uploads\/2021\/01\/00_DOUR12848-2006CL18.jpg\" class=\"wp-image-100123 avia-img-lazy-loading-100123 attachment-portfolio size-portfolio wp-post-image\" alt=\"\" loading=\"lazy\" srcset=\"https:\/\/agencevu.com\/wp-content\/uploads\/2021\/01\/00_DOUR12848-2006CL18.jpg 445w, https:\/\/agencevu.com\/wp-content\/uploads\/2021\/01\/00_DOUR12848-2006CL18-80x52.jpg 80w, https:\/\/agencevu.com\/wp-content\/uploads\/2021\/01\/00_DOUR12848-2006CL18-300x196.jpg 300w\" sizes=\"(max-width: 445px) 100vw, 445px\" \/><\/a><div class='slide-content'><header class=\"entry-content-header\"><span class=\"blog-categories minor-meta\"> <a href=\"https:\/\/agencevu.com\/en\/photographer\/claudine-doury\/\" rel=\"tag\">Claudine Doury<\/a> <a href=\"https:\/\/agencevu.com\/en\/section_taxonomy\/series\/\" rel=\"tag\">s\u00e9ries<\/a> <\/span><h3 class='slide-entry-title entry-title'  itemprop=\"headline\" ><a href='https:\/\/agencevu.com\/en\/serie\/rites-de-passages-1999-2007\/' title='Rites de Passages, 1999-2007'>Rites de Passages, 1999-2007<\/a><\/h3><span class=\"av-vertical-delimiter\"><\/span><\/header><div class='slide-entry-excerpt entry-content'  itemprop=\"text\" ><span class=\"tag-extrait\">Serie | <\/span> \u201cRites of Passage\u201d is a collection of photographs that explores adolescent rites of passage, during the time of a party, through different communities in Northern Europe, Russia, the United States and Cuba.<\/div><\/div><footer class=\"entry-footer\"><div class='slide-meta'><time class='slide-meta-time updated'  itemprop=\"datePublished\" datetime=\"2007-06-19T14:39:02+02:00\" >19 June 2007<\/time><\/div><\/footer><span class='hidden'>\n\t\t\t\t<span class='av-structured-data'  itemprop=\"image\" itemscope=\"itemscope\" itemtype=\"https:\/\/schema.org\/ImageObject\" >\n\t\t\t\t\t\t<span itemprop='url'>https:\/\/agencevu.com\/wp-content\/uploads\/2021\/01\/00_DOUR12848-2006CL18.jpg<\/span>\n\t\t\t\t\t\t<span itemprop='height'>290<\/span>\n\t\t\t\t\t\t<span itemprop='width'>445<\/span>\n\t\t\t\t<\/span>\n\t\t\t\t<span class='av-structured-data'  itemprop=\"publisher\" itemtype=\"https:\/\/schema.org\/Organization\" itemscope=\"itemscope\" >\n\t\t\t\t\t\t<span itemprop='name'>Fanny Demichelis<\/span>\n\t\t\t\t\t\t<span itemprop='logo' itemscope itemtype='https:\/\/schema.org\/ImageObject'>\n\t\t\t\t\t\t\t<span itemprop='url'>\/wp-content\/uploads\/2021\/05\/logo-vert-2.svg<\/span>\n\t\t\t\t\t\t <\/span>\n\t\t\t\t<\/span><span class='av-structured-data'  itemprop=\"author\" itemscope=\"itemscope\" itemtype=\"https:\/\/schema.org\/Person\" ><span itemprop='name'>Fanny Demichelis<\/span><\/span><span class='av-structured-data'  itemprop=\"datePublished\" datetime=\"1999-05-18T16:56:57+02:00\" >2007-06-19 14:39:02<\/span><span class='av-structured-data'  itemprop=\"dateModified\" itemtype=\"https:\/\/schema.org\/dateModified\" >2021-01-19 14:42:10<\/span><span class='av-structured-data'  itemprop=\"mainEntityOfPage\" itemtype=\"https:\/\/schema.org\/mainEntityOfPage\" ><span itemprop='name'>Rites de Passages, 1999-2007<\/span><\/span><\/span><\/article><article class='slide-entry flex_column  post-entry post-entry-79824 slide-entry-overview slide-loop-8 slide-parity-even  av_one_third  real-thumbnail'  itemscope=\"itemscope\" itemtype=\"https:\/\/schema.org\/CreativeWork\" ><a href='https:\/\/agencevu.com\/en\/serie\/loulan-beauty-2007\/' data-rel='slide-1' class='slide-image' title=''><img width=\"436\" height=\"290\" src=\"https:\/\/agencevu.com\/wp-content\/uploads\/2020\/08\/00_DOUR11014-2003CL03.jpg\" class=\"wp-image-77481 avia-img-lazy-loading-77481 attachment-portfolio size-portfolio wp-post-image\" alt=\"\" loading=\"lazy\" srcset=\"https:\/\/agencevu.com\/wp-content\/uploads\/2020\/08\/00_DOUR11014-2003CL03.jpg 436w, https:\/\/agencevu.com\/wp-content\/uploads\/2020\/08\/00_DOUR11014-2003CL03-80x53.jpg 80w, https:\/\/agencevu.com\/wp-content\/uploads\/2020\/08\/00_DOUR11014-2003CL03-300x200.jpg 300w\" sizes=\"(max-width: 436px) 100vw, 436px\" \/><\/a><div class='slide-content'><header class=\"entry-content-header\"><span class=\"blog-categories minor-meta\"> <a href=\"https:\/\/agencevu.com\/en\/photographer\/claudine-doury\/\" rel=\"tag\">Claudine Doury<\/a> <a href=\"https:\/\/agencevu.com\/en\/section_taxonomy\/series\/\" rel=\"tag\">s\u00e9ries<\/a> <\/span><h3 class='slide-entry-title entry-title'  itemprop=\"headline\" ><a href='https:\/\/agencevu.com\/en\/serie\/loulan-beauty-2007\/' title='Loulan Beauty, 2007'>Loulan Beauty, 2007<\/a><\/h3><span class=\"av-vertical-delimiter\"><\/span><\/header><div class='slide-entry-excerpt entry-content'  itemprop=\"text\" ><span class=\"tag-extrait\">Serie | <\/span> This is a story of a slow disappearance, into the sand and in time. The end of a world, a trip through post-soviet central Asia and Xinjiang province in China. <\/div><\/div><footer class=\"entry-footer\"><div class='slide-meta'><time class='slide-meta-time updated'  itemprop=\"datePublished\" datetime=\"2007-05-18T18:11:22+02:00\" >18 May 2007<\/time><\/div><\/footer><span class='hidden'>\n\t\t\t\t<span class='av-structured-data'  itemprop=\"image\" itemscope=\"itemscope\" itemtype=\"https:\/\/schema.org\/ImageObject\" >\n\t\t\t\t\t\t<span itemprop='url'>https:\/\/agencevu.com\/wp-content\/uploads\/2020\/08\/00_DOUR11014-2003CL03.jpg<\/span>\n\t\t\t\t\t\t<span itemprop='height'>290<\/span>\n\t\t\t\t\t\t<span itemprop='width'>436<\/span>\n\t\t\t\t<\/span>\n\t\t\t\t<span class='av-structured-data'  itemprop=\"publisher\" itemtype=\"https:\/\/schema.org\/Organization\" itemscope=\"itemscope\" >\n\t\t\t\t\t\t<span itemprop='name'>Fanny Demichelis<\/span>\n\t\t\t\t\t\t<span itemprop='logo' itemscope itemtype='https:\/\/schema.org\/ImageObject'>\n\t\t\t\t\t\t\t<span itemprop='url'>\/wp-content\/uploads\/2021\/05\/logo-vert-2.svg<\/span>\n\t\t\t\t\t\t <\/span>\n\t\t\t\t<\/span><span class='av-structured-data'  itemprop=\"author\" itemscope=\"itemscope\" itemtype=\"https:\/\/schema.org\/Person\" ><span itemprop='name'>Fanny Demichelis<\/span><\/span><span class='av-structured-data'  itemprop=\"datePublished\" datetime=\"1999-05-18T16:56:57+02:00\" >2007-05-18 18:11:22<\/span><span class='av-structured-data'  itemprop=\"dateModified\" itemtype=\"https:\/\/schema.org\/dateModified\" >2021-01-19 12:19:43<\/span><span class='av-structured-data'  itemprop=\"mainEntityOfPage\" itemtype=\"https:\/\/schema.org\/mainEntityOfPage\" ><span itemprop='name'>Loulan Beauty, 2007<\/span><\/span><\/span><\/article><article class='slide-entry flex_column  post-entry post-entry-79825 slide-entry-overview slide-loop-9 slide-parity-odd  av_one_third  real-thumbnail'  itemscope=\"itemscope\" itemtype=\"https:\/\/schema.org\/CreativeWork\" ><a href='https:\/\/agencevu.com\/en\/serie\/fear-of-the-wolf-2006\/' data-rel='slide-1' class='slide-image' title=''><img width=\"435\" height=\"290\" src=\"https:\/\/agencevu.com\/wp-content\/uploads\/2021\/05\/00DOUR12598-2006CL01.jpg\" class=\"wp-image-155448 avia-img-lazy-loading-155448 attachment-portfolio size-portfolio wp-post-image\" alt=\"\" loading=\"lazy\" srcset=\"https:\/\/agencevu.com\/wp-content\/uploads\/2021\/05\/00DOUR12598-2006CL01.jpg 435w, https:\/\/agencevu.com\/wp-content\/uploads\/2021\/05\/00DOUR12598-2006CL01-300x200.jpg 300w, https:\/\/agencevu.com\/wp-content\/uploads\/2021\/05\/00DOUR12598-2006CL01-80x53.jpg 80w\" sizes=\"(max-width: 435px) 100vw, 435px\" \/><\/a><div class='slide-content'><header class=\"entry-content-header\"><span class=\"blog-categories minor-meta\"> <a href=\"https:\/\/agencevu.com\/en\/photographer\/claudine-doury\/\" rel=\"tag\">Claudine Doury<\/a> <a href=\"https:\/\/agencevu.com\/en\/section_taxonomy\/series\/\" rel=\"tag\">s\u00e9ries<\/a> <\/span><h3 class='slide-entry-title entry-title'  itemprop=\"headline\" ><a href='https:\/\/agencevu.com\/en\/serie\/fear-of-the-wolf-2006\/' title='Fear of the Wolf, 2006'>Fear of the Wolf, 2006<\/a><\/h3><span class=\"av-vertical-delimiter\"><\/span><\/header><div class='slide-entry-excerpt entry-content'  itemprop=\"text\" ><span class=\"tag-extrait\">Serie | <\/span> On the occasion of the 20th anniversary of the VU' agency and La F\u00e9mis, the director Claudine Natkin, as passionate as Claudine Doury about the themes of childhood and adolescence, has chosen to follow with the photographer the wanderings of Louise<\/div><\/div><footer class=\"entry-footer\"><div class='slide-meta'><time class='slide-meta-time updated'  itemprop=\"datePublished\" datetime=\"2006-03-18T17:42:58+01:00\" >18 March 2006<\/time><\/div><\/footer><span class='hidden'>\n\t\t\t\t<span class='av-structured-data'  itemprop=\"image\" itemscope=\"itemscope\" itemtype=\"https:\/\/schema.org\/ImageObject\" >\n\t\t\t\t\t\t<span itemprop='url'>https:\/\/agencevu.com\/wp-content\/uploads\/2021\/05\/00DOUR12598-2006CL01.jpg<\/span>\n\t\t\t\t\t\t<span itemprop='height'>290<\/span>\n\t\t\t\t\t\t<span itemprop='width'>435<\/span>\n\t\t\t\t<\/span>\n\t\t\t\t<span class='av-structured-data'  itemprop=\"publisher\" itemtype=\"https:\/\/schema.org\/Organization\" itemscope=\"itemscope\" >\n\t\t\t\t\t\t<span itemprop='name'>Fanny Demichelis<\/span>\n\t\t\t\t\t\t<span itemprop='logo' itemscope itemtype='https:\/\/schema.org\/ImageObject'>\n\t\t\t\t\t\t\t<span itemprop='url'>\/wp-content\/uploads\/2021\/05\/logo-vert-2.svg<\/span>\n\t\t\t\t\t\t <\/span>\n\t\t\t\t<\/span><span class='av-structured-data'  itemprop=\"author\" itemscope=\"itemscope\" itemtype=\"https:\/\/schema.org\/Person\" ><span itemprop='name'>Fanny Demichelis<\/span><\/span><span class='av-structured-data'  itemprop=\"datePublished\" datetime=\"1999-05-18T16:56:57+02:00\" >2006-03-18 17:42:58<\/span><span class='av-structured-data'  itemprop=\"dateModified\" itemtype=\"https:\/\/schema.org\/dateModified\" >2021-05-12 11:16:20<\/span><span class='av-structured-data'  itemprop=\"mainEntityOfPage\" itemtype=\"https:\/\/schema.org\/mainEntityOfPage\" ><span itemprop='name'>Fear of the Wolf, 2006<\/span><\/span><\/span><\/article><\/div><div class='slide-entry-wrap'><article class='slide-entry flex_column  post-entry post-entry-79826 slide-entry-overview slide-loop-10 slide-parity-odd  av_one_third first real-thumbnail'  itemscope=\"itemscope\" itemtype=\"https:\/\/schema.org\/CreativeWork\" ><a href='https:\/\/agencevu.com\/en\/serie\/artek-2004\/' data-rel='slide-1' class='slide-image' title=''><img width=\"441\" height=\"290\" src=\"https:\/\/agencevu.com\/wp-content\/uploads\/2020\/08\/00_DOUR11727-2002CL33.jpg\" class=\"wp-image-77349 avia-img-lazy-loading-77349 attachment-portfolio size-portfolio wp-post-image\" alt=\"\" loading=\"lazy\" srcset=\"https:\/\/agencevu.com\/wp-content\/uploads\/2020\/08\/00_DOUR11727-2002CL33.jpg 441w, https:\/\/agencevu.com\/wp-content\/uploads\/2020\/08\/00_DOUR11727-2002CL33-80x53.jpg 80w, https:\/\/agencevu.com\/wp-content\/uploads\/2020\/08\/00_DOUR11727-2002CL33-300x197.jpg 300w\" sizes=\"(max-width: 441px) 100vw, 441px\" \/><\/a><div class='slide-content'><header class=\"entry-content-header\"><span class=\"blog-categories minor-meta\"> <a href=\"https:\/\/agencevu.com\/en\/photographer\/claudine-doury\/\" rel=\"tag\">Claudine Doury<\/a> <a href=\"https:\/\/agencevu.com\/en\/section_taxonomy\/series\/\" rel=\"tag\">s\u00e9ries<\/a> <\/span><h3 class='slide-entry-title entry-title'  itemprop=\"headline\" ><a href='https:\/\/agencevu.com\/en\/serie\/artek-2004\/' title='Artek, 2004'>Artek, 2004<\/a><\/h3><span class=\"av-vertical-delimiter\"><\/span><\/header><div class='slide-entry-excerpt entry-content'  itemprop=\"text\" ><span class=\"tag-extrait\">Serie | <\/span> Created in 1925 in the Crimea, on the shores of the Black Sea, Artek, the most famous holiday camp for young teenagers, symbolized the success of the communist regime. <\/div><\/div><footer class=\"entry-footer\"><div class='slide-meta'><time class='slide-meta-time updated'  itemprop=\"datePublished\" datetime=\"2004-05-18T17:26:29+02:00\" >18 May 2004<\/time><\/div><\/footer><span class='hidden'>\n\t\t\t\t<span class='av-structured-data'  itemprop=\"image\" itemscope=\"itemscope\" itemtype=\"https:\/\/schema.org\/ImageObject\" >\n\t\t\t\t\t\t<span itemprop='url'>https:\/\/agencevu.com\/wp-content\/uploads\/2020\/08\/00_DOUR11727-2002CL33.jpg<\/span>\n\t\t\t\t\t\t<span itemprop='height'>290<\/span>\n\t\t\t\t\t\t<span itemprop='width'>441<\/span>\n\t\t\t\t<\/span>\n\t\t\t\t<span class='av-structured-data'  itemprop=\"publisher\" itemtype=\"https:\/\/schema.org\/Organization\" itemscope=\"itemscope\" >\n\t\t\t\t\t\t<span itemprop='name'>Fanny Demichelis<\/span>\n\t\t\t\t\t\t<span itemprop='logo' itemscope itemtype='https:\/\/schema.org\/ImageObject'>\n\t\t\t\t\t\t\t<span itemprop='url'>\/wp-content\/uploads\/2021\/05\/logo-vert-2.svg<\/span>\n\t\t\t\t\t\t <\/span>\n\t\t\t\t<\/span><span class='av-structured-data'  itemprop=\"author\" itemscope=\"itemscope\" itemtype=\"https:\/\/schema.org\/Person\" ><span itemprop='name'>Fanny Demichelis<\/span><\/span><span class='av-structured-data'  itemprop=\"datePublished\" datetime=\"1999-05-18T16:56:57+02:00\" >2004-05-18 17:26:29<\/span><span class='av-structured-data'  itemprop=\"dateModified\" itemtype=\"https:\/\/schema.org\/dateModified\" >2021-01-19 12:27:41<\/span><span class='av-structured-data'  itemprop=\"mainEntityOfPage\" itemtype=\"https:\/\/schema.org\/mainEntityOfPage\" ><span itemprop='name'>Artek, 2004<\/span><\/span><\/span><\/article><article class='slide-entry flex_column  post-entry post-entry-79823 slide-entry-overview slide-loop-11 slide-parity-even  post-entry-last  av_one_third  real-thumbnail'  itemscope=\"itemscope\" itemtype=\"https:\/\/schema.org\/CreativeWork\" ><a href='https:\/\/agencevu.com\/en\/serie\/people-of-siberia-1998\/' data-rel='slide-1' class='slide-image' title=''><img width=\"435\" height=\"290\" src=\"https:\/\/agencevu.com\/wp-content\/uploads\/2020\/08\/01_DOUR8641-1998NB52.jpg\" class=\"wp-image-77304 avia-img-lazy-loading-77304 attachment-portfolio size-portfolio wp-post-image\" alt=\"\" loading=\"lazy\" srcset=\"https:\/\/agencevu.com\/wp-content\/uploads\/2020\/08\/01_DOUR8641-1998NB52.jpg 435w, https:\/\/agencevu.com\/wp-content\/uploads\/2020\/08\/01_DOUR8641-1998NB52-80x53.jpg 80w, https:\/\/agencevu.com\/wp-content\/uploads\/2020\/08\/01_DOUR8641-1998NB52-300x200.jpg 300w\" sizes=\"(max-width: 435px) 100vw, 435px\" \/><\/a><div class='slide-content'><header class=\"entry-content-header\"><span class=\"blog-categories minor-meta\"> <a href=\"https:\/\/agencevu.com\/en\/photographer\/claudine-doury\/\" rel=\"tag\">Claudine Doury<\/a> <a href=\"https:\/\/agencevu.com\/en\/section_taxonomy\/series\/\" rel=\"tag\">s\u00e9ries<\/a> <\/span><h3 class='slide-entry-title entry-title'  itemprop=\"headline\" ><a href='https:\/\/agencevu.com\/en\/serie\/people-of-siberia-1998\/' title='People of Siberia, 1998'>People of Siberia, 1998<\/a><\/h3><span class=\"av-vertical-delimiter\"><\/span><\/header><div class='slide-entry-excerpt entry-content'  itemprop=\"text\" ><span class=\"tag-extrait\">Serie | <\/span> From 1996 to 1998, Claudine Doury travelled to Siberia. From the Amur river to the Boreal region, on the footsteps of local minorities, she questioned both their identity and their practice in today\u2019s contemporary world.\r\n<\/div><\/div><footer class=\"entry-footer\"><div class='slide-meta'><time class='slide-meta-time updated'  itemprop=\"datePublished\" datetime=\"1999-05-18T16:56:57+02:00\" >18 May 1999<\/time><\/div><\/footer><span class='hidden'>\n\t\t\t\t<span class='av-structured-data'  itemprop=\"image\" itemscope=\"itemscope\" itemtype=\"https:\/\/schema.org\/ImageObject\" >\n\t\t\t\t\t\t<span itemprop='url'>https:\/\/agencevu.com\/wp-content\/uploads\/2020\/08\/01_DOUR8641-1998NB52.jpg<\/span>\n\t\t\t\t\t\t<span itemprop='height'>290<\/span>\n\t\t\t\t\t\t<span itemprop='width'>435<\/span>\n\t\t\t\t<\/span>\n\t\t\t\t<span class='av-structured-data'  itemprop=\"publisher\" itemtype=\"https:\/\/schema.org\/Organization\" itemscope=\"itemscope\" >\n\t\t\t\t\t\t<span itemprop='name'>Fanny Demichelis<\/span>\n\t\t\t\t\t\t<span itemprop='logo' itemscope itemtype='https:\/\/schema.org\/ImageObject'>\n\t\t\t\t\t\t\t<span itemprop='url'>\/wp-content\/uploads\/2021\/05\/logo-vert-2.svg<\/span>\n\t\t\t\t\t\t <\/span>\n\t\t\t\t<\/span><span class='av-structured-data'  itemprop=\"author\" itemscope=\"itemscope\" itemtype=\"https:\/\/schema.org\/Person\" ><span itemprop='name'>Fanny Demichelis<\/span><\/span><span class='av-structured-data'  itemprop=\"datePublished\" datetime=\"1999-05-18T16:56:57+02:00\" >1999-05-18 16:56:57<\/span><span class='av-structured-data'  itemprop=\"dateModified\" itemtype=\"https:\/\/schema.org\/dateModified\" >2021-01-19 12:34:48<\/span><span class='av-structured-data'  itemprop=\"mainEntityOfPage\" itemtype=\"https:\/\/schema.org\/mainEntityOfPage\" ><span itemprop='name'>People of Siberia, 1998<\/span><\/span><\/span><\/article><\/div><\/div><\/div>\n<div  data-autoplay=''  data-interval='5'  data-animation='fade'  data-show_slide_delay='90'  class='avia-content-slider avia-content-grid-active avia-content-slider2 avia-content-slider-even   av-desktop-hide av-mini-hide'  itemscope=\"itemscope\" itemtype=\"https:\/\/schema.org\/Blog\" ><div class='avia-content-slider-inner'><div class='slide-entry-wrap'><article class='slide-entry flex_column  post-entry post-entry-79832 slide-entry-overview slide-loop-1 slide-parity-odd  av_one_half first real-thumbnail'  itemscope=\"itemscope\" itemtype=\"https:\/\/schema.org\/CreativeWork\" ><a href='https:\/\/agencevu.com\/en\/serie\/amour-2019\/' data-rel='slide-2' class='slide-image' title=''><img width=\"436\" height=\"290\" src=\"https:\/\/agencevu.com\/wp-content\/uploads\/2020\/08\/00_DOUR7196-1991CL61.jpg\" class=\"wp-image-77890 avia-img-lazy-loading-77890 attachment-portfolio size-portfolio wp-post-image\" alt=\"\" loading=\"lazy\" srcset=\"https:\/\/agencevu.com\/wp-content\/uploads\/2020\/08\/00_DOUR7196-1991CL61.jpg 436w, https:\/\/agencevu.com\/wp-content\/uploads\/2020\/08\/00_DOUR7196-1991CL61-80x53.jpg 80w, https:\/\/agencevu.com\/wp-content\/uploads\/2020\/08\/00_DOUR7196-1991CL61-300x200.jpg 300w\" sizes=\"(max-width: 436px) 100vw, 436px\" \/><\/a><div class='slide-content'><header class=\"entry-content-header\"><span class=\"blog-categories minor-meta\"> <a href=\"https:\/\/agencevu.com\/en\/photographer\/claudine-doury\/\" rel=\"tag\">Claudine Doury<\/a> <a href=\"https:\/\/agencevu.com\/en\/section_taxonomy\/series\/\" rel=\"tag\">s\u00e9ries<\/a> <\/span><h3 class='slide-entry-title entry-title'  itemprop=\"headline\" ><a href='https:\/\/agencevu.com\/en\/serie\/amour-2019\/' title='Amour, 2019'>Amour, 2019<\/a><\/h3><span class=\"av-vertical-delimiter\"><\/span><\/header><div class='slide-entry-excerpt entry-content'  itemprop=\"text\" ><span class=\"tag-extrait\">Serie | <\/span> Claudine Doury first went in Far Eastern Siberia in 1991 and again in 1997 to witness the lives of native peoples. Traveling along the banks of the Amur River, she passed through the villages of Nergen, Bulava, Ush Gur, and Bogorodskoye.<\/div><\/div><footer class=\"entry-footer\"><div class='slide-meta'><time class='slide-meta-time updated'  itemprop=\"datePublished\" datetime=\"2019-05-20T11:15:32+02:00\" >20 May 2019<\/time><\/div><\/footer><span class='hidden'>\n\t\t\t\t<span class='av-structured-data'  itemprop=\"image\" itemscope=\"itemscope\" itemtype=\"https:\/\/schema.org\/ImageObject\" >\n\t\t\t\t\t\t<span itemprop='url'>https:\/\/agencevu.com\/wp-content\/uploads\/2020\/08\/00_DOUR7196-1991CL61.jpg<\/span>\n\t\t\t\t\t\t<span itemprop='height'>290<\/span>\n\t\t\t\t\t\t<span itemprop='width'>436<\/span>\n\t\t\t\t<\/span>\n\t\t\t\t<span class='av-structured-data'  itemprop=\"publisher\" itemtype=\"https:\/\/schema.org\/Organization\" itemscope=\"itemscope\" >\n\t\t\t\t\t\t<span itemprop='name'>Fanny Demichelis<\/span>\n\t\t\t\t\t\t<span itemprop='logo' itemscope itemtype='https:\/\/schema.org\/ImageObject'>\n\t\t\t\t\t\t\t<span itemprop='url'>\/wp-content\/uploads\/2021\/05\/logo-vert-2.svg<\/span>\n\t\t\t\t\t\t <\/span>\n\t\t\t\t<\/span><span class='av-structured-data'  itemprop=\"author\" itemscope=\"itemscope\" itemtype=\"https:\/\/schema.org\/Person\" ><span itemprop='name'>Fanny Demichelis<\/span><\/span><span class='av-structured-data'  itemprop=\"datePublished\" datetime=\"1999-05-18T16:56:57+02:00\" >2019-05-20 11:15:32<\/span><span class='av-structured-data'  itemprop=\"dateModified\" itemtype=\"https:\/\/schema.org\/dateModified\" >2021-01-19 11:28:33<\/span><span class='av-structured-data'  itemprop=\"mainEntityOfPage\" itemtype=\"https:\/\/schema.org\/mainEntityOfPage\" ><span itemprop='name'>Amour, 2019<\/span><\/span><\/span><\/article><article class='slide-entry flex_column  post-entry post-entry-79829 slide-entry-overview slide-loop-2 slide-parity-even  av_one_half  real-thumbnail'  itemscope=\"itemscope\" itemtype=\"https:\/\/schema.org\/CreativeWork\" ><a href='https:\/\/agencevu.com\/en\/serie\/soviet-sanatoriums-2018\/' data-rel='slide-2' class='slide-image' title=''><img width=\"434\" height=\"290\" src=\"https:\/\/agencevu.com\/wp-content\/uploads\/2018\/05\/00_DOUR22222-2016CL117.jpg\" class=\"wp-image-100054 avia-img-lazy-loading-100054 attachment-portfolio size-portfolio wp-post-image\" alt=\"\" loading=\"lazy\" srcset=\"https:\/\/agencevu.com\/wp-content\/uploads\/2018\/05\/00_DOUR22222-2016CL117.jpg 434w, https:\/\/agencevu.com\/wp-content\/uploads\/2018\/05\/00_DOUR22222-2016CL117-80x53.jpg 80w, https:\/\/agencevu.com\/wp-content\/uploads\/2018\/05\/00_DOUR22222-2016CL117-300x200.jpg 300w\" sizes=\"(max-width: 434px) 100vw, 434px\" \/><\/a><div class='slide-content'><header class=\"entry-content-header\"><span class=\"blog-categories minor-meta\"> <a href=\"https:\/\/agencevu.com\/en\/photographer\/claudine-doury\/\" rel=\"tag\">Claudine Doury<\/a> <a href=\"https:\/\/agencevu.com\/en\/section_taxonomy\/series\/\" rel=\"tag\">s\u00e9ries<\/a> <\/span><h3 class='slide-entry-title entry-title'  itemprop=\"headline\" ><a href='https:\/\/agencevu.com\/en\/serie\/soviet-sanatoriums-2018\/' title='Soviet Sanatoriums, 2018'>Soviet Sanatoriums, 2018<\/a><\/h3><span class=\"av-vertical-delimiter\"><\/span><\/header><div class='slide-entry-excerpt entry-content'  itemprop=\"text\" ><span class=\"tag-extrait\">Serie | <\/span> Oil baths, Radon mineral water massage, thalassotherapy at the edge of the Black Sea are the cure centers\u2019 specialties \u2013 also called sanatoriums \u2013 in Naftalan, Kolkhida and Tskaltubo, respectively based in Azebadjian and in Georgia. <\/div><\/div><footer class=\"entry-footer\"><div class='slide-meta'><time class='slide-meta-time updated'  itemprop=\"datePublished\" datetime=\"2018-05-20T10:43:28+02:00\" >20 May 2018<\/time><\/div><\/footer><span class='hidden'>\n\t\t\t\t<span class='av-structured-data'  itemprop=\"image\" itemscope=\"itemscope\" itemtype=\"https:\/\/schema.org\/ImageObject\" >\n\t\t\t\t\t\t<span itemprop='url'>https:\/\/agencevu.com\/wp-content\/uploads\/2018\/05\/00_DOUR22222-2016CL117.jpg<\/span>\n\t\t\t\t\t\t<span itemprop='height'>290<\/span>\n\t\t\t\t\t\t<span itemprop='width'>434<\/span>\n\t\t\t\t<\/span>\n\t\t\t\t<span class='av-structured-data'  itemprop=\"publisher\" itemtype=\"https:\/\/schema.org\/Organization\" itemscope=\"itemscope\" >\n\t\t\t\t\t\t<span itemprop='name'>Fanny Demichelis<\/span>\n\t\t\t\t\t\t<span itemprop='logo' itemscope itemtype='https:\/\/schema.org\/ImageObject'>\n\t\t\t\t\t\t\t<span itemprop='url'>\/wp-content\/uploads\/2021\/05\/logo-vert-2.svg<\/span>\n\t\t\t\t\t\t <\/span>\n\t\t\t\t<\/span><span class='av-structured-data'  itemprop=\"author\" itemscope=\"itemscope\" itemtype=\"https:\/\/schema.org\/Person\" ><span itemprop='name'>Fanny Demichelis<\/span><\/span><span class='av-structured-data'  itemprop=\"datePublished\" datetime=\"1999-05-18T16:56:57+02:00\" >2018-05-20 10:43:28<\/span><span class='av-structured-data'  itemprop=\"dateModified\" itemtype=\"https:\/\/schema.org\/dateModified\" >2021-05-10 12:20:19<\/span><span class='av-structured-data'  itemprop=\"mainEntityOfPage\" itemtype=\"https:\/\/schema.org\/mainEntityOfPage\" ><span itemprop='name'>Soviet Sanatoriums, 2018<\/span><\/span><\/span><\/article><\/div><div class='slide-entry-wrap'><article class='slide-entry flex_column  post-entry post-entry-79830 slide-entry-overview slide-loop-3 slide-parity-odd  av_one_half first real-thumbnail'  itemscope=\"itemscope\" itemtype=\"https:\/\/schema.org\/CreativeWork\" ><a href='https:\/\/agencevu.com\/en\/serie\/1st-acte-2017\/' data-rel='slide-2' class='slide-image' title=''><img width=\"387\" height=\"290\" src=\"https:\/\/agencevu.com\/wp-content\/uploads\/2020\/08\/00_DOUR22275-2017CL08.jpg\" class=\"wp-image-77726 avia-img-lazy-loading-77726 attachment-portfolio size-portfolio wp-post-image\" alt=\"\" loading=\"lazy\" srcset=\"https:\/\/agencevu.com\/wp-content\/uploads\/2020\/08\/00_DOUR22275-2017CL08.jpg 387w, https:\/\/agencevu.com\/wp-content\/uploads\/2020\/08\/00_DOUR22275-2017CL08-80x60.jpg 80w, https:\/\/agencevu.com\/wp-content\/uploads\/2020\/08\/00_DOUR22275-2017CL08-300x225.jpg 300w\" sizes=\"(max-width: 387px) 100vw, 387px\" \/><\/a><div class='slide-content'><header class=\"entry-content-header\"><span class=\"blog-categories minor-meta\"> <a href=\"https:\/\/agencevu.com\/en\/photographer\/claudine-doury\/\" rel=\"tag\">Claudine Doury<\/a> <a href=\"https:\/\/agencevu.com\/en\/section_taxonomy\/series\/\" rel=\"tag\">s\u00e9ries<\/a> <\/span><h3 class='slide-entry-title entry-title'  itemprop=\"headline\" ><a href='https:\/\/agencevu.com\/en\/serie\/1st-acte-2017\/' title='1st Acte, 2017'>1st Acte, 2017<\/a><\/h3><span class=\"av-vertical-delimiter\"><\/span><\/header><div class='slide-entry-excerpt entry-content'  itemprop=\"text\" ><span class=\"tag-extrait\">Serie | <\/span> This series presents a vision of these modern actors who take over the know-how and age-old traditions of the profession.\r\n<\/div><\/div><footer class=\"entry-footer\"><div class='slide-meta'><time class='slide-meta-time updated'  itemprop=\"datePublished\" datetime=\"2017-03-20T10:20:48+01:00\" >20 March 2017<\/time><\/div><\/footer><span class='hidden'>\n\t\t\t\t<span class='av-structured-data'  itemprop=\"image\" itemscope=\"itemscope\" itemtype=\"https:\/\/schema.org\/ImageObject\" >\n\t\t\t\t\t\t<span itemprop='url'>https:\/\/agencevu.com\/wp-content\/uploads\/2020\/08\/00_DOUR22275-2017CL08.jpg<\/span>\n\t\t\t\t\t\t<span itemprop='height'>290<\/span>\n\t\t\t\t\t\t<span itemprop='width'>387<\/span>\n\t\t\t\t<\/span>\n\t\t\t\t<span class='av-structured-data'  itemprop=\"publisher\" itemtype=\"https:\/\/schema.org\/Organization\" itemscope=\"itemscope\" >\n\t\t\t\t\t\t<span itemprop='name'>Fanny Demichelis<\/span>\n\t\t\t\t\t\t<span itemprop='logo' itemscope itemtype='https:\/\/schema.org\/ImageObject'>\n\t\t\t\t\t\t\t<span itemprop='url'>\/wp-content\/uploads\/2021\/05\/logo-vert-2.svg<\/span>\n\t\t\t\t\t\t <\/span>\n\t\t\t\t<\/span><span class='av-structured-data'  itemprop=\"author\" itemscope=\"itemscope\" itemtype=\"https:\/\/schema.org\/Person\" ><span itemprop='name'>Fanny Demichelis<\/span><\/span><span class='av-structured-data'  itemprop=\"datePublished\" datetime=\"1999-05-18T16:56:57+02:00\" >2017-03-20 10:20:48<\/span><span class='av-structured-data'  itemprop=\"dateModified\" itemtype=\"https:\/\/schema.org\/dateModified\" >2020-08-24 17:20:49<\/span><span class='av-structured-data'  itemprop=\"mainEntityOfPage\" itemtype=\"https:\/\/schema.org\/mainEntityOfPage\" ><span itemprop='name'>1st Acte, 2017<\/span><\/span><\/span><\/article><article class='slide-entry flex_column  post-entry post-entry-79831 slide-entry-overview slide-loop-4 slide-parity-even  av_one_half  real-thumbnail'  itemscope=\"itemscope\" itemtype=\"https:\/\/schema.org\/CreativeWork\" ><a href='https:\/\/agencevu.com\/en\/serie\/the-new-men-2016\/' data-rel='slide-2' class='slide-image' title=''><img width=\"359\" height=\"290\" src=\"https:\/\/agencevu.com\/wp-content\/uploads\/2020\/08\/01_DOUR18561-2017CL33.jpg\" class=\"wp-image-77692 avia-img-lazy-loading-77692 attachment-portfolio size-portfolio wp-post-image\" alt=\"\" loading=\"lazy\" srcset=\"https:\/\/agencevu.com\/wp-content\/uploads\/2020\/08\/01_DOUR18561-2017CL33.jpg 359w, https:\/\/agencevu.com\/wp-content\/uploads\/2020\/08\/01_DOUR18561-2017CL33-80x65.jpg 80w, https:\/\/agencevu.com\/wp-content\/uploads\/2020\/08\/01_DOUR18561-2017CL33-300x242.jpg 300w\" sizes=\"(max-width: 359px) 100vw, 359px\" \/><\/a><div class='slide-content'><header class=\"entry-content-header\"><span class=\"blog-categories minor-meta\"> <a href=\"https:\/\/agencevu.com\/en\/photographer\/claudine-doury\/\" rel=\"tag\">Claudine Doury<\/a> <a href=\"https:\/\/agencevu.com\/en\/section_taxonomy\/series\/\" rel=\"tag\">s\u00e9ries<\/a> <\/span><h3 class='slide-entry-title entry-title'  itemprop=\"headline\" ><a href='https:\/\/agencevu.com\/en\/serie\/the-new-men-2016\/' title='The New Men, 2016'>The New Men, 2016<\/a><\/h3><span class=\"av-vertical-delimiter\"><\/span><\/header><div class='slide-entry-excerpt entry-content'  itemprop=\"text\" ><span class=\"tag-extrait\">Serie | <\/span> Claudine Doury keeps on questioning this fragile and violent in-between stage of the body and of the coming of age that is teenagerhood.<\/div><\/div><footer class=\"entry-footer\"><div class='slide-meta'><time class='slide-meta-time updated'  itemprop=\"datePublished\" datetime=\"2016-05-20T09:38:19+02:00\" >20 May 2016<\/time><\/div><\/footer><span class='hidden'>\n\t\t\t\t<span class='av-structured-data'  itemprop=\"image\" itemscope=\"itemscope\" itemtype=\"https:\/\/schema.org\/ImageObject\" >\n\t\t\t\t\t\t<span itemprop='url'>https:\/\/agencevu.com\/wp-content\/uploads\/2020\/08\/01_DOUR18561-2017CL33.jpg<\/span>\n\t\t\t\t\t\t<span itemprop='height'>290<\/span>\n\t\t\t\t\t\t<span itemprop='width'>359<\/span>\n\t\t\t\t<\/span>\n\t\t\t\t<span class='av-structured-data'  itemprop=\"publisher\" itemtype=\"https:\/\/schema.org\/Organization\" itemscope=\"itemscope\" >\n\t\t\t\t\t\t<span itemprop='name'>Fanny Demichelis<\/span>\n\t\t\t\t\t\t<span itemprop='logo' itemscope itemtype='https:\/\/schema.org\/ImageObject'>\n\t\t\t\t\t\t\t<span itemprop='url'>\/wp-content\/uploads\/2021\/05\/logo-vert-2.svg<\/span>\n\t\t\t\t\t\t <\/span>\n\t\t\t\t<\/span><span class='av-structured-data'  itemprop=\"author\" itemscope=\"itemscope\" itemtype=\"https:\/\/schema.org\/Person\" ><span itemprop='name'>Fanny Demichelis<\/span><\/span><span class='av-structured-data'  itemprop=\"datePublished\" datetime=\"1999-05-18T16:56:57+02:00\" >2016-05-20 09:38:19<\/span><span class='av-structured-data'  itemprop=\"dateModified\" itemtype=\"https:\/\/schema.org\/dateModified\" >2021-05-10 12:20:42<\/span><span class='av-structured-data'  itemprop=\"mainEntityOfPage\" itemtype=\"https:\/\/schema.org\/mainEntityOfPage\" ><span itemprop='name'>The New Men, 2016<\/span><\/span><\/span><\/article><\/div><div class='slide-entry-wrap'><article class='slide-entry flex_column  post-entry post-entry-79827 slide-entry-overview slide-loop-5 slide-parity-odd  av_one_half first real-thumbnail'  itemscope=\"itemscope\" itemtype=\"https:\/\/schema.org\/CreativeWork\" ><a href='https:\/\/agencevu.com\/en\/serie\/russia-white-nights-2012\/' data-rel='slide-2' class='slide-image' title=''><img width=\"435\" height=\"290\" src=\"https:\/\/agencevu.com\/wp-content\/uploads\/2020\/08\/00_DOUR19104-2012CL31.jpg\" class=\"wp-image-77625 avia-img-lazy-loading-77625 attachment-portfolio size-portfolio wp-post-image\" alt=\"\" loading=\"lazy\" srcset=\"https:\/\/agencevu.com\/wp-content\/uploads\/2020\/08\/00_DOUR19104-2012CL31.jpg 435w, https:\/\/agencevu.com\/wp-content\/uploads\/2020\/08\/00_DOUR19104-2012CL31-80x53.jpg 80w, https:\/\/agencevu.com\/wp-content\/uploads\/2020\/08\/00_DOUR19104-2012CL31-300x200.jpg 300w\" sizes=\"(max-width: 435px) 100vw, 435px\" \/><\/a><div class='slide-content'><header class=\"entry-content-header\"><span class=\"blog-categories minor-meta\"> <a href=\"https:\/\/agencevu.com\/en\/photographer\/claudine-doury\/\" rel=\"tag\">Claudine Doury<\/a> <a href=\"https:\/\/agencevu.com\/en\/section_taxonomy\/series\/\" rel=\"tag\">s\u00e9ries<\/a> <\/span><h3 class='slide-entry-title entry-title'  itemprop=\"headline\" ><a href='https:\/\/agencevu.com\/en\/serie\/russia-white-nights-2012\/' title='Russia, White nights, 2012'>Russia, White nights, 2012<\/a><\/h3><span class=\"av-vertical-delimiter\"><\/span><\/header><div class='slide-entry-excerpt entry-content'  itemprop=\"text\" ><span class=\"tag-extrait\">Serie | <\/span> My night was more beautiful than day\u201d wrote Dostoyevsky in his debut novel. Tonight isn\u2019t just another night. It is the longest of the year, the Summer Solstice at the end of June. At such a close range from the arctic circle, as it is in Saint Petersburg, this night appears as a day without end.<\/div><\/div><footer class=\"entry-footer\"><div class='slide-meta'><time class='slide-meta-time updated'  itemprop=\"datePublished\" datetime=\"2012-05-19T17:44:20+02:00\" >19 May 2012<\/time><\/div><\/footer><span class='hidden'>\n\t\t\t\t<span class='av-structured-data'  itemprop=\"image\" itemscope=\"itemscope\" itemtype=\"https:\/\/schema.org\/ImageObject\" >\n\t\t\t\t\t\t<span itemprop='url'>https:\/\/agencevu.com\/wp-content\/uploads\/2020\/08\/00_DOUR19104-2012CL31.jpg<\/span>\n\t\t\t\t\t\t<span itemprop='height'>290<\/span>\n\t\t\t\t\t\t<span itemprop='width'>435<\/span>\n\t\t\t\t<\/span>\n\t\t\t\t<span class='av-structured-data'  itemprop=\"publisher\" itemtype=\"https:\/\/schema.org\/Organization\" itemscope=\"itemscope\" >\n\t\t\t\t\t\t<span itemprop='name'>Fanny Demichelis<\/span>\n\t\t\t\t\t\t<span itemprop='logo' itemscope itemtype='https:\/\/schema.org\/ImageObject'>\n\t\t\t\t\t\t\t<span itemprop='url'>\/wp-content\/uploads\/2021\/05\/logo-vert-2.svg<\/span>\n\t\t\t\t\t\t <\/span>\n\t\t\t\t<\/span><span class='av-structured-data'  itemprop=\"author\" itemscope=\"itemscope\" itemtype=\"https:\/\/schema.org\/Person\" ><span itemprop='name'>Fanny Demichelis<\/span><\/span><span class='av-structured-data'  itemprop=\"datePublished\" datetime=\"1999-05-18T16:56:57+02:00\" >2012-05-19 17:44:20<\/span><span class='av-structured-data'  itemprop=\"dateModified\" itemtype=\"https:\/\/schema.org\/dateModified\" >2021-05-10 12:20:59<\/span><span class='av-structured-data'  itemprop=\"mainEntityOfPage\" itemtype=\"https:\/\/schema.org\/mainEntityOfPage\" ><span itemprop='name'>Russia, White nights, 2012<\/span><\/span><\/span><\/article><article class='slide-entry flex_column  post-entry post-entry-79828 slide-entry-overview slide-loop-6 slide-parity-even  av_one_half  real-thumbnail'  itemscope=\"itemscope\" itemtype=\"https:\/\/schema.org\/CreativeWork\" ><a href='https:\/\/agencevu.com\/en\/serie\/sasha-2011\/' data-rel='slide-2' class='slide-image' title=''><img width=\"436\" height=\"290\" src=\"https:\/\/agencevu.com\/wp-content\/uploads\/2020\/08\/01_DOUR18120-2010CL19.jpg\" class=\"wp-image-77553 avia-img-lazy-loading-77553 attachment-portfolio size-portfolio wp-post-image\" alt=\"\" loading=\"lazy\" srcset=\"https:\/\/agencevu.com\/wp-content\/uploads\/2020\/08\/01_DOUR18120-2010CL19.jpg 436w, https:\/\/agencevu.com\/wp-content\/uploads\/2020\/08\/01_DOUR18120-2010CL19-80x53.jpg 80w, https:\/\/agencevu.com\/wp-content\/uploads\/2020\/08\/01_DOUR18120-2010CL19-300x200.jpg 300w\" sizes=\"(max-width: 436px) 100vw, 436px\" \/><\/a><div class='slide-content'><header class=\"entry-content-header\"><span class=\"blog-categories minor-meta\"> <a href=\"https:\/\/agencevu.com\/en\/photographer\/claudine-doury\/\" rel=\"tag\">Claudine Doury<\/a> <a href=\"https:\/\/agencevu.com\/en\/section_taxonomy\/series\/\" rel=\"tag\">s\u00e9ries<\/a> <\/span><h3 class='slide-entry-title entry-title'  itemprop=\"headline\" ><a href='https:\/\/agencevu.com\/en\/serie\/sasha-2011\/' title='Sasha , 2011'>Sasha , 2011<\/a><\/h3><span class=\"av-vertical-delimiter\"><\/span><\/header><div class='slide-entry-excerpt entry-content'  itemprop=\"text\" ><span class=\"tag-extrait\">Serie | <\/span> \u201cFor a long time, I have been interested in girl teenagers\u2019 rites of passage, sacred for the time of a party: Sweet sixteen in USA, Quinceanera in Cuba and new \u201cproms\u201d in Russia\u2026<\/div><\/div><footer class=\"entry-footer\"><div class='slide-meta'><time class='slide-meta-time updated'  itemprop=\"datePublished\" datetime=\"2011-05-19T12:43:05+02:00\" >19 May 2011<\/time><\/div><\/footer><span class='hidden'>\n\t\t\t\t<span class='av-structured-data'  itemprop=\"image\" itemscope=\"itemscope\" itemtype=\"https:\/\/schema.org\/ImageObject\" >\n\t\t\t\t\t\t<span itemprop='url'>https:\/\/agencevu.com\/wp-content\/uploads\/2020\/08\/01_DOUR18120-2010CL19.jpg<\/span>\n\t\t\t\t\t\t<span itemprop='height'>290<\/span>\n\t\t\t\t\t\t<span itemprop='width'>436<\/span>\n\t\t\t\t<\/span>\n\t\t\t\t<span class='av-structured-data'  itemprop=\"publisher\" itemtype=\"https:\/\/schema.org\/Organization\" itemscope=\"itemscope\" >\n\t\t\t\t\t\t<span itemprop='name'>Fanny Demichelis<\/span>\n\t\t\t\t\t\t<span itemprop='logo' itemscope itemtype='https:\/\/schema.org\/ImageObject'>\n\t\t\t\t\t\t\t<span itemprop='url'>\/wp-content\/uploads\/2021\/05\/logo-vert-2.svg<\/span>\n\t\t\t\t\t\t <\/span>\n\t\t\t\t<\/span><span class='av-structured-data'  itemprop=\"author\" itemscope=\"itemscope\" itemtype=\"https:\/\/schema.org\/Person\" ><span itemprop='name'>Fanny Demichelis<\/span><\/span><span class='av-structured-data'  itemprop=\"datePublished\" datetime=\"1999-05-18T16:56:57+02:00\" >2011-05-19 12:43:05<\/span><span class='av-structured-data'  itemprop=\"dateModified\" itemtype=\"https:\/\/schema.org\/dateModified\" >2021-01-19 12:07:41<\/span><span class='av-structured-data'  itemprop=\"mainEntityOfPage\" itemtype=\"https:\/\/schema.org\/mainEntityOfPage\" ><span itemprop='name'>Sasha , 2011<\/span><\/span><\/span><\/article><\/div><div class='slide-entry-wrap'><article class='slide-entry flex_column  post-entry post-entry-100125 slide-entry-overview slide-loop-7 slide-parity-odd  av_one_half first real-thumbnail'  itemscope=\"itemscope\" itemtype=\"https:\/\/schema.org\/CreativeWork\" ><a href='https:\/\/agencevu.com\/en\/serie\/rites-de-passages-1999-2007\/' data-rel='slide-2' class='slide-image' title=''><img width=\"445\" height=\"290\" src=\"https:\/\/agencevu.com\/wp-content\/uploads\/2021\/01\/00_DOUR12848-2006CL18.jpg\" class=\"wp-image-100123 avia-img-lazy-loading-100123 attachment-portfolio size-portfolio wp-post-image\" alt=\"\" loading=\"lazy\" srcset=\"https:\/\/agencevu.com\/wp-content\/uploads\/2021\/01\/00_DOUR12848-2006CL18.jpg 445w, https:\/\/agencevu.com\/wp-content\/uploads\/2021\/01\/00_DOUR12848-2006CL18-80x52.jpg 80w, https:\/\/agencevu.com\/wp-content\/uploads\/2021\/01\/00_DOUR12848-2006CL18-300x196.jpg 300w\" sizes=\"(max-width: 445px) 100vw, 445px\" \/><\/a><div class='slide-content'><header class=\"entry-content-header\"><span class=\"blog-categories minor-meta\"> <a href=\"https:\/\/agencevu.com\/en\/photographer\/claudine-doury\/\" rel=\"tag\">Claudine Doury<\/a> <a href=\"https:\/\/agencevu.com\/en\/section_taxonomy\/series\/\" rel=\"tag\">s\u00e9ries<\/a> <\/span><h3 class='slide-entry-title entry-title'  itemprop=\"headline\" ><a href='https:\/\/agencevu.com\/en\/serie\/rites-de-passages-1999-2007\/' title='Rites de Passages, 1999-2007'>Rites de Passages, 1999-2007<\/a><\/h3><span class=\"av-vertical-delimiter\"><\/span><\/header><div class='slide-entry-excerpt entry-content'  itemprop=\"text\" ><span class=\"tag-extrait\">Serie | <\/span> \u201cRites of Passage\u201d is a collection of photographs that explores adolescent rites of passage, during the time of a party, through different communities in Northern Europe, Russia, the United States and Cuba.<\/div><\/div><footer class=\"entry-footer\"><div class='slide-meta'><time class='slide-meta-time updated'  itemprop=\"datePublished\" datetime=\"2007-06-19T14:39:02+02:00\" >19 June 2007<\/time><\/div><\/footer><span class='hidden'>\n\t\t\t\t<span class='av-structured-data'  itemprop=\"image\" itemscope=\"itemscope\" itemtype=\"https:\/\/schema.org\/ImageObject\" >\n\t\t\t\t\t\t<span itemprop='url'>https:\/\/agencevu.com\/wp-content\/uploads\/2021\/01\/00_DOUR12848-2006CL18.jpg<\/span>\n\t\t\t\t\t\t<span itemprop='height'>290<\/span>\n\t\t\t\t\t\t<span itemprop='width'>445<\/span>\n\t\t\t\t<\/span>\n\t\t\t\t<span class='av-structured-data'  itemprop=\"publisher\" itemtype=\"https:\/\/schema.org\/Organization\" itemscope=\"itemscope\" >\n\t\t\t\t\t\t<span itemprop='name'>Fanny Demichelis<\/span>\n\t\t\t\t\t\t<span itemprop='logo' itemscope itemtype='https:\/\/schema.org\/ImageObject'>\n\t\t\t\t\t\t\t<span itemprop='url'>\/wp-content\/uploads\/2021\/05\/logo-vert-2.svg<\/span>\n\t\t\t\t\t\t <\/span>\n\t\t\t\t<\/span><span class='av-structured-data'  itemprop=\"author\" itemscope=\"itemscope\" itemtype=\"https:\/\/schema.org\/Person\" ><span itemprop='name'>Fanny Demichelis<\/span><\/span><span class='av-structured-data'  itemprop=\"datePublished\" datetime=\"1999-05-18T16:56:57+02:00\" >2007-06-19 14:39:02<\/span><span class='av-structured-data'  itemprop=\"dateModified\" itemtype=\"https:\/\/schema.org\/dateModified\" >2021-01-19 14:42:10<\/span><span class='av-structured-data'  itemprop=\"mainEntityOfPage\" itemtype=\"https:\/\/schema.org\/mainEntityOfPage\" ><span itemprop='name'>Rites de Passages, 1999-2007<\/span><\/span><\/span><\/article><article class='slide-entry flex_column  post-entry post-entry-79824 slide-entry-overview slide-loop-8 slide-parity-even  av_one_half  real-thumbnail'  itemscope=\"itemscope\" itemtype=\"https:\/\/schema.org\/CreativeWork\" ><a href='https:\/\/agencevu.com\/en\/serie\/loulan-beauty-2007\/' data-rel='slide-2' class='slide-image' title=''><img width=\"436\" height=\"290\" src=\"https:\/\/agencevu.com\/wp-content\/uploads\/2020\/08\/00_DOUR11014-2003CL03.jpg\" class=\"wp-image-77481 avia-img-lazy-loading-77481 attachment-portfolio size-portfolio wp-post-image\" alt=\"\" loading=\"lazy\" srcset=\"https:\/\/agencevu.com\/wp-content\/uploads\/2020\/08\/00_DOUR11014-2003CL03.jpg 436w, https:\/\/agencevu.com\/wp-content\/uploads\/2020\/08\/00_DOUR11014-2003CL03-80x53.jpg 80w, https:\/\/agencevu.com\/wp-content\/uploads\/2020\/08\/00_DOUR11014-2003CL03-300x200.jpg 300w\" sizes=\"(max-width: 436px) 100vw, 436px\" \/><\/a><div class='slide-content'><header class=\"entry-content-header\"><span class=\"blog-categories minor-meta\"> <a href=\"https:\/\/agencevu.com\/en\/photographer\/claudine-doury\/\" rel=\"tag\">Claudine Doury<\/a> <a href=\"https:\/\/agencevu.com\/en\/section_taxonomy\/series\/\" rel=\"tag\">s\u00e9ries<\/a> <\/span><h3 class='slide-entry-title entry-title'  itemprop=\"headline\" ><a href='https:\/\/agencevu.com\/en\/serie\/loulan-beauty-2007\/' title='Loulan Beauty, 2007'>Loulan Beauty, 2007<\/a><\/h3><span class=\"av-vertical-delimiter\"><\/span><\/header><div class='slide-entry-excerpt entry-content'  itemprop=\"text\" ><span class=\"tag-extrait\">Serie | <\/span> This is a story of a slow disappearance, into the sand and in time. The end of a world, a trip through post-soviet central Asia and Xinjiang province in China. <\/div><\/div><footer class=\"entry-footer\"><div class='slide-meta'><time class='slide-meta-time updated'  itemprop=\"datePublished\" datetime=\"2007-05-18T18:11:22+02:00\" >18 May 2007<\/time><\/div><\/footer><span class='hidden'>\n\t\t\t\t<span class='av-structured-data'  itemprop=\"image\" itemscope=\"itemscope\" itemtype=\"https:\/\/schema.org\/ImageObject\" >\n\t\t\t\t\t\t<span itemprop='url'>https:\/\/agencevu.com\/wp-content\/uploads\/2020\/08\/00_DOUR11014-2003CL03.jpg<\/span>\n\t\t\t\t\t\t<span itemprop='height'>290<\/span>\n\t\t\t\t\t\t<span itemprop='width'>436<\/span>\n\t\t\t\t<\/span>\n\t\t\t\t<span class='av-structured-data'  itemprop=\"publisher\" itemtype=\"https:\/\/schema.org\/Organization\" itemscope=\"itemscope\" >\n\t\t\t\t\t\t<span itemprop='name'>Fanny Demichelis<\/span>\n\t\t\t\t\t\t<span itemprop='logo' itemscope itemtype='https:\/\/schema.org\/ImageObject'>\n\t\t\t\t\t\t\t<span itemprop='url'>\/wp-content\/uploads\/2021\/05\/logo-vert-2.svg<\/span>\n\t\t\t\t\t\t <\/span>\n\t\t\t\t<\/span><span class='av-structured-data'  itemprop=\"author\" itemscope=\"itemscope\" itemtype=\"https:\/\/schema.org\/Person\" ><span itemprop='name'>Fanny Demichelis<\/span><\/span><span class='av-structured-data'  itemprop=\"datePublished\" datetime=\"1999-05-18T16:56:57+02:00\" >2007-05-18 18:11:22<\/span><span class='av-structured-data'  itemprop=\"dateModified\" itemtype=\"https:\/\/schema.org\/dateModified\" >2021-01-19 12:19:43<\/span><span class='av-structured-data'  itemprop=\"mainEntityOfPage\" itemtype=\"https:\/\/schema.org\/mainEntityOfPage\" ><span itemprop='name'>Loulan Beauty, 2007<\/span><\/span><\/span><\/article><\/div><div class='slide-entry-wrap'><article class='slide-entry flex_column  post-entry post-entry-79825 slide-entry-overview slide-loop-9 slide-parity-odd  av_one_half first real-thumbnail'  itemscope=\"itemscope\" itemtype=\"https:\/\/schema.org\/CreativeWork\" ><a href='https:\/\/agencevu.com\/en\/serie\/fear-of-the-wolf-2006\/' data-rel='slide-2' class='slide-image' title=''><img width=\"435\" height=\"290\" src=\"https:\/\/agencevu.com\/wp-content\/uploads\/2021\/05\/00DOUR12598-2006CL01.jpg\" class=\"wp-image-155448 avia-img-lazy-loading-155448 attachment-portfolio size-portfolio wp-post-image\" alt=\"\" loading=\"lazy\" srcset=\"https:\/\/agencevu.com\/wp-content\/uploads\/2021\/05\/00DOUR12598-2006CL01.jpg 435w, https:\/\/agencevu.com\/wp-content\/uploads\/2021\/05\/00DOUR12598-2006CL01-300x200.jpg 300w, https:\/\/agencevu.com\/wp-content\/uploads\/2021\/05\/00DOUR12598-2006CL01-80x53.jpg 80w\" sizes=\"(max-width: 435px) 100vw, 435px\" \/><\/a><div class='slide-content'><header class=\"entry-content-header\"><span class=\"blog-categories minor-meta\"> <a href=\"https:\/\/agencevu.com\/en\/photographer\/claudine-doury\/\" rel=\"tag\">Claudine Doury<\/a> <a href=\"https:\/\/agencevu.com\/en\/section_taxonomy\/series\/\" rel=\"tag\">s\u00e9ries<\/a> <\/span><h3 class='slide-entry-title entry-title'  itemprop=\"headline\" ><a href='https:\/\/agencevu.com\/en\/serie\/fear-of-the-wolf-2006\/' title='Fear of the Wolf, 2006'>Fear of the Wolf, 2006<\/a><\/h3><span class=\"av-vertical-delimiter\"><\/span><\/header><div class='slide-entry-excerpt entry-content'  itemprop=\"text\" ><span class=\"tag-extrait\">Serie | <\/span> On the occasion of the 20th anniversary of the VU' agency and La F\u00e9mis, the director Claudine Natkin, as passionate as Claudine Doury about the themes of childhood and adolescence, has chosen to follow with the photographer the wanderings of Louise<\/div><\/div><footer class=\"entry-footer\"><div class='slide-meta'><time class='slide-meta-time updated'  itemprop=\"datePublished\" datetime=\"2006-03-18T17:42:58+01:00\" >18 March 2006<\/time><\/div><\/footer><span class='hidden'>\n\t\t\t\t<span class='av-structured-data'  itemprop=\"image\" itemscope=\"itemscope\" itemtype=\"https:\/\/schema.org\/ImageObject\" >\n\t\t\t\t\t\t<span itemprop='url'>https:\/\/agencevu.com\/wp-content\/uploads\/2021\/05\/00DOUR12598-2006CL01.jpg<\/span>\n\t\t\t\t\t\t<span itemprop='height'>290<\/span>\n\t\t\t\t\t\t<span itemprop='width'>435<\/span>\n\t\t\t\t<\/span>\n\t\t\t\t<span class='av-structured-data'  itemprop=\"publisher\" itemtype=\"https:\/\/schema.org\/Organization\" itemscope=\"itemscope\" >\n\t\t\t\t\t\t<span itemprop='name'>Fanny Demichelis<\/span>\n\t\t\t\t\t\t<span itemprop='logo' itemscope itemtype='https:\/\/schema.org\/ImageObject'>\n\t\t\t\t\t\t\t<span itemprop='url'>\/wp-content\/uploads\/2021\/05\/logo-vert-2.svg<\/span>\n\t\t\t\t\t\t <\/span>\n\t\t\t\t<\/span><span class='av-structured-data'  itemprop=\"author\" itemscope=\"itemscope\" itemtype=\"https:\/\/schema.org\/Person\" ><span itemprop='name'>Fanny Demichelis<\/span><\/span><span class='av-structured-data'  itemprop=\"datePublished\" datetime=\"1999-05-18T16:56:57+02:00\" >2006-03-18 17:42:58<\/span><span class='av-structured-data'  itemprop=\"dateModified\" itemtype=\"https:\/\/schema.org\/dateModified\" >2021-05-12 11:16:20<\/span><span class='av-structured-data'  itemprop=\"mainEntityOfPage\" itemtype=\"https:\/\/schema.org\/mainEntityOfPage\" ><span itemprop='name'>Fear of the Wolf, 2006<\/span><\/span><\/span><\/article><article class='slide-entry flex_column  post-entry post-entry-79826 slide-entry-overview slide-loop-10 slide-parity-even  av_one_half  real-thumbnail'  itemscope=\"itemscope\" itemtype=\"https:\/\/schema.org\/CreativeWork\" ><a href='https:\/\/agencevu.com\/en\/serie\/artek-2004\/' data-rel='slide-2' class='slide-image' title=''><img width=\"441\" height=\"290\" src=\"https:\/\/agencevu.com\/wp-content\/uploads\/2020\/08\/00_DOUR11727-2002CL33.jpg\" class=\"wp-image-77349 avia-img-lazy-loading-77349 attachment-portfolio size-portfolio wp-post-image\" alt=\"\" loading=\"lazy\" srcset=\"https:\/\/agencevu.com\/wp-content\/uploads\/2020\/08\/00_DOUR11727-2002CL33.jpg 441w, https:\/\/agencevu.com\/wp-content\/uploads\/2020\/08\/00_DOUR11727-2002CL33-80x53.jpg 80w, https:\/\/agencevu.com\/wp-content\/uploads\/2020\/08\/00_DOUR11727-2002CL33-300x197.jpg 300w\" sizes=\"(max-width: 441px) 100vw, 441px\" \/><\/a><div class='slide-content'><header class=\"entry-content-header\"><span class=\"blog-categories minor-meta\"> <a href=\"https:\/\/agencevu.com\/en\/photographer\/claudine-doury\/\" rel=\"tag\">Claudine Doury<\/a> <a href=\"https:\/\/agencevu.com\/en\/section_taxonomy\/series\/\" rel=\"tag\">s\u00e9ries<\/a> <\/span><h3 class='slide-entry-title entry-title'  itemprop=\"headline\" ><a href='https:\/\/agencevu.com\/en\/serie\/artek-2004\/' title='Artek, 2004'>Artek, 2004<\/a><\/h3><span class=\"av-vertical-delimiter\"><\/span><\/header><div class='slide-entry-excerpt entry-content'  itemprop=\"text\" ><span class=\"tag-extrait\">Serie | <\/span> Created in 1925 in the Crimea, on the shores of the Black Sea, Artek, the most famous holiday camp for young teenagers, symbolized the success of the communist regime. <\/div><\/div><footer class=\"entry-footer\"><div class='slide-meta'><time class='slide-meta-time updated'  itemprop=\"datePublished\" datetime=\"2004-05-18T17:26:29+02:00\" >18 May 2004<\/time><\/div><\/footer><span class='hidden'>\n\t\t\t\t<span class='av-structured-data'  itemprop=\"image\" itemscope=\"itemscope\" itemtype=\"https:\/\/schema.org\/ImageObject\" >\n\t\t\t\t\t\t<span itemprop='url'>https:\/\/agencevu.com\/wp-content\/uploads\/2020\/08\/00_DOUR11727-2002CL33.jpg<\/span>\n\t\t\t\t\t\t<span itemprop='height'>290<\/span>\n\t\t\t\t\t\t<span itemprop='width'>441<\/span>\n\t\t\t\t<\/span>\n\t\t\t\t<span class='av-structured-data'  itemprop=\"publisher\" itemtype=\"https:\/\/schema.org\/Organization\" itemscope=\"itemscope\" >\n\t\t\t\t\t\t<span itemprop='name'>Fanny Demichelis<\/span>\n\t\t\t\t\t\t<span itemprop='logo' itemscope itemtype='https:\/\/schema.org\/ImageObject'>\n\t\t\t\t\t\t\t<span itemprop='url'>\/wp-content\/uploads\/2021\/05\/logo-vert-2.svg<\/span>\n\t\t\t\t\t\t <\/span>\n\t\t\t\t<\/span><span class='av-structured-data'  itemprop=\"author\" itemscope=\"itemscope\" itemtype=\"https:\/\/schema.org\/Person\" ><span itemprop='name'>Fanny Demichelis<\/span><\/span><span class='av-structured-data'  itemprop=\"datePublished\" datetime=\"1999-05-18T16:56:57+02:00\" >2004-05-18 17:26:29<\/span><span class='av-structured-data'  itemprop=\"dateModified\" itemtype=\"https:\/\/schema.org\/dateModified\" >2021-01-19 12:27:41<\/span><span class='av-structured-data'  itemprop=\"mainEntityOfPage\" itemtype=\"https:\/\/schema.org\/mainEntityOfPage\" ><span itemprop='name'>Artek, 2004<\/span><\/span><\/span><\/article><\/div><div class='slide-entry-wrap'><article class='slide-entry flex_column  post-entry post-entry-79823 slide-entry-overview slide-loop-11 slide-parity-odd  post-entry-last  av_one_half first real-thumbnail'  itemscope=\"itemscope\" itemtype=\"https:\/\/schema.org\/CreativeWork\" ><a href='https:\/\/agencevu.com\/en\/serie\/people-of-siberia-1998\/' data-rel='slide-2' class='slide-image' title=''><img width=\"435\" height=\"290\" src=\"https:\/\/agencevu.com\/wp-content\/uploads\/2020\/08\/01_DOUR8641-1998NB52.jpg\" class=\"wp-image-77304 avia-img-lazy-loading-77304 attachment-portfolio size-portfolio wp-post-image\" alt=\"\" loading=\"lazy\" srcset=\"https:\/\/agencevu.com\/wp-content\/uploads\/2020\/08\/01_DOUR8641-1998NB52.jpg 435w, https:\/\/agencevu.com\/wp-content\/uploads\/2020\/08\/01_DOUR8641-1998NB52-80x53.jpg 80w, https:\/\/agencevu.com\/wp-content\/uploads\/2020\/08\/01_DOUR8641-1998NB52-300x200.jpg 300w\" sizes=\"(max-width: 435px) 100vw, 435px\" \/><\/a><div class='slide-content'><header class=\"entry-content-header\"><span class=\"blog-categories minor-meta\"> <a href=\"https:\/\/agencevu.com\/en\/photographer\/claudine-doury\/\" rel=\"tag\">Claudine Doury<\/a> <a href=\"https:\/\/agencevu.com\/en\/section_taxonomy\/series\/\" rel=\"tag\">s\u00e9ries<\/a> <\/span><h3 class='slide-entry-title entry-title'  itemprop=\"headline\" ><a href='https:\/\/agencevu.com\/en\/serie\/people-of-siberia-1998\/' title='People of Siberia, 1998'>People of Siberia, 1998<\/a><\/h3><span class=\"av-vertical-delimiter\"><\/span><\/header><div class='slide-entry-excerpt entry-content'  itemprop=\"text\" ><span class=\"tag-extrait\">Serie | <\/span> From 1996 to 1998, Claudine Doury travelled to Siberia. From the Amur river to the Boreal region, on the footsteps of local minorities, she questioned both their identity and their practice in today\u2019s contemporary world.\r\n<\/div><\/div><footer class=\"entry-footer\"><div class='slide-meta'><time class='slide-meta-time updated'  itemprop=\"datePublished\" datetime=\"1999-05-18T16:56:57+02:00\" >18 May 1999<\/time><\/div><\/footer><span class='hidden'>\n\t\t\t\t<span class='av-structured-data'  itemprop=\"image\" itemscope=\"itemscope\" itemtype=\"https:\/\/schema.org\/ImageObject\" >\n\t\t\t\t\t\t<span itemprop='url'>https:\/\/agencevu.com\/wp-content\/uploads\/2020\/08\/01_DOUR8641-1998NB52.jpg<\/span>\n\t\t\t\t\t\t<span itemprop='height'>290<\/span>\n\t\t\t\t\t\t<span itemprop='width'>435<\/span>\n\t\t\t\t<\/span>\n\t\t\t\t<span class='av-structured-data'  itemprop=\"publisher\" itemtype=\"https:\/\/schema.org\/Organization\" itemscope=\"itemscope\" >\n\t\t\t\t\t\t<span itemprop='name'>Fanny Demichelis<\/span>\n\t\t\t\t\t\t<span itemprop='logo' itemscope itemtype='https:\/\/schema.org\/ImageObject'>\n\t\t\t\t\t\t\t<span itemprop='url'>\/wp-content\/uploads\/2021\/05\/logo-vert-2.svg<\/span>\n\t\t\t\t\t\t <\/span>\n\t\t\t\t<\/span><span class='av-structured-data'  itemprop=\"author\" itemscope=\"itemscope\" itemtype=\"https:\/\/schema.org\/Person\" ><span itemprop='name'>Fanny Demichelis<\/span><\/span><span class='av-structured-data'  itemprop=\"datePublished\" datetime=\"1999-05-18T16:56:57+02:00\" >1999-05-18 16:56:57<\/span><span class='av-structured-data'  itemprop=\"dateModified\" itemtype=\"https:\/\/schema.org\/dateModified\" >2021-01-19 12:34:48<\/span><span class='av-structured-data'  itemprop=\"mainEntityOfPage\" itemtype=\"https:\/\/schema.org\/mainEntityOfPage\" ><span itemprop='name'>People of Siberia, 1998<\/span><\/span><\/span><\/article><\/div><\/div><\/div>\n<div  data-autoplay=''  data-interval='5'  data-animation='fade'  data-show_slide_delay='90'  class='avia-content-slider avia-content-grid-active avia-content-slider3 avia-content-slider-odd   av-desktop-hide av-medium-hide av-small-hide'  itemscope=\"itemscope\" itemtype=\"https:\/\/schema.org\/Blog\" ><div class='avia-content-slider-inner'><div class='slide-entry-wrap'><article class='slide-entry flex_column  post-entry post-entry-79832 slide-entry-overview slide-loop-1 slide-parity-odd  av_fullwidth first real-thumbnail'  itemscope=\"itemscope\" itemtype=\"https:\/\/schema.org\/CreativeWork\" ><a href='https:\/\/agencevu.com\/en\/serie\/amour-2019\/' data-rel='slide-3' class='slide-image' title=''><img width=\"436\" height=\"290\" src=\"https:\/\/agencevu.com\/wp-content\/uploads\/2020\/08\/00_DOUR7196-1991CL61.jpg\" class=\"wp-image-77890 avia-img-lazy-loading-77890 attachment-large size-large wp-post-image\" alt=\"\" loading=\"lazy\" srcset=\"https:\/\/agencevu.com\/wp-content\/uploads\/2020\/08\/00_DOUR7196-1991CL61.jpg 436w, https:\/\/agencevu.com\/wp-content\/uploads\/2020\/08\/00_DOUR7196-1991CL61-80x53.jpg 80w, https:\/\/agencevu.com\/wp-content\/uploads\/2020\/08\/00_DOUR7196-1991CL61-300x200.jpg 300w\" sizes=\"(max-width: 436px) 100vw, 436px\" \/><\/a><div class='slide-content'><header class=\"entry-content-header\"><span class=\"blog-categories minor-meta\"> <a href=\"https:\/\/agencevu.com\/en\/photographer\/claudine-doury\/\" rel=\"tag\">Claudine Doury<\/a> <a href=\"https:\/\/agencevu.com\/en\/section_taxonomy\/series\/\" rel=\"tag\">s\u00e9ries<\/a> <\/span><h3 class='slide-entry-title entry-title'  itemprop=\"headline\" ><a href='https:\/\/agencevu.com\/en\/serie\/amour-2019\/' title='Amour, 2019'>Amour, 2019<\/a><\/h3><span class=\"av-vertical-delimiter\"><\/span><\/header><div class='slide-entry-excerpt entry-content'  itemprop=\"text\" ><span class=\"tag-extrait\">Serie | <\/span> Claudine Doury first went in Far Eastern Siberia in 1991 and again in 1997 to witness the lives of native peoples. Traveling along the banks of the Amur River, she passed through the villages of Nergen, Bulava, Ush Gur, and Bogorodskoye.<\/div><\/div><footer class=\"entry-footer\"><div class='slide-meta'><time class='slide-meta-time updated'  itemprop=\"datePublished\" datetime=\"2019-05-20T11:15:32+02:00\" >20 May 2019<\/time><\/div><\/footer><span class='hidden'>\n\t\t\t\t<span class='av-structured-data'  itemprop=\"image\" itemscope=\"itemscope\" itemtype=\"https:\/\/schema.org\/ImageObject\" >\n\t\t\t\t\t\t<span itemprop='url'>https:\/\/agencevu.com\/wp-content\/uploads\/2020\/08\/00_DOUR7196-1991CL61.jpg<\/span>\n\t\t\t\t\t\t<span itemprop='height'>290<\/span>\n\t\t\t\t\t\t<span itemprop='width'>436<\/span>\n\t\t\t\t<\/span>\n\t\t\t\t<span class='av-structured-data'  itemprop=\"publisher\" itemtype=\"https:\/\/schema.org\/Organization\" itemscope=\"itemscope\" >\n\t\t\t\t\t\t<span itemprop='name'>Fanny Demichelis<\/span>\n\t\t\t\t\t\t<span itemprop='logo' itemscope itemtype='https:\/\/schema.org\/ImageObject'>\n\t\t\t\t\t\t\t<span itemprop='url'>\/wp-content\/uploads\/2021\/05\/logo-vert-2.svg<\/span>\n\t\t\t\t\t\t <\/span>\n\t\t\t\t<\/span><span class='av-structured-data'  itemprop=\"author\" itemscope=\"itemscope\" itemtype=\"https:\/\/schema.org\/Person\" ><span itemprop='name'>Fanny Demichelis<\/span><\/span><span class='av-structured-data'  itemprop=\"datePublished\" datetime=\"1999-05-18T16:56:57+02:00\" >2019-05-20 11:15:32<\/span><span class='av-structured-data'  itemprop=\"dateModified\" itemtype=\"https:\/\/schema.org\/dateModified\" >2021-01-19 11:28:33<\/span><span class='av-structured-data'  itemprop=\"mainEntityOfPage\" itemtype=\"https:\/\/schema.org\/mainEntityOfPage\" ><span itemprop='name'>Amour, 2019<\/span><\/span><\/span><\/article><\/div><div class='slide-entry-wrap'><article class='slide-entry flex_column  post-entry post-entry-79829 slide-entry-overview slide-loop-2 slide-parity-odd  av_fullwidth first real-thumbnail'  itemscope=\"itemscope\" itemtype=\"https:\/\/schema.org\/CreativeWork\" ><a href='https:\/\/agencevu.com\/en\/serie\/soviet-sanatoriums-2018\/' data-rel='slide-3' class='slide-image' title=''><img width=\"434\" height=\"290\" src=\"https:\/\/agencevu.com\/wp-content\/uploads\/2018\/05\/00_DOUR22222-2016CL117.jpg\" class=\"wp-image-100054 avia-img-lazy-loading-100054 attachment-large size-large wp-post-image\" alt=\"\" loading=\"lazy\" srcset=\"https:\/\/agencevu.com\/wp-content\/uploads\/2018\/05\/00_DOUR22222-2016CL117.jpg 434w, https:\/\/agencevu.com\/wp-content\/uploads\/2018\/05\/00_DOUR22222-2016CL117-80x53.jpg 80w, https:\/\/agencevu.com\/wp-content\/uploads\/2018\/05\/00_DOUR22222-2016CL117-300x200.jpg 300w\" sizes=\"(max-width: 434px) 100vw, 434px\" \/><\/a><div class='slide-content'><header class=\"entry-content-header\"><span class=\"blog-categories minor-meta\"> <a href=\"https:\/\/agencevu.com\/en\/photographer\/claudine-doury\/\" rel=\"tag\">Claudine Doury<\/a> <a href=\"https:\/\/agencevu.com\/en\/section_taxonomy\/series\/\" rel=\"tag\">s\u00e9ries<\/a> <\/span><h3 class='slide-entry-title entry-title'  itemprop=\"headline\" ><a href='https:\/\/agencevu.com\/en\/serie\/soviet-sanatoriums-2018\/' title='Soviet Sanatoriums, 2018'>Soviet Sanatoriums, 2018<\/a><\/h3><span class=\"av-vertical-delimiter\"><\/span><\/header><div class='slide-entry-excerpt entry-content'  itemprop=\"text\" ><span class=\"tag-extrait\">Serie | <\/span> Oil baths, Radon mineral water massage, thalassotherapy at the edge of the Black Sea are the cure centers\u2019 specialties \u2013 also called sanatoriums \u2013 in Naftalan, Kolkhida and Tskaltubo, respectively based in Azebadjian and in Georgia. <\/div><\/div><footer class=\"entry-footer\"><div class='slide-meta'><time class='slide-meta-time updated'  itemprop=\"datePublished\" datetime=\"2018-05-20T10:43:28+02:00\" >20 May 2018<\/time><\/div><\/footer><span class='hidden'>\n\t\t\t\t<span class='av-structured-data'  itemprop=\"image\" itemscope=\"itemscope\" itemtype=\"https:\/\/schema.org\/ImageObject\" >\n\t\t\t\t\t\t<span itemprop='url'>https:\/\/agencevu.com\/wp-content\/uploads\/2018\/05\/00_DOUR22222-2016CL117.jpg<\/span>\n\t\t\t\t\t\t<span itemprop='height'>290<\/span>\n\t\t\t\t\t\t<span itemprop='width'>434<\/span>\n\t\t\t\t<\/span>\n\t\t\t\t<span class='av-structured-data'  itemprop=\"publisher\" itemtype=\"https:\/\/schema.org\/Organization\" itemscope=\"itemscope\" >\n\t\t\t\t\t\t<span itemprop='name'>Fanny Demichelis<\/span>\n\t\t\t\t\t\t<span itemprop='logo' itemscope itemtype='https:\/\/schema.org\/ImageObject'>\n\t\t\t\t\t\t\t<span itemprop='url'>\/wp-content\/uploads\/2021\/05\/logo-vert-2.svg<\/span>\n\t\t\t\t\t\t <\/span>\n\t\t\t\t<\/span><span class='av-structured-data'  itemprop=\"author\" itemscope=\"itemscope\" itemtype=\"https:\/\/schema.org\/Person\" ><span itemprop='name'>Fanny Demichelis<\/span><\/span><span class='av-structured-data'  itemprop=\"datePublished\" datetime=\"1999-05-18T16:56:57+02:00\" >2018-05-20 10:43:28<\/span><span class='av-structured-data'  itemprop=\"dateModified\" itemtype=\"https:\/\/schema.org\/dateModified\" >2021-05-10 12:20:19<\/span><span class='av-structured-data'  itemprop=\"mainEntityOfPage\" itemtype=\"https:\/\/schema.org\/mainEntityOfPage\" ><span itemprop='name'>Soviet Sanatoriums, 2018<\/span><\/span><\/span><\/article><\/div><div class='slide-entry-wrap'><article class='slide-entry flex_column  post-entry post-entry-79830 slide-entry-overview slide-loop-3 slide-parity-odd  av_fullwidth first real-thumbnail'  itemscope=\"itemscope\" itemtype=\"https:\/\/schema.org\/CreativeWork\" ><a href='https:\/\/agencevu.com\/en\/serie\/1st-acte-2017\/' data-rel='slide-3' class='slide-image' title=''><img width=\"387\" height=\"290\" src=\"https:\/\/agencevu.com\/wp-content\/uploads\/2020\/08\/00_DOUR22275-2017CL08.jpg\" class=\"wp-image-77726 avia-img-lazy-loading-77726 attachment-large size-large wp-post-image\" alt=\"\" loading=\"lazy\" srcset=\"https:\/\/agencevu.com\/wp-content\/uploads\/2020\/08\/00_DOUR22275-2017CL08.jpg 387w, https:\/\/agencevu.com\/wp-content\/uploads\/2020\/08\/00_DOUR22275-2017CL08-80x60.jpg 80w, https:\/\/agencevu.com\/wp-content\/uploads\/2020\/08\/00_DOUR22275-2017CL08-300x225.jpg 300w\" sizes=\"(max-width: 387px) 100vw, 387px\" \/><\/a><div class='slide-content'><header class=\"entry-content-header\"><span class=\"blog-categories minor-meta\"> <a href=\"https:\/\/agencevu.com\/en\/photographer\/claudine-doury\/\" rel=\"tag\">Claudine Doury<\/a> <a href=\"https:\/\/agencevu.com\/en\/section_taxonomy\/series\/\" rel=\"tag\">s\u00e9ries<\/a> <\/span><h3 class='slide-entry-title entry-title'  itemprop=\"headline\" ><a href='https:\/\/agencevu.com\/en\/serie\/1st-acte-2017\/' title='1st Acte, 2017'>1st Acte, 2017<\/a><\/h3><span class=\"av-vertical-delimiter\"><\/span><\/header><div class='slide-entry-excerpt entry-content'  itemprop=\"text\" ><span class=\"tag-extrait\">Serie | <\/span> This series presents a vision of these modern actors who take over the know-how and age-old traditions of the profession.\r\n<\/div><\/div><footer class=\"entry-footer\"><div class='slide-meta'><time class='slide-meta-time updated'  itemprop=\"datePublished\" datetime=\"2017-03-20T10:20:48+01:00\" >20 March 2017<\/time><\/div><\/footer><span class='hidden'>\n\t\t\t\t<span class='av-structured-data'  itemprop=\"image\" itemscope=\"itemscope\" itemtype=\"https:\/\/schema.org\/ImageObject\" >\n\t\t\t\t\t\t<span itemprop='url'>https:\/\/agencevu.com\/wp-content\/uploads\/2020\/08\/00_DOUR22275-2017CL08.jpg<\/span>\n\t\t\t\t\t\t<span itemprop='height'>290<\/span>\n\t\t\t\t\t\t<span itemprop='width'>387<\/span>\n\t\t\t\t<\/span>\n\t\t\t\t<span class='av-structured-data'  itemprop=\"publisher\" itemtype=\"https:\/\/schema.org\/Organization\" itemscope=\"itemscope\" >\n\t\t\t\t\t\t<span itemprop='name'>Fanny Demichelis<\/span>\n\t\t\t\t\t\t<span itemprop='logo' itemscope itemtype='https:\/\/schema.org\/ImageObject'>\n\t\t\t\t\t\t\t<span itemprop='url'>\/wp-content\/uploads\/2021\/05\/logo-vert-2.svg<\/span>\n\t\t\t\t\t\t <\/span>\n\t\t\t\t<\/span><span class='av-structured-data'  itemprop=\"author\" itemscope=\"itemscope\" itemtype=\"https:\/\/schema.org\/Person\" ><span itemprop='name'>Fanny Demichelis<\/span><\/span><span class='av-structured-data'  itemprop=\"datePublished\" datetime=\"1999-05-18T16:56:57+02:00\" >2017-03-20 10:20:48<\/span><span class='av-structured-data'  itemprop=\"dateModified\" itemtype=\"https:\/\/schema.org\/dateModified\" >2020-08-24 17:20:49<\/span><span class='av-structured-data'  itemprop=\"mainEntityOfPage\" itemtype=\"https:\/\/schema.org\/mainEntityOfPage\" ><span itemprop='name'>1st Acte, 2017<\/span><\/span><\/span><\/article><\/div><div class='slide-entry-wrap'><article class='slide-entry flex_column  post-entry post-entry-79831 slide-entry-overview slide-loop-4 slide-parity-odd  av_fullwidth first real-thumbnail'  itemscope=\"itemscope\" itemtype=\"https:\/\/schema.org\/CreativeWork\" ><a href='https:\/\/agencevu.com\/en\/serie\/the-new-men-2016\/' data-rel='slide-3' class='slide-image' title=''><img width=\"359\" height=\"290\" src=\"https:\/\/agencevu.com\/wp-content\/uploads\/2020\/08\/01_DOUR18561-2017CL33.jpg\" class=\"wp-image-77692 avia-img-lazy-loading-77692 attachment-large size-large wp-post-image\" alt=\"\" loading=\"lazy\" srcset=\"https:\/\/agencevu.com\/wp-content\/uploads\/2020\/08\/01_DOUR18561-2017CL33.jpg 359w, https:\/\/agencevu.com\/wp-content\/uploads\/2020\/08\/01_DOUR18561-2017CL33-80x65.jpg 80w, https:\/\/agencevu.com\/wp-content\/uploads\/2020\/08\/01_DOUR18561-2017CL33-300x242.jpg 300w\" sizes=\"(max-width: 359px) 100vw, 359px\" \/><\/a><div class='slide-content'><header class=\"entry-content-header\"><span class=\"blog-categories minor-meta\"> <a href=\"https:\/\/agencevu.com\/en\/photographer\/claudine-doury\/\" rel=\"tag\">Claudine Doury<\/a> <a href=\"https:\/\/agencevu.com\/en\/section_taxonomy\/series\/\" rel=\"tag\">s\u00e9ries<\/a> <\/span><h3 class='slide-entry-title entry-title'  itemprop=\"headline\" ><a href='https:\/\/agencevu.com\/en\/serie\/the-new-men-2016\/' title='The New Men, 2016'>The New Men, 2016<\/a><\/h3><span class=\"av-vertical-delimiter\"><\/span><\/header><div class='slide-entry-excerpt entry-content'  itemprop=\"text\" ><span class=\"tag-extrait\">Serie | <\/span> Claudine Doury keeps on questioning this fragile and violent in-between stage of the body and of the coming of age that is teenagerhood.<\/div><\/div><footer class=\"entry-footer\"><div class='slide-meta'><time class='slide-meta-time updated'  itemprop=\"datePublished\" datetime=\"2016-05-20T09:38:19+02:00\" >20 May 2016<\/time><\/div><\/footer><span class='hidden'>\n\t\t\t\t<span class='av-structured-data'  itemprop=\"image\" itemscope=\"itemscope\" itemtype=\"https:\/\/schema.org\/ImageObject\" >\n\t\t\t\t\t\t<span itemprop='url'>https:\/\/agencevu.com\/wp-content\/uploads\/2020\/08\/01_DOUR18561-2017CL33.jpg<\/span>\n\t\t\t\t\t\t<span itemprop='height'>290<\/span>\n\t\t\t\t\t\t<span itemprop='width'>359<\/span>\n\t\t\t\t<\/span>\n\t\t\t\t<span class='av-structured-data'  itemprop=\"publisher\" itemtype=\"https:\/\/schema.org\/Organization\" itemscope=\"itemscope\" >\n\t\t\t\t\t\t<span itemprop='name'>Fanny Demichelis<\/span>\n\t\t\t\t\t\t<span itemprop='logo' itemscope itemtype='https:\/\/schema.org\/ImageObject'>\n\t\t\t\t\t\t\t<span itemprop='url'>\/wp-content\/uploads\/2021\/05\/logo-vert-2.svg<\/span>\n\t\t\t\t\t\t <\/span>\n\t\t\t\t<\/span><span class='av-structured-data'  itemprop=\"author\" itemscope=\"itemscope\" itemtype=\"https:\/\/schema.org\/Person\" ><span itemprop='name'>Fanny Demichelis<\/span><\/span><span class='av-structured-data'  itemprop=\"datePublished\" datetime=\"1999-05-18T16:56:57+02:00\" >2016-05-20 09:38:19<\/span><span class='av-structured-data'  itemprop=\"dateModified\" itemtype=\"https:\/\/schema.org\/dateModified\" >2021-05-10 12:20:42<\/span><span class='av-structured-data'  itemprop=\"mainEntityOfPage\" itemtype=\"https:\/\/schema.org\/mainEntityOfPage\" ><span itemprop='name'>The New Men, 2016<\/span><\/span><\/span><\/article><\/div><div class='slide-entry-wrap'><article class='slide-entry flex_column  post-entry post-entry-79827 slide-entry-overview slide-loop-5 slide-parity-odd  av_fullwidth first real-thumbnail'  itemscope=\"itemscope\" itemtype=\"https:\/\/schema.org\/CreativeWork\" ><a href='https:\/\/agencevu.com\/en\/serie\/russia-white-nights-2012\/' data-rel='slide-3' class='slide-image' title=''><img width=\"435\" height=\"290\" src=\"https:\/\/agencevu.com\/wp-content\/uploads\/2020\/08\/00_DOUR19104-2012CL31.jpg\" class=\"wp-image-77625 avia-img-lazy-loading-77625 attachment-large size-large wp-post-image\" alt=\"\" loading=\"lazy\" srcset=\"https:\/\/agencevu.com\/wp-content\/uploads\/2020\/08\/00_DOUR19104-2012CL31.jpg 435w, https:\/\/agencevu.com\/wp-content\/uploads\/2020\/08\/00_DOUR19104-2012CL31-80x53.jpg 80w, https:\/\/agencevu.com\/wp-content\/uploads\/2020\/08\/00_DOUR19104-2012CL31-300x200.jpg 300w\" sizes=\"(max-width: 435px) 100vw, 435px\" \/><\/a><div class='slide-content'><header class=\"entry-content-header\"><span class=\"blog-categories minor-meta\"> <a href=\"https:\/\/agencevu.com\/en\/photographer\/claudine-doury\/\" rel=\"tag\">Claudine Doury<\/a> <a href=\"https:\/\/agencevu.com\/en\/section_taxonomy\/series\/\" rel=\"tag\">s\u00e9ries<\/a> <\/span><h3 class='slide-entry-title entry-title'  itemprop=\"headline\" ><a href='https:\/\/agencevu.com\/en\/serie\/russia-white-nights-2012\/' title='Russia, White nights, 2012'>Russia, White nights, 2012<\/a><\/h3><span class=\"av-vertical-delimiter\"><\/span><\/header><div class='slide-entry-excerpt entry-content'  itemprop=\"text\" ><span class=\"tag-extrait\">Serie | <\/span> My night was more beautiful than day\u201d wrote Dostoyevsky in his debut novel. Tonight isn\u2019t just another night. It is the longest of the year, the Summer Solstice at the end of June. At such a close range from the arctic circle, as it is in Saint Petersburg, this night appears as a day without end.<\/div><\/div><footer class=\"entry-footer\"><div class='slide-meta'><time class='slide-meta-time updated'  itemprop=\"datePublished\" datetime=\"2012-05-19T17:44:20+02:00\" >19 May 2012<\/time><\/div><\/footer><span class='hidden'>\n\t\t\t\t<span class='av-structured-data'  itemprop=\"image\" itemscope=\"itemscope\" itemtype=\"https:\/\/schema.org\/ImageObject\" >\n\t\t\t\t\t\t<span itemprop='url'>https:\/\/agencevu.com\/wp-content\/uploads\/2020\/08\/00_DOUR19104-2012CL31.jpg<\/span>\n\t\t\t\t\t\t<span itemprop='height'>290<\/span>\n\t\t\t\t\t\t<span itemprop='width'>435<\/span>\n\t\t\t\t<\/span>\n\t\t\t\t<span class='av-structured-data'  itemprop=\"publisher\" itemtype=\"https:\/\/schema.org\/Organization\" itemscope=\"itemscope\" >\n\t\t\t\t\t\t<span itemprop='name'>Fanny Demichelis<\/span>\n\t\t\t\t\t\t<span itemprop='logo' itemscope itemtype='https:\/\/schema.org\/ImageObject'>\n\t\t\t\t\t\t\t<span itemprop='url'>\/wp-content\/uploads\/2021\/05\/logo-vert-2.svg<\/span>\n\t\t\t\t\t\t <\/span>\n\t\t\t\t<\/span><span class='av-structured-data'  itemprop=\"author\" itemscope=\"itemscope\" itemtype=\"https:\/\/schema.org\/Person\" ><span itemprop='name'>Fanny Demichelis<\/span><\/span><span class='av-structured-data'  itemprop=\"datePublished\" datetime=\"1999-05-18T16:56:57+02:00\" >2012-05-19 17:44:20<\/span><span class='av-structured-data'  itemprop=\"dateModified\" itemtype=\"https:\/\/schema.org\/dateModified\" >2021-05-10 12:20:59<\/span><span class='av-structured-data'  itemprop=\"mainEntityOfPage\" itemtype=\"https:\/\/schema.org\/mainEntityOfPage\" ><span itemprop='name'>Russia, White nights, 2012<\/span><\/span><\/span><\/article><\/div><div class='slide-entry-wrap'><article class='slide-entry flex_column  post-entry post-entry-79828 slide-entry-overview slide-loop-6 slide-parity-odd  av_fullwidth first real-thumbnail'  itemscope=\"itemscope\" itemtype=\"https:\/\/schema.org\/CreativeWork\" ><a href='https:\/\/agencevu.com\/en\/serie\/sasha-2011\/' data-rel='slide-3' class='slide-image' title=''><img width=\"436\" height=\"290\" src=\"https:\/\/agencevu.com\/wp-content\/uploads\/2020\/08\/01_DOUR18120-2010CL19.jpg\" class=\"wp-image-77553 avia-img-lazy-loading-77553 attachment-large size-large wp-post-image\" alt=\"\" loading=\"lazy\" srcset=\"https:\/\/agencevu.com\/wp-content\/uploads\/2020\/08\/01_DOUR18120-2010CL19.jpg 436w, https:\/\/agencevu.com\/wp-content\/uploads\/2020\/08\/01_DOUR18120-2010CL19-80x53.jpg 80w, https:\/\/agencevu.com\/wp-content\/uploads\/2020\/08\/01_DOUR18120-2010CL19-300x200.jpg 300w\" sizes=\"(max-width: 436px) 100vw, 436px\" \/><\/a><div class='slide-content'><header class=\"entry-content-header\"><span class=\"blog-categories minor-meta\"> <a href=\"https:\/\/agencevu.com\/en\/photographer\/claudine-doury\/\" rel=\"tag\">Claudine Doury<\/a> <a href=\"https:\/\/agencevu.com\/en\/section_taxonomy\/series\/\" rel=\"tag\">s\u00e9ries<\/a> <\/span><h3 class='slide-entry-title entry-title'  itemprop=\"headline\" ><a href='https:\/\/agencevu.com\/en\/serie\/sasha-2011\/' title='Sasha , 2011'>Sasha , 2011<\/a><\/h3><span class=\"av-vertical-delimiter\"><\/span><\/header><div class='slide-entry-excerpt entry-content'  itemprop=\"text\" ><span class=\"tag-extrait\">Serie | <\/span> \u201cFor a long time, I have been interested in girl teenagers\u2019 rites of passage, sacred for the time of a party: Sweet sixteen in USA, Quinceanera in Cuba and new \u201cproms\u201d in Russia\u2026<\/div><\/div><footer class=\"entry-footer\"><div class='slide-meta'><time class='slide-meta-time updated'  itemprop=\"datePublished\" datetime=\"2011-05-19T12:43:05+02:00\" >19 May 2011<\/time><\/div><\/footer><span class='hidden'>\n\t\t\t\t<span class='av-structured-data'  itemprop=\"image\" itemscope=\"itemscope\" itemtype=\"https:\/\/schema.org\/ImageObject\" >\n\t\t\t\t\t\t<span itemprop='url'>https:\/\/agencevu.com\/wp-content\/uploads\/2020\/08\/01_DOUR18120-2010CL19.jpg<\/span>\n\t\t\t\t\t\t<span itemprop='height'>290<\/span>\n\t\t\t\t\t\t<span itemprop='width'>436<\/span>\n\t\t\t\t<\/span>\n\t\t\t\t<span class='av-structured-data'  itemprop=\"publisher\" itemtype=\"https:\/\/schema.org\/Organization\" itemscope=\"itemscope\" >\n\t\t\t\t\t\t<span itemprop='name'>Fanny Demichelis<\/span>\n\t\t\t\t\t\t<span itemprop='logo' itemscope itemtype='https:\/\/schema.org\/ImageObject'>\n\t\t\t\t\t\t\t<span itemprop='url'>\/wp-content\/uploads\/2021\/05\/logo-vert-2.svg<\/span>\n\t\t\t\t\t\t <\/span>\n\t\t\t\t<\/span><span class='av-structured-data'  itemprop=\"author\" itemscope=\"itemscope\" itemtype=\"https:\/\/schema.org\/Person\" ><span itemprop='name'>Fanny Demichelis<\/span><\/span><span class='av-structured-data'  itemprop=\"datePublished\" datetime=\"1999-05-18T16:56:57+02:00\" >2011-05-19 12:43:05<\/span><span class='av-structured-data'  itemprop=\"dateModified\" itemtype=\"https:\/\/schema.org\/dateModified\" >2021-01-19 12:07:41<\/span><span class='av-structured-data'  itemprop=\"mainEntityOfPage\" itemtype=\"https:\/\/schema.org\/mainEntityOfPage\" ><span itemprop='name'>Sasha , 2011<\/span><\/span><\/span><\/article><\/div><div class='slide-entry-wrap'><article class='slide-entry flex_column  post-entry post-entry-100125 slide-entry-overview slide-loop-7 slide-parity-odd  av_fullwidth first real-thumbnail'  itemscope=\"itemscope\" itemtype=\"https:\/\/schema.org\/CreativeWork\" ><a href='https:\/\/agencevu.com\/en\/serie\/rites-de-passages-1999-2007\/' data-rel='slide-3' class='slide-image' title=''><img width=\"445\" height=\"290\" src=\"https:\/\/agencevu.com\/wp-content\/uploads\/2021\/01\/00_DOUR12848-2006CL18.jpg\" class=\"wp-image-100123 avia-img-lazy-loading-100123 attachment-large size-large wp-post-image\" alt=\"\" loading=\"lazy\" srcset=\"https:\/\/agencevu.com\/wp-content\/uploads\/2021\/01\/00_DOUR12848-2006CL18.jpg 445w, https:\/\/agencevu.com\/wp-content\/uploads\/2021\/01\/00_DOUR12848-2006CL18-80x52.jpg 80w, https:\/\/agencevu.com\/wp-content\/uploads\/2021\/01\/00_DOUR12848-2006CL18-300x196.jpg 300w\" sizes=\"(max-width: 445px) 100vw, 445px\" \/><\/a><div class='slide-content'><header class=\"entry-content-header\"><span class=\"blog-categories minor-meta\"> <a href=\"https:\/\/agencevu.com\/en\/photographer\/claudine-doury\/\" rel=\"tag\">Claudine Doury<\/a> <a href=\"https:\/\/agencevu.com\/en\/section_taxonomy\/series\/\" rel=\"tag\">s\u00e9ries<\/a> <\/span><h3 class='slide-entry-title entry-title'  itemprop=\"headline\" ><a href='https:\/\/agencevu.com\/en\/serie\/rites-de-passages-1999-2007\/' title='Rites de Passages, 1999-2007'>Rites de Passages, 1999-2007<\/a><\/h3><span class=\"av-vertical-delimiter\"><\/span><\/header><div class='slide-entry-excerpt entry-content'  itemprop=\"text\" ><span class=\"tag-extrait\">Serie | <\/span> \u201cRites of Passage\u201d is a collection of photographs that explores adolescent rites of passage, during the time of a party, through different communities in Northern Europe, Russia, the United States and Cuba.<\/div><\/div><footer class=\"entry-footer\"><div class='slide-meta'><time class='slide-meta-time updated'  itemprop=\"datePublished\" datetime=\"2007-06-19T14:39:02+02:00\" >19 June 2007<\/time><\/div><\/footer><span class='hidden'>\n\t\t\t\t<span class='av-structured-data'  itemprop=\"image\" itemscope=\"itemscope\" itemtype=\"https:\/\/schema.org\/ImageObject\" >\n\t\t\t\t\t\t<span itemprop='url'>https:\/\/agencevu.com\/wp-content\/uploads\/2021\/01\/00_DOUR12848-2006CL18.jpg<\/span>\n\t\t\t\t\t\t<span itemprop='height'>290<\/span>\n\t\t\t\t\t\t<span itemprop='width'>445<\/span>\n\t\t\t\t<\/span>\n\t\t\t\t<span class='av-structured-data'  itemprop=\"publisher\" itemtype=\"https:\/\/schema.org\/Organization\" itemscope=\"itemscope\" >\n\t\t\t\t\t\t<span itemprop='name'>Fanny Demichelis<\/span>\n\t\t\t\t\t\t<span itemprop='logo' itemscope itemtype='https:\/\/schema.org\/ImageObject'>\n\t\t\t\t\t\t\t<span itemprop='url'>\/wp-content\/uploads\/2021\/05\/logo-vert-2.svg<\/span>\n\t\t\t\t\t\t <\/span>\n\t\t\t\t<\/span><span class='av-structured-data'  itemprop=\"author\" itemscope=\"itemscope\" itemtype=\"https:\/\/schema.org\/Person\" ><span itemprop='name'>Fanny Demichelis<\/span><\/span><span class='av-structured-data'  itemprop=\"datePublished\" datetime=\"1999-05-18T16:56:57+02:00\" >2007-06-19 14:39:02<\/span><span class='av-structured-data'  itemprop=\"dateModified\" itemtype=\"https:\/\/schema.org\/dateModified\" >2021-01-19 14:42:10<\/span><span class='av-structured-data'  itemprop=\"mainEntityOfPage\" itemtype=\"https:\/\/schema.org\/mainEntityOfPage\" ><span itemprop='name'>Rites de Passages, 1999-2007<\/span><\/span><\/span><\/article><\/div><div class='slide-entry-wrap'><article class='slide-entry flex_column  post-entry post-entry-79824 slide-entry-overview slide-loop-8 slide-parity-odd  av_fullwidth first real-thumbnail'  itemscope=\"itemscope\" itemtype=\"https:\/\/schema.org\/CreativeWork\" ><a href='https:\/\/agencevu.com\/en\/serie\/loulan-beauty-2007\/' data-rel='slide-3' class='slide-image' title=''><img width=\"436\" height=\"290\" src=\"https:\/\/agencevu.com\/wp-content\/uploads\/2020\/08\/00_DOUR11014-2003CL03.jpg\" class=\"wp-image-77481 avia-img-lazy-loading-77481 attachment-large size-large wp-post-image\" alt=\"\" loading=\"lazy\" srcset=\"https:\/\/agencevu.com\/wp-content\/uploads\/2020\/08\/00_DOUR11014-2003CL03.jpg 436w, https:\/\/agencevu.com\/wp-content\/uploads\/2020\/08\/00_DOUR11014-2003CL03-80x53.jpg 80w, https:\/\/agencevu.com\/wp-content\/uploads\/2020\/08\/00_DOUR11014-2003CL03-300x200.jpg 300w\" sizes=\"(max-width: 436px) 100vw, 436px\" \/><\/a><div class='slide-content'><header class=\"entry-content-header\"><span class=\"blog-categories minor-meta\"> <a href=\"https:\/\/agencevu.com\/en\/photographer\/claudine-doury\/\" rel=\"tag\">Claudine Doury<\/a> <a href=\"https:\/\/agencevu.com\/en\/section_taxonomy\/series\/\" rel=\"tag\">s\u00e9ries<\/a> <\/span><h3 class='slide-entry-title entry-title'  itemprop=\"headline\" ><a href='https:\/\/agencevu.com\/en\/serie\/loulan-beauty-2007\/' title='Loulan Beauty, 2007'>Loulan Beauty, 2007<\/a><\/h3><span class=\"av-vertical-delimiter\"><\/span><\/header><div class='slide-entry-excerpt entry-content'  itemprop=\"text\" ><span class=\"tag-extrait\">Serie | <\/span> This is a story of a slow disappearance, into the sand and in time. The end of a world, a trip through post-soviet central Asia and Xinjiang province in China. <\/div><\/div><footer class=\"entry-footer\"><div class='slide-meta'><time class='slide-meta-time updated'  itemprop=\"datePublished\" datetime=\"2007-05-18T18:11:22+02:00\" >18 May 2007<\/time><\/div><\/footer><span class='hidden'>\n\t\t\t\t<span class='av-structured-data'  itemprop=\"image\" itemscope=\"itemscope\" itemtype=\"https:\/\/schema.org\/ImageObject\" >\n\t\t\t\t\t\t<span itemprop='url'>https:\/\/agencevu.com\/wp-content\/uploads\/2020\/08\/00_DOUR11014-2003CL03.jpg<\/span>\n\t\t\t\t\t\t<span itemprop='height'>290<\/span>\n\t\t\t\t\t\t<span itemprop='width'>436<\/span>\n\t\t\t\t<\/span>\n\t\t\t\t<span class='av-structured-data'  itemprop=\"publisher\" itemtype=\"https:\/\/schema.org\/Organization\" itemscope=\"itemscope\" >\n\t\t\t\t\t\t<span itemprop='name'>Fanny Demichelis<\/span>\n\t\t\t\t\t\t<span itemprop='logo' itemscope itemtype='https:\/\/schema.org\/ImageObject'>\n\t\t\t\t\t\t\t<span itemprop='url'>\/wp-content\/uploads\/2021\/05\/logo-vert-2.svg<\/span>\n\t\t\t\t\t\t <\/span>\n\t\t\t\t<\/span><span class='av-structured-data'  itemprop=\"author\" itemscope=\"itemscope\" itemtype=\"https:\/\/schema.org\/Person\" ><span itemprop='name'>Fanny Demichelis<\/span><\/span><span class='av-structured-data'  itemprop=\"datePublished\" datetime=\"1999-05-18T16:56:57+02:00\" >2007-05-18 18:11:22<\/span><span class='av-structured-data'  itemprop=\"dateModified\" itemtype=\"https:\/\/schema.org\/dateModified\" >2021-01-19 12:19:43<\/span><span class='av-structured-data'  itemprop=\"mainEntityOfPage\" itemtype=\"https:\/\/schema.org\/mainEntityOfPage\" ><span itemprop='name'>Loulan Beauty, 2007<\/span><\/span><\/span><\/article><\/div><div class='slide-entry-wrap'><article class='slide-entry flex_column  post-entry post-entry-79825 slide-entry-overview slide-loop-9 slide-parity-odd  av_fullwidth first real-thumbnail'  itemscope=\"itemscope\" itemtype=\"https:\/\/schema.org\/CreativeWork\" ><a href='https:\/\/agencevu.com\/en\/serie\/fear-of-the-wolf-2006\/' data-rel='slide-3' class='slide-image' title=''><img width=\"435\" height=\"290\" src=\"https:\/\/agencevu.com\/wp-content\/uploads\/2021\/05\/00DOUR12598-2006CL01.jpg\" class=\"wp-image-155448 avia-img-lazy-loading-155448 attachment-large size-large wp-post-image\" alt=\"\" loading=\"lazy\" srcset=\"https:\/\/agencevu.com\/wp-content\/uploads\/2021\/05\/00DOUR12598-2006CL01.jpg 435w, https:\/\/agencevu.com\/wp-content\/uploads\/2021\/05\/00DOUR12598-2006CL01-300x200.jpg 300w, https:\/\/agencevu.com\/wp-content\/uploads\/2021\/05\/00DOUR12598-2006CL01-80x53.jpg 80w\" sizes=\"(max-width: 435px) 100vw, 435px\" \/><\/a><div class='slide-content'><header class=\"entry-content-header\"><span class=\"blog-categories minor-meta\"> <a href=\"https:\/\/agencevu.com\/en\/photographer\/claudine-doury\/\" rel=\"tag\">Claudine Doury<\/a> <a href=\"https:\/\/agencevu.com\/en\/section_taxonomy\/series\/\" rel=\"tag\">s\u00e9ries<\/a> <\/span><h3 class='slide-entry-title entry-title'  itemprop=\"headline\" ><a href='https:\/\/agencevu.com\/en\/serie\/fear-of-the-wolf-2006\/' title='Fear of the Wolf, 2006'>Fear of the Wolf, 2006<\/a><\/h3><span class=\"av-vertical-delimiter\"><\/span><\/header><div class='slide-entry-excerpt entry-content'  itemprop=\"text\" ><span class=\"tag-extrait\">Serie | <\/span> On the occasion of the 20th anniversary of the VU' agency and La F\u00e9mis, the director Claudine Natkin, as passionate as Claudine Doury about the themes of childhood and adolescence, has chosen to follow with the photographer the wanderings of Louise<\/div><\/div><footer class=\"entry-footer\"><div class='slide-meta'><time class='slide-meta-time updated'  itemprop=\"datePublished\" datetime=\"2006-03-18T17:42:58+01:00\" >18 March 2006<\/time><\/div><\/footer><span class='hidden'>\n\t\t\t\t<span class='av-structured-data'  itemprop=\"image\" itemscope=\"itemscope\" itemtype=\"https:\/\/schema.org\/ImageObject\" >\n\t\t\t\t\t\t<span itemprop='url'>https:\/\/agencevu.com\/wp-content\/uploads\/2021\/05\/00DOUR12598-2006CL01.jpg<\/span>\n\t\t\t\t\t\t<span itemprop='height'>290<\/span>\n\t\t\t\t\t\t<span itemprop='width'>435<\/span>\n\t\t\t\t<\/span>\n\t\t\t\t<span class='av-structured-data'  itemprop=\"publisher\" itemtype=\"https:\/\/schema.org\/Organization\" itemscope=\"itemscope\" >\n\t\t\t\t\t\t<span itemprop='name'>Fanny Demichelis<\/span>\n\t\t\t\t\t\t<span itemprop='logo' itemscope itemtype='https:\/\/schema.org\/ImageObject'>\n\t\t\t\t\t\t\t<span itemprop='url'>\/wp-content\/uploads\/2021\/05\/logo-vert-2.svg<\/span>\n\t\t\t\t\t\t <\/span>\n\t\t\t\t<\/span><span class='av-structured-data'  itemprop=\"author\" itemscope=\"itemscope\" itemtype=\"https:\/\/schema.org\/Person\" ><span itemprop='name'>Fanny Demichelis<\/span><\/span><span class='av-structured-data'  itemprop=\"datePublished\" datetime=\"1999-05-18T16:56:57+02:00\" >2006-03-18 17:42:58<\/span><span class='av-structured-data'  itemprop=\"dateModified\" itemtype=\"https:\/\/schema.org\/dateModified\" >2021-05-12 11:16:20<\/span><span class='av-structured-data'  itemprop=\"mainEntityOfPage\" itemtype=\"https:\/\/schema.org\/mainEntityOfPage\" ><span itemprop='name'>Fear of the Wolf, 2006<\/span><\/span><\/span><\/article><\/div><div class='slide-entry-wrap'><article class='slide-entry flex_column  post-entry post-entry-79826 slide-entry-overview slide-loop-10 slide-parity-odd  av_fullwidth first real-thumbnail'  itemscope=\"itemscope\" itemtype=\"https:\/\/schema.org\/CreativeWork\" ><a href='https:\/\/agencevu.com\/en\/serie\/artek-2004\/' data-rel='slide-3' class='slide-image' title=''><img width=\"441\" height=\"290\" src=\"https:\/\/agencevu.com\/wp-content\/uploads\/2020\/08\/00_DOUR11727-2002CL33.jpg\" class=\"wp-image-77349 avia-img-lazy-loading-77349 attachment-large size-large wp-post-image\" alt=\"\" loading=\"lazy\" srcset=\"https:\/\/agencevu.com\/wp-content\/uploads\/2020\/08\/00_DOUR11727-2002CL33.jpg 441w, https:\/\/agencevu.com\/wp-content\/uploads\/2020\/08\/00_DOUR11727-2002CL33-80x53.jpg 80w, https:\/\/agencevu.com\/wp-content\/uploads\/2020\/08\/00_DOUR11727-2002CL33-300x197.jpg 300w\" sizes=\"(max-width: 441px) 100vw, 441px\" \/><\/a><div class='slide-content'><header class=\"entry-content-header\"><span class=\"blog-categories minor-meta\"> <a href=\"https:\/\/agencevu.com\/en\/photographer\/claudine-doury\/\" rel=\"tag\">Claudine Doury<\/a> <a href=\"https:\/\/agencevu.com\/en\/section_taxonomy\/series\/\" rel=\"tag\">s\u00e9ries<\/a> <\/span><h3 class='slide-entry-title entry-title'  itemprop=\"headline\" ><a href='https:\/\/agencevu.com\/en\/serie\/artek-2004\/' title='Artek, 2004'>Artek, 2004<\/a><\/h3><span class=\"av-vertical-delimiter\"><\/span><\/header><div class='slide-entry-excerpt entry-content'  itemprop=\"text\" ><span class=\"tag-extrait\">Serie | <\/span> Created in 1925 in the Crimea, on the shores of the Black Sea, Artek, the most famous holiday camp for young teenagers, symbolized the success of the communist regime. <\/div><\/div><footer class=\"entry-footer\"><div class='slide-meta'><time class='slide-meta-time updated'  itemprop=\"datePublished\" datetime=\"2004-05-18T17:26:29+02:00\" >18 May 2004<\/time><\/div><\/footer><span class='hidden'>\n\t\t\t\t<span class='av-structured-data'  itemprop=\"image\" itemscope=\"itemscope\" itemtype=\"https:\/\/schema.org\/ImageObject\" >\n\t\t\t\t\t\t<span itemprop='url'>https:\/\/agencevu.com\/wp-content\/uploads\/2020\/08\/00_DOUR11727-2002CL33.jpg<\/span>\n\t\t\t\t\t\t<span itemprop='height'>290<\/span>\n\t\t\t\t\t\t<span itemprop='width'>441<\/span>\n\t\t\t\t<\/span>\n\t\t\t\t<span class='av-structured-data'  itemprop=\"publisher\" itemtype=\"https:\/\/schema.org\/Organization\" itemscope=\"itemscope\" >\n\t\t\t\t\t\t<span itemprop='name'>Fanny Demichelis<\/span>\n\t\t\t\t\t\t<span itemprop='logo' itemscope itemtype='https:\/\/schema.org\/ImageObject'>\n\t\t\t\t\t\t\t<span itemprop='url'>\/wp-content\/uploads\/2021\/05\/logo-vert-2.svg<\/span>\n\t\t\t\t\t\t <\/span>\n\t\t\t\t<\/span><span class='av-structured-data'  itemprop=\"author\" itemscope=\"itemscope\" itemtype=\"https:\/\/schema.org\/Person\" ><span itemprop='name'>Fanny Demichelis<\/span><\/span><span class='av-structured-data'  itemprop=\"datePublished\" datetime=\"1999-05-18T16:56:57+02:00\" >2004-05-18 17:26:29<\/span><span class='av-structured-data'  itemprop=\"dateModified\" itemtype=\"https:\/\/schema.org\/dateModified\" >2021-01-19 12:27:41<\/span><span class='av-structured-data'  itemprop=\"mainEntityOfPage\" itemtype=\"https:\/\/schema.org\/mainEntityOfPage\" ><span itemprop='name'>Artek, 2004<\/span><\/span><\/span><\/article><\/div><div class='slide-entry-wrap'><article class='slide-entry flex_column  post-entry post-entry-79823 slide-entry-overview slide-loop-11 slide-parity-odd  post-entry-last  av_fullwidth first real-thumbnail'  itemscope=\"itemscope\" itemtype=\"https:\/\/schema.org\/CreativeWork\" ><a href='https:\/\/agencevu.com\/en\/serie\/people-of-siberia-1998\/' data-rel='slide-3' class='slide-image' title=''><img width=\"435\" height=\"290\" src=\"https:\/\/agencevu.com\/wp-content\/uploads\/2020\/08\/01_DOUR8641-1998NB52.jpg\" class=\"wp-image-77304 avia-img-lazy-loading-77304 attachment-large size-large wp-post-image\" alt=\"\" loading=\"lazy\" srcset=\"https:\/\/agencevu.com\/wp-content\/uploads\/2020\/08\/01_DOUR8641-1998NB52.jpg 435w, https:\/\/agencevu.com\/wp-content\/uploads\/2020\/08\/01_DOUR8641-1998NB52-80x53.jpg 80w, https:\/\/agencevu.com\/wp-content\/uploads\/2020\/08\/01_DOUR8641-1998NB52-300x200.jpg 300w\" sizes=\"(max-width: 435px) 100vw, 435px\" \/><\/a><div class='slide-content'><header class=\"entry-content-header\"><span class=\"blog-categories minor-meta\"> <a href=\"https:\/\/agencevu.com\/en\/photographer\/claudine-doury\/\" rel=\"tag\">Claudine Doury<\/a> <a href=\"https:\/\/agencevu.com\/en\/section_taxonomy\/series\/\" rel=\"tag\">s\u00e9ries<\/a> <\/span><h3 class='slide-entry-title entry-title'  itemprop=\"headline\" ><a href='https:\/\/agencevu.com\/en\/serie\/people-of-siberia-1998\/' title='People of Siberia, 1998'>People of Siberia, 1998<\/a><\/h3><span class=\"av-vertical-delimiter\"><\/span><\/header><div class='slide-entry-excerpt entry-content'  itemprop=\"text\" ><span class=\"tag-extrait\">Serie | <\/span> From 1996 to 1998, Claudine Doury travelled to Siberia. From the Amur river to the Boreal region, on the footsteps of local minorities, she questioned both their identity and their practice in today\u2019s contemporary world.\r\n<\/div><\/div><footer class=\"entry-footer\"><div class='slide-meta'><time class='slide-meta-time updated'  itemprop=\"datePublished\" datetime=\"1999-05-18T16:56:57+02:00\" >18 May 1999<\/time><\/div><\/footer><span class='hidden'>\n\t\t\t\t<span class='av-structured-data'  itemprop=\"image\" itemscope=\"itemscope\" itemtype=\"https:\/\/schema.org\/ImageObject\" >\n\t\t\t\t\t\t<span itemprop='url'>https:\/\/agencevu.com\/wp-content\/uploads\/2020\/08\/01_DOUR8641-1998NB52.jpg<\/span>\n\t\t\t\t\t\t<span itemprop='height'>290<\/span>\n\t\t\t\t\t\t<span itemprop='width'>435<\/span>\n\t\t\t\t<\/span>\n\t\t\t\t<span class='av-structured-data'  itemprop=\"publisher\" itemtype=\"https:\/\/schema.org\/Organization\" itemscope=\"itemscope\" >\n\t\t\t\t\t\t<span itemprop='name'>Fanny Demichelis<\/span>\n\t\t\t\t\t\t<span itemprop='logo' itemscope itemtype='https:\/\/schema.org\/ImageObject'>\n\t\t\t\t\t\t\t<span itemprop='url'>\/wp-content\/uploads\/2021\/05\/logo-vert-2.svg<\/span>\n\t\t\t\t\t\t <\/span>\n\t\t\t\t<\/span><span class='av-structured-data'  itemprop=\"author\" itemscope=\"itemscope\" itemtype=\"https:\/\/schema.org\/Person\" ><span itemprop='name'>Fanny Demichelis<\/span><\/span><span class='av-structured-data'  itemprop=\"datePublished\" datetime=\"1999-05-18T16:56:57+02:00\" >1999-05-18 16:56:57<\/span><span class='av-structured-data'  itemprop=\"dateModified\" itemtype=\"https:\/\/schema.org\/dateModified\" >2021-01-19 12:34:48<\/span><span class='av-structured-data'  itemprop=\"mainEntityOfPage\" itemtype=\"https:\/\/schema.org\/mainEntityOfPage\" ><span itemprop='name'>People of Siberia, 1998<\/span><\/span><\/span><\/article><\/div><\/div><\/div>\n\n<div id='interview'  class='avia-section main_color avia-section-small avia-no-border-styling  avia-bg-style-scroll  avia-builder-el-0  el_before_av_section  avia-builder-el-first   container_wrap fullsize' style=' '  ><div class='container' ><main  role=\"main\" itemprop=\"mainContentOfPage\"  class='template-page content  av-content-full alpha units'><div class='post-entry post-entry-type-page post-entry-107884'><div class='entry-content-wrapper clearfix'>\n<section class=\"av_textblock_section \"  itemscope=\"itemscope\" itemtype=\"https:\/\/schema.org\/CreativeWork\" ><div class='avia_textblock  '  style='font-size:20px; '  itemprop=\"text\" ><p id=\"interview\" style=\"color: #707070; letter-spacing: 1.5px; text-transform: uppercase;\">Interviews<\/p>\n<hr class=\"hr-titre-page\">\n<\/div><\/section>\n<div class=\"flex_column av_one_third  flex_column_div av-zero-column-padding first  \" style='border-radius:0px; '><p><div  class='avia-image-container  av-styling-no-styling    avia-align-center '  itemprop=\"image\" itemscope=\"itemscope\" itemtype=\"https:\/\/schema.org\/ImageObject\"  ><div class='avia-image-container-inner'><div class='avia-image-overlay-wrap'><a href=\"https:\/\/www.visions.photo\/podcasts\/claudine-doury\" class='avia_image' target=\"_blank\" rel=\"noopener noreferrer\"><img width=\"1641\" height=\"1080\" class='wp-image-170523 avia-img-lazy-loading-not-170523 avia_image' src=\"https:\/\/agencevu.com\/wp-content\/uploads\/2021\/11\/014_06_DOUR11727-2002CL33.jpg\" alt='' title='Claudine Doury'  itemprop=\"thumbnailUrl\" srcset=\"https:\/\/agencevu.com\/wp-content\/uploads\/2021\/11\/014_06_DOUR11727-2002CL33.jpg 1641w, https:\/\/agencevu.com\/wp-content\/uploads\/2021\/11\/014_06_DOUR11727-2002CL33-300x197.jpg 300w, https:\/\/agencevu.com\/wp-content\/uploads\/2021\/11\/014_06_DOUR11727-2002CL33-1030x678.jpg 1030w, https:\/\/agencevu.com\/wp-content\/uploads\/2021\/11\/014_06_DOUR11727-2002CL33-80x53.jpg 80w, https:\/\/agencevu.com\/wp-content\/uploads\/2021\/11\/014_06_DOUR11727-2002CL33-768x505.jpg 768w, https:\/\/agencevu.com\/wp-content\/uploads\/2021\/11\/014_06_DOUR11727-2002CL33-1536x1011.jpg 1536w, https:\/\/agencevu.com\/wp-content\/uploads\/2021\/11\/014_06_DOUR11727-2002CL33-1500x987.jpg 1500w, https:\/\/agencevu.com\/wp-content\/uploads\/2021\/11\/014_06_DOUR11727-2002CL33-705x464.jpg 705w\" sizes=\"(max-width: 1641px) 100vw, 1641px\" \/><\/a><\/div><\/div><\/div><br \/>\n<section class=\"av_textblock_section \"  itemscope=\"itemscope\" itemtype=\"https:\/\/schema.org\/CreativeWork\" ><div class='avia_textblock  '   itemprop=\"text\" ><p><em>VISION #38 \u2013 Claudine Doury<\/em><br \/>\n<strong>Vision(s)<\/strong><br \/>\n\u2014<br \/>\nInterview by Lily Lajeunesse, 2022<\/p>\n<\/div><\/section><br \/>\n<div  class='avia-button-wrap avia-button-left ' ><a href='https:\/\/www.visions.photo\/podcasts\/claudine-doury' class='avia-button  avia-color-theme-color-highlight   avia-icon_select-no avia-size-small avia-position-left ' target=\"_blank\" rel=\"noopener noreferrer\"><span class='avia_iconbox_title' >Listen<\/span><\/a><\/div><\/p><\/div><div class=\"flex_column av_one_third  flex_column_div av-zero-column-padding   \" style='border-radius:0px; '><p><div  class='avia-image-container  av-styling-no-styling    avia-align-center '  itemprop=\"image\" itemscope=\"itemscope\" itemtype=\"https:\/\/schema.org\/ImageObject\"  ><div class='avia-image-container-inner'><div class='avia-image-overlay-wrap'><a href=\"https:\/\/www.franceculture.fr\/emissions\/le-reveil-culturel\/claudine-doury\" class='avia_image' target=\"_blank\" rel=\"noopener noreferrer\"><img width=\"1400\" height=\"930\" class='wp-image-77826 avia-img-lazy-loading-not-77826 avia_image' src=\"https:\/\/agencevu.com\/wp-content\/uploads\/2020\/08\/23_DOUR7196-1991CL61.jpg\" alt='' title='Russia, Blagoveshchensk, 1991 - This family crosses the Amur River by ferry, near the town of Blagoveshchensk. I found this photo taken during my first trip on the Love River. At the time, I didn&#039;t retain it. I like the mystery surrounding the attention given to the child.'  itemprop=\"thumbnailUrl\" srcset=\"https:\/\/agencevu.com\/wp-content\/uploads\/2020\/08\/23_DOUR7196-1991CL61.jpg 1400w, https:\/\/agencevu.com\/wp-content\/uploads\/2020\/08\/23_DOUR7196-1991CL61-80x53.jpg 80w, https:\/\/agencevu.com\/wp-content\/uploads\/2020\/08\/23_DOUR7196-1991CL61-300x199.jpg 300w, https:\/\/agencevu.com\/wp-content\/uploads\/2020\/08\/23_DOUR7196-1991CL61-768x510.jpg 768w, https:\/\/agencevu.com\/wp-content\/uploads\/2020\/08\/23_DOUR7196-1991CL61-1030x684.jpg 1030w, https:\/\/agencevu.com\/wp-content\/uploads\/2020\/08\/23_DOUR7196-1991CL61-705x468.jpg 705w, https:\/\/agencevu.com\/wp-content\/uploads\/2020\/08\/23_DOUR7196-1991CL61-450x299.jpg 450w\" sizes=\"(max-width: 1400px) 100vw, 1400px\" \/><\/a><\/div><\/div><\/div><br \/>\n<section class=\"av_textblock_section \"  itemscope=\"itemscope\" itemtype=\"https:\/\/schema.org\/CreativeWork\" ><div class='avia_textblock  '   itemprop=\"text\" ><p><em>Le r\u00e9veil culturel<\/em><br \/>\n<strong>France Culture<\/strong><br \/>\n\u2014<br \/>\nInterview by Tewfik Hakem, 2018<\/p>\n<\/div><\/section><br \/>\n<div  class='avia-button-wrap avia-button-left ' ><a href='https:\/\/www.franceculture.fr\/emissions\/le-reveil-culturel\/claudine-doury' class='avia-button  avia-color-theme-color-highlight   avia-icon_select-no avia-size-small avia-position-left ' target=\"_blank\" rel=\"noopener noreferrer\"><span class='avia_iconbox_title' >Listen<\/span><\/a><\/div><\/p><\/div><div class=\"flex_column av_one_third  flex_column_div av-zero-column-padding   \" style='border-radius:0px; '><p><div  class='avia-image-container  av-styling-no-styling    avia-align-center '  itemprop=\"image\" itemscope=\"itemscope\" itemtype=\"https:\/\/schema.org\/ImageObject\"  ><div class='avia-image-container-inner'><div class='avia-image-overlay-wrap'><a href=\"https:\/\/www.franceculture.fr\/emissions\/backstage\/numero-28-les-adolescences-de-claudine-doury\" class='avia_image' target=\"_blank\" rel=\"noopener noreferrer\"><img width=\"1400\" height=\"975\" class='wp-image-77323 avia-img-lazy-loading-not-77323 avia_image' src=\"https:\/\/agencevu.com\/wp-content\/uploads\/2020\/08\/07_DOUR11727-2002CL16.jpg\" alt='' title='Ukraine, July 2003 - Artek, a summer in Crimea. Last communist youths camp Kiparisni camp.'  itemprop=\"thumbnailUrl\" srcset=\"https:\/\/agencevu.com\/wp-content\/uploads\/2020\/08\/07_DOUR11727-2002CL16.jpg 1400w, https:\/\/agencevu.com\/wp-content\/uploads\/2020\/08\/07_DOUR11727-2002CL16-80x56.jpg 80w, https:\/\/agencevu.com\/wp-content\/uploads\/2020\/08\/07_DOUR11727-2002CL16-300x209.jpg 300w, https:\/\/agencevu.com\/wp-content\/uploads\/2020\/08\/07_DOUR11727-2002CL16-768x535.jpg 768w, https:\/\/agencevu.com\/wp-content\/uploads\/2020\/08\/07_DOUR11727-2002CL16-1030x717.jpg 1030w, https:\/\/agencevu.com\/wp-content\/uploads\/2020\/08\/07_DOUR11727-2002CL16-705x491.jpg 705w, https:\/\/agencevu.com\/wp-content\/uploads\/2020\/08\/07_DOUR11727-2002CL16-450x313.jpg 450w\" sizes=\"(max-width: 1400px) 100vw, 1400px\" \/><\/a><\/div><\/div><\/div><br \/>\n<section class=\"av_textblock_section \"  itemscope=\"itemscope\" itemtype=\"https:\/\/schema.org\/CreativeWork\" ><div class='avia_textblock  '   itemprop=\"text\" ><p><em>Backstage<\/em><br \/>\n<strong>France Culture<\/strong><br \/>\n\u2014<br \/>\nInterview by Aur\u00e9lie Charon, 2016<\/p>\n<\/div><\/section><br \/>\n<div  class='avia-button-wrap avia-button-left ' ><a href='https:\/\/www.franceculture.fr\/emissions\/backstage\/numero-28-les-adolescences-de-claudine-doury' class='avia-button  avia-color-theme-color-highlight   avia-icon_select-no avia-size-small avia-position-left ' target=\"_blank\" rel=\"noopener noreferrer\"><span class='avia_iconbox_title' >Listen<\/span><\/a><\/div><\/p><\/div><div class=\"flex_column av_one_third  flex_column_div av-zero-column-padding first  \" style='border-radius:0px; '><p><div  class='avia-image-container  av-styling-no-styling    avia-align-center '  itemprop=\"image\" itemscope=\"itemscope\" itemtype=\"https:\/\/schema.org\/ImageObject\"  ><div class='avia-image-container-inner'><div class='avia-image-overlay-wrap'><a href=\"https:\/\/www.francemusique.fr\/emissions\/l-invite-du-jour\/claudine-doury-9636\" class='avia_image' target=\"_blank\" rel=\"noopener noreferrer\"><img width=\"1400\" height=\"930\" class='wp-image-77880 avia-img-lazy-loading-not-77880 avia_image' src=\"https:\/\/agencevu.com\/wp-content\/uploads\/2020\/08\/56_DOUR8641-1998NB44.jpg\" alt='' title='From the series &quot;The People of Siberia&quot;'  itemprop=\"thumbnailUrl\" srcset=\"https:\/\/agencevu.com\/wp-content\/uploads\/2020\/08\/56_DOUR8641-1998NB44.jpg 1400w, https:\/\/agencevu.com\/wp-content\/uploads\/2020\/08\/56_DOUR8641-1998NB44-80x53.jpg 80w, https:\/\/agencevu.com\/wp-content\/uploads\/2020\/08\/56_DOUR8641-1998NB44-300x199.jpg 300w, https:\/\/agencevu.com\/wp-content\/uploads\/2020\/08\/56_DOUR8641-1998NB44-768x510.jpg 768w, https:\/\/agencevu.com\/wp-content\/uploads\/2020\/08\/56_DOUR8641-1998NB44-1030x684.jpg 1030w, https:\/\/agencevu.com\/wp-content\/uploads\/2020\/08\/56_DOUR8641-1998NB44-705x468.jpg 705w, https:\/\/agencevu.com\/wp-content\/uploads\/2020\/08\/56_DOUR8641-1998NB44-450x299.jpg 450w\" sizes=\"(max-width: 1400px) 100vw, 1400px\" \/><\/a><\/div><\/div><\/div><br \/>\n<section class=\"av_textblock_section \"  itemscope=\"itemscope\" itemtype=\"https:\/\/schema.org\/CreativeWork\" ><div class='avia_textblock  '   itemprop=\"text\" ><p><em>L&#8217;invit\u00e9 du jour<\/em><br \/>\n<strong>France Musique<\/strong><br \/>\n\u2014<br \/>\nInterview by Vincent Josse, 2016<\/p>\n<\/div><\/section><br \/>\n<div  class='avia-button-wrap avia-button-left ' ><a href='https:\/\/www.francemusique.fr\/emissions\/l-invite-du-jour\/claudine-doury-9636' class='avia-button  avia-color-theme-color-highlight   avia-icon_select-no avia-size-small avia-position-left ' target=\"_blank\" rel=\"noopener noreferrer\"><span class='avia_iconbox_title' >Listen<\/span><\/a><\/div><\/p><\/div><div class=\"flex_column av_one_third  flex_column_div av-zero-column-padding   \" style='border-radius:0px; '><p><div  class='avia-image-container  av-styling-no-styling    avia-align-center '  itemprop=\"image\" itemscope=\"itemscope\" itemtype=\"https:\/\/schema.org\/ImageObject\"  ><div class='avia-image-container-inner'><div class='avia-image-overlay-wrap'><a href=\"https:\/\/www.franceinter.fr\/emissions\/regardez-voir\/regardez-voir-11-septembre-2014\" class='avia_image' target=\"_blank\" rel=\"noopener noreferrer\"><img width=\"1400\" height=\"932\" class='wp-image-77513 avia-img-lazy-loading-not-77513 avia_image' src=\"https:\/\/agencevu.com\/wp-content\/uploads\/2020\/08\/12_DOUR18120-2010CL12.jpg\" alt='' title='12_DOUR18120-2010CL12'  itemprop=\"thumbnailUrl\" srcset=\"https:\/\/agencevu.com\/wp-content\/uploads\/2020\/08\/12_DOUR18120-2010CL12.jpg 1400w, https:\/\/agencevu.com\/wp-content\/uploads\/2020\/08\/12_DOUR18120-2010CL12-80x53.jpg 80w, https:\/\/agencevu.com\/wp-content\/uploads\/2020\/08\/12_DOUR18120-2010CL12-300x200.jpg 300w, https:\/\/agencevu.com\/wp-content\/uploads\/2020\/08\/12_DOUR18120-2010CL12-768x511.jpg 768w, https:\/\/agencevu.com\/wp-content\/uploads\/2020\/08\/12_DOUR18120-2010CL12-1030x686.jpg 1030w, https:\/\/agencevu.com\/wp-content\/uploads\/2020\/08\/12_DOUR18120-2010CL12-705x469.jpg 705w, https:\/\/agencevu.com\/wp-content\/uploads\/2020\/08\/12_DOUR18120-2010CL12-450x300.jpg 450w\" sizes=\"(max-width: 1400px) 100vw, 1400px\" \/><\/a><\/div><\/div><\/div><br \/>\n<section class=\"av_textblock_section \"  itemscope=\"itemscope\" itemtype=\"https:\/\/schema.org\/CreativeWork\" ><div class='avia_textblock  '   itemprop=\"text\" ><p><em>Regardez voir<\/em><br \/>\n<strong>France Inter<\/strong><br \/>\n\u2014<br \/>\nInterview by Brigitte Patient, 2014<\/p>\n<\/div><\/section><br \/>\n<div  class='avia-button-wrap avia-button-left ' ><a href='https:\/\/www.franceinter.fr\/emissions\/regardez-voir\/regardez-voir-11-septembre-2014' class='avia-button  avia-color-theme-color-highlight   avia-icon_select-no avia-size-small avia-position-left ' target=\"_blank\" rel=\"noopener noreferrer\"><span class='avia_iconbox_title' >Listen<\/span><\/a><\/div><\/p><\/div><div class=\"flex_column av_one_third  flex_column_div av-zero-column-padding   \" style='border-radius:0px; '><p><div  class='avia-image-container  av-styling-no-styling    avia-align-center '  itemprop=\"image\" itemscope=\"itemscope\" itemtype=\"https:\/\/schema.org\/ImageObject\"  ><div class='avia-image-container-inner'><div class='avia-image-overlay-wrap'><a href=\"https:\/\/www.franceculture.fr\/emissions\/pas-la-peine-de-crier\/semaine-speciale-arles-avec-claudine-doury-15\" class='avia_image' target=\"_blank\" rel=\"noopener noreferrer\"><img width=\"1400\" height=\"933\" class='wp-image-77437 avia-img-lazy-loading-not-77437 avia_image' src=\"https:\/\/agencevu.com\/wp-content\/uploads\/2020\/08\/26_DOUR10788-2002CL03.jpg\" alt='' title='Uzbekistan \/ L&#039;Ouzbekistan   (Loulan Beauty)'  itemprop=\"thumbnailUrl\" srcset=\"https:\/\/agencevu.com\/wp-content\/uploads\/2020\/08\/26_DOUR10788-2002CL03.jpg 1400w, https:\/\/agencevu.com\/wp-content\/uploads\/2020\/08\/26_DOUR10788-2002CL03-80x53.jpg 80w, https:\/\/agencevu.com\/wp-content\/uploads\/2020\/08\/26_DOUR10788-2002CL03-300x200.jpg 300w, https:\/\/agencevu.com\/wp-content\/uploads\/2020\/08\/26_DOUR10788-2002CL03-768x512.jpg 768w, https:\/\/agencevu.com\/wp-content\/uploads\/2020\/08\/26_DOUR10788-2002CL03-1030x686.jpg 1030w, https:\/\/agencevu.com\/wp-content\/uploads\/2020\/08\/26_DOUR10788-2002CL03-705x470.jpg 705w, https:\/\/agencevu.com\/wp-content\/uploads\/2020\/08\/26_DOUR10788-2002CL03-450x300.jpg 450w\" sizes=\"(max-width: 1400px) 100vw, 1400px\" \/><\/a><\/div><\/div><\/div><br \/>\n<section class=\"av_textblock_section \"  itemscope=\"itemscope\" itemtype=\"https:\/\/schema.org\/CreativeWork\" ><div class='avia_textblock  '   itemprop=\"text\" ><p><em>Pas la peine de crier<\/em><br \/>\n<strong>France Culture<\/strong><br \/>\n\u2014<br \/>\nInterview by Marie Richeux, 2011<\/p>\n<\/div><\/section><br \/>\n<div  class='avia-button-wrap avia-button-left ' ><a href='https:\/\/www.franceculture.fr\/emissions\/pas-la-peine-de-crier\/semaine-speciale-arles-avec-claudine-doury-15' class='avia-button  avia-color-theme-color-highlight   avia-icon_select-no avia-size-small avia-position-left ' target=\"_blank\" rel=\"noopener noreferrer\"><span class='avia_iconbox_title' >Listen<\/span><\/a><\/div><\/p><\/div><\/div><\/div><\/main><!-- close content main element --><\/div><\/div><div id='exhibitions'  class='avia-section main_color avia-section-small avia-no-border-styling  avia-bg-style-scroll  avia-builder-el-2  el_after_av_section  avia-builder-el-last   container_wrap fullsize' style=' '  ><div class='container' ><div class='template-page content  av-content-full alpha units'><div class='post-entry post-entry-type-page post-entry-107884'><div class='entry-content-wrapper clearfix'>\n<section class=\"av_textblock_section \"  itemscope=\"itemscope\" itemtype=\"https:\/\/schema.org\/CreativeWork\" ><div class='avia_textblock  '  style='font-size:20px; '  itemprop=\"text\" ><p id=\"expo\" style=\"color: #707070; letter-spacing: 1.5px; text-transform: uppercase;\">Exhibitions<\/p>\n<hr class=\"hr-titre-page\">\n<\/div><\/section>\n<div class=\"flex_column av_one_third  flex_column_div av-zero-column-padding first  \" style='border-radius:0px; '><p><div  class='avia-image-container  av-styling-no-styling    avia-align-center '  itemprop=\"image\" itemscope=\"itemscope\" itemtype=\"https:\/\/schema.org\/ImageObject\"  ><div class='avia-image-container-inner'><div class='avia-image-overlay-wrap'><a href=\"https:\/\/agencevu.com\/en\/fat-event\/2026-amour\/\" class='avia_image'  target=\"_blank\"  rel=\"noopener noreferrer\"><img width=\"1400\" height=\"930\" class='wp-image-77802 avia-img-lazy-loading-not-77802 avia_image' src=\"https:\/\/agencevu.com\/wp-content\/uploads\/2020\/08\/07_DOUR7196-1991CL58.jpg\" alt='' title='Russie, Ma\u00efski, 1991 - On the road to Ma\u00efski.'  itemprop=\"thumbnailUrl\" srcset=\"https:\/\/agencevu.com\/wp-content\/uploads\/2020\/08\/07_DOUR7196-1991CL58.jpg 1400w, https:\/\/agencevu.com\/wp-content\/uploads\/2020\/08\/07_DOUR7196-1991CL58-80x53.jpg 80w, https:\/\/agencevu.com\/wp-content\/uploads\/2020\/08\/07_DOUR7196-1991CL58-300x199.jpg 300w, https:\/\/agencevu.com\/wp-content\/uploads\/2020\/08\/07_DOUR7196-1991CL58-768x510.jpg 768w, https:\/\/agencevu.com\/wp-content\/uploads\/2020\/08\/07_DOUR7196-1991CL58-1030x684.jpg 1030w, https:\/\/agencevu.com\/wp-content\/uploads\/2020\/08\/07_DOUR7196-1991CL58-705x468.jpg 705w, https:\/\/agencevu.com\/wp-content\/uploads\/2020\/08\/07_DOUR7196-1991CL58-450x299.jpg 450w\" sizes=\"(max-width: 1400px) 100vw, 1400px\" \/><\/a><\/div><\/div><\/div><br \/>\n<section class=\"av_textblock_section \"  itemscope=\"itemscope\" itemtype=\"https:\/\/schema.org\/CreativeWork\" ><div class='avia_textblock  '   itemprop=\"text\" ><p><strong>Amour, une odyss\u00e9e sib\u00e9rienne<\/strong><br \/>\n\u2014<\/p>\n<p><strong>Exhibition: 4 April to 31 May 2026<\/strong><\/p>\n<p><strong>Opening: Friday 3 April at 6.30 pm, attended by Claudine Doury<\/strong><br \/>\nTalk: Saturday 4 April at 10 am: Claudine Doury, \u2018An intimate view of the world\u2019<\/p>\n<p>Centre Jean Moulin<br \/>\nPlace Jean Moulin \u2013 33300 Bordeaux, FRANCE<\/p>\n<\/div><\/section><br \/>\n<div  class='avia-button-wrap avia-button-left ' ><a href='https:\/\/agencevu.com\/en\/fat-event\/2026-amour\/'  class='avia-button  avia-color-theme-color-highlight   avia-icon_select-no avia-size-small avia-position-left '  target=\"_blank\"  rel=\"noopener noreferrer\"  ><span class='avia_iconbox_title' >More informations<\/span><\/a><\/div><\/p><\/div><div class=\"flex_column av_one_third  flex_column_div av-zero-column-padding   \" style='border-radius:0px; '><p><div  class='avia-image-container  av-styling-no-styling    avia-align-center '  itemprop=\"image\" itemscope=\"itemscope\" itemtype=\"https:\/\/schema.org\/ImageObject\"  ><div class='avia-image-container-inner'><div class='avia-image-overlay-wrap'><a href=\"\/en\/fat-event\/claudine-doury-nostalghia\/\" class='avia_image' target=\"_blank\" rel=\"noopener noreferrer\"><img width=\"1619\" height=\"1080\" class='wp-image-214526 avia-img-lazy-loading-not-214526 avia_image' src=\"https:\/\/agencevu.com\/wp-content\/uploads\/2024\/09\/1_Doury_Solstice.jpg\" alt='' title='Solstice'  itemprop=\"thumbnailUrl\" srcset=\"https:\/\/agencevu.com\/wp-content\/uploads\/2024\/09\/1_Doury_Solstice.jpg 1619w, https:\/\/agencevu.com\/wp-content\/uploads\/2024\/09\/1_Doury_Solstice-300x200.jpg 300w, https:\/\/agencevu.com\/wp-content\/uploads\/2024\/09\/1_Doury_Solstice-1030x687.jpg 1030w, https:\/\/agencevu.com\/wp-content\/uploads\/2024\/09\/1_Doury_Solstice-80x53.jpg 80w, https:\/\/agencevu.com\/wp-content\/uploads\/2024\/09\/1_Doury_Solstice-768x512.jpg 768w, https:\/\/agencevu.com\/wp-content\/uploads\/2024\/09\/1_Doury_Solstice-1536x1025.jpg 1536w, https:\/\/agencevu.com\/wp-content\/uploads\/2024\/09\/1_Doury_Solstice-1500x1001.jpg 1500w, https:\/\/agencevu.com\/wp-content\/uploads\/2024\/09\/1_Doury_Solstice-705x470.jpg 705w\" sizes=\"(max-width: 1619px) 100vw, 1619px\" \/><\/a><\/div><\/div><\/div><br \/>\n<section class=\"av_textblock_section \"  itemscope=\"itemscope\" itemtype=\"https:\/\/schema.org\/CreativeWork\" ><div class='avia_textblock  '   itemprop=\"text\" ><p><strong>Soltices<\/strong><br \/>\n\u2014<br \/>\nRifugio Digitale, Firenze (ITALY)<br \/>\n\u2014<br \/>\nFrom 25 September to 12 October 2024<\/p>\n<\/div><\/section><br \/>\n<div  class='avia-button-wrap avia-button-left ' ><a href='https:\/\/agencevu.com\/en\/fat-event\/claudine-doury-solstice\/'  class='avia-button  avia-color-theme-color-highlight   avia-icon_select-no avia-size-small avia-position-left '  target=\"_blank\"  rel=\"noopener noreferrer\"  ><span class='avia_iconbox_title' >More informations<\/span><\/a><\/div><\/p><\/div><div class=\"flex_column av_one_third  flex_column_div av-zero-column-padding   \" style='border-radius:0px; '><p><div  class='avia-image-container  av-styling-no-styling    avia-align-center '  itemprop=\"image\" itemscope=\"itemscope\" itemtype=\"https:\/\/schema.org\/ImageObject\"  ><div class='avia-image-container-inner'><div class='avia-image-overlay-wrap'><a href=\"\/en\/fat-event\/claudine-doury-nostalghia\/\" class='avia_image' target=\"_blank\" rel=\"noopener noreferrer\"><img width=\"1622\" height=\"1080\" class='wp-image-159930 avia-img-lazy-loading-not-159930 avia_image' src=\"https:\/\/agencevu.com\/wp-content\/uploads\/2021\/05\/DOUR18120-2010CL02.jpg\" alt='' title='Sasha'  itemprop=\"thumbnailUrl\" srcset=\"https:\/\/agencevu.com\/wp-content\/uploads\/2021\/05\/DOUR18120-2010CL02.jpg 1622w, https:\/\/agencevu.com\/wp-content\/uploads\/2021\/05\/DOUR18120-2010CL02-300x200.jpg 300w, https:\/\/agencevu.com\/wp-content\/uploads\/2021\/05\/DOUR18120-2010CL02-1030x686.jpg 1030w, https:\/\/agencevu.com\/wp-content\/uploads\/2021\/05\/DOUR18120-2010CL02-80x53.jpg 80w, https:\/\/agencevu.com\/wp-content\/uploads\/2021\/05\/DOUR18120-2010CL02-768x511.jpg 768w, https:\/\/agencevu.com\/wp-content\/uploads\/2021\/05\/DOUR18120-2010CL02-1536x1023.jpg 1536w, https:\/\/agencevu.com\/wp-content\/uploads\/2021\/05\/DOUR18120-2010CL02-1500x999.jpg 1500w, https:\/\/agencevu.com\/wp-content\/uploads\/2021\/05\/DOUR18120-2010CL02-705x469.jpg 705w\" sizes=\"(max-width: 1622px) 100vw, 1622px\" \/><\/a><\/div><\/div><\/div><br \/>\n<section class=\"av_textblock_section \"  itemscope=\"itemscope\" itemtype=\"https:\/\/schema.org\/CreativeWork\" ><div class='avia_textblock  '   itemprop=\"text\" ><p><strong>Nostalghia<\/strong><br \/>\n\u2014<br \/>\nFestival Portraits,&nbsp;Vichy (FRANCE)<br \/>\n\u2014<br \/>\nFrom July 17 to October 25, 2020<\/p>\n<\/div><\/section><br \/>\n<div  class='avia-button-wrap avia-button-left ' ><a href='\/en\/fat-event\/claudine-doury-nostalghia\/' class='avia-button  avia-color-theme-color-highlight   avia-icon_select-no avia-size-small avia-position-left ' target=\"_blank\" rel=\"noopener noreferrer\"><span class='avia_iconbox_title' >More informations<\/span><\/a><\/div><\/p><\/div><div class=\"flex_column av_one_third  flex_column_div av-zero-column-padding first  \" style='border-radius:0px; '><p><div  class='avia-image-container  av-styling-no-styling    avia-align-center '  itemprop=\"image\" itemscope=\"itemscope\" itemtype=\"https:\/\/schema.org\/ImageObject\"  ><div class='avia-image-container-inner'><div class='avia-image-overlay-wrap'><a href=\"\/fat-event\/claudine-doury-le-festival-du-regard\/\" class='avia_image' target=\"_blank\" rel=\"noopener noreferrer\"><img width=\"730\" height=\"584\" class='wp-image-72506 avia-img-lazy-loading-not-72506 avia_image' src=\"https:\/\/agencevu.com\/wp-content\/uploads\/2020\/06\/2018-Cergy-Festival-du-regard.jpg\" alt='' title='2018- Cergy- Festival du regard'  itemprop=\"thumbnailUrl\" srcset=\"https:\/\/agencevu.com\/wp-content\/uploads\/2020\/06\/2018-Cergy-Festival-du-regard.jpg 730w, https:\/\/agencevu.com\/wp-content\/uploads\/2020\/06\/2018-Cergy-Festival-du-regard-80x64.jpg 80w, https:\/\/agencevu.com\/wp-content\/uploads\/2020\/06\/2018-Cergy-Festival-du-regard-300x240.jpg 300w, https:\/\/agencevu.com\/wp-content\/uploads\/2020\/06\/2018-Cergy-Festival-du-regard-705x564.jpg 705w, https:\/\/agencevu.com\/wp-content\/uploads\/2020\/06\/2018-Cergy-Festival-du-regard-450x360.jpg 450w\" sizes=\"(max-width: 730px) 100vw, 730px\" \/><\/a><\/div><\/div><\/div><br \/>\n<section class=\"av_textblock_section \"  itemscope=\"itemscope\" itemtype=\"https:\/\/schema.org\/CreativeWork\" ><div class='avia_textblock  '   itemprop=\"text\" ><p><strong>Le Festival du Regard<\/strong><br \/>\n&#8211;<br \/>\nLe Carreau, Cergy, France<br \/>\n&#8211;<br \/>\nFrom June 8 to July 8, 2018<\/p>\n<\/div><\/section><br \/>\n<div  class='avia-button-wrap avia-button-left ' ><a href='\/en\/fat-event\/claudine-doury-le-festival-du-regard\/' class='avia-button  avia-color-theme-color-highlight   avia-icon_select-no avia-size-small avia-position-left ' target=\"_blank\" rel=\"noopener noreferrer\"><span class='avia_iconbox_title' >More informations<\/span><\/a><\/div><\/p><\/div><div  style='height:50px' class='hr hr-invisible  '><span class='hr-inner ' ><span class='hr-inner-style'><\/span><\/span><\/div>\n<\/div><\/div><\/div><!-- close content main div --><\/div><\/div><div id='books'  class='avia-section main_color avia-section-small avia-no-border-styling  avia-bg-style-scroll   container_wrap fullsize' style=' '  ><div class='container' ><div class='template-page content  av-content-full alpha units'><div class='post-entry post-entry-type-page post-entry-107884'><div class='entry-content-wrapper clearfix'>\n<section class=\"av_textblock_section \"  itemscope=\"itemscope\" itemtype=\"https:\/\/schema.org\/CreativeWork\" ><div class='avia_textblock  '  style='font-size:20px; '  itemprop=\"text\" ><p id=\"livre\" style=\"color: #707070; letter-spacing: 1.5px; text-transform: uppercase;\">books<\/p>\n<hr class=\"hr-titre-page\">\n<\/div><\/section>\n<div  data-autoplay=''  data-interval='5'  data-animation='fade'  data-show_slide_delay='90'  class='avia-content-slider avia-content-grid-active avia-content-slider4 avia-content-slider-even   av-medium-hide av-small-hide av-mini-hide'  itemscope=\"itemscope\" itemtype=\"https:\/\/schema.org\/Blog\" ><div class='avia-content-slider-inner'><div class='slide-entry-wrap'><article class='slide-entry flex_column  post-entry post-entry-54374 slide-entry-overview slide-loop-1 slide-parity-odd  av_one_fourth first real-thumbnail'  itemscope=\"itemscope\" itemtype=\"https:\/\/schema.org\/CreativeWork\" ><a href='https:\/\/agencevu.com\/en\/book\/amour\/' data-rel='slide-4' class='slide-image' title=''><img width=\"142\" height=\"185\" src=\"https:\/\/agencevu.com\/wp-content\/uploads\/2020\/01\/2019-amour-00-142x185.jpg\" class=\"wp-image-54372 avia-img-lazy-loading-54372 attachment-portfolio_small size-portfolio_small wp-post-image\" alt=\"\" loading=\"lazy\" srcset=\"https:\/\/agencevu.com\/wp-content\/uploads\/2020\/01\/2019-amour-00.jpg 142w, https:\/\/agencevu.com\/wp-content\/uploads\/2020\/01\/2019-amour-00-61x80.jpg 61w\" sizes=\"(max-width: 142px) 100vw, 142px\" \/><\/a><div class='slide-content'><header class=\"entry-content-header\"><span class=\"blog-categories minor-meta\"> <a href=\"https:\/\/agencevu.com\/en\/annee\/2019-en\/\" rel=\"tag\">2019<\/a> <a href=\"https:\/\/agencevu.com\/en\/photographer\/claudine-doury\/\" rel=\"tag\">Claudine Doury<\/a> <a href=\"https:\/\/agencevu.com\/en\/section_taxonomy\/livres\/\" rel=\"tag\">livres<\/a> <\/span><h3 class='slide-entry-title entry-title'  itemprop=\"headline\" ><a href='https:\/\/agencevu.com\/en\/book\/amour\/' title='Amour'>Amour<\/a><\/h3><span class=\"av-vertical-delimiter\"><\/span><\/header><div class='slide-entry-excerpt entry-content'  itemprop=\"text\" >Chose commune - 2019<\/div><\/div><footer class=\"entry-footer\"><div class='slide-meta'><time class='slide-meta-time updated'  itemprop=\"datePublished\" datetime=\"2019-11-14T15:40:27+01:00\" >14 November 2019<\/time><\/div><\/footer><span class='hidden'>\n\t\t\t\t<span class='av-structured-data'  itemprop=\"image\" itemscope=\"itemscope\" itemtype=\"https:\/\/schema.org\/ImageObject\" >\n\t\t\t\t\t\t<span itemprop='url'>https:\/\/agencevu.com\/wp-content\/uploads\/2020\/01\/2019-amour-00.jpg<\/span>\n\t\t\t\t\t\t<span itemprop='height'>185<\/span>\n\t\t\t\t\t\t<span itemprop='width'>142<\/span>\n\t\t\t\t<\/span>\n\t\t\t\t<span class='av-structured-data'  itemprop=\"publisher\" itemtype=\"https:\/\/schema.org\/Organization\" itemscope=\"itemscope\" >\n\t\t\t\t\t\t<span itemprop='name'>Fanny Demichelis<\/span>\n\t\t\t\t\t\t<span itemprop='logo' itemscope itemtype='https:\/\/schema.org\/ImageObject'>\n\t\t\t\t\t\t\t<span itemprop='url'>\/wp-content\/uploads\/2021\/05\/logo-vert-2.svg<\/span>\n\t\t\t\t\t\t <\/span>\n\t\t\t\t<\/span><span class='av-structured-data'  itemprop=\"author\" itemscope=\"itemscope\" itemtype=\"https:\/\/schema.org\/Person\" ><span itemprop='name'>Fanny Demichelis<\/span><\/span><span class='av-structured-data'  itemprop=\"datePublished\" datetime=\"1999-06-11T14:30:07+02:00\" >2019-11-14 15:40:27<\/span><span class='av-structured-data'  itemprop=\"dateModified\" itemtype=\"https:\/\/schema.org\/dateModified\" >2021-05-20 13:11:24<\/span><span class='av-structured-data'  itemprop=\"mainEntityOfPage\" itemtype=\"https:\/\/schema.org\/mainEntityOfPage\" ><span itemprop='name'>Amour<\/span><\/span><\/span><\/article><article class='slide-entry flex_column  post-entry post-entry-27652 slide-entry-overview slide-loop-2 slide-parity-even  av_one_fourth  real-thumbnail'  itemscope=\"itemscope\" itemtype=\"https:\/\/schema.org\/CreativeWork\" ><a href='https:\/\/agencevu.com\/en\/book\/lhomme-nouveau\/' data-rel='slide-4' class='slide-image' title=''><img width=\"121\" height=\"185\" src=\"https:\/\/agencevu.com\/wp-content\/uploads\/2016\/06\/01_homme-nouveau-Couverture-1-121x185.jpg\" class=\"wp-image-97500 avia-img-lazy-loading-97500 attachment-portfolio_small size-portfolio_small wp-post-image\" alt=\"\" loading=\"lazy\" srcset=\"https:\/\/agencevu.com\/wp-content\/uploads\/2016\/06\/01_homme-nouveau-Couverture-1.jpg 121w, https:\/\/agencevu.com\/wp-content\/uploads\/2016\/06\/01_homme-nouveau-Couverture-1-52x80.jpg 52w\" sizes=\"(max-width: 121px) 100vw, 121px\" \/><\/a><div class='slide-content'><header class=\"entry-content-header\"><span class=\"blog-categories minor-meta\"> <a href=\"https:\/\/agencevu.com\/en\/annee\/2017-en\/\" rel=\"tag\">2017<\/a> <a href=\"https:\/\/agencevu.com\/en\/photographer\/claudine-doury\/\" rel=\"tag\">Claudine Doury<\/a> <a href=\"https:\/\/agencevu.com\/en\/section_taxonomy\/livres\/\" rel=\"tag\">livres<\/a> <\/span><h3 class='slide-entry-title entry-title'  itemprop=\"headline\" ><a href='https:\/\/agencevu.com\/en\/book\/lhomme-nouveau\/' title='L&#039;homme Nouveau'>L'homme Nouveau<\/a><\/h3><span class=\"av-vertical-delimiter\"><\/span><\/header><div class='slide-entry-excerpt entry-content'  itemprop=\"text\" >Filigranes Editions (co-production : La Galerie Particuli\u00e8re) - 2017<\/div><\/div><footer class=\"entry-footer\"><div class='slide-meta'><time class='slide-meta-time updated'  itemprop=\"datePublished\" datetime=\"2017-06-11T15:27:40+02:00\" >11 June 2017<\/time><\/div><\/footer><span class='hidden'>\n\t\t\t\t<span class='av-structured-data'  itemprop=\"image\" itemscope=\"itemscope\" itemtype=\"https:\/\/schema.org\/ImageObject\" >\n\t\t\t\t\t\t<span itemprop='url'>https:\/\/agencevu.com\/wp-content\/uploads\/2016\/06\/01_homme-nouveau-Couverture-1.jpg<\/span>\n\t\t\t\t\t\t<span itemprop='height'>185<\/span>\n\t\t\t\t\t\t<span itemprop='width'>121<\/span>\n\t\t\t\t<\/span>\n\t\t\t\t<span class='av-structured-data'  itemprop=\"publisher\" itemtype=\"https:\/\/schema.org\/Organization\" itemscope=\"itemscope\" >\n\t\t\t\t\t\t<span itemprop='name'>Fanny Demichelis<\/span>\n\t\t\t\t\t\t<span itemprop='logo' itemscope itemtype='https:\/\/schema.org\/ImageObject'>\n\t\t\t\t\t\t\t<span itemprop='url'>\/wp-content\/uploads\/2021\/05\/logo-vert-2.svg<\/span>\n\t\t\t\t\t\t <\/span>\n\t\t\t\t<\/span><span class='av-structured-data'  itemprop=\"author\" itemscope=\"itemscope\" itemtype=\"https:\/\/schema.org\/Person\" ><span itemprop='name'>Fanny Demichelis<\/span><\/span><span class='av-structured-data'  itemprop=\"datePublished\" datetime=\"1999-06-11T14:30:07+02:00\" >2017-06-11 15:27:40<\/span><span class='av-structured-data'  itemprop=\"dateModified\" itemtype=\"https:\/\/schema.org\/dateModified\" >2021-01-19 11:04:35<\/span><span class='av-structured-data'  itemprop=\"mainEntityOfPage\" itemtype=\"https:\/\/schema.org\/mainEntityOfPage\" ><span itemprop='name'>L&#8217;homme Nouveau<\/span><\/span><\/span><\/article><article class='slide-entry flex_column  post-entry post-entry-27653 slide-entry-overview slide-loop-3 slide-parity-odd  av_one_fourth  real-thumbnail'  itemscope=\"itemscope\" itemtype=\"https:\/\/schema.org\/CreativeWork\" ><a href='https:\/\/agencevu.com\/en\/book\/sasha\/' data-rel='slide-4' class='slide-image' title=''><img width=\"249\" height=\"185\" src=\"https:\/\/agencevu.com\/wp-content\/uploads\/2011\/06\/doury-sasha-cover-249x185.jpg\" class=\"wp-image-52732 avia-img-lazy-loading-52732 attachment-portfolio_small size-portfolio_small wp-post-image\" alt=\"\" loading=\"lazy\" srcset=\"https:\/\/agencevu.com\/wp-content\/uploads\/2011\/06\/doury-sasha-cover.jpg 249w, https:\/\/agencevu.com\/wp-content\/uploads\/2011\/06\/doury-sasha-cover-80x59.jpg 80w\" sizes=\"(max-width: 249px) 100vw, 249px\" \/><\/a><div class='slide-content'><header class=\"entry-content-header\"><span class=\"blog-categories minor-meta\"> <a href=\"https:\/\/agencevu.com\/en\/annee\/2011\/\" rel=\"tag\">2011<\/a> <a href=\"https:\/\/agencevu.com\/en\/photographer\/claudine-doury\/\" rel=\"tag\">Claudine Doury<\/a> <a href=\"https:\/\/agencevu.com\/en\/section_taxonomy\/livres\/\" rel=\"tag\">livres<\/a> <\/span><h3 class='slide-entry-title entry-title'  itemprop=\"headline\" ><a href='https:\/\/agencevu.com\/en\/book\/sasha\/' title='Sasha'>Sasha<\/a><\/h3><span class=\"av-vertical-delimiter\"><\/span><\/header><div class='slide-entry-excerpt entry-content'  itemprop=\"text\" >Le caillou bleu - 2011<\/div><\/div><footer class=\"entry-footer\"><div class='slide-meta'><time class='slide-meta-time updated'  itemprop=\"datePublished\" datetime=\"2011-06-11T15:00:16+02:00\" >11 June 2011<\/time><\/div><\/footer><span class='hidden'>\n\t\t\t\t<span class='av-structured-data'  itemprop=\"image\" itemscope=\"itemscope\" itemtype=\"https:\/\/schema.org\/ImageObject\" >\n\t\t\t\t\t\t<span itemprop='url'>https:\/\/agencevu.com\/wp-content\/uploads\/2011\/06\/doury-sasha-cover.jpg<\/span>\n\t\t\t\t\t\t<span itemprop='height'>185<\/span>\n\t\t\t\t\t\t<span itemprop='width'>249<\/span>\n\t\t\t\t<\/span>\n\t\t\t\t<span class='av-structured-data'  itemprop=\"publisher\" itemtype=\"https:\/\/schema.org\/Organization\" itemscope=\"itemscope\" >\n\t\t\t\t\t\t<span itemprop='name'>Fanny Demichelis<\/span>\n\t\t\t\t\t\t<span itemprop='logo' itemscope itemtype='https:\/\/schema.org\/ImageObject'>\n\t\t\t\t\t\t\t<span itemprop='url'>\/wp-content\/uploads\/2021\/05\/logo-vert-2.svg<\/span>\n\t\t\t\t\t\t <\/span>\n\t\t\t\t<\/span><span class='av-structured-data'  itemprop=\"author\" itemscope=\"itemscope\" itemtype=\"https:\/\/schema.org\/Person\" ><span itemprop='name'>Fanny Demichelis<\/span><\/span><span class='av-structured-data'  itemprop=\"datePublished\" datetime=\"1999-06-11T14:30:07+02:00\" >2011-06-11 15:00:16<\/span><span class='av-structured-data'  itemprop=\"dateModified\" itemtype=\"https:\/\/schema.org\/dateModified\" >2021-02-09 18:25:15<\/span><span class='av-structured-data'  itemprop=\"mainEntityOfPage\" itemtype=\"https:\/\/schema.org\/mainEntityOfPage\" ><span itemprop='name'>Sasha<\/span><\/span><\/span><\/article><article class='slide-entry flex_column  post-entry post-entry-27654 slide-entry-overview slide-loop-4 slide-parity-even  av_one_fourth  real-thumbnail'  itemscope=\"itemscope\" itemtype=\"https:\/\/schema.org\/CreativeWork\" ><a href='https:\/\/agencevu.com\/en\/book\/loulan-beauty\/' data-rel='slide-4' class='slide-image' title=''><img width=\"141\" height=\"185\" src=\"https:\/\/agencevu.com\/wp-content\/uploads\/2019\/06\/00_2007-LOULAN-BEAUTY--141x185.jpg\" class=\"wp-image-27572 avia-img-lazy-loading-27572 attachment-portfolio_small size-portfolio_small wp-post-image\" alt=\"\" loading=\"lazy\" srcset=\"https:\/\/agencevu.com\/wp-content\/uploads\/2019\/06\/00_2007-LOULAN-BEAUTY-.jpg 141w, https:\/\/agencevu.com\/wp-content\/uploads\/2019\/06\/00_2007-LOULAN-BEAUTY--61x80.jpg 61w\" sizes=\"(max-width: 141px) 100vw, 141px\" \/><\/a><div class='slide-content'><header class=\"entry-content-header\"><span class=\"blog-categories minor-meta\"> <a href=\"https:\/\/agencevu.com\/en\/annee\/2007-en\/\" rel=\"tag\">2007<\/a> <a href=\"https:\/\/agencevu.com\/en\/photographer\/claudine-doury\/\" rel=\"tag\">Claudine Doury<\/a> <a href=\"https:\/\/agencevu.com\/en\/section_taxonomy\/livres\/\" rel=\"tag\">livres<\/a> <\/span><h3 class='slide-entry-title entry-title'  itemprop=\"headline\" ><a href='https:\/\/agencevu.com\/en\/book\/loulan-beauty\/' title='Loulan Beauty'>Loulan Beauty<\/a><\/h3><span class=\"av-vertical-delimiter\"><\/span><\/header><div class='slide-entry-excerpt entry-content'  itemprop=\"text\" >\u00c9ditions du Ch\u00eane - 2007<\/div><\/div><footer class=\"entry-footer\"><div class='slide-meta'><time class='slide-meta-time updated'  itemprop=\"datePublished\" datetime=\"2007-02-11T14:50:43+01:00\" >11 February 2007<\/time><\/div><\/footer><span class='hidden'>\n\t\t\t\t<span class='av-structured-data'  itemprop=\"image\" itemscope=\"itemscope\" itemtype=\"https:\/\/schema.org\/ImageObject\" >\n\t\t\t\t\t\t<span itemprop='url'>https:\/\/agencevu.com\/wp-content\/uploads\/2019\/06\/00_2007-LOULAN-BEAUTY-.jpg<\/span>\n\t\t\t\t\t\t<span itemprop='height'>185<\/span>\n\t\t\t\t\t\t<span itemprop='width'>141<\/span>\n\t\t\t\t<\/span>\n\t\t\t\t<span class='av-structured-data'  itemprop=\"publisher\" itemtype=\"https:\/\/schema.org\/Organization\" itemscope=\"itemscope\" >\n\t\t\t\t\t\t<span itemprop='name'>Fanny Demichelis<\/span>\n\t\t\t\t\t\t<span itemprop='logo' itemscope itemtype='https:\/\/schema.org\/ImageObject'>\n\t\t\t\t\t\t\t<span itemprop='url'>\/wp-content\/uploads\/2021\/05\/logo-vert-2.svg<\/span>\n\t\t\t\t\t\t <\/span>\n\t\t\t\t<\/span><span class='av-structured-data'  itemprop=\"author\" itemscope=\"itemscope\" itemtype=\"https:\/\/schema.org\/Person\" ><span itemprop='name'>Fanny Demichelis<\/span><\/span><span class='av-structured-data'  itemprop=\"datePublished\" datetime=\"1999-06-11T14:30:07+02:00\" >2007-02-11 14:50:43<\/span><span class='av-structured-data'  itemprop=\"dateModified\" itemtype=\"https:\/\/schema.org\/dateModified\" >2021-04-23 17:07:40<\/span><span class='av-structured-data'  itemprop=\"mainEntityOfPage\" itemtype=\"https:\/\/schema.org\/mainEntityOfPage\" ><span itemprop='name'>Loulan Beauty<\/span><\/span><\/span><\/article><\/div><div class='slide-entry-wrap'><article class='slide-entry flex_column  post-entry post-entry-27655 slide-entry-overview slide-loop-5 slide-parity-odd  av_one_fourth first real-thumbnail'  itemscope=\"itemscope\" itemtype=\"https:\/\/schema.org\/CreativeWork\" ><a href='https:\/\/agencevu.com\/en\/book\/artek\/' data-rel='slide-4' class='slide-image' title=''><img width=\"205\" height=\"185\" src=\"https:\/\/agencevu.com\/wp-content\/uploads\/2019\/06\/00_2004-ARTEK-205x185.jpg\" class=\"wp-image-27560 avia-img-lazy-loading-27560 attachment-portfolio_small size-portfolio_small wp-post-image\" alt=\"\" loading=\"lazy\" srcset=\"https:\/\/agencevu.com\/wp-content\/uploads\/2019\/06\/00_2004-ARTEK.jpg 205w, https:\/\/agencevu.com\/wp-content\/uploads\/2019\/06\/00_2004-ARTEK-80x72.jpg 80w\" sizes=\"(max-width: 205px) 100vw, 205px\" \/><\/a><div class='slide-content'><header class=\"entry-content-header\"><span class=\"blog-categories minor-meta\"> <a href=\"https:\/\/agencevu.com\/en\/annee\/2004-en\/\" rel=\"tag\">2004<\/a> <a href=\"https:\/\/agencevu.com\/en\/photographer\/claudine-doury\/\" rel=\"tag\">Claudine Doury<\/a> <a href=\"https:\/\/agencevu.com\/en\/section_taxonomy\/livres\/\" rel=\"tag\">livres<\/a> <\/span><h3 class='slide-entry-title entry-title'  itemprop=\"headline\" ><a href='https:\/\/agencevu.com\/en\/book\/artek\/' title='Artek'>Artek<\/a><\/h3><span class=\"av-vertical-delimiter\"><\/span><\/header><div class='slide-entry-excerpt entry-content'  itemprop=\"text\" >La Martini\u00e8re - 2004<\/div><\/div><footer class=\"entry-footer\"><div class='slide-meta'><time class='slide-meta-time updated'  itemprop=\"datePublished\" datetime=\"2004-04-16T14:40:44+02:00\" >16 April 2004<\/time><\/div><\/footer><span class='hidden'>\n\t\t\t\t<span class='av-structured-data'  itemprop=\"image\" itemscope=\"itemscope\" itemtype=\"https:\/\/schema.org\/ImageObject\" >\n\t\t\t\t\t\t<span itemprop='url'>https:\/\/agencevu.com\/wp-content\/uploads\/2019\/06\/00_2004-ARTEK.jpg<\/span>\n\t\t\t\t\t\t<span itemprop='height'>185<\/span>\n\t\t\t\t\t\t<span itemprop='width'>205<\/span>\n\t\t\t\t<\/span>\n\t\t\t\t<span class='av-structured-data'  itemprop=\"publisher\" itemtype=\"https:\/\/schema.org\/Organization\" itemscope=\"itemscope\" >\n\t\t\t\t\t\t<span itemprop='name'>Fanny Demichelis<\/span>\n\t\t\t\t\t\t<span itemprop='logo' itemscope itemtype='https:\/\/schema.org\/ImageObject'>\n\t\t\t\t\t\t\t<span itemprop='url'>\/wp-content\/uploads\/2021\/05\/logo-vert-2.svg<\/span>\n\t\t\t\t\t\t <\/span>\n\t\t\t\t<\/span><span class='av-structured-data'  itemprop=\"author\" itemscope=\"itemscope\" itemtype=\"https:\/\/schema.org\/Person\" ><span itemprop='name'>Fanny Demichelis<\/span><\/span><span class='av-structured-data'  itemprop=\"datePublished\" datetime=\"1999-06-11T14:30:07+02:00\" >2004-04-16 14:40:44<\/span><span class='av-structured-data'  itemprop=\"dateModified\" itemtype=\"https:\/\/schema.org\/dateModified\" >2021-02-09 17:20:12<\/span><span class='av-structured-data'  itemprop=\"mainEntityOfPage\" itemtype=\"https:\/\/schema.org\/mainEntityOfPage\" ><span itemprop='name'>Artek<\/span><\/span><\/span><\/article><article class='slide-entry flex_column  post-entry post-entry-27656 slide-entry-overview slide-loop-6 slide-parity-even  post-entry-last  av_one_fourth  real-thumbnail'  itemscope=\"itemscope\" itemtype=\"https:\/\/schema.org\/CreativeWork\" ><a href='https:\/\/agencevu.com\/en\/book\/peuples-de-siberie\/' data-rel='slide-4' class='slide-image' title=''><img width=\"145\" height=\"185\" src=\"https:\/\/agencevu.com\/wp-content\/uploads\/2019\/06\/00_preview_Peuples-de-Sibe--rie_DOUR-145x185.jpg\" class=\"wp-image-27548 avia-img-lazy-loading-27548 attachment-portfolio_small size-portfolio_small wp-post-image\" alt=\"\" loading=\"lazy\" srcset=\"https:\/\/agencevu.com\/wp-content\/uploads\/2019\/06\/00_preview_Peuples-de-Sibe--rie_DOUR.jpg 145w, https:\/\/agencevu.com\/wp-content\/uploads\/2019\/06\/00_preview_Peuples-de-Sibe--rie_DOUR-63x80.jpg 63w\" sizes=\"(max-width: 145px) 100vw, 145px\" \/><\/a><div class='slide-content'><header class=\"entry-content-header\"><span class=\"blog-categories minor-meta\"> <a href=\"https:\/\/agencevu.com\/en\/annee\/1999-en\/\" rel=\"tag\">1999<\/a> <a href=\"https:\/\/agencevu.com\/en\/photographer\/claudine-doury\/\" rel=\"tag\">Claudine Doury<\/a> <a href=\"https:\/\/agencevu.com\/en\/section_taxonomy\/livres\/\" rel=\"tag\">livres<\/a> <\/span><h3 class='slide-entry-title entry-title'  itemprop=\"headline\" ><a href='https:\/\/agencevu.com\/en\/book\/peuples-de-siberie\/' title='Peuples de Sib\u00e9rie'>Peuples de Sib\u00e9rie<\/a><\/h3><span class=\"av-vertical-delimiter\"><\/span><\/header><div class='slide-entry-excerpt entry-content'  itemprop=\"text\" >\u00c9ditions du Seuil - 1999<\/div><\/div><footer class=\"entry-footer\"><div class='slide-meta'><time class='slide-meta-time updated'  itemprop=\"datePublished\" datetime=\"1999-06-11T14:30:07+02:00\" >11 June 1999<\/time><\/div><\/footer><span class='hidden'>\n\t\t\t\t<span class='av-structured-data'  itemprop=\"image\" itemscope=\"itemscope\" itemtype=\"https:\/\/schema.org\/ImageObject\" >\n\t\t\t\t\t\t<span itemprop='url'>https:\/\/agencevu.com\/wp-content\/uploads\/2019\/06\/00_preview_Peuples-de-Sibe--rie_DOUR.jpg<\/span>\n\t\t\t\t\t\t<span itemprop='height'>185<\/span>\n\t\t\t\t\t\t<span itemprop='width'>145<\/span>\n\t\t\t\t<\/span>\n\t\t\t\t<span class='av-structured-data'  itemprop=\"publisher\" itemtype=\"https:\/\/schema.org\/Organization\" itemscope=\"itemscope\" >\n\t\t\t\t\t\t<span itemprop='name'>Fanny Demichelis<\/span>\n\t\t\t\t\t\t<span itemprop='logo' itemscope itemtype='https:\/\/schema.org\/ImageObject'>\n\t\t\t\t\t\t\t<span itemprop='url'>\/wp-content\/uploads\/2021\/05\/logo-vert-2.svg<\/span>\n\t\t\t\t\t\t <\/span>\n\t\t\t\t<\/span><span class='av-structured-data'  itemprop=\"author\" itemscope=\"itemscope\" itemtype=\"https:\/\/schema.org\/Person\" ><span itemprop='name'>Fanny Demichelis<\/span><\/span><span class='av-structured-data'  itemprop=\"datePublished\" datetime=\"1999-06-11T14:30:07+02:00\" >1999-06-11 14:30:07<\/span><span class='av-structured-data'  itemprop=\"dateModified\" itemtype=\"https:\/\/schema.org\/dateModified\" >2021-04-23 17:07:48<\/span><span class='av-structured-data'  itemprop=\"mainEntityOfPage\" itemtype=\"https:\/\/schema.org\/mainEntityOfPage\" ><span itemprop='name'>Peuples de Sib\u00e9rie<\/span><\/span><\/span><\/article><\/div><\/div><\/div>\n<div  data-autoplay=''  data-interval='5'  data-animation='fade'  data-show_slide_delay='90'  class='avia-content-slider avia-content-grid-active avia-content-slider5 avia-content-slider-odd   av-desktop-hide av-mini-hide'  itemscope=\"itemscope\" itemtype=\"https:\/\/schema.org\/Blog\" ><div class='avia-content-slider-inner'><div class='slide-entry-wrap'><article class='slide-entry flex_column  post-entry post-entry-54374 slide-entry-overview slide-loop-1 slide-parity-odd  av_one_third first real-thumbnail'  itemscope=\"itemscope\" itemtype=\"https:\/\/schema.org\/CreativeWork\" ><a href='https:\/\/agencevu.com\/en\/book\/amour\/' data-rel='slide-5' class='slide-image' title=''><img width=\"142\" height=\"185\" src=\"https:\/\/agencevu.com\/wp-content\/uploads\/2020\/01\/2019-amour-00.jpg\" class=\"wp-image-54372 avia-img-lazy-loading-54372 attachment-portfolio size-portfolio wp-post-image\" alt=\"\" loading=\"lazy\" srcset=\"https:\/\/agencevu.com\/wp-content\/uploads\/2020\/01\/2019-amour-00.jpg 142w, https:\/\/agencevu.com\/wp-content\/uploads\/2020\/01\/2019-amour-00-61x80.jpg 61w\" sizes=\"(max-width: 142px) 100vw, 142px\" \/><\/a><div class='slide-content'><header class=\"entry-content-header\"><span class=\"blog-categories minor-meta\"> <a href=\"https:\/\/agencevu.com\/en\/annee\/2019-en\/\" rel=\"tag\">2019<\/a> <a href=\"https:\/\/agencevu.com\/en\/photographer\/claudine-doury\/\" rel=\"tag\">Claudine Doury<\/a> <a href=\"https:\/\/agencevu.com\/en\/section_taxonomy\/livres\/\" rel=\"tag\">livres<\/a> <\/span><h3 class='slide-entry-title entry-title'  itemprop=\"headline\" ><a href='https:\/\/agencevu.com\/en\/book\/amour\/' title='Amour'>Amour<\/a><\/h3><span class=\"av-vertical-delimiter\"><\/span><\/header><div class='slide-entry-excerpt entry-content'  itemprop=\"text\" >Chose commune - 2019<\/div><\/div><footer class=\"entry-footer\"><div class='slide-meta'><time class='slide-meta-time updated'  itemprop=\"datePublished\" datetime=\"2019-11-14T15:40:27+01:00\" >14 November 2019<\/time><\/div><\/footer><span class='hidden'>\n\t\t\t\t<span class='av-structured-data'  itemprop=\"image\" itemscope=\"itemscope\" itemtype=\"https:\/\/schema.org\/ImageObject\" >\n\t\t\t\t\t\t<span itemprop='url'>https:\/\/agencevu.com\/wp-content\/uploads\/2020\/01\/2019-amour-00.jpg<\/span>\n\t\t\t\t\t\t<span itemprop='height'>185<\/span>\n\t\t\t\t\t\t<span itemprop='width'>142<\/span>\n\t\t\t\t<\/span>\n\t\t\t\t<span class='av-structured-data'  itemprop=\"publisher\" itemtype=\"https:\/\/schema.org\/Organization\" itemscope=\"itemscope\" >\n\t\t\t\t\t\t<span itemprop='name'>Fanny Demichelis<\/span>\n\t\t\t\t\t\t<span itemprop='logo' itemscope itemtype='https:\/\/schema.org\/ImageObject'>\n\t\t\t\t\t\t\t<span itemprop='url'>\/wp-content\/uploads\/2021\/05\/logo-vert-2.svg<\/span>\n\t\t\t\t\t\t <\/span>\n\t\t\t\t<\/span><span class='av-structured-data'  itemprop=\"author\" itemscope=\"itemscope\" itemtype=\"https:\/\/schema.org\/Person\" ><span itemprop='name'>Fanny Demichelis<\/span><\/span><span class='av-structured-data'  itemprop=\"datePublished\" datetime=\"1999-06-11T14:30:07+02:00\" >2019-11-14 15:40:27<\/span><span class='av-structured-data'  itemprop=\"dateModified\" itemtype=\"https:\/\/schema.org\/dateModified\" >2021-05-20 13:11:24<\/span><span class='av-structured-data'  itemprop=\"mainEntityOfPage\" itemtype=\"https:\/\/schema.org\/mainEntityOfPage\" ><span itemprop='name'>Amour<\/span><\/span><\/span><\/article><article class='slide-entry flex_column  post-entry post-entry-27652 slide-entry-overview slide-loop-2 slide-parity-even  av_one_third  real-thumbnail'  itemscope=\"itemscope\" itemtype=\"https:\/\/schema.org\/CreativeWork\" ><a href='https:\/\/agencevu.com\/en\/book\/lhomme-nouveau\/' data-rel='slide-5' class='slide-image' title=''><img width=\"121\" height=\"185\" src=\"https:\/\/agencevu.com\/wp-content\/uploads\/2016\/06\/01_homme-nouveau-Couverture-1.jpg\" class=\"wp-image-97500 avia-img-lazy-loading-97500 attachment-portfolio size-portfolio wp-post-image\" alt=\"\" loading=\"lazy\" srcset=\"https:\/\/agencevu.com\/wp-content\/uploads\/2016\/06\/01_homme-nouveau-Couverture-1.jpg 121w, https:\/\/agencevu.com\/wp-content\/uploads\/2016\/06\/01_homme-nouveau-Couverture-1-52x80.jpg 52w\" sizes=\"(max-width: 121px) 100vw, 121px\" \/><\/a><div class='slide-content'><header class=\"entry-content-header\"><span class=\"blog-categories minor-meta\"> <a href=\"https:\/\/agencevu.com\/en\/annee\/2017-en\/\" rel=\"tag\">2017<\/a> <a href=\"https:\/\/agencevu.com\/en\/photographer\/claudine-doury\/\" rel=\"tag\">Claudine Doury<\/a> <a href=\"https:\/\/agencevu.com\/en\/section_taxonomy\/livres\/\" rel=\"tag\">livres<\/a> <\/span><h3 class='slide-entry-title entry-title'  itemprop=\"headline\" ><a href='https:\/\/agencevu.com\/en\/book\/lhomme-nouveau\/' title='L&#039;homme Nouveau'>L'homme Nouveau<\/a><\/h3><span class=\"av-vertical-delimiter\"><\/span><\/header><div class='slide-entry-excerpt entry-content'  itemprop=\"text\" >Filigranes Editions (co-production : La Galerie Particuli\u00e8re) - 2017<\/div><\/div><footer class=\"entry-footer\"><div class='slide-meta'><time class='slide-meta-time updated'  itemprop=\"datePublished\" datetime=\"2017-06-11T15:27:40+02:00\" >11 June 2017<\/time><\/div><\/footer><span class='hidden'>\n\t\t\t\t<span class='av-structured-data'  itemprop=\"image\" itemscope=\"itemscope\" itemtype=\"https:\/\/schema.org\/ImageObject\" >\n\t\t\t\t\t\t<span itemprop='url'>https:\/\/agencevu.com\/wp-content\/uploads\/2016\/06\/01_homme-nouveau-Couverture-1.jpg<\/span>\n\t\t\t\t\t\t<span itemprop='height'>185<\/span>\n\t\t\t\t\t\t<span itemprop='width'>121<\/span>\n\t\t\t\t<\/span>\n\t\t\t\t<span class='av-structured-data'  itemprop=\"publisher\" itemtype=\"https:\/\/schema.org\/Organization\" itemscope=\"itemscope\" >\n\t\t\t\t\t\t<span itemprop='name'>Fanny Demichelis<\/span>\n\t\t\t\t\t\t<span itemprop='logo' itemscope itemtype='https:\/\/schema.org\/ImageObject'>\n\t\t\t\t\t\t\t<span itemprop='url'>\/wp-content\/uploads\/2021\/05\/logo-vert-2.svg<\/span>\n\t\t\t\t\t\t <\/span>\n\t\t\t\t<\/span><span class='av-structured-data'  itemprop=\"author\" itemscope=\"itemscope\" itemtype=\"https:\/\/schema.org\/Person\" ><span itemprop='name'>Fanny Demichelis<\/span><\/span><span class='av-structured-data'  itemprop=\"datePublished\" datetime=\"1999-06-11T14:30:07+02:00\" >2017-06-11 15:27:40<\/span><span class='av-structured-data'  itemprop=\"dateModified\" itemtype=\"https:\/\/schema.org\/dateModified\" >2021-01-19 11:04:35<\/span><span class='av-structured-data'  itemprop=\"mainEntityOfPage\" itemtype=\"https:\/\/schema.org\/mainEntityOfPage\" ><span itemprop='name'>L&#8217;homme Nouveau<\/span><\/span><\/span><\/article><article class='slide-entry flex_column  post-entry post-entry-27653 slide-entry-overview slide-loop-3 slide-parity-odd  av_one_third  real-thumbnail'  itemscope=\"itemscope\" itemtype=\"https:\/\/schema.org\/CreativeWork\" ><a href='https:\/\/agencevu.com\/en\/book\/sasha\/' data-rel='slide-5' class='slide-image' title=''><img width=\"249\" height=\"185\" src=\"https:\/\/agencevu.com\/wp-content\/uploads\/2011\/06\/doury-sasha-cover.jpg\" class=\"wp-image-52732 avia-img-lazy-loading-52732 attachment-portfolio size-portfolio wp-post-image\" alt=\"\" loading=\"lazy\" srcset=\"https:\/\/agencevu.com\/wp-content\/uploads\/2011\/06\/doury-sasha-cover.jpg 249w, https:\/\/agencevu.com\/wp-content\/uploads\/2011\/06\/doury-sasha-cover-80x59.jpg 80w\" sizes=\"(max-width: 249px) 100vw, 249px\" \/><\/a><div class='slide-content'><header class=\"entry-content-header\"><span class=\"blog-categories minor-meta\"> <a href=\"https:\/\/agencevu.com\/en\/annee\/2011\/\" rel=\"tag\">2011<\/a> <a href=\"https:\/\/agencevu.com\/en\/photographer\/claudine-doury\/\" rel=\"tag\">Claudine Doury<\/a> <a href=\"https:\/\/agencevu.com\/en\/section_taxonomy\/livres\/\" rel=\"tag\">livres<\/a> <\/span><h3 class='slide-entry-title entry-title'  itemprop=\"headline\" ><a href='https:\/\/agencevu.com\/en\/book\/sasha\/' title='Sasha'>Sasha<\/a><\/h3><span class=\"av-vertical-delimiter\"><\/span><\/header><div class='slide-entry-excerpt entry-content'  itemprop=\"text\" >Le caillou bleu - 2011<\/div><\/div><footer class=\"entry-footer\"><div class='slide-meta'><time class='slide-meta-time updated'  itemprop=\"datePublished\" datetime=\"2011-06-11T15:00:16+02:00\" >11 June 2011<\/time><\/div><\/footer><span class='hidden'>\n\t\t\t\t<span class='av-structured-data'  itemprop=\"image\" itemscope=\"itemscope\" itemtype=\"https:\/\/schema.org\/ImageObject\" >\n\t\t\t\t\t\t<span itemprop='url'>https:\/\/agencevu.com\/wp-content\/uploads\/2011\/06\/doury-sasha-cover.jpg<\/span>\n\t\t\t\t\t\t<span itemprop='height'>185<\/span>\n\t\t\t\t\t\t<span itemprop='width'>249<\/span>\n\t\t\t\t<\/span>\n\t\t\t\t<span class='av-structured-data'  itemprop=\"publisher\" itemtype=\"https:\/\/schema.org\/Organization\" itemscope=\"itemscope\" >\n\t\t\t\t\t\t<span itemprop='name'>Fanny Demichelis<\/span>\n\t\t\t\t\t\t<span itemprop='logo' itemscope itemtype='https:\/\/schema.org\/ImageObject'>\n\t\t\t\t\t\t\t<span itemprop='url'>\/wp-content\/uploads\/2021\/05\/logo-vert-2.svg<\/span>\n\t\t\t\t\t\t <\/span>\n\t\t\t\t<\/span><span class='av-structured-data'  itemprop=\"author\" itemscope=\"itemscope\" itemtype=\"https:\/\/schema.org\/Person\" ><span itemprop='name'>Fanny Demichelis<\/span><\/span><span class='av-structured-data'  itemprop=\"datePublished\" datetime=\"1999-06-11T14:30:07+02:00\" >2011-06-11 15:00:16<\/span><span class='av-structured-data'  itemprop=\"dateModified\" itemtype=\"https:\/\/schema.org\/dateModified\" >2021-02-09 18:25:15<\/span><span class='av-structured-data'  itemprop=\"mainEntityOfPage\" itemtype=\"https:\/\/schema.org\/mainEntityOfPage\" ><span itemprop='name'>Sasha<\/span><\/span><\/span><\/article><\/div><div class='slide-entry-wrap'><article class='slide-entry flex_column  post-entry post-entry-27654 slide-entry-overview slide-loop-4 slide-parity-odd  av_one_third first real-thumbnail'  itemscope=\"itemscope\" itemtype=\"https:\/\/schema.org\/CreativeWork\" ><a href='https:\/\/agencevu.com\/en\/book\/loulan-beauty\/' data-rel='slide-5' class='slide-image' title=''><img width=\"141\" height=\"185\" src=\"https:\/\/agencevu.com\/wp-content\/uploads\/2019\/06\/00_2007-LOULAN-BEAUTY-.jpg\" class=\"wp-image-27572 avia-img-lazy-loading-27572 attachment-portfolio size-portfolio wp-post-image\" alt=\"\" loading=\"lazy\" srcset=\"https:\/\/agencevu.com\/wp-content\/uploads\/2019\/06\/00_2007-LOULAN-BEAUTY-.jpg 141w, https:\/\/agencevu.com\/wp-content\/uploads\/2019\/06\/00_2007-LOULAN-BEAUTY--61x80.jpg 61w\" sizes=\"(max-width: 141px) 100vw, 141px\" \/><\/a><div class='slide-content'><header class=\"entry-content-header\"><span class=\"blog-categories minor-meta\"> <a href=\"https:\/\/agencevu.com\/en\/annee\/2007-en\/\" rel=\"tag\">2007<\/a> <a href=\"https:\/\/agencevu.com\/en\/photographer\/claudine-doury\/\" rel=\"tag\">Claudine Doury<\/a> <a href=\"https:\/\/agencevu.com\/en\/section_taxonomy\/livres\/\" rel=\"tag\">livres<\/a> <\/span><h3 class='slide-entry-title entry-title'  itemprop=\"headline\" ><a href='https:\/\/agencevu.com\/en\/book\/loulan-beauty\/' title='Loulan Beauty'>Loulan Beauty<\/a><\/h3><span class=\"av-vertical-delimiter\"><\/span><\/header><div class='slide-entry-excerpt entry-content'  itemprop=\"text\" >\u00c9ditions du Ch\u00eane - 2007<\/div><\/div><footer class=\"entry-footer\"><div class='slide-meta'><time class='slide-meta-time updated'  itemprop=\"datePublished\" datetime=\"2007-02-11T14:50:43+01:00\" >11 February 2007<\/time><\/div><\/footer><span class='hidden'>\n\t\t\t\t<span class='av-structured-data'  itemprop=\"image\" itemscope=\"itemscope\" itemtype=\"https:\/\/schema.org\/ImageObject\" >\n\t\t\t\t\t\t<span itemprop='url'>https:\/\/agencevu.com\/wp-content\/uploads\/2019\/06\/00_2007-LOULAN-BEAUTY-.jpg<\/span>\n\t\t\t\t\t\t<span itemprop='height'>185<\/span>\n\t\t\t\t\t\t<span itemprop='width'>141<\/span>\n\t\t\t\t<\/span>\n\t\t\t\t<span class='av-structured-data'  itemprop=\"publisher\" itemtype=\"https:\/\/schema.org\/Organization\" itemscope=\"itemscope\" >\n\t\t\t\t\t\t<span itemprop='name'>Fanny Demichelis<\/span>\n\t\t\t\t\t\t<span itemprop='logo' itemscope itemtype='https:\/\/schema.org\/ImageObject'>\n\t\t\t\t\t\t\t<span itemprop='url'>\/wp-content\/uploads\/2021\/05\/logo-vert-2.svg<\/span>\n\t\t\t\t\t\t <\/span>\n\t\t\t\t<\/span><span class='av-structured-data'  itemprop=\"author\" itemscope=\"itemscope\" itemtype=\"https:\/\/schema.org\/Person\" ><span itemprop='name'>Fanny Demichelis<\/span><\/span><span class='av-structured-data'  itemprop=\"datePublished\" datetime=\"1999-06-11T14:30:07+02:00\" >2007-02-11 14:50:43<\/span><span class='av-structured-data'  itemprop=\"dateModified\" itemtype=\"https:\/\/schema.org\/dateModified\" >2021-04-23 17:07:40<\/span><span class='av-structured-data'  itemprop=\"mainEntityOfPage\" itemtype=\"https:\/\/schema.org\/mainEntityOfPage\" ><span itemprop='name'>Loulan Beauty<\/span><\/span><\/span><\/article><article class='slide-entry flex_column  post-entry post-entry-27655 slide-entry-overview slide-loop-5 slide-parity-even  av_one_third  real-thumbnail'  itemscope=\"itemscope\" itemtype=\"https:\/\/schema.org\/CreativeWork\" ><a href='https:\/\/agencevu.com\/en\/book\/artek\/' data-rel='slide-5' class='slide-image' title=''><img width=\"205\" height=\"185\" src=\"https:\/\/agencevu.com\/wp-content\/uploads\/2019\/06\/00_2004-ARTEK.jpg\" class=\"wp-image-27560 avia-img-lazy-loading-27560 attachment-portfolio size-portfolio wp-post-image\" alt=\"\" loading=\"lazy\" srcset=\"https:\/\/agencevu.com\/wp-content\/uploads\/2019\/06\/00_2004-ARTEK.jpg 205w, https:\/\/agencevu.com\/wp-content\/uploads\/2019\/06\/00_2004-ARTEK-80x72.jpg 80w\" sizes=\"(max-width: 205px) 100vw, 205px\" \/><\/a><div class='slide-content'><header class=\"entry-content-header\"><span class=\"blog-categories minor-meta\"> <a href=\"https:\/\/agencevu.com\/en\/annee\/2004-en\/\" rel=\"tag\">2004<\/a> <a href=\"https:\/\/agencevu.com\/en\/photographer\/claudine-doury\/\" rel=\"tag\">Claudine Doury<\/a> <a href=\"https:\/\/agencevu.com\/en\/section_taxonomy\/livres\/\" rel=\"tag\">livres<\/a> <\/span><h3 class='slide-entry-title entry-title'  itemprop=\"headline\" ><a href='https:\/\/agencevu.com\/en\/book\/artek\/' title='Artek'>Artek<\/a><\/h3><span class=\"av-vertical-delimiter\"><\/span><\/header><div class='slide-entry-excerpt entry-content'  itemprop=\"text\" >La Martini\u00e8re - 2004<\/div><\/div><footer class=\"entry-footer\"><div class='slide-meta'><time class='slide-meta-time updated'  itemprop=\"datePublished\" datetime=\"2004-04-16T14:40:44+02:00\" >16 April 2004<\/time><\/div><\/footer><span class='hidden'>\n\t\t\t\t<span class='av-structured-data'  itemprop=\"image\" itemscope=\"itemscope\" itemtype=\"https:\/\/schema.org\/ImageObject\" >\n\t\t\t\t\t\t<span itemprop='url'>https:\/\/agencevu.com\/wp-content\/uploads\/2019\/06\/00_2004-ARTEK.jpg<\/span>\n\t\t\t\t\t\t<span itemprop='height'>185<\/span>\n\t\t\t\t\t\t<span itemprop='width'>205<\/span>\n\t\t\t\t<\/span>\n\t\t\t\t<span class='av-structured-data'  itemprop=\"publisher\" itemtype=\"https:\/\/schema.org\/Organization\" itemscope=\"itemscope\" >\n\t\t\t\t\t\t<span itemprop='name'>Fanny Demichelis<\/span>\n\t\t\t\t\t\t<span itemprop='logo' itemscope itemtype='https:\/\/schema.org\/ImageObject'>\n\t\t\t\t\t\t\t<span itemprop='url'>\/wp-content\/uploads\/2021\/05\/logo-vert-2.svg<\/span>\n\t\t\t\t\t\t <\/span>\n\t\t\t\t<\/span><span class='av-structured-data'  itemprop=\"author\" itemscope=\"itemscope\" itemtype=\"https:\/\/schema.org\/Person\" ><span itemprop='name'>Fanny Demichelis<\/span><\/span><span class='av-structured-data'  itemprop=\"datePublished\" datetime=\"1999-06-11T14:30:07+02:00\" >2004-04-16 14:40:44<\/span><span class='av-structured-data'  itemprop=\"dateModified\" itemtype=\"https:\/\/schema.org\/dateModified\" >2021-02-09 17:20:12<\/span><span class='av-structured-data'  itemprop=\"mainEntityOfPage\" itemtype=\"https:\/\/schema.org\/mainEntityOfPage\" ><span itemprop='name'>Artek<\/span><\/span><\/span><\/article><article class='slide-entry flex_column  post-entry post-entry-27656 slide-entry-overview slide-loop-6 slide-parity-odd  post-entry-last  av_one_third  real-thumbnail'  itemscope=\"itemscope\" itemtype=\"https:\/\/schema.org\/CreativeWork\" ><a href='https:\/\/agencevu.com\/en\/book\/peuples-de-siberie\/' data-rel='slide-5' class='slide-image' title=''><img width=\"145\" height=\"185\" src=\"https:\/\/agencevu.com\/wp-content\/uploads\/2019\/06\/00_preview_Peuples-de-Sibe--rie_DOUR.jpg\" class=\"wp-image-27548 avia-img-lazy-loading-27548 attachment-portfolio size-portfolio wp-post-image\" alt=\"\" loading=\"lazy\" srcset=\"https:\/\/agencevu.com\/wp-content\/uploads\/2019\/06\/00_preview_Peuples-de-Sibe--rie_DOUR.jpg 145w, https:\/\/agencevu.com\/wp-content\/uploads\/2019\/06\/00_preview_Peuples-de-Sibe--rie_DOUR-63x80.jpg 63w\" sizes=\"(max-width: 145px) 100vw, 145px\" \/><\/a><div class='slide-content'><header class=\"entry-content-header\"><span class=\"blog-categories minor-meta\"> <a href=\"https:\/\/agencevu.com\/en\/annee\/1999-en\/\" rel=\"tag\">1999<\/a> <a href=\"https:\/\/agencevu.com\/en\/photographer\/claudine-doury\/\" rel=\"tag\">Claudine Doury<\/a> <a href=\"https:\/\/agencevu.com\/en\/section_taxonomy\/livres\/\" rel=\"tag\">livres<\/a> <\/span><h3 class='slide-entry-title entry-title'  itemprop=\"headline\" ><a href='https:\/\/agencevu.com\/en\/book\/peuples-de-siberie\/' title='Peuples de Sib\u00e9rie'>Peuples de Sib\u00e9rie<\/a><\/h3><span class=\"av-vertical-delimiter\"><\/span><\/header><div class='slide-entry-excerpt entry-content'  itemprop=\"text\" >\u00c9ditions du Seuil - 1999<\/div><\/div><footer class=\"entry-footer\"><div class='slide-meta'><time class='slide-meta-time updated'  itemprop=\"datePublished\" datetime=\"1999-06-11T14:30:07+02:00\" >11 June 1999<\/time><\/div><\/footer><span class='hidden'>\n\t\t\t\t<span class='av-structured-data'  itemprop=\"image\" itemscope=\"itemscope\" itemtype=\"https:\/\/schema.org\/ImageObject\" >\n\t\t\t\t\t\t<span itemprop='url'>https:\/\/agencevu.com\/wp-content\/uploads\/2019\/06\/00_preview_Peuples-de-Sibe--rie_DOUR.jpg<\/span>\n\t\t\t\t\t\t<span itemprop='height'>185<\/span>\n\t\t\t\t\t\t<span itemprop='width'>145<\/span>\n\t\t\t\t<\/span>\n\t\t\t\t<span class='av-structured-data'  itemprop=\"publisher\" itemtype=\"https:\/\/schema.org\/Organization\" itemscope=\"itemscope\" >\n\t\t\t\t\t\t<span itemprop='name'>Fanny Demichelis<\/span>\n\t\t\t\t\t\t<span itemprop='logo' itemscope itemtype='https:\/\/schema.org\/ImageObject'>\n\t\t\t\t\t\t\t<span itemprop='url'>\/wp-content\/uploads\/2021\/05\/logo-vert-2.svg<\/span>\n\t\t\t\t\t\t <\/span>\n\t\t\t\t<\/span><span class='av-structured-data'  itemprop=\"author\" itemscope=\"itemscope\" itemtype=\"https:\/\/schema.org\/Person\" ><span itemprop='name'>Fanny Demichelis<\/span><\/span><span class='av-structured-data'  itemprop=\"datePublished\" datetime=\"1999-06-11T14:30:07+02:00\" >1999-06-11 14:30:07<\/span><span class='av-structured-data'  itemprop=\"dateModified\" itemtype=\"https:\/\/schema.org\/dateModified\" >2021-04-23 17:07:48<\/span><span class='av-structured-data'  itemprop=\"mainEntityOfPage\" itemtype=\"https:\/\/schema.org\/mainEntityOfPage\" ><span itemprop='name'>Peuples de Sib\u00e9rie<\/span><\/span><\/span><\/article><\/div><\/div><\/div>\n<div  data-autoplay=''  data-interval='5'  data-animation='fade'  data-show_slide_delay='90'  class='avia-content-slider avia-content-grid-active avia-content-slider6 avia-content-slider-even   av-desktop-hide av-medium-hide av-small-hide'  itemscope=\"itemscope\" itemtype=\"https:\/\/schema.org\/Blog\" ><div class='avia-content-slider-inner'><div class='slide-entry-wrap'><article class='slide-entry flex_column  post-entry post-entry-54374 slide-entry-overview slide-loop-1 slide-parity-odd  av_one_half first real-thumbnail'  itemscope=\"itemscope\" itemtype=\"https:\/\/schema.org\/CreativeWork\" ><a href='https:\/\/agencevu.com\/en\/book\/amour\/' data-rel='slide-6' class='slide-image' title=''><img width=\"142\" height=\"185\" src=\"https:\/\/agencevu.com\/wp-content\/uploads\/2020\/01\/2019-amour-00.jpg\" class=\"wp-image-54372 avia-img-lazy-loading-54372 attachment-portfolio size-portfolio wp-post-image\" alt=\"\" loading=\"lazy\" srcset=\"https:\/\/agencevu.com\/wp-content\/uploads\/2020\/01\/2019-amour-00.jpg 142w, https:\/\/agencevu.com\/wp-content\/uploads\/2020\/01\/2019-amour-00-61x80.jpg 61w\" sizes=\"(max-width: 142px) 100vw, 142px\" \/><\/a><div class='slide-content'><header class=\"entry-content-header\"><span class=\"blog-categories minor-meta\"> <a href=\"https:\/\/agencevu.com\/en\/annee\/2019-en\/\" rel=\"tag\">2019<\/a> <a href=\"https:\/\/agencevu.com\/en\/photographer\/claudine-doury\/\" rel=\"tag\">Claudine Doury<\/a> <a href=\"https:\/\/agencevu.com\/en\/section_taxonomy\/livres\/\" rel=\"tag\">livres<\/a> <\/span><h3 class='slide-entry-title entry-title'  itemprop=\"headline\" ><a href='https:\/\/agencevu.com\/en\/book\/amour\/' title='Amour'>Amour<\/a><\/h3><span class=\"av-vertical-delimiter\"><\/span><\/header><div class='slide-entry-excerpt entry-content'  itemprop=\"text\" >Chose commune - 2019<\/div><\/div><footer class=\"entry-footer\"><div class='slide-meta'><time class='slide-meta-time updated'  itemprop=\"datePublished\" datetime=\"2019-11-14T15:40:27+01:00\" >14 November 2019<\/time><\/div><\/footer><span class='hidden'>\n\t\t\t\t<span class='av-structured-data'  itemprop=\"image\" itemscope=\"itemscope\" itemtype=\"https:\/\/schema.org\/ImageObject\" >\n\t\t\t\t\t\t<span itemprop='url'>https:\/\/agencevu.com\/wp-content\/uploads\/2020\/01\/2019-amour-00.jpg<\/span>\n\t\t\t\t\t\t<span itemprop='height'>185<\/span>\n\t\t\t\t\t\t<span itemprop='width'>142<\/span>\n\t\t\t\t<\/span>\n\t\t\t\t<span class='av-structured-data'  itemprop=\"publisher\" itemtype=\"https:\/\/schema.org\/Organization\" itemscope=\"itemscope\" >\n\t\t\t\t\t\t<span itemprop='name'>Fanny Demichelis<\/span>\n\t\t\t\t\t\t<span itemprop='logo' itemscope itemtype='https:\/\/schema.org\/ImageObject'>\n\t\t\t\t\t\t\t<span itemprop='url'>\/wp-content\/uploads\/2021\/05\/logo-vert-2.svg<\/span>\n\t\t\t\t\t\t <\/span>\n\t\t\t\t<\/span><span class='av-structured-data'  itemprop=\"author\" itemscope=\"itemscope\" itemtype=\"https:\/\/schema.org\/Person\" ><span itemprop='name'>Fanny Demichelis<\/span><\/span><span class='av-structured-data'  itemprop=\"datePublished\" datetime=\"1999-06-11T14:30:07+02:00\" >2019-11-14 15:40:27<\/span><span class='av-structured-data'  itemprop=\"dateModified\" itemtype=\"https:\/\/schema.org\/dateModified\" >2021-05-20 13:11:24<\/span><span class='av-structured-data'  itemprop=\"mainEntityOfPage\" itemtype=\"https:\/\/schema.org\/mainEntityOfPage\" ><span itemprop='name'>Amour<\/span><\/span><\/span><\/article><article class='slide-entry flex_column  post-entry post-entry-27652 slide-entry-overview slide-loop-2 slide-parity-even  av_one_half  real-thumbnail'  itemscope=\"itemscope\" itemtype=\"https:\/\/schema.org\/CreativeWork\" ><a href='https:\/\/agencevu.com\/en\/book\/lhomme-nouveau\/' data-rel='slide-6' class='slide-image' title=''><img width=\"121\" height=\"185\" src=\"https:\/\/agencevu.com\/wp-content\/uploads\/2016\/06\/01_homme-nouveau-Couverture-1.jpg\" class=\"wp-image-97500 avia-img-lazy-loading-97500 attachment-portfolio size-portfolio wp-post-image\" alt=\"\" loading=\"lazy\" srcset=\"https:\/\/agencevu.com\/wp-content\/uploads\/2016\/06\/01_homme-nouveau-Couverture-1.jpg 121w, https:\/\/agencevu.com\/wp-content\/uploads\/2016\/06\/01_homme-nouveau-Couverture-1-52x80.jpg 52w\" sizes=\"(max-width: 121px) 100vw, 121px\" \/><\/a><div class='slide-content'><header class=\"entry-content-header\"><span class=\"blog-categories minor-meta\"> <a href=\"https:\/\/agencevu.com\/en\/annee\/2017-en\/\" rel=\"tag\">2017<\/a> <a href=\"https:\/\/agencevu.com\/en\/photographer\/claudine-doury\/\" rel=\"tag\">Claudine Doury<\/a> <a href=\"https:\/\/agencevu.com\/en\/section_taxonomy\/livres\/\" rel=\"tag\">livres<\/a> <\/span><h3 class='slide-entry-title entry-title'  itemprop=\"headline\" ><a href='https:\/\/agencevu.com\/en\/book\/lhomme-nouveau\/' title='L&#039;homme Nouveau'>L'homme Nouveau<\/a><\/h3><span class=\"av-vertical-delimiter\"><\/span><\/header><div class='slide-entry-excerpt entry-content'  itemprop=\"text\" >Filigranes Editions (co-production : La Galerie Particuli\u00e8re) - 2017<\/div><\/div><footer class=\"entry-footer\"><div class='slide-meta'><time class='slide-meta-time updated'  itemprop=\"datePublished\" datetime=\"2017-06-11T15:27:40+02:00\" >11 June 2017<\/time><\/div><\/footer><span class='hidden'>\n\t\t\t\t<span class='av-structured-data'  itemprop=\"image\" itemscope=\"itemscope\" itemtype=\"https:\/\/schema.org\/ImageObject\" >\n\t\t\t\t\t\t<span itemprop='url'>https:\/\/agencevu.com\/wp-content\/uploads\/2016\/06\/01_homme-nouveau-Couverture-1.jpg<\/span>\n\t\t\t\t\t\t<span itemprop='height'>185<\/span>\n\t\t\t\t\t\t<span itemprop='width'>121<\/span>\n\t\t\t\t<\/span>\n\t\t\t\t<span class='av-structured-data'  itemprop=\"publisher\" itemtype=\"https:\/\/schema.org\/Organization\" itemscope=\"itemscope\" >\n\t\t\t\t\t\t<span itemprop='name'>Fanny Demichelis<\/span>\n\t\t\t\t\t\t<span itemprop='logo' itemscope itemtype='https:\/\/schema.org\/ImageObject'>\n\t\t\t\t\t\t\t<span itemprop='url'>\/wp-content\/uploads\/2021\/05\/logo-vert-2.svg<\/span>\n\t\t\t\t\t\t <\/span>\n\t\t\t\t<\/span><span class='av-structured-data'  itemprop=\"author\" itemscope=\"itemscope\" itemtype=\"https:\/\/schema.org\/Person\" ><span itemprop='name'>Fanny Demichelis<\/span><\/span><span class='av-structured-data'  itemprop=\"datePublished\" datetime=\"1999-06-11T14:30:07+02:00\" >2017-06-11 15:27:40<\/span><span class='av-structured-data'  itemprop=\"dateModified\" itemtype=\"https:\/\/schema.org\/dateModified\" >2021-01-19 11:04:35<\/span><span class='av-structured-data'  itemprop=\"mainEntityOfPage\" itemtype=\"https:\/\/schema.org\/mainEntityOfPage\" ><span itemprop='name'>L&#8217;homme Nouveau<\/span><\/span><\/span><\/article><\/div><div class='slide-entry-wrap'><article class='slide-entry flex_column  post-entry post-entry-27653 slide-entry-overview slide-loop-3 slide-parity-odd  av_one_half first real-thumbnail'  itemscope=\"itemscope\" itemtype=\"https:\/\/schema.org\/CreativeWork\" ><a href='https:\/\/agencevu.com\/en\/book\/sasha\/' data-rel='slide-6' class='slide-image' title=''><img width=\"249\" height=\"185\" src=\"https:\/\/agencevu.com\/wp-content\/uploads\/2011\/06\/doury-sasha-cover.jpg\" class=\"wp-image-52732 avia-img-lazy-loading-52732 attachment-portfolio size-portfolio wp-post-image\" alt=\"\" loading=\"lazy\" srcset=\"https:\/\/agencevu.com\/wp-content\/uploads\/2011\/06\/doury-sasha-cover.jpg 249w, https:\/\/agencevu.com\/wp-content\/uploads\/2011\/06\/doury-sasha-cover-80x59.jpg 80w\" sizes=\"(max-width: 249px) 100vw, 249px\" \/><\/a><div class='slide-content'><header class=\"entry-content-header\"><span class=\"blog-categories minor-meta\"> <a href=\"https:\/\/agencevu.com\/en\/annee\/2011\/\" rel=\"tag\">2011<\/a> <a href=\"https:\/\/agencevu.com\/en\/photographer\/claudine-doury\/\" rel=\"tag\">Claudine Doury<\/a> <a href=\"https:\/\/agencevu.com\/en\/section_taxonomy\/livres\/\" rel=\"tag\">livres<\/a> <\/span><h3 class='slide-entry-title entry-title'  itemprop=\"headline\" ><a href='https:\/\/agencevu.com\/en\/book\/sasha\/' title='Sasha'>Sasha<\/a><\/h3><span class=\"av-vertical-delimiter\"><\/span><\/header><div class='slide-entry-excerpt entry-content'  itemprop=\"text\" >Le caillou bleu - 2011<\/div><\/div><footer class=\"entry-footer\"><div class='slide-meta'><time class='slide-meta-time updated'  itemprop=\"datePublished\" datetime=\"2011-06-11T15:00:16+02:00\" >11 June 2011<\/time><\/div><\/footer><span class='hidden'>\n\t\t\t\t<span class='av-structured-data'  itemprop=\"image\" itemscope=\"itemscope\" itemtype=\"https:\/\/schema.org\/ImageObject\" >\n\t\t\t\t\t\t<span itemprop='url'>https:\/\/agencevu.com\/wp-content\/uploads\/2011\/06\/doury-sasha-cover.jpg<\/span>\n\t\t\t\t\t\t<span itemprop='height'>185<\/span>\n\t\t\t\t\t\t<span itemprop='width'>249<\/span>\n\t\t\t\t<\/span>\n\t\t\t\t<span class='av-structured-data'  itemprop=\"publisher\" itemtype=\"https:\/\/schema.org\/Organization\" itemscope=\"itemscope\" >\n\t\t\t\t\t\t<span itemprop='name'>Fanny Demichelis<\/span>\n\t\t\t\t\t\t<span itemprop='logo' itemscope itemtype='https:\/\/schema.org\/ImageObject'>\n\t\t\t\t\t\t\t<span itemprop='url'>\/wp-content\/uploads\/2021\/05\/logo-vert-2.svg<\/span>\n\t\t\t\t\t\t <\/span>\n\t\t\t\t<\/span><span class='av-structured-data'  itemprop=\"author\" itemscope=\"itemscope\" itemtype=\"https:\/\/schema.org\/Person\" ><span itemprop='name'>Fanny Demichelis<\/span><\/span><span class='av-structured-data'  itemprop=\"datePublished\" datetime=\"1999-06-11T14:30:07+02:00\" >2011-06-11 15:00:16<\/span><span class='av-structured-data'  itemprop=\"dateModified\" itemtype=\"https:\/\/schema.org\/dateModified\" >2021-02-09 18:25:15<\/span><span class='av-structured-data'  itemprop=\"mainEntityOfPage\" itemtype=\"https:\/\/schema.org\/mainEntityOfPage\" ><span itemprop='name'>Sasha<\/span><\/span><\/span><\/article><article class='slide-entry flex_column  post-entry post-entry-27654 slide-entry-overview slide-loop-4 slide-parity-even  av_one_half  real-thumbnail'  itemscope=\"itemscope\" itemtype=\"https:\/\/schema.org\/CreativeWork\" ><a href='https:\/\/agencevu.com\/en\/book\/loulan-beauty\/' data-rel='slide-6' class='slide-image' title=''><img width=\"141\" height=\"185\" src=\"https:\/\/agencevu.com\/wp-content\/uploads\/2019\/06\/00_2007-LOULAN-BEAUTY-.jpg\" class=\"wp-image-27572 avia-img-lazy-loading-27572 attachment-portfolio size-portfolio wp-post-image\" alt=\"\" loading=\"lazy\" srcset=\"https:\/\/agencevu.com\/wp-content\/uploads\/2019\/06\/00_2007-LOULAN-BEAUTY-.jpg 141w, https:\/\/agencevu.com\/wp-content\/uploads\/2019\/06\/00_2007-LOULAN-BEAUTY--61x80.jpg 61w\" sizes=\"(max-width: 141px) 100vw, 141px\" \/><\/a><div class='slide-content'><header class=\"entry-content-header\"><span class=\"blog-categories minor-meta\"> <a href=\"https:\/\/agencevu.com\/en\/annee\/2007-en\/\" rel=\"tag\">2007<\/a> <a href=\"https:\/\/agencevu.com\/en\/photographer\/claudine-doury\/\" rel=\"tag\">Claudine Doury<\/a> <a href=\"https:\/\/agencevu.com\/en\/section_taxonomy\/livres\/\" rel=\"tag\">livres<\/a> <\/span><h3 class='slide-entry-title entry-title'  itemprop=\"headline\" ><a href='https:\/\/agencevu.com\/en\/book\/loulan-beauty\/' title='Loulan Beauty'>Loulan Beauty<\/a><\/h3><span class=\"av-vertical-delimiter\"><\/span><\/header><div class='slide-entry-excerpt entry-content'  itemprop=\"text\" >\u00c9ditions du Ch\u00eane - 2007<\/div><\/div><footer class=\"entry-footer\"><div class='slide-meta'><time class='slide-meta-time updated'  itemprop=\"datePublished\" datetime=\"2007-02-11T14:50:43+01:00\" >11 February 2007<\/time><\/div><\/footer><span class='hidden'>\n\t\t\t\t<span class='av-structured-data'  itemprop=\"image\" itemscope=\"itemscope\" itemtype=\"https:\/\/schema.org\/ImageObject\" >\n\t\t\t\t\t\t<span itemprop='url'>https:\/\/agencevu.com\/wp-content\/uploads\/2019\/06\/00_2007-LOULAN-BEAUTY-.jpg<\/span>\n\t\t\t\t\t\t<span itemprop='height'>185<\/span>\n\t\t\t\t\t\t<span itemprop='width'>141<\/span>\n\t\t\t\t<\/span>\n\t\t\t\t<span class='av-structured-data'  itemprop=\"publisher\" itemtype=\"https:\/\/schema.org\/Organization\" itemscope=\"itemscope\" >\n\t\t\t\t\t\t<span itemprop='name'>Fanny Demichelis<\/span>\n\t\t\t\t\t\t<span itemprop='logo' itemscope itemtype='https:\/\/schema.org\/ImageObject'>\n\t\t\t\t\t\t\t<span itemprop='url'>\/wp-content\/uploads\/2021\/05\/logo-vert-2.svg<\/span>\n\t\t\t\t\t\t <\/span>\n\t\t\t\t<\/span><span class='av-structured-data'  itemprop=\"author\" itemscope=\"itemscope\" itemtype=\"https:\/\/schema.org\/Person\" ><span itemprop='name'>Fanny Demichelis<\/span><\/span><span class='av-structured-data'  itemprop=\"datePublished\" datetime=\"1999-06-11T14:30:07+02:00\" >2007-02-11 14:50:43<\/span><span class='av-structured-data'  itemprop=\"dateModified\" itemtype=\"https:\/\/schema.org\/dateModified\" >2021-04-23 17:07:40<\/span><span class='av-structured-data'  itemprop=\"mainEntityOfPage\" itemtype=\"https:\/\/schema.org\/mainEntityOfPage\" ><span itemprop='name'>Loulan Beauty<\/span><\/span><\/span><\/article><\/div><div class='slide-entry-wrap'><article class='slide-entry flex_column  post-entry post-entry-27655 slide-entry-overview slide-loop-5 slide-parity-odd  av_one_half first real-thumbnail'  itemscope=\"itemscope\" itemtype=\"https:\/\/schema.org\/CreativeWork\" ><a href='https:\/\/agencevu.com\/en\/book\/artek\/' data-rel='slide-6' class='slide-image' title=''><img width=\"205\" height=\"185\" src=\"https:\/\/agencevu.com\/wp-content\/uploads\/2019\/06\/00_2004-ARTEK.jpg\" class=\"wp-image-27560 avia-img-lazy-loading-27560 attachment-portfolio size-portfolio wp-post-image\" alt=\"\" loading=\"lazy\" srcset=\"https:\/\/agencevu.com\/wp-content\/uploads\/2019\/06\/00_2004-ARTEK.jpg 205w, https:\/\/agencevu.com\/wp-content\/uploads\/2019\/06\/00_2004-ARTEK-80x72.jpg 80w\" sizes=\"(max-width: 205px) 100vw, 205px\" \/><\/a><div class='slide-content'><header class=\"entry-content-header\"><span class=\"blog-categories minor-meta\"> <a href=\"https:\/\/agencevu.com\/en\/annee\/2004-en\/\" rel=\"tag\">2004<\/a> <a href=\"https:\/\/agencevu.com\/en\/photographer\/claudine-doury\/\" rel=\"tag\">Claudine Doury<\/a> <a href=\"https:\/\/agencevu.com\/en\/section_taxonomy\/livres\/\" rel=\"tag\">livres<\/a> <\/span><h3 class='slide-entry-title entry-title'  itemprop=\"headline\" ><a href='https:\/\/agencevu.com\/en\/book\/artek\/' title='Artek'>Artek<\/a><\/h3><span class=\"av-vertical-delimiter\"><\/span><\/header><div class='slide-entry-excerpt entry-content'  itemprop=\"text\" >La Martini\u00e8re - 2004<\/div><\/div><footer class=\"entry-footer\"><div class='slide-meta'><time class='slide-meta-time updated'  itemprop=\"datePublished\" datetime=\"2004-04-16T14:40:44+02:00\" >16 April 2004<\/time><\/div><\/footer><span class='hidden'>\n\t\t\t\t<span class='av-structured-data'  itemprop=\"image\" itemscope=\"itemscope\" itemtype=\"https:\/\/schema.org\/ImageObject\" >\n\t\t\t\t\t\t<span itemprop='url'>https:\/\/agencevu.com\/wp-content\/uploads\/2019\/06\/00_2004-ARTEK.jpg<\/span>\n\t\t\t\t\t\t<span itemprop='height'>185<\/span>\n\t\t\t\t\t\t<span itemprop='width'>205<\/span>\n\t\t\t\t<\/span>\n\t\t\t\t<span class='av-structured-data'  itemprop=\"publisher\" itemtype=\"https:\/\/schema.org\/Organization\" itemscope=\"itemscope\" >\n\t\t\t\t\t\t<span itemprop='name'>Fanny Demichelis<\/span>\n\t\t\t\t\t\t<span itemprop='logo' itemscope itemtype='https:\/\/schema.org\/ImageObject'>\n\t\t\t\t\t\t\t<span itemprop='url'>\/wp-content\/uploads\/2021\/05\/logo-vert-2.svg<\/span>\n\t\t\t\t\t\t <\/span>\n\t\t\t\t<\/span><span class='av-structured-data'  itemprop=\"author\" itemscope=\"itemscope\" itemtype=\"https:\/\/schema.org\/Person\" ><span itemprop='name'>Fanny Demichelis<\/span><\/span><span class='av-structured-data'  itemprop=\"datePublished\" datetime=\"1999-06-11T14:30:07+02:00\" >2004-04-16 14:40:44<\/span><span class='av-structured-data'  itemprop=\"dateModified\" itemtype=\"https:\/\/schema.org\/dateModified\" >2021-02-09 17:20:12<\/span><span class='av-structured-data'  itemprop=\"mainEntityOfPage\" itemtype=\"https:\/\/schema.org\/mainEntityOfPage\" ><span itemprop='name'>Artek<\/span><\/span><\/span><\/article><article class='slide-entry flex_column  post-entry post-entry-27656 slide-entry-overview slide-loop-6 slide-parity-even  post-entry-last  av_one_half  real-thumbnail'  itemscope=\"itemscope\" itemtype=\"https:\/\/schema.org\/CreativeWork\" ><a href='https:\/\/agencevu.com\/en\/book\/peuples-de-siberie\/' data-rel='slide-6' class='slide-image' title=''><img width=\"145\" height=\"185\" src=\"https:\/\/agencevu.com\/wp-content\/uploads\/2019\/06\/00_preview_Peuples-de-Sibe--rie_DOUR.jpg\" class=\"wp-image-27548 avia-img-lazy-loading-27548 attachment-portfolio size-portfolio wp-post-image\" alt=\"\" loading=\"lazy\" srcset=\"https:\/\/agencevu.com\/wp-content\/uploads\/2019\/06\/00_preview_Peuples-de-Sibe--rie_DOUR.jpg 145w, https:\/\/agencevu.com\/wp-content\/uploads\/2019\/06\/00_preview_Peuples-de-Sibe--rie_DOUR-63x80.jpg 63w\" sizes=\"(max-width: 145px) 100vw, 145px\" \/><\/a><div class='slide-content'><header class=\"entry-content-header\"><span class=\"blog-categories minor-meta\"> <a href=\"https:\/\/agencevu.com\/en\/annee\/1999-en\/\" rel=\"tag\">1999<\/a> <a href=\"https:\/\/agencevu.com\/en\/photographer\/claudine-doury\/\" rel=\"tag\">Claudine Doury<\/a> <a href=\"https:\/\/agencevu.com\/en\/section_taxonomy\/livres\/\" rel=\"tag\">livres<\/a> <\/span><h3 class='slide-entry-title entry-title'  itemprop=\"headline\" ><a href='https:\/\/agencevu.com\/en\/book\/peuples-de-siberie\/' title='Peuples de Sib\u00e9rie'>Peuples de Sib\u00e9rie<\/a><\/h3><span class=\"av-vertical-delimiter\"><\/span><\/header><div class='slide-entry-excerpt entry-content'  itemprop=\"text\" >\u00c9ditions du Seuil - 1999<\/div><\/div><footer class=\"entry-footer\"><div class='slide-meta'><time class='slide-meta-time updated'  itemprop=\"datePublished\" datetime=\"1999-06-11T14:30:07+02:00\" >11 June 1999<\/time><\/div><\/footer><span class='hidden'>\n\t\t\t\t<span class='av-structured-data'  itemprop=\"image\" itemscope=\"itemscope\" itemtype=\"https:\/\/schema.org\/ImageObject\" >\n\t\t\t\t\t\t<span itemprop='url'>https:\/\/agencevu.com\/wp-content\/uploads\/2019\/06\/00_preview_Peuples-de-Sibe--rie_DOUR.jpg<\/span>\n\t\t\t\t\t\t<span itemprop='height'>185<\/span>\n\t\t\t\t\t\t<span itemprop='width'>145<\/span>\n\t\t\t\t<\/span>\n\t\t\t\t<span class='av-structured-data'  itemprop=\"publisher\" itemtype=\"https:\/\/schema.org\/Organization\" itemscope=\"itemscope\" >\n\t\t\t\t\t\t<span itemprop='name'>Fanny Demichelis<\/span>\n\t\t\t\t\t\t<span itemprop='logo' itemscope itemtype='https:\/\/schema.org\/ImageObject'>\n\t\t\t\t\t\t\t<span itemprop='url'>\/wp-content\/uploads\/2021\/05\/logo-vert-2.svg<\/span>\n\t\t\t\t\t\t <\/span>\n\t\t\t\t<\/span><span class='av-structured-data'  itemprop=\"author\" itemscope=\"itemscope\" itemtype=\"https:\/\/schema.org\/Person\" ><span itemprop='name'>Fanny Demichelis<\/span><\/span><span class='av-structured-data'  itemprop=\"datePublished\" datetime=\"1999-06-11T14:30:07+02:00\" >1999-06-11 14:30:07<\/span><span class='av-structured-data'  itemprop=\"dateModified\" itemtype=\"https:\/\/schema.org\/dateModified\" >2021-04-23 17:07:48<\/span><span class='av-structured-data'  itemprop=\"mainEntityOfPage\" itemtype=\"https:\/\/schema.org\/mainEntityOfPage\" ><span itemprop='name'>Peuples de Sib\u00e9rie<\/span><\/span><\/span><\/article><\/div><\/div><\/div>\n<\/p>\n<div id='awards'  class='avia-section main_color avia-section-small avia-no-border-styling  avia-bg-style-scroll  avia-builder-el-0  el_before_av_section  avia-builder-el-first   container_wrap fullsize' style=' '  ><div class='container' ><main  role=\"main\" itemprop=\"mainContentOfPage\"  class='template-page content  av-content-full alpha units'><div class='post-entry post-entry-type-page post-entry-107884'><div class='entry-content-wrapper clearfix'>\n<section class=\"av_textblock_section \"  itemscope=\"itemscope\" itemtype=\"https:\/\/schema.org\/CreativeWork\" ><div class='avia_textblock  '  style='font-size:20px; '  itemprop=\"text\" ><p id=\"prix\" style=\"color: #707070; letter-spacing: 1.5px; text-transform: uppercase;\">Awards<\/p>\n<hr class=\"hr-titre-page\">\n<\/div><\/section>\n<div class=\"flex_column av_one_fourth  flex_column_div av-zero-column-padding first  \" style='border-radius:0px; '><p><div  class='avia-image-container  av-styling-no-styling    avia-align-center '  itemprop=\"image\" itemscope=\"itemscope\" itemtype=\"https:\/\/schema.org\/ImageObject\"  ><div class='avia-image-container-inner'><div class='avia-image-overlay-wrap'><img class='wp-image-77898 avia-img-lazy-loading-not-77898 avia_image' src=\"https:\/\/agencevu.com\/wp-content\/uploads\/2018\/09\/2017_Laure\u0301ate-de-la-Jeunesse-en-France-CNAP-et-Ce\u0301Ta\u0300VOIR.jpg\" alt='' title='1er Acte' height=\"1080\" width=\"1440\"  itemprop=\"thumbnailUrl\" srcset=\"https:\/\/agencevu.com\/wp-content\/uploads\/2018\/09\/2017_Laure\u0301ate-de-la-Jeunesse-en-France-CNAP-et-Ce\u0301Ta\u0300VOIR.jpg 1440w, https:\/\/agencevu.com\/wp-content\/uploads\/2018\/09\/2017_Laure\u0301ate-de-la-Jeunesse-en-France-CNAP-et-Ce\u0301Ta\u0300VOIR-80x60.jpg 80w, https:\/\/agencevu.com\/wp-content\/uploads\/2018\/09\/2017_Laure\u0301ate-de-la-Jeunesse-en-France-CNAP-et-Ce\u0301Ta\u0300VOIR-300x225.jpg 300w, https:\/\/agencevu.com\/wp-content\/uploads\/2018\/09\/2017_Laure\u0301ate-de-la-Jeunesse-en-France-CNAP-et-Ce\u0301Ta\u0300VOIR-768x576.jpg 768w, https:\/\/agencevu.com\/wp-content\/uploads\/2018\/09\/2017_Laure\u0301ate-de-la-Jeunesse-en-France-CNAP-et-Ce\u0301Ta\u0300VOIR-1030x773.jpg 1030w, https:\/\/agencevu.com\/wp-content\/uploads\/2018\/09\/2017_Laure\u0301ate-de-la-Jeunesse-en-France-CNAP-et-Ce\u0301Ta\u0300VOIR-705x529.jpg 705w, https:\/\/agencevu.com\/wp-content\/uploads\/2018\/09\/2017_Laure\u0301ate-de-la-Jeunesse-en-France-CNAP-et-Ce\u0301Ta\u0300VOIR-450x338.jpg 450w\" sizes=\"(max-width: 1440px) 100vw, 1440px\" \/><\/div><\/div><\/div><br \/>\n<section class=\"av_textblock_section \"  itemscope=\"itemscope\" itemtype=\"https:\/\/schema.org\/CreativeWork\" ><div class='avia_textblock  '   itemprop=\"text\" ><p><span style=\"font-size: 15px;\"><strong><span style=\"color: #76a38b;\">Prize-winner La Jeunesse en France, CNAP and C\u00e9T\u00e0VOIR<br \/>\n<\/span><\/strong><\/span><\/p>\n<\/div><\/section><br \/>\n<section class=\"av_textblock_section \"  itemscope=\"itemscope\" itemtype=\"https:\/\/schema.org\/CreativeWork\" ><div class='avia_textblock  '   itemprop=\"text\" ><p><span style=\"color: #76a38b; font-size: 15px;\">For her series &#8220;New Man, in Russia&#8221;<\/span><\/p>\n<\/div><\/section><br \/>\n<section class=\"av_textblock_section \"  itemscope=\"itemscope\" itemtype=\"https:\/\/schema.org\/CreativeWork\" ><div class='avia_textblock  '  style='font-size:10px; '  itemprop=\"text\" ><p>2017<\/p>\n<\/div><\/section><\/p><\/div><div class=\"flex_column av_one_fourth  flex_column_div av-zero-column-padding   \" style='border-radius:0px; '><p><div  class='avia-image-container  av-styling-no-styling    avia-align-center '  itemprop=\"image\" itemscope=\"itemscope\" itemtype=\"https:\/\/schema.org\/ImageObject\"  ><div class='avia-image-container-inner'><div class='avia-image-overlay-wrap'><img class='wp-image-77826 avia-img-lazy-loading-not-77826 avia_image' src=\"https:\/\/agencevu.com\/wp-content\/uploads\/2020\/08\/23_DOUR7196-1991CL61.jpg\" alt='' title='Russia, Blagoveshchensk, 1991 - This family crosses the Amur River by ferry, near the town of Blagoveshchensk. I found this photo taken during my first trip on the Love River. At the time, I didn&#039;t retain it. I like the mystery surrounding the attention given to the child.' height=\"930\" width=\"1400\"  itemprop=\"thumbnailUrl\" srcset=\"https:\/\/agencevu.com\/wp-content\/uploads\/2020\/08\/23_DOUR7196-1991CL61.jpg 1400w, https:\/\/agencevu.com\/wp-content\/uploads\/2020\/08\/23_DOUR7196-1991CL61-80x53.jpg 80w, https:\/\/agencevu.com\/wp-content\/uploads\/2020\/08\/23_DOUR7196-1991CL61-300x199.jpg 300w, https:\/\/agencevu.com\/wp-content\/uploads\/2020\/08\/23_DOUR7196-1991CL61-768x510.jpg 768w, https:\/\/agencevu.com\/wp-content\/uploads\/2020\/08\/23_DOUR7196-1991CL61-1030x684.jpg 1030w, https:\/\/agencevu.com\/wp-content\/uploads\/2020\/08\/23_DOUR7196-1991CL61-705x468.jpg 705w, https:\/\/agencevu.com\/wp-content\/uploads\/2020\/08\/23_DOUR7196-1991CL61-450x299.jpg 450w\" sizes=\"(max-width: 1400px) 100vw, 1400px\" \/><\/div><\/div><\/div><br \/>\n<section class=\"av_textblock_section \"  itemscope=\"itemscope\" itemtype=\"https:\/\/schema.org\/CreativeWork\" ><div class='avia_textblock  '   itemprop=\"text\" ><p><span style=\"font-size: 15px;\"><strong><span style=\"color: #76a38b;\">Marc Ladreit de Lacharrie\u0300re photography prize \u2013 Academy of Fine Arts<br \/>\n<\/span><\/strong><\/span><\/p>\n<\/div><\/section><br \/>\n<section class=\"av_textblock_section \"  itemscope=\"itemscope\" itemtype=\"https:\/\/schema.org\/CreativeWork\" ><div class='avia_textblock  '   itemprop=\"text\" ><p><span style=\"color: #76a38b; font-size: 15px;\">For her series \u201cA Siberian Odyssey\u201d <\/span><\/p>\n<\/div><\/section><br \/>\n<section class=\"av_textblock_section \"  itemscope=\"itemscope\" itemtype=\"https:\/\/schema.org\/CreativeWork\" ><div class='avia_textblock  '  style='font-size:10px; '  itemprop=\"text\" ><p>2017<\/p>\n<\/div><\/section><\/p><\/div><div class=\"flex_column av_one_fourth  flex_column_div av-zero-column-padding   \" style='border-radius:0px; '><p><div  class='avia-image-container  av-styling-no-styling    avia-align-center '  itemprop=\"image\" itemscope=\"itemscope\" itemtype=\"https:\/\/schema.org\/ImageObject\"  ><div class='avia-image-container-inner'><div class='avia-image-overlay-wrap'><img class='wp-image-77900 avia-img-lazy-loading-not-77900 avia_image' src=\"https:\/\/agencevu.com\/wp-content\/uploads\/2018\/09\/2012_Centre-National-des-Arts-Plastiques.jpg\" alt='' title='L&#039;Homme Nouveau' height=\"808\" width=\"1000\"  itemprop=\"thumbnailUrl\" srcset=\"https:\/\/agencevu.com\/wp-content\/uploads\/2018\/09\/2012_Centre-National-des-Arts-Plastiques.jpg 1000w, https:\/\/agencevu.com\/wp-content\/uploads\/2018\/09\/2012_Centre-National-des-Arts-Plastiques-80x65.jpg 80w, https:\/\/agencevu.com\/wp-content\/uploads\/2018\/09\/2012_Centre-National-des-Arts-Plastiques-300x242.jpg 300w, https:\/\/agencevu.com\/wp-content\/uploads\/2018\/09\/2012_Centre-National-des-Arts-Plastiques-768x621.jpg 768w, https:\/\/agencevu.com\/wp-content\/uploads\/2018\/09\/2012_Centre-National-des-Arts-Plastiques-495x400.jpg 495w, https:\/\/agencevu.com\/wp-content\/uploads\/2018\/09\/2012_Centre-National-des-Arts-Plastiques-845x684.jpg 845w, https:\/\/agencevu.com\/wp-content\/uploads\/2018\/09\/2012_Centre-National-des-Arts-Plastiques-705x570.jpg 705w, https:\/\/agencevu.com\/wp-content\/uploads\/2018\/09\/2012_Centre-National-des-Arts-Plastiques-450x364.jpg 450w\" sizes=\"(max-width: 1000px) 100vw, 1000px\" \/><\/div><\/div><\/div><br \/>\n<section class=\"av_textblock_section \"  itemscope=\"itemscope\" itemtype=\"https:\/\/schema.org\/CreativeWork\" ><div class='avia_textblock  '   itemprop=\"text\" ><p><span style=\"font-size: 15px;\"><strong><span style=\"color: #76a38b;\">Plastics Art National Center, to support the creation. <\/span><\/strong><\/span><\/p>\n<\/div><\/section><br \/>\n<section class=\"av_textblock_section \"  itemscope=\"itemscope\" itemtype=\"https:\/\/schema.org\/CreativeWork\" ><div class='avia_textblock  '   itemprop=\"text\" ><p><span style=\"color: #76a38b; font-size: 15px;\">For her series &#8220;New Man, in Russia&#8221;<\/span><\/p>\n<\/div><\/section><br \/>\n<section class=\"av_textblock_section \"  itemscope=\"itemscope\" itemtype=\"https:\/\/schema.org\/CreativeWork\" ><div class='avia_textblock  '  style='font-size:10px; '  itemprop=\"text\" ><p>2012<\/p>\n<\/div><\/section><\/p><\/div><div class=\"flex_column av_one_fourth  flex_column_div av-zero-column-padding   \" style='border-radius:0px; '><p><div  class='avia-image-container  av-styling-no-styling    avia-align-center '  itemprop=\"image\" itemscope=\"itemscope\" itemtype=\"https:\/\/schema.org\/ImageObject\"  ><div class='avia-image-container-inner'><div class='avia-image-overlay-wrap'><img class='wp-image-77349 avia-img-lazy-loading-not-77349 avia_image' src=\"https:\/\/agencevu.com\/wp-content\/uploads\/2020\/08\/00_DOUR11727-2002CL33.jpg\" alt='' title='Artek, un \u00e9t\u00e9 en Crim\u00e9e \/ A summer un Crimea' height=\"290\" width=\"441\"  itemprop=\"thumbnailUrl\" srcset=\"https:\/\/agencevu.com\/wp-content\/uploads\/2020\/08\/00_DOUR11727-2002CL33.jpg 441w, https:\/\/agencevu.com\/wp-content\/uploads\/2020\/08\/00_DOUR11727-2002CL33-80x53.jpg 80w, https:\/\/agencevu.com\/wp-content\/uploads\/2020\/08\/00_DOUR11727-2002CL33-300x197.jpg 300w\" sizes=\"(max-width: 441px) 100vw, 441px\" \/><\/div><\/div><\/div><br \/>\n<section class=\"av_textblock_section \"  itemscope=\"itemscope\" itemtype=\"https:\/\/schema.org\/CreativeWork\" ><div class='avia_textblock  '   itemprop=\"text\" ><p><span style=\"font-size: 15px;\"><strong><span style=\"color: #76a38b;\">Prize Niepce<br \/>\n<\/span><\/strong><\/span><\/p>\n<\/div><\/section><br \/>\n<section class=\"av_textblock_section \"  itemscope=\"itemscope\" itemtype=\"https:\/\/schema.org\/CreativeWork\" ><div class='avia_textblock  '   itemprop=\"text\" ><p><span style=\"color: #76a38b; font-size: 15px;\">For the series \u00ab&nbsp;Artek&nbsp;\u00bb et \u00ab&nbsp;Loulan Beauty&nbsp;\u00bb<br \/>\n<\/span><\/p>\n<\/div><\/section><br \/>\n<section class=\"av_textblock_section \"  itemscope=\"itemscope\" itemtype=\"https:\/\/schema.org\/CreativeWork\" ><div class='avia_textblock  '  style='font-size:10px; '  itemprop=\"text\" ><p>2004<\/p>\n<\/div><\/section><\/p><\/div><div class=\"flex_column av_one_fourth  flex_column_div av-zero-column-padding first  \" style='border-radius:0px; '><p><div  class='avia-image-container  av-styling-no-styling    avia-align-center '  itemprop=\"image\" itemscope=\"itemscope\" itemtype=\"https:\/\/schema.org\/ImageObject\"  ><div class='avia-image-container-inner'><div class='avia-image-overlay-wrap'><img class='wp-image-77226 avia-img-lazy-loading-not-77226 avia_image' src=\"https:\/\/agencevu.com\/wp-content\/uploads\/2020\/08\/01_DOUR8641-1998NB73.jpg\" alt='' title='From the series &quot;The People of Siberia&quot;' height=\"933\" width=\"1400\"  itemprop=\"thumbnailUrl\" srcset=\"https:\/\/agencevu.com\/wp-content\/uploads\/2020\/08\/01_DOUR8641-1998NB73.jpg 1400w, https:\/\/agencevu.com\/wp-content\/uploads\/2020\/08\/01_DOUR8641-1998NB73-80x53.jpg 80w, https:\/\/agencevu.com\/wp-content\/uploads\/2020\/08\/01_DOUR8641-1998NB73-300x200.jpg 300w, https:\/\/agencevu.com\/wp-content\/uploads\/2020\/08\/01_DOUR8641-1998NB73-768x512.jpg 768w, https:\/\/agencevu.com\/wp-content\/uploads\/2020\/08\/01_DOUR8641-1998NB73-1030x686.jpg 1030w, https:\/\/agencevu.com\/wp-content\/uploads\/2020\/08\/01_DOUR8641-1998NB73-705x470.jpg 705w, https:\/\/agencevu.com\/wp-content\/uploads\/2020\/08\/01_DOUR8641-1998NB73-450x300.jpg 450w\" sizes=\"(max-width: 1400px) 100vw, 1400px\" \/><\/div><\/div><\/div><br \/>\n<section class=\"av_textblock_section \"  itemscope=\"itemscope\" itemtype=\"https:\/\/schema.org\/CreativeWork\" ><div class='avia_textblock  '   itemprop=\"text\" ><p><span style=\"font-size: 15px;\"><strong><span style=\"color: #76a38b;\">World Press Photo Second Prize, category \u00ab&nbsp;Nature and environment stories&nbsp;\u00bb<br \/>\n<\/span><\/strong><\/span><\/p>\n<\/div><\/section><br \/>\n<section class=\"av_textblock_section \"  itemscope=\"itemscope\" itemtype=\"https:\/\/schema.org\/CreativeWork\" ><div class='avia_textblock  '   itemprop=\"text\" ><p><span style=\"color: #76a38b; font-size: 15px;\">For her series \u00ab&nbsp;People of Siberia&nbsp;\u00bb<\/span><\/p>\n<\/div><\/section><br \/>\n<section class=\"av_textblock_section \"  itemscope=\"itemscope\" itemtype=\"https:\/\/schema.org\/CreativeWork\" ><div class='avia_textblock  '  style='font-size:10px; '  itemprop=\"text\" ><p>2000<\/p>\n<\/div><\/section><\/p><\/div><div class=\"flex_column av_one_fourth  flex_column_div av-zero-column-padding   \" style='border-radius:0px; '><p><div  class='avia-image-container  av-styling-no-styling    avia-align-center '  itemprop=\"image\" itemscope=\"itemscope\" itemtype=\"https:\/\/schema.org\/ImageObject\"  ><div class='avia-image-container-inner'><div class='avia-image-overlay-wrap'><img class='wp-image-77902 avia-img-lazy-loading-not-77902 avia_image' src=\"https:\/\/agencevu.com\/wp-content\/uploads\/2018\/09\/2000_Prix-Paris-Match.jpg\" alt='' title='2000_Prix-Paris-Match' height=\"928\" width=\"1400\"  itemprop=\"thumbnailUrl\" srcset=\"https:\/\/agencevu.com\/wp-content\/uploads\/2018\/09\/2000_Prix-Paris-Match.jpg 1400w, https:\/\/agencevu.com\/wp-content\/uploads\/2018\/09\/2000_Prix-Paris-Match-80x53.jpg 80w, https:\/\/agencevu.com\/wp-content\/uploads\/2018\/09\/2000_Prix-Paris-Match-300x199.jpg 300w, https:\/\/agencevu.com\/wp-content\/uploads\/2018\/09\/2000_Prix-Paris-Match-768x509.jpg 768w, https:\/\/agencevu.com\/wp-content\/uploads\/2018\/09\/2000_Prix-Paris-Match-1030x683.jpg 1030w, https:\/\/agencevu.com\/wp-content\/uploads\/2018\/09\/2000_Prix-Paris-Match-705x467.jpg 705w, https:\/\/agencevu.com\/wp-content\/uploads\/2018\/09\/2000_Prix-Paris-Match-450x298.jpg 450w\" sizes=\"(max-width: 1400px) 100vw, 1400px\" \/><\/div><\/div><\/div><br \/>\n<section class=\"av_textblock_section \"  itemscope=\"itemscope\" itemtype=\"https:\/\/schema.org\/CreativeWork\" ><div class='avia_textblock  '   itemprop=\"text\" ><p><span style=\"font-size: 15px;\"><strong><span style=\"color: #76a38b;\">Prize Paris-Match<br \/>\n<\/span><\/strong><\/span><\/p>\n<\/div><\/section><br \/>\n<section class=\"av_textblock_section \"  itemscope=\"itemscope\" itemtype=\"https:\/\/schema.org\/CreativeWork\" ><div class='avia_textblock  '   itemprop=\"text\" ><p><span style=\"color: #76a38b; font-size: 15px;\">For her series &#8220;Kosovo, the victims of anti-personnel mines\u201c<br \/>\n<\/span><\/p>\n<\/div><\/section><br \/>\n<section class=\"av_textblock_section \"  itemscope=\"itemscope\" itemtype=\"https:\/\/schema.org\/CreativeWork\" ><div class='avia_textblock  '  style='font-size:10px; '  itemprop=\"text\" ><p>2000<\/p>\n<\/div><\/section><\/p><\/div><div class=\"flex_column av_one_fourth  flex_column_div av-zero-column-padding   \" style='border-radius:0px; '><p><div  class='avia-image-container  av-styling-no-styling    avia-align-center '  itemprop=\"image\" itemscope=\"itemscope\" itemtype=\"https:\/\/schema.org\/ImageObject\"  ><div class='avia-image-container-inner'><div class='avia-image-overlay-wrap'><img class='wp-image-77252 avia-img-lazy-loading-not-77252 avia_image' src=\"https:\/\/agencevu.com\/wp-content\/uploads\/2020\/08\/14_DOUR8641-1998NB52.jpg\" alt='' title='From the series &quot;The People of Siberia&quot;' height=\"933\" width=\"1400\"  itemprop=\"thumbnailUrl\" srcset=\"https:\/\/agencevu.com\/wp-content\/uploads\/2020\/08\/14_DOUR8641-1998NB52.jpg 1400w, https:\/\/agencevu.com\/wp-content\/uploads\/2020\/08\/14_DOUR8641-1998NB52-80x53.jpg 80w, https:\/\/agencevu.com\/wp-content\/uploads\/2020\/08\/14_DOUR8641-1998NB52-300x200.jpg 300w, https:\/\/agencevu.com\/wp-content\/uploads\/2020\/08\/14_DOUR8641-1998NB52-768x512.jpg 768w, https:\/\/agencevu.com\/wp-content\/uploads\/2020\/08\/14_DOUR8641-1998NB52-1030x686.jpg 1030w, https:\/\/agencevu.com\/wp-content\/uploads\/2020\/08\/14_DOUR8641-1998NB52-705x470.jpg 705w, https:\/\/agencevu.com\/wp-content\/uploads\/2020\/08\/14_DOUR8641-1998NB52-450x300.jpg 450w\" sizes=\"(max-width: 1400px) 100vw, 1400px\" \/><\/div><\/div><\/div><br \/>\n<section class=\"av_textblock_section \"  itemscope=\"itemscope\" itemtype=\"https:\/\/schema.org\/CreativeWork\" ><div class='avia_textblock  '   itemprop=\"text\" ><p><span style=\"font-size: 15px;\"><strong><span style=\"color: #76a38b;\">Prize Leica Oskar Barnack<br \/>\n<\/span><\/strong><\/span><\/p>\n<\/div><\/section><br \/>\n<section class=\"av_textblock_section \"  itemscope=\"itemscope\" itemtype=\"https:\/\/schema.org\/CreativeWork\" ><div class='avia_textblock  '   itemprop=\"text\" ><p><span style=\"color: #76a38b; font-size: 15px;\">For her series \u00ab&nbsp;People of Siberia&nbsp;\u00bb<\/span><\/p>\n<\/div><\/section><br \/>\n<section class=\"av_textblock_section \"  itemscope=\"itemscope\" itemtype=\"https:\/\/schema.org\/CreativeWork\" ><div class='avia_textblock  '  style='font-size:10px; '  itemprop=\"text\" ><p>1999<\/p>\n<\/div><\/section><\/p><\/div><div class=\"flex_column av_one_fourth  flex_column_div av-zero-column-padding   \" style='border-radius:0px; '><p><div  class='avia-image-container  av-styling-no-styling    avia-align-center '  itemprop=\"image\" itemscope=\"itemscope\" itemtype=\"https:\/\/schema.org\/ImageObject\"  ><div class='avia-image-container-inner'><div class='avia-image-overlay-wrap'><img class='wp-image-77264 avia-img-lazy-loading-not-77264 avia_image' src=\"https:\/\/agencevu.com\/wp-content\/uploads\/2020\/08\/20_DOUR8641-1998NB44.jpg\" alt='' title='From the series &quot;The People of Siberia&quot;' height=\"930\" width=\"1400\"  itemprop=\"thumbnailUrl\" srcset=\"https:\/\/agencevu.com\/wp-content\/uploads\/2020\/08\/20_DOUR8641-1998NB44.jpg 1400w, https:\/\/agencevu.com\/wp-content\/uploads\/2020\/08\/20_DOUR8641-1998NB44-80x53.jpg 80w, https:\/\/agencevu.com\/wp-content\/uploads\/2020\/08\/20_DOUR8641-1998NB44-300x199.jpg 300w, https:\/\/agencevu.com\/wp-content\/uploads\/2020\/08\/20_DOUR8641-1998NB44-768x510.jpg 768w, https:\/\/agencevu.com\/wp-content\/uploads\/2020\/08\/20_DOUR8641-1998NB44-1030x684.jpg 1030w, https:\/\/agencevu.com\/wp-content\/uploads\/2020\/08\/20_DOUR8641-1998NB44-705x468.jpg 705w, https:\/\/agencevu.com\/wp-content\/uploads\/2020\/08\/20_DOUR8641-1998NB44-450x299.jpg 450w\" sizes=\"(max-width: 1400px) 100vw, 1400px\" \/><\/div><\/div><\/div><br \/>\n<section class=\"av_textblock_section \"  itemscope=\"itemscope\" itemtype=\"https:\/\/schema.org\/CreativeWork\" ><div class='avia_textblock  '   itemprop=\"text\" ><p><span style=\"font-size: 15px;\"><strong><span style=\"color: #76a38b;\">Fellowship Fiacre, Ministry of Culture<br \/>\n<\/span><\/strong><\/span><\/p>\n<\/div><\/section><br \/>\n<section class=\"av_textblock_section \"  itemscope=\"itemscope\" itemtype=\"https:\/\/schema.org\/CreativeWork\" ><div class='avia_textblock  '   itemprop=\"text\" ><p><span style=\"color: #76a38b; font-size: 15px;\">For her series \u00ab&nbsp;People of Siberia&nbsp;\u00bb<\/span><\/p>\n<\/div><\/section><br \/>\n<section class=\"av_textblock_section \"  itemscope=\"itemscope\" itemtype=\"https:\/\/schema.org\/CreativeWork\" ><div class='avia_textblock  '  style='font-size:10px; '  itemprop=\"text\" ><p>1997<\/p>\n<\/div><\/section><\/p><\/div><div class=\"flex_column av_one_fourth  flex_column_div av-zero-column-padding first  \" style='border-radius:0px; '><p><div  class='avia-image-container  av-styling-no-styling    avia-align-center '  itemprop=\"image\" itemscope=\"itemscope\" itemtype=\"https:\/\/schema.org\/ImageObject\"  ><div class='avia-image-container-inner'><div class='avia-image-overlay-wrap'><img class='wp-image-77298 avia-img-lazy-loading-not-77298 avia_image' src=\"https:\/\/agencevu.com\/wp-content\/uploads\/2020\/08\/37_DOUR8641-1998NB11.jpg\" alt='' title='From the series &quot;The People of Siberia&quot;' height=\"933\" width=\"1400\"  itemprop=\"thumbnailUrl\" srcset=\"https:\/\/agencevu.com\/wp-content\/uploads\/2020\/08\/37_DOUR8641-1998NB11.jpg 1400w, https:\/\/agencevu.com\/wp-content\/uploads\/2020\/08\/37_DOUR8641-1998NB11-80x53.jpg 80w, https:\/\/agencevu.com\/wp-content\/uploads\/2020\/08\/37_DOUR8641-1998NB11-300x200.jpg 300w, https:\/\/agencevu.com\/wp-content\/uploads\/2020\/08\/37_DOUR8641-1998NB11-768x512.jpg 768w, https:\/\/agencevu.com\/wp-content\/uploads\/2020\/08\/37_DOUR8641-1998NB11-1030x686.jpg 1030w, https:\/\/agencevu.com\/wp-content\/uploads\/2020\/08\/37_DOUR8641-1998NB11-705x470.jpg 705w, https:\/\/agencevu.com\/wp-content\/uploads\/2020\/08\/37_DOUR8641-1998NB11-450x300.jpg 450w\" sizes=\"(max-width: 1400px) 100vw, 1400px\" \/><\/div><\/div><\/div><br \/>\n<section class=\"av_textblock_section \"  itemscope=\"itemscope\" itemtype=\"https:\/\/schema.org\/CreativeWork\" ><div class='avia_textblock  '   itemprop=\"text\" ><p><span style=\"font-size: 15px;\"><strong><span style=\"color: #76a38b;\">Prize Villa Medicis Hors-Les-Murs<br \/>\n<\/span><\/strong><\/span><\/p>\n<\/div><\/section><br \/>\n<section class=\"av_textblock_section \"  itemscope=\"itemscope\" itemtype=\"https:\/\/schema.org\/CreativeWork\" ><div class='avia_textblock  '   itemprop=\"text\" ><p><span style=\"color: #76a38b; font-size: 15px;\">For her series \u00ab&nbsp;People of Siberia&nbsp;\u00bb<\/span><\/p>\n<\/div><\/section><br \/>\n<section class=\"av_textblock_section \"  itemscope=\"itemscope\" itemtype=\"https:\/\/schema.org\/CreativeWork\" ><div class='avia_textblock  '  style='font-size:10px; '  itemprop=\"text\" ><p>1996<\/p>\n<\/div><\/section><\/p><\/div><div class=\"flex_column av_three_fourth  flex_column_div av-zero-column-padding   \" style='border-radius:0px; '><\/div><div  style='height:50px' class='hr hr-invisible  '><span class='hr-inner ' ><span class='hr-inner-style'><\/span><\/span><\/div>\n\n","protected":false},"featured_media":0,"parent":0,"menu_order":0,"template":"","categories":[],"tags":[],"yoast_head":"<!-- This site is optimized with the Yoast SEO plugin v16.3 - https:\/\/yoast.com\/wordpress\/plugins\/seo\/ -->\n<title>Agence VU&#039;<\/title>\n<meta name=\"robots\" content=\"index, follow, max-snippet:-1, max-image-preview:large, max-video-preview:-1\" \/>\n<link rel=\"canonical\" href=\"\/\" \/>\n<meta property=\"og:locale\" content=\"en_US\" \/>\n<meta property=\"og:type\" content=\"article\" \/>\n<meta property=\"og:site_name\" content=\"Agence VU&#039;\" \/>\n<meta name=\"twitter:card\" content=\"summary_large_image\" \/>\n<meta name=\"twitter:site\" content=\"@agence_vu\" \/>\n<script type=\"application\/ld+json\" class=\"yoast-schema-graph\">{\"@context\":\"https:\/\/schema.org\",\"@graph\":[{\"@type\":\"WebSite\",\"@id\":\"https:\/\/agencevu.com\/en\/#website\",\"url\":\"https:\/\/agencevu.com\/en\/\",\"name\":\"Agence VU&#039;\",\"description\":\"Agency of photographers founded in 1986\",\"potentialAction\":[{\"@type\":\"SearchAction\",\"target\":\"https:\/\/agencevu.com\/en\/?s={search_term_string}\",\"query-input\":\"required name=search_term_string\"}],\"inLanguage\":\"en-US\"},{\"@type\":\"CollectionPage\",\"@id\":\"#webpage\",\"url\":\"\",\"name\":\"\",\"isPartOf\":{\"@id\":\"https:\/\/agencevu.com\/en\/#website\"},\"breadcrumb\":{\"@id\":\"#breadcrumb\"},\"inLanguage\":\"en-US\",\"potentialAction\":[{\"@type\":\"ReadAction\",\"target\":[\"\"]}]},{\"@type\":\"BreadcrumbList\",\"@id\":\"#breadcrumb\",\"itemListElement\":[{\"@type\":\"ListItem\",\"position\":1,\"item\":{\"@type\":\"WebPage\",\"@id\":\"https:\/\/agencevu.com\/en\/home\/\",\"url\":\"https:\/\/agencevu.com\/en\/home\/\",\"name\":\"Home\"}},{\"@type\":\"ListItem\",\"position\":2,\"item\":{\"@id\":\"#webpage\"}}]}]}<\/script>\n<!-- \/ Yoast SEO plugin. -->","_links":{"self":[{"href":"https:\/\/agencevu.com\/en\/wp-json\/wp\/v2\/photographe\/107884"}],"collection":[{"href":"https:\/\/agencevu.com\/en\/wp-json\/wp\/v2\/photographe"}],"about":[{"href":"https:\/\/agencevu.com\/en\/wp-json\/wp\/v2\/types\/photographe"}],"version-history":[{"count":3,"href":"https:\/\/agencevu.com\/en\/wp-json\/wp\/v2\/photographe\/107884\/revisions"}],"predecessor-version":[{"id":226492,"href":"https:\/\/agencevu.com\/en\/wp-json\/wp\/v2\/photographe\/107884\/revisions\/226492"}],"wp:attachment":[{"href":"https:\/\/agencevu.com\/en\/wp-json\/wp\/v2\/media?parent=107884"}],"wp:term":[{"taxonomy":"category","embeddable":true,"href":"https:\/\/agencevu.com\/en\/wp-json\/wp\/v2\/categories?post=107884"},{"taxonomy":"post_tag","embeddable":true,"href":"https:\/\/agencevu.com\/en\/wp-json\/wp\/v2\/tags?post=107884"}],"curies":[{"name":"wp","href":"https:\/\/api.w.org\/{rel}","templated":true}]}}