{"id":107883,"date":"2018-09-07T11:04:53","date_gmt":"2018-09-07T09:04:53","guid":{"rendered":"https:\/\/agencevu-dev.abvent.com\/photographe\/denis-dailleux\/"},"modified":"2025-09-23T14:57:14","modified_gmt":"2025-09-23T12:57:14","slug":"denis-dailleux","status":"publish","type":"photographe","link":"https:\/\/agencevu.com\/en\/photographer\/denis-dailleux\/","title":{"rendered":"Denis Dailleux"},"content":{"rendered":"<div id='av-layout-grid-1'  class='av-layout-grid-container entry-content-wrapper main_color av-flex-cells   av-medium-hide av-small-hide av-mini-hide   avia-builder-el-0  el_before_av_section  avia-builder-el-first  container_wrap fullsize' style=' '  >\n<div class=\"flex_cell no_margin av_one_half  avia-builder-el-1  el_before_av_cell_one_half  avia-builder-el-first   avia-full-contain \"  style='height:550px; min-height:550px;background:url(https:\/\/agencevu.com\/wp-content\/uploads\/2019\/05\/DAIL21921-2016CL12.jpg) center center no-repeat scroll; vertical-align:top; padding:30px; ' ><div class='flex_cell_inner' ><\/div><\/div><div class=\"flex_cell no_margin av_one_half  avia-builder-el-2  el_after_av_cell_one_half  avia-builder-el-last   \"  style='height:550px; min-height:550px;vertical-align:bottom; padding:30px 30px 90px 30px ; ' ><div class='flex_cell_inner' ><section class=\"av_textblock_section \"  itemscope=\"itemscope\" itemtype=\"https:\/\/schema.org\/CreativeWork\" ><div class='avia_textblock  '   itemprop=\"text\" ><h4 style=\"font-weight: 100; font-size: 45px;\">Denis<br \/>\n<span style=\"font-size: 45px;\"><strong><span style=\"line-height: 50px;\"> Dailleux <\/span><\/strong><\/span><\/h4>\n<\/div><\/section>\n<\/div><\/div>\n<\/div>\n<div id='av_section_1'  class='avia-section main_color avia-section-default avia-no-border-styling  avia-bg-style-scroll  avia-builder-el-4  el_after_av_layout_row  el_before_av_submenu   av-desktop-hide container_wrap fullsize' style=' '  ><div class='container' ><div class='template-page content  av-content-full alpha units'><div class='post-entry post-entry-type-page post-entry-107883'><div class='entry-content-wrapper clearfix'>\n<section class=\"av_textblock_section \"  itemscope=\"itemscope\" itemtype=\"https:\/\/schema.org\/CreativeWork\" ><div class='avia_textblock  '   itemprop=\"text\" ><h4 style=\"font-size: 35px; line-height: 40px; text-align: center;\"><span style=\"font-weight: 100;\">Denis <\/span>Dailleux<\/h4>\n<\/div><\/section>\n<div  style='height:50px' class='hr hr-invisible   avia-builder-el-6  el_after_av_textblock  el_before_av_image '><span class='hr-inner ' ><span class='hr-inner-style'><\/span><\/span><\/div>\n<div  class='avia-image-container  av-styling-no-styling    avia-builder-el-7  el_after_av_hr  avia-builder-el-last  avia-align-center '  itemprop=\"image\" itemscope=\"itemscope\" itemtype=\"https:\/\/schema.org\/ImageObject\"  ><div class='avia-image-container-inner'><div class='avia-image-overlay-wrap'><img class='wp-image-26433 avia-img-lazy-loading-not-26433 avia_image' src=\"https:\/\/agencevu.com\/wp-content\/uploads\/2019\/05\/DAIL21921-2016CL12.jpg\" alt='' title='Ghana, 2009' height=\"750\" width=\"750\"  itemprop=\"thumbnailUrl\" srcset=\"https:\/\/agencevu.com\/wp-content\/uploads\/2019\/05\/DAIL21921-2016CL12.jpg 750w, https:\/\/agencevu.com\/wp-content\/uploads\/2019\/05\/DAIL21921-2016CL12-80x80.jpg 80w, https:\/\/agencevu.com\/wp-content\/uploads\/2019\/05\/DAIL21921-2016CL12-300x300.jpg 300w, https:\/\/agencevu.com\/wp-content\/uploads\/2019\/05\/DAIL21921-2016CL12-36x36.jpg 36w, https:\/\/agencevu.com\/wp-content\/uploads\/2019\/05\/DAIL21921-2016CL12-180x180.jpg 180w, https:\/\/agencevu.com\/wp-content\/uploads\/2019\/05\/DAIL21921-2016CL12-705x705.jpg 705w, https:\/\/agencevu.com\/wp-content\/uploads\/2019\/05\/DAIL21921-2016CL12-120x120.jpg 120w, https:\/\/agencevu.com\/wp-content\/uploads\/2019\/05\/DAIL21921-2016CL12-450x450.jpg 450w\" sizes=\"(max-width: 750px) 100vw, 750px\" \/><\/div><\/div><\/div>\n\n<\/div><\/div><\/div><!-- close content main div --><\/div><\/div><div class='clear'><\/div><div id='sub_menu1'  class='av-submenu-container alternate_color  avia-builder-el-8  el_after_av_section  el_before_av_section  av-sticky-submenu av-switch-768 submenu-not-first container_wrap fullsize' style='  z-index:301' ><div class='container av-menu-mobile-active av-submenu-hidden'><a href='#' class='mobile_menu_toggle' aria-hidden='true' data-av_icon='\ue8a5' data-av_iconfont='entypo-fontello'><span class='av-current-placeholder'>Menu<\/span><\/a><ul id='av-custom-submenu-1' class='av-subnav-menu av-submenu-pos-center'>\n<li class='menu-item menu-item-top-level  menu-item-top-level-1'><a href='\/en\/photographer\/denis-dailleux\/#biography' ><span class='avia-bullet'><\/span><span class='avia-menu-text'>Biography<\/span><\/a><\/li>\n<li class='menu-item menu-item-top-level  menu-item-top-level-2'><a href='\/en\/photographer\/denis-dailleux\/#series' ><span class='avia-bullet'><\/span><span class='avia-menu-text'>Series<\/span><\/a><\/li>\n<li class='menu-item menu-item-top-level  menu-item-top-level-3'><a href='https:\/\/agencevu.com\/en\/portraitist\/denis-dailleux\/'  target=\"_blank\"  rel=\"noopener noreferrer\"><span class='avia-bullet'><\/span><span class='avia-menu-text'>Portraits<\/span><\/a><\/li>\n<li class='menu-item menu-item-top-level  menu-item-top-level-4'><a href='https:\/\/agencevu.com\/en\/corporate\/photographer-denis-dailleux\/'  target=\"_blank\"  rel=\"noopener noreferrer\"><span class='avia-bullet'><\/span><span class='avia-menu-text'>Corporate &amp; Ads<\/span><\/a><\/li>\n<li class='menu-item menu-item-top-level  menu-item-top-level-5'><a href='\/en\/photographer\/denis-dailleux\/#multimedia' ><span class='avia-bullet'><\/span><span class='avia-menu-text'>Videos<\/span><\/a><\/li>\n<li class='menu-item menu-item-top-level  menu-item-top-level-6'><a href='\/en\/photographer\/denis-dailleux\/#interview' ><span class='avia-bullet'><\/span><span class='avia-menu-text'>Interviews<\/span><\/a><\/li>\n<li class='menu-item menu-item-top-level  menu-item-top-level-7'><a href='\/en\/photographer\/denis-dailleux\/#exhibitions' ><span class='avia-bullet'><\/span><span class='avia-menu-text'>Exhibitions<\/span><\/a><\/li>\n<li class='menu-item menu-item-top-level  menu-item-top-level-8'><a href='\/en\/photographer\/denis-dailleux\/#books' ><span class='avia-bullet'><\/span><span class='avia-menu-text'>Books<\/span><\/a><\/li>\n<li class='menu-item menu-item-top-level  menu-item-top-level-9'><a href='\/en\/photographer\/denis-dailleux\/#awards' ><span class='avia-bullet'><\/span><span class='avia-menu-text'>Awards<\/span><\/a><\/li>\n<\/ul><\/div><\/div><div class='sticky_placeholder'><\/div>\n<div id='biography'  class='avia-section main_color avia-section-default avia-no-border-styling  avia-bg-style-scroll  avia-builder-el-9  el_after_av_submenu  el_before_av_section   container_wrap fullsize' style=' '  ><div class='container' ><div class='template-page content  av-content-full alpha units'><div class='post-entry post-entry-type-page post-entry-107883'><div class='entry-content-wrapper clearfix'>\n<div class=\"flex_column av_one_fifth  av-break-at-tablet flex_column_div av-zero-column-padding first  avia-builder-el-10  el_before_av_two_fifth  avia-builder-el-first  \" style='border-radius:0px; '><section class=\"av_textblock_section \"  itemscope=\"itemscope\" itemtype=\"https:\/\/schema.org\/CreativeWork\" ><div class='avia_textblock  '  style='font-size:20px; '  itemprop=\"text\" ><p id=\"bio\" style=\"color: #707070; letter-spacing: 1.5px; text-transform: uppercase;\">biography<\/p>\n<hr class=\"hr-titre-page\">\n<\/div><\/section><br \/>\n<div  style='height:50px' class='hr hr-invisible   avia-builder-el-12  el_after_av_textblock  el_before_av_image '><span class='hr-inner ' ><span class='hr-inner-style'><\/span><\/span><\/div><br \/>\n<div  class='avia-image-container  av-styling-no-styling    avia-builder-el-13  el_after_av_hr  avia-builder-el-last  imgBio avia-align-center '  itemprop=\"image\" itemscope=\"itemscope\" itemtype=\"https:\/\/schema.org\/ImageObject\"  ><div class='avia-image-container-inner'><div class='avia-image-overlay-wrap'><img class='wp-image-202539 avia-img-lazy-loading-not-202539 avia_image' src=\"https:\/\/agencevu.com\/wp-content\/uploads\/2023\/07\/Dailleux_ClaireCorrion_pageweb.jpg\" alt='' title='2023 - Portrait of Denis Dailleux \u00a9 Claire Corrion' height=\"750\" width=\"750\"  itemprop=\"thumbnailUrl\" srcset=\"https:\/\/agencevu.com\/wp-content\/uploads\/2023\/07\/Dailleux_ClaireCorrion_pageweb.jpg 750w, https:\/\/agencevu.com\/wp-content\/uploads\/2023\/07\/Dailleux_ClaireCorrion_pageweb-300x300.jpg 300w, https:\/\/agencevu.com\/wp-content\/uploads\/2023\/07\/Dailleux_ClaireCorrion_pageweb-80x80.jpg 80w, https:\/\/agencevu.com\/wp-content\/uploads\/2023\/07\/Dailleux_ClaireCorrion_pageweb-36x36.jpg 36w, https:\/\/agencevu.com\/wp-content\/uploads\/2023\/07\/Dailleux_ClaireCorrion_pageweb-180x180.jpg 180w, https:\/\/agencevu.com\/wp-content\/uploads\/2023\/07\/Dailleux_ClaireCorrion_pageweb-705x705.jpg 705w\" sizes=\"(max-width: 750px) 100vw, 750px\" \/><\/div><\/div><\/div><\/p><\/div><div class=\"flex_column av_two_fifth  av-break-at-tablet flex_column_div av-zero-column-padding   avia-builder-el-14  el_after_av_one_fifth  el_before_av_two_fifth  \" style='border-radius:0px; '><section class=\"av_textblock_section \"  itemscope=\"itemscope\" itemtype=\"https:\/\/schema.org\/CreativeWork\" ><div class='avia_textblock textJustify '   itemprop=\"text\" ><p>French photographer, born in 1958 in Angers, lives in Paris.<\/p>\n<p>Member of &nbsp;VU\u02bc Agency (Paris), he is represented by the Camera Obscura Gallery (Paris), Galerie 127 (Marrakech) and Galerie Peter Sillem (Frankfurt).<\/p>\n<p>\u201c <em>Imbued with his distinctive delicacy, Denis Dailleux\u2019s photographic work appears calm on the surface, yet is incredibly demanding, run through by an undercurrent of constant self-doubt and propelled by the essential personal bond he develops with those (and that which) he frames with his camera.<\/em><\/p>\n<p><em>His passion for people has naturally led him to develop portraiture as his preferred means of representing those whose true self he feels an urge to get closer to. Which he has, with actress Catherine Deneuve as well as with countless anonymous subjects from the slums of Cairo, working with the same discretion, waiting to get from his subjects what he is hoping they will offer him, without ever asking for it, simply hoping that it will happen. That is how he has patiently constructed a unique portrait of his beloved Cairo to create, with black and whites of exemplary classicism and colors of rare subtlety, the definite alternative to the heaps of cultural and touristic clich\u00e9s which clutter our minds.<\/em> \u201c (Christian Caujolle)<\/p>\n<\/div><\/section><\/div><div class=\"flex_column av_two_fifth  av-break-at-tablet flex_column_div av-zero-column-padding   avia-builder-el-16  el_after_av_two_fifth  avia-builder-el-last  \" style='border-radius:0px; '><section class=\"av_textblock_section \"  itemscope=\"itemscope\" itemtype=\"https:\/\/schema.org\/CreativeWork\" ><div class='avia_textblock textJustify '   itemprop=\"text\" ><p>For a few years now, while continuing to photograph Egypt, Denis Dailleux has regularly travelled to Ghana where he explores new relationships with the body and space, life and death, community and sea, which open up new horizons for his photographic research.<\/p>\n<p>Regularly exhibited and published in the national and international press, his work is the subject of numerous monographs. Denis Dailleux is also the winner of prestigious awards including a World Press Photo &#8211; Staged Portraits category for his series &#8220;<em>M\u00e8re et Fils<\/em>&#8221; in 2014. Moreover, he won in 2019 the Roger Pic Prize awarded by the Scam for his series <em>&#8220;In Ghana &#8211; We shall meet again<\/em>&#8220;.<\/p>\n<\/div><\/section><\/div>\n\n<\/div><\/div><\/div><!-- close content main div --><\/div><\/div><div id='series'  class='avia-section main_color avia-section-small avia-no-border-styling  avia-bg-style-scroll  avia-builder-el-18  el_after_av_section  el_before_av_section   container_wrap fullsize' style=' '  ><div class='container' ><div class='template-page content  av-content-full alpha units'><div class='post-entry post-entry-type-page post-entry-107883'><div class='entry-content-wrapper clearfix'>\n<section class=\"av_textblock_section \"  itemscope=\"itemscope\" itemtype=\"https:\/\/schema.org\/CreativeWork\" ><div class='avia_textblock  '  style='font-size:20px; '  itemprop=\"text\" ><p id=\"series\" style=\"color: #707070; letter-spacing: 1.5px; text-transform: uppercase;\">Series<\/p>\n<hr class=\"hr-titre-page\">\n<\/div><\/section>\n<div  data-autoplay=''  data-interval='5'  data-animation='fade'  data-show_slide_delay='90'  class='avia-content-slider avia-content-grid-active avia-content-slider1 avia-content-slider-odd  avia-builder-el-20  el_after_av_textblock  el_before_av_blog   av-medium-hide av-small-hide av-mini-hide'  itemscope=\"itemscope\" itemtype=\"https:\/\/schema.org\/Blog\" ><div class='avia-content-slider-inner'><div class='slide-entry-wrap'><article class='slide-entry flex_column  post-entry post-entry-72357 slide-entry-overview slide-loop-1 slide-parity-odd  av_one_third first real-thumbnail'  itemscope=\"itemscope\" itemtype=\"https:\/\/schema.org\/CreativeWork\" ><a href='https:\/\/agencevu.com\/en\/serie\/mullick-ghat-le-plus-grand-marche-aux-fleurs-de-linde-2019\/' data-rel='slide-1' class='slide-image' title=''><img width=\"290\" height=\"290\" src=\"https:\/\/agencevu.com\/wp-content\/uploads\/2019\/08\/00_Dailleux_Mullik-Ghat_Inde_01.jpg\" class=\"wp-image-73962 avia-img-lazy-loading-73962 attachment-portfolio size-portfolio wp-post-image\" alt=\"\" loading=\"lazy\" srcset=\"https:\/\/agencevu.com\/wp-content\/uploads\/2019\/08\/00_Dailleux_Mullik-Ghat_Inde_01.jpg 290w, https:\/\/agencevu.com\/wp-content\/uploads\/2019\/08\/00_Dailleux_Mullik-Ghat_Inde_01-80x80.jpg 80w, https:\/\/agencevu.com\/wp-content\/uploads\/2019\/08\/00_Dailleux_Mullik-Ghat_Inde_01-36x36.jpg 36w, https:\/\/agencevu.com\/wp-content\/uploads\/2019\/08\/00_Dailleux_Mullik-Ghat_Inde_01-180x180.jpg 180w, https:\/\/agencevu.com\/wp-content\/uploads\/2019\/08\/00_Dailleux_Mullik-Ghat_Inde_01-120x120.jpg 120w\" sizes=\"(max-width: 290px) 100vw, 290px\" \/><\/a><div class='slide-content'><header class=\"entry-content-header\"><span class=\"blog-categories minor-meta\"> <a href=\"https:\/\/agencevu.com\/en\/photographer\/denis-dailleux\/\" rel=\"tag\">Denis Dailleux<\/a> <a href=\"https:\/\/agencevu.com\/en\/section_taxonomy\/series\/\" rel=\"tag\">s\u00e9ries<\/a> <\/span><h3 class='slide-entry-title entry-title'  itemprop=\"headline\" ><a href='https:\/\/agencevu.com\/en\/serie\/mullick-ghat-le-plus-grand-marche-aux-fleurs-de-linde-2019\/' title='Mullick Ghat, le plus grand march\u00e9 aux fleurs de l\u2019Inde, 2019'>Mullick Ghat, le plus grand march\u00e9 aux fleurs de l\u2019Inde, 2019<\/a><\/h3><span class=\"av-vertical-delimiter\"><\/span><\/header><div class='slide-entry-excerpt entry-content'  itemprop=\"text\" >The Calcutta Flower Market, also known as Mullick Ghat, is the largest in India and one of the largest in the world. It spreads along the banks of the Hooghly, the western branch of the Ganges, just below the impressive Howrah Bridge. <\/div><\/div><footer class=\"entry-footer\"><div class='slide-meta'><time class='slide-meta-time updated'  itemprop=\"datePublished\" datetime=\"2019-10-26T15:48:16+02:00\" >26 October 2019<\/time><\/div><\/footer><span class='hidden'>\n\t\t\t\t<span class='av-structured-data'  itemprop=\"image\" itemscope=\"itemscope\" itemtype=\"https:\/\/schema.org\/ImageObject\" >\n\t\t\t\t\t\t<span itemprop='url'>https:\/\/agencevu.com\/wp-content\/uploads\/2019\/08\/00_Dailleux_Mullik-Ghat_Inde_01.jpg<\/span>\n\t\t\t\t\t\t<span itemprop='height'>290<\/span>\n\t\t\t\t\t\t<span itemprop='width'>290<\/span>\n\t\t\t\t<\/span>\n\t\t\t\t<span class='av-structured-data'  itemprop=\"publisher\" itemtype=\"https:\/\/schema.org\/Organization\" itemscope=\"itemscope\" >\n\t\t\t\t\t\t<span itemprop='name'>Fanny Demichelis<\/span>\n\t\t\t\t\t\t<span itemprop='logo' itemscope itemtype='https:\/\/schema.org\/ImageObject'>\n\t\t\t\t\t\t\t<span itemprop='url'>\/wp-content\/uploads\/2021\/05\/logo-vert-2.svg<\/span>\n\t\t\t\t\t\t <\/span>\n\t\t\t\t<\/span><span class='av-structured-data'  itemprop=\"author\" itemscope=\"itemscope\" itemtype=\"https:\/\/schema.org\/Person\" ><span itemprop='name'>Fanny Demichelis<\/span><\/span><span class='av-structured-data'  itemprop=\"datePublished\" datetime=\"1990-07-07T17:08:40+02:00\" >2019-10-26 15:48:16<\/span><span class='av-structured-data'  itemprop=\"dateModified\" itemtype=\"https:\/\/schema.org\/dateModified\" >2021-04-30 10:09:46<\/span><span class='av-structured-data'  itemprop=\"mainEntityOfPage\" itemtype=\"https:\/\/schema.org\/mainEntityOfPage\" ><span itemprop='name'>Mullick Ghat, le plus grand march\u00e9 aux fleurs de l\u2019Inde, 2019<\/span><\/span><\/span><\/article><article class='slide-entry flex_column  post-entry post-entry-72358 slide-entry-overview slide-loop-2 slide-parity-even  av_one_third  real-thumbnail'  itemscope=\"itemscope\" itemtype=\"https:\/\/schema.org\/CreativeWork\" ><a href='https:\/\/agencevu.com\/en\/serie\/juliette-2019\/' data-rel='slide-1' class='slide-image' title=''><img width=\"290\" height=\"290\" src=\"https:\/\/agencevu.com\/wp-content\/uploads\/2020\/05\/00_DAIL8458-1989NB04.jpg\" class=\"wp-image-70728 avia-img-lazy-loading-70728 attachment-portfolio size-portfolio wp-post-image\" alt=\"\" loading=\"lazy\" srcset=\"https:\/\/agencevu.com\/wp-content\/uploads\/2020\/05\/00_DAIL8458-1989NB04.jpg 290w, https:\/\/agencevu.com\/wp-content\/uploads\/2020\/05\/00_DAIL8458-1989NB04-80x80.jpg 80w, https:\/\/agencevu.com\/wp-content\/uploads\/2020\/05\/00_DAIL8458-1989NB04-36x36.jpg 36w, https:\/\/agencevu.com\/wp-content\/uploads\/2020\/05\/00_DAIL8458-1989NB04-180x180.jpg 180w, https:\/\/agencevu.com\/wp-content\/uploads\/2020\/05\/00_DAIL8458-1989NB04-120x120.jpg 120w\" sizes=\"(max-width: 290px) 100vw, 290px\" \/><\/a><div class='slide-content'><header class=\"entry-content-header\"><span class=\"blog-categories minor-meta\"> <a href=\"https:\/\/agencevu.com\/en\/photographer\/denis-dailleux\/\" rel=\"tag\">Denis Dailleux<\/a> <a href=\"https:\/\/agencevu.com\/en\/section_taxonomy\/series\/\" rel=\"tag\">s\u00e9ries<\/a> <\/span><h3 class='slide-entry-title entry-title'  itemprop=\"headline\" ><a href='https:\/\/agencevu.com\/en\/serie\/juliette-2019\/' title='Juliette, 2019'>Juliette, 2019<\/a><\/h3><span class=\"av-vertical-delimiter\"><\/span><\/header><div class='slide-entry-excerpt entry-content'  itemprop=\"text\" >In the childhood village of Denis Dailleux, in Anjou, lived a woman of character, a true character of a novel: Juliette, her great-aunt, who died in 2017 at the age of 100. <\/div><\/div><footer class=\"entry-footer\"><div class='slide-meta'><time class='slide-meta-time updated'  itemprop=\"datePublished\" datetime=\"2019-08-26T15:06:09+02:00\" >26 August 2019<\/time><\/div><\/footer><span class='hidden'>\n\t\t\t\t<span class='av-structured-data'  itemprop=\"image\" itemscope=\"itemscope\" itemtype=\"https:\/\/schema.org\/ImageObject\" >\n\t\t\t\t\t\t<span itemprop='url'>https:\/\/agencevu.com\/wp-content\/uploads\/2020\/05\/00_DAIL8458-1989NB04.jpg<\/span>\n\t\t\t\t\t\t<span itemprop='height'>290<\/span>\n\t\t\t\t\t\t<span itemprop='width'>290<\/span>\n\t\t\t\t<\/span>\n\t\t\t\t<span class='av-structured-data'  itemprop=\"publisher\" itemtype=\"https:\/\/schema.org\/Organization\" itemscope=\"itemscope\" >\n\t\t\t\t\t\t<span itemprop='name'>Fanny Demichelis<\/span>\n\t\t\t\t\t\t<span itemprop='logo' itemscope itemtype='https:\/\/schema.org\/ImageObject'>\n\t\t\t\t\t\t\t<span itemprop='url'>\/wp-content\/uploads\/2021\/05\/logo-vert-2.svg<\/span>\n\t\t\t\t\t\t <\/span>\n\t\t\t\t<\/span><span class='av-structured-data'  itemprop=\"author\" itemscope=\"itemscope\" itemtype=\"https:\/\/schema.org\/Person\" ><span itemprop='name'>Fanny Demichelis<\/span><\/span><span class='av-structured-data'  itemprop=\"datePublished\" datetime=\"1990-07-07T17:08:40+02:00\" >2019-08-26 15:06:09<\/span><span class='av-structured-data'  itemprop=\"dateModified\" itemtype=\"https:\/\/schema.org\/dateModified\" >2021-04-30 10:09:22<\/span><span class='av-structured-data'  itemprop=\"mainEntityOfPage\" itemtype=\"https:\/\/schema.org\/mainEntityOfPage\" ><span itemprop='name'>Juliette, 2019<\/span><\/span><\/span><\/article><article class='slide-entry flex_column  post-entry post-entry-72359 slide-entry-overview slide-loop-3 slide-parity-odd  av_one_third  real-thumbnail'  itemscope=\"itemscope\" itemtype=\"https:\/\/schema.org\/CreativeWork\" ><a href='https:\/\/agencevu.com\/en\/serie\/ghana-we-shall-meet-again-2019\/' data-rel='slide-1' class='slide-image' title=''><img width=\"290\" height=\"290\" src=\"https:\/\/agencevu.com\/wp-content\/uploads\/2020\/05\/00_55_DAIL21921-2016CL01.jpg\" class=\"wp-image-70597 avia-img-lazy-loading-70597 attachment-portfolio size-portfolio wp-post-image\" alt=\"\" loading=\"lazy\" srcset=\"https:\/\/agencevu.com\/wp-content\/uploads\/2020\/05\/00_55_DAIL21921-2016CL01.jpg 290w, https:\/\/agencevu.com\/wp-content\/uploads\/2020\/05\/00_55_DAIL21921-2016CL01-80x80.jpg 80w, https:\/\/agencevu.com\/wp-content\/uploads\/2020\/05\/00_55_DAIL21921-2016CL01-36x36.jpg 36w, https:\/\/agencevu.com\/wp-content\/uploads\/2020\/05\/00_55_DAIL21921-2016CL01-180x180.jpg 180w, https:\/\/agencevu.com\/wp-content\/uploads\/2020\/05\/00_55_DAIL21921-2016CL01-120x120.jpg 120w\" sizes=\"(max-width: 290px) 100vw, 290px\" \/><\/a><div class='slide-content'><header class=\"entry-content-header\"><span class=\"blog-categories minor-meta\"> <a href=\"https:\/\/agencevu.com\/en\/photographer\/denis-dailleux\/\" rel=\"tag\">Denis Dailleux<\/a> <a href=\"https:\/\/agencevu.com\/en\/section_taxonomy\/series\/\" rel=\"tag\">s\u00e9ries<\/a> <\/span><h3 class='slide-entry-title entry-title'  itemprop=\"headline\" ><a href='https:\/\/agencevu.com\/en\/serie\/ghana-we-shall-meet-again-2019\/' title='Ghana. We Shall Meet Again, 2019'>Ghana. We Shall Meet Again, 2019<\/a><\/h3><span class=\"av-vertical-delimiter\"><\/span><\/header><div class='slide-entry-excerpt entry-content'  itemprop=\"text\" >Denis Dailleux is known for the portrait of Egypt which he has been developing for over fifteen years. <\/div><\/div><footer class=\"entry-footer\"><div class='slide-meta'><time class='slide-meta-time updated'  itemprop=\"datePublished\" datetime=\"2019-03-26T14:08:07+01:00\" >26 March 2019<\/time><\/div><\/footer><span class='hidden'>\n\t\t\t\t<span class='av-structured-data'  itemprop=\"image\" itemscope=\"itemscope\" itemtype=\"https:\/\/schema.org\/ImageObject\" >\n\t\t\t\t\t\t<span itemprop='url'>https:\/\/agencevu.com\/wp-content\/uploads\/2020\/05\/00_55_DAIL21921-2016CL01.jpg<\/span>\n\t\t\t\t\t\t<span itemprop='height'>290<\/span>\n\t\t\t\t\t\t<span itemprop='width'>290<\/span>\n\t\t\t\t<\/span>\n\t\t\t\t<span class='av-structured-data'  itemprop=\"publisher\" itemtype=\"https:\/\/schema.org\/Organization\" itemscope=\"itemscope\" >\n\t\t\t\t\t\t<span itemprop='name'>Fanny Demichelis<\/span>\n\t\t\t\t\t\t<span itemprop='logo' itemscope itemtype='https:\/\/schema.org\/ImageObject'>\n\t\t\t\t\t\t\t<span itemprop='url'>\/wp-content\/uploads\/2021\/05\/logo-vert-2.svg<\/span>\n\t\t\t\t\t\t <\/span>\n\t\t\t\t<\/span><span class='av-structured-data'  itemprop=\"author\" itemscope=\"itemscope\" itemtype=\"https:\/\/schema.org\/Person\" ><span itemprop='name'>Fanny Demichelis<\/span><\/span><span class='av-structured-data'  itemprop=\"datePublished\" datetime=\"1990-07-07T17:08:40+02:00\" >2019-03-26 14:08:07<\/span><span class='av-structured-data'  itemprop=\"dateModified\" itemtype=\"https:\/\/schema.org\/dateModified\" >2021-03-17 12:15:37<\/span><span class='av-structured-data'  itemprop=\"mainEntityOfPage\" itemtype=\"https:\/\/schema.org\/mainEntityOfPage\" ><span itemprop='name'>Ghana. We Shall Meet Again, 2019<\/span><\/span><\/span><\/article><\/div><div class='slide-entry-wrap'><article class='slide-entry flex_column  post-entry post-entry-72360 slide-entry-overview slide-loop-4 slide-parity-odd  av_one_third first real-thumbnail'  itemscope=\"itemscope\" itemtype=\"https:\/\/schema.org\/CreativeWork\" ><a href='https:\/\/agencevu.com\/en\/serie\/persan-beaumont-2018\/' data-rel='slide-1' class='slide-image' title=''><img width=\"228\" height=\"290\" src=\"https:\/\/agencevu.com\/wp-content\/uploads\/2020\/05\/00_12_DAIL7623-1990NB06.jpg\" class=\"wp-image-70448 avia-img-lazy-loading-70448 attachment-portfolio size-portfolio wp-post-image\" alt=\"\" loading=\"lazy\" srcset=\"https:\/\/agencevu.com\/wp-content\/uploads\/2020\/05\/00_12_DAIL7623-1990NB06.jpg 228w, https:\/\/agencevu.com\/wp-content\/uploads\/2020\/05\/00_12_DAIL7623-1990NB06-63x80.jpg 63w\" sizes=\"(max-width: 228px) 100vw, 228px\" \/><\/a><div class='slide-content'><header class=\"entry-content-header\"><span class=\"blog-categories minor-meta\"> <a href=\"https:\/\/agencevu.com\/en\/photographer\/denis-dailleux\/\" rel=\"tag\">Denis Dailleux<\/a> <a href=\"https:\/\/agencevu.com\/en\/section_taxonomy\/series\/\" rel=\"tag\">s\u00e9ries<\/a> <\/span><h3 class='slide-entry-title entry-title'  itemprop=\"headline\" ><a href='https:\/\/agencevu.com\/en\/serie\/persan-beaumont-2018\/' title='Persan-Beaumont, 2018'>Persan-Beaumont, 2018<\/a><\/h3><span class=\"av-vertical-delimiter\"><\/span><\/header><div class='slide-entry-excerpt entry-content'  itemprop=\"text\" >An immersion in a council estate in the late 1980s\r\n<\/div><\/div><footer class=\"entry-footer\"><div class='slide-meta'><time class='slide-meta-time updated'  itemprop=\"datePublished\" datetime=\"2018-06-26T11:28:06+02:00\" >26 June 2018<\/time><\/div><\/footer><span class='hidden'>\n\t\t\t\t<span class='av-structured-data'  itemprop=\"image\" itemscope=\"itemscope\" itemtype=\"https:\/\/schema.org\/ImageObject\" >\n\t\t\t\t\t\t<span itemprop='url'>https:\/\/agencevu.com\/wp-content\/uploads\/2020\/05\/00_12_DAIL7623-1990NB06.jpg<\/span>\n\t\t\t\t\t\t<span itemprop='height'>290<\/span>\n\t\t\t\t\t\t<span itemprop='width'>228<\/span>\n\t\t\t\t<\/span>\n\t\t\t\t<span class='av-structured-data'  itemprop=\"publisher\" itemtype=\"https:\/\/schema.org\/Organization\" itemscope=\"itemscope\" >\n\t\t\t\t\t\t<span itemprop='name'>Fanny Demichelis<\/span>\n\t\t\t\t\t\t<span itemprop='logo' itemscope itemtype='https:\/\/schema.org\/ImageObject'>\n\t\t\t\t\t\t\t<span itemprop='url'>\/wp-content\/uploads\/2021\/05\/logo-vert-2.svg<\/span>\n\t\t\t\t\t\t <\/span>\n\t\t\t\t<\/span><span class='av-structured-data'  itemprop=\"author\" itemscope=\"itemscope\" itemtype=\"https:\/\/schema.org\/Person\" ><span itemprop='name'>Fanny Demichelis<\/span><\/span><span class='av-structured-data'  itemprop=\"datePublished\" datetime=\"1990-07-07T17:08:40+02:00\" >2018-06-26 11:28:06<\/span><span class='av-structured-data'  itemprop=\"dateModified\" itemtype=\"https:\/\/schema.org\/dateModified\" >2021-03-17 12:26:19<\/span><span class='av-structured-data'  itemprop=\"mainEntityOfPage\" itemtype=\"https:\/\/schema.org\/mainEntityOfPage\" ><span itemprop='name'>Persan-Beaumont, 2018<\/span><\/span><\/span><\/article><article class='slide-entry flex_column  post-entry post-entry-72361 slide-entry-overview slide-loop-5 slide-parity-even  av_one_third  real-thumbnail'  itemscope=\"itemscope\" itemtype=\"https:\/\/schema.org\/CreativeWork\" ><a href='https:\/\/agencevu.com\/en\/serie\/ordinary-journey-2016\/' data-rel='slide-1' class='slide-image' title=''><img width=\"290\" height=\"290\" src=\"https:\/\/agencevu.com\/wp-content\/uploads\/2020\/05\/00_DAIL22347-2016CL12.jpg\" class=\"wp-image-70355 avia-img-lazy-loading-70355 attachment-portfolio size-portfolio wp-post-image\" alt=\"\" loading=\"lazy\" srcset=\"https:\/\/agencevu.com\/wp-content\/uploads\/2020\/05\/00_DAIL22347-2016CL12.jpg 290w, https:\/\/agencevu.com\/wp-content\/uploads\/2020\/05\/00_DAIL22347-2016CL12-80x80.jpg 80w, https:\/\/agencevu.com\/wp-content\/uploads\/2020\/05\/00_DAIL22347-2016CL12-36x36.jpg 36w, https:\/\/agencevu.com\/wp-content\/uploads\/2020\/05\/00_DAIL22347-2016CL12-180x180.jpg 180w, https:\/\/agencevu.com\/wp-content\/uploads\/2020\/05\/00_DAIL22347-2016CL12-120x120.jpg 120w\" sizes=\"(max-width: 290px) 100vw, 290px\" \/><\/a><div class='slide-content'><header class=\"entry-content-header\"><span class=\"blog-categories minor-meta\"> <a href=\"https:\/\/agencevu.com\/en\/photographer\/denis-dailleux\/\" rel=\"tag\">Denis Dailleux<\/a> <a href=\"https:\/\/agencevu.com\/en\/section_taxonomy\/series\/\" rel=\"tag\">s\u00e9ries<\/a> <\/span><h3 class='slide-entry-title entry-title'  itemprop=\"headline\" ><a href='https:\/\/agencevu.com\/en\/serie\/ordinary-journey-2016\/' title='Ordinary Journey, 2016'>Ordinary Journey, 2016<\/a><\/h3><span class=\"av-vertical-delimiter\"><\/span><\/header><div class='slide-entry-excerpt entry-content'  itemprop=\"text\" >Denis Dailleux, who has made Egypt his favourite topic since more than 15 years, immersed himself in Cairo popular districts to make the portrait of tuk-tuk drivers.\r\n<\/div><\/div><footer class=\"entry-footer\"><div class='slide-meta'><time class='slide-meta-time updated'  itemprop=\"datePublished\" datetime=\"2016-11-26T10:42:07+01:00\" >26 November 2016<\/time><\/div><\/footer><span class='hidden'>\n\t\t\t\t<span class='av-structured-data'  itemprop=\"image\" itemscope=\"itemscope\" itemtype=\"https:\/\/schema.org\/ImageObject\" >\n\t\t\t\t\t\t<span itemprop='url'>https:\/\/agencevu.com\/wp-content\/uploads\/2020\/05\/00_DAIL22347-2016CL12.jpg<\/span>\n\t\t\t\t\t\t<span itemprop='height'>290<\/span>\n\t\t\t\t\t\t<span itemprop='width'>290<\/span>\n\t\t\t\t<\/span>\n\t\t\t\t<span class='av-structured-data'  itemprop=\"publisher\" itemtype=\"https:\/\/schema.org\/Organization\" itemscope=\"itemscope\" >\n\t\t\t\t\t\t<span itemprop='name'>Fanny Demichelis<\/span>\n\t\t\t\t\t\t<span itemprop='logo' itemscope itemtype='https:\/\/schema.org\/ImageObject'>\n\t\t\t\t\t\t\t<span itemprop='url'>\/wp-content\/uploads\/2021\/05\/logo-vert-2.svg<\/span>\n\t\t\t\t\t\t <\/span>\n\t\t\t\t<\/span><span class='av-structured-data'  itemprop=\"author\" itemscope=\"itemscope\" itemtype=\"https:\/\/schema.org\/Person\" ><span itemprop='name'>Fanny Demichelis<\/span><\/span><span class='av-structured-data'  itemprop=\"datePublished\" datetime=\"1990-07-07T17:08:40+02:00\" >2016-11-26 10:42:07<\/span><span class='av-structured-data'  itemprop=\"dateModified\" itemtype=\"https:\/\/schema.org\/dateModified\" >2021-05-10 11:27:28<\/span><span class='av-structured-data'  itemprop=\"mainEntityOfPage\" itemtype=\"https:\/\/schema.org\/mainEntityOfPage\" ><span itemprop='name'>Ordinary Journey, 2016<\/span><\/span><\/span><\/article><article class='slide-entry flex_column  post-entry post-entry-72362 slide-entry-overview slide-loop-6 slide-parity-odd  av_one_third  real-thumbnail'  itemscope=\"itemscope\" itemtype=\"https:\/\/schema.org\/CreativeWork\" ><a href='https:\/\/agencevu.com\/en\/serie\/une-odyssee-des-aromes-et-des-parfums-2015\/' data-rel='slide-1' class='slide-image' title=''><img width=\"290\" height=\"290\" src=\"https:\/\/agencevu.com\/wp-content\/uploads\/2020\/05\/00_DAIL21528-2015CL09.jpg\" class=\"wp-image-70254 avia-img-lazy-loading-70254 attachment-portfolio size-portfolio wp-post-image\" alt=\"\" loading=\"lazy\" srcset=\"https:\/\/agencevu.com\/wp-content\/uploads\/2020\/05\/00_DAIL21528-2015CL09.jpg 290w, https:\/\/agencevu.com\/wp-content\/uploads\/2020\/05\/00_DAIL21528-2015CL09-80x80.jpg 80w, https:\/\/agencevu.com\/wp-content\/uploads\/2020\/05\/00_DAIL21528-2015CL09-36x36.jpg 36w, https:\/\/agencevu.com\/wp-content\/uploads\/2020\/05\/00_DAIL21528-2015CL09-180x180.jpg 180w, https:\/\/agencevu.com\/wp-content\/uploads\/2020\/05\/00_DAIL21528-2015CL09-120x120.jpg 120w\" sizes=\"(max-width: 290px) 100vw, 290px\" \/><\/a><div class='slide-content'><header class=\"entry-content-header\"><span class=\"blog-categories minor-meta\"> <a href=\"https:\/\/agencevu.com\/en\/photographer\/denis-dailleux\/\" rel=\"tag\">Denis Dailleux<\/a> <a href=\"https:\/\/agencevu.com\/en\/section_taxonomy\/series\/\" rel=\"tag\">s\u00e9ries<\/a> <\/span><h3 class='slide-entry-title entry-title'  itemprop=\"headline\" ><a href='https:\/\/agencevu.com\/en\/serie\/une-odyssee-des-aromes-et-des-parfums-2015\/' title='Une odyss\u00e9e des ar\u00f4mes et des parfums, 2015'>Une odyss\u00e9e des ar\u00f4mes et des parfums, 2015<\/a><\/h3><span class=\"av-vertical-delimiter\"><\/span><\/header><div class='slide-entry-excerpt entry-content'  itemprop=\"text\" >Celebrating the 250th anniversary of the famous perfume institution Maison Givaudan, Denis Dailleux followed the path of the most precious essences which can extracted from nature. \r\n<\/div><\/div><footer class=\"entry-footer\"><div class='slide-meta'><time class='slide-meta-time updated'  itemprop=\"datePublished\" datetime=\"2015-07-25T15:24:50+02:00\" >25 July 2015<\/time><\/div><\/footer><span class='hidden'>\n\t\t\t\t<span class='av-structured-data'  itemprop=\"image\" itemscope=\"itemscope\" itemtype=\"https:\/\/schema.org\/ImageObject\" >\n\t\t\t\t\t\t<span itemprop='url'>https:\/\/agencevu.com\/wp-content\/uploads\/2020\/05\/00_DAIL21528-2015CL09.jpg<\/span>\n\t\t\t\t\t\t<span itemprop='height'>290<\/span>\n\t\t\t\t\t\t<span itemprop='width'>290<\/span>\n\t\t\t\t<\/span>\n\t\t\t\t<span class='av-structured-data'  itemprop=\"publisher\" itemtype=\"https:\/\/schema.org\/Organization\" itemscope=\"itemscope\" >\n\t\t\t\t\t\t<span itemprop='name'>Fanny Demichelis<\/span>\n\t\t\t\t\t\t<span itemprop='logo' itemscope itemtype='https:\/\/schema.org\/ImageObject'>\n\t\t\t\t\t\t\t<span itemprop='url'>\/wp-content\/uploads\/2021\/05\/logo-vert-2.svg<\/span>\n\t\t\t\t\t\t <\/span>\n\t\t\t\t<\/span><span class='av-structured-data'  itemprop=\"author\" itemscope=\"itemscope\" itemtype=\"https:\/\/schema.org\/Person\" ><span itemprop='name'>Fanny Demichelis<\/span><\/span><span class='av-structured-data'  itemprop=\"datePublished\" datetime=\"1990-07-07T17:08:40+02:00\" >2015-07-25 15:24:50<\/span><span class='av-structured-data'  itemprop=\"dateModified\" itemtype=\"https:\/\/schema.org\/dateModified\" >2020-06-25 14:01:45<\/span><span class='av-structured-data'  itemprop=\"mainEntityOfPage\" itemtype=\"https:\/\/schema.org\/mainEntityOfPage\" ><span itemprop='name'>Une odyss\u00e9e des ar\u00f4mes et des parfums, 2015<\/span><\/span><\/span><\/article><\/div><div class='slide-entry-wrap'><article class='slide-entry flex_column  post-entry post-entry-72363 slide-entry-overview slide-loop-7 slide-parity-odd  av_one_third first real-thumbnail'  itemscope=\"itemscope\" itemtype=\"https:\/\/schema.org\/CreativeWork\" ><a href='https:\/\/agencevu.com\/en\/serie\/mother-and-son-2014\/' data-rel='slide-1' class='slide-image' title=''><img width=\"290\" height=\"290\" src=\"https:\/\/agencevu.com\/wp-content\/uploads\/2020\/05\/00_DAIL18468-2011CL02.jpg\" class=\"wp-image-70128 avia-img-lazy-loading-70128 attachment-portfolio size-portfolio wp-post-image\" alt=\"\" loading=\"lazy\" srcset=\"https:\/\/agencevu.com\/wp-content\/uploads\/2020\/05\/00_DAIL18468-2011CL02.jpg 290w, https:\/\/agencevu.com\/wp-content\/uploads\/2020\/05\/00_DAIL18468-2011CL02-80x80.jpg 80w, https:\/\/agencevu.com\/wp-content\/uploads\/2020\/05\/00_DAIL18468-2011CL02-36x36.jpg 36w, https:\/\/agencevu.com\/wp-content\/uploads\/2020\/05\/00_DAIL18468-2011CL02-180x180.jpg 180w, https:\/\/agencevu.com\/wp-content\/uploads\/2020\/05\/00_DAIL18468-2011CL02-120x120.jpg 120w\" sizes=\"(max-width: 290px) 100vw, 290px\" \/><\/a><div class='slide-content'><header class=\"entry-content-header\"><span class=\"blog-categories minor-meta\"> <a href=\"https:\/\/agencevu.com\/en\/photographer\/denis-dailleux\/\" rel=\"tag\">Denis Dailleux<\/a> <a href=\"https:\/\/agencevu.com\/en\/section_taxonomy\/series\/\" rel=\"tag\">s\u00e9ries<\/a> <\/span><h3 class='slide-entry-title entry-title'  itemprop=\"headline\" ><a href='https:\/\/agencevu.com\/en\/serie\/mother-and-son-2014\/' title='Mother and Son, 2014'>Mother and Son, 2014<\/a><\/h3><span class=\"av-vertical-delimiter\"><\/span><\/header><div class='slide-entry-excerpt entry-content'  itemprop=\"text\" >A most Christ-like image, a bare-chested son rests near his mother. Why does this image of the mother-son relationship move us so? Because the son, by his nudity, looks as fragile as he was on the day of his birth? <\/div><\/div><footer class=\"entry-footer\"><div class='slide-meta'><time class='slide-meta-time updated'  itemprop=\"datePublished\" datetime=\"2014-06-25T14:07:26+02:00\" >25 June 2014<\/time><\/div><\/footer><span class='hidden'>\n\t\t\t\t<span class='av-structured-data'  itemprop=\"image\" itemscope=\"itemscope\" itemtype=\"https:\/\/schema.org\/ImageObject\" >\n\t\t\t\t\t\t<span itemprop='url'>https:\/\/agencevu.com\/wp-content\/uploads\/2020\/05\/00_DAIL18468-2011CL02.jpg<\/span>\n\t\t\t\t\t\t<span itemprop='height'>290<\/span>\n\t\t\t\t\t\t<span itemprop='width'>290<\/span>\n\t\t\t\t<\/span>\n\t\t\t\t<span class='av-structured-data'  itemprop=\"publisher\" itemtype=\"https:\/\/schema.org\/Organization\" itemscope=\"itemscope\" >\n\t\t\t\t\t\t<span itemprop='name'>Fanny Demichelis<\/span>\n\t\t\t\t\t\t<span itemprop='logo' itemscope itemtype='https:\/\/schema.org\/ImageObject'>\n\t\t\t\t\t\t\t<span itemprop='url'>\/wp-content\/uploads\/2021\/05\/logo-vert-2.svg<\/span>\n\t\t\t\t\t\t <\/span>\n\t\t\t\t<\/span><span class='av-structured-data'  itemprop=\"author\" itemscope=\"itemscope\" itemtype=\"https:\/\/schema.org\/Person\" ><span itemprop='name'>Fanny Demichelis<\/span><\/span><span class='av-structured-data'  itemprop=\"datePublished\" datetime=\"1990-07-07T17:08:40+02:00\" >2014-06-25 14:07:26<\/span><span class='av-structured-data'  itemprop=\"dateModified\" itemtype=\"https:\/\/schema.org\/dateModified\" >2020-06-25 14:03:47<\/span><span class='av-structured-data'  itemprop=\"mainEntityOfPage\" itemtype=\"https:\/\/schema.org\/mainEntityOfPage\" ><span itemprop='name'>Mother and Son, 2014<\/span><\/span><\/span><\/article><article class='slide-entry flex_column  post-entry post-entry-72364 slide-entry-overview slide-loop-8 slide-parity-even  av_one_third  real-thumbnail'  itemscope=\"itemscope\" itemtype=\"https:\/\/schema.org\/CreativeWork\" ><a href='https:\/\/agencevu.com\/en\/serie\/egypte-martyrs-of-the-revolution-2012\/' data-rel='slide-1' class='slide-image' title=''><img width=\"290\" height=\"290\" src=\"https:\/\/agencevu.com\/wp-content\/uploads\/2020\/05\/00_DAIL18467-2013CL09.jpg\" class=\"wp-image-70154 avia-img-lazy-loading-70154 attachment-portfolio size-portfolio wp-post-image\" alt=\"\" loading=\"lazy\" srcset=\"https:\/\/agencevu.com\/wp-content\/uploads\/2020\/05\/00_DAIL18467-2013CL09.jpg 290w, https:\/\/agencevu.com\/wp-content\/uploads\/2020\/05\/00_DAIL18467-2013CL09-80x80.jpg 80w, https:\/\/agencevu.com\/wp-content\/uploads\/2020\/05\/00_DAIL18467-2013CL09-36x36.jpg 36w, https:\/\/agencevu.com\/wp-content\/uploads\/2020\/05\/00_DAIL18467-2013CL09-180x180.jpg 180w, https:\/\/agencevu.com\/wp-content\/uploads\/2020\/05\/00_DAIL18467-2013CL09-120x120.jpg 120w\" sizes=\"(max-width: 290px) 100vw, 290px\" \/><\/a><div class='slide-content'><header class=\"entry-content-header\"><span class=\"blog-categories minor-meta\"> <a href=\"https:\/\/agencevu.com\/en\/photographer\/denis-dailleux\/\" rel=\"tag\">Denis Dailleux<\/a> <a href=\"https:\/\/agencevu.com\/en\/section_taxonomy\/series\/\" rel=\"tag\">s\u00e9ries<\/a> <\/span><h3 class='slide-entry-title entry-title'  itemprop=\"headline\" ><a href='https:\/\/agencevu.com\/en\/serie\/egypte-martyrs-of-the-revolution-2012\/' title='Egypte, Martyrs of the R\u00e9volution, 2012'>Egypte, Martyrs of the R\u00e9volution, 2012<\/a><\/h3><span class=\"av-vertical-delimiter\"><\/span><\/header><div class='slide-entry-excerpt entry-content'  itemprop=\"text\" >Through his photographs, Denis Dailleux pays tribute to the martyrs, men and women \u2013 often young \u2013 who lost their lives in the Egyptian Revolution of 28 January 2011, victims of police violence and pro-Mubarak militia.\r\n<\/div><\/div><footer class=\"entry-footer\"><div class='slide-meta'><time class='slide-meta-time updated'  itemprop=\"datePublished\" datetime=\"2012-04-25T13:51:06+02:00\" >25 April 2012<\/time><\/div><\/footer><span class='hidden'>\n\t\t\t\t<span class='av-structured-data'  itemprop=\"image\" itemscope=\"itemscope\" itemtype=\"https:\/\/schema.org\/ImageObject\" >\n\t\t\t\t\t\t<span itemprop='url'>https:\/\/agencevu.com\/wp-content\/uploads\/2020\/05\/00_DAIL18467-2013CL09.jpg<\/span>\n\t\t\t\t\t\t<span itemprop='height'>290<\/span>\n\t\t\t\t\t\t<span itemprop='width'>290<\/span>\n\t\t\t\t<\/span>\n\t\t\t\t<span class='av-structured-data'  itemprop=\"publisher\" itemtype=\"https:\/\/schema.org\/Organization\" itemscope=\"itemscope\" >\n\t\t\t\t\t\t<span itemprop='name'>Fanny Demichelis<\/span>\n\t\t\t\t\t\t<span itemprop='logo' itemscope itemtype='https:\/\/schema.org\/ImageObject'>\n\t\t\t\t\t\t\t<span itemprop='url'>\/wp-content\/uploads\/2021\/05\/logo-vert-2.svg<\/span>\n\t\t\t\t\t\t <\/span>\n\t\t\t\t<\/span><span class='av-structured-data'  itemprop=\"author\" itemscope=\"itemscope\" itemtype=\"https:\/\/schema.org\/Person\" ><span itemprop='name'>Fanny Demichelis<\/span><\/span><span class='av-structured-data'  itemprop=\"datePublished\" datetime=\"1990-07-07T17:08:40+02:00\" >2012-04-25 13:51:06<\/span><span class='av-structured-data'  itemprop=\"dateModified\" itemtype=\"https:\/\/schema.org\/dateModified\" >2020-07-21 17:30:06<\/span><span class='av-structured-data'  itemprop=\"mainEntityOfPage\" itemtype=\"https:\/\/schema.org\/mainEntityOfPage\" ><span itemprop='name'>Egypte, Martyrs of the R\u00e9volution, 2012<\/span><\/span><\/span><\/article><article class='slide-entry flex_column  post-entry post-entry-72367 slide-entry-overview slide-loop-9 slide-parity-odd  av_one_third  real-thumbnail'  itemscope=\"itemscope\" itemtype=\"https:\/\/schema.org\/CreativeWork\" ><a href='https:\/\/agencevu.com\/en\/serie\/son-of-a-king-portraits-of-egypt-2008\/' data-rel='slide-1' class='slide-image' title=''><img width=\"290\" height=\"290\" src=\"https:\/\/agencevu.com\/wp-content\/uploads\/2020\/05\/00_DAIL14635-2008CL63.jpg\" class=\"wp-image-69258 avia-img-lazy-loading-69258 attachment-portfolio size-portfolio wp-post-image\" alt=\"\" loading=\"lazy\" srcset=\"https:\/\/agencevu.com\/wp-content\/uploads\/2020\/05\/00_DAIL14635-2008CL63.jpg 290w, https:\/\/agencevu.com\/wp-content\/uploads\/2020\/05\/00_DAIL14635-2008CL63-80x80.jpg 80w, https:\/\/agencevu.com\/wp-content\/uploads\/2020\/05\/00_DAIL14635-2008CL63-36x36.jpg 36w, https:\/\/agencevu.com\/wp-content\/uploads\/2020\/05\/00_DAIL14635-2008CL63-180x180.jpg 180w, https:\/\/agencevu.com\/wp-content\/uploads\/2020\/05\/00_DAIL14635-2008CL63-120x120.jpg 120w\" sizes=\"(max-width: 290px) 100vw, 290px\" \/><\/a><div class='slide-content'><header class=\"entry-content-header\"><span class=\"blog-categories minor-meta\"> <a href=\"https:\/\/agencevu.com\/en\/photographer\/denis-dailleux\/\" rel=\"tag\">Denis Dailleux<\/a> <a href=\"https:\/\/agencevu.com\/en\/section_taxonomy\/series\/\" rel=\"tag\">s\u00e9ries<\/a> <\/span><h3 class='slide-entry-title entry-title'  itemprop=\"headline\" ><a href='https:\/\/agencevu.com\/en\/serie\/son-of-a-king-portraits-of-egypt-2008\/' title='Son of a King, Portraits of Egypt, 2008'>Son of a King, Portraits of Egypt, 2008<\/a><\/h3><span class=\"av-vertical-delimiter\"><\/span><\/header><div class='slide-entry-excerpt entry-content'  itemprop=\"text\" >Son of a king... Son of Pharaoh, son of a history that has stood still, in balance for three or four thousand years, and which, for a century or two, has been shaking backwards towards a chaos of which no one can guess the extent.<\/div><\/div><footer class=\"entry-footer\"><div class='slide-meta'><time class='slide-meta-time updated'  itemprop=\"datePublished\" datetime=\"2008-11-13T15:19:51+01:00\" >13 November 2008<\/time><\/div><\/footer><span class='hidden'>\n\t\t\t\t<span class='av-structured-data'  itemprop=\"image\" itemscope=\"itemscope\" itemtype=\"https:\/\/schema.org\/ImageObject\" >\n\t\t\t\t\t\t<span itemprop='url'>https:\/\/agencevu.com\/wp-content\/uploads\/2020\/05\/00_DAIL14635-2008CL63.jpg<\/span>\n\t\t\t\t\t\t<span itemprop='height'>290<\/span>\n\t\t\t\t\t\t<span itemprop='width'>290<\/span>\n\t\t\t\t<\/span>\n\t\t\t\t<span class='av-structured-data'  itemprop=\"publisher\" itemtype=\"https:\/\/schema.org\/Organization\" itemscope=\"itemscope\" >\n\t\t\t\t\t\t<span itemprop='name'>Fanny Demichelis<\/span>\n\t\t\t\t\t\t<span itemprop='logo' itemscope itemtype='https:\/\/schema.org\/ImageObject'>\n\t\t\t\t\t\t\t<span itemprop='url'>\/wp-content\/uploads\/2021\/05\/logo-vert-2.svg<\/span>\n\t\t\t\t\t\t <\/span>\n\t\t\t\t<\/span><span class='av-structured-data'  itemprop=\"author\" itemscope=\"itemscope\" itemtype=\"https:\/\/schema.org\/Person\" ><span itemprop='name'>Fanny Demichelis<\/span><\/span><span class='av-structured-data'  itemprop=\"datePublished\" datetime=\"1990-07-07T17:08:40+02:00\" >2008-11-13 15:19:51<\/span><span class='av-structured-data'  itemprop=\"dateModified\" itemtype=\"https:\/\/schema.org\/dateModified\" >2021-03-17 12:29:49<\/span><span class='av-structured-data'  itemprop=\"mainEntityOfPage\" itemtype=\"https:\/\/schema.org\/mainEntityOfPage\" ><span itemprop='name'>Son of a King, Portraits of Egypt, 2008<\/span><\/span><\/span><\/article><\/div><div class='slide-entry-wrap'><article class='slide-entry flex_column  post-entry post-entry-72368 slide-entry-overview slide-loop-10 slide-parity-odd  av_one_third first real-thumbnail'  itemscope=\"itemscope\" itemtype=\"https:\/\/schema.org\/CreativeWork\" ><a href='https:\/\/agencevu.com\/en\/serie\/on-the-roofs-of-cairo-2006\/' data-rel='slide-1' class='slide-image' title=''><img width=\"290\" height=\"290\" src=\"https:\/\/agencevu.com\/wp-content\/uploads\/2020\/05\/00_DAIL13003-2006CL23.jpg\" class=\"wp-image-69103 avia-img-lazy-loading-69103 attachment-portfolio size-portfolio wp-post-image\" alt=\"\" loading=\"lazy\" srcset=\"https:\/\/agencevu.com\/wp-content\/uploads\/2020\/05\/00_DAIL13003-2006CL23.jpg 290w, https:\/\/agencevu.com\/wp-content\/uploads\/2020\/05\/00_DAIL13003-2006CL23-80x80.jpg 80w, https:\/\/agencevu.com\/wp-content\/uploads\/2020\/05\/00_DAIL13003-2006CL23-36x36.jpg 36w, https:\/\/agencevu.com\/wp-content\/uploads\/2020\/05\/00_DAIL13003-2006CL23-180x180.jpg 180w, https:\/\/agencevu.com\/wp-content\/uploads\/2020\/05\/00_DAIL13003-2006CL23-120x120.jpg 120w\" sizes=\"(max-width: 290px) 100vw, 290px\" \/><\/a><div class='slide-content'><header class=\"entry-content-header\"><span class=\"blog-categories minor-meta\"> <a href=\"https:\/\/agencevu.com\/en\/photographer\/denis-dailleux\/\" rel=\"tag\">Denis Dailleux<\/a> <a href=\"https:\/\/agencevu.com\/en\/section_taxonomy\/series\/\" rel=\"tag\">s\u00e9ries<\/a> <\/span><h3 class='slide-entry-title entry-title'  itemprop=\"headline\" ><a href='https:\/\/agencevu.com\/en\/serie\/on-the-roofs-of-cairo-2006\/' title='On the Roofs of Cairo, 2006'>On the Roofs of Cairo, 2006<\/a><\/h3><span class=\"av-vertical-delimiter\"><\/span><\/header><div class='slide-entry-excerpt entry-content'  itemprop=\"text\" >In the egyptian capital, the only place to live for thousands of inhabitants is the top of the buildings. A whole world invisible from the street, lives in makeshift tiny villages, in the open.\r\n<\/div><\/div><footer class=\"entry-footer\"><div class='slide-meta'><time class='slide-meta-time updated'  itemprop=\"datePublished\" datetime=\"2006-09-13T12:03:43+02:00\" >13 September 2006<\/time><\/div><\/footer><span class='hidden'>\n\t\t\t\t<span class='av-structured-data'  itemprop=\"image\" itemscope=\"itemscope\" itemtype=\"https:\/\/schema.org\/ImageObject\" >\n\t\t\t\t\t\t<span itemprop='url'>https:\/\/agencevu.com\/wp-content\/uploads\/2020\/05\/00_DAIL13003-2006CL23.jpg<\/span>\n\t\t\t\t\t\t<span itemprop='height'>290<\/span>\n\t\t\t\t\t\t<span itemprop='width'>290<\/span>\n\t\t\t\t<\/span>\n\t\t\t\t<span class='av-structured-data'  itemprop=\"publisher\" itemtype=\"https:\/\/schema.org\/Organization\" itemscope=\"itemscope\" >\n\t\t\t\t\t\t<span itemprop='name'>Fanny Demichelis<\/span>\n\t\t\t\t\t\t<span itemprop='logo' itemscope itemtype='https:\/\/schema.org\/ImageObject'>\n\t\t\t\t\t\t\t<span itemprop='url'>\/wp-content\/uploads\/2021\/05\/logo-vert-2.svg<\/span>\n\t\t\t\t\t\t <\/span>\n\t\t\t\t<\/span><span class='av-structured-data'  itemprop=\"author\" itemscope=\"itemscope\" itemtype=\"https:\/\/schema.org\/Person\" ><span itemprop='name'>Fanny Demichelis<\/span><\/span><span class='av-structured-data'  itemprop=\"datePublished\" datetime=\"1990-07-07T17:08:40+02:00\" >2006-09-13 12:03:43<\/span><span class='av-structured-data'  itemprop=\"dateModified\" itemtype=\"https:\/\/schema.org\/dateModified\" >2021-05-10 11:27:48<\/span><span class='av-structured-data'  itemprop=\"mainEntityOfPage\" itemtype=\"https:\/\/schema.org\/mainEntityOfPage\" ><span itemprop='name'>On the Roofs of Cairo, 2006<\/span><\/span><\/span><\/article><article class='slide-entry flex_column  post-entry post-entry-72369 slide-entry-overview slide-loop-11 slide-parity-even  av_one_third  real-thumbnail'  itemscope=\"itemscope\" itemtype=\"https:\/\/schema.org\/CreativeWork\" ><a href='https:\/\/agencevu.com\/en\/serie\/morocco-azemmour-people-2005\/' data-rel='slide-1' class='slide-image' title=''><img width=\"290\" height=\"290\" src=\"https:\/\/agencevu.com\/wp-content\/uploads\/2020\/05\/00_DAIL12412-05CL04.jpg\" class=\"wp-image-69044 avia-img-lazy-loading-69044 attachment-portfolio size-portfolio wp-post-image\" alt=\"\" loading=\"lazy\" srcset=\"https:\/\/agencevu.com\/wp-content\/uploads\/2020\/05\/00_DAIL12412-05CL04.jpg 290w, https:\/\/agencevu.com\/wp-content\/uploads\/2020\/05\/00_DAIL12412-05CL04-80x80.jpg 80w, https:\/\/agencevu.com\/wp-content\/uploads\/2020\/05\/00_DAIL12412-05CL04-36x36.jpg 36w, https:\/\/agencevu.com\/wp-content\/uploads\/2020\/05\/00_DAIL12412-05CL04-180x180.jpg 180w, https:\/\/agencevu.com\/wp-content\/uploads\/2020\/05\/00_DAIL12412-05CL04-120x120.jpg 120w\" sizes=\"(max-width: 290px) 100vw, 290px\" \/><\/a><div class='slide-content'><header class=\"entry-content-header\"><span class=\"blog-categories minor-meta\"> <a href=\"https:\/\/agencevu.com\/en\/photographer\/denis-dailleux\/\" rel=\"tag\">Denis Dailleux<\/a> <a href=\"https:\/\/agencevu.com\/en\/section_taxonomy\/series\/\" rel=\"tag\">s\u00e9ries<\/a> <\/span><h3 class='slide-entry-title entry-title'  itemprop=\"headline\" ><a href='https:\/\/agencevu.com\/en\/serie\/morocco-azemmour-people-2005\/' title='Morocco, Azemmour People, 2005'>Morocco, Azemmour People, 2005<\/a><\/h3><span class=\"av-vertical-delimiter\"><\/span><\/header><div class='slide-entry-excerpt entry-content'  itemprop=\"text\" >Azemmour is a Moroccan city, on the left bank of the Oum Er-Rbia River, 75 km southwest of Casablanca.\r\n<\/div><\/div><footer class=\"entry-footer\"><div class='slide-meta'><time class='slide-meta-time updated'  itemprop=\"datePublished\" datetime=\"2005-08-13T11:09:19+02:00\" >13 August 2005<\/time><\/div><\/footer><span class='hidden'>\n\t\t\t\t<span class='av-structured-data'  itemprop=\"image\" itemscope=\"itemscope\" itemtype=\"https:\/\/schema.org\/ImageObject\" >\n\t\t\t\t\t\t<span itemprop='url'>https:\/\/agencevu.com\/wp-content\/uploads\/2020\/05\/00_DAIL12412-05CL04.jpg<\/span>\n\t\t\t\t\t\t<span itemprop='height'>290<\/span>\n\t\t\t\t\t\t<span itemprop='width'>290<\/span>\n\t\t\t\t<\/span>\n\t\t\t\t<span class='av-structured-data'  itemprop=\"publisher\" itemtype=\"https:\/\/schema.org\/Organization\" itemscope=\"itemscope\" >\n\t\t\t\t\t\t<span itemprop='name'>Fanny Demichelis<\/span>\n\t\t\t\t\t\t<span itemprop='logo' itemscope itemtype='https:\/\/schema.org\/ImageObject'>\n\t\t\t\t\t\t\t<span itemprop='url'>\/wp-content\/uploads\/2021\/05\/logo-vert-2.svg<\/span>\n\t\t\t\t\t\t <\/span>\n\t\t\t\t<\/span><span class='av-structured-data'  itemprop=\"author\" itemscope=\"itemscope\" itemtype=\"https:\/\/schema.org\/Person\" ><span itemprop='name'>Fanny Demichelis<\/span><\/span><span class='av-structured-data'  itemprop=\"datePublished\" datetime=\"1990-07-07T17:08:40+02:00\" >2005-08-13 11:09:19<\/span><span class='av-structured-data'  itemprop=\"dateModified\" itemtype=\"https:\/\/schema.org\/dateModified\" >2021-05-10 11:28:08<\/span><span class='av-structured-data'  itemprop=\"mainEntityOfPage\" itemtype=\"https:\/\/schema.org\/mainEntityOfPage\" ><span itemprop='name'>Morocco, Azemmour People, 2005<\/span><\/span><\/span><\/article><article class='slide-entry flex_column  post-entry post-entry-72370 slide-entry-overview slide-loop-12 slide-parity-odd  av_one_third  real-thumbnail'  itemscope=\"itemscope\" itemtype=\"https:\/\/schema.org\/CreativeWork\" ><a href='https:\/\/agencevu.com\/en\/serie\/on-the-footsteps-of-rimbaud-in-yemen-and-ethiopia-2004\/' data-rel='slide-1' class='slide-image' title=''><img width=\"290\" height=\"290\" src=\"https:\/\/agencevu.com\/wp-content\/uploads\/2020\/05\/00_DAIL11893-2004CL40.jpg\" class=\"wp-image-68987 avia-img-lazy-loading-68987 attachment-portfolio size-portfolio wp-post-image\" alt=\"\" loading=\"lazy\" srcset=\"https:\/\/agencevu.com\/wp-content\/uploads\/2020\/05\/00_DAIL11893-2004CL40.jpg 290w, https:\/\/agencevu.com\/wp-content\/uploads\/2020\/05\/00_DAIL11893-2004CL40-80x80.jpg 80w, https:\/\/agencevu.com\/wp-content\/uploads\/2020\/05\/00_DAIL11893-2004CL40-36x36.jpg 36w, https:\/\/agencevu.com\/wp-content\/uploads\/2020\/05\/00_DAIL11893-2004CL40-180x180.jpg 180w, https:\/\/agencevu.com\/wp-content\/uploads\/2020\/05\/00_DAIL11893-2004CL40-120x120.jpg 120w\" sizes=\"(max-width: 290px) 100vw, 290px\" \/><\/a><div class='slide-content'><header class=\"entry-content-header\"><span class=\"blog-categories minor-meta\"> <a href=\"https:\/\/agencevu.com\/en\/photographer\/denis-dailleux\/\" rel=\"tag\">Denis Dailleux<\/a> <a href=\"https:\/\/agencevu.com\/en\/section_taxonomy\/series\/\" rel=\"tag\">s\u00e9ries<\/a> <\/span><h3 class='slide-entry-title entry-title'  itemprop=\"headline\" ><a href='https:\/\/agencevu.com\/en\/serie\/on-the-footsteps-of-rimbaud-in-yemen-and-ethiopia-2004\/' title='On the Footsteps of Rimbaud, in Yemen and Ethiopia, 2004'>On the Footsteps of Rimbaud, in Yemen and Ethiopia, 2004<\/a><\/h3><span class=\"av-vertical-delimiter\"><\/span><\/header><div class='slide-entry-excerpt entry-content'  itemprop=\"text\" >Leaving in man's shadow with soles of wind as a pretext. Discover a little-known Africa and meet its inhabitants as the ultimate goal. <\/div><\/div><footer class=\"entry-footer\"><div class='slide-meta'><time class='slide-meta-time updated'  itemprop=\"datePublished\" datetime=\"2004-04-12T15:45:22+02:00\" >12 April 2004<\/time><\/div><\/footer><span class='hidden'>\n\t\t\t\t<span class='av-structured-data'  itemprop=\"image\" itemscope=\"itemscope\" itemtype=\"https:\/\/schema.org\/ImageObject\" >\n\t\t\t\t\t\t<span itemprop='url'>https:\/\/agencevu.com\/wp-content\/uploads\/2020\/05\/00_DAIL11893-2004CL40.jpg<\/span>\n\t\t\t\t\t\t<span itemprop='height'>290<\/span>\n\t\t\t\t\t\t<span itemprop='width'>290<\/span>\n\t\t\t\t<\/span>\n\t\t\t\t<span class='av-structured-data'  itemprop=\"publisher\" itemtype=\"https:\/\/schema.org\/Organization\" itemscope=\"itemscope\" >\n\t\t\t\t\t\t<span itemprop='name'>Fanny Demichelis<\/span>\n\t\t\t\t\t\t<span itemprop='logo' itemscope itemtype='https:\/\/schema.org\/ImageObject'>\n\t\t\t\t\t\t\t<span itemprop='url'>\/wp-content\/uploads\/2021\/05\/logo-vert-2.svg<\/span>\n\t\t\t\t\t\t <\/span>\n\t\t\t\t<\/span><span class='av-structured-data'  itemprop=\"author\" itemscope=\"itemscope\" itemtype=\"https:\/\/schema.org\/Person\" ><span itemprop='name'>Fanny Demichelis<\/span><\/span><span class='av-structured-data'  itemprop=\"datePublished\" datetime=\"1990-07-07T17:08:40+02:00\" >2004-04-12 15:45:22<\/span><span class='av-structured-data'  itemprop=\"dateModified\" itemtype=\"https:\/\/schema.org\/dateModified\" >2021-05-10 11:28:24<\/span><span class='av-structured-data'  itemprop=\"mainEntityOfPage\" itemtype=\"https:\/\/schema.org\/mainEntityOfPage\" ><span itemprop='name'>On the Footsteps of Rimbaud, in Yemen and Ethiopia, 2004<\/span><\/span><\/span><\/article><\/div><div class='slide-entry-wrap'><article class='slide-entry flex_column  post-entry post-entry-72371 slide-entry-overview slide-loop-13 slide-parity-odd  av_one_third first real-thumbnail'  itemscope=\"itemscope\" itemtype=\"https:\/\/schema.org\/CreativeWork\" ><a href='https:\/\/agencevu.com\/en\/serie\/habibi-cairo-1994\/' data-rel='slide-1' class='slide-image' title=''><img width=\"290\" height=\"290\" src=\"https:\/\/agencevu.com\/wp-content\/uploads\/2020\/05\/00_16_DAIL10091-1994NB50.jpg\" class=\"wp-image-68629 avia-img-lazy-loading-68629 attachment-portfolio size-portfolio wp-post-image\" alt=\"\" loading=\"lazy\" srcset=\"https:\/\/agencevu.com\/wp-content\/uploads\/2020\/05\/00_16_DAIL10091-1994NB50.jpg 290w, https:\/\/agencevu.com\/wp-content\/uploads\/2020\/05\/00_16_DAIL10091-1994NB50-80x80.jpg 80w, https:\/\/agencevu.com\/wp-content\/uploads\/2020\/05\/00_16_DAIL10091-1994NB50-36x36.jpg 36w, https:\/\/agencevu.com\/wp-content\/uploads\/2020\/05\/00_16_DAIL10091-1994NB50-180x180.jpg 180w, https:\/\/agencevu.com\/wp-content\/uploads\/2020\/05\/00_16_DAIL10091-1994NB50-120x120.jpg 120w\" sizes=\"(max-width: 290px) 100vw, 290px\" \/><\/a><div class='slide-content'><header class=\"entry-content-header\"><span class=\"blog-categories minor-meta\"> <a href=\"https:\/\/agencevu.com\/en\/photographer\/denis-dailleux\/\" rel=\"tag\">Denis Dailleux<\/a> <a href=\"https:\/\/agencevu.com\/en\/section_taxonomy\/series\/\" rel=\"tag\">s\u00e9ries<\/a> <\/span><h3 class='slide-entry-title entry-title'  itemprop=\"headline\" ><a href='https:\/\/agencevu.com\/en\/serie\/habibi-cairo-1994\/' title='Habibi Cairo, 1994'>Habibi Cairo, 1994<\/a><\/h3><span class=\"av-vertical-delimiter\"><\/span><\/header><div class='slide-entry-excerpt entry-content'  itemprop=\"text\" >These faces of children, men and women, imprints of poetry and affection take us to the neighborhoods where these families live. The delicate and sensitive eye of a photographer craves for meaning beyond the mundane.\r\n<\/div><\/div><footer class=\"entry-footer\"><div class='slide-meta'><time class='slide-meta-time updated'  itemprop=\"datePublished\" datetime=\"1994-05-12T11:38:41+02:00\" >12 May 1994<\/time><\/div><\/footer><span class='hidden'>\n\t\t\t\t<span class='av-structured-data'  itemprop=\"image\" itemscope=\"itemscope\" itemtype=\"https:\/\/schema.org\/ImageObject\" >\n\t\t\t\t\t\t<span itemprop='url'>https:\/\/agencevu.com\/wp-content\/uploads\/2020\/05\/00_16_DAIL10091-1994NB50.jpg<\/span>\n\t\t\t\t\t\t<span itemprop='height'>290<\/span>\n\t\t\t\t\t\t<span itemprop='width'>290<\/span>\n\t\t\t\t<\/span>\n\t\t\t\t<span class='av-structured-data'  itemprop=\"publisher\" itemtype=\"https:\/\/schema.org\/Organization\" itemscope=\"itemscope\" >\n\t\t\t\t\t\t<span itemprop='name'>Fanny Demichelis<\/span>\n\t\t\t\t\t\t<span itemprop='logo' itemscope itemtype='https:\/\/schema.org\/ImageObject'>\n\t\t\t\t\t\t\t<span itemprop='url'>\/wp-content\/uploads\/2021\/05\/logo-vert-2.svg<\/span>\n\t\t\t\t\t\t <\/span>\n\t\t\t\t<\/span><span class='av-structured-data'  itemprop=\"author\" itemscope=\"itemscope\" itemtype=\"https:\/\/schema.org\/Person\" ><span itemprop='name'>Fanny Demichelis<\/span><\/span><span class='av-structured-data'  itemprop=\"datePublished\" datetime=\"1990-07-07T17:08:40+02:00\" >1994-05-12 11:38:41<\/span><span class='av-structured-data'  itemprop=\"dateModified\" itemtype=\"https:\/\/schema.org\/dateModified\" >2021-03-17 12:32:19<\/span><span class='av-structured-data'  itemprop=\"mainEntityOfPage\" itemtype=\"https:\/\/schema.org\/mainEntityOfPage\" ><span itemprop='name'>Habibi Cairo, 1994<\/span><\/span><\/span><\/article><article class='slide-entry flex_column  post-entry post-entry-72372 slide-entry-overview slide-loop-14 slide-parity-even  av_one_third  real-thumbnail'  itemscope=\"itemscope\" itemtype=\"https:\/\/schema.org\/CreativeWork\" ><a href='https:\/\/agencevu.com\/en\/serie\/cairo-1994\/' data-rel='slide-1' class='slide-image' title=''><img width=\"290\" height=\"290\" src=\"https:\/\/agencevu.com\/wp-content\/uploads\/2020\/05\/00_DAIL10091-1994CL21.jpg\" class=\"wp-image-68821 avia-img-lazy-loading-68821 attachment-portfolio size-portfolio wp-post-image\" alt=\"\" loading=\"lazy\" srcset=\"https:\/\/agencevu.com\/wp-content\/uploads\/2020\/05\/00_DAIL10091-1994CL21.jpg 290w, https:\/\/agencevu.com\/wp-content\/uploads\/2020\/05\/00_DAIL10091-1994CL21-80x80.jpg 80w, https:\/\/agencevu.com\/wp-content\/uploads\/2020\/05\/00_DAIL10091-1994CL21-36x36.jpg 36w, https:\/\/agencevu.com\/wp-content\/uploads\/2020\/05\/00_DAIL10091-1994CL21-180x180.jpg 180w, https:\/\/agencevu.com\/wp-content\/uploads\/2020\/05\/00_DAIL10091-1994CL21-120x120.jpg 120w\" sizes=\"(max-width: 290px) 100vw, 290px\" \/><\/a><div class='slide-content'><header class=\"entry-content-header\"><span class=\"blog-categories minor-meta\"> <a href=\"https:\/\/agencevu.com\/en\/photographer\/denis-dailleux\/\" rel=\"tag\">Denis Dailleux<\/a> <a href=\"https:\/\/agencevu.com\/en\/section_taxonomy\/series\/\" rel=\"tag\">s\u00e9ries<\/a> <\/span><h3 class='slide-entry-title entry-title'  itemprop=\"headline\" ><a href='https:\/\/agencevu.com\/en\/serie\/cairo-1994\/' title='Cairo, 1994'>Cairo, 1994<\/a><\/h3><span class=\"av-vertical-delimiter\"><\/span><\/header><div class='slide-entry-excerpt entry-content'  itemprop=\"text\" >Between Denis Dailleux and Cairo, it is a true love story\u00a0: on one side, an insatiable fascination for this unique place, its mood, its magical lights and an unspeakable tenderess towards its inhabitants\u00a0<\/div><\/div><footer class=\"entry-footer\"><div class='slide-meta'><time class='slide-meta-time updated'  itemprop=\"datePublished\" datetime=\"1994-05-12T10:21:14+02:00\" >12 May 1994<\/time><\/div><\/footer><span class='hidden'>\n\t\t\t\t<span class='av-structured-data'  itemprop=\"image\" itemscope=\"itemscope\" itemtype=\"https:\/\/schema.org\/ImageObject\" >\n\t\t\t\t\t\t<span itemprop='url'>https:\/\/agencevu.com\/wp-content\/uploads\/2020\/05\/00_DAIL10091-1994CL21.jpg<\/span>\n\t\t\t\t\t\t<span itemprop='height'>290<\/span>\n\t\t\t\t\t\t<span itemprop='width'>290<\/span>\n\t\t\t\t<\/span>\n\t\t\t\t<span class='av-structured-data'  itemprop=\"publisher\" itemtype=\"https:\/\/schema.org\/Organization\" itemscope=\"itemscope\" >\n\t\t\t\t\t\t<span itemprop='name'>Fanny Demichelis<\/span>\n\t\t\t\t\t\t<span itemprop='logo' itemscope itemtype='https:\/\/schema.org\/ImageObject'>\n\t\t\t\t\t\t\t<span itemprop='url'>\/wp-content\/uploads\/2021\/05\/logo-vert-2.svg<\/span>\n\t\t\t\t\t\t <\/span>\n\t\t\t\t<\/span><span class='av-structured-data'  itemprop=\"author\" itemscope=\"itemscope\" itemtype=\"https:\/\/schema.org\/Person\" ><span itemprop='name'>Fanny Demichelis<\/span><\/span><span class='av-structured-data'  itemprop=\"datePublished\" datetime=\"1990-07-07T17:08:40+02:00\" >1994-05-12 10:21:14<\/span><span class='av-structured-data'  itemprop=\"dateModified\" itemtype=\"https:\/\/schema.org\/dateModified\" >2021-03-17 12:32:30<\/span><span class='av-structured-data'  itemprop=\"mainEntityOfPage\" itemtype=\"https:\/\/schema.org\/mainEntityOfPage\" ><span itemprop='name'>Cairo, 1994<\/span><\/span><\/span><\/article><article class='slide-entry flex_column  post-entry post-entry-72373 slide-entry-overview slide-loop-15 slide-parity-odd  post-entry-last  av_one_third  real-thumbnail'  itemscope=\"itemscope\" itemtype=\"https:\/\/schema.org\/CreativeWork\" ><a href='https:\/\/agencevu.com\/en\/serie\/people-of-my-village-1990\/' data-rel='slide-1' class='slide-image' title=''><img width=\"290\" height=\"290\" src=\"https:\/\/agencevu.com\/wp-content\/uploads\/2020\/05\/00_04_DAIL18833-1990NB03.jpg\" class=\"wp-image-68556 avia-img-lazy-loading-68556 attachment-portfolio size-portfolio wp-post-image\" alt=\"\" loading=\"lazy\" srcset=\"https:\/\/agencevu.com\/wp-content\/uploads\/2020\/05\/00_04_DAIL18833-1990NB03.jpg 290w, https:\/\/agencevu.com\/wp-content\/uploads\/2020\/05\/00_04_DAIL18833-1990NB03-80x80.jpg 80w, https:\/\/agencevu.com\/wp-content\/uploads\/2020\/05\/00_04_DAIL18833-1990NB03-36x36.jpg 36w, https:\/\/agencevu.com\/wp-content\/uploads\/2020\/05\/00_04_DAIL18833-1990NB03-180x180.jpg 180w, https:\/\/agencevu.com\/wp-content\/uploads\/2020\/05\/00_04_DAIL18833-1990NB03-120x120.jpg 120w\" sizes=\"(max-width: 290px) 100vw, 290px\" \/><\/a><div class='slide-content'><header class=\"entry-content-header\"><span class=\"blog-categories minor-meta\"> <a href=\"https:\/\/agencevu.com\/en\/photographer\/denis-dailleux\/\" rel=\"tag\">Denis Dailleux<\/a> <a href=\"https:\/\/agencevu.com\/en\/section_taxonomy\/series\/\" rel=\"tag\">s\u00e9ries<\/a> <\/span><h3 class='slide-entry-title entry-title'  itemprop=\"headline\" ><a href='https:\/\/agencevu.com\/en\/serie\/people-of-my-village-1990\/' title='People of my Village, 1990'>People of my Village, 1990<\/a><\/h3><span class=\"av-vertical-delimiter\"><\/span><\/header><div class='slide-entry-excerpt entry-content'  itemprop=\"text\" >This series of black and white portraits represents the people around whom Denis Dailleux grew up, between love and hate. Taken when he was 25 years old and full of doubts, the project is an upheaval in the photographer's work.\r\n<\/div><\/div><footer class=\"entry-footer\"><div class='slide-meta'><time class='slide-meta-time updated'  itemprop=\"datePublished\" datetime=\"1990-07-07T17:08:40+02:00\" >7 July 1990<\/time><\/div><\/footer><span class='hidden'>\n\t\t\t\t<span class='av-structured-data'  itemprop=\"image\" itemscope=\"itemscope\" itemtype=\"https:\/\/schema.org\/ImageObject\" >\n\t\t\t\t\t\t<span itemprop='url'>https:\/\/agencevu.com\/wp-content\/uploads\/2020\/05\/00_04_DAIL18833-1990NB03.jpg<\/span>\n\t\t\t\t\t\t<span itemprop='height'>290<\/span>\n\t\t\t\t\t\t<span itemprop='width'>290<\/span>\n\t\t\t\t<\/span>\n\t\t\t\t<span class='av-structured-data'  itemprop=\"publisher\" itemtype=\"https:\/\/schema.org\/Organization\" itemscope=\"itemscope\" >\n\t\t\t\t\t\t<span itemprop='name'>Fanny Demichelis<\/span>\n\t\t\t\t\t\t<span itemprop='logo' itemscope itemtype='https:\/\/schema.org\/ImageObject'>\n\t\t\t\t\t\t\t<span itemprop='url'>\/wp-content\/uploads\/2021\/05\/logo-vert-2.svg<\/span>\n\t\t\t\t\t\t <\/span>\n\t\t\t\t<\/span><span class='av-structured-data'  itemprop=\"author\" itemscope=\"itemscope\" itemtype=\"https:\/\/schema.org\/Person\" ><span itemprop='name'>Fanny Demichelis<\/span><\/span><span class='av-structured-data'  itemprop=\"datePublished\" datetime=\"1990-07-07T17:08:40+02:00\" >1990-07-07 17:08:40<\/span><span class='av-structured-data'  itemprop=\"dateModified\" itemtype=\"https:\/\/schema.org\/dateModified\" >2021-05-10 11:28:38<\/span><span class='av-structured-data'  itemprop=\"mainEntityOfPage\" itemtype=\"https:\/\/schema.org\/mainEntityOfPage\" ><span itemprop='name'>People of my Village, 1990<\/span><\/span><\/span><\/article><\/div><\/div><\/div>\n<div  data-autoplay=''  data-interval='5'  data-animation='fade'  data-show_slide_delay='90'  class='avia-content-slider avia-content-grid-active avia-content-slider2 avia-content-slider-even   av-desktop-hide av-mini-hide'  itemscope=\"itemscope\" itemtype=\"https:\/\/schema.org\/Blog\" ><div class='avia-content-slider-inner'><div class='slide-entry-wrap'><article class='slide-entry flex_column  post-entry post-entry-72357 slide-entry-overview slide-loop-1 slide-parity-odd  av_one_half first real-thumbnail'  itemscope=\"itemscope\" itemtype=\"https:\/\/schema.org\/CreativeWork\" ><a href='https:\/\/agencevu.com\/en\/serie\/mullick-ghat-le-plus-grand-marche-aux-fleurs-de-linde-2019\/' data-rel='slide-2' class='slide-image' title=''><img width=\"290\" height=\"290\" src=\"https:\/\/agencevu.com\/wp-content\/uploads\/2019\/08\/00_Dailleux_Mullik-Ghat_Inde_01.jpg\" class=\"wp-image-73962 avia-img-lazy-loading-73962 attachment-portfolio size-portfolio wp-post-image\" alt=\"\" loading=\"lazy\" srcset=\"https:\/\/agencevu.com\/wp-content\/uploads\/2019\/08\/00_Dailleux_Mullik-Ghat_Inde_01.jpg 290w, https:\/\/agencevu.com\/wp-content\/uploads\/2019\/08\/00_Dailleux_Mullik-Ghat_Inde_01-80x80.jpg 80w, https:\/\/agencevu.com\/wp-content\/uploads\/2019\/08\/00_Dailleux_Mullik-Ghat_Inde_01-36x36.jpg 36w, https:\/\/agencevu.com\/wp-content\/uploads\/2019\/08\/00_Dailleux_Mullik-Ghat_Inde_01-180x180.jpg 180w, https:\/\/agencevu.com\/wp-content\/uploads\/2019\/08\/00_Dailleux_Mullik-Ghat_Inde_01-120x120.jpg 120w\" sizes=\"(max-width: 290px) 100vw, 290px\" \/><\/a><div class='slide-content'><header class=\"entry-content-header\"><span class=\"blog-categories minor-meta\"> <a href=\"https:\/\/agencevu.com\/en\/photographer\/denis-dailleux\/\" rel=\"tag\">Denis Dailleux<\/a> <a href=\"https:\/\/agencevu.com\/en\/section_taxonomy\/series\/\" rel=\"tag\">s\u00e9ries<\/a> <\/span><h3 class='slide-entry-title entry-title'  itemprop=\"headline\" ><a href='https:\/\/agencevu.com\/en\/serie\/mullick-ghat-le-plus-grand-marche-aux-fleurs-de-linde-2019\/' title='Mullick Ghat, le plus grand march\u00e9 aux fleurs de l\u2019Inde, 2019'>Mullick Ghat, le plus grand march\u00e9 aux fleurs de l\u2019Inde, 2019<\/a><\/h3><span class=\"av-vertical-delimiter\"><\/span><\/header><div class='slide-entry-excerpt entry-content'  itemprop=\"text\" >The Calcutta Flower Market, also known as Mullick Ghat, is the largest in India and one of the largest in the world. It spreads along the banks of the Hooghly, the western branch of the Ganges, just below the impressive Howrah Bridge. <\/div><\/div><footer class=\"entry-footer\"><div class='slide-meta'><time class='slide-meta-time updated'  itemprop=\"datePublished\" datetime=\"2019-10-26T15:48:16+02:00\" >26 October 2019<\/time><\/div><\/footer><span class='hidden'>\n\t\t\t\t<span class='av-structured-data'  itemprop=\"image\" itemscope=\"itemscope\" itemtype=\"https:\/\/schema.org\/ImageObject\" >\n\t\t\t\t\t\t<span itemprop='url'>https:\/\/agencevu.com\/wp-content\/uploads\/2019\/08\/00_Dailleux_Mullik-Ghat_Inde_01.jpg<\/span>\n\t\t\t\t\t\t<span itemprop='height'>290<\/span>\n\t\t\t\t\t\t<span itemprop='width'>290<\/span>\n\t\t\t\t<\/span>\n\t\t\t\t<span class='av-structured-data'  itemprop=\"publisher\" itemtype=\"https:\/\/schema.org\/Organization\" itemscope=\"itemscope\" >\n\t\t\t\t\t\t<span itemprop='name'>Fanny Demichelis<\/span>\n\t\t\t\t\t\t<span itemprop='logo' itemscope itemtype='https:\/\/schema.org\/ImageObject'>\n\t\t\t\t\t\t\t<span itemprop='url'>\/wp-content\/uploads\/2021\/05\/logo-vert-2.svg<\/span>\n\t\t\t\t\t\t <\/span>\n\t\t\t\t<\/span><span class='av-structured-data'  itemprop=\"author\" itemscope=\"itemscope\" itemtype=\"https:\/\/schema.org\/Person\" ><span itemprop='name'>Fanny Demichelis<\/span><\/span><span class='av-structured-data'  itemprop=\"datePublished\" datetime=\"1990-07-07T17:08:40+02:00\" >2019-10-26 15:48:16<\/span><span class='av-structured-data'  itemprop=\"dateModified\" itemtype=\"https:\/\/schema.org\/dateModified\" >2021-04-30 10:09:46<\/span><span class='av-structured-data'  itemprop=\"mainEntityOfPage\" itemtype=\"https:\/\/schema.org\/mainEntityOfPage\" ><span itemprop='name'>Mullick Ghat, le plus grand march\u00e9 aux fleurs de l\u2019Inde, 2019<\/span><\/span><\/span><\/article><article class='slide-entry flex_column  post-entry post-entry-72358 slide-entry-overview slide-loop-2 slide-parity-even  av_one_half  real-thumbnail'  itemscope=\"itemscope\" itemtype=\"https:\/\/schema.org\/CreativeWork\" ><a href='https:\/\/agencevu.com\/en\/serie\/juliette-2019\/' data-rel='slide-2' class='slide-image' title=''><img width=\"290\" height=\"290\" src=\"https:\/\/agencevu.com\/wp-content\/uploads\/2020\/05\/00_DAIL8458-1989NB04.jpg\" class=\"wp-image-70728 avia-img-lazy-loading-70728 attachment-portfolio size-portfolio wp-post-image\" alt=\"\" loading=\"lazy\" srcset=\"https:\/\/agencevu.com\/wp-content\/uploads\/2020\/05\/00_DAIL8458-1989NB04.jpg 290w, https:\/\/agencevu.com\/wp-content\/uploads\/2020\/05\/00_DAIL8458-1989NB04-80x80.jpg 80w, https:\/\/agencevu.com\/wp-content\/uploads\/2020\/05\/00_DAIL8458-1989NB04-36x36.jpg 36w, https:\/\/agencevu.com\/wp-content\/uploads\/2020\/05\/00_DAIL8458-1989NB04-180x180.jpg 180w, https:\/\/agencevu.com\/wp-content\/uploads\/2020\/05\/00_DAIL8458-1989NB04-120x120.jpg 120w\" sizes=\"(max-width: 290px) 100vw, 290px\" \/><\/a><div class='slide-content'><header class=\"entry-content-header\"><span class=\"blog-categories minor-meta\"> <a href=\"https:\/\/agencevu.com\/en\/photographer\/denis-dailleux\/\" rel=\"tag\">Denis Dailleux<\/a> <a href=\"https:\/\/agencevu.com\/en\/section_taxonomy\/series\/\" rel=\"tag\">s\u00e9ries<\/a> <\/span><h3 class='slide-entry-title entry-title'  itemprop=\"headline\" ><a href='https:\/\/agencevu.com\/en\/serie\/juliette-2019\/' title='Juliette, 2019'>Juliette, 2019<\/a><\/h3><span class=\"av-vertical-delimiter\"><\/span><\/header><div class='slide-entry-excerpt entry-content'  itemprop=\"text\" >In the childhood village of Denis Dailleux, in Anjou, lived a woman of character, a true character of a novel: Juliette, her great-aunt, who died in 2017 at the age of 100. <\/div><\/div><footer class=\"entry-footer\"><div class='slide-meta'><time class='slide-meta-time updated'  itemprop=\"datePublished\" datetime=\"2019-08-26T15:06:09+02:00\" >26 August 2019<\/time><\/div><\/footer><span class='hidden'>\n\t\t\t\t<span class='av-structured-data'  itemprop=\"image\" itemscope=\"itemscope\" itemtype=\"https:\/\/schema.org\/ImageObject\" >\n\t\t\t\t\t\t<span itemprop='url'>https:\/\/agencevu.com\/wp-content\/uploads\/2020\/05\/00_DAIL8458-1989NB04.jpg<\/span>\n\t\t\t\t\t\t<span itemprop='height'>290<\/span>\n\t\t\t\t\t\t<span itemprop='width'>290<\/span>\n\t\t\t\t<\/span>\n\t\t\t\t<span class='av-structured-data'  itemprop=\"publisher\" itemtype=\"https:\/\/schema.org\/Organization\" itemscope=\"itemscope\" >\n\t\t\t\t\t\t<span itemprop='name'>Fanny Demichelis<\/span>\n\t\t\t\t\t\t<span itemprop='logo' itemscope itemtype='https:\/\/schema.org\/ImageObject'>\n\t\t\t\t\t\t\t<span itemprop='url'>\/wp-content\/uploads\/2021\/05\/logo-vert-2.svg<\/span>\n\t\t\t\t\t\t <\/span>\n\t\t\t\t<\/span><span class='av-structured-data'  itemprop=\"author\" itemscope=\"itemscope\" itemtype=\"https:\/\/schema.org\/Person\" ><span itemprop='name'>Fanny Demichelis<\/span><\/span><span class='av-structured-data'  itemprop=\"datePublished\" datetime=\"1990-07-07T17:08:40+02:00\" >2019-08-26 15:06:09<\/span><span class='av-structured-data'  itemprop=\"dateModified\" itemtype=\"https:\/\/schema.org\/dateModified\" >2021-04-30 10:09:22<\/span><span class='av-structured-data'  itemprop=\"mainEntityOfPage\" itemtype=\"https:\/\/schema.org\/mainEntityOfPage\" ><span itemprop='name'>Juliette, 2019<\/span><\/span><\/span><\/article><\/div><div class='slide-entry-wrap'><article class='slide-entry flex_column  post-entry post-entry-72359 slide-entry-overview slide-loop-3 slide-parity-odd  av_one_half first real-thumbnail'  itemscope=\"itemscope\" itemtype=\"https:\/\/schema.org\/CreativeWork\" ><a href='https:\/\/agencevu.com\/en\/serie\/ghana-we-shall-meet-again-2019\/' data-rel='slide-2' class='slide-image' title=''><img width=\"290\" height=\"290\" src=\"https:\/\/agencevu.com\/wp-content\/uploads\/2020\/05\/00_55_DAIL21921-2016CL01.jpg\" class=\"wp-image-70597 avia-img-lazy-loading-70597 attachment-portfolio size-portfolio wp-post-image\" alt=\"\" loading=\"lazy\" srcset=\"https:\/\/agencevu.com\/wp-content\/uploads\/2020\/05\/00_55_DAIL21921-2016CL01.jpg 290w, https:\/\/agencevu.com\/wp-content\/uploads\/2020\/05\/00_55_DAIL21921-2016CL01-80x80.jpg 80w, https:\/\/agencevu.com\/wp-content\/uploads\/2020\/05\/00_55_DAIL21921-2016CL01-36x36.jpg 36w, https:\/\/agencevu.com\/wp-content\/uploads\/2020\/05\/00_55_DAIL21921-2016CL01-180x180.jpg 180w, https:\/\/agencevu.com\/wp-content\/uploads\/2020\/05\/00_55_DAIL21921-2016CL01-120x120.jpg 120w\" sizes=\"(max-width: 290px) 100vw, 290px\" \/><\/a><div class='slide-content'><header class=\"entry-content-header\"><span class=\"blog-categories minor-meta\"> <a href=\"https:\/\/agencevu.com\/en\/photographer\/denis-dailleux\/\" rel=\"tag\">Denis Dailleux<\/a> <a href=\"https:\/\/agencevu.com\/en\/section_taxonomy\/series\/\" rel=\"tag\">s\u00e9ries<\/a> <\/span><h3 class='slide-entry-title entry-title'  itemprop=\"headline\" ><a href='https:\/\/agencevu.com\/en\/serie\/ghana-we-shall-meet-again-2019\/' title='Ghana. We Shall Meet Again, 2019'>Ghana. We Shall Meet Again, 2019<\/a><\/h3><span class=\"av-vertical-delimiter\"><\/span><\/header><div class='slide-entry-excerpt entry-content'  itemprop=\"text\" >Denis Dailleux is known for the portrait of Egypt which he has been developing for over fifteen years. <\/div><\/div><footer class=\"entry-footer\"><div class='slide-meta'><time class='slide-meta-time updated'  itemprop=\"datePublished\" datetime=\"2019-03-26T14:08:07+01:00\" >26 March 2019<\/time><\/div><\/footer><span class='hidden'>\n\t\t\t\t<span class='av-structured-data'  itemprop=\"image\" itemscope=\"itemscope\" itemtype=\"https:\/\/schema.org\/ImageObject\" >\n\t\t\t\t\t\t<span itemprop='url'>https:\/\/agencevu.com\/wp-content\/uploads\/2020\/05\/00_55_DAIL21921-2016CL01.jpg<\/span>\n\t\t\t\t\t\t<span itemprop='height'>290<\/span>\n\t\t\t\t\t\t<span itemprop='width'>290<\/span>\n\t\t\t\t<\/span>\n\t\t\t\t<span class='av-structured-data'  itemprop=\"publisher\" itemtype=\"https:\/\/schema.org\/Organization\" itemscope=\"itemscope\" >\n\t\t\t\t\t\t<span itemprop='name'>Fanny Demichelis<\/span>\n\t\t\t\t\t\t<span itemprop='logo' itemscope itemtype='https:\/\/schema.org\/ImageObject'>\n\t\t\t\t\t\t\t<span itemprop='url'>\/wp-content\/uploads\/2021\/05\/logo-vert-2.svg<\/span>\n\t\t\t\t\t\t <\/span>\n\t\t\t\t<\/span><span class='av-structured-data'  itemprop=\"author\" itemscope=\"itemscope\" itemtype=\"https:\/\/schema.org\/Person\" ><span itemprop='name'>Fanny Demichelis<\/span><\/span><span class='av-structured-data'  itemprop=\"datePublished\" datetime=\"1990-07-07T17:08:40+02:00\" >2019-03-26 14:08:07<\/span><span class='av-structured-data'  itemprop=\"dateModified\" itemtype=\"https:\/\/schema.org\/dateModified\" >2021-03-17 12:15:37<\/span><span class='av-structured-data'  itemprop=\"mainEntityOfPage\" itemtype=\"https:\/\/schema.org\/mainEntityOfPage\" ><span itemprop='name'>Ghana. We Shall Meet Again, 2019<\/span><\/span><\/span><\/article><article class='slide-entry flex_column  post-entry post-entry-72360 slide-entry-overview slide-loop-4 slide-parity-even  av_one_half  real-thumbnail'  itemscope=\"itemscope\" itemtype=\"https:\/\/schema.org\/CreativeWork\" ><a href='https:\/\/agencevu.com\/en\/serie\/persan-beaumont-2018\/' data-rel='slide-2' class='slide-image' title=''><img width=\"228\" height=\"290\" src=\"https:\/\/agencevu.com\/wp-content\/uploads\/2020\/05\/00_12_DAIL7623-1990NB06.jpg\" class=\"wp-image-70448 avia-img-lazy-loading-70448 attachment-portfolio size-portfolio wp-post-image\" alt=\"\" loading=\"lazy\" srcset=\"https:\/\/agencevu.com\/wp-content\/uploads\/2020\/05\/00_12_DAIL7623-1990NB06.jpg 228w, https:\/\/agencevu.com\/wp-content\/uploads\/2020\/05\/00_12_DAIL7623-1990NB06-63x80.jpg 63w\" sizes=\"(max-width: 228px) 100vw, 228px\" \/><\/a><div class='slide-content'><header class=\"entry-content-header\"><span class=\"blog-categories minor-meta\"> <a href=\"https:\/\/agencevu.com\/en\/photographer\/denis-dailleux\/\" rel=\"tag\">Denis Dailleux<\/a> <a href=\"https:\/\/agencevu.com\/en\/section_taxonomy\/series\/\" rel=\"tag\">s\u00e9ries<\/a> <\/span><h3 class='slide-entry-title entry-title'  itemprop=\"headline\" ><a href='https:\/\/agencevu.com\/en\/serie\/persan-beaumont-2018\/' title='Persan-Beaumont, 2018'>Persan-Beaumont, 2018<\/a><\/h3><span class=\"av-vertical-delimiter\"><\/span><\/header><div class='slide-entry-excerpt entry-content'  itemprop=\"text\" >An immersion in a council estate in the late 1980s\r\n<\/div><\/div><footer class=\"entry-footer\"><div class='slide-meta'><time class='slide-meta-time updated'  itemprop=\"datePublished\" datetime=\"2018-06-26T11:28:06+02:00\" >26 June 2018<\/time><\/div><\/footer><span class='hidden'>\n\t\t\t\t<span class='av-structured-data'  itemprop=\"image\" itemscope=\"itemscope\" itemtype=\"https:\/\/schema.org\/ImageObject\" >\n\t\t\t\t\t\t<span itemprop='url'>https:\/\/agencevu.com\/wp-content\/uploads\/2020\/05\/00_12_DAIL7623-1990NB06.jpg<\/span>\n\t\t\t\t\t\t<span itemprop='height'>290<\/span>\n\t\t\t\t\t\t<span itemprop='width'>228<\/span>\n\t\t\t\t<\/span>\n\t\t\t\t<span class='av-structured-data'  itemprop=\"publisher\" itemtype=\"https:\/\/schema.org\/Organization\" itemscope=\"itemscope\" >\n\t\t\t\t\t\t<span itemprop='name'>Fanny Demichelis<\/span>\n\t\t\t\t\t\t<span itemprop='logo' itemscope itemtype='https:\/\/schema.org\/ImageObject'>\n\t\t\t\t\t\t\t<span itemprop='url'>\/wp-content\/uploads\/2021\/05\/logo-vert-2.svg<\/span>\n\t\t\t\t\t\t <\/span>\n\t\t\t\t<\/span><span class='av-structured-data'  itemprop=\"author\" itemscope=\"itemscope\" itemtype=\"https:\/\/schema.org\/Person\" ><span itemprop='name'>Fanny Demichelis<\/span><\/span><span class='av-structured-data'  itemprop=\"datePublished\" datetime=\"1990-07-07T17:08:40+02:00\" >2018-06-26 11:28:06<\/span><span class='av-structured-data'  itemprop=\"dateModified\" itemtype=\"https:\/\/schema.org\/dateModified\" >2021-03-17 12:26:19<\/span><span class='av-structured-data'  itemprop=\"mainEntityOfPage\" itemtype=\"https:\/\/schema.org\/mainEntityOfPage\" ><span itemprop='name'>Persan-Beaumont, 2018<\/span><\/span><\/span><\/article><\/div><div class='slide-entry-wrap'><article class='slide-entry flex_column  post-entry post-entry-72361 slide-entry-overview slide-loop-5 slide-parity-odd  av_one_half first real-thumbnail'  itemscope=\"itemscope\" itemtype=\"https:\/\/schema.org\/CreativeWork\" ><a href='https:\/\/agencevu.com\/en\/serie\/ordinary-journey-2016\/' data-rel='slide-2' class='slide-image' title=''><img width=\"290\" height=\"290\" src=\"https:\/\/agencevu.com\/wp-content\/uploads\/2020\/05\/00_DAIL22347-2016CL12.jpg\" class=\"wp-image-70355 avia-img-lazy-loading-70355 attachment-portfolio size-portfolio wp-post-image\" alt=\"\" loading=\"lazy\" srcset=\"https:\/\/agencevu.com\/wp-content\/uploads\/2020\/05\/00_DAIL22347-2016CL12.jpg 290w, https:\/\/agencevu.com\/wp-content\/uploads\/2020\/05\/00_DAIL22347-2016CL12-80x80.jpg 80w, https:\/\/agencevu.com\/wp-content\/uploads\/2020\/05\/00_DAIL22347-2016CL12-36x36.jpg 36w, https:\/\/agencevu.com\/wp-content\/uploads\/2020\/05\/00_DAIL22347-2016CL12-180x180.jpg 180w, https:\/\/agencevu.com\/wp-content\/uploads\/2020\/05\/00_DAIL22347-2016CL12-120x120.jpg 120w\" sizes=\"(max-width: 290px) 100vw, 290px\" \/><\/a><div class='slide-content'><header class=\"entry-content-header\"><span class=\"blog-categories minor-meta\"> <a href=\"https:\/\/agencevu.com\/en\/photographer\/denis-dailleux\/\" rel=\"tag\">Denis Dailleux<\/a> <a href=\"https:\/\/agencevu.com\/en\/section_taxonomy\/series\/\" rel=\"tag\">s\u00e9ries<\/a> <\/span><h3 class='slide-entry-title entry-title'  itemprop=\"headline\" ><a href='https:\/\/agencevu.com\/en\/serie\/ordinary-journey-2016\/' title='Ordinary Journey, 2016'>Ordinary Journey, 2016<\/a><\/h3><span class=\"av-vertical-delimiter\"><\/span><\/header><div class='slide-entry-excerpt entry-content'  itemprop=\"text\" >Denis Dailleux, who has made Egypt his favourite topic since more than 15 years, immersed himself in Cairo popular districts to make the portrait of tuk-tuk drivers.\r\n<\/div><\/div><footer class=\"entry-footer\"><div class='slide-meta'><time class='slide-meta-time updated'  itemprop=\"datePublished\" datetime=\"2016-11-26T10:42:07+01:00\" >26 November 2016<\/time><\/div><\/footer><span class='hidden'>\n\t\t\t\t<span class='av-structured-data'  itemprop=\"image\" itemscope=\"itemscope\" itemtype=\"https:\/\/schema.org\/ImageObject\" >\n\t\t\t\t\t\t<span itemprop='url'>https:\/\/agencevu.com\/wp-content\/uploads\/2020\/05\/00_DAIL22347-2016CL12.jpg<\/span>\n\t\t\t\t\t\t<span itemprop='height'>290<\/span>\n\t\t\t\t\t\t<span itemprop='width'>290<\/span>\n\t\t\t\t<\/span>\n\t\t\t\t<span class='av-structured-data'  itemprop=\"publisher\" itemtype=\"https:\/\/schema.org\/Organization\" itemscope=\"itemscope\" >\n\t\t\t\t\t\t<span itemprop='name'>Fanny Demichelis<\/span>\n\t\t\t\t\t\t<span itemprop='logo' itemscope itemtype='https:\/\/schema.org\/ImageObject'>\n\t\t\t\t\t\t\t<span itemprop='url'>\/wp-content\/uploads\/2021\/05\/logo-vert-2.svg<\/span>\n\t\t\t\t\t\t <\/span>\n\t\t\t\t<\/span><span class='av-structured-data'  itemprop=\"author\" itemscope=\"itemscope\" itemtype=\"https:\/\/schema.org\/Person\" ><span itemprop='name'>Fanny Demichelis<\/span><\/span><span class='av-structured-data'  itemprop=\"datePublished\" datetime=\"1990-07-07T17:08:40+02:00\" >2016-11-26 10:42:07<\/span><span class='av-structured-data'  itemprop=\"dateModified\" itemtype=\"https:\/\/schema.org\/dateModified\" >2021-05-10 11:27:28<\/span><span class='av-structured-data'  itemprop=\"mainEntityOfPage\" itemtype=\"https:\/\/schema.org\/mainEntityOfPage\" ><span itemprop='name'>Ordinary Journey, 2016<\/span><\/span><\/span><\/article><article class='slide-entry flex_column  post-entry post-entry-72362 slide-entry-overview slide-loop-6 slide-parity-even  av_one_half  real-thumbnail'  itemscope=\"itemscope\" itemtype=\"https:\/\/schema.org\/CreativeWork\" ><a href='https:\/\/agencevu.com\/en\/serie\/une-odyssee-des-aromes-et-des-parfums-2015\/' data-rel='slide-2' class='slide-image' title=''><img width=\"290\" height=\"290\" src=\"https:\/\/agencevu.com\/wp-content\/uploads\/2020\/05\/00_DAIL21528-2015CL09.jpg\" class=\"wp-image-70254 avia-img-lazy-loading-70254 attachment-portfolio size-portfolio wp-post-image\" alt=\"\" loading=\"lazy\" srcset=\"https:\/\/agencevu.com\/wp-content\/uploads\/2020\/05\/00_DAIL21528-2015CL09.jpg 290w, https:\/\/agencevu.com\/wp-content\/uploads\/2020\/05\/00_DAIL21528-2015CL09-80x80.jpg 80w, https:\/\/agencevu.com\/wp-content\/uploads\/2020\/05\/00_DAIL21528-2015CL09-36x36.jpg 36w, https:\/\/agencevu.com\/wp-content\/uploads\/2020\/05\/00_DAIL21528-2015CL09-180x180.jpg 180w, https:\/\/agencevu.com\/wp-content\/uploads\/2020\/05\/00_DAIL21528-2015CL09-120x120.jpg 120w\" sizes=\"(max-width: 290px) 100vw, 290px\" \/><\/a><div class='slide-content'><header class=\"entry-content-header\"><span class=\"blog-categories minor-meta\"> <a href=\"https:\/\/agencevu.com\/en\/photographer\/denis-dailleux\/\" rel=\"tag\">Denis Dailleux<\/a> <a href=\"https:\/\/agencevu.com\/en\/section_taxonomy\/series\/\" rel=\"tag\">s\u00e9ries<\/a> <\/span><h3 class='slide-entry-title entry-title'  itemprop=\"headline\" ><a href='https:\/\/agencevu.com\/en\/serie\/une-odyssee-des-aromes-et-des-parfums-2015\/' title='Une odyss\u00e9e des ar\u00f4mes et des parfums, 2015'>Une odyss\u00e9e des ar\u00f4mes et des parfums, 2015<\/a><\/h3><span class=\"av-vertical-delimiter\"><\/span><\/header><div class='slide-entry-excerpt entry-content'  itemprop=\"text\" >Celebrating the 250th anniversary of the famous perfume institution Maison Givaudan, Denis Dailleux followed the path of the most precious essences which can extracted from nature. \r\n<\/div><\/div><footer class=\"entry-footer\"><div class='slide-meta'><time class='slide-meta-time updated'  itemprop=\"datePublished\" datetime=\"2015-07-25T15:24:50+02:00\" >25 July 2015<\/time><\/div><\/footer><span class='hidden'>\n\t\t\t\t<span class='av-structured-data'  itemprop=\"image\" itemscope=\"itemscope\" itemtype=\"https:\/\/schema.org\/ImageObject\" >\n\t\t\t\t\t\t<span itemprop='url'>https:\/\/agencevu.com\/wp-content\/uploads\/2020\/05\/00_DAIL21528-2015CL09.jpg<\/span>\n\t\t\t\t\t\t<span itemprop='height'>290<\/span>\n\t\t\t\t\t\t<span itemprop='width'>290<\/span>\n\t\t\t\t<\/span>\n\t\t\t\t<span class='av-structured-data'  itemprop=\"publisher\" itemtype=\"https:\/\/schema.org\/Organization\" itemscope=\"itemscope\" >\n\t\t\t\t\t\t<span itemprop='name'>Fanny Demichelis<\/span>\n\t\t\t\t\t\t<span itemprop='logo' itemscope itemtype='https:\/\/schema.org\/ImageObject'>\n\t\t\t\t\t\t\t<span itemprop='url'>\/wp-content\/uploads\/2021\/05\/logo-vert-2.svg<\/span>\n\t\t\t\t\t\t <\/span>\n\t\t\t\t<\/span><span class='av-structured-data'  itemprop=\"author\" itemscope=\"itemscope\" itemtype=\"https:\/\/schema.org\/Person\" ><span itemprop='name'>Fanny Demichelis<\/span><\/span><span class='av-structured-data'  itemprop=\"datePublished\" datetime=\"1990-07-07T17:08:40+02:00\" >2015-07-25 15:24:50<\/span><span class='av-structured-data'  itemprop=\"dateModified\" itemtype=\"https:\/\/schema.org\/dateModified\" >2020-06-25 14:01:45<\/span><span class='av-structured-data'  itemprop=\"mainEntityOfPage\" itemtype=\"https:\/\/schema.org\/mainEntityOfPage\" ><span itemprop='name'>Une odyss\u00e9e des ar\u00f4mes et des parfums, 2015<\/span><\/span><\/span><\/article><\/div><div class='slide-entry-wrap'><article class='slide-entry flex_column  post-entry post-entry-72363 slide-entry-overview slide-loop-7 slide-parity-odd  av_one_half first real-thumbnail'  itemscope=\"itemscope\" itemtype=\"https:\/\/schema.org\/CreativeWork\" ><a href='https:\/\/agencevu.com\/en\/serie\/mother-and-son-2014\/' data-rel='slide-2' class='slide-image' title=''><img width=\"290\" height=\"290\" src=\"https:\/\/agencevu.com\/wp-content\/uploads\/2020\/05\/00_DAIL18468-2011CL02.jpg\" class=\"wp-image-70128 avia-img-lazy-loading-70128 attachment-portfolio size-portfolio wp-post-image\" alt=\"\" loading=\"lazy\" srcset=\"https:\/\/agencevu.com\/wp-content\/uploads\/2020\/05\/00_DAIL18468-2011CL02.jpg 290w, https:\/\/agencevu.com\/wp-content\/uploads\/2020\/05\/00_DAIL18468-2011CL02-80x80.jpg 80w, https:\/\/agencevu.com\/wp-content\/uploads\/2020\/05\/00_DAIL18468-2011CL02-36x36.jpg 36w, https:\/\/agencevu.com\/wp-content\/uploads\/2020\/05\/00_DAIL18468-2011CL02-180x180.jpg 180w, https:\/\/agencevu.com\/wp-content\/uploads\/2020\/05\/00_DAIL18468-2011CL02-120x120.jpg 120w\" sizes=\"(max-width: 290px) 100vw, 290px\" \/><\/a><div class='slide-content'><header class=\"entry-content-header\"><span class=\"blog-categories minor-meta\"> <a href=\"https:\/\/agencevu.com\/en\/photographer\/denis-dailleux\/\" rel=\"tag\">Denis Dailleux<\/a> <a href=\"https:\/\/agencevu.com\/en\/section_taxonomy\/series\/\" rel=\"tag\">s\u00e9ries<\/a> <\/span><h3 class='slide-entry-title entry-title'  itemprop=\"headline\" ><a href='https:\/\/agencevu.com\/en\/serie\/mother-and-son-2014\/' title='Mother and Son, 2014'>Mother and Son, 2014<\/a><\/h3><span class=\"av-vertical-delimiter\"><\/span><\/header><div class='slide-entry-excerpt entry-content'  itemprop=\"text\" >A most Christ-like image, a bare-chested son rests near his mother. Why does this image of the mother-son relationship move us so? Because the son, by his nudity, looks as fragile as he was on the day of his birth? <\/div><\/div><footer class=\"entry-footer\"><div class='slide-meta'><time class='slide-meta-time updated'  itemprop=\"datePublished\" datetime=\"2014-06-25T14:07:26+02:00\" >25 June 2014<\/time><\/div><\/footer><span class='hidden'>\n\t\t\t\t<span class='av-structured-data'  itemprop=\"image\" itemscope=\"itemscope\" itemtype=\"https:\/\/schema.org\/ImageObject\" >\n\t\t\t\t\t\t<span itemprop='url'>https:\/\/agencevu.com\/wp-content\/uploads\/2020\/05\/00_DAIL18468-2011CL02.jpg<\/span>\n\t\t\t\t\t\t<span itemprop='height'>290<\/span>\n\t\t\t\t\t\t<span itemprop='width'>290<\/span>\n\t\t\t\t<\/span>\n\t\t\t\t<span class='av-structured-data'  itemprop=\"publisher\" itemtype=\"https:\/\/schema.org\/Organization\" itemscope=\"itemscope\" >\n\t\t\t\t\t\t<span itemprop='name'>Fanny Demichelis<\/span>\n\t\t\t\t\t\t<span itemprop='logo' itemscope itemtype='https:\/\/schema.org\/ImageObject'>\n\t\t\t\t\t\t\t<span itemprop='url'>\/wp-content\/uploads\/2021\/05\/logo-vert-2.svg<\/span>\n\t\t\t\t\t\t <\/span>\n\t\t\t\t<\/span><span class='av-structured-data'  itemprop=\"author\" itemscope=\"itemscope\" itemtype=\"https:\/\/schema.org\/Person\" ><span itemprop='name'>Fanny Demichelis<\/span><\/span><span class='av-structured-data'  itemprop=\"datePublished\" datetime=\"1990-07-07T17:08:40+02:00\" >2014-06-25 14:07:26<\/span><span class='av-structured-data'  itemprop=\"dateModified\" itemtype=\"https:\/\/schema.org\/dateModified\" >2020-06-25 14:03:47<\/span><span class='av-structured-data'  itemprop=\"mainEntityOfPage\" itemtype=\"https:\/\/schema.org\/mainEntityOfPage\" ><span itemprop='name'>Mother and Son, 2014<\/span><\/span><\/span><\/article><article class='slide-entry flex_column  post-entry post-entry-72364 slide-entry-overview slide-loop-8 slide-parity-even  av_one_half  real-thumbnail'  itemscope=\"itemscope\" itemtype=\"https:\/\/schema.org\/CreativeWork\" ><a href='https:\/\/agencevu.com\/en\/serie\/egypte-martyrs-of-the-revolution-2012\/' data-rel='slide-2' class='slide-image' title=''><img width=\"290\" height=\"290\" src=\"https:\/\/agencevu.com\/wp-content\/uploads\/2020\/05\/00_DAIL18467-2013CL09.jpg\" class=\"wp-image-70154 avia-img-lazy-loading-70154 attachment-portfolio size-portfolio wp-post-image\" alt=\"\" loading=\"lazy\" srcset=\"https:\/\/agencevu.com\/wp-content\/uploads\/2020\/05\/00_DAIL18467-2013CL09.jpg 290w, https:\/\/agencevu.com\/wp-content\/uploads\/2020\/05\/00_DAIL18467-2013CL09-80x80.jpg 80w, https:\/\/agencevu.com\/wp-content\/uploads\/2020\/05\/00_DAIL18467-2013CL09-36x36.jpg 36w, https:\/\/agencevu.com\/wp-content\/uploads\/2020\/05\/00_DAIL18467-2013CL09-180x180.jpg 180w, https:\/\/agencevu.com\/wp-content\/uploads\/2020\/05\/00_DAIL18467-2013CL09-120x120.jpg 120w\" sizes=\"(max-width: 290px) 100vw, 290px\" \/><\/a><div class='slide-content'><header class=\"entry-content-header\"><span class=\"blog-categories minor-meta\"> <a href=\"https:\/\/agencevu.com\/en\/photographer\/denis-dailleux\/\" rel=\"tag\">Denis Dailleux<\/a> <a href=\"https:\/\/agencevu.com\/en\/section_taxonomy\/series\/\" rel=\"tag\">s\u00e9ries<\/a> <\/span><h3 class='slide-entry-title entry-title'  itemprop=\"headline\" ><a href='https:\/\/agencevu.com\/en\/serie\/egypte-martyrs-of-the-revolution-2012\/' title='Egypte, Martyrs of the R\u00e9volution, 2012'>Egypte, Martyrs of the R\u00e9volution, 2012<\/a><\/h3><span class=\"av-vertical-delimiter\"><\/span><\/header><div class='slide-entry-excerpt entry-content'  itemprop=\"text\" >Through his photographs, Denis Dailleux pays tribute to the martyrs, men and women \u2013 often young \u2013 who lost their lives in the Egyptian Revolution of 28 January 2011, victims of police violence and pro-Mubarak militia.\r\n<\/div><\/div><footer class=\"entry-footer\"><div class='slide-meta'><time class='slide-meta-time updated'  itemprop=\"datePublished\" datetime=\"2012-04-25T13:51:06+02:00\" >25 April 2012<\/time><\/div><\/footer><span class='hidden'>\n\t\t\t\t<span class='av-structured-data'  itemprop=\"image\" itemscope=\"itemscope\" itemtype=\"https:\/\/schema.org\/ImageObject\" >\n\t\t\t\t\t\t<span itemprop='url'>https:\/\/agencevu.com\/wp-content\/uploads\/2020\/05\/00_DAIL18467-2013CL09.jpg<\/span>\n\t\t\t\t\t\t<span itemprop='height'>290<\/span>\n\t\t\t\t\t\t<span itemprop='width'>290<\/span>\n\t\t\t\t<\/span>\n\t\t\t\t<span class='av-structured-data'  itemprop=\"publisher\" itemtype=\"https:\/\/schema.org\/Organization\" itemscope=\"itemscope\" >\n\t\t\t\t\t\t<span itemprop='name'>Fanny Demichelis<\/span>\n\t\t\t\t\t\t<span itemprop='logo' itemscope itemtype='https:\/\/schema.org\/ImageObject'>\n\t\t\t\t\t\t\t<span itemprop='url'>\/wp-content\/uploads\/2021\/05\/logo-vert-2.svg<\/span>\n\t\t\t\t\t\t <\/span>\n\t\t\t\t<\/span><span class='av-structured-data'  itemprop=\"author\" itemscope=\"itemscope\" itemtype=\"https:\/\/schema.org\/Person\" ><span itemprop='name'>Fanny Demichelis<\/span><\/span><span class='av-structured-data'  itemprop=\"datePublished\" datetime=\"1990-07-07T17:08:40+02:00\" >2012-04-25 13:51:06<\/span><span class='av-structured-data'  itemprop=\"dateModified\" itemtype=\"https:\/\/schema.org\/dateModified\" >2020-07-21 17:30:06<\/span><span class='av-structured-data'  itemprop=\"mainEntityOfPage\" itemtype=\"https:\/\/schema.org\/mainEntityOfPage\" ><span itemprop='name'>Egypte, Martyrs of the R\u00e9volution, 2012<\/span><\/span><\/span><\/article><\/div><div class='slide-entry-wrap'><article class='slide-entry flex_column  post-entry post-entry-72367 slide-entry-overview slide-loop-9 slide-parity-odd  av_one_half first real-thumbnail'  itemscope=\"itemscope\" itemtype=\"https:\/\/schema.org\/CreativeWork\" ><a href='https:\/\/agencevu.com\/en\/serie\/son-of-a-king-portraits-of-egypt-2008\/' data-rel='slide-2' class='slide-image' title=''><img width=\"290\" height=\"290\" src=\"https:\/\/agencevu.com\/wp-content\/uploads\/2020\/05\/00_DAIL14635-2008CL63.jpg\" class=\"wp-image-69258 avia-img-lazy-loading-69258 attachment-portfolio size-portfolio wp-post-image\" alt=\"\" loading=\"lazy\" srcset=\"https:\/\/agencevu.com\/wp-content\/uploads\/2020\/05\/00_DAIL14635-2008CL63.jpg 290w, https:\/\/agencevu.com\/wp-content\/uploads\/2020\/05\/00_DAIL14635-2008CL63-80x80.jpg 80w, https:\/\/agencevu.com\/wp-content\/uploads\/2020\/05\/00_DAIL14635-2008CL63-36x36.jpg 36w, https:\/\/agencevu.com\/wp-content\/uploads\/2020\/05\/00_DAIL14635-2008CL63-180x180.jpg 180w, https:\/\/agencevu.com\/wp-content\/uploads\/2020\/05\/00_DAIL14635-2008CL63-120x120.jpg 120w\" sizes=\"(max-width: 290px) 100vw, 290px\" \/><\/a><div class='slide-content'><header class=\"entry-content-header\"><span class=\"blog-categories minor-meta\"> <a href=\"https:\/\/agencevu.com\/en\/photographer\/denis-dailleux\/\" rel=\"tag\">Denis Dailleux<\/a> <a href=\"https:\/\/agencevu.com\/en\/section_taxonomy\/series\/\" rel=\"tag\">s\u00e9ries<\/a> <\/span><h3 class='slide-entry-title entry-title'  itemprop=\"headline\" ><a href='https:\/\/agencevu.com\/en\/serie\/son-of-a-king-portraits-of-egypt-2008\/' title='Son of a King, Portraits of Egypt, 2008'>Son of a King, Portraits of Egypt, 2008<\/a><\/h3><span class=\"av-vertical-delimiter\"><\/span><\/header><div class='slide-entry-excerpt entry-content'  itemprop=\"text\" >Son of a king... Son of Pharaoh, son of a history that has stood still, in balance for three or four thousand years, and which, for a century or two, has been shaking backwards towards a chaos of which no one can guess the extent.<\/div><\/div><footer class=\"entry-footer\"><div class='slide-meta'><time class='slide-meta-time updated'  itemprop=\"datePublished\" datetime=\"2008-11-13T15:19:51+01:00\" >13 November 2008<\/time><\/div><\/footer><span class='hidden'>\n\t\t\t\t<span class='av-structured-data'  itemprop=\"image\" itemscope=\"itemscope\" itemtype=\"https:\/\/schema.org\/ImageObject\" >\n\t\t\t\t\t\t<span itemprop='url'>https:\/\/agencevu.com\/wp-content\/uploads\/2020\/05\/00_DAIL14635-2008CL63.jpg<\/span>\n\t\t\t\t\t\t<span itemprop='height'>290<\/span>\n\t\t\t\t\t\t<span itemprop='width'>290<\/span>\n\t\t\t\t<\/span>\n\t\t\t\t<span class='av-structured-data'  itemprop=\"publisher\" itemtype=\"https:\/\/schema.org\/Organization\" itemscope=\"itemscope\" >\n\t\t\t\t\t\t<span itemprop='name'>Fanny Demichelis<\/span>\n\t\t\t\t\t\t<span itemprop='logo' itemscope itemtype='https:\/\/schema.org\/ImageObject'>\n\t\t\t\t\t\t\t<span itemprop='url'>\/wp-content\/uploads\/2021\/05\/logo-vert-2.svg<\/span>\n\t\t\t\t\t\t <\/span>\n\t\t\t\t<\/span><span class='av-structured-data'  itemprop=\"author\" itemscope=\"itemscope\" itemtype=\"https:\/\/schema.org\/Person\" ><span itemprop='name'>Fanny Demichelis<\/span><\/span><span class='av-structured-data'  itemprop=\"datePublished\" datetime=\"1990-07-07T17:08:40+02:00\" >2008-11-13 15:19:51<\/span><span class='av-structured-data'  itemprop=\"dateModified\" itemtype=\"https:\/\/schema.org\/dateModified\" >2021-03-17 12:29:49<\/span><span class='av-structured-data'  itemprop=\"mainEntityOfPage\" itemtype=\"https:\/\/schema.org\/mainEntityOfPage\" ><span itemprop='name'>Son of a King, Portraits of Egypt, 2008<\/span><\/span><\/span><\/article><article class='slide-entry flex_column  post-entry post-entry-72368 slide-entry-overview slide-loop-10 slide-parity-even  av_one_half  real-thumbnail'  itemscope=\"itemscope\" itemtype=\"https:\/\/schema.org\/CreativeWork\" ><a href='https:\/\/agencevu.com\/en\/serie\/on-the-roofs-of-cairo-2006\/' data-rel='slide-2' class='slide-image' title=''><img width=\"290\" height=\"290\" src=\"https:\/\/agencevu.com\/wp-content\/uploads\/2020\/05\/00_DAIL13003-2006CL23.jpg\" class=\"wp-image-69103 avia-img-lazy-loading-69103 attachment-portfolio size-portfolio wp-post-image\" alt=\"\" loading=\"lazy\" srcset=\"https:\/\/agencevu.com\/wp-content\/uploads\/2020\/05\/00_DAIL13003-2006CL23.jpg 290w, https:\/\/agencevu.com\/wp-content\/uploads\/2020\/05\/00_DAIL13003-2006CL23-80x80.jpg 80w, https:\/\/agencevu.com\/wp-content\/uploads\/2020\/05\/00_DAIL13003-2006CL23-36x36.jpg 36w, https:\/\/agencevu.com\/wp-content\/uploads\/2020\/05\/00_DAIL13003-2006CL23-180x180.jpg 180w, https:\/\/agencevu.com\/wp-content\/uploads\/2020\/05\/00_DAIL13003-2006CL23-120x120.jpg 120w\" sizes=\"(max-width: 290px) 100vw, 290px\" \/><\/a><div class='slide-content'><header class=\"entry-content-header\"><span class=\"blog-categories minor-meta\"> <a href=\"https:\/\/agencevu.com\/en\/photographer\/denis-dailleux\/\" rel=\"tag\">Denis Dailleux<\/a> <a href=\"https:\/\/agencevu.com\/en\/section_taxonomy\/series\/\" rel=\"tag\">s\u00e9ries<\/a> <\/span><h3 class='slide-entry-title entry-title'  itemprop=\"headline\" ><a href='https:\/\/agencevu.com\/en\/serie\/on-the-roofs-of-cairo-2006\/' title='On the Roofs of Cairo, 2006'>On the Roofs of Cairo, 2006<\/a><\/h3><span class=\"av-vertical-delimiter\"><\/span><\/header><div class='slide-entry-excerpt entry-content'  itemprop=\"text\" >In the egyptian capital, the only place to live for thousands of inhabitants is the top of the buildings. A whole world invisible from the street, lives in makeshift tiny villages, in the open.\r\n<\/div><\/div><footer class=\"entry-footer\"><div class='slide-meta'><time class='slide-meta-time updated'  itemprop=\"datePublished\" datetime=\"2006-09-13T12:03:43+02:00\" >13 September 2006<\/time><\/div><\/footer><span class='hidden'>\n\t\t\t\t<span class='av-structured-data'  itemprop=\"image\" itemscope=\"itemscope\" itemtype=\"https:\/\/schema.org\/ImageObject\" >\n\t\t\t\t\t\t<span itemprop='url'>https:\/\/agencevu.com\/wp-content\/uploads\/2020\/05\/00_DAIL13003-2006CL23.jpg<\/span>\n\t\t\t\t\t\t<span itemprop='height'>290<\/span>\n\t\t\t\t\t\t<span itemprop='width'>290<\/span>\n\t\t\t\t<\/span>\n\t\t\t\t<span class='av-structured-data'  itemprop=\"publisher\" itemtype=\"https:\/\/schema.org\/Organization\" itemscope=\"itemscope\" >\n\t\t\t\t\t\t<span itemprop='name'>Fanny Demichelis<\/span>\n\t\t\t\t\t\t<span itemprop='logo' itemscope itemtype='https:\/\/schema.org\/ImageObject'>\n\t\t\t\t\t\t\t<span itemprop='url'>\/wp-content\/uploads\/2021\/05\/logo-vert-2.svg<\/span>\n\t\t\t\t\t\t <\/span>\n\t\t\t\t<\/span><span class='av-structured-data'  itemprop=\"author\" itemscope=\"itemscope\" itemtype=\"https:\/\/schema.org\/Person\" ><span itemprop='name'>Fanny Demichelis<\/span><\/span><span class='av-structured-data'  itemprop=\"datePublished\" datetime=\"1990-07-07T17:08:40+02:00\" >2006-09-13 12:03:43<\/span><span class='av-structured-data'  itemprop=\"dateModified\" itemtype=\"https:\/\/schema.org\/dateModified\" >2021-05-10 11:27:48<\/span><span class='av-structured-data'  itemprop=\"mainEntityOfPage\" itemtype=\"https:\/\/schema.org\/mainEntityOfPage\" ><span itemprop='name'>On the Roofs of Cairo, 2006<\/span><\/span><\/span><\/article><\/div><div class='slide-entry-wrap'><article class='slide-entry flex_column  post-entry post-entry-72369 slide-entry-overview slide-loop-11 slide-parity-odd  av_one_half first real-thumbnail'  itemscope=\"itemscope\" itemtype=\"https:\/\/schema.org\/CreativeWork\" ><a href='https:\/\/agencevu.com\/en\/serie\/morocco-azemmour-people-2005\/' data-rel='slide-2' class='slide-image' title=''><img width=\"290\" height=\"290\" src=\"https:\/\/agencevu.com\/wp-content\/uploads\/2020\/05\/00_DAIL12412-05CL04.jpg\" class=\"wp-image-69044 avia-img-lazy-loading-69044 attachment-portfolio size-portfolio wp-post-image\" alt=\"\" loading=\"lazy\" srcset=\"https:\/\/agencevu.com\/wp-content\/uploads\/2020\/05\/00_DAIL12412-05CL04.jpg 290w, https:\/\/agencevu.com\/wp-content\/uploads\/2020\/05\/00_DAIL12412-05CL04-80x80.jpg 80w, https:\/\/agencevu.com\/wp-content\/uploads\/2020\/05\/00_DAIL12412-05CL04-36x36.jpg 36w, https:\/\/agencevu.com\/wp-content\/uploads\/2020\/05\/00_DAIL12412-05CL04-180x180.jpg 180w, https:\/\/agencevu.com\/wp-content\/uploads\/2020\/05\/00_DAIL12412-05CL04-120x120.jpg 120w\" sizes=\"(max-width: 290px) 100vw, 290px\" \/><\/a><div class='slide-content'><header class=\"entry-content-header\"><span class=\"blog-categories minor-meta\"> <a href=\"https:\/\/agencevu.com\/en\/photographer\/denis-dailleux\/\" rel=\"tag\">Denis Dailleux<\/a> <a href=\"https:\/\/agencevu.com\/en\/section_taxonomy\/series\/\" rel=\"tag\">s\u00e9ries<\/a> <\/span><h3 class='slide-entry-title entry-title'  itemprop=\"headline\" ><a href='https:\/\/agencevu.com\/en\/serie\/morocco-azemmour-people-2005\/' title='Morocco, Azemmour People, 2005'>Morocco, Azemmour People, 2005<\/a><\/h3><span class=\"av-vertical-delimiter\"><\/span><\/header><div class='slide-entry-excerpt entry-content'  itemprop=\"text\" >Azemmour is a Moroccan city, on the left bank of the Oum Er-Rbia River, 75 km southwest of Casablanca.\r\n<\/div><\/div><footer class=\"entry-footer\"><div class='slide-meta'><time class='slide-meta-time updated'  itemprop=\"datePublished\" datetime=\"2005-08-13T11:09:19+02:00\" >13 August 2005<\/time><\/div><\/footer><span class='hidden'>\n\t\t\t\t<span class='av-structured-data'  itemprop=\"image\" itemscope=\"itemscope\" itemtype=\"https:\/\/schema.org\/ImageObject\" >\n\t\t\t\t\t\t<span itemprop='url'>https:\/\/agencevu.com\/wp-content\/uploads\/2020\/05\/00_DAIL12412-05CL04.jpg<\/span>\n\t\t\t\t\t\t<span itemprop='height'>290<\/span>\n\t\t\t\t\t\t<span itemprop='width'>290<\/span>\n\t\t\t\t<\/span>\n\t\t\t\t<span class='av-structured-data'  itemprop=\"publisher\" itemtype=\"https:\/\/schema.org\/Organization\" itemscope=\"itemscope\" >\n\t\t\t\t\t\t<span itemprop='name'>Fanny Demichelis<\/span>\n\t\t\t\t\t\t<span itemprop='logo' itemscope itemtype='https:\/\/schema.org\/ImageObject'>\n\t\t\t\t\t\t\t<span itemprop='url'>\/wp-content\/uploads\/2021\/05\/logo-vert-2.svg<\/span>\n\t\t\t\t\t\t <\/span>\n\t\t\t\t<\/span><span class='av-structured-data'  itemprop=\"author\" itemscope=\"itemscope\" itemtype=\"https:\/\/schema.org\/Person\" ><span itemprop='name'>Fanny Demichelis<\/span><\/span><span class='av-structured-data'  itemprop=\"datePublished\" datetime=\"1990-07-07T17:08:40+02:00\" >2005-08-13 11:09:19<\/span><span class='av-structured-data'  itemprop=\"dateModified\" itemtype=\"https:\/\/schema.org\/dateModified\" >2021-05-10 11:28:08<\/span><span class='av-structured-data'  itemprop=\"mainEntityOfPage\" itemtype=\"https:\/\/schema.org\/mainEntityOfPage\" ><span itemprop='name'>Morocco, Azemmour People, 2005<\/span><\/span><\/span><\/article><article class='slide-entry flex_column  post-entry post-entry-72370 slide-entry-overview slide-loop-12 slide-parity-even  av_one_half  real-thumbnail'  itemscope=\"itemscope\" itemtype=\"https:\/\/schema.org\/CreativeWork\" ><a href='https:\/\/agencevu.com\/en\/serie\/on-the-footsteps-of-rimbaud-in-yemen-and-ethiopia-2004\/' data-rel='slide-2' class='slide-image' title=''><img width=\"290\" height=\"290\" src=\"https:\/\/agencevu.com\/wp-content\/uploads\/2020\/05\/00_DAIL11893-2004CL40.jpg\" class=\"wp-image-68987 avia-img-lazy-loading-68987 attachment-portfolio size-portfolio wp-post-image\" alt=\"\" loading=\"lazy\" srcset=\"https:\/\/agencevu.com\/wp-content\/uploads\/2020\/05\/00_DAIL11893-2004CL40.jpg 290w, https:\/\/agencevu.com\/wp-content\/uploads\/2020\/05\/00_DAIL11893-2004CL40-80x80.jpg 80w, https:\/\/agencevu.com\/wp-content\/uploads\/2020\/05\/00_DAIL11893-2004CL40-36x36.jpg 36w, https:\/\/agencevu.com\/wp-content\/uploads\/2020\/05\/00_DAIL11893-2004CL40-180x180.jpg 180w, https:\/\/agencevu.com\/wp-content\/uploads\/2020\/05\/00_DAIL11893-2004CL40-120x120.jpg 120w\" sizes=\"(max-width: 290px) 100vw, 290px\" \/><\/a><div class='slide-content'><header class=\"entry-content-header\"><span class=\"blog-categories minor-meta\"> <a href=\"https:\/\/agencevu.com\/en\/photographer\/denis-dailleux\/\" rel=\"tag\">Denis Dailleux<\/a> <a href=\"https:\/\/agencevu.com\/en\/section_taxonomy\/series\/\" rel=\"tag\">s\u00e9ries<\/a> <\/span><h3 class='slide-entry-title entry-title'  itemprop=\"headline\" ><a href='https:\/\/agencevu.com\/en\/serie\/on-the-footsteps-of-rimbaud-in-yemen-and-ethiopia-2004\/' title='On the Footsteps of Rimbaud, in Yemen and Ethiopia, 2004'>On the Footsteps of Rimbaud, in Yemen and Ethiopia, 2004<\/a><\/h3><span class=\"av-vertical-delimiter\"><\/span><\/header><div class='slide-entry-excerpt entry-content'  itemprop=\"text\" >Leaving in man's shadow with soles of wind as a pretext. Discover a little-known Africa and meet its inhabitants as the ultimate goal. <\/div><\/div><footer class=\"entry-footer\"><div class='slide-meta'><time class='slide-meta-time updated'  itemprop=\"datePublished\" datetime=\"2004-04-12T15:45:22+02:00\" >12 April 2004<\/time><\/div><\/footer><span class='hidden'>\n\t\t\t\t<span class='av-structured-data'  itemprop=\"image\" itemscope=\"itemscope\" itemtype=\"https:\/\/schema.org\/ImageObject\" >\n\t\t\t\t\t\t<span itemprop='url'>https:\/\/agencevu.com\/wp-content\/uploads\/2020\/05\/00_DAIL11893-2004CL40.jpg<\/span>\n\t\t\t\t\t\t<span itemprop='height'>290<\/span>\n\t\t\t\t\t\t<span itemprop='width'>290<\/span>\n\t\t\t\t<\/span>\n\t\t\t\t<span class='av-structured-data'  itemprop=\"publisher\" itemtype=\"https:\/\/schema.org\/Organization\" itemscope=\"itemscope\" >\n\t\t\t\t\t\t<span itemprop='name'>Fanny Demichelis<\/span>\n\t\t\t\t\t\t<span itemprop='logo' itemscope itemtype='https:\/\/schema.org\/ImageObject'>\n\t\t\t\t\t\t\t<span itemprop='url'>\/wp-content\/uploads\/2021\/05\/logo-vert-2.svg<\/span>\n\t\t\t\t\t\t <\/span>\n\t\t\t\t<\/span><span class='av-structured-data'  itemprop=\"author\" itemscope=\"itemscope\" itemtype=\"https:\/\/schema.org\/Person\" ><span itemprop='name'>Fanny Demichelis<\/span><\/span><span class='av-structured-data'  itemprop=\"datePublished\" datetime=\"1990-07-07T17:08:40+02:00\" >2004-04-12 15:45:22<\/span><span class='av-structured-data'  itemprop=\"dateModified\" itemtype=\"https:\/\/schema.org\/dateModified\" >2021-05-10 11:28:24<\/span><span class='av-structured-data'  itemprop=\"mainEntityOfPage\" itemtype=\"https:\/\/schema.org\/mainEntityOfPage\" ><span itemprop='name'>On the Footsteps of Rimbaud, in Yemen and Ethiopia, 2004<\/span><\/span><\/span><\/article><\/div><div class='slide-entry-wrap'><article class='slide-entry flex_column  post-entry post-entry-72371 slide-entry-overview slide-loop-13 slide-parity-odd  av_one_half first real-thumbnail'  itemscope=\"itemscope\" itemtype=\"https:\/\/schema.org\/CreativeWork\" ><a href='https:\/\/agencevu.com\/en\/serie\/habibi-cairo-1994\/' data-rel='slide-2' class='slide-image' title=''><img width=\"290\" height=\"290\" src=\"https:\/\/agencevu.com\/wp-content\/uploads\/2020\/05\/00_16_DAIL10091-1994NB50.jpg\" class=\"wp-image-68629 avia-img-lazy-loading-68629 attachment-portfolio size-portfolio wp-post-image\" alt=\"\" loading=\"lazy\" srcset=\"https:\/\/agencevu.com\/wp-content\/uploads\/2020\/05\/00_16_DAIL10091-1994NB50.jpg 290w, https:\/\/agencevu.com\/wp-content\/uploads\/2020\/05\/00_16_DAIL10091-1994NB50-80x80.jpg 80w, https:\/\/agencevu.com\/wp-content\/uploads\/2020\/05\/00_16_DAIL10091-1994NB50-36x36.jpg 36w, https:\/\/agencevu.com\/wp-content\/uploads\/2020\/05\/00_16_DAIL10091-1994NB50-180x180.jpg 180w, https:\/\/agencevu.com\/wp-content\/uploads\/2020\/05\/00_16_DAIL10091-1994NB50-120x120.jpg 120w\" sizes=\"(max-width: 290px) 100vw, 290px\" \/><\/a><div class='slide-content'><header class=\"entry-content-header\"><span class=\"blog-categories minor-meta\"> <a href=\"https:\/\/agencevu.com\/en\/photographer\/denis-dailleux\/\" rel=\"tag\">Denis Dailleux<\/a> <a href=\"https:\/\/agencevu.com\/en\/section_taxonomy\/series\/\" rel=\"tag\">s\u00e9ries<\/a> <\/span><h3 class='slide-entry-title entry-title'  itemprop=\"headline\" ><a href='https:\/\/agencevu.com\/en\/serie\/habibi-cairo-1994\/' title='Habibi Cairo, 1994'>Habibi Cairo, 1994<\/a><\/h3><span class=\"av-vertical-delimiter\"><\/span><\/header><div class='slide-entry-excerpt entry-content'  itemprop=\"text\" >These faces of children, men and women, imprints of poetry and affection take us to the neighborhoods where these families live. The delicate and sensitive eye of a photographer craves for meaning beyond the mundane.\r\n<\/div><\/div><footer class=\"entry-footer\"><div class='slide-meta'><time class='slide-meta-time updated'  itemprop=\"datePublished\" datetime=\"1994-05-12T11:38:41+02:00\" >12 May 1994<\/time><\/div><\/footer><span class='hidden'>\n\t\t\t\t<span class='av-structured-data'  itemprop=\"image\" itemscope=\"itemscope\" itemtype=\"https:\/\/schema.org\/ImageObject\" >\n\t\t\t\t\t\t<span itemprop='url'>https:\/\/agencevu.com\/wp-content\/uploads\/2020\/05\/00_16_DAIL10091-1994NB50.jpg<\/span>\n\t\t\t\t\t\t<span itemprop='height'>290<\/span>\n\t\t\t\t\t\t<span itemprop='width'>290<\/span>\n\t\t\t\t<\/span>\n\t\t\t\t<span class='av-structured-data'  itemprop=\"publisher\" itemtype=\"https:\/\/schema.org\/Organization\" itemscope=\"itemscope\" >\n\t\t\t\t\t\t<span itemprop='name'>Fanny Demichelis<\/span>\n\t\t\t\t\t\t<span itemprop='logo' itemscope itemtype='https:\/\/schema.org\/ImageObject'>\n\t\t\t\t\t\t\t<span itemprop='url'>\/wp-content\/uploads\/2021\/05\/logo-vert-2.svg<\/span>\n\t\t\t\t\t\t <\/span>\n\t\t\t\t<\/span><span class='av-structured-data'  itemprop=\"author\" itemscope=\"itemscope\" itemtype=\"https:\/\/schema.org\/Person\" ><span itemprop='name'>Fanny Demichelis<\/span><\/span><span class='av-structured-data'  itemprop=\"datePublished\" datetime=\"1990-07-07T17:08:40+02:00\" >1994-05-12 11:38:41<\/span><span class='av-structured-data'  itemprop=\"dateModified\" itemtype=\"https:\/\/schema.org\/dateModified\" >2021-03-17 12:32:19<\/span><span class='av-structured-data'  itemprop=\"mainEntityOfPage\" itemtype=\"https:\/\/schema.org\/mainEntityOfPage\" ><span itemprop='name'>Habibi Cairo, 1994<\/span><\/span><\/span><\/article><article class='slide-entry flex_column  post-entry post-entry-72372 slide-entry-overview slide-loop-14 slide-parity-even  av_one_half  real-thumbnail'  itemscope=\"itemscope\" itemtype=\"https:\/\/schema.org\/CreativeWork\" ><a href='https:\/\/agencevu.com\/en\/serie\/cairo-1994\/' data-rel='slide-2' class='slide-image' title=''><img width=\"290\" height=\"290\" src=\"https:\/\/agencevu.com\/wp-content\/uploads\/2020\/05\/00_DAIL10091-1994CL21.jpg\" class=\"wp-image-68821 avia-img-lazy-loading-68821 attachment-portfolio size-portfolio wp-post-image\" alt=\"\" loading=\"lazy\" srcset=\"https:\/\/agencevu.com\/wp-content\/uploads\/2020\/05\/00_DAIL10091-1994CL21.jpg 290w, https:\/\/agencevu.com\/wp-content\/uploads\/2020\/05\/00_DAIL10091-1994CL21-80x80.jpg 80w, https:\/\/agencevu.com\/wp-content\/uploads\/2020\/05\/00_DAIL10091-1994CL21-36x36.jpg 36w, https:\/\/agencevu.com\/wp-content\/uploads\/2020\/05\/00_DAIL10091-1994CL21-180x180.jpg 180w, https:\/\/agencevu.com\/wp-content\/uploads\/2020\/05\/00_DAIL10091-1994CL21-120x120.jpg 120w\" sizes=\"(max-width: 290px) 100vw, 290px\" \/><\/a><div class='slide-content'><header class=\"entry-content-header\"><span class=\"blog-categories minor-meta\"> <a href=\"https:\/\/agencevu.com\/en\/photographer\/denis-dailleux\/\" rel=\"tag\">Denis Dailleux<\/a> <a href=\"https:\/\/agencevu.com\/en\/section_taxonomy\/series\/\" rel=\"tag\">s\u00e9ries<\/a> <\/span><h3 class='slide-entry-title entry-title'  itemprop=\"headline\" ><a href='https:\/\/agencevu.com\/en\/serie\/cairo-1994\/' title='Cairo, 1994'>Cairo, 1994<\/a><\/h3><span class=\"av-vertical-delimiter\"><\/span><\/header><div class='slide-entry-excerpt entry-content'  itemprop=\"text\" >Between Denis Dailleux and Cairo, it is a true love story\u00a0: on one side, an insatiable fascination for this unique place, its mood, its magical lights and an unspeakable tenderess towards its inhabitants\u00a0<\/div><\/div><footer class=\"entry-footer\"><div class='slide-meta'><time class='slide-meta-time updated'  itemprop=\"datePublished\" datetime=\"1994-05-12T10:21:14+02:00\" >12 May 1994<\/time><\/div><\/footer><span class='hidden'>\n\t\t\t\t<span class='av-structured-data'  itemprop=\"image\" itemscope=\"itemscope\" itemtype=\"https:\/\/schema.org\/ImageObject\" >\n\t\t\t\t\t\t<span itemprop='url'>https:\/\/agencevu.com\/wp-content\/uploads\/2020\/05\/00_DAIL10091-1994CL21.jpg<\/span>\n\t\t\t\t\t\t<span itemprop='height'>290<\/span>\n\t\t\t\t\t\t<span itemprop='width'>290<\/span>\n\t\t\t\t<\/span>\n\t\t\t\t<span class='av-structured-data'  itemprop=\"publisher\" itemtype=\"https:\/\/schema.org\/Organization\" itemscope=\"itemscope\" >\n\t\t\t\t\t\t<span itemprop='name'>Fanny Demichelis<\/span>\n\t\t\t\t\t\t<span itemprop='logo' itemscope itemtype='https:\/\/schema.org\/ImageObject'>\n\t\t\t\t\t\t\t<span itemprop='url'>\/wp-content\/uploads\/2021\/05\/logo-vert-2.svg<\/span>\n\t\t\t\t\t\t <\/span>\n\t\t\t\t<\/span><span class='av-structured-data'  itemprop=\"author\" itemscope=\"itemscope\" itemtype=\"https:\/\/schema.org\/Person\" ><span itemprop='name'>Fanny Demichelis<\/span><\/span><span class='av-structured-data'  itemprop=\"datePublished\" datetime=\"1990-07-07T17:08:40+02:00\" >1994-05-12 10:21:14<\/span><span class='av-structured-data'  itemprop=\"dateModified\" itemtype=\"https:\/\/schema.org\/dateModified\" >2021-03-17 12:32:30<\/span><span class='av-structured-data'  itemprop=\"mainEntityOfPage\" itemtype=\"https:\/\/schema.org\/mainEntityOfPage\" ><span itemprop='name'>Cairo, 1994<\/span><\/span><\/span><\/article><\/div><div class='slide-entry-wrap'><article class='slide-entry flex_column  post-entry post-entry-72373 slide-entry-overview slide-loop-15 slide-parity-odd  post-entry-last  av_one_half first real-thumbnail'  itemscope=\"itemscope\" itemtype=\"https:\/\/schema.org\/CreativeWork\" ><a href='https:\/\/agencevu.com\/en\/serie\/people-of-my-village-1990\/' data-rel='slide-2' class='slide-image' title=''><img width=\"290\" height=\"290\" src=\"https:\/\/agencevu.com\/wp-content\/uploads\/2020\/05\/00_04_DAIL18833-1990NB03.jpg\" class=\"wp-image-68556 avia-img-lazy-loading-68556 attachment-portfolio size-portfolio wp-post-image\" alt=\"\" loading=\"lazy\" srcset=\"https:\/\/agencevu.com\/wp-content\/uploads\/2020\/05\/00_04_DAIL18833-1990NB03.jpg 290w, https:\/\/agencevu.com\/wp-content\/uploads\/2020\/05\/00_04_DAIL18833-1990NB03-80x80.jpg 80w, https:\/\/agencevu.com\/wp-content\/uploads\/2020\/05\/00_04_DAIL18833-1990NB03-36x36.jpg 36w, https:\/\/agencevu.com\/wp-content\/uploads\/2020\/05\/00_04_DAIL18833-1990NB03-180x180.jpg 180w, https:\/\/agencevu.com\/wp-content\/uploads\/2020\/05\/00_04_DAIL18833-1990NB03-120x120.jpg 120w\" sizes=\"(max-width: 290px) 100vw, 290px\" \/><\/a><div class='slide-content'><header class=\"entry-content-header\"><span class=\"blog-categories minor-meta\"> <a href=\"https:\/\/agencevu.com\/en\/photographer\/denis-dailleux\/\" rel=\"tag\">Denis Dailleux<\/a> <a href=\"https:\/\/agencevu.com\/en\/section_taxonomy\/series\/\" rel=\"tag\">s\u00e9ries<\/a> <\/span><h3 class='slide-entry-title entry-title'  itemprop=\"headline\" ><a href='https:\/\/agencevu.com\/en\/serie\/people-of-my-village-1990\/' title='People of my Village, 1990'>People of my Village, 1990<\/a><\/h3><span class=\"av-vertical-delimiter\"><\/span><\/header><div class='slide-entry-excerpt entry-content'  itemprop=\"text\" >This series of black and white portraits represents the people around whom Denis Dailleux grew up, between love and hate. Taken when he was 25 years old and full of doubts, the project is an upheaval in the photographer's work.\r\n<\/div><\/div><footer class=\"entry-footer\"><div class='slide-meta'><time class='slide-meta-time updated'  itemprop=\"datePublished\" datetime=\"1990-07-07T17:08:40+02:00\" >7 July 1990<\/time><\/div><\/footer><span class='hidden'>\n\t\t\t\t<span class='av-structured-data'  itemprop=\"image\" itemscope=\"itemscope\" itemtype=\"https:\/\/schema.org\/ImageObject\" >\n\t\t\t\t\t\t<span itemprop='url'>https:\/\/agencevu.com\/wp-content\/uploads\/2020\/05\/00_04_DAIL18833-1990NB03.jpg<\/span>\n\t\t\t\t\t\t<span itemprop='height'>290<\/span>\n\t\t\t\t\t\t<span itemprop='width'>290<\/span>\n\t\t\t\t<\/span>\n\t\t\t\t<span class='av-structured-data'  itemprop=\"publisher\" itemtype=\"https:\/\/schema.org\/Organization\" itemscope=\"itemscope\" >\n\t\t\t\t\t\t<span itemprop='name'>Fanny Demichelis<\/span>\n\t\t\t\t\t\t<span itemprop='logo' itemscope itemtype='https:\/\/schema.org\/ImageObject'>\n\t\t\t\t\t\t\t<span itemprop='url'>\/wp-content\/uploads\/2021\/05\/logo-vert-2.svg<\/span>\n\t\t\t\t\t\t <\/span>\n\t\t\t\t<\/span><span class='av-structured-data'  itemprop=\"author\" itemscope=\"itemscope\" itemtype=\"https:\/\/schema.org\/Person\" ><span itemprop='name'>Fanny Demichelis<\/span><\/span><span class='av-structured-data'  itemprop=\"datePublished\" datetime=\"1990-07-07T17:08:40+02:00\" >1990-07-07 17:08:40<\/span><span class='av-structured-data'  itemprop=\"dateModified\" itemtype=\"https:\/\/schema.org\/dateModified\" >2021-05-10 11:28:38<\/span><span class='av-structured-data'  itemprop=\"mainEntityOfPage\" itemtype=\"https:\/\/schema.org\/mainEntityOfPage\" ><span itemprop='name'>People of my Village, 1990<\/span><\/span><\/span><\/article><\/div><\/div><\/div>\n<div  data-autoplay=''  data-interval='5'  data-animation='fade'  data-show_slide_delay='90'  class='avia-content-slider avia-content-grid-active avia-content-slider3 avia-content-slider-odd   av-desktop-hide av-medium-hide av-small-hide'  itemscope=\"itemscope\" itemtype=\"https:\/\/schema.org\/Blog\" ><div class='avia-content-slider-inner'><div class='slide-entry-wrap'><article class='slide-entry flex_column  post-entry post-entry-72357 slide-entry-overview slide-loop-1 slide-parity-odd  av_fullwidth first real-thumbnail'  itemscope=\"itemscope\" itemtype=\"https:\/\/schema.org\/CreativeWork\" ><a href='https:\/\/agencevu.com\/en\/serie\/mullick-ghat-le-plus-grand-marche-aux-fleurs-de-linde-2019\/' data-rel='slide-3' class='slide-image' title=''><img width=\"290\" height=\"290\" src=\"https:\/\/agencevu.com\/wp-content\/uploads\/2019\/08\/00_Dailleux_Mullik-Ghat_Inde_01.jpg\" class=\"wp-image-73962 avia-img-lazy-loading-73962 attachment-large size-large wp-post-image\" alt=\"\" loading=\"lazy\" srcset=\"https:\/\/agencevu.com\/wp-content\/uploads\/2019\/08\/00_Dailleux_Mullik-Ghat_Inde_01.jpg 290w, https:\/\/agencevu.com\/wp-content\/uploads\/2019\/08\/00_Dailleux_Mullik-Ghat_Inde_01-80x80.jpg 80w, https:\/\/agencevu.com\/wp-content\/uploads\/2019\/08\/00_Dailleux_Mullik-Ghat_Inde_01-36x36.jpg 36w, https:\/\/agencevu.com\/wp-content\/uploads\/2019\/08\/00_Dailleux_Mullik-Ghat_Inde_01-180x180.jpg 180w, https:\/\/agencevu.com\/wp-content\/uploads\/2019\/08\/00_Dailleux_Mullik-Ghat_Inde_01-120x120.jpg 120w\" sizes=\"(max-width: 290px) 100vw, 290px\" \/><\/a><div class='slide-content'><header class=\"entry-content-header\"><span class=\"blog-categories minor-meta\"> <a href=\"https:\/\/agencevu.com\/en\/photographer\/denis-dailleux\/\" rel=\"tag\">Denis Dailleux<\/a> <a href=\"https:\/\/agencevu.com\/en\/section_taxonomy\/series\/\" rel=\"tag\">s\u00e9ries<\/a> <\/span><h3 class='slide-entry-title entry-title'  itemprop=\"headline\" ><a href='https:\/\/agencevu.com\/en\/serie\/mullick-ghat-le-plus-grand-marche-aux-fleurs-de-linde-2019\/' title='Mullick Ghat, le plus grand march\u00e9 aux fleurs de l\u2019Inde, 2019'>Mullick Ghat, le plus grand march\u00e9 aux fleurs de l\u2019Inde, 2019<\/a><\/h3><span class=\"av-vertical-delimiter\"><\/span><\/header><div class='slide-entry-excerpt entry-content'  itemprop=\"text\" >The Calcutta Flower Market, also known as Mullick Ghat, is the largest in India and one of the largest in the world. It spreads along the banks of the Hooghly, the western branch of the Ganges, just below the impressive Howrah Bridge. <\/div><\/div><footer class=\"entry-footer\"><div class='slide-meta'><time class='slide-meta-time updated'  itemprop=\"datePublished\" datetime=\"2019-10-26T15:48:16+02:00\" >26 October 2019<\/time><\/div><\/footer><span class='hidden'>\n\t\t\t\t<span class='av-structured-data'  itemprop=\"image\" itemscope=\"itemscope\" itemtype=\"https:\/\/schema.org\/ImageObject\" >\n\t\t\t\t\t\t<span itemprop='url'>https:\/\/agencevu.com\/wp-content\/uploads\/2019\/08\/00_Dailleux_Mullik-Ghat_Inde_01.jpg<\/span>\n\t\t\t\t\t\t<span itemprop='height'>290<\/span>\n\t\t\t\t\t\t<span itemprop='width'>290<\/span>\n\t\t\t\t<\/span>\n\t\t\t\t<span class='av-structured-data'  itemprop=\"publisher\" itemtype=\"https:\/\/schema.org\/Organization\" itemscope=\"itemscope\" >\n\t\t\t\t\t\t<span itemprop='name'>Fanny Demichelis<\/span>\n\t\t\t\t\t\t<span itemprop='logo' itemscope itemtype='https:\/\/schema.org\/ImageObject'>\n\t\t\t\t\t\t\t<span itemprop='url'>\/wp-content\/uploads\/2021\/05\/logo-vert-2.svg<\/span>\n\t\t\t\t\t\t <\/span>\n\t\t\t\t<\/span><span class='av-structured-data'  itemprop=\"author\" itemscope=\"itemscope\" itemtype=\"https:\/\/schema.org\/Person\" ><span itemprop='name'>Fanny Demichelis<\/span><\/span><span class='av-structured-data'  itemprop=\"datePublished\" datetime=\"1990-07-07T17:08:40+02:00\" >2019-10-26 15:48:16<\/span><span class='av-structured-data'  itemprop=\"dateModified\" itemtype=\"https:\/\/schema.org\/dateModified\" >2021-04-30 10:09:46<\/span><span class='av-structured-data'  itemprop=\"mainEntityOfPage\" itemtype=\"https:\/\/schema.org\/mainEntityOfPage\" ><span itemprop='name'>Mullick Ghat, le plus grand march\u00e9 aux fleurs de l\u2019Inde, 2019<\/span><\/span><\/span><\/article><\/div><div class='slide-entry-wrap'><article class='slide-entry flex_column  post-entry post-entry-72358 slide-entry-overview slide-loop-2 slide-parity-odd  av_fullwidth first real-thumbnail'  itemscope=\"itemscope\" itemtype=\"https:\/\/schema.org\/CreativeWork\" ><a href='https:\/\/agencevu.com\/en\/serie\/juliette-2019\/' data-rel='slide-3' class='slide-image' title=''><img width=\"290\" height=\"290\" src=\"https:\/\/agencevu.com\/wp-content\/uploads\/2020\/05\/00_DAIL8458-1989NB04.jpg\" class=\"wp-image-70728 avia-img-lazy-loading-70728 attachment-large size-large wp-post-image\" alt=\"\" loading=\"lazy\" srcset=\"https:\/\/agencevu.com\/wp-content\/uploads\/2020\/05\/00_DAIL8458-1989NB04.jpg 290w, https:\/\/agencevu.com\/wp-content\/uploads\/2020\/05\/00_DAIL8458-1989NB04-80x80.jpg 80w, https:\/\/agencevu.com\/wp-content\/uploads\/2020\/05\/00_DAIL8458-1989NB04-36x36.jpg 36w, https:\/\/agencevu.com\/wp-content\/uploads\/2020\/05\/00_DAIL8458-1989NB04-180x180.jpg 180w, https:\/\/agencevu.com\/wp-content\/uploads\/2020\/05\/00_DAIL8458-1989NB04-120x120.jpg 120w\" sizes=\"(max-width: 290px) 100vw, 290px\" \/><\/a><div class='slide-content'><header class=\"entry-content-header\"><span class=\"blog-categories minor-meta\"> <a href=\"https:\/\/agencevu.com\/en\/photographer\/denis-dailleux\/\" rel=\"tag\">Denis Dailleux<\/a> <a href=\"https:\/\/agencevu.com\/en\/section_taxonomy\/series\/\" rel=\"tag\">s\u00e9ries<\/a> <\/span><h3 class='slide-entry-title entry-title'  itemprop=\"headline\" ><a href='https:\/\/agencevu.com\/en\/serie\/juliette-2019\/' title='Juliette, 2019'>Juliette, 2019<\/a><\/h3><span class=\"av-vertical-delimiter\"><\/span><\/header><div class='slide-entry-excerpt entry-content'  itemprop=\"text\" >In the childhood village of Denis Dailleux, in Anjou, lived a woman of character, a true character of a novel: Juliette, her great-aunt, who died in 2017 at the age of 100. <\/div><\/div><footer class=\"entry-footer\"><div class='slide-meta'><time class='slide-meta-time updated'  itemprop=\"datePublished\" datetime=\"2019-08-26T15:06:09+02:00\" >26 August 2019<\/time><\/div><\/footer><span class='hidden'>\n\t\t\t\t<span class='av-structured-data'  itemprop=\"image\" itemscope=\"itemscope\" itemtype=\"https:\/\/schema.org\/ImageObject\" >\n\t\t\t\t\t\t<span itemprop='url'>https:\/\/agencevu.com\/wp-content\/uploads\/2020\/05\/00_DAIL8458-1989NB04.jpg<\/span>\n\t\t\t\t\t\t<span itemprop='height'>290<\/span>\n\t\t\t\t\t\t<span itemprop='width'>290<\/span>\n\t\t\t\t<\/span>\n\t\t\t\t<span class='av-structured-data'  itemprop=\"publisher\" itemtype=\"https:\/\/schema.org\/Organization\" itemscope=\"itemscope\" >\n\t\t\t\t\t\t<span itemprop='name'>Fanny Demichelis<\/span>\n\t\t\t\t\t\t<span itemprop='logo' itemscope itemtype='https:\/\/schema.org\/ImageObject'>\n\t\t\t\t\t\t\t<span itemprop='url'>\/wp-content\/uploads\/2021\/05\/logo-vert-2.svg<\/span>\n\t\t\t\t\t\t <\/span>\n\t\t\t\t<\/span><span class='av-structured-data'  itemprop=\"author\" itemscope=\"itemscope\" itemtype=\"https:\/\/schema.org\/Person\" ><span itemprop='name'>Fanny Demichelis<\/span><\/span><span class='av-structured-data'  itemprop=\"datePublished\" datetime=\"1990-07-07T17:08:40+02:00\" >2019-08-26 15:06:09<\/span><span class='av-structured-data'  itemprop=\"dateModified\" itemtype=\"https:\/\/schema.org\/dateModified\" >2021-04-30 10:09:22<\/span><span class='av-structured-data'  itemprop=\"mainEntityOfPage\" itemtype=\"https:\/\/schema.org\/mainEntityOfPage\" ><span itemprop='name'>Juliette, 2019<\/span><\/span><\/span><\/article><\/div><div class='slide-entry-wrap'><article class='slide-entry flex_column  post-entry post-entry-72359 slide-entry-overview slide-loop-3 slide-parity-odd  av_fullwidth first real-thumbnail'  itemscope=\"itemscope\" itemtype=\"https:\/\/schema.org\/CreativeWork\" ><a href='https:\/\/agencevu.com\/en\/serie\/ghana-we-shall-meet-again-2019\/' data-rel='slide-3' class='slide-image' title=''><img width=\"290\" height=\"290\" src=\"https:\/\/agencevu.com\/wp-content\/uploads\/2020\/05\/00_55_DAIL21921-2016CL01.jpg\" class=\"wp-image-70597 avia-img-lazy-loading-70597 attachment-large size-large wp-post-image\" alt=\"\" loading=\"lazy\" srcset=\"https:\/\/agencevu.com\/wp-content\/uploads\/2020\/05\/00_55_DAIL21921-2016CL01.jpg 290w, https:\/\/agencevu.com\/wp-content\/uploads\/2020\/05\/00_55_DAIL21921-2016CL01-80x80.jpg 80w, https:\/\/agencevu.com\/wp-content\/uploads\/2020\/05\/00_55_DAIL21921-2016CL01-36x36.jpg 36w, https:\/\/agencevu.com\/wp-content\/uploads\/2020\/05\/00_55_DAIL21921-2016CL01-180x180.jpg 180w, https:\/\/agencevu.com\/wp-content\/uploads\/2020\/05\/00_55_DAIL21921-2016CL01-120x120.jpg 120w\" sizes=\"(max-width: 290px) 100vw, 290px\" \/><\/a><div class='slide-content'><header class=\"entry-content-header\"><span class=\"blog-categories minor-meta\"> <a href=\"https:\/\/agencevu.com\/en\/photographer\/denis-dailleux\/\" rel=\"tag\">Denis Dailleux<\/a> <a href=\"https:\/\/agencevu.com\/en\/section_taxonomy\/series\/\" rel=\"tag\">s\u00e9ries<\/a> <\/span><h3 class='slide-entry-title entry-title'  itemprop=\"headline\" ><a href='https:\/\/agencevu.com\/en\/serie\/ghana-we-shall-meet-again-2019\/' title='Ghana. We Shall Meet Again, 2019'>Ghana. We Shall Meet Again, 2019<\/a><\/h3><span class=\"av-vertical-delimiter\"><\/span><\/header><div class='slide-entry-excerpt entry-content'  itemprop=\"text\" >Denis Dailleux is known for the portrait of Egypt which he has been developing for over fifteen years. <\/div><\/div><footer class=\"entry-footer\"><div class='slide-meta'><time class='slide-meta-time updated'  itemprop=\"datePublished\" datetime=\"2019-03-26T14:08:07+01:00\" >26 March 2019<\/time><\/div><\/footer><span class='hidden'>\n\t\t\t\t<span class='av-structured-data'  itemprop=\"image\" itemscope=\"itemscope\" itemtype=\"https:\/\/schema.org\/ImageObject\" >\n\t\t\t\t\t\t<span itemprop='url'>https:\/\/agencevu.com\/wp-content\/uploads\/2020\/05\/00_55_DAIL21921-2016CL01.jpg<\/span>\n\t\t\t\t\t\t<span itemprop='height'>290<\/span>\n\t\t\t\t\t\t<span itemprop='width'>290<\/span>\n\t\t\t\t<\/span>\n\t\t\t\t<span class='av-structured-data'  itemprop=\"publisher\" itemtype=\"https:\/\/schema.org\/Organization\" itemscope=\"itemscope\" >\n\t\t\t\t\t\t<span itemprop='name'>Fanny Demichelis<\/span>\n\t\t\t\t\t\t<span itemprop='logo' itemscope itemtype='https:\/\/schema.org\/ImageObject'>\n\t\t\t\t\t\t\t<span itemprop='url'>\/wp-content\/uploads\/2021\/05\/logo-vert-2.svg<\/span>\n\t\t\t\t\t\t <\/span>\n\t\t\t\t<\/span><span class='av-structured-data'  itemprop=\"author\" itemscope=\"itemscope\" itemtype=\"https:\/\/schema.org\/Person\" ><span itemprop='name'>Fanny Demichelis<\/span><\/span><span class='av-structured-data'  itemprop=\"datePublished\" datetime=\"1990-07-07T17:08:40+02:00\" >2019-03-26 14:08:07<\/span><span class='av-structured-data'  itemprop=\"dateModified\" itemtype=\"https:\/\/schema.org\/dateModified\" >2021-03-17 12:15:37<\/span><span class='av-structured-data'  itemprop=\"mainEntityOfPage\" itemtype=\"https:\/\/schema.org\/mainEntityOfPage\" ><span itemprop='name'>Ghana. We Shall Meet Again, 2019<\/span><\/span><\/span><\/article><\/div><div class='slide-entry-wrap'><article class='slide-entry flex_column  post-entry post-entry-72360 slide-entry-overview slide-loop-4 slide-parity-odd  av_fullwidth first real-thumbnail'  itemscope=\"itemscope\" itemtype=\"https:\/\/schema.org\/CreativeWork\" ><a href='https:\/\/agencevu.com\/en\/serie\/persan-beaumont-2018\/' data-rel='slide-3' class='slide-image' title=''><img width=\"228\" height=\"290\" src=\"https:\/\/agencevu.com\/wp-content\/uploads\/2020\/05\/00_12_DAIL7623-1990NB06.jpg\" class=\"wp-image-70448 avia-img-lazy-loading-70448 attachment-large size-large wp-post-image\" alt=\"\" loading=\"lazy\" srcset=\"https:\/\/agencevu.com\/wp-content\/uploads\/2020\/05\/00_12_DAIL7623-1990NB06.jpg 228w, https:\/\/agencevu.com\/wp-content\/uploads\/2020\/05\/00_12_DAIL7623-1990NB06-63x80.jpg 63w\" sizes=\"(max-width: 228px) 100vw, 228px\" \/><\/a><div class='slide-content'><header class=\"entry-content-header\"><span class=\"blog-categories minor-meta\"> <a href=\"https:\/\/agencevu.com\/en\/photographer\/denis-dailleux\/\" rel=\"tag\">Denis Dailleux<\/a> <a href=\"https:\/\/agencevu.com\/en\/section_taxonomy\/series\/\" rel=\"tag\">s\u00e9ries<\/a> <\/span><h3 class='slide-entry-title entry-title'  itemprop=\"headline\" ><a href='https:\/\/agencevu.com\/en\/serie\/persan-beaumont-2018\/' title='Persan-Beaumont, 2018'>Persan-Beaumont, 2018<\/a><\/h3><span class=\"av-vertical-delimiter\"><\/span><\/header><div class='slide-entry-excerpt entry-content'  itemprop=\"text\" >An immersion in a council estate in the late 1980s\r\n<\/div><\/div><footer class=\"entry-footer\"><div class='slide-meta'><time class='slide-meta-time updated'  itemprop=\"datePublished\" datetime=\"2018-06-26T11:28:06+02:00\" >26 June 2018<\/time><\/div><\/footer><span class='hidden'>\n\t\t\t\t<span class='av-structured-data'  itemprop=\"image\" itemscope=\"itemscope\" itemtype=\"https:\/\/schema.org\/ImageObject\" >\n\t\t\t\t\t\t<span itemprop='url'>https:\/\/agencevu.com\/wp-content\/uploads\/2020\/05\/00_12_DAIL7623-1990NB06.jpg<\/span>\n\t\t\t\t\t\t<span itemprop='height'>290<\/span>\n\t\t\t\t\t\t<span itemprop='width'>228<\/span>\n\t\t\t\t<\/span>\n\t\t\t\t<span class='av-structured-data'  itemprop=\"publisher\" itemtype=\"https:\/\/schema.org\/Organization\" itemscope=\"itemscope\" >\n\t\t\t\t\t\t<span itemprop='name'>Fanny Demichelis<\/span>\n\t\t\t\t\t\t<span itemprop='logo' itemscope itemtype='https:\/\/schema.org\/ImageObject'>\n\t\t\t\t\t\t\t<span itemprop='url'>\/wp-content\/uploads\/2021\/05\/logo-vert-2.svg<\/span>\n\t\t\t\t\t\t <\/span>\n\t\t\t\t<\/span><span class='av-structured-data'  itemprop=\"author\" itemscope=\"itemscope\" itemtype=\"https:\/\/schema.org\/Person\" ><span itemprop='name'>Fanny Demichelis<\/span><\/span><span class='av-structured-data'  itemprop=\"datePublished\" datetime=\"1990-07-07T17:08:40+02:00\" >2018-06-26 11:28:06<\/span><span class='av-structured-data'  itemprop=\"dateModified\" itemtype=\"https:\/\/schema.org\/dateModified\" >2021-03-17 12:26:19<\/span><span class='av-structured-data'  itemprop=\"mainEntityOfPage\" itemtype=\"https:\/\/schema.org\/mainEntityOfPage\" ><span itemprop='name'>Persan-Beaumont, 2018<\/span><\/span><\/span><\/article><\/div><div class='slide-entry-wrap'><article class='slide-entry flex_column  post-entry post-entry-72361 slide-entry-overview slide-loop-5 slide-parity-odd  av_fullwidth first real-thumbnail'  itemscope=\"itemscope\" itemtype=\"https:\/\/schema.org\/CreativeWork\" ><a href='https:\/\/agencevu.com\/en\/serie\/ordinary-journey-2016\/' data-rel='slide-3' class='slide-image' title=''><img width=\"290\" height=\"290\" src=\"https:\/\/agencevu.com\/wp-content\/uploads\/2020\/05\/00_DAIL22347-2016CL12.jpg\" class=\"wp-image-70355 avia-img-lazy-loading-70355 attachment-large size-large wp-post-image\" alt=\"\" loading=\"lazy\" srcset=\"https:\/\/agencevu.com\/wp-content\/uploads\/2020\/05\/00_DAIL22347-2016CL12.jpg 290w, https:\/\/agencevu.com\/wp-content\/uploads\/2020\/05\/00_DAIL22347-2016CL12-80x80.jpg 80w, https:\/\/agencevu.com\/wp-content\/uploads\/2020\/05\/00_DAIL22347-2016CL12-36x36.jpg 36w, https:\/\/agencevu.com\/wp-content\/uploads\/2020\/05\/00_DAIL22347-2016CL12-180x180.jpg 180w, https:\/\/agencevu.com\/wp-content\/uploads\/2020\/05\/00_DAIL22347-2016CL12-120x120.jpg 120w\" sizes=\"(max-width: 290px) 100vw, 290px\" \/><\/a><div class='slide-content'><header class=\"entry-content-header\"><span class=\"blog-categories minor-meta\"> <a href=\"https:\/\/agencevu.com\/en\/photographer\/denis-dailleux\/\" rel=\"tag\">Denis Dailleux<\/a> <a href=\"https:\/\/agencevu.com\/en\/section_taxonomy\/series\/\" rel=\"tag\">s\u00e9ries<\/a> <\/span><h3 class='slide-entry-title entry-title'  itemprop=\"headline\" ><a href='https:\/\/agencevu.com\/en\/serie\/ordinary-journey-2016\/' title='Ordinary Journey, 2016'>Ordinary Journey, 2016<\/a><\/h3><span class=\"av-vertical-delimiter\"><\/span><\/header><div class='slide-entry-excerpt entry-content'  itemprop=\"text\" >Denis Dailleux, who has made Egypt his favourite topic since more than 15 years, immersed himself in Cairo popular districts to make the portrait of tuk-tuk drivers.\r\n<\/div><\/div><footer class=\"entry-footer\"><div class='slide-meta'><time class='slide-meta-time updated'  itemprop=\"datePublished\" datetime=\"2016-11-26T10:42:07+01:00\" >26 November 2016<\/time><\/div><\/footer><span class='hidden'>\n\t\t\t\t<span class='av-structured-data'  itemprop=\"image\" itemscope=\"itemscope\" itemtype=\"https:\/\/schema.org\/ImageObject\" >\n\t\t\t\t\t\t<span itemprop='url'>https:\/\/agencevu.com\/wp-content\/uploads\/2020\/05\/00_DAIL22347-2016CL12.jpg<\/span>\n\t\t\t\t\t\t<span itemprop='height'>290<\/span>\n\t\t\t\t\t\t<span itemprop='width'>290<\/span>\n\t\t\t\t<\/span>\n\t\t\t\t<span class='av-structured-data'  itemprop=\"publisher\" itemtype=\"https:\/\/schema.org\/Organization\" itemscope=\"itemscope\" >\n\t\t\t\t\t\t<span itemprop='name'>Fanny Demichelis<\/span>\n\t\t\t\t\t\t<span itemprop='logo' itemscope itemtype='https:\/\/schema.org\/ImageObject'>\n\t\t\t\t\t\t\t<span itemprop='url'>\/wp-content\/uploads\/2021\/05\/logo-vert-2.svg<\/span>\n\t\t\t\t\t\t <\/span>\n\t\t\t\t<\/span><span class='av-structured-data'  itemprop=\"author\" itemscope=\"itemscope\" itemtype=\"https:\/\/schema.org\/Person\" ><span itemprop='name'>Fanny Demichelis<\/span><\/span><span class='av-structured-data'  itemprop=\"datePublished\" datetime=\"1990-07-07T17:08:40+02:00\" >2016-11-26 10:42:07<\/span><span class='av-structured-data'  itemprop=\"dateModified\" itemtype=\"https:\/\/schema.org\/dateModified\" >2021-05-10 11:27:28<\/span><span class='av-structured-data'  itemprop=\"mainEntityOfPage\" itemtype=\"https:\/\/schema.org\/mainEntityOfPage\" ><span itemprop='name'>Ordinary Journey, 2016<\/span><\/span><\/span><\/article><\/div><div class='slide-entry-wrap'><article class='slide-entry flex_column  post-entry post-entry-72362 slide-entry-overview slide-loop-6 slide-parity-odd  av_fullwidth first real-thumbnail'  itemscope=\"itemscope\" itemtype=\"https:\/\/schema.org\/CreativeWork\" ><a href='https:\/\/agencevu.com\/en\/serie\/une-odyssee-des-aromes-et-des-parfums-2015\/' data-rel='slide-3' class='slide-image' title=''><img width=\"290\" height=\"290\" src=\"https:\/\/agencevu.com\/wp-content\/uploads\/2020\/05\/00_DAIL21528-2015CL09.jpg\" class=\"wp-image-70254 avia-img-lazy-loading-70254 attachment-large size-large wp-post-image\" alt=\"\" loading=\"lazy\" srcset=\"https:\/\/agencevu.com\/wp-content\/uploads\/2020\/05\/00_DAIL21528-2015CL09.jpg 290w, https:\/\/agencevu.com\/wp-content\/uploads\/2020\/05\/00_DAIL21528-2015CL09-80x80.jpg 80w, https:\/\/agencevu.com\/wp-content\/uploads\/2020\/05\/00_DAIL21528-2015CL09-36x36.jpg 36w, https:\/\/agencevu.com\/wp-content\/uploads\/2020\/05\/00_DAIL21528-2015CL09-180x180.jpg 180w, https:\/\/agencevu.com\/wp-content\/uploads\/2020\/05\/00_DAIL21528-2015CL09-120x120.jpg 120w\" sizes=\"(max-width: 290px) 100vw, 290px\" \/><\/a><div class='slide-content'><header class=\"entry-content-header\"><span class=\"blog-categories minor-meta\"> <a href=\"https:\/\/agencevu.com\/en\/photographer\/denis-dailleux\/\" rel=\"tag\">Denis Dailleux<\/a> <a href=\"https:\/\/agencevu.com\/en\/section_taxonomy\/series\/\" rel=\"tag\">s\u00e9ries<\/a> <\/span><h3 class='slide-entry-title entry-title'  itemprop=\"headline\" ><a href='https:\/\/agencevu.com\/en\/serie\/une-odyssee-des-aromes-et-des-parfums-2015\/' title='Une odyss\u00e9e des ar\u00f4mes et des parfums, 2015'>Une odyss\u00e9e des ar\u00f4mes et des parfums, 2015<\/a><\/h3><span class=\"av-vertical-delimiter\"><\/span><\/header><div class='slide-entry-excerpt entry-content'  itemprop=\"text\" >Celebrating the 250th anniversary of the famous perfume institution Maison Givaudan, Denis Dailleux followed the path of the most precious essences which can extracted from nature. \r\n<\/div><\/div><footer class=\"entry-footer\"><div class='slide-meta'><time class='slide-meta-time updated'  itemprop=\"datePublished\" datetime=\"2015-07-25T15:24:50+02:00\" >25 July 2015<\/time><\/div><\/footer><span class='hidden'>\n\t\t\t\t<span class='av-structured-data'  itemprop=\"image\" itemscope=\"itemscope\" itemtype=\"https:\/\/schema.org\/ImageObject\" >\n\t\t\t\t\t\t<span itemprop='url'>https:\/\/agencevu.com\/wp-content\/uploads\/2020\/05\/00_DAIL21528-2015CL09.jpg<\/span>\n\t\t\t\t\t\t<span itemprop='height'>290<\/span>\n\t\t\t\t\t\t<span itemprop='width'>290<\/span>\n\t\t\t\t<\/span>\n\t\t\t\t<span class='av-structured-data'  itemprop=\"publisher\" itemtype=\"https:\/\/schema.org\/Organization\" itemscope=\"itemscope\" >\n\t\t\t\t\t\t<span itemprop='name'>Fanny Demichelis<\/span>\n\t\t\t\t\t\t<span itemprop='logo' itemscope itemtype='https:\/\/schema.org\/ImageObject'>\n\t\t\t\t\t\t\t<span itemprop='url'>\/wp-content\/uploads\/2021\/05\/logo-vert-2.svg<\/span>\n\t\t\t\t\t\t <\/span>\n\t\t\t\t<\/span><span class='av-structured-data'  itemprop=\"author\" itemscope=\"itemscope\" itemtype=\"https:\/\/schema.org\/Person\" ><span itemprop='name'>Fanny Demichelis<\/span><\/span><span class='av-structured-data'  itemprop=\"datePublished\" datetime=\"1990-07-07T17:08:40+02:00\" >2015-07-25 15:24:50<\/span><span class='av-structured-data'  itemprop=\"dateModified\" itemtype=\"https:\/\/schema.org\/dateModified\" >2020-06-25 14:01:45<\/span><span class='av-structured-data'  itemprop=\"mainEntityOfPage\" itemtype=\"https:\/\/schema.org\/mainEntityOfPage\" ><span itemprop='name'>Une odyss\u00e9e des ar\u00f4mes et des parfums, 2015<\/span><\/span><\/span><\/article><\/div><div class='slide-entry-wrap'><article class='slide-entry flex_column  post-entry post-entry-72363 slide-entry-overview slide-loop-7 slide-parity-odd  av_fullwidth first real-thumbnail'  itemscope=\"itemscope\" itemtype=\"https:\/\/schema.org\/CreativeWork\" ><a href='https:\/\/agencevu.com\/en\/serie\/mother-and-son-2014\/' data-rel='slide-3' class='slide-image' title=''><img width=\"290\" height=\"290\" src=\"https:\/\/agencevu.com\/wp-content\/uploads\/2020\/05\/00_DAIL18468-2011CL02.jpg\" class=\"wp-image-70128 avia-img-lazy-loading-70128 attachment-large size-large wp-post-image\" alt=\"\" loading=\"lazy\" srcset=\"https:\/\/agencevu.com\/wp-content\/uploads\/2020\/05\/00_DAIL18468-2011CL02.jpg 290w, https:\/\/agencevu.com\/wp-content\/uploads\/2020\/05\/00_DAIL18468-2011CL02-80x80.jpg 80w, https:\/\/agencevu.com\/wp-content\/uploads\/2020\/05\/00_DAIL18468-2011CL02-36x36.jpg 36w, https:\/\/agencevu.com\/wp-content\/uploads\/2020\/05\/00_DAIL18468-2011CL02-180x180.jpg 180w, https:\/\/agencevu.com\/wp-content\/uploads\/2020\/05\/00_DAIL18468-2011CL02-120x120.jpg 120w\" sizes=\"(max-width: 290px) 100vw, 290px\" \/><\/a><div class='slide-content'><header class=\"entry-content-header\"><span class=\"blog-categories minor-meta\"> <a href=\"https:\/\/agencevu.com\/en\/photographer\/denis-dailleux\/\" rel=\"tag\">Denis Dailleux<\/a> <a href=\"https:\/\/agencevu.com\/en\/section_taxonomy\/series\/\" rel=\"tag\">s\u00e9ries<\/a> <\/span><h3 class='slide-entry-title entry-title'  itemprop=\"headline\" ><a href='https:\/\/agencevu.com\/en\/serie\/mother-and-son-2014\/' title='Mother and Son, 2014'>Mother and Son, 2014<\/a><\/h3><span class=\"av-vertical-delimiter\"><\/span><\/header><div class='slide-entry-excerpt entry-content'  itemprop=\"text\" >A most Christ-like image, a bare-chested son rests near his mother. Why does this image of the mother-son relationship move us so? Because the son, by his nudity, looks as fragile as he was on the day of his birth? <\/div><\/div><footer class=\"entry-footer\"><div class='slide-meta'><time class='slide-meta-time updated'  itemprop=\"datePublished\" datetime=\"2014-06-25T14:07:26+02:00\" >25 June 2014<\/time><\/div><\/footer><span class='hidden'>\n\t\t\t\t<span class='av-structured-data'  itemprop=\"image\" itemscope=\"itemscope\" itemtype=\"https:\/\/schema.org\/ImageObject\" >\n\t\t\t\t\t\t<span itemprop='url'>https:\/\/agencevu.com\/wp-content\/uploads\/2020\/05\/00_DAIL18468-2011CL02.jpg<\/span>\n\t\t\t\t\t\t<span itemprop='height'>290<\/span>\n\t\t\t\t\t\t<span itemprop='width'>290<\/span>\n\t\t\t\t<\/span>\n\t\t\t\t<span class='av-structured-data'  itemprop=\"publisher\" itemtype=\"https:\/\/schema.org\/Organization\" itemscope=\"itemscope\" >\n\t\t\t\t\t\t<span itemprop='name'>Fanny Demichelis<\/span>\n\t\t\t\t\t\t<span itemprop='logo' itemscope itemtype='https:\/\/schema.org\/ImageObject'>\n\t\t\t\t\t\t\t<span itemprop='url'>\/wp-content\/uploads\/2021\/05\/logo-vert-2.svg<\/span>\n\t\t\t\t\t\t <\/span>\n\t\t\t\t<\/span><span class='av-structured-data'  itemprop=\"author\" itemscope=\"itemscope\" itemtype=\"https:\/\/schema.org\/Person\" ><span itemprop='name'>Fanny Demichelis<\/span><\/span><span class='av-structured-data'  itemprop=\"datePublished\" datetime=\"1990-07-07T17:08:40+02:00\" >2014-06-25 14:07:26<\/span><span class='av-structured-data'  itemprop=\"dateModified\" itemtype=\"https:\/\/schema.org\/dateModified\" >2020-06-25 14:03:47<\/span><span class='av-structured-data'  itemprop=\"mainEntityOfPage\" itemtype=\"https:\/\/schema.org\/mainEntityOfPage\" ><span itemprop='name'>Mother and Son, 2014<\/span><\/span><\/span><\/article><\/div><div class='slide-entry-wrap'><article class='slide-entry flex_column  post-entry post-entry-72364 slide-entry-overview slide-loop-8 slide-parity-odd  av_fullwidth first real-thumbnail'  itemscope=\"itemscope\" itemtype=\"https:\/\/schema.org\/CreativeWork\" ><a href='https:\/\/agencevu.com\/en\/serie\/egypte-martyrs-of-the-revolution-2012\/' data-rel='slide-3' class='slide-image' title=''><img width=\"290\" height=\"290\" src=\"https:\/\/agencevu.com\/wp-content\/uploads\/2020\/05\/00_DAIL18467-2013CL09.jpg\" class=\"wp-image-70154 avia-img-lazy-loading-70154 attachment-large size-large wp-post-image\" alt=\"\" loading=\"lazy\" srcset=\"https:\/\/agencevu.com\/wp-content\/uploads\/2020\/05\/00_DAIL18467-2013CL09.jpg 290w, https:\/\/agencevu.com\/wp-content\/uploads\/2020\/05\/00_DAIL18467-2013CL09-80x80.jpg 80w, https:\/\/agencevu.com\/wp-content\/uploads\/2020\/05\/00_DAIL18467-2013CL09-36x36.jpg 36w, https:\/\/agencevu.com\/wp-content\/uploads\/2020\/05\/00_DAIL18467-2013CL09-180x180.jpg 180w, https:\/\/agencevu.com\/wp-content\/uploads\/2020\/05\/00_DAIL18467-2013CL09-120x120.jpg 120w\" sizes=\"(max-width: 290px) 100vw, 290px\" \/><\/a><div class='slide-content'><header class=\"entry-content-header\"><span class=\"blog-categories minor-meta\"> <a href=\"https:\/\/agencevu.com\/en\/photographer\/denis-dailleux\/\" rel=\"tag\">Denis Dailleux<\/a> <a href=\"https:\/\/agencevu.com\/en\/section_taxonomy\/series\/\" rel=\"tag\">s\u00e9ries<\/a> <\/span><h3 class='slide-entry-title entry-title'  itemprop=\"headline\" ><a href='https:\/\/agencevu.com\/en\/serie\/egypte-martyrs-of-the-revolution-2012\/' title='Egypte, Martyrs of the R\u00e9volution, 2012'>Egypte, Martyrs of the R\u00e9volution, 2012<\/a><\/h3><span class=\"av-vertical-delimiter\"><\/span><\/header><div class='slide-entry-excerpt entry-content'  itemprop=\"text\" >Through his photographs, Denis Dailleux pays tribute to the martyrs, men and women \u2013 often young \u2013 who lost their lives in the Egyptian Revolution of 28 January 2011, victims of police violence and pro-Mubarak militia.\r\n<\/div><\/div><footer class=\"entry-footer\"><div class='slide-meta'><time class='slide-meta-time updated'  itemprop=\"datePublished\" datetime=\"2012-04-25T13:51:06+02:00\" >25 April 2012<\/time><\/div><\/footer><span class='hidden'>\n\t\t\t\t<span class='av-structured-data'  itemprop=\"image\" itemscope=\"itemscope\" itemtype=\"https:\/\/schema.org\/ImageObject\" >\n\t\t\t\t\t\t<span itemprop='url'>https:\/\/agencevu.com\/wp-content\/uploads\/2020\/05\/00_DAIL18467-2013CL09.jpg<\/span>\n\t\t\t\t\t\t<span itemprop='height'>290<\/span>\n\t\t\t\t\t\t<span itemprop='width'>290<\/span>\n\t\t\t\t<\/span>\n\t\t\t\t<span class='av-structured-data'  itemprop=\"publisher\" itemtype=\"https:\/\/schema.org\/Organization\" itemscope=\"itemscope\" >\n\t\t\t\t\t\t<span itemprop='name'>Fanny Demichelis<\/span>\n\t\t\t\t\t\t<span itemprop='logo' itemscope itemtype='https:\/\/schema.org\/ImageObject'>\n\t\t\t\t\t\t\t<span itemprop='url'>\/wp-content\/uploads\/2021\/05\/logo-vert-2.svg<\/span>\n\t\t\t\t\t\t <\/span>\n\t\t\t\t<\/span><span class='av-structured-data'  itemprop=\"author\" itemscope=\"itemscope\" itemtype=\"https:\/\/schema.org\/Person\" ><span itemprop='name'>Fanny Demichelis<\/span><\/span><span class='av-structured-data'  itemprop=\"datePublished\" datetime=\"1990-07-07T17:08:40+02:00\" >2012-04-25 13:51:06<\/span><span class='av-structured-data'  itemprop=\"dateModified\" itemtype=\"https:\/\/schema.org\/dateModified\" >2020-07-21 17:30:06<\/span><span class='av-structured-data'  itemprop=\"mainEntityOfPage\" itemtype=\"https:\/\/schema.org\/mainEntityOfPage\" ><span itemprop='name'>Egypte, Martyrs of the R\u00e9volution, 2012<\/span><\/span><\/span><\/article><\/div><div class='slide-entry-wrap'><article class='slide-entry flex_column  post-entry post-entry-72367 slide-entry-overview slide-loop-9 slide-parity-odd  av_fullwidth first real-thumbnail'  itemscope=\"itemscope\" itemtype=\"https:\/\/schema.org\/CreativeWork\" ><a href='https:\/\/agencevu.com\/en\/serie\/son-of-a-king-portraits-of-egypt-2008\/' data-rel='slide-3' class='slide-image' title=''><img width=\"290\" height=\"290\" src=\"https:\/\/agencevu.com\/wp-content\/uploads\/2020\/05\/00_DAIL14635-2008CL63.jpg\" class=\"wp-image-69258 avia-img-lazy-loading-69258 attachment-large size-large wp-post-image\" alt=\"\" loading=\"lazy\" srcset=\"https:\/\/agencevu.com\/wp-content\/uploads\/2020\/05\/00_DAIL14635-2008CL63.jpg 290w, https:\/\/agencevu.com\/wp-content\/uploads\/2020\/05\/00_DAIL14635-2008CL63-80x80.jpg 80w, https:\/\/agencevu.com\/wp-content\/uploads\/2020\/05\/00_DAIL14635-2008CL63-36x36.jpg 36w, https:\/\/agencevu.com\/wp-content\/uploads\/2020\/05\/00_DAIL14635-2008CL63-180x180.jpg 180w, https:\/\/agencevu.com\/wp-content\/uploads\/2020\/05\/00_DAIL14635-2008CL63-120x120.jpg 120w\" sizes=\"(max-width: 290px) 100vw, 290px\" \/><\/a><div class='slide-content'><header class=\"entry-content-header\"><span class=\"blog-categories minor-meta\"> <a href=\"https:\/\/agencevu.com\/en\/photographer\/denis-dailleux\/\" rel=\"tag\">Denis Dailleux<\/a> <a href=\"https:\/\/agencevu.com\/en\/section_taxonomy\/series\/\" rel=\"tag\">s\u00e9ries<\/a> <\/span><h3 class='slide-entry-title entry-title'  itemprop=\"headline\" ><a href='https:\/\/agencevu.com\/en\/serie\/son-of-a-king-portraits-of-egypt-2008\/' title='Son of a King, Portraits of Egypt, 2008'>Son of a King, Portraits of Egypt, 2008<\/a><\/h3><span class=\"av-vertical-delimiter\"><\/span><\/header><div class='slide-entry-excerpt entry-content'  itemprop=\"text\" >Son of a king... Son of Pharaoh, son of a history that has stood still, in balance for three or four thousand years, and which, for a century or two, has been shaking backwards towards a chaos of which no one can guess the extent.<\/div><\/div><footer class=\"entry-footer\"><div class='slide-meta'><time class='slide-meta-time updated'  itemprop=\"datePublished\" datetime=\"2008-11-13T15:19:51+01:00\" >13 November 2008<\/time><\/div><\/footer><span class='hidden'>\n\t\t\t\t<span class='av-structured-data'  itemprop=\"image\" itemscope=\"itemscope\" itemtype=\"https:\/\/schema.org\/ImageObject\" >\n\t\t\t\t\t\t<span itemprop='url'>https:\/\/agencevu.com\/wp-content\/uploads\/2020\/05\/00_DAIL14635-2008CL63.jpg<\/span>\n\t\t\t\t\t\t<span itemprop='height'>290<\/span>\n\t\t\t\t\t\t<span itemprop='width'>290<\/span>\n\t\t\t\t<\/span>\n\t\t\t\t<span class='av-structured-data'  itemprop=\"publisher\" itemtype=\"https:\/\/schema.org\/Organization\" itemscope=\"itemscope\" >\n\t\t\t\t\t\t<span itemprop='name'>Fanny Demichelis<\/span>\n\t\t\t\t\t\t<span itemprop='logo' itemscope itemtype='https:\/\/schema.org\/ImageObject'>\n\t\t\t\t\t\t\t<span itemprop='url'>\/wp-content\/uploads\/2021\/05\/logo-vert-2.svg<\/span>\n\t\t\t\t\t\t <\/span>\n\t\t\t\t<\/span><span class='av-structured-data'  itemprop=\"author\" itemscope=\"itemscope\" itemtype=\"https:\/\/schema.org\/Person\" ><span itemprop='name'>Fanny Demichelis<\/span><\/span><span class='av-structured-data'  itemprop=\"datePublished\" datetime=\"1990-07-07T17:08:40+02:00\" >2008-11-13 15:19:51<\/span><span class='av-structured-data'  itemprop=\"dateModified\" itemtype=\"https:\/\/schema.org\/dateModified\" >2021-03-17 12:29:49<\/span><span class='av-structured-data'  itemprop=\"mainEntityOfPage\" itemtype=\"https:\/\/schema.org\/mainEntityOfPage\" ><span itemprop='name'>Son of a King, Portraits of Egypt, 2008<\/span><\/span><\/span><\/article><\/div><div class='slide-entry-wrap'><article class='slide-entry flex_column  post-entry post-entry-72368 slide-entry-overview slide-loop-10 slide-parity-odd  av_fullwidth first real-thumbnail'  itemscope=\"itemscope\" itemtype=\"https:\/\/schema.org\/CreativeWork\" ><a href='https:\/\/agencevu.com\/en\/serie\/on-the-roofs-of-cairo-2006\/' data-rel='slide-3' class='slide-image' title=''><img width=\"290\" height=\"290\" src=\"https:\/\/agencevu.com\/wp-content\/uploads\/2020\/05\/00_DAIL13003-2006CL23.jpg\" class=\"wp-image-69103 avia-img-lazy-loading-69103 attachment-large size-large wp-post-image\" alt=\"\" loading=\"lazy\" srcset=\"https:\/\/agencevu.com\/wp-content\/uploads\/2020\/05\/00_DAIL13003-2006CL23.jpg 290w, https:\/\/agencevu.com\/wp-content\/uploads\/2020\/05\/00_DAIL13003-2006CL23-80x80.jpg 80w, https:\/\/agencevu.com\/wp-content\/uploads\/2020\/05\/00_DAIL13003-2006CL23-36x36.jpg 36w, https:\/\/agencevu.com\/wp-content\/uploads\/2020\/05\/00_DAIL13003-2006CL23-180x180.jpg 180w, https:\/\/agencevu.com\/wp-content\/uploads\/2020\/05\/00_DAIL13003-2006CL23-120x120.jpg 120w\" sizes=\"(max-width: 290px) 100vw, 290px\" \/><\/a><div class='slide-content'><header class=\"entry-content-header\"><span class=\"blog-categories minor-meta\"> <a href=\"https:\/\/agencevu.com\/en\/photographer\/denis-dailleux\/\" rel=\"tag\">Denis Dailleux<\/a> <a href=\"https:\/\/agencevu.com\/en\/section_taxonomy\/series\/\" rel=\"tag\">s\u00e9ries<\/a> <\/span><h3 class='slide-entry-title entry-title'  itemprop=\"headline\" ><a href='https:\/\/agencevu.com\/en\/serie\/on-the-roofs-of-cairo-2006\/' title='On the Roofs of Cairo, 2006'>On the Roofs of Cairo, 2006<\/a><\/h3><span class=\"av-vertical-delimiter\"><\/span><\/header><div class='slide-entry-excerpt entry-content'  itemprop=\"text\" >In the egyptian capital, the only place to live for thousands of inhabitants is the top of the buildings. A whole world invisible from the street, lives in makeshift tiny villages, in the open.\r\n<\/div><\/div><footer class=\"entry-footer\"><div class='slide-meta'><time class='slide-meta-time updated'  itemprop=\"datePublished\" datetime=\"2006-09-13T12:03:43+02:00\" >13 September 2006<\/time><\/div><\/footer><span class='hidden'>\n\t\t\t\t<span class='av-structured-data'  itemprop=\"image\" itemscope=\"itemscope\" itemtype=\"https:\/\/schema.org\/ImageObject\" >\n\t\t\t\t\t\t<span itemprop='url'>https:\/\/agencevu.com\/wp-content\/uploads\/2020\/05\/00_DAIL13003-2006CL23.jpg<\/span>\n\t\t\t\t\t\t<span itemprop='height'>290<\/span>\n\t\t\t\t\t\t<span itemprop='width'>290<\/span>\n\t\t\t\t<\/span>\n\t\t\t\t<span class='av-structured-data'  itemprop=\"publisher\" itemtype=\"https:\/\/schema.org\/Organization\" itemscope=\"itemscope\" >\n\t\t\t\t\t\t<span itemprop='name'>Fanny Demichelis<\/span>\n\t\t\t\t\t\t<span itemprop='logo' itemscope itemtype='https:\/\/schema.org\/ImageObject'>\n\t\t\t\t\t\t\t<span itemprop='url'>\/wp-content\/uploads\/2021\/05\/logo-vert-2.svg<\/span>\n\t\t\t\t\t\t <\/span>\n\t\t\t\t<\/span><span class='av-structured-data'  itemprop=\"author\" itemscope=\"itemscope\" itemtype=\"https:\/\/schema.org\/Person\" ><span itemprop='name'>Fanny Demichelis<\/span><\/span><span class='av-structured-data'  itemprop=\"datePublished\" datetime=\"1990-07-07T17:08:40+02:00\" >2006-09-13 12:03:43<\/span><span class='av-structured-data'  itemprop=\"dateModified\" itemtype=\"https:\/\/schema.org\/dateModified\" >2021-05-10 11:27:48<\/span><span class='av-structured-data'  itemprop=\"mainEntityOfPage\" itemtype=\"https:\/\/schema.org\/mainEntityOfPage\" ><span itemprop='name'>On the Roofs of Cairo, 2006<\/span><\/span><\/span><\/article><\/div><div class='slide-entry-wrap'><article class='slide-entry flex_column  post-entry post-entry-72369 slide-entry-overview slide-loop-11 slide-parity-odd  av_fullwidth first real-thumbnail'  itemscope=\"itemscope\" itemtype=\"https:\/\/schema.org\/CreativeWork\" ><a href='https:\/\/agencevu.com\/en\/serie\/morocco-azemmour-people-2005\/' data-rel='slide-3' class='slide-image' title=''><img width=\"290\" height=\"290\" src=\"https:\/\/agencevu.com\/wp-content\/uploads\/2020\/05\/00_DAIL12412-05CL04.jpg\" class=\"wp-image-69044 avia-img-lazy-loading-69044 attachment-large size-large wp-post-image\" alt=\"\" loading=\"lazy\" srcset=\"https:\/\/agencevu.com\/wp-content\/uploads\/2020\/05\/00_DAIL12412-05CL04.jpg 290w, https:\/\/agencevu.com\/wp-content\/uploads\/2020\/05\/00_DAIL12412-05CL04-80x80.jpg 80w, https:\/\/agencevu.com\/wp-content\/uploads\/2020\/05\/00_DAIL12412-05CL04-36x36.jpg 36w, https:\/\/agencevu.com\/wp-content\/uploads\/2020\/05\/00_DAIL12412-05CL04-180x180.jpg 180w, https:\/\/agencevu.com\/wp-content\/uploads\/2020\/05\/00_DAIL12412-05CL04-120x120.jpg 120w\" sizes=\"(max-width: 290px) 100vw, 290px\" \/><\/a><div class='slide-content'><header class=\"entry-content-header\"><span class=\"blog-categories minor-meta\"> <a href=\"https:\/\/agencevu.com\/en\/photographer\/denis-dailleux\/\" rel=\"tag\">Denis Dailleux<\/a> <a href=\"https:\/\/agencevu.com\/en\/section_taxonomy\/series\/\" rel=\"tag\">s\u00e9ries<\/a> <\/span><h3 class='slide-entry-title entry-title'  itemprop=\"headline\" ><a href='https:\/\/agencevu.com\/en\/serie\/morocco-azemmour-people-2005\/' title='Morocco, Azemmour People, 2005'>Morocco, Azemmour People, 2005<\/a><\/h3><span class=\"av-vertical-delimiter\"><\/span><\/header><div class='slide-entry-excerpt entry-content'  itemprop=\"text\" >Azemmour is a Moroccan city, on the left bank of the Oum Er-Rbia River, 75 km southwest of Casablanca.\r\n<\/div><\/div><footer class=\"entry-footer\"><div class='slide-meta'><time class='slide-meta-time updated'  itemprop=\"datePublished\" datetime=\"2005-08-13T11:09:19+02:00\" >13 August 2005<\/time><\/div><\/footer><span class='hidden'>\n\t\t\t\t<span class='av-structured-data'  itemprop=\"image\" itemscope=\"itemscope\" itemtype=\"https:\/\/schema.org\/ImageObject\" >\n\t\t\t\t\t\t<span itemprop='url'>https:\/\/agencevu.com\/wp-content\/uploads\/2020\/05\/00_DAIL12412-05CL04.jpg<\/span>\n\t\t\t\t\t\t<span itemprop='height'>290<\/span>\n\t\t\t\t\t\t<span itemprop='width'>290<\/span>\n\t\t\t\t<\/span>\n\t\t\t\t<span class='av-structured-data'  itemprop=\"publisher\" itemtype=\"https:\/\/schema.org\/Organization\" itemscope=\"itemscope\" >\n\t\t\t\t\t\t<span itemprop='name'>Fanny Demichelis<\/span>\n\t\t\t\t\t\t<span itemprop='logo' itemscope itemtype='https:\/\/schema.org\/ImageObject'>\n\t\t\t\t\t\t\t<span itemprop='url'>\/wp-content\/uploads\/2021\/05\/logo-vert-2.svg<\/span>\n\t\t\t\t\t\t <\/span>\n\t\t\t\t<\/span><span class='av-structured-data'  itemprop=\"author\" itemscope=\"itemscope\" itemtype=\"https:\/\/schema.org\/Person\" ><span itemprop='name'>Fanny Demichelis<\/span><\/span><span class='av-structured-data'  itemprop=\"datePublished\" datetime=\"1990-07-07T17:08:40+02:00\" >2005-08-13 11:09:19<\/span><span class='av-structured-data'  itemprop=\"dateModified\" itemtype=\"https:\/\/schema.org\/dateModified\" >2021-05-10 11:28:08<\/span><span class='av-structured-data'  itemprop=\"mainEntityOfPage\" itemtype=\"https:\/\/schema.org\/mainEntityOfPage\" ><span itemprop='name'>Morocco, Azemmour People, 2005<\/span><\/span><\/span><\/article><\/div><div class='slide-entry-wrap'><article class='slide-entry flex_column  post-entry post-entry-72370 slide-entry-overview slide-loop-12 slide-parity-odd  av_fullwidth first real-thumbnail'  itemscope=\"itemscope\" itemtype=\"https:\/\/schema.org\/CreativeWork\" ><a href='https:\/\/agencevu.com\/en\/serie\/on-the-footsteps-of-rimbaud-in-yemen-and-ethiopia-2004\/' data-rel='slide-3' class='slide-image' title=''><img width=\"290\" height=\"290\" src=\"https:\/\/agencevu.com\/wp-content\/uploads\/2020\/05\/00_DAIL11893-2004CL40.jpg\" class=\"wp-image-68987 avia-img-lazy-loading-68987 attachment-large size-large wp-post-image\" alt=\"\" loading=\"lazy\" srcset=\"https:\/\/agencevu.com\/wp-content\/uploads\/2020\/05\/00_DAIL11893-2004CL40.jpg 290w, https:\/\/agencevu.com\/wp-content\/uploads\/2020\/05\/00_DAIL11893-2004CL40-80x80.jpg 80w, https:\/\/agencevu.com\/wp-content\/uploads\/2020\/05\/00_DAIL11893-2004CL40-36x36.jpg 36w, https:\/\/agencevu.com\/wp-content\/uploads\/2020\/05\/00_DAIL11893-2004CL40-180x180.jpg 180w, https:\/\/agencevu.com\/wp-content\/uploads\/2020\/05\/00_DAIL11893-2004CL40-120x120.jpg 120w\" sizes=\"(max-width: 290px) 100vw, 290px\" \/><\/a><div class='slide-content'><header class=\"entry-content-header\"><span class=\"blog-categories minor-meta\"> <a href=\"https:\/\/agencevu.com\/en\/photographer\/denis-dailleux\/\" rel=\"tag\">Denis Dailleux<\/a> <a href=\"https:\/\/agencevu.com\/en\/section_taxonomy\/series\/\" rel=\"tag\">s\u00e9ries<\/a> <\/span><h3 class='slide-entry-title entry-title'  itemprop=\"headline\" ><a href='https:\/\/agencevu.com\/en\/serie\/on-the-footsteps-of-rimbaud-in-yemen-and-ethiopia-2004\/' title='On the Footsteps of Rimbaud, in Yemen and Ethiopia, 2004'>On the Footsteps of Rimbaud, in Yemen and Ethiopia, 2004<\/a><\/h3><span class=\"av-vertical-delimiter\"><\/span><\/header><div class='slide-entry-excerpt entry-content'  itemprop=\"text\" >Leaving in man's shadow with soles of wind as a pretext. Discover a little-known Africa and meet its inhabitants as the ultimate goal. <\/div><\/div><footer class=\"entry-footer\"><div class='slide-meta'><time class='slide-meta-time updated'  itemprop=\"datePublished\" datetime=\"2004-04-12T15:45:22+02:00\" >12 April 2004<\/time><\/div><\/footer><span class='hidden'>\n\t\t\t\t<span class='av-structured-data'  itemprop=\"image\" itemscope=\"itemscope\" itemtype=\"https:\/\/schema.org\/ImageObject\" >\n\t\t\t\t\t\t<span itemprop='url'>https:\/\/agencevu.com\/wp-content\/uploads\/2020\/05\/00_DAIL11893-2004CL40.jpg<\/span>\n\t\t\t\t\t\t<span itemprop='height'>290<\/span>\n\t\t\t\t\t\t<span itemprop='width'>290<\/span>\n\t\t\t\t<\/span>\n\t\t\t\t<span class='av-structured-data'  itemprop=\"publisher\" itemtype=\"https:\/\/schema.org\/Organization\" itemscope=\"itemscope\" >\n\t\t\t\t\t\t<span itemprop='name'>Fanny Demichelis<\/span>\n\t\t\t\t\t\t<span itemprop='logo' itemscope itemtype='https:\/\/schema.org\/ImageObject'>\n\t\t\t\t\t\t\t<span itemprop='url'>\/wp-content\/uploads\/2021\/05\/logo-vert-2.svg<\/span>\n\t\t\t\t\t\t <\/span>\n\t\t\t\t<\/span><span class='av-structured-data'  itemprop=\"author\" itemscope=\"itemscope\" itemtype=\"https:\/\/schema.org\/Person\" ><span itemprop='name'>Fanny Demichelis<\/span><\/span><span class='av-structured-data'  itemprop=\"datePublished\" datetime=\"1990-07-07T17:08:40+02:00\" >2004-04-12 15:45:22<\/span><span class='av-structured-data'  itemprop=\"dateModified\" itemtype=\"https:\/\/schema.org\/dateModified\" >2021-05-10 11:28:24<\/span><span class='av-structured-data'  itemprop=\"mainEntityOfPage\" itemtype=\"https:\/\/schema.org\/mainEntityOfPage\" ><span itemprop='name'>On the Footsteps of Rimbaud, in Yemen and Ethiopia, 2004<\/span><\/span><\/span><\/article><\/div><div class='slide-entry-wrap'><article class='slide-entry flex_column  post-entry post-entry-72371 slide-entry-overview slide-loop-13 slide-parity-odd  av_fullwidth first real-thumbnail'  itemscope=\"itemscope\" itemtype=\"https:\/\/schema.org\/CreativeWork\" ><a href='https:\/\/agencevu.com\/en\/serie\/habibi-cairo-1994\/' data-rel='slide-3' class='slide-image' title=''><img width=\"290\" height=\"290\" src=\"https:\/\/agencevu.com\/wp-content\/uploads\/2020\/05\/00_16_DAIL10091-1994NB50.jpg\" class=\"wp-image-68629 avia-img-lazy-loading-68629 attachment-large size-large wp-post-image\" alt=\"\" loading=\"lazy\" srcset=\"https:\/\/agencevu.com\/wp-content\/uploads\/2020\/05\/00_16_DAIL10091-1994NB50.jpg 290w, https:\/\/agencevu.com\/wp-content\/uploads\/2020\/05\/00_16_DAIL10091-1994NB50-80x80.jpg 80w, https:\/\/agencevu.com\/wp-content\/uploads\/2020\/05\/00_16_DAIL10091-1994NB50-36x36.jpg 36w, https:\/\/agencevu.com\/wp-content\/uploads\/2020\/05\/00_16_DAIL10091-1994NB50-180x180.jpg 180w, https:\/\/agencevu.com\/wp-content\/uploads\/2020\/05\/00_16_DAIL10091-1994NB50-120x120.jpg 120w\" sizes=\"(max-width: 290px) 100vw, 290px\" \/><\/a><div class='slide-content'><header class=\"entry-content-header\"><span class=\"blog-categories minor-meta\"> <a href=\"https:\/\/agencevu.com\/en\/photographer\/denis-dailleux\/\" rel=\"tag\">Denis Dailleux<\/a> <a href=\"https:\/\/agencevu.com\/en\/section_taxonomy\/series\/\" rel=\"tag\">s\u00e9ries<\/a> <\/span><h3 class='slide-entry-title entry-title'  itemprop=\"headline\" ><a href='https:\/\/agencevu.com\/en\/serie\/habibi-cairo-1994\/' title='Habibi Cairo, 1994'>Habibi Cairo, 1994<\/a><\/h3><span class=\"av-vertical-delimiter\"><\/span><\/header><div class='slide-entry-excerpt entry-content'  itemprop=\"text\" >These faces of children, men and women, imprints of poetry and affection take us to the neighborhoods where these families live. The delicate and sensitive eye of a photographer craves for meaning beyond the mundane.\r\n<\/div><\/div><footer class=\"entry-footer\"><div class='slide-meta'><time class='slide-meta-time updated'  itemprop=\"datePublished\" datetime=\"1994-05-12T11:38:41+02:00\" >12 May 1994<\/time><\/div><\/footer><span class='hidden'>\n\t\t\t\t<span class='av-structured-data'  itemprop=\"image\" itemscope=\"itemscope\" itemtype=\"https:\/\/schema.org\/ImageObject\" >\n\t\t\t\t\t\t<span itemprop='url'>https:\/\/agencevu.com\/wp-content\/uploads\/2020\/05\/00_16_DAIL10091-1994NB50.jpg<\/span>\n\t\t\t\t\t\t<span itemprop='height'>290<\/span>\n\t\t\t\t\t\t<span itemprop='width'>290<\/span>\n\t\t\t\t<\/span>\n\t\t\t\t<span class='av-structured-data'  itemprop=\"publisher\" itemtype=\"https:\/\/schema.org\/Organization\" itemscope=\"itemscope\" >\n\t\t\t\t\t\t<span itemprop='name'>Fanny Demichelis<\/span>\n\t\t\t\t\t\t<span itemprop='logo' itemscope itemtype='https:\/\/schema.org\/ImageObject'>\n\t\t\t\t\t\t\t<span itemprop='url'>\/wp-content\/uploads\/2021\/05\/logo-vert-2.svg<\/span>\n\t\t\t\t\t\t <\/span>\n\t\t\t\t<\/span><span class='av-structured-data'  itemprop=\"author\" itemscope=\"itemscope\" itemtype=\"https:\/\/schema.org\/Person\" ><span itemprop='name'>Fanny Demichelis<\/span><\/span><span class='av-structured-data'  itemprop=\"datePublished\" datetime=\"1990-07-07T17:08:40+02:00\" >1994-05-12 11:38:41<\/span><span class='av-structured-data'  itemprop=\"dateModified\" itemtype=\"https:\/\/schema.org\/dateModified\" >2021-03-17 12:32:19<\/span><span class='av-structured-data'  itemprop=\"mainEntityOfPage\" itemtype=\"https:\/\/schema.org\/mainEntityOfPage\" ><span itemprop='name'>Habibi Cairo, 1994<\/span><\/span><\/span><\/article><\/div><div class='slide-entry-wrap'><article class='slide-entry flex_column  post-entry post-entry-72372 slide-entry-overview slide-loop-14 slide-parity-odd  av_fullwidth first real-thumbnail'  itemscope=\"itemscope\" itemtype=\"https:\/\/schema.org\/CreativeWork\" ><a href='https:\/\/agencevu.com\/en\/serie\/cairo-1994\/' data-rel='slide-3' class='slide-image' title=''><img width=\"290\" height=\"290\" src=\"https:\/\/agencevu.com\/wp-content\/uploads\/2020\/05\/00_DAIL10091-1994CL21.jpg\" class=\"wp-image-68821 avia-img-lazy-loading-68821 attachment-large size-large wp-post-image\" alt=\"\" loading=\"lazy\" srcset=\"https:\/\/agencevu.com\/wp-content\/uploads\/2020\/05\/00_DAIL10091-1994CL21.jpg 290w, https:\/\/agencevu.com\/wp-content\/uploads\/2020\/05\/00_DAIL10091-1994CL21-80x80.jpg 80w, https:\/\/agencevu.com\/wp-content\/uploads\/2020\/05\/00_DAIL10091-1994CL21-36x36.jpg 36w, https:\/\/agencevu.com\/wp-content\/uploads\/2020\/05\/00_DAIL10091-1994CL21-180x180.jpg 180w, https:\/\/agencevu.com\/wp-content\/uploads\/2020\/05\/00_DAIL10091-1994CL21-120x120.jpg 120w\" sizes=\"(max-width: 290px) 100vw, 290px\" \/><\/a><div class='slide-content'><header class=\"entry-content-header\"><span class=\"blog-categories minor-meta\"> <a href=\"https:\/\/agencevu.com\/en\/photographer\/denis-dailleux\/\" rel=\"tag\">Denis Dailleux<\/a> <a href=\"https:\/\/agencevu.com\/en\/section_taxonomy\/series\/\" rel=\"tag\">s\u00e9ries<\/a> <\/span><h3 class='slide-entry-title entry-title'  itemprop=\"headline\" ><a href='https:\/\/agencevu.com\/en\/serie\/cairo-1994\/' title='Cairo, 1994'>Cairo, 1994<\/a><\/h3><span class=\"av-vertical-delimiter\"><\/span><\/header><div class='slide-entry-excerpt entry-content'  itemprop=\"text\" >Between Denis Dailleux and Cairo, it is a true love story\u00a0: on one side, an insatiable fascination for this unique place, its mood, its magical lights and an unspeakable tenderess towards its inhabitants\u00a0<\/div><\/div><footer class=\"entry-footer\"><div class='slide-meta'><time class='slide-meta-time updated'  itemprop=\"datePublished\" datetime=\"1994-05-12T10:21:14+02:00\" >12 May 1994<\/time><\/div><\/footer><span class='hidden'>\n\t\t\t\t<span class='av-structured-data'  itemprop=\"image\" itemscope=\"itemscope\" itemtype=\"https:\/\/schema.org\/ImageObject\" >\n\t\t\t\t\t\t<span itemprop='url'>https:\/\/agencevu.com\/wp-content\/uploads\/2020\/05\/00_DAIL10091-1994CL21.jpg<\/span>\n\t\t\t\t\t\t<span itemprop='height'>290<\/span>\n\t\t\t\t\t\t<span itemprop='width'>290<\/span>\n\t\t\t\t<\/span>\n\t\t\t\t<span class='av-structured-data'  itemprop=\"publisher\" itemtype=\"https:\/\/schema.org\/Organization\" itemscope=\"itemscope\" >\n\t\t\t\t\t\t<span itemprop='name'>Fanny Demichelis<\/span>\n\t\t\t\t\t\t<span itemprop='logo' itemscope itemtype='https:\/\/schema.org\/ImageObject'>\n\t\t\t\t\t\t\t<span itemprop='url'>\/wp-content\/uploads\/2021\/05\/logo-vert-2.svg<\/span>\n\t\t\t\t\t\t <\/span>\n\t\t\t\t<\/span><span class='av-structured-data'  itemprop=\"author\" itemscope=\"itemscope\" itemtype=\"https:\/\/schema.org\/Person\" ><span itemprop='name'>Fanny Demichelis<\/span><\/span><span class='av-structured-data'  itemprop=\"datePublished\" datetime=\"1990-07-07T17:08:40+02:00\" >1994-05-12 10:21:14<\/span><span class='av-structured-data'  itemprop=\"dateModified\" itemtype=\"https:\/\/schema.org\/dateModified\" >2021-03-17 12:32:30<\/span><span class='av-structured-data'  itemprop=\"mainEntityOfPage\" itemtype=\"https:\/\/schema.org\/mainEntityOfPage\" ><span itemprop='name'>Cairo, 1994<\/span><\/span><\/span><\/article><\/div><div class='slide-entry-wrap'><article class='slide-entry flex_column  post-entry post-entry-72373 slide-entry-overview slide-loop-15 slide-parity-odd  post-entry-last  av_fullwidth first real-thumbnail'  itemscope=\"itemscope\" itemtype=\"https:\/\/schema.org\/CreativeWork\" ><a href='https:\/\/agencevu.com\/en\/serie\/people-of-my-village-1990\/' data-rel='slide-3' class='slide-image' title=''><img width=\"290\" height=\"290\" src=\"https:\/\/agencevu.com\/wp-content\/uploads\/2020\/05\/00_04_DAIL18833-1990NB03.jpg\" class=\"wp-image-68556 avia-img-lazy-loading-68556 attachment-large size-large wp-post-image\" alt=\"\" loading=\"lazy\" srcset=\"https:\/\/agencevu.com\/wp-content\/uploads\/2020\/05\/00_04_DAIL18833-1990NB03.jpg 290w, https:\/\/agencevu.com\/wp-content\/uploads\/2020\/05\/00_04_DAIL18833-1990NB03-80x80.jpg 80w, https:\/\/agencevu.com\/wp-content\/uploads\/2020\/05\/00_04_DAIL18833-1990NB03-36x36.jpg 36w, https:\/\/agencevu.com\/wp-content\/uploads\/2020\/05\/00_04_DAIL18833-1990NB03-180x180.jpg 180w, https:\/\/agencevu.com\/wp-content\/uploads\/2020\/05\/00_04_DAIL18833-1990NB03-120x120.jpg 120w\" sizes=\"(max-width: 290px) 100vw, 290px\" \/><\/a><div class='slide-content'><header class=\"entry-content-header\"><span class=\"blog-categories minor-meta\"> <a href=\"https:\/\/agencevu.com\/en\/photographer\/denis-dailleux\/\" rel=\"tag\">Denis Dailleux<\/a> <a href=\"https:\/\/agencevu.com\/en\/section_taxonomy\/series\/\" rel=\"tag\">s\u00e9ries<\/a> <\/span><h3 class='slide-entry-title entry-title'  itemprop=\"headline\" ><a href='https:\/\/agencevu.com\/en\/serie\/people-of-my-village-1990\/' title='People of my Village, 1990'>People of my Village, 1990<\/a><\/h3><span class=\"av-vertical-delimiter\"><\/span><\/header><div class='slide-entry-excerpt entry-content'  itemprop=\"text\" >This series of black and white portraits represents the people around whom Denis Dailleux grew up, between love and hate. Taken when he was 25 years old and full of doubts, the project is an upheaval in the photographer's work.\r\n<\/div><\/div><footer class=\"entry-footer\"><div class='slide-meta'><time class='slide-meta-time updated'  itemprop=\"datePublished\" datetime=\"1990-07-07T17:08:40+02:00\" >7 July 1990<\/time><\/div><\/footer><span class='hidden'>\n\t\t\t\t<span class='av-structured-data'  itemprop=\"image\" itemscope=\"itemscope\" itemtype=\"https:\/\/schema.org\/ImageObject\" >\n\t\t\t\t\t\t<span itemprop='url'>https:\/\/agencevu.com\/wp-content\/uploads\/2020\/05\/00_04_DAIL18833-1990NB03.jpg<\/span>\n\t\t\t\t\t\t<span itemprop='height'>290<\/span>\n\t\t\t\t\t\t<span itemprop='width'>290<\/span>\n\t\t\t\t<\/span>\n\t\t\t\t<span class='av-structured-data'  itemprop=\"publisher\" itemtype=\"https:\/\/schema.org\/Organization\" itemscope=\"itemscope\" >\n\t\t\t\t\t\t<span itemprop='name'>Fanny Demichelis<\/span>\n\t\t\t\t\t\t<span itemprop='logo' itemscope itemtype='https:\/\/schema.org\/ImageObject'>\n\t\t\t\t\t\t\t<span itemprop='url'>\/wp-content\/uploads\/2021\/05\/logo-vert-2.svg<\/span>\n\t\t\t\t\t\t <\/span>\n\t\t\t\t<\/span><span class='av-structured-data'  itemprop=\"author\" itemscope=\"itemscope\" itemtype=\"https:\/\/schema.org\/Person\" ><span itemprop='name'>Fanny Demichelis<\/span><\/span><span class='av-structured-data'  itemprop=\"datePublished\" datetime=\"1990-07-07T17:08:40+02:00\" >1990-07-07 17:08:40<\/span><span class='av-structured-data'  itemprop=\"dateModified\" itemtype=\"https:\/\/schema.org\/dateModified\" >2021-05-10 11:28:38<\/span><span class='av-structured-data'  itemprop=\"mainEntityOfPage\" itemtype=\"https:\/\/schema.org\/mainEntityOfPage\" ><span itemprop='name'>People of my Village, 1990<\/span><\/span><\/span><\/article><\/div><\/div><\/div>\n\n<div id='multimedia'  class='avia-section main_color avia-section-small avia-no-border-styling  avia-bg-style-scroll  avia-builder-el-0  el_before_av_section  avia-builder-el-first   container_wrap fullsize' style=' '  ><div class='container' ><main  role=\"main\" itemprop=\"mainContentOfPage\"  class='template-page content  av-content-full alpha units'><div class='post-entry post-entry-type-page post-entry-107883'><div class='entry-content-wrapper clearfix'>\n<section class=\"av_textblock_section \"  itemscope=\"itemscope\" itemtype=\"https:\/\/schema.org\/CreativeWork\" ><div class='avia_textblock  '  style='font-size:20px; '  itemprop=\"text\" ><p id=\"multimedia\" style=\"color: #707070; letter-spacing: 1.5px; text-transform: uppercase;\">vid\u00e9os<\/p>\n<hr class=\"hr-titre-page\">\n<\/div><\/section>\n<div class=\"flex_column av_one_half  flex_column_div av-zero-column-padding first  \" style='border-radius:0px; '><p><div  class='avia-video avia-video-16-9   av-lazyload-immediate  av-lazyload-video-embed  '   itemprop=\"video\" itemtype=\"https:\/\/schema.org\/VideoObject\"  data-original_url='https:\/\/vimeo.com\/401651844' ><script type='text\/html' class='av-video-tmpl'><div class='avia-iframe-wrap'><iframe title=\"Denis Dailleux - Mother and Son (M\u00e8re et Fils)\" src=\"https:\/\/player.vimeo.com\/video\/401651844?dnt=1&amp;app_id=122963&autoplay=0&loop=0&controls=1&muted=0\" width=\"1280\" height=\"720\" frameborder=\"0\" allow=\"autoplay; fullscreen; picture-in-picture; clipboard-write\"><\/iframe><\/div><\/script><div class='av-click-to-play-overlay'><div class=\"avia_playpause_icon\"><\/div><\/div><\/div><br \/>\n<section class=\"av_textblock_section \"  itemscope=\"itemscope\" itemtype=\"https:\/\/schema.org\/CreativeWork\" ><div class='avia_textblock  '   itemprop=\"text\" ><p><strong>M\u00e8re et Fils, 2014<\/strong><\/p>\n<\/div><\/section><\/p><\/div><div class=\"flex_column av_one_half  flex_column_div av-zero-column-padding   \" style='border-radius:0px; '><p><div  class='avia-video avia-video-16-9   av-lazyload-immediate  av-lazyload-video-embed  '   itemprop=\"video\" itemtype=\"https:\/\/schema.org\/VideoObject\"  data-original_url='https:\/\/vimeo.com\/41003134' ><script type='text\/html' class='av-video-tmpl'><div class='avia-iframe-wrap'><iframe title=\"Juliette et le photographe\" src=\"https:\/\/player.vimeo.com\/video\/41003134?dnt=1&amp;app_id=122963&autoplay=0&loop=0&controls=1&muted=0\" width=\"320\" height=\"240\" frameborder=\"0\" allow=\"autoplay; fullscreen; picture-in-picture; clipboard-write\"><\/iframe><\/div><\/script><div class='av-click-to-play-overlay'><div class=\"avia_playpause_icon\"><\/div><\/div><\/div><br \/>\n<section class=\"av_textblock_section \"  itemscope=\"itemscope\" itemtype=\"https:\/\/schema.org\/CreativeWork\" ><div class='avia_textblock  '   itemprop=\"text\" ><p><strong>Juliette et le photographe \u2013 Bande-annonce, 2004<\/strong><\/p>\n<\/div><\/section><\/p><\/div>\n\n<\/div><\/div><\/main><!-- close content main element --><\/div><\/div><div id='interview'  class='avia-section main_color avia-section-small avia-no-border-styling  avia-bg-style-scroll   container_wrap fullsize' style=' '  ><div class='container' ><div class='template-page content  av-content-full alpha units'><div class='post-entry post-entry-type-page post-entry-107883'><div class='entry-content-wrapper clearfix'>\n<section class=\"av_textblock_section \"  itemscope=\"itemscope\" itemtype=\"https:\/\/schema.org\/CreativeWork\" ><div class='avia_textblock  '  style='font-size:20px; '  itemprop=\"text\" ><p id=\"interview\" style=\"color: #707070; letter-spacing: 1.5px; text-transform: uppercase;\">Interviews<\/p>\n<hr class=\"hr-titre-page\">\n<\/div><\/section>\n<div class=\"flex_column av_one_third  flex_column_div av-zero-column-padding first  \" style='border-radius:0px; '><p><div  class='avia-image-container  av-styling-    avia-align-center '  itemprop=\"image\" itemscope=\"itemscope\" itemtype=\"https:\/\/schema.org\/ImageObject\"  ><div class='avia-image-container-inner'><div class='avia-image-overlay-wrap'><a href=\"https:\/\/www.visions.photo\/podcasts\/denis-dailleux\" class='avia_image' target=\"_blank\" rel=\"noopener noreferrer\"><img width=\"1080\" height=\"1080\" class='wp-image-69244 avia-img-lazy-loading-not-69244 avia_image' src=\"https:\/\/agencevu.com\/wp-content\/uploads\/2020\/05\/59_DAIL14635-2008CL01.jpg\" alt='' title='59_DAIL14635-2008CL01'  itemprop=\"thumbnailUrl\" srcset=\"https:\/\/agencevu.com\/wp-content\/uploads\/2020\/05\/59_DAIL14635-2008CL01.jpg 1080w, https:\/\/agencevu.com\/wp-content\/uploads\/2020\/05\/59_DAIL14635-2008CL01-80x80.jpg 80w, https:\/\/agencevu.com\/wp-content\/uploads\/2020\/05\/59_DAIL14635-2008CL01-300x300.jpg 300w, https:\/\/agencevu.com\/wp-content\/uploads\/2020\/05\/59_DAIL14635-2008CL01-768x768.jpg 768w, https:\/\/agencevu.com\/wp-content\/uploads\/2020\/05\/59_DAIL14635-2008CL01-1030x1030.jpg 1030w, https:\/\/agencevu.com\/wp-content\/uploads\/2020\/05\/59_DAIL14635-2008CL01-36x36.jpg 36w, https:\/\/agencevu.com\/wp-content\/uploads\/2020\/05\/59_DAIL14635-2008CL01-180x180.jpg 180w, https:\/\/agencevu.com\/wp-content\/uploads\/2020\/05\/59_DAIL14635-2008CL01-705x705.jpg 705w, https:\/\/agencevu.com\/wp-content\/uploads\/2020\/05\/59_DAIL14635-2008CL01-120x120.jpg 120w, https:\/\/agencevu.com\/wp-content\/uploads\/2020\/05\/59_DAIL14635-2008CL01-450x450.jpg 450w\" sizes=\"(max-width: 1080px) 100vw, 1080px\" \/><\/a><\/div><\/div><\/div><br \/>\n<section class=\"av_textblock_section \"  itemscope=\"itemscope\" itemtype=\"https:\/\/schema.org\/CreativeWork\" ><div class='avia_textblock  '   itemprop=\"text\" ><p><em>VISION #36 \u2013 Denis Dailleux<\/em><br \/>\n<strong>Vision(s)<\/strong><br \/>\n\u2014<br \/>\nInterview by Lily Lajeunesse, 2022<\/p>\n<p>In this interview led by Lily Lajeunesse, Denis Dailleux confides in us. He begins with his initial journey &#8211; his childhood, his studies, his move to Paris and his beginnings as a florist. Then, we quickly get into his photographic universe: his projects but also his relation to doubt, his way of building relationships with models and the importance of staging in his work.<\/p>\n<\/div><\/section><br \/>\n<div  class='avia-button-wrap avia-button-left ' ><a href='https:\/\/www.visions.photo\/podcasts\/denis-dailleux' class='avia-button  avia-color-theme-color-highlight   avia-icon_select-no avia-size-small avia-position-left ' target=\"_blank\" rel=\"noopener noreferrer\"><span class='avia_iconbox_title' >Listen<\/span><\/a><\/div><\/p><\/div><div class=\"flex_column av_one_third  flex_column_div av-zero-column-padding   \" style='border-radius:0px; '><p><div  class='avia-image-container  av-styling-    avia-align-center '  itemprop=\"image\" itemscope=\"itemscope\" itemtype=\"https:\/\/schema.org\/ImageObject\"  ><div class='avia-image-container-inner'><div class='avia-image-overlay-wrap'><a href=\"https:\/\/open.spotify.com\/episode\/4iBIpMqFoc4CfcU9dXBH7m\" class='avia_image' target=\"_blank\" rel=\"noopener noreferrer\"><img width=\"1080\" height=\"1080\" class='wp-image-70100 avia-img-lazy-loading-not-70100 avia_image' src=\"https:\/\/agencevu.com\/wp-content\/uploads\/2020\/05\/08_DAIL18468-2013CL04.jpg\" alt='' title='Mother and son \/ M\u00e8re et fils'  itemprop=\"thumbnailUrl\" srcset=\"https:\/\/agencevu.com\/wp-content\/uploads\/2020\/05\/08_DAIL18468-2013CL04.jpg 1080w, https:\/\/agencevu.com\/wp-content\/uploads\/2020\/05\/08_DAIL18468-2013CL04-80x80.jpg 80w, https:\/\/agencevu.com\/wp-content\/uploads\/2020\/05\/08_DAIL18468-2013CL04-300x300.jpg 300w, https:\/\/agencevu.com\/wp-content\/uploads\/2020\/05\/08_DAIL18468-2013CL04-768x768.jpg 768w, https:\/\/agencevu.com\/wp-content\/uploads\/2020\/05\/08_DAIL18468-2013CL04-1030x1030.jpg 1030w, https:\/\/agencevu.com\/wp-content\/uploads\/2020\/05\/08_DAIL18468-2013CL04-36x36.jpg 36w, https:\/\/agencevu.com\/wp-content\/uploads\/2020\/05\/08_DAIL18468-2013CL04-180x180.jpg 180w, https:\/\/agencevu.com\/wp-content\/uploads\/2020\/05\/08_DAIL18468-2013CL04-705x705.jpg 705w, https:\/\/agencevu.com\/wp-content\/uploads\/2020\/05\/08_DAIL18468-2013CL04-120x120.jpg 120w, https:\/\/agencevu.com\/wp-content\/uploads\/2020\/05\/08_DAIL18468-2013CL04-450x450.jpg 450w\" sizes=\"(max-width: 1080px) 100vw, 1080px\" \/><\/a><\/div><\/div><\/div><br \/>\n<section class=\"av_textblock_section \"  itemscope=\"itemscope\" itemtype=\"https:\/\/schema.org\/CreativeWork\" ><div class='avia_textblock  '   itemprop=\"text\" ><p><em>L&#8217;\u0152il \u00e9coute<\/em><br \/>\n<strong>Hemeria<\/strong><br \/>\n\u2014<br \/>\nInterview by Yannick Le Guillanton, 2021<\/p>\n<p>[&#8230;] Would Denis Dailleux be like the Egyptians he photographs, a &#8220;beggar and proud&#8221; photographer? Because one can be poor but elegant, live on little but be proud of one&#8217;s destiny and of what one has built with one&#8217;s family, upright and dignified in the face of adversity? An attentive observer of society, he is above all a sociologist whose tool is photography. Attracted by the sincerity of his subjects, by their truth, he affirms that &#8220;with photography, we cut out the real, we reconstruct a life that can be bearable. [..]<\/p>\n<\/div><\/section><br \/>\n<div  class='avia-button-wrap avia-button-left ' ><a href='https:\/\/open.spotify.com\/episode\/4iBIpMqFoc4CfcU9dXBH7m' class='avia-button  avia-color-theme-color-highlight   avia-icon_select-no avia-size-small avia-position-left ' target=\"_blank\" rel=\"noopener noreferrer\"><span class='avia_iconbox_title' >Listen<\/span><\/a><\/div><\/p><\/div><div class=\"flex_column av_one_third  flex_column_div av-zero-column-padding   \" style='border-radius:0px; '><p><div  class='avia-image-container  av-styling-    avia-align-center '  itemprop=\"image\" itemscope=\"itemscope\" itemtype=\"https:\/\/schema.org\/ImageObject\"  ><div class='avia-image-container-inner'><div class='avia-image-overlay-wrap'><a href=\"https:\/\/www.franceculture.fr\/emissions\/par-les-temps-qui-courent\/denis-dailleux\" class='avia_image' target=\"_blank\" rel=\"noopener noreferrer\"><img width=\"500\" height=\"500\" class='wp-image-68205 avia-img-lazy-loading-not-68205 avia_image' src=\"https:\/\/agencevu.com\/wp-content\/uploads\/2018\/09\/DAIL18468-2011CL01.jpg\" alt='' title='Mother and son \/ M\u00e8re et fils'  itemprop=\"thumbnailUrl\" srcset=\"https:\/\/agencevu.com\/wp-content\/uploads\/2018\/09\/DAIL18468-2011CL01.jpg 500w, https:\/\/agencevu.com\/wp-content\/uploads\/2018\/09\/DAIL18468-2011CL01-80x80.jpg 80w, https:\/\/agencevu.com\/wp-content\/uploads\/2018\/09\/DAIL18468-2011CL01-300x300.jpg 300w, https:\/\/agencevu.com\/wp-content\/uploads\/2018\/09\/DAIL18468-2011CL01-36x36.jpg 36w, https:\/\/agencevu.com\/wp-content\/uploads\/2018\/09\/DAIL18468-2011CL01-180x180.jpg 180w, https:\/\/agencevu.com\/wp-content\/uploads\/2018\/09\/DAIL18468-2011CL01-120x120.jpg 120w, https:\/\/agencevu.com\/wp-content\/uploads\/2018\/09\/DAIL18468-2011CL01-450x450.jpg 450w\" sizes=\"(max-width: 500px) 100vw, 500px\" \/><\/a><\/div><\/div><\/div><br \/>\n<section class=\"av_textblock_section \"  itemscope=\"itemscope\" itemtype=\"https:\/\/schema.org\/CreativeWork\" ><div class='avia_textblock  '   itemprop=\"text\" ><p><em>Par les temps qui courent<\/em><br \/>\n<strong>France Culture<\/strong><br \/>\n\u2014<br \/>\nInterview by Marie Richeux, 2020<\/p>\n<p>Photographier, c\u2019est s\u2019emparer du corps.<br \/>\nEn photographie, il faut prendre, et parfois il y a une urgence \u00e0 prendre. Il y a des moments o\u00f9, on sent que tout est en place, et parfois, on le croit, mais c\u2019est une illusion, rien n\u2019est l\u00e0. En fait, il faut beaucoup de conjonctions pour que tout soit l\u00e0, mais aussi, en ce qui me concerne, beaucoup de d\u00e9sir.<\/p>\n<\/div><\/section><br \/>\n<div  class='avia-button-wrap avia-button-left ' ><a href='https:\/\/www.franceculture.fr\/emissions\/par-les-temps-qui-courent\/denis-dailleux' class='avia-button  avia-color-theme-color-highlight   avia-icon_select-no avia-size-small avia-position-left ' target=\"_blank\" rel=\"noopener noreferrer\"><span class='avia_iconbox_title' >Listen<\/span><\/a><\/div><\/p><\/div><div class=\"flex_column av_one_third  flex_column_div av-zero-column-padding first  \" style='border-radius:0px; '><p><div  class='avia-image-container  av-styling-    avia-align-center '  itemprop=\"image\" itemscope=\"itemscope\" itemtype=\"https:\/\/schema.org\/ImageObject\"  ><div class='avia-image-container-inner'><div class='avia-image-overlay-wrap'><a href=\"https:\/\/www.franceculture.fr\/emissions\/paso-doble-le-grand-entretien-de-lactualite-culturelle\/denis-dailleux-je-voulais-me-perdre\" class='avia_image' target=\"_blank\" rel=\"noopener noreferrer\"><img width=\"1080\" height=\"1080\" class='wp-image-68203 avia-img-lazy-loading-not-68203 avia_image' src=\"https:\/\/agencevu.com\/wp-content\/uploads\/2018\/09\/2016_11_ITW_Dailleux_Ghana_France-Culture.jpg\" alt='' title='Ghana, 2011'  itemprop=\"thumbnailUrl\" srcset=\"https:\/\/agencevu.com\/wp-content\/uploads\/2018\/09\/2016_11_ITW_Dailleux_Ghana_France-Culture.jpg 1080w, https:\/\/agencevu.com\/wp-content\/uploads\/2018\/09\/2016_11_ITW_Dailleux_Ghana_France-Culture-80x80.jpg 80w, https:\/\/agencevu.com\/wp-content\/uploads\/2018\/09\/2016_11_ITW_Dailleux_Ghana_France-Culture-300x300.jpg 300w, https:\/\/agencevu.com\/wp-content\/uploads\/2018\/09\/2016_11_ITW_Dailleux_Ghana_France-Culture-768x768.jpg 768w, https:\/\/agencevu.com\/wp-content\/uploads\/2018\/09\/2016_11_ITW_Dailleux_Ghana_France-Culture-1030x1030.jpg 1030w, https:\/\/agencevu.com\/wp-content\/uploads\/2018\/09\/2016_11_ITW_Dailleux_Ghana_France-Culture-36x36.jpg 36w, https:\/\/agencevu.com\/wp-content\/uploads\/2018\/09\/2016_11_ITW_Dailleux_Ghana_France-Culture-180x180.jpg 180w, https:\/\/agencevu.com\/wp-content\/uploads\/2018\/09\/2016_11_ITW_Dailleux_Ghana_France-Culture-705x705.jpg 705w, https:\/\/agencevu.com\/wp-content\/uploads\/2018\/09\/2016_11_ITW_Dailleux_Ghana_France-Culture-120x120.jpg 120w, https:\/\/agencevu.com\/wp-content\/uploads\/2018\/09\/2016_11_ITW_Dailleux_Ghana_France-Culture-450x450.jpg 450w\" sizes=\"(max-width: 1080px) 100vw, 1080px\" \/><\/a><\/div><\/div><\/div><br \/>\n<section class=\"av_textblock_section \"  itemscope=\"itemscope\" itemtype=\"https:\/\/schema.org\/CreativeWork\" ><div class='avia_textblock  '   itemprop=\"text\" ><p><em>Paso doble, le grand entretien<\/em><br \/>\n<strong>France Culture<\/strong><br \/>\n\u2014<br \/>\nInterview by Tewfik Hakem, 2016<\/p>\n<p><em>\u201cI wanted to get lost in Ghana, discover another place\u201d<\/em> Denis Dailleux<\/p>\n<\/div><\/section><br \/>\n<div  class='avia-button-wrap avia-button-left ' ><a href='https:\/\/www.franceculture.fr\/emissions\/paso-doble-le-grand-entretien-de-lactualite-culturelle\/denis-dailleux-je-voulais-me-perdre' class='avia-button  avia-color-theme-color-highlight   avia-icon_select-no avia-size-small avia-position-left ' target=\"_blank\" rel=\"noopener noreferrer\"><span class='avia_iconbox_title' >Listen<\/span><\/a><\/div><\/p><\/div><div class=\"flex_column av_one_third  flex_column_div av-zero-column-padding   \" style='border-radius:0px; '><p><div  class='avia-image-container  av-styling-    avia-align-center '  itemprop=\"image\" itemscope=\"itemscope\" itemtype=\"https:\/\/schema.org\/ImageObject\"  ><div class='avia-image-container-inner'><div class='avia-image-overlay-wrap'><a href=\"https:\/\/www.franceinter.fr\/emissions\/regardez-voir\/regardez-voir-25-janvier-2014\" class='avia_image' target=\"_blank\" rel=\"noopener noreferrer\"><img width=\"1080\" height=\"1080\" class='wp-image-68201 avia-img-lazy-loading-not-68201 avia_image' src=\"https:\/\/agencevu.com\/wp-content\/uploads\/2018\/09\/DAIL18467-2013CL09.jpg\" alt='' title='Egypt, Martyrs of the Revolution \/ \u00c9gypte, les martyrs de la r\u00e9volution'  itemprop=\"thumbnailUrl\" srcset=\"https:\/\/agencevu.com\/wp-content\/uploads\/2018\/09\/DAIL18467-2013CL09.jpg 1080w, https:\/\/agencevu.com\/wp-content\/uploads\/2018\/09\/DAIL18467-2013CL09-80x80.jpg 80w, https:\/\/agencevu.com\/wp-content\/uploads\/2018\/09\/DAIL18467-2013CL09-300x300.jpg 300w, https:\/\/agencevu.com\/wp-content\/uploads\/2018\/09\/DAIL18467-2013CL09-768x768.jpg 768w, https:\/\/agencevu.com\/wp-content\/uploads\/2018\/09\/DAIL18467-2013CL09-1030x1030.jpg 1030w, https:\/\/agencevu.com\/wp-content\/uploads\/2018\/09\/DAIL18467-2013CL09-36x36.jpg 36w, https:\/\/agencevu.com\/wp-content\/uploads\/2018\/09\/DAIL18467-2013CL09-180x180.jpg 180w, https:\/\/agencevu.com\/wp-content\/uploads\/2018\/09\/DAIL18467-2013CL09-705x705.jpg 705w, https:\/\/agencevu.com\/wp-content\/uploads\/2018\/09\/DAIL18467-2013CL09-120x120.jpg 120w, https:\/\/agencevu.com\/wp-content\/uploads\/2018\/09\/DAIL18467-2013CL09-450x450.jpg 450w\" sizes=\"(max-width: 1080px) 100vw, 1080px\" \/><\/a><\/div><\/div><\/div><br \/>\n<section class=\"av_textblock_section \"  itemscope=\"itemscope\" itemtype=\"https:\/\/schema.org\/CreativeWork\" ><div class='avia_textblock  '   itemprop=\"text\" ><p><em>Regardez-voir<\/em><br \/>\n<strong>France Inter<\/strong><br \/>\n\u2014<br \/>\nInterview by Brigitte Patient, 2014<\/p>\n<p>Egypte, les martyrs de la r\u00e9volution.<br \/>\nEntrer dans le plus intime de la r\u00e9volution commenc\u00e9e en janvier 2011, Place Tahrir, au Caire, c\u2019est que ferons ce soir avec les photographies de Denis Dailleux et Fabienne Pavia, \u00e9ditrice des \u00e9ditions Le bec en l\u2019air.<\/p>\n<\/div><\/section><br \/>\n<div  class='avia-button-wrap avia-button-left ' ><a href='https:\/\/www.franceinter.fr\/emissions\/regardez-voir\/regardez-voir-25-janvier-2014' class='avia-button  avia-color-theme-color-highlight   avia-icon_select-no avia-size-small avia-position-left ' target=\"_blank\" rel=\"noopener noreferrer\"><span class='avia_iconbox_title' >Listen<\/span><\/a><\/div><\/p><\/div><div class=\"flex_column av_one_third  flex_column_div av-zero-column-padding   \" style='border-radius:0px; '><p><div  class='avia-image-container  av-styling-    avia-align-center '  itemprop=\"image\" itemscope=\"itemscope\" itemtype=\"https:\/\/schema.org\/ImageObject\"  ><div class='avia-image-container-inner'><div class='avia-image-overlay-wrap'><a href=\"https:\/\/www.franceinter.fr\/emissions\/l-atelier\/l-atelier-13-juillet-2011\" class='avia_image' target=\"_blank\" rel=\"noopener noreferrer\"><img width=\"1080\" height=\"1080\" class='wp-image-68199 avia-img-lazy-loading-not-68199 avia_image' src=\"https:\/\/agencevu.com\/wp-content\/uploads\/2018\/09\/DAIL14635-2008CL11.jpg\" alt='' title='King&#039;s sons (book selection) \/ Fils de Roi (S\u00e9lection Livre)'  itemprop=\"thumbnailUrl\" srcset=\"https:\/\/agencevu.com\/wp-content\/uploads\/2018\/09\/DAIL14635-2008CL11.jpg 1080w, https:\/\/agencevu.com\/wp-content\/uploads\/2018\/09\/DAIL14635-2008CL11-80x80.jpg 80w, https:\/\/agencevu.com\/wp-content\/uploads\/2018\/09\/DAIL14635-2008CL11-300x300.jpg 300w, https:\/\/agencevu.com\/wp-content\/uploads\/2018\/09\/DAIL14635-2008CL11-768x768.jpg 768w, https:\/\/agencevu.com\/wp-content\/uploads\/2018\/09\/DAIL14635-2008CL11-1030x1030.jpg 1030w, https:\/\/agencevu.com\/wp-content\/uploads\/2018\/09\/DAIL14635-2008CL11-36x36.jpg 36w, https:\/\/agencevu.com\/wp-content\/uploads\/2018\/09\/DAIL14635-2008CL11-180x180.jpg 180w, https:\/\/agencevu.com\/wp-content\/uploads\/2018\/09\/DAIL14635-2008CL11-705x705.jpg 705w, https:\/\/agencevu.com\/wp-content\/uploads\/2018\/09\/DAIL14635-2008CL11-120x120.jpg 120w, https:\/\/agencevu.com\/wp-content\/uploads\/2018\/09\/DAIL14635-2008CL11-450x450.jpg 450w\" sizes=\"(max-width: 1080px) 100vw, 1080px\" \/><\/a><\/div><\/div><\/div><br \/>\n<section class=\"av_textblock_section \"  itemscope=\"itemscope\" itemtype=\"https:\/\/schema.org\/CreativeWork\" ><div class='avia_textblock  '   itemprop=\"text\" ><p><em>L&#8217;Atelier de Denis Dailleux au caire (2\/2)<\/em><br \/>\n<strong>France Inter<\/strong><br \/>\n\u2014<br \/>\nInterview by Vincent Josse, 2011<\/p>\n<p>&#8220;Photography is not an obsession, at one point it becomes a necessity, interspersed with moments when I go to see people, for the pleasure of greeting them.&#8221; Denis Dailleux<\/p>\n<\/div><\/section><br \/>\n<div  class='avia-button-wrap avia-button-left ' ><a href='https:\/\/www.franceinter.fr\/emissions\/l-atelier\/l-atelier-13-juillet-2011' class='avia-button  avia-color-theme-color-highlight   avia-icon_select-no avia-size-small avia-position-left ' target=\"_blank\" rel=\"noopener noreferrer\"><span class='avia_iconbox_title' >Listen<\/span><\/a><\/div><\/p><\/div><div class=\"flex_column av_one_third  flex_column_div av-zero-column-padding first  \" style='border-radius:0px; '><p><div  class='avia-image-container  av-styling-    avia-align-center '  itemprop=\"image\" itemscope=\"itemscope\" itemtype=\"https:\/\/schema.org\/ImageObject\"  ><div class='avia-image-container-inner'><div class='avia-image-overlay-wrap'><a href=\"https:\/\/www.franceinter.fr\/emissions\/l-atelier\/l-atelier-11-juin-2011\" class='avia_image' target=\"_blank\" rel=\"noopener noreferrer\"><img width=\"900\" height=\"900\" class='wp-image-68196 avia-img-lazy-loading-not-68196 avia_image' src=\"https:\/\/agencevu.com\/wp-content\/uploads\/2018\/09\/DAIL10091-1994CL21.jpg\" alt='' title='Cairo \/ Le Caire'  itemprop=\"thumbnailUrl\" srcset=\"https:\/\/agencevu.com\/wp-content\/uploads\/2018\/09\/DAIL10091-1994CL21.jpg 900w, https:\/\/agencevu.com\/wp-content\/uploads\/2018\/09\/DAIL10091-1994CL21-80x80.jpg 80w, https:\/\/agencevu.com\/wp-content\/uploads\/2018\/09\/DAIL10091-1994CL21-300x300.jpg 300w, https:\/\/agencevu.com\/wp-content\/uploads\/2018\/09\/DAIL10091-1994CL21-768x768.jpg 768w, https:\/\/agencevu.com\/wp-content\/uploads\/2018\/09\/DAIL10091-1994CL21-36x36.jpg 36w, https:\/\/agencevu.com\/wp-content\/uploads\/2018\/09\/DAIL10091-1994CL21-180x180.jpg 180w, https:\/\/agencevu.com\/wp-content\/uploads\/2018\/09\/DAIL10091-1994CL21-705x705.jpg 705w, https:\/\/agencevu.com\/wp-content\/uploads\/2018\/09\/DAIL10091-1994CL21-120x120.jpg 120w, https:\/\/agencevu.com\/wp-content\/uploads\/2018\/09\/DAIL10091-1994CL21-450x450.jpg 450w\" sizes=\"(max-width: 900px) 100vw, 900px\" \/><\/a><\/div><\/div><\/div><br \/>\n<section class=\"av_textblock_section \"  itemscope=\"itemscope\" itemtype=\"https:\/\/schema.org\/CreativeWork\" ><div class='avia_textblock  '   itemprop=\"text\" ><p><em>L&#8217;Atelier de Denis Dailleux au caire (1\/2)<\/em><br \/>\n<strong>France Inter<\/strong><br \/>\n\u2014<br \/>\nInterview by Vincent Josse, 2011<\/p>\n<p>\u201cThere is a certain amount of manipulation in the image, of course\u2026 In photography, we talk about ourselves before we talk about the other, we must not lie to ourselves\u2026\u201d Denis Dailleux<\/p>\n<\/div><\/section><br \/>\n<div  class='avia-button-wrap avia-button-left ' ><a href='https:\/\/www.franceinter.fr\/emissions\/l-atelier\/l-atelier-11-juin-2011' class='avia-button  avia-color-theme-color-highlight   avia-icon_select-no avia-size-small avia-position-left ' target=\"_blank\" rel=\"noopener noreferrer\"><span class='avia_iconbox_title' >Listen<\/span><\/a><\/div><\/p><\/div><div class=\"flex_column av_one_third  flex_column_div av-zero-column-padding   \" style='border-radius:0px; '><p><div  class='avia-image-container  av-styling-no-styling    avia-align-center '  itemprop=\"image\" itemscope=\"itemscope\" itemtype=\"https:\/\/schema.org\/ImageObject\"  ><div class='avia-image-container-inner'><div class='avia-image-overlay-wrap'><a href=\"https:\/\/vimeo.com\/336774678\" class='avia_image' target=\"_blank\" rel=\"noopener noreferrer\"><img width=\"500\" height=\"500\" class='wp-image-73956 avia-img-lazy-loading-not-73956 avia_image' src=\"https:\/\/agencevu.com\/wp-content\/uploads\/2018\/09\/dailleux-video.jpg\" alt='' title='dailleux-video'  itemprop=\"thumbnailUrl\" srcset=\"https:\/\/agencevu.com\/wp-content\/uploads\/2018\/09\/dailleux-video.jpg 500w, https:\/\/agencevu.com\/wp-content\/uploads\/2018\/09\/dailleux-video-80x80.jpg 80w, https:\/\/agencevu.com\/wp-content\/uploads\/2018\/09\/dailleux-video-300x300.jpg 300w, https:\/\/agencevu.com\/wp-content\/uploads\/2018\/09\/dailleux-video-36x36.jpg 36w, https:\/\/agencevu.com\/wp-content\/uploads\/2018\/09\/dailleux-video-180x180.jpg 180w, https:\/\/agencevu.com\/wp-content\/uploads\/2018\/09\/dailleux-video-120x120.jpg 120w, https:\/\/agencevu.com\/wp-content\/uploads\/2018\/09\/dailleux-video-450x450.jpg 450w\" sizes=\"(max-width: 500px) 100vw, 500px\" \/><\/a><\/div><\/div><\/div><br \/>\n<section class=\"av_textblock_section \"  itemscope=\"itemscope\" itemtype=\"https:\/\/schema.org\/CreativeWork\" ><div class='avia_textblock  '   itemprop=\"text\" ><p><em>Temps de pose<\/em><br \/>\n<strong>Arte<\/strong><br \/>\n\u2014<br \/>\n2011<\/p>\n<p>The photograph Denis Dailleux was in Cairo on February 11, the day of the fall of Mubarak. And yet, the photos he selected for us show not Tahrir\u2019s place, but Egyptians, in their daily lives. Portraits, which allow us to take a different look at the faces behind the headlines.<\/p>\n<\/div><\/section><\/p><\/div><div  style='height:50px' class='hr hr-invisible  '><span class='hr-inner ' ><span class='hr-inner-style'><\/span><\/span><\/div>\n\n<\/div><\/div><\/div><!-- close content main div --><\/div><\/div><div id='exhibitions'  class='avia-section main_color avia-section-small avia-no-border-styling  avia-bg-style-scroll   container_wrap fullsize' style=' '  ><div class='container' ><div class='template-page content  av-content-full alpha units'><div class='post-entry post-entry-type-page post-entry-107883'><div class='entry-content-wrapper clearfix'>\n<section class=\"av_textblock_section \"  itemscope=\"itemscope\" itemtype=\"https:\/\/schema.org\/CreativeWork\" ><div class='avia_textblock  '  style='font-size:20px; '  itemprop=\"text\" ><p id=\"expo\" style=\"color: #707070; letter-spacing: 1.5px; text-transform: uppercase;\">Exhibitions<\/p>\n<hr class=\"hr-titre-page\">\n<\/div><\/section>\n<div class=\"flex_column av_one_third  flex_column_div av-zero-column-padding first  \" style='border-radius:0px; '><p><div  class='avia-image-container  av-styling-no-styling    avia-align-center '  itemprop=\"image\" itemscope=\"itemscope\" itemtype=\"https:\/\/schema.org\/ImageObject\"  ><div class='avia-image-container-inner'><div class='avia-image-overlay-wrap'><a href=\"https:\/\/agencevu.com\/en\/fat-event\/denis-dailleux-mere-et-fils-2025\/\" class='avia_image'  target=\"_blank\"  rel=\"noopener noreferrer\"><img width=\"1000\" height=\"1000\" class='wp-image-215017 avia-img-lazy-loading-not-215017 avia_image' src=\"https:\/\/agencevu.com\/wp-content\/uploads\/2024\/10\/p_DAIL21220-2014CL12.jpg\" alt='' title='Flowers picking in India \/ Cueillette des fleurs dans le Tamil Nadu, en Inde'  itemprop=\"thumbnailUrl\" srcset=\"https:\/\/agencevu.com\/wp-content\/uploads\/2024\/10\/p_DAIL21220-2014CL12.jpg 1000w, https:\/\/agencevu.com\/wp-content\/uploads\/2024\/10\/p_DAIL21220-2014CL12-300x300.jpg 300w, https:\/\/agencevu.com\/wp-content\/uploads\/2024\/10\/p_DAIL21220-2014CL12-80x80.jpg 80w, https:\/\/agencevu.com\/wp-content\/uploads\/2024\/10\/p_DAIL21220-2014CL12-768x768.jpg 768w, https:\/\/agencevu.com\/wp-content\/uploads\/2024\/10\/p_DAIL21220-2014CL12-36x36.jpg 36w, https:\/\/agencevu.com\/wp-content\/uploads\/2024\/10\/p_DAIL21220-2014CL12-180x180.jpg 180w, https:\/\/agencevu.com\/wp-content\/uploads\/2024\/10\/p_DAIL21220-2014CL12-705x705.jpg 705w\" sizes=\"(max-width: 1000px) 100vw, 1000px\" \/><\/a><\/div><\/div><\/div><br \/>\n<section class=\"av_textblock_section \"  itemscope=\"itemscope\" itemtype=\"https:\/\/schema.org\/CreativeWork\" ><div class='avia_textblock  '   itemprop=\"text\" ><p><em>Portraits en fleurs, impressions indiennes<\/em><\/p>\n<p><strong>Exhibition from 14 October 2025 to 3 January 2026<\/strong><br \/>\n<strong> Opening on Tuesday, 14 October at 7 p.m.<\/strong><\/p>\n<p>Elsa Triolet Media Library<br \/>\n4 Rue de l\u2019Union, 93000 Bobigny<\/p>\n<\/div><\/section><br \/>\n<div  class='avia-button-wrap avia-button-left ' ><a href='https:\/\/agencevu.com\/en\/fat-event\/denis-dailleux-portraits-en-fleurs-impressions-indiennes\/'  class='avia-button  avia-color-theme-color-highlight   avia-icon_select-no avia-size-small avia-position-left '  target=\"_blank\"  rel=\"noopener noreferrer\"  ><span class='avia_iconbox_title' >More informations<\/span><\/a><\/div><\/p><\/div><div class=\"flex_column av_one_third  flex_column_div av-zero-column-padding   \" style='border-radius:0px; '><p><div  class='avia-image-container  av-styling-no-styling    avia-align-center '  itemprop=\"image\" itemscope=\"itemscope\" itemtype=\"https:\/\/schema.org\/ImageObject\"  ><div class='avia-image-container-inner'><div class='avia-image-overlay-wrap'><a href=\"https:\/\/agencevu.com\/en\/fat-event\/denis-dailleux-mere-et-fils-2025\/\" class='avia_image'  target=\"_blank\"  rel=\"noopener noreferrer\"><img width=\"730\" height=\"730\" class='wp-image-219903 avia-img-lazy-loading-not-219903 avia_image' src=\"https:\/\/agencevu.com\/wp-content\/uploads\/2025\/01\/00_DAIL25317-2022CL059_PREVIEW.jpg\" alt='' title='Misr: Denis Dailleux&#039; Egypt \/ L&#039;Egypte de Denis Dailleux'  itemprop=\"thumbnailUrl\" srcset=\"https:\/\/agencevu.com\/wp-content\/uploads\/2025\/01\/00_DAIL25317-2022CL059_PREVIEW.jpg 730w, https:\/\/agencevu.com\/wp-content\/uploads\/2025\/01\/00_DAIL25317-2022CL059_PREVIEW-300x300.jpg 300w, https:\/\/agencevu.com\/wp-content\/uploads\/2025\/01\/00_DAIL25317-2022CL059_PREVIEW-80x80.jpg 80w, https:\/\/agencevu.com\/wp-content\/uploads\/2025\/01\/00_DAIL25317-2022CL059_PREVIEW-36x36.jpg 36w, https:\/\/agencevu.com\/wp-content\/uploads\/2025\/01\/00_DAIL25317-2022CL059_PREVIEW-180x180.jpg 180w, https:\/\/agencevu.com\/wp-content\/uploads\/2025\/01\/00_DAIL25317-2022CL059_PREVIEW-705x705.jpg 705w\" sizes=\"(max-width: 730px) 100vw, 730px\" \/><\/a><\/div><\/div><\/div><br \/>\n<section class=\"av_textblock_section \"  itemscope=\"itemscope\" itemtype=\"https:\/\/schema.org\/CreativeWork\" ><div class='avia_textblock  '   itemprop=\"text\" ><p class=\"p1\"><strong>Mother and son<\/strong><br \/>\n&#8211;<br \/>\nDestin sensible, Mons-en Baroeularar<br \/>\n&#8211;<br \/>\nFrom 11 January to 8 March 2025<\/p>\n<\/div><\/section><br \/>\n<div  class='avia-button-wrap avia-button-left ' ><a href='https:\/\/agencevu.com\/en\/fat-event\/denis-dailleux-mere-et-fils-2025\/'  class='avia-button  avia-color-theme-color-highlight   avia-icon_select-no avia-size-small avia-position-left '  target=\"_blank\"  rel=\"noopener noreferrer\"  ><span class='avia_iconbox_title' >More informations<\/span><\/a><\/div><\/p><\/div><div class=\"flex_column av_one_third  flex_column_div av-zero-column-padding   \" style='border-radius:0px; '><p><div  class='avia-image-container  av-styling-no-styling    avia-align-center '  itemprop=\"image\" itemscope=\"itemscope\" itemtype=\"https:\/\/schema.org\/ImageObject\"  ><div class='avia-image-container-inner'><div class='avia-image-overlay-wrap'><a href=\"https:\/\/agencevu.com\/en\/fat-event\/denis-dailleux-misr\/\" class='avia_image'  target=\"_blank\"  rel=\"noopener noreferrer\"><img width=\"730\" height=\"730\" class='wp-image-200974 avia-img-lazy-loading-not-200974 avia_image' src=\"https:\/\/agencevu.com\/wp-content\/uploads\/2023\/06\/DAIL7624-2002CL01-PREVIEW.jpg\" alt='' title='King&#039;s sons \/ Fils de Roi'  itemprop=\"thumbnailUrl\" srcset=\"https:\/\/agencevu.com\/wp-content\/uploads\/2023\/06\/DAIL7624-2002CL01-PREVIEW.jpg 730w, https:\/\/agencevu.com\/wp-content\/uploads\/2023\/06\/DAIL7624-2002CL01-PREVIEW-300x300.jpg 300w, https:\/\/agencevu.com\/wp-content\/uploads\/2023\/06\/DAIL7624-2002CL01-PREVIEW-80x80.jpg 80w, https:\/\/agencevu.com\/wp-content\/uploads\/2023\/06\/DAIL7624-2002CL01-PREVIEW-36x36.jpg 36w, https:\/\/agencevu.com\/wp-content\/uploads\/2023\/06\/DAIL7624-2002CL01-PREVIEW-180x180.jpg 180w, https:\/\/agencevu.com\/wp-content\/uploads\/2023\/06\/DAIL7624-2002CL01-PREVIEW-705x705.jpg 705w\" sizes=\"(max-width: 730px) 100vw, 730px\" \/><\/a><\/div><\/div><\/div><br \/>\n<section class=\"av_textblock_section \"  itemscope=\"itemscope\" itemtype=\"https:\/\/schema.org\/CreativeWork\" ><div class='avia_textblock  '   itemprop=\"text\" ><p class=\"p1\"><strong>MISR<\/strong><br \/>\n&#8211;<br \/>\nAbbaye Royale de l\u2019Epau<br \/>\n&#8211;<br \/>\nFrom June 21 to November 6, 2023<\/p>\n<\/div><\/section><br \/>\n<div  class='avia-button-wrap avia-button-left ' ><a href='https:\/\/agencevu.com\/en\/fat-event\/denis-dailleux-misr\/'  class='avia-button  avia-color-theme-color-highlight   avia-icon_select-no avia-size-small avia-position-left '  target=\"_blank\"  rel=\"noopener noreferrer\"  ><span class='avia_iconbox_title' >More informations<\/span><\/a><\/div><\/p><\/div><div class=\"flex_column av_one_third  flex_column_div av-zero-column-padding first  \" style='border-radius:0px; '><p><div  class='avia-image-container  av-styling-no-styling    avia-align-center '  itemprop=\"image\" itemscope=\"itemscope\" itemtype=\"https:\/\/schema.org\/ImageObject\"  ><div class='avia-image-container-inner'><div class='avia-image-overlay-wrap'><a href=\"https:\/\/agencevu.com\/en\/fat-event\/denis-dailleux-ghana-we-shall-meet-again\/\" class='avia_image'  target=\"_blank\"  rel=\"noopener noreferrer\"><img width=\"300\" height=\"300\" class='wp-image-154669 avia-img-lazy-loading-not-154669 avia_image' src=\"https:\/\/agencevu.com\/wp-content\/uploads\/2021\/05\/DAIL21921-2016CL12-300x300.jpg\" alt='' title='Ghana'  itemprop=\"thumbnailUrl\" srcset=\"https:\/\/agencevu.com\/wp-content\/uploads\/2021\/05\/DAIL21921-2016CL12-300x300.jpg 300w, https:\/\/agencevu.com\/wp-content\/uploads\/2021\/05\/DAIL21921-2016CL12-1030x1030.jpg 1030w, https:\/\/agencevu.com\/wp-content\/uploads\/2021\/05\/DAIL21921-2016CL12-80x80.jpg 80w, https:\/\/agencevu.com\/wp-content\/uploads\/2021\/05\/DAIL21921-2016CL12-768x768.jpg 768w, https:\/\/agencevu.com\/wp-content\/uploads\/2021\/05\/DAIL21921-2016CL12-36x36.jpg 36w, https:\/\/agencevu.com\/wp-content\/uploads\/2021\/05\/DAIL21921-2016CL12-180x180.jpg 180w, https:\/\/agencevu.com\/wp-content\/uploads\/2021\/05\/DAIL21921-2016CL12-705x705.jpg 705w, https:\/\/agencevu.com\/wp-content\/uploads\/2021\/05\/DAIL21921-2016CL12.jpg 1080w\" sizes=\"(max-width: 300px) 100vw, 300px\" \/><\/a><\/div><\/div><\/div><br \/>\n<section class=\"av_textblock_section \"  itemscope=\"itemscope\" itemtype=\"https:\/\/schema.org\/CreativeWork\" ><div class='avia_textblock  '   itemprop=\"text\" ><p class=\"p1\"><strong>Ghana, we shall meet again<\/strong><br \/>\n&#8211;<br \/>\nPhoto Festival Le Guilvinec, Le Guilvinec (FRANCE)<br \/>\n&#8211;<br \/>\nFrom June 1 to September 30, 2021<\/p>\n<\/div><\/section><br \/>\n<div  class='avia-button-wrap avia-button-left ' ><a href='\/en\/fat-event\/denis-dailleux-ghana-we-shall-meet-again\/' class='avia-button  avia-color-theme-color-highlight   avia-icon_select-no avia-size-small avia-position-left ' target=\"_blank\" rel=\"noopener noreferrer\"><span class='avia_iconbox_title' >More informations<\/span><\/a><\/div><\/p><\/div><div class=\"flex_column av_one_third  flex_column_div av-zero-column-padding   \" style='border-radius:0px; '><p><div  class='avia-image-container  av-styling-no-styling    avia-align-center '  itemprop=\"image\" itemscope=\"itemscope\" itemtype=\"https:\/\/schema.org\/ImageObject\"  ><div class='avia-image-container-inner'><div class='avia-image-overlay-wrap'><a href=\"https:\/\/agencevu.com\/en\/fat-event\/denis-dailleux-annees-90-de-mon-village-a-persan\/\" class='avia_image'  target=\"_blank\"  rel=\"noopener noreferrer\"><img width=\"851\" height=\"1080\" class='wp-image-148912 avia-img-lazy-loading-not-148912 avia_image' src=\"https:\/\/agencevu.com\/wp-content\/uploads\/2021\/04\/DAIL7623-1990NB06.jpg\" alt='' title='DAIL7623-1990NB06'  itemprop=\"thumbnailUrl\" srcset=\"https:\/\/agencevu.com\/wp-content\/uploads\/2021\/04\/DAIL7623-1990NB06.jpg 851w, https:\/\/agencevu.com\/wp-content\/uploads\/2021\/04\/DAIL7623-1990NB06-236x300.jpg 236w, https:\/\/agencevu.com\/wp-content\/uploads\/2021\/04\/DAIL7623-1990NB06-812x1030.jpg 812w, https:\/\/agencevu.com\/wp-content\/uploads\/2021\/04\/DAIL7623-1990NB06-63x80.jpg 63w, https:\/\/agencevu.com\/wp-content\/uploads\/2021\/04\/DAIL7623-1990NB06-768x975.jpg 768w, https:\/\/agencevu.com\/wp-content\/uploads\/2021\/04\/DAIL7623-1990NB06-556x705.jpg 556w\" sizes=\"(max-width: 851px) 100vw, 851px\" \/><\/a><\/div><\/div><\/div><br \/>\n<section class=\"av_textblock_section \"  itemscope=\"itemscope\" itemtype=\"https:\/\/schema.org\/CreativeWork\" ><div class='avia_textblock  '   itemprop=\"text\" ><p class=\"p1\"><strong>Ann\u00e9es 90, de mon village \u00e0 Persan<\/strong><br \/>\n&#8211;<br \/>\nFestival L\u2019\u0153il Urbain, Corbeil-Essonnes (FRANCE)<br \/>\n&#8211;<br \/>\nFrom May 27 to July 4, 2021<\/p>\n<\/div><\/section><br \/>\n<div  class='avia-button-wrap avia-button-left ' ><a href='\/en\/fat-event\/denis-dailleux-annees-90-de-mon-village-a-persan\/' class='avia-button  avia-color-theme-color-highlight   avia-icon_select-no avia-size-small avia-position-left ' target=\"_blank\" rel=\"noopener noreferrer\"><span class='avia_iconbox_title' >More informations<\/span><\/a><\/div><\/p><\/div><div class=\"flex_column av_one_third  flex_column_div av-zero-column-padding   \" style='border-radius:0px; '><p><div  class='avia-image-container  av-styling-no-styling    avia-align-center '  itemprop=\"image\" itemscope=\"itemscope\" itemtype=\"https:\/\/schema.org\/ImageObject\"  ><div class='avia-image-container-inner'><div class='avia-image-overlay-wrap'><a href=\"https:\/\/agencevu.com\/en\/fat-event\/denis-dailleux-ma-tante-juliette\/\" class='avia_image'  target=\"_blank\"  rel=\"noopener noreferrer\"><img width=\"730\" height=\"730\" class='wp-image-72193 avia-img-lazy-loading-not-72193 avia_image' src=\"https:\/\/agencevu.com\/wp-content\/uploads\/2020\/06\/730_0.399166001553528172.jpg\" alt='' title='730_0.399166001553528172'  itemprop=\"thumbnailUrl\" srcset=\"https:\/\/agencevu.com\/wp-content\/uploads\/2020\/06\/730_0.399166001553528172.jpg 730w, https:\/\/agencevu.com\/wp-content\/uploads\/2020\/06\/730_0.399166001553528172-80x80.jpg 80w, https:\/\/agencevu.com\/wp-content\/uploads\/2020\/06\/730_0.399166001553528172-300x300.jpg 300w, https:\/\/agencevu.com\/wp-content\/uploads\/2020\/06\/730_0.399166001553528172-36x36.jpg 36w, https:\/\/agencevu.com\/wp-content\/uploads\/2020\/06\/730_0.399166001553528172-180x180.jpg 180w, https:\/\/agencevu.com\/wp-content\/uploads\/2020\/06\/730_0.399166001553528172-705x705.jpg 705w, https:\/\/agencevu.com\/wp-content\/uploads\/2020\/06\/730_0.399166001553528172-120x120.jpg 120w, https:\/\/agencevu.com\/wp-content\/uploads\/2020\/06\/730_0.399166001553528172-450x450.jpg 450w\" sizes=\"(max-width: 730px) 100vw, 730px\" \/><\/a><\/div><\/div><\/div><br \/>\n<section class=\"av_textblock_section \"  itemscope=\"itemscope\" itemtype=\"https:\/\/schema.org\/CreativeWork\" ><div class='avia_textblock  '   itemprop=\"text\" ><p class=\"p1\"><strong>Ma tante Juliette<\/strong><br \/>\n&#8211;<br \/>\nCit\u00e9 de l&#8217;image de Clervaux, Clervaux (LUXEMBURG)<br \/>\n&#8211;<br \/>\nFrom April 12, 2019 to April 10,&nbsp;2020<\/p>\n<\/div><\/section><br \/>\n<div  class='avia-button-wrap avia-button-left ' ><a href='\/en\/fat-event\/denis-dailleux-ma-tante-juliette\/' class='avia-button  avia-color-theme-color-highlight   avia-icon_select-no avia-size-small avia-position-left ' target=\"_blank\" rel=\"noopener noreferrer\"><span class='avia_iconbox_title' >More informations<\/span><\/a><\/div><\/p><\/div><div  style='height:50px' class='hr hr-invisible  '><span class='hr-inner ' ><span class='hr-inner-style'><\/span><\/span><\/div>\n<\/div><\/div><\/div><!-- close content main div --><\/div><\/div><div id='books'  class='avia-section main_color avia-section-small avia-no-border-styling  avia-bg-style-scroll   container_wrap fullsize' style=' '  ><div class='container' ><div class='template-page content  av-content-full alpha units'><div class='post-entry post-entry-type-page post-entry-107883'><div class='entry-content-wrapper clearfix'>\n<section class=\"av_textblock_section \"  itemscope=\"itemscope\" itemtype=\"https:\/\/schema.org\/CreativeWork\" ><div class='avia_textblock  '  style='font-size:20px; '  itemprop=\"text\" ><p id=\"livre\" style=\"color: #707070; letter-spacing: 1.5px; text-transform: uppercase;\">books<\/p>\n<hr class=\"hr-titre-page\">\n<\/div><\/section>\n<div  data-autoplay=''  data-interval='5'  data-animation='fade'  data-show_slide_delay='90'  class='avia-content-slider avia-content-grid-active avia-content-slider4 avia-content-slider-even   av-medium-hide av-small-hide av-mini-hide'  itemscope=\"itemscope\" itemtype=\"https:\/\/schema.org\/Blog\" ><div class='avia-content-slider-inner'><div class='slide-entry-wrap'><article class='slide-entry flex_column  post-entry post-entry-225157 slide-entry-overview slide-loop-1 slide-parity-odd  av_one_fourth first real-thumbnail'  itemscope=\"itemscope\" itemtype=\"https:\/\/schema.org\/CreativeWork\" ><a href='https:\/\/agencevu.com\/en\/book\/les-gens-de-mon-village\/' data-rel='slide-4' class='slide-image' title=''><img width=\"142\" height=\"185\" src=\"https:\/\/agencevu.com\/wp-content\/uploads\/2025\/11\/00_preview_dailleux.jpg\" class=\"wp-image-225155 avia-img-lazy-loading-225155 attachment-portfolio_small size-portfolio_small wp-post-image\" alt=\"\" loading=\"lazy\" srcset=\"https:\/\/agencevu.com\/wp-content\/uploads\/2025\/11\/00_preview_dailleux.jpg 142w, https:\/\/agencevu.com\/wp-content\/uploads\/2025\/11\/00_preview_dailleux-61x80.jpg 61w\" sizes=\"(max-width: 142px) 100vw, 142px\" \/><\/a><div class='slide-content'><header class=\"entry-content-header\"><span class=\"blog-categories minor-meta\"><a href=\"https:\/\/agencevu.com\/en\/Home\/home-evenements\/\" rel=\"tag\">Home-Evenements<\/a> <a href=\"https:\/\/agencevu.com\/en\/annee\/2026-en\/\" rel=\"tag\">2026<\/a> <a href=\"https:\/\/agencevu.com\/en\/photographer\/denis-dailleux\/\" rel=\"tag\">Denis Dailleux<\/a> <a href=\"https:\/\/agencevu.com\/en\/section_taxonomy\/livres\/\" rel=\"tag\">livres<\/a> <\/span><h3 class='slide-entry-title entry-title'  itemprop=\"headline\" ><a href='https:\/\/agencevu.com\/en\/book\/les-gens-de-mon-village\/' title='Les gens de mon village'>Les gens de mon village<\/a><\/h3><span class=\"av-vertical-delimiter\"><\/span><\/header><div class='slide-entry-excerpt entry-content'  itemprop=\"text\" >Le Bec en l'air - 2026<\/div><\/div><footer class=\"entry-footer\"><div class='slide-meta'><time class='slide-meta-time updated'  itemprop=\"datePublished\" datetime=\"2025-11-03T16:52:15+01:00\" >3 November 2025<\/time><\/div><\/footer><span class='hidden'>\n\t\t\t\t<span class='av-structured-data'  itemprop=\"image\" itemscope=\"itemscope\" itemtype=\"https:\/\/schema.org\/ImageObject\" >\n\t\t\t\t\t\t<span itemprop='url'>https:\/\/agencevu.com\/wp-content\/uploads\/2025\/11\/00_preview_dailleux.jpg<\/span>\n\t\t\t\t\t\t<span itemprop='height'>185<\/span>\n\t\t\t\t\t\t<span itemprop='width'>142<\/span>\n\t\t\t\t<\/span>\n\t\t\t\t<span class='av-structured-data'  itemprop=\"publisher\" itemtype=\"https:\/\/schema.org\/Organization\" itemscope=\"itemscope\" >\n\t\t\t\t\t\t<span itemprop='name'>Fanny Demichelis<\/span>\n\t\t\t\t\t\t<span itemprop='logo' itemscope itemtype='https:\/\/schema.org\/ImageObject'>\n\t\t\t\t\t\t\t<span itemprop='url'>\/wp-content\/uploads\/2021\/05\/logo-vert-2.svg<\/span>\n\t\t\t\t\t\t <\/span>\n\t\t\t\t<\/span><span class='av-structured-data'  itemprop=\"author\" itemscope=\"itemscope\" itemtype=\"https:\/\/schema.org\/Person\" ><span itemprop='name'>Fanny Demichelis<\/span><\/span><span class='av-structured-data'  itemprop=\"datePublished\" datetime=\"1997-05-22T11:15:02+02:00\" >2025-11-03 16:52:15<\/span><span class='av-structured-data'  itemprop=\"dateModified\" itemtype=\"https:\/\/schema.org\/dateModified\" >2026-02-16 16:45:09<\/span><span class='av-structured-data'  itemprop=\"mainEntityOfPage\" itemtype=\"https:\/\/schema.org\/mainEntityOfPage\" ><span itemprop='name'>Les gens de mon village<\/span><\/span><\/span><\/article><article class='slide-entry flex_column  post-entry post-entry-189924 slide-entry-overview slide-loop-2 slide-parity-even  av_one_fourth  real-thumbnail'  itemscope=\"itemscope\" itemtype=\"https:\/\/schema.org\/CreativeWork\" ><a href='https:\/\/agencevu.com\/en\/book\/misr\/' data-rel='slide-4' class='slide-image' title=''><img width=\"188\" height=\"185\" src=\"https:\/\/agencevu.com\/wp-content\/uploads\/2022\/10\/Preview_2022_Daileux_Egypte_Misr.jpg\" class=\"wp-image-189956 avia-img-lazy-loading-189956 attachment-portfolio_small size-portfolio_small wp-post-image\" alt=\"\" loading=\"lazy\" srcset=\"https:\/\/agencevu.com\/wp-content\/uploads\/2022\/10\/Preview_2022_Daileux_Egypte_Misr.jpg 188w, https:\/\/agencevu.com\/wp-content\/uploads\/2022\/10\/Preview_2022_Daileux_Egypte_Misr-80x80.jpg 80w, https:\/\/agencevu.com\/wp-content\/uploads\/2022\/10\/Preview_2022_Daileux_Egypte_Misr-36x36.jpg 36w\" sizes=\"(max-width: 188px) 100vw, 188px\" \/><\/a><div class='slide-content'><header class=\"entry-content-header\"><span class=\"blog-categories minor-meta\"><a href=\"https:\/\/agencevu.com\/en\/Home\/home-evenements\/\" rel=\"tag\">Home-Evenements<\/a> <a href=\"https:\/\/agencevu.com\/en\/annee\/2022-en\/\" rel=\"tag\">2022<\/a> <a href=\"https:\/\/agencevu.com\/en\/photographer\/denis-dailleux\/\" rel=\"tag\">Denis Dailleux<\/a> <a href=\"https:\/\/agencevu.com\/en\/section_taxonomy\/livres\/\" rel=\"tag\">livres<\/a> <\/span><h3 class='slide-entry-title entry-title'  itemprop=\"headline\" ><a href='https:\/\/agencevu.com\/en\/book\/misr\/' title='Misr'>Misr<\/a><\/h3><span class=\"av-vertical-delimiter\"><\/span><\/header><div class='slide-entry-excerpt entry-content'  itemprop=\"text\" >Le bec en l'air - 2022<\/div><\/div><footer class=\"entry-footer\"><div class='slide-meta'><time class='slide-meta-time updated'  itemprop=\"datePublished\" datetime=\"2022-10-25T11:41:58+02:00\" >25 October 2022<\/time><\/div><\/footer><span class='hidden'>\n\t\t\t\t<span class='av-structured-data'  itemprop=\"image\" itemscope=\"itemscope\" itemtype=\"https:\/\/schema.org\/ImageObject\" >\n\t\t\t\t\t\t<span itemprop='url'>https:\/\/agencevu.com\/wp-content\/uploads\/2022\/10\/Preview_2022_Daileux_Egypte_Misr.jpg<\/span>\n\t\t\t\t\t\t<span itemprop='height'>185<\/span>\n\t\t\t\t\t\t<span itemprop='width'>188<\/span>\n\t\t\t\t<\/span>\n\t\t\t\t<span class='av-structured-data'  itemprop=\"publisher\" itemtype=\"https:\/\/schema.org\/Organization\" itemscope=\"itemscope\" >\n\t\t\t\t\t\t<span itemprop='name'>Editorial<\/span>\n\t\t\t\t\t\t<span itemprop='logo' itemscope itemtype='https:\/\/schema.org\/ImageObject'>\n\t\t\t\t\t\t\t<span itemprop='url'>\/wp-content\/uploads\/2021\/05\/logo-vert-2.svg<\/span>\n\t\t\t\t\t\t <\/span>\n\t\t\t\t<\/span><span class='av-structured-data'  itemprop=\"author\" itemscope=\"itemscope\" itemtype=\"https:\/\/schema.org\/Person\" ><span itemprop='name'>Editorial<\/span><\/span><span class='av-structured-data'  itemprop=\"datePublished\" datetime=\"1997-05-22T11:15:02+02:00\" >2022-10-25 11:41:58<\/span><span class='av-structured-data'  itemprop=\"dateModified\" itemtype=\"https:\/\/schema.org\/dateModified\" >2022-10-28 10:39:32<\/span><span class='av-structured-data'  itemprop=\"mainEntityOfPage\" itemtype=\"https:\/\/schema.org\/mainEntityOfPage\" ><span itemprop='name'>Misr<\/span><\/span><\/span><\/article><article class='slide-entry flex_column  post-entry post-entry-27699 slide-entry-overview slide-loop-3 slide-parity-odd  av_one_fourth  real-thumbnail'  itemscope=\"itemscope\" itemtype=\"https:\/\/schema.org\/CreativeWork\" ><a href='https:\/\/agencevu.com\/en\/book\/persan-beaumont\/' data-rel='slide-4' class='slide-image' title=''><img width=\"146\" height=\"185\" src=\"https:\/\/agencevu.com\/wp-content\/uploads\/2018\/05\/persan-beaumont-146x185.jpeg\" class=\"wp-image-52706 avia-img-lazy-loading-52706 attachment-portfolio_small size-portfolio_small wp-post-image\" alt=\"\" loading=\"lazy\" srcset=\"https:\/\/agencevu.com\/wp-content\/uploads\/2018\/05\/persan-beaumont.jpeg 146w, https:\/\/agencevu.com\/wp-content\/uploads\/2018\/05\/persan-beaumont-63x80.jpeg 63w\" sizes=\"(max-width: 146px) 100vw, 146px\" \/><\/a><div class='slide-content'><header class=\"entry-content-header\"><span class=\"blog-categories minor-meta\"> <a href=\"https:\/\/agencevu.com\/en\/annee\/2018\/\" rel=\"tag\">2018<\/a> <a href=\"https:\/\/agencevu.com\/en\/photographer\/denis-dailleux\/\" rel=\"tag\">Denis Dailleux<\/a> <a href=\"https:\/\/agencevu.com\/en\/section_taxonomy\/livres\/\" rel=\"tag\">livres<\/a> <\/span><h3 class='slide-entry-title entry-title'  itemprop=\"headline\" ><a href='https:\/\/agencevu.com\/en\/book\/persan-beaumont\/' title='Persan-Beaumont'>Persan-Beaumont<\/a><\/h3><span class=\"av-vertical-delimiter\"><\/span><\/header><div class='slide-entry-excerpt entry-content'  itemprop=\"text\" >Le Bec en l'air - 2018<\/div><\/div><footer class=\"entry-footer\"><div class='slide-meta'><time class='slide-meta-time updated'  itemprop=\"datePublished\" datetime=\"2018-05-29T11:34:13+02:00\" >29 May 2018<\/time><\/div><\/footer><span class='hidden'>\n\t\t\t\t<span class='av-structured-data'  itemprop=\"image\" itemscope=\"itemscope\" itemtype=\"https:\/\/schema.org\/ImageObject\" >\n\t\t\t\t\t\t<span itemprop='url'>https:\/\/agencevu.com\/wp-content\/uploads\/2018\/05\/persan-beaumont.jpeg<\/span>\n\t\t\t\t\t\t<span itemprop='height'>185<\/span>\n\t\t\t\t\t\t<span itemprop='width'>146<\/span>\n\t\t\t\t<\/span>\n\t\t\t\t<span class='av-structured-data'  itemprop=\"publisher\" itemtype=\"https:\/\/schema.org\/Organization\" itemscope=\"itemscope\" >\n\t\t\t\t\t\t<span itemprop='name'>Fanny Demichelis<\/span>\n\t\t\t\t\t\t<span itemprop='logo' itemscope itemtype='https:\/\/schema.org\/ImageObject'>\n\t\t\t\t\t\t\t<span itemprop='url'>\/wp-content\/uploads\/2021\/05\/logo-vert-2.svg<\/span>\n\t\t\t\t\t\t <\/span>\n\t\t\t\t<\/span><span class='av-structured-data'  itemprop=\"author\" itemscope=\"itemscope\" itemtype=\"https:\/\/schema.org\/Person\" ><span itemprop='name'>Fanny Demichelis<\/span><\/span><span class='av-structured-data'  itemprop=\"datePublished\" datetime=\"1997-05-22T11:15:02+02:00\" >2018-05-29 11:34:13<\/span><span class='av-structured-data'  itemprop=\"dateModified\" itemtype=\"https:\/\/schema.org\/dateModified\" >2021-03-17 14:10:23<\/span><span class='av-structured-data'  itemprop=\"mainEntityOfPage\" itemtype=\"https:\/\/schema.org\/mainEntityOfPage\" ><span itemprop='name'>Persan-Beaumont<\/span><\/span><\/span><\/article><article class='slide-entry flex_column  post-entry post-entry-27687 slide-entry-overview slide-loop-4 slide-parity-even  av_one_fourth  real-thumbnail'  itemscope=\"itemscope\" itemtype=\"https:\/\/schema.org\/CreativeWork\" ><a href='https:\/\/agencevu.com\/en\/book\/givaudan-une-odyssee-des-aro%cc%82mes-et-des-parfums\/' data-rel='slide-4' class='slide-image' title=''><img width=\"144\" height=\"185\" src=\"https:\/\/agencevu.com\/wp-content\/uploads\/2019\/05\/00_preview-2016-03-Livre-Dailleux-Givaudan-144x185.jpg\" class=\"wp-image-26783 avia-img-lazy-loading-26783 attachment-portfolio_small size-portfolio_small wp-post-image\" alt=\"\" loading=\"lazy\" srcset=\"https:\/\/agencevu.com\/wp-content\/uploads\/2019\/05\/00_preview-2016-03-Livre-Dailleux-Givaudan.jpg 144w, https:\/\/agencevu.com\/wp-content\/uploads\/2019\/05\/00_preview-2016-03-Livre-Dailleux-Givaudan-62x80.jpg 62w\" sizes=\"(max-width: 144px) 100vw, 144px\" \/><\/a><div class='slide-content'><header class=\"entry-content-header\"><span class=\"blog-categories minor-meta\"> <a href=\"https:\/\/agencevu.com\/en\/annee\/2016\/\" rel=\"tag\">2016<\/a> <a href=\"https:\/\/agencevu.com\/en\/photographer\/denis-dailleux\/\" rel=\"tag\">Denis Dailleux<\/a> <a href=\"https:\/\/agencevu.com\/en\/section_taxonomy\/livres\/\" rel=\"tag\">livres<\/a> <\/span><h3 class='slide-entry-title entry-title'  itemprop=\"headline\" ><a href='https:\/\/agencevu.com\/en\/book\/givaudan-une-odyssee-des-aro%cc%82mes-et-des-parfums\/' title='Givaudan, une odysse\u0301e des aro\u0302mes et des parfums'>Givaudan, une odysse\u0301e des aro\u0302mes et des parfums<\/a><\/h3><span class=\"av-vertical-delimiter\"><\/span><\/header><div class='slide-entry-excerpt entry-content'  itemprop=\"text\" >Editions de La Martini\u00e8re  - 2016<\/div><\/div><footer class=\"entry-footer\"><div class='slide-meta'><time class='slide-meta-time updated'  itemprop=\"datePublished\" datetime=\"2016-05-24T10:47:39+02:00\" >24 May 2016<\/time><\/div><\/footer><span class='hidden'>\n\t\t\t\t<span class='av-structured-data'  itemprop=\"image\" itemscope=\"itemscope\" itemtype=\"https:\/\/schema.org\/ImageObject\" >\n\t\t\t\t\t\t<span itemprop='url'>https:\/\/agencevu.com\/wp-content\/uploads\/2019\/05\/00_preview-2016-03-Livre-Dailleux-Givaudan.jpg<\/span>\n\t\t\t\t\t\t<span itemprop='height'>185<\/span>\n\t\t\t\t\t\t<span itemprop='width'>144<\/span>\n\t\t\t\t<\/span>\n\t\t\t\t<span class='av-structured-data'  itemprop=\"publisher\" itemtype=\"https:\/\/schema.org\/Organization\" itemscope=\"itemscope\" >\n\t\t\t\t\t\t<span itemprop='name'>Fanny Demichelis<\/span>\n\t\t\t\t\t\t<span itemprop='logo' itemscope itemtype='https:\/\/schema.org\/ImageObject'>\n\t\t\t\t\t\t\t<span itemprop='url'>\/wp-content\/uploads\/2021\/05\/logo-vert-2.svg<\/span>\n\t\t\t\t\t\t <\/span>\n\t\t\t\t<\/span><span class='av-structured-data'  itemprop=\"author\" itemscope=\"itemscope\" itemtype=\"https:\/\/schema.org\/Person\" ><span itemprop='name'>Fanny Demichelis<\/span><\/span><span class='av-structured-data'  itemprop=\"datePublished\" datetime=\"1997-05-22T11:15:02+02:00\" >2016-05-24 10:47:39<\/span><span class='av-structured-data'  itemprop=\"dateModified\" itemtype=\"https:\/\/schema.org\/dateModified\" >2021-03-17 14:11:36<\/span><span class='av-structured-data'  itemprop=\"mainEntityOfPage\" itemtype=\"https:\/\/schema.org\/mainEntityOfPage\" ><span itemprop='name'>Givaudan, une odysse\u0301e des aro\u0302mes et des parfums<\/span><\/span><\/span><\/article><\/div><div class='slide-entry-wrap'><article class='slide-entry flex_column  post-entry post-entry-27688 slide-entry-overview slide-loop-5 slide-parity-odd  av_one_fourth first real-thumbnail'  itemscope=\"itemscope\" itemtype=\"https:\/\/schema.org\/CreativeWork\" ><a href='https:\/\/agencevu.com\/en\/book\/ghana\/' data-rel='slide-4' class='slide-image' title=''><img width=\"129\" height=\"185\" src=\"https:\/\/agencevu.com\/wp-content\/uploads\/2019\/05\/00_preview-GHAN-couv-129x185.jpg\" class=\"wp-image-26767 avia-img-lazy-loading-26767 attachment-portfolio_small size-portfolio_small wp-post-image\" alt=\"\" loading=\"lazy\" srcset=\"https:\/\/agencevu.com\/wp-content\/uploads\/2019\/05\/00_preview-GHAN-couv.jpg 129w, https:\/\/agencevu.com\/wp-content\/uploads\/2019\/05\/00_preview-GHAN-couv-56x80.jpg 56w\" sizes=\"(max-width: 129px) 100vw, 129px\" \/><\/a><div class='slide-content'><header class=\"entry-content-header\"><span class=\"blog-categories minor-meta\"> <a href=\"https:\/\/agencevu.com\/en\/annee\/2016\/\" rel=\"tag\">2016<\/a> <a href=\"https:\/\/agencevu.com\/en\/photographer\/denis-dailleux\/\" rel=\"tag\">Denis Dailleux<\/a> <a href=\"https:\/\/agencevu.com\/en\/section_taxonomy\/livres\/\" rel=\"tag\">livres<\/a> <\/span><h3 class='slide-entry-title entry-title'  itemprop=\"headline\" ><a href='https:\/\/agencevu.com\/en\/book\/ghana\/' title='Ghana'>Ghana<\/a><\/h3><span class=\"av-vertical-delimiter\"><\/span><\/header><div class='slide-entry-excerpt entry-content'  itemprop=\"text\" >Le Bec en l\u2019air  - 2016<\/div><\/div><footer class=\"entry-footer\"><div class='slide-meta'><time class='slide-meta-time updated'  itemprop=\"datePublished\" datetime=\"2016-05-23T17:27:49+02:00\" >23 May 2016<\/time><\/div><\/footer><span class='hidden'>\n\t\t\t\t<span class='av-structured-data'  itemprop=\"image\" itemscope=\"itemscope\" itemtype=\"https:\/\/schema.org\/ImageObject\" >\n\t\t\t\t\t\t<span itemprop='url'>https:\/\/agencevu.com\/wp-content\/uploads\/2019\/05\/00_preview-GHAN-couv.jpg<\/span>\n\t\t\t\t\t\t<span itemprop='height'>185<\/span>\n\t\t\t\t\t\t<span itemprop='width'>129<\/span>\n\t\t\t\t<\/span>\n\t\t\t\t<span class='av-structured-data'  itemprop=\"publisher\" itemtype=\"https:\/\/schema.org\/Organization\" itemscope=\"itemscope\" >\n\t\t\t\t\t\t<span itemprop='name'>Fanny Demichelis<\/span>\n\t\t\t\t\t\t<span itemprop='logo' itemscope itemtype='https:\/\/schema.org\/ImageObject'>\n\t\t\t\t\t\t\t<span itemprop='url'>\/wp-content\/uploads\/2021\/05\/logo-vert-2.svg<\/span>\n\t\t\t\t\t\t <\/span>\n\t\t\t\t<\/span><span class='av-structured-data'  itemprop=\"author\" itemscope=\"itemscope\" itemtype=\"https:\/\/schema.org\/Person\" ><span itemprop='name'>Fanny Demichelis<\/span><\/span><span class='av-structured-data'  itemprop=\"datePublished\" datetime=\"1997-05-22T11:15:02+02:00\" >2016-05-23 17:27:49<\/span><span class='av-structured-data'  itemprop=\"dateModified\" itemtype=\"https:\/\/schema.org\/dateModified\" >2021-05-20 13:01:08<\/span><span class='av-structured-data'  itemprop=\"mainEntityOfPage\" itemtype=\"https:\/\/schema.org\/mainEntityOfPage\" ><span itemprop='name'>Ghana<\/span><\/span><\/span><\/article><article class='slide-entry flex_column  post-entry post-entry-27700 slide-entry-overview slide-loop-6 slide-parity-even  av_one_fourth  real-thumbnail'  itemscope=\"itemscope\" itemtype=\"https:\/\/schema.org\/CreativeWork\" ><a href='https:\/\/agencevu.com\/en\/book\/meres-et-fils\/' data-rel='slide-4' class='slide-image' title=''><img width=\"197\" height=\"185\" src=\"https:\/\/agencevu.com\/wp-content\/uploads\/2019\/05\/00_preview-717Rwn7xLL-197x185.jpg\" class=\"wp-image-26747 avia-img-lazy-loading-26747 attachment-portfolio_small size-portfolio_small wp-post-image\" alt=\"\" loading=\"lazy\" srcset=\"https:\/\/agencevu.com\/wp-content\/uploads\/2019\/05\/00_preview-717Rwn7xLL.jpg 197w, https:\/\/agencevu.com\/wp-content\/uploads\/2019\/05\/00_preview-717Rwn7xLL-80x75.jpg 80w\" sizes=\"(max-width: 197px) 100vw, 197px\" \/><\/a><div class='slide-content'><header class=\"entry-content-header\"><span class=\"blog-categories minor-meta\"> <a href=\"https:\/\/agencevu.com\/en\/annee\/2014\/\" rel=\"tag\">2014<\/a> <a href=\"https:\/\/agencevu.com\/en\/photographer\/denis-dailleux\/\" rel=\"tag\">Denis Dailleux<\/a> <a href=\"https:\/\/agencevu.com\/en\/section_taxonomy\/livres\/\" rel=\"tag\">livres<\/a> <\/span><h3 class='slide-entry-title entry-title'  itemprop=\"headline\" ><a href='https:\/\/agencevu.com\/en\/book\/meres-et-fils\/' title='Me\u0300res et Fils'>Me\u0300res et Fils<\/a><\/h3><span class=\"av-vertical-delimiter\"><\/span><\/header><div class='slide-entry-excerpt entry-content'  itemprop=\"text\" >Le Bec en l\u2019air  - 2014<\/div><\/div><footer class=\"entry-footer\"><div class='slide-meta'><time class='slide-meta-time updated'  itemprop=\"datePublished\" datetime=\"2014-05-23T15:39:41+02:00\" >23 May 2014<\/time><\/div><\/footer><span class='hidden'>\n\t\t\t\t<span class='av-structured-data'  itemprop=\"image\" itemscope=\"itemscope\" itemtype=\"https:\/\/schema.org\/ImageObject\" >\n\t\t\t\t\t\t<span itemprop='url'>https:\/\/agencevu.com\/wp-content\/uploads\/2019\/05\/00_preview-717Rwn7xLL.jpg<\/span>\n\t\t\t\t\t\t<span itemprop='height'>185<\/span>\n\t\t\t\t\t\t<span itemprop='width'>197<\/span>\n\t\t\t\t<\/span>\n\t\t\t\t<span class='av-structured-data'  itemprop=\"publisher\" itemtype=\"https:\/\/schema.org\/Organization\" itemscope=\"itemscope\" >\n\t\t\t\t\t\t<span itemprop='name'>Fanny Demichelis<\/span>\n\t\t\t\t\t\t<span itemprop='logo' itemscope itemtype='https:\/\/schema.org\/ImageObject'>\n\t\t\t\t\t\t\t<span itemprop='url'>\/wp-content\/uploads\/2021\/05\/logo-vert-2.svg<\/span>\n\t\t\t\t\t\t <\/span>\n\t\t\t\t<\/span><span class='av-structured-data'  itemprop=\"author\" itemscope=\"itemscope\" itemtype=\"https:\/\/schema.org\/Person\" ><span itemprop='name'>Fanny Demichelis<\/span><\/span><span class='av-structured-data'  itemprop=\"datePublished\" datetime=\"1997-05-22T11:15:02+02:00\" >2014-05-23 15:39:41<\/span><span class='av-structured-data'  itemprop=\"dateModified\" itemtype=\"https:\/\/schema.org\/dateModified\" >2021-03-17 14:14:17<\/span><span class='av-structured-data'  itemprop=\"mainEntityOfPage\" itemtype=\"https:\/\/schema.org\/mainEntityOfPage\" ><span itemprop='name'>Me\u0300res et Fils<\/span><\/span><\/span><\/article><article class='slide-entry flex_column  post-entry post-entry-27069 slide-entry-overview slide-loop-7 slide-parity-odd  av_one_fourth  real-thumbnail'  itemscope=\"itemscope\" itemtype=\"https:\/\/schema.org\/CreativeWork\" ><a href='https:\/\/agencevu.com\/en\/book\/egypte-les-martyrs-de-la-revolution\/' data-rel='slide-4' class='slide-image' title=''><img width=\"178\" height=\"185\" src=\"https:\/\/agencevu.com\/wp-content\/uploads\/2014\/05\/00_cover-DAILLEUX-Martyrs-178x185.jpg\" class=\"wp-image-71688 avia-img-lazy-loading-71688 attachment-portfolio_small size-portfolio_small wp-post-image\" alt=\"\" loading=\"lazy\" srcset=\"https:\/\/agencevu.com\/wp-content\/uploads\/2014\/05\/00_cover-DAILLEUX-Martyrs.jpg 178w, https:\/\/agencevu.com\/wp-content\/uploads\/2014\/05\/00_cover-DAILLEUX-Martyrs-77x80.jpg 77w, https:\/\/agencevu.com\/wp-content\/uploads\/2014\/05\/00_cover-DAILLEUX-Martyrs-36x36.jpg 36w\" sizes=\"(max-width: 178px) 100vw, 178px\" \/><\/a><div class='slide-content'><header class=\"entry-content-header\"><span class=\"blog-categories minor-meta\"> <a href=\"https:\/\/agencevu.com\/en\/annee\/2014\/\" rel=\"tag\">2014<\/a> <a href=\"https:\/\/agencevu.com\/en\/photographer\/denis-dailleux\/\" rel=\"tag\">Denis Dailleux<\/a> <a href=\"https:\/\/agencevu.com\/en\/section_taxonomy\/livres\/\" rel=\"tag\">livres<\/a> <\/span><h3 class='slide-entry-title entry-title'  itemprop=\"headline\" ><a href='https:\/\/agencevu.com\/en\/book\/egypte-les-martyrs-de-la-revolution\/' title='\u00c9gypte les martyrs de la re\u0301volution'>\u00c9gypte les martyrs de la re\u0301volution<\/a><\/h3><span class=\"av-vertical-delimiter\"><\/span><\/header><div class='slide-entry-excerpt entry-content'  itemprop=\"text\" >Le Bec en l'air - 2014<\/div><\/div><footer class=\"entry-footer\"><div class='slide-meta'><time class='slide-meta-time updated'  itemprop=\"datePublished\" datetime=\"2014-05-23T12:35:25+02:00\" >23 May 2014<\/time><\/div><\/footer><span class='hidden'>\n\t\t\t\t<span class='av-structured-data'  itemprop=\"image\" itemscope=\"itemscope\" itemtype=\"https:\/\/schema.org\/ImageObject\" >\n\t\t\t\t\t\t<span itemprop='url'>https:\/\/agencevu.com\/wp-content\/uploads\/2014\/05\/00_cover-DAILLEUX-Martyrs.jpg<\/span>\n\t\t\t\t\t\t<span itemprop='height'>185<\/span>\n\t\t\t\t\t\t<span itemprop='width'>178<\/span>\n\t\t\t\t<\/span>\n\t\t\t\t<span class='av-structured-data'  itemprop=\"publisher\" itemtype=\"https:\/\/schema.org\/Organization\" itemscope=\"itemscope\" >\n\t\t\t\t\t\t<span itemprop='name'>Fanny Demichelis<\/span>\n\t\t\t\t\t\t<span itemprop='logo' itemscope itemtype='https:\/\/schema.org\/ImageObject'>\n\t\t\t\t\t\t\t<span itemprop='url'>\/wp-content\/uploads\/2021\/05\/logo-vert-2.svg<\/span>\n\t\t\t\t\t\t <\/span>\n\t\t\t\t<\/span><span class='av-structured-data'  itemprop=\"author\" itemscope=\"itemscope\" itemtype=\"https:\/\/schema.org\/Person\" ><span itemprop='name'>Fanny Demichelis<\/span><\/span><span class='av-structured-data'  itemprop=\"datePublished\" datetime=\"1997-05-22T11:15:02+02:00\" >2014-05-23 12:35:25<\/span><span class='av-structured-data'  itemprop=\"dateModified\" itemtype=\"https:\/\/schema.org\/dateModified\" >2021-03-17 14:14:42<\/span><span class='av-structured-data'  itemprop=\"mainEntityOfPage\" itemtype=\"https:\/\/schema.org\/mainEntityOfPage\" ><span itemprop='name'>\u00c9gypte les martyrs de la re\u0301volution<\/span><\/span><\/span><\/article><article class='slide-entry flex_column  post-entry post-entry-27070 slide-entry-overview slide-loop-8 slide-parity-even  av_one_fourth  real-thumbnail'  itemscope=\"itemscope\" itemtype=\"https:\/\/schema.org\/CreativeWork\" ><a href='https:\/\/agencevu.com\/en\/book\/impressions-degypte\/' data-rel='slide-4' class='slide-image' title=''><img width=\"139\" height=\"185\" src=\"https:\/\/agencevu.com\/wp-content\/uploads\/2019\/05\/00_preview-Couverture-139x185.jpg\" class=\"wp-image-26559 avia-img-lazy-loading-26559 attachment-portfolio_small size-portfolio_small wp-post-image\" alt=\"\" loading=\"lazy\" srcset=\"https:\/\/agencevu.com\/wp-content\/uploads\/2019\/05\/00_preview-Couverture.jpg 139w, https:\/\/agencevu.com\/wp-content\/uploads\/2019\/05\/00_preview-Couverture-60x80.jpg 60w\" sizes=\"(max-width: 139px) 100vw, 139px\" \/><\/a><div class='slide-content'><header class=\"entry-content-header\"><span class=\"blog-categories minor-meta\"> <a href=\"https:\/\/agencevu.com\/en\/annee\/2011\/\" rel=\"tag\">2011<\/a> <a href=\"https:\/\/agencevu.com\/en\/photographer\/denis-dailleux\/\" rel=\"tag\">Denis Dailleux<\/a> <a href=\"https:\/\/agencevu.com\/en\/section_taxonomy\/livres\/\" rel=\"tag\">livres<\/a> <\/span><h3 class='slide-entry-title entry-title'  itemprop=\"headline\" ><a href='https:\/\/agencevu.com\/en\/book\/impressions-degypte\/' title='Impressions d&#039;E\u0301gypte'>Impressions d'E\u0301gypte<\/a><\/h3><span class=\"av-vertical-delimiter\"><\/span><\/header><div class='slide-entry-excerpt entry-content'  itemprop=\"text\" >Editions de la Martini\u00e8re - 2011<\/div><\/div><footer class=\"entry-footer\"><div class='slide-meta'><time class='slide-meta-time updated'  itemprop=\"datePublished\" datetime=\"2011-05-23T11:06:04+02:00\" >23 May 2011<\/time><\/div><\/footer><span class='hidden'>\n\t\t\t\t<span class='av-structured-data'  itemprop=\"image\" itemscope=\"itemscope\" itemtype=\"https:\/\/schema.org\/ImageObject\" >\n\t\t\t\t\t\t<span itemprop='url'>https:\/\/agencevu.com\/wp-content\/uploads\/2019\/05\/00_preview-Couverture.jpg<\/span>\n\t\t\t\t\t\t<span itemprop='height'>185<\/span>\n\t\t\t\t\t\t<span itemprop='width'>139<\/span>\n\t\t\t\t<\/span>\n\t\t\t\t<span class='av-structured-data'  itemprop=\"publisher\" itemtype=\"https:\/\/schema.org\/Organization\" itemscope=\"itemscope\" >\n\t\t\t\t\t\t<span itemprop='name'>Fanny Demichelis<\/span>\n\t\t\t\t\t\t<span itemprop='logo' itemscope itemtype='https:\/\/schema.org\/ImageObject'>\n\t\t\t\t\t\t\t<span itemprop='url'>\/wp-content\/uploads\/2021\/05\/logo-vert-2.svg<\/span>\n\t\t\t\t\t\t <\/span>\n\t\t\t\t<\/span><span class='av-structured-data'  itemprop=\"author\" itemscope=\"itemscope\" itemtype=\"https:\/\/schema.org\/Person\" ><span itemprop='name'>Fanny Demichelis<\/span><\/span><span class='av-structured-data'  itemprop=\"datePublished\" datetime=\"1997-05-22T11:15:02+02:00\" >2011-05-23 11:06:04<\/span><span class='av-structured-data'  itemprop=\"dateModified\" itemtype=\"https:\/\/schema.org\/dateModified\" >2021-04-23 15:45:44<\/span><span class='av-structured-data'  itemprop=\"mainEntityOfPage\" itemtype=\"https:\/\/schema.org\/mainEntityOfPage\" ><span itemprop='name'>Impressions d&#8217;E\u0301gypte<\/span><\/span><\/span><\/article><\/div><div class='slide-entry-wrap'><article class='slide-entry flex_column  post-entry post-entry-27050 slide-entry-overview slide-loop-9 slide-parity-odd  av_one_fourth first real-thumbnail'  itemscope=\"itemscope\" itemtype=\"https:\/\/schema.org\/CreativeWork\" ><a href='https:\/\/agencevu.com\/en\/book\/fils-de-roi-portraits-degypte\/' data-rel='slide-4' class='slide-image' title=''><img width=\"176\" height=\"185\" src=\"https:\/\/agencevu.com\/wp-content\/uploads\/2019\/05\/00_preview-couverture-176x185.jpg\" class=\"wp-image-26500 avia-img-lazy-loading-26500 attachment-portfolio_small size-portfolio_small wp-post-image\" alt=\"\" loading=\"lazy\" srcset=\"https:\/\/agencevu.com\/wp-content\/uploads\/2019\/05\/00_preview-couverture.jpg 176w, https:\/\/agencevu.com\/wp-content\/uploads\/2019\/05\/00_preview-couverture-76x80.jpg 76w\" sizes=\"(max-width: 176px) 100vw, 176px\" \/><\/a><div class='slide-content'><header class=\"entry-content-header\"><span class=\"blog-categories minor-meta\"> <a href=\"https:\/\/agencevu.com\/en\/annee\/2008\/\" rel=\"tag\">2008<\/a> <a href=\"https:\/\/agencevu.com\/en\/photographer\/denis-dailleux\/\" rel=\"tag\">Denis Dailleux<\/a> <a href=\"https:\/\/agencevu.com\/en\/section_taxonomy\/livres\/\" rel=\"tag\">livres<\/a> <\/span><h3 class='slide-entry-title entry-title'  itemprop=\"headline\" ><a href='https:\/\/agencevu.com\/en\/book\/fils-de-roi-portraits-degypte\/' title='Fils de Roi, Portraits d&#039;Egypte'>Fils de Roi, Portraits d'Egypte<\/a><\/h3><span class=\"av-vertical-delimiter\"><\/span><\/header><div class='slide-entry-excerpt entry-content'  itemprop=\"text\" >Gallimard - 2008<\/div><\/div><footer class=\"entry-footer\"><div class='slide-meta'><time class='slide-meta-time updated'  itemprop=\"datePublished\" datetime=\"2008-05-22T12:51:29+02:00\" >22 May 2008<\/time><\/div><\/footer><span class='hidden'>\n\t\t\t\t<span class='av-structured-data'  itemprop=\"image\" itemscope=\"itemscope\" itemtype=\"https:\/\/schema.org\/ImageObject\" >\n\t\t\t\t\t\t<span itemprop='url'>https:\/\/agencevu.com\/wp-content\/uploads\/2019\/05\/00_preview-couverture.jpg<\/span>\n\t\t\t\t\t\t<span itemprop='height'>185<\/span>\n\t\t\t\t\t\t<span itemprop='width'>176<\/span>\n\t\t\t\t<\/span>\n\t\t\t\t<span class='av-structured-data'  itemprop=\"publisher\" itemtype=\"https:\/\/schema.org\/Organization\" itemscope=\"itemscope\" >\n\t\t\t\t\t\t<span itemprop='name'>Fanny Demichelis<\/span>\n\t\t\t\t\t\t<span itemprop='logo' itemscope itemtype='https:\/\/schema.org\/ImageObject'>\n\t\t\t\t\t\t\t<span itemprop='url'>\/wp-content\/uploads\/2021\/05\/logo-vert-2.svg<\/span>\n\t\t\t\t\t\t <\/span>\n\t\t\t\t<\/span><span class='av-structured-data'  itemprop=\"author\" itemscope=\"itemscope\" itemtype=\"https:\/\/schema.org\/Person\" ><span itemprop='name'>Fanny Demichelis<\/span><\/span><span class='av-structured-data'  itemprop=\"datePublished\" datetime=\"1997-05-22T11:15:02+02:00\" >2008-05-22 12:51:29<\/span><span class='av-structured-data'  itemprop=\"dateModified\" itemtype=\"https:\/\/schema.org\/dateModified\" >2021-04-23 15:45:52<\/span><span class='av-structured-data'  itemprop=\"mainEntityOfPage\" itemtype=\"https:\/\/schema.org\/mainEntityOfPage\" ><span itemprop='name'>Fils de Roi, Portraits d&#8217;Egypte<\/span><\/span><\/span><\/article><article class='slide-entry flex_column  post-entry post-entry-27053 slide-entry-overview slide-loop-10 slide-parity-even  av_one_fourth  real-thumbnail'  itemscope=\"itemscope\" itemtype=\"https:\/\/schema.org\/CreativeWork\" ><a href='https:\/\/agencevu.com\/en\/book\/le-caire\/' data-rel='slide-4' class='slide-image' title=''><img width=\"180\" height=\"185\" src=\"https:\/\/agencevu.com\/wp-content\/uploads\/2019\/05\/00_2001_Dailleux_Le-Caire_Couv_edit-du-che--ne-180x185.jpg\" class=\"wp-image-26454 avia-img-lazy-loading-26454 attachment-portfolio_small size-portfolio_small wp-post-image\" alt=\"\" loading=\"lazy\" srcset=\"https:\/\/agencevu.com\/wp-content\/uploads\/2019\/05\/00_2001_Dailleux_Le-Caire_Couv_edit-du-che--ne.jpg 180w, https:\/\/agencevu.com\/wp-content\/uploads\/2019\/05\/00_2001_Dailleux_Le-Caire_Couv_edit-du-che--ne-78x80.jpg 78w, https:\/\/agencevu.com\/wp-content\/uploads\/2019\/05\/00_2001_Dailleux_Le-Caire_Couv_edit-du-che--ne-36x36.jpg 36w\" sizes=\"(max-width: 180px) 100vw, 180px\" \/><\/a><div class='slide-content'><header class=\"entry-content-header\"><span class=\"blog-categories minor-meta\"> <a href=\"https:\/\/agencevu.com\/en\/annee\/2001-en\/\" rel=\"tag\">2001<\/a> <a href=\"https:\/\/agencevu.com\/en\/photographer\/denis-dailleux\/\" rel=\"tag\">Denis Dailleux<\/a> <a href=\"https:\/\/agencevu.com\/en\/section_taxonomy\/livres\/\" rel=\"tag\">livres<\/a> <\/span><h3 class='slide-entry-title entry-title'  itemprop=\"headline\" ><a href='https:\/\/agencevu.com\/en\/book\/le-caire\/' title='Le Caire'>Le Caire<\/a><\/h3><span class=\"av-vertical-delimiter\"><\/span><\/header><div class='slide-entry-excerpt entry-content'  itemprop=\"text\" >Le Ch\u00eane - 2001<\/div><\/div><footer class=\"entry-footer\"><div class='slide-meta'><time class='slide-meta-time updated'  itemprop=\"datePublished\" datetime=\"2001-05-22T12:06:27+02:00\" >22 May 2001<\/time><\/div><\/footer><span class='hidden'>\n\t\t\t\t<span class='av-structured-data'  itemprop=\"image\" itemscope=\"itemscope\" itemtype=\"https:\/\/schema.org\/ImageObject\" >\n\t\t\t\t\t\t<span itemprop='url'>https:\/\/agencevu.com\/wp-content\/uploads\/2019\/05\/00_2001_Dailleux_Le-Caire_Couv_edit-du-che--ne.jpg<\/span>\n\t\t\t\t\t\t<span itemprop='height'>185<\/span>\n\t\t\t\t\t\t<span itemprop='width'>180<\/span>\n\t\t\t\t<\/span>\n\t\t\t\t<span class='av-structured-data'  itemprop=\"publisher\" itemtype=\"https:\/\/schema.org\/Organization\" itemscope=\"itemscope\" >\n\t\t\t\t\t\t<span itemprop='name'>Fanny Demichelis<\/span>\n\t\t\t\t\t\t<span itemprop='logo' itemscope itemtype='https:\/\/schema.org\/ImageObject'>\n\t\t\t\t\t\t\t<span itemprop='url'>\/wp-content\/uploads\/2021\/05\/logo-vert-2.svg<\/span>\n\t\t\t\t\t\t <\/span>\n\t\t\t\t<\/span><span class='av-structured-data'  itemprop=\"author\" itemscope=\"itemscope\" itemtype=\"https:\/\/schema.org\/Person\" ><span itemprop='name'>Fanny Demichelis<\/span><\/span><span class='av-structured-data'  itemprop=\"datePublished\" datetime=\"1997-05-22T11:15:02+02:00\" >2001-05-22 12:06:27<\/span><span class='av-structured-data'  itemprop=\"dateModified\" itemtype=\"https:\/\/schema.org\/dateModified\" >2021-04-23 15:46:00<\/span><span class='av-structured-data'  itemprop=\"mainEntityOfPage\" itemtype=\"https:\/\/schema.org\/mainEntityOfPage\" ><span itemprop='name'>Le Caire<\/span><\/span><\/span><\/article><article class='slide-entry flex_column  post-entry post-entry-27054 slide-entry-overview slide-loop-11 slide-parity-odd  post-entry-last  av_one_fourth  real-thumbnail'  itemscope=\"itemscope\" itemtype=\"https:\/\/schema.org\/CreativeWork\" ><a href='https:\/\/agencevu.com\/en\/book\/habibi-cairo\/' data-rel='slide-4' class='slide-image' title=''><img width=\"139\" height=\"185\" src=\"https:\/\/agencevu.com\/wp-content\/uploads\/2019\/05\/00_preview_habibi-cairo-139x185.jpg\" class=\"wp-image-26423 avia-img-lazy-loading-26423 attachment-portfolio_small size-portfolio_small wp-post-image\" alt=\"\" loading=\"lazy\" srcset=\"https:\/\/agencevu.com\/wp-content\/uploads\/2019\/05\/00_preview_habibi-cairo.jpg 139w, https:\/\/agencevu.com\/wp-content\/uploads\/2019\/05\/00_preview_habibi-cairo-60x80.jpg 60w\" sizes=\"(max-width: 139px) 100vw, 139px\" \/><\/a><div class='slide-content'><header class=\"entry-content-header\"><span class=\"blog-categories minor-meta\"> <a href=\"https:\/\/agencevu.com\/en\/annee\/1997\/\" rel=\"tag\">1997<\/a> <a href=\"https:\/\/agencevu.com\/en\/photographer\/denis-dailleux\/\" rel=\"tag\">Denis Dailleux<\/a> <a href=\"https:\/\/agencevu.com\/en\/section_taxonomy\/livres\/\" rel=\"tag\">livres<\/a> <\/span><h3 class='slide-entry-title entry-title'  itemprop=\"headline\" ><a href='https:\/\/agencevu.com\/en\/book\/habibi-cairo\/' title='Habibi Cairo'>Habibi Cairo<\/a><\/h3><span class=\"av-vertical-delimiter\"><\/span><\/header><div class='slide-entry-excerpt entry-content'  itemprop=\"text\" >Filigranes - 1997<\/div><\/div><footer class=\"entry-footer\"><div class='slide-meta'><time class='slide-meta-time updated'  itemprop=\"datePublished\" datetime=\"1997-05-22T11:15:02+02:00\" >22 May 1997<\/time><\/div><\/footer><span class='hidden'>\n\t\t\t\t<span class='av-structured-data'  itemprop=\"image\" itemscope=\"itemscope\" itemtype=\"https:\/\/schema.org\/ImageObject\" >\n\t\t\t\t\t\t<span itemprop='url'>https:\/\/agencevu.com\/wp-content\/uploads\/2019\/05\/00_preview_habibi-cairo.jpg<\/span>\n\t\t\t\t\t\t<span itemprop='height'>185<\/span>\n\t\t\t\t\t\t<span itemprop='width'>139<\/span>\n\t\t\t\t<\/span>\n\t\t\t\t<span class='av-structured-data'  itemprop=\"publisher\" itemtype=\"https:\/\/schema.org\/Organization\" itemscope=\"itemscope\" >\n\t\t\t\t\t\t<span itemprop='name'>Fanny Demichelis<\/span>\n\t\t\t\t\t\t<span itemprop='logo' itemscope itemtype='https:\/\/schema.org\/ImageObject'>\n\t\t\t\t\t\t\t<span itemprop='url'>\/wp-content\/uploads\/2021\/05\/logo-vert-2.svg<\/span>\n\t\t\t\t\t\t <\/span>\n\t\t\t\t<\/span><span class='av-structured-data'  itemprop=\"author\" itemscope=\"itemscope\" itemtype=\"https:\/\/schema.org\/Person\" ><span itemprop='name'>Fanny Demichelis<\/span><\/span><span class='av-structured-data'  itemprop=\"datePublished\" datetime=\"1997-05-22T11:15:02+02:00\" >1997-05-22 11:15:02<\/span><span class='av-structured-data'  itemprop=\"dateModified\" itemtype=\"https:\/\/schema.org\/dateModified\" >2021-04-23 15:47:25<\/span><span class='av-structured-data'  itemprop=\"mainEntityOfPage\" itemtype=\"https:\/\/schema.org\/mainEntityOfPage\" ><span itemprop='name'>Habibi Cairo<\/span><\/span><\/span><\/article><\/div><\/div><\/div>\n<div  data-autoplay=''  data-interval='5'  data-animation='fade'  data-show_slide_delay='90'  class='avia-content-slider avia-content-grid-active avia-content-slider5 avia-content-slider-odd   av-desktop-hide av-mini-hide'  itemscope=\"itemscope\" itemtype=\"https:\/\/schema.org\/Blog\" ><div class='avia-content-slider-inner'><div class='slide-entry-wrap'><article class='slide-entry flex_column  post-entry post-entry-225157 slide-entry-overview slide-loop-1 slide-parity-odd  av_one_third first real-thumbnail'  itemscope=\"itemscope\" itemtype=\"https:\/\/schema.org\/CreativeWork\" ><a href='https:\/\/agencevu.com\/en\/book\/les-gens-de-mon-village\/' data-rel='slide-5' class='slide-image' title=''><img width=\"142\" height=\"185\" src=\"https:\/\/agencevu.com\/wp-content\/uploads\/2025\/11\/00_preview_dailleux.jpg\" class=\"wp-image-225155 avia-img-lazy-loading-225155 attachment-portfolio size-portfolio wp-post-image\" alt=\"\" loading=\"lazy\" srcset=\"https:\/\/agencevu.com\/wp-content\/uploads\/2025\/11\/00_preview_dailleux.jpg 142w, https:\/\/agencevu.com\/wp-content\/uploads\/2025\/11\/00_preview_dailleux-61x80.jpg 61w\" sizes=\"(max-width: 142px) 100vw, 142px\" \/><\/a><div class='slide-content'><header class=\"entry-content-header\"><span class=\"blog-categories minor-meta\"><a href=\"https:\/\/agencevu.com\/en\/Home\/home-evenements\/\" rel=\"tag\">Home-Evenements<\/a> <a href=\"https:\/\/agencevu.com\/en\/annee\/2026-en\/\" rel=\"tag\">2026<\/a> <a href=\"https:\/\/agencevu.com\/en\/photographer\/denis-dailleux\/\" rel=\"tag\">Denis Dailleux<\/a> <a href=\"https:\/\/agencevu.com\/en\/section_taxonomy\/livres\/\" rel=\"tag\">livres<\/a> <\/span><h3 class='slide-entry-title entry-title'  itemprop=\"headline\" ><a href='https:\/\/agencevu.com\/en\/book\/les-gens-de-mon-village\/' title='Les gens de mon village'>Les gens de mon village<\/a><\/h3><span class=\"av-vertical-delimiter\"><\/span><\/header><div class='slide-entry-excerpt entry-content'  itemprop=\"text\" >Le Bec en l'air - 2026<\/div><\/div><footer class=\"entry-footer\"><div class='slide-meta'><time class='slide-meta-time updated'  itemprop=\"datePublished\" datetime=\"2025-11-03T16:52:15+01:00\" >3 November 2025<\/time><\/div><\/footer><span class='hidden'>\n\t\t\t\t<span class='av-structured-data'  itemprop=\"image\" itemscope=\"itemscope\" itemtype=\"https:\/\/schema.org\/ImageObject\" >\n\t\t\t\t\t\t<span itemprop='url'>https:\/\/agencevu.com\/wp-content\/uploads\/2025\/11\/00_preview_dailleux.jpg<\/span>\n\t\t\t\t\t\t<span itemprop='height'>185<\/span>\n\t\t\t\t\t\t<span itemprop='width'>142<\/span>\n\t\t\t\t<\/span>\n\t\t\t\t<span class='av-structured-data'  itemprop=\"publisher\" itemtype=\"https:\/\/schema.org\/Organization\" itemscope=\"itemscope\" >\n\t\t\t\t\t\t<span itemprop='name'>Fanny Demichelis<\/span>\n\t\t\t\t\t\t<span itemprop='logo' itemscope itemtype='https:\/\/schema.org\/ImageObject'>\n\t\t\t\t\t\t\t<span itemprop='url'>\/wp-content\/uploads\/2021\/05\/logo-vert-2.svg<\/span>\n\t\t\t\t\t\t <\/span>\n\t\t\t\t<\/span><span class='av-structured-data'  itemprop=\"author\" itemscope=\"itemscope\" itemtype=\"https:\/\/schema.org\/Person\" ><span itemprop='name'>Fanny Demichelis<\/span><\/span><span class='av-structured-data'  itemprop=\"datePublished\" datetime=\"1997-05-22T11:15:02+02:00\" >2025-11-03 16:52:15<\/span><span class='av-structured-data'  itemprop=\"dateModified\" itemtype=\"https:\/\/schema.org\/dateModified\" >2026-02-16 16:45:09<\/span><span class='av-structured-data'  itemprop=\"mainEntityOfPage\" itemtype=\"https:\/\/schema.org\/mainEntityOfPage\" ><span itemprop='name'>Les gens de mon village<\/span><\/span><\/span><\/article><article class='slide-entry flex_column  post-entry post-entry-189924 slide-entry-overview slide-loop-2 slide-parity-even  av_one_third  real-thumbnail'  itemscope=\"itemscope\" itemtype=\"https:\/\/schema.org\/CreativeWork\" ><a href='https:\/\/agencevu.com\/en\/book\/misr\/' data-rel='slide-5' class='slide-image' title=''><img width=\"188\" height=\"185\" src=\"https:\/\/agencevu.com\/wp-content\/uploads\/2022\/10\/Preview_2022_Daileux_Egypte_Misr.jpg\" class=\"wp-image-189956 avia-img-lazy-loading-189956 attachment-portfolio size-portfolio wp-post-image\" alt=\"\" loading=\"lazy\" srcset=\"https:\/\/agencevu.com\/wp-content\/uploads\/2022\/10\/Preview_2022_Daileux_Egypte_Misr.jpg 188w, https:\/\/agencevu.com\/wp-content\/uploads\/2022\/10\/Preview_2022_Daileux_Egypte_Misr-80x80.jpg 80w, https:\/\/agencevu.com\/wp-content\/uploads\/2022\/10\/Preview_2022_Daileux_Egypte_Misr-36x36.jpg 36w\" sizes=\"(max-width: 188px) 100vw, 188px\" \/><\/a><div class='slide-content'><header class=\"entry-content-header\"><span class=\"blog-categories minor-meta\"><a href=\"https:\/\/agencevu.com\/en\/Home\/home-evenements\/\" rel=\"tag\">Home-Evenements<\/a> <a href=\"https:\/\/agencevu.com\/en\/annee\/2022-en\/\" rel=\"tag\">2022<\/a> <a href=\"https:\/\/agencevu.com\/en\/photographer\/denis-dailleux\/\" rel=\"tag\">Denis Dailleux<\/a> <a href=\"https:\/\/agencevu.com\/en\/section_taxonomy\/livres\/\" rel=\"tag\">livres<\/a> <\/span><h3 class='slide-entry-title entry-title'  itemprop=\"headline\" ><a href='https:\/\/agencevu.com\/en\/book\/misr\/' title='Misr'>Misr<\/a><\/h3><span class=\"av-vertical-delimiter\"><\/span><\/header><div class='slide-entry-excerpt entry-content'  itemprop=\"text\" >Le bec en l'air - 2022<\/div><\/div><footer class=\"entry-footer\"><div class='slide-meta'><time class='slide-meta-time updated'  itemprop=\"datePublished\" datetime=\"2022-10-25T11:41:58+02:00\" >25 October 2022<\/time><\/div><\/footer><span class='hidden'>\n\t\t\t\t<span class='av-structured-data'  itemprop=\"image\" itemscope=\"itemscope\" itemtype=\"https:\/\/schema.org\/ImageObject\" >\n\t\t\t\t\t\t<span itemprop='url'>https:\/\/agencevu.com\/wp-content\/uploads\/2022\/10\/Preview_2022_Daileux_Egypte_Misr.jpg<\/span>\n\t\t\t\t\t\t<span itemprop='height'>185<\/span>\n\t\t\t\t\t\t<span itemprop='width'>188<\/span>\n\t\t\t\t<\/span>\n\t\t\t\t<span class='av-structured-data'  itemprop=\"publisher\" itemtype=\"https:\/\/schema.org\/Organization\" itemscope=\"itemscope\" >\n\t\t\t\t\t\t<span itemprop='name'>Editorial<\/span>\n\t\t\t\t\t\t<span itemprop='logo' itemscope itemtype='https:\/\/schema.org\/ImageObject'>\n\t\t\t\t\t\t\t<span itemprop='url'>\/wp-content\/uploads\/2021\/05\/logo-vert-2.svg<\/span>\n\t\t\t\t\t\t <\/span>\n\t\t\t\t<\/span><span class='av-structured-data'  itemprop=\"author\" itemscope=\"itemscope\" itemtype=\"https:\/\/schema.org\/Person\" ><span itemprop='name'>Editorial<\/span><\/span><span class='av-structured-data'  itemprop=\"datePublished\" datetime=\"1997-05-22T11:15:02+02:00\" >2022-10-25 11:41:58<\/span><span class='av-structured-data'  itemprop=\"dateModified\" itemtype=\"https:\/\/schema.org\/dateModified\" >2022-10-28 10:39:32<\/span><span class='av-structured-data'  itemprop=\"mainEntityOfPage\" itemtype=\"https:\/\/schema.org\/mainEntityOfPage\" ><span itemprop='name'>Misr<\/span><\/span><\/span><\/article><article class='slide-entry flex_column  post-entry post-entry-27699 slide-entry-overview slide-loop-3 slide-parity-odd  av_one_third  real-thumbnail'  itemscope=\"itemscope\" itemtype=\"https:\/\/schema.org\/CreativeWork\" ><a href='https:\/\/agencevu.com\/en\/book\/persan-beaumont\/' data-rel='slide-5' class='slide-image' title=''><img width=\"146\" height=\"185\" src=\"https:\/\/agencevu.com\/wp-content\/uploads\/2018\/05\/persan-beaumont.jpeg\" class=\"wp-image-52706 avia-img-lazy-loading-52706 attachment-portfolio size-portfolio wp-post-image\" alt=\"\" loading=\"lazy\" srcset=\"https:\/\/agencevu.com\/wp-content\/uploads\/2018\/05\/persan-beaumont.jpeg 146w, https:\/\/agencevu.com\/wp-content\/uploads\/2018\/05\/persan-beaumont-63x80.jpeg 63w\" sizes=\"(max-width: 146px) 100vw, 146px\" \/><\/a><div class='slide-content'><header class=\"entry-content-header\"><span class=\"blog-categories minor-meta\"> <a href=\"https:\/\/agencevu.com\/en\/annee\/2018\/\" rel=\"tag\">2018<\/a> <a href=\"https:\/\/agencevu.com\/en\/photographer\/denis-dailleux\/\" rel=\"tag\">Denis Dailleux<\/a> <a href=\"https:\/\/agencevu.com\/en\/section_taxonomy\/livres\/\" rel=\"tag\">livres<\/a> <\/span><h3 class='slide-entry-title entry-title'  itemprop=\"headline\" ><a href='https:\/\/agencevu.com\/en\/book\/persan-beaumont\/' title='Persan-Beaumont'>Persan-Beaumont<\/a><\/h3><span class=\"av-vertical-delimiter\"><\/span><\/header><div class='slide-entry-excerpt entry-content'  itemprop=\"text\" >Le Bec en l'air - 2018<\/div><\/div><footer class=\"entry-footer\"><div class='slide-meta'><time class='slide-meta-time updated'  itemprop=\"datePublished\" datetime=\"2018-05-29T11:34:13+02:00\" >29 May 2018<\/time><\/div><\/footer><span class='hidden'>\n\t\t\t\t<span class='av-structured-data'  itemprop=\"image\" itemscope=\"itemscope\" itemtype=\"https:\/\/schema.org\/ImageObject\" >\n\t\t\t\t\t\t<span itemprop='url'>https:\/\/agencevu.com\/wp-content\/uploads\/2018\/05\/persan-beaumont.jpeg<\/span>\n\t\t\t\t\t\t<span itemprop='height'>185<\/span>\n\t\t\t\t\t\t<span itemprop='width'>146<\/span>\n\t\t\t\t<\/span>\n\t\t\t\t<span class='av-structured-data'  itemprop=\"publisher\" itemtype=\"https:\/\/schema.org\/Organization\" itemscope=\"itemscope\" >\n\t\t\t\t\t\t<span itemprop='name'>Fanny Demichelis<\/span>\n\t\t\t\t\t\t<span itemprop='logo' itemscope itemtype='https:\/\/schema.org\/ImageObject'>\n\t\t\t\t\t\t\t<span itemprop='url'>\/wp-content\/uploads\/2021\/05\/logo-vert-2.svg<\/span>\n\t\t\t\t\t\t <\/span>\n\t\t\t\t<\/span><span class='av-structured-data'  itemprop=\"author\" itemscope=\"itemscope\" itemtype=\"https:\/\/schema.org\/Person\" ><span itemprop='name'>Fanny Demichelis<\/span><\/span><span class='av-structured-data'  itemprop=\"datePublished\" datetime=\"1997-05-22T11:15:02+02:00\" >2018-05-29 11:34:13<\/span><span class='av-structured-data'  itemprop=\"dateModified\" itemtype=\"https:\/\/schema.org\/dateModified\" >2021-03-17 14:10:23<\/span><span class='av-structured-data'  itemprop=\"mainEntityOfPage\" itemtype=\"https:\/\/schema.org\/mainEntityOfPage\" ><span itemprop='name'>Persan-Beaumont<\/span><\/span><\/span><\/article><\/div><div class='slide-entry-wrap'><article class='slide-entry flex_column  post-entry post-entry-27687 slide-entry-overview slide-loop-4 slide-parity-odd  av_one_third first real-thumbnail'  itemscope=\"itemscope\" itemtype=\"https:\/\/schema.org\/CreativeWork\" ><a href='https:\/\/agencevu.com\/en\/book\/givaudan-une-odyssee-des-aro%cc%82mes-et-des-parfums\/' data-rel='slide-5' class='slide-image' title=''><img width=\"144\" height=\"185\" src=\"https:\/\/agencevu.com\/wp-content\/uploads\/2019\/05\/00_preview-2016-03-Livre-Dailleux-Givaudan.jpg\" class=\"wp-image-26783 avia-img-lazy-loading-26783 attachment-portfolio size-portfolio wp-post-image\" alt=\"\" loading=\"lazy\" srcset=\"https:\/\/agencevu.com\/wp-content\/uploads\/2019\/05\/00_preview-2016-03-Livre-Dailleux-Givaudan.jpg 144w, https:\/\/agencevu.com\/wp-content\/uploads\/2019\/05\/00_preview-2016-03-Livre-Dailleux-Givaudan-62x80.jpg 62w\" sizes=\"(max-width: 144px) 100vw, 144px\" \/><\/a><div class='slide-content'><header class=\"entry-content-header\"><span class=\"blog-categories minor-meta\"> <a href=\"https:\/\/agencevu.com\/en\/annee\/2016\/\" rel=\"tag\">2016<\/a> <a href=\"https:\/\/agencevu.com\/en\/photographer\/denis-dailleux\/\" rel=\"tag\">Denis Dailleux<\/a> <a href=\"https:\/\/agencevu.com\/en\/section_taxonomy\/livres\/\" rel=\"tag\">livres<\/a> <\/span><h3 class='slide-entry-title entry-title'  itemprop=\"headline\" ><a href='https:\/\/agencevu.com\/en\/book\/givaudan-une-odyssee-des-aro%cc%82mes-et-des-parfums\/' title='Givaudan, une odysse\u0301e des aro\u0302mes et des parfums'>Givaudan, une odysse\u0301e des aro\u0302mes et des parfums<\/a><\/h3><span class=\"av-vertical-delimiter\"><\/span><\/header><div class='slide-entry-excerpt entry-content'  itemprop=\"text\" >Editions de La Martini\u00e8re  - 2016<\/div><\/div><footer class=\"entry-footer\"><div class='slide-meta'><time class='slide-meta-time updated'  itemprop=\"datePublished\" datetime=\"2016-05-24T10:47:39+02:00\" >24 May 2016<\/time><\/div><\/footer><span class='hidden'>\n\t\t\t\t<span class='av-structured-data'  itemprop=\"image\" itemscope=\"itemscope\" itemtype=\"https:\/\/schema.org\/ImageObject\" >\n\t\t\t\t\t\t<span itemprop='url'>https:\/\/agencevu.com\/wp-content\/uploads\/2019\/05\/00_preview-2016-03-Livre-Dailleux-Givaudan.jpg<\/span>\n\t\t\t\t\t\t<span itemprop='height'>185<\/span>\n\t\t\t\t\t\t<span itemprop='width'>144<\/span>\n\t\t\t\t<\/span>\n\t\t\t\t<span class='av-structured-data'  itemprop=\"publisher\" itemtype=\"https:\/\/schema.org\/Organization\" itemscope=\"itemscope\" >\n\t\t\t\t\t\t<span itemprop='name'>Fanny Demichelis<\/span>\n\t\t\t\t\t\t<span itemprop='logo' itemscope itemtype='https:\/\/schema.org\/ImageObject'>\n\t\t\t\t\t\t\t<span itemprop='url'>\/wp-content\/uploads\/2021\/05\/logo-vert-2.svg<\/span>\n\t\t\t\t\t\t <\/span>\n\t\t\t\t<\/span><span class='av-structured-data'  itemprop=\"author\" itemscope=\"itemscope\" itemtype=\"https:\/\/schema.org\/Person\" ><span itemprop='name'>Fanny Demichelis<\/span><\/span><span class='av-structured-data'  itemprop=\"datePublished\" datetime=\"1997-05-22T11:15:02+02:00\" >2016-05-24 10:47:39<\/span><span class='av-structured-data'  itemprop=\"dateModified\" itemtype=\"https:\/\/schema.org\/dateModified\" >2021-03-17 14:11:36<\/span><span class='av-structured-data'  itemprop=\"mainEntityOfPage\" itemtype=\"https:\/\/schema.org\/mainEntityOfPage\" ><span itemprop='name'>Givaudan, une odysse\u0301e des aro\u0302mes et des parfums<\/span><\/span><\/span><\/article><article class='slide-entry flex_column  post-entry post-entry-27688 slide-entry-overview slide-loop-5 slide-parity-even  av_one_third  real-thumbnail'  itemscope=\"itemscope\" itemtype=\"https:\/\/schema.org\/CreativeWork\" ><a href='https:\/\/agencevu.com\/en\/book\/ghana\/' data-rel='slide-5' class='slide-image' title=''><img width=\"129\" height=\"185\" src=\"https:\/\/agencevu.com\/wp-content\/uploads\/2019\/05\/00_preview-GHAN-couv.jpg\" class=\"wp-image-26767 avia-img-lazy-loading-26767 attachment-portfolio size-portfolio wp-post-image\" alt=\"\" loading=\"lazy\" srcset=\"https:\/\/agencevu.com\/wp-content\/uploads\/2019\/05\/00_preview-GHAN-couv.jpg 129w, https:\/\/agencevu.com\/wp-content\/uploads\/2019\/05\/00_preview-GHAN-couv-56x80.jpg 56w\" sizes=\"(max-width: 129px) 100vw, 129px\" \/><\/a><div class='slide-content'><header class=\"entry-content-header\"><span class=\"blog-categories minor-meta\"> <a href=\"https:\/\/agencevu.com\/en\/annee\/2016\/\" rel=\"tag\">2016<\/a> <a href=\"https:\/\/agencevu.com\/en\/photographer\/denis-dailleux\/\" rel=\"tag\">Denis Dailleux<\/a> <a href=\"https:\/\/agencevu.com\/en\/section_taxonomy\/livres\/\" rel=\"tag\">livres<\/a> <\/span><h3 class='slide-entry-title entry-title'  itemprop=\"headline\" ><a href='https:\/\/agencevu.com\/en\/book\/ghana\/' title='Ghana'>Ghana<\/a><\/h3><span class=\"av-vertical-delimiter\"><\/span><\/header><div class='slide-entry-excerpt entry-content'  itemprop=\"text\" >Le Bec en l\u2019air  - 2016<\/div><\/div><footer class=\"entry-footer\"><div class='slide-meta'><time class='slide-meta-time updated'  itemprop=\"datePublished\" datetime=\"2016-05-23T17:27:49+02:00\" >23 May 2016<\/time><\/div><\/footer><span class='hidden'>\n\t\t\t\t<span class='av-structured-data'  itemprop=\"image\" itemscope=\"itemscope\" itemtype=\"https:\/\/schema.org\/ImageObject\" >\n\t\t\t\t\t\t<span itemprop='url'>https:\/\/agencevu.com\/wp-content\/uploads\/2019\/05\/00_preview-GHAN-couv.jpg<\/span>\n\t\t\t\t\t\t<span itemprop='height'>185<\/span>\n\t\t\t\t\t\t<span itemprop='width'>129<\/span>\n\t\t\t\t<\/span>\n\t\t\t\t<span class='av-structured-data'  itemprop=\"publisher\" itemtype=\"https:\/\/schema.org\/Organization\" itemscope=\"itemscope\" >\n\t\t\t\t\t\t<span itemprop='name'>Fanny Demichelis<\/span>\n\t\t\t\t\t\t<span itemprop='logo' itemscope itemtype='https:\/\/schema.org\/ImageObject'>\n\t\t\t\t\t\t\t<span itemprop='url'>\/wp-content\/uploads\/2021\/05\/logo-vert-2.svg<\/span>\n\t\t\t\t\t\t <\/span>\n\t\t\t\t<\/span><span class='av-structured-data'  itemprop=\"author\" itemscope=\"itemscope\" itemtype=\"https:\/\/schema.org\/Person\" ><span itemprop='name'>Fanny Demichelis<\/span><\/span><span class='av-structured-data'  itemprop=\"datePublished\" datetime=\"1997-05-22T11:15:02+02:00\" >2016-05-23 17:27:49<\/span><span class='av-structured-data'  itemprop=\"dateModified\" itemtype=\"https:\/\/schema.org\/dateModified\" >2021-05-20 13:01:08<\/span><span class='av-structured-data'  itemprop=\"mainEntityOfPage\" itemtype=\"https:\/\/schema.org\/mainEntityOfPage\" ><span itemprop='name'>Ghana<\/span><\/span><\/span><\/article><article class='slide-entry flex_column  post-entry post-entry-27700 slide-entry-overview slide-loop-6 slide-parity-odd  av_one_third  real-thumbnail'  itemscope=\"itemscope\" itemtype=\"https:\/\/schema.org\/CreativeWork\" ><a href='https:\/\/agencevu.com\/en\/book\/meres-et-fils\/' data-rel='slide-5' class='slide-image' title=''><img width=\"197\" height=\"185\" src=\"https:\/\/agencevu.com\/wp-content\/uploads\/2019\/05\/00_preview-717Rwn7xLL.jpg\" class=\"wp-image-26747 avia-img-lazy-loading-26747 attachment-portfolio size-portfolio wp-post-image\" alt=\"\" loading=\"lazy\" srcset=\"https:\/\/agencevu.com\/wp-content\/uploads\/2019\/05\/00_preview-717Rwn7xLL.jpg 197w, https:\/\/agencevu.com\/wp-content\/uploads\/2019\/05\/00_preview-717Rwn7xLL-80x75.jpg 80w\" sizes=\"(max-width: 197px) 100vw, 197px\" \/><\/a><div class='slide-content'><header class=\"entry-content-header\"><span class=\"blog-categories minor-meta\"> <a href=\"https:\/\/agencevu.com\/en\/annee\/2014\/\" rel=\"tag\">2014<\/a> <a href=\"https:\/\/agencevu.com\/en\/photographer\/denis-dailleux\/\" rel=\"tag\">Denis Dailleux<\/a> <a href=\"https:\/\/agencevu.com\/en\/section_taxonomy\/livres\/\" rel=\"tag\">livres<\/a> <\/span><h3 class='slide-entry-title entry-title'  itemprop=\"headline\" ><a href='https:\/\/agencevu.com\/en\/book\/meres-et-fils\/' title='Me\u0300res et Fils'>Me\u0300res et Fils<\/a><\/h3><span class=\"av-vertical-delimiter\"><\/span><\/header><div class='slide-entry-excerpt entry-content'  itemprop=\"text\" >Le Bec en l\u2019air  - 2014<\/div><\/div><footer class=\"entry-footer\"><div class='slide-meta'><time class='slide-meta-time updated'  itemprop=\"datePublished\" datetime=\"2014-05-23T15:39:41+02:00\" >23 May 2014<\/time><\/div><\/footer><span class='hidden'>\n\t\t\t\t<span class='av-structured-data'  itemprop=\"image\" itemscope=\"itemscope\" itemtype=\"https:\/\/schema.org\/ImageObject\" >\n\t\t\t\t\t\t<span itemprop='url'>https:\/\/agencevu.com\/wp-content\/uploads\/2019\/05\/00_preview-717Rwn7xLL.jpg<\/span>\n\t\t\t\t\t\t<span itemprop='height'>185<\/span>\n\t\t\t\t\t\t<span itemprop='width'>197<\/span>\n\t\t\t\t<\/span>\n\t\t\t\t<span class='av-structured-data'  itemprop=\"publisher\" itemtype=\"https:\/\/schema.org\/Organization\" itemscope=\"itemscope\" >\n\t\t\t\t\t\t<span itemprop='name'>Fanny Demichelis<\/span>\n\t\t\t\t\t\t<span itemprop='logo' itemscope itemtype='https:\/\/schema.org\/ImageObject'>\n\t\t\t\t\t\t\t<span itemprop='url'>\/wp-content\/uploads\/2021\/05\/logo-vert-2.svg<\/span>\n\t\t\t\t\t\t <\/span>\n\t\t\t\t<\/span><span class='av-structured-data'  itemprop=\"author\" itemscope=\"itemscope\" itemtype=\"https:\/\/schema.org\/Person\" ><span itemprop='name'>Fanny Demichelis<\/span><\/span><span class='av-structured-data'  itemprop=\"datePublished\" datetime=\"1997-05-22T11:15:02+02:00\" >2014-05-23 15:39:41<\/span><span class='av-structured-data'  itemprop=\"dateModified\" itemtype=\"https:\/\/schema.org\/dateModified\" >2021-03-17 14:14:17<\/span><span class='av-structured-data'  itemprop=\"mainEntityOfPage\" itemtype=\"https:\/\/schema.org\/mainEntityOfPage\" ><span itemprop='name'>Me\u0300res et Fils<\/span><\/span><\/span><\/article><\/div><div class='slide-entry-wrap'><article class='slide-entry flex_column  post-entry post-entry-27069 slide-entry-overview slide-loop-7 slide-parity-odd  av_one_third first real-thumbnail'  itemscope=\"itemscope\" itemtype=\"https:\/\/schema.org\/CreativeWork\" ><a href='https:\/\/agencevu.com\/en\/book\/egypte-les-martyrs-de-la-revolution\/' data-rel='slide-5' class='slide-image' title=''><img width=\"178\" height=\"185\" src=\"https:\/\/agencevu.com\/wp-content\/uploads\/2014\/05\/00_cover-DAILLEUX-Martyrs.jpg\" class=\"wp-image-71688 avia-img-lazy-loading-71688 attachment-portfolio size-portfolio wp-post-image\" alt=\"\" loading=\"lazy\" srcset=\"https:\/\/agencevu.com\/wp-content\/uploads\/2014\/05\/00_cover-DAILLEUX-Martyrs.jpg 178w, https:\/\/agencevu.com\/wp-content\/uploads\/2014\/05\/00_cover-DAILLEUX-Martyrs-77x80.jpg 77w, https:\/\/agencevu.com\/wp-content\/uploads\/2014\/05\/00_cover-DAILLEUX-Martyrs-36x36.jpg 36w\" sizes=\"(max-width: 178px) 100vw, 178px\" \/><\/a><div class='slide-content'><header class=\"entry-content-header\"><span class=\"blog-categories minor-meta\"> <a href=\"https:\/\/agencevu.com\/en\/annee\/2014\/\" rel=\"tag\">2014<\/a> <a href=\"https:\/\/agencevu.com\/en\/photographer\/denis-dailleux\/\" rel=\"tag\">Denis Dailleux<\/a> <a href=\"https:\/\/agencevu.com\/en\/section_taxonomy\/livres\/\" rel=\"tag\">livres<\/a> <\/span><h3 class='slide-entry-title entry-title'  itemprop=\"headline\" ><a href='https:\/\/agencevu.com\/en\/book\/egypte-les-martyrs-de-la-revolution\/' title='\u00c9gypte les martyrs de la re\u0301volution'>\u00c9gypte les martyrs de la re\u0301volution<\/a><\/h3><span class=\"av-vertical-delimiter\"><\/span><\/header><div class='slide-entry-excerpt entry-content'  itemprop=\"text\" >Le Bec en l'air - 2014<\/div><\/div><footer class=\"entry-footer\"><div class='slide-meta'><time class='slide-meta-time updated'  itemprop=\"datePublished\" datetime=\"2014-05-23T12:35:25+02:00\" >23 May 2014<\/time><\/div><\/footer><span class='hidden'>\n\t\t\t\t<span class='av-structured-data'  itemprop=\"image\" itemscope=\"itemscope\" itemtype=\"https:\/\/schema.org\/ImageObject\" >\n\t\t\t\t\t\t<span itemprop='url'>https:\/\/agencevu.com\/wp-content\/uploads\/2014\/05\/00_cover-DAILLEUX-Martyrs.jpg<\/span>\n\t\t\t\t\t\t<span itemprop='height'>185<\/span>\n\t\t\t\t\t\t<span itemprop='width'>178<\/span>\n\t\t\t\t<\/span>\n\t\t\t\t<span class='av-structured-data'  itemprop=\"publisher\" itemtype=\"https:\/\/schema.org\/Organization\" itemscope=\"itemscope\" >\n\t\t\t\t\t\t<span itemprop='name'>Fanny Demichelis<\/span>\n\t\t\t\t\t\t<span itemprop='logo' itemscope itemtype='https:\/\/schema.org\/ImageObject'>\n\t\t\t\t\t\t\t<span itemprop='url'>\/wp-content\/uploads\/2021\/05\/logo-vert-2.svg<\/span>\n\t\t\t\t\t\t <\/span>\n\t\t\t\t<\/span><span class='av-structured-data'  itemprop=\"author\" itemscope=\"itemscope\" itemtype=\"https:\/\/schema.org\/Person\" ><span itemprop='name'>Fanny Demichelis<\/span><\/span><span class='av-structured-data'  itemprop=\"datePublished\" datetime=\"1997-05-22T11:15:02+02:00\" >2014-05-23 12:35:25<\/span><span class='av-structured-data'  itemprop=\"dateModified\" itemtype=\"https:\/\/schema.org\/dateModified\" >2021-03-17 14:14:42<\/span><span class='av-structured-data'  itemprop=\"mainEntityOfPage\" itemtype=\"https:\/\/schema.org\/mainEntityOfPage\" ><span itemprop='name'>\u00c9gypte les martyrs de la re\u0301volution<\/span><\/span><\/span><\/article><article class='slide-entry flex_column  post-entry post-entry-27070 slide-entry-overview slide-loop-8 slide-parity-even  av_one_third  real-thumbnail'  itemscope=\"itemscope\" itemtype=\"https:\/\/schema.org\/CreativeWork\" ><a href='https:\/\/agencevu.com\/en\/book\/impressions-degypte\/' data-rel='slide-5' class='slide-image' title=''><img width=\"139\" height=\"185\" src=\"https:\/\/agencevu.com\/wp-content\/uploads\/2019\/05\/00_preview-Couverture.jpg\" class=\"wp-image-26559 avia-img-lazy-loading-26559 attachment-portfolio size-portfolio wp-post-image\" alt=\"\" loading=\"lazy\" srcset=\"https:\/\/agencevu.com\/wp-content\/uploads\/2019\/05\/00_preview-Couverture.jpg 139w, https:\/\/agencevu.com\/wp-content\/uploads\/2019\/05\/00_preview-Couverture-60x80.jpg 60w\" sizes=\"(max-width: 139px) 100vw, 139px\" \/><\/a><div class='slide-content'><header class=\"entry-content-header\"><span class=\"blog-categories minor-meta\"> <a href=\"https:\/\/agencevu.com\/en\/annee\/2011\/\" rel=\"tag\">2011<\/a> <a href=\"https:\/\/agencevu.com\/en\/photographer\/denis-dailleux\/\" rel=\"tag\">Denis Dailleux<\/a> <a href=\"https:\/\/agencevu.com\/en\/section_taxonomy\/livres\/\" rel=\"tag\">livres<\/a> <\/span><h3 class='slide-entry-title entry-title'  itemprop=\"headline\" ><a href='https:\/\/agencevu.com\/en\/book\/impressions-degypte\/' title='Impressions d&#039;E\u0301gypte'>Impressions d'E\u0301gypte<\/a><\/h3><span class=\"av-vertical-delimiter\"><\/span><\/header><div class='slide-entry-excerpt entry-content'  itemprop=\"text\" >Editions de la Martini\u00e8re - 2011<\/div><\/div><footer class=\"entry-footer\"><div class='slide-meta'><time class='slide-meta-time updated'  itemprop=\"datePublished\" datetime=\"2011-05-23T11:06:04+02:00\" >23 May 2011<\/time><\/div><\/footer><span class='hidden'>\n\t\t\t\t<span class='av-structured-data'  itemprop=\"image\" itemscope=\"itemscope\" itemtype=\"https:\/\/schema.org\/ImageObject\" >\n\t\t\t\t\t\t<span itemprop='url'>https:\/\/agencevu.com\/wp-content\/uploads\/2019\/05\/00_preview-Couverture.jpg<\/span>\n\t\t\t\t\t\t<span itemprop='height'>185<\/span>\n\t\t\t\t\t\t<span itemprop='width'>139<\/span>\n\t\t\t\t<\/span>\n\t\t\t\t<span class='av-structured-data'  itemprop=\"publisher\" itemtype=\"https:\/\/schema.org\/Organization\" itemscope=\"itemscope\" >\n\t\t\t\t\t\t<span itemprop='name'>Fanny Demichelis<\/span>\n\t\t\t\t\t\t<span itemprop='logo' itemscope itemtype='https:\/\/schema.org\/ImageObject'>\n\t\t\t\t\t\t\t<span itemprop='url'>\/wp-content\/uploads\/2021\/05\/logo-vert-2.svg<\/span>\n\t\t\t\t\t\t <\/span>\n\t\t\t\t<\/span><span class='av-structured-data'  itemprop=\"author\" itemscope=\"itemscope\" itemtype=\"https:\/\/schema.org\/Person\" ><span itemprop='name'>Fanny Demichelis<\/span><\/span><span class='av-structured-data'  itemprop=\"datePublished\" datetime=\"1997-05-22T11:15:02+02:00\" >2011-05-23 11:06:04<\/span><span class='av-structured-data'  itemprop=\"dateModified\" itemtype=\"https:\/\/schema.org\/dateModified\" >2021-04-23 15:45:44<\/span><span class='av-structured-data'  itemprop=\"mainEntityOfPage\" itemtype=\"https:\/\/schema.org\/mainEntityOfPage\" ><span itemprop='name'>Impressions d&#8217;E\u0301gypte<\/span><\/span><\/span><\/article><article class='slide-entry flex_column  post-entry post-entry-27050 slide-entry-overview slide-loop-9 slide-parity-odd  av_one_third  real-thumbnail'  itemscope=\"itemscope\" itemtype=\"https:\/\/schema.org\/CreativeWork\" ><a href='https:\/\/agencevu.com\/en\/book\/fils-de-roi-portraits-degypte\/' data-rel='slide-5' class='slide-image' title=''><img width=\"176\" height=\"185\" src=\"https:\/\/agencevu.com\/wp-content\/uploads\/2019\/05\/00_preview-couverture.jpg\" class=\"wp-image-26500 avia-img-lazy-loading-26500 attachment-portfolio size-portfolio wp-post-image\" alt=\"\" loading=\"lazy\" srcset=\"https:\/\/agencevu.com\/wp-content\/uploads\/2019\/05\/00_preview-couverture.jpg 176w, https:\/\/agencevu.com\/wp-content\/uploads\/2019\/05\/00_preview-couverture-76x80.jpg 76w\" sizes=\"(max-width: 176px) 100vw, 176px\" \/><\/a><div class='slide-content'><header class=\"entry-content-header\"><span class=\"blog-categories minor-meta\"> <a href=\"https:\/\/agencevu.com\/en\/annee\/2008\/\" rel=\"tag\">2008<\/a> <a href=\"https:\/\/agencevu.com\/en\/photographer\/denis-dailleux\/\" rel=\"tag\">Denis Dailleux<\/a> <a href=\"https:\/\/agencevu.com\/en\/section_taxonomy\/livres\/\" rel=\"tag\">livres<\/a> <\/span><h3 class='slide-entry-title entry-title'  itemprop=\"headline\" ><a href='https:\/\/agencevu.com\/en\/book\/fils-de-roi-portraits-degypte\/' title='Fils de Roi, Portraits d&#039;Egypte'>Fils de Roi, Portraits d'Egypte<\/a><\/h3><span class=\"av-vertical-delimiter\"><\/span><\/header><div class='slide-entry-excerpt entry-content'  itemprop=\"text\" >Gallimard - 2008<\/div><\/div><footer class=\"entry-footer\"><div class='slide-meta'><time class='slide-meta-time updated'  itemprop=\"datePublished\" datetime=\"2008-05-22T12:51:29+02:00\" >22 May 2008<\/time><\/div><\/footer><span class='hidden'>\n\t\t\t\t<span class='av-structured-data'  itemprop=\"image\" itemscope=\"itemscope\" itemtype=\"https:\/\/schema.org\/ImageObject\" >\n\t\t\t\t\t\t<span itemprop='url'>https:\/\/agencevu.com\/wp-content\/uploads\/2019\/05\/00_preview-couverture.jpg<\/span>\n\t\t\t\t\t\t<span itemprop='height'>185<\/span>\n\t\t\t\t\t\t<span itemprop='width'>176<\/span>\n\t\t\t\t<\/span>\n\t\t\t\t<span class='av-structured-data'  itemprop=\"publisher\" itemtype=\"https:\/\/schema.org\/Organization\" itemscope=\"itemscope\" >\n\t\t\t\t\t\t<span itemprop='name'>Fanny Demichelis<\/span>\n\t\t\t\t\t\t<span itemprop='logo' itemscope itemtype='https:\/\/schema.org\/ImageObject'>\n\t\t\t\t\t\t\t<span itemprop='url'>\/wp-content\/uploads\/2021\/05\/logo-vert-2.svg<\/span>\n\t\t\t\t\t\t <\/span>\n\t\t\t\t<\/span><span class='av-structured-data'  itemprop=\"author\" itemscope=\"itemscope\" itemtype=\"https:\/\/schema.org\/Person\" ><span itemprop='name'>Fanny Demichelis<\/span><\/span><span class='av-structured-data'  itemprop=\"datePublished\" datetime=\"1997-05-22T11:15:02+02:00\" >2008-05-22 12:51:29<\/span><span class='av-structured-data'  itemprop=\"dateModified\" itemtype=\"https:\/\/schema.org\/dateModified\" >2021-04-23 15:45:52<\/span><span class='av-structured-data'  itemprop=\"mainEntityOfPage\" itemtype=\"https:\/\/schema.org\/mainEntityOfPage\" ><span itemprop='name'>Fils de Roi, Portraits d&#8217;Egypte<\/span><\/span><\/span><\/article><\/div><div class='slide-entry-wrap'><article class='slide-entry flex_column  post-entry post-entry-27053 slide-entry-overview slide-loop-10 slide-parity-odd  av_one_third first real-thumbnail'  itemscope=\"itemscope\" itemtype=\"https:\/\/schema.org\/CreativeWork\" ><a href='https:\/\/agencevu.com\/en\/book\/le-caire\/' data-rel='slide-5' class='slide-image' title=''><img width=\"180\" height=\"185\" src=\"https:\/\/agencevu.com\/wp-content\/uploads\/2019\/05\/00_2001_Dailleux_Le-Caire_Couv_edit-du-che--ne.jpg\" class=\"wp-image-26454 avia-img-lazy-loading-26454 attachment-portfolio size-portfolio wp-post-image\" alt=\"\" loading=\"lazy\" srcset=\"https:\/\/agencevu.com\/wp-content\/uploads\/2019\/05\/00_2001_Dailleux_Le-Caire_Couv_edit-du-che--ne.jpg 180w, https:\/\/agencevu.com\/wp-content\/uploads\/2019\/05\/00_2001_Dailleux_Le-Caire_Couv_edit-du-che--ne-78x80.jpg 78w, https:\/\/agencevu.com\/wp-content\/uploads\/2019\/05\/00_2001_Dailleux_Le-Caire_Couv_edit-du-che--ne-36x36.jpg 36w\" sizes=\"(max-width: 180px) 100vw, 180px\" \/><\/a><div class='slide-content'><header class=\"entry-content-header\"><span class=\"blog-categories minor-meta\"> <a href=\"https:\/\/agencevu.com\/en\/annee\/2001-en\/\" rel=\"tag\">2001<\/a> <a href=\"https:\/\/agencevu.com\/en\/photographer\/denis-dailleux\/\" rel=\"tag\">Denis Dailleux<\/a> <a href=\"https:\/\/agencevu.com\/en\/section_taxonomy\/livres\/\" rel=\"tag\">livres<\/a> <\/span><h3 class='slide-entry-title entry-title'  itemprop=\"headline\" ><a href='https:\/\/agencevu.com\/en\/book\/le-caire\/' title='Le Caire'>Le Caire<\/a><\/h3><span class=\"av-vertical-delimiter\"><\/span><\/header><div class='slide-entry-excerpt entry-content'  itemprop=\"text\" >Le Ch\u00eane - 2001<\/div><\/div><footer class=\"entry-footer\"><div class='slide-meta'><time class='slide-meta-time updated'  itemprop=\"datePublished\" datetime=\"2001-05-22T12:06:27+02:00\" >22 May 2001<\/time><\/div><\/footer><span class='hidden'>\n\t\t\t\t<span class='av-structured-data'  itemprop=\"image\" itemscope=\"itemscope\" itemtype=\"https:\/\/schema.org\/ImageObject\" >\n\t\t\t\t\t\t<span itemprop='url'>https:\/\/agencevu.com\/wp-content\/uploads\/2019\/05\/00_2001_Dailleux_Le-Caire_Couv_edit-du-che--ne.jpg<\/span>\n\t\t\t\t\t\t<span itemprop='height'>185<\/span>\n\t\t\t\t\t\t<span itemprop='width'>180<\/span>\n\t\t\t\t<\/span>\n\t\t\t\t<span class='av-structured-data'  itemprop=\"publisher\" itemtype=\"https:\/\/schema.org\/Organization\" itemscope=\"itemscope\" >\n\t\t\t\t\t\t<span itemprop='name'>Fanny Demichelis<\/span>\n\t\t\t\t\t\t<span itemprop='logo' itemscope itemtype='https:\/\/schema.org\/ImageObject'>\n\t\t\t\t\t\t\t<span itemprop='url'>\/wp-content\/uploads\/2021\/05\/logo-vert-2.svg<\/span>\n\t\t\t\t\t\t <\/span>\n\t\t\t\t<\/span><span class='av-structured-data'  itemprop=\"author\" itemscope=\"itemscope\" itemtype=\"https:\/\/schema.org\/Person\" ><span itemprop='name'>Fanny Demichelis<\/span><\/span><span class='av-structured-data'  itemprop=\"datePublished\" datetime=\"1997-05-22T11:15:02+02:00\" >2001-05-22 12:06:27<\/span><span class='av-structured-data'  itemprop=\"dateModified\" itemtype=\"https:\/\/schema.org\/dateModified\" >2021-04-23 15:46:00<\/span><span class='av-structured-data'  itemprop=\"mainEntityOfPage\" itemtype=\"https:\/\/schema.org\/mainEntityOfPage\" ><span itemprop='name'>Le Caire<\/span><\/span><\/span><\/article><article class='slide-entry flex_column  post-entry post-entry-27054 slide-entry-overview slide-loop-11 slide-parity-even  post-entry-last  av_one_third  real-thumbnail'  itemscope=\"itemscope\" itemtype=\"https:\/\/schema.org\/CreativeWork\" ><a href='https:\/\/agencevu.com\/en\/book\/habibi-cairo\/' data-rel='slide-5' class='slide-image' title=''><img width=\"139\" height=\"185\" src=\"https:\/\/agencevu.com\/wp-content\/uploads\/2019\/05\/00_preview_habibi-cairo.jpg\" class=\"wp-image-26423 avia-img-lazy-loading-26423 attachment-portfolio size-portfolio wp-post-image\" alt=\"\" loading=\"lazy\" srcset=\"https:\/\/agencevu.com\/wp-content\/uploads\/2019\/05\/00_preview_habibi-cairo.jpg 139w, https:\/\/agencevu.com\/wp-content\/uploads\/2019\/05\/00_preview_habibi-cairo-60x80.jpg 60w\" sizes=\"(max-width: 139px) 100vw, 139px\" \/><\/a><div class='slide-content'><header class=\"entry-content-header\"><span class=\"blog-categories minor-meta\"> <a href=\"https:\/\/agencevu.com\/en\/annee\/1997\/\" rel=\"tag\">1997<\/a> <a href=\"https:\/\/agencevu.com\/en\/photographer\/denis-dailleux\/\" rel=\"tag\">Denis Dailleux<\/a> <a href=\"https:\/\/agencevu.com\/en\/section_taxonomy\/livres\/\" rel=\"tag\">livres<\/a> <\/span><h3 class='slide-entry-title entry-title'  itemprop=\"headline\" ><a href='https:\/\/agencevu.com\/en\/book\/habibi-cairo\/' title='Habibi Cairo'>Habibi Cairo<\/a><\/h3><span class=\"av-vertical-delimiter\"><\/span><\/header><div class='slide-entry-excerpt entry-content'  itemprop=\"text\" >Filigranes - 1997<\/div><\/div><footer class=\"entry-footer\"><div class='slide-meta'><time class='slide-meta-time updated'  itemprop=\"datePublished\" datetime=\"1997-05-22T11:15:02+02:00\" >22 May 1997<\/time><\/div><\/footer><span class='hidden'>\n\t\t\t\t<span class='av-structured-data'  itemprop=\"image\" itemscope=\"itemscope\" itemtype=\"https:\/\/schema.org\/ImageObject\" >\n\t\t\t\t\t\t<span itemprop='url'>https:\/\/agencevu.com\/wp-content\/uploads\/2019\/05\/00_preview_habibi-cairo.jpg<\/span>\n\t\t\t\t\t\t<span itemprop='height'>185<\/span>\n\t\t\t\t\t\t<span itemprop='width'>139<\/span>\n\t\t\t\t<\/span>\n\t\t\t\t<span class='av-structured-data'  itemprop=\"publisher\" itemtype=\"https:\/\/schema.org\/Organization\" itemscope=\"itemscope\" >\n\t\t\t\t\t\t<span itemprop='name'>Fanny Demichelis<\/span>\n\t\t\t\t\t\t<span itemprop='logo' itemscope itemtype='https:\/\/schema.org\/ImageObject'>\n\t\t\t\t\t\t\t<span itemprop='url'>\/wp-content\/uploads\/2021\/05\/logo-vert-2.svg<\/span>\n\t\t\t\t\t\t <\/span>\n\t\t\t\t<\/span><span class='av-structured-data'  itemprop=\"author\" itemscope=\"itemscope\" itemtype=\"https:\/\/schema.org\/Person\" ><span itemprop='name'>Fanny Demichelis<\/span><\/span><span class='av-structured-data'  itemprop=\"datePublished\" datetime=\"1997-05-22T11:15:02+02:00\" >1997-05-22 11:15:02<\/span><span class='av-structured-data'  itemprop=\"dateModified\" itemtype=\"https:\/\/schema.org\/dateModified\" >2021-04-23 15:47:25<\/span><span class='av-structured-data'  itemprop=\"mainEntityOfPage\" itemtype=\"https:\/\/schema.org\/mainEntityOfPage\" ><span itemprop='name'>Habibi Cairo<\/span><\/span><\/span><\/article><\/div><\/div><\/div>\n<div  data-autoplay=''  data-interval='5'  data-animation='fade'  data-show_slide_delay='90'  class='avia-content-slider avia-content-grid-active avia-content-slider6 avia-content-slider-even   av-desktop-hide av-medium-hide av-small-hide'  itemscope=\"itemscope\" itemtype=\"https:\/\/schema.org\/Blog\" ><div class='avia-content-slider-inner'><div class='slide-entry-wrap'><article class='slide-entry flex_column  post-entry post-entry-225157 slide-entry-overview slide-loop-1 slide-parity-odd  av_one_half first real-thumbnail'  itemscope=\"itemscope\" itemtype=\"https:\/\/schema.org\/CreativeWork\" ><a href='https:\/\/agencevu.com\/en\/book\/les-gens-de-mon-village\/' data-rel='slide-6' class='slide-image' title=''><img width=\"142\" height=\"185\" src=\"https:\/\/agencevu.com\/wp-content\/uploads\/2025\/11\/00_preview_dailleux.jpg\" class=\"wp-image-225155 avia-img-lazy-loading-225155 attachment-portfolio size-portfolio wp-post-image\" alt=\"\" loading=\"lazy\" srcset=\"https:\/\/agencevu.com\/wp-content\/uploads\/2025\/11\/00_preview_dailleux.jpg 142w, https:\/\/agencevu.com\/wp-content\/uploads\/2025\/11\/00_preview_dailleux-61x80.jpg 61w\" sizes=\"(max-width: 142px) 100vw, 142px\" \/><\/a><div class='slide-content'><header class=\"entry-content-header\"><span class=\"blog-categories minor-meta\"><a href=\"https:\/\/agencevu.com\/en\/Home\/home-evenements\/\" rel=\"tag\">Home-Evenements<\/a> <a href=\"https:\/\/agencevu.com\/en\/annee\/2026-en\/\" rel=\"tag\">2026<\/a> <a href=\"https:\/\/agencevu.com\/en\/photographer\/denis-dailleux\/\" rel=\"tag\">Denis Dailleux<\/a> <a href=\"https:\/\/agencevu.com\/en\/section_taxonomy\/livres\/\" rel=\"tag\">livres<\/a> <\/span><h3 class='slide-entry-title entry-title'  itemprop=\"headline\" ><a href='https:\/\/agencevu.com\/en\/book\/les-gens-de-mon-village\/' title='Les gens de mon village'>Les gens de mon village<\/a><\/h3><span class=\"av-vertical-delimiter\"><\/span><\/header><div class='slide-entry-excerpt entry-content'  itemprop=\"text\" >Le Bec en l'air - 2026<\/div><\/div><footer class=\"entry-footer\"><div class='slide-meta'><time class='slide-meta-time updated'  itemprop=\"datePublished\" datetime=\"2025-11-03T16:52:15+01:00\" >3 November 2025<\/time><\/div><\/footer><span class='hidden'>\n\t\t\t\t<span class='av-structured-data'  itemprop=\"image\" itemscope=\"itemscope\" itemtype=\"https:\/\/schema.org\/ImageObject\" >\n\t\t\t\t\t\t<span itemprop='url'>https:\/\/agencevu.com\/wp-content\/uploads\/2025\/11\/00_preview_dailleux.jpg<\/span>\n\t\t\t\t\t\t<span itemprop='height'>185<\/span>\n\t\t\t\t\t\t<span itemprop='width'>142<\/span>\n\t\t\t\t<\/span>\n\t\t\t\t<span class='av-structured-data'  itemprop=\"publisher\" itemtype=\"https:\/\/schema.org\/Organization\" itemscope=\"itemscope\" >\n\t\t\t\t\t\t<span itemprop='name'>Fanny Demichelis<\/span>\n\t\t\t\t\t\t<span itemprop='logo' itemscope itemtype='https:\/\/schema.org\/ImageObject'>\n\t\t\t\t\t\t\t<span itemprop='url'>\/wp-content\/uploads\/2021\/05\/logo-vert-2.svg<\/span>\n\t\t\t\t\t\t <\/span>\n\t\t\t\t<\/span><span class='av-structured-data'  itemprop=\"author\" itemscope=\"itemscope\" itemtype=\"https:\/\/schema.org\/Person\" ><span itemprop='name'>Fanny Demichelis<\/span><\/span><span class='av-structured-data'  itemprop=\"datePublished\" datetime=\"1997-05-22T11:15:02+02:00\" >2025-11-03 16:52:15<\/span><span class='av-structured-data'  itemprop=\"dateModified\" itemtype=\"https:\/\/schema.org\/dateModified\" >2026-02-16 16:45:09<\/span><span class='av-structured-data'  itemprop=\"mainEntityOfPage\" itemtype=\"https:\/\/schema.org\/mainEntityOfPage\" ><span itemprop='name'>Les gens de mon village<\/span><\/span><\/span><\/article><article class='slide-entry flex_column  post-entry post-entry-189924 slide-entry-overview slide-loop-2 slide-parity-even  av_one_half  real-thumbnail'  itemscope=\"itemscope\" itemtype=\"https:\/\/schema.org\/CreativeWork\" ><a href='https:\/\/agencevu.com\/en\/book\/misr\/' data-rel='slide-6' class='slide-image' title=''><img width=\"188\" height=\"185\" src=\"https:\/\/agencevu.com\/wp-content\/uploads\/2022\/10\/Preview_2022_Daileux_Egypte_Misr.jpg\" class=\"wp-image-189956 avia-img-lazy-loading-189956 attachment-portfolio size-portfolio wp-post-image\" alt=\"\" loading=\"lazy\" srcset=\"https:\/\/agencevu.com\/wp-content\/uploads\/2022\/10\/Preview_2022_Daileux_Egypte_Misr.jpg 188w, https:\/\/agencevu.com\/wp-content\/uploads\/2022\/10\/Preview_2022_Daileux_Egypte_Misr-80x80.jpg 80w, https:\/\/agencevu.com\/wp-content\/uploads\/2022\/10\/Preview_2022_Daileux_Egypte_Misr-36x36.jpg 36w\" sizes=\"(max-width: 188px) 100vw, 188px\" \/><\/a><div class='slide-content'><header class=\"entry-content-header\"><span class=\"blog-categories minor-meta\"><a href=\"https:\/\/agencevu.com\/en\/Home\/home-evenements\/\" rel=\"tag\">Home-Evenements<\/a> <a href=\"https:\/\/agencevu.com\/en\/annee\/2022-en\/\" rel=\"tag\">2022<\/a> <a href=\"https:\/\/agencevu.com\/en\/photographer\/denis-dailleux\/\" rel=\"tag\">Denis Dailleux<\/a> <a href=\"https:\/\/agencevu.com\/en\/section_taxonomy\/livres\/\" rel=\"tag\">livres<\/a> <\/span><h3 class='slide-entry-title entry-title'  itemprop=\"headline\" ><a href='https:\/\/agencevu.com\/en\/book\/misr\/' title='Misr'>Misr<\/a><\/h3><span class=\"av-vertical-delimiter\"><\/span><\/header><div class='slide-entry-excerpt entry-content'  itemprop=\"text\" >Le bec en l'air - 2022<\/div><\/div><footer class=\"entry-footer\"><div class='slide-meta'><time class='slide-meta-time updated'  itemprop=\"datePublished\" datetime=\"2022-10-25T11:41:58+02:00\" >25 October 2022<\/time><\/div><\/footer><span class='hidden'>\n\t\t\t\t<span class='av-structured-data'  itemprop=\"image\" itemscope=\"itemscope\" itemtype=\"https:\/\/schema.org\/ImageObject\" >\n\t\t\t\t\t\t<span itemprop='url'>https:\/\/agencevu.com\/wp-content\/uploads\/2022\/10\/Preview_2022_Daileux_Egypte_Misr.jpg<\/span>\n\t\t\t\t\t\t<span itemprop='height'>185<\/span>\n\t\t\t\t\t\t<span itemprop='width'>188<\/span>\n\t\t\t\t<\/span>\n\t\t\t\t<span class='av-structured-data'  itemprop=\"publisher\" itemtype=\"https:\/\/schema.org\/Organization\" itemscope=\"itemscope\" >\n\t\t\t\t\t\t<span itemprop='name'>Editorial<\/span>\n\t\t\t\t\t\t<span itemprop='logo' itemscope itemtype='https:\/\/schema.org\/ImageObject'>\n\t\t\t\t\t\t\t<span itemprop='url'>\/wp-content\/uploads\/2021\/05\/logo-vert-2.svg<\/span>\n\t\t\t\t\t\t <\/span>\n\t\t\t\t<\/span><span class='av-structured-data'  itemprop=\"author\" itemscope=\"itemscope\" itemtype=\"https:\/\/schema.org\/Person\" ><span itemprop='name'>Editorial<\/span><\/span><span class='av-structured-data'  itemprop=\"datePublished\" datetime=\"1997-05-22T11:15:02+02:00\" >2022-10-25 11:41:58<\/span><span class='av-structured-data'  itemprop=\"dateModified\" itemtype=\"https:\/\/schema.org\/dateModified\" >2022-10-28 10:39:32<\/span><span class='av-structured-data'  itemprop=\"mainEntityOfPage\" itemtype=\"https:\/\/schema.org\/mainEntityOfPage\" ><span itemprop='name'>Misr<\/span><\/span><\/span><\/article><\/div><div class='slide-entry-wrap'><article class='slide-entry flex_column  post-entry post-entry-27699 slide-entry-overview slide-loop-3 slide-parity-odd  av_one_half first real-thumbnail'  itemscope=\"itemscope\" itemtype=\"https:\/\/schema.org\/CreativeWork\" ><a href='https:\/\/agencevu.com\/en\/book\/persan-beaumont\/' data-rel='slide-6' class='slide-image' title=''><img width=\"146\" height=\"185\" src=\"https:\/\/agencevu.com\/wp-content\/uploads\/2018\/05\/persan-beaumont.jpeg\" class=\"wp-image-52706 avia-img-lazy-loading-52706 attachment-portfolio size-portfolio wp-post-image\" alt=\"\" loading=\"lazy\" srcset=\"https:\/\/agencevu.com\/wp-content\/uploads\/2018\/05\/persan-beaumont.jpeg 146w, https:\/\/agencevu.com\/wp-content\/uploads\/2018\/05\/persan-beaumont-63x80.jpeg 63w\" sizes=\"(max-width: 146px) 100vw, 146px\" \/><\/a><div class='slide-content'><header class=\"entry-content-header\"><span class=\"blog-categories minor-meta\"> <a href=\"https:\/\/agencevu.com\/en\/annee\/2018\/\" rel=\"tag\">2018<\/a> <a href=\"https:\/\/agencevu.com\/en\/photographer\/denis-dailleux\/\" rel=\"tag\">Denis Dailleux<\/a> <a href=\"https:\/\/agencevu.com\/en\/section_taxonomy\/livres\/\" rel=\"tag\">livres<\/a> <\/span><h3 class='slide-entry-title entry-title'  itemprop=\"headline\" ><a href='https:\/\/agencevu.com\/en\/book\/persan-beaumont\/' title='Persan-Beaumont'>Persan-Beaumont<\/a><\/h3><span class=\"av-vertical-delimiter\"><\/span><\/header><div class='slide-entry-excerpt entry-content'  itemprop=\"text\" >Le Bec en l'air - 2018<\/div><\/div><footer class=\"entry-footer\"><div class='slide-meta'><time class='slide-meta-time updated'  itemprop=\"datePublished\" datetime=\"2018-05-29T11:34:13+02:00\" >29 May 2018<\/time><\/div><\/footer><span class='hidden'>\n\t\t\t\t<span class='av-structured-data'  itemprop=\"image\" itemscope=\"itemscope\" itemtype=\"https:\/\/schema.org\/ImageObject\" >\n\t\t\t\t\t\t<span itemprop='url'>https:\/\/agencevu.com\/wp-content\/uploads\/2018\/05\/persan-beaumont.jpeg<\/span>\n\t\t\t\t\t\t<span itemprop='height'>185<\/span>\n\t\t\t\t\t\t<span itemprop='width'>146<\/span>\n\t\t\t\t<\/span>\n\t\t\t\t<span class='av-structured-data'  itemprop=\"publisher\" itemtype=\"https:\/\/schema.org\/Organization\" itemscope=\"itemscope\" >\n\t\t\t\t\t\t<span itemprop='name'>Fanny Demichelis<\/span>\n\t\t\t\t\t\t<span itemprop='logo' itemscope itemtype='https:\/\/schema.org\/ImageObject'>\n\t\t\t\t\t\t\t<span itemprop='url'>\/wp-content\/uploads\/2021\/05\/logo-vert-2.svg<\/span>\n\t\t\t\t\t\t <\/span>\n\t\t\t\t<\/span><span class='av-structured-data'  itemprop=\"author\" itemscope=\"itemscope\" itemtype=\"https:\/\/schema.org\/Person\" ><span itemprop='name'>Fanny Demichelis<\/span><\/span><span class='av-structured-data'  itemprop=\"datePublished\" datetime=\"1997-05-22T11:15:02+02:00\" >2018-05-29 11:34:13<\/span><span class='av-structured-data'  itemprop=\"dateModified\" itemtype=\"https:\/\/schema.org\/dateModified\" >2021-03-17 14:10:23<\/span><span class='av-structured-data'  itemprop=\"mainEntityOfPage\" itemtype=\"https:\/\/schema.org\/mainEntityOfPage\" ><span itemprop='name'>Persan-Beaumont<\/span><\/span><\/span><\/article><article class='slide-entry flex_column  post-entry post-entry-27687 slide-entry-overview slide-loop-4 slide-parity-even  av_one_half  real-thumbnail'  itemscope=\"itemscope\" itemtype=\"https:\/\/schema.org\/CreativeWork\" ><a href='https:\/\/agencevu.com\/en\/book\/givaudan-une-odyssee-des-aro%cc%82mes-et-des-parfums\/' data-rel='slide-6' class='slide-image' title=''><img width=\"144\" height=\"185\" src=\"https:\/\/agencevu.com\/wp-content\/uploads\/2019\/05\/00_preview-2016-03-Livre-Dailleux-Givaudan.jpg\" class=\"wp-image-26783 avia-img-lazy-loading-26783 attachment-portfolio size-portfolio wp-post-image\" alt=\"\" loading=\"lazy\" srcset=\"https:\/\/agencevu.com\/wp-content\/uploads\/2019\/05\/00_preview-2016-03-Livre-Dailleux-Givaudan.jpg 144w, https:\/\/agencevu.com\/wp-content\/uploads\/2019\/05\/00_preview-2016-03-Livre-Dailleux-Givaudan-62x80.jpg 62w\" sizes=\"(max-width: 144px) 100vw, 144px\" \/><\/a><div class='slide-content'><header class=\"entry-content-header\"><span class=\"blog-categories minor-meta\"> <a href=\"https:\/\/agencevu.com\/en\/annee\/2016\/\" rel=\"tag\">2016<\/a> <a href=\"https:\/\/agencevu.com\/en\/photographer\/denis-dailleux\/\" rel=\"tag\">Denis Dailleux<\/a> <a href=\"https:\/\/agencevu.com\/en\/section_taxonomy\/livres\/\" rel=\"tag\">livres<\/a> <\/span><h3 class='slide-entry-title entry-title'  itemprop=\"headline\" ><a href='https:\/\/agencevu.com\/en\/book\/givaudan-une-odyssee-des-aro%cc%82mes-et-des-parfums\/' title='Givaudan, une odysse\u0301e des aro\u0302mes et des parfums'>Givaudan, une odysse\u0301e des aro\u0302mes et des parfums<\/a><\/h3><span class=\"av-vertical-delimiter\"><\/span><\/header><div class='slide-entry-excerpt entry-content'  itemprop=\"text\" >Editions de La Martini\u00e8re  - 2016<\/div><\/div><footer class=\"entry-footer\"><div class='slide-meta'><time class='slide-meta-time updated'  itemprop=\"datePublished\" datetime=\"2016-05-24T10:47:39+02:00\" >24 May 2016<\/time><\/div><\/footer><span class='hidden'>\n\t\t\t\t<span class='av-structured-data'  itemprop=\"image\" itemscope=\"itemscope\" itemtype=\"https:\/\/schema.org\/ImageObject\" >\n\t\t\t\t\t\t<span itemprop='url'>https:\/\/agencevu.com\/wp-content\/uploads\/2019\/05\/00_preview-2016-03-Livre-Dailleux-Givaudan.jpg<\/span>\n\t\t\t\t\t\t<span itemprop='height'>185<\/span>\n\t\t\t\t\t\t<span itemprop='width'>144<\/span>\n\t\t\t\t<\/span>\n\t\t\t\t<span class='av-structured-data'  itemprop=\"publisher\" itemtype=\"https:\/\/schema.org\/Organization\" itemscope=\"itemscope\" >\n\t\t\t\t\t\t<span itemprop='name'>Fanny Demichelis<\/span>\n\t\t\t\t\t\t<span itemprop='logo' itemscope itemtype='https:\/\/schema.org\/ImageObject'>\n\t\t\t\t\t\t\t<span itemprop='url'>\/wp-content\/uploads\/2021\/05\/logo-vert-2.svg<\/span>\n\t\t\t\t\t\t <\/span>\n\t\t\t\t<\/span><span class='av-structured-data'  itemprop=\"author\" itemscope=\"itemscope\" itemtype=\"https:\/\/schema.org\/Person\" ><span itemprop='name'>Fanny Demichelis<\/span><\/span><span class='av-structured-data'  itemprop=\"datePublished\" datetime=\"1997-05-22T11:15:02+02:00\" >2016-05-24 10:47:39<\/span><span class='av-structured-data'  itemprop=\"dateModified\" itemtype=\"https:\/\/schema.org\/dateModified\" >2021-03-17 14:11:36<\/span><span class='av-structured-data'  itemprop=\"mainEntityOfPage\" itemtype=\"https:\/\/schema.org\/mainEntityOfPage\" ><span itemprop='name'>Givaudan, une odysse\u0301e des aro\u0302mes et des parfums<\/span><\/span><\/span><\/article><\/div><div class='slide-entry-wrap'><article class='slide-entry flex_column  post-entry post-entry-27688 slide-entry-overview slide-loop-5 slide-parity-odd  av_one_half first real-thumbnail'  itemscope=\"itemscope\" itemtype=\"https:\/\/schema.org\/CreativeWork\" ><a href='https:\/\/agencevu.com\/en\/book\/ghana\/' data-rel='slide-6' class='slide-image' title=''><img width=\"129\" height=\"185\" src=\"https:\/\/agencevu.com\/wp-content\/uploads\/2019\/05\/00_preview-GHAN-couv.jpg\" class=\"wp-image-26767 avia-img-lazy-loading-26767 attachment-portfolio size-portfolio wp-post-image\" alt=\"\" loading=\"lazy\" srcset=\"https:\/\/agencevu.com\/wp-content\/uploads\/2019\/05\/00_preview-GHAN-couv.jpg 129w, https:\/\/agencevu.com\/wp-content\/uploads\/2019\/05\/00_preview-GHAN-couv-56x80.jpg 56w\" sizes=\"(max-width: 129px) 100vw, 129px\" \/><\/a><div class='slide-content'><header class=\"entry-content-header\"><span class=\"blog-categories minor-meta\"> <a href=\"https:\/\/agencevu.com\/en\/annee\/2016\/\" rel=\"tag\">2016<\/a> <a href=\"https:\/\/agencevu.com\/en\/photographer\/denis-dailleux\/\" rel=\"tag\">Denis Dailleux<\/a> <a href=\"https:\/\/agencevu.com\/en\/section_taxonomy\/livres\/\" rel=\"tag\">livres<\/a> <\/span><h3 class='slide-entry-title entry-title'  itemprop=\"headline\" ><a href='https:\/\/agencevu.com\/en\/book\/ghana\/' title='Ghana'>Ghana<\/a><\/h3><span class=\"av-vertical-delimiter\"><\/span><\/header><div class='slide-entry-excerpt entry-content'  itemprop=\"text\" >Le Bec en l\u2019air  - 2016<\/div><\/div><footer class=\"entry-footer\"><div class='slide-meta'><time class='slide-meta-time updated'  itemprop=\"datePublished\" datetime=\"2016-05-23T17:27:49+02:00\" >23 May 2016<\/time><\/div><\/footer><span class='hidden'>\n\t\t\t\t<span class='av-structured-data'  itemprop=\"image\" itemscope=\"itemscope\" itemtype=\"https:\/\/schema.org\/ImageObject\" >\n\t\t\t\t\t\t<span itemprop='url'>https:\/\/agencevu.com\/wp-content\/uploads\/2019\/05\/00_preview-GHAN-couv.jpg<\/span>\n\t\t\t\t\t\t<span itemprop='height'>185<\/span>\n\t\t\t\t\t\t<span itemprop='width'>129<\/span>\n\t\t\t\t<\/span>\n\t\t\t\t<span class='av-structured-data'  itemprop=\"publisher\" itemtype=\"https:\/\/schema.org\/Organization\" itemscope=\"itemscope\" >\n\t\t\t\t\t\t<span itemprop='name'>Fanny Demichelis<\/span>\n\t\t\t\t\t\t<span itemprop='logo' itemscope itemtype='https:\/\/schema.org\/ImageObject'>\n\t\t\t\t\t\t\t<span itemprop='url'>\/wp-content\/uploads\/2021\/05\/logo-vert-2.svg<\/span>\n\t\t\t\t\t\t <\/span>\n\t\t\t\t<\/span><span class='av-structured-data'  itemprop=\"author\" itemscope=\"itemscope\" itemtype=\"https:\/\/schema.org\/Person\" ><span itemprop='name'>Fanny Demichelis<\/span><\/span><span class='av-structured-data'  itemprop=\"datePublished\" datetime=\"1997-05-22T11:15:02+02:00\" >2016-05-23 17:27:49<\/span><span class='av-structured-data'  itemprop=\"dateModified\" itemtype=\"https:\/\/schema.org\/dateModified\" >2021-05-20 13:01:08<\/span><span class='av-structured-data'  itemprop=\"mainEntityOfPage\" itemtype=\"https:\/\/schema.org\/mainEntityOfPage\" ><span itemprop='name'>Ghana<\/span><\/span><\/span><\/article><article class='slide-entry flex_column  post-entry post-entry-27700 slide-entry-overview slide-loop-6 slide-parity-even  av_one_half  real-thumbnail'  itemscope=\"itemscope\" itemtype=\"https:\/\/schema.org\/CreativeWork\" ><a href='https:\/\/agencevu.com\/en\/book\/meres-et-fils\/' data-rel='slide-6' class='slide-image' title=''><img width=\"197\" height=\"185\" src=\"https:\/\/agencevu.com\/wp-content\/uploads\/2019\/05\/00_preview-717Rwn7xLL.jpg\" class=\"wp-image-26747 avia-img-lazy-loading-26747 attachment-portfolio size-portfolio wp-post-image\" alt=\"\" loading=\"lazy\" srcset=\"https:\/\/agencevu.com\/wp-content\/uploads\/2019\/05\/00_preview-717Rwn7xLL.jpg 197w, https:\/\/agencevu.com\/wp-content\/uploads\/2019\/05\/00_preview-717Rwn7xLL-80x75.jpg 80w\" sizes=\"(max-width: 197px) 100vw, 197px\" \/><\/a><div class='slide-content'><header class=\"entry-content-header\"><span class=\"blog-categories minor-meta\"> <a href=\"https:\/\/agencevu.com\/en\/annee\/2014\/\" rel=\"tag\">2014<\/a> <a href=\"https:\/\/agencevu.com\/en\/photographer\/denis-dailleux\/\" rel=\"tag\">Denis Dailleux<\/a> <a href=\"https:\/\/agencevu.com\/en\/section_taxonomy\/livres\/\" rel=\"tag\">livres<\/a> <\/span><h3 class='slide-entry-title entry-title'  itemprop=\"headline\" ><a href='https:\/\/agencevu.com\/en\/book\/meres-et-fils\/' title='Me\u0300res et Fils'>Me\u0300res et Fils<\/a><\/h3><span class=\"av-vertical-delimiter\"><\/span><\/header><div class='slide-entry-excerpt entry-content'  itemprop=\"text\" >Le Bec en l\u2019air  - 2014<\/div><\/div><footer class=\"entry-footer\"><div class='slide-meta'><time class='slide-meta-time updated'  itemprop=\"datePublished\" datetime=\"2014-05-23T15:39:41+02:00\" >23 May 2014<\/time><\/div><\/footer><span class='hidden'>\n\t\t\t\t<span class='av-structured-data'  itemprop=\"image\" itemscope=\"itemscope\" itemtype=\"https:\/\/schema.org\/ImageObject\" >\n\t\t\t\t\t\t<span itemprop='url'>https:\/\/agencevu.com\/wp-content\/uploads\/2019\/05\/00_preview-717Rwn7xLL.jpg<\/span>\n\t\t\t\t\t\t<span itemprop='height'>185<\/span>\n\t\t\t\t\t\t<span itemprop='width'>197<\/span>\n\t\t\t\t<\/span>\n\t\t\t\t<span class='av-structured-data'  itemprop=\"publisher\" itemtype=\"https:\/\/schema.org\/Organization\" itemscope=\"itemscope\" >\n\t\t\t\t\t\t<span itemprop='name'>Fanny Demichelis<\/span>\n\t\t\t\t\t\t<span itemprop='logo' itemscope itemtype='https:\/\/schema.org\/ImageObject'>\n\t\t\t\t\t\t\t<span itemprop='url'>\/wp-content\/uploads\/2021\/05\/logo-vert-2.svg<\/span>\n\t\t\t\t\t\t <\/span>\n\t\t\t\t<\/span><span class='av-structured-data'  itemprop=\"author\" itemscope=\"itemscope\" itemtype=\"https:\/\/schema.org\/Person\" ><span itemprop='name'>Fanny Demichelis<\/span><\/span><span class='av-structured-data'  itemprop=\"datePublished\" datetime=\"1997-05-22T11:15:02+02:00\" >2014-05-23 15:39:41<\/span><span class='av-structured-data'  itemprop=\"dateModified\" itemtype=\"https:\/\/schema.org\/dateModified\" >2021-03-17 14:14:17<\/span><span class='av-structured-data'  itemprop=\"mainEntityOfPage\" itemtype=\"https:\/\/schema.org\/mainEntityOfPage\" ><span itemprop='name'>Me\u0300res et Fils<\/span><\/span><\/span><\/article><\/div><div class='slide-entry-wrap'><article class='slide-entry flex_column  post-entry post-entry-27069 slide-entry-overview slide-loop-7 slide-parity-odd  av_one_half first real-thumbnail'  itemscope=\"itemscope\" itemtype=\"https:\/\/schema.org\/CreativeWork\" ><a href='https:\/\/agencevu.com\/en\/book\/egypte-les-martyrs-de-la-revolution\/' data-rel='slide-6' class='slide-image' title=''><img width=\"178\" height=\"185\" src=\"https:\/\/agencevu.com\/wp-content\/uploads\/2014\/05\/00_cover-DAILLEUX-Martyrs.jpg\" class=\"wp-image-71688 avia-img-lazy-loading-71688 attachment-portfolio size-portfolio wp-post-image\" alt=\"\" loading=\"lazy\" srcset=\"https:\/\/agencevu.com\/wp-content\/uploads\/2014\/05\/00_cover-DAILLEUX-Martyrs.jpg 178w, https:\/\/agencevu.com\/wp-content\/uploads\/2014\/05\/00_cover-DAILLEUX-Martyrs-77x80.jpg 77w, https:\/\/agencevu.com\/wp-content\/uploads\/2014\/05\/00_cover-DAILLEUX-Martyrs-36x36.jpg 36w\" sizes=\"(max-width: 178px) 100vw, 178px\" \/><\/a><div class='slide-content'><header class=\"entry-content-header\"><span class=\"blog-categories minor-meta\"> <a href=\"https:\/\/agencevu.com\/en\/annee\/2014\/\" rel=\"tag\">2014<\/a> <a href=\"https:\/\/agencevu.com\/en\/photographer\/denis-dailleux\/\" rel=\"tag\">Denis Dailleux<\/a> <a href=\"https:\/\/agencevu.com\/en\/section_taxonomy\/livres\/\" rel=\"tag\">livres<\/a> <\/span><h3 class='slide-entry-title entry-title'  itemprop=\"headline\" ><a href='https:\/\/agencevu.com\/en\/book\/egypte-les-martyrs-de-la-revolution\/' title='\u00c9gypte les martyrs de la re\u0301volution'>\u00c9gypte les martyrs de la re\u0301volution<\/a><\/h3><span class=\"av-vertical-delimiter\"><\/span><\/header><div class='slide-entry-excerpt entry-content'  itemprop=\"text\" >Le Bec en l'air - 2014<\/div><\/div><footer class=\"entry-footer\"><div class='slide-meta'><time class='slide-meta-time updated'  itemprop=\"datePublished\" datetime=\"2014-05-23T12:35:25+02:00\" >23 May 2014<\/time><\/div><\/footer><span class='hidden'>\n\t\t\t\t<span class='av-structured-data'  itemprop=\"image\" itemscope=\"itemscope\" itemtype=\"https:\/\/schema.org\/ImageObject\" >\n\t\t\t\t\t\t<span itemprop='url'>https:\/\/agencevu.com\/wp-content\/uploads\/2014\/05\/00_cover-DAILLEUX-Martyrs.jpg<\/span>\n\t\t\t\t\t\t<span itemprop='height'>185<\/span>\n\t\t\t\t\t\t<span itemprop='width'>178<\/span>\n\t\t\t\t<\/span>\n\t\t\t\t<span class='av-structured-data'  itemprop=\"publisher\" itemtype=\"https:\/\/schema.org\/Organization\" itemscope=\"itemscope\" >\n\t\t\t\t\t\t<span itemprop='name'>Fanny Demichelis<\/span>\n\t\t\t\t\t\t<span itemprop='logo' itemscope itemtype='https:\/\/schema.org\/ImageObject'>\n\t\t\t\t\t\t\t<span itemprop='url'>\/wp-content\/uploads\/2021\/05\/logo-vert-2.svg<\/span>\n\t\t\t\t\t\t <\/span>\n\t\t\t\t<\/span><span class='av-structured-data'  itemprop=\"author\" itemscope=\"itemscope\" itemtype=\"https:\/\/schema.org\/Person\" ><span itemprop='name'>Fanny Demichelis<\/span><\/span><span class='av-structured-data'  itemprop=\"datePublished\" datetime=\"1997-05-22T11:15:02+02:00\" >2014-05-23 12:35:25<\/span><span class='av-structured-data'  itemprop=\"dateModified\" itemtype=\"https:\/\/schema.org\/dateModified\" >2021-03-17 14:14:42<\/span><span class='av-structured-data'  itemprop=\"mainEntityOfPage\" itemtype=\"https:\/\/schema.org\/mainEntityOfPage\" ><span itemprop='name'>\u00c9gypte les martyrs de la re\u0301volution<\/span><\/span><\/span><\/article><article class='slide-entry flex_column  post-entry post-entry-27070 slide-entry-overview slide-loop-8 slide-parity-even  av_one_half  real-thumbnail'  itemscope=\"itemscope\" itemtype=\"https:\/\/schema.org\/CreativeWork\" ><a href='https:\/\/agencevu.com\/en\/book\/impressions-degypte\/' data-rel='slide-6' class='slide-image' title=''><img width=\"139\" height=\"185\" src=\"https:\/\/agencevu.com\/wp-content\/uploads\/2019\/05\/00_preview-Couverture.jpg\" class=\"wp-image-26559 avia-img-lazy-loading-26559 attachment-portfolio size-portfolio wp-post-image\" alt=\"\" loading=\"lazy\" srcset=\"https:\/\/agencevu.com\/wp-content\/uploads\/2019\/05\/00_preview-Couverture.jpg 139w, https:\/\/agencevu.com\/wp-content\/uploads\/2019\/05\/00_preview-Couverture-60x80.jpg 60w\" sizes=\"(max-width: 139px) 100vw, 139px\" \/><\/a><div class='slide-content'><header class=\"entry-content-header\"><span class=\"blog-categories minor-meta\"> <a href=\"https:\/\/agencevu.com\/en\/annee\/2011\/\" rel=\"tag\">2011<\/a> <a href=\"https:\/\/agencevu.com\/en\/photographer\/denis-dailleux\/\" rel=\"tag\">Denis Dailleux<\/a> <a href=\"https:\/\/agencevu.com\/en\/section_taxonomy\/livres\/\" rel=\"tag\">livres<\/a> <\/span><h3 class='slide-entry-title entry-title'  itemprop=\"headline\" ><a href='https:\/\/agencevu.com\/en\/book\/impressions-degypte\/' title='Impressions d&#039;E\u0301gypte'>Impressions d'E\u0301gypte<\/a><\/h3><span class=\"av-vertical-delimiter\"><\/span><\/header><div class='slide-entry-excerpt entry-content'  itemprop=\"text\" >Editions de la Martini\u00e8re - 2011<\/div><\/div><footer class=\"entry-footer\"><div class='slide-meta'><time class='slide-meta-time updated'  itemprop=\"datePublished\" datetime=\"2011-05-23T11:06:04+02:00\" >23 May 2011<\/time><\/div><\/footer><span class='hidden'>\n\t\t\t\t<span class='av-structured-data'  itemprop=\"image\" itemscope=\"itemscope\" itemtype=\"https:\/\/schema.org\/ImageObject\" >\n\t\t\t\t\t\t<span itemprop='url'>https:\/\/agencevu.com\/wp-content\/uploads\/2019\/05\/00_preview-Couverture.jpg<\/span>\n\t\t\t\t\t\t<span itemprop='height'>185<\/span>\n\t\t\t\t\t\t<span itemprop='width'>139<\/span>\n\t\t\t\t<\/span>\n\t\t\t\t<span class='av-structured-data'  itemprop=\"publisher\" itemtype=\"https:\/\/schema.org\/Organization\" itemscope=\"itemscope\" >\n\t\t\t\t\t\t<span itemprop='name'>Fanny Demichelis<\/span>\n\t\t\t\t\t\t<span itemprop='logo' itemscope itemtype='https:\/\/schema.org\/ImageObject'>\n\t\t\t\t\t\t\t<span itemprop='url'>\/wp-content\/uploads\/2021\/05\/logo-vert-2.svg<\/span>\n\t\t\t\t\t\t <\/span>\n\t\t\t\t<\/span><span class='av-structured-data'  itemprop=\"author\" itemscope=\"itemscope\" itemtype=\"https:\/\/schema.org\/Person\" ><span itemprop='name'>Fanny Demichelis<\/span><\/span><span class='av-structured-data'  itemprop=\"datePublished\" datetime=\"1997-05-22T11:15:02+02:00\" >2011-05-23 11:06:04<\/span><span class='av-structured-data'  itemprop=\"dateModified\" itemtype=\"https:\/\/schema.org\/dateModified\" >2021-04-23 15:45:44<\/span><span class='av-structured-data'  itemprop=\"mainEntityOfPage\" itemtype=\"https:\/\/schema.org\/mainEntityOfPage\" ><span itemprop='name'>Impressions d&#8217;E\u0301gypte<\/span><\/span><\/span><\/article><\/div><div class='slide-entry-wrap'><article class='slide-entry flex_column  post-entry post-entry-27050 slide-entry-overview slide-loop-9 slide-parity-odd  av_one_half first real-thumbnail'  itemscope=\"itemscope\" itemtype=\"https:\/\/schema.org\/CreativeWork\" ><a href='https:\/\/agencevu.com\/en\/book\/fils-de-roi-portraits-degypte\/' data-rel='slide-6' class='slide-image' title=''><img width=\"176\" height=\"185\" src=\"https:\/\/agencevu.com\/wp-content\/uploads\/2019\/05\/00_preview-couverture.jpg\" class=\"wp-image-26500 avia-img-lazy-loading-26500 attachment-portfolio size-portfolio wp-post-image\" alt=\"\" loading=\"lazy\" srcset=\"https:\/\/agencevu.com\/wp-content\/uploads\/2019\/05\/00_preview-couverture.jpg 176w, https:\/\/agencevu.com\/wp-content\/uploads\/2019\/05\/00_preview-couverture-76x80.jpg 76w\" sizes=\"(max-width: 176px) 100vw, 176px\" \/><\/a><div class='slide-content'><header class=\"entry-content-header\"><span class=\"blog-categories minor-meta\"> <a href=\"https:\/\/agencevu.com\/en\/annee\/2008\/\" rel=\"tag\">2008<\/a> <a href=\"https:\/\/agencevu.com\/en\/photographer\/denis-dailleux\/\" rel=\"tag\">Denis Dailleux<\/a> <a href=\"https:\/\/agencevu.com\/en\/section_taxonomy\/livres\/\" rel=\"tag\">livres<\/a> <\/span><h3 class='slide-entry-title entry-title'  itemprop=\"headline\" ><a href='https:\/\/agencevu.com\/en\/book\/fils-de-roi-portraits-degypte\/' title='Fils de Roi, Portraits d&#039;Egypte'>Fils de Roi, Portraits d'Egypte<\/a><\/h3><span class=\"av-vertical-delimiter\"><\/span><\/header><div class='slide-entry-excerpt entry-content'  itemprop=\"text\" >Gallimard - 2008<\/div><\/div><footer class=\"entry-footer\"><div class='slide-meta'><time class='slide-meta-time updated'  itemprop=\"datePublished\" datetime=\"2008-05-22T12:51:29+02:00\" >22 May 2008<\/time><\/div><\/footer><span class='hidden'>\n\t\t\t\t<span class='av-structured-data'  itemprop=\"image\" itemscope=\"itemscope\" itemtype=\"https:\/\/schema.org\/ImageObject\" >\n\t\t\t\t\t\t<span itemprop='url'>https:\/\/agencevu.com\/wp-content\/uploads\/2019\/05\/00_preview-couverture.jpg<\/span>\n\t\t\t\t\t\t<span itemprop='height'>185<\/span>\n\t\t\t\t\t\t<span itemprop='width'>176<\/span>\n\t\t\t\t<\/span>\n\t\t\t\t<span class='av-structured-data'  itemprop=\"publisher\" itemtype=\"https:\/\/schema.org\/Organization\" itemscope=\"itemscope\" >\n\t\t\t\t\t\t<span itemprop='name'>Fanny Demichelis<\/span>\n\t\t\t\t\t\t<span itemprop='logo' itemscope itemtype='https:\/\/schema.org\/ImageObject'>\n\t\t\t\t\t\t\t<span itemprop='url'>\/wp-content\/uploads\/2021\/05\/logo-vert-2.svg<\/span>\n\t\t\t\t\t\t <\/span>\n\t\t\t\t<\/span><span class='av-structured-data'  itemprop=\"author\" itemscope=\"itemscope\" itemtype=\"https:\/\/schema.org\/Person\" ><span itemprop='name'>Fanny Demichelis<\/span><\/span><span class='av-structured-data'  itemprop=\"datePublished\" datetime=\"1997-05-22T11:15:02+02:00\" >2008-05-22 12:51:29<\/span><span class='av-structured-data'  itemprop=\"dateModified\" itemtype=\"https:\/\/schema.org\/dateModified\" >2021-04-23 15:45:52<\/span><span class='av-structured-data'  itemprop=\"mainEntityOfPage\" itemtype=\"https:\/\/schema.org\/mainEntityOfPage\" ><span itemprop='name'>Fils de Roi, Portraits d&#8217;Egypte<\/span><\/span><\/span><\/article><article class='slide-entry flex_column  post-entry post-entry-27053 slide-entry-overview slide-loop-10 slide-parity-even  av_one_half  real-thumbnail'  itemscope=\"itemscope\" itemtype=\"https:\/\/schema.org\/CreativeWork\" ><a href='https:\/\/agencevu.com\/en\/book\/le-caire\/' data-rel='slide-6' class='slide-image' title=''><img width=\"180\" height=\"185\" src=\"https:\/\/agencevu.com\/wp-content\/uploads\/2019\/05\/00_2001_Dailleux_Le-Caire_Couv_edit-du-che--ne.jpg\" class=\"wp-image-26454 avia-img-lazy-loading-26454 attachment-portfolio size-portfolio wp-post-image\" alt=\"\" loading=\"lazy\" srcset=\"https:\/\/agencevu.com\/wp-content\/uploads\/2019\/05\/00_2001_Dailleux_Le-Caire_Couv_edit-du-che--ne.jpg 180w, https:\/\/agencevu.com\/wp-content\/uploads\/2019\/05\/00_2001_Dailleux_Le-Caire_Couv_edit-du-che--ne-78x80.jpg 78w, https:\/\/agencevu.com\/wp-content\/uploads\/2019\/05\/00_2001_Dailleux_Le-Caire_Couv_edit-du-che--ne-36x36.jpg 36w\" sizes=\"(max-width: 180px) 100vw, 180px\" \/><\/a><div class='slide-content'><header class=\"entry-content-header\"><span class=\"blog-categories minor-meta\"> <a href=\"https:\/\/agencevu.com\/en\/annee\/2001-en\/\" rel=\"tag\">2001<\/a> <a href=\"https:\/\/agencevu.com\/en\/photographer\/denis-dailleux\/\" rel=\"tag\">Denis Dailleux<\/a> <a href=\"https:\/\/agencevu.com\/en\/section_taxonomy\/livres\/\" rel=\"tag\">livres<\/a> <\/span><h3 class='slide-entry-title entry-title'  itemprop=\"headline\" ><a href='https:\/\/agencevu.com\/en\/book\/le-caire\/' title='Le Caire'>Le Caire<\/a><\/h3><span class=\"av-vertical-delimiter\"><\/span><\/header><div class='slide-entry-excerpt entry-content'  itemprop=\"text\" >Le Ch\u00eane - 2001<\/div><\/div><footer class=\"entry-footer\"><div class='slide-meta'><time class='slide-meta-time updated'  itemprop=\"datePublished\" datetime=\"2001-05-22T12:06:27+02:00\" >22 May 2001<\/time><\/div><\/footer><span class='hidden'>\n\t\t\t\t<span class='av-structured-data'  itemprop=\"image\" itemscope=\"itemscope\" itemtype=\"https:\/\/schema.org\/ImageObject\" >\n\t\t\t\t\t\t<span itemprop='url'>https:\/\/agencevu.com\/wp-content\/uploads\/2019\/05\/00_2001_Dailleux_Le-Caire_Couv_edit-du-che--ne.jpg<\/span>\n\t\t\t\t\t\t<span itemprop='height'>185<\/span>\n\t\t\t\t\t\t<span itemprop='width'>180<\/span>\n\t\t\t\t<\/span>\n\t\t\t\t<span class='av-structured-data'  itemprop=\"publisher\" itemtype=\"https:\/\/schema.org\/Organization\" itemscope=\"itemscope\" >\n\t\t\t\t\t\t<span itemprop='name'>Fanny Demichelis<\/span>\n\t\t\t\t\t\t<span itemprop='logo' itemscope itemtype='https:\/\/schema.org\/ImageObject'>\n\t\t\t\t\t\t\t<span itemprop='url'>\/wp-content\/uploads\/2021\/05\/logo-vert-2.svg<\/span>\n\t\t\t\t\t\t <\/span>\n\t\t\t\t<\/span><span class='av-structured-data'  itemprop=\"author\" itemscope=\"itemscope\" itemtype=\"https:\/\/schema.org\/Person\" ><span itemprop='name'>Fanny Demichelis<\/span><\/span><span class='av-structured-data'  itemprop=\"datePublished\" datetime=\"1997-05-22T11:15:02+02:00\" >2001-05-22 12:06:27<\/span><span class='av-structured-data'  itemprop=\"dateModified\" itemtype=\"https:\/\/schema.org\/dateModified\" >2021-04-23 15:46:00<\/span><span class='av-structured-data'  itemprop=\"mainEntityOfPage\" itemtype=\"https:\/\/schema.org\/mainEntityOfPage\" ><span itemprop='name'>Le Caire<\/span><\/span><\/span><\/article><\/div><div class='slide-entry-wrap'><article class='slide-entry flex_column  post-entry post-entry-27054 slide-entry-overview slide-loop-11 slide-parity-odd  post-entry-last  av_one_half first real-thumbnail'  itemscope=\"itemscope\" itemtype=\"https:\/\/schema.org\/CreativeWork\" ><a href='https:\/\/agencevu.com\/en\/book\/habibi-cairo\/' data-rel='slide-6' class='slide-image' title=''><img width=\"139\" height=\"185\" src=\"https:\/\/agencevu.com\/wp-content\/uploads\/2019\/05\/00_preview_habibi-cairo.jpg\" class=\"wp-image-26423 avia-img-lazy-loading-26423 attachment-portfolio size-portfolio wp-post-image\" alt=\"\" loading=\"lazy\" srcset=\"https:\/\/agencevu.com\/wp-content\/uploads\/2019\/05\/00_preview_habibi-cairo.jpg 139w, https:\/\/agencevu.com\/wp-content\/uploads\/2019\/05\/00_preview_habibi-cairo-60x80.jpg 60w\" sizes=\"(max-width: 139px) 100vw, 139px\" \/><\/a><div class='slide-content'><header class=\"entry-content-header\"><span class=\"blog-categories minor-meta\"> <a href=\"https:\/\/agencevu.com\/en\/annee\/1997\/\" rel=\"tag\">1997<\/a> <a href=\"https:\/\/agencevu.com\/en\/photographer\/denis-dailleux\/\" rel=\"tag\">Denis Dailleux<\/a> <a href=\"https:\/\/agencevu.com\/en\/section_taxonomy\/livres\/\" rel=\"tag\">livres<\/a> <\/span><h3 class='slide-entry-title entry-title'  itemprop=\"headline\" ><a href='https:\/\/agencevu.com\/en\/book\/habibi-cairo\/' title='Habibi Cairo'>Habibi Cairo<\/a><\/h3><span class=\"av-vertical-delimiter\"><\/span><\/header><div class='slide-entry-excerpt entry-content'  itemprop=\"text\" >Filigranes - 1997<\/div><\/div><footer class=\"entry-footer\"><div class='slide-meta'><time class='slide-meta-time updated'  itemprop=\"datePublished\" datetime=\"1997-05-22T11:15:02+02:00\" >22 May 1997<\/time><\/div><\/footer><span class='hidden'>\n\t\t\t\t<span class='av-structured-data'  itemprop=\"image\" itemscope=\"itemscope\" itemtype=\"https:\/\/schema.org\/ImageObject\" >\n\t\t\t\t\t\t<span itemprop='url'>https:\/\/agencevu.com\/wp-content\/uploads\/2019\/05\/00_preview_habibi-cairo.jpg<\/span>\n\t\t\t\t\t\t<span itemprop='height'>185<\/span>\n\t\t\t\t\t\t<span itemprop='width'>139<\/span>\n\t\t\t\t<\/span>\n\t\t\t\t<span class='av-structured-data'  itemprop=\"publisher\" itemtype=\"https:\/\/schema.org\/Organization\" itemscope=\"itemscope\" >\n\t\t\t\t\t\t<span itemprop='name'>Fanny Demichelis<\/span>\n\t\t\t\t\t\t<span itemprop='logo' itemscope itemtype='https:\/\/schema.org\/ImageObject'>\n\t\t\t\t\t\t\t<span itemprop='url'>\/wp-content\/uploads\/2021\/05\/logo-vert-2.svg<\/span>\n\t\t\t\t\t\t <\/span>\n\t\t\t\t<\/span><span class='av-structured-data'  itemprop=\"author\" itemscope=\"itemscope\" itemtype=\"https:\/\/schema.org\/Person\" ><span itemprop='name'>Fanny Demichelis<\/span><\/span><span class='av-structured-data'  itemprop=\"datePublished\" datetime=\"1997-05-22T11:15:02+02:00\" >1997-05-22 11:15:02<\/span><span class='av-structured-data'  itemprop=\"dateModified\" itemtype=\"https:\/\/schema.org\/dateModified\" >2021-04-23 15:47:25<\/span><span class='av-structured-data'  itemprop=\"mainEntityOfPage\" itemtype=\"https:\/\/schema.org\/mainEntityOfPage\" ><span itemprop='name'>Habibi Cairo<\/span><\/span><\/span><\/article><\/div><\/div><\/div>\n<\/p>\n<div id='awards'  class='avia-section main_color avia-section-small avia-no-border-styling  avia-bg-style-scroll  avia-builder-el-0  el_before_av_section  avia-builder-el-first   container_wrap fullsize' style=' '  ><div class='container' ><main  role=\"main\" itemprop=\"mainContentOfPage\"  class='template-page content  av-content-full alpha units'><div class='post-entry post-entry-type-page post-entry-107883'><div class='entry-content-wrapper clearfix'>\n<section class=\"av_textblock_section \"  itemscope=\"itemscope\" itemtype=\"https:\/\/schema.org\/CreativeWork\" ><div class='avia_textblock  '  style='font-size:20px; '  itemprop=\"text\" ><p id=\"prix\" style=\"color: #707070; letter-spacing: 1.5px; text-transform: uppercase;\">Awards<\/p>\n<hr class=\"hr-titre-page\">\n<\/div><\/section>\n<div class=\"flex_column av_one_fourth  flex_column_div av-zero-column-padding first  \" style='border-radius:0px; '><p><div  class='avia-image-container  av-styling-no-styling    avia-align-center '  itemprop=\"image\" itemscope=\"itemscope\" itemtype=\"https:\/\/schema.org\/ImageObject\"  ><div class='avia-image-container-inner'><div class='avia-image-overlay-wrap'><img class='wp-image-26713 avia-img-lazy-loading-not-26713 avia_image' src=\"https:\/\/agencevu.com\/wp-content\/uploads\/2019\/05\/2019_Prix-Roger-Pic.jpg\" alt='' title='Ghana' height=\"1080\" width=\"1080\"  itemprop=\"thumbnailUrl\" srcset=\"https:\/\/agencevu.com\/wp-content\/uploads\/2019\/05\/2019_Prix-Roger-Pic.jpg 1080w, https:\/\/agencevu.com\/wp-content\/uploads\/2019\/05\/2019_Prix-Roger-Pic-80x80.jpg 80w, https:\/\/agencevu.com\/wp-content\/uploads\/2019\/05\/2019_Prix-Roger-Pic-300x300.jpg 300w, https:\/\/agencevu.com\/wp-content\/uploads\/2019\/05\/2019_Prix-Roger-Pic-768x768.jpg 768w, https:\/\/agencevu.com\/wp-content\/uploads\/2019\/05\/2019_Prix-Roger-Pic-1030x1030.jpg 1030w, https:\/\/agencevu.com\/wp-content\/uploads\/2019\/05\/2019_Prix-Roger-Pic-36x36.jpg 36w, https:\/\/agencevu.com\/wp-content\/uploads\/2019\/05\/2019_Prix-Roger-Pic-180x180.jpg 180w, https:\/\/agencevu.com\/wp-content\/uploads\/2019\/05\/2019_Prix-Roger-Pic-705x705.jpg 705w, https:\/\/agencevu.com\/wp-content\/uploads\/2019\/05\/2019_Prix-Roger-Pic-120x120.jpg 120w, https:\/\/agencevu.com\/wp-content\/uploads\/2019\/05\/2019_Prix-Roger-Pic-450x450.jpg 450w\" sizes=\"(max-width: 1080px) 100vw, 1080px\" \/><\/div><\/div><\/div><br \/>\n<section class=\"av_textblock_section \"  itemscope=\"itemscope\" itemtype=\"https:\/\/schema.org\/CreativeWork\" ><div class='avia_textblock  '   itemprop=\"text\" ><p><span style=\"font-size: 15px;\"><strong><span style=\"color: #76a38b;\">Roger Pic Award | SCAM (France)<\/span><\/strong><\/span><\/p>\n<\/div><\/section><br \/>\n<section class=\"av_textblock_section \"  itemscope=\"itemscope\" itemtype=\"https:\/\/schema.org\/CreativeWork\" ><div class='avia_textblock  '   itemprop=\"text\" ><p><span style=\"color: #76a38b; font-size: 15px;\">For his subject \u201cGhana, We shall meet again \u201c<\/span><\/p>\n<\/div><\/section><br \/>\n<section class=\"av_textblock_section \"  itemscope=\"itemscope\" itemtype=\"https:\/\/schema.org\/CreativeWork\" ><div class='avia_textblock  '   itemprop=\"text\" ><p><span style=\"font-size: 12px;\">2019<\/span><\/p>\n<\/div><\/section><\/p><\/div><div class=\"flex_column av_one_fourth  flex_column_div av-zero-column-padding   \" style='border-radius:0px; '><p><div  class='avia-image-container  av-styling-no-styling    avia-align-center '  itemprop=\"image\" itemscope=\"itemscope\" itemtype=\"https:\/\/schema.org\/ImageObject\"  ><div class='avia-image-container-inner'><div class='avia-image-overlay-wrap'><img class='wp-image-26711 avia-img-lazy-loading-not-26711 avia_image' src=\"https:\/\/agencevu.com\/wp-content\/uploads\/2019\/05\/2014_World-Press-Photo.jpg\" alt='' title='Mother and son \/ M\u00e8re et fils' height=\"1080\" width=\"1080\"  itemprop=\"thumbnailUrl\" srcset=\"https:\/\/agencevu.com\/wp-content\/uploads\/2019\/05\/2014_World-Press-Photo.jpg 1080w, https:\/\/agencevu.com\/wp-content\/uploads\/2019\/05\/2014_World-Press-Photo-80x80.jpg 80w, https:\/\/agencevu.com\/wp-content\/uploads\/2019\/05\/2014_World-Press-Photo-300x300.jpg 300w, https:\/\/agencevu.com\/wp-content\/uploads\/2019\/05\/2014_World-Press-Photo-768x768.jpg 768w, https:\/\/agencevu.com\/wp-content\/uploads\/2019\/05\/2014_World-Press-Photo-1030x1030.jpg 1030w, https:\/\/agencevu.com\/wp-content\/uploads\/2019\/05\/2014_World-Press-Photo-36x36.jpg 36w, https:\/\/agencevu.com\/wp-content\/uploads\/2019\/05\/2014_World-Press-Photo-180x180.jpg 180w, https:\/\/agencevu.com\/wp-content\/uploads\/2019\/05\/2014_World-Press-Photo-705x705.jpg 705w, https:\/\/agencevu.com\/wp-content\/uploads\/2019\/05\/2014_World-Press-Photo-120x120.jpg 120w, https:\/\/agencevu.com\/wp-content\/uploads\/2019\/05\/2014_World-Press-Photo-450x450.jpg 450w\" sizes=\"(max-width: 1080px) 100vw, 1080px\" \/><\/div><\/div><\/div><br \/>\n<section class=\"av_textblock_section \"  itemscope=\"itemscope\" itemtype=\"https:\/\/schema.org\/CreativeWork\" ><div class='avia_textblock  '   itemprop=\"text\" ><p><span style=\"font-size: 15px;\"><strong><span style=\"color: #76a38b;\">World Press Photo (Netherlands)<br \/>\n<\/span><\/strong><\/span><\/p>\n<\/div><\/section><br \/>\n<section class=\"av_textblock_section \"  itemscope=\"itemscope\" itemtype=\"https:\/\/schema.org\/CreativeWork\" ><div class='avia_textblock  '   itemprop=\"text\" ><p><span style=\"color: #76a38b; font-size: 15px;\"><span style=\"font-size: 15px;\"><span style=\"color: #76a38b;\">2nd Prize, category Staged Portraits f<\/span><\/span>or his subject \u00ab&nbsp;Mother and Son&nbsp;\u00bb<\/span><\/p>\n<\/div><\/section><br \/>\n<section class=\"av_textblock_section \"  itemscope=\"itemscope\" itemtype=\"https:\/\/schema.org\/CreativeWork\" ><div class='avia_textblock  '   itemprop=\"text\" ><p><span style=\"font-size: 12px;\">2014<\/span><\/p>\n<\/div><\/section><\/p><\/div><div class=\"flex_column av_one_fourth  flex_column_div av-zero-column-padding   \" style='border-radius:0px; '><p><div  class='avia-image-container  av-styling-no-styling    avia-align-center '  itemprop=\"image\" itemscope=\"itemscope\" itemtype=\"https:\/\/schema.org\/ImageObject\"  ><div class='avia-image-container-inner'><div class='avia-image-overlay-wrap'><img class='wp-image-26709 avia-img-lazy-loading-not-26709 avia_image' src=\"https:\/\/agencevu.com\/wp-content\/uploads\/2019\/05\/2000_World-Press-Photo.jpg\" alt='' title='\u00ac\u00a9 Denis Dailleux \/ Agence VU Le Caire, Egypte (s\u221a\u00a9lection livre) N\u00ac\u221e10091 Chameau avant le sacrifice, pendant le Mouled Sayyed Zein el Abedin, 1998' height=\"1080\" width=\"1080\"  itemprop=\"thumbnailUrl\" srcset=\"https:\/\/agencevu.com\/wp-content\/uploads\/2019\/05\/2000_World-Press-Photo.jpg 1080w, https:\/\/agencevu.com\/wp-content\/uploads\/2019\/05\/2000_World-Press-Photo-80x80.jpg 80w, https:\/\/agencevu.com\/wp-content\/uploads\/2019\/05\/2000_World-Press-Photo-300x300.jpg 300w, https:\/\/agencevu.com\/wp-content\/uploads\/2019\/05\/2000_World-Press-Photo-768x768.jpg 768w, https:\/\/agencevu.com\/wp-content\/uploads\/2019\/05\/2000_World-Press-Photo-1030x1030.jpg 1030w, https:\/\/agencevu.com\/wp-content\/uploads\/2019\/05\/2000_World-Press-Photo-36x36.jpg 36w, https:\/\/agencevu.com\/wp-content\/uploads\/2019\/05\/2000_World-Press-Photo-180x180.jpg 180w, https:\/\/agencevu.com\/wp-content\/uploads\/2019\/05\/2000_World-Press-Photo-705x705.jpg 705w, https:\/\/agencevu.com\/wp-content\/uploads\/2019\/05\/2000_World-Press-Photo-120x120.jpg 120w, https:\/\/agencevu.com\/wp-content\/uploads\/2019\/05\/2000_World-Press-Photo-450x450.jpg 450w\" sizes=\"(max-width: 1080px) 100vw, 1080px\" \/><\/div><\/div><\/div><br \/>\n<section class=\"av_textblock_section \"  itemscope=\"itemscope\" itemtype=\"https:\/\/schema.org\/CreativeWork\" ><div class='avia_textblock  '   itemprop=\"text\" ><p><span style=\"font-size: 15px;\"><strong><span style=\"color: #76a38b;\">World Press Photo (Netherlands)&nbsp;<\/span><\/strong><\/span><\/p>\n<\/div><\/section><br \/>\n<section class=\"av_textblock_section \"  itemscope=\"itemscope\" itemtype=\"https:\/\/schema.org\/CreativeWork\" ><div class='avia_textblock  '   itemprop=\"text\" ><p><span style=\"color: #76a38b; font-size: 15px;\"><span style=\"font-size: 15px;\"><span style=\"color: #76a38b;\">1st Prize for the category \u201cPortrait stories\u201d f<\/span><\/span>or his subject \u201cEgypt, Cairo\u201d<\/span><\/p>\n<\/div><\/section><br \/>\n<section class=\"av_textblock_section \"  itemscope=\"itemscope\" itemtype=\"https:\/\/schema.org\/CreativeWork\" ><div class='avia_textblock  '   itemprop=\"text\" ><p><span style=\"font-size: 12px;\">2000<\/span><\/p>\n<\/div><\/section><\/p><\/div><div class=\"flex_column av_one_fourth  flex_column_div av-zero-column-padding   \" style='border-radius:0px; '><p><div  class='avia-image-container  av-styling-no-styling    avia-align-center '  itemprop=\"image\" itemscope=\"itemscope\" itemtype=\"https:\/\/schema.org\/ImageObject\"  ><div class='avia-image-container-inner'><div class='avia-image-overlay-wrap'><img class='wp-image-26707 avia-img-lazy-loading-not-26707 avia_image' src=\"https:\/\/agencevu.com\/wp-content\/uploads\/2019\/05\/2000_Prix-Hasselblad-de-la-ville-de-Vevey.jpg\" alt='' title='Cairo \/ Le Caire' height=\"1080\" width=\"1080\"  itemprop=\"thumbnailUrl\" srcset=\"https:\/\/agencevu.com\/wp-content\/uploads\/2019\/05\/2000_Prix-Hasselblad-de-la-ville-de-Vevey.jpg 1080w, https:\/\/agencevu.com\/wp-content\/uploads\/2019\/05\/2000_Prix-Hasselblad-de-la-ville-de-Vevey-80x80.jpg 80w, https:\/\/agencevu.com\/wp-content\/uploads\/2019\/05\/2000_Prix-Hasselblad-de-la-ville-de-Vevey-300x300.jpg 300w, https:\/\/agencevu.com\/wp-content\/uploads\/2019\/05\/2000_Prix-Hasselblad-de-la-ville-de-Vevey-768x768.jpg 768w, https:\/\/agencevu.com\/wp-content\/uploads\/2019\/05\/2000_Prix-Hasselblad-de-la-ville-de-Vevey-1030x1030.jpg 1030w, https:\/\/agencevu.com\/wp-content\/uploads\/2019\/05\/2000_Prix-Hasselblad-de-la-ville-de-Vevey-36x36.jpg 36w, https:\/\/agencevu.com\/wp-content\/uploads\/2019\/05\/2000_Prix-Hasselblad-de-la-ville-de-Vevey-180x180.jpg 180w, https:\/\/agencevu.com\/wp-content\/uploads\/2019\/05\/2000_Prix-Hasselblad-de-la-ville-de-Vevey-705x705.jpg 705w, https:\/\/agencevu.com\/wp-content\/uploads\/2019\/05\/2000_Prix-Hasselblad-de-la-ville-de-Vevey-120x120.jpg 120w, https:\/\/agencevu.com\/wp-content\/uploads\/2019\/05\/2000_Prix-Hasselblad-de-la-ville-de-Vevey-450x450.jpg 450w\" sizes=\"(max-width: 1080px) 100vw, 1080px\" \/><\/div><\/div><\/div><br \/>\n<section class=\"av_textblock_section \"  itemscope=\"itemscope\" itemtype=\"https:\/\/schema.org\/CreativeWork\" ><div class='avia_textblock  '   itemprop=\"text\" ><p><span style=\"font-size: 15px;\"><strong><span style=\"color: #76a38b;\">Vevey\u2019s city Hasselblad Prize (Switzerland)<br \/>\n<\/span><\/strong><\/span><\/p>\n<\/div><\/section><br \/>\n<section class=\"av_textblock_section \"  itemscope=\"itemscope\" itemtype=\"https:\/\/schema.org\/CreativeWork\" ><div class='avia_textblock  '   itemprop=\"text\" ><p><span style=\"color: #76a38b; font-size: 15px;\">For his subject \u00ab&nbsp;Mouleds&nbsp;\u00bb<\/span><\/p>\n<\/div><\/section><br \/>\n<section class=\"av_textblock_section \"  itemscope=\"itemscope\" itemtype=\"https:\/\/schema.org\/CreativeWork\" ><div class='avia_textblock  '   itemprop=\"text\" ><p><span style=\"font-size: 12px;\">2000<\/span><\/p>\n<\/div><\/section><\/p><\/div><div class=\"flex_column av_one_fourth  flex_column_div av-zero-column-padding first  \" style='border-radius:0px; '><p><div  class='avia-image-container  av-styling-no-styling    avia-align-center '  itemprop=\"image\" itemscope=\"itemscope\" itemtype=\"https:\/\/schema.org\/ImageObject\"  ><div class='avia-image-container-inner'><div class='avia-image-overlay-wrap'><img class='wp-image-26704 avia-img-lazy-loading-not-26704 avia_image' src=\"https:\/\/agencevu.com\/wp-content\/uploads\/2019\/05\/1997_Prix----Monographies----des-Editions-Filigranes-.jpg\" alt='' title='\u00ac\u00a9 Denis Dailleux \/ Agence VU Le Caire, Egypte (s\u221a\u00a9lection livre) N\u00ac\u221e10091 Enfant chez les potiers, 1996' height=\"1080\" width=\"1080\"  itemprop=\"thumbnailUrl\" srcset=\"https:\/\/agencevu.com\/wp-content\/uploads\/2019\/05\/1997_Prix----Monographies----des-Editions-Filigranes-.jpg 1080w, https:\/\/agencevu.com\/wp-content\/uploads\/2019\/05\/1997_Prix----Monographies----des-Editions-Filigranes--80x80.jpg 80w, https:\/\/agencevu.com\/wp-content\/uploads\/2019\/05\/1997_Prix----Monographies----des-Editions-Filigranes--300x300.jpg 300w, https:\/\/agencevu.com\/wp-content\/uploads\/2019\/05\/1997_Prix----Monographies----des-Editions-Filigranes--768x768.jpg 768w, https:\/\/agencevu.com\/wp-content\/uploads\/2019\/05\/1997_Prix----Monographies----des-Editions-Filigranes--1030x1030.jpg 1030w, https:\/\/agencevu.com\/wp-content\/uploads\/2019\/05\/1997_Prix----Monographies----des-Editions-Filigranes--36x36.jpg 36w, https:\/\/agencevu.com\/wp-content\/uploads\/2019\/05\/1997_Prix----Monographies----des-Editions-Filigranes--180x180.jpg 180w, https:\/\/agencevu.com\/wp-content\/uploads\/2019\/05\/1997_Prix----Monographies----des-Editions-Filigranes--705x705.jpg 705w, https:\/\/agencevu.com\/wp-content\/uploads\/2019\/05\/1997_Prix----Monographies----des-Editions-Filigranes--120x120.jpg 120w, https:\/\/agencevu.com\/wp-content\/uploads\/2019\/05\/1997_Prix----Monographies----des-Editions-Filigranes--450x450.jpg 450w\" sizes=\"(max-width: 1080px) 100vw, 1080px\" \/><\/div><\/div><\/div><br \/>\n<section class=\"av_textblock_section \"  itemscope=\"itemscope\" itemtype=\"https:\/\/schema.org\/CreativeWork\" ><div class='avia_textblock  '   itemprop=\"text\" ><p><span style=\"font-size: 15px;\"><strong><span style=\"color: #76a38b;\">Prize of Filigranes Edition \u00ab Monographs \u00bb (France)<\/span><\/strong><\/span><\/p>\n<\/div><\/section><br \/>\n<section class=\"av_textblock_section \"  itemscope=\"itemscope\" itemtype=\"https:\/\/schema.org\/CreativeWork\" ><div class='avia_textblock  '   itemprop=\"text\" ><p><span style=\"color: #76a38b; font-size: 15px;\">For his book \u201cHabibi Cairo\u201d<\/span><\/p>\n<\/div><\/section><br \/>\n<section class=\"av_textblock_section \"  itemscope=\"itemscope\" itemtype=\"https:\/\/schema.org\/CreativeWork\" ><div class='avia_textblock  '   itemprop=\"text\" ><p><span style=\"font-size: 12px;\">1997<\/span><\/p>\n<\/div><\/section><\/p><\/div><div class=\"flex_column av_three_fourth  flex_column_div av-zero-column-padding   \" style='border-radius:0px; '><\/div><div  style='height:50px' class='hr hr-invisible  '><span class='hr-inner ' ><span class='hr-inner-style'><\/span><\/span><\/div>\n\n","protected":false},"featured_media":0,"parent":0,"menu_order":0,"template":"","categories":[],"tags":[],"yoast_head":"<!-- This site is optimized with the Yoast SEO plugin v16.3 - https:\/\/yoast.com\/wordpress\/plugins\/seo\/ -->\n<title>Agence VU&#039;<\/title>\n<meta name=\"robots\" content=\"index, follow, max-snippet:-1, max-image-preview:large, max-video-preview:-1\" \/>\n<link rel=\"canonical\" href=\"\/\" \/>\n<meta property=\"og:locale\" content=\"en_US\" \/>\n<meta property=\"og:type\" content=\"article\" \/>\n<meta property=\"og:site_name\" content=\"Agence VU&#039;\" \/>\n<meta name=\"twitter:card\" content=\"summary_large_image\" \/>\n<meta name=\"twitter:site\" content=\"@agence_vu\" \/>\n<script type=\"application\/ld+json\" class=\"yoast-schema-graph\">{\"@context\":\"https:\/\/schema.org\",\"@graph\":[{\"@type\":\"WebSite\",\"@id\":\"https:\/\/agencevu.com\/en\/#website\",\"url\":\"https:\/\/agencevu.com\/en\/\",\"name\":\"Agence VU&#039;\",\"description\":\"Agency of photographers founded in 1986\",\"potentialAction\":[{\"@type\":\"SearchAction\",\"target\":\"https:\/\/agencevu.com\/en\/?s={search_term_string}\",\"query-input\":\"required name=search_term_string\"}],\"inLanguage\":\"en-US\"},{\"@type\":\"CollectionPage\",\"@id\":\"#webpage\",\"url\":\"\",\"name\":\"\",\"isPartOf\":{\"@id\":\"https:\/\/agencevu.com\/en\/#website\"},\"breadcrumb\":{\"@id\":\"#breadcrumb\"},\"inLanguage\":\"en-US\",\"potentialAction\":[{\"@type\":\"ReadAction\",\"target\":[\"\"]}]},{\"@type\":\"BreadcrumbList\",\"@id\":\"#breadcrumb\",\"itemListElement\":[{\"@type\":\"ListItem\",\"position\":1,\"item\":{\"@type\":\"WebPage\",\"@id\":\"https:\/\/agencevu.com\/en\/home\/\",\"url\":\"https:\/\/agencevu.com\/en\/home\/\",\"name\":\"Home\"}},{\"@type\":\"ListItem\",\"position\":2,\"item\":{\"@id\":\"#webpage\"}}]}]}<\/script>\n<!-- \/ Yoast SEO plugin. -->","_links":{"self":[{"href":"https:\/\/agencevu.com\/en\/wp-json\/wp\/v2\/photographe\/107883"}],"collection":[{"href":"https:\/\/agencevu.com\/en\/wp-json\/wp\/v2\/photographe"}],"about":[{"href":"https:\/\/agencevu.com\/en\/wp-json\/wp\/v2\/types\/photographe"}],"version-history":[{"count":3,"href":"https:\/\/agencevu.com\/en\/wp-json\/wp\/v2\/photographe\/107883\/revisions"}],"predecessor-version":[{"id":219932,"href":"https:\/\/agencevu.com\/en\/wp-json\/wp\/v2\/photographe\/107883\/revisions\/219932"}],"wp:attachment":[{"href":"https:\/\/agencevu.com\/en\/wp-json\/wp\/v2\/media?parent=107883"}],"wp:term":[{"taxonomy":"category","embeddable":true,"href":"https:\/\/agencevu.com\/en\/wp-json\/wp\/v2\/categories?post=107883"},{"taxonomy":"post_tag","embeddable":true,"href":"https:\/\/agencevu.com\/en\/wp-json\/wp\/v2\/tags?post=107883"}],"curies":[{"name":"wp","href":"https:\/\/api.w.org\/{rel}","templated":true}]}}