{"id":193672,"date":"2025-06-04T11:13:47","date_gmt":"2025-06-04T09:13:47","guid":{"rendered":"https:\/\/agencevu.com\/?page_id=193672"},"modified":"2025-12-19T11:16:08","modified_gmt":"2025-12-19T10:16:08","slug":"mentions-legales","status":"publish","type":"page","link":"https:\/\/agencevu.com\/en\/mentions-legales\/","title":{"rendered":"Mentions l\u00e9gales"},"content":{"rendered":"<div id='av_section_1'  class='avia-section main_color avia-section-small avia-no-border-styling  avia-bg-style-scroll  avia-builder-el-0  el_before_av_submenu  avia-builder-el-first   container_wrap fullsize' style='background-color: #f1f1f1;  '  ><div class='container' ><main  role=\"main\" itemprop=\"mainContentOfPage\"  class='template-page content  av-content-full alpha units'><div class='post-entry post-entry-type-page post-entry-193672'><div class='entry-content-wrapper clearfix'>\n<div class='flex_column_table av-equal-height-column-flextable -flextable' ><div class=\"flex_column av_one_full  flex_column_table_cell av-equal-height-column av-align-middle av-zero-column-padding first  avia-builder-el-1  avia-builder-el-no-sibling  \" style='border-radius:0px; '><section class=\"av_textblock_section \"  itemscope=\"itemscope\" itemtype=\"https:\/\/schema.org\/CreativeWork\" ><div class='avia_textblock  '   itemprop=\"text\" ><p class=\"titre-page\"><a style=\"text-decoration: none; color: #707070;\">Mentions l\u00e9gales<\/a><\/p>\n<hr class=\"hr-titre-page\">\n<\/div><\/section><\/div><\/div><!--close column table wrapper. Autoclose: 1 -->\n\n<\/div><\/div><\/main><!-- close content main element --><\/div><\/div><div class='clear'><\/div><div id='sub_menu1'  class='av-submenu-container main_color  avia-builder-el-3  el_after_av_section  el_before_av_section  av-sticky-submenu  submenu-not-first container_wrap fullsize' style='  z-index:301' ><div class='container av-menu-mobile-disabled '><ul id='av-custom-submenu-1' class='av-subnav-menu av-submenu-pos-center'>\n<li class='menu-item menu-item-top-level  menu-item-top-level-1'><a href='\/mentions-legales\/#CGU' ><span class='avia-bullet'><\/span><span class='avia-menu-text'>Conditions G\u00e9n\u00e9rales d\u2019Utilisation<\/span><\/a><\/li>\n<li class='menu-item menu-item-top-level  menu-item-top-level-2'><a href='\/mentions-legales\/#PC' ><span class='avia-bullet'><\/span><span class='avia-menu-text'>Politique de confidentialit\u00e9<\/span><\/a><\/li>\n<\/ul><\/div><\/div><div class='sticky_placeholder'><\/div>\n<div id='av_section_2'  class='avia-section main_color avia-section-default avia-no-border-styling  avia-bg-style-scroll  avia-builder-el-4  el_after_av_submenu  avia-builder-el-last   container_wrap fullsize' style=' '  ><div class='container' ><div class='template-page content  av-content-full alpha units'><div class='post-entry post-entry-type-page post-entry-193672'><div class='entry-content-wrapper clearfix'>\n<div class=\"flex_column av_four_fifth  flex_column_div av-zero-column-padding first  avia-builder-el-5  el_before_av_four_fifth  avia-builder-el-first  \" style='border-radius:0px; ' id=\"CGU\" ><section class=\"av_textblock_section \"  id=\"titre1\"  itemscope=\"itemscope\" itemtype=\"https:\/\/schema.org\/CreativeWork\" ><div class='avia_textblock  '   itemprop=\"text\" ><p style=\"font-size: 30px; font-weight: 600; text-align: left; line-height: 50px;\">Conditions G\u00e9n\u00e9rales d&#8217;Utilisation du site<\/p>\n<\/div><\/section><br \/>\n<div  style='height:10px' class='hr hr-invisible   avia-builder-el-7  el_after_av_textblock  el_before_av_textblock '><span class='hr-inner ' ><span class='hr-inner-style'><\/span><\/span><\/div><br \/>\n<section class=\"av_textblock_section \"  itemscope=\"itemscope\" itemtype=\"https:\/\/schema.org\/CreativeWork\" ><div class='avia_textblock  '   itemprop=\"text\" ><div class=\"content-fiche\"><strong>Date<\/strong><strong> de la derni\u00e8re mise \u00e0 jour de nos CGU <\/strong>: le mercredi 4 juin 2025<\/div>\n<\/div><\/section><br \/>\n<div  style='height:20px' class='hr hr-invisible   avia-builder-el-9  el_after_av_textblock  el_before_av_textblock '><span class='hr-inner ' ><span class='hr-inner-style'><\/span><\/span><\/div><br \/>\n<section class=\"av_textblock_section \"  itemscope=\"itemscope\" itemtype=\"https:\/\/schema.org\/CreativeWork\" ><div class='avia_textblock  '   itemprop=\"text\" ><div class=\"content-fiche\">\n<p>Les pr\u00e9sentes conditions g\u00e9n\u00e9rales d\u2019utilisation (ci-apr\u00e8s d\u00e9nomm\u00e9es les \u00ab CGU \u00bb) s\u2019appliquent au site Internet <a href=\"https:\/\/www.agencevu.com\/\">https:\/\/www.agencevu.com\/<\/a> (ci-apr\u00e8s d\u00e9nomm\u00e9 le \u00ab Site \u00bb) \u00e9dit\u00e9 par la soci\u00e9t\u00e9 Soci\u00e9t\u00e9 Nouvelle d\u2019Images et de Communication (S.N.I.C), exer\u00e7ant sous l\u2019enseigne AGENCE VU\u2019 SARL, inscrite au RCS de Paris sous le num\u00e9ro 334 132 164 dont le si\u00e8ge social est situ\u00e9 60 avenue de Saxe (ci-apr\u00e8s la \u00ab Soci\u00e9t\u00e9 \u00bb ou \u00ab Agence VU\u2019 \u00bb).<\/p>\n<p><strong>EN ACC\u00c9DANT AU SITE, VOUS ACCEPTEZ EXPRESS\u00c9MENT ET SANS R\u00c9SERVE LES CGU D\u00c9FINIES CI-APR\u00c8S. TOUTE VISITE DU SITE DOIT SE FAIRE DANS LE RESPECT DES PR\u00c9SENTES CGU.<\/strong><\/p>\n<\/div>\n<\/div><\/section><br \/>\n<div  style='height:20px' class='hr hr-invisible   avia-builder-el-11  el_after_av_textblock  el_before_av_textblock '><span class='hr-inner ' ><span class='hr-inner-style'><\/span><\/span><\/div><br \/>\n<section class=\"av_textblock_section \"  id=\"mentionslegales\"  itemscope=\"itemscope\" itemtype=\"https:\/\/schema.org\/CreativeWork\" ><div class='avia_textblock  '  style='font-size:30px; '  itemprop=\"text\" ><p style=\"font-weight: 300; text-align: left; font-size: 20px;\">Mentions L\u00e9gales<\/p>\n<\/div><\/section><br \/>\n<section class=\"av_textblock_section \"  itemscope=\"itemscope\" itemtype=\"https:\/\/schema.org\/CreativeWork\" ><div class='avia_textblock  '   itemprop=\"text\" ><div class=\"content-fiche\">\n<p><strong>\u00c9diteur du Site :<\/strong><br \/>\nCe Site est \u00e9dit\u00e9 et vous est propos\u00e9 par la Soci\u00e9t\u00e9, Soci\u00e9t\u00e9 Nouvelle d\u2019Images et de Communication (S.N.I.C), exer\u00e7ant sous l\u2019enseigne AGENCE VU\u2019, SARL, inscrite au RCS de Paris sous le num\u00e9ro 334 132 164 dont le si\u00e8ge social est situ\u00e9 60 avenue de Saxe.<\/p>\n<p><strong>Directeur de la publication :<\/strong><br \/>\nM. Xavier Soule<\/p>\n<p><strong>H\u00e9bergement :<\/strong><br \/>\nLe Site est h\u00e9berg\u00e9 par la soci\u00e9t\u00e9 ONLINE SAS, filiale du groupe Iliad<br \/>\nAdresse: BP 438 75366 PARIS CEDEX 8<br \/>\nTel : 0033 1 84 13 00 00<br \/>\nWeb site : <a href=\"https:\/\/www.online.net\/fr\/web\">https:\/\/www.online.net\/fr\/web<\/a><\/p>\n<\/div>\n<\/div><\/section><br \/>\n<div  style='height:20px' class='hr hr-invisible   avia-builder-el-14  el_after_av_textblock  el_before_av_textblock '><span class='hr-inner ' ><span class='hr-inner-style'><\/span><\/span><\/div><br \/>\n<section class=\"av_textblock_section \"  id=\"mentionslegales\"  itemscope=\"itemscope\" itemtype=\"https:\/\/schema.org\/CreativeWork\" ><div class='avia_textblock  '  style='font-size:30px; '  itemprop=\"text\" ><p style=\"font-weight: 300; text-align: left; font-size: 20px;\">Objet du site<\/p>\n<\/div><\/section><br \/>\n<section class=\"av_textblock_section \"  itemscope=\"itemscope\" itemtype=\"https:\/\/schema.org\/CreativeWork\" ><div class='avia_textblock  '   itemprop=\"text\" ><div class=\"content-fiche\">\n<p>L\u2019Agence VU\u2019 a ouvert ce Site pour l&#8217;information personnelle de ses visiteurs. Le Site a \u00e9t\u00e9 \u00e9labor\u00e9 au profit de tous les internautes professionnels d\u00e9sireux d\u2019obtenir des informations sur une image ou un photographe repr\u00e9sent\u00e9 par l\u2019Agence VU\u2019. Aucune exploitation qu\u2019elle soit commerciale ou non, m\u00eame partielle de son contenu ne pourra \u00eatre effectu\u00e9e sans l&#8217;accord pr\u00e9alable et \u00e9crit de l\u2019Agence VU\u2019.<\/p>\n<\/div>\n<\/div><\/section><br \/>\n<div  style='height:20px' class='hr hr-invisible   avia-builder-el-17  el_after_av_textblock  el_before_av_textblock '><span class='hr-inner ' ><span class='hr-inner-style'><\/span><\/span><\/div><br \/>\n<section class=\"av_textblock_section \"  id=\"mentionslegales\"  itemscope=\"itemscope\" itemtype=\"https:\/\/schema.org\/CreativeWork\" ><div class='avia_textblock  '  style='font-size:30px; '  itemprop=\"text\" ><p style=\"font-weight: 300; text-align: left; font-size: 20px;\">Propri\u00e9t\u00e9 intellectuelle sur le site<\/p>\n<\/div><\/section><br \/>\n<section class=\"av_textblock_section \"  itemscope=\"itemscope\" itemtype=\"https:\/\/schema.org\/CreativeWork\" ><div class='avia_textblock  '   itemprop=\"text\" ><div class=\"content-fiche\">L&#8217;ensemble du Site constitue une \u0153uvre prot\u00e9g\u00e9e par les lois en vigueur sur la propri\u00e9t\u00e9 intellectuelle. Aucune reproduction et\/ou repr\u00e9sentation, partielle ou int\u00e9grale, ne pourra en \u00eatre faite sans l&#8217;accord pr\u00e9alable et \u00e9crit de l\u2019Agence VU\u2019. L&#8217;ensemble des \u00e9l\u00e9ments graphiques, images, textes, s\u00e9quences anim\u00e9es sonores ou non, logos, marques repr\u00e9sent\u00e9es sur le Site sont prot\u00e9g\u00e9s par les lois concernant la propri\u00e9t\u00e9 Intellectuelle et sont, selon les cas, propri\u00e9t\u00e9 de l\u2019Agence VU\u2019 ou propri\u00e9t\u00e9 de tiers ayant autoris\u00e9 l\u2019Agence VU\u2019 \u00e0 les repr\u00e9senter sur son Site. \u00c0 ce titre, tout t\u00e9l\u00e9chargement, toute reproduction, repr\u00e9sentation, adaptation, traduction, et\/ou transformation, partielles ou int\u00e9grales, ou transfert sur un autre site web ou sur quel qu\u2019autre support (papier, num\u00e9rique, film, etc.), sans autorisation pr\u00e9alable et expresse de l\u2019Agence VU\u2019 sont strictement interdits.<\/div>\n<div class=\"content-fiche\">&nbsp;<\/div>\n<div class=\"content-fiche\"><strong>Cr\u00e9dits photos<\/strong> : \u00a9 XXX \/ Agence VU\u2019<\/div>\n<\/div><\/section><br \/>\n<div  style='height:20px' class='hr hr-invisible   avia-builder-el-20  el_after_av_textblock  el_before_av_textblock '><span class='hr-inner ' ><span class='hr-inner-style'><\/span><\/span><\/div><br \/>\n<section class=\"av_textblock_section \"  id=\"mentionslegales\"  itemscope=\"itemscope\" itemtype=\"https:\/\/schema.org\/CreativeWork\" ><div class='avia_textblock  '  style='font-size:30px; '  itemprop=\"text\" ><p style=\"font-weight: 300; text-align: left; font-size: 20px;\">Responsabilit\u00e9<\/p>\n<\/div><\/section><br \/>\n<section class=\"av_textblock_section \"  itemscope=\"itemscope\" itemtype=\"https:\/\/schema.org\/CreativeWork\" ><div class='avia_textblock  '   itemprop=\"text\" ><div class=\"content-fiche\">\n<p>Les informations diffus\u00e9es sur le Site sont susceptibles d&#8217;\u00eatre modifi\u00e9es \u00e0 tout moment sans pr\u00e9avis. Elles ne sont mises \u00e0 la disposition des visiteurs du Site qu&#8217;\u00e0 titre indicatif et ne pr\u00e9sentent aucun caract\u00e8re contractuel.<\/p>\n<p>L\u2019Agence VU\u2019 ne peut garantir le fonctionnement du Site de fa\u00e7on ininterrompu et exempt de toute erreur.<\/p>\n<p>L\u2019Agence VU\u2019 n\u2019est tenue que d&#8217;une obligation de moyen en ce qui concerne le fonctionnement et la continuit\u00e9 du service. L\u2019Agence VU\u2019 ne saurait \u00eatre responsable de tous pr\u00e9judices directs ou indirects r\u00e9sultant de l&#8217;utilisation du Site, et ce quelle qu&#8217;en soit la cause ; notamment elle ne saurait \u00eatre responsable de l&#8217;alt\u00e9ration ou de l&#8217;acc\u00e8s frauduleux \u00e0 des donn\u00e9es et\/ou de la transmission accidentelle par le biais de virus. De m\u00eame la responsabilit\u00e9 de l\u2019Agence VU\u2019 ne saurait \u00eatre engag\u00e9e pour des faits dus \u00e0 un cas de force majeure, les pannes et les probl\u00e8mes d&#8217;ordre technique concernant le mat\u00e9riel, les programmes et logiciels ou le r\u00e9seau Internet pouvant le cas \u00e9ch\u00e9ant entra\u00eener la suspension ou la cessation du service.<\/p>\n<\/div>\n<\/div><\/section><br \/>\n<div  style='height:20px' class='hr hr-invisible   avia-builder-el-23  el_after_av_textblock  el_before_av_textblock '><span class='hr-inner ' ><span class='hr-inner-style'><\/span><\/span><\/div><br \/>\n<section class=\"av_textblock_section \"  id=\"mentionslegales\"  itemscope=\"itemscope\" itemtype=\"https:\/\/schema.org\/CreativeWork\" ><div class='avia_textblock  '  style='font-size:30px; '  itemprop=\"text\" ><p style=\"font-weight: 300; text-align: left; font-size: 20px;\">Utilisation des donn\u00e9es \u00e0 caract\u00e8re personnel<\/p>\n<\/div><\/section><br \/>\n<section class=\"av_textblock_section \"  itemscope=\"itemscope\" itemtype=\"https:\/\/schema.org\/CreativeWork\" ><div class='avia_textblock  '   itemprop=\"text\" ><div class=\"content-fiche\">L\u2019Agence VU\u2019 se pr\u00e9occupe du respect de la vie priv\u00e9e et de la protection des donn\u00e9es \u00e0 caract\u00e8re personnel de l\u2019utilisateur du Site. L\u2019ensemble des informations relatives au traitement des donn\u00e9es personnelles des utilisateurs est disponible dans la<a href=\"..\/mentions-legales\/#PC\"> Politique de Confidentialit\u00e9 du Site<\/a>.&nbsp;<\/div>\n<div class=\"content-fiche\">&nbsp;<\/div>\n<div class=\"content-fiche\">Lors de l\u2019envoi par tout internaute d\u2019un e-mail \u00e0 l\u2019une des adresses de contact indiqu\u00e9es sur le Site, l\u2019Agence VU\u2019 pourra utiliser les donn\u00e9es communiqu\u00e9es, \u00e0 savoir l\u2019adresse \u00e9lectronique et le nom, pr\u00e9nom de l\u2019exp\u00e9diteur de l\u2019email, pour r\u00e9pondre \u00e0 la demande formul\u00e9e.<\/div>\n<div class=\"content-fiche\">&nbsp;<\/div>\n<div class=\"content-fiche\">La collecte et le traitement des donn\u00e9es \u00e0 caract\u00e8re personnel de l\u2019utilisateur du Site se font dans le strict respect de la loi Informatique et Libert\u00e9s du 6 Janvier 1978 modifi\u00e9e par la loi du 6 ao\u00fbt 2004.<\/div>\n<div class=\"content-fiche\">&nbsp;<\/div>\n<div class=\"content-fiche\">L\u2019utilisateur du Site b\u00e9n\u00e9ficie d&#8217;un droit d&#8217;acc\u00e8s, d\u2019information, de rectification et d&#8217;opposition sur les donn\u00e9es \u00e0 caract\u00e8re personnel le concernant collect\u00e9es sur le Site. Ces droits peuvent \u00eatre exerc\u00e9s, en \u00e9crivant \u00e0 :<a href=\"mailto:contact@studiobase2.com\"> contact@studiobase2.com<\/a>.<\/div>\n<\/div><\/section><br \/>\n<div  style='height:20px' class='hr hr-invisible   avia-builder-el-26  el_after_av_textblock  el_before_av_textblock '><span class='hr-inner ' ><span class='hr-inner-style'><\/span><\/span><\/div><br \/>\n<section class=\"av_textblock_section \"  id=\"mentionslegales\"  itemscope=\"itemscope\" itemtype=\"https:\/\/schema.org\/CreativeWork\" ><div class='avia_textblock  '  style='font-size:30px; '  itemprop=\"text\" ><p style=\"font-weight: 300; text-align: left; font-size: 20px;\">Les &#8220;cookies&#8221;<\/p>\n<\/div><\/section><br \/>\n<section class=\"av_textblock_section \"  itemscope=\"itemscope\" itemtype=\"https:\/\/schema.org\/CreativeWork\" ><div class='avia_textblock  '   itemprop=\"text\" ><div class=\"content-fiche\">\n<p>En acc\u00e9dant au Site et en y poursuivant sa navigation, l\u2019utilisateur est invit\u00e9 lors de l\u2019apparition du bandeau pr\u00e9vu \u00e0 cet effet, de fournir son accord \u00e0 l&#8217;impl\u00e9mentation et l&#8217;utilisation de cookies sur son ordinateur, tablette ou smartphone.&nbsp;<\/p>\n<p>Pour en savoir plus, il convient de se r\u00e9f\u00e9rer \u00e0 la <a href=\"https:\/\/agencevu-dev.abvent.com\/mentions-legales\/#PC\">politique de confidentialit\u00e9 du Site<\/a>.<\/p>\n<\/div>\n<\/div><\/section><br \/>\n<div  style='height:20px' class='hr hr-invisible   avia-builder-el-29  el_after_av_textblock  el_before_av_textblock '><span class='hr-inner ' ><span class='hr-inner-style'><\/span><\/span><\/div><br \/>\n<section class=\"av_textblock_section \"  id=\"mentionslegales\"  itemscope=\"itemscope\" itemtype=\"https:\/\/schema.org\/CreativeWork\" ><div class='avia_textblock  '  style='font-size:30px; '  itemprop=\"text\" ><p style=\"font-weight: 300; text-align: left; font-size: 20px;\">Hyperliens et sites externes<\/p>\n<\/div><\/section><br \/>\n<section class=\"av_textblock_section \"  itemscope=\"itemscope\" itemtype=\"https:\/\/schema.org\/CreativeWork\" ><div class='avia_textblock  '   itemprop=\"text\" ><div class=\"content-fiche\">\n<p>Le Site peut contenir des liens hypertextes allant vers d&#8217;autres sites web. Il est notamment possible pour l\u2019utilisateur de se rendre, via l\u2019onglet \u00ab La Boutique VU\u2019\u00bb, \u00ab VU\u2019 Education \u00bb, \u00ab Galerie VU\u2019 \u00bb ou la rubriques \u00ab Archives \u00bb sur les sites d\u00e9di\u00e9s auxquels des conditions g\u00e9n\u00e9rales d\u2019utilisation et des politiques sp\u00e9cifiques s\u2019appliquent.<\/p>\n<p>Lors de sa visite de ces sites web ou de tout autre site web auquel le Site renverrait, l\u2019Agence VU\u2019 invite l\u2019utilisateur \u00e0 prendre connaissance de leurs conditions g\u00e9n\u00e9rales d\u2019utilisations ainsi que de leurs politiques, notamment en mati\u00e8re de protection des donn\u00e9es \u00e0 caract\u00e8re personnel.<\/p>\n<p>L\u2019Agence VU\u2019 ne prend aucun engagement concernant tout autre site web auquel le visiteur du Site pourrait avoir acc\u00e8s via le Site et ne serait en aucune fa\u00e7on \u00eatre responsable du contenu, fonctionnement et de l&#8217;acc\u00e8s \u00e0 ces sites, ni des politiques ni des pratiques d\u2019autres soci\u00e9t\u00e9s.<\/p>\n<p>Toute cr\u00e9ation d\u2019un lien vers le Site est soumise \u00e0 l\u2019approbation pr\u00e9alable de l\u2019Agence VU\u2019.<\/p>\n<\/div>\n<\/div><\/section><br \/>\n<div  style='height:20px' class='hr hr-invisible   avia-builder-el-32  el_after_av_textblock  el_before_av_textblock '><span class='hr-inner ' ><span class='hr-inner-style'><\/span><\/span><\/div><br \/>\n<section class=\"av_textblock_section \"  id=\"mentionslegales\"  itemscope=\"itemscope\" itemtype=\"https:\/\/schema.org\/CreativeWork\" ><div class='avia_textblock  '  style='font-size:30px; '  itemprop=\"text\" ><p style=\"font-weight: 300; text-align: left; font-size: 20px;\">Modification des CGU<\/p>\n<\/div><\/section><br \/>\n<section class=\"av_textblock_section \"  itemscope=\"itemscope\" itemtype=\"https:\/\/schema.org\/CreativeWork\" ><div class='avia_textblock  '   itemprop=\"text\" ><div class=\"content-fiche\">L\u2019Agence VU\u2019 se r\u00e9serve le droit, \u00e0 sa seule discr\u00e9tion, de changer, modifier, ajouter ou supprimer tout ou partie des pr\u00e9sentes CGU et ce, \u00e0 tout moment. Il est de la responsabilit\u00e9 du visiteur du Site de consulter les CGU r\u00e9guli\u00e8rement. Le visiteur du Site reconna\u00eet et accepte que tout acc\u00e8s ou toute utilisation du Site \u00e0 compter de la date de modification des CGU emporte acceptation expresse et sans r\u00e9serve des nouvelles CGU telles que publi\u00e9es sur le Site.<\/div>\n<\/div><\/section><br \/>\n<div  style='height:20px' class='hr hr-invisible   avia-builder-el-35  el_after_av_textblock  el_before_av_textblock '><span class='hr-inner ' ><span class='hr-inner-style'><\/span><\/span><\/div><br \/>\n<section class=\"av_textblock_section \"  id=\"mentionslegales\"  itemscope=\"itemscope\" itemtype=\"https:\/\/schema.org\/CreativeWork\" ><div class='avia_textblock  '  style='font-size:30px; '  itemprop=\"text\" ><p style=\"font-weight: 300; text-align: left; font-size: 20px;\">Droit applicable<\/p>\n<\/div><\/section><br \/>\n<section class=\"av_textblock_section \"  itemscope=\"itemscope\" itemtype=\"https:\/\/schema.org\/CreativeWork\" ><div class='avia_textblock  '   itemprop=\"text\" ><div class=\"content-fiche\">\n<p>Le Site est soumis au droit fran\u00e7ais. L\u2019ensemble de son contenu, ses offres, ses services sont r\u00e9gis par la r\u00e9glementation fran\u00e7aise en vigueur. Toute interpr\u00e9tation, contestation ou revendication concernant le Site sera de la comp\u00e9tence des tribunaux fran\u00e7ais.<\/p>\n<p>Si une disposition de ces CGU devait \u00eatre tenue pour non valide ou d\u00e9clar\u00e9e comme telle en application d\u2019une loi, d\u2019un r\u00e8glement ou \u00e0 la suite d\u2019une d\u00e9cision d\u00e9finitive d\u2019une juridiction comp\u00e9tente les autres dispositions resteront n\u00e9anmoins en vigueur.<\/p>\n<\/div>\n<\/div><\/section><br \/>\n<div  style='height:70px' class='hr hr-invisible   avia-builder-el-38  el_after_av_textblock  avia-builder-el-last '><span class='hr-inner ' ><span class='hr-inner-style'><\/span><\/span><\/div><\/p><\/div><div class=\"flex_column av_four_fifth  flex_column_div av-zero-column-padding first  avia-builder-el-39  el_after_av_four_fifth  avia-builder-el-last  \" style='border-radius:0px; ' id=\"PC\" ><section class=\"av_textblock_section \"  id=\"titre1\"  itemscope=\"itemscope\" itemtype=\"https:\/\/schema.org\/CreativeWork\" ><div class='avia_textblock  '   itemprop=\"text\" ><p style=\"font-size: 30px; font-weight: 600; text-align: left; line-height: 50px;\">Politique de confidentialit\u00e9 et de protection des donn\u00e9es personnelles<\/p>\n<\/div><\/section><br \/>\n<div  style='height:20px' class='hr hr-invisible   avia-builder-el-41  el_after_av_textblock  el_before_av_textblock '><span class='hr-inner ' ><span class='hr-inner-style'><\/span><\/span><\/div><br \/>\n<section class=\"av_textblock_section \"  itemscope=\"itemscope\" itemtype=\"https:\/\/schema.org\/CreativeWork\" ><div class='avia_textblock  '   itemprop=\"text\" ><div class=\"content-fiche\"><strong>Date de la derni\u00e8re mise \u00e0 jour de notre Politique<\/strong> : le lundi 19 avril 2021<\/div>\n<\/div><\/section><br \/>\n<div  style='height:20px' class='hr hr-invisible   avia-builder-el-43  el_after_av_textblock  el_before_av_textblock '><span class='hr-inner ' ><span class='hr-inner-style'><\/span><\/span><\/div><br \/>\n<section class=\"av_textblock_section \"  itemscope=\"itemscope\" itemtype=\"https:\/\/schema.org\/CreativeWork\" ><div class='avia_textblock  '   itemprop=\"text\" ><div class=\"content-fiche\">La soci\u00e9t\u00e9 d\u00e9sign\u00e9e \u00ab Agence VU\u2019 \u00bb dans cette politique de confidentialit\u00e9 et de protection des donn\u00e9es personnelles est la soci\u00e9t\u00e9 \u00e9ditrice du site, \u00e0 savoir la Soci\u00e9t\u00e9 Nouvelle d\u2019Images et de Communication (S.N.I.C), exer\u00e7ant sous l\u2019enseigne AGENCE VU\u2019 SARL, inscrite au RCS de Paris sous le num\u00e9ro 334 132 164 dont le si\u00e8ge social est situ\u00e9 60 avenue de Saxe (ci-apr\u00e8s la \u00ab Soci\u00e9t\u00e9 \u00bb ou \u00ab Agence VU&#8217; \u00bb).<\/div>\n<div class=\"content-fiche\">&nbsp;<\/div>\n<div class=\"content-fiche\">L\u2019Agence VU\u2019 est le responsable de traitement des donn\u00e9es personnelles que vous nous transmettez ou que nous collectons dans le cadre des visites de notre site internet.<\/div>\n<div class=\"content-fiche\">&nbsp;<\/div>\n<div class=\"content-fiche\">L\u2019Agence VU\u2019 est attach\u00e9e au respect et \u00e0 la protection des donn\u00e9es personnelles.<\/div>\n<div class=\"content-fiche\">&nbsp;<\/div>\n<div class=\"content-fiche\">Notre politique de confidentialit\u00e9 a pour objectif d&#8217;encadrer le traitement de donn\u00e9es \u00e0 caract\u00e8re personnel lors de la consultation du site internet <a href=\"https:\/\/agencevu.com\/\">https:\/\/agencevu.com\/<\/a> (ci-apr\u00e8s le \u00ab Site \u00bb) \u00e9dit\u00e9 par l\u2019Agence VU\u2019 et d\u2019assurer le respect des droits des personnes \u00e0 qui ces donn\u00e9es personnelles appartiennent.<\/div>\n<div class=\"content-fiche\">&nbsp;<\/div>\n<div class=\"content-fiche\">Afin de pouvoir utiliser et visiter notre site, vous devez accepter et reconnaitre avoir lu notre politique de confidentialit\u00e9. Cette acceptation nous permet de collecter et de traiter vos donn\u00e9es en conformit\u00e9 avec les dispositions de cette politique de confidentialit\u00e9.<\/div>\n<div class=\"content-fiche\">&nbsp;<\/div>\n<div class=\"content-fiche\">Les textes de r\u00e9f\u00e9rence de notre politique de confidentialit\u00e9 sont le RGPD (R\u00e8glement G\u00e9n\u00e9ral pour la Protection des Donn\u00e9es) du 27 avril 2016 applicable au 25 mai 2018 et la loi dite &#8221; Informatique et Libert\u00e9s&#8221;. Les notions utilis\u00e9es dans cette politique font r\u00e9f\u00e9rence aux termes d\u00e9finis dans le RGPD et cette loi.<\/div>\n<div class=\"content-fiche\">&nbsp;<\/div>\n<div class=\"content-fiche\">Nous nous engageons \u00e0 appliquer les mesures ad\u00e9quates afin de garantir la s\u00e9curit\u00e9 du traitement de vos donn\u00e9es personnelles. Notre organisation a mis en place les mesures en termes d\u2019organisation et de s\u00e9curit\u00e9 appropri\u00e9es afin de respecter les obligations d\u00e9finies dans le r\u00e8glement europ\u00e9en du 27 avril 2016 relatif \u00e0 la protection des personnes physiques \u00e0 l&#8217;\u00e9gard du traitement des donn\u00e9es \u00e0 caract\u00e8re personnel et \u00e0 la libre circulation de ces donn\u00e9es.<\/div>\n<\/div><\/section><br \/>\n<div  style='height:20px' class='hr hr-invisible   avia-builder-el-45  el_after_av_textblock  el_before_av_textblock '><span class='hr-inner ' ><span class='hr-inner-style'><\/span><\/span><\/div><br \/>\n<section class=\"av_textblock_section \"  id=\"mentionslegales\"  itemscope=\"itemscope\" itemtype=\"https:\/\/schema.org\/CreativeWork\" ><div class='avia_textblock  '  style='font-size:30px; '  itemprop=\"text\" ><p style=\"font-weight: 300; text-align: left; font-size: 20px;\">Finalit\u00e9 du traitement de vos donn\u00e9es<\/p>\n<\/div><\/section><br \/>\n<section class=\"av_textblock_section \"  itemscope=\"itemscope\" itemtype=\"https:\/\/schema.org\/CreativeWork\" ><div class='avia_textblock  '   itemprop=\"text\" ><div class=\"content-fiche\">Les donn\u00e9es \u00e0 caract\u00e8re personnel recueillies via le Site, le sont pour les finalit\u00e9s suivantes :<\/div>\n<ul>\n<li class=\"content-fiche\">R\u00e9pondre \u00e0 vos demandes exprim\u00e9es en utilisant les moyens de contact disponibles sur le Site<\/li>\n<li class=\"content-fiche\">Vous contacter au sujet de vos demandes<\/li>\n<li class=\"content-fiche\">\u00c9laborer des statistiques d&#8217;utilisation de notre site Internet<\/li>\n<li class=\"content-fiche\">Identifier le cas \u00e9chant les personnes en cas d\u2019abus, d\u2019acte malveillant sur notre site ou d\u2019utilisation illicite du site<\/li>\n<\/ul>\n<div class=\"content-fiche\">et plus g\u00e9n\u00e9ralement :<\/div>\n<ul>\n<li class=\"content-fiche\">Nous conformer \u00e0 nos obligations l\u00e9gales qui requi\u00e8rent le traitement en vertu des lois et r\u00e8glements en la mati\u00e8re<\/li>\n<li class=\"content-fiche\">Poursuivre nos int\u00e9r\u00eats commerciaux l\u00e9gitimes li\u00e9s \u00e0 l\u2019exploitation de notre site internet et \u00e0 la communication sur nos services<\/li>\n<li class=\"content-fiche\">Permettre l\u2019exercice ou la d\u00e9fense de nos droits devant la justice<\/li>\n<\/ul>\n<\/div><\/section><br \/>\n<div  style='height:20px' class='hr hr-invisible   avia-builder-el-48  el_after_av_textblock  el_before_av_textblock '><span class='hr-inner ' ><span class='hr-inner-style'><\/span><\/span><\/div><br \/>\n<section class=\"av_textblock_section \"  id=\"mentionslegales\"  itemscope=\"itemscope\" itemtype=\"https:\/\/schema.org\/CreativeWork\" ><div class='avia_textblock  '  style='font-size:30px; '  itemprop=\"text\" ><p style=\"font-weight: 300; text-align: left; font-size: 20px;\">Pertinence des donn\u00e9es collect\u00e9es<\/p>\n<\/div><\/section><br \/>\n<section class=\"av_textblock_section \"  itemscope=\"itemscope\" itemtype=\"https:\/\/schema.org\/CreativeWork\" ><div class='avia_textblock  '   itemprop=\"text\" ><div class=\"content-fiche\">\n<p>Pour la consultation du site, le renseignement des formulaires est facultatif, mais les donn\u00e9es \u00e0 renseigner dans les formulaires d\u2019\u00e9change avec l\u2019Agence VU\u2019 sont n\u00e9cessaires pour nous permettre de r\u00e9pondre \u00e0 vos demandes et d&#8217;adresser au mieux vos besoins.<\/p>\n<p>L\u2019Agence VU\u2019 collecte et traite les donn\u00e9es \u00e0 caract\u00e8re personnel de mani\u00e8re loyale et licite.<\/p>\n<p>Les donn\u00e9es collect\u00e9es par l\u2019Agence VU\u2019 incluent les cat\u00e9gories suivantes :<\/p>\n<ul>\n<li>Identit\u00e9 personnelle (ex : nom, pr\u00e9noms, adresse e-mail et postale)<\/li>\n<li>Adresse \u00e9lectronique<\/li>\n<li>Donn\u00e9es de connexion et parcours sur le site (cookies)<\/li>\n<li>Donn\u00e9es de consentement au traitement (date et heure associ\u00e9es \u00e0 vos autres donn\u00e9es personnelles)<\/li>\n<\/ul>\n<\/div>\n<\/div><\/section><br \/>\n<div  style='height:20px' class='hr hr-invisible   avia-builder-el-51  el_after_av_textblock  el_before_av_textblock '><span class='hr-inner ' ><span class='hr-inner-style'><\/span><\/span><\/div><br \/>\n<section class=\"av_textblock_section \"  id=\"mentionslegales\"  itemscope=\"itemscope\" itemtype=\"https:\/\/schema.org\/CreativeWork\" ><div class='avia_textblock  '  style='font-size:30px; '  itemprop=\"text\" ><p style=\"font-weight: 300; text-align: left; font-size: 20px;\">Dur\u00e9e de conservation de vos donn\u00e9es<\/p>\n<\/div><\/section><br \/>\n<section class=\"av_textblock_section \"  itemscope=\"itemscope\" itemtype=\"https:\/\/schema.org\/CreativeWork\" ><div class='avia_textblock  '   itemprop=\"text\" ><div class=\"content-fiche\">\n<p>L\u2019Agence VU\u2019 ne conserve pas les donn\u00e9es \u00e0 caract\u00e8re personnel au-del\u00e0 de la dur\u00e9e n\u00e9cessaire \u00e0 la finalit\u00e9 du traitement.<\/p>\n<ul>\n<li>Lorsque vous \u00eates visiteur du site, les cookies ont une dur\u00e9e de conservation maximale de 13 mois<\/li>\n<li>Lorsque vous nous adressez une demande d\u2019information, vos donn\u00e9es sont conserv\u00e9es pour la dur\u00e9e n\u00e9cessaire pour traiter votre demande par les personnes habilit\u00e9es et pour une dur\u00e9e maximale de 1 mois<\/li>\n<li>Pour la dur\u00e9e n\u00e9cessaire au respect de nos obligations l\u00e9gales qui requi\u00e8rent le traitement en vertu des lois et r\u00e8glements en la mati\u00e8re<\/li>\n<\/ul>\n<p>A l\u2019issue de ces diff\u00e9rentes p\u00e9riodes, l\u2019Agence VU\u2019 pourra vous proposer de renouveler votre consentement.<\/p>\n<\/div>\n<\/div><\/section><br \/>\n<div  style='height:20px' class='hr hr-invisible   avia-builder-el-54  el_after_av_textblock  el_before_av_textblock '><span class='hr-inner ' ><span class='hr-inner-style'><\/span><\/span><\/div><br \/>\n<section class=\"av_textblock_section \"  id=\"mentionslegales\"  itemscope=\"itemscope\" itemtype=\"https:\/\/schema.org\/CreativeWork\" ><div class='avia_textblock  '  style='font-size:30px; '  itemprop=\"text\" ><p style=\"font-weight: 300; text-align: left; font-size: 20px;\">Acc\u00e8s et s\u00e9curit\u00e9 des donn\u00e9es<\/p>\n<\/div><\/section><br \/>\n<section class=\"av_textblock_section \"  itemscope=\"itemscope\" itemtype=\"https:\/\/schema.org\/CreativeWork\" ><div class='avia_textblock  '   itemprop=\"text\" ><div class=\"content-fiche\">\n<p>Dans le cadre de la politique de s\u00e9curit\u00e9 et de protection des traitements de donn\u00e9es \u00e0 caract\u00e8re personnel mise en place au sein de l\u2019Agence VU\u2019, seules les personnes d\u00fbment habilit\u00e9es dans l\u2019organisation de l\u2019Agence VU\u2019 peuvent acc\u00e9der \u00e0 vos donn\u00e9es.<\/p>\n<p>L\u2019Agence VU\u2019 d\u00e9termine et met en \u0153uvre les moyens n\u00e9cessaires \u00e0 la protection des traitements de donn\u00e9es \u00e0 caract\u00e8re personnel pour \u00e9viter tout acc\u00e8s par un tiers non autoris\u00e9 et pr\u00e9venir tout perte, alt\u00e9ration ou divulgation de donn\u00e9es.<\/p>\n<\/div>\n<\/div><\/section><br \/>\n<div  style='height:20px' class='hr hr-invisible   avia-builder-el-57  el_after_av_textblock  el_before_av_textblock '><span class='hr-inner ' ><span class='hr-inner-style'><\/span><\/span><\/div><br \/>\n<section class=\"av_textblock_section \"  id=\"mentionslegales\"  itemscope=\"itemscope\" itemtype=\"https:\/\/schema.org\/CreativeWork\" ><div class='avia_textblock  '  style='font-size:30px; '  itemprop=\"text\" ><p style=\"font-weight: 300; text-align: left; font-size: 20px;\">Transfert des donn\u00e9es<\/p>\n<\/div><\/section><br \/>\n<section class=\"av_textblock_section \"  itemscope=\"itemscope\" itemtype=\"https:\/\/schema.org\/CreativeWork\" ><div class='avia_textblock  '   itemprop=\"text\" ><div class=\"content-fiche\">\n<p>L\u2019Agence VU\u2019 ne proc\u00e8de pas \u00e0 la location ou \u00e0 la vente de vos coordonn\u00e9es de contact (telles que votre adresse email) \u00e0 des tiers \u00e0 des fins commerciales. Les donn\u00e9es collect\u00e9es sur le site Internet de l\u2019Agence VU\u2019 sont exclusivement r\u00e9serv\u00e9es \u00e0 l&#8217;usage de l\u2019Agence VU\u2019, et ne font l&#8217;objet d&#8217;aucune cession \u00e0 des tiers.<\/p>\n<\/div>\n<\/div><\/section><br \/>\n<div  style='height:20px' class='hr hr-invisible   avia-builder-el-60  el_after_av_textblock  el_before_av_textblock '><span class='hr-inner ' ><span class='hr-inner-style'><\/span><\/span><\/div><br \/>\n<section class=\"av_textblock_section \"  id=\"mentionslegales\"  itemscope=\"itemscope\" itemtype=\"https:\/\/schema.org\/CreativeWork\" ><div class='avia_textblock  '  style='font-size:30px; '  itemprop=\"text\" ><p style=\"font-weight: 300; text-align: left; font-size: 20px;\">Votre information et vos droits<\/p>\n<\/div><\/section><br \/>\n<section class=\"av_textblock_section \"  itemscope=\"itemscope\" itemtype=\"https:\/\/schema.org\/CreativeWork\" ><div class='avia_textblock  '   itemprop=\"text\" ><div class=\"content-fiche\">\n<p>Cette politique de confidentialit\u00e9 a pour objectif de fournir l\u2019information n\u00e9cessaire et pr\u00e9alable aux personnes qui pourraient transmettre \u00e0 l\u2019Agence VU\u2019 des donn\u00e9es \u00e0 caract\u00e8re personnel.<\/p>\n<p>En acc\u00e9dant au Site et aux diff\u00e9rentes rubriques et formulaires, vous pourrez autoriser l\u2019Agence VU\u2019 \u00e0 collecter et traiter vos donn\u00e9es personnelles selon vos souhaits. Votre consentement sera ainsi enregistr\u00e9 et conserv\u00e9 jusqu\u2019\u00e0 la suppression de vos donn\u00e9es.<\/p>\n<p>Si vous ne souhaitez pas nous transmettre vos donn\u00e9es, nous ne pourrons pas r\u00e9pondre favorablement \u00e0 vos demandes pour lesquelles ces donn\u00e9es sont n\u00e9cessaires.<\/p>\n<p>Conform\u00e9ment au RGPD et \u00e0 la loi Informatique et Libert\u00e9s, vous avez la possibilit\u00e9 de vous opposer au traitement de vos donn\u00e9es personnelles, de nous demander de limiter le traitement de vos donn\u00e9es personnelles, de solliciter la suppression, la rectification, le retrait de votre consentement, ou de solliciter la portabilit\u00e9 de vos donn\u00e9es personnelles (recevoir les donn\u00e9es personnelles vous concernant en notre possession).<\/p>\n<p>Pour exercer ces droits, vous pouvez utiliser le formulaire de contact pr\u00e9sent sur le site ou \u00e9crire par email \u00e0 l\u2019adresse suivante : <a href=\"mailto:contact@studiobase2.com\"> contact@studiobase2.com<\/a>.<\/p>\n<p>Le retrait de votre consentement n&#8217;affectera pas la l\u00e9galit\u00e9 de tout traitement effectu\u00e9 par l\u2019Agence VU\u2019 avant votre retrait, ni le traitement de vos donn\u00e9es personnelles effectu\u00e9 en vertu d\u2019une base l\u00e9gale autre que le consentement que vous nous auriez donn\u00e9.<\/p>\n<p>Afin de valider la l\u00e9gitimit\u00e9 de votre demande, une photocopie d&#8217;un titre d&#8217;identit\u00e9 valide portant votre signature pourra vous \u00eatre demand\u00e9e.<\/p>\n<\/div>\n<\/div><\/section><br \/>\n<div  style='height:20px' class='hr hr-invisible   avia-builder-el-63  el_after_av_textblock  el_before_av_textblock '><span class='hr-inner ' ><span class='hr-inner-style'><\/span><\/span><\/div><br \/>\n<section class=\"av_textblock_section \"  id=\"mentionslegales\"  itemscope=\"itemscope\" itemtype=\"https:\/\/schema.org\/CreativeWork\" ><div class='avia_textblock  '  style='font-size:30px; '  itemprop=\"text\" ><p style=\"font-weight: 300; text-align: left; font-size: 20px;\">Les cookies<\/p>\n<\/div><\/section><br \/>\n<section class=\"av_textblock_section \"  itemscope=\"itemscope\" itemtype=\"https:\/\/schema.org\/CreativeWork\" ><div class='avia_textblock  '   itemprop=\"text\" ><div class=\"content-fiche\">\n<p>La pr\u00e9sente politique s&#8217;applique aux cookies qui sont d\u00e9pos\u00e9s \u00e0 l&#8217;occasion de la visite du Site.<\/p>\n<p>Un cookie est un petit fichier informatique, un traceur, d\u00e9pos\u00e9 et lu par exemple lors de la consultation d&#8217;un site internet, de la lecture d&#8217;un courrier \u00e9lectronique, de l&#8217;installation ou de l&#8217;utilisation d&#8217;un logiciel ou d&#8217;une application mobile et ce, quel que soit le type de terminal utilis\u00e9 (ordinateur, smartphone, liseuse num\u00e9rique, console de jeux vid\u00e9o connect\u00e9e \u00e0 Internet, etc.).<\/p>\n<p>A ce jour, les cookies utilis\u00e9s sur le Site sont des Cookies d&#8217;analyse et de mesure d&#8217;audience d\u00e9pos\u00e9s par Google Analytics, un service d&#8217;analyse de site internet fourni par Google Inc. (\u00ab Google \u00bb). Google Analytics utilise des cookies, qui sont des fichiers texte plac\u00e9s sur l\u2019ordinateur de l\u2019utilisateur, pour aider l\u2019Agence VU \u00e0 analyser l&#8217;utilisation du Site par ses utilisateurs.<\/p>\n<p>Les donn\u00e9es g\u00e9n\u00e9r\u00e9es par les cookies concernant l\u2019utilisation du Site par l\u2019utilisateur (y compris son adresse IP) sont transmises et stock\u00e9es par Google sur des serveurs situ\u00e9s aux \u00c9tats-Unis. Google utilisera cette information dans le but d&#8217;\u00e9valuer l\u2019utilisation du Site par l\u2019utilisateur, de compiler des rapports sur l&#8217;activit\u00e9 du Site \u00e0 destination de l\u2019Agence VU\u2019 et de fournir d&#8217;autres services relatifs \u00e0 l&#8217;activit\u00e9 du Site et \u00e0 l&#8217;utilisation d&#8217;Internet. Google est susceptible de communiquer ces donn\u00e9es \u00e0 des tiers en cas d&#8217;obligation l\u00e9gale ou lorsque ces tiers traitent ces donn\u00e9es pour le compte de Google, y compris notamment l&#8217;\u00e9diteur du Site. Google ne recoupera pas votre adresse IP avec toute autre donn\u00e9e d\u00e9tenue par Google.<\/p>\n<p>Ces cookies sont install\u00e9s si l\u2019utilisateur en donne son accord lors de l\u2019apparition du bandeau cookie ou \u00e0 tout moment, lorsqu\u2019il souhaite revenir au module de consentement des cookies. Ils sont conserv\u00e9s par l\u2019Agence VU\u2019 pour une dur\u00e9e de 13 mois.<\/p>\n<\/div>\n<\/div><\/section><br \/>\n<div  style='height:20px' class='hr hr-invisible   avia-builder-el-66  el_after_av_textblock  el_before_av_textblock '><span class='hr-inner ' ><span class='hr-inner-style'><\/span><\/span><\/div><br \/>\n<section class=\"av_textblock_section \"  id=\"mentionslegales\"  itemscope=\"itemscope\" itemtype=\"https:\/\/schema.org\/CreativeWork\" ><div class='avia_textblock  '  style='font-size:30px; '  itemprop=\"text\" ><p style=\"font-weight: 300; text-align: left; font-size: 20px;\">Acteurs de la protection des donn\u00e9es \u00e0 l&#8217;Agence VU&#8217;<\/p>\n<\/div><\/section><br \/>\n<section class=\"av_textblock_section \"  itemscope=\"itemscope\" itemtype=\"https:\/\/schema.org\/CreativeWork\" ><div class='avia_textblock  '   itemprop=\"text\" ><div class=\"content-fiche\">L\u2019Agence VU\u2019 est <strong>Responsable de traitement<\/strong> : Il d\u00e9termine les finalit\u00e9s et les moyens du traitement. Pour les traitements r\u00e9alis\u00e9s via le Site, il s&#8217;agit de l\u2019Agence VU\u2019, domicili\u00e9e au 60 avenue de Saxe, 75015, Paris, repr\u00e9sent\u00e9e par son g\u00e9rant.<\/div>\n<div class=\"content-fiche\">&nbsp;<\/div>\n<div class=\"content-fiche\"><strong>Le Sous-traitant dans le traitement des donn\u00e9es \u00e0 caract\u00e8re personnel<\/strong> : l\u2019Agence VU\u2019 a recours \u00e0 des soci\u00e9t\u00e9s externes pour g\u00e9rer l\u2019exploitation du Site. Ces soci\u00e9t\u00e9s traitent des donn\u00e9es personnelles pour le compte de l\u2019Agence VU\u2019, responsable de traitement. Elles agissent sur instruction de l\u2019Agence VU et sont sous contrat avec l\u2019Agence VU\u2019, contrat contenant imp\u00e9rativement les exigences reprises dans la pr\u00e9sente politique et les textes en vigueur que l\u2019Agence VU\u2019 s\u2019impose en mati\u00e8re de protection des donn\u00e9es personnelles.<\/div>\n<div class=\"content-fiche\">&nbsp;<\/div>\n<div class=\"content-fiche\"><strong>Les destinataires des donn\u00e9es<\/strong> : Ils sont habilit\u00e9s \u00e0 recevoir la communication des donn\u00e9es que nous collectons ou vous nous transmettez selon la nature de la donn\u00e9e. Il s\u2019agit des personnes identifi\u00e9es au sein de notre organisation, en charge des diff\u00e9rents services concern\u00e9s par votre demande.<\/div>\n<\/div><\/section><br \/>\n<div  style='height:20px' class='hr hr-invisible   avia-builder-el-69  el_after_av_textblock  el_before_av_textblock '><span class='hr-inner ' ><span class='hr-inner-style'><\/span><\/span><\/div><br \/>\n<section class=\"av_textblock_section \"  id=\"mentionslegales\"  itemscope=\"itemscope\" itemtype=\"https:\/\/schema.org\/CreativeWork\" ><div class='avia_textblock  '  style='font-size:30px; '  itemprop=\"text\" ><p style=\"font-weight: 300; text-align: left; font-size: 20px;\">Modification apport\u00e9e \u00e0 la pr\u00e9sente politique<\/p>\n<\/div><\/section><br \/>\n<section class=\"av_textblock_section \"  itemscope=\"itemscope\" itemtype=\"https:\/\/schema.org\/CreativeWork\" ><div class='avia_textblock  '   itemprop=\"text\" ><div class=\"content-fiche\">Nous pouvons modifier notre Politique de confidentialit\u00e9 \u00e0 tout moment. La date indiqu\u00e9e au d\u00e9but de cette Politique indique la date de sa derni\u00e8re mise \u00e0 jour et d\u2019entr\u00e9e en vigueur. Toute modification entrera en vigueur lorsque nous publions la Politique mise \u00e0 jour sur le Site Internet. Vous convenez que la poursuite de votre utilisation du Site Internet apr\u00e8s notre publication d&#8217;une modification vaut acceptation de votre part de la version la plus r\u00e9cente de notre Politique.<\/div>\n<\/div><\/section><br \/>\n<div  style='height:20px' class='hr hr-invisible   avia-builder-el-72  el_after_av_textblock  el_before_av_textblock '><span class='hr-inner ' ><span class='hr-inner-style'><\/span><\/span><\/div><br \/>\n<section class=\"av_textblock_section \"  id=\"mentionslegales\"  itemscope=\"itemscope\" itemtype=\"https:\/\/schema.org\/CreativeWork\" ><div class='avia_textblock  '  style='font-size:30px; '  itemprop=\"text\" ><p style=\"font-weight: 300; text-align: left; font-size: 20px;\">Questions concernant le Site Internet ou notre Politique<\/p>\n<\/div><\/section><br \/>\n<section class=\"av_textblock_section \"  itemscope=\"itemscope\" itemtype=\"https:\/\/schema.org\/CreativeWork\" ><div class='avia_textblock  '   itemprop=\"text\" ><div class=\"content-fiche\">\n<p>Si vous avez des questions ou des pr\u00e9occupations au sujet de notre Politique de confidentialit\u00e9, de la mani\u00e8re dont nous traitons vos informations personnelles, ou si vous souhaitez que nous rectifiions vos informations personnelles, veuillez nous contacter \u00e0 l&#8217;adresse e-mail suivante : <a href=\"mailto:contact@studiobase2.com\"> contact@studiobase2.com<\/a>.<\/p>\n<\/div>\n<\/div><\/section><br \/>\n<div  style='height:20px' class='hr hr-invisible   avia-builder-el-75  el_after_av_textblock  avia-builder-el-last '><span class='hr-inner ' ><span class='hr-inner-style'><\/span><\/span><\/div><\/p><\/div>\n","protected":false},"excerpt":{"rendered":"","protected":false},"author":4,"featured_media":0,"parent":0,"menu_order":0,"comment_status":"closed","ping_status":"closed","template":"","meta":{"ngg_post_thumbnail":0,"inline_featured_image":false},"yoast_head":"<!-- This site is optimized with the Yoast SEO plugin v16.3 - https:\/\/yoast.com\/wordpress\/plugins\/seo\/ -->\n<title>Mentions l\u00e9gales - Agence VU&#039;<\/title>\n<meta name=\"robots\" content=\"index, follow, max-snippet:-1, max-image-preview:large, max-video-preview:-1\" \/>\n<link rel=\"canonical\" href=\"\/\" \/>\n<meta property=\"og:locale\" content=\"en_US\" \/>\n<meta property=\"og:type\" content=\"article\" \/>\n<meta property=\"og:title\" content=\"Mentions l\u00e9gales - Agence VU&#039;\" \/>\n<meta property=\"og:site_name\" content=\"Agence VU&#039;\" \/>\n<meta property=\"article:publisher\" content=\"https:\/\/www.facebook.com\/VUagence\" \/>\n<meta property=\"article:modified_time\" content=\"2025-12-19T10:16:08+00:00\" \/>\n<meta name=\"twitter:card\" content=\"summary_large_image\" \/>\n<meta name=\"twitter:site\" content=\"@agence_vu\" \/>\n<script type=\"application\/ld+json\" class=\"yoast-schema-graph\">{\"@context\":\"https:\/\/schema.org\",\"@graph\":[{\"@type\":\"WebSite\",\"@id\":\"https:\/\/agencevu.com\/en\/#website\",\"url\":\"https:\/\/agencevu.com\/en\/\",\"name\":\"Agence VU&#039;\",\"description\":\"Agency of photographers founded in 1986\",\"potentialAction\":[{\"@type\":\"SearchAction\",\"target\":\"https:\/\/agencevu.com\/en\/?s={search_term_string}\",\"query-input\":\"required name=search_term_string\"}],\"inLanguage\":\"en-US\"},{\"@type\":\"WebPage\",\"@id\":\"#webpage\",\"url\":null,\"name\":\"Mentions l\\u00e9gales - Agence VU&#039;\",\"isPartOf\":{\"@id\":\"https:\/\/agencevu.com\/en\/#website\"},\"datePublished\":\"2025-06-04T09:13:47+00:00\",\"dateModified\":\"2025-12-19T10:16:08+00:00\",\"breadcrumb\":{\"@id\":\"#breadcrumb\"},\"inLanguage\":\"en-US\",\"potentialAction\":[{\"@type\":\"ReadAction\",\"target\":[null]}]},{\"@type\":\"BreadcrumbList\",\"@id\":\"#breadcrumb\",\"itemListElement\":[{\"@type\":\"ListItem\",\"position\":1,\"item\":{\"@type\":\"WebPage\",\"@id\":\"https:\/\/agencevu.com\/en\/home\/\",\"url\":\"https:\/\/agencevu.com\/en\/home\/\",\"name\":\"Home\"}},{\"@type\":\"ListItem\",\"position\":2,\"item\":{\"@id\":\"#webpage\"}}]}]}<\/script>\n<!-- \/ Yoast SEO plugin. -->","_links":{"self":[{"href":"https:\/\/agencevu.com\/en\/wp-json\/wp\/v2\/pages\/193672"}],"collection":[{"href":"https:\/\/agencevu.com\/en\/wp-json\/wp\/v2\/pages"}],"about":[{"href":"https:\/\/agencevu.com\/en\/wp-json\/wp\/v2\/types\/page"}],"author":[{"embeddable":true,"href":"https:\/\/agencevu.com\/en\/wp-json\/wp\/v2\/users\/4"}],"replies":[{"embeddable":true,"href":"https:\/\/agencevu.com\/en\/wp-json\/wp\/v2\/comments?post=193672"}],"version-history":[{"count":3,"href":"https:\/\/agencevu.com\/en\/wp-json\/wp\/v2\/pages\/193672\/revisions"}],"predecessor-version":[{"id":226030,"href":"https:\/\/agencevu.com\/en\/wp-json\/wp\/v2\/pages\/193672\/revisions\/226030"}],"wp:attachment":[{"href":"https:\/\/agencevu.com\/en\/wp-json\/wp\/v2\/media?parent=193672"}],"curies":[{"name":"wp","href":"https:\/\/api.w.org\/{rel}","templated":true}]}}