{"id":36151,"date":"2019-04-06T15:29:00","date_gmt":"2019-04-06T13:29:00","guid":{"rendered":"https:\/\/lesaint.abvent.com\/?post_type=livre&#038;p=36151"},"modified":"2021-04-27T10:40:55","modified_gmt":"2021-04-27T08:40:55","slug":"rencontres-avec-stephane-duroy","status":"publish","type":"livre","link":"https:\/\/agencevu.com\/en\/book\/rencontres-avec-stephane-duroy\/","title":{"rendered":"Rencontres avec St\u00e9phane Duroy"},"content":{"rendered":"<div id='av_section_1'  class='avia-section main_color avia-section-small avia-no-border-styling  avia-bg-style-scroll  avia-builder-el-0  el_before_av_section  avia-builder-el-first   container_wrap fullsize' style='background-color: #f1f1f1;  '  ><div class='container' ><main  role=\"main\" itemprop=\"mainContentOfPage\"  class='template-page content  av-content-full alpha units'><div class='post-entry post-entry-type-page post-entry-36151'><div class='entry-content-wrapper clearfix'>\n<div class=\"flex_column av_one_full  flex_column_div av-zero-column-padding first  avia-builder-el-1  avia-builder-el-no-sibling  \" style='border-radius:0px; '><section class=\"av_textblock_section \"  itemscope=\"itemscope\" itemtype=\"https:\/\/schema.org\/CreativeWork\" ><div class='avia_textblock  '   itemprop=\"text\" ><p class=\"titre-page\"><a style=\"text-decoration: none; color: #707070;\" href=\"\/en\/books\/\">Books<\/a><\/p>\n<hr class=\"hr-titre-page\">\n<\/div><\/section><\/div><\/div><\/div><\/main><!-- close content main element --><\/div><\/div><div id='av_section_2'  class='avia-section main_color avia-section-default avia-no-border-styling  avia-bg-style-scroll  avia-builder-el-3  el_after_av_section  avia-builder-el-last   container_wrap fullsize' style=' '  ><div class='container' ><div class='template-page content  av-content-full alpha units'><div class='post-entry post-entry-type-page post-entry-36151'><div class='entry-content-wrapper clearfix'>\n<div class=\"flex_column av_one_half  flex_column_div av-zero-column-padding first  avia-builder-el-4  el_before_av_one_half  avia-builder-el-first  \" style='border-radius:0px; '><div  class='avia-image-container  av-styling-no-styling    avia-builder-el-5  avia-builder-el-no-sibling  avia-align-center '  itemprop=\"image\" itemscope=\"itemscope\" itemtype=\"https:\/\/schema.org\/ImageObject\"  ><div class='avia-image-container-inner'><div class='avia-image-overlay-wrap'><img class='wp-image-36087 avia-img-lazy-loading-not-36087 avia_image' src=\"https:\/\/agencevu.com\/wp-content\/uploads\/2019\/11\/2019-Rencontres-avec-Ste\u0301phane-Duroy-DURO-couv.jpg\" alt='' title='2019-Rencontres avec Ste\u0301phane Duroy-DURO-couv' height=\"450\" width=\"310\"  itemprop=\"thumbnailUrl\" srcset=\"https:\/\/agencevu.com\/wp-content\/uploads\/2019\/11\/2019-Rencontres-avec-Ste\u0301phane-Duroy-DURO-couv.jpg 310w, https:\/\/agencevu.com\/wp-content\/uploads\/2019\/11\/2019-Rencontres-avec-Ste\u0301phane-Duroy-DURO-couv-55x80.jpg 55w, https:\/\/agencevu.com\/wp-content\/uploads\/2019\/11\/2019-Rencontres-avec-Ste\u0301phane-Duroy-DURO-couv-207x300.jpg 207w\" sizes=\"(max-width: 310px) 100vw, 310px\" \/><\/div><\/div><\/div><\/div><div class=\"flex_column av_one_half  flex_column_div av-zero-column-padding   avia-builder-el-6  el_after_av_one_half  el_before_av_one_half  \" style='border-radius:0px; '><section class=\"av_textblock_section \"  itemscope=\"itemscope\" itemtype=\"https:\/\/schema.org\/CreativeWork\" ><div class='avia_textblock  '   itemprop=\"text\" ><p style=\"color: #76a38b; font-size: 25px; font-weight: 600; text-align: left;\"><a style=\"text-decoration: none;\" href=\"\/en\/photographer\/Stephane-Duroy\/\">St\u00e9phane Duroy<\/a><\/p>\n<p style=\"font-weight: 300; text-align: left; font-size: 20px;\"><em> Rencontres avec St\u00e9phane Duroy <\/em><\/p>\n<\/div><\/section><br \/>\n<div  style='height:20px' class='hr hr-invisible   avia-builder-el-8  el_after_av_textblock  el_before_av_textblock '><span class='hr-inner ' ><span class='hr-inner-style'><\/span><\/span><\/div><br \/>\n<section class=\"av_textblock_section \"  itemscope=\"itemscope\" itemtype=\"https:\/\/schema.org\/CreativeWork\" ><div class='avia_textblock textJustify '   itemprop=\"text\" ><p>Un entretien-manifeste par le photographe de L\u2019Europe du silence<\/p>\n<p>Trois projets photographiques principaux \u2013 le Royaume-Uni, Berlin-les pays de l\u2019Est, les \u00c9tats-Unis \u2013 et des recherches autour de l\u2019id\u00e9e et de la mati\u00e8re, ainsi se r\u00e9sume le parcours de St\u00e9phane Duroy. Artiste \u00e0 la parole rare, il se raconte dans une conversation chronologique embrassant l\u2019ensemble de son itin\u00e9raire\u2009: son enfance, ses influences, son rapport \u00e0 l\u2019Histoire et au monde d\u2019aujourd\u2019hui, sa pr\u00e9f\u00e9rence pour les livres par rapport aux expositions, sa relation \u00e0 la photographie avec laquelle il prend ses distances depuis une dizaine d\u2019ann\u00e9es\u2026 Fruit d\u2019une quarantaine de conversations r\u00e9alis\u00e9es sur trois ans, cet ouvrage synth\u00e9tise cinquante ans d\u2019une pratique atypique.<\/p>\n<\/div><\/section><br \/>\n<div  style='height:20px' class='hr hr-invisible   avia-builder-el-10  el_after_av_textblock  el_before_av_textblock '><span class='hr-inner ' ><span class='hr-inner-style'><\/span><\/span><\/div><br \/>\n<section class=\"av_textblock_section \"  itemscope=\"itemscope\" itemtype=\"https:\/\/schema.org\/CreativeWork\" ><div class='avia_textblock  '   itemprop=\"text\" ><p><strong>Text by :<\/strong> Sophie Bernard<br \/>\n<strong>Publisher :<\/strong> Filigranes \u00c9ditions<br \/>\n<strong>Release Date :<\/strong> 04\/2019<br \/>\n<strong> ISBN :<\/strong> 978-2-35046-444-2<br \/>\n<strong> Book Size :<\/strong> 16,5 x 24 cm<br \/>\n<strong> Language :<\/strong> French<br \/>\n128 pages<br \/>\n40 photographs<\/p>\n<\/div><\/section><br \/>\n<div  style='height:10px' class='hr hr-invisible   avia-builder-el-12  el_after_av_textblock  el_before_av_button '><span class='hr-inner ' ><span class='hr-inner-style'><\/span><\/span><\/div><br \/>\n<div  class='avia-button-wrap avia-button-left  avia-builder-el-13  el_after_av_hr  avia-builder-el-last ' ><a href='https:\/\/laboutiquevu.com\/fr\/home\/768-rencontres-avec-st%C3%A9phane-duroy.html?search_query=duroy&amp;results=9' class='avia-button  avia-color-theme-color-highlight   avia-icon_select-no avia-size-small avia-position-left ' target=\"_blank\" rel=\"noopener noreferrer\"><span class='avia_iconbox_title' >Buy this book<\/span><\/a><\/div><\/p><\/div><div class=\"flex_column av_one_half  flex_column_div av-zero-column-padding first  avia-builder-el-14  el_after_av_one_half  el_before_av_one_half  column-top-margin\" style='border-radius:0px; '><div  class='avia-image-container  av-styling-no-styling    avia-builder-el-15  avia-builder-el-no-sibling  avia-align-center '  itemprop=\"image\" itemscope=\"itemscope\" itemtype=\"https:\/\/schema.org\/ImageObject\"  ><div class='avia-image-container-inner'><div class='avia-image-overlay-wrap'><img class='wp-image-36091 avia-img-lazy-loading-not-36091 avia_image' src=\"https:\/\/agencevu.com\/wp-content\/uploads\/2019\/11\/2019-Rencontres-avec-Ste\u0301phane-Duroy-DURO-extrait-02.jpg\" alt='' title='Distress' height=\"1126\" width=\"1685\"  itemprop=\"thumbnailUrl\" srcset=\"https:\/\/agencevu.com\/wp-content\/uploads\/2019\/11\/2019-Rencontres-avec-Ste\u0301phane-Duroy-DURO-extrait-02.jpg 1685w, https:\/\/agencevu.com\/wp-content\/uploads\/2019\/11\/2019-Rencontres-avec-Ste\u0301phane-Duroy-DURO-extrait-02-80x53.jpg 80w, https:\/\/agencevu.com\/wp-content\/uploads\/2019\/11\/2019-Rencontres-avec-Ste\u0301phane-Duroy-DURO-extrait-02-300x200.jpg 300w, https:\/\/agencevu.com\/wp-content\/uploads\/2019\/11\/2019-Rencontres-avec-Ste\u0301phane-Duroy-DURO-extrait-02-768x513.jpg 768w, https:\/\/agencevu.com\/wp-content\/uploads\/2019\/11\/2019-Rencontres-avec-Ste\u0301phane-Duroy-DURO-extrait-02-1030x688.jpg 1030w, https:\/\/agencevu.com\/wp-content\/uploads\/2019\/11\/2019-Rencontres-avec-Ste\u0301phane-Duroy-DURO-extrait-02-1500x1002.jpg 1500w, https:\/\/agencevu.com\/wp-content\/uploads\/2019\/11\/2019-Rencontres-avec-Ste\u0301phane-Duroy-DURO-extrait-02-705x471.jpg 705w, https:\/\/agencevu.com\/wp-content\/uploads\/2019\/11\/2019-Rencontres-avec-Ste\u0301phane-Duroy-DURO-extrait-02-450x301.jpg 450w\" sizes=\"(max-width: 1685px) 100vw, 1685px\" \/><\/div><\/div><\/div><\/div><div class=\"flex_column av_one_half  flex_column_div av-zero-column-padding   avia-builder-el-16  el_after_av_one_half  avia-builder-el-last  column-top-margin\" style='border-radius:0px; '><div  class='avia-image-container  av-styling-no-styling    avia-builder-el-17  avia-builder-el-no-sibling  avia-align-center '  itemprop=\"image\" itemscope=\"itemscope\" itemtype=\"https:\/\/schema.org\/ImageObject\"  ><div class='avia-image-container-inner'><div class='avia-image-overlay-wrap'><img class='wp-image-36089 avia-img-lazy-loading-not-36089 avia_image' src=\"https:\/\/agencevu.com\/wp-content\/uploads\/2019\/11\/2019-Rencontres-avec-Ste\u0301phane-Duroy-DURO-extrait-01.jpg\" alt='' title='Youth in UK \/ La jeunesse en Angleterre' height=\"570\" width=\"850\"  itemprop=\"thumbnailUrl\" srcset=\"https:\/\/agencevu.com\/wp-content\/uploads\/2019\/11\/2019-Rencontres-avec-Ste\u0301phane-Duroy-DURO-extrait-01.jpg 850w, https:\/\/agencevu.com\/wp-content\/uploads\/2019\/11\/2019-Rencontres-avec-Ste\u0301phane-Duroy-DURO-extrait-01-80x54.jpg 80w, https:\/\/agencevu.com\/wp-content\/uploads\/2019\/11\/2019-Rencontres-avec-Ste\u0301phane-Duroy-DURO-extrait-01-300x201.jpg 300w, https:\/\/agencevu.com\/wp-content\/uploads\/2019\/11\/2019-Rencontres-avec-Ste\u0301phane-Duroy-DURO-extrait-01-768x515.jpg 768w, https:\/\/agencevu.com\/wp-content\/uploads\/2019\/11\/2019-Rencontres-avec-Ste\u0301phane-Duroy-DURO-extrait-01-705x473.jpg 705w, https:\/\/agencevu.com\/wp-content\/uploads\/2019\/11\/2019-Rencontres-avec-Ste\u0301phane-Duroy-DURO-extrait-01-450x302.jpg 450w\" sizes=\"(max-width: 850px) 100vw, 850px\" \/><\/div><\/div><\/div><\/div>\n<\/p>\n","protected":false},"excerpt":{"rendered":"<p>Filigranes \u00c9ditions &#8211; 2019<\/p>\n","protected":false},"featured_media":36093,"menu_order":0,"template":"","categories":[],"tags":[12014,5527],"annee":[11125],"photographe":[12015],"section_taxonomy":[5500],"yoast_head":"<!-- This site is optimized with the Yoast SEO plugin v16.3 - https:\/\/yoast.com\/wordpress\/plugins\/seo\/ -->\n<title>Rencontres avec St\u00e9phane Duroy - Agence VU&#039;<\/title>\n<meta name=\"robots\" content=\"index, follow, max-snippet:-1, max-image-preview:large, max-video-preview:-1\" \/>\n<link rel=\"canonical\" href=\"\/\" \/>\n<meta property=\"og:locale\" content=\"en_US\" \/>\n<meta property=\"og:type\" content=\"article\" \/>\n<meta property=\"og:title\" content=\"Rencontres avec St\u00e9phane Duroy - Agence VU&#039;\" \/>\n<meta property=\"og:description\" content=\"Filigranes \u00c9ditions - 2019\" \/>\n<meta property=\"og:site_name\" content=\"Agence VU&#039;\" \/>\n<meta property=\"article:publisher\" content=\"https:\/\/www.facebook.com\/VUagence\" \/>\n<meta property=\"article:modified_time\" content=\"2021-04-27T08:40:55+00:00\" \/>\n<meta property=\"og:image\" content=\"https:\/\/agencevu-dev.abvent.com\/wp-content\/uploads\/2019\/11\/2019-Rencontres-avec-Ste\u0301phane-Duroy-DURO-preview.jpg\" \/>\n\t<meta property=\"og:image:width\" content=\"127\" \/>\n\t<meta property=\"og:image:height\" content=\"185\" \/>\n<meta name=\"twitter:card\" content=\"summary_large_image\" \/>\n<meta name=\"twitter:site\" content=\"@agence_vu\" \/>\n<script type=\"application\/ld+json\" class=\"yoast-schema-graph\">{\"@context\":\"https:\/\/schema.org\",\"@graph\":[{\"@type\":\"WebSite\",\"@id\":\"https:\/\/agencevu.com\/en\/#website\",\"url\":\"https:\/\/agencevu.com\/en\/\",\"name\":\"Agence VU&#039;\",\"description\":\"Agency of photographers founded in 1986\",\"potentialAction\":[{\"@type\":\"SearchAction\",\"target\":\"https:\/\/agencevu.com\/en\/?s={search_term_string}\",\"query-input\":\"required name=search_term_string\"}],\"inLanguage\":\"en-US\"},{\"@type\":\"ImageObject\",\"@id\":\"#primaryimage\",\"inLanguage\":\"en-US\",\"url\":\"https:\/\/agencevu.com\/wp-content\/uploads\/2019\/11\/2019-Rencontres-avec-Ste\\u0301phane-Duroy-DURO-preview.jpg\",\"contentUrl\":\"https:\/\/agencevu.com\/wp-content\/uploads\/2019\/11\/2019-Rencontres-avec-Ste\\u0301phane-Duroy-DURO-preview.jpg\",\"width\":127,\"height\":185},{\"@type\":\"WebPage\",\"@id\":\"#webpage\",\"url\":null,\"name\":\"Rencontres avec St\\u00e9phane Duroy - Agence VU&#039;\",\"isPartOf\":{\"@id\":\"https:\/\/agencevu.com\/en\/#website\"},\"primaryImageOfPage\":{\"@id\":\"#primaryimage\"},\"datePublished\":\"2019-04-06T13:29:00+00:00\",\"dateModified\":\"2021-04-27T08:40:55+00:00\",\"breadcrumb\":{\"@id\":\"#breadcrumb\"},\"inLanguage\":\"en-US\",\"potentialAction\":[{\"@type\":\"ReadAction\",\"target\":[null]}]},{\"@type\":\"BreadcrumbList\",\"@id\":\"#breadcrumb\",\"itemListElement\":[{\"@type\":\"ListItem\",\"position\":1,\"item\":{\"@type\":\"WebPage\",\"@id\":\"https:\/\/agencevu.com\/en\/home\/\",\"url\":\"https:\/\/agencevu.com\/en\/home\/\",\"name\":\"Home\"}},{\"@type\":\"ListItem\",\"position\":2,\"item\":{\"@type\":\"WebPage\",\"@id\":\"https:\/\/agencevu.com\/en\/book\/\",\"url\":\"https:\/\/agencevu.com\/en\/book\/\",\"name\":\"Livres\"}},{\"@type\":\"ListItem\",\"position\":3,\"item\":{\"@id\":\"#webpage\"}}]}]}<\/script>\n<!-- \/ Yoast SEO plugin. -->","_links":{"self":[{"href":"https:\/\/agencevu.com\/en\/wp-json\/wp\/v2\/livre\/36151"}],"collection":[{"href":"https:\/\/agencevu.com\/en\/wp-json\/wp\/v2\/livre"}],"about":[{"href":"https:\/\/agencevu.com\/en\/wp-json\/wp\/v2\/types\/livre"}],"version-history":[{"count":3,"href":"https:\/\/agencevu.com\/en\/wp-json\/wp\/v2\/livre\/36151\/revisions"}],"predecessor-version":[{"id":149033,"href":"https:\/\/agencevu.com\/en\/wp-json\/wp\/v2\/livre\/36151\/revisions\/149033"}],"wp:featuredmedia":[{"embeddable":true,"href":"https:\/\/agencevu.com\/en\/wp-json\/wp\/v2\/media\/36093"}],"wp:attachment":[{"href":"https:\/\/agencevu.com\/en\/wp-json\/wp\/v2\/media?parent=36151"}],"wp:term":[{"taxonomy":"category","embeddable":true,"href":"https:\/\/agencevu.com\/en\/wp-json\/wp\/v2\/categories?post=36151"},{"taxonomy":"post_tag","embeddable":true,"href":"https:\/\/agencevu.com\/en\/wp-json\/wp\/v2\/tags?post=36151"},{"taxonomy":"annee","embeddable":true,"href":"https:\/\/agencevu.com\/en\/wp-json\/wp\/v2\/annee?post=36151"},{"taxonomy":"photographe","embeddable":true,"href":"https:\/\/agencevu.com\/en\/wp-json\/wp\/v2\/photographe?post=36151"},{"taxonomy":"section_taxonomy","embeddable":true,"href":"https:\/\/agencevu.com\/en\/wp-json\/wp\/v2\/section_taxonomy?post=36151"}],"curies":[{"name":"wp","href":"https:\/\/api.w.org\/{rel}","templated":true}]}}