{"id":36113,"date":"2001-04-06T15:29:31","date_gmt":"2001-04-06T13:29:31","guid":{"rendered":"https:\/\/lesaint.abvent.com\/?post_type=livre&#038;p=36113"},"modified":"2021-04-23T17:13:20","modified_gmt":"2021-04-23T15:13:20","slug":"leurope-du-silence","status":"publish","type":"livre","link":"https:\/\/agencevu.com\/en\/book\/leurope-du-silence\/","title":{"rendered":"L\u2019Europe du silence"},"content":{"rendered":"<div id='av_section_1'  class='avia-section main_color avia-section-small avia-no-border-styling  avia-bg-style-scroll  avia-builder-el-0  el_before_av_section  avia-builder-el-first   container_wrap fullsize' style='background-color: #f1f1f1;  '  ><div class='container' ><main  role=\"main\" itemprop=\"mainContentOfPage\"  class='template-page content  av-content-full alpha units'><div class='post-entry post-entry-type-page post-entry-36113'><div class='entry-content-wrapper clearfix'>\n<section class=\"av_textblock_section \"  itemscope=\"itemscope\" itemtype=\"https:\/\/schema.org\/CreativeWork\" ><div class='avia_textblock  '   itemprop=\"text\" ><p class=\"titre-page\"><a style=\"text-decoration: none; color: #707070;\" href=\"\/en\/books\/\">Books<\/a><\/p>\n<hr class=\"hr-titre-page\">\n<\/div><\/section>\n<br \/>\n<\/div><\/div><\/main><!-- close content main element --><\/div><\/div><div id='av_section_2'  class='avia-section main_color avia-section-default avia-no-border-styling  avia-bg-style-scroll  avia-builder-el-2  el_after_av_section  el_before_av_section   container_wrap fullsize' style=' '  ><div class='container' ><div class='template-page content  av-content-full alpha units'><div class='post-entry post-entry-type-page post-entry-36113'><div class='entry-content-wrapper clearfix'>\n<div class=\"flex_column av_one_half  flex_column_div av-zero-column-padding first  avia-builder-el-3  el_before_av_one_half  avia-builder-el-first  \" style='border-radius:0px; '><div  class='avia-image-container  av-styling-no-styling    avia-builder-el-4  avia-builder-el-no-sibling  avia-align-center '  itemprop=\"image\" itemscope=\"itemscope\" itemtype=\"https:\/\/schema.org\/ImageObject\"  ><div class='avia-image-container-inner'><div class='avia-image-overlay-wrap'><img class='wp-image-35991 avia-img-lazy-loading-not-35991 avia_image' src=\"https:\/\/agencevu.com\/wp-content\/uploads\/2019\/11\/LEUROPE-EN-SILENCE_DURO-couv.jpg\" alt='' title='L&#039;EUROPE EN SILENCE_DURO-couv' height=\"1000\" width=\"727\"  itemprop=\"thumbnailUrl\" srcset=\"https:\/\/agencevu.com\/wp-content\/uploads\/2019\/11\/LEUROPE-EN-SILENCE_DURO-couv.jpg 727w, https:\/\/agencevu.com\/wp-content\/uploads\/2019\/11\/LEUROPE-EN-SILENCE_DURO-couv-58x80.jpg 58w, https:\/\/agencevu.com\/wp-content\/uploads\/2019\/11\/LEUROPE-EN-SILENCE_DURO-couv-218x300.jpg 218w, https:\/\/agencevu.com\/wp-content\/uploads\/2019\/11\/LEUROPE-EN-SILENCE_DURO-couv-513x705.jpg 513w, https:\/\/agencevu.com\/wp-content\/uploads\/2019\/11\/LEUROPE-EN-SILENCE_DURO-couv-450x619.jpg 450w\" sizes=\"(max-width: 727px) 100vw, 727px\" \/><\/div><\/div><\/div><\/div><div class=\"flex_column av_one_half  flex_column_div av-zero-column-padding   avia-builder-el-5  el_after_av_one_half  avia-builder-el-last  \" style='border-radius:0px; '><section class=\"av_textblock_section \"  itemscope=\"itemscope\" itemtype=\"https:\/\/schema.org\/CreativeWork\" ><div class='avia_textblock  '   itemprop=\"text\" ><p style=\"color: #76a38b; font-size: 25px; font-weight: 600; text-align: left;\"><a style=\"text-decoration: none;\" href=\"\/en\/photographer\/Stephane-Duroy\/\">St\u00e9phane Duroy<\/a><\/p>\n<p style=\"font-weight: 300; text-align: left; font-size: 20px;\"><em>L\u2019Europe du silence<\/em><\/p>\n<\/div><\/section><br \/>\n<div  style='height:20px' class='hr hr-invisible   avia-builder-el-7  el_after_av_textblock  el_before_av_textblock '><span class='hr-inner ' ><span class='hr-inner-style'><\/span><\/span><\/div><br \/>\n<section class=\"av_textblock_section \"  itemscope=\"itemscope\" itemtype=\"https:\/\/schema.org\/CreativeWork\" ><div class='avia_textblock textJustify '   itemprop=\"text\" ><p>Il y eu tout d&#8217;abord la p\u00e9riode berlinoise 1979-1989. Cette ville m&#8217;int\u00e9ressa comme symbole culturel (l&#8217;esprit de Weimar, le Bauhaus, l&#8217;expressionnisme) aussi bien que politique : l&#8217;humiliante d\u00e9faite de 1918, la r\u00e9volution spartakiste \u00e9cras\u00e9e, l&#8217;arriv\u00e9e au pouvoir des nazis, et surtout la d\u00e9cision de la Solution finale (Conf\u00e9rence du Wannsee 1942). Puis les temps chang\u00e8rent, un mur fut \u00e9rig\u00e9 de 1961 \u00e0 1989 pour symboliser la guerre froide.<\/p>\n<p>Apr\u00e8s ces dix ann\u00e9e j&#8217;\u00e9tais tr\u00e8s curieux de d\u00e9couvrir le visage oriental de l&#8217;Allemagne, de voir comment la r\u00e9publique de Weimar pouvait cohabiter avec Buchenwald, de traverser cette ruralit\u00e9 presque inchang\u00e9e depuis 1933. En 1992, apr\u00e8s une ann\u00e9e de photographie, le territoire polonais m&#8217;apparut, comme la RDA, tr\u00e8s en retard dans son d\u00e9veloppement \u00e9conomique, technologique, urbain, rural&#8230; Ce paysage d&#8217;un autre temps facilita beaucoup la poursuite de mon travail sur la m\u00e9moire, dont je retenais Auschwitz-Birkenau comme le point essentiel.<\/p>\n<\/div><\/section><br \/>\n<div  style='height:20px' class='hr hr-invisible   avia-builder-el-9  el_after_av_textblock  el_before_av_textblock '><span class='hr-inner ' ><span class='hr-inner-style'><\/span><\/span><\/div><br \/>\n<section class=\"av_textblock_section \"  itemscope=\"itemscope\" itemtype=\"https:\/\/schema.org\/CreativeWork\" ><div class='avia_textblock  '   itemprop=\"text\" ><p><strong>Publisher :<\/strong> Filigranes \u00c9ditions<br \/>\n<strong>Release Date :<\/strong> 04\/2001<br \/>\n<strong> ISBN :<\/strong> 2910682870<br \/>\n<strong> Book Size :<\/strong> 23 x 31 cm<br \/>\n<strong> Language :<\/strong> French<br \/>\n48 pages<br \/>\n21 photographs<\/p>\n<\/div><\/section><br \/>\n<div  style='height:10px' class='hr hr-invisible   avia-builder-el-11  el_after_av_textblock  el_before_av_button '><span class='hr-inner ' ><span class='hr-inner-style'><\/span><\/span><\/div><br \/>\n<div  class='avia-button-wrap avia-button-left  avia-builder-el-12  el_after_av_hr  avia-builder-el-last ' ><a href='https:\/\/laboutiquevu.com\/fr\/home\/769-l-europe-du-silence.html?search_query=L%27Europe+du+silence&amp;results=38' class='avia-button  avia-color-theme-color-highlight   avia-icon_select-no avia-size-small avia-position-left ' target=\"_blank\" rel=\"noopener noreferrer\"><span class='avia_iconbox_title' >Buy this book<\/span><\/a><\/div><\/p><\/div><\/div><\/div><\/div><!-- close content main div --><\/div><\/div><div id='av_section_3'  class='avia-section main_color avia-section-default avia-no-border-styling  avia-bg-style-scroll  avia-builder-el-13  el_after_av_section  avia-builder-el-last   container_wrap fullsize' style=' '  ><div class='container' ><div class='template-page content  av-content-full alpha units'><div class='post-entry post-entry-type-page post-entry-36113'><div class='entry-content-wrapper clearfix'>\n<div class=\"flex_column av_one_half  flex_column_div av-zero-column-padding first  avia-builder-el-14  el_before_av_one_half  avia-builder-el-first  \" style='border-radius:0px; '><div  class='avia-image-container  av-styling-no-styling    avia-builder-el-15  avia-builder-el-no-sibling  avia-align-center '  itemprop=\"image\" itemscope=\"itemscope\" itemtype=\"https:\/\/schema.org\/ImageObject\"  ><div class='avia-image-container-inner'><div class='avia-image-overlay-wrap'><img class='wp-image-35999 avia-img-lazy-loading-not-35999 avia_image' src=\"https:\/\/agencevu.com\/wp-content\/uploads\/2019\/11\/LEUROPE-EN-SILENCE_DURO-extrait-04.jpg\" alt='' title='Silent Europe \/ l&#039;Europe du silence' height=\"780\" width=\"1200\"  itemprop=\"thumbnailUrl\" srcset=\"https:\/\/agencevu.com\/wp-content\/uploads\/2019\/11\/LEUROPE-EN-SILENCE_DURO-extrait-04.jpg 1200w, https:\/\/agencevu.com\/wp-content\/uploads\/2019\/11\/LEUROPE-EN-SILENCE_DURO-extrait-04-80x52.jpg 80w, https:\/\/agencevu.com\/wp-content\/uploads\/2019\/11\/LEUROPE-EN-SILENCE_DURO-extrait-04-300x195.jpg 300w, https:\/\/agencevu.com\/wp-content\/uploads\/2019\/11\/LEUROPE-EN-SILENCE_DURO-extrait-04-768x499.jpg 768w, https:\/\/agencevu.com\/wp-content\/uploads\/2019\/11\/LEUROPE-EN-SILENCE_DURO-extrait-04-1030x670.jpg 1030w, https:\/\/agencevu.com\/wp-content\/uploads\/2019\/11\/LEUROPE-EN-SILENCE_DURO-extrait-04-705x458.jpg 705w, https:\/\/agencevu.com\/wp-content\/uploads\/2019\/11\/LEUROPE-EN-SILENCE_DURO-extrait-04-450x293.jpg 450w\" sizes=\"(max-width: 1200px) 100vw, 1200px\" \/><\/div><\/div><\/div><\/div><div class=\"flex_column av_one_half  flex_column_div av-zero-column-padding   avia-builder-el-16  el_after_av_one_half  avia-builder-el-last  \" style='border-radius:0px; '><div  class='avia-image-container  av-styling-no-styling    avia-builder-el-17  avia-builder-el-no-sibling  avia-align-center '  itemprop=\"image\" itemscope=\"itemscope\" itemtype=\"https:\/\/schema.org\/ImageObject\"  ><div class='avia-image-container-inner'><div class='avia-image-overlay-wrap'><img class='wp-image-35993 avia-img-lazy-loading-not-35993 avia_image' src=\"https:\/\/agencevu.com\/wp-content\/uploads\/2019\/11\/LEUROPE-EN-SILENCE_DURO-extrait-01.jpg\" alt='' title='Silent Europe \/ l&#039;Europe du silence' height=\"786\" width=\"1191\"  itemprop=\"thumbnailUrl\" srcset=\"https:\/\/agencevu.com\/wp-content\/uploads\/2019\/11\/LEUROPE-EN-SILENCE_DURO-extrait-01.jpg 1191w, https:\/\/agencevu.com\/wp-content\/uploads\/2019\/11\/LEUROPE-EN-SILENCE_DURO-extrait-01-80x53.jpg 80w, https:\/\/agencevu.com\/wp-content\/uploads\/2019\/11\/LEUROPE-EN-SILENCE_DURO-extrait-01-300x198.jpg 300w, https:\/\/agencevu.com\/wp-content\/uploads\/2019\/11\/LEUROPE-EN-SILENCE_DURO-extrait-01-768x507.jpg 768w, https:\/\/agencevu.com\/wp-content\/uploads\/2019\/11\/LEUROPE-EN-SILENCE_DURO-extrait-01-1030x680.jpg 1030w, https:\/\/agencevu.com\/wp-content\/uploads\/2019\/11\/LEUROPE-EN-SILENCE_DURO-extrait-01-705x465.jpg 705w, https:\/\/agencevu.com\/wp-content\/uploads\/2019\/11\/LEUROPE-EN-SILENCE_DURO-extrait-01-450x297.jpg 450w\" sizes=\"(max-width: 1191px) 100vw, 1191px\" \/><\/div><\/div><\/div><\/div>\n<\/p>\n","protected":false},"excerpt":{"rendered":"<p>Filigranes \u00c9ditions &#8211; 2001<\/p>\n","protected":false},"featured_media":36001,"menu_order":0,"template":"","categories":[],"tags":[12014,5527],"annee":[10071],"photographe":[12015],"section_taxonomy":[5500],"yoast_head":"<!-- This site is optimized with the Yoast SEO plugin v16.3 - https:\/\/yoast.com\/wordpress\/plugins\/seo\/ -->\n<title>L\u2019Europe du silence - Agence VU&#039;<\/title>\n<meta name=\"robots\" content=\"index, follow, max-snippet:-1, max-image-preview:large, max-video-preview:-1\" \/>\n<link rel=\"canonical\" href=\"\/\" \/>\n<meta property=\"og:locale\" content=\"en_US\" \/>\n<meta property=\"og:type\" content=\"article\" \/>\n<meta property=\"og:title\" content=\"L\u2019Europe du silence - Agence VU&#039;\" \/>\n<meta property=\"og:description\" content=\"Filigranes \u00c9ditions - 2001\" \/>\n<meta property=\"og:site_name\" content=\"Agence VU&#039;\" \/>\n<meta property=\"article:publisher\" content=\"https:\/\/www.facebook.com\/VUagence\" \/>\n<meta property=\"article:modified_time\" content=\"2021-04-23T15:13:20+00:00\" \/>\n<meta property=\"og:image\" content=\"https:\/\/agencevu-dev.abvent.com\/wp-content\/uploads\/2019\/11\/LEUROPE-EN-SILENCE_DURO-preview.jpg\" \/>\n\t<meta property=\"og:image:width\" content=\"135\" \/>\n\t<meta property=\"og:image:height\" content=\"185\" \/>\n<meta name=\"twitter:card\" content=\"summary_large_image\" \/>\n<meta name=\"twitter:site\" content=\"@agence_vu\" \/>\n<script type=\"application\/ld+json\" class=\"yoast-schema-graph\">{\"@context\":\"https:\/\/schema.org\",\"@graph\":[{\"@type\":\"WebSite\",\"@id\":\"https:\/\/agencevu.com\/en\/#website\",\"url\":\"https:\/\/agencevu.com\/en\/\",\"name\":\"Agence VU&#039;\",\"description\":\"Agency of photographers founded in 1986\",\"potentialAction\":[{\"@type\":\"SearchAction\",\"target\":\"https:\/\/agencevu.com\/en\/?s={search_term_string}\",\"query-input\":\"required name=search_term_string\"}],\"inLanguage\":\"en-US\"},{\"@type\":\"ImageObject\",\"@id\":\"#primaryimage\",\"inLanguage\":\"en-US\",\"url\":\"https:\/\/agencevu.com\/wp-content\/uploads\/2019\/11\/LEUROPE-EN-SILENCE_DURO-preview.jpg\",\"contentUrl\":\"https:\/\/agencevu.com\/wp-content\/uploads\/2019\/11\/LEUROPE-EN-SILENCE_DURO-preview.jpg\",\"width\":135,\"height\":185},{\"@type\":\"WebPage\",\"@id\":\"#webpage\",\"url\":null,\"name\":\"L\\u2019Europe du silence - Agence VU&#039;\",\"isPartOf\":{\"@id\":\"https:\/\/agencevu.com\/en\/#website\"},\"primaryImageOfPage\":{\"@id\":\"#primaryimage\"},\"datePublished\":\"2001-04-06T13:29:31+00:00\",\"dateModified\":\"2021-04-23T15:13:20+00:00\",\"breadcrumb\":{\"@id\":\"#breadcrumb\"},\"inLanguage\":\"en-US\",\"potentialAction\":[{\"@type\":\"ReadAction\",\"target\":[null]}]},{\"@type\":\"BreadcrumbList\",\"@id\":\"#breadcrumb\",\"itemListElement\":[{\"@type\":\"ListItem\",\"position\":1,\"item\":{\"@type\":\"WebPage\",\"@id\":\"https:\/\/agencevu.com\/en\/home\/\",\"url\":\"https:\/\/agencevu.com\/en\/home\/\",\"name\":\"Home\"}},{\"@type\":\"ListItem\",\"position\":2,\"item\":{\"@type\":\"WebPage\",\"@id\":\"https:\/\/agencevu.com\/en\/book\/\",\"url\":\"https:\/\/agencevu.com\/en\/book\/\",\"name\":\"Livres\"}},{\"@type\":\"ListItem\",\"position\":3,\"item\":{\"@id\":\"#webpage\"}}]}]}<\/script>\n<!-- \/ Yoast SEO plugin. -->","_links":{"self":[{"href":"https:\/\/agencevu.com\/en\/wp-json\/wp\/v2\/livre\/36113"}],"collection":[{"href":"https:\/\/agencevu.com\/en\/wp-json\/wp\/v2\/livre"}],"about":[{"href":"https:\/\/agencevu.com\/en\/wp-json\/wp\/v2\/types\/livre"}],"version-history":[{"count":2,"href":"https:\/\/agencevu.com\/en\/wp-json\/wp\/v2\/livre\/36113\/revisions"}],"predecessor-version":[{"id":148164,"href":"https:\/\/agencevu.com\/en\/wp-json\/wp\/v2\/livre\/36113\/revisions\/148164"}],"wp:featuredmedia":[{"embeddable":true,"href":"https:\/\/agencevu.com\/en\/wp-json\/wp\/v2\/media\/36001"}],"wp:attachment":[{"href":"https:\/\/agencevu.com\/en\/wp-json\/wp\/v2\/media?parent=36113"}],"wp:term":[{"taxonomy":"category","embeddable":true,"href":"https:\/\/agencevu.com\/en\/wp-json\/wp\/v2\/categories?post=36113"},{"taxonomy":"post_tag","embeddable":true,"href":"https:\/\/agencevu.com\/en\/wp-json\/wp\/v2\/tags?post=36113"},{"taxonomy":"annee","embeddable":true,"href":"https:\/\/agencevu.com\/en\/wp-json\/wp\/v2\/annee?post=36113"},{"taxonomy":"photographe","embeddable":true,"href":"https:\/\/agencevu.com\/en\/wp-json\/wp\/v2\/photographe?post=36113"},{"taxonomy":"section_taxonomy","embeddable":true,"href":"https:\/\/agencevu.com\/en\/wp-json\/wp\/v2\/section_taxonomy?post=36113"}],"curies":[{"name":"wp","href":"https:\/\/api.w.org\/{rel}","templated":true}]}}