{"id":35876,"date":"2011-04-02T17:44:00","date_gmt":"2011-04-02T15:44:00","guid":{"rendered":"https:\/\/lesaint.abvent.com\/?post_type=livre&#038;p=35876"},"modified":"2021-05-20T14:05:17","modified_gmt":"2021-05-20T12:05:17","slug":"un-age-de-fer-et-de-beton","status":"publish","type":"livre","link":"https:\/\/agencevu.com\/en\/book\/un-age-de-fer-et-de-beton\/","title":{"rendered":"Un \u00e2ge de Fer et de B\u00e9ton"},"content":{"rendered":"<div id='av_section_1'  class='avia-section main_color avia-section-small avia-no-border-styling  avia-bg-style-scroll  avia-builder-el-0  el_before_av_section  avia-builder-el-first   container_wrap fullsize' style='background-color: #f1f1f1;  '  ><div class='container' ><main  role=\"main\" itemprop=\"mainContentOfPage\"  class='template-page content  av-content-full alpha units'><div class='post-entry post-entry-type-page post-entry-35876'><div class='entry-content-wrapper clearfix'>\n<section class=\"av_textblock_section \"  itemscope=\"itemscope\" itemtype=\"https:\/\/schema.org\/CreativeWork\" ><div class='avia_textblock  '   itemprop=\"text\" ><p class=\"titre-page\"><a style=\"text-decoration: none; color: #707070;\" href=\"\/en\/books\/\">Books<\/a><\/p>\n<hr class=\"hr-titre-page\">\n<\/div><\/section>\n\n<\/div><\/div><\/main><!-- close content main element --><\/div><\/div><div id='av_section_2'  class='avia-section main_color avia-section-default avia-no-border-styling  avia-bg-style-scroll  avia-builder-el-2  el_after_av_section  el_before_av_section   container_wrap fullsize' style=' '  ><div class='container' ><div class='template-page content  av-content-full alpha units'><div class='post-entry post-entry-type-page post-entry-35876'><div class='entry-content-wrapper clearfix'>\n<div class=\"flex_column av_one_half  flex_column_div av-zero-column-padding first  avia-builder-el-3  el_before_av_one_third  avia-builder-el-first  \" style='border-radius:0px; '><div  class='avia-image-container  av-styling-no-styling    avia-builder-el-4  avia-builder-el-no-sibling  avia-align-center '  itemprop=\"image\" itemscope=\"itemscope\" itemtype=\"https:\/\/schema.org\/ImageObject\"  ><div class='avia-image-container-inner'><div class='avia-image-overlay-wrap'><img class='wp-image-35812 avia-img-lazy-loading-not-35812 avia_image' src=\"https:\/\/agencevu.com\/wp-content\/uploads\/2019\/11\/2011-Un-a\u0302ge-de-Fer-et-de-Be\u0301ton-01.jpg\" alt='' title='2011-Un a\u0302ge de Fer et de Be\u0301ton-01' height=\"396\" width=\"500\"  itemprop=\"thumbnailUrl\" srcset=\"https:\/\/agencevu.com\/wp-content\/uploads\/2019\/11\/2011-Un-a\u0302ge-de-Fer-et-de-Be\u0301ton-01.jpg 500w, https:\/\/agencevu.com\/wp-content\/uploads\/2019\/11\/2011-Un-a\u0302ge-de-Fer-et-de-Be\u0301ton-01-80x63.jpg 80w, https:\/\/agencevu.com\/wp-content\/uploads\/2019\/11\/2011-Un-a\u0302ge-de-Fer-et-de-Be\u0301ton-01-300x238.jpg 300w, https:\/\/agencevu.com\/wp-content\/uploads\/2019\/11\/2011-Un-a\u0302ge-de-Fer-et-de-Be\u0301ton-01-450x356.jpg 450w\" sizes=\"(max-width: 500px) 100vw, 500px\" \/><\/div><\/div><\/div><\/div><div class=\"flex_column av_one_third  flex_column_div av-zero-column-padding   avia-builder-el-5  el_after_av_one_half  avia-builder-el-last  \" style='border-radius:0px; '><section class=\"av_textblock_section \"  itemscope=\"itemscope\" itemtype=\"https:\/\/schema.org\/CreativeWork\" ><div class='avia_textblock  '   itemprop=\"text\" ><p style=\"color: #76a38b; font-size: 25px; font-weight: 600; text-align: left;\"><a style=\"text-decoration: none;\" href=\"\/en\/photographer\/Rip-Hopkins\/\">Rip Hopkins<\/a><\/p>\n<h3 style=\"ont-size: 20px; font-weight: 300; text-align: left;\"><em>Un \u00e2ge de Fer et de B\u00e9ton<\/em><\/h3>\n<\/div><\/section><br \/>\n<div  style='height:20px' class='hr hr-invisible   avia-builder-el-7  el_after_av_textblock  el_before_av_textblock '><span class='hr-inner ' ><span class='hr-inner-style'><\/span><\/span><\/div><br \/>\n<section class=\"av_textblock_section \"  itemscope=\"itemscope\" itemtype=\"https:\/\/schema.org\/CreativeWork\" ><div class='avia_textblock  '   itemprop=\"text\" ><p><strong>Author :<\/strong> Francis Saint-Genez<br \/>\n<strong> Co-production :<\/strong> Filigranes Editions, Co\u00e9dition avec le Conseil g\u00e9n\u00e9ral de Seine-et-Marne \/ mus\u00e9e d\u00e9partemental de Pr\u00e9histoire d\u2019Ile-de-France.<br \/>\n<strong>Release Date :<\/strong> 02\/04\/2011<br \/>\n<strong> ISBN :<\/strong> 978-2-35046-216-5<br \/>\n<strong> Book Size :<\/strong> 310 x 250 mm<br \/>\n<strong> Language :<\/strong> French<br \/>\nReli\u00e9 couverture cartonn\u00e9e<br \/>\n64 color photos<br \/>\n144 pages<\/p>\n<\/div><\/section><br \/>\n<div  style='height:30px' class='hr hr-invisible   avia-builder-el-9  el_after_av_textblock  el_before_av_button '><span class='hr-inner ' ><span class='hr-inner-style'><\/span><\/span><\/div><br \/>\n<div  class='avia-button-wrap avia-button-left  avia-builder-el-10  el_after_av_hr  avia-builder-el-last ' ><a href='https:\/\/laboutiquevu.com\/fr\/livres\/672-un-\u00e2ge-de-fer-et-de-b\u00e9ton.html' class='avia-button  avia-color-theme-color-highlight   avia-icon_select-no avia-size-small avia-position-left ' target=\"_blank\" rel=\"noopener noreferrer\"><span class='avia_iconbox_title' >Buy this book<\/span><\/a><\/div><\/p><\/div><\/div><\/div><\/div><!-- close content main div --><\/div><\/div><div id='av_section_3'  class='avia-section main_color avia-section-default avia-no-border-styling  avia-bg-style-scroll  avia-builder-el-11  el_after_av_section  avia-builder-el-last   container_wrap fullsize' style=' '  ><div class='container' ><div class='template-page content  av-content-full alpha units'><div class='post-entry post-entry-type-page post-entry-35876'><div class='entry-content-wrapper clearfix'>\n<div class=\"flex_column av_two_fifth  flex_column_div av-zero-column-padding first  avia-builder-el-12  el_before_av_three_fifth  avia-builder-el-first  \" style='border-radius:0px; '><section class=\"av_textblock_section \"  itemscope=\"itemscope\" itemtype=\"https:\/\/schema.org\/CreativeWork\" ><div class='avia_textblock  '   itemprop=\"text\" ><p class=\"p1\"><span class=\"s1\">Quelque chose s\u2019est pass\u00e9 chez Rip Hopkins en d\u00e9barquant au mus\u00e9e d\u00e9partemental de Pr\u00e9histoire d\u2019Ile-de-France (Nemours), le plus m\u00e9connu, le moins accessible, le plus &#8220;ancien&#8221; de France. Une injonction venue de la nuit des temps l\u2019a pouss\u00e9 \u00e0 r\u00e9aliser une s\u00e9rie de sc\u00e8nes primitives dans lesquelles il a plac\u00e9 ses 60 mod\u00e8les. De quelle histoire ou de quelle pr\u00e9histoire s\u2019agit-il&nbsp;? Celle de l\u2019acte artistique. Dans chaque photo c\u2019est \u00e7a. Et c\u2019est pour \u00e7a qu\u2019elles sont \u00e0 la fois diff\u00e9rentes et toutes les m\u00eames.<\/span><\/p>\n<p class=\"p1\"><span class=\"s1\">Si Rip Hopkins a demand\u00e9 \u00e0 Christophe Donner d\u2019\u00e9crire \u00e0 c\u00f4t\u00e9 de ses images, c\u2019est moins pour les commenter ou les interpr\u00e9ter que pour prolonger l\u2019acte artistique qui s\u2019est \u00e0 chaque fois produit au mus\u00e9e d\u00e9partemental de Pr\u00e9histoire d\u2019Ile-de-France.<\/span><\/p>\n<p class=\"p1\"><span class=\"s1\">Ce projet a \u00e9t\u00e9 accompagn\u00e9 par la galerie Le R\u00e9verb\u00e8re \u00e0 Lyon. Rip Hopkins est repr\u00e9sent\u00e9 par l\u2019agence VU\u2019 \u00e0 Paris.<\/span><\/p>\n<\/div><\/section><\/div><div class=\"flex_column av_three_fifth  flex_column_div av-zero-column-padding   avia-builder-el-14  el_after_av_two_fifth  avia-builder-el-last  \" style='border-radius:0px; '><p><div  class='avia-image-container  av-styling-no-styling    avia-builder-el-15  el_before_av_hr  avia-builder-el-first  avia-align-center '  itemprop=\"image\" itemscope=\"itemscope\" itemtype=\"https:\/\/schema.org\/ImageObject\"  ><div class='avia-image-container-inner'><div class='avia-image-overlay-wrap'><img class='wp-image-35814 avia-img-lazy-loading-not-35814 avia_image' src=\"https:\/\/agencevu.com\/wp-content\/uploads\/2019\/11\/2011-Un-a\u0302ge-de-Fer-et-de-Be\u0301ton-02.jpg\" alt='' title='2011-Un a\u0302ge de Fer et de Be\u0301ton-02' height=\"400\" width=\"942\"  itemprop=\"thumbnailUrl\" srcset=\"https:\/\/agencevu.com\/wp-content\/uploads\/2019\/11\/2011-Un-a\u0302ge-de-Fer-et-de-Be\u0301ton-02.jpg 942w, https:\/\/agencevu.com\/wp-content\/uploads\/2019\/11\/2011-Un-a\u0302ge-de-Fer-et-de-Be\u0301ton-02-80x34.jpg 80w, https:\/\/agencevu.com\/wp-content\/uploads\/2019\/11\/2011-Un-a\u0302ge-de-Fer-et-de-Be\u0301ton-02-300x127.jpg 300w, https:\/\/agencevu.com\/wp-content\/uploads\/2019\/11\/2011-Un-a\u0302ge-de-Fer-et-de-Be\u0301ton-02-768x326.jpg 768w, https:\/\/agencevu.com\/wp-content\/uploads\/2019\/11\/2011-Un-a\u0302ge-de-Fer-et-de-Be\u0301ton-02-705x299.jpg 705w, https:\/\/agencevu.com\/wp-content\/uploads\/2019\/11\/2011-Un-a\u0302ge-de-Fer-et-de-Be\u0301ton-02-450x191.jpg 450w\" sizes=\"(max-width: 942px) 100vw, 942px\" \/><\/div><\/div><\/div><br \/>\n<div  style='height:35px' class='hr hr-invisible   avia-builder-el-16  el_after_av_image  el_before_av_image '><span class='hr-inner ' ><span class='hr-inner-style'><\/span><\/span><\/div><br \/>\n<div  class='avia-image-container  av-styling-no-styling    avia-builder-el-17  el_after_av_hr  el_before_av_hr  avia-align-center '  itemprop=\"image\" itemscope=\"itemscope\" itemtype=\"https:\/\/schema.org\/ImageObject\"  ><div class='avia-image-container-inner'><div class='avia-image-overlay-wrap'><img class='wp-image-35816 avia-img-lazy-loading-not-35816 avia_image' src=\"https:\/\/agencevu.com\/wp-content\/uploads\/2019\/11\/2011-Un-a\u0302ge-de-Fer-et-de-Be\u0301ton-03.jpg\" alt='' title='2011-Un a\u0302ge de Fer et de Be\u0301ton-03' height=\"400\" width=\"940\"  itemprop=\"thumbnailUrl\" srcset=\"https:\/\/agencevu.com\/wp-content\/uploads\/2019\/11\/2011-Un-a\u0302ge-de-Fer-et-de-Be\u0301ton-03.jpg 940w, https:\/\/agencevu.com\/wp-content\/uploads\/2019\/11\/2011-Un-a\u0302ge-de-Fer-et-de-Be\u0301ton-03-80x34.jpg 80w, https:\/\/agencevu.com\/wp-content\/uploads\/2019\/11\/2011-Un-a\u0302ge-de-Fer-et-de-Be\u0301ton-03-300x128.jpg 300w, https:\/\/agencevu.com\/wp-content\/uploads\/2019\/11\/2011-Un-a\u0302ge-de-Fer-et-de-Be\u0301ton-03-768x327.jpg 768w, https:\/\/agencevu.com\/wp-content\/uploads\/2019\/11\/2011-Un-a\u0302ge-de-Fer-et-de-Be\u0301ton-03-705x300.jpg 705w, https:\/\/agencevu.com\/wp-content\/uploads\/2019\/11\/2011-Un-a\u0302ge-de-Fer-et-de-Be\u0301ton-03-450x191.jpg 450w\" sizes=\"(max-width: 940px) 100vw, 940px\" \/><\/div><\/div><\/div><br \/>\n<div  style='height:35px' class='hr hr-invisible   avia-builder-el-18  el_after_av_image  el_before_av_image '><span class='hr-inner ' ><span class='hr-inner-style'><\/span><\/span><\/div><br \/>\n<div  class='avia-image-container  av-styling-no-styling    avia-builder-el-19  el_after_av_hr  avia-builder-el-last  avia-align-center '  itemprop=\"image\" itemscope=\"itemscope\" itemtype=\"https:\/\/schema.org\/ImageObject\"  ><div class='avia-image-container-inner'><div class='avia-image-overlay-wrap'><img class='wp-image-35818 avia-img-lazy-loading-not-35818 avia_image' src=\"https:\/\/agencevu.com\/wp-content\/uploads\/2019\/11\/2011-Un-a\u0302ge-de-Fer-et-de-Be\u0301ton-04.jpg\" alt='' title='2011-Un a\u0302ge de Fer et de Be\u0301ton-04' height=\"400\" width=\"936\"  itemprop=\"thumbnailUrl\" srcset=\"https:\/\/agencevu.com\/wp-content\/uploads\/2019\/11\/2011-Un-a\u0302ge-de-Fer-et-de-Be\u0301ton-04.jpg 936w, https:\/\/agencevu.com\/wp-content\/uploads\/2019\/11\/2011-Un-a\u0302ge-de-Fer-et-de-Be\u0301ton-04-80x34.jpg 80w, https:\/\/agencevu.com\/wp-content\/uploads\/2019\/11\/2011-Un-a\u0302ge-de-Fer-et-de-Be\u0301ton-04-300x128.jpg 300w, https:\/\/agencevu.com\/wp-content\/uploads\/2019\/11\/2011-Un-a\u0302ge-de-Fer-et-de-Be\u0301ton-04-768x328.jpg 768w, https:\/\/agencevu.com\/wp-content\/uploads\/2019\/11\/2011-Un-a\u0302ge-de-Fer-et-de-Be\u0301ton-04-705x301.jpg 705w, https:\/\/agencevu.com\/wp-content\/uploads\/2019\/11\/2011-Un-a\u0302ge-de-Fer-et-de-Be\u0301ton-04-450x192.jpg 450w\" sizes=\"(max-width: 936px) 100vw, 936px\" \/><\/div><\/div><\/div><\/p><\/div>\n<\/p>\n","protected":false},"excerpt":{"rendered":"<p>Filigranes Editions, Co\u00e9dition avec le Conseil g\u00e9n\u00e9ral de Seine-et-Marne \/ mus\u00e9e d\u00e9partemental de Pr\u00e9histoire d\u2019Ile-de-France &#8211; 2011<\/p>\n","protected":false},"featured_media":35822,"menu_order":0,"template":"","categories":[],"tags":[11552,5527],"annee":[5567],"photographe":[5580],"section_taxonomy":[5500],"yoast_head":"<!-- This site is optimized with the Yoast SEO plugin v16.3 - https:\/\/yoast.com\/wordpress\/plugins\/seo\/ -->\n<title>Un \u00e2ge de Fer et de B\u00e9ton - Agence VU&#039;<\/title>\n<meta name=\"robots\" content=\"index, follow, max-snippet:-1, max-image-preview:large, max-video-preview:-1\" \/>\n<link rel=\"canonical\" href=\"\/\" \/>\n<meta property=\"og:locale\" content=\"en_US\" \/>\n<meta property=\"og:type\" content=\"article\" \/>\n<meta property=\"og:title\" content=\"Un \u00e2ge de Fer et de B\u00e9ton - Agence VU&#039;\" \/>\n<meta property=\"og:description\" content=\"Filigranes Editions, Co\u00e9dition avec le Conseil g\u00e9n\u00e9ral de Seine-et-Marne \/ mus\u00e9e d\u00e9partemental de Pr\u00e9histoire d\u2019Ile-de-France - 2011\" \/>\n<meta property=\"og:site_name\" content=\"Agence VU&#039;\" \/>\n<meta property=\"article:publisher\" content=\"https:\/\/www.facebook.com\/VUagence\" \/>\n<meta property=\"article:modified_time\" content=\"2021-05-20T12:05:17+00:00\" \/>\n<meta property=\"og:image\" content=\"https:\/\/agencevu-dev.abvent.com\/wp-content\/uploads\/2019\/11\/2011-Un-a\u0302ge-de-Fer-et-de-Be\u0301ton-00.jpg\" \/>\n\t<meta property=\"og:image:width\" content=\"234\" \/>\n\t<meta property=\"og:image:height\" content=\"185\" \/>\n<meta name=\"twitter:card\" content=\"summary_large_image\" \/>\n<meta name=\"twitter:site\" content=\"@agence_vu\" \/>\n<script type=\"application\/ld+json\" class=\"yoast-schema-graph\">{\"@context\":\"https:\/\/schema.org\",\"@graph\":[{\"@type\":\"WebSite\",\"@id\":\"https:\/\/agencevu.com\/en\/#website\",\"url\":\"https:\/\/agencevu.com\/en\/\",\"name\":\"Agence VU&#039;\",\"description\":\"Agency of photographers founded in 1986\",\"potentialAction\":[{\"@type\":\"SearchAction\",\"target\":\"https:\/\/agencevu.com\/en\/?s={search_term_string}\",\"query-input\":\"required name=search_term_string\"}],\"inLanguage\":\"en-US\"},{\"@type\":\"ImageObject\",\"@id\":\"#primaryimage\",\"inLanguage\":\"en-US\",\"url\":\"https:\/\/agencevu.com\/wp-content\/uploads\/2019\/11\/2011-Un-a\\u0302ge-de-Fer-et-de-Be\\u0301ton-00.jpg\",\"contentUrl\":\"https:\/\/agencevu.com\/wp-content\/uploads\/2019\/11\/2011-Un-a\\u0302ge-de-Fer-et-de-Be\\u0301ton-00.jpg\",\"width\":234,\"height\":185},{\"@type\":\"WebPage\",\"@id\":\"#webpage\",\"url\":null,\"name\":\"Un \\u00e2ge de Fer et de B\\u00e9ton - Agence VU&#039;\",\"isPartOf\":{\"@id\":\"https:\/\/agencevu.com\/en\/#website\"},\"primaryImageOfPage\":{\"@id\":\"#primaryimage\"},\"datePublished\":\"2011-04-02T15:44:00+00:00\",\"dateModified\":\"2021-05-20T12:05:17+00:00\",\"breadcrumb\":{\"@id\":\"#breadcrumb\"},\"inLanguage\":\"en-US\",\"potentialAction\":[{\"@type\":\"ReadAction\",\"target\":[null]}]},{\"@type\":\"BreadcrumbList\",\"@id\":\"#breadcrumb\",\"itemListElement\":[{\"@type\":\"ListItem\",\"position\":1,\"item\":{\"@type\":\"WebPage\",\"@id\":\"https:\/\/agencevu.com\/en\/home\/\",\"url\":\"https:\/\/agencevu.com\/en\/home\/\",\"name\":\"Home\"}},{\"@type\":\"ListItem\",\"position\":2,\"item\":{\"@type\":\"WebPage\",\"@id\":\"https:\/\/agencevu.com\/en\/book\/\",\"url\":\"https:\/\/agencevu.com\/en\/book\/\",\"name\":\"Livres\"}},{\"@type\":\"ListItem\",\"position\":3,\"item\":{\"@id\":\"#webpage\"}}]}]}<\/script>\n<!-- \/ Yoast SEO plugin. -->","_links":{"self":[{"href":"https:\/\/agencevu.com\/en\/wp-json\/wp\/v2\/livre\/35876"}],"collection":[{"href":"https:\/\/agencevu.com\/en\/wp-json\/wp\/v2\/livre"}],"about":[{"href":"https:\/\/agencevu.com\/en\/wp-json\/wp\/v2\/types\/livre"}],"version-history":[{"count":3,"href":"https:\/\/agencevu.com\/en\/wp-json\/wp\/v2\/livre\/35876\/revisions"}],"predecessor-version":[{"id":158325,"href":"https:\/\/agencevu.com\/en\/wp-json\/wp\/v2\/livre\/35876\/revisions\/158325"}],"wp:featuredmedia":[{"embeddable":true,"href":"https:\/\/agencevu.com\/en\/wp-json\/wp\/v2\/media\/35822"}],"wp:attachment":[{"href":"https:\/\/agencevu.com\/en\/wp-json\/wp\/v2\/media?parent=35876"}],"wp:term":[{"taxonomy":"category","embeddable":true,"href":"https:\/\/agencevu.com\/en\/wp-json\/wp\/v2\/categories?post=35876"},{"taxonomy":"post_tag","embeddable":true,"href":"https:\/\/agencevu.com\/en\/wp-json\/wp\/v2\/tags?post=35876"},{"taxonomy":"annee","embeddable":true,"href":"https:\/\/agencevu.com\/en\/wp-json\/wp\/v2\/annee?post=35876"},{"taxonomy":"photographe","embeddable":true,"href":"https:\/\/agencevu.com\/en\/wp-json\/wp\/v2\/photographe?post=35876"},{"taxonomy":"section_taxonomy","embeddable":true,"href":"https:\/\/agencevu.com\/en\/wp-json\/wp\/v2\/section_taxonomy?post=35876"}],"curies":[{"name":"wp","href":"https:\/\/api.w.org\/{rel}","templated":true}]}}