{"id":31644,"date":"2017-08-28T18:25:36","date_gmt":"2017-08-28T16:25:36","guid":{"rendered":"https:\/\/lesaint.abvent.com\/livre\/autoportrait\/"},"modified":"2021-04-13T11:54:48","modified_gmt":"2021-04-13T09:54:48","slug":"autoportrait","status":"publish","type":"livre","link":"https:\/\/agencevu.com\/en\/book\/autoportrait\/","title":{"rendered":"Autoportrait"},"content":{"rendered":"<div id='av_section_1'  class='avia-section main_color avia-section-small avia-no-border-styling  avia-bg-style-scroll  avia-builder-el-0  el_before_av_section  avia-builder-el-first   container_wrap fullsize' style='background-color: #f1f1f1;  '  ><div class='container' ><main  role=\"main\" itemprop=\"mainContentOfPage\"  class='template-page content  av-content-full alpha units'><div class='post-entry post-entry-type-page post-entry-31644'><div class='entry-content-wrapper clearfix'>\n<div class=\"flex_column av_one_full  flex_column_div av-zero-column-padding first  avia-builder-el-1  avia-builder-el-no-sibling  \" style='border-radius:0px; '><section class=\"av_textblock_section \"  itemscope=\"itemscope\" itemtype=\"https:\/\/schema.org\/CreativeWork\" ><div class='avia_textblock  '   itemprop=\"text\" ><p class=\"titre-page\"><a style=\"text-decoration: none; color: #707070;\" href=\"\/en\/books\/\">Books<\/a><\/p>\n<hr class=\"hr-titre-page\">\n<\/div><\/section><\/div><\/div><\/div><\/main><!-- close content main element --><\/div><\/div><div id='av_section_2'  class='avia-section main_color avia-section-default avia-no-border-styling  avia-bg-style-scroll  avia-builder-el-3  el_after_av_section  el_before_av_section   container_wrap fullsize' style=' '  ><div class='container' ><div class='template-page content  av-content-full alpha units'><div class='post-entry post-entry-type-page post-entry-31644'><div class='entry-content-wrapper clearfix'>\n<div class=\"flex_column av_one_half  flex_column_div av-zero-column-padding first  avia-builder-el-4  el_before_av_one_half  avia-builder-el-first  \" style='border-radius:0px; '><p><div  class='avia-image-container  av-styling-no-styling    avia-builder-el-5  el_before_av_hr  avia-builder-el-first  avia-align-center '  itemprop=\"image\" itemscope=\"itemscope\" itemtype=\"https:\/\/schema.org\/ImageObject\"  ><div class='avia-image-container-inner'><div class='avia-image-overlay-wrap'><img class='wp-image-31556 avia-img-lazy-loading-not-31556 avia_image' src=\"https:\/\/agencevu.com\/wp-content\/uploads\/2019\/08\/2017-Autoportrait-DESC-couv.jpg\" alt='' title='2017-Autoportrait-DESC-couv' height=\"800\" width=\"800\"  itemprop=\"thumbnailUrl\" srcset=\"https:\/\/agencevu.com\/wp-content\/uploads\/2019\/08\/2017-Autoportrait-DESC-couv.jpg 800w, https:\/\/agencevu.com\/wp-content\/uploads\/2019\/08\/2017-Autoportrait-DESC-couv-80x80.jpg 80w, https:\/\/agencevu.com\/wp-content\/uploads\/2019\/08\/2017-Autoportrait-DESC-couv-300x300.jpg 300w, https:\/\/agencevu.com\/wp-content\/uploads\/2019\/08\/2017-Autoportrait-DESC-couv-768x768.jpg 768w, https:\/\/agencevu.com\/wp-content\/uploads\/2019\/08\/2017-Autoportrait-DESC-couv-36x36.jpg 36w, https:\/\/agencevu.com\/wp-content\/uploads\/2019\/08\/2017-Autoportrait-DESC-couv-180x180.jpg 180w, https:\/\/agencevu.com\/wp-content\/uploads\/2019\/08\/2017-Autoportrait-DESC-couv-705x705.jpg 705w, https:\/\/agencevu.com\/wp-content\/uploads\/2019\/08\/2017-Autoportrait-DESC-couv-120x120.jpg 120w, https:\/\/agencevu.com\/wp-content\/uploads\/2019\/08\/2017-Autoportrait-DESC-couv-450x450.jpg 450w\" sizes=\"(max-width: 800px) 100vw, 800px\" \/><\/div><\/div><\/div><br \/>\n<div  style='height:20px' class='hr hr-invisible   avia-builder-el-6  el_after_av_image  avia-builder-el-last '><span class='hr-inner ' ><span class='hr-inner-style'><\/span><\/span><\/div><\/p><\/div><div class=\"flex_column av_one_half  flex_column_div av-zero-column-padding   avia-builder-el-7  el_after_av_one_half  el_before_av_one_half  \" style='border-radius:0px; '><section class=\"av_textblock_section \"  itemscope=\"itemscope\" itemtype=\"https:\/\/schema.org\/CreativeWork\" ><div class='avia_textblock  '   itemprop=\"text\" ><p style=\"color: #76a38b; font-size: 25px; font-weight: 600; text-align: left;\"><a style=\"text-decoration: none;\" href=\"\/en\/photographer\/Bernard-Descamps\/\">Bernard Descamps<\/a><\/p>\n<p style=\"font-weight: 300; text-align: left; font-size: 20px;\"><em>Autoportrait<\/em><\/p>\n<\/div><\/section><br \/>\n<div  style='height:20px' class='hr hr-invisible   avia-builder-el-9  el_after_av_textblock  el_before_av_textblock '><span class='hr-inner ' ><span class='hr-inner-style'><\/span><\/span><\/div><br \/>\n<section class=\"av_textblock_section \"  itemscope=\"itemscope\" itemtype=\"https:\/\/schema.org\/CreativeWork\" ><div class='avia_textblock  '   itemprop=\"text\" ><p><strong>Text by :&nbsp;<\/strong> Bernard Descamps<br \/>\n<strong>Publisher :<\/strong> Filigranes<br \/>\n<strong>Release date :<\/strong> 2017<br \/>\n<strong> ISBN :<\/strong> 9 78-2-35046-412-1<br \/>\n<strong> Book size :&nbsp;<\/strong>21 x 30 cm<br \/>\n<strong> Language :<\/strong> French<br \/>\n96 pages<br \/>\n62 photographies en bichromie<\/p>\n<\/div><\/section><br \/>\n<div  style='height:10px' class='hr hr-invisible   avia-builder-el-11  el_after_av_textblock  el_before_av_button '><span class='hr-inner ' ><span class='hr-inner-style'><\/span><\/span><\/div><br \/>\n<div  class='avia-button-wrap avia-button-left  avia-builder-el-12  el_after_av_hr  avia-builder-el-last ' ><a href='https:\/\/laboutiquevu.com\/fr\/livres\/686-autoportrait-.html' class='avia-button  avia-color-theme-color-highlight   avia-icon_select-no avia-size-small avia-position-left ' target=\"_blank\" rel=\"noopener noreferrer\"><span class='avia_iconbox_title' >Buy this book<\/span><\/a><\/div><\/p><\/div><div class=\"flex_column av_one_half  flex_column_div av-zero-column-padding first  avia-builder-el-13  el_after_av_one_half  el_before_av_one_half  column-top-margin\" style='border-radius:0px; '><section class=\"av_textblock_section \"  itemscope=\"itemscope\" itemtype=\"https:\/\/schema.org\/CreativeWork\" ><div class='avia_textblock  '   itemprop=\"text\" ><p>Je me souviens que lors d\u2019une agr\u00e9able discussion sur la photographie, Edouard Boubat m\u2019avait dit : finalement nous, les photographes, nous tournons inlassablement autour d\u2019une m\u00eame photographie, une sorte d\u2019image parfaite, un graal que nous n\u2019atteignons jamais, et qui serait un autoportrait id\u00e9al.<\/p>\n<p>Le grand portraitiste am\u00e9ricain Richard Avedon disait aussi : dans mes portraits, l\u2019autre est le miroir de mes propres \u00e9tats d\u2019\u00e2me.<\/p>\n<\/div><\/section><\/div><div class=\"flex_column av_one_half  flex_column_div av-zero-column-padding   avia-builder-el-15  el_after_av_one_half  avia-builder-el-last  column-top-margin\" style='border-radius:0px; '><section class=\"av_textblock_section \"  itemscope=\"itemscope\" itemtype=\"https:\/\/schema.org\/CreativeWork\" ><div class='avia_textblock  '   itemprop=\"text\" ><p>Je pense qu\u2019en effet, toute photographie est un autoportrait, plus ou moins abouti.<\/p>\n<p>Il en va ainsi pour les portraits. L\u2019autre est un miroir pour le photographe.<\/p>\n<p>Ce livre r\u00e9unit une soixantaine de portraits, de gens connus ou anonymes, d\u2019Afrique, d\u2019Asie, de France, de mon village ou de ma famille\u2026une soixantaine de tr\u00e8s beaux souvenirs, une soixantaine de personnes avec lesquelles je me suis retrouv\u00e9, avec qui je partage un certain nombre de valeurs et qui r\u00e9alisent donc, collectivement et sans trop le savoir, un autoportrait !<\/p>\n<\/div><\/section><\/div><\/div><\/div><\/div><!-- close content main div --><\/div><\/div><div id='av_section_3'  class='avia-section main_color avia-section-default avia-no-border-styling  avia-bg-style-scroll  avia-builder-el-17  el_after_av_section  avia-builder-el-last   container_wrap fullsize' style=' '  ><div class='container' ><div class='template-page content  av-content-full alpha units'><div class='post-entry post-entry-type-page post-entry-31644'><div class='entry-content-wrapper clearfix'>\n<section class=\"av_textblock_section \"  itemscope=\"itemscope\" itemtype=\"https:\/\/schema.org\/CreativeWork\" ><div class='avia_textblock  '   itemprop=\"text\" ><h2>Extraits<\/h2>\n<hr class=\"hr-titre-page\">\n<\/div><\/section>\n<div  style='height:20px' class='hr hr-invisible   avia-builder-el-19  el_after_av_textblock  el_before_av_one_third '><span class='hr-inner ' ><span class='hr-inner-style'><\/span><\/span><\/div>\n<div class=\"flex_column av_one_third  flex_column_div av-zero-column-padding first  avia-builder-el-20  el_after_av_hr  el_before_av_one_third  \" style='border-radius:0px; '><div  class='avia-image-container  av-styling-no-styling    avia-builder-el-21  avia-builder-el-no-sibling  avia-align-center '  itemprop=\"image\" itemscope=\"itemscope\" itemtype=\"https:\/\/schema.org\/ImageObject\"  ><div class='avia-image-container-inner'><div class='avia-image-overlay-wrap'><img class='wp-image-31558 avia-img-lazy-loading-not-31558 avia_image' src=\"https:\/\/agencevu.com\/wp-content\/uploads\/2019\/08\/2017-Autoportrait-DESC-extrait-01.jpg\" alt='' title='2017-Autoportrait-DESC-extrait-01' height=\"800\" width=\"800\"  itemprop=\"thumbnailUrl\" srcset=\"https:\/\/agencevu.com\/wp-content\/uploads\/2019\/08\/2017-Autoportrait-DESC-extrait-01.jpg 800w, https:\/\/agencevu.com\/wp-content\/uploads\/2019\/08\/2017-Autoportrait-DESC-extrait-01-80x80.jpg 80w, https:\/\/agencevu.com\/wp-content\/uploads\/2019\/08\/2017-Autoportrait-DESC-extrait-01-300x300.jpg 300w, https:\/\/agencevu.com\/wp-content\/uploads\/2019\/08\/2017-Autoportrait-DESC-extrait-01-768x768.jpg 768w, https:\/\/agencevu.com\/wp-content\/uploads\/2019\/08\/2017-Autoportrait-DESC-extrait-01-36x36.jpg 36w, https:\/\/agencevu.com\/wp-content\/uploads\/2019\/08\/2017-Autoportrait-DESC-extrait-01-180x180.jpg 180w, https:\/\/agencevu.com\/wp-content\/uploads\/2019\/08\/2017-Autoportrait-DESC-extrait-01-705x705.jpg 705w, https:\/\/agencevu.com\/wp-content\/uploads\/2019\/08\/2017-Autoportrait-DESC-extrait-01-120x120.jpg 120w, https:\/\/agencevu.com\/wp-content\/uploads\/2019\/08\/2017-Autoportrait-DESC-extrait-01-450x450.jpg 450w\" sizes=\"(max-width: 800px) 100vw, 800px\" \/><\/div><\/div><\/div><\/div><div class=\"flex_column av_one_third  flex_column_div av-zero-column-padding   avia-builder-el-22  el_after_av_one_third  el_before_av_one_third  \" style='border-radius:0px; '><div  class='avia-image-container  av-styling-no-styling    avia-builder-el-23  avia-builder-el-no-sibling  avia-align-center '  itemprop=\"image\" itemscope=\"itemscope\" itemtype=\"https:\/\/schema.org\/ImageObject\"  ><div class='avia-image-container-inner'><div class='avia-image-overlay-wrap'><img class='wp-image-31560 avia-img-lazy-loading-not-31560 avia_image' src=\"https:\/\/agencevu.com\/wp-content\/uploads\/2019\/08\/2017-Autoportrait-DESC-extrait-02.jpg\" alt='' title='2017-Autoportrait-DESC-extrait-02' height=\"800\" width=\"800\"  itemprop=\"thumbnailUrl\" srcset=\"https:\/\/agencevu.com\/wp-content\/uploads\/2019\/08\/2017-Autoportrait-DESC-extrait-02.jpg 800w, https:\/\/agencevu.com\/wp-content\/uploads\/2019\/08\/2017-Autoportrait-DESC-extrait-02-80x80.jpg 80w, https:\/\/agencevu.com\/wp-content\/uploads\/2019\/08\/2017-Autoportrait-DESC-extrait-02-300x300.jpg 300w, https:\/\/agencevu.com\/wp-content\/uploads\/2019\/08\/2017-Autoportrait-DESC-extrait-02-768x768.jpg 768w, https:\/\/agencevu.com\/wp-content\/uploads\/2019\/08\/2017-Autoportrait-DESC-extrait-02-36x36.jpg 36w, https:\/\/agencevu.com\/wp-content\/uploads\/2019\/08\/2017-Autoportrait-DESC-extrait-02-180x180.jpg 180w, https:\/\/agencevu.com\/wp-content\/uploads\/2019\/08\/2017-Autoportrait-DESC-extrait-02-705x705.jpg 705w, https:\/\/agencevu.com\/wp-content\/uploads\/2019\/08\/2017-Autoportrait-DESC-extrait-02-120x120.jpg 120w, https:\/\/agencevu.com\/wp-content\/uploads\/2019\/08\/2017-Autoportrait-DESC-extrait-02-450x450.jpg 450w\" sizes=\"(max-width: 800px) 100vw, 800px\" \/><\/div><\/div><\/div><\/div><div class=\"flex_column av_one_third  flex_column_div av-zero-column-padding   avia-builder-el-24  el_after_av_one_third  avia-builder-el-last  \" style='border-radius:0px; '><div  class='avia-image-container  av-styling-no-styling    avia-builder-el-25  avia-builder-el-no-sibling  avia-align-center '  itemprop=\"image\" itemscope=\"itemscope\" itemtype=\"https:\/\/schema.org\/ImageObject\"  ><div class='avia-image-container-inner'><div class='avia-image-overlay-wrap'><img class='wp-image-31562 avia-img-lazy-loading-not-31562 avia_image' src=\"https:\/\/agencevu.com\/wp-content\/uploads\/2019\/08\/2017-Autoportrait-DESC-extrait-03.jpg\" alt='' title='2017-Autoportrait-DESC-extrait-03' height=\"800\" width=\"800\"  itemprop=\"thumbnailUrl\" srcset=\"https:\/\/agencevu.com\/wp-content\/uploads\/2019\/08\/2017-Autoportrait-DESC-extrait-03.jpg 800w, https:\/\/agencevu.com\/wp-content\/uploads\/2019\/08\/2017-Autoportrait-DESC-extrait-03-80x80.jpg 80w, https:\/\/agencevu.com\/wp-content\/uploads\/2019\/08\/2017-Autoportrait-DESC-extrait-03-300x300.jpg 300w, https:\/\/agencevu.com\/wp-content\/uploads\/2019\/08\/2017-Autoportrait-DESC-extrait-03-768x768.jpg 768w, https:\/\/agencevu.com\/wp-content\/uploads\/2019\/08\/2017-Autoportrait-DESC-extrait-03-36x36.jpg 36w, https:\/\/agencevu.com\/wp-content\/uploads\/2019\/08\/2017-Autoportrait-DESC-extrait-03-180x180.jpg 180w, https:\/\/agencevu.com\/wp-content\/uploads\/2019\/08\/2017-Autoportrait-DESC-extrait-03-705x705.jpg 705w, https:\/\/agencevu.com\/wp-content\/uploads\/2019\/08\/2017-Autoportrait-DESC-extrait-03-120x120.jpg 120w, https:\/\/agencevu.com\/wp-content\/uploads\/2019\/08\/2017-Autoportrait-DESC-extrait-03-450x450.jpg 450w\" sizes=\"(max-width: 800px) 100vw, 800px\" \/><\/div><\/div><\/div><\/div>\n<\/p>\n","protected":false},"excerpt":{"rendered":"<p>Filigranes &#8211; 2017<\/p>\n","protected":false},"featured_media":31564,"menu_order":0,"template":"","categories":[],"tags":[11416,5527],"annee":[10848],"photographe":[11417],"section_taxonomy":[5500],"yoast_head":"<!-- This site is optimized with the Yoast SEO plugin v16.3 - https:\/\/yoast.com\/wordpress\/plugins\/seo\/ -->\n<title>Autoportrait - Agence VU&#039;<\/title>\n<meta name=\"robots\" content=\"index, follow, max-snippet:-1, max-image-preview:large, max-video-preview:-1\" \/>\n<link rel=\"canonical\" href=\"\/\" \/>\n<meta property=\"og:locale\" content=\"en_US\" \/>\n<meta property=\"og:type\" content=\"article\" \/>\n<meta property=\"og:title\" content=\"Autoportrait - Agence VU&#039;\" \/>\n<meta property=\"og:description\" content=\"Filigranes - 2017\" \/>\n<meta property=\"og:site_name\" content=\"Agence VU&#039;\" \/>\n<meta property=\"article:publisher\" content=\"https:\/\/www.facebook.com\/VUagence\" \/>\n<meta property=\"article:modified_time\" content=\"2021-04-13T09:54:48+00:00\" \/>\n<meta property=\"og:image\" content=\"https:\/\/agencevu.com\/wp-content\/uploads\/2019\/08\/2017-Autoportrait-DESC-couv-1.jpg\" \/>\n\t<meta property=\"og:image:width\" content=\"185\" \/>\n\t<meta property=\"og:image:height\" content=\"185\" \/>\n<meta name=\"twitter:card\" content=\"summary_large_image\" \/>\n<meta name=\"twitter:site\" content=\"@agence_vu\" \/>\n<script type=\"application\/ld+json\" class=\"yoast-schema-graph\">{\"@context\":\"https:\/\/schema.org\",\"@graph\":[{\"@type\":\"WebSite\",\"@id\":\"https:\/\/agencevu.com\/en\/#website\",\"url\":\"https:\/\/agencevu.com\/en\/\",\"name\":\"Agence VU&#039;\",\"description\":\"Agency of photographers founded in 1986\",\"potentialAction\":[{\"@type\":\"SearchAction\",\"target\":\"https:\/\/agencevu.com\/en\/?s={search_term_string}\",\"query-input\":\"required name=search_term_string\"}],\"inLanguage\":\"en-US\"},{\"@type\":\"ImageObject\",\"@id\":\"#primaryimage\",\"inLanguage\":\"en-US\",\"url\":\"https:\/\/agencevu.com\/wp-content\/uploads\/2019\/08\/2017-Autoportrait-DESC-couv-1.jpg\",\"contentUrl\":\"https:\/\/agencevu.com\/wp-content\/uploads\/2019\/08\/2017-Autoportrait-DESC-couv-1.jpg\",\"width\":185,\"height\":185},{\"@type\":\"WebPage\",\"@id\":\"#webpage\",\"url\":null,\"name\":\"Autoportrait - Agence VU&#039;\",\"isPartOf\":{\"@id\":\"https:\/\/agencevu.com\/en\/#website\"},\"primaryImageOfPage\":{\"@id\":\"#primaryimage\"},\"datePublished\":\"2017-08-28T16:25:36+00:00\",\"dateModified\":\"2021-04-13T09:54:48+00:00\",\"breadcrumb\":{\"@id\":\"#breadcrumb\"},\"inLanguage\":\"en-US\",\"potentialAction\":[{\"@type\":\"ReadAction\",\"target\":[null]}]},{\"@type\":\"BreadcrumbList\",\"@id\":\"#breadcrumb\",\"itemListElement\":[{\"@type\":\"ListItem\",\"position\":1,\"item\":{\"@type\":\"WebPage\",\"@id\":\"https:\/\/agencevu.com\/en\/home\/\",\"url\":\"https:\/\/agencevu.com\/en\/home\/\",\"name\":\"Home\"}},{\"@type\":\"ListItem\",\"position\":2,\"item\":{\"@type\":\"WebPage\",\"@id\":\"https:\/\/agencevu.com\/en\/book\/\",\"url\":\"https:\/\/agencevu.com\/en\/book\/\",\"name\":\"Livres\"}},{\"@type\":\"ListItem\",\"position\":3,\"item\":{\"@id\":\"#webpage\"}}]}]}<\/script>\n<!-- \/ Yoast SEO plugin. -->","_links":{"self":[{"href":"https:\/\/agencevu.com\/en\/wp-json\/wp\/v2\/livre\/31644"}],"collection":[{"href":"https:\/\/agencevu.com\/en\/wp-json\/wp\/v2\/livre"}],"about":[{"href":"https:\/\/agencevu.com\/en\/wp-json\/wp\/v2\/types\/livre"}],"version-history":[{"count":2,"href":"https:\/\/agencevu.com\/en\/wp-json\/wp\/v2\/livre\/31644\/revisions"}],"predecessor-version":[{"id":138773,"href":"https:\/\/agencevu.com\/en\/wp-json\/wp\/v2\/livre\/31644\/revisions\/138773"}],"wp:featuredmedia":[{"embeddable":true,"href":"https:\/\/agencevu.com\/en\/wp-json\/wp\/v2\/media\/31564"}],"wp:attachment":[{"href":"https:\/\/agencevu.com\/en\/wp-json\/wp\/v2\/media?parent=31644"}],"wp:term":[{"taxonomy":"category","embeddable":true,"href":"https:\/\/agencevu.com\/en\/wp-json\/wp\/v2\/categories?post=31644"},{"taxonomy":"post_tag","embeddable":true,"href":"https:\/\/agencevu.com\/en\/wp-json\/wp\/v2\/tags?post=31644"},{"taxonomy":"annee","embeddable":true,"href":"https:\/\/agencevu.com\/en\/wp-json\/wp\/v2\/annee?post=31644"},{"taxonomy":"photographe","embeddable":true,"href":"https:\/\/agencevu.com\/en\/wp-json\/wp\/v2\/photographe?post=31644"},{"taxonomy":"section_taxonomy","embeddable":true,"href":"https:\/\/agencevu.com\/en\/wp-json\/wp\/v2\/section_taxonomy?post=31644"}],"curies":[{"name":"wp","href":"https:\/\/api.w.org\/{rel}","templated":true}]}}