{"id":28511,"date":"2011-02-01T17:39:53","date_gmt":"2011-02-01T16:39:53","guid":{"rendered":"https:\/\/lesaint.abvent.com\/?post_type=livre&#038;p=28511"},"modified":"2021-05-20T13:03:56","modified_gmt":"2021-05-20T11:03:56","slug":"martin-chambi-peru-castro-prieto","status":"publish","type":"livre","link":"https:\/\/agencevu.com\/en\/book\/martin-chambi-peru-castro-prieto\/","title":{"rendered":"Mart\u00edn Chamb\u00ed Per\u00fa Castro Prieto"},"content":{"rendered":"<div id='av_section_1'  class='avia-section main_color avia-section-small avia-no-border-styling  avia-bg-style-scroll  avia-builder-el-0  el_before_av_section  avia-builder-el-first   container_wrap fullsize' style='background-color: #f1f1f1;  '  ><div class='container' ><main  role=\"main\" itemprop=\"mainContentOfPage\"  class='template-page content  av-content-full alpha units'><div class='post-entry post-entry-type-page post-entry-28511'><div class='entry-content-wrapper clearfix'>\n<section class=\"av_textblock_section \"  itemscope=\"itemscope\" itemtype=\"https:\/\/schema.org\/CreativeWork\" ><div class='avia_textblock  '   itemprop=\"text\" ><p class=\"titre-page\"><a style=\"text-decoration: none; color: #707070;\" href=\"\/en\/books\/\">Books<\/a><\/p>\n<hr class=\"hr-titre-page\">\n<\/div><\/section>\n\n<\/div><\/div><\/main><!-- close content main element --><\/div><\/div><div id='av_section_2'  class='avia-section main_color avia-section-default avia-no-border-styling  avia-bg-style-scroll  avia-builder-el-2  el_after_av_section  el_before_av_section   container_wrap fullsize' style=' '  ><div class='container' ><div class='template-page content  av-content-full alpha units'><div class='post-entry post-entry-type-page post-entry-28511'><div class='entry-content-wrapper clearfix'>\n<div class=\"flex_column av_one_half  flex_column_div av-zero-column-padding first  avia-builder-el-3  el_before_av_two_fifth  avia-builder-el-first  \" style='border-radius:0px; '><div  class='avia-image-container  av-styling-no-styling    avia-builder-el-4  avia-builder-el-no-sibling  avia-align-center '  itemprop=\"image\" itemscope=\"itemscope\" itemtype=\"https:\/\/schema.org\/ImageObject\"  ><div class='avia-image-container-inner'><div class='avia-image-overlay-wrap'><img class='wp-image-28434 avia-img-lazy-loading-not-28434 avia_image' src=\"https:\/\/agencevu.com\/wp-content\/uploads\/2019\/06\/01-preview2012_Perou_Chambi_Castro_couv.jpg\" alt='' title='Chambi-Castro_001-039 versionLF_Maquetaci\u00dbn 1' height=\"1661\" width=\"1920\"  itemprop=\"thumbnailUrl\" srcset=\"https:\/\/agencevu.com\/wp-content\/uploads\/2019\/06\/01-preview2012_Perou_Chambi_Castro_couv.jpg 1920w, https:\/\/agencevu.com\/wp-content\/uploads\/2019\/06\/01-preview2012_Perou_Chambi_Castro_couv-80x69.jpg 80w, https:\/\/agencevu.com\/wp-content\/uploads\/2019\/06\/01-preview2012_Perou_Chambi_Castro_couv-300x260.jpg 300w, https:\/\/agencevu.com\/wp-content\/uploads\/2019\/06\/01-preview2012_Perou_Chambi_Castro_couv-768x664.jpg 768w, https:\/\/agencevu.com\/wp-content\/uploads\/2019\/06\/01-preview2012_Perou_Chambi_Castro_couv-1030x891.jpg 1030w, https:\/\/agencevu.com\/wp-content\/uploads\/2019\/06\/01-preview2012_Perou_Chambi_Castro_couv-1500x1298.jpg 1500w, https:\/\/agencevu.com\/wp-content\/uploads\/2019\/06\/01-preview2012_Perou_Chambi_Castro_couv-705x610.jpg 705w, https:\/\/agencevu.com\/wp-content\/uploads\/2019\/06\/01-preview2012_Perou_Chambi_Castro_couv-450x389.jpg 450w\" sizes=\"(max-width: 1920px) 100vw, 1920px\" \/><\/div><\/div><\/div><\/div><div class=\"flex_column av_two_fifth  flex_column_div av-zero-column-padding   avia-builder-el-5  el_after_av_one_half  avia-builder-el-last  \" style='border-radius:0px; '><section class=\"av_textblock_section \"  itemscope=\"itemscope\" itemtype=\"https:\/\/schema.org\/CreativeWork\" ><div class='avia_textblock  '   itemprop=\"text\" ><p style=\"color: #76a38b; font-size: 25px; font-weight: 600; text-align: left;\"><a style=\"text-decoration: none;\" href=\"\/en\/photographer\/Juan-Manuel-Castro-Prieto\/\">Juan Manuel Castro Prieto<\/a><\/p>\n<h3 style=\"font-weight: 300; text-align: left; font-size: 20px;\"><em>Mart\u00edn Chamb\u00ed Per\u00fa Castro Prieto<\/em><\/h3>\n<\/div><\/section><br \/>\n<div  style='height:20px' class='hr hr-invisible   avia-builder-el-7  el_after_av_textblock  el_before_av_textblock '><span class='hr-inner ' ><span class='hr-inner-style'><\/span><\/span><\/div><br \/>\n<section class=\"av_textblock_section \"  itemscope=\"itemscope\" itemtype=\"https:\/\/schema.org\/CreativeWork\" ><div class='avia_textblock  '   itemprop=\"text\" ><p><strong>Author&nbsp; :&nbsp;<\/strong>Alejandro Castellote<br \/>\n<strong>Publisher :&nbsp;<\/strong>La Fabrica<br \/>\n<strong>Release Date :<\/strong> 2012<br \/>\n<strong> ISBN :<\/strong> 978-84-15303-36-07<br \/>\n<strong>Book Size :<\/strong> 25x31cm<br \/>\n<strong> Language :<\/strong> Anglais, Espagnol<br \/>\n144 pages<\/p>\n<\/div><\/section><br \/>\n<div  style='height:10px' class='hr hr-invisible   avia-builder-el-9  el_after_av_textblock  el_before_av_button '><span class='hr-inner ' ><span class='hr-inner-style'><\/span><\/span><\/div><br \/>\n<div  class='avia-button-wrap avia-button-left  avia-builder-el-10  el_after_av_hr  avia-builder-el-last ' ><a href='https:\/\/laboutiquevu.com\/fr\/livres\/392-martin-chambi-per%C3%BA-juan-manuel-castro-prieto.html' class='avia-button  avia-color-theme-color-highlight   avia-icon_select-no avia-size-small avia-position-left ' target=\"_blank\" rel=\"noopener noreferrer\"><span class='avia_iconbox_title' >By the book<\/span><\/a><\/div><\/p><\/div><\/div><\/div><\/div><!-- close content main div --><\/div><\/div><div id='av_section_3'  class='avia-section main_color avia-section-default avia-no-border-styling  avia-bg-style-scroll  avia-builder-el-11  el_after_av_section  el_before_av_section   container_wrap fullsize' style=' '  ><div class='container' ><div class='template-page content  av-content-full alpha units'><div class='post-entry post-entry-type-page post-entry-28511'><div class='entry-content-wrapper clearfix'>\n<div class=\"flex_column av_one_third  flex_column_div av-zero-column-padding first  avia-builder-el-12  el_before_av_one_third  avia-builder-el-first  \" style='border-radius:0px; '><section class=\"av_textblock_section \"  itemscope=\"itemscope\" itemtype=\"https:\/\/schema.org\/CreativeWork\" ><div class='avia_textblock  '   itemprop=\"text\" ><p>Castro Prieto has tried in this tribute to approach the theme spectrum of Chambi? and also to record the social changes and mixed-eaces texture that are made visible, as well as the presence political power.<\/p>\n<p>Martin Chambi is one of the most universal Peruvians of the twentieth century. The prestige of this indigenous photographer born in Coaza, Puno (1891), has been able to reconcile in his figure a society that is deeply marked by enormous social and ethnic differences.<\/p>\n<\/div><\/section><\/div><div class=\"flex_column av_one_third  flex_column_div av-zero-column-padding   avia-builder-el-14  el_after_av_one_third  avia-builder-el-last  \" style='border-radius:0px; '><section class=\"av_textblock_section \"  itemscope=\"itemscope\" itemtype=\"https:\/\/schema.org\/CreativeWork\" ><div class='avia_textblock  '   itemprop=\"text\" ><p>In 1990, Juan Manuel Castro Prieto first traveled to Peru to make photographic copies of what would be the first retrospective exhibition of Martin Chambi in Spain. After that he returned to Peru several times over ten years.<\/p>\n<p>Castro Prieto wanted to get inside Chambi to see as he saw, but to make different styles of both visible he has chosen to shoot in colour negative plates. Faced with the voluntarily subjective character of Castro Prieto\u00b4s trips to Peru in the nineties, this project, conducted between 2009 and 2010, is a visual chronicle in a semiotic key that Martim Chambi photographed.<\/p>\n<\/div><\/section><\/div>\n<\/p>\n<\/div><\/div><\/div><!-- close content main div --><\/div><\/div><div id='av_section_4'  class='avia-section main_color avia-section-default avia-no-border-styling  avia-bg-style-scroll  avia-builder-el-16  el_after_av_section  avia-builder-el-last   container_wrap fullsize' style=' '  ><div class='container' ><div class='template-page content  av-content-full alpha units'><div class='post-entry post-entry-type-page post-entry-28511'><div class='entry-content-wrapper clearfix'>\n<section class=\"av_textblock_section \"  itemscope=\"itemscope\" itemtype=\"https:\/\/schema.org\/CreativeWork\" ><div class='avia_textblock  '   itemprop=\"text\" ><h2>Extraits<\/h2>\n<hr class=\"hr-titre-page\">\n<\/div><\/section>\n<div  style='height:20px' class='hr hr-invisible   avia-builder-el-18  el_after_av_textblock  el_before_av_one_half '><span class='hr-inner ' ><span class='hr-inner-style'><\/span><\/span><\/div>\n<div class=\"flex_column av_one_half  flex_column_div av-zero-column-padding first  avia-builder-el-19  el_after_av_hr  el_before_av_one_half  \" style='border-radius:0px; '><p><div  class='avia-image-container  av-styling-no-styling    avia-builder-el-20  el_before_av_hr  avia-builder-el-first  avia-align-center '  itemprop=\"image\" itemscope=\"itemscope\" itemtype=\"https:\/\/schema.org\/ImageObject\"  ><div class='avia-image-container-inner'><div class='avia-image-overlay-wrap'><img class='wp-image-28436 avia-img-lazy-loading-not-28436 avia_image' src=\"https:\/\/agencevu.com\/wp-content\/uploads\/2019\/06\/2012_Marti--n-Chambi---Peru---Castro-Prieto_extrait_01.jpg\" alt='' title='Peru' height=\"1524\" width=\"1920\"  itemprop=\"thumbnailUrl\" srcset=\"https:\/\/agencevu.com\/wp-content\/uploads\/2019\/06\/2012_Marti--n-Chambi---Peru---Castro-Prieto_extrait_01.jpg 1920w, https:\/\/agencevu.com\/wp-content\/uploads\/2019\/06\/2012_Marti--n-Chambi---Peru---Castro-Prieto_extrait_01-80x64.jpg 80w, https:\/\/agencevu.com\/wp-content\/uploads\/2019\/06\/2012_Marti--n-Chambi---Peru---Castro-Prieto_extrait_01-300x238.jpg 300w, https:\/\/agencevu.com\/wp-content\/uploads\/2019\/06\/2012_Marti--n-Chambi---Peru---Castro-Prieto_extrait_01-768x610.jpg 768w, https:\/\/agencevu.com\/wp-content\/uploads\/2019\/06\/2012_Marti--n-Chambi---Peru---Castro-Prieto_extrait_01-1030x818.jpg 1030w, https:\/\/agencevu.com\/wp-content\/uploads\/2019\/06\/2012_Marti--n-Chambi---Peru---Castro-Prieto_extrait_01-1500x1191.jpg 1500w, https:\/\/agencevu.com\/wp-content\/uploads\/2019\/06\/2012_Marti--n-Chambi---Peru---Castro-Prieto_extrait_01-705x560.jpg 705w, https:\/\/agencevu.com\/wp-content\/uploads\/2019\/06\/2012_Marti--n-Chambi---Peru---Castro-Prieto_extrait_01-450x357.jpg 450w\" sizes=\"(max-width: 1920px) 100vw, 1920px\" \/><\/div><\/div><\/div><br \/>\n<div  style='height:35px' class='hr hr-invisible   avia-builder-el-21  el_after_av_image  el_before_av_image '><span class='hr-inner ' ><span class='hr-inner-style'><\/span><\/span><\/div><br \/>\n<div  class='avia-image-container  av-styling-no-styling    avia-builder-el-22  el_after_av_hr  avia-builder-el-last  avia-align-center '  itemprop=\"image\" itemscope=\"itemscope\" itemtype=\"https:\/\/schema.org\/ImageObject\"  ><div class='avia-image-container-inner'><div class='avia-image-overlay-wrap'><img class='wp-image-28442 avia-img-lazy-loading-not-28442 avia_image' src=\"https:\/\/agencevu.com\/wp-content\/uploads\/2019\/06\/2012_Marti--n-Chambi---Peru---Castro-Prieto_extrait_04.jpg\" alt='' title='Peru' height=\"1525\" width=\"1920\"  itemprop=\"thumbnailUrl\" srcset=\"https:\/\/agencevu.com\/wp-content\/uploads\/2019\/06\/2012_Marti--n-Chambi---Peru---Castro-Prieto_extrait_04.jpg 1920w, https:\/\/agencevu.com\/wp-content\/uploads\/2019\/06\/2012_Marti--n-Chambi---Peru---Castro-Prieto_extrait_04-80x64.jpg 80w, https:\/\/agencevu.com\/wp-content\/uploads\/2019\/06\/2012_Marti--n-Chambi---Peru---Castro-Prieto_extrait_04-300x238.jpg 300w, https:\/\/agencevu.com\/wp-content\/uploads\/2019\/06\/2012_Marti--n-Chambi---Peru---Castro-Prieto_extrait_04-768x610.jpg 768w, https:\/\/agencevu.com\/wp-content\/uploads\/2019\/06\/2012_Marti--n-Chambi---Peru---Castro-Prieto_extrait_04-1030x818.jpg 1030w, https:\/\/agencevu.com\/wp-content\/uploads\/2019\/06\/2012_Marti--n-Chambi---Peru---Castro-Prieto_extrait_04-1500x1191.jpg 1500w, https:\/\/agencevu.com\/wp-content\/uploads\/2019\/06\/2012_Marti--n-Chambi---Peru---Castro-Prieto_extrait_04-705x560.jpg 705w, https:\/\/agencevu.com\/wp-content\/uploads\/2019\/06\/2012_Marti--n-Chambi---Peru---Castro-Prieto_extrait_04-450x357.jpg 450w\" sizes=\"(max-width: 1920px) 100vw, 1920px\" \/><\/div><\/div><\/div><\/p><\/div><div class=\"flex_column av_one_half  flex_column_div av-zero-column-padding   avia-builder-el-23  el_after_av_one_half  avia-builder-el-last  \" style='border-radius:0px; '><p><div  class='avia-image-container  av-styling-no-styling    avia-builder-el-24  el_before_av_hr  avia-builder-el-first  avia-align-center '  itemprop=\"image\" itemscope=\"itemscope\" itemtype=\"https:\/\/schema.org\/ImageObject\"  ><div class='avia-image-container-inner'><div class='avia-image-overlay-wrap'><img class='wp-image-28438 avia-img-lazy-loading-not-28438 avia_image' src=\"https:\/\/agencevu.com\/wp-content\/uploads\/2019\/06\/2012_Marti--n-Chambi---Peru---Castro-Prieto_extrait_02.jpg\" alt='' title='Peru' height=\"1525\" width=\"1920\"  itemprop=\"thumbnailUrl\" srcset=\"https:\/\/agencevu.com\/wp-content\/uploads\/2019\/06\/2012_Marti--n-Chambi---Peru---Castro-Prieto_extrait_02.jpg 1920w, https:\/\/agencevu.com\/wp-content\/uploads\/2019\/06\/2012_Marti--n-Chambi---Peru---Castro-Prieto_extrait_02-80x64.jpg 80w, https:\/\/agencevu.com\/wp-content\/uploads\/2019\/06\/2012_Marti--n-Chambi---Peru---Castro-Prieto_extrait_02-300x238.jpg 300w, https:\/\/agencevu.com\/wp-content\/uploads\/2019\/06\/2012_Marti--n-Chambi---Peru---Castro-Prieto_extrait_02-768x610.jpg 768w, https:\/\/agencevu.com\/wp-content\/uploads\/2019\/06\/2012_Marti--n-Chambi---Peru---Castro-Prieto_extrait_02-1030x818.jpg 1030w, https:\/\/agencevu.com\/wp-content\/uploads\/2019\/06\/2012_Marti--n-Chambi---Peru---Castro-Prieto_extrait_02-1500x1191.jpg 1500w, https:\/\/agencevu.com\/wp-content\/uploads\/2019\/06\/2012_Marti--n-Chambi---Peru---Castro-Prieto_extrait_02-705x560.jpg 705w, https:\/\/agencevu.com\/wp-content\/uploads\/2019\/06\/2012_Marti--n-Chambi---Peru---Castro-Prieto_extrait_02-450x357.jpg 450w\" sizes=\"(max-width: 1920px) 100vw, 1920px\" \/><\/div><\/div><\/div><br \/>\n<div  style='height:35px' class='hr hr-invisible   avia-builder-el-25  el_after_av_image  el_before_av_image '><span class='hr-inner ' ><span class='hr-inner-style'><\/span><\/span><\/div><br \/>\n<div  class='avia-image-container  av-styling-no-styling    avia-builder-el-26  el_after_av_hr  avia-builder-el-last  avia-align-center '  itemprop=\"image\" itemscope=\"itemscope\" itemtype=\"https:\/\/schema.org\/ImageObject\"  ><div class='avia-image-container-inner'><div class='avia-image-overlay-wrap'><img class='wp-image-28444 avia-img-lazy-loading-not-28444 avia_image' src=\"https:\/\/agencevu.com\/wp-content\/uploads\/2019\/06\/2012_Marti--n-Chambi---Peru---Castro-Prieto_extrait_05.jpg\" alt='' title='Peru' height=\"1530\" width=\"1920\"  itemprop=\"thumbnailUrl\" srcset=\"https:\/\/agencevu.com\/wp-content\/uploads\/2019\/06\/2012_Marti--n-Chambi---Peru---Castro-Prieto_extrait_05.jpg 1920w, https:\/\/agencevu.com\/wp-content\/uploads\/2019\/06\/2012_Marti--n-Chambi---Peru---Castro-Prieto_extrait_05-80x64.jpg 80w, https:\/\/agencevu.com\/wp-content\/uploads\/2019\/06\/2012_Marti--n-Chambi---Peru---Castro-Prieto_extrait_05-300x239.jpg 300w, https:\/\/agencevu.com\/wp-content\/uploads\/2019\/06\/2012_Marti--n-Chambi---Peru---Castro-Prieto_extrait_05-768x612.jpg 768w, https:\/\/agencevu.com\/wp-content\/uploads\/2019\/06\/2012_Marti--n-Chambi---Peru---Castro-Prieto_extrait_05-1030x821.jpg 1030w, https:\/\/agencevu.com\/wp-content\/uploads\/2019\/06\/2012_Marti--n-Chambi---Peru---Castro-Prieto_extrait_05-1500x1195.jpg 1500w, https:\/\/agencevu.com\/wp-content\/uploads\/2019\/06\/2012_Marti--n-Chambi---Peru---Castro-Prieto_extrait_05-705x562.jpg 705w, https:\/\/agencevu.com\/wp-content\/uploads\/2019\/06\/2012_Marti--n-Chambi---Peru---Castro-Prieto_extrait_05-450x359.jpg 450w\" sizes=\"(max-width: 1920px) 100vw, 1920px\" \/><\/div><\/div><\/div><\/p><\/div>\n\n","protected":false},"excerpt":{"rendered":"<p>La Fabrica &#8211; 2012<\/p>\n","protected":false},"featured_media":28446,"menu_order":0,"template":"","categories":[],"tags":[10306,5527],"annee":[9247],"photographe":[5578],"section_taxonomy":[5500],"yoast_head":"<!-- This site is optimized with the Yoast SEO plugin v16.3 - https:\/\/yoast.com\/wordpress\/plugins\/seo\/ -->\n<title>Mart\u00edn Chamb\u00ed Per\u00fa Castro Prieto - Agence VU&#039;<\/title>\n<meta name=\"robots\" content=\"index, follow, max-snippet:-1, max-image-preview:large, max-video-preview:-1\" \/>\n<link rel=\"canonical\" href=\"\/\" \/>\n<meta property=\"og:locale\" content=\"en_US\" \/>\n<meta property=\"og:type\" content=\"article\" \/>\n<meta property=\"og:title\" content=\"Mart\u00edn Chamb\u00ed Per\u00fa Castro Prieto - Agence VU&#039;\" \/>\n<meta property=\"og:description\" content=\"La Fabrica - 2012\" \/>\n<meta property=\"og:site_name\" content=\"Agence VU&#039;\" \/>\n<meta property=\"article:publisher\" content=\"https:\/\/www.facebook.com\/VUagence\" \/>\n<meta property=\"article:modified_time\" content=\"2021-05-20T11:03:56+00:00\" \/>\n<meta property=\"og:image\" content=\"https:\/\/agencevu-dev.abvent.com\/wp-content\/uploads\/2019\/06\/00-previewLivre_Perou_Chambi_Castro_2011_PRIET.jpg\" \/>\n\t<meta property=\"og:image:width\" content=\"214\" \/>\n\t<meta property=\"og:image:height\" content=\"185\" \/>\n<meta name=\"twitter:card\" content=\"summary_large_image\" \/>\n<meta name=\"twitter:site\" content=\"@agence_vu\" \/>\n<script type=\"application\/ld+json\" class=\"yoast-schema-graph\">{\"@context\":\"https:\/\/schema.org\",\"@graph\":[{\"@type\":\"WebSite\",\"@id\":\"https:\/\/agencevu.com\/en\/#website\",\"url\":\"https:\/\/agencevu.com\/en\/\",\"name\":\"Agence VU&#039;\",\"description\":\"Agency of photographers founded in 1986\",\"potentialAction\":[{\"@type\":\"SearchAction\",\"target\":\"https:\/\/agencevu.com\/en\/?s={search_term_string}\",\"query-input\":\"required name=search_term_string\"}],\"inLanguage\":\"en-US\"},{\"@type\":\"ImageObject\",\"@id\":\"#primaryimage\",\"inLanguage\":\"en-US\",\"url\":\"https:\/\/agencevu.com\/wp-content\/uploads\/2019\/06\/00-previewLivre_Perou_Chambi_Castro_2011_PRIET.jpg\",\"contentUrl\":\"https:\/\/agencevu.com\/wp-content\/uploads\/2019\/06\/00-previewLivre_Perou_Chambi_Castro_2011_PRIET.jpg\",\"width\":214,\"height\":185},{\"@type\":\"WebPage\",\"@id\":\"#webpage\",\"url\":null,\"name\":\"Mart\\u00edn Chamb\\u00ed Per\\u00fa Castro Prieto - Agence VU&#039;\",\"isPartOf\":{\"@id\":\"https:\/\/agencevu.com\/en\/#website\"},\"primaryImageOfPage\":{\"@id\":\"#primaryimage\"},\"datePublished\":\"2011-02-01T16:39:53+00:00\",\"dateModified\":\"2021-05-20T11:03:56+00:00\",\"breadcrumb\":{\"@id\":\"#breadcrumb\"},\"inLanguage\":\"en-US\",\"potentialAction\":[{\"@type\":\"ReadAction\",\"target\":[null]}]},{\"@type\":\"BreadcrumbList\",\"@id\":\"#breadcrumb\",\"itemListElement\":[{\"@type\":\"ListItem\",\"position\":1,\"item\":{\"@type\":\"WebPage\",\"@id\":\"https:\/\/agencevu.com\/en\/home\/\",\"url\":\"https:\/\/agencevu.com\/en\/home\/\",\"name\":\"Home\"}},{\"@type\":\"ListItem\",\"position\":2,\"item\":{\"@type\":\"WebPage\",\"@id\":\"https:\/\/agencevu.com\/en\/book\/\",\"url\":\"https:\/\/agencevu.com\/en\/book\/\",\"name\":\"Livres\"}},{\"@type\":\"ListItem\",\"position\":3,\"item\":{\"@id\":\"#webpage\"}}]}]}<\/script>\n<!-- \/ Yoast SEO plugin. -->","_links":{"self":[{"href":"https:\/\/agencevu.com\/en\/wp-json\/wp\/v2\/livre\/28511"}],"collection":[{"href":"https:\/\/agencevu.com\/en\/wp-json\/wp\/v2\/livre"}],"about":[{"href":"https:\/\/agencevu.com\/en\/wp-json\/wp\/v2\/types\/livre"}],"version-history":[{"count":2,"href":"https:\/\/agencevu.com\/en\/wp-json\/wp\/v2\/livre\/28511\/revisions"}],"predecessor-version":[{"id":158292,"href":"https:\/\/agencevu.com\/en\/wp-json\/wp\/v2\/livre\/28511\/revisions\/158292"}],"wp:featuredmedia":[{"embeddable":true,"href":"https:\/\/agencevu.com\/en\/wp-json\/wp\/v2\/media\/28446"}],"wp:attachment":[{"href":"https:\/\/agencevu.com\/en\/wp-json\/wp\/v2\/media?parent=28511"}],"wp:term":[{"taxonomy":"category","embeddable":true,"href":"https:\/\/agencevu.com\/en\/wp-json\/wp\/v2\/categories?post=28511"},{"taxonomy":"post_tag","embeddable":true,"href":"https:\/\/agencevu.com\/en\/wp-json\/wp\/v2\/tags?post=28511"},{"taxonomy":"annee","embeddable":true,"href":"https:\/\/agencevu.com\/en\/wp-json\/wp\/v2\/annee?post=28511"},{"taxonomy":"photographe","embeddable":true,"href":"https:\/\/agencevu.com\/en\/wp-json\/wp\/v2\/photographe?post=28511"},{"taxonomy":"section_taxonomy","embeddable":true,"href":"https:\/\/agencevu.com\/en\/wp-json\/wp\/v2\/section_taxonomy?post=28511"}],"curies":[{"name":"wp","href":"https:\/\/api.w.org\/{rel}","templated":true}]}}