{"id":27926,"date":"2006-01-15T12:31:51","date_gmt":"2006-01-15T11:31:51","guid":{"rendered":"https:\/\/lesaint.abvent.com\/livre\/esperando-al-cargo\/"},"modified":"2020-09-15T17:20:21","modified_gmt":"2020-09-15T15:20:21","slug":"esperando-al-cargo","status":"publish","type":"livre","link":"https:\/\/agencevu.com\/en\/book\/esperando-al-cargo\/","title":{"rendered":"Esperando al cargo"},"content":{"rendered":"<div id='av_section_1'  class='avia-section main_color avia-section-small avia-no-border-styling  avia-bg-style-scroll  avia-builder-el-0  el_before_av_section  avia-builder-el-first   container_wrap fullsize' style='background-color: #f1f1f1;  '  ><div class='container' ><main  role=\"main\" itemprop=\"mainContentOfPage\"  class='template-page content  av-content-full alpha units'><div class='post-entry post-entry-type-page post-entry-27926'><div class='entry-content-wrapper clearfix'>\n<section class=\"av_textblock_section \"  itemscope=\"itemscope\" itemtype=\"https:\/\/schema.org\/CreativeWork\" ><div class='avia_textblock  '   itemprop=\"text\" ><p class=\"titre-page\"><a style=\"text-decoration: none; color: #707070;\" href=\"\/en\/books\/\">Books<\/a><\/p>\n<hr class=\"hr-titre-page\">\n<\/div><\/section>\n<\/div><\/div><\/main><!-- close content main element --><\/div><\/div><div id='av_section_2'  class='avia-section main_color avia-section-default avia-no-border-styling  avia-bg-style-scroll  avia-builder-el-2  el_after_av_section  el_before_av_section   container_wrap fullsize' style=' '  ><div class='container' ><div class='template-page content  av-content-full alpha units'><div class='post-entry post-entry-type-page post-entry-27926'><div class='entry-content-wrapper clearfix'>\n<div class=\"flex_column av_one_half  flex_column_div av-zero-column-padding first  avia-builder-el-3  el_before_av_one_third  avia-builder-el-first  \" style='border-radius:0px; '><div  class='avia-image-container  av-styling-no-styling    avia-builder-el-4  avia-builder-el-no-sibling  avia-align-center '  itemprop=\"image\" itemscope=\"itemscope\" itemtype=\"https:\/\/schema.org\/ImageObject\"  ><div class='avia-image-container-inner'><div class='avia-image-overlay-wrap'><img class='wp-image-27889 avia-img-lazy-loading-not-27889 avia_image' src=\"https:\/\/agencevu.com\/wp-content\/uploads\/2019\/06\/2006_00ESPERANDO-AL-CARGO_PRIET_couv.jpg\" alt='' title='2006_00ESPERANDO AL CARGO_PRIET_couv' height=\"1080\" width=\"1137\"  itemprop=\"thumbnailUrl\" srcset=\"https:\/\/agencevu.com\/wp-content\/uploads\/2019\/06\/2006_00ESPERANDO-AL-CARGO_PRIET_couv.jpg 1137w, https:\/\/agencevu.com\/wp-content\/uploads\/2019\/06\/2006_00ESPERANDO-AL-CARGO_PRIET_couv-80x76.jpg 80w, https:\/\/agencevu.com\/wp-content\/uploads\/2019\/06\/2006_00ESPERANDO-AL-CARGO_PRIET_couv-300x285.jpg 300w, https:\/\/agencevu.com\/wp-content\/uploads\/2019\/06\/2006_00ESPERANDO-AL-CARGO_PRIET_couv-768x729.jpg 768w, https:\/\/agencevu.com\/wp-content\/uploads\/2019\/06\/2006_00ESPERANDO-AL-CARGO_PRIET_couv-1030x978.jpg 1030w, https:\/\/agencevu.com\/wp-content\/uploads\/2019\/06\/2006_00ESPERANDO-AL-CARGO_PRIET_couv-705x670.jpg 705w, https:\/\/agencevu.com\/wp-content\/uploads\/2019\/06\/2006_00ESPERANDO-AL-CARGO_PRIET_couv-450x427.jpg 450w\" sizes=\"(max-width: 1137px) 100vw, 1137px\" \/><\/div><\/div><\/div><\/div><div class=\"flex_column av_one_third  flex_column_div av-zero-column-padding   avia-builder-el-5  el_after_av_one_half  avia-builder-el-last  \" style='border-radius:0px; '><section class=\"av_textblock_section \"  itemscope=\"itemscope\" itemtype=\"https:\/\/schema.org\/CreativeWork\" ><div class='avia_textblock  '   itemprop=\"text\" ><p style=\"text-align: center; color: #76a38b; font-size: 25px; font-weight: 600;\"><a style=\"text-decoration: none;\" href=\"\/en\/photographer\/Juan-Manuel-Castro-Prieto\/\">Juan Manuel Castro Prieto<\/a><\/p>\n<h3 style=\"text-align: center; font-weight: 300;\"><em>Esperando al cargo<\/em><\/h3>\n<\/div><\/section><br \/>\n<div  style='height:30px' class='hr hr-invisible   avia-builder-el-7  el_after_av_textblock  el_before_av_textblock '><span class='hr-inner ' ><span class='hr-inner-style'><\/span><\/span><\/div><br \/>\n<section class=\"av_textblock_section \"  itemscope=\"itemscope\" itemtype=\"https:\/\/schema.org\/CreativeWork\" ><div class='avia_textblock  '   itemprop=\"text\" ><p> En 2004, Juan Manuel Castro Prieto s&#8217;est rendu sur l&#8217;\u00eele de Tanna, situ\u00e9e dans les mers du Sud de l&#8217;archipel de Vanuatu. Il est arriv\u00e9 accompagn\u00e9 de Paco Gomez et d&#8217;un journaliste du magazine allemand Mare dans le but de faire un reportage. (Alejandro Castellote)<\/p>\n<\/div><\/section><br \/>\n<div  style='height:20px' class='hr hr-invisible   avia-builder-el-9  el_after_av_textblock  el_before_av_textblock '><span class='hr-inner ' ><span class='hr-inner-style'><\/span><\/span><\/div><br \/>\n<section class=\"av_textblock_section \"  itemscope=\"itemscope\" itemtype=\"https:\/\/schema.org\/CreativeWork\" ><div class='avia_textblock  '   itemprop=\"text\" ><p> <strong>Photographer :<\/strong> Juan Manuel Castro Prieto<br \/>\n <strong>Text by :<\/strong> Dimitri Ladischensky<br \/>\n <strong>Publisher :<\/strong> Ediciones de La Isla<br \/>\n <strong>Release date :<\/strong> 2006<br \/>\n <strong> ISBN :<\/strong> 978-84-611-4626-0<br \/>\n <strong> Book size :<\/strong> 30 x 30 cm<br \/>\n <strong> Language :<\/strong> Spanish<br \/>\n 28 pages<\/p>\n<\/div><\/section><br \/>\n<div  style='height:10px' class='hr hr-invisible   avia-builder-el-11  el_after_av_textblock  el_before_av_button '><span class='hr-inner ' ><span class='hr-inner-style'><\/span><\/span><\/div><br \/>\n<div  class='avia-button-wrap avia-button-left  avia-builder-el-12  el_after_av_hr  avia-builder-el-last ' ><a href='https:\/\/laboutiquevu.com\/fr\/livres-signes\/52-esperando-al-cargo-.html' class='avia-button  avia-color-theme-color-highlight   avia-icon_select-no avia-size-small avia-position-left ' target=\"_blank\" rel=\"noopener noreferrer\"><span class='avia_iconbox_title' >Buy this book<\/span><\/a><\/div><\/p><\/div><\/div><\/div><\/div><!-- close content main div --><\/div><\/div><div id='av_section_3'  class='avia-section main_color avia-section-default avia-no-border-styling  avia-bg-style-scroll  avia-builder-el-13  el_after_av_section  avia-builder-el-last   container_wrap fullsize' style=' '  ><div class='container' ><div class='template-page content  av-content-full alpha units'><div class='post-entry post-entry-type-page post-entry-27926'><div class='entry-content-wrapper clearfix'>\n<div class=\"flex_column av_one_third  flex_column_div av-zero-column-padding first  avia-builder-el-14  el_before_av_one_third  avia-builder-el-first  \" style='border-radius:0px; '><div  class='avia-image-container  av-styling-no-styling    avia-builder-el-15  avia-builder-el-no-sibling  avia-align-center '  itemprop=\"image\" itemscope=\"itemscope\" itemtype=\"https:\/\/schema.org\/ImageObject\"  ><div class='avia-image-container-inner'><div class='avia-image-overlay-wrap'><img class='wp-image-27891 avia-img-lazy-loading-not-27891 avia_image' src=\"https:\/\/agencevu.com\/wp-content\/uploads\/2019\/06\/2006_Esperanda-al-cargo_Prieto_extrait_01.jpg\" alt='' title='Vanuatu, Cult cargo boat' height=\"1080\" width=\"1078\"  itemprop=\"thumbnailUrl\" srcset=\"https:\/\/agencevu.com\/wp-content\/uploads\/2019\/06\/2006_Esperanda-al-cargo_Prieto_extrait_01.jpg 1078w, https:\/\/agencevu.com\/wp-content\/uploads\/2019\/06\/2006_Esperanda-al-cargo_Prieto_extrait_01-80x80.jpg 80w, https:\/\/agencevu.com\/wp-content\/uploads\/2019\/06\/2006_Esperanda-al-cargo_Prieto_extrait_01-300x300.jpg 300w, https:\/\/agencevu.com\/wp-content\/uploads\/2019\/06\/2006_Esperanda-al-cargo_Prieto_extrait_01-768x769.jpg 768w, https:\/\/agencevu.com\/wp-content\/uploads\/2019\/06\/2006_Esperanda-al-cargo_Prieto_extrait_01-1028x1030.jpg 1028w, https:\/\/agencevu.com\/wp-content\/uploads\/2019\/06\/2006_Esperanda-al-cargo_Prieto_extrait_01-36x36.jpg 36w, https:\/\/agencevu.com\/wp-content\/uploads\/2019\/06\/2006_Esperanda-al-cargo_Prieto_extrait_01-180x180.jpg 180w, https:\/\/agencevu.com\/wp-content\/uploads\/2019\/06\/2006_Esperanda-al-cargo_Prieto_extrait_01-705x705.jpg 705w, https:\/\/agencevu.com\/wp-content\/uploads\/2019\/06\/2006_Esperanda-al-cargo_Prieto_extrait_01-120x120.jpg 120w, https:\/\/agencevu.com\/wp-content\/uploads\/2019\/06\/2006_Esperanda-al-cargo_Prieto_extrait_01-450x451.jpg 450w\" sizes=\"(max-width: 1078px) 100vw, 1078px\" \/><\/div><\/div><\/div><\/div><div class=\"flex_column av_one_third  flex_column_div av-zero-column-padding   avia-builder-el-16  el_after_av_one_third  el_before_av_one_third  \" style='border-radius:0px; '><div  class='avia-image-container  av-styling-no-styling    avia-builder-el-17  avia-builder-el-no-sibling  avia-align-center '  itemprop=\"image\" itemscope=\"itemscope\" itemtype=\"https:\/\/schema.org\/ImageObject\"  ><div class='avia-image-container-inner'><div class='avia-image-overlay-wrap'><img class='wp-image-27893 avia-img-lazy-loading-not-27893 avia_image' src=\"https:\/\/agencevu.com\/wp-content\/uploads\/2019\/06\/2006_Esperanda-al-cargo_Prieto_extrait_02.jpg\" alt='' title='Vanuatu, Cult cargo boat' height=\"1080\" width=\"1080\"  itemprop=\"thumbnailUrl\" srcset=\"https:\/\/agencevu.com\/wp-content\/uploads\/2019\/06\/2006_Esperanda-al-cargo_Prieto_extrait_02.jpg 1080w, https:\/\/agencevu.com\/wp-content\/uploads\/2019\/06\/2006_Esperanda-al-cargo_Prieto_extrait_02-80x80.jpg 80w, https:\/\/agencevu.com\/wp-content\/uploads\/2019\/06\/2006_Esperanda-al-cargo_Prieto_extrait_02-300x300.jpg 300w, https:\/\/agencevu.com\/wp-content\/uploads\/2019\/06\/2006_Esperanda-al-cargo_Prieto_extrait_02-768x768.jpg 768w, https:\/\/agencevu.com\/wp-content\/uploads\/2019\/06\/2006_Esperanda-al-cargo_Prieto_extrait_02-1030x1030.jpg 1030w, https:\/\/agencevu.com\/wp-content\/uploads\/2019\/06\/2006_Esperanda-al-cargo_Prieto_extrait_02-36x36.jpg 36w, https:\/\/agencevu.com\/wp-content\/uploads\/2019\/06\/2006_Esperanda-al-cargo_Prieto_extrait_02-180x180.jpg 180w, https:\/\/agencevu.com\/wp-content\/uploads\/2019\/06\/2006_Esperanda-al-cargo_Prieto_extrait_02-705x705.jpg 705w, https:\/\/agencevu.com\/wp-content\/uploads\/2019\/06\/2006_Esperanda-al-cargo_Prieto_extrait_02-120x120.jpg 120w, https:\/\/agencevu.com\/wp-content\/uploads\/2019\/06\/2006_Esperanda-al-cargo_Prieto_extrait_02-450x450.jpg 450w\" sizes=\"(max-width: 1080px) 100vw, 1080px\" \/><\/div><\/div><\/div><\/div><div class=\"flex_column av_one_third  flex_column_div av-zero-column-padding   avia-builder-el-18  el_after_av_one_third  el_before_av_one_half  \" style='border-radius:0px; '><div  class='avia-image-container  av-styling-no-styling    avia-builder-el-19  avia-builder-el-no-sibling  avia-align-center '  itemprop=\"image\" itemscope=\"itemscope\" itemtype=\"https:\/\/schema.org\/ImageObject\"  ><div class='avia-image-container-inner'><div class='avia-image-overlay-wrap'><img class='wp-image-27895 avia-img-lazy-loading-not-27895 avia_image' src=\"https:\/\/agencevu.com\/wp-content\/uploads\/2019\/06\/2006_Esperanda-al-cargo_Prieto_extrait_03.jpg\" alt='' title='Vanuatu, Cult cargo boat' height=\"1080\" width=\"1071\"  itemprop=\"thumbnailUrl\" srcset=\"https:\/\/agencevu.com\/wp-content\/uploads\/2019\/06\/2006_Esperanda-al-cargo_Prieto_extrait_03.jpg 1071w, https:\/\/agencevu.com\/wp-content\/uploads\/2019\/06\/2006_Esperanda-al-cargo_Prieto_extrait_03-80x80.jpg 80w, https:\/\/agencevu.com\/wp-content\/uploads\/2019\/06\/2006_Esperanda-al-cargo_Prieto_extrait_03-298x300.jpg 298w, https:\/\/agencevu.com\/wp-content\/uploads\/2019\/06\/2006_Esperanda-al-cargo_Prieto_extrait_03-768x774.jpg 768w, https:\/\/agencevu.com\/wp-content\/uploads\/2019\/06\/2006_Esperanda-al-cargo_Prieto_extrait_03-1021x1030.jpg 1021w, https:\/\/agencevu.com\/wp-content\/uploads\/2019\/06\/2006_Esperanda-al-cargo_Prieto_extrait_03-36x36.jpg 36w, https:\/\/agencevu.com\/wp-content\/uploads\/2019\/06\/2006_Esperanda-al-cargo_Prieto_extrait_03-699x705.jpg 699w, https:\/\/agencevu.com\/wp-content\/uploads\/2019\/06\/2006_Esperanda-al-cargo_Prieto_extrait_03-120x120.jpg 120w, https:\/\/agencevu.com\/wp-content\/uploads\/2019\/06\/2006_Esperanda-al-cargo_Prieto_extrait_03-450x454.jpg 450w\" sizes=\"(max-width: 1071px) 100vw, 1071px\" \/><\/div><\/div><\/div><\/div><div class=\"flex_column av_one_half  flex_column_div av-zero-column-padding first  avia-builder-el-20  el_after_av_one_third  el_before_av_one_half  column-top-margin\" style='border-radius:0px; '><div  class='avia-image-container  av-styling-no-styling    avia-builder-el-21  avia-builder-el-no-sibling  avia-align-center '  itemprop=\"image\" itemscope=\"itemscope\" itemtype=\"https:\/\/schema.org\/ImageObject\"  ><div class='avia-image-container-inner'><div class='avia-image-overlay-wrap'><img class='wp-image-27897 avia-img-lazy-loading-not-27897 avia_image' src=\"https:\/\/agencevu.com\/wp-content\/uploads\/2019\/06\/2006_Esperanda-al-cargo_Prieto_extrait_04.jpg\" alt='' title='Vanuatu, Cult cargo boat' height=\"1080\" width=\"1079\"  itemprop=\"thumbnailUrl\" srcset=\"https:\/\/agencevu.com\/wp-content\/uploads\/2019\/06\/2006_Esperanda-al-cargo_Prieto_extrait_04.jpg 1079w, https:\/\/agencevu.com\/wp-content\/uploads\/2019\/06\/2006_Esperanda-al-cargo_Prieto_extrait_04-80x80.jpg 80w, https:\/\/agencevu.com\/wp-content\/uploads\/2019\/06\/2006_Esperanda-al-cargo_Prieto_extrait_04-300x300.jpg 300w, https:\/\/agencevu.com\/wp-content\/uploads\/2019\/06\/2006_Esperanda-al-cargo_Prieto_extrait_04-768x769.jpg 768w, https:\/\/agencevu.com\/wp-content\/uploads\/2019\/06\/2006_Esperanda-al-cargo_Prieto_extrait_04-1030x1030.jpg 1030w, https:\/\/agencevu.com\/wp-content\/uploads\/2019\/06\/2006_Esperanda-al-cargo_Prieto_extrait_04-36x36.jpg 36w, https:\/\/agencevu.com\/wp-content\/uploads\/2019\/06\/2006_Esperanda-al-cargo_Prieto_extrait_04-180x180.jpg 180w, https:\/\/agencevu.com\/wp-content\/uploads\/2019\/06\/2006_Esperanda-al-cargo_Prieto_extrait_04-705x705.jpg 705w, https:\/\/agencevu.com\/wp-content\/uploads\/2019\/06\/2006_Esperanda-al-cargo_Prieto_extrait_04-120x120.jpg 120w, https:\/\/agencevu.com\/wp-content\/uploads\/2019\/06\/2006_Esperanda-al-cargo_Prieto_extrait_04-450x450.jpg 450w\" sizes=\"(max-width: 1079px) 100vw, 1079px\" \/><\/div><\/div><\/div><\/div><div class=\"flex_column av_one_half  flex_column_div av-zero-column-padding   avia-builder-el-22  el_after_av_one_half  avia-builder-el-last  column-top-margin\" style='border-radius:0px; '><div  class='avia-image-container  av-styling-no-styling    avia-builder-el-23  avia-builder-el-no-sibling  avia-align-center '  itemprop=\"image\" itemscope=\"itemscope\" itemtype=\"https:\/\/schema.org\/ImageObject\"  ><div class='avia-image-container-inner'><div class='avia-image-overlay-wrap'><img class='wp-image-27899 avia-img-lazy-loading-not-27899 avia_image' src=\"https:\/\/agencevu.com\/wp-content\/uploads\/2019\/06\/2006_Esperanda-al-cargo_Prieto_extrait_05.jpg\" alt='' title='Vanuatu, Cult cargo boat' height=\"1080\" width=\"1132\"  itemprop=\"thumbnailUrl\" srcset=\"https:\/\/agencevu.com\/wp-content\/uploads\/2019\/06\/2006_Esperanda-al-cargo_Prieto_extrait_05.jpg 1132w, https:\/\/agencevu.com\/wp-content\/uploads\/2019\/06\/2006_Esperanda-al-cargo_Prieto_extrait_05-80x76.jpg 80w, https:\/\/agencevu.com\/wp-content\/uploads\/2019\/06\/2006_Esperanda-al-cargo_Prieto_extrait_05-300x286.jpg 300w, https:\/\/agencevu.com\/wp-content\/uploads\/2019\/06\/2006_Esperanda-al-cargo_Prieto_extrait_05-768x733.jpg 768w, https:\/\/agencevu.com\/wp-content\/uploads\/2019\/06\/2006_Esperanda-al-cargo_Prieto_extrait_05-1030x983.jpg 1030w, https:\/\/agencevu.com\/wp-content\/uploads\/2019\/06\/2006_Esperanda-al-cargo_Prieto_extrait_05-705x673.jpg 705w, https:\/\/agencevu.com\/wp-content\/uploads\/2019\/06\/2006_Esperanda-al-cargo_Prieto_extrait_05-450x429.jpg 450w\" sizes=\"(max-width: 1132px) 100vw, 1132px\" \/><\/div><\/div><\/div><\/div><\/p>\n","protected":false},"excerpt":{"rendered":"<p>Ediciones de La Isla &#8211; 2006<\/p>\n","protected":false},"featured_media":27901,"menu_order":0,"template":"","categories":[],"tags":[10306,5527],"annee":[10307],"photographe":[5578],"section_taxonomy":[5500],"yoast_head":"<!-- This site is optimized with the Yoast SEO plugin v16.3 - https:\/\/yoast.com\/wordpress\/plugins\/seo\/ -->\n<title>Esperando al cargo - Agence VU&#039;<\/title>\n<meta name=\"robots\" content=\"index, follow, max-snippet:-1, max-image-preview:large, max-video-preview:-1\" \/>\n<link rel=\"canonical\" href=\"\/\" \/>\n<meta property=\"og:locale\" content=\"en_US\" \/>\n<meta property=\"og:type\" content=\"article\" \/>\n<meta property=\"og:title\" content=\"Esperando al cargo - Agence VU&#039;\" \/>\n<meta property=\"og:description\" content=\"Ediciones de La Isla - 2006\" \/>\n<meta property=\"og:site_name\" content=\"Agence VU&#039;\" \/>\n<meta property=\"article:publisher\" content=\"https:\/\/www.facebook.com\/VUagence\" \/>\n<meta property=\"article:modified_time\" content=\"2020-09-15T15:20:21+00:00\" \/>\n<meta property=\"og:image\" content=\"https:\/\/agencevu.com\/wp-content\/uploads\/2019\/06\/Livre_ESPERANDO-AL-CARGO_PRIET.jpg\" \/>\n\t<meta property=\"og:image:width\" content=\"195\" \/>\n\t<meta property=\"og:image:height\" content=\"185\" \/>\n<meta name=\"twitter:card\" content=\"summary_large_image\" \/>\n<meta name=\"twitter:site\" content=\"@agence_vu\" \/>\n<script type=\"application\/ld+json\" class=\"yoast-schema-graph\">{\"@context\":\"https:\/\/schema.org\",\"@graph\":[{\"@type\":\"WebSite\",\"@id\":\"https:\/\/agencevu.com\/en\/#website\",\"url\":\"https:\/\/agencevu.com\/en\/\",\"name\":\"Agence VU&#039;\",\"description\":\"Agency of photographers founded in 1986\",\"potentialAction\":[{\"@type\":\"SearchAction\",\"target\":\"https:\/\/agencevu.com\/en\/?s={search_term_string}\",\"query-input\":\"required name=search_term_string\"}],\"inLanguage\":\"en-US\"},{\"@type\":\"ImageObject\",\"@id\":\"#primaryimage\",\"inLanguage\":\"en-US\",\"url\":\"https:\/\/agencevu.com\/wp-content\/uploads\/2019\/06\/Livre_ESPERANDO-AL-CARGO_PRIET.jpg\",\"contentUrl\":\"https:\/\/agencevu.com\/wp-content\/uploads\/2019\/06\/Livre_ESPERANDO-AL-CARGO_PRIET.jpg\",\"width\":195,\"height\":185},{\"@type\":\"WebPage\",\"@id\":\"#webpage\",\"url\":null,\"name\":\"Esperando al cargo - Agence VU&#039;\",\"isPartOf\":{\"@id\":\"https:\/\/agencevu.com\/en\/#website\"},\"primaryImageOfPage\":{\"@id\":\"#primaryimage\"},\"datePublished\":\"2006-01-15T11:31:51+00:00\",\"dateModified\":\"2020-09-15T15:20:21+00:00\",\"breadcrumb\":{\"@id\":\"#breadcrumb\"},\"inLanguage\":\"en-US\",\"potentialAction\":[{\"@type\":\"ReadAction\",\"target\":[null]}]},{\"@type\":\"BreadcrumbList\",\"@id\":\"#breadcrumb\",\"itemListElement\":[{\"@type\":\"ListItem\",\"position\":1,\"item\":{\"@type\":\"WebPage\",\"@id\":\"https:\/\/agencevu.com\/en\/home\/\",\"url\":\"https:\/\/agencevu.com\/en\/home\/\",\"name\":\"Home\"}},{\"@type\":\"ListItem\",\"position\":2,\"item\":{\"@type\":\"WebPage\",\"@id\":\"https:\/\/agencevu.com\/en\/book\/\",\"url\":\"https:\/\/agencevu.com\/en\/book\/\",\"name\":\"Livres\"}},{\"@type\":\"ListItem\",\"position\":3,\"item\":{\"@id\":\"#webpage\"}}]}]}<\/script>\n<!-- \/ Yoast SEO plugin. -->","_links":{"self":[{"href":"https:\/\/agencevu.com\/en\/wp-json\/wp\/v2\/livre\/27926"}],"collection":[{"href":"https:\/\/agencevu.com\/en\/wp-json\/wp\/v2\/livre"}],"about":[{"href":"https:\/\/agencevu.com\/en\/wp-json\/wp\/v2\/types\/livre"}],"version-history":[{"count":0,"href":"https:\/\/agencevu.com\/en\/wp-json\/wp\/v2\/livre\/27926\/revisions"}],"wp:featuredmedia":[{"embeddable":true,"href":"https:\/\/agencevu.com\/en\/wp-json\/wp\/v2\/media\/27901"}],"wp:attachment":[{"href":"https:\/\/agencevu.com\/en\/wp-json\/wp\/v2\/media?parent=27926"}],"wp:term":[{"taxonomy":"category","embeddable":true,"href":"https:\/\/agencevu.com\/en\/wp-json\/wp\/v2\/categories?post=27926"},{"taxonomy":"post_tag","embeddable":true,"href":"https:\/\/agencevu.com\/en\/wp-json\/wp\/v2\/tags?post=27926"},{"taxonomy":"annee","embeddable":true,"href":"https:\/\/agencevu.com\/en\/wp-json\/wp\/v2\/annee?post=27926"},{"taxonomy":"photographe","embeddable":true,"href":"https:\/\/agencevu.com\/en\/wp-json\/wp\/v2\/photographe?post=27926"},{"taxonomy":"section_taxonomy","embeddable":true,"href":"https:\/\/agencevu.com\/en\/wp-json\/wp\/v2\/section_taxonomy?post=27926"}],"curies":[{"name":"wp","href":"https:\/\/api.w.org\/{rel}","templated":true}]}}