{"id":184597,"date":"2022-06-14T11:54:29","date_gmt":"2022-06-14T09:54:29","guid":{"rendered":"https:\/\/agencevu.com\/?post_type=livre&#038;p=184597"},"modified":"2022-06-14T11:58:05","modified_gmt":"2022-06-14T09:58:05","slug":"lands-of-cinematography","status":"publish","type":"livre","link":"https:\/\/agencevu.com\/en\/book\/lands-of-cinematography\/","title":{"rendered":"Lands of Cinematography"},"content":{"rendered":"<div id='av_section_1'  class='avia-section main_color avia-section-small avia-no-border-styling  avia-bg-style-scroll  avia-builder-el-0  el_before_av_section  avia-builder-el-first   container_wrap fullsize' style='background-color: #f1f1f1;  '  ><div class='container' ><main  role=\"main\" itemprop=\"mainContentOfPage\"  class='template-page content  av-content-full alpha units'><div class='post-entry post-entry-type-page post-entry-184597'><div class='entry-content-wrapper clearfix'>\n<section class=\"av_textblock_section \"  itemscope=\"itemscope\" itemtype=\"https:\/\/schema.org\/CreativeWork\" ><div class='avia_textblock  '   itemprop=\"text\" ><p class=\"titre-page\"><a style=\"text-decoration: none; color: #707070;\" href=\"https:\/\/agencevu.com\/en\/books\/\">Books<\/a><\/p>\n<hr class=\"hr-titre-page\">\n<\/div><\/section>\n<\/div><\/div><\/main><!-- close content main element --><\/div><\/div><div id='av_section_2'  class='avia-section main_color avia-section-default avia-no-border-styling  avia-bg-style-scroll  avia-builder-el-2  el_after_av_section  avia-builder-el-last   container_wrap fullsize' style=' '  ><div class='container' ><div class='template-page content  av-content-full alpha units'><div class='post-entry post-entry-type-page post-entry-184597'><div class='entry-content-wrapper clearfix'>\n<div class=\"flex_column av_one_half  flex_column_div av-zero-column-padding first  avia-builder-el-3  el_before_av_one_half  avia-builder-el-first  \" style='border-radius:0px; '><div  class='avia-image-container  av-styling-no-styling    avia-builder-el-4  avia-builder-el-no-sibling  avia-align-center '  itemprop=\"image\" itemscope=\"itemscope\" itemtype=\"https:\/\/schema.org\/ImageObject\"  ><div class='avia-image-container-inner'><div class='avia-image-overlay-wrap'><img class='wp-image-184580 avia-img-lazy-loading-not-184580 avia_image' src=\"https:\/\/agencevu.com\/wp-content\/uploads\/2022\/06\/2022_Territoires-du-cinematographe_Frederic-Lecloux-1.jpg\" alt='' title='2022_Territoires du cin\u00e9matographe_Fr\u00e9d\u00e9ric Lecloux-1' height=\"867\" width=\"630\"  itemprop=\"thumbnailUrl\" srcset=\"https:\/\/agencevu.com\/wp-content\/uploads\/2022\/06\/2022_Territoires-du-cinematographe_Frederic-Lecloux-1.jpg 630w, https:\/\/agencevu.com\/wp-content\/uploads\/2022\/06\/2022_Territoires-du-cinematographe_Frederic-Lecloux-1-218x300.jpg 218w, https:\/\/agencevu.com\/wp-content\/uploads\/2022\/06\/2022_Territoires-du-cinematographe_Frederic-Lecloux-1-58x80.jpg 58w, https:\/\/agencevu.com\/wp-content\/uploads\/2022\/06\/2022_Territoires-du-cinematographe_Frederic-Lecloux-1-512x705.jpg 512w\" sizes=\"(max-width: 630px) 100vw, 630px\" \/><\/div><\/div><\/div><\/div><div class=\"flex_column av_one_half  flex_column_div av-zero-column-padding   avia-builder-el-5  el_after_av_one_half  el_before_av_one_half  \" style='border-radius:0px; '><section class=\"av_textblock_section \"  itemscope=\"itemscope\" itemtype=\"https:\/\/schema.org\/CreativeWork\" ><div class='avia_textblock  '   itemprop=\"text\" ><p style=\"color: #76a38b; font-size: 25px; font-weight: 600; text-align: left;\"><a style=\"text-decoration: none;\" href=\"https:\/\/agencevu.com\/en\/photographer\/frederic-lecloux\/\">Fr\u00e9d\u00e9ric Lecloux<\/a><\/p>\n<h3 style=\"font-weight: 300; font-size: 20px; text-align: left;\"><em>Lands of Cinematography<\/em><\/h3>\n<h3 style=\"font-weight: 300; font-size: 15px; text-align: left;\"><em>Journal of a Country Cinema<\/em><\/h3>\n<\/div><\/section><br \/>\n<div  style='height:20px' class='hr hr-invisible   avia-builder-el-7  el_after_av_textblock  el_before_av_textblock '><span class='hr-inner ' ><span class='hr-inner-style'><\/span><\/span><\/div><br \/>\n<section class=\"av_textblock_section \"  itemscope=\"itemscope\" itemtype=\"https:\/\/schema.org\/CreativeWork\" ><div class='avia_textblock textJustify '   itemprop=\"text\" ><p>At the end of 2019, Fr\u00e9d\u00e9ric Lecloux embarked on a photographic work highlighting the local presence of cinema in Ard\u00e8che and La Dr\u00f4me. From festivals to travelling cinemas, from town to village, he reports on the social role of the 7th art and begins to reflect on the future of cinema after the pandemic. The book includes his journal and a series of photos by Anne-Lore Mesnage, which revisit the locations where filming took place.<\/p>\n<\/div><\/section><br \/>\n<div  style='height:10px' class='hr hr-invisible   avia-builder-el-9  el_after_av_textblock  el_before_av_textblock '><span class='hr-inner ' ><span class='hr-inner-style'><\/span><\/span><\/div><br \/>\n<section class=\"av_textblock_section \"  itemscope=\"itemscope\" itemtype=\"https:\/\/schema.org\/CreativeWork\" ><div class='avia_textblock  '   itemprop=\"text\" ><p><strong>Photographers&nbsp;: <\/strong>Fr\u00e9d\u00e9ric Lecloux, Anne-Lore Mesnage<br \/>\n<strong>Text: <\/strong>Fr\u00e9d\u00e9ric Lecloux<br \/>\n<strong>Publisher:&nbsp;<\/strong>Le Bec en l\u2019Air<br \/>\n<strong>Release Date: <\/strong> 06\/2022<br \/>\n<strong> ISBN :<\/strong> 978-2-36744-170-2<br \/>\n<strong>Book Size :<\/strong> 16 x 22 cm<br \/>\n<strong> Language :<\/strong> French<br \/>\n272 pages<br \/>\n70 color and 29 black and white photographs<\/p>\n<\/div><\/section><br \/>\n<div  style='height:20px' class='hr hr-invisible   avia-builder-el-11  el_after_av_textblock  el_before_av_button '><span class='hr-inner ' ><span class='hr-inner-style'><\/span><\/span><\/div><br \/>\n<div  class='avia-button-wrap avia-button-left  avia-builder-el-12  el_after_av_hr  avia-builder-el-last ' ><a href='https:\/\/laboutiquevu.com\/en\/home\/880-territoires-du-cin%C3%A9matographe.html' class='avia-button  avia-color-theme-color-highlight   avia-icon_select-no avia-size-small avia-position-left ' target=\"_blank\" rel=\"noopener noreferrer\"><span class='avia_iconbox_title' >By the book<\/span><\/a><\/div><\/p><\/div><div class=\"flex_column av_one_half  flex_column_div av-zero-column-padding first  avia-builder-el-13  el_after_av_one_half  el_before_av_one_half  column-top-margin\" style='border-radius:0px; '><p><div  class='avia-image-container  av-styling-no-styling    avia-builder-el-14  el_before_av_hr  avia-builder-el-first  avia-align-center '  itemprop=\"image\" itemscope=\"itemscope\" itemtype=\"https:\/\/schema.org\/ImageObject\"  ><div class='avia-image-container-inner'><div class='avia-image-overlay-wrap'><img class='wp-image-184582 avia-img-lazy-loading-not-184582 avia_image' src=\"https:\/\/agencevu.com\/wp-content\/uploads\/2022\/06\/2022_Territoires-du-cinematographe_Frederic-Lecloux-2.jpg\" alt='' title='2022_Territoires du cin\u00e9matographe_Fr\u00e9d\u00e9ric Lecloux-2' height=\"882\" width=\"1320\"  itemprop=\"thumbnailUrl\" srcset=\"https:\/\/agencevu.com\/wp-content\/uploads\/2022\/06\/2022_Territoires-du-cinematographe_Frederic-Lecloux-2.jpg 1320w, https:\/\/agencevu.com\/wp-content\/uploads\/2022\/06\/2022_Territoires-du-cinematographe_Frederic-Lecloux-2-300x200.jpg 300w, https:\/\/agencevu.com\/wp-content\/uploads\/2022\/06\/2022_Territoires-du-cinematographe_Frederic-Lecloux-2-1030x688.jpg 1030w, https:\/\/agencevu.com\/wp-content\/uploads\/2022\/06\/2022_Territoires-du-cinematographe_Frederic-Lecloux-2-80x53.jpg 80w, https:\/\/agencevu.com\/wp-content\/uploads\/2022\/06\/2022_Territoires-du-cinematographe_Frederic-Lecloux-2-768x513.jpg 768w, https:\/\/agencevu.com\/wp-content\/uploads\/2022\/06\/2022_Territoires-du-cinematographe_Frederic-Lecloux-2-705x471.jpg 705w\" sizes=\"(max-width: 1320px) 100vw, 1320px\" \/><\/div><\/div><\/div><br \/>\n<div  style='height:80px' class='hr hr-invisible   avia-builder-el-15  el_after_av_image  el_before_av_image '><span class='hr-inner ' ><span class='hr-inner-style'><\/span><\/span><\/div><br \/>\n<div  class='avia-image-container  av-styling-no-styling    avia-builder-el-16  el_after_av_hr  avia-builder-el-last  avia-align-center '  itemprop=\"image\" itemscope=\"itemscope\" itemtype=\"https:\/\/schema.org\/ImageObject\"  ><div class='avia-image-container-inner'><div class='avia-image-overlay-wrap'><img class='wp-image-184586 avia-img-lazy-loading-not-184586 avia_image' src=\"https:\/\/agencevu.com\/wp-content\/uploads\/2022\/06\/2022_Territoires-du-cinematographe_Frederic-Lecloux-4.jpg\" alt='' title='2022_Territoires du cin\u00e9matographe_Fr\u00e9d\u00e9ric Lecloux-4' height=\"880\" width=\"1320\"  itemprop=\"thumbnailUrl\" srcset=\"https:\/\/agencevu.com\/wp-content\/uploads\/2022\/06\/2022_Territoires-du-cinematographe_Frederic-Lecloux-4.jpg 1320w, https:\/\/agencevu.com\/wp-content\/uploads\/2022\/06\/2022_Territoires-du-cinematographe_Frederic-Lecloux-4-300x200.jpg 300w, https:\/\/agencevu.com\/wp-content\/uploads\/2022\/06\/2022_Territoires-du-cinematographe_Frederic-Lecloux-4-1030x687.jpg 1030w, https:\/\/agencevu.com\/wp-content\/uploads\/2022\/06\/2022_Territoires-du-cinematographe_Frederic-Lecloux-4-80x53.jpg 80w, https:\/\/agencevu.com\/wp-content\/uploads\/2022\/06\/2022_Territoires-du-cinematographe_Frederic-Lecloux-4-768x512.jpg 768w, https:\/\/agencevu.com\/wp-content\/uploads\/2022\/06\/2022_Territoires-du-cinematographe_Frederic-Lecloux-4-705x470.jpg 705w\" sizes=\"(max-width: 1320px) 100vw, 1320px\" \/><\/div><\/div><\/div><\/p><\/div><div class=\"flex_column av_one_half  flex_column_div av-zero-column-padding   avia-builder-el-17  el_after_av_one_half  avia-builder-el-last  column-top-margin\" style='border-radius:0px; '><p><div  class='avia-image-container  av-styling-no-styling    avia-builder-el-18  el_before_av_hr  avia-builder-el-first  avia-align-center '  itemprop=\"image\" itemscope=\"itemscope\" itemtype=\"https:\/\/schema.org\/ImageObject\"  ><div class='avia-image-container-inner'><div class='avia-image-overlay-wrap'><img class='wp-image-184584 avia-img-lazy-loading-not-184584 avia_image' src=\"https:\/\/agencevu.com\/wp-content\/uploads\/2022\/06\/2022_Territoires-du-cinematographe_Frederic-Lecloux-3.jpg\" alt='' title='2022_Territoires du cin\u00e9matographe_Fr\u00e9d\u00e9ric Lecloux-3' height=\"880\" width=\"1320\"  itemprop=\"thumbnailUrl\" srcset=\"https:\/\/agencevu.com\/wp-content\/uploads\/2022\/06\/2022_Territoires-du-cinematographe_Frederic-Lecloux-3.jpg 1320w, https:\/\/agencevu.com\/wp-content\/uploads\/2022\/06\/2022_Territoires-du-cinematographe_Frederic-Lecloux-3-300x200.jpg 300w, https:\/\/agencevu.com\/wp-content\/uploads\/2022\/06\/2022_Territoires-du-cinematographe_Frederic-Lecloux-3-1030x687.jpg 1030w, https:\/\/agencevu.com\/wp-content\/uploads\/2022\/06\/2022_Territoires-du-cinematographe_Frederic-Lecloux-3-80x53.jpg 80w, https:\/\/agencevu.com\/wp-content\/uploads\/2022\/06\/2022_Territoires-du-cinematographe_Frederic-Lecloux-3-768x512.jpg 768w, https:\/\/agencevu.com\/wp-content\/uploads\/2022\/06\/2022_Territoires-du-cinematographe_Frederic-Lecloux-3-705x470.jpg 705w\" sizes=\"(max-width: 1320px) 100vw, 1320px\" \/><\/div><\/div><\/div><br \/>\n<div  style='height:80px' class='hr hr-invisible   avia-builder-el-19  el_after_av_image  el_before_av_image '><span class='hr-inner ' ><span class='hr-inner-style'><\/span><\/span><\/div><br \/>\n<div  class='avia-image-container  av-styling-no-styling    avia-builder-el-20  el_after_av_hr  avia-builder-el-last  avia-align-center '  itemprop=\"image\" itemscope=\"itemscope\" itemtype=\"https:\/\/schema.org\/ImageObject\"  ><div class='avia-image-container-inner'><div class='avia-image-overlay-wrap'><img class='wp-image-184614 avia-img-lazy-loading-not-184614 avia_image' src=\"https:\/\/agencevu.com\/wp-content\/uploads\/2022\/06\/2022_Territoires-du-cinematographe_Frederic-Lecloux-5.jpg\" alt='' title='2022_Territoires du cin\u00e9matographe_Fr\u00e9d\u00e9ric Lecloux-5' height=\"878\" width=\"1320\"  itemprop=\"thumbnailUrl\" srcset=\"https:\/\/agencevu.com\/wp-content\/uploads\/2022\/06\/2022_Territoires-du-cinematographe_Frederic-Lecloux-5.jpg 1320w, https:\/\/agencevu.com\/wp-content\/uploads\/2022\/06\/2022_Territoires-du-cinematographe_Frederic-Lecloux-5-300x200.jpg 300w, https:\/\/agencevu.com\/wp-content\/uploads\/2022\/06\/2022_Territoires-du-cinematographe_Frederic-Lecloux-5-1030x685.jpg 1030w, https:\/\/agencevu.com\/wp-content\/uploads\/2022\/06\/2022_Territoires-du-cinematographe_Frederic-Lecloux-5-80x53.jpg 80w, https:\/\/agencevu.com\/wp-content\/uploads\/2022\/06\/2022_Territoires-du-cinematographe_Frederic-Lecloux-5-768x511.jpg 768w, https:\/\/agencevu.com\/wp-content\/uploads\/2022\/06\/2022_Territoires-du-cinematographe_Frederic-Lecloux-5-705x469.jpg 705w\" sizes=\"(max-width: 1320px) 100vw, 1320px\" \/><\/div><\/div><\/div><\/p><\/div>\n<\/p>\n","protected":false},"excerpt":{"rendered":"<p>Le Bec en L\u2019Air &#8211; 2022<\/p>\n","protected":false},"featured_media":184588,"menu_order":0,"template":"","categories":[5518],"tags":[12089,5527],"annee":[19152],"photographe":[12090],"section_taxonomy":[5500],"yoast_head":"<!-- This site is optimized with the Yoast SEO plugin v16.3 - https:\/\/yoast.com\/wordpress\/plugins\/seo\/ -->\n<title>Lands of Cinematography - Agence VU&#039;<\/title>\n<meta name=\"description\" content=\"At the end of 2019, Fr\u00e9d\u00e9ric Lecloux embarked on a photographic work highlighting the local presence of cinema in Ard\u00e8che and La Dr\u00f4me. From festivals to travelling cinemas, from town to village, he reports on the social role of the 7th art and begins to reflect on the future of cinema after the pandemic. The book includes his journal and a series of photos by Anne-Lore Mesnage, which revisit the locations where filming took place.\" \/>\n<meta name=\"robots\" content=\"index, follow, max-snippet:-1, max-image-preview:large, max-video-preview:-1\" \/>\n<link rel=\"canonical\" href=\"\/\" \/>\n<meta property=\"og:locale\" content=\"en_US\" \/>\n<meta property=\"og:type\" content=\"article\" \/>\n<meta property=\"og:title\" content=\"Lands of Cinematography - Agence VU&#039;\" \/>\n<meta property=\"og:description\" content=\"At the end of 2019, Fr\u00e9d\u00e9ric Lecloux embarked on a photographic work highlighting the local presence of cinema in Ard\u00e8che and La Dr\u00f4me. From festivals to travelling cinemas, from town to village, he reports on the social role of the 7th art and begins to reflect on the future of cinema after the pandemic. The book includes his journal and a series of photos by Anne-Lore Mesnage, which revisit the locations where filming took place.\" \/>\n<meta property=\"og:site_name\" content=\"Agence VU&#039;\" \/>\n<meta property=\"article:publisher\" content=\"https:\/\/www.facebook.com\/VUagence\" \/>\n<meta property=\"article:modified_time\" content=\"2022-06-14T09:58:05+00:00\" \/>\n<meta property=\"og:image\" content=\"https:\/\/agencevu.com\/wp-content\/uploads\/2022\/06\/Preview_2022_Territoires-du-cinematographe_Frederic-Lecloux-.jpg\" \/>\n\t<meta property=\"og:image:width\" content=\"134\" \/>\n\t<meta property=\"og:image:height\" content=\"185\" \/>\n<meta name=\"twitter:card\" content=\"summary_large_image\" \/>\n<meta name=\"twitter:site\" content=\"@agence_vu\" \/>\n<script type=\"application\/ld+json\" class=\"yoast-schema-graph\">{\"@context\":\"https:\/\/schema.org\",\"@graph\":[{\"@type\":\"WebSite\",\"@id\":\"https:\/\/agencevu.com\/en\/#website\",\"url\":\"https:\/\/agencevu.com\/en\/\",\"name\":\"Agence VU&#039;\",\"description\":\"Agency of photographers founded in 1986\",\"potentialAction\":[{\"@type\":\"SearchAction\",\"target\":\"https:\/\/agencevu.com\/en\/?s={search_term_string}\",\"query-input\":\"required name=search_term_string\"}],\"inLanguage\":\"en-US\"},{\"@type\":\"ImageObject\",\"@id\":\"#primaryimage\",\"inLanguage\":\"en-US\",\"url\":\"https:\/\/agencevu.com\/wp-content\/uploads\/2022\/06\/Preview_2022_Territoires-du-cinematographe_Frederic-Lecloux-.jpg\",\"contentUrl\":\"https:\/\/agencevu.com\/wp-content\/uploads\/2022\/06\/Preview_2022_Territoires-du-cinematographe_Frederic-Lecloux-.jpg\",\"width\":134,\"height\":185},{\"@type\":\"WebPage\",\"@id\":\"#webpage\",\"url\":null,\"name\":\"Lands of Cinematography - Agence VU&#039;\",\"isPartOf\":{\"@id\":\"https:\/\/agencevu.com\/en\/#website\"},\"primaryImageOfPage\":{\"@id\":\"#primaryimage\"},\"datePublished\":\"2022-06-14T09:54:29+00:00\",\"dateModified\":\"2022-06-14T09:58:05+00:00\",\"description\":\"At the end of 2019, Fr\\u00e9d\\u00e9ric Lecloux embarked on a photographic work highlighting the local presence of cinema in Ard\\u00e8che and La Dr\\u00f4me. From festivals to travelling cinemas, from town to village, he reports on the social role of the 7th art and begins to reflect on the future of cinema after the pandemic. The book includes his journal and a series of photos by Anne-Lore Mesnage, which revisit the locations where filming took place.\",\"breadcrumb\":{\"@id\":\"#breadcrumb\"},\"inLanguage\":\"en-US\",\"potentialAction\":[{\"@type\":\"ReadAction\",\"target\":[null]}]},{\"@type\":\"BreadcrumbList\",\"@id\":\"#breadcrumb\",\"itemListElement\":[{\"@type\":\"ListItem\",\"position\":1,\"item\":{\"@type\":\"WebPage\",\"@id\":\"https:\/\/agencevu.com\/en\/home\/\",\"url\":\"https:\/\/agencevu.com\/en\/home\/\",\"name\":\"Home\"}},{\"@type\":\"ListItem\",\"position\":2,\"item\":{\"@type\":\"WebPage\",\"@id\":\"https:\/\/agencevu.com\/en\/book\/\",\"url\":\"https:\/\/agencevu.com\/en\/book\/\",\"name\":\"Livres\"}},{\"@type\":\"ListItem\",\"position\":3,\"item\":{\"@id\":\"#webpage\"}}]}]}<\/script>\n<!-- \/ Yoast SEO plugin. -->","_links":{"self":[{"href":"https:\/\/agencevu.com\/en\/wp-json\/wp\/v2\/livre\/184597"}],"collection":[{"href":"https:\/\/agencevu.com\/en\/wp-json\/wp\/v2\/livre"}],"about":[{"href":"https:\/\/agencevu.com\/en\/wp-json\/wp\/v2\/types\/livre"}],"version-history":[{"count":3,"href":"https:\/\/agencevu.com\/en\/wp-json\/wp\/v2\/livre\/184597\/revisions"}],"predecessor-version":[{"id":184634,"href":"https:\/\/agencevu.com\/en\/wp-json\/wp\/v2\/livre\/184597\/revisions\/184634"}],"wp:featuredmedia":[{"embeddable":true,"href":"https:\/\/agencevu.com\/en\/wp-json\/wp\/v2\/media\/184588"}],"wp:attachment":[{"href":"https:\/\/agencevu.com\/en\/wp-json\/wp\/v2\/media?parent=184597"}],"wp:term":[{"taxonomy":"category","embeddable":true,"href":"https:\/\/agencevu.com\/en\/wp-json\/wp\/v2\/categories?post=184597"},{"taxonomy":"post_tag","embeddable":true,"href":"https:\/\/agencevu.com\/en\/wp-json\/wp\/v2\/tags?post=184597"},{"taxonomy":"annee","embeddable":true,"href":"https:\/\/agencevu.com\/en\/wp-json\/wp\/v2\/annee?post=184597"},{"taxonomy":"photographe","embeddable":true,"href":"https:\/\/agencevu.com\/en\/wp-json\/wp\/v2\/photographe?post=184597"},{"taxonomy":"section_taxonomy","embeddable":true,"href":"https:\/\/agencevu.com\/en\/wp-json\/wp\/v2\/section_taxonomy?post=184597"}],"curies":[{"name":"wp","href":"https:\/\/api.w.org\/{rel}","templated":true}]}}