{"id":143158,"date":"2006-09-27T12:33:06","date_gmt":"2006-09-27T10:33:06","guid":{"rendered":"https:\/\/agencevu-dev.abvent.com\/?post_type=livre&#038;p=143158"},"modified":"2021-04-27T12:47:09","modified_gmt":"2021-04-27T10:47:09","slug":"chroniques-dun-portraitiste","status":"publish","type":"livre","link":"https:\/\/agencevu.com\/en\/book\/chroniques-dun-portraitiste\/","title":{"rendered":"Chroniques d\u2019un portraitiste"},"content":{"rendered":"<div id='av_section_1'  class='avia-section main_color avia-section-small avia-no-border-styling  avia-bg-style-scroll  avia-builder-el-0  el_before_av_section  avia-builder-el-first   container_wrap fullsize' style='background-color: #f1f1f1;  '  ><div class='container' ><main  role=\"main\" itemprop=\"mainContentOfPage\"  class='template-page content  av-content-full alpha units'><div class='post-entry post-entry-type-page post-entry-143158'><div class='entry-content-wrapper clearfix'>\n<div class=\"flex_column av_one_full  flex_column_div av-zero-column-padding first  avia-builder-el-1  avia-builder-el-no-sibling  \" style='border-radius:0px; '><section class=\"av_textblock_section \"  itemscope=\"itemscope\" itemtype=\"https:\/\/schema.org\/CreativeWork\" ><div class='avia_textblock  av_inherit_color '  style='color:#707070; '  itemprop=\"text\" ><p class=\"titre-page\"><a style=\"text-decoration: none;\" href=\"\/en\/books\/\">Books<\/a><\/p>\n<hr class=\"hr-titre-page\">\n<\/div><\/section><\/div><\/div><\/div><\/main><!-- close content main element --><\/div><\/div><div id='av_section_2'  class='avia-section main_color avia-section-default avia-no-border-styling  avia-bg-style-scroll  avia-builder-el-3  el_after_av_section  el_before_av_section   container_wrap fullsize' style=' '  ><div class='container' ><div class='template-page content  av-content-full alpha units'><div class='post-entry post-entry-type-page post-entry-143158'><div class='entry-content-wrapper clearfix'>\n<div class=\"flex_column av_one_half  flex_column_div av-zero-column-padding first  avia-builder-el-4  el_before_av_one_half  avia-builder-el-first  \" style='border-radius:0px; '><div  class='avia-image-container  av-styling-no-styling    avia-builder-el-5  avia-builder-el-no-sibling  avia-align-center '  itemprop=\"image\" itemscope=\"itemscope\" itemtype=\"https:\/\/schema.org\/ImageObject\"  ><div class='avia-image-container-inner'><div class='avia-image-overlay-wrap'><img class='wp-image-143146 avia-img-lazy-loading-not-143146 avia_image' src=\"https:\/\/agencevu.com\/wp-content\/uploads\/2021\/04\/2006-Chroniques-dun-portraitiste-ROND-couv.jpg\" alt='' title='2006-Chroniques d&#039;un portraitiste-ROND-couv' height=\"1080\" width=\"1024\"  itemprop=\"thumbnailUrl\" srcset=\"https:\/\/agencevu.com\/wp-content\/uploads\/2021\/04\/2006-Chroniques-dun-portraitiste-ROND-couv.jpg 1024w, https:\/\/agencevu.com\/wp-content\/uploads\/2021\/04\/2006-Chroniques-dun-portraitiste-ROND-couv-284x300.jpg 284w, https:\/\/agencevu.com\/wp-content\/uploads\/2021\/04\/2006-Chroniques-dun-portraitiste-ROND-couv-977x1030.jpg 977w, https:\/\/agencevu.com\/wp-content\/uploads\/2021\/04\/2006-Chroniques-dun-portraitiste-ROND-couv-76x80.jpg 76w, https:\/\/agencevu.com\/wp-content\/uploads\/2021\/04\/2006-Chroniques-dun-portraitiste-ROND-couv-768x810.jpg 768w, https:\/\/agencevu.com\/wp-content\/uploads\/2021\/04\/2006-Chroniques-dun-portraitiste-ROND-couv-668x705.jpg 668w\" sizes=\"(max-width: 1024px) 100vw, 1024px\" \/><\/div><\/div><\/div><\/div><div class=\"flex_column av_one_half  flex_column_div av-zero-column-padding   avia-builder-el-6  el_after_av_one_half  avia-builder-el-last  \" style='border-radius:0px; '><section class=\"av_textblock_section \"  itemscope=\"itemscope\" itemtype=\"https:\/\/schema.org\/CreativeWork\" ><div class='avia_textblock  '  style='font-size:20px; '  itemprop=\"text\" ><p style=\"text-align: left;\"><strong><a href=\"\/en\/photographer\/gerard-rondeau\/\">G\u00e9rard Rondeau<\/a><br \/>\n<\/strong><em>Chroniques d\u2019un portraitiste<\/em><\/p>\n<\/div><\/section><br \/>\n<div  style='height:20px' class='hr hr-invisible   avia-builder-el-8  el_after_av_textblock  el_before_av_textblock '><span class='hr-inner ' ><span class='hr-inner-style'><\/span><\/span><\/div><br \/>\n<section class=\"av_textblock_section \"  itemscope=\"itemscope\" itemtype=\"https:\/\/schema.org\/CreativeWork\" ><div class='avia_textblock  '   itemprop=\"text\" ><p><strong>Publisher :<\/strong> Seuil<br \/>\n<strong>Release date :<\/strong> 2006-09<br \/>\n<strong> ISBN :<\/strong> 2-02-065644-2<br \/>\n<strong>Book Size :<\/strong> 23 x 27 cm<br \/>\n<strong> Language :<\/strong> French<br \/>\n224 pages<\/p>\n<\/div><\/section><br \/>\n<div  style='height:20px' class='hr hr-invisible   avia-builder-el-10  el_after_av_textblock  el_before_av_textblock '><span class='hr-inner ' ><span class='hr-inner-style'><\/span><\/span><\/div><br \/>\n<section class=\"av_textblock_section \"  itemscope=\"itemscope\" itemtype=\"https:\/\/schema.org\/CreativeWork\" ><div class='avia_textblock textJustify '   itemprop=\"text\" ><p>For more than twenty years, G\u00e9rard Rondeau has photographed many personalities, most often for the newspaper Le Monde: Alain Cavalier, Louis-Ren\u00e9 des For\u00eats, Eric Clapton, Charlotte Perriand, Christian Lacroix, George Steiner, Paul Bowles in Tangier, Frank Stella, Keith Haring, Louise Bourgeois and Roy Lichtenstein in New York, Antoni Tapies in Barcelona, George Baselitz in his castle in Germany, Jean-Paul Riopelle in his house in Quebec or Paul Rebeyrolle in his workshop in Burgundy. Chronicles of a portraitist mixes photographs and stories of encounters. Posed portraits, images and offbeat graphics follow one another: G\u00e9rard Rondeau offers us an unexpected and very personal journey to the land of intellectuals.<\/p>\n<\/div><\/section><br \/>\n<div  style='height:20px' class='hr hr-invisible   avia-builder-el-12  el_after_av_textblock  el_before_av_button '><span class='hr-inner ' ><span class='hr-inner-style'><\/span><\/span><\/div><br \/>\n<div  class='avia-button-wrap avia-button-left  avia-builder-el-13  el_after_av_hr  avia-builder-el-last ' ><a href='https:\/\/livre.fnac.com\/a1851314\/Gerard-Rondeau-Chroniques-d-un-portraitiste' class='avia-button  avia-color-theme-color-highlight   avia-icon_select-no avia-size-medium avia-position-left ' target=\"_blank\" rel=\"noopener noreferrer\"><span class='avia_iconbox_title' >Buy this book<\/span><\/a><\/div><\/p><\/div><\/div><\/div><\/div><!-- close content main div --><\/div><\/div><div id='av_section_3'  class='avia-section main_color avia-section-default avia-no-border-styling  avia-bg-style-scroll  avia-builder-el-14  el_after_av_section  avia-builder-el-last   container_wrap fullsize' style=' '  ><div class='container' ><div class='template-page content  av-content-full alpha units'><div class='post-entry post-entry-type-page post-entry-143158'><div class='entry-content-wrapper clearfix'>\n<div class=\"flex_column av_one_half  flex_column_div av-zero-column-padding first  avia-builder-el-15  el_before_av_one_half  avia-builder-el-first  \" style='border-radius:0px; '><div  class='avia-image-container  av-styling-no-styling    avia-builder-el-16  avia-builder-el-no-sibling  avia-align-center '  itemprop=\"image\" itemscope=\"itemscope\" itemtype=\"https:\/\/schema.org\/ImageObject\"  ><div class='avia-image-container-inner'><div class='avia-image-overlay-wrap'><img class='wp-image-143148 avia-img-lazy-loading-not-143148 avia_image' src=\"https:\/\/agencevu.com\/wp-content\/uploads\/2021\/04\/2006-Chroniques-dun-portraitiste-ROND-extrait-01.jpg\" alt='' title='Chroniques d&#039;un portraitiste' height=\"1080\" width=\"1080\"  itemprop=\"thumbnailUrl\" srcset=\"https:\/\/agencevu.com\/wp-content\/uploads\/2021\/04\/2006-Chroniques-dun-portraitiste-ROND-extrait-01.jpg 1080w, https:\/\/agencevu.com\/wp-content\/uploads\/2021\/04\/2006-Chroniques-dun-portraitiste-ROND-extrait-01-300x300.jpg 300w, https:\/\/agencevu.com\/wp-content\/uploads\/2021\/04\/2006-Chroniques-dun-portraitiste-ROND-extrait-01-1030x1030.jpg 1030w, https:\/\/agencevu.com\/wp-content\/uploads\/2021\/04\/2006-Chroniques-dun-portraitiste-ROND-extrait-01-80x80.jpg 80w, https:\/\/agencevu.com\/wp-content\/uploads\/2021\/04\/2006-Chroniques-dun-portraitiste-ROND-extrait-01-768x768.jpg 768w, https:\/\/agencevu.com\/wp-content\/uploads\/2021\/04\/2006-Chroniques-dun-portraitiste-ROND-extrait-01-36x36.jpg 36w, https:\/\/agencevu.com\/wp-content\/uploads\/2021\/04\/2006-Chroniques-dun-portraitiste-ROND-extrait-01-180x180.jpg 180w, https:\/\/agencevu.com\/wp-content\/uploads\/2021\/04\/2006-Chroniques-dun-portraitiste-ROND-extrait-01-705x705.jpg 705w\" sizes=\"(max-width: 1080px) 100vw, 1080px\" \/><\/div><\/div><\/div><\/div><div class=\"flex_column av_one_half  flex_column_div av-zero-column-padding   avia-builder-el-17  el_after_av_one_half  el_before_av_one_half  \" style='border-radius:0px; '><div  class='avia-image-container  av-styling-no-styling    avia-builder-el-18  avia-builder-el-no-sibling  avia-align-center '  itemprop=\"image\" itemscope=\"itemscope\" itemtype=\"https:\/\/schema.org\/ImageObject\"  ><div class='avia-image-container-inner'><div class='avia-image-overlay-wrap'><img class='wp-image-143150 avia-img-lazy-loading-not-143150 avia_image' src=\"https:\/\/agencevu.com\/wp-content\/uploads\/2021\/04\/2006-Chroniques-dun-portraitiste-ROND-extrait-02.jpg\" alt='' title='Chroniques d&#039;un portraitiste' height=\"1080\" width=\"1020\"  itemprop=\"thumbnailUrl\" srcset=\"https:\/\/agencevu.com\/wp-content\/uploads\/2021\/04\/2006-Chroniques-dun-portraitiste-ROND-extrait-02.jpg 1020w, https:\/\/agencevu.com\/wp-content\/uploads\/2021\/04\/2006-Chroniques-dun-portraitiste-ROND-extrait-02-283x300.jpg 283w, https:\/\/agencevu.com\/wp-content\/uploads\/2021\/04\/2006-Chroniques-dun-portraitiste-ROND-extrait-02-973x1030.jpg 973w, https:\/\/agencevu.com\/wp-content\/uploads\/2021\/04\/2006-Chroniques-dun-portraitiste-ROND-extrait-02-76x80.jpg 76w, https:\/\/agencevu.com\/wp-content\/uploads\/2021\/04\/2006-Chroniques-dun-portraitiste-ROND-extrait-02-768x813.jpg 768w, https:\/\/agencevu.com\/wp-content\/uploads\/2021\/04\/2006-Chroniques-dun-portraitiste-ROND-extrait-02-666x705.jpg 666w\" sizes=\"(max-width: 1020px) 100vw, 1020px\" \/><\/div><\/div><\/div><\/div><div class=\"flex_column av_one_half  flex_column_div av-zero-column-padding first  avia-builder-el-19  el_after_av_one_half  el_before_av_one_half  column-top-margin\" style='border-radius:0px; '><div  class='avia-image-container  av-styling-no-styling    avia-builder-el-20  avia-builder-el-no-sibling  avia-align-center '  itemprop=\"image\" itemscope=\"itemscope\" itemtype=\"https:\/\/schema.org\/ImageObject\"  ><div class='avia-image-container-inner'><div class='avia-image-overlay-wrap'><img class='wp-image-143152 avia-img-lazy-loading-not-143152 avia_image' src=\"https:\/\/agencevu.com\/wp-content\/uploads\/2021\/04\/2006-Chroniques-dun-portraitiste-ROND-extrait-03.jpg\" alt='' title='Chroniques d&#039;un portraitiste' height=\"1080\" width=\"1620\"  itemprop=\"thumbnailUrl\" srcset=\"https:\/\/agencevu.com\/wp-content\/uploads\/2021\/04\/2006-Chroniques-dun-portraitiste-ROND-extrait-03.jpg 1620w, https:\/\/agencevu.com\/wp-content\/uploads\/2021\/04\/2006-Chroniques-dun-portraitiste-ROND-extrait-03-300x200.jpg 300w, https:\/\/agencevu.com\/wp-content\/uploads\/2021\/04\/2006-Chroniques-dun-portraitiste-ROND-extrait-03-1030x687.jpg 1030w, https:\/\/agencevu.com\/wp-content\/uploads\/2021\/04\/2006-Chroniques-dun-portraitiste-ROND-extrait-03-80x53.jpg 80w, https:\/\/agencevu.com\/wp-content\/uploads\/2021\/04\/2006-Chroniques-dun-portraitiste-ROND-extrait-03-768x512.jpg 768w, https:\/\/agencevu.com\/wp-content\/uploads\/2021\/04\/2006-Chroniques-dun-portraitiste-ROND-extrait-03-1536x1024.jpg 1536w, https:\/\/agencevu.com\/wp-content\/uploads\/2021\/04\/2006-Chroniques-dun-portraitiste-ROND-extrait-03-1500x1000.jpg 1500w, https:\/\/agencevu.com\/wp-content\/uploads\/2021\/04\/2006-Chroniques-dun-portraitiste-ROND-extrait-03-705x470.jpg 705w\" sizes=\"(max-width: 1620px) 100vw, 1620px\" \/><\/div><\/div><\/div><\/div><div class=\"flex_column av_one_half  flex_column_div av-zero-column-padding   avia-builder-el-21  el_after_av_one_half  avia-builder-el-last  column-top-margin\" style='border-radius:0px; '><div  class='avia-image-container  av-styling-no-styling    avia-builder-el-22  avia-builder-el-no-sibling  avia-align-center '  itemprop=\"image\" itemscope=\"itemscope\" itemtype=\"https:\/\/schema.org\/ImageObject\"  ><div class='avia-image-container-inner'><div class='avia-image-overlay-wrap'><img class='wp-image-143154 avia-img-lazy-loading-not-143154 avia_image' src=\"https:\/\/agencevu.com\/wp-content\/uploads\/2021\/04\/2006-Chroniques-dun-portraitiste-ROND-extrait-04.jpg\" alt='' title='Chroniques d&#039;un portraitiste' height=\"1080\" width=\"1080\"  itemprop=\"thumbnailUrl\" srcset=\"https:\/\/agencevu.com\/wp-content\/uploads\/2021\/04\/2006-Chroniques-dun-portraitiste-ROND-extrait-04.jpg 1080w, https:\/\/agencevu.com\/wp-content\/uploads\/2021\/04\/2006-Chroniques-dun-portraitiste-ROND-extrait-04-300x300.jpg 300w, https:\/\/agencevu.com\/wp-content\/uploads\/2021\/04\/2006-Chroniques-dun-portraitiste-ROND-extrait-04-1030x1030.jpg 1030w, https:\/\/agencevu.com\/wp-content\/uploads\/2021\/04\/2006-Chroniques-dun-portraitiste-ROND-extrait-04-80x80.jpg 80w, https:\/\/agencevu.com\/wp-content\/uploads\/2021\/04\/2006-Chroniques-dun-portraitiste-ROND-extrait-04-768x768.jpg 768w, https:\/\/agencevu.com\/wp-content\/uploads\/2021\/04\/2006-Chroniques-dun-portraitiste-ROND-extrait-04-36x36.jpg 36w, https:\/\/agencevu.com\/wp-content\/uploads\/2021\/04\/2006-Chroniques-dun-portraitiste-ROND-extrait-04-180x180.jpg 180w, https:\/\/agencevu.com\/wp-content\/uploads\/2021\/04\/2006-Chroniques-dun-portraitiste-ROND-extrait-04-705x705.jpg 705w\" sizes=\"(max-width: 1080px) 100vw, 1080px\" \/><\/div><\/div><\/div><\/div>\n<\/p>\n","protected":false},"excerpt":{"rendered":"<p>Seuil &#8211; 2006<\/p>\n","protected":false},"featured_media":143156,"menu_order":0,"template":"","categories":[],"tags":[18647,5527],"annee":[10307],"photographe":[16104],"section_taxonomy":[5500],"yoast_head":"<!-- This site is optimized with the Yoast SEO plugin v16.3 - https:\/\/yoast.com\/wordpress\/plugins\/seo\/ -->\n<title>Chroniques d\u2019un portraitiste - Agence VU&#039;<\/title>\n<meta name=\"robots\" content=\"index, follow, max-snippet:-1, max-image-preview:large, max-video-preview:-1\" \/>\n<link rel=\"canonical\" href=\"\/\" \/>\n<meta property=\"og:locale\" content=\"en_US\" \/>\n<meta property=\"og:type\" content=\"article\" \/>\n<meta property=\"og:title\" content=\"Chroniques d\u2019un portraitiste - Agence VU&#039;\" \/>\n<meta property=\"og:description\" content=\"Seuil - 2006\" \/>\n<meta property=\"og:site_name\" content=\"Agence VU&#039;\" \/>\n<meta property=\"article:publisher\" content=\"https:\/\/www.facebook.com\/VUagence\" \/>\n<meta property=\"article:modified_time\" content=\"2021-04-27T10:47:09+00:00\" \/>\n<meta property=\"og:image\" content=\"https:\/\/agencevu.com\/wp-content\/uploads\/2021\/04\/2006-Chroniques-dun-portraitiste-ROND-preview.jpg\" \/>\n\t<meta property=\"og:image:width\" content=\"179\" \/>\n\t<meta property=\"og:image:height\" content=\"189\" \/>\n<meta name=\"twitter:card\" content=\"summary_large_image\" \/>\n<meta name=\"twitter:site\" content=\"@agence_vu\" \/>\n<script type=\"application\/ld+json\" class=\"yoast-schema-graph\">{\"@context\":\"https:\/\/schema.org\",\"@graph\":[{\"@type\":\"WebSite\",\"@id\":\"https:\/\/agencevu.com\/en\/#website\",\"url\":\"https:\/\/agencevu.com\/en\/\",\"name\":\"Agence VU&#039;\",\"description\":\"Agency of photographers founded in 1986\",\"potentialAction\":[{\"@type\":\"SearchAction\",\"target\":\"https:\/\/agencevu.com\/en\/?s={search_term_string}\",\"query-input\":\"required name=search_term_string\"}],\"inLanguage\":\"en-US\"},{\"@type\":\"ImageObject\",\"@id\":\"#primaryimage\",\"inLanguage\":\"en-US\",\"url\":\"https:\/\/agencevu.com\/wp-content\/uploads\/2021\/04\/2006-Chroniques-dun-portraitiste-ROND-preview.jpg\",\"contentUrl\":\"https:\/\/agencevu.com\/wp-content\/uploads\/2021\/04\/2006-Chroniques-dun-portraitiste-ROND-preview.jpg\",\"width\":179,\"height\":189},{\"@type\":\"WebPage\",\"@id\":\"#webpage\",\"url\":null,\"name\":\"Chroniques d\\u2019un portraitiste - Agence VU&#039;\",\"isPartOf\":{\"@id\":\"https:\/\/agencevu.com\/en\/#website\"},\"primaryImageOfPage\":{\"@id\":\"#primaryimage\"},\"datePublished\":\"2006-09-27T10:33:06+00:00\",\"dateModified\":\"2021-04-27T10:47:09+00:00\",\"breadcrumb\":{\"@id\":\"#breadcrumb\"},\"inLanguage\":\"en-US\",\"potentialAction\":[{\"@type\":\"ReadAction\",\"target\":[null]}]},{\"@type\":\"BreadcrumbList\",\"@id\":\"#breadcrumb\",\"itemListElement\":[{\"@type\":\"ListItem\",\"position\":1,\"item\":{\"@type\":\"WebPage\",\"@id\":\"https:\/\/agencevu.com\/en\/home\/\",\"url\":\"https:\/\/agencevu.com\/en\/home\/\",\"name\":\"Home\"}},{\"@type\":\"ListItem\",\"position\":2,\"item\":{\"@type\":\"WebPage\",\"@id\":\"https:\/\/agencevu.com\/en\/book\/\",\"url\":\"https:\/\/agencevu.com\/en\/book\/\",\"name\":\"Livres\"}},{\"@type\":\"ListItem\",\"position\":3,\"item\":{\"@id\":\"#webpage\"}}]}]}<\/script>\n<!-- \/ Yoast SEO plugin. -->","_links":{"self":[{"href":"https:\/\/agencevu.com\/en\/wp-json\/wp\/v2\/livre\/143158"}],"collection":[{"href":"https:\/\/agencevu.com\/en\/wp-json\/wp\/v2\/livre"}],"about":[{"href":"https:\/\/agencevu.com\/en\/wp-json\/wp\/v2\/types\/livre"}],"version-history":[{"count":3,"href":"https:\/\/agencevu.com\/en\/wp-json\/wp\/v2\/livre\/143158\/revisions"}],"predecessor-version":[{"id":149252,"href":"https:\/\/agencevu.com\/en\/wp-json\/wp\/v2\/livre\/143158\/revisions\/149252"}],"wp:featuredmedia":[{"embeddable":true,"href":"https:\/\/agencevu.com\/en\/wp-json\/wp\/v2\/media\/143156"}],"wp:attachment":[{"href":"https:\/\/agencevu.com\/en\/wp-json\/wp\/v2\/media?parent=143158"}],"wp:term":[{"taxonomy":"category","embeddable":true,"href":"https:\/\/agencevu.com\/en\/wp-json\/wp\/v2\/categories?post=143158"},{"taxonomy":"post_tag","embeddable":true,"href":"https:\/\/agencevu.com\/en\/wp-json\/wp\/v2\/tags?post=143158"},{"taxonomy":"annee","embeddable":true,"href":"https:\/\/agencevu.com\/en\/wp-json\/wp\/v2\/annee?post=143158"},{"taxonomy":"photographe","embeddable":true,"href":"https:\/\/agencevu.com\/en\/wp-json\/wp\/v2\/photographe?post=143158"},{"taxonomy":"section_taxonomy","embeddable":true,"href":"https:\/\/agencevu.com\/en\/wp-json\/wp\/v2\/section_taxonomy?post=143158"}],"curies":[{"name":"wp","href":"https:\/\/api.w.org\/{rel}","templated":true}]}}