{"id":142910,"date":"2015-02-15T14:18:20","date_gmt":"2015-02-15T13:18:20","guid":{"rendered":"https:\/\/agencevu-dev.abvent.com\/?post_type=livre&#038;p=142910"},"modified":"2021-04-15T14:21:42","modified_gmt":"2021-04-15T12:21:42","slug":"javais-pose-le-monde-sur-la-table","status":"publish","type":"livre","link":"https:\/\/agencevu.com\/en\/livre\/javais-pose-le-monde-sur-la-table\/","title":{"rendered":"J\u2019avais pos\u00e9 le monde sur la table"},"content":{"rendered":"<p><div id='av_section_1'  class='avia-section main_color avia-section-small avia-no-border-styling  avia-bg-style-scroll  avia-builder-el-0  el_before_av_section  avia-builder-el-first   container_wrap fullsize' style='background-color: #f1f1f1;  '  ><div class='container' ><main  role=\"main\" itemprop=\"mainContentOfPage\"  class='template-page content  av-content-full alpha units'><div class='post-entry post-entry-type-page post-entry-142910'><div class='entry-content-wrapper clearfix'>\n<div class=\"flex_column av_one_full  flex_column_div av-zero-column-padding first  avia-builder-el-1  avia-builder-el-no-sibling  \" style='border-radius:0px; '><section class=\"av_textblock_section \"  itemscope=\"itemscope\" itemtype=\"https:\/\/schema.org\/CreativeWork\" ><div class='avia_textblock  av_inherit_color '  style='color:#707070; '  itemprop=\"text\" ><p class=\"titre-page\"><a style=\"text-decoration: none;\" href=\"\/livres\/\">Livres<\/a><\/p>\n<hr class=\"hr-titre-page\">\n<\/div><\/section><\/div>\n<br \/>\n<\/div><\/div><\/main><!-- close content main element --><\/div><\/div><div id='av_section_2'  class='avia-section main_color avia-section-default avia-no-border-styling  avia-bg-style-scroll  avia-builder-el-3  el_after_av_section  el_before_av_section   container_wrap fullsize' style=' '  ><div class='container' ><div class='template-page content  av-content-full alpha units'><div class='post-entry post-entry-type-page post-entry-142910'><div class='entry-content-wrapper clearfix'>\n<div class=\"flex_column av_one_half  flex_column_div av-zero-column-padding first  avia-builder-el-4  el_before_av_one_half  avia-builder-el-first  \" style='border-radius:0px; '><div  class='avia-image-container  av-styling-no-styling    avia-builder-el-5  avia-builder-el-no-sibling  avia-align-center '  itemprop=\"image\" itemscope=\"itemscope\" itemtype=\"https:\/\/schema.org\/ImageObject\"  ><div class='avia-image-container-inner'><div class='avia-image-overlay-wrap'><img class='wp-image-142898 avia-img-lazy-loading-not-142898 avia_image' src=\"https:\/\/agencevu.com\/wp-content\/uploads\/2021\/04\/2015-Javais-pose\u0301-le-monde-sur-la-table-ROND-couv.jpg\" alt='' title='2015-J&#039;avais pose\u0301 le monde sur la table-ROND-couv' height=\"900\" width=\"900\"  itemprop=\"thumbnailUrl\" srcset=\"https:\/\/agencevu.com\/wp-content\/uploads\/2021\/04\/2015-Javais-pose\u0301-le-monde-sur-la-table-ROND-couv.jpg 900w, https:\/\/agencevu.com\/wp-content\/uploads\/2021\/04\/2015-Javais-pose\u0301-le-monde-sur-la-table-ROND-couv-300x300.jpg 300w, https:\/\/agencevu.com\/wp-content\/uploads\/2021\/04\/2015-Javais-pose\u0301-le-monde-sur-la-table-ROND-couv-80x80.jpg 80w, https:\/\/agencevu.com\/wp-content\/uploads\/2021\/04\/2015-Javais-pose\u0301-le-monde-sur-la-table-ROND-couv-768x768.jpg 768w, https:\/\/agencevu.com\/wp-content\/uploads\/2021\/04\/2015-Javais-pose\u0301-le-monde-sur-la-table-ROND-couv-36x36.jpg 36w, https:\/\/agencevu.com\/wp-content\/uploads\/2021\/04\/2015-Javais-pose\u0301-le-monde-sur-la-table-ROND-couv-180x180.jpg 180w, https:\/\/agencevu.com\/wp-content\/uploads\/2021\/04\/2015-Javais-pose\u0301-le-monde-sur-la-table-ROND-couv-705x705.jpg 705w\" sizes=\"(max-width: 900px) 100vw, 900px\" \/><\/div><\/div><\/div><\/div><div class=\"flex_column av_one_half  flex_column_div av-zero-column-padding   avia-builder-el-6  el_after_av_one_half  avia-builder-el-last  \" style='border-radius:0px; '><section class=\"av_textblock_section \"  itemscope=\"itemscope\" itemtype=\"https:\/\/schema.org\/CreativeWork\" ><div class='avia_textblock  '  style='font-size:20px; '  itemprop=\"text\" ><p style=\"text-align: left;\"><strong><a href=\"\/photographe\/gerard-rondeau\/\">G\u00e9rard Rondeau<\/a><br \/>\n<\/strong><em>J\u2019avais pos\u00e9 le monde sur la table<\/em><\/p>\n<\/div><\/section><br \/>\n<div  style='height:20px' class='hr hr-invisible   avia-builder-el-8  el_after_av_textblock  el_before_av_textblock '><span class='hr-inner ' ><span class='hr-inner-style'><\/span><\/span><\/div><br \/>\n<section class=\"av_textblock_section \"  itemscope=\"itemscope\" itemtype=\"https:\/\/schema.org\/CreativeWork\" ><div class='avia_textblock  '   itemprop=\"text\" ><p><strong>\u00c9diteur :<\/strong> Equateurs<br \/>\n<strong>Date de parution :<\/strong> 2015-02<br \/>\n<strong> ISBN :<\/strong> 9782849904329<br \/>\n<strong> Taille :<\/strong> 29 x 22 cm<br \/>\n<strong> Langue :<\/strong> Fran\u00e7ais<br \/>\n288 pages<\/p>\n<\/div><\/section><br \/>\n<div  style='height:20px' class='hr hr-invisible   avia-builder-el-10  el_after_av_textblock  el_before_av_textblock '><span class='hr-inner ' ><span class='hr-inner-style'><\/span><\/span><\/div><br \/>\n<section class=\"av_textblock_section \"  itemscope=\"itemscope\" itemtype=\"https:\/\/schema.org\/CreativeWork\" ><div class='avia_textblock textJustify '   itemprop=\"text\" ><p>Ce livre \u00e0 caract\u00e8re monographique offre une formidable perspective sur l&#8217;\u0153uvre de G\u00e9rard Rondeau, des coulisses si singuli\u00e8res des mus\u00e9es \u00e0 ses nombreux portraits de peintres et d&#8217;\u00e9crivains contemporains r\u00e9alis\u00e9s pour Le Monde, de ses p\u00e9r\u00e9grinations avec l&#8217;\u00e9crivain Bernard Frank \u00e0 son travail engag\u00e9 aupr\u00e8s des humanitaires de M\u00e9decins du Monde, sans oublier sa collaboration avec le grand peintre Rebeyrolle. J&#8217;avais pos\u00e9 le monde sur la table \u00e9voquera les allers et retours de Rondeau entre le si\u00e8ge de Sarajevo et l&#8217;Est de la France, dans une g\u00e9ographie des traces de la guerre, mais aussi du temps, 14-18, 1992-1996, un voyage singulier qui s&#8217;appuie sur sa fr\u00e9quentation \u00e0 la fois des lieux de la Premi\u00e8re guerre mondiale et de ceux de la Bosnie-Herz\u00e9govine en guerre. La confrontation des images se fera de mani\u00e8re g\u00e9ographique &#8211; une photographie de voyages -, mais aussi de&nbsp; mani\u00e8re tr\u00e8s picturale &#8211; les paysages d&#8217;ici et d&#8217;ailleurs &#8211;&nbsp;; un Maroc en hommage \u00e0 Delacroix pourra dialoguer avec une chronique r\u00e9moise dans une lecture tr\u00e8s personnelle de la ville \u00e0 travers les jeunes&nbsp; rebelles du Grand Jeu. L&#8217;on d\u00e9couvrira aussi des photographies tr\u00e8s personnelles de Rondeau, \u00e0 la fois po\u00e9tiques et surr\u00e9alistes, notamment par son travail \u00ab&nbsp;sur l&#8217;\u00e9crit&nbsp;\u00bb et par celui sur le corps.<\/p>\n<\/div><\/section><br \/>\n<div  style='height:20px' class='hr hr-invisible   avia-builder-el-12  el_after_av_textblock  el_before_av_button '><span class='hr-inner ' ><span class='hr-inner-style'><\/span><\/span><\/div><br \/>\n<div  class='avia-button-wrap avia-button-left  avia-builder-el-13  el_after_av_hr  avia-builder-el-last ' ><a href='https:\/\/laboutiquevu.com\/fr\/livres\/584-j-avais-pos%C3%A9-le-monde-sur-la-table.html' class='avia-button  avia-color-theme-color-highlight   avia-icon_select-no avia-size-medium avia-position-left ' target=\"_blank\" rel=\"noopener noreferrer\"><span class='avia_iconbox_title' >Acheter ce livre<\/span><\/a><\/div><\/p><\/div><\/div><\/div><\/div><!-- close content main div --><\/div><\/div><div id='av_section_3'  class='avia-section main_color avia-section-default avia-no-border-styling  avia-bg-style-scroll  avia-builder-el-14  el_after_av_section  avia-builder-el-last   container_wrap fullsize' style=' '  ><div class='container' ><div class='template-page content  av-content-full alpha units'><div class='post-entry post-entry-type-page post-entry-142910'><div class='entry-content-wrapper clearfix'>\n<div class=\"flex_column av_one_half  flex_column_div av-zero-column-padding first  avia-builder-el-15  el_before_av_one_half  avia-builder-el-first  \" style='border-radius:0px; '><div  class='avia-image-container  av-styling-no-styling    avia-builder-el-16  avia-builder-el-no-sibling  avia-align-center '  itemprop=\"image\" itemscope=\"itemscope\" itemtype=\"https:\/\/schema.org\/ImageObject\"  ><div class='avia-image-container-inner'><div class='avia-image-overlay-wrap'><img class='wp-image-142900 avia-img-lazy-loading-not-142900 avia_image' src=\"https:\/\/agencevu.com\/wp-content\/uploads\/2021\/04\/2015-Javais-pose\u0301-le-monde-sur-la-table-ROND-extrait-01.jpg\" alt='' title='2015-J&#039;avais pose\u0301 le monde sur la table-ROND-extrait-01' height=\"900\" width=\"900\"  itemprop=\"thumbnailUrl\" srcset=\"https:\/\/agencevu.com\/wp-content\/uploads\/2021\/04\/2015-Javais-pose\u0301-le-monde-sur-la-table-ROND-extrait-01.jpg 900w, https:\/\/agencevu.com\/wp-content\/uploads\/2021\/04\/2015-Javais-pose\u0301-le-monde-sur-la-table-ROND-extrait-01-300x300.jpg 300w, https:\/\/agencevu.com\/wp-content\/uploads\/2021\/04\/2015-Javais-pose\u0301-le-monde-sur-la-table-ROND-extrait-01-80x80.jpg 80w, https:\/\/agencevu.com\/wp-content\/uploads\/2021\/04\/2015-Javais-pose\u0301-le-monde-sur-la-table-ROND-extrait-01-768x768.jpg 768w, https:\/\/agencevu.com\/wp-content\/uploads\/2021\/04\/2015-Javais-pose\u0301-le-monde-sur-la-table-ROND-extrait-01-36x36.jpg 36w, https:\/\/agencevu.com\/wp-content\/uploads\/2021\/04\/2015-Javais-pose\u0301-le-monde-sur-la-table-ROND-extrait-01-180x180.jpg 180w, https:\/\/agencevu.com\/wp-content\/uploads\/2021\/04\/2015-Javais-pose\u0301-le-monde-sur-la-table-ROND-extrait-01-705x705.jpg 705w\" sizes=\"(max-width: 900px) 100vw, 900px\" \/><\/div><\/div><\/div><\/div><div class=\"flex_column av_one_half  flex_column_div av-zero-column-padding   avia-builder-el-17  el_after_av_one_half  el_before_av_one_half  \" style='border-radius:0px; '><div  class='avia-image-container  av-styling-no-styling    avia-builder-el-18  avia-builder-el-no-sibling  avia-align-center '  itemprop=\"image\" itemscope=\"itemscope\" itemtype=\"https:\/\/schema.org\/ImageObject\"  ><div class='avia-image-container-inner'><div class='avia-image-overlay-wrap'><img class='wp-image-142902 avia-img-lazy-loading-not-142902 avia_image' src=\"https:\/\/agencevu.com\/wp-content\/uploads\/2021\/04\/2015-Javais-pose\u0301-le-monde-sur-la-table-ROND-extrait-02.jpg\" alt='' title='2015-J&#039;avais pose\u0301 le monde sur la table-ROND-extrait-02' height=\"900\" width=\"900\"  itemprop=\"thumbnailUrl\" srcset=\"https:\/\/agencevu.com\/wp-content\/uploads\/2021\/04\/2015-Javais-pose\u0301-le-monde-sur-la-table-ROND-extrait-02.jpg 900w, https:\/\/agencevu.com\/wp-content\/uploads\/2021\/04\/2015-Javais-pose\u0301-le-monde-sur-la-table-ROND-extrait-02-300x300.jpg 300w, https:\/\/agencevu.com\/wp-content\/uploads\/2021\/04\/2015-Javais-pose\u0301-le-monde-sur-la-table-ROND-extrait-02-80x80.jpg 80w, https:\/\/agencevu.com\/wp-content\/uploads\/2021\/04\/2015-Javais-pose\u0301-le-monde-sur-la-table-ROND-extrait-02-768x768.jpg 768w, https:\/\/agencevu.com\/wp-content\/uploads\/2021\/04\/2015-Javais-pose\u0301-le-monde-sur-la-table-ROND-extrait-02-36x36.jpg 36w, https:\/\/agencevu.com\/wp-content\/uploads\/2021\/04\/2015-Javais-pose\u0301-le-monde-sur-la-table-ROND-extrait-02-180x180.jpg 180w, https:\/\/agencevu.com\/wp-content\/uploads\/2021\/04\/2015-Javais-pose\u0301-le-monde-sur-la-table-ROND-extrait-02-705x705.jpg 705w\" sizes=\"(max-width: 900px) 100vw, 900px\" \/><\/div><\/div><\/div><\/div><div class=\"flex_column av_one_half  flex_column_div av-zero-column-padding first  avia-builder-el-19  el_after_av_one_half  el_before_av_one_half  column-top-margin\" style='border-radius:0px; '><div  class='avia-image-container  av-styling-no-styling    avia-builder-el-20  avia-builder-el-no-sibling  avia-align-center '  itemprop=\"image\" itemscope=\"itemscope\" itemtype=\"https:\/\/schema.org\/ImageObject\"  ><div class='avia-image-container-inner'><div class='avia-image-overlay-wrap'><img class='wp-image-142904 avia-img-lazy-loading-not-142904 avia_image' src=\"https:\/\/agencevu.com\/wp-content\/uploads\/2021\/04\/2015-Javais-pose\u0301-le-monde-sur-la-table-ROND-extrait-03.jpg\" alt='' title='2015-J&#039;avais pose\u0301 le monde sur la table-ROND-extrait-03' height=\"900\" width=\"900\"  itemprop=\"thumbnailUrl\" srcset=\"https:\/\/agencevu.com\/wp-content\/uploads\/2021\/04\/2015-Javais-pose\u0301-le-monde-sur-la-table-ROND-extrait-03.jpg 900w, https:\/\/agencevu.com\/wp-content\/uploads\/2021\/04\/2015-Javais-pose\u0301-le-monde-sur-la-table-ROND-extrait-03-300x300.jpg 300w, https:\/\/agencevu.com\/wp-content\/uploads\/2021\/04\/2015-Javais-pose\u0301-le-monde-sur-la-table-ROND-extrait-03-80x80.jpg 80w, https:\/\/agencevu.com\/wp-content\/uploads\/2021\/04\/2015-Javais-pose\u0301-le-monde-sur-la-table-ROND-extrait-03-768x768.jpg 768w, https:\/\/agencevu.com\/wp-content\/uploads\/2021\/04\/2015-Javais-pose\u0301-le-monde-sur-la-table-ROND-extrait-03-36x36.jpg 36w, https:\/\/agencevu.com\/wp-content\/uploads\/2021\/04\/2015-Javais-pose\u0301-le-monde-sur-la-table-ROND-extrait-03-180x180.jpg 180w, https:\/\/agencevu.com\/wp-content\/uploads\/2021\/04\/2015-Javais-pose\u0301-le-monde-sur-la-table-ROND-extrait-03-705x705.jpg 705w\" sizes=\"(max-width: 900px) 100vw, 900px\" \/><\/div><\/div><\/div><\/div><div class=\"flex_column av_one_half  flex_column_div av-zero-column-padding   avia-builder-el-21  el_after_av_one_half  avia-builder-el-last  column-top-margin\" style='border-radius:0px; '><div  class='avia-image-container  av-styling-no-styling    avia-builder-el-22  avia-builder-el-no-sibling  avia-align-center '  itemprop=\"image\" itemscope=\"itemscope\" itemtype=\"https:\/\/schema.org\/ImageObject\"  ><div class='avia-image-container-inner'><div class='avia-image-overlay-wrap'><img class='wp-image-142906 avia-img-lazy-loading-not-142906 avia_image' src=\"https:\/\/agencevu.com\/wp-content\/uploads\/2021\/04\/2015-Javais-pose\u0301-le-monde-sur-la-table-ROND-extrait-04.jpg\" alt='' title='2015-J&#039;avais pose\u0301 le monde sur la table-ROND-extrait-04' height=\"900\" width=\"900\"  itemprop=\"thumbnailUrl\" srcset=\"https:\/\/agencevu.com\/wp-content\/uploads\/2021\/04\/2015-Javais-pose\u0301-le-monde-sur-la-table-ROND-extrait-04.jpg 900w, https:\/\/agencevu.com\/wp-content\/uploads\/2021\/04\/2015-Javais-pose\u0301-le-monde-sur-la-table-ROND-extrait-04-300x300.jpg 300w, https:\/\/agencevu.com\/wp-content\/uploads\/2021\/04\/2015-Javais-pose\u0301-le-monde-sur-la-table-ROND-extrait-04-80x80.jpg 80w, https:\/\/agencevu.com\/wp-content\/uploads\/2021\/04\/2015-Javais-pose\u0301-le-monde-sur-la-table-ROND-extrait-04-768x768.jpg 768w, https:\/\/agencevu.com\/wp-content\/uploads\/2021\/04\/2015-Javais-pose\u0301-le-monde-sur-la-table-ROND-extrait-04-36x36.jpg 36w, https:\/\/agencevu.com\/wp-content\/uploads\/2021\/04\/2015-Javais-pose\u0301-le-monde-sur-la-table-ROND-extrait-04-180x180.jpg 180w, https:\/\/agencevu.com\/wp-content\/uploads\/2021\/04\/2015-Javais-pose\u0301-le-monde-sur-la-table-ROND-extrait-04-705x705.jpg 705w\" sizes=\"(max-width: 900px) 100vw, 900px\" \/><\/div><\/div><\/div><\/div><\/p>\n","protected":false},"excerpt":{"rendered":"<p>Equateurs &#8211; 2015<\/p>\n","protected":false},"featured_media":142907,"menu_order":0,"template":"","categories":[],"tags":[7056,3840],"annee":[4096],"photographe":[1250],"section_taxonomy":[3842],"yoast_head":"<!-- This site is optimized with the Yoast SEO plugin v16.3 - https:\/\/yoast.com\/wordpress\/plugins\/seo\/ -->\n<title>J\u2019avais pos\u00e9 le monde sur la table - Agence VU&#039;<\/title>\n<meta name=\"robots\" content=\"index, follow, max-snippet:-1, max-image-preview:large, max-video-preview:-1\" \/>\n<link rel=\"canonical\" href=\"\/\" \/>\n<meta property=\"og:locale\" content=\"en_US\" \/>\n<meta property=\"og:type\" content=\"article\" \/>\n<meta property=\"og:title\" content=\"J\u2019avais pos\u00e9 le monde sur la table - Agence VU&#039;\" \/>\n<meta property=\"og:description\" content=\"Equateurs - 2015\" \/>\n<meta property=\"og:site_name\" content=\"Agence VU&#039;\" \/>\n<meta property=\"article:publisher\" content=\"https:\/\/www.facebook.com\/VUagence\" \/>\n<meta property=\"article:modified_time\" content=\"2021-04-15T12:21:42+00:00\" \/>\n<meta property=\"og:image\" content=\"https:\/\/agencevu.com\/wp-content\/uploads\/2021\/04\/2015-Javais-pose\u0301-le-monde-sur-la-table-ROND-preview.jpg\" \/>\n\t<meta property=\"og:image:width\" content=\"143\" \/>\n\t<meta property=\"og:image:height\" content=\"185\" \/>\n<meta name=\"twitter:card\" content=\"summary_large_image\" \/>\n<meta name=\"twitter:site\" content=\"@agence_vu\" \/>\n<script type=\"application\/ld+json\" class=\"yoast-schema-graph\">{\"@context\":\"https:\/\/schema.org\",\"@graph\":[{\"@type\":\"WebSite\",\"@id\":\"https:\/\/agencevu.com\/en\/#website\",\"url\":\"https:\/\/agencevu.com\/en\/\",\"name\":\"Agence VU&#039;\",\"description\":\"Agency of photographers founded in 1986\",\"potentialAction\":[{\"@type\":\"SearchAction\",\"target\":\"https:\/\/agencevu.com\/en\/?s={search_term_string}\",\"query-input\":\"required name=search_term_string\"}],\"inLanguage\":\"en-US\"},{\"@type\":\"ImageObject\",\"@id\":\"#primaryimage\",\"inLanguage\":\"en-US\",\"url\":\"https:\/\/agencevu.com\/wp-content\/uploads\/2021\/04\/2015-Javais-pose\\u0301-le-monde-sur-la-table-ROND-preview.jpg\",\"contentUrl\":\"https:\/\/agencevu.com\/wp-content\/uploads\/2021\/04\/2015-Javais-pose\\u0301-le-monde-sur-la-table-ROND-preview.jpg\",\"width\":143,\"height\":185},{\"@type\":\"WebPage\",\"@id\":\"#webpage\",\"url\":null,\"name\":\"J\\u2019avais pos\\u00e9 le monde sur la table - Agence VU&#039;\",\"isPartOf\":{\"@id\":\"https:\/\/agencevu.com\/en\/#website\"},\"primaryImageOfPage\":{\"@id\":\"#primaryimage\"},\"datePublished\":\"2015-02-15T13:18:20+00:00\",\"dateModified\":\"2021-04-15T12:21:42+00:00\",\"breadcrumb\":{\"@id\":\"#breadcrumb\"},\"inLanguage\":\"en-US\",\"potentialAction\":[{\"@type\":\"ReadAction\",\"target\":[null]}]},{\"@type\":\"BreadcrumbList\",\"@id\":\"#breadcrumb\",\"itemListElement\":[{\"@type\":\"ListItem\",\"position\":1,\"item\":{\"@type\":\"WebPage\",\"@id\":\"https:\/\/agencevu.com\/en\/home\/\",\"url\":\"https:\/\/agencevu.com\/en\/home\/\",\"name\":\"Home\"}},{\"@type\":\"ListItem\",\"position\":2,\"item\":{\"@type\":\"WebPage\",\"@id\":\"https:\/\/agencevu.com\/en\/book\/\",\"url\":\"https:\/\/agencevu.com\/en\/book\/\",\"name\":\"Livres\"}},{\"@type\":\"ListItem\",\"position\":3,\"item\":{\"@id\":\"#webpage\"}}]}]}<\/script>\n<!-- \/ Yoast SEO plugin. -->","_links":{"self":[{"href":"https:\/\/agencevu.com\/en\/wp-json\/wp\/v2\/livre\/142910"}],"collection":[{"href":"https:\/\/agencevu.com\/en\/wp-json\/wp\/v2\/livre"}],"about":[{"href":"https:\/\/agencevu.com\/en\/wp-json\/wp\/v2\/types\/livre"}],"version-history":[{"count":2,"href":"https:\/\/agencevu.com\/en\/wp-json\/wp\/v2\/livre\/142910\/revisions"}],"predecessor-version":[{"id":149183,"href":"https:\/\/agencevu.com\/en\/wp-json\/wp\/v2\/livre\/142910\/revisions\/149183"}],"wp:featuredmedia":[{"embeddable":true,"href":"https:\/\/agencevu.com\/en\/wp-json\/wp\/v2\/media\/142907"}],"wp:attachment":[{"href":"https:\/\/agencevu.com\/en\/wp-json\/wp\/v2\/media?parent=142910"}],"wp:term":[{"taxonomy":"category","embeddable":true,"href":"https:\/\/agencevu.com\/en\/wp-json\/wp\/v2\/categories?post=142910"},{"taxonomy":"post_tag","embeddable":true,"href":"https:\/\/agencevu.com\/en\/wp-json\/wp\/v2\/tags?post=142910"},{"taxonomy":"annee","embeddable":true,"href":"https:\/\/agencevu.com\/en\/wp-json\/wp\/v2\/annee?post=142910"},{"taxonomy":"photographe","embeddable":true,"href":"https:\/\/agencevu.com\/en\/wp-json\/wp\/v2\/photographe?post=142910"},{"taxonomy":"section_taxonomy","embeddable":true,"href":"https:\/\/agencevu.com\/en\/wp-json\/wp\/v2\/section_taxonomy?post=142910"}],"curies":[{"name":"wp","href":"https:\/\/api.w.org\/{rel}","templated":true}]}}