{"id":223730,"date":"2025-08-18T13:00:00","date_gmt":"2025-08-18T11:00:00","guid":{"rendered":"https:\/\/agencevu.com\/?post_type=formation&#038;p=223730"},"modified":"2026-03-26T16:46:16","modified_gmt":"2026-03-26T15:46:16","slug":"eclairer-un-portrait-en-situation-de-commande","status":"publish","type":"formation","link":"https:\/\/agencevu.com\/en\/formation\/eclairer-un-portrait-en-situation-de-commande\/","title":{"rendered":"Eclairer un portrait en situation de commande"},"content":{"rendered":"<div id='av_section_1'  class='avia-section main_color avia-section-no-padding avia-no-border-styling  avia-bg-style-scroll  avia-builder-el-0  el_before_av_section  avia-builder-el-first   av-minimum-height av-minimum-height-custom  container_wrap fullsize' style='background-color: #525e41;  '  ><div class='container' style='height:150px'><main  role=\"main\" itemprop=\"mainContentOfPage\"  class='template-page content  av-content-full alpha units'><div class='post-entry post-entry-type-page post-entry-223730'><div class='entry-content-wrapper clearfix'>\n<div class=\"flex_column av_two_fifth  flex_column_div av-zero-column-padding first  avia-builder-el-1  el_before_av_one_fifth  avia-builder-el-first  \" style='border-radius:0px; '><\/div><div class=\"flex_column av_one_fifth  flex_column_div av-zero-column-padding   avia-builder-el-2  el_after_av_two_fifth  el_before_av_two_fifth  \" style='border-radius:0px; '><div  class='avia-image-container  av-styling-    avia-builder-el-3  avia-builder-el-no-sibling  avia-align-center '  itemprop=\"image\" itemscope=\"itemscope\" itemtype=\"https:\/\/schema.org\/ImageObject\"  ><div class='avia-image-container-inner'><div class='avia-image-overlay-wrap'><a href=\"https:\/\/agencevu.com\/vu-education\/\" class='avia_image' ><img width=\"999\" height=\"196\" class='wp-image-34935 avia-img-lazy-loading-not-34935 avia_image' src=\"https:\/\/agencevu.com\/wp-content\/uploads\/2017\/10\/vu-education.png\" alt='' title='vu-education'  itemprop=\"thumbnailUrl\" srcset=\"https:\/\/agencevu.com\/wp-content\/uploads\/2017\/10\/vu-education.png 999w, https:\/\/agencevu.com\/wp-content\/uploads\/2017\/10\/vu-education-80x16.png 80w, https:\/\/agencevu.com\/wp-content\/uploads\/2017\/10\/vu-education-300x59.png 300w, https:\/\/agencevu.com\/wp-content\/uploads\/2017\/10\/vu-education-768x151.png 768w, https:\/\/agencevu.com\/wp-content\/uploads\/2017\/10\/vu-education-705x138.png 705w, https:\/\/agencevu.com\/wp-content\/uploads\/2017\/10\/vu-education-450x88.png 450w\" sizes=\"(max-width: 999px) 100vw, 999px\" \/><\/a><\/div><\/div><\/div><\/div><div class=\"flex_column av_two_fifth  flex_column_div av-zero-column-padding   avia-builder-el-4  el_after_av_one_fifth  avia-builder-el-last  \" style='border-radius:0px; '><\/div>\n\n<\/div><\/div><\/main><!-- close content main element --><\/div><\/div><div id='av_section_2'  class='avia-section main_color avia-section-large avia-no-border-styling  avia-bg-style-scroll  avia-builder-el-5  el_after_av_section  el_before_av_section   container_wrap fullsize' style=' '  ><div class='container' ><div class='template-page content  av-content-full alpha units'><div class='post-entry post-entry-type-page post-entry-223730'><div class='entry-content-wrapper clearfix'>\n<div class=\"flex_column av_one_half  avia-full-contain flex_column_div av-zero-column-padding first  avia-builder-el-6  el_before_av_one_half  avia-builder-el-first  \" style='margin-top:0px; margin-bottom:0px; border-radius:0px; '><div  class='avia-image-container  av-styling-no-styling    avia-builder-el-7  avia-builder-el-no-sibling  avia-align-center '  itemprop=\"image\" itemscope=\"itemscope\" itemtype=\"https:\/\/schema.org\/ImageObject\"  ><div class='avia-image-container-inner'><div class='avia-image-overlay-wrap'><img class='wp-image-226440 avia-img-lazy-loading-not-226440 avia_image' src=\"https:\/\/agencevu.com\/wp-content\/uploads\/2025\/08\/p_CARRE_ZAN26325-2025CL04.jpg\" alt='' title='Sepideh Farsi' height=\"800\" width=\"800\"  itemprop=\"thumbnailUrl\" srcset=\"https:\/\/agencevu.com\/wp-content\/uploads\/2025\/08\/p_CARRE_ZAN26325-2025CL04.jpg 800w, https:\/\/agencevu.com\/wp-content\/uploads\/2025\/08\/p_CARRE_ZAN26325-2025CL04-300x300.jpg 300w, https:\/\/agencevu.com\/wp-content\/uploads\/2025\/08\/p_CARRE_ZAN26325-2025CL04-80x80.jpg 80w, https:\/\/agencevu.com\/wp-content\/uploads\/2025\/08\/p_CARRE_ZAN26325-2025CL04-768x768.jpg 768w, https:\/\/agencevu.com\/wp-content\/uploads\/2025\/08\/p_CARRE_ZAN26325-2025CL04-36x36.jpg 36w, https:\/\/agencevu.com\/wp-content\/uploads\/2025\/08\/p_CARRE_ZAN26325-2025CL04-180x180.jpg 180w, https:\/\/agencevu.com\/wp-content\/uploads\/2025\/08\/p_CARRE_ZAN26325-2025CL04-705x705.jpg 705w\" sizes=\"(max-width: 800px) 100vw, 800px\" \/><\/div><\/div><\/div><\/div><div class=\"flex_column av_one_half  avia-full-contain flex_column_div av-zero-column-padding   avia-builder-el-8  el_after_av_one_half  avia-builder-el-last  \" style='margin-top:0px; margin-bottom:0px; border-radius:0px; '><p><section class=\"av_textblock_section \"  itemscope=\"itemscope\" itemtype=\"https:\/\/schema.org\/CreativeWork\" ><div class='avia_textblock  av_inherit_color '  style='font-size:16px; color:#0a0a0a; '  itemprop=\"text\" ><p><strong style=\"font-size: 20px;\"><strong>\u00c9clairer un portrait en situation de commande<\/strong><br \/>\n<\/strong>\u2014<br \/>\n<strong style=\"font-size: 20px;\">Par Cyril Zannettacci<br \/>\n<\/strong><strong>Assist\u00e9 par \u00c9douard Jacquinet et L\u00e9o d\u2019Oriano<\/strong><strong style=\"font-size: 20px;\"><br \/>\n<\/strong><\/p>\n<p>\u2014<br \/>\n<strong>Du 17 au 21 avril 2026, <\/strong>\u00e0 l&#8217;Agence VU\u2019<strong><br \/>\n<\/strong><\/p>\n<\/div><\/section><br \/>\n<section class=\"av_textblock_section \"  itemscope=\"itemscope\" itemtype=\"https:\/\/schema.org\/CreativeWork\" ><div class='avia_textblock  av_inherit_color '  style='font-size:13px; color:#0a0a0a; '  itemprop=\"text\" ><div class=\"page\" title=\"Page 2\">\n<div class=\"section\">\n<div class=\"layoutArea\">\n<div class=\"column\">\n<p class=\"p1\">Ce stage propose d\u2019acqu\u00e9rir des techniques d\u2019\u00e9clairage afin d\u2019aborder sereinement la r\u00e9alisation d\u2019un portrait en situation de commande et pouvoir ainsi laisser libre cours \u00e0 sa cr\u00e9ativit\u00e9.<\/p>\n<p class=\"p1\">Le stage commencera par une pr\u00e9sentation d\u00e9taill\u00e9e du travail de Cyril Zannettacci et des participants. Ceux-ci seront \u00e9galement invit\u00e9s \u00e0 apporter des r\u00e9f\u00e9rences de portraits r\u00e9alis\u00e9s par d\u2019autres photographes afin de reconstituer ensemble la mani\u00e8re dont ceux-ci ont \u00e9t\u00e9 \u00e9clair\u00e9s.<\/p>\n<p class=\"p1\">Une pr\u00e9sentation des diff\u00e9rents types d\u2019\u00e9clairages permettra ensuite de se familiariser avec le mat\u00e9riel et \u00e0 bien comprendre les sp\u00e9cificit\u00e9s des diff\u00e9rentes sources lumineuses. L\u2019observation de la lumi\u00e8re ambiante et l\u2019usage inventif des \u00e9clairages ajout\u00e9s (flashs et LED notamment) seront des points d\u2019appui fondamentaux pour construire ses images.<\/p>\n<p class=\"p1\">Ces acquis seront mis en pratique \u00e0 travers de nombreux exercices de prise de vue dans des conditions spatiales et temporelles vari\u00e9es, avec des mod\u00e8les aux profils divers : la formation b\u00e9n\u00e9ficiera en effet de la complicit\u00e9 d\u2019acteurs, actrices, danseurs et danseuses. Les stagiaires seront invit\u00e9s \u00e0 faire des propositions fortes \u00e0 chaque prise de vue. Ces choix seront motiv\u00e9es par des questions d\u2019espace, de cadrage et de lumi\u00e8re&#8230; mais aussi par les besoins en terme de lignes \u00e9ditoriales ou de chartes graphiques de diff\u00e9rents commanditaires.<\/p>\n<p class=\"p1\">Une journ\u00e9e de stage sera consacr\u00e9e \u00e0 l\u2019editing des photos r\u00e9alis\u00e9es ainsi qu\u2019\u00e0 une approche de la chromie vue comme l\u2019ultime \u00e9tape de cr\u00e9ation permettant au photographe d\u2019apporter une touche personnelle \u00e0 ses portraits.<\/p>\n<div class=\"page\" title=\"Page 2\">\n<div class=\"section\">\n<div class=\"layoutArea\">\n<div class=\"column\">&nbsp;<\/div>\n<\/div>\n<\/div>\n<\/div>\n<\/div>\n<\/div>\n<\/div>\n<\/div>\n<\/div><\/section><br \/>\n<div  style='height:30px' class='hr hr-invisible   avia-builder-el-11  el_after_av_textblock  el_before_av_buttonrow '><span class='hr-inner ' ><span class='hr-inner-style'><\/span><\/span><\/div><br \/>\n<div  class='avia-buttonrow-wrap avia-buttonrow-left   avia-builder-el-12  el_after_av_hr  avia-builder-el-last '>\n<a href='https:\/\/agencevu.com\/wp-content\/uploads\/2026\/03\/2026_04_Programme_Zannettacci.pdf' class='avia-button  avia-icon_select-no avia-size-small ' target=\"_blank\" rel=\"noopener noreferrer\" style='background-color:#525e41; border-color:#525e41; color:#f9f9f9; margin-bottom:5px; margin-right:5px; '><span class='avia_iconbox_title' >T\u00e9l\u00e9charger le programme d\u00e9taill\u00e9<\/span><span class='avia_button_background avia-button avia-color-custom' style='background-color:#525e41;'><\/span><\/a>\n<a href='https:\/\/docs.google.com\/forms\/d\/e\/1FAIpQLSfLxUSgaDWH-QbmGp0jFKpbdhjiU_itZWb9F7oq6AOZ4I3RZA\/viewform' class='avia-button  avia-icon_select-no avia-size-small ' target=\"_blank\" rel=\"noopener noreferrer\" style='background-color:#525e41; border-color:#525e41; color:#f9f9f9; margin-bottom:5px; margin-right:5px; '><span class='avia_iconbox_title' >Pr\u00e9-inscription<\/span><span class='avia_button_background avia-button avia-color-custom' style='background-color:#525e41;'><\/span><\/a>\n<a href='mailto:nouel@vuphoto.fr' class='avia-button  avia-icon_select-no avia-size-small ' target=\"_blank\" rel=\"noopener noreferrer\" style='background-color:#525e41; border-color:#525e41; color:#f9f9f9; margin-bottom:5px; margin-right:5px; '><span class='avia_iconbox_title' >Contact<\/span><span class='avia_button_background avia-button avia-color-custom' style='background-color:#525e41;'><\/span><\/a>\n<\/div><\/p><\/div>\n\n<\/div><\/div><\/div><!-- close content main div --><\/div><\/div><div id='av_section_3'  class='avia-section main_color avia-section-default avia-no-border-styling  avia-bg-style-scroll  avia-builder-el-13  el_after_av_section  el_before_av_section   container_wrap fullsize' style='background-color: #fafafa;  '  ><div class='container' ><div class='template-page content  av-content-full alpha units'><div class='post-entry post-entry-type-page post-entry-223730'><div class='entry-content-wrapper clearfix'>\n<div class=\"flex_column av_one_fourth  flex_column_div av-zero-column-padding first  avia-builder-el-14  el_before_av_one_fourth  avia-builder-el-first  \" style='border-radius:0px; '><section class=\"av_textblock_section \"  itemscope=\"itemscope\" itemtype=\"https:\/\/schema.org\/CreativeWork\" ><div class='avia_textblock  av_inherit_color '  style='font-size:13px; color:#0a0a0a; '  itemprop=\"text\" ><p style=\"text-align: center;\"><img loading=\"lazy\" class=\"wp-image-217633 aligncenter\" src=\"https:\/\/agencevu.com\/wp-content\/uploads\/2024\/11\/calendar.png\" alt=\"\" width=\"32\" height=\"32\" srcset=\"https:\/\/agencevu.com\/wp-content\/uploads\/2024\/11\/calendar.png 500w, https:\/\/agencevu.com\/wp-content\/uploads\/2024\/11\/calendar-300x300.png 300w, https:\/\/agencevu.com\/wp-content\/uploads\/2024\/11\/calendar-80x80.png 80w, https:\/\/agencevu.com\/wp-content\/uploads\/2024\/11\/calendar-36x36.png 36w, https:\/\/agencevu.com\/wp-content\/uploads\/2024\/11\/calendar-180x180.png 180w\" sizes=\"(max-width: 32px) 100vw, 32px\" \/><strong>Du 17 au 21 avril 2026<\/strong><strong><br \/>\n&#8211;<br \/>\n<\/strong><span style=\"font-weight: 400;\">35 heures de formation<\/span><br \/>\n&#8211;<br \/>\nAgence VU\u2019<br \/>\n60 avenue de Saxe<br \/>\n75015 Paris<\/p>\n<\/div><\/section><\/div><div class=\"flex_column av_one_fourth  flex_column_div av-zero-column-padding   avia-builder-el-16  el_after_av_one_fourth  el_before_av_one_fourth  \" style='border-radius:0px; '><section class=\"av_textblock_section \"  itemscope=\"itemscope\" itemtype=\"https:\/\/schema.org\/CreativeWork\" ><div class='avia_textblock  av_inherit_color '  style='font-size:13px; color:#0a0a0a; '  itemprop=\"text\" ><p><img loading=\"lazy\" class=\"wp-image-217637 aligncenter\" src=\"https:\/\/agencevu.com\/wp-content\/uploads\/2024\/11\/prices.png\" alt=\"\" width=\"32\" height=\"32\" srcset=\"https:\/\/agencevu.com\/wp-content\/uploads\/2024\/11\/prices.png 500w, https:\/\/agencevu.com\/wp-content\/uploads\/2024\/11\/prices-300x300.png 300w, https:\/\/agencevu.com\/wp-content\/uploads\/2024\/11\/prices-80x80.png 80w, https:\/\/agencevu.com\/wp-content\/uploads\/2024\/11\/prices-36x36.png 36w, https:\/\/agencevu.com\/wp-content\/uploads\/2024\/11\/prices-180x180.png 180w\" sizes=\"(max-width: 32px) 100vw, 32px\" \/><\/p>\n<p style=\"text-align: center;\"><strong>Plein Tarif&nbsp;<\/strong><br \/>\n<span style=\"font-weight: 400;\">2 100 \u20ac HT \/ 2 520 \u20ac TTC<\/span><br \/>\n<strong>Tarif r\u00e9duit*<br \/>\n<\/strong><span style=\"font-weight: 400;\">1 575 \u20ac HT \/ 1 890 \u20ac TTC<\/span><\/p>\n<p style=\"font-size: 10px; text-align: center;\">*voir programme d\u00e9taill\u00e9<\/p>\n<\/div><\/section><\/div><div class=\"flex_column av_one_fourth  flex_column_div av-zero-column-padding   avia-builder-el-18  el_after_av_one_fourth  el_before_av_one_fourth  \" style='border-radius:0px; '><section class=\"av_textblock_section \"  itemscope=\"itemscope\" itemtype=\"https:\/\/schema.org\/CreativeWork\" ><div class='avia_textblock  av_inherit_color '  style='font-size:13px; color:#0a0a0a; '  itemprop=\"text\" ><p><img loading=\"lazy\" class=\"wp-image-217637 aligncenter\" src=\"https:\/\/agencevu.com\/wp-content\/uploads\/2024\/11\/people.png\" alt=\"\" width=\"32\" height=\"32\"><\/p>\n<p style=\"text-align: center;\"><strong>10<\/strong> participants<br \/>\nmaximum<\/p>\n<\/div><\/section><\/div><div class=\"flex_column av_one_fourth  flex_column_div av-zero-column-padding   avia-builder-el-20  el_after_av_one_fourth  avia-builder-el-last  \" style='border-radius:0px; '><p><section class=\"av_textblock_section \"  itemscope=\"itemscope\" itemtype=\"https:\/\/schema.org\/CreativeWork\" ><div class='avia_textblock  av_inherit_color '  style='font-size:13px; color:#0a0a0a; '  itemprop=\"text\" ><p><img loading=\"lazy\" class=\"wp-image-217639 aligncenter\" src=\"https:\/\/agencevu.com\/wp-content\/uploads\/2024\/11\/rate.png\" alt=\"\" width=\"32\" height=\"32\" srcset=\"https:\/\/agencevu.com\/wp-content\/uploads\/2024\/11\/rate.png 500w, https:\/\/agencevu.com\/wp-content\/uploads\/2024\/11\/rate-300x300.png 300w, https:\/\/agencevu.com\/wp-content\/uploads\/2024\/11\/rate-80x80.png 80w, https:\/\/agencevu.com\/wp-content\/uploads\/2024\/11\/rate-36x36.png 36w, https:\/\/agencevu.com\/wp-content\/uploads\/2024\/11\/rate-180x180.png 180w\" sizes=\"(max-width: 32px) 100vw, 32px\" \/><\/p>\n<p style=\"text-align: center;\"><strong>4,8 \/ 5<\/strong><br \/>\n<span style=\"font-weight: 400;\">Taux de satisfaction*<\/span><br \/>\n<span style=\"font-weight: 400; font-size: 12px;\">* 30 r\u00e9pondants sur 37 participants aux sessions de 2021 \u00e0 2024<\/span><\/p>\n<\/div><\/section><br \/>\n<section class=\"av_textblock_section \"  itemscope=\"itemscope\" itemtype=\"https:\/\/schema.org\/CreativeWork\" ><div class='avia_textblock  av_inherit_color '  style='font-size:13px; color:#0a0a0a; '  itemprop=\"text\" ><p style=\"text-align: center;\"><strong>83 %<\/strong><br \/>\n<span style=\"font-weight: 400;\">Objectifs atteints**<\/span><br \/>\n<span style=\"font-weight: 400; font-size: 12px;\">** <span style=\"font-weight: 400;\">auto-\u00e9valuation des comp\u00e9tences acquises par 18 participants aux sessions 2024<\/span><\/span><\/p>\n<\/div><\/section><\/p><\/div><\/div><\/div><\/div><!-- close content main div --><\/div><\/div><div id='av_section_4'  class='avia-section main_color avia-section-default avia-no-border-styling  avia-bg-style-scroll  avia-builder-el-23  el_after_av_section  avia-builder-el-last   container_wrap fullsize' style=' '  ><div class='container' ><div class='template-page content  av-content-full alpha units'><div class='post-entry post-entry-type-page post-entry-223730'><div class='entry-content-wrapper clearfix'>\n<section class=\"av_textblock_section \"  itemscope=\"itemscope\" itemtype=\"https:\/\/schema.org\/CreativeWork\" ><div class='avia_textblock  '   itemprop=\"text\" ><p>Mathias NOUEL : nouel@vuphoto.fr +33 1 53 01 85 85<br \/>\nVU\u2019\u00e9ducation : De\u0301claration d\u2019activite\u0301 de formateur enregistre\u0301e aupre\u0300s du pre\u0301fet de re\u0301gion d\u2019Ile-de-France sous le nume\u0301ro 11 75 50839 75<\/p>\n<\/div><\/section>\n<\/p>\n","protected":false},"excerpt":{"rendered":"<p><span class=\"tag-extrait\">VU&#8217;\u00e9ducation | <\/span>Acquisition de comp\u00e9tences | Du 17 au 21 avril 2026 \u00e0 l&#8217;Agence VU&#8217;<\/p>\n","protected":false},"featured_media":226439,"menu_order":0,"template":"","categories":[20560],"tags":[4032],"photographe":[16928],"section_taxonomy":[4029],"yoast_head":"<!-- This site is optimized with the Yoast SEO plugin v16.3 - https:\/\/yoast.com\/wordpress\/plugins\/seo\/ -->\n<title>Eclairer un portrait en situation de commande - Agence VU&#039;<\/title>\n<meta name=\"description\" content=\"\u00c9clairer un portrait en situation de commande, Par Cyril Zannettacci | Du 17 au 21 avril 2026 \u00e0 l&#039;Agence VU&#039;\" \/>\n<meta name=\"robots\" content=\"index, follow, max-snippet:-1, max-image-preview:large, max-video-preview:-1\" \/>\n<link rel=\"canonical\" href=\"\/\" \/>\n<meta property=\"og:locale\" content=\"en_US\" \/>\n<meta property=\"og:type\" content=\"article\" \/>\n<meta property=\"og:title\" content=\"Eclairer un portrait en situation de commande - Agence VU&#039;\" \/>\n<meta property=\"og:description\" content=\"\u00c9clairer un portrait en situation de commande, Par Cyril Zannettacci | Du 17 au 21 avril 2026 \u00e0 l&#039;Agence VU&#039;\" \/>\n<meta property=\"og:site_name\" content=\"Agence VU&#039;\" \/>\n<meta property=\"article:publisher\" content=\"https:\/\/www.facebook.com\/VUagence\" \/>\n<meta property=\"article:modified_time\" content=\"2026-03-26T15:46:16+00:00\" \/>\n<meta property=\"og:image\" content=\"https:\/\/agencevu.com\/wp-content\/uploads\/2025\/08\/p_CARRE_ZAN26325-2025CL04.jpg\" \/>\n\t<meta property=\"og:image:width\" content=\"800\" \/>\n\t<meta property=\"og:image:height\" content=\"800\" \/>\n<meta name=\"twitter:card\" content=\"summary_large_image\" \/>\n<meta name=\"twitter:site\" content=\"@agence_vu\" \/>\n<script type=\"application\/ld+json\" class=\"yoast-schema-graph\">{\"@context\":\"https:\/\/schema.org\",\"@graph\":[{\"@type\":\"WebSite\",\"@id\":\"https:\/\/agencevu.com\/en\/#website\",\"url\":\"https:\/\/agencevu.com\/en\/\",\"name\":\"Agence VU&#039;\",\"description\":\"Agency of photographers founded in 1986\",\"potentialAction\":[{\"@type\":\"SearchAction\",\"target\":\"https:\/\/agencevu.com\/en\/?s={search_term_string}\",\"query-input\":\"required name=search_term_string\"}],\"inLanguage\":\"en-US\"},{\"@type\":\"ImageObject\",\"@id\":\"#primaryimage\",\"inLanguage\":\"en-US\",\"url\":\"https:\/\/agencevu.com\/wp-content\/uploads\/2025\/08\/p_CARRE_ZAN26325-2025CL04.jpg\",\"contentUrl\":\"https:\/\/agencevu.com\/wp-content\/uploads\/2025\/08\/p_CARRE_ZAN26325-2025CL04.jpg\",\"width\":800,\"height\":800,\"caption\":\"France, Paris, 25 August 2025 Portrait of Sepideh Farsi, Iranian film director. France, Paris, 25 ao\\u221a\\u00aat 2025 Portrait de Sepideh Farsi, r\\u221a\\u00a9alisatrice iranienne. Cyril Zannettacci \/ Agence VU\"},{\"@type\":\"WebPage\",\"@id\":\"#webpage\",\"url\":null,\"name\":\"Eclairer un portrait en situation de commande - Agence VU&#039;\",\"isPartOf\":{\"@id\":\"https:\/\/agencevu.com\/en\/#website\"},\"primaryImageOfPage\":{\"@id\":\"#primaryimage\"},\"datePublished\":\"2025-08-18T11:00:00+00:00\",\"dateModified\":\"2026-03-26T15:46:16+00:00\",\"description\":\"\\u00c9clairer un portrait en situation de commande, Par Cyril Zannettacci | Du 17 au 21 avril 2026 \\u00e0 l'Agence VU'\",\"breadcrumb\":{\"@id\":\"#breadcrumb\"},\"inLanguage\":\"en-US\",\"potentialAction\":[{\"@type\":\"ReadAction\",\"target\":[null]}]},{\"@type\":\"BreadcrumbList\",\"@id\":\"#breadcrumb\",\"itemListElement\":[{\"@type\":\"ListItem\",\"position\":1,\"item\":{\"@type\":\"WebPage\",\"@id\":\"https:\/\/agencevu.com\/en\/home\/\",\"url\":\"https:\/\/agencevu.com\/en\/home\/\",\"name\":\"Home\"}},{\"@type\":\"ListItem\",\"position\":2,\"item\":{\"@type\":\"WebPage\",\"@id\":\"https:\/\/agencevu.com\/en\/workshop\/\",\"url\":\"https:\/\/agencevu.com\/en\/workshop\/\",\"name\":\"Formations\"}},{\"@type\":\"ListItem\",\"position\":3,\"item\":{\"@id\":\"#webpage\"}}]}]}<\/script>\n<!-- \/ Yoast SEO plugin. -->","_links":{"self":[{"href":"https:\/\/agencevu.com\/en\/wp-json\/wp\/v2\/formation\/223730"}],"collection":[{"href":"https:\/\/agencevu.com\/en\/wp-json\/wp\/v2\/formation"}],"about":[{"href":"https:\/\/agencevu.com\/en\/wp-json\/wp\/v2\/types\/formation"}],"version-history":[{"count":4,"href":"https:\/\/agencevu.com\/en\/wp-json\/wp\/v2\/formation\/223730\/revisions"}],"predecessor-version":[{"id":223792,"href":"https:\/\/agencevu.com\/en\/wp-json\/wp\/v2\/formation\/223730\/revisions\/223792"}],"wp:featuredmedia":[{"embeddable":true,"href":"https:\/\/agencevu.com\/en\/wp-json\/wp\/v2\/media\/226439"}],"wp:attachment":[{"href":"https:\/\/agencevu.com\/en\/wp-json\/wp\/v2\/media?parent=223730"}],"wp:term":[{"taxonomy":"category","embeddable":true,"href":"https:\/\/agencevu.com\/en\/wp-json\/wp\/v2\/categories?post=223730"},{"taxonomy":"post_tag","embeddable":true,"href":"https:\/\/agencevu.com\/en\/wp-json\/wp\/v2\/tags?post=223730"},{"taxonomy":"photographe","embeddable":true,"href":"https:\/\/agencevu.com\/en\/wp-json\/wp\/v2\/photographe?post=223730"},{"taxonomy":"section_taxonomy","embeddable":true,"href":"https:\/\/agencevu.com\/en\/wp-json\/wp\/v2\/section_taxonomy?post=223730"}],"curies":[{"name":"wp","href":"https:\/\/api.w.org\/{rel}","templated":true}]}}