{"id":220396,"date":"2025-02-12T15:02:55","date_gmt":"2025-02-12T14:02:55","guid":{"rendered":"https:\/\/agencevu.com\/?post_type=formation&#038;p=220396"},"modified":"2025-06-16T14:29:39","modified_gmt":"2025-06-16T12:29:39","slug":"developper-une-serie","status":"publish","type":"formation","link":"https:\/\/agencevu.com\/en\/formation\/developper-une-serie\/","title":{"rendered":"D\u00e9velopper une s\u00e9rie photographique personnelle"},"content":{"rendered":"<div id='av_section_1'  class='avia-section main_color avia-section-no-padding avia-no-border-styling  avia-bg-style-scroll  avia-builder-el-0  el_before_av_section  avia-builder-el-first   av-minimum-height av-minimum-height-custom  container_wrap fullsize' style='background-color: #f2f2f2;  '  ><div class='container' style='height:150px'><main  role=\"main\" itemprop=\"mainContentOfPage\"  class='template-page content  av-content-full alpha units'><div class='post-entry post-entry-type-page post-entry-220396'><div class='entry-content-wrapper clearfix'>\n<div class=\"flex_column av_two_fifth  flex_column_div av-zero-column-padding first  avia-builder-el-1  el_before_av_one_fifth  avia-builder-el-first  \" style='border-radius:0px; '><\/div><div class=\"flex_column av_one_fifth  flex_column_div av-zero-column-padding   avia-builder-el-2  el_after_av_two_fifth  el_before_av_two_fifth  \" style='border-radius:0px; '><div  class='avia-image-container  av-styling-    avia-builder-el-3  avia-builder-el-no-sibling  avia-align-center '  itemprop=\"image\" itemscope=\"itemscope\" itemtype=\"https:\/\/schema.org\/ImageObject\"  ><div class='avia-image-container-inner'><div class='avia-image-overlay-wrap'><img class='wp-image-82076 avia-img-lazy-loading-not-82076 avia_image' src=\"https:\/\/agencevu.com\/wp-content\/uploads\/2020\/09\/VUeducation.png\" alt='' title='VUeducation' height=\"378\" width=\"1732\"  itemprop=\"thumbnailUrl\" srcset=\"https:\/\/agencevu.com\/wp-content\/uploads\/2020\/09\/VUeducation.png 1732w, https:\/\/agencevu.com\/wp-content\/uploads\/2020\/09\/VUeducation-80x17.png 80w, https:\/\/agencevu.com\/wp-content\/uploads\/2020\/09\/VUeducation-300x65.png 300w, https:\/\/agencevu.com\/wp-content\/uploads\/2020\/09\/VUeducation-768x168.png 768w, https:\/\/agencevu.com\/wp-content\/uploads\/2020\/09\/VUeducation-1030x225.png 1030w, https:\/\/agencevu.com\/wp-content\/uploads\/2020\/09\/VUeducation-1500x327.png 1500w, https:\/\/agencevu.com\/wp-content\/uploads\/2020\/09\/VUeducation-705x154.png 705w, https:\/\/agencevu.com\/wp-content\/uploads\/2020\/09\/VUeducation-450x98.png 450w\" sizes=\"(max-width: 1732px) 100vw, 1732px\" \/><\/div><\/div><\/div><\/div><div class=\"flex_column av_two_fifth  flex_column_div av-zero-column-padding   avia-builder-el-4  el_after_av_one_fifth  avia-builder-el-last  \" style='border-radius:0px; '><\/div>\n\n<\/div><\/div><\/main><!-- close content main element --><\/div><\/div><div id='av_section_2'  class='avia-section main_color avia-section-large avia-no-border-styling  avia-bg-style-scroll  avia-builder-el-5  el_after_av_section  el_before_av_section   container_wrap fullsize' style=' '  ><div class='container' ><div class='template-page content  av-content-full alpha units'><div class='post-entry post-entry-type-page post-entry-220396'><div class='entry-content-wrapper clearfix'>\n<div class=\"flex_column av_one_half  avia-full-contain flex_column_div av-zero-column-padding first  avia-builder-el-6  el_before_av_one_half  avia-builder-el-first  \" style='margin-top:0px; margin-bottom:0px; border-radius:0px; '><div  class='avia-image-container  av-styling-no-styling    avia-builder-el-7  avia-builder-el-no-sibling  avia-align-center '  itemprop=\"image\" itemscope=\"itemscope\" itemtype=\"https:\/\/schema.org\/ImageObject\"  ><div class='avia-image-container-inner'><div class='avia-image-overlay-wrap'><img class='wp-image-220339 avia-img-lazy-loading-not-220339 avia_image' src=\"https:\/\/agencevu.com\/wp-content\/uploads\/2025\/02\/17_La-chute-2-1030x1030.jpg\" alt='' title='17_La chute 2' height=\"1030\" width=\"1030\"  itemprop=\"thumbnailUrl\" srcset=\"https:\/\/agencevu.com\/wp-content\/uploads\/2025\/02\/17_La-chute-2-1030x1030.jpg 1030w, https:\/\/agencevu.com\/wp-content\/uploads\/2025\/02\/17_La-chute-2-300x300.jpg 300w, https:\/\/agencevu.com\/wp-content\/uploads\/2025\/02\/17_La-chute-2-80x80.jpg 80w, https:\/\/agencevu.com\/wp-content\/uploads\/2025\/02\/17_La-chute-2-768x768.jpg 768w, https:\/\/agencevu.com\/wp-content\/uploads\/2025\/02\/17_La-chute-2-1536x1536.jpg 1536w, https:\/\/agencevu.com\/wp-content\/uploads\/2025\/02\/17_La-chute-2-36x36.jpg 36w, https:\/\/agencevu.com\/wp-content\/uploads\/2025\/02\/17_La-chute-2-180x180.jpg 180w, https:\/\/agencevu.com\/wp-content\/uploads\/2025\/02\/17_La-chute-2-1500x1500.jpg 1500w, https:\/\/agencevu.com\/wp-content\/uploads\/2025\/02\/17_La-chute-2-705x705.jpg 705w, https:\/\/agencevu.com\/wp-content\/uploads\/2025\/02\/17_La-chute-2.jpg 1654w\" sizes=\"(max-width: 1030px) 100vw, 1030px\" \/><\/div><\/div><\/div><\/div><div class=\"flex_column av_one_half  avia-full-contain flex_column_div av-zero-column-padding   avia-builder-el-8  el_after_av_one_half  avia-builder-el-last  \" style='margin-top:0px; margin-bottom:0px; border-radius:0px; '><p><section class=\"av_textblock_section \"  itemscope=\"itemscope\" itemtype=\"https:\/\/schema.org\/CreativeWork\" ><div class='avia_textblock  av_inherit_color '  style='font-size:16px; color:#0a0a0a; '  itemprop=\"text\" ><p><strong style=\"font-size: 20px;\"><strong>D\u00e9velopper une s\u00e9rie photographique personnelle dans le cadre d\u2019une r\u00e9sidence de cr\u00e9ation<\/strong><br \/>\n<\/strong>\u2014<br \/>\n<strong style=\"font-size: 20px;\">Par <a style=\"text-decoration: none;\" href=\"https:\/\/agencevu.com\/photographe\/nolwenn-brod\/\" target=\"_blank\" rel=\"noopener\">Nolwenn Brod<\/a><\/strong><br \/>\nAvec les expertes invit\u00e9es : Marcelline Delbecq, Solange Reboul et Anne Immel\u00e9<br \/>\n\u2014<br \/>\n<strong>Du 13 juin 2025 au 25 janvier 2026, <\/strong>\u00e0 l\u2019Agence VU\u2019<strong><br \/>\n<\/strong><\/p>\n<\/div><\/section><br \/>\n<section class=\"av_textblock_section \"  itemscope=\"itemscope\" itemtype=\"https:\/\/schema.org\/CreativeWork\" ><div class='avia_textblock  av_inherit_color '  style='font-size:13px; color:#0a0a0a; '  itemprop=\"text\" ><div class=\"page\" title=\"Page 2\">\n<div class=\"section\">\n<div class=\"layoutArea\">\n<div class=\"column\">\n<p>La re\u0301sidence de cre\u0301ation est une e\u0301tape importante dans la carrie\u0300re des photographes-auteurs. Elle offre un espace de travail et un temps de\u0301fini pour approfondir sa recherche artistique a\u0300 travers l\u2019exploration d\u2019un territoire et des personnes qui l\u2019habitent. Elle est aussi une forme de reconnaissance institutionnelle et un moyen de financer ses projets.<\/p>\n<p>Cette formation de 8 mois, dirige\u0301e par Nolwenn Brod et plusieurs expertes invite\u0301es, a pour objectif de pre\u0301parer les photographes-auteurs a\u0300 re\u0301pondre a\u0300 des appels a\u0300 projets pour des re\u0301sidences. Elle les accompagne dans le de\u0301veloppement d\u2019un travail photographique en situation de re\u0301sidence pour en expe\u0301rimenter les enjeux.<\/p>\n<p>Les contenus de la formation abordent la de\u0301finition du projet sur un territoire pre\u0301cis (par la documentation, les repe\u0301rages et l\u2019identification des inspirations) puis les choix de prises de vue et de structuration narrative de l\u2019editing. Paralle\u0300lement, l\u2019e\u0301criture de textes permet d\u2019affiner sa vision artistique, tant a\u0300 travers une note d\u2019intention que par des relations textes-images au sein du corpus. Une attention particulie\u0300re est e\u0301galement accorde\u0301e a\u0300 la me\u0301diation artistique, avec la conception d\u2019ateliers participatifs et de dispositifs d\u2019interaction avec le public en accord avec l\u2019axe ge\u0301ne\u0301ral du projet.<\/p>\n<p>L\u2019e\u0301quipe pe\u0301dagogique qui accompagne Nolwenn Brod se compose de Marcelline Delbecq, photographe et e\u0301crivain, experte en re\u0301daction de textes artistiques ; de Solange Reboul, co-directrice et responsable des publics du Centre d\u2019art GwinZegal ; et de Anne Immele\u0301, photographe, curatrice et directrice de la Biennale de la Photographie de Mulhouse.<\/p>\n<\/div>\n<\/div>\n<\/div>\n<\/div>\n<\/div><\/section><br \/>\n<div  style='height:30px' class='hr hr-invisible   avia-builder-el-11  el_after_av_textblock  el_before_av_buttonrow '><span class='hr-inner ' ><span class='hr-inner-style'><\/span><\/span><\/div><br \/>\n<div  class='avia-buttonrow-wrap avia-buttonrow-left   avia-builder-el-12  el_after_av_hr  avia-builder-el-last '>\n<a href='https:\/\/agencevu.com\/2025_06_programme_brod\/' class='avia-button  avia-icon_select-no avia-size-small ' target=\"_blank\" rel=\"noopener noreferrer\" style='background-color:#e1e0e5; border-color:#e1e0e5; color:#020202; margin-bottom:5px; margin-right:5px; '><span class='avia_iconbox_title' >T\u00e9l\u00e9charger le programme d\u00e9taill\u00e9<\/span><span class='avia_button_background avia-button avia-color-custom' style='background-color:#0a0a0a;'><\/span><\/a>\n<a href='https:\/\/docs.google.com\/forms\/d\/e\/1FAIpQLScwfQzNpqoVc4mSv4ZHgb5A_il56Zi4uFrsYrdJZ0inQly6tA\/viewform' class='avia-button  avia-icon_select-no avia-size-small ' target=\"_blank\" rel=\"noopener noreferrer\" style='background-color:#e1e0e5; border-color:#e1e0e5; color:#020202; margin-bottom:5px; margin-right:5px; '><span class='avia_iconbox_title' >Pr\u00e9-inscription<\/span><span class='avia_button_background avia-button avia-color-custom' style='background-color:#000000;'><\/span><\/a>\n<a href='mailto:nouel@vuphoto.fr' class='avia-button  avia-icon_select-no avia-size-small ' target=\"_blank\" rel=\"noopener noreferrer\" style='background-color:#e1e0e5; border-color:#e1e0e5; color:#020202; margin-bottom:5px; margin-right:5px; '><span class='avia_iconbox_title' >Contact<\/span><span class='avia_button_background avia-button avia-color-custom' style='background-color:#000000;'><\/span><\/a>\n<\/div><\/p><\/div>\n\n<\/div><\/div><\/div><!-- close content main div --><\/div><\/div><div id='av_section_3'  class='avia-section main_color avia-section-default avia-no-border-styling  avia-bg-style-scroll  avia-builder-el-13  el_after_av_section  el_before_av_section   container_wrap fullsize' style='background-color: #f2f2f2;  '  ><div class='container' ><div class='template-page content  av-content-full alpha units'><div class='post-entry post-entry-type-page post-entry-220396'><div class='entry-content-wrapper clearfix'>\n<div class=\"flex_column av_one_fourth  flex_column_div av-zero-column-padding first  avia-builder-el-14  el_before_av_one_fourth  avia-builder-el-first  \" style='border-radius:0px; '><section class=\"av_textblock_section \"  itemscope=\"itemscope\" itemtype=\"https:\/\/schema.org\/CreativeWork\" ><div class='avia_textblock  av_inherit_color '  style='font-size:13px; color:#0a0a0a; '  itemprop=\"text\" ><p style=\"text-align: center;\"><img loading=\"lazy\" class=\"wp-image-217633 aligncenter\" src=\"https:\/\/agencevu.com\/wp-content\/uploads\/2024\/11\/calendar.png\" alt=\"\" width=\"32\" height=\"32\" srcset=\"https:\/\/agencevu.com\/wp-content\/uploads\/2024\/11\/calendar.png 500w, https:\/\/agencevu.com\/wp-content\/uploads\/2024\/11\/calendar-300x300.png 300w, https:\/\/agencevu.com\/wp-content\/uploads\/2024\/11\/calendar-80x80.png 80w, https:\/\/agencevu.com\/wp-content\/uploads\/2024\/11\/calendar-36x36.png 36w, https:\/\/agencevu.com\/wp-content\/uploads\/2024\/11\/calendar-180x180.png 180w\" sizes=\"(max-width: 32px) 100vw, 32px\" \/><strong>Du 13 juin 2025 au 25 janvier 2026<br \/>\n<\/strong><strong>\u00e0 l&#8217;Agence VU&#8217;<br \/>\n&#8211;<br \/>\n<\/strong>13 jours \u2013 102 heures<br \/>\n&#8211;<br \/>\nAgence VU&#8217;<br \/>\nH\u00f4tel Paul Delaroche<br \/>\n58 rue Saint-Lazare<br \/>\n75009, Paris<\/p>\n<\/div><\/section><\/div><div class=\"flex_column av_one_fourth  flex_column_div av-zero-column-padding   avia-builder-el-16  el_after_av_one_fourth  el_before_av_one_fourth  \" style='border-radius:0px; '><section class=\"av_textblock_section \"  itemscope=\"itemscope\" itemtype=\"https:\/\/schema.org\/CreativeWork\" ><div class='avia_textblock  av_inherit_color '  style='font-size:13px; color:#0a0a0a; '  itemprop=\"text\" ><p><img loading=\"lazy\" class=\"wp-image-217637 aligncenter\" src=\"https:\/\/agencevu.com\/wp-content\/uploads\/2024\/11\/prices.png\" alt=\"\" width=\"32\" height=\"32\" srcset=\"https:\/\/agencevu.com\/wp-content\/uploads\/2024\/11\/prices.png 500w, https:\/\/agencevu.com\/wp-content\/uploads\/2024\/11\/prices-300x300.png 300w, https:\/\/agencevu.com\/wp-content\/uploads\/2024\/11\/prices-80x80.png 80w, https:\/\/agencevu.com\/wp-content\/uploads\/2024\/11\/prices-36x36.png 36w, https:\/\/agencevu.com\/wp-content\/uploads\/2024\/11\/prices-180x180.png 180w\" sizes=\"(max-width: 32px) 100vw, 32px\" \/><\/p>\n<p style=\"text-align: center;\"><strong>Plein tarif *<\/strong><br \/>\n4 590 \u20ac HT \/ 5 508 \u20ac TTC<br \/>\n<strong>&#8211;<br \/>\nTarif r\u00e9duit*<\/strong><br \/>\n3570 \u20ac HT \/ 4 284 \u20ac TTC<\/p>\n<p style=\"font-size: 10px; text-align: center;\">* voir programme d\u00e9taill\u00e9<\/p>\n<\/div><\/section><\/div><div class=\"flex_column av_one_fourth  flex_column_div av-zero-column-padding   avia-builder-el-18  el_after_av_one_fourth  el_before_av_one_fourth  \" style='border-radius:0px; '><section class=\"av_textblock_section \"  itemscope=\"itemscope\" itemtype=\"https:\/\/schema.org\/CreativeWork\" ><div class='avia_textblock  av_inherit_color '  style='font-size:13px; color:#0a0a0a; '  itemprop=\"text\" ><p><img loading=\"lazy\" class=\"wp-image-217637 aligncenter\" src=\"https:\/\/agencevu.com\/wp-content\/uploads\/2024\/11\/people.png\" alt=\"\" width=\"32\" height=\"32\"><\/p>\n<p style=\"text-align: center;\"><strong>9<\/strong> participants<br \/>\nmaximum<\/p>\n<\/div><\/section><\/div><div class=\"flex_column av_one_fourth  flex_column_div av-zero-column-padding   avia-builder-el-20  el_after_av_one_fourth  avia-builder-el-last  \" style='border-radius:0px; '><section class=\"av_textblock_section \"  itemscope=\"itemscope\" itemtype=\"https:\/\/schema.org\/CreativeWork\" ><div class='avia_textblock  av_inherit_color '  style='font-size:13px; color:#0a0a0a; '  itemprop=\"text\" ><p><img loading=\"lazy\" class=\"wp-image-217639 aligncenter\" src=\"https:\/\/agencevu.com\/wp-content\/uploads\/2024\/11\/rate.png\" alt=\"\" width=\"32\" height=\"32\" srcset=\"https:\/\/agencevu.com\/wp-content\/uploads\/2024\/11\/rate.png 500w, https:\/\/agencevu.com\/wp-content\/uploads\/2024\/11\/rate-300x300.png 300w, https:\/\/agencevu.com\/wp-content\/uploads\/2024\/11\/rate-80x80.png 80w, https:\/\/agencevu.com\/wp-content\/uploads\/2024\/11\/rate-36x36.png 36w, https:\/\/agencevu.com\/wp-content\/uploads\/2024\/11\/rate-180x180.png 180w\" sizes=\"(max-width: 32px) 100vw, 32px\" \/><\/p>\n<p style=\"text-align: center;\">Nouvelle formation non encore \u00e9valu\u00e9e<\/p>\n<\/div><\/section><\/div>\n\n<\/div><\/div><\/div><!-- close content main div --><\/div><\/div><div id='av_section_4'  class='avia-section main_color avia-section-default avia-no-border-styling  avia-bg-style-scroll  avia-builder-el-22  el_after_av_section  avia-builder-el-last   container_wrap fullsize' style=' '  ><div class='container' ><div class='template-page content  av-content-full alpha units'><div class='post-entry post-entry-type-page post-entry-220396'><div class='entry-content-wrapper clearfix'>\n<section class=\"av_textblock_section \"  itemscope=\"itemscope\" itemtype=\"https:\/\/schema.org\/CreativeWork\" ><div class='avia_textblock  '   itemprop=\"text\" ><p>Mathias NOUEL : nouel@vuphoto.fr +33 1 53 01 85 85<br \/>\nVU\u2019\u00e9ducation : De\u0301claration d\u2019activite\u0301 de formateur enregistre\u0301e aupre\u0300s du pre\u0301fet de re\u0301gion d\u2019Ile-de-France sous le nume\u0301ro 11 75 50839 75<\/p>\n<\/div><\/section>\n\n","protected":false},"excerpt":{"rendered":"<p><span class=\"tag-extrait\">VU&#8217;\u00e9ducation | <\/span>D\u00e9veloppement de projet | Du 13 juin 2025 au 25 janvier 2026 | Paris<\/p>\n","protected":false},"featured_media":220338,"menu_order":0,"template":"","categories":[3964],"tags":[],"photographe":[1112],"section_taxonomy":[4029],"yoast_head":"<!-- This site is optimized with the Yoast SEO plugin v16.3 - https:\/\/yoast.com\/wordpress\/plugins\/seo\/ -->\n<title>D\u00e9velopper une s\u00e9rie photographique personnelle - Agence VU&#039;<\/title>\n<meta name=\"robots\" content=\"index, follow, max-snippet:-1, max-image-preview:large, max-video-preview:-1\" \/>\n<link rel=\"canonical\" href=\"\/\" \/>\n<meta property=\"og:locale\" content=\"en_US\" \/>\n<meta property=\"og:type\" content=\"article\" \/>\n<meta property=\"og:title\" content=\"D\u00e9velopper une s\u00e9rie photographique personnelle - Agence VU&#039;\" \/>\n<meta property=\"og:description\" content=\"VU&#039;\u00e9ducation | D\u00e9veloppement de projet | Du 13 juin 2025 au 25 janvier 2026 | Paris\" \/>\n<meta property=\"og:site_name\" content=\"Agence VU&#039;\" \/>\n<meta property=\"article:publisher\" content=\"https:\/\/www.facebook.com\/VUagence\" \/>\n<meta property=\"article:modified_time\" content=\"2025-06-16T12:29:39+00:00\" \/>\n<meta property=\"og:image\" content=\"https:\/\/agencevu.com\/wp-content\/uploads\/2025\/02\/17_La-chute-2.jpg\" \/>\n\t<meta property=\"og:image:width\" content=\"1654\" \/>\n\t<meta property=\"og:image:height\" content=\"1654\" \/>\n<meta name=\"twitter:card\" content=\"summary_large_image\" \/>\n<meta name=\"twitter:site\" content=\"@agence_vu\" \/>\n<script type=\"application\/ld+json\" class=\"yoast-schema-graph\">{\"@context\":\"https:\/\/schema.org\",\"@graph\":[{\"@type\":\"WebSite\",\"@id\":\"https:\/\/agencevu.com\/en\/#website\",\"url\":\"https:\/\/agencevu.com\/en\/\",\"name\":\"Agence VU&#039;\",\"description\":\"Agency of photographers founded in 1986\",\"potentialAction\":[{\"@type\":\"SearchAction\",\"target\":\"https:\/\/agencevu.com\/en\/?s={search_term_string}\",\"query-input\":\"required name=search_term_string\"}],\"inLanguage\":\"en-US\"},{\"@type\":\"ImageObject\",\"@id\":\"#primaryimage\",\"inLanguage\":\"en-US\",\"url\":\"https:\/\/agencevu.com\/wp-content\/uploads\/2025\/02\/17_La-chute-2.jpg\",\"contentUrl\":\"https:\/\/agencevu.com\/wp-content\/uploads\/2025\/02\/17_La-chute-2.jpg\",\"width\":1654,\"height\":1654},{\"@type\":\"WebPage\",\"@id\":\"#webpage\",\"url\":null,\"name\":\"D\\u00e9velopper une s\\u00e9rie photographique personnelle - Agence VU&#039;\",\"isPartOf\":{\"@id\":\"https:\/\/agencevu.com\/en\/#website\"},\"primaryImageOfPage\":{\"@id\":\"#primaryimage\"},\"datePublished\":\"2025-02-12T14:02:55+00:00\",\"dateModified\":\"2025-06-16T12:29:39+00:00\",\"breadcrumb\":{\"@id\":\"#breadcrumb\"},\"inLanguage\":\"en-US\",\"potentialAction\":[{\"@type\":\"ReadAction\",\"target\":[null]}]},{\"@type\":\"BreadcrumbList\",\"@id\":\"#breadcrumb\",\"itemListElement\":[{\"@type\":\"ListItem\",\"position\":1,\"item\":{\"@type\":\"WebPage\",\"@id\":\"https:\/\/agencevu.com\/en\/home\/\",\"url\":\"https:\/\/agencevu.com\/en\/home\/\",\"name\":\"Home\"}},{\"@type\":\"ListItem\",\"position\":2,\"item\":{\"@type\":\"WebPage\",\"@id\":\"https:\/\/agencevu.com\/en\/workshop\/\",\"url\":\"https:\/\/agencevu.com\/en\/workshop\/\",\"name\":\"Formations\"}},{\"@type\":\"ListItem\",\"position\":3,\"item\":{\"@id\":\"#webpage\"}}]}]}<\/script>\n<!-- \/ Yoast SEO plugin. -->","_links":{"self":[{"href":"https:\/\/agencevu.com\/en\/wp-json\/wp\/v2\/formation\/220396"}],"collection":[{"href":"https:\/\/agencevu.com\/en\/wp-json\/wp\/v2\/formation"}],"about":[{"href":"https:\/\/agencevu.com\/en\/wp-json\/wp\/v2\/types\/formation"}],"version-history":[{"count":5,"href":"https:\/\/agencevu.com\/en\/wp-json\/wp\/v2\/formation\/220396\/revisions"}],"predecessor-version":[{"id":220400,"href":"https:\/\/agencevu.com\/en\/wp-json\/wp\/v2\/formation\/220396\/revisions\/220400"}],"wp:featuredmedia":[{"embeddable":true,"href":"https:\/\/agencevu.com\/en\/wp-json\/wp\/v2\/media\/220338"}],"wp:attachment":[{"href":"https:\/\/agencevu.com\/en\/wp-json\/wp\/v2\/media?parent=220396"}],"wp:term":[{"taxonomy":"category","embeddable":true,"href":"https:\/\/agencevu.com\/en\/wp-json\/wp\/v2\/categories?post=220396"},{"taxonomy":"post_tag","embeddable":true,"href":"https:\/\/agencevu.com\/en\/wp-json\/wp\/v2\/tags?post=220396"},{"taxonomy":"photographe","embeddable":true,"href":"https:\/\/agencevu.com\/en\/wp-json\/wp\/v2\/photographe?post=220396"},{"taxonomy":"section_taxonomy","embeddable":true,"href":"https:\/\/agencevu.com\/en\/wp-json\/wp\/v2\/section_taxonomy?post=220396"}],"curies":[{"name":"wp","href":"https:\/\/api.w.org\/{rel}","templated":true}]}}