{"id":220290,"date":"2025-02-03T16:13:31","date_gmt":"2025-02-03T15:13:31","guid":{"rendered":"https:\/\/agencevu.com\/?post_type=formation&#038;p=220290"},"modified":"2025-06-16T14:28:17","modified_gmt":"2025-06-16T12:28:17","slug":"scenographie-expo","status":"publish","type":"formation","link":"https:\/\/agencevu.com\/en\/formation\/scenographie-expo\/","title":{"rendered":"Approche pratique de la sc\u00e9nographie d&#8217;exposition"},"content":{"rendered":"<div id='av_section_1'  class='avia-section main_color avia-section-no-padding avia-no-border-styling  avia-bg-style-scroll  avia-builder-el-0  el_before_av_section  avia-builder-el-first   av-minimum-height av-minimum-height-custom  container_wrap fullsize' style='background-color: #aa977e;  '  ><div class='container' style='height:150px'><main  role=\"main\" itemprop=\"mainContentOfPage\"  class='template-page content  av-content-full alpha units'><div class='post-entry post-entry-type-page post-entry-220290'><div class='entry-content-wrapper clearfix'>\n<div class=\"flex_column av_two_fifth  flex_column_div av-zero-column-padding first  avia-builder-el-1  el_before_av_one_fifth  avia-builder-el-first  \" style='border-radius:0px; '><\/div><div class=\"flex_column av_one_fifth  flex_column_div av-zero-column-padding   avia-builder-el-2  el_after_av_two_fifth  el_before_av_two_fifth  \" style='border-radius:0px; '><div  class='avia-image-container  av-styling-    avia-builder-el-3  avia-builder-el-no-sibling  avia-align-center '  itemprop=\"image\" itemscope=\"itemscope\" itemtype=\"https:\/\/schema.org\/ImageObject\"  ><div class='avia-image-container-inner'><div class='avia-image-overlay-wrap'><a href=\"https:\/\/agencevu.com\/vu-education\/\" class='avia_image' ><img width=\"999\" height=\"196\" class='wp-image-34935 avia-img-lazy-loading-not-34935 avia_image' src=\"https:\/\/agencevu.com\/wp-content\/uploads\/2017\/10\/vu-education.png\" alt='' title='vu-education'  itemprop=\"thumbnailUrl\" srcset=\"https:\/\/agencevu.com\/wp-content\/uploads\/2017\/10\/vu-education.png 999w, https:\/\/agencevu.com\/wp-content\/uploads\/2017\/10\/vu-education-80x16.png 80w, https:\/\/agencevu.com\/wp-content\/uploads\/2017\/10\/vu-education-300x59.png 300w, https:\/\/agencevu.com\/wp-content\/uploads\/2017\/10\/vu-education-768x151.png 768w, https:\/\/agencevu.com\/wp-content\/uploads\/2017\/10\/vu-education-705x138.png 705w, https:\/\/agencevu.com\/wp-content\/uploads\/2017\/10\/vu-education-450x88.png 450w\" sizes=\"(max-width: 999px) 100vw, 999px\" \/><\/a><\/div><\/div><\/div><\/div><div class=\"flex_column av_two_fifth  flex_column_div av-zero-column-padding   avia-builder-el-4  el_after_av_one_fifth  avia-builder-el-last  \" style='border-radius:0px; '><\/div>\n\n<\/div><\/div><\/main><!-- close content main element --><\/div><\/div><div id='av_section_2'  class='avia-section main_color avia-section-large avia-no-border-styling  avia-bg-style-scroll  avia-builder-el-5  el_after_av_section  el_before_av_section   container_wrap fullsize' style=' '  ><div class='container' ><div class='template-page content  av-content-full alpha units'><div class='post-entry post-entry-type-page post-entry-220290'><div class='entry-content-wrapper clearfix'>\n<div class=\"flex_column av_one_half  avia-full-contain flex_column_div av-zero-column-padding first  avia-builder-el-6  el_before_av_one_half  avia-builder-el-first  \" style='margin-top:0px; margin-bottom:0px; border-radius:0px; '><div  class='avia-image-container  av-styling-no-styling    avia-builder-el-7  avia-builder-el-no-sibling  avia-align-center '  itemprop=\"image\" itemscope=\"itemscope\" itemtype=\"https:\/\/schema.org\/ImageObject\"  ><div class='avia-image-container-inner'><div class='avia-image-overlay-wrap'><img class='wp-image-220304 avia-img-lazy-loading-not-220304 avia_image' src=\"https:\/\/agencevu.com\/wp-content\/uploads\/2025\/02\/DSF9937_Carre-1030x1030.jpeg\" alt='' title='_DSF9937_Carre' height=\"1030\" width=\"1030\"  itemprop=\"thumbnailUrl\" srcset=\"https:\/\/agencevu.com\/wp-content\/uploads\/2025\/02\/DSF9937_Carre-1030x1030.jpeg 1030w, https:\/\/agencevu.com\/wp-content\/uploads\/2025\/02\/DSF9937_Carre-300x300.jpeg 300w, https:\/\/agencevu.com\/wp-content\/uploads\/2025\/02\/DSF9937_Carre-80x80.jpeg 80w, https:\/\/agencevu.com\/wp-content\/uploads\/2025\/02\/DSF9937_Carre-768x767.jpeg 768w, https:\/\/agencevu.com\/wp-content\/uploads\/2025\/02\/DSF9937_Carre-36x36.jpeg 36w, https:\/\/agencevu.com\/wp-content\/uploads\/2025\/02\/DSF9937_Carre-180x180.jpeg 180w, https:\/\/agencevu.com\/wp-content\/uploads\/2025\/02\/DSF9937_Carre-705x705.jpeg 705w, https:\/\/agencevu.com\/wp-content\/uploads\/2025\/02\/DSF9937_Carre.jpeg 1263w\" sizes=\"(max-width: 1030px) 100vw, 1030px\" \/><\/div><\/div><\/div><\/div><div class=\"flex_column av_one_half  avia-full-contain flex_column_div av-zero-column-padding   avia-builder-el-8  el_after_av_one_half  avia-builder-el-last  \" style='margin-top:0px; margin-bottom:0px; border-radius:0px; '><p><section class=\"av_textblock_section \"  itemscope=\"itemscope\" itemtype=\"https:\/\/schema.org\/CreativeWork\" ><div class='avia_textblock  av_inherit_color '  style='font-size:16px; color:#0a0a0a; '  itemprop=\"text\" ><p><strong style=\"font-size: 20px;\"><strong>Approche pratique de la sc\u00e9nographie d&#8217;exposition<\/strong><br \/>\n<\/strong>\u2014<br \/>\n<strong style=\"font-size: 20px;\">Par <strong>Monica Santos<\/strong><\/strong><br \/>\n\u2014<br \/>\n<strong>Du 15 au 19 juillet 2025, <\/strong>\u00e0 Zone i (Thor\u00e9-la-Rochette)<strong><br \/>\n<\/strong><\/p>\n<\/div><\/section><br \/>\n<section class=\"av_textblock_section \"  itemscope=\"itemscope\" itemtype=\"https:\/\/schema.org\/CreativeWork\" ><div class='avia_textblock  av_inherit_color '  style='font-size:13px; color:#0a0a0a; '  itemprop=\"text\" ><p class=\"p1\">Alors que la multiplication des lieux, des contextes, des techniques de tirages et des proc\u00e9dures de monstration permet le d\u00e9ploiement de nombreuses possibilit\u00e9s d\u2019expositions, la sc\u00e9nographie est un enjeu majeur de pr\u00e9sentation au public d\u2019un travail photographique. Son r\u00f4le est de proposer au visiteur une d\u00e9couverte et une compr\u00e9hension de l\u2019\u0153uvre qui soit en accord avec la port\u00e9e artistique comme l\u2019intention du projet.<\/p>\n<p class=\"p1\">Dans ce stage, Monica Santos, commissaire et sc\u00e9nographe de nombreuses expositions photographiques, vous am\u00e8nera \u00e0 r\u00e9fl\u00e9chir aux diff\u00e9rents choix qui se pr\u00e9sentent \u00e0 vous lors de la conception et de la production d\u2019une exposition : s\u00e9lection des photographies, types de supports et formats des tirages, encadrements, disposition des oeuvres, des \u00e9clairages, des textes, graphisme g\u00e9n\u00e9ral&#8230;<\/p>\n<p class=\"p1\">\u00c0 travers des simulations sur In Design, vous apprendrez \u00e0 pr\u00e9visualiser votre projet pour pouvoir v\u00e9rifier vos hypoth\u00e8ses avant une mise en production.Vous apprendrez \u00e9galement \u00e0 prendre en compte les contraintes inh\u00e9rentes \u00e0 la r\u00e9alisation d\u2019expositions : adaptation \u00e0 diff\u00e9rents espaces, aux conditions d\u2019accrochage, aux publics, aux budgets de production, afin de d\u00e9terminer pour chaque situation des solutions cr\u00e9atives permettant de donner \u00e0 voir votre travail dans les meilleures conditions.<\/p>\n<\/div><\/section><br \/>\n<div  style='height:30px' class='hr hr-invisible   avia-builder-el-11  el_after_av_textblock  el_before_av_buttonrow '><span class='hr-inner ' ><span class='hr-inner-style'><\/span><\/span><\/div><br \/>\n<div  class='avia-buttonrow-wrap avia-buttonrow-left   avia-builder-el-12  el_after_av_hr  avia-builder-el-last '>\n<a href='https:\/\/agencevu.com\/wp-content\/uploads\/2025\/02\/2025_Programme_Santos_Zonei.pdf' class='avia-button  avia-font-color-black avia-icon_select-no avia-size-small ' target=\"_blank\" rel=\"noopener noreferrer\" style='background-color:#a89663; border-color:#a89663; margin-bottom:5px; margin-right:5px; '><span class='avia_iconbox_title' >T\u00e9l\u00e9charger le programme d\u00e9taill\u00e9<\/span><span class='avia_button_background avia-button avia-color-custom' style='background-color:#a89663;'><\/span><\/a>\n<a href='https:\/\/docs.google.com\/forms\/d\/e\/1FAIpQLScwfQzNpqoVc4mSv4ZHgb5A_il56Zi4uFrsYrdJZ0inQly6tA\/viewform' class='avia-button  avia-font-color-black avia-icon_select-no avia-size-small ' target=\"_blank\" rel=\"noopener noreferrer\" style='background-color:#a89663; border-color:#a89663; margin-bottom:5px; margin-right:5px; '><span class='avia_iconbox_title' >Pr\u00e9-inscription<\/span><span class='avia_button_background avia-button avia-color-custom' style='background-color:#a89663;'><\/span><\/a>\n<a href='mailto:nouel@vuphoto.fr' class='avia-button  avia-font-color-black avia-icon_select-no avia-size-small ' target=\"_blank\" rel=\"noopener noreferrer\" style='background-color:#a89663; border-color:#a89663; margin-bottom:5px; margin-right:5px; '><span class='avia_iconbox_title' >Contact<\/span><span class='avia_button_background avia-button avia-color-custom' style='background-color:#a89663;'><\/span><\/a>\n<\/div><\/p><\/div>\n\n<\/div><\/div><\/div><!-- close content main div --><\/div><\/div><div id='av_section_3'  class='avia-section main_color avia-section-default avia-no-border-styling  avia-bg-style-scroll  avia-builder-el-13  el_after_av_section  el_before_av_section   container_wrap fullsize' style='background-color: #fafafa;  '  ><div class='container' ><div class='template-page content  av-content-full alpha units'><div class='post-entry post-entry-type-page post-entry-220290'><div class='entry-content-wrapper clearfix'>\n<div class=\"flex_column av_one_fourth  flex_column_div av-zero-column-padding first  avia-builder-el-14  el_before_av_one_fourth  avia-builder-el-first  \" style='border-radius:0px; '><section class=\"av_textblock_section \"  itemscope=\"itemscope\" itemtype=\"https:\/\/schema.org\/CreativeWork\" ><div class='avia_textblock  av_inherit_color '  style='font-size:13px; color:#0a0a0a; '  itemprop=\"text\" ><p style=\"text-align: center;\"><img loading=\"lazy\" class=\"wp-image-217633 aligncenter\" src=\"https:\/\/agencevu.com\/wp-content\/uploads\/2024\/11\/calendar.png\" alt=\"\" width=\"32\" height=\"32\" srcset=\"https:\/\/agencevu.com\/wp-content\/uploads\/2024\/11\/calendar.png 500w, https:\/\/agencevu.com\/wp-content\/uploads\/2024\/11\/calendar-300x300.png 300w, https:\/\/agencevu.com\/wp-content\/uploads\/2024\/11\/calendar-80x80.png 80w, https:\/\/agencevu.com\/wp-content\/uploads\/2024\/11\/calendar-36x36.png 36w, https:\/\/agencevu.com\/wp-content\/uploads\/2024\/11\/calendar-180x180.png 180w\" sizes=\"(max-width: 32px) 100vw, 32px\" \/><strong>Du 15 au 19 juillet 2025<\/strong><strong><br \/>\n&#8211;<br \/>\n<\/strong>5 jours &#8211; 37 h<br \/>\n&#8211;<br \/>\nZone i<br \/>\nMoulin de la Fontaine<br \/>\n41100 Thor\u00e9-la-Rochette<\/p>\n<\/div><\/section><\/div><div class=\"flex_column av_one_fourth  flex_column_div av-zero-column-padding   avia-builder-el-16  el_after_av_one_fourth  el_before_av_one_fourth  \" style='border-radius:0px; '><section class=\"av_textblock_section \"  itemscope=\"itemscope\" itemtype=\"https:\/\/schema.org\/CreativeWork\" ><div class='avia_textblock  av_inherit_color '  style='font-size:13px; color:#0a0a0a; '  itemprop=\"text\" ><p><img loading=\"lazy\" class=\"wp-image-217637 aligncenter\" src=\"https:\/\/agencevu.com\/wp-content\/uploads\/2024\/11\/prices.png\" alt=\"\" width=\"32\" height=\"32\" srcset=\"https:\/\/agencevu.com\/wp-content\/uploads\/2024\/11\/prices.png 500w, https:\/\/agencevu.com\/wp-content\/uploads\/2024\/11\/prices-300x300.png 300w, https:\/\/agencevu.com\/wp-content\/uploads\/2024\/11\/prices-80x80.png 80w, https:\/\/agencevu.com\/wp-content\/uploads\/2024\/11\/prices-36x36.png 36w, https:\/\/agencevu.com\/wp-content\/uploads\/2024\/11\/prices-180x180.png 180w\" sizes=\"(max-width: 32px) 100vw, 32px\" \/><\/p>\n<p style=\"text-align: center;\"><strong>Plein Tarif&nbsp;<\/strong><br \/>\n2 035 \u20ac HT \/ 2 442 \u20ac TTC<br \/>\n<strong>Tarif r\u00e9duit*<br \/>\n<\/strong>1 110 \u20ac HT \/ 1 332 \u20ac TTC<\/p>\n<p style=\"font-size: 10px; text-align: center;\">*voir programme d\u00e9taill\u00e9<\/p>\n<\/div><\/section><\/div><div class=\"flex_column av_one_fourth  flex_column_div av-zero-column-padding   avia-builder-el-18  el_after_av_one_fourth  el_before_av_one_fourth  \" style='border-radius:0px; '><section class=\"av_textblock_section \"  itemscope=\"itemscope\" itemtype=\"https:\/\/schema.org\/CreativeWork\" ><div class='avia_textblock  av_inherit_color '  style='font-size:13px; color:#0a0a0a; '  itemprop=\"text\" ><p><img loading=\"lazy\" class=\"wp-image-217637 aligncenter\" src=\"https:\/\/agencevu.com\/wp-content\/uploads\/2024\/11\/people.png\" alt=\"\" width=\"32\" height=\"32\"><\/p>\n<p style=\"text-align: center;\"><strong>8<\/strong> participants<br \/>\nmaximum<\/p>\n<\/div><\/section><\/div><div class=\"flex_column av_one_fourth  flex_column_div av-zero-column-padding   avia-builder-el-20  el_after_av_one_fourth  avia-builder-el-last  \" style='border-radius:0px; '><p><section class=\"av_textblock_section \"  itemscope=\"itemscope\" itemtype=\"https:\/\/schema.org\/CreativeWork\" ><div class='avia_textblock  av_inherit_color '  style='font-size:13px; color:#0a0a0a; '  itemprop=\"text\" ><p><img loading=\"lazy\" class=\"wp-image-217639 aligncenter\" src=\"https:\/\/agencevu.com\/wp-content\/uploads\/2024\/11\/rate.png\" alt=\"\" width=\"32\" height=\"32\" srcset=\"https:\/\/agencevu.com\/wp-content\/uploads\/2024\/11\/rate.png 500w, https:\/\/agencevu.com\/wp-content\/uploads\/2024\/11\/rate-300x300.png 300w, https:\/\/agencevu.com\/wp-content\/uploads\/2024\/11\/rate-80x80.png 80w, https:\/\/agencevu.com\/wp-content\/uploads\/2024\/11\/rate-36x36.png 36w, https:\/\/agencevu.com\/wp-content\/uploads\/2024\/11\/rate-180x180.png 180w\" sizes=\"(max-width: 32px) 100vw, 32px\" \/><\/p>\n<p style=\"text-align: center;\"><strong>4,6 \/ 5<\/strong><br \/>\nTaux de satisfaction*<\/p>\n<p style=\"font-size: 10px; text-align: center;\">* 16 r\u00e9pondants sur 24 participants aux sessions 2022-2023-2024<\/p>\n<\/div><\/section><br \/>\n<section class=\"av_textblock_section \"  itemscope=\"itemscope\" itemtype=\"https:\/\/schema.org\/CreativeWork\" ><div class='avia_textblock  av_inherit_color '  style='font-size:13px; color:#0a0a0a; '  itemprop=\"text\" ><p style=\"text-align: center;\"><strong>80 %<\/strong><br \/>\nObjectifs atteints**<\/p>\n<p style=\"font-size: 10px; text-align: center;\">*\u00b0auto-\u00e9valuation des comp\u00e9tences acquises par les 8 participants de la session 2024<\/p>\n<\/div><\/section><\/p><\/div>\n\n<\/div><\/div><\/div><!-- close content main div --><\/div><\/div><div id='av_section_4'  class='avia-section main_color avia-section-default avia-no-border-styling  avia-bg-style-scroll  avia-builder-el-23  el_after_av_section  avia-builder-el-last   container_wrap fullsize' style=' '  ><div class='container' ><div class='template-page content  av-content-full alpha units'><div class='post-entry post-entry-type-page post-entry-220290'><div class='entry-content-wrapper clearfix'>\n<section class=\"av_textblock_section \"  itemscope=\"itemscope\" itemtype=\"https:\/\/schema.org\/CreativeWork\" ><div class='avia_textblock  '   itemprop=\"text\" ><p>Mathias NOUEL : nouel@vuphoto.fr +33 1 53 01 85 85<br \/>\nVU\u2019\u00e9ducation : De\u0301claration d\u2019activite\u0301 de formateur enregistre\u0301e aupre\u0300s du pre\u0301fet de re\u0301gion d\u2019Ile-de-France sous le nume\u0301ro 11 75 50839 75<\/p>\n<\/div><\/section>\n\n","protected":false},"excerpt":{"rendered":"<p><span class=\"tag-extrait\">VU&#8217;\u00e9ducation | <\/span>Acquisition de comp\u00e9tences | Du 15 au 19 juillet 2025 \u00e0 Zone i<\/p>\n","protected":false},"featured_media":220303,"menu_order":0,"template":"","categories":[3964],"tags":[4032],"photographe":[1114],"section_taxonomy":[4030,4029],"yoast_head":"<!-- This site is optimized with the Yoast SEO plugin v16.3 - https:\/\/yoast.com\/wordpress\/plugins\/seo\/ -->\n<title>Approche pratique de la sc\u00e9nographie d&#039;exposition - Agence VU&#039;<\/title>\n<meta name=\"description\" content=\"Cet atelier professionnel organis\u00e9 par l\u2019Agence VU\u2019 propose \u00e0 un groupe restreint de six photographes d\u2019\u00eatre accompagn\u00e9s dans des actions adapt\u00e9es au d\u00e9veloppement de leur carri\u00e8re gr\u00e2ce \u00e0 une analyse d\u00e9taill\u00e9e de leur pratique photographique et une r\u00e9flexion sur leurs d\u00e9sirs d\u2019\u00e9volution.\" \/>\n<meta name=\"robots\" content=\"index, follow, max-snippet:-1, max-image-preview:large, max-video-preview:-1\" \/>\n<link rel=\"canonical\" href=\"\/\" \/>\n<meta property=\"og:locale\" content=\"en_US\" \/>\n<meta property=\"og:type\" content=\"article\" \/>\n<meta property=\"og:title\" content=\"Approche pratique de la sc\u00e9nographie d&#039;exposition - Agence VU&#039;\" \/>\n<meta property=\"og:description\" content=\"Cet atelier professionnel organis\u00e9 par l\u2019Agence VU\u2019 propose \u00e0 un groupe restreint de six photographes d\u2019\u00eatre accompagn\u00e9s dans des actions adapt\u00e9es au d\u00e9veloppement de leur carri\u00e8re gr\u00e2ce \u00e0 une analyse d\u00e9taill\u00e9e de leur pratique photographique et une r\u00e9flexion sur leurs d\u00e9sirs d\u2019\u00e9volution.\" \/>\n<meta property=\"og:site_name\" content=\"Agence VU&#039;\" \/>\n<meta property=\"article:publisher\" content=\"https:\/\/www.facebook.com\/VUagence\" \/>\n<meta property=\"article:modified_time\" content=\"2025-06-16T12:28:17+00:00\" \/>\n<meta property=\"og:image\" content=\"https:\/\/agencevu.com\/wp-content\/uploads\/2025\/02\/DSF9937_Carre.jpeg\" \/>\n\t<meta property=\"og:image:width\" content=\"1263\" \/>\n\t<meta property=\"og:image:height\" content=\"1262\" \/>\n<meta name=\"twitter:card\" content=\"summary_large_image\" \/>\n<meta name=\"twitter:site\" content=\"@agence_vu\" \/>\n<script type=\"application\/ld+json\" class=\"yoast-schema-graph\">{\"@context\":\"https:\/\/schema.org\",\"@graph\":[{\"@type\":\"WebSite\",\"@id\":\"https:\/\/agencevu.com\/en\/#website\",\"url\":\"https:\/\/agencevu.com\/en\/\",\"name\":\"Agence VU&#039;\",\"description\":\"Agency of photographers founded in 1986\",\"potentialAction\":[{\"@type\":\"SearchAction\",\"target\":\"https:\/\/agencevu.com\/en\/?s={search_term_string}\",\"query-input\":\"required name=search_term_string\"}],\"inLanguage\":\"en-US\"},{\"@type\":\"ImageObject\",\"@id\":\"#primaryimage\",\"inLanguage\":\"en-US\",\"url\":\"https:\/\/agencevu.com\/wp-content\/uploads\/2025\/02\/DSF9937_Carre.jpeg\",\"contentUrl\":\"https:\/\/agencevu.com\/wp-content\/uploads\/2025\/02\/DSF9937_Carre.jpeg\",\"width\":1263,\"height\":1262},{\"@type\":\"WebPage\",\"@id\":\"#webpage\",\"url\":null,\"name\":\"Approche pratique de la sc\\u00e9nographie d'exposition - Agence VU&#039;\",\"isPartOf\":{\"@id\":\"https:\/\/agencevu.com\/en\/#website\"},\"primaryImageOfPage\":{\"@id\":\"#primaryimage\"},\"datePublished\":\"2025-02-03T15:13:31+00:00\",\"dateModified\":\"2025-06-16T12:28:17+00:00\",\"description\":\"Cet atelier professionnel organis\\u00e9 par l\\u2019Agence VU\\u2019 propose \\u00e0 un groupe restreint de six photographes d\\u2019\\u00eatre accompagn\\u00e9s dans des actions adapt\\u00e9es au d\\u00e9veloppement de leur carri\\u00e8re gr\\u00e2ce \\u00e0 une analyse d\\u00e9taill\\u00e9e de leur pratique photographique et une r\\u00e9flexion sur leurs d\\u00e9sirs d\\u2019\\u00e9volution.\",\"breadcrumb\":{\"@id\":\"#breadcrumb\"},\"inLanguage\":\"en-US\",\"potentialAction\":[{\"@type\":\"ReadAction\",\"target\":[null]}]},{\"@type\":\"BreadcrumbList\",\"@id\":\"#breadcrumb\",\"itemListElement\":[{\"@type\":\"ListItem\",\"position\":1,\"item\":{\"@type\":\"WebPage\",\"@id\":\"https:\/\/agencevu.com\/en\/home\/\",\"url\":\"https:\/\/agencevu.com\/en\/home\/\",\"name\":\"Home\"}},{\"@type\":\"ListItem\",\"position\":2,\"item\":{\"@type\":\"WebPage\",\"@id\":\"https:\/\/agencevu.com\/en\/workshop\/\",\"url\":\"https:\/\/agencevu.com\/en\/workshop\/\",\"name\":\"Formations\"}},{\"@type\":\"ListItem\",\"position\":3,\"item\":{\"@id\":\"#webpage\"}}]}]}<\/script>\n<!-- \/ Yoast SEO plugin. -->","_links":{"self":[{"href":"https:\/\/agencevu.com\/en\/wp-json\/wp\/v2\/formation\/220290"}],"collection":[{"href":"https:\/\/agencevu.com\/en\/wp-json\/wp\/v2\/formation"}],"about":[{"href":"https:\/\/agencevu.com\/en\/wp-json\/wp\/v2\/types\/formation"}],"version-history":[{"count":3,"href":"https:\/\/agencevu.com\/en\/wp-json\/wp\/v2\/formation\/220290\/revisions"}],"predecessor-version":[{"id":220294,"href":"https:\/\/agencevu.com\/en\/wp-json\/wp\/v2\/formation\/220290\/revisions\/220294"}],"wp:featuredmedia":[{"embeddable":true,"href":"https:\/\/agencevu.com\/en\/wp-json\/wp\/v2\/media\/220303"}],"wp:attachment":[{"href":"https:\/\/agencevu.com\/en\/wp-json\/wp\/v2\/media?parent=220290"}],"wp:term":[{"taxonomy":"category","embeddable":true,"href":"https:\/\/agencevu.com\/en\/wp-json\/wp\/v2\/categories?post=220290"},{"taxonomy":"post_tag","embeddable":true,"href":"https:\/\/agencevu.com\/en\/wp-json\/wp\/v2\/tags?post=220290"},{"taxonomy":"photographe","embeddable":true,"href":"https:\/\/agencevu.com\/en\/wp-json\/wp\/v2\/photographe?post=220290"},{"taxonomy":"section_taxonomy","embeddable":true,"href":"https:\/\/agencevu.com\/en\/wp-json\/wp\/v2\/section_taxonomy?post=220290"}],"curies":[{"name":"wp","href":"https:\/\/api.w.org\/{rel}","templated":true}]}}