{"id":67518,"date":"2020-04-08T15:35:32","date_gmt":"2020-04-08T13:35:32","guid":{"rendered":"https:\/\/lesaint.abvent.com\/?post_type=exposition-a-louer&#038;p=67518"},"modified":"2022-03-17T16:44:02","modified_gmt":"2022-03-17T15:44:02","slug":"pauline-et-pierre","status":"publish","type":"exposition-a-louer","link":"https:\/\/agencevu.com\/en\/exhibition-for-rent\/pauline-et-pierre\/","title":{"rendered":"Pauline et Pierre"},"content":{"rendered":"<div id='av_section_1'  class='avia-section main_color avia-section-small avia-no-border-styling  avia-bg-style-scroll  avia-builder-el-0  el_before_av_section  avia-builder-el-first   container_wrap fullsize' style='background-color: #f1f1f1;  '  ><div class='container' ><main  role=\"main\" itemprop=\"mainContentOfPage\"  class='template-page content  av-content-full alpha units'><div class='post-entry post-entry-type-page post-entry-67518'><div class='entry-content-wrapper clearfix'>\n<div class=\"flex_column av_one_full  flex_column_div av-zero-column-padding first  avia-builder-el-1  avia-builder-el-no-sibling  \" style='border-radius:0px; '><section class=\"av_textblock_section \"  itemscope=\"itemscope\" itemtype=\"https:\/\/schema.org\/CreativeWork\" ><div class='avia_textblock  av_inherit_color '  style='color:#707070; '  itemprop=\"text\" ><p class=\"titre-page\"><a style=\"text-decoration: none;\" href=\"\/en\/exhibition-for-rent\/\">Exhibition for rent<\/a><\/p>\n<hr class=\"hr-titre-page\" \/>\n<\/div><\/section><\/div>\n\n<\/div><\/div><\/main><!-- close content main element --><\/div><\/div><div id='intro'  class='avia-section main_color avia-section-large avia-no-border-styling  avia-bg-style-scroll  avia-builder-el-3  el_after_av_section  avia-builder-el-last   container_wrap fullsize' style='background-color: #ffffff;  '  ><div class='container' ><div class='template-page content  av-content-full alpha units'><div class='post-entry post-entry-type-page post-entry-67518'><div class='entry-content-wrapper clearfix'>\n<div class='flex_column_table av-equal-height-column-flextable -flextable' ><div class=\"flex_column av_one_half  flex_column_table_cell av-equal-height-column av-align-top av-zero-column-padding first  avia-builder-el-4  el_before_av_one_half  avia-builder-el-first  \" style='background-color:#ffffff; border-radius:2px; '><section class=\"av_textblock_section \"  itemscope=\"itemscope\" itemtype=\"https:\/\/schema.org\/CreativeWork\" ><div class='avia_textblock  av_inherit_color '  style='font-size:20px; color:#76a38b; '  itemprop=\"text\" ><p class=\"p1\"><strong><span class=\"s1\">Pauline et Pierre<\/span><\/strong><\/p>\n<\/div><\/section><br \/>\n<section class=\"av_textblock_section \"  itemscope=\"itemscope\" itemtype=\"https:\/\/schema.org\/CreativeWork\" ><div class='avia_textblock  '   itemprop=\"text\" ><h5><a href=\"\/en\/photographer\/Hugues-de-Wurstemberger\/\"> Hugues de Wurstemberger <\/a><\/h5>\n<\/div><\/section><br \/>\n<div  style='height:20px' class='hr hr-invisible   avia-builder-el-7  el_after_av_textblock  el_before_av_textblock '><span class='hr-inner ' ><span class='hr-inner-style'><\/span><\/span><\/div><br \/>\n<section class=\"av_textblock_section \"  itemscope=\"itemscope\" itemtype=\"https:\/\/schema.org\/CreativeWork\" ><div class='avia_textblock textJustify '   itemprop=\"text\" ><p>A former member of the Pontifical Swiss Guard, Hugues de Wurstemberger made a name for himself at the opening of the Mus\u00e9e de l&#8217;\u00c9lys\u00e9e in Lausanne in 1985 with his series of photographs devoted to the guards of the Vatican. Since 1986, he has been a member of the Vu agency. In 1990, he was awarded the Niepce prize and then the &#8220;World Press&#8221;, following his work on Parisian fashion shows. In collaboration with the journalist Didier Schmutz, he made several reports in Morocco, Mauritania, the Philippines, Zambia&#8230;<br \/>\nHis poetic and human vision brings us closer to these peoples too often approached from the easy angle of misery.<br \/>\nHis work with Pauline and Pierre is much more intimate and has been the subject of a book.<br \/>\nFixing the daily life in a delicate and modest way, the author has explored for eighteen years the territory of time and family memory through a work about his own children, Pauline and Peter. Hugues de Wurstemberger has endeavoured to reveal the little joys, the sweet moments, but also those where time hurts, subtracts, lets innocence escape. Although very personal, this in-depth work is very universal, like a life book, a timeless black and white tale, between contemplation and nostalgia.<\/p>\n<\/div><\/section><\/p><\/div><div class='av-flex-placeholder'><\/div><div class=\"flex_column av_one_half  flex_column_table_cell av-equal-height-column av-align-top   avia-builder-el-9  el_after_av_one_half  el_before_av_hr  \" style='padding:15px; background-color:#ffffff; border-radius:2px; '><section class=\"av_textblock_section \"  itemscope=\"itemscope\" itemtype=\"https:\/\/schema.org\/CreativeWork\" ><div class='avia_textblock textJustify '  style='font-size:20px; '  itemprop=\"text\" ><p id=\"contact\">DETAILS<\/p>\n<hr class=\"hr-titre-page\">\n<\/div><\/section><br \/>\n<div  style='height:20px' class='hr hr-invisible   avia-builder-el-11  el_after_av_textblock  el_before_av_image '><span class='hr-inner ' ><span class='hr-inner-style'><\/span><\/span><\/div><br \/>\n<div  class='avia-image-container  av-styling-no-styling    avia-builder-el-12  el_after_av_hr  el_before_av_hr  avia-align-center '  itemprop=\"image\" itemscope=\"itemscope\" itemtype=\"https:\/\/schema.org\/ImageObject\"  ><div class='avia-image-container-inner'><div class='avia-image-overlay-wrap'><a href=\"\/wp-content\/uploads\/2020\/04\/Pauline-et-Pierre-dossier-loc.pdf\" class='avia_image' target=\"_blank\" rel=\"noopener noreferrer\"><img width=\"1000\" height=\"707\" class='wp-image-73020 avia-img-lazy-loading-not-73020 avia_image' src=\"https:\/\/agencevu.com\/wp-content\/uploads\/2020\/04\/pauline-et-pierre.jpg\" alt='' title='pauline-et-pierre'  itemprop=\"thumbnailUrl\" srcset=\"https:\/\/agencevu.com\/wp-content\/uploads\/2020\/04\/pauline-et-pierre.jpg 1000w, https:\/\/agencevu.com\/wp-content\/uploads\/2020\/04\/pauline-et-pierre-80x57.jpg 80w, https:\/\/agencevu.com\/wp-content\/uploads\/2020\/04\/pauline-et-pierre-300x212.jpg 300w, https:\/\/agencevu.com\/wp-content\/uploads\/2020\/04\/pauline-et-pierre-768x543.jpg 768w, https:\/\/agencevu.com\/wp-content\/uploads\/2020\/04\/pauline-et-pierre-260x185.jpg 260w, https:\/\/agencevu.com\/wp-content\/uploads\/2020\/04\/pauline-et-pierre-705x498.jpg 705w, https:\/\/agencevu.com\/wp-content\/uploads\/2020\/04\/pauline-et-pierre-450x318.jpg 450w\" sizes=\"(max-width: 1000px) 100vw, 1000px\" \/><\/a><\/div><\/div><\/div><br \/>\n<div  style='height:20px' class='hr hr-invisible   avia-builder-el-13  el_after_av_image  el_before_av_textblock '><span class='hr-inner ' ><span class='hr-inner-style'><\/span><\/span><\/div><br \/>\n<section class=\"av_textblock_section \"  itemscope=\"itemscope\" itemtype=\"https:\/\/schema.org\/CreativeWork\" ><div class='avia_textblock textJustify '   itemprop=\"text\" ><p class=\"p1\"><span class=\"s1\">3 baryta prints 120 x 120 cm mounted on aluminium<\/span><\/p>\n<p class=\"p1\"><span class=\"s1\">1 baryta prints 100 x 100 cm mounted on aluminium<\/span><\/p>\n<p class=\"p1\"><span class=\"s1\">71 prints 50 x 60 cm framed<\/span><\/p>\n<p class=\"p1\"><span class=\"s1\">43 prints 50 x 60 cm without frame<\/span><\/p>\n\n<\/div><\/section><\/p><\/div><\/div><!--close column table wrapper. Autoclose: 1 --><div  style='height:50px' class='hr hr-invisible   avia-builder-el-15  el_after_av_one_half  el_before_av_one_third '><span class='hr-inner ' ><span class='hr-inner-style'><\/span><\/span><\/div>\n<div class='flex_column_table av-equal-height-column-flextable -flextable' ><div class=\"flex_column av_one_third  flex_column_table_cell av-equal-height-column av-align-top first  avia-builder-el-16  el_after_av_hr  el_before_av_one_third  \" style='padding:15px; background-color:#ffffff; border-radius:2px; '><div  class='avia-image-container  av-styling-no-styling    avia-builder-el-17  avia-builder-el-no-sibling  avia-align-center '  itemprop=\"image\" itemscope=\"itemscope\" itemtype=\"https:\/\/schema.org\/ImageObject\"  ><div class='avia-image-container-inner'><div class='avia-image-overlay-wrap'><img class='wp-image-67488 avia-img-lazy-loading-not-67488 avia_image' src=\"https:\/\/agencevu.com\/wp-content\/uploads\/2020\/04\/01-Pauline-et-Pierre.jpg\" alt='' title='Pauline et Pierre' height=\"1000\" width=\"1000\"  itemprop=\"thumbnailUrl\" srcset=\"https:\/\/agencevu.com\/wp-content\/uploads\/2020\/04\/01-Pauline-et-Pierre.jpg 1000w, https:\/\/agencevu.com\/wp-content\/uploads\/2020\/04\/01-Pauline-et-Pierre-80x80.jpg 80w, https:\/\/agencevu.com\/wp-content\/uploads\/2020\/04\/01-Pauline-et-Pierre-300x300.jpg 300w, https:\/\/agencevu.com\/wp-content\/uploads\/2020\/04\/01-Pauline-et-Pierre-768x768.jpg 768w, https:\/\/agencevu.com\/wp-content\/uploads\/2020\/04\/01-Pauline-et-Pierre-36x36.jpg 36w, https:\/\/agencevu.com\/wp-content\/uploads\/2020\/04\/01-Pauline-et-Pierre-180x180.jpg 180w, https:\/\/agencevu.com\/wp-content\/uploads\/2020\/04\/01-Pauline-et-Pierre-705x705.jpg 705w, https:\/\/agencevu.com\/wp-content\/uploads\/2020\/04\/01-Pauline-et-Pierre-120x120.jpg 120w, https:\/\/agencevu.com\/wp-content\/uploads\/2020\/04\/01-Pauline-et-Pierre-450x450.jpg 450w\" sizes=\"(max-width: 1000px) 100vw, 1000px\" \/><\/div><\/div><\/div><\/div><div class='av-flex-placeholder'><\/div><div class=\"flex_column av_one_third  flex_column_table_cell av-equal-height-column av-align-top   avia-builder-el-18  el_after_av_one_third  el_before_av_one_third  \" style='padding:15px; background-color:#ffffff; border-radius:2px; '><div  class='avia-image-container  av-styling-    avia-builder-el-19  avia-builder-el-no-sibling  avia-align-center '  itemprop=\"image\" itemscope=\"itemscope\" itemtype=\"https:\/\/schema.org\/ImageObject\"  ><div class='avia-image-container-inner'><div class='avia-image-overlay-wrap'><img class='wp-image-67490 avia-img-lazy-loading-not-67490 avia_image' src=\"https:\/\/agencevu.com\/wp-content\/uploads\/2020\/04\/02-Pauline-et-Pierre.jpg\" alt='' title='Pauline et Pierre' height=\"1000\" width=\"1000\"  itemprop=\"thumbnailUrl\" srcset=\"https:\/\/agencevu.com\/wp-content\/uploads\/2020\/04\/02-Pauline-et-Pierre.jpg 1000w, https:\/\/agencevu.com\/wp-content\/uploads\/2020\/04\/02-Pauline-et-Pierre-80x80.jpg 80w, https:\/\/agencevu.com\/wp-content\/uploads\/2020\/04\/02-Pauline-et-Pierre-300x300.jpg 300w, https:\/\/agencevu.com\/wp-content\/uploads\/2020\/04\/02-Pauline-et-Pierre-768x768.jpg 768w, https:\/\/agencevu.com\/wp-content\/uploads\/2020\/04\/02-Pauline-et-Pierre-36x36.jpg 36w, https:\/\/agencevu.com\/wp-content\/uploads\/2020\/04\/02-Pauline-et-Pierre-180x180.jpg 180w, https:\/\/agencevu.com\/wp-content\/uploads\/2020\/04\/02-Pauline-et-Pierre-705x705.jpg 705w, https:\/\/agencevu.com\/wp-content\/uploads\/2020\/04\/02-Pauline-et-Pierre-120x120.jpg 120w, https:\/\/agencevu.com\/wp-content\/uploads\/2020\/04\/02-Pauline-et-Pierre-450x450.jpg 450w\" sizes=\"(max-width: 1000px) 100vw, 1000px\" \/><\/div><\/div><\/div><\/div><div class='av-flex-placeholder'><\/div><div class=\"flex_column av_one_third  flex_column_table_cell av-equal-height-column av-align-top   avia-builder-el-20  el_after_av_one_third  el_before_av_hr  \" style='padding:15px; background-color:#ffffff; border-radius:2px; '><div  class='avia-image-container  av-styling-no-styling    avia-builder-el-21  avia-builder-el-no-sibling  avia-align-center '  itemprop=\"image\" itemscope=\"itemscope\" itemtype=\"https:\/\/schema.org\/ImageObject\"  ><div class='avia-image-container-inner'><div class='avia-image-overlay-wrap'><img class='wp-image-67492 avia-img-lazy-loading-not-67492 avia_image' src=\"https:\/\/agencevu.com\/wp-content\/uploads\/2020\/04\/03-Pauline-et-Pierre.jpg\" alt='' title='Pauline et Pierre' height=\"1000\" width=\"1000\"  itemprop=\"thumbnailUrl\" srcset=\"https:\/\/agencevu.com\/wp-content\/uploads\/2020\/04\/03-Pauline-et-Pierre.jpg 1000w, https:\/\/agencevu.com\/wp-content\/uploads\/2020\/04\/03-Pauline-et-Pierre-80x80.jpg 80w, https:\/\/agencevu.com\/wp-content\/uploads\/2020\/04\/03-Pauline-et-Pierre-300x300.jpg 300w, https:\/\/agencevu.com\/wp-content\/uploads\/2020\/04\/03-Pauline-et-Pierre-768x768.jpg 768w, https:\/\/agencevu.com\/wp-content\/uploads\/2020\/04\/03-Pauline-et-Pierre-36x36.jpg 36w, https:\/\/agencevu.com\/wp-content\/uploads\/2020\/04\/03-Pauline-et-Pierre-180x180.jpg 180w, https:\/\/agencevu.com\/wp-content\/uploads\/2020\/04\/03-Pauline-et-Pierre-705x705.jpg 705w, https:\/\/agencevu.com\/wp-content\/uploads\/2020\/04\/03-Pauline-et-Pierre-120x120.jpg 120w, https:\/\/agencevu.com\/wp-content\/uploads\/2020\/04\/03-Pauline-et-Pierre-450x450.jpg 450w\" sizes=\"(max-width: 1000px) 100vw, 1000px\" \/><\/div><\/div><\/div><\/div><\/div><!--close column table wrapper. Autoclose: 1 --><div  style='height:70px' class='hr hr-invisible   avia-builder-el-22  el_after_av_one_third  el_before_av_one_third '><span class='hr-inner ' ><span class='hr-inner-style'><\/span><\/span><\/div>\n<div class='flex_column_table av-equal-height-column-flextable -flextable' ><div class=\"flex_column av_one_third  flex_column_table_cell av-equal-height-column av-align-top first  avia-builder-el-23  el_after_av_hr  el_before_av_one_third  \" style='padding:15px; background-color:#ffffff; border-radius:2px; '><div  class='avia-image-container  av-styling-no-styling    avia-builder-el-24  avia-builder-el-no-sibling  avia-align-center '  itemprop=\"image\" itemscope=\"itemscope\" itemtype=\"https:\/\/schema.org\/ImageObject\"  ><div class='avia-image-container-inner'><div class='avia-image-overlay-wrap'><img class='wp-image-67494 avia-img-lazy-loading-not-67494 avia_image' src=\"https:\/\/agencevu.com\/wp-content\/uploads\/2020\/04\/04-Pauline-et-Pierre.jpg\" alt='' title='04- Pauline et Pierre' height=\"600\" width=\"600\"  itemprop=\"thumbnailUrl\" srcset=\"https:\/\/agencevu.com\/wp-content\/uploads\/2020\/04\/04-Pauline-et-Pierre.jpg 600w, https:\/\/agencevu.com\/wp-content\/uploads\/2020\/04\/04-Pauline-et-Pierre-80x80.jpg 80w, https:\/\/agencevu.com\/wp-content\/uploads\/2020\/04\/04-Pauline-et-Pierre-300x300.jpg 300w, https:\/\/agencevu.com\/wp-content\/uploads\/2020\/04\/04-Pauline-et-Pierre-36x36.jpg 36w, https:\/\/agencevu.com\/wp-content\/uploads\/2020\/04\/04-Pauline-et-Pierre-180x180.jpg 180w, https:\/\/agencevu.com\/wp-content\/uploads\/2020\/04\/04-Pauline-et-Pierre-120x120.jpg 120w, https:\/\/agencevu.com\/wp-content\/uploads\/2020\/04\/04-Pauline-et-Pierre-450x450.jpg 450w\" sizes=\"(max-width: 600px) 100vw, 600px\" \/><\/div><\/div><\/div><\/div><div class='av-flex-placeholder'><\/div><div class=\"flex_column av_one_third  flex_column_table_cell av-equal-height-column av-align-top   avia-builder-el-25  el_after_av_one_third  el_before_av_one_third  \" style='padding:15px; background-color:#ffffff; border-radius:2px; '><div  class='avia-image-container  av-styling-no-styling    avia-builder-el-26  avia-builder-el-no-sibling  avia-align-center '  itemprop=\"image\" itemscope=\"itemscope\" itemtype=\"https:\/\/schema.org\/ImageObject\"  ><div class='avia-image-container-inner'><div class='avia-image-overlay-wrap'><img class='wp-image-67496 avia-img-lazy-loading-not-67496 avia_image' src=\"https:\/\/agencevu.com\/wp-content\/uploads\/2020\/04\/05-Pauline-et-Pierre.jpg\" alt='' title='Pauline et Pierre' height=\"1000\" width=\"1000\"  itemprop=\"thumbnailUrl\" srcset=\"https:\/\/agencevu.com\/wp-content\/uploads\/2020\/04\/05-Pauline-et-Pierre.jpg 1000w, https:\/\/agencevu.com\/wp-content\/uploads\/2020\/04\/05-Pauline-et-Pierre-80x80.jpg 80w, https:\/\/agencevu.com\/wp-content\/uploads\/2020\/04\/05-Pauline-et-Pierre-300x300.jpg 300w, https:\/\/agencevu.com\/wp-content\/uploads\/2020\/04\/05-Pauline-et-Pierre-768x768.jpg 768w, https:\/\/agencevu.com\/wp-content\/uploads\/2020\/04\/05-Pauline-et-Pierre-36x36.jpg 36w, https:\/\/agencevu.com\/wp-content\/uploads\/2020\/04\/05-Pauline-et-Pierre-180x180.jpg 180w, https:\/\/agencevu.com\/wp-content\/uploads\/2020\/04\/05-Pauline-et-Pierre-705x705.jpg 705w, https:\/\/agencevu.com\/wp-content\/uploads\/2020\/04\/05-Pauline-et-Pierre-120x120.jpg 120w, https:\/\/agencevu.com\/wp-content\/uploads\/2020\/04\/05-Pauline-et-Pierre-450x450.jpg 450w\" sizes=\"(max-width: 1000px) 100vw, 1000px\" \/><\/div><\/div><\/div><\/div><div class='av-flex-placeholder'><\/div><div class=\"flex_column av_one_third  flex_column_table_cell av-equal-height-column av-align-top   avia-builder-el-27  el_after_av_one_third  el_before_av_hr  \" style='padding:15px; background-color:#ffffff; border-radius:2px; '><div  class='avia-image-container  av-styling-no-styling    avia-builder-el-28  avia-builder-el-no-sibling  avia-align-center '  itemprop=\"image\" itemscope=\"itemscope\" itemtype=\"https:\/\/schema.org\/ImageObject\"  ><div class='avia-image-container-inner'><div class='avia-image-overlay-wrap'><img class='wp-image-67500 avia-img-lazy-loading-not-67500 avia_image' src=\"https:\/\/agencevu.com\/wp-content\/uploads\/2020\/04\/07-Pauline-et-Pierre.jpg\" alt='' title='Pauline et Pierre' height=\"1000\" width=\"1000\"  itemprop=\"thumbnailUrl\" srcset=\"https:\/\/agencevu.com\/wp-content\/uploads\/2020\/04\/07-Pauline-et-Pierre.jpg 1000w, https:\/\/agencevu.com\/wp-content\/uploads\/2020\/04\/07-Pauline-et-Pierre-80x80.jpg 80w, https:\/\/agencevu.com\/wp-content\/uploads\/2020\/04\/07-Pauline-et-Pierre-300x300.jpg 300w, https:\/\/agencevu.com\/wp-content\/uploads\/2020\/04\/07-Pauline-et-Pierre-768x768.jpg 768w, https:\/\/agencevu.com\/wp-content\/uploads\/2020\/04\/07-Pauline-et-Pierre-36x36.jpg 36w, https:\/\/agencevu.com\/wp-content\/uploads\/2020\/04\/07-Pauline-et-Pierre-180x180.jpg 180w, https:\/\/agencevu.com\/wp-content\/uploads\/2020\/04\/07-Pauline-et-Pierre-705x705.jpg 705w, https:\/\/agencevu.com\/wp-content\/uploads\/2020\/04\/07-Pauline-et-Pierre-120x120.jpg 120w, https:\/\/agencevu.com\/wp-content\/uploads\/2020\/04\/07-Pauline-et-Pierre-450x450.jpg 450w\" sizes=\"(max-width: 1000px) 100vw, 1000px\" \/><\/div><\/div><\/div><\/div><\/div><!--close column table wrapper. Autoclose: 1 --><div  style='height:70px' class='hr hr-invisible   avia-builder-el-29  el_after_av_one_third  el_before_av_one_half '><span class='hr-inner ' ><span class='hr-inner-style'><\/span><\/span><\/div>\n<div class='flex_column_table av-equal-height-column-flextable -flextable' ><div class=\"flex_column av_one_half  flex_column_table_cell av-equal-height-column av-align-top first  avia-builder-el-30  el_after_av_hr  el_before_av_one_half  \" style='padding:15px; background-color:#ffffff; border-radius:2px; '><div  class='avia-image-container  av-styling-no-styling    avia-builder-el-31  avia-builder-el-no-sibling  avia-align-center '  itemprop=\"image\" itemscope=\"itemscope\" itemtype=\"https:\/\/schema.org\/ImageObject\"  ><div class='avia-image-container-inner'><div class='avia-image-overlay-wrap'><img class='wp-image-67502 avia-img-lazy-loading-not-67502 avia_image' src=\"https:\/\/agencevu.com\/wp-content\/uploads\/2020\/04\/08-Pauline-et-Pierre.jpg\" alt='' title='Pauline et Pierre' height=\"1000\" width=\"1000\"  itemprop=\"thumbnailUrl\" srcset=\"https:\/\/agencevu.com\/wp-content\/uploads\/2020\/04\/08-Pauline-et-Pierre.jpg 1000w, https:\/\/agencevu.com\/wp-content\/uploads\/2020\/04\/08-Pauline-et-Pierre-80x80.jpg 80w, https:\/\/agencevu.com\/wp-content\/uploads\/2020\/04\/08-Pauline-et-Pierre-300x300.jpg 300w, https:\/\/agencevu.com\/wp-content\/uploads\/2020\/04\/08-Pauline-et-Pierre-768x768.jpg 768w, https:\/\/agencevu.com\/wp-content\/uploads\/2020\/04\/08-Pauline-et-Pierre-36x36.jpg 36w, https:\/\/agencevu.com\/wp-content\/uploads\/2020\/04\/08-Pauline-et-Pierre-180x180.jpg 180w, https:\/\/agencevu.com\/wp-content\/uploads\/2020\/04\/08-Pauline-et-Pierre-705x705.jpg 705w, https:\/\/agencevu.com\/wp-content\/uploads\/2020\/04\/08-Pauline-et-Pierre-120x120.jpg 120w, https:\/\/agencevu.com\/wp-content\/uploads\/2020\/04\/08-Pauline-et-Pierre-450x450.jpg 450w\" sizes=\"(max-width: 1000px) 100vw, 1000px\" \/><\/div><\/div><\/div><\/div><div class='av-flex-placeholder'><\/div><div class=\"flex_column av_one_half  flex_column_table_cell av-equal-height-column av-align-top   avia-builder-el-32  el_after_av_one_half  el_before_av_hr  \" style='padding:15px; background-color:#ffffff; border-radius:2px; '><div  class='avia-image-container  av-styling-no-styling    avia-builder-el-33  avia-builder-el-no-sibling  avia-align-center '  itemprop=\"image\" itemscope=\"itemscope\" itemtype=\"https:\/\/schema.org\/ImageObject\"  ><div class='avia-image-container-inner'><div class='avia-image-overlay-wrap'><img class='wp-image-67504 avia-img-lazy-loading-not-67504 avia_image' src=\"https:\/\/agencevu.com\/wp-content\/uploads\/2020\/04\/09-Pauline-et-Pierre.jpg\" alt='' title='Pauline et Pierre' height=\"1000\" width=\"1000\"  itemprop=\"thumbnailUrl\" srcset=\"https:\/\/agencevu.com\/wp-content\/uploads\/2020\/04\/09-Pauline-et-Pierre.jpg 1000w, https:\/\/agencevu.com\/wp-content\/uploads\/2020\/04\/09-Pauline-et-Pierre-80x80.jpg 80w, https:\/\/agencevu.com\/wp-content\/uploads\/2020\/04\/09-Pauline-et-Pierre-300x300.jpg 300w, https:\/\/agencevu.com\/wp-content\/uploads\/2020\/04\/09-Pauline-et-Pierre-768x768.jpg 768w, https:\/\/agencevu.com\/wp-content\/uploads\/2020\/04\/09-Pauline-et-Pierre-36x36.jpg 36w, https:\/\/agencevu.com\/wp-content\/uploads\/2020\/04\/09-Pauline-et-Pierre-180x180.jpg 180w, https:\/\/agencevu.com\/wp-content\/uploads\/2020\/04\/09-Pauline-et-Pierre-705x705.jpg 705w, https:\/\/agencevu.com\/wp-content\/uploads\/2020\/04\/09-Pauline-et-Pierre-120x120.jpg 120w, https:\/\/agencevu.com\/wp-content\/uploads\/2020\/04\/09-Pauline-et-Pierre-450x450.jpg 450w\" sizes=\"(max-width: 1000px) 100vw, 1000px\" \/><\/div><\/div><\/div><\/div><\/div><!--close column table wrapper. Autoclose: 1 --><div  style='height:70px' class='hr hr-invisible   avia-builder-el-34  el_after_av_one_half  el_before_av_one_third '><span class='hr-inner ' ><span class='hr-inner-style'><\/span><\/span><\/div>\n<div class='flex_column_table av-equal-height-column-flextable -flextable' ><div class=\"flex_column av_one_third  flex_column_table_cell av-equal-height-column av-align-top first  avia-builder-el-35  el_after_av_hr  el_before_av_one_third  \" style='padding:15px; background-color:#ffffff; border-radius:2px; '><p><div  class='avia-image-container  av-styling-no-styling    avia-builder-el-36  el_before_av_textblock  avia-builder-el-first  avia-align-center '  itemprop=\"image\" itemscope=\"itemscope\" itemtype=\"https:\/\/schema.org\/ImageObject\"  ><div class='avia-image-container-inner'><div class='avia-image-overlay-wrap'><img class='wp-image-67512 avia-img-lazy-loading-not-67512 avia_image' src=\"https:\/\/agencevu.com\/wp-content\/uploads\/2020\/04\/01-Pauline-et-Pierre-In-situ.jpeg\" alt='' title='01 - Pauline et Pierre - In situ' height=\"480\" width=\"640\"  itemprop=\"thumbnailUrl\" srcset=\"https:\/\/agencevu.com\/wp-content\/uploads\/2020\/04\/01-Pauline-et-Pierre-In-situ.jpeg 640w, https:\/\/agencevu.com\/wp-content\/uploads\/2020\/04\/01-Pauline-et-Pierre-In-situ-80x60.jpeg 80w, https:\/\/agencevu.com\/wp-content\/uploads\/2020\/04\/01-Pauline-et-Pierre-In-situ-300x225.jpeg 300w, https:\/\/agencevu.com\/wp-content\/uploads\/2020\/04\/01-Pauline-et-Pierre-In-situ-450x338.jpeg 450w\" sizes=\"(max-width: 640px) 100vw, 640px\" \/><\/div><\/div><\/div><br \/>\n<section class=\"av_textblock_section \"  itemscope=\"itemscope\" itemtype=\"https:\/\/schema.org\/CreativeWork\" ><div class='avia_textblock  '   itemprop=\"text\" ><p class=\"p1\"><span class=\"s1\">Fotomuseum Winterthur, 2014.<\/span><\/p>\n<\/div><\/section><\/p><\/div><div class='av-flex-placeholder'><\/div><div class=\"flex_column av_one_third  flex_column_table_cell av-equal-height-column av-align-top   avia-builder-el-38  el_after_av_one_third  el_before_av_one_third  \" style='padding:15px; background-color:#ffffff; border-radius:2px; '><p><div  class='avia-image-container  av-styling-no-styling    avia-builder-el-39  el_before_av_textblock  avia-builder-el-first  avia-align-center '  itemprop=\"image\" itemscope=\"itemscope\" itemtype=\"https:\/\/schema.org\/ImageObject\"  ><div class='avia-image-container-inner'><div class='avia-image-overlay-wrap'><img class='wp-image-67514 avia-img-lazy-loading-not-67514 avia_image' src=\"https:\/\/agencevu.com\/wp-content\/uploads\/2020\/04\/02-Pauline-et-Pierre-In-situ.jpeg\" alt='' title='02 - Pauline et Pierre - In situ' height=\"480\" width=\"640\"  itemprop=\"thumbnailUrl\" srcset=\"https:\/\/agencevu.com\/wp-content\/uploads\/2020\/04\/02-Pauline-et-Pierre-In-situ.jpeg 640w, https:\/\/agencevu.com\/wp-content\/uploads\/2020\/04\/02-Pauline-et-Pierre-In-situ-80x60.jpeg 80w, https:\/\/agencevu.com\/wp-content\/uploads\/2020\/04\/02-Pauline-et-Pierre-In-situ-300x225.jpeg 300w, https:\/\/agencevu.com\/wp-content\/uploads\/2020\/04\/02-Pauline-et-Pierre-In-situ-450x338.jpeg 450w\" sizes=\"(max-width: 640px) 100vw, 640px\" \/><\/div><\/div><\/div><br \/>\n<section class=\"av_textblock_section \"  itemscope=\"itemscope\" itemtype=\"https:\/\/schema.org\/CreativeWork\" ><div class='avia_textblock  '   itemprop=\"text\" ><p class=\"p1\"><span class=\"s1\">Fotomuseum Winterthur, 2014.<\/span><\/p>\n<\/div><\/section><\/p><\/div><div class='av-flex-placeholder'><\/div><div class=\"flex_column av_one_third  flex_column_table_cell av-equal-height-column av-align-top   avia-builder-el-41  el_after_av_one_third  el_before_av_one_fourth  \" style='padding:15px; background-color:#ffffff; border-radius:2px; '><p><div  class='avia-image-container  av-styling-no-styling    avia-builder-el-42  el_before_av_textblock  avia-builder-el-first  avia-align-center '  itemprop=\"image\" itemscope=\"itemscope\" itemtype=\"https:\/\/schema.org\/ImageObject\"  ><div class='avia-image-container-inner'><div class='avia-image-overlay-wrap'><img class='wp-image-67516 avia-img-lazy-loading-not-67516 avia_image' src=\"https:\/\/agencevu.com\/wp-content\/uploads\/2020\/04\/03-Pauline-et-Pierre-In-situ.jpeg\" alt='' title='03 - Pauline et Pierre - In situ' height=\"480\" width=\"640\"  itemprop=\"thumbnailUrl\" srcset=\"https:\/\/agencevu.com\/wp-content\/uploads\/2020\/04\/03-Pauline-et-Pierre-In-situ.jpeg 640w, https:\/\/agencevu.com\/wp-content\/uploads\/2020\/04\/03-Pauline-et-Pierre-In-situ-80x60.jpeg 80w, https:\/\/agencevu.com\/wp-content\/uploads\/2020\/04\/03-Pauline-et-Pierre-In-situ-300x225.jpeg 300w, https:\/\/agencevu.com\/wp-content\/uploads\/2020\/04\/03-Pauline-et-Pierre-In-situ-450x338.jpeg 450w\" sizes=\"(max-width: 640px) 100vw, 640px\" \/><\/div><\/div><\/div><br \/>\n<section class=\"av_textblock_section \"  itemscope=\"itemscope\" itemtype=\"https:\/\/schema.org\/CreativeWork\" ><div class='avia_textblock  '   itemprop=\"text\" ><p class=\"p1\"><span class=\"s1\">Fotomuseum Winterthur, 2014.<\/span><\/p>\n<\/div><\/section><\/p><\/div><\/div><!--close column table wrapper. Autoclose: 1 --><div class=\"flex_column av_one_fourth  flex_column_div av-zero-column-padding first  avia-builder-el-44  el_after_av_one_third  el_before_av_hr  column-top-margin\" style='border-radius:0px; '><section class=\"av_textblock_section \"  itemscope=\"itemscope\" itemtype=\"https:\/\/schema.org\/CreativeWork\" ><div class='avia_textblock  '  style='font-size:18px; '  itemprop=\"text\" ><p style=\"color: #707070; letter-spacing: 1.5px; text-transform: uppercase;\">contact<\/p>\n<hr class=\"hr-titre-page\">\n<\/div><\/section><br \/>\n<div  style='height:10px' class='hr hr-invisible   avia-builder-el-46  el_after_av_textblock  el_before_av_textblock '><span class='hr-inner ' ><span class='hr-inner-style'><\/span><\/span><\/div><br \/>\n<section class=\"av_textblock_section \"  itemscope=\"itemscope\" itemtype=\"https:\/\/schema.org\/CreativeWork\" ><div class='avia_textblock  '   itemprop=\"text\" ><h5 style=\"margin-bottom: 0px; color: #76a38b; padding-bottom: 0px;\">Patricia MORVAN<\/h5>\n<p style=\"margin-top: 1px;\">Responsable de projets culturels<br \/>\net des expositions<\/p>\n<\/div><\/section><br \/>\n<section class=\"av_textblock_section \"  itemscope=\"itemscope\" itemtype=\"https:\/\/schema.org\/CreativeWork\" ><div class='avia_textblock  '   itemprop=\"text\" ><p><a style=\"text-decoration: none; color: black;\" href=\"mailto:morvan@abvent.fr\">morvan@abvent.fr<\/a><br \/>\n+33 1 53 01 85 89<\/p>\n<\/div><\/section><\/p><\/div><div  style=' margin-top:25px; margin-bottom:15px;'  class='hr hr-custom hr-center hr-icon-no   avia-builder-el-49  el_after_av_one_fourth  avia-builder-el-last '><span class='hr-inner  inner-border-av-border-thin' style=' width:60%; border-color:#efefef;' ><span class='hr-inner-style'><\/span><\/span><\/div>\n\n","protected":false},"excerpt":{"rendered":"<p>A former member of the Pontifical Swiss Guard, Hugues de Wurstemberger made a name for himself at the opening of the Mus\u00e9e de l&#8217;\u00c9lys\u00e9e in Lausanne in 1985 with his series of photographs devoted to the guards of the Vatican. Since 1986, he has been a member of the Vu agency. <\/p>\n","protected":false},"featured_media":155326,"menu_order":0,"template":"","categories":[],"tags":[10030,15888],"photographe":[14687],"section_taxonomy":[5501],"yoast_head":"<!-- This site is optimized with the Yoast SEO plugin v16.3 - https:\/\/yoast.com\/wordpress\/plugins\/seo\/ -->\n<title>Pauline et Pierre - Agence VU&#039;<\/title>\n<meta name=\"robots\" content=\"index, follow, max-snippet:-1, max-image-preview:large, max-video-preview:-1\" \/>\n<link rel=\"canonical\" href=\"\/\" \/>\n<meta property=\"og:locale\" content=\"en_US\" \/>\n<meta property=\"og:type\" content=\"article\" \/>\n<meta property=\"og:title\" content=\"Pauline et Pierre - Agence VU&#039;\" \/>\n<meta property=\"og:description\" content=\"A former member of the Pontifical Swiss Guard, Hugues de Wurstemberger made a name for himself at the opening of the Mus\u00e9e de l&#039;\u00c9lys\u00e9e in Lausanne in 1985 with his series of photographs devoted to the guards of the Vatican. Since 1986, he has been a member of the Vu agency.\" \/>\n<meta property=\"og:site_name\" content=\"Agence VU&#039;\" \/>\n<meta property=\"article:publisher\" content=\"https:\/\/www.facebook.com\/VUagence\" \/>\n<meta property=\"article:modified_time\" content=\"2022-03-17T15:44:02+00:00\" \/>\n<meta property=\"og:image\" content=\"https:\/\/agencevu.com\/wp-content\/uploads\/2020\/04\/Wurstemberger.jpg\" \/>\n\t<meta property=\"og:image:width\" content=\"275\" \/>\n\t<meta property=\"og:image:height\" content=\"206\" \/>\n<meta name=\"twitter:card\" content=\"summary_large_image\" \/>\n<meta name=\"twitter:site\" content=\"@agence_vu\" \/>\n<script type=\"application\/ld+json\" class=\"yoast-schema-graph\">{\"@context\":\"https:\/\/schema.org\",\"@graph\":[{\"@type\":\"WebSite\",\"@id\":\"https:\/\/agencevu.com\/en\/#website\",\"url\":\"https:\/\/agencevu.com\/en\/\",\"name\":\"Agence VU&#039;\",\"description\":\"Agency of photographers founded in 1986\",\"potentialAction\":[{\"@type\":\"SearchAction\",\"target\":\"https:\/\/agencevu.com\/en\/?s={search_term_string}\",\"query-input\":\"required name=search_term_string\"}],\"inLanguage\":\"en-US\"},{\"@type\":\"ImageObject\",\"@id\":\"#primaryimage\",\"inLanguage\":\"en-US\",\"url\":\"https:\/\/agencevu.com\/wp-content\/uploads\/2020\/04\/Wurstemberger.jpg\",\"contentUrl\":\"https:\/\/agencevu.com\/wp-content\/uploads\/2020\/04\/Wurstemberger.jpg\",\"width\":275,\"height\":206},{\"@type\":\"WebPage\",\"@id\":\"#webpage\",\"url\":null,\"name\":\"Pauline et Pierre - Agence VU&#039;\",\"isPartOf\":{\"@id\":\"https:\/\/agencevu.com\/en\/#website\"},\"primaryImageOfPage\":{\"@id\":\"#primaryimage\"},\"datePublished\":\"2020-04-08T13:35:32+00:00\",\"dateModified\":\"2022-03-17T15:44:02+00:00\",\"breadcrumb\":{\"@id\":\"#breadcrumb\"},\"inLanguage\":\"en-US\",\"potentialAction\":[{\"@type\":\"ReadAction\",\"target\":[null]}]},{\"@type\":\"BreadcrumbList\",\"@id\":\"#breadcrumb\",\"itemListElement\":[{\"@type\":\"ListItem\",\"position\":1,\"item\":{\"@type\":\"WebPage\",\"@id\":\"https:\/\/agencevu.com\/en\/home\/\",\"url\":\"https:\/\/agencevu.com\/en\/home\/\",\"name\":\"Home\"}},{\"@type\":\"ListItem\",\"position\":2,\"item\":{\"@type\":\"WebPage\",\"@id\":\"https:\/\/agencevu.com\/en\/exhibition-for-rent\/\",\"url\":\"https:\/\/agencevu.com\/en\/exhibition-for-rent\/\",\"name\":\"Expositions \\u00e0 louer\"}},{\"@type\":\"ListItem\",\"position\":3,\"item\":{\"@id\":\"#webpage\"}}]}]}<\/script>\n<!-- \/ Yoast SEO plugin. -->","_links":{"self":[{"href":"https:\/\/agencevu.com\/en\/wp-json\/wp\/v2\/exposition-a-louer\/67518"}],"collection":[{"href":"https:\/\/agencevu.com\/en\/wp-json\/wp\/v2\/exposition-a-louer"}],"about":[{"href":"https:\/\/agencevu.com\/en\/wp-json\/wp\/v2\/types\/exposition-a-louer"}],"version-history":[{"count":3,"href":"https:\/\/agencevu.com\/en\/wp-json\/wp\/v2\/exposition-a-louer\/67518\/revisions"}],"predecessor-version":[{"id":178279,"href":"https:\/\/agencevu.com\/en\/wp-json\/wp\/v2\/exposition-a-louer\/67518\/revisions\/178279"}],"wp:featuredmedia":[{"embeddable":true,"href":"https:\/\/agencevu.com\/en\/wp-json\/wp\/v2\/media\/155326"}],"wp:attachment":[{"href":"https:\/\/agencevu.com\/en\/wp-json\/wp\/v2\/media?parent=67518"}],"wp:term":[{"taxonomy":"category","embeddable":true,"href":"https:\/\/agencevu.com\/en\/wp-json\/wp\/v2\/categories?post=67518"},{"taxonomy":"post_tag","embeddable":true,"href":"https:\/\/agencevu.com\/en\/wp-json\/wp\/v2\/tags?post=67518"},{"taxonomy":"photographe","embeddable":true,"href":"https:\/\/agencevu.com\/en\/wp-json\/wp\/v2\/photographe?post=67518"},{"taxonomy":"section_taxonomy","embeddable":true,"href":"https:\/\/agencevu.com\/en\/wp-json\/wp\/v2\/section_taxonomy?post=67518"}],"curies":[{"name":"wp","href":"https:\/\/api.w.org\/{rel}","templated":true}]}}