{"id":67360,"date":"2020-04-06T14:47:54","date_gmt":"2020-04-06T12:47:54","guid":{"rendered":"https:\/\/lesaint.abvent.com\/?post_type=exposition-a-louer&#038;p=67360"},"modified":"2022-03-17T16:31:15","modified_gmt":"2022-03-17T15:31:15","slug":"perou","status":"publish","type":"exposition-a-louer","link":"https:\/\/agencevu.com\/en\/exhibition-for-rent\/perou\/","title":{"rendered":"P\u00e9rou"},"content":{"rendered":"<div id='av_section_1'  class='avia-section main_color avia-section-small avia-no-border-styling  avia-bg-style-scroll  avia-builder-el-0  el_before_av_section  avia-builder-el-first   container_wrap fullsize' style='background-color: #f1f1f1;  '  ><div class='container' ><main  role=\"main\" itemprop=\"mainContentOfPage\"  class='template-page content  av-content-full alpha units'><div class='post-entry post-entry-type-page post-entry-67360'><div class='entry-content-wrapper clearfix'>\n<div class=\"flex_column av_one_full  flex_column_div av-zero-column-padding first  avia-builder-el-1  avia-builder-el-no-sibling  \" style='border-radius:0px; '><section class=\"av_textblock_section \"  itemscope=\"itemscope\" itemtype=\"https:\/\/schema.org\/CreativeWork\" ><div class='avia_textblock  av_inherit_color '  style='color:#707070; '  itemprop=\"text\" ><p class=\"titre-page\"><a style=\"text-decoration: none;\" href=\"\/en\/exhibition-for-rent\/\">Exhibition for rent<\/a><\/p>\n<hr class=\"hr-titre-page\">\n<\/div><\/section><\/div>\n\n<\/div><\/div><\/main><!-- close content main element --><\/div><\/div><div id='intro'  class='avia-section main_color avia-section-large avia-no-border-styling  avia-bg-style-scroll  avia-builder-el-3  el_after_av_section  avia-builder-el-last   container_wrap fullsize' style='background-color: #ffffff;  '  ><div class='container' ><div class='template-page content  av-content-full alpha units'><div class='post-entry post-entry-type-page post-entry-67360'><div class='entry-content-wrapper clearfix'>\n<div class='flex_column_table av-equal-height-column-flextable -flextable' ><div class=\"flex_column av_one_half  flex_column_table_cell av-equal-height-column av-align-top av-zero-column-padding first  avia-builder-el-4  el_before_av_one_half  avia-builder-el-first  \" style='background-color:#ffffff; border-radius:2px; '><section class=\"av_textblock_section \"  itemscope=\"itemscope\" itemtype=\"https:\/\/schema.org\/CreativeWork\" ><div class='avia_textblock  av_inherit_color '  style='font-size:20px; color:#76a38b; '  itemprop=\"text\" ><p class=\"p1\"><strong><span class=\"s1\">P\u00e9rou<\/span><\/strong><\/p>\n<\/div><\/section><br \/>\n<section class=\"av_textblock_section \"  itemscope=\"itemscope\" itemtype=\"https:\/\/schema.org\/CreativeWork\" ><div class='avia_textblock  '   itemprop=\"text\" ><h5><a href=\"\/en\/photographer\/Juan-Manuel-Castro-Prieto\/\"> Juan Manuel Castro Prieto <\/a><\/h5>\n<\/div><\/section><br \/>\n<div  style='height:20px' class='hr hr-invisible   avia-builder-el-7  el_after_av_textblock  el_before_av_textblock '><span class='hr-inner ' ><span class='hr-inner-style'><\/span><\/span><\/div><br \/>\n<section class=\"av_textblock_section \"  itemscope=\"itemscope\" itemtype=\"https:\/\/schema.org\/CreativeWork\" ><div class='avia_textblock textJustify '   itemprop=\"text\" ><p>Juan Manuel Castro Prieto first visited Peru in 1990. He went to Cuzco to make prints from negatives on glass plates of Martin Chambi (1891-1973) where the archives of the great Peruvian photographer whose work he admired are kept.<\/p>\n<p>From this first trip, he maintained a privileged relationship with this country that he never ceased to explore.<br \/>\nThere, he produced thousands of black and white images with a large format camera. If he photographs the remarkable sites but does not stop there, he dives into the jungle and goes to meet the populations of remote villages. He does not carry out a work of documentation, but draws with this personal and introspective work the personal myth that the country inspires him, giving free rein to his imagination nourished by the images of Martin Chambi and the books of Jos\u00e9 Maria Arguedas, Ciro Alegr\u00eda and the poet C\u00e9sar Vallejo (it should not be forgotten that the work of the Spanish photographer is nourished by literature).<\/p>\n<p>Between mysticism, grandiose landscapes and timeless populations, Peru offers to Juan Manuel Castro Prieto a territory of spiritual, human and photographic exploration to put into practice his appetite for travel, both mental and geographical, and to realize his images between dream and materiality.<\/p>\n<\/div><\/section><\/p><\/div><div class='av-flex-placeholder'><\/div><div class=\"flex_column av_one_half  flex_column_table_cell av-equal-height-column av-align-top   avia-builder-el-9  el_after_av_one_half  el_before_av_hr  \" style='padding:15px; background-color:#ffffff; border-radius:2px; '><section class=\"av_textblock_section \"  itemscope=\"itemscope\" itemtype=\"https:\/\/schema.org\/CreativeWork\" ><div class='avia_textblock  av_inherit_color '  style='font-size:20px; color:#76a38b; '  itemprop=\"text\" ><p id=\"series\" style=\"color: #707070; letter-spacing: 1.5px; text-transform: uppercase;\">INFORMATIONS<\/p>\n<hr class=\"hr-titre-page\">\n<\/div><\/section><br \/>\n<div  style='height:20px' class='hr hr-invisible   avia-builder-el-11  el_after_av_textblock  el_before_av_textblock '><span class='hr-inner ' ><span class='hr-inner-style'><\/span><\/span><\/div><br \/>\n<section class=\"av_textblock_section \"  itemscope=\"itemscope\" itemtype=\"https:\/\/schema.org\/CreativeWork\" ><div class='avia_textblock textJustify '   itemprop=\"text\" ><p class=\"p1\"><span class=\"s1\">110 tirages encadr\u00e9s<br \/>\n<\/span><span class=\"s1\">31 cadres 31 x 31 cm<br \/>\n<\/span><span class=\"s1\">26 cadres 54 x 67 cm<br \/>\n<\/span><span class=\"s1\">32 cadres 56 x 56<br \/>\n<\/span><span class=\"s1\">2 cadres 85 x 125<br \/>\n<\/span><span class=\"s1\">12 cadres 108 x 133 cm<br \/>\n<\/span><span class=\"s1\">4&nbsp;cadres 122 x 122 cm<br \/>\n<\/span><span class=\"s1\">2 cadres 45 x 119<br \/>\n<\/span><span class=\"s1\">1 cadre 45 x 150 <\/span><\/p>\n<\/div><\/section><\/p><\/div><\/div><!--close column table wrapper. Autoclose: 1 --><div  style='height:50px' class='hr hr-invisible   avia-builder-el-13  el_after_av_one_half  el_before_av_one_half '><span class='hr-inner ' ><span class='hr-inner-style'><\/span><\/span><\/div>\n<div class='flex_column_table av-equal-height-column-flextable -flextable' ><div class=\"flex_column av_one_half  flex_column_table_cell av-equal-height-column av-align-top first  avia-builder-el-14  el_after_av_hr  el_before_av_one_half  \" style='padding:15px; background-color:#ffffff; border-radius:2px; '><div  class='avia-image-container  av-styling-no-styling    avia-builder-el-15  avia-builder-el-no-sibling  avia-align-center '  itemprop=\"image\" itemscope=\"itemscope\" itemtype=\"https:\/\/schema.org\/ImageObject\"  ><div class='avia-image-container-inner'><div class='avia-image-overlay-wrap'><img class='wp-image-67342 avia-img-lazy-loading-not-67342 avia_image' src=\"https:\/\/agencevu.com\/wp-content\/uploads\/2020\/04\/02-Pe\u0301rou.jpg\" alt='' title='Peru : Viaje al sol \/ P\u00e9rou : Voyage au soleil' height=\"787\" width=\"1000\"  itemprop=\"thumbnailUrl\" srcset=\"https:\/\/agencevu.com\/wp-content\/uploads\/2020\/04\/02-Pe\u0301rou.jpg 1000w, https:\/\/agencevu.com\/wp-content\/uploads\/2020\/04\/02-Pe\u0301rou-80x63.jpg 80w, https:\/\/agencevu.com\/wp-content\/uploads\/2020\/04\/02-Pe\u0301rou-300x236.jpg 300w, https:\/\/agencevu.com\/wp-content\/uploads\/2020\/04\/02-Pe\u0301rou-768x604.jpg 768w, https:\/\/agencevu.com\/wp-content\/uploads\/2020\/04\/02-Pe\u0301rou-705x555.jpg 705w, https:\/\/agencevu.com\/wp-content\/uploads\/2020\/04\/02-Pe\u0301rou-450x354.jpg 450w\" sizes=\"(max-width: 1000px) 100vw, 1000px\" \/><\/div><\/div><\/div><\/div><div class='av-flex-placeholder'><\/div><div class=\"flex_column av_one_half  flex_column_table_cell av-equal-height-column av-align-top   avia-builder-el-16  el_after_av_one_half  el_before_av_hr  \" style='padding:15px; background-color:#ffffff; border-radius:2px; '><div  class='avia-image-container  av-styling-no-styling    avia-builder-el-17  avia-builder-el-no-sibling  avia-align-center '  itemprop=\"image\" itemscope=\"itemscope\" itemtype=\"https:\/\/schema.org\/ImageObject\"  ><div class='avia-image-container-inner'><div class='avia-image-overlay-wrap'><img class='wp-image-67344 avia-img-lazy-loading-not-67344 avia_image' src=\"https:\/\/agencevu.com\/wp-content\/uploads\/2020\/04\/03-Pe\u0301rou.jpg\" alt='' title='Peru : Viaje al sol \/ P\u00e9rou : Voyage au soleil' height=\"786\" width=\"1000\"  itemprop=\"thumbnailUrl\" srcset=\"https:\/\/agencevu.com\/wp-content\/uploads\/2020\/04\/03-Pe\u0301rou.jpg 1000w, https:\/\/agencevu.com\/wp-content\/uploads\/2020\/04\/03-Pe\u0301rou-80x63.jpg 80w, https:\/\/agencevu.com\/wp-content\/uploads\/2020\/04\/03-Pe\u0301rou-300x236.jpg 300w, https:\/\/agencevu.com\/wp-content\/uploads\/2020\/04\/03-Pe\u0301rou-768x604.jpg 768w, https:\/\/agencevu.com\/wp-content\/uploads\/2020\/04\/03-Pe\u0301rou-705x554.jpg 705w, https:\/\/agencevu.com\/wp-content\/uploads\/2020\/04\/03-Pe\u0301rou-450x354.jpg 450w\" sizes=\"(max-width: 1000px) 100vw, 1000px\" \/><\/div><\/div><\/div><\/div><\/div><!--close column table wrapper. Autoclose: 1 --><div  style='height:70px' class='hr hr-invisible   avia-builder-el-18  el_after_av_one_half  el_before_av_one_third '><span class='hr-inner ' ><span class='hr-inner-style'><\/span><\/span><\/div>\n<div class='flex_column_table av-equal-height-column-flextable -flextable' ><div class=\"flex_column av_one_third  flex_column_table_cell av-equal-height-column av-align-top first  avia-builder-el-19  el_after_av_hr  el_before_av_one_third  \" style='padding:15px; background-color:#ffffff; border-radius:2px; '><div  class='avia-image-container  av-styling-no-styling    avia-builder-el-20  avia-builder-el-no-sibling  avia-align-center '  itemprop=\"image\" itemscope=\"itemscope\" itemtype=\"https:\/\/schema.org\/ImageObject\"  ><div class='avia-image-container-inner'><div class='avia-image-overlay-wrap'><img class='wp-image-67346 avia-img-lazy-loading-not-67346 avia_image' src=\"https:\/\/agencevu.com\/wp-content\/uploads\/2020\/04\/04-Pe\u0301rou.jpg\" alt='' title='Peru : Viaje al sol \/ P\u00e9rou : Voyage au soleil' height=\"1000\" width=\"976\"  itemprop=\"thumbnailUrl\" srcset=\"https:\/\/agencevu.com\/wp-content\/uploads\/2020\/04\/04-Pe\u0301rou.jpg 976w, https:\/\/agencevu.com\/wp-content\/uploads\/2020\/04\/04-Pe\u0301rou-78x80.jpg 78w, https:\/\/agencevu.com\/wp-content\/uploads\/2020\/04\/04-Pe\u0301rou-293x300.jpg 293w, https:\/\/agencevu.com\/wp-content\/uploads\/2020\/04\/04-Pe\u0301rou-768x787.jpg 768w, https:\/\/agencevu.com\/wp-content\/uploads\/2020\/04\/04-Pe\u0301rou-36x36.jpg 36w, https:\/\/agencevu.com\/wp-content\/uploads\/2020\/04\/04-Pe\u0301rou-688x705.jpg 688w, https:\/\/agencevu.com\/wp-content\/uploads\/2020\/04\/04-Pe\u0301rou-450x461.jpg 450w\" sizes=\"(max-width: 976px) 100vw, 976px\" \/><\/div><\/div><\/div><\/div><div class='av-flex-placeholder'><\/div><div class=\"flex_column av_one_third  flex_column_table_cell av-equal-height-column av-align-top   avia-builder-el-21  el_after_av_one_third  el_before_av_one_third  \" style='padding:15px; background-color:#ffffff; border-radius:2px; '><div  class='avia-image-container  av-styling-no-styling    avia-builder-el-22  avia-builder-el-no-sibling  avia-align-center '  itemprop=\"image\" itemscope=\"itemscope\" itemtype=\"https:\/\/schema.org\/ImageObject\"  ><div class='avia-image-container-inner'><div class='avia-image-overlay-wrap'><img class='wp-image-67348 avia-img-lazy-loading-not-67348 avia_image' src=\"https:\/\/agencevu.com\/wp-content\/uploads\/2020\/04\/05-Pe\u0301rou.jpg\" alt='' title='Peru : Viaje al sol \/ P\u00e9rou : Voyage au soleil' height=\"1000\" width=\"791\"  itemprop=\"thumbnailUrl\" srcset=\"https:\/\/agencevu.com\/wp-content\/uploads\/2020\/04\/05-Pe\u0301rou.jpg 791w, https:\/\/agencevu.com\/wp-content\/uploads\/2020\/04\/05-Pe\u0301rou-63x80.jpg 63w, https:\/\/agencevu.com\/wp-content\/uploads\/2020\/04\/05-Pe\u0301rou-237x300.jpg 237w, https:\/\/agencevu.com\/wp-content\/uploads\/2020\/04\/05-Pe\u0301rou-768x971.jpg 768w, https:\/\/agencevu.com\/wp-content\/uploads\/2020\/04\/05-Pe\u0301rou-558x705.jpg 558w, https:\/\/agencevu.com\/wp-content\/uploads\/2020\/04\/05-Pe\u0301rou-450x569.jpg 450w\" sizes=\"(max-width: 791px) 100vw, 791px\" \/><\/div><\/div><\/div><\/div><div class='av-flex-placeholder'><\/div><div class=\"flex_column av_one_third  flex_column_table_cell av-equal-height-column av-align-top   avia-builder-el-23  el_after_av_one_third  el_before_av_hr  \" style='padding:15px; background-color:#ffffff; border-radius:2px; '><div  class='avia-image-container  av-styling-no-styling    avia-builder-el-24  avia-builder-el-no-sibling  avia-align-center '  itemprop=\"image\" itemscope=\"itemscope\" itemtype=\"https:\/\/schema.org\/ImageObject\"  ><div class='avia-image-container-inner'><div class='avia-image-overlay-wrap'><img class='wp-image-67350 avia-img-lazy-loading-not-67350 avia_image' src=\"https:\/\/agencevu.com\/wp-content\/uploads\/2020\/04\/06-Pe\u0301rou.jpg\" alt='' title='Peru : Viaje al sol \/ P\u00e9rou : Voyage au soleil' height=\"1000\" width=\"993\"  itemprop=\"thumbnailUrl\" srcset=\"https:\/\/agencevu.com\/wp-content\/uploads\/2020\/04\/06-Pe\u0301rou.jpg 993w, https:\/\/agencevu.com\/wp-content\/uploads\/2020\/04\/06-Pe\u0301rou-80x80.jpg 80w, https:\/\/agencevu.com\/wp-content\/uploads\/2020\/04\/06-Pe\u0301rou-298x300.jpg 298w, https:\/\/agencevu.com\/wp-content\/uploads\/2020\/04\/06-Pe\u0301rou-768x773.jpg 768w, https:\/\/agencevu.com\/wp-content\/uploads\/2020\/04\/06-Pe\u0301rou-36x36.jpg 36w, https:\/\/agencevu.com\/wp-content\/uploads\/2020\/04\/06-Pe\u0301rou-180x180.jpg 180w, https:\/\/agencevu.com\/wp-content\/uploads\/2020\/04\/06-Pe\u0301rou-700x705.jpg 700w, https:\/\/agencevu.com\/wp-content\/uploads\/2020\/04\/06-Pe\u0301rou-120x120.jpg 120w, https:\/\/agencevu.com\/wp-content\/uploads\/2020\/04\/06-Pe\u0301rou-450x453.jpg 450w\" sizes=\"(max-width: 993px) 100vw, 993px\" \/><\/div><\/div><\/div><\/div><\/div><!--close column table wrapper. Autoclose: 1 --><div  style='height:70px' class='hr hr-invisible   avia-builder-el-25  el_after_av_one_third  el_before_av_one_half '><span class='hr-inner ' ><span class='hr-inner-style'><\/span><\/span><\/div>\n<div class='flex_column_table av-equal-height-column-flextable -flextable' ><div class=\"flex_column av_one_half  flex_column_table_cell av-equal-height-column av-align-top first  avia-builder-el-26  el_after_av_hr  el_before_av_one_half  \" style='padding:15px; background-color:#ffffff; border-radius:2px; '><div  class='avia-image-container  av-styling-no-styling    avia-builder-el-27  avia-builder-el-no-sibling  avia-align-center '  itemprop=\"image\" itemscope=\"itemscope\" itemtype=\"https:\/\/schema.org\/ImageObject\"  ><div class='avia-image-container-inner'><div class='avia-image-overlay-wrap'><img class='wp-image-67352 avia-img-lazy-loading-not-67352 avia_image' src=\"https:\/\/agencevu.com\/wp-content\/uploads\/2020\/04\/07-Pe\u0301rou.jpg\" alt='' title='Peru : Viaje al sol \/ P\u00e9rou : Voyage au soleil' height=\"796\" width=\"1000\"  itemprop=\"thumbnailUrl\" srcset=\"https:\/\/agencevu.com\/wp-content\/uploads\/2020\/04\/07-Pe\u0301rou.jpg 1000w, https:\/\/agencevu.com\/wp-content\/uploads\/2020\/04\/07-Pe\u0301rou-80x64.jpg 80w, https:\/\/agencevu.com\/wp-content\/uploads\/2020\/04\/07-Pe\u0301rou-300x239.jpg 300w, https:\/\/agencevu.com\/wp-content\/uploads\/2020\/04\/07-Pe\u0301rou-768x611.jpg 768w, https:\/\/agencevu.com\/wp-content\/uploads\/2020\/04\/07-Pe\u0301rou-705x561.jpg 705w, https:\/\/agencevu.com\/wp-content\/uploads\/2020\/04\/07-Pe\u0301rou-450x358.jpg 450w\" sizes=\"(max-width: 1000px) 100vw, 1000px\" \/><\/div><\/div><\/div><\/div><div class='av-flex-placeholder'><\/div><div class=\"flex_column av_one_half  flex_column_table_cell av-equal-height-column av-align-top   avia-builder-el-28  el_after_av_one_half  el_before_av_hr  \" style='padding:15px; background-color:#ffffff; border-radius:2px; '><div  class='avia-image-container  av-styling-no-styling    avia-builder-el-29  avia-builder-el-no-sibling  avia-align-center '  itemprop=\"image\" itemscope=\"itemscope\" itemtype=\"https:\/\/schema.org\/ImageObject\"  ><div class='avia-image-container-inner'><div class='avia-image-overlay-wrap'><img class='wp-image-67356 avia-img-lazy-loading-not-67356 avia_image' src=\"https:\/\/agencevu.com\/wp-content\/uploads\/2020\/04\/09-Pe\u0301rou.jpg\" alt='' title='Peru : Viaje al sol \/ P\u00e9rou : Voyage au soleil' height=\"812\" width=\"1000\"  itemprop=\"thumbnailUrl\" srcset=\"https:\/\/agencevu.com\/wp-content\/uploads\/2020\/04\/09-Pe\u0301rou.jpg 1000w, https:\/\/agencevu.com\/wp-content\/uploads\/2020\/04\/09-Pe\u0301rou-80x65.jpg 80w, https:\/\/agencevu.com\/wp-content\/uploads\/2020\/04\/09-Pe\u0301rou-300x244.jpg 300w, https:\/\/agencevu.com\/wp-content\/uploads\/2020\/04\/09-Pe\u0301rou-768x624.jpg 768w, https:\/\/agencevu.com\/wp-content\/uploads\/2020\/04\/09-Pe\u0301rou-705x572.jpg 705w, https:\/\/agencevu.com\/wp-content\/uploads\/2020\/04\/09-Pe\u0301rou-450x365.jpg 450w\" sizes=\"(max-width: 1000px) 100vw, 1000px\" \/><\/div><\/div><\/div><\/div><\/div><!--close column table wrapper. Autoclose: 1 --><div  style='height:70px' class='hr hr-invisible   avia-builder-el-30  el_after_av_one_half  el_before_av_one_full '><span class='hr-inner ' ><span class='hr-inner-style'><\/span><\/span><\/div>\n<div class='flex_column_table av-equal-height-column-flextable -flextable' ><div class=\"flex_column av_one_full  flex_column_table_cell av-equal-height-column av-align-top first  avia-builder-el-31  el_after_av_hr  el_before_av_hr  \" style='padding:15px; background-color:#ffffff; border-radius:2px; '><div  class='avia-image-container  av-styling-no-styling    avia-builder-el-32  avia-builder-el-no-sibling  avia-align-center '  itemprop=\"image\" itemscope=\"itemscope\" itemtype=\"https:\/\/schema.org\/ImageObject\"  ><div class='avia-image-container-inner'><div class='avia-image-overlay-wrap'><img class='wp-image-67354 avia-img-lazy-loading-not-67354 avia_image' src=\"https:\/\/agencevu.com\/wp-content\/uploads\/2020\/04\/08-Pe\u0301rou.jpg\" alt='' title='Peru : Viaje al sol \/ P\u00e9rou : Voyage au soleil' height=\"250\" width=\"1000\"  itemprop=\"thumbnailUrl\" srcset=\"https:\/\/agencevu.com\/wp-content\/uploads\/2020\/04\/08-Pe\u0301rou.jpg 1000w, https:\/\/agencevu.com\/wp-content\/uploads\/2020\/04\/08-Pe\u0301rou-80x20.jpg 80w, https:\/\/agencevu.com\/wp-content\/uploads\/2020\/04\/08-Pe\u0301rou-300x75.jpg 300w, https:\/\/agencevu.com\/wp-content\/uploads\/2020\/04\/08-Pe\u0301rou-768x192.jpg 768w, https:\/\/agencevu.com\/wp-content\/uploads\/2020\/04\/08-Pe\u0301rou-705x176.jpg 705w, https:\/\/agencevu.com\/wp-content\/uploads\/2020\/04\/08-Pe\u0301rou-450x113.jpg 450w\" sizes=\"(max-width: 1000px) 100vw, 1000px\" \/><\/div><\/div><\/div><\/div><\/div><!--close column table wrapper. Autoclose: 1 --><div  style='height:70px' class='hr hr-invisible   avia-builder-el-33  el_after_av_one_full  el_before_av_one_fourth '><span class='hr-inner ' ><span class='hr-inner-style'><\/span><\/span><\/div>\n<div class=\"flex_column av_one_fourth  flex_column_div av-zero-column-padding first  avia-builder-el-34  el_after_av_hr  avia-builder-el-last  \" style='border-radius:0px; '><section class=\"av_textblock_section \"  itemscope=\"itemscope\" itemtype=\"https:\/\/schema.org\/CreativeWork\" ><div class='avia_textblock  '  style='font-size:19px; '  itemprop=\"text\" ><p style=\"color: #707070; letter-spacing: 1.5px; text-transform: uppercase; font-size: 20px;\">CONTACT<\/p>\n<hr class=\"hr-titre-page\">\n<\/div><\/section><br \/>\n<div  style='height:10px' class='hr hr-invisible   avia-builder-el-36  el_after_av_textblock  el_before_av_textblock '><span class='hr-inner ' ><span class='hr-inner-style'><\/span><\/span><\/div><br \/>\n<section class=\"av_textblock_section \"  itemscope=\"itemscope\" itemtype=\"https:\/\/schema.org\/CreativeWork\" ><div class='avia_textblock  '   itemprop=\"text\" ><h5 style=\"margin-bottom: 0px; color: #76a38b; padding-bottom: 0px;\">Patricia MORVAN<\/h5>\n<p style=\"margin-top: 1px;\">Responsable de projets culturels<br \/>\net des expositions<\/p>\n<\/div><\/section><br \/>\n<section class=\"av_textblock_section \"  itemscope=\"itemscope\" itemtype=\"https:\/\/schema.org\/CreativeWork\" ><div class='avia_textblock  '   itemprop=\"text\" ><p><a style=\"text-decoration: none; color: black;\" href=\"mailto:morvan@abvent.fr\">morvan@abvent.fr<\/a><br \/>\n+33 1 53 01 85 89<\/p>\n<\/div><\/section><\/p><\/div>\n","protected":false},"excerpt":{"rendered":"<p>Juan Manuel Castro Prieto first visited Peru in 1990. He went to Cuzco to make prints from negatives on glass plates of Martin Chambi (1891-1973) where the archives of the great Peruvian photographer whose work he admired are kept.<\/p>\n","protected":false},"featured_media":155264,"menu_order":0,"template":"","categories":[],"tags":[10030,15874],"photographe":[5578],"section_taxonomy":[5501],"yoast_head":"<!-- This site is optimized with the Yoast SEO plugin v16.3 - https:\/\/yoast.com\/wordpress\/plugins\/seo\/ -->\n<title>P\u00e9rou - Agence VU&#039;<\/title>\n<meta name=\"robots\" content=\"index, follow, max-snippet:-1, max-image-preview:large, max-video-preview:-1\" \/>\n<link rel=\"canonical\" href=\"\/\" \/>\n<meta property=\"og:locale\" content=\"en_US\" \/>\n<meta property=\"og:type\" content=\"article\" \/>\n<meta property=\"og:title\" content=\"P\u00e9rou - Agence VU&#039;\" \/>\n<meta property=\"og:description\" content=\"Juan Manuel Castro Prieto first visited Peru in 1990. He went to Cuzco to make prints from negatives on glass plates of Martin Chambi (1891-1973) where the archives of the great Peruvian photographer whose work he admired are kept.\" \/>\n<meta property=\"og:site_name\" content=\"Agence VU&#039;\" \/>\n<meta property=\"article:publisher\" content=\"https:\/\/www.facebook.com\/VUagence\" \/>\n<meta property=\"article:modified_time\" content=\"2022-03-17T15:31:15+00:00\" \/>\n<meta property=\"og:image\" content=\"https:\/\/agencevu.com\/wp-content\/uploads\/2020\/04\/Castro-2.png\" \/>\n\t<meta property=\"og:image:width\" content=\"275\" \/>\n\t<meta property=\"og:image:height\" content=\"206\" \/>\n<meta name=\"twitter:card\" content=\"summary_large_image\" \/>\n<meta name=\"twitter:site\" content=\"@agence_vu\" \/>\n<script type=\"application\/ld+json\" class=\"yoast-schema-graph\">{\"@context\":\"https:\/\/schema.org\",\"@graph\":[{\"@type\":\"WebSite\",\"@id\":\"https:\/\/agencevu.com\/en\/#website\",\"url\":\"https:\/\/agencevu.com\/en\/\",\"name\":\"Agence VU&#039;\",\"description\":\"Agency of photographers founded in 1986\",\"potentialAction\":[{\"@type\":\"SearchAction\",\"target\":\"https:\/\/agencevu.com\/en\/?s={search_term_string}\",\"query-input\":\"required name=search_term_string\"}],\"inLanguage\":\"en-US\"},{\"@type\":\"ImageObject\",\"@id\":\"#primaryimage\",\"inLanguage\":\"en-US\",\"url\":\"https:\/\/agencevu.com\/wp-content\/uploads\/2020\/04\/Castro-2.png\",\"contentUrl\":\"https:\/\/agencevu.com\/wp-content\/uploads\/2020\/04\/Castro-2.png\",\"width\":275,\"height\":206},{\"@type\":\"WebPage\",\"@id\":\"#webpage\",\"url\":null,\"name\":\"P\\u00e9rou - Agence VU&#039;\",\"isPartOf\":{\"@id\":\"https:\/\/agencevu.com\/en\/#website\"},\"primaryImageOfPage\":{\"@id\":\"#primaryimage\"},\"datePublished\":\"2020-04-06T12:47:54+00:00\",\"dateModified\":\"2022-03-17T15:31:15+00:00\",\"breadcrumb\":{\"@id\":\"#breadcrumb\"},\"inLanguage\":\"en-US\",\"potentialAction\":[{\"@type\":\"ReadAction\",\"target\":[null]}]},{\"@type\":\"BreadcrumbList\",\"@id\":\"#breadcrumb\",\"itemListElement\":[{\"@type\":\"ListItem\",\"position\":1,\"item\":{\"@type\":\"WebPage\",\"@id\":\"https:\/\/agencevu.com\/en\/home\/\",\"url\":\"https:\/\/agencevu.com\/en\/home\/\",\"name\":\"Home\"}},{\"@type\":\"ListItem\",\"position\":2,\"item\":{\"@type\":\"WebPage\",\"@id\":\"https:\/\/agencevu.com\/en\/exhibition-for-rent\/\",\"url\":\"https:\/\/agencevu.com\/en\/exhibition-for-rent\/\",\"name\":\"Expositions \\u00e0 louer\"}},{\"@type\":\"ListItem\",\"position\":3,\"item\":{\"@id\":\"#webpage\"}}]}]}<\/script>\n<!-- \/ Yoast SEO plugin. -->","_links":{"self":[{"href":"https:\/\/agencevu.com\/en\/wp-json\/wp\/v2\/exposition-a-louer\/67360"}],"collection":[{"href":"https:\/\/agencevu.com\/en\/wp-json\/wp\/v2\/exposition-a-louer"}],"about":[{"href":"https:\/\/agencevu.com\/en\/wp-json\/wp\/v2\/types\/exposition-a-louer"}],"version-history":[{"count":3,"href":"https:\/\/agencevu.com\/en\/wp-json\/wp\/v2\/exposition-a-louer\/67360\/revisions"}],"predecessor-version":[{"id":178252,"href":"https:\/\/agencevu.com\/en\/wp-json\/wp\/v2\/exposition-a-louer\/67360\/revisions\/178252"}],"wp:featuredmedia":[{"embeddable":true,"href":"https:\/\/agencevu.com\/en\/wp-json\/wp\/v2\/media\/155264"}],"wp:attachment":[{"href":"https:\/\/agencevu.com\/en\/wp-json\/wp\/v2\/media?parent=67360"}],"wp:term":[{"taxonomy":"category","embeddable":true,"href":"https:\/\/agencevu.com\/en\/wp-json\/wp\/v2\/categories?post=67360"},{"taxonomy":"post_tag","embeddable":true,"href":"https:\/\/agencevu.com\/en\/wp-json\/wp\/v2\/tags?post=67360"},{"taxonomy":"photographe","embeddable":true,"href":"https:\/\/agencevu.com\/en\/wp-json\/wp\/v2\/photographe?post=67360"},{"taxonomy":"section_taxonomy","embeddable":true,"href":"https:\/\/agencevu.com\/en\/wp-json\/wp\/v2\/section_taxonomy?post=67360"}],"curies":[{"name":"wp","href":"https:\/\/api.w.org\/{rel}","templated":true}]}}