{"id":55367,"date":"2020-01-27T16:43:44","date_gmt":"2020-01-27T15:43:44","guid":{"rendered":"https:\/\/lesaint.abvent.com\/?post_type=exposition-a-louer&#038;p=55367"},"modified":"2022-03-17T15:50:04","modified_gmt":"2022-03-17T14:50:04","slug":"artek-un-ete-en-crimee","status":"publish","type":"exposition-a-louer","link":"https:\/\/agencevu.com\/en\/exhibition-for-rent\/artek-un-ete-en-crimee\/","title":{"rendered":"Artek, un \u00e9t\u00e9 en Crim\u00e9e"},"content":{"rendered":"<div id='av_section_1'  class='avia-section main_color avia-section-small avia-no-border-styling  avia-bg-style-scroll  avia-builder-el-0  el_before_av_section  avia-builder-el-first   container_wrap fullsize' style='background-color: #f1f1f1;  '  ><div class='container' ><main  role=\"main\" itemprop=\"mainContentOfPage\"  class='template-page content  av-content-full alpha units'><div class='post-entry post-entry-type-page post-entry-55367'><div class='entry-content-wrapper clearfix'>\n<section class=\"av_textblock_section \"  itemscope=\"itemscope\" itemtype=\"https:\/\/schema.org\/CreativeWork\" ><div class='avia_textblock  av_inherit_color '  style='color:#707070; '  itemprop=\"text\" ><p class=\"titre-page\"><a style=\"text-decoration: none;\" href=\"\/en\/exhibitions-for-rent\/\">Exhibitions for rent<\/a><\/p>\n<hr class=\"hr-titre-page\">\n<\/div><\/section>\n\n<\/div><\/div><\/main><!-- close content main element --><\/div><\/div><div id='intro'  class='avia-section main_color avia-section-large avia-no-border-styling  avia-bg-style-scroll  avia-builder-el-2  el_after_av_section  avia-builder-el-last   container_wrap fullsize' style='background-color: #ffffff;  '  ><div class='container' ><div class='template-page content  av-content-full alpha units'><div class='post-entry post-entry-type-page post-entry-55367'><div class='entry-content-wrapper clearfix'>\n<div class='flex_column_table av-equal-height-column-flextable -flextable' ><div class=\"flex_column av_one_half  flex_column_table_cell av-equal-height-column av-align-top av-zero-column-padding first  avia-builder-el-3  el_before_av_one_half  avia-builder-el-first  \" style='background-color:#ffffff; border-radius:2px; '><p><section class=\"av_textblock_section \"  itemscope=\"itemscope\" itemtype=\"https:\/\/schema.org\/CreativeWork\" ><div class='avia_textblock  av_inherit_color '  style='font-size:20px; color:#76a38b; '  itemprop=\"text\" ><p><strong>Artek, un \u00e9t\u00e9 en Crim\u00e9e<\/strong><\/p>\n<\/div><\/section><br \/>\n<section class=\"av_textblock_section \"  itemscope=\"itemscope\" itemtype=\"https:\/\/schema.org\/CreativeWork\" ><div class='avia_textblock  '   itemprop=\"text\" ><h5><a href=\"\/en\/photographer\/Claudine-Doury\/\">Claudine Doury<\/a><\/h5>\n<\/div><\/section><br \/>\n<div  style='height:20px' class='hr hr-invisible   avia-builder-el-6  el_after_av_textblock  el_before_av_textblock '><span class='hr-inner ' ><span class='hr-inner-style'><\/span><\/span><\/div><br \/>\n<section class=\"av_textblock_section \"  itemscope=\"itemscope\" itemtype=\"https:\/\/schema.org\/CreativeWork\" ><div class='avia_textblock textJustify '   itemprop=\"text\" ><p class=\"p1\"><span class=\"s1\">&#8220;Artek is an island out of time where a singular form of \u201cliberal communism\u201d has been introduced, where you pay a high price for artificial happiness for children who get to spend a summer both living outside of real time and immersing themselves in a past they never knew and which was planning a perfect world for them.<\/span><\/p>\n<p class=\"p1\"><span class=\"s1\">Artek settles the teenagers into a space, into a time and into operations which separate them from the real world; here they can escape from contingency and are allowed to express their doubts, identities, contradictions and desires.<\/span><\/p>\n<p class=\"p1\"><span class=\"s1\">This camp is a special place because of the approach of a time of life which fascinates Claudine Doury and she attempts to capture it in her images. In this dream setting, living out a story which frees them from their everyday lives, boys and girls allow themselves to indulge in the vital demands of their age: they play and do not play, they take on roles which help them to find out what they are \u2013 chaotic in their desires and impulses \u2013 rather than giving themselves an image. It is this fragility, these apparent contradictions and these obvious surrenders which are checked off, recorded and catalogued here. The light is natural, the colours are delicate and free of artifice, the situations are immediately comprehensible, and the overall effect is both seductive and mysterious.\u201d<\/span><\/p>\n<p class=\"p1\"><span class=\"s1\">Christian Caujolle<\/span><\/p>\n<\/div><\/section><\/p><\/div><div class='av-flex-placeholder'><\/div><div class=\"flex_column av_one_half  flex_column_table_cell av-equal-height-column av-align-top   avia-builder-el-8  el_after_av_one_half  el_before_av_hr  \" style='padding:15px; background-color:#ffffff; border-radius:2px; '><section class=\"av_textblock_section \"  itemscope=\"itemscope\" itemtype=\"https:\/\/schema.org\/CreativeWork\" ><div class='avia_textblock textJustify '  style='font-size:20px; '  itemprop=\"text\" ><p id=\"contact\">DETAILS<\/p>\n<hr class=\"hr-titre-page\">\n<\/div><\/section><br \/>\n<div  style='height:20px' class='hr hr-invisible   avia-builder-el-10  el_after_av_textblock  el_before_av_image '><span class='hr-inner ' ><span class='hr-inner-style'><\/span><\/span><\/div><br \/>\n<div  class='avia-image-container  av-styling-no-styling    avia-builder-el-11  el_after_av_hr  el_before_av_hr  avia-align-center '  itemprop=\"image\" itemscope=\"itemscope\" itemtype=\"https:\/\/schema.org\/ImageObject\"  ><div class='avia-image-container-inner'><div class='avia-image-overlay-wrap'><a href=\"\/wp-content\/uploads\/2020\/01\/DOURY_Artek.pdf\" class='avia_image' target=\"_blank\" rel=\"noopener noreferrer\"><img width=\"1000\" height=\"707\" class='wp-image-72915 avia-img-lazy-loading-not-72915 avia_image' src=\"https:\/\/agencevu.com\/wp-content\/uploads\/2020\/01\/doury-artek.jpg\" alt='' title='doury-artek'  itemprop=\"thumbnailUrl\" srcset=\"https:\/\/agencevu.com\/wp-content\/uploads\/2020\/01\/doury-artek.jpg 1000w, https:\/\/agencevu.com\/wp-content\/uploads\/2020\/01\/doury-artek-80x57.jpg 80w, https:\/\/agencevu.com\/wp-content\/uploads\/2020\/01\/doury-artek-300x212.jpg 300w, https:\/\/agencevu.com\/wp-content\/uploads\/2020\/01\/doury-artek-768x543.jpg 768w, https:\/\/agencevu.com\/wp-content\/uploads\/2020\/01\/doury-artek-260x185.jpg 260w, https:\/\/agencevu.com\/wp-content\/uploads\/2020\/01\/doury-artek-705x498.jpg 705w, https:\/\/agencevu.com\/wp-content\/uploads\/2020\/01\/doury-artek-450x318.jpg 450w\" sizes=\"(max-width: 1000px) 100vw, 1000px\" \/><\/a><\/div><\/div><\/div><br \/>\n<div  style='height:20px' class='hr hr-invisible   avia-builder-el-12  el_after_av_image  el_before_av_textblock '><span class='hr-inner ' ><span class='hr-inner-style'><\/span><\/span><\/div><br \/>\n<section class=\"av_textblock_section \"  itemscope=\"itemscope\" itemtype=\"https:\/\/schema.org\/CreativeWork\" ><div class='avia_textblock textJustify '   itemprop=\"text\" ><p class=\"p1\"><span class=\"s1\">20 colour prints, framed<\/span><\/p>\n<p class=\"p1\"><span class=\"s1\">Format&nbsp;: 40&#215;50 cm<\/span><\/p>\n<\/div><\/section><\/p><\/div><\/div><!--close column table wrapper. Autoclose: 1 --><div  style=' margin-top:45px; margin-bottom:45px;'  class='hr hr-custom hr-center hr-icon-no   avia-builder-el-14  el_after_av_one_half  el_before_av_one_half '><span class='hr-inner  inner-border-av-border-thin' style=' width:60%; border-color:#efefef;' ><span class='hr-inner-style'><\/span><\/span><\/div>\n<div class=\"flex_column av_one_half  flex_column_div av-zero-column-padding first  avia-builder-el-15  el_after_av_hr  el_before_av_one_half  \" style='border-radius:0px; '><div  class='avia-image-container  av-styling-no-styling    avia-builder-el-16  avia-builder-el-no-sibling  avia-align-center '  itemprop=\"image\" itemscope=\"itemscope\" itemtype=\"https:\/\/schema.org\/ImageObject\"  ><div class='avia-image-container-inner'><div class='avia-image-overlay-wrap'><img class='wp-image-55361 avia-img-lazy-loading-not-55361 avia_image' src=\"https:\/\/agencevu.com\/wp-content\/uploads\/2020\/01\/01_2011-Artek-Insitu.jpg\" alt='' title='01_2011-Artek-Insitu' height=\"683\" width=\"1029\"  itemprop=\"thumbnailUrl\" srcset=\"https:\/\/agencevu.com\/wp-content\/uploads\/2020\/01\/01_2011-Artek-Insitu.jpg 1029w, https:\/\/agencevu.com\/wp-content\/uploads\/2020\/01\/01_2011-Artek-Insitu-80x53.jpg 80w, https:\/\/agencevu.com\/wp-content\/uploads\/2020\/01\/01_2011-Artek-Insitu-300x199.jpg 300w, https:\/\/agencevu.com\/wp-content\/uploads\/2020\/01\/01_2011-Artek-Insitu-768x510.jpg 768w, https:\/\/agencevu.com\/wp-content\/uploads\/2020\/01\/01_2011-Artek-Insitu-705x468.jpg 705w, https:\/\/agencevu.com\/wp-content\/uploads\/2020\/01\/01_2011-Artek-Insitu-450x299.jpg 450w\" sizes=\"(max-width: 1029px) 100vw, 1029px\" \/><\/div><\/div><\/div><\/div><div class=\"flex_column av_one_half  flex_column_div av-zero-column-padding   avia-builder-el-17  el_after_av_one_half  el_before_av_one_full  \" style='border-radius:0px; '><div  class='avia-image-container  av-styling-no-styling    avia-builder-el-18  avia-builder-el-no-sibling  avia-align-center '  itemprop=\"image\" itemscope=\"itemscope\" itemtype=\"https:\/\/schema.org\/ImageObject\"  ><div class='avia-image-container-inner'><div class='avia-image-overlay-wrap'><img class='wp-image-55363 avia-img-lazy-loading-not-55363 avia_image' src=\"https:\/\/agencevu.com\/wp-content\/uploads\/2020\/01\/02_2011-Artek-Insitu.jpg\" alt='' title='02_2011-Artek-Insitu' height=\"683\" width=\"1029\"  itemprop=\"thumbnailUrl\" srcset=\"https:\/\/agencevu.com\/wp-content\/uploads\/2020\/01\/02_2011-Artek-Insitu.jpg 1029w, https:\/\/agencevu.com\/wp-content\/uploads\/2020\/01\/02_2011-Artek-Insitu-80x53.jpg 80w, https:\/\/agencevu.com\/wp-content\/uploads\/2020\/01\/02_2011-Artek-Insitu-300x199.jpg 300w, https:\/\/agencevu.com\/wp-content\/uploads\/2020\/01\/02_2011-Artek-Insitu-768x510.jpg 768w, https:\/\/agencevu.com\/wp-content\/uploads\/2020\/01\/02_2011-Artek-Insitu-705x468.jpg 705w, https:\/\/agencevu.com\/wp-content\/uploads\/2020\/01\/02_2011-Artek-Insitu-450x299.jpg 450w\" sizes=\"(max-width: 1029px) 100vw, 1029px\" \/><\/div><\/div><\/div><\/div><div class=\"flex_column av_one_full  flex_column_div av-zero-column-padding first  avia-builder-el-19  el_after_av_one_half  el_before_av_one_fourth  column-top-margin\" style='border-radius:0px; '><div  class='avia-image-container  av-styling-no-styling    avia-builder-el-20  avia-builder-el-no-sibling  avia-align-center '  itemprop=\"image\" itemscope=\"itemscope\" itemtype=\"https:\/\/schema.org\/ImageObject\"  ><div class='avia-image-container-inner'><div class='avia-image-overlay-wrap'><img class='wp-image-55365 avia-img-lazy-loading-not-55365 avia_image' src=\"https:\/\/agencevu.com\/wp-content\/uploads\/2020\/01\/03_2011-Artek-Insitu.jpg\" alt='' title='03_2011-Artek-Insitu' height=\"683\" width=\"1029\"  itemprop=\"thumbnailUrl\" srcset=\"https:\/\/agencevu.com\/wp-content\/uploads\/2020\/01\/03_2011-Artek-Insitu.jpg 1029w, https:\/\/agencevu.com\/wp-content\/uploads\/2020\/01\/03_2011-Artek-Insitu-80x53.jpg 80w, https:\/\/agencevu.com\/wp-content\/uploads\/2020\/01\/03_2011-Artek-Insitu-300x199.jpg 300w, https:\/\/agencevu.com\/wp-content\/uploads\/2020\/01\/03_2011-Artek-Insitu-768x510.jpg 768w, https:\/\/agencevu.com\/wp-content\/uploads\/2020\/01\/03_2011-Artek-Insitu-705x468.jpg 705w, https:\/\/agencevu.com\/wp-content\/uploads\/2020\/01\/03_2011-Artek-Insitu-450x299.jpg 450w\" sizes=\"(max-width: 1029px) 100vw, 1029px\" \/><\/div><\/div><\/div><\/div><div class=\"flex_column av_one_fourth  flex_column_div av-zero-column-padding first  avia-builder-el-21  el_after_av_one_full  el_before_av_hr  column-top-margin\" style='border-radius:0px; '><section class=\"av_textblock_section \"  itemscope=\"itemscope\" itemtype=\"https:\/\/schema.org\/CreativeWork\" ><div class='avia_textblock  '  style='font-size:20px; '  itemprop=\"text\" ><p id=\"bio\" style=\"color: #707070; letter-spacing: 1.5px; text-transform: uppercase;\">Contact<\/p>\n<hr class=\"hr-titre-page\">\n<\/div><\/section><br \/>\n<div  style='height:10px' class='hr hr-invisible   avia-builder-el-23  el_after_av_textblock  el_before_av_textblock '><span class='hr-inner ' ><span class='hr-inner-style'><\/span><\/span><\/div><br \/>\n<section class=\"av_textblock_section \"  itemscope=\"itemscope\" itemtype=\"https:\/\/schema.org\/CreativeWork\" ><div class='avia_textblock  '   itemprop=\"text\" ><h5 style=\"margin-bottom: 0px; color: #76a38b; padding-bottom: 0px;\">Patricia MORVAN<\/h5>\n<p style=\"margin-top: 1px;\">Cultural projects and exhibitions<\/p>\n<\/div><\/section><br \/>\n<section class=\"av_textblock_section \"  itemscope=\"itemscope\" itemtype=\"https:\/\/schema.org\/CreativeWork\" ><div class='avia_textblock  '   itemprop=\"text\" ><p><a style=\"text-decoration: none; color: black;\" href=\"mailto:morvan@abvent.fr\">morvan@abvent.fr<\/a><br \/>\n+33 1 53 01 85 89<\/p>\n<\/div><\/section><\/p><\/div><div  style='height:30px' class='hr hr-invisible   avia-builder-el-26  el_after_av_one_fourth  avia-builder-el-last '><span class='hr-inner ' ><span class='hr-inner-style'><\/span><\/span><\/div>\n\n","protected":false},"excerpt":{"rendered":"<p><span class=\"tag-extrait\">Exhibitions for rent | <\/span> &#8220;Artek is an island out of time where a singular form of \u201cliberal communism\u201d has been introduced, where you pay a high price for artificial happiness for children who get to spend a summer both living outside of real time and immersing themselves in a past they never knew and which was planning a perfect world for them.<\/p>\n","protected":false},"featured_media":55355,"menu_order":0,"template":"","categories":[],"tags":[10030,15839],"photographe":[5579],"section_taxonomy":[5501],"yoast_head":"<!-- This site is optimized with the Yoast SEO plugin v16.3 - https:\/\/yoast.com\/wordpress\/plugins\/seo\/ -->\n<title>Artek, un \u00e9t\u00e9 en Crim\u00e9e - Agence VU&#039;<\/title>\n<meta name=\"robots\" content=\"index, follow, max-snippet:-1, max-image-preview:large, max-video-preview:-1\" \/>\n<link rel=\"canonical\" href=\"\/\" \/>\n<meta property=\"og:locale\" content=\"en_US\" \/>\n<meta property=\"og:type\" content=\"article\" \/>\n<meta property=\"og:title\" content=\"Artek, un \u00e9t\u00e9 en Crim\u00e9e - Agence VU&#039;\" \/>\n<meta property=\"og:description\" content=\"Exhibitions for rent | &quot;Artek is an island out of time where a singular form of \u201cliberal communism\u201d has been introduced, where you pay a high price for artificial happiness for children who get to spend a summer both living outside of real time and immersing themselves in a past they never knew and which was planning a perfect world for them.\" \/>\n<meta property=\"og:site_name\" content=\"Agence VU&#039;\" \/>\n<meta property=\"article:publisher\" content=\"https:\/\/www.facebook.com\/VUagence\" \/>\n<meta property=\"article:modified_time\" content=\"2022-03-17T14:50:04+00:00\" \/>\n<meta property=\"og:image\" content=\"https:\/\/agencevu.com\/wp-content\/uploads\/2020\/01\/00_2002-Artek.jpg\" \/>\n\t<meta property=\"og:image:width\" content=\"441\" \/>\n\t<meta property=\"og:image:height\" content=\"290\" \/>\n<meta name=\"twitter:card\" content=\"summary_large_image\" \/>\n<meta name=\"twitter:site\" content=\"@agence_vu\" \/>\n<script type=\"application\/ld+json\" class=\"yoast-schema-graph\">{\"@context\":\"https:\/\/schema.org\",\"@graph\":[{\"@type\":\"WebSite\",\"@id\":\"https:\/\/agencevu.com\/en\/#website\",\"url\":\"https:\/\/agencevu.com\/en\/\",\"name\":\"Agence VU&#039;\",\"description\":\"Agency of photographers founded in 1986\",\"potentialAction\":[{\"@type\":\"SearchAction\",\"target\":\"https:\/\/agencevu.com\/en\/?s={search_term_string}\",\"query-input\":\"required name=search_term_string\"}],\"inLanguage\":\"en-US\"},{\"@type\":\"ImageObject\",\"@id\":\"#primaryimage\",\"inLanguage\":\"en-US\",\"url\":\"https:\/\/agencevu.com\/wp-content\/uploads\/2020\/01\/00_2002-Artek.jpg\",\"contentUrl\":\"https:\/\/agencevu.com\/wp-content\/uploads\/2020\/01\/00_2002-Artek.jpg\",\"width\":441,\"height\":290,\"caption\":\"Ukraine, July 2003 Artek, a summer in Crimea, Last communist youths camp Kiparisni camp. Ukraine, juillet 2003 Artek, un e\\u0301te\\u0301 en Crime\\u0301e, Dernier camp des jeunesses communistes Le camp Kiparisni. Claudine Doury \/ Agence VU Please contact us before any use \/ Contactez nous avant toute utilisation\"},{\"@type\":\"WebPage\",\"@id\":\"#webpage\",\"url\":null,\"name\":\"Artek, un \\u00e9t\\u00e9 en Crim\\u00e9e - Agence VU&#039;\",\"isPartOf\":{\"@id\":\"https:\/\/agencevu.com\/en\/#website\"},\"primaryImageOfPage\":{\"@id\":\"#primaryimage\"},\"datePublished\":\"2020-01-27T15:43:44+00:00\",\"dateModified\":\"2022-03-17T14:50:04+00:00\",\"breadcrumb\":{\"@id\":\"#breadcrumb\"},\"inLanguage\":\"en-US\",\"potentialAction\":[{\"@type\":\"ReadAction\",\"target\":[null]}]},{\"@type\":\"BreadcrumbList\",\"@id\":\"#breadcrumb\",\"itemListElement\":[{\"@type\":\"ListItem\",\"position\":1,\"item\":{\"@type\":\"WebPage\",\"@id\":\"https:\/\/agencevu.com\/en\/home\/\",\"url\":\"https:\/\/agencevu.com\/en\/home\/\",\"name\":\"Home\"}},{\"@type\":\"ListItem\",\"position\":2,\"item\":{\"@type\":\"WebPage\",\"@id\":\"https:\/\/agencevu.com\/en\/exhibition-for-rent\/\",\"url\":\"https:\/\/agencevu.com\/en\/exhibition-for-rent\/\",\"name\":\"Expositions \\u00e0 louer\"}},{\"@type\":\"ListItem\",\"position\":3,\"item\":{\"@id\":\"#webpage\"}}]}]}<\/script>\n<!-- \/ Yoast SEO plugin. -->","_links":{"self":[{"href":"https:\/\/agencevu.com\/en\/wp-json\/wp\/v2\/exposition-a-louer\/55367"}],"collection":[{"href":"https:\/\/agencevu.com\/en\/wp-json\/wp\/v2\/exposition-a-louer"}],"about":[{"href":"https:\/\/agencevu.com\/en\/wp-json\/wp\/v2\/types\/exposition-a-louer"}],"version-history":[{"count":3,"href":"https:\/\/agencevu.com\/en\/wp-json\/wp\/v2\/exposition-a-louer\/55367\/revisions"}],"predecessor-version":[{"id":178163,"href":"https:\/\/agencevu.com\/en\/wp-json\/wp\/v2\/exposition-a-louer\/55367\/revisions\/178163"}],"wp:featuredmedia":[{"embeddable":true,"href":"https:\/\/agencevu.com\/en\/wp-json\/wp\/v2\/media\/55355"}],"wp:attachment":[{"href":"https:\/\/agencevu.com\/en\/wp-json\/wp\/v2\/media?parent=55367"}],"wp:term":[{"taxonomy":"category","embeddable":true,"href":"https:\/\/agencevu.com\/en\/wp-json\/wp\/v2\/categories?post=55367"},{"taxonomy":"post_tag","embeddable":true,"href":"https:\/\/agencevu.com\/en\/wp-json\/wp\/v2\/tags?post=55367"},{"taxonomy":"photographe","embeddable":true,"href":"https:\/\/agencevu.com\/en\/wp-json\/wp\/v2\/photographe?post=55367"},{"taxonomy":"section_taxonomy","embeddable":true,"href":"https:\/\/agencevu.com\/en\/wp-json\/wp\/v2\/section_taxonomy?post=55367"}],"curies":[{"name":"wp","href":"https:\/\/api.w.org\/{rel}","templated":true}]}}