{"id":174860,"date":"2022-01-13T16:11:22","date_gmt":"2022-01-13T15:11:22","guid":{"rendered":"https:\/\/agencevu.com\/exposition-a-louer\/la-ve\/"},"modified":"2022-02-22T17:06:48","modified_gmt":"2022-02-22T16:06:48","slug":"la-ve","status":"publish","type":"exposition-a-louer","link":"https:\/\/agencevu.com\/en\/exhibition-for-rent\/la-ve\/","title":{"rendered":"La Ve"},"content":{"rendered":"<div id='av_section_1'  class='avia-section main_color avia-section-small avia-no-border-styling  avia-bg-style-scroll  avia-builder-el-0  el_before_av_section  avia-builder-el-first   container_wrap fullsize' style='background-color: #f1f1f1;  '  ><div class='container' ><main  role=\"main\" itemprop=\"mainContentOfPage\"  class='template-page content  av-content-full alpha units'><div class='post-entry post-entry-type-page post-entry-174860'><div class='entry-content-wrapper clearfix'>\n<div class=\"flex_column av_one_full  flex_column_div av-zero-column-padding first  avia-builder-el-1  avia-builder-el-no-sibling  \" style='border-radius:0px; '><section class=\"av_textblock_section \"  itemscope=\"itemscope\" itemtype=\"https:\/\/schema.org\/CreativeWork\" ><div class='avia_textblock  av_inherit_color '  style='color:#707070; '  itemprop=\"text\" ><p class=\"titre-page\"><a style=\"text-decoration: none;\" href=\"\/en\/exhibition-for-rent\/\">Exhibition for rent<\/a><\/p>\n<hr class=\"hr-titre-page\" \/>\n<\/div><\/section><\/div><\/div><\/div><\/main><!-- close content main element --><\/div><\/div><div id='intro'  class='avia-section main_color avia-section-large avia-no-border-styling  avia-bg-style-scroll  avia-builder-el-3  el_after_av_section  avia-builder-el-last   container_wrap fullsize' style='background-color: #ffffff;  '  ><div class='container' ><div class='template-page content  av-content-full alpha units'><div class='post-entry post-entry-type-page post-entry-174860'><div class='entry-content-wrapper clearfix'>\n<div class='flex_column_table av-equal-height-column-flextable -flextable' ><div class=\"flex_column av_one_half  flex_column_table_cell av-equal-height-column av-align-top av-zero-column-padding first  avia-builder-el-4  el_before_av_one_half  avia-builder-el-first  \" style='background-color:#ffffff; border-radius:2px; '><section class=\"av_textblock_section \"  itemscope=\"itemscope\" itemtype=\"https:\/\/schema.org\/CreativeWork\" ><div class='avia_textblock  av_inherit_color '  style='font-size:20px; color:#76a38b; '  itemprop=\"text\" ><p class=\"p1\"><strong><span class=\"s1\">La Ve<\/span><\/strong><\/p>\n<\/div><\/section><br \/>\n<section class=\"av_textblock_section \"  itemscope=\"itemscope\" itemtype=\"https:\/\/schema.org\/CreativeWork\" ><div class='avia_textblock  '   itemprop=\"text\" ><h5><a href=\"\/en\/photographer\/guillaume-herbaut\/\">Guillaume Herbaut<\/a><\/h5>\n<\/div><\/section><br \/>\n<div  style='height:20px' class='hr hr-invisible   avia-builder-el-7  el_after_av_textblock  el_before_av_textblock '><span class='hr-inner ' ><span class='hr-inner-style'><\/span><\/span><\/div><br \/>\n<section class=\"av_textblock_section \"  itemscope=\"itemscope\" itemtype=\"https:\/\/schema.org\/CreativeWork\" ><div class='avia_textblock textJustify '   itemprop=\"text\" ><p>In place for 62 years, after its adoption by referendum in 1958, the constitution of the French Fifth Republic and the institutions that guarantee it have long been associated with an image of an era of progress, of a strong and dynamic France.<\/p>\n<p>&#8220;One of the essential characteristics of the Constitution of the Fifth Republic is that it gives a head to the State,&#8221; said Charles de Gaulle of the text he had commissioned from his future Prime Minister Michel Debr\u00e9.<\/p>\n<p>However, in France, a country where history is important, we know what was done in the past to the heads of the State&#8230;<\/p>\n<p>Today, the Fifth Republic seems to be on the verge of asphyxiation. The persistent economic crisis, the feeling of a two-speed society (or even a multi-fractured one since the 90&#8217;s and the appearance of the expression &#8220;social fracture&#8221; in the political discourse), the concentration of power, the terrorist attacks, the rise of populism, the crisis of the yellow vests, all of these factors are putting its foundations to the test. The Covid-19 pandemic has only accelerated the ills of the Fifth Republic. This work questions, through the jolts of the political and social life of the nation, the representation of the French republic today.<\/p>\n<p>The five-year term of Emmanuel Macron, often marked by the centralism and the &#8220;Jupiterian&#8221; character of the head of state, is coming to an end. The question of the mode of governance, for a time silenced by the health crisis, is likely to be raised again in 2022, with all the more force since the institutions no longer seem able to provide solutions to the crises we are going through.<\/p>\n<\/div><\/section><\/p><\/div><div class='av-flex-placeholder'><\/div><div class=\"flex_column av_one_half  flex_column_table_cell av-equal-height-column av-align-top   avia-builder-el-9  el_after_av_one_half  el_before_av_hr  \" style='padding:15px; background-color:#ffffff; border-radius:2px; '><section class=\"av_textblock_section \"  itemscope=\"itemscope\" itemtype=\"https:\/\/schema.org\/CreativeWork\" ><div class='avia_textblock textJustify '  style='font-size:20px; '  itemprop=\"text\" ><p id=\"contact\">DETAILS<\/p>\n<hr class=\"hr-titre-page\" \/>\n<\/div><\/section><br \/>\n<div  style='height:20px' class='hr hr-invisible   avia-builder-el-11  el_after_av_textblock  el_before_av_image '><span class='hr-inner ' ><span class='hr-inner-style'><\/span><\/span><\/div><br \/>\n<div  class='avia-image-container  av-styling-    avia-builder-el-12  el_after_av_hr  el_before_av_hr  avia-align-center '  itemprop=\"image\" itemscope=\"itemscope\" itemtype=\"https:\/\/schema.org\/ImageObject\"  ><div class='avia-image-container-inner'><div class='avia-image-overlay-wrap'><a href=\"\/wp-content\/uploads\/2022\/01\/202201HERBAUT_La-Ve.pdf\" class='avia_image' ><img width=\"1200\" height=\"848\" class='wp-image-173805 avia-img-lazy-loading-not-173805 avia_image' src=\"https:\/\/agencevu.com\/wp-content\/uploads\/2022\/01\/La-Ve\u0300_preview-pdf-OK.jpg\" alt='' title='La Ve\u0300_preview - pdf - OK'  itemprop=\"thumbnailUrl\" srcset=\"https:\/\/agencevu.com\/wp-content\/uploads\/2022\/01\/La-Ve\u0300_preview-pdf-OK.jpg 1200w, https:\/\/agencevu.com\/wp-content\/uploads\/2022\/01\/La-Ve\u0300_preview-pdf-OK-300x212.jpg 300w, https:\/\/agencevu.com\/wp-content\/uploads\/2022\/01\/La-Ve\u0300_preview-pdf-OK-1030x728.jpg 1030w, https:\/\/agencevu.com\/wp-content\/uploads\/2022\/01\/La-Ve\u0300_preview-pdf-OK-80x57.jpg 80w, https:\/\/agencevu.com\/wp-content\/uploads\/2022\/01\/La-Ve\u0300_preview-pdf-OK-768x543.jpg 768w, https:\/\/agencevu.com\/wp-content\/uploads\/2022\/01\/La-Ve\u0300_preview-pdf-OK-260x185.jpg 260w, https:\/\/agencevu.com\/wp-content\/uploads\/2022\/01\/La-Ve\u0300_preview-pdf-OK-705x498.jpg 705w\" sizes=\"(max-width: 1200px) 100vw, 1200px\" \/><\/a><\/div><\/div><\/div><br \/>\n<div  style='height:20px' class='hr hr-invisible   avia-builder-el-13  el_after_av_image  el_before_av_textblock '><span class='hr-inner ' ><span class='hr-inner-style'><\/span><\/span><\/div><br \/>\n<section class=\"av_textblock_section \"  itemscope=\"itemscope\" itemtype=\"https:\/\/schema.org\/CreativeWork\" ><div class='avia_textblock textJustify '   itemprop=\"text\" ><p class=\"p1\">The exhibition consists in 22 framed prints<\/p>\n<p class=\"p1\"><span class=\"s1\"><strong>Format\u00a0:<\/strong><br \/>\n<\/span><\/p>\n<p class=\"p1\">14 prints format 60 x 47 cm<\/p>\n<p class=\"p1\">3 prints format 100 x 80 cm<\/p>\n<p class=\"p1\">4 prints format 80 x 64 cm<\/p>\n<p class=\"p1\">1 print format 120 x 95 cm<\/p>\n<\/div><\/section><\/p><\/div><\/div><!--close column table wrapper. Autoclose: 1 --><div  style='height:50px' class='hr hr-invisible   avia-builder-el-15  el_after_av_one_half  el_before_av_one_half '><span class='hr-inner ' ><span class='hr-inner-style'><\/span><\/span><\/div>\n<div class='flex_column_table av-equal-height-column-flextable -flextable' ><div class=\"flex_column av_one_half  flex_column_table_cell av-equal-height-column av-align-top first  avia-builder-el-16  el_after_av_hr  el_before_av_one_half  \" style='padding:15px; background-color:#ffffff; border-radius:2px; '><div  class='avia-image-container  av-styling-no-styling    avia-builder-el-17  avia-builder-el-no-sibling  avia-align-center '  itemprop=\"image\" itemscope=\"itemscope\" itemtype=\"https:\/\/schema.org\/ImageObject\"  ><div class='avia-image-container-inner'><div class='avia-image-overlay-wrap'><img class='wp-image-173787 avia-img-lazy-loading-not-173787 avia_image' src=\"https:\/\/agencevu.com\/wp-content\/uploads\/2022\/01\/HERB24585-2021CL01.jpg\" alt='' title='HERB24585-2021CL01' height=\"1080\" width=\"1350\"  itemprop=\"thumbnailUrl\" srcset=\"https:\/\/agencevu.com\/wp-content\/uploads\/2022\/01\/HERB24585-2021CL01.jpg 1350w, https:\/\/agencevu.com\/wp-content\/uploads\/2022\/01\/HERB24585-2021CL01-300x240.jpg 300w, https:\/\/agencevu.com\/wp-content\/uploads\/2022\/01\/HERB24585-2021CL01-1030x824.jpg 1030w, https:\/\/agencevu.com\/wp-content\/uploads\/2022\/01\/HERB24585-2021CL01-80x64.jpg 80w, https:\/\/agencevu.com\/wp-content\/uploads\/2022\/01\/HERB24585-2021CL01-768x614.jpg 768w, https:\/\/agencevu.com\/wp-content\/uploads\/2022\/01\/HERB24585-2021CL01-705x564.jpg 705w\" sizes=\"(max-width: 1350px) 100vw, 1350px\" \/><\/div><\/div><\/div><\/div><div class='av-flex-placeholder'><\/div><div class=\"flex_column av_one_half  flex_column_table_cell av-equal-height-column av-align-top   avia-builder-el-18  el_after_av_one_half  el_before_av_one_third  \" style='padding:15px; background-color:#ffffff; border-radius:2px; '><div  class='avia-image-container  av-styling-no-styling    avia-builder-el-19  avia-builder-el-no-sibling  avia-align-center '  itemprop=\"image\" itemscope=\"itemscope\" itemtype=\"https:\/\/schema.org\/ImageObject\"  ><div class='avia-image-container-inner'><div class='avia-image-overlay-wrap'><img class='wp-image-173799 avia-img-lazy-loading-not-173799 avia_image' src=\"https:\/\/agencevu.com\/wp-content\/uploads\/2022\/01\/HERB24585-2021CL27.jpg\" alt='' title='HERB24585-2021CL27' height=\"1080\" width=\"1350\"  itemprop=\"thumbnailUrl\" srcset=\"https:\/\/agencevu.com\/wp-content\/uploads\/2022\/01\/HERB24585-2021CL27.jpg 1350w, https:\/\/agencevu.com\/wp-content\/uploads\/2022\/01\/HERB24585-2021CL27-300x240.jpg 300w, https:\/\/agencevu.com\/wp-content\/uploads\/2022\/01\/HERB24585-2021CL27-1030x824.jpg 1030w, https:\/\/agencevu.com\/wp-content\/uploads\/2022\/01\/HERB24585-2021CL27-80x64.jpg 80w, https:\/\/agencevu.com\/wp-content\/uploads\/2022\/01\/HERB24585-2021CL27-768x614.jpg 768w, https:\/\/agencevu.com\/wp-content\/uploads\/2022\/01\/HERB24585-2021CL27-705x564.jpg 705w\" sizes=\"(max-width: 1350px) 100vw, 1350px\" \/><\/div><\/div><\/div><\/div><\/div><!--close column table wrapper. Autoclose: 1 --><div class='flex_column_table av-equal-height-column-flextable -flextable' ><div class=\"flex_column av_one_third  flex_column_table_cell av-equal-height-column av-align-top first  avia-builder-el-20  el_after_av_one_half  el_before_av_one_third  column-top-margin\" style='padding:15px; background-color:#ffffff; border-radius:2px; '><div  class='avia-image-container  av-styling-no-styling    avia-builder-el-21  avia-builder-el-no-sibling  avia-align-center '  itemprop=\"image\" itemscope=\"itemscope\" itemtype=\"https:\/\/schema.org\/ImageObject\"  ><div class='avia-image-container-inner'><div class='avia-image-overlay-wrap'><img class='wp-image-173791 avia-img-lazy-loading-not-173791 avia_image' src=\"https:\/\/agencevu.com\/wp-content\/uploads\/2022\/01\/HERB24585-2021CL03.jpg\" alt='' title='HERB24585-2021CL03' height=\"1080\" width=\"1350\"  itemprop=\"thumbnailUrl\" srcset=\"https:\/\/agencevu.com\/wp-content\/uploads\/2022\/01\/HERB24585-2021CL03.jpg 1350w, https:\/\/agencevu.com\/wp-content\/uploads\/2022\/01\/HERB24585-2021CL03-300x240.jpg 300w, https:\/\/agencevu.com\/wp-content\/uploads\/2022\/01\/HERB24585-2021CL03-1030x824.jpg 1030w, https:\/\/agencevu.com\/wp-content\/uploads\/2022\/01\/HERB24585-2021CL03-80x64.jpg 80w, https:\/\/agencevu.com\/wp-content\/uploads\/2022\/01\/HERB24585-2021CL03-768x614.jpg 768w, https:\/\/agencevu.com\/wp-content\/uploads\/2022\/01\/HERB24585-2021CL03-705x564.jpg 705w\" sizes=\"(max-width: 1350px) 100vw, 1350px\" \/><\/div><\/div><\/div><\/div><div class='av-flex-placeholder'><\/div><div class=\"flex_column av_one_third  flex_column_table_cell av-equal-height-column av-align-top   avia-builder-el-22  el_after_av_one_third  el_before_av_one_third  column-top-margin\" style='padding:15px; background-color:#ffffff; border-radius:2px; '><div  class='avia-image-container  av-styling-no-styling    avia-builder-el-23  avia-builder-el-no-sibling  avia-align-center '  itemprop=\"image\" itemscope=\"itemscope\" itemtype=\"https:\/\/schema.org\/ImageObject\"  ><div class='avia-image-container-inner'><div class='avia-image-overlay-wrap'><img class='wp-image-173793 avia-img-lazy-loading-not-173793 avia_image' src=\"https:\/\/agencevu.com\/wp-content\/uploads\/2022\/01\/HERB24585-2021CL07.jpg\" alt='' title='HERB24585-2021CL07' height=\"1080\" width=\"1350\"  itemprop=\"thumbnailUrl\" srcset=\"https:\/\/agencevu.com\/wp-content\/uploads\/2022\/01\/HERB24585-2021CL07.jpg 1350w, https:\/\/agencevu.com\/wp-content\/uploads\/2022\/01\/HERB24585-2021CL07-300x240.jpg 300w, https:\/\/agencevu.com\/wp-content\/uploads\/2022\/01\/HERB24585-2021CL07-1030x824.jpg 1030w, https:\/\/agencevu.com\/wp-content\/uploads\/2022\/01\/HERB24585-2021CL07-80x64.jpg 80w, https:\/\/agencevu.com\/wp-content\/uploads\/2022\/01\/HERB24585-2021CL07-768x614.jpg 768w, https:\/\/agencevu.com\/wp-content\/uploads\/2022\/01\/HERB24585-2021CL07-705x564.jpg 705w\" sizes=\"(max-width: 1350px) 100vw, 1350px\" \/><\/div><\/div><\/div><\/div><div class='av-flex-placeholder'><\/div><div class=\"flex_column av_one_third  flex_column_table_cell av-equal-height-column av-align-top   avia-builder-el-24  el_after_av_one_third  el_before_av_one_half  column-top-margin\" style='padding:15px; background-color:#ffffff; border-radius:2px; '><div  class='avia-image-container  av-styling-no-styling    avia-builder-el-25  avia-builder-el-no-sibling  avia-align-center '  itemprop=\"image\" itemscope=\"itemscope\" itemtype=\"https:\/\/schema.org\/ImageObject\"  ><div class='avia-image-container-inner'><div class='avia-image-overlay-wrap'><img class='wp-image-173797 avia-img-lazy-loading-not-173797 avia_image' src=\"https:\/\/agencevu.com\/wp-content\/uploads\/2022\/01\/HERB24585-2021CL15.jpg\" alt='' title='HERB24585-2021CL15' height=\"1080\" width=\"1350\"  itemprop=\"thumbnailUrl\" srcset=\"https:\/\/agencevu.com\/wp-content\/uploads\/2022\/01\/HERB24585-2021CL15.jpg 1350w, https:\/\/agencevu.com\/wp-content\/uploads\/2022\/01\/HERB24585-2021CL15-300x240.jpg 300w, https:\/\/agencevu.com\/wp-content\/uploads\/2022\/01\/HERB24585-2021CL15-1030x824.jpg 1030w, https:\/\/agencevu.com\/wp-content\/uploads\/2022\/01\/HERB24585-2021CL15-80x64.jpg 80w, https:\/\/agencevu.com\/wp-content\/uploads\/2022\/01\/HERB24585-2021CL15-768x614.jpg 768w, https:\/\/agencevu.com\/wp-content\/uploads\/2022\/01\/HERB24585-2021CL15-705x564.jpg 705w\" sizes=\"(max-width: 1350px) 100vw, 1350px\" \/><\/div><\/div><\/div><\/div><\/div><!--close column table wrapper. Autoclose: 1 --><div class='flex_column_table av-equal-height-column-flextable -flextable' ><div class=\"flex_column av_one_half  flex_column_table_cell av-equal-height-column av-align-top first  avia-builder-el-26  el_after_av_one_third  el_before_av_one_half  column-top-margin\" style='padding:15px; background-color:#ffffff; border-radius:2px; '><div  class='avia-image-container  av-styling-no-styling    avia-builder-el-27  avia-builder-el-no-sibling  avia-align-center '  itemprop=\"image\" itemscope=\"itemscope\" itemtype=\"https:\/\/schema.org\/ImageObject\"  ><div class='avia-image-container-inner'><div class='avia-image-overlay-wrap'><img class='wp-image-167956 avia-img-lazy-loading-not-167956 avia_image' src=\"https:\/\/agencevu.com\/wp-content\/uploads\/2021\/10\/2021_30_octobre_-_Visite_eclairage_expo_Orages_-_Guillaume_Herbaut.jpg\" alt='' title='2021_30_octobre_-_Visite_eclairage_expo_Orages_-_Guillaume_Herbaut' height=\"1080\" width=\"1352\"  itemprop=\"thumbnailUrl\" srcset=\"https:\/\/agencevu.com\/wp-content\/uploads\/2021\/10\/2021_30_octobre_-_Visite_eclairage_expo_Orages_-_Guillaume_Herbaut.jpg 1352w, https:\/\/agencevu.com\/wp-content\/uploads\/2021\/10\/2021_30_octobre_-_Visite_eclairage_expo_Orages_-_Guillaume_Herbaut-300x240.jpg 300w, https:\/\/agencevu.com\/wp-content\/uploads\/2021\/10\/2021_30_octobre_-_Visite_eclairage_expo_Orages_-_Guillaume_Herbaut-1030x823.jpg 1030w, https:\/\/agencevu.com\/wp-content\/uploads\/2021\/10\/2021_30_octobre_-_Visite_eclairage_expo_Orages_-_Guillaume_Herbaut-80x64.jpg 80w, https:\/\/agencevu.com\/wp-content\/uploads\/2021\/10\/2021_30_octobre_-_Visite_eclairage_expo_Orages_-_Guillaume_Herbaut-768x613.jpg 768w, https:\/\/agencevu.com\/wp-content\/uploads\/2021\/10\/2021_30_octobre_-_Visite_eclairage_expo_Orages_-_Guillaume_Herbaut-705x563.jpg 705w\" sizes=\"(max-width: 1352px) 100vw, 1352px\" \/><\/div><\/div><\/div><\/div><div class='av-flex-placeholder'><\/div><div class=\"flex_column av_one_half  flex_column_table_cell av-equal-height-column av-align-top   avia-builder-el-28  el_after_av_one_half  el_before_av_hr  column-top-margin\" style='padding:15px; background-color:#ffffff; border-radius:2px; '><div  class='avia-image-container  av-styling-no-styling    avia-builder-el-29  avia-builder-el-no-sibling  avia-align-center '  itemprop=\"image\" itemscope=\"itemscope\" itemtype=\"https:\/\/schema.org\/ImageObject\"  ><div class='avia-image-container-inner'><div class='avia-image-overlay-wrap'><img class='wp-image-173801 avia-img-lazy-loading-not-173801 avia_image' src=\"https:\/\/agencevu.com\/wp-content\/uploads\/2022\/01\/HERB24585-2021CL46.jpg\" alt='' title='HERB24585-2021CL46' height=\"1080\" width=\"1350\"  itemprop=\"thumbnailUrl\" srcset=\"https:\/\/agencevu.com\/wp-content\/uploads\/2022\/01\/HERB24585-2021CL46.jpg 1350w, https:\/\/agencevu.com\/wp-content\/uploads\/2022\/01\/HERB24585-2021CL46-300x240.jpg 300w, https:\/\/agencevu.com\/wp-content\/uploads\/2022\/01\/HERB24585-2021CL46-1030x824.jpg 1030w, https:\/\/agencevu.com\/wp-content\/uploads\/2022\/01\/HERB24585-2021CL46-80x64.jpg 80w, https:\/\/agencevu.com\/wp-content\/uploads\/2022\/01\/HERB24585-2021CL46-768x614.jpg 768w, https:\/\/agencevu.com\/wp-content\/uploads\/2022\/01\/HERB24585-2021CL46-705x564.jpg 705w\" sizes=\"(max-width: 1350px) 100vw, 1350px\" \/><\/div><\/div><\/div><\/div><\/div><!--close column table wrapper. Autoclose: 1 --><div  style=' margin-top:25px; margin-bottom:15px;'  class='hr hr-custom hr-center hr-icon-no   avia-builder-el-30  el_after_av_one_half  el_before_av_one_fourth '><span class='hr-inner  inner-border-av-border-thin' style=' width:60%; border-color:#efefef;' ><span class='hr-inner-style'><\/span><\/span><\/div>\n<div class=\"flex_column av_one_fourth  flex_column_div av-zero-column-padding first  avia-builder-el-31  el_after_av_hr  avia-builder-el-last  \" style='border-radius:0px; '><section class=\"av_textblock_section \"  itemscope=\"itemscope\" itemtype=\"https:\/\/schema.org\/CreativeWork\" ><div class='avia_textblock  '  style='font-size:20px; '  itemprop=\"text\" ><p id=\"bio\" style=\"color: #707070; letter-spacing: 1.5px; text-transform: uppercase;\">Contact<\/p>\n<hr class=\"hr-titre-page\" \/>\n<\/div><\/section><br \/>\n<div  style='height:10px' class='hr hr-invisible   avia-builder-el-33  el_after_av_textblock  el_before_av_textblock '><span class='hr-inner ' ><span class='hr-inner-style'><\/span><\/span><\/div><br \/>\n<section class=\"av_textblock_section \"  itemscope=\"itemscope\" itemtype=\"https:\/\/schema.org\/CreativeWork\" ><div class='avia_textblock  '   itemprop=\"text\" ><h5 style=\"margin-bottom: 0px; color: #76a38b; padding-bottom: 0px;\">Patricia MORVAN<\/h5>\n<p style=\"margin-top: 1px;\">Cultural projects and exhibitions<\/p>\n<\/div><\/section><br \/>\n<section class=\"av_textblock_section \"  itemscope=\"itemscope\" itemtype=\"https:\/\/schema.org\/CreativeWork\" ><div class='avia_textblock  '   itemprop=\"text\" ><p><a style=\"text-decoration: none; color: black;\" href=\"mailto:morvan@abvent.fr\">morvan@abvent.fr<\/a><br \/>\n+33 1 53 01 85 89<\/p>\n<\/div><\/section><\/p><\/div><\/p>\n","protected":false},"excerpt":{"rendered":"<p>Through the ups and downs of political and social life, La Ve questions the representation of the French Republic today.<\/p>\n","protected":false},"featured_media":173803,"menu_order":0,"template":"","categories":[],"tags":[10030,18652],"photographe":[18236],"section_taxonomy":[5501],"yoast_head":"<!-- This site is optimized with the Yoast SEO plugin v16.3 - https:\/\/yoast.com\/wordpress\/plugins\/seo\/ -->\n<title>La Ve - Agence VU&#039;<\/title>\n<meta name=\"description\" content=\"\u00c0 travers les soubresauts de la vie politique et sociale, La Ve de Guillaume Herbaut interroge la repr\u00e9sentation de la R\u00e9publique fran\u00e7aise aujourd\u2019hui.\" \/>\n<meta name=\"robots\" content=\"index, follow, max-snippet:-1, max-image-preview:large, max-video-preview:-1\" \/>\n<link rel=\"canonical\" href=\"\/\" \/>\n<meta property=\"og:locale\" content=\"en_US\" \/>\n<meta property=\"og:type\" content=\"article\" \/>\n<meta property=\"og:title\" content=\"La Ve - Agence VU&#039;\" \/>\n<meta property=\"og:description\" content=\"\u00c0 travers les soubresauts de la vie politique et sociale, La Ve de Guillaume Herbaut interroge la repr\u00e9sentation de la R\u00e9publique fran\u00e7aise aujourd\u2019hui.\" \/>\n<meta property=\"og:site_name\" content=\"Agence VU&#039;\" \/>\n<meta property=\"article:publisher\" content=\"https:\/\/www.facebook.com\/VUagence\" \/>\n<meta property=\"article:modified_time\" content=\"2022-02-22T16:06:48+00:00\" \/>\n<meta property=\"og:image\" content=\"https:\/\/agencevu.com\/wp-content\/uploads\/2022\/01\/HERB24585-2021CL26.jpg\" \/>\n\t<meta property=\"og:image:width\" content=\"363\" \/>\n\t<meta property=\"og:image:height\" content=\"290\" \/>\n<meta name=\"twitter:card\" content=\"summary_large_image\" \/>\n<meta name=\"twitter:site\" content=\"@agence_vu\" \/>\n<script type=\"application\/ld+json\" class=\"yoast-schema-graph\">{\"@context\":\"https:\/\/schema.org\",\"@graph\":[{\"@type\":\"WebSite\",\"@id\":\"https:\/\/agencevu.com\/en\/#website\",\"url\":\"https:\/\/agencevu.com\/en\/\",\"name\":\"Agence VU&#039;\",\"description\":\"Agency of photographers founded in 1986\",\"potentialAction\":[{\"@type\":\"SearchAction\",\"target\":\"https:\/\/agencevu.com\/en\/?s={search_term_string}\",\"query-input\":\"required name=search_term_string\"}],\"inLanguage\":\"en-US\"},{\"@type\":\"ImageObject\",\"@id\":\"#primaryimage\",\"inLanguage\":\"en-US\",\"url\":\"https:\/\/agencevu.com\/wp-content\/uploads\/2022\/01\/HERB24585-2021CL26.jpg\",\"contentUrl\":\"https:\/\/agencevu.com\/wp-content\/uploads\/2022\/01\/HERB24585-2021CL26.jpg\",\"width\":363,\"height\":290},{\"@type\":\"WebPage\",\"@id\":\"#webpage\",\"url\":null,\"name\":\"La Ve - Agence VU&#039;\",\"isPartOf\":{\"@id\":\"https:\/\/agencevu.com\/en\/#website\"},\"primaryImageOfPage\":{\"@id\":\"#primaryimage\"},\"datePublished\":\"2022-01-13T15:11:22+00:00\",\"dateModified\":\"2022-02-22T16:06:48+00:00\",\"description\":\"\\u00c0 travers les soubresauts de la vie politique et sociale, La Ve de Guillaume Herbaut interroge la repr\\u00e9sentation de la R\\u00e9publique fran\\u00e7aise aujourd\\u2019hui.\",\"breadcrumb\":{\"@id\":\"#breadcrumb\"},\"inLanguage\":\"en-US\",\"potentialAction\":[{\"@type\":\"ReadAction\",\"target\":[null]}]},{\"@type\":\"BreadcrumbList\",\"@id\":\"#breadcrumb\",\"itemListElement\":[{\"@type\":\"ListItem\",\"position\":1,\"item\":{\"@type\":\"WebPage\",\"@id\":\"https:\/\/agencevu.com\/en\/home\/\",\"url\":\"https:\/\/agencevu.com\/en\/home\/\",\"name\":\"Home\"}},{\"@type\":\"ListItem\",\"position\":2,\"item\":{\"@type\":\"WebPage\",\"@id\":\"https:\/\/agencevu.com\/en\/exhibition-for-rent\/\",\"url\":\"https:\/\/agencevu.com\/en\/exhibition-for-rent\/\",\"name\":\"Expositions \\u00e0 louer\"}},{\"@type\":\"ListItem\",\"position\":3,\"item\":{\"@id\":\"#webpage\"}}]}]}<\/script>\n<!-- \/ Yoast SEO plugin. -->","_links":{"self":[{"href":"https:\/\/agencevu.com\/en\/wp-json\/wp\/v2\/exposition-a-louer\/174860"}],"collection":[{"href":"https:\/\/agencevu.com\/en\/wp-json\/wp\/v2\/exposition-a-louer"}],"about":[{"href":"https:\/\/agencevu.com\/en\/wp-json\/wp\/v2\/types\/exposition-a-louer"}],"version-history":[{"count":3,"href":"https:\/\/agencevu.com\/en\/wp-json\/wp\/v2\/exposition-a-louer\/174860\/revisions"}],"predecessor-version":[{"id":178143,"href":"https:\/\/agencevu.com\/en\/wp-json\/wp\/v2\/exposition-a-louer\/174860\/revisions\/178143"}],"wp:featuredmedia":[{"embeddable":true,"href":"https:\/\/agencevu.com\/en\/wp-json\/wp\/v2\/media\/173803"}],"wp:attachment":[{"href":"https:\/\/agencevu.com\/en\/wp-json\/wp\/v2\/media?parent=174860"}],"wp:term":[{"taxonomy":"category","embeddable":true,"href":"https:\/\/agencevu.com\/en\/wp-json\/wp\/v2\/categories?post=174860"},{"taxonomy":"post_tag","embeddable":true,"href":"https:\/\/agencevu.com\/en\/wp-json\/wp\/v2\/tags?post=174860"},{"taxonomy":"photographe","embeddable":true,"href":"https:\/\/agencevu.com\/en\/wp-json\/wp\/v2\/photographe?post=174860"},{"taxonomy":"section_taxonomy","embeddable":true,"href":"https:\/\/agencevu.com\/en\/wp-json\/wp\/v2\/section_taxonomy?post=174860"}],"curies":[{"name":"wp","href":"https:\/\/api.w.org\/{rel}","templated":true}]}}