{"id":150402,"date":"2021-04-30T16:05:17","date_gmt":"2021-04-30T14:05:17","guid":{"rendered":"https:\/\/agencevu-dev.abvent.com\/exposition-a-louer\/bresils\/"},"modified":"2021-05-11T17:10:19","modified_gmt":"2021-05-11T15:10:19","slug":"bresils","status":"publish","type":"exposition-a-louer","link":"https:\/\/agencevu.com\/en\/exhibition-for-rent\/bresils\/","title":{"rendered":"Br\u00e9sils"},"content":{"rendered":"<div id='av_section_1'  class='avia-section main_color avia-section-small avia-no-border-styling  avia-bg-style-scroll  avia-builder-el-0  el_before_av_section  avia-builder-el-first   container_wrap fullsize' style='background-color: #f1f1f1;  '  ><div class='container' ><main  role=\"main\" itemprop=\"mainContentOfPage\"  class='template-page content  av-content-full alpha units'><div class='post-entry post-entry-type-page post-entry-150402'><div class='entry-content-wrapper clearfix'>\n<div class=\"flex_column av_one_full  flex_column_div av-zero-column-padding first  avia-builder-el-1  avia-builder-el-no-sibling  \" style='border-radius:0px; '><section class=\"av_textblock_section \"  itemscope=\"itemscope\" itemtype=\"https:\/\/schema.org\/CreativeWork\" ><div class='avia_textblock  av_inherit_color '  style='color:#707070; '  itemprop=\"text\" ><p class=\"titre-page\"><a style=\"text-decoration: none;\" href=\"\/en\/exhibitions-for-rent\/\">Exhibitions for rent<\/a><\/p>\n<hr class=\"hr-titre-page\">\n<\/div><\/section><\/div><\/div><\/div><\/main><!-- close content main element --><\/div><\/div><div id='intro'  class='avia-section main_color avia-section-large avia-no-border-styling  avia-bg-style-scroll  avia-builder-el-3  el_after_av_section  avia-builder-el-last   container_wrap fullsize' style='background-color: #ffffff;  '  ><div class='container' ><div class='template-page content  av-content-full alpha units'><div class='post-entry post-entry-type-page post-entry-150402'><div class='entry-content-wrapper clearfix'>\n<div class='flex_column_table av-equal-height-column-flextable -flextable' ><div class=\"flex_column av_one_half  flex_column_table_cell av-equal-height-column av-align-top av-zero-column-padding first  avia-builder-el-4  el_before_av_one_half  avia-builder-el-first  \" style='background-color:#ffffff; border-radius:2px; '><section class=\"av_textblock_section \"  itemscope=\"itemscope\" itemtype=\"https:\/\/schema.org\/CreativeWork\" ><div class='avia_textblock  av_inherit_color '  style='font-size:20px; color:#76a38b; '  itemprop=\"text\" ><p class=\"p1\"><strong><span class=\"s1\"> Br\u00e9sils<\/span><\/strong><\/p>\n<\/div><\/section><br \/>\n<section class=\"av_textblock_section \"  itemscope=\"itemscope\" itemtype=\"https:\/\/schema.org\/CreativeWork\" ><div class='avia_textblock  '   itemprop=\"text\" ><h5><a href=\"\/en\/photographer\/ludovic-careme\/\">Ludovic Car\u00e8me<\/a><\/h5>\n<\/div><\/section><br \/>\n<div  style='height:20px' class='hr hr-invisible   avia-builder-el-7  el_after_av_textblock  el_before_av_textblock '><span class='hr-inner ' ><span class='hr-inner-style'><\/span><\/span><\/div><br \/>\n<section class=\"av_textblock_section \"  itemscope=\"itemscope\" itemtype=\"https:\/\/schema.org\/CreativeWork\" ><div class='avia_textblock textJustify '   itemprop=\"text\" ><p>Ludovic Car\u00e8me has lived in Brazil for more than ten years and has taken the route of those he has photographed in reverse. He began by drawing a portrait of the small favela of Agua Branca, in the heart of Sao Paulo, and ended his journey in the Amazon, where those who dreamed of finding happiness in the megalopolis left, only to be disappointed in other favelas. From the end of 2008 to the beginning of 2011 he went regularly to Agua Branca, accompanied and introduced by the marvellous guide that was Brito in these plank shacks, built above the sewers, he photographed, up close, in vibrant black and white and in square format, those who accepted his presence and gave him their faces. There, too, he photographed the workers &#8211; the vast majority of the inhabitants &#8211; walking to the bus stop at dawn to get to their jobs. There, too, he saw the city&#8217;s social services accompanied by the police destroying houses under a thousand pretexts, including trafficking &#8211; real but marginal &#8211; of which some police officers are accomplices.<\/p>\n<p>In 2012, he shot the large buildings in the centre of the city that had been left fallow by speculative developers, modern and derisory ruins, revolting in a city where thousands of homeless people &#8211; whom he photographed for two years, from 2013 to 2015 &#8211; make these empty dwellings transformed into works of urban art by daring &#8220;Pixadores&#8221; even more intolerable. By abandoning the city for the depths of the Amazon from the end of 2015 until the end of 2017, by continuing his work as a portraitist and by completing it with views, often sensual, of the forest but also with clear observations of deforestation or small still lifes found in the interiors, he continues the sensitive development of a documentary photography with a solid classical foundation. Dignified and slightly sad portraits, a luxuriant forest, under attack from man, destroyed houses, the double movement that leads the poor towards the cities and prohibits them from the centres everywhere in the world, everything is there, with restraint, with a form of poetry too. And this evidence, despite the singer&#8217;s displeasure, that misery is not &#8220;sweeter in the sun&#8221;. Even less so in today&#8217;s Brazil, which is increasingly violent for those it marginalizes.<\/p>\n<p>Christian Caujolle<\/p>\n<\/div><\/section><\/p><\/div><div class='av-flex-placeholder'><\/div><div class=\"flex_column av_one_half  flex_column_table_cell av-equal-height-column av-align-top   avia-builder-el-9  el_after_av_one_half  el_before_av_hr  \" style='padding:15px; background-color:#ffffff; border-radius:2px; '><section class=\"av_textblock_section \"  itemscope=\"itemscope\" itemtype=\"https:\/\/schema.org\/CreativeWork\" ><div class='avia_textblock textJustify '  style='font-size:20px; '  itemprop=\"text\" ><p id=\"contact\">DETAILS<\/p>\n<hr class=\"hr-titre-page\">\n<\/div><\/section><br \/>\n<div  style='height:20px' class='hr hr-invisible   avia-builder-el-11  el_after_av_textblock  el_before_av_image '><span class='hr-inner ' ><span class='hr-inner-style'><\/span><\/span><\/div><br \/>\n<div  class='avia-image-container  av-styling-    avia-builder-el-12  el_after_av_hr  el_before_av_hr  avia-align-center '  itemprop=\"image\" itemscope=\"itemscope\" itemtype=\"https:\/\/schema.org\/ImageObject\"  ><div class='avia-image-container-inner'><div class='avia-image-overlay-wrap'><a href=\"\/wp-content\/uploads\/2021\/04\/PDF_Bre\u0301sils_Careme-mini.pdf\" class='avia_image' ><img width=\"1528\" height=\"1080\" class='wp-image-150362 avia-img-lazy-loading-not-150362 avia_image' src=\"https:\/\/agencevu.com\/wp-content\/uploads\/2021\/04\/PREVIEW_PDF_Bre\u0301sils_Careme.jpg\" alt='' title='PREVIEW_PDF_Bre\u0301sils_Careme'  itemprop=\"thumbnailUrl\" srcset=\"https:\/\/agencevu.com\/wp-content\/uploads\/2021\/04\/PREVIEW_PDF_Bre\u0301sils_Careme.jpg 1528w, https:\/\/agencevu.com\/wp-content\/uploads\/2021\/04\/PREVIEW_PDF_Bre\u0301sils_Careme-300x212.jpg 300w, https:\/\/agencevu.com\/wp-content\/uploads\/2021\/04\/PREVIEW_PDF_Bre\u0301sils_Careme-1030x728.jpg 1030w, https:\/\/agencevu.com\/wp-content\/uploads\/2021\/04\/PREVIEW_PDF_Bre\u0301sils_Careme-80x57.jpg 80w, https:\/\/agencevu.com\/wp-content\/uploads\/2021\/04\/PREVIEW_PDF_Bre\u0301sils_Careme-768x543.jpg 768w, https:\/\/agencevu.com\/wp-content\/uploads\/2021\/04\/PREVIEW_PDF_Bre\u0301sils_Careme-1500x1060.jpg 1500w, https:\/\/agencevu.com\/wp-content\/uploads\/2021\/04\/PREVIEW_PDF_Bre\u0301sils_Careme-260x185.jpg 260w, https:\/\/agencevu.com\/wp-content\/uploads\/2021\/04\/PREVIEW_PDF_Bre\u0301sils_Careme-705x498.jpg 705w\" sizes=\"(max-width: 1528px) 100vw, 1528px\" \/><\/a><\/div><\/div><\/div><br \/>\n<div  style='height:20px' class='hr hr-invisible   avia-builder-el-13  el_after_av_image  el_before_av_textblock '><span class='hr-inner ' ><span class='hr-inner-style'><\/span><\/span><\/div><br \/>\n<section class=\"av_textblock_section \"  itemscope=\"itemscope\" itemtype=\"https:\/\/schema.org\/CreativeWork\" ><div class='avia_textblock textJustify '   itemprop=\"text\" ><p>The exhibition is composed of 126 black and white prints from 50&#215;50 cm to 260&#215;260 cm and 99 projections.<\/p>\n<\/div><\/section><\/p><\/div><\/div><!--close column table wrapper. Autoclose: 1 --><div  style='height:50px' class='hr hr-invisible   avia-builder-el-15  el_after_av_one_half  el_before_av_one_third '><span class='hr-inner ' ><span class='hr-inner-style'><\/span><\/span><\/div>\n<div class='flex_column_table av-equal-height-column-flextable -flextable' ><div class=\"flex_column av_one_third  flex_column_table_cell av-equal-height-column av-align-top first  avia-builder-el-16  el_after_av_hr  el_before_av_one_third  \" style='padding:15px; background-color:#ffffff; border-radius:2px; '><div  class='avia-image-container  av-styling-no-styling    avia-builder-el-17  avia-builder-el-no-sibling  avia-align-center '  itemprop=\"image\" itemscope=\"itemscope\" itemtype=\"https:\/\/schema.org\/ImageObject\"  ><div class='avia-image-container-inner'><div class='avia-image-overlay-wrap'><img class='wp-image-150344 avia-img-lazy-loading-not-150344 avia_image' src=\"https:\/\/agencevu.com\/wp-content\/uploads\/2021\/04\/03_Bre\u0301sils.jpg\" alt='' title='Br\u00e9sils - Amazonie' height=\"1080\" width=\"1080\"  itemprop=\"thumbnailUrl\" srcset=\"https:\/\/agencevu.com\/wp-content\/uploads\/2021\/04\/03_Bre\u0301sils.jpg 1080w, https:\/\/agencevu.com\/wp-content\/uploads\/2021\/04\/03_Bre\u0301sils-300x300.jpg 300w, https:\/\/agencevu.com\/wp-content\/uploads\/2021\/04\/03_Bre\u0301sils-1030x1030.jpg 1030w, https:\/\/agencevu.com\/wp-content\/uploads\/2021\/04\/03_Bre\u0301sils-80x80.jpg 80w, https:\/\/agencevu.com\/wp-content\/uploads\/2021\/04\/03_Bre\u0301sils-768x768.jpg 768w, https:\/\/agencevu.com\/wp-content\/uploads\/2021\/04\/03_Bre\u0301sils-36x36.jpg 36w, https:\/\/agencevu.com\/wp-content\/uploads\/2021\/04\/03_Bre\u0301sils-180x180.jpg 180w, https:\/\/agencevu.com\/wp-content\/uploads\/2021\/04\/03_Bre\u0301sils-705x705.jpg 705w\" sizes=\"(max-width: 1080px) 100vw, 1080px\" \/><\/div><\/div><\/div><\/div><div class='av-flex-placeholder'><\/div><div class=\"flex_column av_one_third  flex_column_table_cell av-equal-height-column av-align-top   avia-builder-el-18  el_after_av_one_third  el_before_av_one_third  \" style='padding:15px; background-color:#ffffff; border-radius:2px; '><div  class='avia-image-container  av-styling-no-styling    avia-builder-el-19  avia-builder-el-no-sibling  avia-align-center '  itemprop=\"image\" itemscope=\"itemscope\" itemtype=\"https:\/\/schema.org\/ImageObject\"  ><div class='avia-image-container-inner'><div class='avia-image-overlay-wrap'><img class='wp-image-150340 avia-img-lazy-loading-not-150340 avia_image' src=\"https:\/\/agencevu.com\/wp-content\/uploads\/2021\/04\/01_Bre\u0301sils.jpg\" alt='' title='Br\u00e9sils - Amazonie' height=\"1080\" width=\"1080\"  itemprop=\"thumbnailUrl\" srcset=\"https:\/\/agencevu.com\/wp-content\/uploads\/2021\/04\/01_Bre\u0301sils.jpg 1080w, https:\/\/agencevu.com\/wp-content\/uploads\/2021\/04\/01_Bre\u0301sils-300x300.jpg 300w, https:\/\/agencevu.com\/wp-content\/uploads\/2021\/04\/01_Bre\u0301sils-1030x1030.jpg 1030w, https:\/\/agencevu.com\/wp-content\/uploads\/2021\/04\/01_Bre\u0301sils-80x80.jpg 80w, https:\/\/agencevu.com\/wp-content\/uploads\/2021\/04\/01_Bre\u0301sils-768x768.jpg 768w, https:\/\/agencevu.com\/wp-content\/uploads\/2021\/04\/01_Bre\u0301sils-36x36.jpg 36w, https:\/\/agencevu.com\/wp-content\/uploads\/2021\/04\/01_Bre\u0301sils-180x180.jpg 180w, https:\/\/agencevu.com\/wp-content\/uploads\/2021\/04\/01_Bre\u0301sils-705x705.jpg 705w\" sizes=\"(max-width: 1080px) 100vw, 1080px\" \/><\/div><\/div><\/div><\/div><div class='av-flex-placeholder'><\/div><div class=\"flex_column av_one_third  flex_column_table_cell av-equal-height-column av-align-top   avia-builder-el-20  el_after_av_one_third  el_before_av_one_third  \" style='padding:15px; background-color:#ffffff; border-radius:2px; '><div  class='avia-image-container  av-styling-no-styling    avia-builder-el-21  avia-builder-el-no-sibling  avia-align-center '  itemprop=\"image\" itemscope=\"itemscope\" itemtype=\"https:\/\/schema.org\/ImageObject\"  ><div class='avia-image-container-inner'><div class='avia-image-overlay-wrap'><img class='wp-image-150342 avia-img-lazy-loading-not-150342 avia_image' src=\"https:\/\/agencevu.com\/wp-content\/uploads\/2021\/04\/02_Bre\u0301sils.jpg\" alt='' title='Br\u00e9sils - Amazonie' height=\"1080\" width=\"1080\"  itemprop=\"thumbnailUrl\" srcset=\"https:\/\/agencevu.com\/wp-content\/uploads\/2021\/04\/02_Bre\u0301sils.jpg 1080w, https:\/\/agencevu.com\/wp-content\/uploads\/2021\/04\/02_Bre\u0301sils-300x300.jpg 300w, https:\/\/agencevu.com\/wp-content\/uploads\/2021\/04\/02_Bre\u0301sils-1030x1030.jpg 1030w, https:\/\/agencevu.com\/wp-content\/uploads\/2021\/04\/02_Bre\u0301sils-80x80.jpg 80w, https:\/\/agencevu.com\/wp-content\/uploads\/2021\/04\/02_Bre\u0301sils-768x768.jpg 768w, https:\/\/agencevu.com\/wp-content\/uploads\/2021\/04\/02_Bre\u0301sils-36x36.jpg 36w, https:\/\/agencevu.com\/wp-content\/uploads\/2021\/04\/02_Bre\u0301sils-180x180.jpg 180w, https:\/\/agencevu.com\/wp-content\/uploads\/2021\/04\/02_Bre\u0301sils-705x705.jpg 705w\" sizes=\"(max-width: 1080px) 100vw, 1080px\" \/><\/div><\/div><\/div><\/div><\/div><!--close column table wrapper. Autoclose: 1 --><div class='flex_column_table av-equal-height-column-flextable -flextable' ><div class=\"flex_column av_one_third  flex_column_table_cell av-equal-height-column av-align-top first  avia-builder-el-22  el_after_av_one_third  el_before_av_one_third  column-top-margin\" style='padding:15px; background-color:#ffffff; border-radius:2px; '><div  class='avia-image-container  av-styling-no-styling    avia-builder-el-23  avia-builder-el-no-sibling  avia-align-center '  itemprop=\"image\" itemscope=\"itemscope\" itemtype=\"https:\/\/schema.org\/ImageObject\"  ><div class='avia-image-container-inner'><div class='avia-image-overlay-wrap'><img class='wp-image-150346 avia-img-lazy-loading-not-150346 avia_image' src=\"https:\/\/agencevu.com\/wp-content\/uploads\/2021\/04\/04_Bre\u0301sils.jpg\" alt='' title='Br\u00e9sils - Amazonie' height=\"1080\" width=\"1080\"  itemprop=\"thumbnailUrl\" srcset=\"https:\/\/agencevu.com\/wp-content\/uploads\/2021\/04\/04_Bre\u0301sils.jpg 1080w, https:\/\/agencevu.com\/wp-content\/uploads\/2021\/04\/04_Bre\u0301sils-300x300.jpg 300w, https:\/\/agencevu.com\/wp-content\/uploads\/2021\/04\/04_Bre\u0301sils-1030x1030.jpg 1030w, https:\/\/agencevu.com\/wp-content\/uploads\/2021\/04\/04_Bre\u0301sils-80x80.jpg 80w, https:\/\/agencevu.com\/wp-content\/uploads\/2021\/04\/04_Bre\u0301sils-768x768.jpg 768w, https:\/\/agencevu.com\/wp-content\/uploads\/2021\/04\/04_Bre\u0301sils-36x36.jpg 36w, https:\/\/agencevu.com\/wp-content\/uploads\/2021\/04\/04_Bre\u0301sils-180x180.jpg 180w, https:\/\/agencevu.com\/wp-content\/uploads\/2021\/04\/04_Bre\u0301sils-705x705.jpg 705w\" sizes=\"(max-width: 1080px) 100vw, 1080px\" \/><\/div><\/div><\/div><\/div><div class='av-flex-placeholder'><\/div><div class=\"flex_column av_one_third  flex_column_table_cell av-equal-height-column av-align-top   avia-builder-el-24  el_after_av_one_third  el_before_av_one_third  column-top-margin\" style='padding:15px; background-color:#ffffff; border-radius:2px; '><div  class='avia-image-container  av-styling-no-styling    avia-builder-el-25  avia-builder-el-no-sibling  avia-align-center '  itemprop=\"image\" itemscope=\"itemscope\" itemtype=\"https:\/\/schema.org\/ImageObject\"  ><div class='avia-image-container-inner'><div class='avia-image-overlay-wrap'><img class='wp-image-150348 avia-img-lazy-loading-not-150348 avia_image' src=\"https:\/\/agencevu.com\/wp-content\/uploads\/2021\/04\/05_Bre\u0301sils.jpg\" alt='' title='Br\u00e9sils Sao Paulo_Carlos_habitant de la Favela Agua Branca_Sao' height=\"1080\" width=\"1070\"  itemprop=\"thumbnailUrl\" srcset=\"https:\/\/agencevu.com\/wp-content\/uploads\/2021\/04\/05_Bre\u0301sils.jpg 1070w, https:\/\/agencevu.com\/wp-content\/uploads\/2021\/04\/05_Bre\u0301sils-297x300.jpg 297w, https:\/\/agencevu.com\/wp-content\/uploads\/2021\/04\/05_Bre\u0301sils-1020x1030.jpg 1020w, https:\/\/agencevu.com\/wp-content\/uploads\/2021\/04\/05_Bre\u0301sils-80x80.jpg 80w, https:\/\/agencevu.com\/wp-content\/uploads\/2021\/04\/05_Bre\u0301sils-768x775.jpg 768w, https:\/\/agencevu.com\/wp-content\/uploads\/2021\/04\/05_Bre\u0301sils-36x36.jpg 36w, https:\/\/agencevu.com\/wp-content\/uploads\/2021\/04\/05_Bre\u0301sils-698x705.jpg 698w\" sizes=\"(max-width: 1070px) 100vw, 1070px\" \/><\/div><\/div><\/div><\/div><div class='av-flex-placeholder'><\/div><div class=\"flex_column av_one_third  flex_column_table_cell av-equal-height-column av-align-top   avia-builder-el-26  el_after_av_one_third  el_before_av_one_third  column-top-margin\" style='padding:15px; background-color:#ffffff; border-radius:2px; '><div  class='avia-image-container  av-styling-no-styling    avia-builder-el-27  avia-builder-el-no-sibling  avia-align-center '  itemprop=\"image\" itemscope=\"itemscope\" itemtype=\"https:\/\/schema.org\/ImageObject\"  ><div class='avia-image-container-inner'><div class='avia-image-overlay-wrap'><img class='wp-image-150350 avia-img-lazy-loading-not-150350 avia_image' src=\"https:\/\/agencevu.com\/wp-content\/uploads\/2021\/04\/06_Bre\u0301sils.jpg\" alt='' title='Br\u00e9sils Sao Paulo_Nilzenir_Habitante de la Favela Agua Branca_S' height=\"1080\" width=\"1058\"  itemprop=\"thumbnailUrl\" srcset=\"https:\/\/agencevu.com\/wp-content\/uploads\/2021\/04\/06_Bre\u0301sils.jpg 1058w, https:\/\/agencevu.com\/wp-content\/uploads\/2021\/04\/06_Bre\u0301sils-294x300.jpg 294w, https:\/\/agencevu.com\/wp-content\/uploads\/2021\/04\/06_Bre\u0301sils-1009x1030.jpg 1009w, https:\/\/agencevu.com\/wp-content\/uploads\/2021\/04\/06_Bre\u0301sils-78x80.jpg 78w, https:\/\/agencevu.com\/wp-content\/uploads\/2021\/04\/06_Bre\u0301sils-768x784.jpg 768w, https:\/\/agencevu.com\/wp-content\/uploads\/2021\/04\/06_Bre\u0301sils-36x36.jpg 36w, https:\/\/agencevu.com\/wp-content\/uploads\/2021\/04\/06_Bre\u0301sils-691x705.jpg 691w\" sizes=\"(max-width: 1058px) 100vw, 1058px\" \/><\/div><\/div><\/div><\/div><\/div><!--close column table wrapper. Autoclose: 1 --><div class='flex_column_table av-equal-height-column-flextable -flextable' ><div class=\"flex_column av_one_third  flex_column_table_cell av-equal-height-column av-align-top first  avia-builder-el-28  el_after_av_one_third  el_before_av_one_third  column-top-margin\" style='padding:15px; background-color:#ffffff; border-radius:2px; '><div  class='avia-image-container  av-styling-no-styling    avia-builder-el-29  avia-builder-el-no-sibling  avia-align-center '  itemprop=\"image\" itemscope=\"itemscope\" itemtype=\"https:\/\/schema.org\/ImageObject\"  ><div class='avia-image-container-inner'><div class='avia-image-overlay-wrap'><img class='wp-image-150354 avia-img-lazy-loading-not-150354 avia_image' src=\"https:\/\/agencevu.com\/wp-content\/uploads\/2021\/04\/08_Bre\u0301sils.jpg\" alt='' title='&quot;Br\u00e9sils_Sao Paulo&quot;_Immeuble vide \u00e0 Sao Paulo_Br\u00e9sil 2012' height=\"1080\" width=\"1080\"  itemprop=\"thumbnailUrl\" srcset=\"https:\/\/agencevu.com\/wp-content\/uploads\/2021\/04\/08_Bre\u0301sils.jpg 1080w, https:\/\/agencevu.com\/wp-content\/uploads\/2021\/04\/08_Bre\u0301sils-300x300.jpg 300w, https:\/\/agencevu.com\/wp-content\/uploads\/2021\/04\/08_Bre\u0301sils-1030x1030.jpg 1030w, https:\/\/agencevu.com\/wp-content\/uploads\/2021\/04\/08_Bre\u0301sils-80x80.jpg 80w, https:\/\/agencevu.com\/wp-content\/uploads\/2021\/04\/08_Bre\u0301sils-768x768.jpg 768w, https:\/\/agencevu.com\/wp-content\/uploads\/2021\/04\/08_Bre\u0301sils-36x36.jpg 36w, https:\/\/agencevu.com\/wp-content\/uploads\/2021\/04\/08_Bre\u0301sils-180x180.jpg 180w, https:\/\/agencevu.com\/wp-content\/uploads\/2021\/04\/08_Bre\u0301sils-705x705.jpg 705w\" sizes=\"(max-width: 1080px) 100vw, 1080px\" \/><\/div><\/div><\/div><\/div><div class='av-flex-placeholder'><\/div><div class=\"flex_column av_one_third  flex_column_table_cell av-equal-height-column av-align-top   avia-builder-el-30  el_after_av_one_third  el_before_av_one_third  column-top-margin\" style='padding:15px; background-color:#ffffff; border-radius:2px; '><div  class='avia-image-container  av-styling-no-styling    avia-builder-el-31  avia-builder-el-no-sibling  avia-align-center '  itemprop=\"image\" itemscope=\"itemscope\" itemtype=\"https:\/\/schema.org\/ImageObject\"  ><div class='avia-image-container-inner'><div class='avia-image-overlay-wrap'><img class='wp-image-150356 avia-img-lazy-loading-not-150356 avia_image' src=\"https:\/\/agencevu.com\/wp-content\/uploads\/2021\/04\/09_Bre\u0301sils.jpg\" alt='' title='&quot;Br\u00e9sils_Sao Paulo&quot;_Immeuble vide \u00e0 Sao Paulo_Br\u00e9sil 2012' height=\"1080\" width=\"1080\"  itemprop=\"thumbnailUrl\" srcset=\"https:\/\/agencevu.com\/wp-content\/uploads\/2021\/04\/09_Bre\u0301sils.jpg 1080w, https:\/\/agencevu.com\/wp-content\/uploads\/2021\/04\/09_Bre\u0301sils-300x300.jpg 300w, https:\/\/agencevu.com\/wp-content\/uploads\/2021\/04\/09_Bre\u0301sils-1030x1030.jpg 1030w, https:\/\/agencevu.com\/wp-content\/uploads\/2021\/04\/09_Bre\u0301sils-80x80.jpg 80w, https:\/\/agencevu.com\/wp-content\/uploads\/2021\/04\/09_Bre\u0301sils-768x768.jpg 768w, https:\/\/agencevu.com\/wp-content\/uploads\/2021\/04\/09_Bre\u0301sils-36x36.jpg 36w, https:\/\/agencevu.com\/wp-content\/uploads\/2021\/04\/09_Bre\u0301sils-180x180.jpg 180w, https:\/\/agencevu.com\/wp-content\/uploads\/2021\/04\/09_Bre\u0301sils-705x705.jpg 705w\" sizes=\"(max-width: 1080px) 100vw, 1080px\" \/><\/div><\/div><\/div><\/div><div class='av-flex-placeholder'><\/div><div class=\"flex_column av_one_third  flex_column_table_cell av-equal-height-column av-align-top   avia-builder-el-32  el_after_av_one_third  el_before_av_one_third  column-top-margin\" style='padding:15px; background-color:#ffffff; border-radius:2px; '><div  class='avia-image-container  av-styling-no-styling    avia-builder-el-33  avia-builder-el-no-sibling  avia-align-center '  itemprop=\"image\" itemscope=\"itemscope\" itemtype=\"https:\/\/schema.org\/ImageObject\"  ><div class='avia-image-container-inner'><div class='avia-image-overlay-wrap'><img class='wp-image-150352 avia-img-lazy-loading-not-150352 avia_image' src=\"https:\/\/agencevu.com\/wp-content\/uploads\/2021\/04\/07_Bre\u0301sils.jpg\" alt='' title='&quot;Br\u00e9sils_Sao Paulo&quot;_Immeuble vide \u00e0 Sao Paulo_Br\u00e9sil 2012' height=\"1080\" width=\"1073\"  itemprop=\"thumbnailUrl\" srcset=\"https:\/\/agencevu.com\/wp-content\/uploads\/2021\/04\/07_Bre\u0301sils.jpg 1073w, https:\/\/agencevu.com\/wp-content\/uploads\/2021\/04\/07_Bre\u0301sils-298x300.jpg 298w, https:\/\/agencevu.com\/wp-content\/uploads\/2021\/04\/07_Bre\u0301sils-1023x1030.jpg 1023w, https:\/\/agencevu.com\/wp-content\/uploads\/2021\/04\/07_Bre\u0301sils-80x80.jpg 80w, https:\/\/agencevu.com\/wp-content\/uploads\/2021\/04\/07_Bre\u0301sils-768x773.jpg 768w, https:\/\/agencevu.com\/wp-content\/uploads\/2021\/04\/07_Bre\u0301sils-36x36.jpg 36w, https:\/\/agencevu.com\/wp-content\/uploads\/2021\/04\/07_Bre\u0301sils-180x180.jpg 180w, https:\/\/agencevu.com\/wp-content\/uploads\/2021\/04\/07_Bre\u0301sils-700x705.jpg 700w\" sizes=\"(max-width: 1073px) 100vw, 1073px\" \/><\/div><\/div><\/div><\/div><\/div><!--close column table wrapper. Autoclose: 1 --><div class='flex_column_table av-equal-height-column-flextable -flextable' ><div class=\"flex_column av_one_third  flex_column_table_cell av-equal-height-column av-align-top first  avia-builder-el-34  el_after_av_one_third  el_before_av_one_third  column-top-margin\" style='padding:15px; background-color:#ffffff; border-radius:2px; '><p><div  class='avia-image-container  av-styling-no-styling    avia-builder-el-35  el_before_av_textblock  avia-builder-el-first  avia-align-center '  itemprop=\"image\" itemscope=\"itemscope\" itemtype=\"https:\/\/schema.org\/ImageObject\"  ><div class='avia-image-container-inner'><div class='avia-image-overlay-wrap'><img class='wp-image-150366 avia-img-lazy-loading-not-150366 avia_image' src=\"https:\/\/agencevu.com\/wp-content\/uploads\/2021\/04\/DSF5804.jpg\" alt='' title='Exposition Br\u00e9sils \u00e0 la Sc\u00e8ne Nationale la Passerelle et au M' height=\"1080\" width=\"1440\"  itemprop=\"thumbnailUrl\" srcset=\"https:\/\/agencevu.com\/wp-content\/uploads\/2021\/04\/DSF5804.jpg 1440w, https:\/\/agencevu.com\/wp-content\/uploads\/2021\/04\/DSF5804-300x225.jpg 300w, https:\/\/agencevu.com\/wp-content\/uploads\/2021\/04\/DSF5804-1030x773.jpg 1030w, https:\/\/agencevu.com\/wp-content\/uploads\/2021\/04\/DSF5804-80x60.jpg 80w, https:\/\/agencevu.com\/wp-content\/uploads\/2021\/04\/DSF5804-768x576.jpg 768w, https:\/\/agencevu.com\/wp-content\/uploads\/2021\/04\/DSF5804-705x529.jpg 705w\" sizes=\"(max-width: 1440px) 100vw, 1440px\" \/><\/div><\/div><\/div><br \/>\n<section class=\"av_textblock_section \"  itemscope=\"itemscope\" itemtype=\"https:\/\/schema.org\/CreativeWork\" ><div class='avia_textblock  '   itemprop=\"text\" ><p class=\"p1\">Exposition Br\u00e9sils \u00e0 la Sc\u00e8ne Nationale la Passerelle et au Mus\u00e9e Museum d\u00e9partemantal de Gap, 2021<\/p>\n<\/div><\/section><\/p><\/div><div class='av-flex-placeholder'><\/div><div class=\"flex_column av_one_third  flex_column_table_cell av-equal-height-column av-align-top   avia-builder-el-37  el_after_av_one_third  el_before_av_one_third  column-top-margin\" style='padding:15px; background-color:#ffffff; border-radius:2px; '><p><div  class='avia-image-container  av-styling-no-styling    avia-builder-el-38  el_before_av_textblock  avia-builder-el-first  avia-align-center '  itemprop=\"image\" itemscope=\"itemscope\" itemtype=\"https:\/\/schema.org\/ImageObject\"  ><div class='avia-image-container-inner'><div class='avia-image-overlay-wrap'><img class='wp-image-150370 avia-img-lazy-loading-not-150370 avia_image' src=\"https:\/\/agencevu.com\/wp-content\/uploads\/2021\/04\/DSF5839.jpg\" alt='' title='Exposition Br\u00e9sils \u00e0 la Sc\u00e8ne Nationale la Passerelle et au M' height=\"1080\" width=\"1440\"  itemprop=\"thumbnailUrl\" srcset=\"https:\/\/agencevu.com\/wp-content\/uploads\/2021\/04\/DSF5839.jpg 1440w, https:\/\/agencevu.com\/wp-content\/uploads\/2021\/04\/DSF5839-300x225.jpg 300w, https:\/\/agencevu.com\/wp-content\/uploads\/2021\/04\/DSF5839-1030x773.jpg 1030w, https:\/\/agencevu.com\/wp-content\/uploads\/2021\/04\/DSF5839-80x60.jpg 80w, https:\/\/agencevu.com\/wp-content\/uploads\/2021\/04\/DSF5839-768x576.jpg 768w, https:\/\/agencevu.com\/wp-content\/uploads\/2021\/04\/DSF5839-705x529.jpg 705w\" sizes=\"(max-width: 1440px) 100vw, 1440px\" \/><\/div><\/div><\/div><br \/>\n<section class=\"av_textblock_section \"  itemscope=\"itemscope\" itemtype=\"https:\/\/schema.org\/CreativeWork\" ><div class='avia_textblock  '   itemprop=\"text\" ><p class=\"p1\">Exposition Br\u00e9sils \u00e0 la Sc\u00e8ne Nationale la Passerelle et au Mus\u00e9e Museum d\u00e9partemantal de Gap, 2021<\/p>\n<\/div><\/section><\/p><\/div><div class='av-flex-placeholder'><\/div><div class=\"flex_column av_one_third  flex_column_table_cell av-equal-height-column av-align-top   avia-builder-el-40  el_after_av_one_third  el_before_av_hr  column-top-margin\" style='padding:15px; background-color:#ffffff; border-radius:2px; '><p><div  class='avia-image-container  av-styling-no-styling    avia-builder-el-41  el_before_av_textblock  avia-builder-el-first  avia-align-center '  itemprop=\"image\" itemscope=\"itemscope\" itemtype=\"https:\/\/schema.org\/ImageObject\"  ><div class='avia-image-container-inner'><div class='avia-image-overlay-wrap'><img class='wp-image-150372 avia-img-lazy-loading-not-150372 avia_image' src=\"https:\/\/agencevu.com\/wp-content\/uploads\/2021\/04\/DSF5862.jpg\" alt='' title='Exposition Br\u00e9sils \u00e0 la Sc\u00e8ne Nationale la Passerelle et au M' height=\"1080\" width=\"1440\"  itemprop=\"thumbnailUrl\" srcset=\"https:\/\/agencevu.com\/wp-content\/uploads\/2021\/04\/DSF5862.jpg 1440w, https:\/\/agencevu.com\/wp-content\/uploads\/2021\/04\/DSF5862-300x225.jpg 300w, https:\/\/agencevu.com\/wp-content\/uploads\/2021\/04\/DSF5862-1030x773.jpg 1030w, https:\/\/agencevu.com\/wp-content\/uploads\/2021\/04\/DSF5862-80x60.jpg 80w, https:\/\/agencevu.com\/wp-content\/uploads\/2021\/04\/DSF5862-768x576.jpg 768w, https:\/\/agencevu.com\/wp-content\/uploads\/2021\/04\/DSF5862-705x529.jpg 705w\" sizes=\"(max-width: 1440px) 100vw, 1440px\" \/><\/div><\/div><\/div><br \/>\n<section class=\"av_textblock_section \"  itemscope=\"itemscope\" itemtype=\"https:\/\/schema.org\/CreativeWork\" ><div class='avia_textblock  '   itemprop=\"text\" ><p class=\"p1\">Exposition Br\u00e9sils \u00e0 la Sc\u00e8ne Nationale la Passerelle et au Mus\u00e9e Museum d\u00e9partemantal de Gap, 2021<\/p>\n<\/div><\/section><\/p><\/div><\/div><!--close column table wrapper. Autoclose: 1 --><div  style=' margin-top:25px; margin-bottom:15px;'  class='hr hr-custom hr-center hr-icon-no   avia-builder-el-43  el_after_av_one_third  el_before_av_one_fourth '><span class='hr-inner  inner-border-av-border-thin' style=' width:60%; border-color:#efefef;' ><span class='hr-inner-style'><\/span><\/span><\/div>\n<div class='flex_column_table av-equal-height-column-flextable -flextable' ><div class='av-flex-placeholder'><\/div><div class=\"flex_column av_one_fourth  flex_column_table_cell av-equal-height-column av-align-top av-zero-column-padding   avia-builder-el-44  el_after_av_hr  avia-builder-el-last  column-top-margin\" style='border-radius:0px; '><section class=\"av_textblock_section \"  itemscope=\"itemscope\" itemtype=\"https:\/\/schema.org\/CreativeWork\" ><div class='avia_textblock  '  style='font-size:20px; '  itemprop=\"text\" ><p id=\"bio\" style=\"color: #707070; letter-spacing: 1.5px; text-transform: uppercase;\">Contact<\/p>\n<hr class=\"hr-titre-page\">\n<\/div><\/section><br \/>\n<div  style='height:10px' class='hr hr-invisible   avia-builder-el-46  el_after_av_textblock  el_before_av_textblock '><span class='hr-inner ' ><span class='hr-inner-style'><\/span><\/span><\/div><br \/>\n<section class=\"av_textblock_section \"  itemscope=\"itemscope\" itemtype=\"https:\/\/schema.org\/CreativeWork\" ><div class='avia_textblock  '   itemprop=\"text\" ><h5 style=\"margin-bottom: 0px; color: #76a38b; padding-bottom: 0px;\">Patricia MORVAN<\/h5>\n<p style=\"margin-top: 1px;\">Cultural projects and exhibitions<\/p>\n<\/div><\/section><br \/>\n<section class=\"av_textblock_section \"  itemscope=\"itemscope\" itemtype=\"https:\/\/schema.org\/CreativeWork\" ><div class='avia_textblock  '   itemprop=\"text\" ><p><a style=\"text-decoration: none; color: black;\" href=\"mailto:morvan@abvent.fr\">morvan@abvent.fr<\/a><br \/>\n+33 1 53 01 85 89<\/p>\n<\/div><\/section><\/p><\/div><\/div><!--close column table wrapper. Autoclose: 1 --><\/p>\n","protected":false},"excerpt":{"rendered":"<p><span class=\"tag-extrait\">Exposition \u00e0 louer | <\/span> Ludovic Car\u00e8me has lived in Brazil for more than ten years and has taken the route of those he has photographed in reverse. <\/p>\n","protected":false},"featured_media":155030,"menu_order":0,"template":"","categories":[],"tags":[10030,18666],"photographe":[18010],"section_taxonomy":[5501],"yoast_head":"<!-- This site is optimized with the Yoast SEO plugin v16.3 - https:\/\/yoast.com\/wordpress\/plugins\/seo\/ -->\n<title>Br\u00e9sils - Agence VU&#039;<\/title>\n<meta name=\"robots\" content=\"index, follow, max-snippet:-1, max-image-preview:large, max-video-preview:-1\" \/>\n<link rel=\"canonical\" href=\"\/\" \/>\n<meta property=\"og:locale\" content=\"en_US\" \/>\n<meta property=\"og:type\" content=\"article\" \/>\n<meta property=\"og:title\" content=\"Br\u00e9sils - Agence VU&#039;\" \/>\n<meta property=\"og:description\" content=\"Exposition \u00e0 louer | Ludovic Car\u00e8me has lived in Brazil for more than ten years and has taken the route of those he has photographed in reverse.\" \/>\n<meta property=\"og:site_name\" content=\"Agence VU&#039;\" \/>\n<meta property=\"article:publisher\" content=\"https:\/\/www.facebook.com\/VUagence\" \/>\n<meta property=\"article:modified_time\" content=\"2021-05-11T15:10:19+00:00\" \/>\n<meta property=\"og:image\" content=\"https:\/\/agencevu.com\/wp-content\/uploads\/2021\/04\/Careme.jpg\" \/>\n\t<meta property=\"og:image:width\" content=\"275\" \/>\n\t<meta property=\"og:image:height\" content=\"206\" \/>\n<meta name=\"twitter:card\" content=\"summary_large_image\" \/>\n<meta name=\"twitter:site\" content=\"@agence_vu\" \/>\n<script type=\"application\/ld+json\" class=\"yoast-schema-graph\">{\"@context\":\"https:\/\/schema.org\",\"@graph\":[{\"@type\":\"WebSite\",\"@id\":\"https:\/\/agencevu.com\/en\/#website\",\"url\":\"https:\/\/agencevu.com\/en\/\",\"name\":\"Agence VU&#039;\",\"description\":\"Agency of photographers founded in 1986\",\"potentialAction\":[{\"@type\":\"SearchAction\",\"target\":\"https:\/\/agencevu.com\/en\/?s={search_term_string}\",\"query-input\":\"required name=search_term_string\"}],\"inLanguage\":\"en-US\"},{\"@type\":\"ImageObject\",\"@id\":\"#primaryimage\",\"inLanguage\":\"en-US\",\"url\":\"https:\/\/agencevu.com\/wp-content\/uploads\/2021\/04\/Careme.jpg\",\"contentUrl\":\"https:\/\/agencevu.com\/wp-content\/uploads\/2021\/04\/Careme.jpg\",\"width\":275,\"height\":206},{\"@type\":\"WebPage\",\"@id\":\"#webpage\",\"url\":null,\"name\":\"Br\\u00e9sils - Agence VU&#039;\",\"isPartOf\":{\"@id\":\"https:\/\/agencevu.com\/en\/#website\"},\"primaryImageOfPage\":{\"@id\":\"#primaryimage\"},\"datePublished\":\"2021-04-30T14:05:17+00:00\",\"dateModified\":\"2021-05-11T15:10:19+00:00\",\"breadcrumb\":{\"@id\":\"#breadcrumb\"},\"inLanguage\":\"en-US\",\"potentialAction\":[{\"@type\":\"ReadAction\",\"target\":[null]}]},{\"@type\":\"BreadcrumbList\",\"@id\":\"#breadcrumb\",\"itemListElement\":[{\"@type\":\"ListItem\",\"position\":1,\"item\":{\"@type\":\"WebPage\",\"@id\":\"https:\/\/agencevu.com\/en\/home\/\",\"url\":\"https:\/\/agencevu.com\/en\/home\/\",\"name\":\"Home\"}},{\"@type\":\"ListItem\",\"position\":2,\"item\":{\"@type\":\"WebPage\",\"@id\":\"https:\/\/agencevu.com\/en\/exhibition-for-rent\/\",\"url\":\"https:\/\/agencevu.com\/en\/exhibition-for-rent\/\",\"name\":\"Expositions \\u00e0 louer\"}},{\"@type\":\"ListItem\",\"position\":3,\"item\":{\"@id\":\"#webpage\"}}]}]}<\/script>\n<!-- \/ Yoast SEO plugin. -->","_links":{"self":[{"href":"https:\/\/agencevu.com\/en\/wp-json\/wp\/v2\/exposition-a-louer\/150402"}],"collection":[{"href":"https:\/\/agencevu.com\/en\/wp-json\/wp\/v2\/exposition-a-louer"}],"about":[{"href":"https:\/\/agencevu.com\/en\/wp-json\/wp\/v2\/types\/exposition-a-louer"}],"version-history":[{"count":3,"href":"https:\/\/agencevu.com\/en\/wp-json\/wp\/v2\/exposition-a-louer\/150402\/revisions"}],"predecessor-version":[{"id":150403,"href":"https:\/\/agencevu.com\/en\/wp-json\/wp\/v2\/exposition-a-louer\/150402\/revisions\/150403"}],"wp:featuredmedia":[{"embeddable":true,"href":"https:\/\/agencevu.com\/en\/wp-json\/wp\/v2\/media\/155030"}],"wp:attachment":[{"href":"https:\/\/agencevu.com\/en\/wp-json\/wp\/v2\/media?parent=150402"}],"wp:term":[{"taxonomy":"category","embeddable":true,"href":"https:\/\/agencevu.com\/en\/wp-json\/wp\/v2\/categories?post=150402"},{"taxonomy":"post_tag","embeddable":true,"href":"https:\/\/agencevu.com\/en\/wp-json\/wp\/v2\/tags?post=150402"},{"taxonomy":"photographe","embeddable":true,"href":"https:\/\/agencevu.com\/en\/wp-json\/wp\/v2\/photographe?post=150402"},{"taxonomy":"section_taxonomy","embeddable":true,"href":"https:\/\/agencevu.com\/en\/wp-json\/wp\/v2\/section_taxonomy?post=150402"}],"curies":[{"name":"wp","href":"https:\/\/api.w.org\/{rel}","templated":true}]}}