{"id":97976,"date":"2020-10-12T15:34:42","date_gmt":"2020-10-12T13:34:42","guid":{"rendered":"https:\/\/lesaint.abvent.com\/corporate\/portrait\/"},"modified":"2024-03-13T10:58:51","modified_gmt":"2024-03-13T09:58:51","slug":"portraits","status":"publish","type":"corporate","link":"https:\/\/agencevu.com\/en\/corporate\/portraits\/","title":{"rendered":"Corporate \u2014 Portrait"},"content":{"rendered":"<div id='av_section_1'  class='avia-section main_color avia-section-small avia-no-border-styling  avia-bg-style-scroll  avia-builder-el-0  el_before_av_section  avia-builder-el-first   container_wrap fullsize' style='background-color: #f1f1f1;  '  ><div class='container' ><main  role=\"main\" itemprop=\"mainContentOfPage\"  class='template-page content  av-content-full alpha units'><div class='post-entry post-entry-type-page post-entry-97976'><div class='entry-content-wrapper clearfix'>\n<section class=\"av_textblock_section \"  itemscope=\"itemscope\" itemtype=\"https:\/\/schema.org\/CreativeWork\" ><div class='avia_textblock  '   itemprop=\"text\" ><p class=\"titre-page\">Portrait<\/p>\n<hr class=\"hr-titre-page\">\n<\/div><\/section>\n\n<\/div><\/div><\/main><!-- close content main element --><\/div><\/div><div id='av_section_2'  class='avia-section main_color avia-section-default avia-no-border-styling  avia-bg-style-scroll  avia-builder-el-2  el_after_av_section  el_before_av_section   container_wrap fullsize' style=' '  ><div class='container' ><div class='template-page content  av-content-full alpha units'><div class='post-entry post-entry-type-page post-entry-97976'><div class='entry-content-wrapper clearfix'>\n<div  data-autoplay=''  data-interval='5'  data-animation='fade'  data-show_slide_delay='90'  class='avia-content-slider avia-content-grid-active avia-content-slider1 avia-content-slider-odd  avia-builder-el-3  avia-builder-el-no-sibling  '  itemscope=\"itemscope\" itemtype=\"https:\/\/schema.org\/Blog\" ><div class='avia-content-slider-inner'><div class='slide-entry-wrap'><article class='slide-entry flex_column  post-entry post-entry-222152 slide-entry-overview slide-loop-1 slide-parity-odd  av_one_third first real-thumbnail'  itemscope=\"itemscope\" itemtype=\"https:\/\/schema.org\/CreativeWork\" ><a href='https:\/\/agencevu.com\/en\/corporate\/louis-vuitton-behind-store-doors-new-york\/' data-rel='slide-1' class='slide-image' title=''><img width=\"495\" height=\"400\" src=\"https:\/\/agencevu.com\/wp-content\/uploads\/2025\/06\/aner_01-1-495x400.jpg\" class=\"wp-image-222278 avia-img-lazy-loading-222278 attachment-portfolio size-portfolio wp-post-image\" alt=\"\" loading=\"lazy\" srcset=\"https:\/\/agencevu.com\/wp-content\/uploads\/2025\/06\/aner_01-1-495x400.jpg 495w, https:\/\/agencevu.com\/wp-content\/uploads\/2025\/06\/aner_01-1-300x243.jpg 300w, https:\/\/agencevu.com\/wp-content\/uploads\/2025\/06\/aner_01-1-80x65.jpg 80w, https:\/\/agencevu.com\/wp-content\/uploads\/2025\/06\/aner_01-1-768x622.jpg 768w, https:\/\/agencevu.com\/wp-content\/uploads\/2025\/06\/aner_01-1-705x571.jpg 705w, https:\/\/agencevu.com\/wp-content\/uploads\/2025\/06\/aner_01-1.jpg 845w\" sizes=\"(max-width: 495px) 100vw, 495px\" \/><\/a><div class='slide-content'><header class=\"entry-content-header\"><span class=\"blog-categories minor-meta\"><a href=\"https:\/\/agencevu.com\/en\/Home\/home-realisations\/\" rel=\"tag\">Home-R\u00e9alisations<\/a> <a href=\"https:\/\/agencevu.com\/en\/filter_taxonomy\/campagne-publicitaire-en-2\/\" rel=\"tag\">Campagnes<\/a><a href=\"https:\/\/agencevu.com\/en\/filter_taxonomy\/mode-luxe-en\/\" rel=\"tag\">Mode &amp; Luxe<\/a><a href=\"https:\/\/agencevu.com\/en\/filter_taxonomy\/portrait-en\/\" rel=\"tag\">Portrait<\/a> <a href=\"https:\/\/agencevu.com\/en\/photographer\/projets-collaboratifs\/\" rel=\"tag\">Collaborative project<\/a> <a href=\"https:\/\/agencevu.com\/en\/section_taxonomy\/corporate-en\/\" rel=\"tag\">Corporate<\/a> <\/span><h3 class='slide-entry-title entry-title'  itemprop=\"headline\" ><a href='https:\/\/agencevu.com\/en\/corporate\/louis-vuitton-behind-store-doors-new-york\/' title='Louis Vuitton - Behind Store Doors - New York'>Louis Vuitton - Behind Store Doors - New York<\/a><\/h3><span class=\"av-vertical-delimiter\"><\/span><\/header><div class='slide-entry-excerpt entry-content'  itemprop=\"text\" >\r\n\r\n<\/div><\/div><footer class=\"entry-footer\"><div class='slide-meta'><time class='slide-meta-time updated'  itemprop=\"datePublished\" datetime=\"2025-06-12T15:28:49+02:00\" >12 June 2025<\/time><\/div><\/footer><span class='hidden'>\n\t\t\t\t<span class='av-structured-data'  itemprop=\"image\" itemscope=\"itemscope\" itemtype=\"https:\/\/schema.org\/ImageObject\" >\n\t\t\t\t\t\t<span itemprop='url'>https:\/\/agencevu.com\/wp-content\/uploads\/2025\/06\/aner_01-1.jpg<\/span>\n\t\t\t\t\t\t<span itemprop='height'>684<\/span>\n\t\t\t\t\t\t<span itemprop='width'>845<\/span>\n\t\t\t\t<\/span>\n\t\t\t\t<span class='av-structured-data'  itemprop=\"publisher\" itemtype=\"https:\/\/schema.org\/Organization\" itemscope=\"itemscope\" >\n\t\t\t\t\t\t<span itemprop='name'>Fanny Demichelis<\/span>\n\t\t\t\t\t\t<span itemprop='logo' itemscope itemtype='https:\/\/schema.org\/ImageObject'>\n\t\t\t\t\t\t\t<span itemprop='url'>\/wp-content\/uploads\/2021\/05\/logo-vert-2.svg<\/span>\n\t\t\t\t\t\t <\/span>\n\t\t\t\t<\/span><span class='av-structured-data'  itemprop=\"author\" itemscope=\"itemscope\" itemtype=\"https:\/\/schema.org\/Person\" ><span itemprop='name'>Fanny Demichelis<\/span><\/span><span class='av-structured-data'  itemprop=\"datePublished\" datetime=\"2007-08-23T14:17:33+02:00\" >2025-06-12 15:28:49<\/span><span class='av-structured-data'  itemprop=\"dateModified\" itemtype=\"https:\/\/schema.org\/dateModified\" >2025-06-13 11:47:51<\/span><span class='av-structured-data'  itemprop=\"mainEntityOfPage\" itemtype=\"https:\/\/schema.org\/mainEntityOfPage\" ><span itemprop='name'>Louis Vuitton &#8211; Behind Store Doors &#8211; New York<\/span><\/span><\/span><\/article><article class='slide-entry flex_column  post-entry post-entry-220903 slide-entry-overview slide-loop-2 slide-parity-even  av_one_third  real-thumbnail'  itemscope=\"itemscope\" itemtype=\"https:\/\/schema.org\/CreativeWork\" ><a href='https:\/\/agencevu.com\/en\/corporate\/fondation-picto-x-studio-daguerre\/' data-rel='slide-1' class='slide-image' title=''><img width=\"495\" height=\"400\" src=\"https:\/\/agencevu.com\/wp-content\/uploads\/2025\/03\/BRASSELETC_Nila-StudioDaguerre-7-1-495x400.jpg\" class=\"wp-image-220901 avia-img-lazy-loading-220901 attachment-portfolio size-portfolio wp-post-image\" alt=\"\" loading=\"lazy\" srcset=\"https:\/\/agencevu.com\/wp-content\/uploads\/2025\/03\/BRASSELETC_Nila-StudioDaguerre-7-1-495x400.jpg 495w, https:\/\/agencevu.com\/wp-content\/uploads\/2025\/03\/BRASSELETC_Nila-StudioDaguerre-7-1-300x243.jpg 300w, https:\/\/agencevu.com\/wp-content\/uploads\/2025\/03\/BRASSELETC_Nila-StudioDaguerre-7-1-80x65.jpg 80w, https:\/\/agencevu.com\/wp-content\/uploads\/2025\/03\/BRASSELETC_Nila-StudioDaguerre-7-1-768x622.jpg 768w, https:\/\/agencevu.com\/wp-content\/uploads\/2025\/03\/BRASSELETC_Nila-StudioDaguerre-7-1-705x571.jpg 705w, https:\/\/agencevu.com\/wp-content\/uploads\/2025\/03\/BRASSELETC_Nila-StudioDaguerre-7-1.jpg 845w\" sizes=\"(max-width: 495px) 100vw, 495px\" \/><\/a><div class='slide-content'><header class=\"entry-content-header\"><span class=\"blog-categories minor-meta\"> <a href=\"https:\/\/agencevu.com\/en\/filter_taxonomy\/fondations-en-2\/\" rel=\"tag\">Fondations<\/a><a href=\"https:\/\/agencevu.com\/en\/filter_taxonomy\/mode-luxe-en\/\" rel=\"tag\">Mode &amp; Luxe<\/a><a href=\"https:\/\/agencevu.com\/en\/filter_taxonomy\/portrait-en\/\" rel=\"tag\">Portrait<\/a><a href=\"https:\/\/agencevu.com\/en\/filter_taxonomy\/prestation-en\/\" rel=\"tag\">Prestation<\/a><a href=\"https:\/\/agencevu.com\/en\/filter_taxonomy\/reference-en\/\" rel=\"tag\">R\u00e9f\u00e9rence<\/a> <a href=\"https:\/\/agencevu.com\/en\/photographer\/camille-brasselet\/\" rel=\"tag\">Camille Brasselet<\/a> <a href=\"https:\/\/agencevu.com\/en\/section_taxonomy\/corporate-en\/\" rel=\"tag\">Corporate<\/a> <\/span><h3 class='slide-entry-title entry-title'  itemprop=\"headline\" ><a href='https:\/\/agencevu.com\/en\/corporate\/fondation-picto-x-studio-daguerre\/' title='Fondation Picto x Studio Daguerre'>Fondation Picto x Studio Daguerre<\/a><\/h3><span class=\"av-vertical-delimiter\"><\/span><\/header><\/div><footer class=\"entry-footer\"><div class='slide-meta'><time class='slide-meta-time updated'  itemprop=\"datePublished\" datetime=\"2025-06-12T15:28:49+02:00\" >12 June 2025<\/time><\/div><\/footer><span class='hidden'>\n\t\t\t\t<span class='av-structured-data'  itemprop=\"image\" itemscope=\"itemscope\" itemtype=\"https:\/\/schema.org\/ImageObject\" >\n\t\t\t\t\t\t<span itemprop='url'>https:\/\/agencevu.com\/wp-content\/uploads\/2025\/03\/BRASSELETC_Nila-StudioDaguerre-7-1.jpg<\/span>\n\t\t\t\t\t\t<span itemprop='height'>684<\/span>\n\t\t\t\t\t\t<span itemprop='width'>845<\/span>\n\t\t\t\t<\/span>\n\t\t\t\t<span class='av-structured-data'  itemprop=\"publisher\" itemtype=\"https:\/\/schema.org\/Organization\" itemscope=\"itemscope\" >\n\t\t\t\t\t\t<span itemprop='name'>Fanny Demichelis<\/span>\n\t\t\t\t\t\t<span itemprop='logo' itemscope itemtype='https:\/\/schema.org\/ImageObject'>\n\t\t\t\t\t\t\t<span itemprop='url'>\/wp-content\/uploads\/2021\/05\/logo-vert-2.svg<\/span>\n\t\t\t\t\t\t <\/span>\n\t\t\t\t<\/span><span class='av-structured-data'  itemprop=\"author\" itemscope=\"itemscope\" itemtype=\"https:\/\/schema.org\/Person\" ><span itemprop='name'>Fanny Demichelis<\/span><\/span><span class='av-structured-data'  itemprop=\"datePublished\" datetime=\"2007-08-23T14:17:33+02:00\" >2025-03-21 10:16:54<\/span><span class='av-structured-data'  itemprop=\"dateModified\" itemtype=\"https:\/\/schema.org\/dateModified\" >2025-03-21 10:16:54<\/span><span class='av-structured-data'  itemprop=\"mainEntityOfPage\" itemtype=\"https:\/\/schema.org\/mainEntityOfPage\" ><span itemprop='name'>Fondation Picto x Studio Daguerre<\/span><\/span><\/span><\/article><article class='slide-entry flex_column  post-entry post-entry-219311 slide-entry-overview slide-loop-3 slide-parity-odd  av_one_third  real-thumbnail'  itemscope=\"itemscope\" itemtype=\"https:\/\/schema.org\/CreativeWork\" ><a href='https:\/\/agencevu.com\/en\/corporate\/the-washington-post-restoring-notre-dame-de-paris\/' data-rel='slide-1' class='slide-image' title=''><img width=\"495\" height=\"400\" src=\"https:\/\/agencevu.com\/wp-content\/uploads\/2024\/12\/ZAN26152-2024CL18-1-495x400.jpg\" class=\"wp-image-219307 avia-img-lazy-loading-219307 attachment-portfolio size-portfolio wp-post-image\" alt=\"\" loading=\"lazy\" srcset=\"https:\/\/agencevu.com\/wp-content\/uploads\/2024\/12\/ZAN26152-2024CL18-1-495x400.jpg 495w, https:\/\/agencevu.com\/wp-content\/uploads\/2024\/12\/ZAN26152-2024CL18-1-300x243.jpg 300w, https:\/\/agencevu.com\/wp-content\/uploads\/2024\/12\/ZAN26152-2024CL18-1-80x65.jpg 80w, https:\/\/agencevu.com\/wp-content\/uploads\/2024\/12\/ZAN26152-2024CL18-1-768x622.jpg 768w, https:\/\/agencevu.com\/wp-content\/uploads\/2024\/12\/ZAN26152-2024CL18-1-705x571.jpg 705w, https:\/\/agencevu.com\/wp-content\/uploads\/2024\/12\/ZAN26152-2024CL18-1.jpg 845w\" sizes=\"(max-width: 495px) 100vw, 495px\" \/><\/a><div class='slide-content'><header class=\"entry-content-header\"><span class=\"blog-categories minor-meta\"><a href=\"https:\/\/agencevu.com\/en\/Home\/home-realisations\/\" rel=\"tag\">Home-R\u00e9alisations<\/a> <a href=\"https:\/\/agencevu.com\/en\/filter_taxonomy\/artisanat-et-savoir-faire-en\/\" rel=\"tag\">Artisanat et savoir-faire<\/a><a href=\"https:\/\/agencevu.com\/en\/filter_taxonomy\/portrait-en\/\" rel=\"tag\">Portrait<\/a><a href=\"https:\/\/agencevu.com\/en\/filter_taxonomy\/reportage-en\/\" rel=\"tag\">Reportage<\/a><a href=\"https:\/\/agencevu.com\/en\/filter_taxonomy\/reportage-savoir-faire-en\/\" rel=\"tag\">reportage savoir faire<\/a> <a href=\"https:\/\/agencevu.com\/en\/photographer\/cyril-zannettacci\/\" rel=\"tag\">Cyril Zannettacci<\/a> <a href=\"https:\/\/agencevu.com\/en\/section_taxonomy\/corporate-en\/\" rel=\"tag\">Corporate<\/a> <\/span><h3 class='slide-entry-title entry-title'  itemprop=\"headline\" ><a href='https:\/\/agencevu.com\/en\/corporate\/the-washington-post-restoring-notre-dame-de-paris\/' title='The Washington Post - Restoring Notre-Dame de Paris'>The Washington Post - Restoring Notre-Dame de Paris<\/a><\/h3><span class=\"av-vertical-delimiter\"><\/span><\/header><\/div><footer class=\"entry-footer\"><div class='slide-meta'><time class='slide-meta-time updated'  itemprop=\"datePublished\" datetime=\"2025-06-12T15:28:49+02:00\" >12 June 2025<\/time><\/div><\/footer><span class='hidden'>\n\t\t\t\t<span class='av-structured-data'  itemprop=\"image\" itemscope=\"itemscope\" itemtype=\"https:\/\/schema.org\/ImageObject\" >\n\t\t\t\t\t\t<span itemprop='url'>https:\/\/agencevu.com\/wp-content\/uploads\/2024\/12\/ZAN26152-2024CL18-1.jpg<\/span>\n\t\t\t\t\t\t<span itemprop='height'>684<\/span>\n\t\t\t\t\t\t<span itemprop='width'>845<\/span>\n\t\t\t\t<\/span>\n\t\t\t\t<span class='av-structured-data'  itemprop=\"publisher\" itemtype=\"https:\/\/schema.org\/Organization\" itemscope=\"itemscope\" >\n\t\t\t\t\t\t<span itemprop='name'>Fanny Demichelis<\/span>\n\t\t\t\t\t\t<span itemprop='logo' itemscope itemtype='https:\/\/schema.org\/ImageObject'>\n\t\t\t\t\t\t\t<span itemprop='url'>\/wp-content\/uploads\/2021\/05\/logo-vert-2.svg<\/span>\n\t\t\t\t\t\t <\/span>\n\t\t\t\t<\/span><span class='av-structured-data'  itemprop=\"author\" itemscope=\"itemscope\" itemtype=\"https:\/\/schema.org\/Person\" ><span itemprop='name'>Fanny Demichelis<\/span><\/span><span class='av-structured-data'  itemprop=\"datePublished\" datetime=\"2007-08-23T14:17:33+02:00\" >2024-12-27 10:49:19<\/span><span class='av-structured-data'  itemprop=\"dateModified\" itemtype=\"https:\/\/schema.org\/dateModified\" >2024-12-27 10:49:19<\/span><span class='av-structured-data'  itemprop=\"mainEntityOfPage\" itemtype=\"https:\/\/schema.org\/mainEntityOfPage\" ><span itemprop='name'>The Washington Post &#8211; Restoring Notre-Dame de Paris<\/span><\/span><\/span><\/article><\/div><div class='slide-entry-wrap'><article class='slide-entry flex_column  post-entry post-entry-219027 slide-entry-overview slide-loop-4 slide-parity-odd  av_one_third first real-thumbnail'  itemscope=\"itemscope\" itemtype=\"https:\/\/schema.org\/CreativeWork\" ><a href='https:\/\/agencevu.com\/en\/corporate\/madame-des-feuillants-campaign-winter-2024\/' data-rel='slide-1' class='slide-image' title=''><img width=\"495\" height=\"400\" src=\"https:\/\/agencevu.com\/wp-content\/uploads\/2024\/12\/BRASSELET_Madame-des-Feuillants-Hiver24-4-1-495x400.jpg\" class=\"wp-image-219175 avia-img-lazy-loading-219175 attachment-portfolio size-portfolio wp-post-image\" alt=\"\" loading=\"lazy\" srcset=\"https:\/\/agencevu.com\/wp-content\/uploads\/2024\/12\/BRASSELET_Madame-des-Feuillants-Hiver24-4-1-495x400.jpg 495w, https:\/\/agencevu.com\/wp-content\/uploads\/2024\/12\/BRASSELET_Madame-des-Feuillants-Hiver24-4-1-300x243.jpg 300w, https:\/\/agencevu.com\/wp-content\/uploads\/2024\/12\/BRASSELET_Madame-des-Feuillants-Hiver24-4-1-80x65.jpg 80w, https:\/\/agencevu.com\/wp-content\/uploads\/2024\/12\/BRASSELET_Madame-des-Feuillants-Hiver24-4-1-768x622.jpg 768w, https:\/\/agencevu.com\/wp-content\/uploads\/2024\/12\/BRASSELET_Madame-des-Feuillants-Hiver24-4-1-705x571.jpg 705w, https:\/\/agencevu.com\/wp-content\/uploads\/2024\/12\/BRASSELET_Madame-des-Feuillants-Hiver24-4-1.jpg 845w\" sizes=\"(max-width: 495px) 100vw, 495px\" \/><\/a><div class='slide-content'><header class=\"entry-content-header\"><span class=\"blog-categories minor-meta\"><a href=\"https:\/\/agencevu.com\/en\/Home\/uncategorized\/\" rel=\"tag\">Uncategorized<\/a> <a href=\"https:\/\/agencevu.com\/en\/filter_taxonomy\/campagne-publicitaire-en-2\/\" rel=\"tag\">Campagnes<\/a><a href=\"https:\/\/agencevu.com\/en\/filter_taxonomy\/mode-luxe-en\/\" rel=\"tag\">Mode &amp; Luxe<\/a><a href=\"https:\/\/agencevu.com\/en\/filter_taxonomy\/portrait-en\/\" rel=\"tag\">Portrait<\/a> <a href=\"https:\/\/agencevu.com\/en\/photographer\/camille-brasselet\/\" rel=\"tag\">Camille Brasselet<\/a> <a href=\"https:\/\/agencevu.com\/en\/section_taxonomy\/corporate-en\/\" rel=\"tag\">Corporate<\/a> <\/span><h3 class='slide-entry-title entry-title'  itemprop=\"headline\" ><a href='https:\/\/agencevu.com\/en\/corporate\/madame-des-feuillants-campaign-winter-2024\/' title='Madame des Feuillants - Campaign Winter 2024'>Madame des Feuillants - Campaign Winter 2024<\/a><\/h3><span class=\"av-vertical-delimiter\"><\/span><\/header><\/div><footer class=\"entry-footer\"><div class='slide-meta'><time class='slide-meta-time updated'  itemprop=\"datePublished\" datetime=\"2025-06-12T15:28:49+02:00\" >12 June 2025<\/time><\/div><\/footer><span class='hidden'>\n\t\t\t\t<span class='av-structured-data'  itemprop=\"image\" itemscope=\"itemscope\" itemtype=\"https:\/\/schema.org\/ImageObject\" >\n\t\t\t\t\t\t<span itemprop='url'>https:\/\/agencevu.com\/wp-content\/uploads\/2024\/12\/BRASSELET_Madame-des-Feuillants-Hiver24-4-1.jpg<\/span>\n\t\t\t\t\t\t<span itemprop='height'>684<\/span>\n\t\t\t\t\t\t<span itemprop='width'>845<\/span>\n\t\t\t\t<\/span>\n\t\t\t\t<span class='av-structured-data'  itemprop=\"publisher\" itemtype=\"https:\/\/schema.org\/Organization\" itemscope=\"itemscope\" >\n\t\t\t\t\t\t<span itemprop='name'>Fanny Demichelis<\/span>\n\t\t\t\t\t\t<span itemprop='logo' itemscope itemtype='https:\/\/schema.org\/ImageObject'>\n\t\t\t\t\t\t\t<span itemprop='url'>\/wp-content\/uploads\/2021\/05\/logo-vert-2.svg<\/span>\n\t\t\t\t\t\t <\/span>\n\t\t\t\t<\/span><span class='av-structured-data'  itemprop=\"author\" itemscope=\"itemscope\" itemtype=\"https:\/\/schema.org\/Person\" ><span itemprop='name'>Fanny Demichelis<\/span><\/span><span class='av-structured-data'  itemprop=\"datePublished\" datetime=\"2007-08-23T14:17:33+02:00\" >2024-12-24 10:22:03<\/span><span class='av-structured-data'  itemprop=\"dateModified\" itemtype=\"https:\/\/schema.org\/dateModified\" >2024-12-24 14:54:52<\/span><span class='av-structured-data'  itemprop=\"mainEntityOfPage\" itemtype=\"https:\/\/schema.org\/mainEntityOfPage\" ><span itemprop='name'>Madame des Feuillants &#8211; Campaign Winter 2024<\/span><\/span><\/span><\/article><article class='slide-entry flex_column  post-entry post-entry-219006 slide-entry-overview slide-loop-5 slide-parity-even  av_one_third  real-thumbnail'  itemscope=\"itemscope\" itemtype=\"https:\/\/schema.org\/CreativeWork\" ><a href='https:\/\/agencevu.com\/en\/corporate\/behind-store-doors-paris\/' data-rel='slide-1' class='slide-image' title=''><img width=\"495\" height=\"400\" src=\"https:\/\/agencevu.com\/wp-content\/uploads\/2024\/12\/Louis-Vuitton-Portrait-de-collaborateurs-00-Preview-495x400.jpg\" class=\"wp-image-218982 avia-img-lazy-loading-218982 attachment-portfolio size-portfolio wp-post-image\" alt=\"\" loading=\"lazy\" srcset=\"https:\/\/agencevu.com\/wp-content\/uploads\/2024\/12\/Louis-Vuitton-Portrait-de-collaborateurs-00-Preview-495x400.jpg 495w, https:\/\/agencevu.com\/wp-content\/uploads\/2024\/12\/Louis-Vuitton-Portrait-de-collaborateurs-00-Preview-300x243.jpg 300w, https:\/\/agencevu.com\/wp-content\/uploads\/2024\/12\/Louis-Vuitton-Portrait-de-collaborateurs-00-Preview-80x65.jpg 80w, https:\/\/agencevu.com\/wp-content\/uploads\/2024\/12\/Louis-Vuitton-Portrait-de-collaborateurs-00-Preview-768x622.jpg 768w, https:\/\/agencevu.com\/wp-content\/uploads\/2024\/12\/Louis-Vuitton-Portrait-de-collaborateurs-00-Preview-705x571.jpg 705w, https:\/\/agencevu.com\/wp-content\/uploads\/2024\/12\/Louis-Vuitton-Portrait-de-collaborateurs-00-Preview.jpg 845w\" sizes=\"(max-width: 495px) 100vw, 495px\" \/><\/a><div class='slide-content'><header class=\"entry-content-header\"><span class=\"blog-categories minor-meta\"> <a href=\"https:\/\/agencevu.com\/en\/filter_taxonomy\/campagne-publicitaire-en-2\/\" rel=\"tag\">Campagnes<\/a><a href=\"https:\/\/agencevu.com\/en\/filter_taxonomy\/mode-luxe-en\/\" rel=\"tag\">Mode &amp; Luxe<\/a><a href=\"https:\/\/agencevu.com\/en\/filter_taxonomy\/portrait-en\/\" rel=\"tag\">Portrait<\/a><a href=\"https:\/\/agencevu.com\/en\/filter_taxonomy\/reportage-en\/\" rel=\"tag\">Reportage<\/a> <a href=\"https:\/\/agencevu.com\/en\/photographer\/cyril-zannettacci\/\" rel=\"tag\">Cyril Zannettacci<\/a> <a href=\"https:\/\/agencevu.com\/en\/section_taxonomy\/corporate-en\/\" rel=\"tag\">Corporate<\/a> <\/span><h3 class='slide-entry-title entry-title'  itemprop=\"headline\" ><a href='https:\/\/agencevu.com\/en\/corporate\/behind-store-doors-paris\/' title='Louis Vuitton - Behind Store Doors - Paris'>Louis Vuitton - Behind Store Doors - Paris<\/a><\/h3><span class=\"av-vertical-delimiter\"><\/span><\/header><\/div><footer class=\"entry-footer\"><div class='slide-meta'><time class='slide-meta-time updated'  itemprop=\"datePublished\" datetime=\"2025-06-12T15:28:49+02:00\" >12 June 2025<\/time><\/div><\/footer><span class='hidden'>\n\t\t\t\t<span class='av-structured-data'  itemprop=\"image\" itemscope=\"itemscope\" itemtype=\"https:\/\/schema.org\/ImageObject\" >\n\t\t\t\t\t\t<span itemprop='url'>https:\/\/agencevu.com\/wp-content\/uploads\/2024\/12\/Louis-Vuitton-Portrait-de-collaborateurs-00-Preview.jpg<\/span>\n\t\t\t\t\t\t<span itemprop='height'>684<\/span>\n\t\t\t\t\t\t<span itemprop='width'>845<\/span>\n\t\t\t\t<\/span>\n\t\t\t\t<span class='av-structured-data'  itemprop=\"publisher\" itemtype=\"https:\/\/schema.org\/Organization\" itemscope=\"itemscope\" >\n\t\t\t\t\t\t<span itemprop='name'>Fanny Demichelis<\/span>\n\t\t\t\t\t\t<span itemprop='logo' itemscope itemtype='https:\/\/schema.org\/ImageObject'>\n\t\t\t\t\t\t\t<span itemprop='url'>\/wp-content\/uploads\/2021\/05\/logo-vert-2.svg<\/span>\n\t\t\t\t\t\t <\/span>\n\t\t\t\t<\/span><span class='av-structured-data'  itemprop=\"author\" itemscope=\"itemscope\" itemtype=\"https:\/\/schema.org\/Person\" ><span itemprop='name'>Fanny Demichelis<\/span><\/span><span class='av-structured-data'  itemprop=\"datePublished\" datetime=\"2007-08-23T14:17:33+02:00\" >2024-12-23 18:06:40<\/span><span class='av-structured-data'  itemprop=\"dateModified\" itemtype=\"https:\/\/schema.org\/dateModified\" >2025-01-06 13:59:44<\/span><span class='av-structured-data'  itemprop=\"mainEntityOfPage\" itemtype=\"https:\/\/schema.org\/mainEntityOfPage\" ><span itemprop='name'>Louis Vuitton &#8211; Behind Store Doors &#8211; Paris<\/span><\/span><\/span><\/article><article class='slide-entry flex_column  post-entry post-entry-216103 slide-entry-overview slide-loop-6 slide-parity-odd  av_one_third  real-thumbnail'  itemscope=\"itemscope\" itemtype=\"https:\/\/schema.org\/CreativeWork\" ><a href='https:\/\/agencevu.com\/en\/corporate\/fondation-bettencourt-schueller-laureats-scientifiques\/' data-rel='slide-1' class='slide-image' title=''><img width=\"495\" height=\"400\" src=\"https:\/\/agencevu.com\/wp-content\/uploads\/2024\/10\/IMGP6478_pp-1-495x400.jpg\" class=\"wp-image-216101 avia-img-lazy-loading-216101 attachment-portfolio size-portfolio wp-post-image\" alt=\"\" loading=\"lazy\" srcset=\"https:\/\/agencevu.com\/wp-content\/uploads\/2024\/10\/IMGP6478_pp-1-495x400.jpg 495w, https:\/\/agencevu.com\/wp-content\/uploads\/2024\/10\/IMGP6478_pp-1-300x243.jpg 300w, https:\/\/agencevu.com\/wp-content\/uploads\/2024\/10\/IMGP6478_pp-1-80x65.jpg 80w, https:\/\/agencevu.com\/wp-content\/uploads\/2024\/10\/IMGP6478_pp-1-768x622.jpg 768w, https:\/\/agencevu.com\/wp-content\/uploads\/2024\/10\/IMGP6478_pp-1-705x571.jpg 705w, https:\/\/agencevu.com\/wp-content\/uploads\/2024\/10\/IMGP6478_pp-1.jpg 845w\" sizes=\"(max-width: 495px) 100vw, 495px\" \/><\/a><div class='slide-content'><header class=\"entry-content-header\"><span class=\"blog-categories minor-meta\"> <a href=\"https:\/\/agencevu.com\/en\/filter_taxonomy\/fondations-en\/\" rel=\"tag\">Fondations<\/a><a href=\"https:\/\/agencevu.com\/en\/filter_taxonomy\/fondations-en-2\/\" rel=\"tag\">Fondations<\/a><a href=\"https:\/\/agencevu.com\/en\/filter_taxonomy\/portrait-en\/\" rel=\"tag\">Portrait<\/a><a href=\"https:\/\/agencevu.com\/en\/filter_taxonomy\/reportage-en\/\" rel=\"tag\">Reportage<\/a> <a href=\"https:\/\/agencevu.com\/en\/photographer\/franck-ferville\/\" rel=\"tag\">Franck Ferville<\/a> <a href=\"https:\/\/agencevu.com\/en\/section_taxonomy\/corporate-en\/\" rel=\"tag\">Corporate<\/a> <\/span><h3 class='slide-entry-title entry-title'  itemprop=\"headline\" ><a href='https:\/\/agencevu.com\/en\/corporate\/fondation-bettencourt-schueller-laureats-scientifiques\/' title='Fondation Bettencourt-Schueller \u2013 Scientific winners'>Fondation Bettencourt-Schueller \u2013 Scientific winners<\/a><\/h3><span class=\"av-vertical-delimiter\"><\/span><\/header><\/div><footer class=\"entry-footer\"><div class='slide-meta'><time class='slide-meta-time updated'  itemprop=\"datePublished\" datetime=\"2025-06-12T15:28:49+02:00\" >12 June 2025<\/time><\/div><\/footer><span class='hidden'>\n\t\t\t\t<span class='av-structured-data'  itemprop=\"image\" itemscope=\"itemscope\" itemtype=\"https:\/\/schema.org\/ImageObject\" >\n\t\t\t\t\t\t<span itemprop='url'>https:\/\/agencevu.com\/wp-content\/uploads\/2024\/10\/IMGP6478_pp-1.jpg<\/span>\n\t\t\t\t\t\t<span itemprop='height'>684<\/span>\n\t\t\t\t\t\t<span itemprop='width'>845<\/span>\n\t\t\t\t<\/span>\n\t\t\t\t<span class='av-structured-data'  itemprop=\"publisher\" itemtype=\"https:\/\/schema.org\/Organization\" itemscope=\"itemscope\" >\n\t\t\t\t\t\t<span itemprop='name'>Fanny Demichelis<\/span>\n\t\t\t\t\t\t<span itemprop='logo' itemscope itemtype='https:\/\/schema.org\/ImageObject'>\n\t\t\t\t\t\t\t<span itemprop='url'>\/wp-content\/uploads\/2021\/05\/logo-vert-2.svg<\/span>\n\t\t\t\t\t\t <\/span>\n\t\t\t\t<\/span><span class='av-structured-data'  itemprop=\"author\" itemscope=\"itemscope\" itemtype=\"https:\/\/schema.org\/Person\" ><span itemprop='name'>Fanny Demichelis<\/span><\/span><span class='av-structured-data'  itemprop=\"datePublished\" datetime=\"2007-08-23T14:17:33+02:00\" >2024-10-18 12:04:25<\/span><span class='av-structured-data'  itemprop=\"dateModified\" itemtype=\"https:\/\/schema.org\/dateModified\" >2025-01-31 10:43:02<\/span><span class='av-structured-data'  itemprop=\"mainEntityOfPage\" itemtype=\"https:\/\/schema.org\/mainEntityOfPage\" ><span itemprop='name'>Fondation Bettencourt-Schueller \u2013 Scientific winners<\/span><\/span><\/span><\/article><\/div><div class='slide-entry-wrap'><article class='slide-entry flex_column  post-entry post-entry-213552 slide-entry-overview slide-loop-7 slide-parity-odd  av_one_third first real-thumbnail'  itemscope=\"itemscope\" itemtype=\"https:\/\/schema.org\/CreativeWork\" ><a href='https:\/\/agencevu.com\/en\/corporate\/affiche-spectacle-gisele-halimi\/' data-rel='slide-1' class='slide-image' title=''><img width=\"495\" height=\"400\" src=\"https:\/\/agencevu.com\/wp-content\/uploads\/2024\/07\/40x60-GISEE\u030cLE-HALIMI-1-495x400.jpg\" class=\"wp-image-213548 avia-img-lazy-loading-213548 attachment-portfolio size-portfolio wp-post-image\" alt=\"\" loading=\"lazy\" srcset=\"https:\/\/agencevu.com\/wp-content\/uploads\/2024\/07\/40x60-GISEE\u030cLE-HALIMI-1-495x400.jpg 495w, https:\/\/agencevu.com\/wp-content\/uploads\/2024\/07\/40x60-GISEE\u030cLE-HALIMI-1-300x243.jpg 300w, https:\/\/agencevu.com\/wp-content\/uploads\/2024\/07\/40x60-GISEE\u030cLE-HALIMI-1-80x65.jpg 80w, https:\/\/agencevu.com\/wp-content\/uploads\/2024\/07\/40x60-GISEE\u030cLE-HALIMI-1-705x571.jpg 705w, https:\/\/agencevu.com\/wp-content\/uploads\/2024\/07\/40x60-GISEE\u030cLE-HALIMI-1.jpg 720w\" sizes=\"(max-width: 495px) 100vw, 495px\" \/><\/a><div class='slide-content'><header class=\"entry-content-header\"><span class=\"blog-categories minor-meta\"><a href=\"https:\/\/agencevu.com\/en\/Home\/home-realisations\/\" rel=\"tag\">Home-R\u00e9alisations<\/a> <a href=\"https:\/\/agencevu.com\/en\/filter_taxonomy\/fond-iconographique-en\/\" rel=\"tag\">fond iconographique<\/a><a href=\"https:\/\/agencevu.com\/en\/filter_taxonomy\/industrie-culturelle-en-2\/\" rel=\"tag\">industrie culturelle<\/a><a href=\"https:\/\/agencevu.com\/en\/filter_taxonomy\/portrait-en\/\" rel=\"tag\">Portrait<\/a> <a href=\"https:\/\/agencevu.com\/en\/photographer\/richard-dumas\/\" rel=\"tag\">Richard Dumas<\/a> <a href=\"https:\/\/agencevu.com\/en\/section_taxonomy\/corporate-en\/\" rel=\"tag\">Corporate<\/a> <\/span><h3 class='slide-entry-title entry-title'  itemprop=\"headline\" ><a href='https:\/\/agencevu.com\/en\/corporate\/affiche-spectacle-gisele-halimi\/' title='Poster for the show: &quot;Gis\u00e8le Halimi, une farouche libert\u00e9&quot;'>Poster for the show: \"Gis\u00e8le Halimi, une farouche libert\u00e9\"<\/a><\/h3><span class=\"av-vertical-delimiter\"><\/span><\/header><\/div><footer class=\"entry-footer\"><div class='slide-meta'><time class='slide-meta-time updated'  itemprop=\"datePublished\" datetime=\"2025-06-12T15:28:49+02:00\" >12 June 2025<\/time><\/div><\/footer><span class='hidden'>\n\t\t\t\t<span class='av-structured-data'  itemprop=\"image\" itemscope=\"itemscope\" itemtype=\"https:\/\/schema.org\/ImageObject\" >\n\t\t\t\t\t\t<span itemprop='url'>https:\/\/agencevu.com\/wp-content\/uploads\/2024\/07\/40x60-GISEE\u030cLE-HALIMI-1.jpg<\/span>\n\t\t\t\t\t\t<span itemprop='height'>583<\/span>\n\t\t\t\t\t\t<span itemprop='width'>720<\/span>\n\t\t\t\t<\/span>\n\t\t\t\t<span class='av-structured-data'  itemprop=\"publisher\" itemtype=\"https:\/\/schema.org\/Organization\" itemscope=\"itemscope\" >\n\t\t\t\t\t\t<span itemprop='name'>Culturel<\/span>\n\t\t\t\t\t\t<span itemprop='logo' itemscope itemtype='https:\/\/schema.org\/ImageObject'>\n\t\t\t\t\t\t\t<span itemprop='url'>\/wp-content\/uploads\/2021\/05\/logo-vert-2.svg<\/span>\n\t\t\t\t\t\t <\/span>\n\t\t\t\t<\/span><span class='av-structured-data'  itemprop=\"author\" itemscope=\"itemscope\" itemtype=\"https:\/\/schema.org\/Person\" ><span itemprop='name'>Culturel<\/span><\/span><span class='av-structured-data'  itemprop=\"datePublished\" datetime=\"2007-08-23T14:17:33+02:00\" >2024-07-03 14:50:35<\/span><span class='av-structured-data'  itemprop=\"dateModified\" itemtype=\"https:\/\/schema.org\/dateModified\" >2024-07-03 14:50:35<\/span><span class='av-structured-data'  itemprop=\"mainEntityOfPage\" itemtype=\"https:\/\/schema.org\/mainEntityOfPage\" ><span itemprop='name'>Poster for the show: &#8220;Gis\u00e8le Halimi, une farouche libert\u00e9&#8221;<\/span><\/span><\/span><\/article><article class='slide-entry flex_column  post-entry post-entry-211404 slide-entry-overview slide-loop-8 slide-parity-even  av_one_third  real-thumbnail'  itemscope=\"itemscope\" itemtype=\"https:\/\/schema.org\/CreativeWork\" ><a href='https:\/\/agencevu.com\/en\/corporate\/porosus-portraits\/' data-rel='slide-1' class='slide-image' title=''><img width=\"495\" height=\"400\" src=\"https:\/\/agencevu.com\/wp-content\/uploads\/2024\/04\/Arango_Raphae\u0308lle_Rousseau_Porosus-1-1-495x400.jpg\" class=\"wp-image-211402 avia-img-lazy-loading-211402 attachment-portfolio size-portfolio wp-post-image\" alt=\"\" loading=\"lazy\" srcset=\"https:\/\/agencevu.com\/wp-content\/uploads\/2024\/04\/Arango_Raphae\u0308lle_Rousseau_Porosus-1-1-495x400.jpg 495w, https:\/\/agencevu.com\/wp-content\/uploads\/2024\/04\/Arango_Raphae\u0308lle_Rousseau_Porosus-1-1-300x243.jpg 300w, https:\/\/agencevu.com\/wp-content\/uploads\/2024\/04\/Arango_Raphae\u0308lle_Rousseau_Porosus-1-1-80x65.jpg 80w, https:\/\/agencevu.com\/wp-content\/uploads\/2024\/04\/Arango_Raphae\u0308lle_Rousseau_Porosus-1-1-705x571.jpg 705w, https:\/\/agencevu.com\/wp-content\/uploads\/2024\/04\/Arango_Raphae\u0308lle_Rousseau_Porosus-1-1.jpg 714w\" sizes=\"(max-width: 495px) 100vw, 495px\" \/><\/a><div class='slide-content'><header class=\"entry-content-header\"><span class=\"blog-categories minor-meta\"><a href=\"https:\/\/agencevu.com\/en\/Home\/home-realisations\/\" rel=\"tag\">Home-R\u00e9alisations<\/a> <a href=\"https:\/\/agencevu.com\/en\/filter_taxonomy\/fondations-en\/\" rel=\"tag\">Fondations<\/a><a href=\"https:\/\/agencevu.com\/en\/filter_taxonomy\/fondations-en-2\/\" rel=\"tag\">Fondations<\/a><a href=\"https:\/\/agencevu.com\/en\/filter_taxonomy\/portrait-en\/\" rel=\"tag\">Portrait<\/a> <a href=\"https:\/\/agencevu.com\/en\/photographer\/lys-arango\/\" rel=\"tag\">Lys Arango<\/a> <a href=\"https:\/\/agencevu.com\/en\/section_taxonomy\/corporate-en\/\" rel=\"tag\">Corporate<\/a> <\/span><h3 class='slide-entry-title entry-title'  itemprop=\"headline\" ><a href='https:\/\/agencevu.com\/en\/corporate\/porosus-portraits\/' title='Porosus - portraits'>Porosus - portraits<\/a><\/h3><span class=\"av-vertical-delimiter\"><\/span><\/header><\/div><footer class=\"entry-footer\"><div class='slide-meta'><time class='slide-meta-time updated'  itemprop=\"datePublished\" datetime=\"2025-06-12T15:28:49+02:00\" >12 June 2025<\/time><\/div><\/footer><span class='hidden'>\n\t\t\t\t<span class='av-structured-data'  itemprop=\"image\" itemscope=\"itemscope\" itemtype=\"https:\/\/schema.org\/ImageObject\" >\n\t\t\t\t\t\t<span itemprop='url'>https:\/\/agencevu.com\/wp-content\/uploads\/2024\/04\/Arango_Raphae\u0308lle_Rousseau_Porosus-1-1.jpg<\/span>\n\t\t\t\t\t\t<span itemprop='height'>578<\/span>\n\t\t\t\t\t\t<span itemprop='width'>714<\/span>\n\t\t\t\t<\/span>\n\t\t\t\t<span class='av-structured-data'  itemprop=\"publisher\" itemtype=\"https:\/\/schema.org\/Organization\" itemscope=\"itemscope\" >\n\t\t\t\t\t\t<span itemprop='name'>Culturel<\/span>\n\t\t\t\t\t\t<span itemprop='logo' itemscope itemtype='https:\/\/schema.org\/ImageObject'>\n\t\t\t\t\t\t\t<span itemprop='url'>\/wp-content\/uploads\/2021\/05\/logo-vert-2.svg<\/span>\n\t\t\t\t\t\t <\/span>\n\t\t\t\t<\/span><span class='av-structured-data'  itemprop=\"author\" itemscope=\"itemscope\" itemtype=\"https:\/\/schema.org\/Person\" ><span itemprop='name'>Culturel<\/span><\/span><span class='av-structured-data'  itemprop=\"datePublished\" datetime=\"2007-08-23T14:17:33+02:00\" >2024-04-24 16:06:06<\/span><span class='av-structured-data'  itemprop=\"dateModified\" itemtype=\"https:\/\/schema.org\/dateModified\" >2025-01-31 10:45:54<\/span><span class='av-structured-data'  itemprop=\"mainEntityOfPage\" itemtype=\"https:\/\/schema.org\/mainEntityOfPage\" ><span itemprop='name'>Porosus &#8211; portraits<\/span><\/span><\/span><\/article><article class='slide-entry flex_column  post-entry post-entry-211123 slide-entry-overview slide-loop-9 slide-parity-odd  av_one_third  real-thumbnail'  itemscope=\"itemscope\" itemtype=\"https:\/\/schema.org\/CreativeWork\" ><a href='https:\/\/agencevu.com\/en\/corporate\/ensemble-intercontemporain-portraits\/' data-rel='slide-1' class='slide-image' title=''><img width=\"495\" height=\"400\" src=\"https:\/\/agencevu.com\/wp-content\/uploads\/2024\/04\/dai\u0308-fujikura-compositeur-2-495x400.jpg\" class=\"wp-image-211119 avia-img-lazy-loading-211119 attachment-portfolio size-portfolio wp-post-image\" alt=\"\" loading=\"lazy\" srcset=\"https:\/\/agencevu.com\/wp-content\/uploads\/2024\/04\/dai\u0308-fujikura-compositeur-2-495x400.jpg 495w, https:\/\/agencevu.com\/wp-content\/uploads\/2024\/04\/dai\u0308-fujikura-compositeur-2-300x243.jpg 300w, https:\/\/agencevu.com\/wp-content\/uploads\/2024\/04\/dai\u0308-fujikura-compositeur-2-80x65.jpg 80w, https:\/\/agencevu.com\/wp-content\/uploads\/2024\/04\/dai\u0308-fujikura-compositeur-2-768x622.jpg 768w, https:\/\/agencevu.com\/wp-content\/uploads\/2024\/04\/dai\u0308-fujikura-compositeur-2-705x571.jpg 705w, https:\/\/agencevu.com\/wp-content\/uploads\/2024\/04\/dai\u0308-fujikura-compositeur-2.jpg 845w\" sizes=\"(max-width: 495px) 100vw, 495px\" \/><\/a><div class='slide-content'><header class=\"entry-content-header\"><span class=\"blog-categories minor-meta\"> <a href=\"https:\/\/agencevu.com\/en\/filter_taxonomy\/industrie-culturelle-en-2\/\" rel=\"tag\">industrie culturelle<\/a><a href=\"https:\/\/agencevu.com\/en\/filter_taxonomy\/portrait-en\/\" rel=\"tag\">Portrait<\/a> <a href=\"https:\/\/agencevu.com\/en\/photographer\/franck-ferville\/\" rel=\"tag\">Franck Ferville<\/a> <a href=\"https:\/\/agencevu.com\/en\/section_taxonomy\/corporate-en\/\" rel=\"tag\">Corporate<\/a> <\/span><h3 class='slide-entry-title entry-title'  itemprop=\"headline\" ><a href='https:\/\/agencevu.com\/en\/corporate\/ensemble-intercontemporain-portraits\/' title='Ensemble Intercontemporain - portraits'>Ensemble Intercontemporain - portraits<\/a><\/h3><span class=\"av-vertical-delimiter\"><\/span><\/header><\/div><footer class=\"entry-footer\"><div class='slide-meta'><time class='slide-meta-time updated'  itemprop=\"datePublished\" datetime=\"2025-06-12T15:28:49+02:00\" >12 June 2025<\/time><\/div><\/footer><span class='hidden'>\n\t\t\t\t<span class='av-structured-data'  itemprop=\"image\" itemscope=\"itemscope\" itemtype=\"https:\/\/schema.org\/ImageObject\" >\n\t\t\t\t\t\t<span itemprop='url'>https:\/\/agencevu.com\/wp-content\/uploads\/2024\/04\/dai\u0308-fujikura-compositeur-2.jpg<\/span>\n\t\t\t\t\t\t<span itemprop='height'>684<\/span>\n\t\t\t\t\t\t<span itemprop='width'>845<\/span>\n\t\t\t\t<\/span>\n\t\t\t\t<span class='av-structured-data'  itemprop=\"publisher\" itemtype=\"https:\/\/schema.org\/Organization\" itemscope=\"itemscope\" >\n\t\t\t\t\t\t<span itemprop='name'>Culturel<\/span>\n\t\t\t\t\t\t<span itemprop='logo' itemscope itemtype='https:\/\/schema.org\/ImageObject'>\n\t\t\t\t\t\t\t<span itemprop='url'>\/wp-content\/uploads\/2021\/05\/logo-vert-2.svg<\/span>\n\t\t\t\t\t\t <\/span>\n\t\t\t\t<\/span><span class='av-structured-data'  itemprop=\"author\" itemscope=\"itemscope\" itemtype=\"https:\/\/schema.org\/Person\" ><span itemprop='name'>Culturel<\/span><\/span><span class='av-structured-data'  itemprop=\"datePublished\" datetime=\"2007-08-23T14:17:33+02:00\" >2024-04-16 12:44:51<\/span><span class='av-structured-data'  itemprop=\"dateModified\" itemtype=\"https:\/\/schema.org\/dateModified\" >2024-04-16 12:44:51<\/span><span class='av-structured-data'  itemprop=\"mainEntityOfPage\" itemtype=\"https:\/\/schema.org\/mainEntityOfPage\" ><span itemprop='name'>Ensemble Intercontemporain &#8211; portraits<\/span><\/span><\/span><\/article><\/div><div class='slide-entry-wrap'><article class='slide-entry flex_column  post-entry post-entry-206274 slide-entry-overview slide-loop-10 slide-parity-odd  av_one_third first real-thumbnail'  itemscope=\"itemscope\" itemtype=\"https:\/\/schema.org\/CreativeWork\" ><a href='https:\/\/agencevu.com\/en\/corporate\/portraits-hyperreve\/' data-rel='slide-1' class='slide-image' title=''><img width=\"495\" height=\"400\" src=\"https:\/\/agencevu.com\/wp-content\/uploads\/2023\/10\/HYPERREVE-2023-DSCF9468-1-495x400.jpg\" class=\"wp-image-206269 avia-img-lazy-loading-206269 attachment-portfolio size-portfolio wp-post-image\" alt=\"\" loading=\"lazy\" srcset=\"https:\/\/agencevu.com\/wp-content\/uploads\/2023\/10\/HYPERREVE-2023-DSCF9468-1-495x400.jpg 495w, https:\/\/agencevu.com\/wp-content\/uploads\/2023\/10\/HYPERREVE-2023-DSCF9468-1-300x243.jpg 300w, https:\/\/agencevu.com\/wp-content\/uploads\/2023\/10\/HYPERREVE-2023-DSCF9468-1-80x65.jpg 80w, https:\/\/agencevu.com\/wp-content\/uploads\/2023\/10\/HYPERREVE-2023-DSCF9468-1-768x622.jpg 768w, https:\/\/agencevu.com\/wp-content\/uploads\/2023\/10\/HYPERREVE-2023-DSCF9468-1-705x571.jpg 705w, https:\/\/agencevu.com\/wp-content\/uploads\/2023\/10\/HYPERREVE-2023-DSCF9468-1.jpg 845w\" sizes=\"(max-width: 495px) 100vw, 495px\" \/><\/a><div class='slide-content'><header class=\"entry-content-header\"><span class=\"blog-categories minor-meta\"><a href=\"https:\/\/agencevu.com\/en\/Home\/home-realisations\/\" rel=\"tag\">Home-R\u00e9alisations<\/a> <a href=\"https:\/\/agencevu.com\/en\/filter_taxonomy\/industrie-culturelle-en\/\" rel=\"tag\">industrie culturelle<\/a><a href=\"https:\/\/agencevu.com\/en\/filter_taxonomy\/portrait-en\/\" rel=\"tag\">Portrait<\/a> <a href=\"https:\/\/agencevu.com\/en\/photographer\/richard-dumas\/\" rel=\"tag\">Richard Dumas<\/a> <a href=\"https:\/\/agencevu.com\/en\/section_taxonomy\/corporate-en\/\" rel=\"tag\">Corporate<\/a> <\/span><h3 class='slide-entry-title entry-title'  itemprop=\"headline\" ><a href='https:\/\/agencevu.com\/en\/corporate\/portraits-hyperreve\/' title='Portraits Hyperr\u00eave'>Portraits Hyperr\u00eave<\/a><\/h3><span class=\"av-vertical-delimiter\"><\/span><\/header><\/div><footer class=\"entry-footer\"><div class='slide-meta'><time class='slide-meta-time updated'  itemprop=\"datePublished\" datetime=\"2025-06-12T15:28:49+02:00\" >12 June 2025<\/time><\/div><\/footer><span class='hidden'>\n\t\t\t\t<span class='av-structured-data'  itemprop=\"image\" itemscope=\"itemscope\" itemtype=\"https:\/\/schema.org\/ImageObject\" >\n\t\t\t\t\t\t<span itemprop='url'>https:\/\/agencevu.com\/wp-content\/uploads\/2023\/10\/HYPERREVE-2023-DSCF9468-1.jpg<\/span>\n\t\t\t\t\t\t<span itemprop='height'>684<\/span>\n\t\t\t\t\t\t<span itemprop='width'>845<\/span>\n\t\t\t\t<\/span>\n\t\t\t\t<span class='av-structured-data'  itemprop=\"publisher\" itemtype=\"https:\/\/schema.org\/Organization\" itemscope=\"itemscope\" >\n\t\t\t\t\t\t<span itemprop='name'>Culturel<\/span>\n\t\t\t\t\t\t<span itemprop='logo' itemscope itemtype='https:\/\/schema.org\/ImageObject'>\n\t\t\t\t\t\t\t<span itemprop='url'>\/wp-content\/uploads\/2021\/05\/logo-vert-2.svg<\/span>\n\t\t\t\t\t\t <\/span>\n\t\t\t\t<\/span><span class='av-structured-data'  itemprop=\"author\" itemscope=\"itemscope\" itemtype=\"https:\/\/schema.org\/Person\" ><span itemprop='name'>Culturel<\/span><\/span><span class='av-structured-data'  itemprop=\"datePublished\" datetime=\"2007-08-23T14:17:33+02:00\" >2023-10-13 10:22:53<\/span><span class='av-structured-data'  itemprop=\"dateModified\" itemtype=\"https:\/\/schema.org\/dateModified\" >2024-02-29 12:14:49<\/span><span class='av-structured-data'  itemprop=\"mainEntityOfPage\" itemtype=\"https:\/\/schema.org\/mainEntityOfPage\" ><span itemprop='name'>Portraits Hyperr\u00eave<\/span><\/span><\/span><\/article><article class='slide-entry flex_column  post-entry post-entry-203572 slide-entry-overview slide-loop-11 slide-parity-even  av_one_third  real-thumbnail'  itemscope=\"itemscope\" itemtype=\"https:\/\/schema.org\/CreativeWork\" ><a href='https:\/\/agencevu.com\/en\/corporate\/guerlain-campagne-recrutement\/' data-rel='slide-1' class='slide-image' title=''><img width=\"495\" height=\"400\" src=\"https:\/\/agencevu.com\/wp-content\/uploads\/2024\/03\/240423_GUERLAIN_ALCHIMISYES_FINALCREA_02-495x400.jpg\" class=\"wp-image-210059 avia-img-lazy-loading-210059 attachment-portfolio size-portfolio wp-post-image\" alt=\"\" loading=\"lazy\" srcset=\"https:\/\/agencevu.com\/wp-content\/uploads\/2024\/03\/240423_GUERLAIN_ALCHIMISYES_FINALCREA_02-495x400.jpg 495w, https:\/\/agencevu.com\/wp-content\/uploads\/2024\/03\/240423_GUERLAIN_ALCHIMISYES_FINALCREA_02-300x243.jpg 300w, https:\/\/agencevu.com\/wp-content\/uploads\/2024\/03\/240423_GUERLAIN_ALCHIMISYES_FINALCREA_02-80x65.jpg 80w, https:\/\/agencevu.com\/wp-content\/uploads\/2024\/03\/240423_GUERLAIN_ALCHIMISYES_FINALCREA_02-768x621.jpg 768w, https:\/\/agencevu.com\/wp-content\/uploads\/2024\/03\/240423_GUERLAIN_ALCHIMISYES_FINALCREA_02-845x684.jpg 845w, https:\/\/agencevu.com\/wp-content\/uploads\/2024\/03\/240423_GUERLAIN_ALCHIMISYES_FINALCREA_02-705x570.jpg 705w, https:\/\/agencevu.com\/wp-content\/uploads\/2024\/03\/240423_GUERLAIN_ALCHIMISYES_FINALCREA_02.jpg 864w\" sizes=\"(max-width: 495px) 100vw, 495px\" \/><\/a><div class='slide-content'><header class=\"entry-content-header\"><span class=\"blog-categories minor-meta\"><a href=\"https:\/\/agencevu.com\/en\/Home\/home-realisations\/\" rel=\"tag\">Home-R\u00e9alisations<\/a> <a href=\"https:\/\/agencevu.com\/en\/filter_taxonomy\/campagne-publicitaire-en-2\/\" rel=\"tag\">Campagnes<\/a><a href=\"https:\/\/agencevu.com\/en\/filter_taxonomy\/mode-luxe-en\/\" rel=\"tag\">Mode &amp; Luxe<\/a><a href=\"https:\/\/agencevu.com\/en\/filter_taxonomy\/portrait-en\/\" rel=\"tag\">Portrait<\/a><a href=\"https:\/\/agencevu.com\/en\/filter_taxonomy\/reportage-en\/\" rel=\"tag\">Reportage<\/a> <a href=\"https:\/\/agencevu.com\/en\/photographer\/cyril-zannettacci\/\" rel=\"tag\">Cyril Zannettacci<\/a> <a href=\"https:\/\/agencevu.com\/en\/section_taxonomy\/corporate-en\/\" rel=\"tag\">Corporate<\/a> <\/span><h3 class='slide-entry-title entry-title'  itemprop=\"headline\" ><a href='https:\/\/agencevu.com\/en\/corporate\/guerlain-campagne-recrutement\/' title='Guerlain - Recruitment campaign'>Guerlain - Recruitment campaign<\/a><\/h3><span class=\"av-vertical-delimiter\"><\/span><\/header><\/div><footer class=\"entry-footer\"><div class='slide-meta'><time class='slide-meta-time updated'  itemprop=\"datePublished\" datetime=\"2025-06-12T15:28:49+02:00\" >12 June 2025<\/time><\/div><\/footer><span class='hidden'>\n\t\t\t\t<span class='av-structured-data'  itemprop=\"image\" itemscope=\"itemscope\" itemtype=\"https:\/\/schema.org\/ImageObject\" >\n\t\t\t\t\t\t<span itemprop='url'>https:\/\/agencevu.com\/wp-content\/uploads\/2024\/03\/240423_GUERLAIN_ALCHIMISYES_FINALCREA_02.jpg<\/span>\n\t\t\t\t\t\t<span itemprop='height'>699<\/span>\n\t\t\t\t\t\t<span itemprop='width'>864<\/span>\n\t\t\t\t<\/span>\n\t\t\t\t<span class='av-structured-data'  itemprop=\"publisher\" itemtype=\"https:\/\/schema.org\/Organization\" itemscope=\"itemscope\" >\n\t\t\t\t\t\t<span itemprop='name'>Fanny Demichelis<\/span>\n\t\t\t\t\t\t<span itemprop='logo' itemscope itemtype='https:\/\/schema.org\/ImageObject'>\n\t\t\t\t\t\t\t<span itemprop='url'>\/wp-content\/uploads\/2021\/05\/logo-vert-2.svg<\/span>\n\t\t\t\t\t\t <\/span>\n\t\t\t\t<\/span><span class='av-structured-data'  itemprop=\"author\" itemscope=\"itemscope\" itemtype=\"https:\/\/schema.org\/Person\" ><span itemprop='name'>Fanny Demichelis<\/span><\/span><span class='av-structured-data'  itemprop=\"datePublished\" datetime=\"2007-08-23T14:17:33+02:00\" >2023-07-28 16:29:17<\/span><span class='av-structured-data'  itemprop=\"dateModified\" itemtype=\"https:\/\/schema.org\/dateModified\" >2024-03-06 11:08:11<\/span><span class='av-structured-data'  itemprop=\"mainEntityOfPage\" itemtype=\"https:\/\/schema.org\/mainEntityOfPage\" ><span itemprop='name'>Guerlain &#8211; Recruitment campaign<\/span><\/span><\/span><\/article><article class='slide-entry flex_column  post-entry post-entry-204927 slide-entry-overview slide-loop-12 slide-parity-odd  av_one_third  real-thumbnail'  itemscope=\"itemscope\" itemtype=\"https:\/\/schema.org\/CreativeWork\" ><a href='https:\/\/agencevu.com\/en\/corporate\/tanguy-pinault-campagne-communication\/' data-rel='slide-1' class='slide-image' title=''><img width=\"495\" height=\"400\" src=\"https:\/\/agencevu.com\/wp-content\/uploads\/2023\/09\/BRASSELET_Collaboration-Tanguy-Pinault-495x400.jpg\" class=\"wp-image-204812 avia-img-lazy-loading-204812 attachment-portfolio size-portfolio wp-post-image\" alt=\"\" loading=\"lazy\" \/><\/a><div class='slide-content'><header class=\"entry-content-header\"><span class=\"blog-categories minor-meta\"> <a href=\"https:\/\/agencevu.com\/en\/filter_taxonomy\/mode-luxe-en\/\" rel=\"tag\">Mode &amp; Luxe<\/a><a href=\"https:\/\/agencevu.com\/en\/filter_taxonomy\/portrait-en\/\" rel=\"tag\">Portrait<\/a><a href=\"https:\/\/agencevu.com\/en\/filter_taxonomy\/still-life-en\/\" rel=\"tag\">Still Life<\/a> <a href=\"https:\/\/agencevu.com\/en\/photographer\/camille-brasselet\/\" rel=\"tag\">Camille Brasselet<\/a> <a href=\"https:\/\/agencevu.com\/en\/section_taxonomy\/corporate-en\/\" rel=\"tag\">Corporate<\/a> <\/span><h3 class='slide-entry-title entry-title'  itemprop=\"headline\" ><a href='https:\/\/agencevu.com\/en\/corporate\/tanguy-pinault-campagne-communication\/' title='Tanguy Pinault - Communication campaign'>Tanguy Pinault - Communication campaign<\/a><\/h3><span class=\"av-vertical-delimiter\"><\/span><\/header><\/div><footer class=\"entry-footer\"><div class='slide-meta'><time class='slide-meta-time updated'  itemprop=\"datePublished\" datetime=\"2025-06-12T15:28:49+02:00\" >12 June 2025<\/time><\/div><\/footer><span class='hidden'>\n\t\t\t\t<span class='av-structured-data'  itemprop=\"image\" itemscope=\"itemscope\" itemtype=\"https:\/\/schema.org\/ImageObject\" >\n\t\t\t\t\t\t<span itemprop='url'>https:\/\/agencevu.com\/wp-content\/uploads\/2023\/09\/BRASSELET_Collaboration-Tanguy-Pinault.jpg<\/span>\n\t\t\t\t\t\t<span itemprop='height'>1080<\/span>\n\t\t\t\t\t\t<span itemprop='width'>720<\/span>\n\t\t\t\t<\/span>\n\t\t\t\t<span class='av-structured-data'  itemprop=\"publisher\" itemtype=\"https:\/\/schema.org\/Organization\" itemscope=\"itemscope\" >\n\t\t\t\t\t\t<span itemprop='name'>Fanny Demichelis<\/span>\n\t\t\t\t\t\t<span itemprop='logo' itemscope itemtype='https:\/\/schema.org\/ImageObject'>\n\t\t\t\t\t\t\t<span itemprop='url'>\/wp-content\/uploads\/2021\/05\/logo-vert-2.svg<\/span>\n\t\t\t\t\t\t <\/span>\n\t\t\t\t<\/span><span class='av-structured-data'  itemprop=\"author\" itemscope=\"itemscope\" itemtype=\"https:\/\/schema.org\/Person\" ><span itemprop='name'>Fanny Demichelis<\/span><\/span><span class='av-structured-data'  itemprop=\"datePublished\" datetime=\"2007-08-23T14:17:33+02:00\" >2023-05-06 15:45:03<\/span><span class='av-structured-data'  itemprop=\"dateModified\" itemtype=\"https:\/\/schema.org\/dateModified\" >2023-09-06 16:12:09<\/span><span class='av-structured-data'  itemprop=\"mainEntityOfPage\" itemtype=\"https:\/\/schema.org\/mainEntityOfPage\" ><span itemprop='name'>Tanguy Pinault &#8211; Communication campaign<\/span><\/span><\/span><\/article><\/div><div class='slide-entry-wrap'><article class='slide-entry flex_column  post-entry post-entry-199043 slide-entry-overview slide-loop-13 slide-parity-odd  av_one_third first real-thumbnail'  itemscope=\"itemscope\" itemtype=\"https:\/\/schema.org\/CreativeWork\" ><a href='https:\/\/agencevu.com\/en\/corporate\/sidaction\/' data-rel='slide-1' class='slide-image' title=''><img width=\"495\" height=\"400\" src=\"https:\/\/agencevu.com\/wp-content\/uploads\/2023\/04\/Sidragtion.SELBERT.VU_.HD-31-495x400.jpg\" class=\"wp-image-199000 avia-img-lazy-loading-199000 attachment-portfolio size-portfolio wp-post-image\" alt=\"\" loading=\"lazy\" srcset=\"https:\/\/agencevu.com\/wp-content\/uploads\/2023\/04\/Sidragtion.SELBERT.VU_.HD-31-495x400.jpg 495w, https:\/\/agencevu.com\/wp-content\/uploads\/2023\/04\/Sidragtion.SELBERT.VU_.HD-31-300x243.jpg 300w, https:\/\/agencevu.com\/wp-content\/uploads\/2023\/04\/Sidragtion.SELBERT.VU_.HD-31-80x65.jpg 80w, https:\/\/agencevu.com\/wp-content\/uploads\/2023\/04\/Sidragtion.SELBERT.VU_.HD-31-768x622.jpg 768w, https:\/\/agencevu.com\/wp-content\/uploads\/2023\/04\/Sidragtion.SELBERT.VU_.HD-31-705x571.jpg 705w, https:\/\/agencevu.com\/wp-content\/uploads\/2023\/04\/Sidragtion.SELBERT.VU_.HD-31.jpg 845w\" sizes=\"(max-width: 495px) 100vw, 495px\" \/><\/a><div class='slide-content'><header class=\"entry-content-header\"><span class=\"blog-categories minor-meta\"><a href=\"https:\/\/agencevu.com\/en\/Home\/home-realisations\/\" rel=\"tag\">Home-R\u00e9alisations<\/a> <a href=\"https:\/\/agencevu.com\/en\/filter_taxonomy\/evenementiel-2\/\" rel=\"tag\">\u00c9V\u00c8NEMENTIEL<\/a><a href=\"https:\/\/agencevu.com\/en\/filter_taxonomy\/fondations-en\/\" rel=\"tag\">Fondations<\/a><a href=\"https:\/\/agencevu.com\/en\/filter_taxonomy\/fondations-en-2\/\" rel=\"tag\">Fondations<\/a><a href=\"https:\/\/agencevu.com\/en\/filter_taxonomy\/portrait-en\/\" rel=\"tag\">Portrait<\/a><a href=\"https:\/\/agencevu.com\/en\/filter_taxonomy\/reportage-en\/\" rel=\"tag\">Reportage<\/a> <a href=\"https:\/\/agencevu.com\/en\/photographer\/projets-collaboratifs\/\" rel=\"tag\">Collaborative project<\/a> <a href=\"https:\/\/agencevu.com\/en\/section_taxonomy\/corporate-en\/\" rel=\"tag\">Corporate<\/a> <\/span><h3 class='slide-entry-title entry-title'  itemprop=\"headline\" ><a href='https:\/\/agencevu.com\/en\/corporate\/sidaction\/' title='Sidaction'>Sidaction<\/a><\/h3><span class=\"av-vertical-delimiter\"><\/span><\/header><\/div><footer class=\"entry-footer\"><div class='slide-meta'><time class='slide-meta-time updated'  itemprop=\"datePublished\" datetime=\"2025-06-12T15:28:49+02:00\" >12 June 2025<\/time><\/div><\/footer><span class='hidden'>\n\t\t\t\t<span class='av-structured-data'  itemprop=\"image\" itemscope=\"itemscope\" itemtype=\"https:\/\/schema.org\/ImageObject\" >\n\t\t\t\t\t\t<span itemprop='url'>https:\/\/agencevu.com\/wp-content\/uploads\/2023\/04\/Sidragtion.SELBERT.VU_.HD-31.jpg<\/span>\n\t\t\t\t\t\t<span itemprop='height'>684<\/span>\n\t\t\t\t\t\t<span itemprop='width'>845<\/span>\n\t\t\t\t<\/span>\n\t\t\t\t<span class='av-structured-data'  itemprop=\"publisher\" itemtype=\"https:\/\/schema.org\/Organization\" itemscope=\"itemscope\" >\n\t\t\t\t\t\t<span itemprop='name'>Fanny Demichelis<\/span>\n\t\t\t\t\t\t<span itemprop='logo' itemscope itemtype='https:\/\/schema.org\/ImageObject'>\n\t\t\t\t\t\t\t<span itemprop='url'>\/wp-content\/uploads\/2021\/05\/logo-vert-2.svg<\/span>\n\t\t\t\t\t\t <\/span>\n\t\t\t\t<\/span><span class='av-structured-data'  itemprop=\"author\" itemscope=\"itemscope\" itemtype=\"https:\/\/schema.org\/Person\" ><span itemprop='name'>Fanny Demichelis<\/span><\/span><span class='av-structured-data'  itemprop=\"datePublished\" datetime=\"2007-08-23T14:17:33+02:00\" >2023-04-04 11:12:31<\/span><span class='av-structured-data'  itemprop=\"dateModified\" itemtype=\"https:\/\/schema.org\/dateModified\" >2025-01-31 10:46:57<\/span><span class='av-structured-data'  itemprop=\"mainEntityOfPage\" itemtype=\"https:\/\/schema.org\/mainEntityOfPage\" ><span itemprop='name'>Sidaction<\/span><\/span><\/span><\/article><article class='slide-entry flex_column  post-entry post-entry-204923 slide-entry-overview slide-loop-14 slide-parity-even  av_one_third  real-thumbnail'  itemscope=\"itemscope\" itemtype=\"https:\/\/schema.org\/CreativeWork\" ><a href='https:\/\/agencevu.com\/en\/corporate\/madame-des-feuillants-campagne\/' data-rel='slide-1' class='slide-image' title=''><img width=\"495\" height=\"400\" src=\"https:\/\/agencevu.com\/wp-content\/uploads\/2023\/09\/BRASSELET_Madame-des-feuillants-Hiver-2022-1-495x400.jpg\" class=\"wp-image-204800 avia-img-lazy-loading-204800 attachment-portfolio size-portfolio wp-post-image\" alt=\"\" loading=\"lazy\" \/><\/a><div class='slide-content'><header class=\"entry-content-header\"><span class=\"blog-categories minor-meta\"><a href=\"https:\/\/agencevu.com\/en\/Home\/home-realisations\/\" rel=\"tag\">Home-R\u00e9alisations<\/a> <a href=\"https:\/\/agencevu.com\/en\/filter_taxonomy\/campagne-publicitaire-en-2\/\" rel=\"tag\">Campagnes<\/a><a href=\"https:\/\/agencevu.com\/en\/filter_taxonomy\/mode-luxe-en\/\" rel=\"tag\">Mode &amp; Luxe<\/a><a href=\"https:\/\/agencevu.com\/en\/filter_taxonomy\/portrait-en\/\" rel=\"tag\">Portrait<\/a> <a href=\"https:\/\/agencevu.com\/en\/photographer\/camille-brasselet\/\" rel=\"tag\">Camille Brasselet<\/a> <a href=\"https:\/\/agencevu.com\/en\/section_taxonomy\/corporate-en\/\" rel=\"tag\">Corporate<\/a> <\/span><h3 class='slide-entry-title entry-title'  itemprop=\"headline\" ><a href='https:\/\/agencevu.com\/en\/corporate\/madame-des-feuillants-campagne\/' title='Madame des Feuillants - Spring\/winter campaign'>Madame des Feuillants - Spring\/winter campaign<\/a><\/h3><span class=\"av-vertical-delimiter\"><\/span><\/header><\/div><footer class=\"entry-footer\"><div class='slide-meta'><time class='slide-meta-time updated'  itemprop=\"datePublished\" datetime=\"2025-06-12T15:28:49+02:00\" >12 June 2025<\/time><\/div><\/footer><span class='hidden'>\n\t\t\t\t<span class='av-structured-data'  itemprop=\"image\" itemscope=\"itemscope\" itemtype=\"https:\/\/schema.org\/ImageObject\" >\n\t\t\t\t\t\t<span itemprop='url'>https:\/\/agencevu.com\/wp-content\/uploads\/2023\/09\/BRASSELET_Madame-des-feuillants-Hiver-2022-1.jpg<\/span>\n\t\t\t\t\t\t<span itemprop='height'>1080<\/span>\n\t\t\t\t\t\t<span itemprop='width'>720<\/span>\n\t\t\t\t<\/span>\n\t\t\t\t<span class='av-structured-data'  itemprop=\"publisher\" itemtype=\"https:\/\/schema.org\/Organization\" itemscope=\"itemscope\" >\n\t\t\t\t\t\t<span itemprop='name'>Fanny Demichelis<\/span>\n\t\t\t\t\t\t<span itemprop='logo' itemscope itemtype='https:\/\/schema.org\/ImageObject'>\n\t\t\t\t\t\t\t<span itemprop='url'>\/wp-content\/uploads\/2021\/05\/logo-vert-2.svg<\/span>\n\t\t\t\t\t\t <\/span>\n\t\t\t\t<\/span><span class='av-structured-data'  itemprop=\"author\" itemscope=\"itemscope\" itemtype=\"https:\/\/schema.org\/Person\" ><span itemprop='name'>Fanny Demichelis<\/span><\/span><span class='av-structured-data'  itemprop=\"datePublished\" datetime=\"2007-08-23T14:17:33+02:00\" >2022-09-06 15:51:30<\/span><span class='av-structured-data'  itemprop=\"dateModified\" itemtype=\"https:\/\/schema.org\/dateModified\" >2023-09-06 16:14:16<\/span><span class='av-structured-data'  itemprop=\"mainEntityOfPage\" itemtype=\"https:\/\/schema.org\/mainEntityOfPage\" ><span itemprop='name'>Madame des Feuillants &#8211; Spring\/winter campaign<\/span><\/span><\/span><\/article><article class='slide-entry flex_column  post-entry post-entry-187493 slide-entry-overview slide-loop-15 slide-parity-odd  av_one_third  real-thumbnail'  itemscope=\"itemscope\" itemtype=\"https:\/\/schema.org\/CreativeWork\" ><a href='https:\/\/agencevu.com\/en\/corporate\/ministere-de-la-culture-ete-culturel-2022\/' data-rel='slide-1' class='slide-image' title=''><img width=\"495\" height=\"400\" src=\"https:\/\/agencevu.com\/wp-content\/uploads\/2024\/03\/AFFICHES_e\u0301te\u0301_cult_2022_40x60cm-metropole-2-1-495x400.jpg\" class=\"wp-image-210057 avia-img-lazy-loading-210057 attachment-portfolio size-portfolio wp-post-image\" alt=\"\" loading=\"lazy\" srcset=\"https:\/\/agencevu.com\/wp-content\/uploads\/2024\/03\/AFFICHES_e\u0301te\u0301_cult_2022_40x60cm-metropole-2-1-495x400.jpg 495w, https:\/\/agencevu.com\/wp-content\/uploads\/2024\/03\/AFFICHES_e\u0301te\u0301_cult_2022_40x60cm-metropole-2-1-300x243.jpg 300w, https:\/\/agencevu.com\/wp-content\/uploads\/2024\/03\/AFFICHES_e\u0301te\u0301_cult_2022_40x60cm-metropole-2-1-80x65.jpg 80w, https:\/\/agencevu.com\/wp-content\/uploads\/2024\/03\/AFFICHES_e\u0301te\u0301_cult_2022_40x60cm-metropole-2-1-705x571.jpg 705w, https:\/\/agencevu.com\/wp-content\/uploads\/2024\/03\/AFFICHES_e\u0301te\u0301_cult_2022_40x60cm-metropole-2-1.jpg 711w\" sizes=\"(max-width: 495px) 100vw, 495px\" \/><\/a><div class='slide-content'><header class=\"entry-content-header\"><span class=\"blog-categories minor-meta\"> <a href=\"https:\/\/agencevu.com\/en\/filter_taxonomy\/campagne-publicitaire-en-2\/\" rel=\"tag\">Campagnes<\/a><a href=\"https:\/\/agencevu.com\/en\/filter_taxonomy\/institution-publique-en\/\" rel=\"tag\">institution publique<\/a><a href=\"https:\/\/agencevu.com\/en\/filter_taxonomy\/portrait-en\/\" rel=\"tag\">Portrait<\/a> <a href=\"https:\/\/agencevu.com\/en\/photographer\/cyril-zannettacci\/\" rel=\"tag\">Cyril Zannettacci<\/a> <a href=\"https:\/\/agencevu.com\/en\/section_taxonomy\/corporate-en\/\" rel=\"tag\">Corporate<\/a> <\/span><h3 class='slide-entry-title entry-title'  itemprop=\"headline\" ><a href='https:\/\/agencevu.com\/en\/corporate\/ministere-de-la-culture-ete-culturel-2022\/' title='Minist\u00e8re de la Culture \u2013 L\u2019\u00c9t\u00e9 culturel 2022'>Minist\u00e8re de la Culture \u2013 L\u2019\u00c9t\u00e9 culturel 2022<\/a><\/h3><span class=\"av-vertical-delimiter\"><\/span><\/header><div class='slide-entry-excerpt entry-content'  itemprop=\"text\" >\r\n\r\n<\/div><\/div><footer class=\"entry-footer\"><div class='slide-meta'><time class='slide-meta-time updated'  itemprop=\"datePublished\" datetime=\"2022-07-19T14:37:32+02:00\" >19 July 2022<\/time><\/div><\/footer><span class='hidden'>\n\t\t\t\t<span class='av-structured-data'  itemprop=\"image\" itemscope=\"itemscope\" itemtype=\"https:\/\/schema.org\/ImageObject\" >\n\t\t\t\t\t\t<span itemprop='url'>https:\/\/agencevu.com\/wp-content\/uploads\/2024\/03\/AFFICHES_e\u0301te\u0301_cult_2022_40x60cm-metropole-2-1.jpg<\/span>\n\t\t\t\t\t\t<span itemprop='height'>576<\/span>\n\t\t\t\t\t\t<span itemprop='width'>711<\/span>\n\t\t\t\t<\/span>\n\t\t\t\t<span class='av-structured-data'  itemprop=\"publisher\" itemtype=\"https:\/\/schema.org\/Organization\" itemscope=\"itemscope\" >\n\t\t\t\t\t\t<span itemprop='name'>Fanny Demichelis<\/span>\n\t\t\t\t\t\t<span itemprop='logo' itemscope itemtype='https:\/\/schema.org\/ImageObject'>\n\t\t\t\t\t\t\t<span itemprop='url'>\/wp-content\/uploads\/2021\/05\/logo-vert-2.svg<\/span>\n\t\t\t\t\t\t <\/span>\n\t\t\t\t<\/span><span class='av-structured-data'  itemprop=\"author\" itemscope=\"itemscope\" itemtype=\"https:\/\/schema.org\/Person\" ><span itemprop='name'>Fanny Demichelis<\/span><\/span><span class='av-structured-data'  itemprop=\"datePublished\" datetime=\"2007-08-23T14:17:33+02:00\" >2022-07-19 14:37:32<\/span><span class='av-structured-data'  itemprop=\"dateModified\" itemtype=\"https:\/\/schema.org\/dateModified\" >2024-03-06 11:05:06<\/span><span class='av-structured-data'  itemprop=\"mainEntityOfPage\" itemtype=\"https:\/\/schema.org\/mainEntityOfPage\" ><span itemprop='name'>Minist\u00e8re de la Culture \u2013 L\u2019\u00c9t\u00e9 culturel 2022<\/span><\/span><\/span><\/article><\/div><div class='slide-entry-wrap'><article class='slide-entry flex_column  post-entry post-entry-172964 slide-entry-overview slide-loop-16 slide-parity-odd  av_one_third first real-thumbnail'  itemscope=\"itemscope\" itemtype=\"https:\/\/schema.org\/CreativeWork\" ><a href='https:\/\/agencevu.com\/en\/corporate\/portrait-of-angele\/' data-rel='slide-1' class='slide-image' title=''><img width=\"495\" height=\"400\" src=\"https:\/\/agencevu.com\/wp-content\/uploads\/2021\/12\/PREVIEWp_DUMA24818-2021CL01-495x400.jpg\" class=\"wp-image-172822 avia-img-lazy-loading-172822 attachment-portfolio size-portfolio wp-post-image\" alt=\"\" loading=\"lazy\" srcset=\"https:\/\/agencevu.com\/wp-content\/uploads\/2021\/12\/PREVIEWp_DUMA24818-2021CL01-495x400.jpg 495w, https:\/\/agencevu.com\/wp-content\/uploads\/2021\/12\/PREVIEWp_DUMA24818-2021CL01-300x243.jpg 300w, https:\/\/agencevu.com\/wp-content\/uploads\/2021\/12\/PREVIEWp_DUMA24818-2021CL01-80x65.jpg 80w, https:\/\/agencevu.com\/wp-content\/uploads\/2021\/12\/PREVIEWp_DUMA24818-2021CL01-768x622.jpg 768w, https:\/\/agencevu.com\/wp-content\/uploads\/2021\/12\/PREVIEWp_DUMA24818-2021CL01-705x571.jpg 705w, https:\/\/agencevu.com\/wp-content\/uploads\/2021\/12\/PREVIEWp_DUMA24818-2021CL01.jpg 845w\" sizes=\"(max-width: 495px) 100vw, 495px\" \/><\/a><div class='slide-content'><header class=\"entry-content-header\"><span class=\"blog-categories minor-meta\"><a href=\"https:\/\/agencevu.com\/en\/Home\/home-realisations\/\" rel=\"tag\">Home-R\u00e9alisations<\/a> <a href=\"https:\/\/agencevu.com\/en\/filter_taxonomy\/industrie-culturelle-en\/\" rel=\"tag\">industrie culturelle<\/a><a href=\"https:\/\/agencevu.com\/en\/filter_taxonomy\/portrait-en\/\" rel=\"tag\">Portrait<\/a> <a href=\"https:\/\/agencevu.com\/en\/photographer\/richard-dumas\/\" rel=\"tag\">Richard Dumas<\/a> <a href=\"https:\/\/agencevu.com\/en\/section_taxonomy\/corporate-en\/\" rel=\"tag\">Corporate<\/a> <\/span><h3 class='slide-entry-title entry-title'  itemprop=\"headline\" ><a href='https:\/\/agencevu.com\/en\/corporate\/portrait-of-angele\/' title='Portrait of the singer Ang\u00e8le'>Portrait of the singer Ang\u00e8le<\/a><\/h3><span class=\"av-vertical-delimiter\"><\/span><\/header><\/div><footer class=\"entry-footer\"><div class='slide-meta'><time class='slide-meta-time updated'  itemprop=\"datePublished\" datetime=\"2022-07-19T14:37:32+02:00\" >19 July 2022<\/time><\/div><\/footer><span class='hidden'>\n\t\t\t\t<span class='av-structured-data'  itemprop=\"image\" itemscope=\"itemscope\" itemtype=\"https:\/\/schema.org\/ImageObject\" >\n\t\t\t\t\t\t<span itemprop='url'>https:\/\/agencevu.com\/wp-content\/uploads\/2021\/12\/PREVIEWp_DUMA24818-2021CL01.jpg<\/span>\n\t\t\t\t\t\t<span itemprop='height'>684<\/span>\n\t\t\t\t\t\t<span itemprop='width'>845<\/span>\n\t\t\t\t<\/span>\n\t\t\t\t<span class='av-structured-data'  itemprop=\"publisher\" itemtype=\"https:\/\/schema.org\/Organization\" itemscope=\"itemscope\" >\n\t\t\t\t\t\t<span itemprop='name'>Fanny Demichelis<\/span>\n\t\t\t\t\t\t<span itemprop='logo' itemscope itemtype='https:\/\/schema.org\/ImageObject'>\n\t\t\t\t\t\t\t<span itemprop='url'>\/wp-content\/uploads\/2021\/05\/logo-vert-2.svg<\/span>\n\t\t\t\t\t\t <\/span>\n\t\t\t\t<\/span><span class='av-structured-data'  itemprop=\"author\" itemscope=\"itemscope\" itemtype=\"https:\/\/schema.org\/Person\" ><span itemprop='name'>Fanny Demichelis<\/span><\/span><span class='av-structured-data'  itemprop=\"datePublished\" datetime=\"2007-08-23T14:17:33+02:00\" >2021-12-29 17:59:30<\/span><span class='av-structured-data'  itemprop=\"dateModified\" itemtype=\"https:\/\/schema.org\/dateModified\" >2024-02-29 12:36:08<\/span><span class='av-structured-data'  itemprop=\"mainEntityOfPage\" itemtype=\"https:\/\/schema.org\/mainEntityOfPage\" ><span itemprop='name'>Portrait of the singer Ang\u00e8le<\/span><\/span><\/span><\/article><article class='slide-entry flex_column  post-entry post-entry-174714 slide-entry-overview slide-loop-17 slide-parity-even  av_one_third  real-thumbnail'  itemscope=\"itemscope\" itemtype=\"https:\/\/schema.org\/CreativeWork\" ><a href='https:\/\/agencevu.com\/en\/corporate\/portrait-marina-rollman\/' data-rel='slide-1' class='slide-image' title=''><img width=\"495\" height=\"400\" src=\"https:\/\/agencevu.com\/wp-content\/uploads\/2022\/01\/Photo-PreviewZAN24731-2021CL05-495x400.jpg\" class=\"wp-image-174700 avia-img-lazy-loading-174700 attachment-portfolio size-portfolio wp-post-image\" alt=\"\" loading=\"lazy\" srcset=\"https:\/\/agencevu.com\/wp-content\/uploads\/2022\/01\/Photo-PreviewZAN24731-2021CL05-495x400.jpg 495w, https:\/\/agencevu.com\/wp-content\/uploads\/2022\/01\/Photo-PreviewZAN24731-2021CL05-300x243.jpg 300w, https:\/\/agencevu.com\/wp-content\/uploads\/2022\/01\/Photo-PreviewZAN24731-2021CL05-80x65.jpg 80w, https:\/\/agencevu.com\/wp-content\/uploads\/2022\/01\/Photo-PreviewZAN24731-2021CL05-768x622.jpg 768w, https:\/\/agencevu.com\/wp-content\/uploads\/2022\/01\/Photo-PreviewZAN24731-2021CL05-705x571.jpg 705w, https:\/\/agencevu.com\/wp-content\/uploads\/2022\/01\/Photo-PreviewZAN24731-2021CL05.jpg 845w\" sizes=\"(max-width: 495px) 100vw, 495px\" \/><\/a><div class='slide-content'><header class=\"entry-content-header\"><span class=\"blog-categories minor-meta\"> <a href=\"https:\/\/agencevu.com\/en\/filter_taxonomy\/industrie-culturelle-en\/\" rel=\"tag\">industrie culturelle<\/a><a href=\"https:\/\/agencevu.com\/en\/filter_taxonomy\/portrait-en\/\" rel=\"tag\">Portrait<\/a> <a href=\"https:\/\/agencevu.com\/en\/photographer\/cyril-zannettacci\/\" rel=\"tag\">Cyril Zannettacci<\/a> <a href=\"https:\/\/agencevu.com\/en\/section_taxonomy\/corporate-en\/\" rel=\"tag\">Corporate<\/a> <\/span><h3 class='slide-entry-title entry-title'  itemprop=\"headline\" ><a href='https:\/\/agencevu.com\/en\/corporate\/portrait-marina-rollman\/' title='T\u00e9l\u00e9rama - Portrait of Marina Rollman'>T\u00e9l\u00e9rama - Portrait of Marina Rollman<\/a><\/h3><span class=\"av-vertical-delimiter\"><\/span><\/header><\/div><footer class=\"entry-footer\"><div class='slide-meta'><time class='slide-meta-time updated'  itemprop=\"datePublished\" datetime=\"2022-07-19T14:37:32+02:00\" >19 July 2022<\/time><\/div><\/footer><span class='hidden'>\n\t\t\t\t<span class='av-structured-data'  itemprop=\"image\" itemscope=\"itemscope\" itemtype=\"https:\/\/schema.org\/ImageObject\" >\n\t\t\t\t\t\t<span itemprop='url'>https:\/\/agencevu.com\/wp-content\/uploads\/2022\/01\/Photo-PreviewZAN24731-2021CL05.jpg<\/span>\n\t\t\t\t\t\t<span itemprop='height'>684<\/span>\n\t\t\t\t\t\t<span itemprop='width'>845<\/span>\n\t\t\t\t<\/span>\n\t\t\t\t<span class='av-structured-data'  itemprop=\"publisher\" itemtype=\"https:\/\/schema.org\/Organization\" itemscope=\"itemscope\" >\n\t\t\t\t\t\t<span itemprop='name'>Fanny Demichelis<\/span>\n\t\t\t\t\t\t<span itemprop='logo' itemscope itemtype='https:\/\/schema.org\/ImageObject'>\n\t\t\t\t\t\t\t<span itemprop='url'>\/wp-content\/uploads\/2021\/05\/logo-vert-2.svg<\/span>\n\t\t\t\t\t\t <\/span>\n\t\t\t\t<\/span><span class='av-structured-data'  itemprop=\"author\" itemscope=\"itemscope\" itemtype=\"https:\/\/schema.org\/Person\" ><span itemprop='name'>Fanny Demichelis<\/span><\/span><span class='av-structured-data'  itemprop=\"datePublished\" datetime=\"2007-08-23T14:17:33+02:00\" >2021-12-24 17:53:30<\/span><span class='av-structured-data'  itemprop=\"dateModified\" itemtype=\"https:\/\/schema.org\/dateModified\" >2024-02-29 12:34:15<\/span><span class='av-structured-data'  itemprop=\"mainEntityOfPage\" itemtype=\"https:\/\/schema.org\/mainEntityOfPage\" ><span itemprop='name'>T\u00e9l\u00e9rama &#8211; Portrait of Marina Rollman<\/span><\/span><\/span><\/article><article class='slide-entry flex_column  post-entry post-entry-172141 slide-entry-overview slide-loop-18 slide-parity-odd  av_one_third  real-thumbnail'  itemscope=\"itemscope\" itemtype=\"https:\/\/schema.org\/CreativeWork\" ><a href='https:\/\/agencevu.com\/en\/corporate\/portraits-grignan-street-marseille\/' data-rel='slide-1' class='slide-image' title=''><img width=\"495\" height=\"400\" src=\"https:\/\/agencevu.com\/wp-content\/uploads\/2021\/12\/PREVIEWPV0A1905-copie-copy-495x400.jpg\" class=\"wp-image-172109 avia-img-lazy-loading-172109 attachment-portfolio size-portfolio wp-post-image\" alt=\"\" loading=\"lazy\" srcset=\"https:\/\/agencevu.com\/wp-content\/uploads\/2021\/12\/PREVIEWPV0A1905-copie-copy-495x400.jpg 495w, https:\/\/agencevu.com\/wp-content\/uploads\/2021\/12\/PREVIEWPV0A1905-copie-copy-300x243.jpg 300w, https:\/\/agencevu.com\/wp-content\/uploads\/2021\/12\/PREVIEWPV0A1905-copie-copy-80x65.jpg 80w, https:\/\/agencevu.com\/wp-content\/uploads\/2021\/12\/PREVIEWPV0A1905-copie-copy-768x622.jpg 768w, https:\/\/agencevu.com\/wp-content\/uploads\/2021\/12\/PREVIEWPV0A1905-copie-copy-705x571.jpg 705w, https:\/\/agencevu.com\/wp-content\/uploads\/2021\/12\/PREVIEWPV0A1905-copie-copy.jpg 845w\" sizes=\"(max-width: 495px) 100vw, 495px\" \/><\/a><div class='slide-content'><header class=\"entry-content-header\"><span class=\"blog-categories minor-meta\"> <a href=\"https:\/\/agencevu.com\/en\/filter_taxonomy\/institution-publique-2\/\" rel=\"tag\">Institution publique<\/a><a href=\"https:\/\/agencevu.com\/en\/filter_taxonomy\/institution-publique-en\/\" rel=\"tag\">institution publique<\/a><a href=\"https:\/\/agencevu.com\/en\/filter_taxonomy\/portrait-en\/\" rel=\"tag\">Portrait<\/a> <a href=\"https:\/\/agencevu.com\/en\/photographer\/stanislas-guigui\/\" rel=\"tag\">Stanislas Guigui<\/a> <a href=\"https:\/\/agencevu.com\/en\/section_taxonomy\/corporate-en\/\" rel=\"tag\">Corporate<\/a> <\/span><h3 class='slide-entry-title entry-title'  itemprop=\"headline\" ><a href='https:\/\/agencevu.com\/en\/corporate\/portraits-grignan-street-marseille\/' title='Portraits on Grignan Street - Marseille'>Portraits on Grignan Street - Marseille<\/a><\/h3><span class=\"av-vertical-delimiter\"><\/span><\/header><\/div><footer class=\"entry-footer\"><div class='slide-meta'><time class='slide-meta-time updated'  itemprop=\"datePublished\" datetime=\"2022-07-19T14:37:32+02:00\" >19 July 2022<\/time><\/div><\/footer><span class='hidden'>\n\t\t\t\t<span class='av-structured-data'  itemprop=\"image\" itemscope=\"itemscope\" itemtype=\"https:\/\/schema.org\/ImageObject\" >\n\t\t\t\t\t\t<span itemprop='url'>https:\/\/agencevu.com\/wp-content\/uploads\/2021\/12\/PREVIEWPV0A1905-copie-copy.jpg<\/span>\n\t\t\t\t\t\t<span itemprop='height'>684<\/span>\n\t\t\t\t\t\t<span itemprop='width'>845<\/span>\n\t\t\t\t<\/span>\n\t\t\t\t<span class='av-structured-data'  itemprop=\"publisher\" itemtype=\"https:\/\/schema.org\/Organization\" itemscope=\"itemscope\" >\n\t\t\t\t\t\t<span itemprop='name'>Fanny Demichelis<\/span>\n\t\t\t\t\t\t<span itemprop='logo' itemscope itemtype='https:\/\/schema.org\/ImageObject'>\n\t\t\t\t\t\t\t<span itemprop='url'>\/wp-content\/uploads\/2021\/05\/logo-vert-2.svg<\/span>\n\t\t\t\t\t\t <\/span>\n\t\t\t\t<\/span><span class='av-structured-data'  itemprop=\"author\" itemscope=\"itemscope\" itemtype=\"https:\/\/schema.org\/Person\" ><span itemprop='name'>Fanny Demichelis<\/span><\/span><span class='av-structured-data'  itemprop=\"datePublished\" datetime=\"2007-08-23T14:17:33+02:00\" >2021-12-07 16:06:05<\/span><span class='av-structured-data'  itemprop=\"dateModified\" itemtype=\"https:\/\/schema.org\/dateModified\" >2024-02-29 11:36:03<\/span><span class='av-structured-data'  itemprop=\"mainEntityOfPage\" itemtype=\"https:\/\/schema.org\/mainEntityOfPage\" ><span itemprop='name'>Portraits on Grignan Street &#8211; Marseille<\/span><\/span><\/span><\/article><\/div><div class='slide-entry-wrap'><article class='slide-entry flex_column  post-entry post-entry-174958 slide-entry-overview slide-loop-19 slide-parity-odd  av_one_third first real-thumbnail'  itemscope=\"itemscope\" itemtype=\"https:\/\/schema.org\/CreativeWork\" ><a href='https:\/\/agencevu.com\/en\/corporate\/liberation-portrait-valerie-donzelli\/' data-rel='slide-1' class='slide-image' title=''><img width=\"495\" height=\"400\" src=\"https:\/\/agencevu.com\/wp-content\/uploads\/2022\/02\/Photo-PreviewSELB24770-2021CL01-495x400.jpg\" class=\"wp-image-174915 avia-img-lazy-loading-174915 attachment-portfolio size-portfolio wp-post-image\" alt=\"\" loading=\"lazy\" srcset=\"https:\/\/agencevu.com\/wp-content\/uploads\/2022\/02\/Photo-PreviewSELB24770-2021CL01-495x400.jpg 495w, https:\/\/agencevu.com\/wp-content\/uploads\/2022\/02\/Photo-PreviewSELB24770-2021CL01-300x243.jpg 300w, https:\/\/agencevu.com\/wp-content\/uploads\/2022\/02\/Photo-PreviewSELB24770-2021CL01-80x65.jpg 80w, https:\/\/agencevu.com\/wp-content\/uploads\/2022\/02\/Photo-PreviewSELB24770-2021CL01-768x622.jpg 768w, https:\/\/agencevu.com\/wp-content\/uploads\/2022\/02\/Photo-PreviewSELB24770-2021CL01-705x571.jpg 705w, https:\/\/agencevu.com\/wp-content\/uploads\/2022\/02\/Photo-PreviewSELB24770-2021CL01.jpg 845w\" sizes=\"(max-width: 495px) 100vw, 495px\" \/><\/a><div class='slide-content'><header class=\"entry-content-header\"><span class=\"blog-categories minor-meta\"> <a href=\"https:\/\/agencevu.com\/en\/filter_taxonomy\/industrie-culturelle-en\/\" rel=\"tag\">industrie culturelle<\/a><a href=\"https:\/\/agencevu.com\/en\/filter_taxonomy\/portrait-en\/\" rel=\"tag\">Portrait<\/a><a href=\"https:\/\/agencevu.com\/en\/filter_taxonomy\/prestation-en\/\" rel=\"tag\">Prestation<\/a> <a href=\"https:\/\/agencevu.com\/en\/photographer\/adrien-selbert\/\" rel=\"tag\">Adrien Selbert<\/a> <a href=\"https:\/\/agencevu.com\/en\/section_taxonomy\/corporate-en\/\" rel=\"tag\">Corporate<\/a> <\/span><h3 class='slide-entry-title entry-title'  itemprop=\"headline\" ><a href='https:\/\/agencevu.com\/en\/corporate\/liberation-portrait-valerie-donzelli\/' title='Lib\u00e9ration - Portrait of Val\u00e9rie Donzelli'>Lib\u00e9ration - Portrait of Val\u00e9rie Donzelli<\/a><\/h3><span class=\"av-vertical-delimiter\"><\/span><\/header><\/div><footer class=\"entry-footer\"><div class='slide-meta'><time class='slide-meta-time updated'  itemprop=\"datePublished\" datetime=\"2022-07-19T14:37:32+02:00\" >19 July 2022<\/time><\/div><\/footer><span class='hidden'>\n\t\t\t\t<span class='av-structured-data'  itemprop=\"image\" itemscope=\"itemscope\" itemtype=\"https:\/\/schema.org\/ImageObject\" >\n\t\t\t\t\t\t<span itemprop='url'>https:\/\/agencevu.com\/wp-content\/uploads\/2022\/02\/Photo-PreviewSELB24770-2021CL01.jpg<\/span>\n\t\t\t\t\t\t<span itemprop='height'>684<\/span>\n\t\t\t\t\t\t<span itemprop='width'>845<\/span>\n\t\t\t\t<\/span>\n\t\t\t\t<span class='av-structured-data'  itemprop=\"publisher\" itemtype=\"https:\/\/schema.org\/Organization\" itemscope=\"itemscope\" >\n\t\t\t\t\t\t<span itemprop='name'>Fanny Demichelis<\/span>\n\t\t\t\t\t\t<span itemprop='logo' itemscope itemtype='https:\/\/schema.org\/ImageObject'>\n\t\t\t\t\t\t\t<span itemprop='url'>\/wp-content\/uploads\/2021\/05\/logo-vert-2.svg<\/span>\n\t\t\t\t\t\t <\/span>\n\t\t\t\t<\/span><span class='av-structured-data'  itemprop=\"author\" itemscope=\"itemscope\" itemtype=\"https:\/\/schema.org\/Person\" ><span itemprop='name'>Fanny Demichelis<\/span><\/span><span class='av-structured-data'  itemprop=\"datePublished\" datetime=\"2007-08-23T14:17:33+02:00\" >2021-12-01 17:03:50<\/span><span class='av-structured-data'  itemprop=\"dateModified\" itemtype=\"https:\/\/schema.org\/dateModified\" >2024-02-29 12:31:52<\/span><span class='av-structured-data'  itemprop=\"mainEntityOfPage\" itemtype=\"https:\/\/schema.org\/mainEntityOfPage\" ><span itemprop='name'>Lib\u00e9ration &#8211; Portrait of Val\u00e9rie Donzelli<\/span><\/span><\/span><\/article><article class='slide-entry flex_column  post-entry post-entry-189264 slide-entry-overview slide-loop-20 slide-parity-even  av_one_third  real-thumbnail'  itemscope=\"itemscope\" itemtype=\"https:\/\/schema.org\/CreativeWork\" ><a href='https:\/\/agencevu.com\/en\/corporate\/tiktok-dancers\/' data-rel='slide-1' class='slide-image' title=''><img width=\"495\" height=\"400\" src=\"https:\/\/agencevu.com\/wp-content\/uploads\/2022\/09\/Preview-ZAN25089-2021CL04-495x400.jpg\" class=\"wp-image-189258 avia-img-lazy-loading-189258 attachment-portfolio size-portfolio wp-post-image\" alt=\"\" loading=\"lazy\" srcset=\"https:\/\/agencevu.com\/wp-content\/uploads\/2022\/09\/Preview-ZAN25089-2021CL04-495x400.jpg 495w, https:\/\/agencevu.com\/wp-content\/uploads\/2022\/09\/Preview-ZAN25089-2021CL04-300x243.jpg 300w, https:\/\/agencevu.com\/wp-content\/uploads\/2022\/09\/Preview-ZAN25089-2021CL04-80x65.jpg 80w, https:\/\/agencevu.com\/wp-content\/uploads\/2022\/09\/Preview-ZAN25089-2021CL04-768x622.jpg 768w, https:\/\/agencevu.com\/wp-content\/uploads\/2022\/09\/Preview-ZAN25089-2021CL04-705x571.jpg 705w, https:\/\/agencevu.com\/wp-content\/uploads\/2022\/09\/Preview-ZAN25089-2021CL04.jpg 845w\" sizes=\"(max-width: 495px) 100vw, 495px\" \/><\/a><div class='slide-content'><header class=\"entry-content-header\"><span class=\"blog-categories minor-meta\"> <a href=\"https:\/\/agencevu.com\/en\/filter_taxonomy\/industrie-culturelle-en\/\" rel=\"tag\">industrie culturelle<\/a><a href=\"https:\/\/agencevu.com\/en\/filter_taxonomy\/portrait-en\/\" rel=\"tag\">Portrait<\/a> <a href=\"https:\/\/agencevu.com\/en\/photographer\/cyril-zannettacci\/\" rel=\"tag\">Cyril Zannettacci<\/a> <a href=\"https:\/\/agencevu.com\/en\/section_taxonomy\/corporate-en\/\" rel=\"tag\">Corporate<\/a> <\/span><h3 class='slide-entry-title entry-title'  itemprop=\"headline\" ><a href='https:\/\/agencevu.com\/en\/corporate\/tiktok-dancers\/' title='The TikTok dancers'>The TikTok dancers<\/a><\/h3><span class=\"av-vertical-delimiter\"><\/span><\/header><div class='slide-entry-excerpt entry-content'  itemprop=\"text\" >\r\n\r\n<\/div><\/div><footer class=\"entry-footer\"><div class='slide-meta'><time class='slide-meta-time updated'  itemprop=\"datePublished\" datetime=\"2021-11-29T12:30:37+01:00\" >29 November 2021<\/time><\/div><\/footer><span class='hidden'>\n\t\t\t\t<span class='av-structured-data'  itemprop=\"image\" itemscope=\"itemscope\" itemtype=\"https:\/\/schema.org\/ImageObject\" >\n\t\t\t\t\t\t<span itemprop='url'>https:\/\/agencevu.com\/wp-content\/uploads\/2022\/09\/Preview-ZAN25089-2021CL04.jpg<\/span>\n\t\t\t\t\t\t<span itemprop='height'>684<\/span>\n\t\t\t\t\t\t<span itemprop='width'>845<\/span>\n\t\t\t\t<\/span>\n\t\t\t\t<span class='av-structured-data'  itemprop=\"publisher\" itemtype=\"https:\/\/schema.org\/Organization\" itemscope=\"itemscope\" >\n\t\t\t\t\t\t<span itemprop='name'>Fanny Demichelis<\/span>\n\t\t\t\t\t\t<span itemprop='logo' itemscope itemtype='https:\/\/schema.org\/ImageObject'>\n\t\t\t\t\t\t\t<span itemprop='url'>\/wp-content\/uploads\/2021\/05\/logo-vert-2.svg<\/span>\n\t\t\t\t\t\t <\/span>\n\t\t\t\t<\/span><span class='av-structured-data'  itemprop=\"author\" itemscope=\"itemscope\" itemtype=\"https:\/\/schema.org\/Person\" ><span itemprop='name'>Fanny Demichelis<\/span><\/span><span class='av-structured-data'  itemprop=\"datePublished\" datetime=\"2007-08-23T14:17:33+02:00\" >2021-11-29 12:30:37<\/span><span class='av-structured-data'  itemprop=\"dateModified\" itemtype=\"https:\/\/schema.org\/dateModified\" >2024-02-29 17:30:44<\/span><span class='av-structured-data'  itemprop=\"mainEntityOfPage\" itemtype=\"https:\/\/schema.org\/mainEntityOfPage\" ><span itemprop='name'>The TikTok dancers<\/span><\/span><\/span><\/article><article class='slide-entry flex_column  post-entry post-entry-168200 slide-entry-overview slide-loop-21 slide-parity-odd  av_one_third  real-thumbnail'  itemscope=\"itemscope\" itemtype=\"https:\/\/schema.org\/CreativeWork\" ><a href='https:\/\/agencevu.com\/en\/corporate\/nouvelles-frontieres-couple\/' data-rel='slide-1' class='slide-image' title=''><img width=\"495\" height=\"400\" src=\"https:\/\/agencevu.com\/wp-content\/uploads\/2021\/10\/Frontieresducouple.HD_.SELBERT.VU-7-1-495x400.jpg\" class=\"wp-image-168198 avia-img-lazy-loading-168198 attachment-portfolio size-portfolio wp-post-image\" alt=\"\" loading=\"lazy\" srcset=\"https:\/\/agencevu.com\/wp-content\/uploads\/2021\/10\/Frontieresducouple.HD_.SELBERT.VU-7-1-495x400.jpg 495w, https:\/\/agencevu.com\/wp-content\/uploads\/2021\/10\/Frontieresducouple.HD_.SELBERT.VU-7-1-300x243.jpg 300w, https:\/\/agencevu.com\/wp-content\/uploads\/2021\/10\/Frontieresducouple.HD_.SELBERT.VU-7-1-80x65.jpg 80w, https:\/\/agencevu.com\/wp-content\/uploads\/2021\/10\/Frontieresducouple.HD_.SELBERT.VU-7-1-768x622.jpg 768w, https:\/\/agencevu.com\/wp-content\/uploads\/2021\/10\/Frontieresducouple.HD_.SELBERT.VU-7-1-705x571.jpg 705w, https:\/\/agencevu.com\/wp-content\/uploads\/2021\/10\/Frontieresducouple.HD_.SELBERT.VU-7-1.jpg 845w\" sizes=\"(max-width: 495px) 100vw, 495px\" \/><\/a><div class='slide-content'><header class=\"entry-content-header\"><span class=\"blog-categories minor-meta\"> <a href=\"https:\/\/agencevu.com\/en\/filter_taxonomy\/art-de-vivre-en\/\" rel=\"tag\">Art de Vivre<\/a><a href=\"https:\/\/agencevu.com\/en\/filter_taxonomy\/portrait-en\/\" rel=\"tag\">Portrait<\/a><a href=\"https:\/\/agencevu.com\/en\/filter_taxonomy\/prestation-en\/\" rel=\"tag\">Prestation<\/a><a href=\"https:\/\/agencevu.com\/en\/filter_taxonomy\/reference-en\/\" rel=\"tag\">R\u00e9f\u00e9rence<\/a> <a href=\"https:\/\/agencevu.com\/en\/photographer\/adrien-selbert\/\" rel=\"tag\">Adrien Selbert<\/a> <a href=\"https:\/\/agencevu.com\/en\/section_taxonomy\/corporate-en\/\" rel=\"tag\">Corporate<\/a> <\/span><h3 class='slide-entry-title entry-title'  itemprop=\"headline\" ><a href='https:\/\/agencevu.com\/en\/corporate\/nouvelles-frontieres-couple\/' title='Nouvelles Fronti\u00e8res du Couple'>Nouvelles Fronti\u00e8res du Couple<\/a><\/h3><span class=\"av-vertical-delimiter\"><\/span><\/header><\/div><footer class=\"entry-footer\"><div class='slide-meta'><time class='slide-meta-time updated'  itemprop=\"datePublished\" datetime=\"2021-11-29T12:30:37+01:00\" >29 November 2021<\/time><\/div><\/footer><span class='hidden'>\n\t\t\t\t<span class='av-structured-data'  itemprop=\"image\" itemscope=\"itemscope\" itemtype=\"https:\/\/schema.org\/ImageObject\" >\n\t\t\t\t\t\t<span itemprop='url'>https:\/\/agencevu.com\/wp-content\/uploads\/2021\/10\/Frontieresducouple.HD_.SELBERT.VU-7-1.jpg<\/span>\n\t\t\t\t\t\t<span itemprop='height'>684<\/span>\n\t\t\t\t\t\t<span itemprop='width'>845<\/span>\n\t\t\t\t<\/span>\n\t\t\t\t<span class='av-structured-data'  itemprop=\"publisher\" itemtype=\"https:\/\/schema.org\/Organization\" itemscope=\"itemscope\" >\n\t\t\t\t\t\t<span itemprop='name'>Fanny Demichelis<\/span>\n\t\t\t\t\t\t<span itemprop='logo' itemscope itemtype='https:\/\/schema.org\/ImageObject'>\n\t\t\t\t\t\t\t<span itemprop='url'>\/wp-content\/uploads\/2021\/05\/logo-vert-2.svg<\/span>\n\t\t\t\t\t\t <\/span>\n\t\t\t\t<\/span><span class='av-structured-data'  itemprop=\"author\" itemscope=\"itemscope\" itemtype=\"https:\/\/schema.org\/Person\" ><span itemprop='name'>Fanny Demichelis<\/span><\/span><span class='av-structured-data'  itemprop=\"datePublished\" datetime=\"2007-08-23T14:17:33+02:00\" >2021-09-20 10:46:45<\/span><span class='av-structured-data'  itemprop=\"dateModified\" itemtype=\"https:\/\/schema.org\/dateModified\" >2021-10-20 10:48:19<\/span><span class='av-structured-data'  itemprop=\"mainEntityOfPage\" itemtype=\"https:\/\/schema.org\/mainEntityOfPage\" ><span itemprop='name'>Nouvelles Fronti\u00e8res du Couple<\/span><\/span><\/span><\/article><\/div><div class='slide-entry-wrap'><article class='slide-entry flex_column  post-entry post-entry-176933 slide-entry-overview slide-loop-22 slide-parity-odd  av_one_third first real-thumbnail'  itemscope=\"itemscope\" itemtype=\"https:\/\/schema.org\/CreativeWork\" ><a href='https:\/\/agencevu.com\/en\/corporate\/album-kerber-de-yann-tiersen-2\/' data-rel='slide-1' class='slide-image' title=''><img width=\"495\" height=\"400\" src=\"https:\/\/agencevu.com\/wp-content\/uploads\/2022\/03\/TIERSEN-yann-2021_Richard-Dumas_PREVIEW-495x400.jpg\" class=\"wp-image-176931 avia-img-lazy-loading-176931 attachment-portfolio size-portfolio wp-post-image\" alt=\"\" loading=\"lazy\" srcset=\"https:\/\/agencevu.com\/wp-content\/uploads\/2022\/03\/TIERSEN-yann-2021_Richard-Dumas_PREVIEW-495x400.jpg 495w, https:\/\/agencevu.com\/wp-content\/uploads\/2022\/03\/TIERSEN-yann-2021_Richard-Dumas_PREVIEW-300x243.jpg 300w, https:\/\/agencevu.com\/wp-content\/uploads\/2022\/03\/TIERSEN-yann-2021_Richard-Dumas_PREVIEW-80x65.jpg 80w, https:\/\/agencevu.com\/wp-content\/uploads\/2022\/03\/TIERSEN-yann-2021_Richard-Dumas_PREVIEW-768x622.jpg 768w, https:\/\/agencevu.com\/wp-content\/uploads\/2022\/03\/TIERSEN-yann-2021_Richard-Dumas_PREVIEW-705x571.jpg 705w, https:\/\/agencevu.com\/wp-content\/uploads\/2022\/03\/TIERSEN-yann-2021_Richard-Dumas_PREVIEW.jpg 845w\" sizes=\"(max-width: 495px) 100vw, 495px\" \/><\/a><div class='slide-content'><header class=\"entry-content-header\"><span class=\"blog-categories minor-meta\"> <a href=\"https:\/\/agencevu.com\/en\/filter_taxonomy\/art-de-vivre-en\/\" rel=\"tag\">Art de Vivre<\/a><a href=\"https:\/\/agencevu.com\/en\/filter_taxonomy\/industrie-culturelle-en\/\" rel=\"tag\">industrie culturelle<\/a><a href=\"https:\/\/agencevu.com\/en\/filter_taxonomy\/portrait-en\/\" rel=\"tag\">Portrait<\/a> <a href=\"https:\/\/agencevu.com\/en\/photographer\/richard-dumas\/\" rel=\"tag\">Richard Dumas<\/a> <a href=\"https:\/\/agencevu.com\/en\/section_taxonomy\/corporate-en\/\" rel=\"tag\">Corporate<\/a> <\/span><h3 class='slide-entry-title entry-title'  itemprop=\"headline\" ><a href='https:\/\/agencevu.com\/en\/corporate\/album-kerber-de-yann-tiersen-2\/' title='Yann Tiersen\u2019s album &quot;Kerber&quot;'>Yann Tiersen\u2019s album \"Kerber\"<\/a><\/h3><span class=\"av-vertical-delimiter\"><\/span><\/header><\/div><footer class=\"entry-footer\"><div class='slide-meta'><time class='slide-meta-time updated'  itemprop=\"datePublished\" datetime=\"2021-11-29T12:30:37+01:00\" >29 November 2021<\/time><\/div><\/footer><span class='hidden'>\n\t\t\t\t<span class='av-structured-data'  itemprop=\"image\" itemscope=\"itemscope\" itemtype=\"https:\/\/schema.org\/ImageObject\" >\n\t\t\t\t\t\t<span itemprop='url'>https:\/\/agencevu.com\/wp-content\/uploads\/2022\/03\/TIERSEN-yann-2021_Richard-Dumas_PREVIEW.jpg<\/span>\n\t\t\t\t\t\t<span itemprop='height'>684<\/span>\n\t\t\t\t\t\t<span itemprop='width'>845<\/span>\n\t\t\t\t<\/span>\n\t\t\t\t<span class='av-structured-data'  itemprop=\"publisher\" itemtype=\"https:\/\/schema.org\/Organization\" itemscope=\"itemscope\" >\n\t\t\t\t\t\t<span itemprop='name'>Fanny Demichelis<\/span>\n\t\t\t\t\t\t<span itemprop='logo' itemscope itemtype='https:\/\/schema.org\/ImageObject'>\n\t\t\t\t\t\t\t<span itemprop='url'>\/wp-content\/uploads\/2021\/05\/logo-vert-2.svg<\/span>\n\t\t\t\t\t\t <\/span>\n\t\t\t\t<\/span><span class='av-structured-data'  itemprop=\"author\" itemscope=\"itemscope\" itemtype=\"https:\/\/schema.org\/Person\" ><span itemprop='name'>Fanny Demichelis<\/span><\/span><span class='av-structured-data'  itemprop=\"datePublished\" datetime=\"2007-08-23T14:17:33+02:00\" >2021-09-01 17:26:47<\/span><span class='av-structured-data'  itemprop=\"dateModified\" itemtype=\"https:\/\/schema.org\/dateModified\" >2024-02-29 12:37:25<\/span><span class='av-structured-data'  itemprop=\"mainEntityOfPage\" itemtype=\"https:\/\/schema.org\/mainEntityOfPage\" ><span itemprop='name'>Yann Tiersen\u2019s album &#8220;Kerber&#8221;<\/span><\/span><\/span><\/article><article class='slide-entry flex_column  post-entry post-entry-125103 slide-entry-overview slide-loop-23 slide-parity-even  av_one_third  real-thumbnail'  itemscope=\"itemscope\" itemtype=\"https:\/\/schema.org\/CreativeWork\" ><a href='https:\/\/agencevu.com\/en\/corporate\/elior-revue-engagement\/' data-rel='slide-1' class='slide-image' title=''><img width=\"495\" height=\"400\" src=\"https:\/\/agencevu.com\/wp-content\/uploads\/2021\/03\/2021-RHopkins-Elior-2889-495x400.jpg\" class=\"wp-image-126174 avia-img-lazy-loading-126174 attachment-portfolio size-portfolio wp-post-image\" alt=\"\" loading=\"lazy\" srcset=\"https:\/\/agencevu.com\/wp-content\/uploads\/2021\/03\/2021-RHopkins-Elior-2889-495x400.jpg 495w, https:\/\/agencevu.com\/wp-content\/uploads\/2021\/03\/2021-RHopkins-Elior-2889-845x684.jpg 845w\" sizes=\"(max-width: 495px) 100vw, 495px\" \/><\/a><div class='slide-content'><header class=\"entry-content-header\"><span class=\"blog-categories minor-meta\"><a href=\"https:\/\/agencevu.com\/en\/Home\/home-realisations\/\" rel=\"tag\">Home-R\u00e9alisations<\/a> <a href=\"https:\/\/agencevu.com\/en\/filter_taxonomy\/art-de-vivre-en\/\" rel=\"tag\">Art de Vivre<\/a><a href=\"https:\/\/agencevu.com\/en\/filter_taxonomy\/industrie-services-en\/\" rel=\"tag\">Industrie &amp; Services<\/a><a href=\"https:\/\/agencevu.com\/en\/filter_taxonomy\/mise-en-scene-en\/\" rel=\"tag\">Mise en sc\u00e8ne<\/a><a href=\"https:\/\/agencevu.com\/en\/filter_taxonomy\/portrait-en\/\" rel=\"tag\">Portrait<\/a> <a href=\"https:\/\/agencevu.com\/en\/photographer\/rip-hopkins\/\" rel=\"tag\">Rip Hopkins<\/a> <a href=\"https:\/\/agencevu.com\/en\/section_taxonomy\/corporate-en\/\" rel=\"tag\">Corporate<\/a> <\/span><h3 class='slide-entry-title entry-title'  itemprop=\"headline\" ><a href='https:\/\/agencevu.com\/en\/corporate\/elior-revue-engagement\/' title='Elior - Commitment Review'>Elior - Commitment Review<\/a><\/h3><span class=\"av-vertical-delimiter\"><\/span><\/header><div class='slide-entry-excerpt entry-content'  itemprop=\"text\" ><span class=\"tag-extrait\">CORPORATE <\/span><\/div><\/div><footer class=\"entry-footer\"><div class='slide-meta'><time class='slide-meta-time updated'  itemprop=\"datePublished\" datetime=\"2021-03-26T11:24:45+01:00\" >26 March 2021<\/time><\/div><\/footer><span class='hidden'>\n\t\t\t\t<span class='av-structured-data'  itemprop=\"image\" itemscope=\"itemscope\" itemtype=\"https:\/\/schema.org\/ImageObject\" >\n\t\t\t\t\t\t<span itemprop='url'>https:\/\/agencevu.com\/wp-content\/uploads\/2021\/03\/2021-RHopkins-Elior-2889.jpg<\/span>\n\t\t\t\t\t\t<span itemprop='height'>1080<\/span>\n\t\t\t\t\t\t<span itemprop='width'>1620<\/span>\n\t\t\t\t<\/span>\n\t\t\t\t<span class='av-structured-data'  itemprop=\"publisher\" itemtype=\"https:\/\/schema.org\/Organization\" itemscope=\"itemscope\" >\n\t\t\t\t\t\t<span itemprop='name'>Fanny Demichelis<\/span>\n\t\t\t\t\t\t<span itemprop='logo' itemscope itemtype='https:\/\/schema.org\/ImageObject'>\n\t\t\t\t\t\t\t<span itemprop='url'>\/wp-content\/uploads\/2021\/05\/logo-vert-2.svg<\/span>\n\t\t\t\t\t\t <\/span>\n\t\t\t\t<\/span><span class='av-structured-data'  itemprop=\"author\" itemscope=\"itemscope\" itemtype=\"https:\/\/schema.org\/Person\" ><span itemprop='name'>Fanny Demichelis<\/span><\/span><span class='av-structured-data'  itemprop=\"datePublished\" datetime=\"2007-08-23T14:17:33+02:00\" >2021-03-26 11:24:45<\/span><span class='av-structured-data'  itemprop=\"dateModified\" itemtype=\"https:\/\/schema.org\/dateModified\" >2024-03-05 12:46:26<\/span><span class='av-structured-data'  itemprop=\"mainEntityOfPage\" itemtype=\"https:\/\/schema.org\/mainEntityOfPage\" ><span itemprop='name'>Elior &#8211; Commitment Review<\/span><\/span><\/span><\/article><article class='slide-entry flex_column  post-entry post-entry-176938 slide-entry-overview slide-loop-24 slide-parity-odd  av_one_third  real-thumbnail'  itemscope=\"itemscope\" itemtype=\"https:\/\/schema.org\/CreativeWork\" ><a href='https:\/\/agencevu.com\/en\/corporate\/ferrari-portraits-collaborateurs-2021\/' data-rel='slide-1' class='slide-image' title=''><img width=\"495\" height=\"400\" src=\"https:\/\/agencevu.com\/wp-content\/uploads\/2022\/03\/2021_Ferrari-Magazine_Guia-Besana_PREVIEW-495x400.jpg\" class=\"wp-image-176956 avia-img-lazy-loading-176956 attachment-portfolio size-portfolio wp-post-image\" alt=\"\" loading=\"lazy\" srcset=\"https:\/\/agencevu.com\/wp-content\/uploads\/2022\/03\/2021_Ferrari-Magazine_Guia-Besana_PREVIEW-495x400.jpg 495w, https:\/\/agencevu.com\/wp-content\/uploads\/2022\/03\/2021_Ferrari-Magazine_Guia-Besana_PREVIEW-300x243.jpg 300w, https:\/\/agencevu.com\/wp-content\/uploads\/2022\/03\/2021_Ferrari-Magazine_Guia-Besana_PREVIEW-80x65.jpg 80w, https:\/\/agencevu.com\/wp-content\/uploads\/2022\/03\/2021_Ferrari-Magazine_Guia-Besana_PREVIEW-768x622.jpg 768w, https:\/\/agencevu.com\/wp-content\/uploads\/2022\/03\/2021_Ferrari-Magazine_Guia-Besana_PREVIEW-705x571.jpg 705w, https:\/\/agencevu.com\/wp-content\/uploads\/2022\/03\/2021_Ferrari-Magazine_Guia-Besana_PREVIEW.jpg 845w\" sizes=\"(max-width: 495px) 100vw, 495px\" \/><\/a><div class='slide-content'><header class=\"entry-content-header\"><span class=\"blog-categories minor-meta\"> <a href=\"https:\/\/agencevu.com\/en\/filter_taxonomy\/industrie-services-en\/\" rel=\"tag\">Industrie &amp; Services<\/a><a href=\"https:\/\/agencevu.com\/en\/filter_taxonomy\/mise-en-scene-en\/\" rel=\"tag\">Mise en sc\u00e8ne<\/a><a href=\"https:\/\/agencevu.com\/en\/filter_taxonomy\/portrait-en\/\" rel=\"tag\">Portrait<\/a><a href=\"https:\/\/agencevu.com\/en\/filter_taxonomy\/prestation-en\/\" rel=\"tag\">Prestation<\/a><a href=\"https:\/\/agencevu.com\/en\/filter_taxonomy\/transport-en\/\" rel=\"tag\">transport<\/a> <a href=\"https:\/\/agencevu.com\/en\/photographer\/guia-besana\/\" rel=\"tag\">Guia Besana<\/a> <a href=\"https:\/\/agencevu.com\/en\/section_taxonomy\/corporate-en\/\" rel=\"tag\">Corporate<\/a> <\/span><h3 class='slide-entry-title entry-title'  itemprop=\"headline\" ><a href='https:\/\/agencevu.com\/en\/corporate\/ferrari-portraits-collaborateurs-2021\/' title='Ferrari - Portraits of collaborators'>Ferrari - Portraits of collaborators<\/a><\/h3><span class=\"av-vertical-delimiter\"><\/span><\/header><\/div><footer class=\"entry-footer\"><div class='slide-meta'><time class='slide-meta-time updated'  itemprop=\"datePublished\" datetime=\"2021-03-26T11:24:45+01:00\" >26 March 2021<\/time><\/div><\/footer><span class='hidden'>\n\t\t\t\t<span class='av-structured-data'  itemprop=\"image\" itemscope=\"itemscope\" itemtype=\"https:\/\/schema.org\/ImageObject\" >\n\t\t\t\t\t\t<span itemprop='url'>https:\/\/agencevu.com\/wp-content\/uploads\/2022\/03\/2021_Ferrari-Magazine_Guia-Besana_PREVIEW.jpg<\/span>\n\t\t\t\t\t\t<span itemprop='height'>684<\/span>\n\t\t\t\t\t\t<span itemprop='width'>845<\/span>\n\t\t\t\t<\/span>\n\t\t\t\t<span class='av-structured-data'  itemprop=\"publisher\" itemtype=\"https:\/\/schema.org\/Organization\" itemscope=\"itemscope\" >\n\t\t\t\t\t\t<span itemprop='name'>Fanny Demichelis<\/span>\n\t\t\t\t\t\t<span itemprop='logo' itemscope itemtype='https:\/\/schema.org\/ImageObject'>\n\t\t\t\t\t\t\t<span itemprop='url'>\/wp-content\/uploads\/2021\/05\/logo-vert-2.svg<\/span>\n\t\t\t\t\t\t <\/span>\n\t\t\t\t<\/span><span class='av-structured-data'  itemprop=\"author\" itemscope=\"itemscope\" itemtype=\"https:\/\/schema.org\/Person\" ><span itemprop='name'>Fanny Demichelis<\/span><\/span><span class='av-structured-data'  itemprop=\"datePublished\" datetime=\"2007-08-23T14:17:33+02:00\" >2021-03-01 18:02:38<\/span><span class='av-structured-data'  itemprop=\"dateModified\" itemtype=\"https:\/\/schema.org\/dateModified\" >2024-03-05 12:44:24<\/span><span class='av-structured-data'  itemprop=\"mainEntityOfPage\" itemtype=\"https:\/\/schema.org\/mainEntityOfPage\" ><span itemprop='name'>Ferrari &#8211; Portraits of collaborators<\/span><\/span><\/span><\/article><\/div><div class='slide-entry-wrap'><article class='slide-entry flex_column  post-entry post-entry-119256 slide-entry-overview slide-loop-25 slide-parity-odd  av_one_third first real-thumbnail'  itemscope=\"itemscope\" itemtype=\"https:\/\/schema.org\/CreativeWork\" ><a href='https:\/\/agencevu.com\/en\/corporate\/transfuge-portraits\/' data-rel='slide-1' class='slide-image' title=''><img width=\"495\" height=\"400\" src=\"https:\/\/agencevu.com\/wp-content\/uploads\/2021\/03\/IMG0657_pp-495x400.jpg\" class=\"wp-image-119174 avia-img-lazy-loading-119174 attachment-portfolio size-portfolio wp-post-image\" alt=\"\" loading=\"lazy\" \/><\/a><div class='slide-content'><header class=\"entry-content-header\"><span class=\"blog-categories minor-meta\"> <a href=\"https:\/\/agencevu.com\/en\/filter_taxonomy\/art-de-vivre-en\/\" rel=\"tag\">Art de Vivre<\/a><a href=\"https:\/\/agencevu.com\/en\/filter_taxonomy\/portrait-en\/\" rel=\"tag\">Portrait<\/a> <a href=\"https:\/\/agencevu.com\/en\/photographer\/franck-ferville\/\" rel=\"tag\">Franck Ferville<\/a> <a href=\"https:\/\/agencevu.com\/en\/section_taxonomy\/corporate-en\/\" rel=\"tag\">Corporate<\/a> <\/span><h3 class='slide-entry-title entry-title'  itemprop=\"headline\" ><a href='https:\/\/agencevu.com\/en\/corporate\/transfuge-portraits\/' title='Transfuge - Portraits'>Transfuge - Portraits<\/a><\/h3><span class=\"av-vertical-delimiter\"><\/span><\/header><\/div><footer class=\"entry-footer\"><div class='slide-meta'><time class='slide-meta-time updated'  itemprop=\"datePublished\" datetime=\"2021-03-26T11:24:45+01:00\" >26 March 2021<\/time><\/div><\/footer><span class='hidden'>\n\t\t\t\t<span class='av-structured-data'  itemprop=\"image\" itemscope=\"itemscope\" itemtype=\"https:\/\/schema.org\/ImageObject\" >\n\t\t\t\t\t\t<span itemprop='url'>https:\/\/agencevu.com\/wp-content\/uploads\/2021\/03\/IMG0657_pp.jpg<\/span>\n\t\t\t\t\t\t<span itemprop='height'>1080<\/span>\n\t\t\t\t\t\t<span itemprop='width'>802<\/span>\n\t\t\t\t<\/span>\n\t\t\t\t<span class='av-structured-data'  itemprop=\"publisher\" itemtype=\"https:\/\/schema.org\/Organization\" itemscope=\"itemscope\" >\n\t\t\t\t\t\t<span itemprop='name'>Fanny Demichelis<\/span>\n\t\t\t\t\t\t<span itemprop='logo' itemscope itemtype='https:\/\/schema.org\/ImageObject'>\n\t\t\t\t\t\t\t<span itemprop='url'>\/wp-content\/uploads\/2021\/05\/logo-vert-2.svg<\/span>\n\t\t\t\t\t\t <\/span>\n\t\t\t\t<\/span><span class='av-structured-data'  itemprop=\"author\" itemscope=\"itemscope\" itemtype=\"https:\/\/schema.org\/Person\" ><span itemprop='name'>Fanny Demichelis<\/span><\/span><span class='av-structured-data'  itemprop=\"datePublished\" datetime=\"2007-08-23T14:17:33+02:00\" >2021-01-19 09:34:26<\/span><span class='av-structured-data'  itemprop=\"dateModified\" itemtype=\"https:\/\/schema.org\/dateModified\" >2021-04-22 14:49:15<\/span><span class='av-structured-data'  itemprop=\"mainEntityOfPage\" itemtype=\"https:\/\/schema.org\/mainEntityOfPage\" ><span itemprop='name'>Transfuge &#8211; Portraits<\/span><\/span><\/span><\/article><article class='slide-entry flex_column  post-entry post-entry-125757 slide-entry-overview slide-loop-26 slide-parity-even  av_one_third  real-thumbnail'  itemscope=\"itemscope\" itemtype=\"https:\/\/schema.org\/CreativeWork\" ><a href='https:\/\/agencevu.com\/en\/corporate\/agnes-b-collection-homme\/' data-rel='slide-1' class='slide-image' title=''><img width=\"495\" height=\"400\" src=\"https:\/\/agencevu.com\/wp-content\/uploads\/2021\/04\/05_IMGP9023-495x400.jpg\" class=\"wp-image-149414 avia-img-lazy-loading-149414 attachment-portfolio size-portfolio wp-post-image\" alt=\"\" loading=\"lazy\" \/><\/a><div class='slide-content'><header class=\"entry-content-header\"><span class=\"blog-categories minor-meta\"> <a href=\"https:\/\/agencevu.com\/en\/filter_taxonomy\/mode-luxe-en\/\" rel=\"tag\">Mode &amp; Luxe<\/a><a href=\"https:\/\/agencevu.com\/en\/filter_taxonomy\/portrait-en\/\" rel=\"tag\">Portrait<\/a> <a href=\"https:\/\/agencevu.com\/en\/photographer\/denis-darzacq\/\" rel=\"tag\">Denis Darzacq<\/a> <a href=\"https:\/\/agencevu.com\/en\/section_taxonomy\/corporate-en\/\" rel=\"tag\">Corporate<\/a> <\/span><h3 class='slide-entry-title entry-title'  itemprop=\"headline\" ><a href='https:\/\/agencevu.com\/en\/corporate\/agnes-b-collection-homme\/' title='agn\u00e8s b. - 2021 Men Collection'>agn\u00e8s b. - 2021 Men Collection<\/a><\/h3><span class=\"av-vertical-delimiter\"><\/span><\/header><div class='slide-entry-excerpt entry-content'  itemprop=\"text\" >\r\n<\/div><\/div><footer class=\"entry-footer\"><div class='slide-meta'><time class='slide-meta-time updated'  itemprop=\"datePublished\" datetime=\"2020-03-26T17:20:09+01:00\" >26 March 2020<\/time><\/div><\/footer><span class='hidden'>\n\t\t\t\t<span class='av-structured-data'  itemprop=\"image\" itemscope=\"itemscope\" itemtype=\"https:\/\/schema.org\/ImageObject\" >\n\t\t\t\t\t\t<span itemprop='url'>https:\/\/agencevu.com\/wp-content\/uploads\/2021\/04\/05_IMGP9023.jpg<\/span>\n\t\t\t\t\t\t<span itemprop='height'>1080<\/span>\n\t\t\t\t\t\t<span itemprop='width'>810<\/span>\n\t\t\t\t<\/span>\n\t\t\t\t<span class='av-structured-data'  itemprop=\"publisher\" itemtype=\"https:\/\/schema.org\/Organization\" itemscope=\"itemscope\" >\n\t\t\t\t\t\t<span itemprop='name'>Fanny Demichelis<\/span>\n\t\t\t\t\t\t<span itemprop='logo' itemscope itemtype='https:\/\/schema.org\/ImageObject'>\n\t\t\t\t\t\t\t<span itemprop='url'>\/wp-content\/uploads\/2021\/05\/logo-vert-2.svg<\/span>\n\t\t\t\t\t\t <\/span>\n\t\t\t\t<\/span><span class='av-structured-data'  itemprop=\"author\" itemscope=\"itemscope\" itemtype=\"https:\/\/schema.org\/Person\" ><span itemprop='name'>Fanny Demichelis<\/span><\/span><span class='av-structured-data'  itemprop=\"datePublished\" datetime=\"2007-08-23T14:17:33+02:00\" >2020-03-26 17:20:09<\/span><span class='av-structured-data'  itemprop=\"dateModified\" itemtype=\"https:\/\/schema.org\/dateModified\" >2021-04-27 17:43:17<\/span><span class='av-structured-data'  itemprop=\"mainEntityOfPage\" itemtype=\"https:\/\/schema.org\/mainEntityOfPage\" ><span itemprop='name'>agn\u00e8s b. &#8211; 2021 Men Collection<\/span><\/span><\/span><\/article><article class='slide-entry flex_column  post-entry post-entry-112258 slide-entry-overview slide-loop-27 slide-parity-odd  av_one_third  real-thumbnail'  itemscope=\"itemscope\" itemtype=\"https:\/\/schema.org\/CreativeWork\" ><a href='https:\/\/agencevu.com\/en\/corporate\/elior-douze-engagements\/' data-rel='slide-1' class='slide-image' title=''><img width=\"495\" height=\"400\" src=\"https:\/\/agencevu.com\/wp-content\/uploads\/2021\/03\/A1040648_\u00a9Alessandro-Albert-495x400.jpg\" class=\"wp-image-112253 avia-img-lazy-loading-112253 attachment-portfolio size-portfolio wp-post-image\" alt=\"\" loading=\"lazy\" \/><\/a><div class='slide-content'><header class=\"entry-content-header\"><span class=\"blog-categories minor-meta\"> <a href=\"https:\/\/agencevu.com\/en\/filter_taxonomy\/industrie-services-en\/\" rel=\"tag\">Industrie &amp; Services<\/a><a href=\"https:\/\/agencevu.com\/en\/filter_taxonomy\/portrait-en\/\" rel=\"tag\">Portrait<\/a> <a href=\"https:\/\/agencevu.com\/en\/photographer\/projets-collaboratifs\/\" rel=\"tag\">Collaborative project<\/a> <a href=\"https:\/\/agencevu.com\/en\/section_taxonomy\/corporate-en\/\" rel=\"tag\">Corporate<\/a> <\/span><h3 class='slide-entry-title entry-title'  itemprop=\"headline\" ><a href='https:\/\/agencevu.com\/en\/corporate\/elior-douze-engagements\/' title='Elior - 12 commitments'>Elior - 12 commitments<\/a><\/h3><span class=\"av-vertical-delimiter\"><\/span><\/header><\/div><footer class=\"entry-footer\"><div class='slide-meta'><time class='slide-meta-time updated'  itemprop=\"datePublished\" datetime=\"2020-03-26T17:20:09+01:00\" >26 March 2020<\/time><\/div><\/footer><span class='hidden'>\n\t\t\t\t<span class='av-structured-data'  itemprop=\"image\" itemscope=\"itemscope\" itemtype=\"https:\/\/schema.org\/ImageObject\" >\n\t\t\t\t\t\t<span itemprop='url'>https:\/\/agencevu.com\/wp-content\/uploads\/2021\/03\/A1040648_\u00a9Alessandro-Albert.jpg<\/span>\n\t\t\t\t\t\t<span itemprop='height'>999<\/span>\n\t\t\t\t\t\t<span itemprop='width'>750<\/span>\n\t\t\t\t<\/span>\n\t\t\t\t<span class='av-structured-data'  itemprop=\"publisher\" itemtype=\"https:\/\/schema.org\/Organization\" itemscope=\"itemscope\" >\n\t\t\t\t\t\t<span itemprop='name'>Fanny Demichelis<\/span>\n\t\t\t\t\t\t<span itemprop='logo' itemscope itemtype='https:\/\/schema.org\/ImageObject'>\n\t\t\t\t\t\t\t<span itemprop='url'>\/wp-content\/uploads\/2021\/05\/logo-vert-2.svg<\/span>\n\t\t\t\t\t\t <\/span>\n\t\t\t\t<\/span><span class='av-structured-data'  itemprop=\"author\" itemscope=\"itemscope\" itemtype=\"https:\/\/schema.org\/Person\" ><span itemprop='name'>Fanny Demichelis<\/span><\/span><span class='av-structured-data'  itemprop=\"datePublished\" datetime=\"2007-08-23T14:17:33+02:00\" >2020-01-05 15:23:05<\/span><span class='av-structured-data'  itemprop=\"dateModified\" itemtype=\"https:\/\/schema.org\/dateModified\" >2022-02-15 12:47:30<\/span><span class='av-structured-data'  itemprop=\"mainEntityOfPage\" itemtype=\"https:\/\/schema.org\/mainEntityOfPage\" ><span itemprop='name'>Elior &#8211; 12 commitments<\/span><\/span><\/span><\/article><\/div><div class='slide-entry-wrap'><article class='slide-entry flex_column  post-entry post-entry-163955 slide-entry-overview slide-loop-28 slide-parity-odd  av_one_third first real-thumbnail'  itemscope=\"itemscope\" itemtype=\"https:\/\/schema.org\/CreativeWork\" ><a href='https:\/\/agencevu.com\/en\/corporate\/harington-portraits-2019\/' data-rel='slide-1' class='slide-image' title=''><img width=\"495\" height=\"400\" src=\"https:\/\/agencevu.com\/wp-content\/uploads\/2021\/08\/Harington-DantouV2-495x400.jpg\" class=\"wp-image-164592 avia-img-lazy-loading-164592 attachment-portfolio size-portfolio wp-post-image\" alt=\"\" loading=\"lazy\" srcset=\"https:\/\/agencevu.com\/wp-content\/uploads\/2021\/08\/Harington-DantouV2-495x400.jpg 495w, https:\/\/agencevu.com\/wp-content\/uploads\/2021\/08\/Harington-DantouV2-80x64.jpg 80w\" sizes=\"(max-width: 495px) 100vw, 495px\" \/><\/a><div class='slide-content'><header class=\"entry-content-header\"><span class=\"blog-categories minor-meta\"> <a href=\"https:\/\/agencevu.com\/en\/filter_taxonomy\/industrie-services-en\/\" rel=\"tag\">Industrie &amp; Services<\/a><a href=\"https:\/\/agencevu.com\/en\/filter_taxonomy\/portrait-en\/\" rel=\"tag\">Portrait<\/a><a href=\"https:\/\/agencevu.com\/en\/filter_taxonomy\/prestation-en\/\" rel=\"tag\">Prestation<\/a> <a href=\"https:\/\/agencevu.com\/en\/photographer\/jean-robert-dantou\/\" rel=\"tag\">Jean-Robert Dantou<\/a> <a href=\"https:\/\/agencevu.com\/en\/section_taxonomy\/corporate-en\/\" rel=\"tag\">Corporate<\/a> <\/span><h3 class='slide-entry-title entry-title'  itemprop=\"headline\" ><a href='https:\/\/agencevu.com\/en\/corporate\/harington-portraits-2019\/' title='Harington - Portraits of collaborateurs'>Harington - Portraits of collaborateurs<\/a><\/h3><span class=\"av-vertical-delimiter\"><\/span><\/header><\/div><footer class=\"entry-footer\"><div class='slide-meta'><time class='slide-meta-time updated'  itemprop=\"datePublished\" datetime=\"2020-03-26T17:20:09+01:00\" >26 March 2020<\/time><\/div><\/footer><span class='hidden'>\n\t\t\t\t<span class='av-structured-data'  itemprop=\"image\" itemscope=\"itemscope\" itemtype=\"https:\/\/schema.org\/ImageObject\" >\n\t\t\t\t\t\t<span itemprop='url'>https:\/\/agencevu.com\/wp-content\/uploads\/2021\/08\/Harington-DantouV2.jpg<\/span>\n\t\t\t\t\t\t<span itemprop='height'>677<\/span>\n\t\t\t\t\t\t<span itemprop='width'>845<\/span>\n\t\t\t\t<\/span>\n\t\t\t\t<span class='av-structured-data'  itemprop=\"publisher\" itemtype=\"https:\/\/schema.org\/Organization\" itemscope=\"itemscope\" >\n\t\t\t\t\t\t<span itemprop='name'>Fanny Demichelis<\/span>\n\t\t\t\t\t\t<span itemprop='logo' itemscope itemtype='https:\/\/schema.org\/ImageObject'>\n\t\t\t\t\t\t\t<span itemprop='url'>\/wp-content\/uploads\/2021\/05\/logo-vert-2.svg<\/span>\n\t\t\t\t\t\t <\/span>\n\t\t\t\t<\/span><span class='av-structured-data'  itemprop=\"author\" itemscope=\"itemscope\" itemtype=\"https:\/\/schema.org\/Person\" ><span itemprop='name'>Fanny Demichelis<\/span><\/span><span class='av-structured-data'  itemprop=\"datePublished\" datetime=\"2007-08-23T14:17:33+02:00\" >2019-08-19 15:56:23<\/span><span class='av-structured-data'  itemprop=\"dateModified\" itemtype=\"https:\/\/schema.org\/dateModified\" >2021-08-27 17:43:33<\/span><span class='av-structured-data'  itemprop=\"mainEntityOfPage\" itemtype=\"https:\/\/schema.org\/mainEntityOfPage\" ><span itemprop='name'>Harington &#8211; Portraits of collaborateurs<\/span><\/span><\/span><\/article><article class='slide-entry flex_column  post-entry post-entry-110419 slide-entry-overview slide-loop-29 slide-parity-even  av_one_third  real-thumbnail'  itemscope=\"itemscope\" itemtype=\"https:\/\/schema.org\/CreativeWork\" ><a href='https:\/\/agencevu.com\/en\/corporate\/atelier-college-jacques-prevert-noisy-le-sec\/' data-rel='slide-1' class='slide-image' title=''><img width=\"495\" height=\"400\" src=\"https:\/\/agencevu.com\/wp-content\/uploads\/2021\/02\/02_S1_35IMG_0105-495x400.jpg\" class=\"wp-image-110373 avia-img-lazy-loading-110373 attachment-portfolio size-portfolio wp-post-image\" alt=\"\" loading=\"lazy\" \/><\/a><div class='slide-content'><header class=\"entry-content-header\"><span class=\"blog-categories minor-meta\"> <a href=\"https:\/\/agencevu.com\/en\/filter_taxonomy\/ateliers-residences-en\/\" rel=\"tag\">Ateliers &amp; R\u00e9sidences<\/a><a href=\"https:\/\/agencevu.com\/en\/filter_taxonomy\/institution-publique-2\/\" rel=\"tag\">Institution publique<\/a><a href=\"https:\/\/agencevu.com\/en\/filter_taxonomy\/institution-publique-en\/\" rel=\"tag\">institution publique<\/a><a href=\"https:\/\/agencevu.com\/en\/filter_taxonomy\/portrait-en\/\" rel=\"tag\">Portrait<\/a> <a href=\"https:\/\/agencevu.com\/en\/photographer\/bertrand-desprez\/\" rel=\"tag\">Bertrand Desprez<\/a> <a href=\"https:\/\/agencevu.com\/en\/section_taxonomy\/corporate-en\/\" rel=\"tag\">Corporate<\/a> <\/span><h3 class='slide-entry-title entry-title'  itemprop=\"headline\" ><a href='https:\/\/agencevu.com\/en\/corporate\/atelier-college-jacques-prevert-noisy-le-sec\/' title='Workshop in a school of Noisy-le-Sec'>Workshop in a school of Noisy-le-Sec<\/a><\/h3><span class=\"av-vertical-delimiter\"><\/span><\/header><div class='slide-entry-excerpt entry-content'  itemprop=\"text\" >\r\n\r\n\r\n\r\n\r\n\r\n\r\n\r\n\r\n\r\n<\/div><\/div><footer class=\"entry-footer\"><div class='slide-meta'><time class='slide-meta-time updated'  itemprop=\"datePublished\" datetime=\"2019-06-26T16:44:42+02:00\" >26 June 2019<\/time><\/div><\/footer><span class='hidden'>\n\t\t\t\t<span class='av-structured-data'  itemprop=\"image\" itemscope=\"itemscope\" itemtype=\"https:\/\/schema.org\/ImageObject\" >\n\t\t\t\t\t\t<span itemprop='url'>https:\/\/agencevu.com\/wp-content\/uploads\/2021\/02\/02_S1_35IMG_0105.jpg<\/span>\n\t\t\t\t\t\t<span itemprop='height'>1080<\/span>\n\t\t\t\t\t\t<span itemprop='width'>771<\/span>\n\t\t\t\t<\/span>\n\t\t\t\t<span class='av-structured-data'  itemprop=\"publisher\" itemtype=\"https:\/\/schema.org\/Organization\" itemscope=\"itemscope\" >\n\t\t\t\t\t\t<span itemprop='name'>Fanny Demichelis<\/span>\n\t\t\t\t\t\t<span itemprop='logo' itemscope itemtype='https:\/\/schema.org\/ImageObject'>\n\t\t\t\t\t\t\t<span itemprop='url'>\/wp-content\/uploads\/2021\/05\/logo-vert-2.svg<\/span>\n\t\t\t\t\t\t <\/span>\n\t\t\t\t<\/span><span class='av-structured-data'  itemprop=\"author\" itemscope=\"itemscope\" itemtype=\"https:\/\/schema.org\/Person\" ><span itemprop='name'>Fanny Demichelis<\/span><\/span><span class='av-structured-data'  itemprop=\"datePublished\" datetime=\"2007-08-23T14:17:33+02:00\" >2019-06-26 16:44:42<\/span><span class='av-structured-data'  itemprop=\"dateModified\" itemtype=\"https:\/\/schema.org\/dateModified\" >2024-02-29 11:51:45<\/span><span class='av-structured-data'  itemprop=\"mainEntityOfPage\" itemtype=\"https:\/\/schema.org\/mainEntityOfPage\" ><span itemprop='name'>Workshop in a school of Noisy-le-Sec<\/span><\/span><\/span><\/article><article class='slide-entry flex_column  post-entry post-entry-98062 slide-entry-overview slide-loop-30 slide-parity-odd  av_one_third  real-thumbnail'  itemscope=\"itemscope\" itemtype=\"https:\/\/schema.org\/CreativeWork\" ><a href='https:\/\/agencevu.com\/en\/corporate\/monde-cannes-2019\/' data-rel='slide-1' class='slide-image' title=''><img width=\"495\" height=\"400\" src=\"https:\/\/agencevu.com\/wp-content\/uploads\/2021\/01\/07_VERZ23267-2019CL01-495x400.jpg\" class=\"wp-image-98038 avia-img-lazy-loading-98038 attachment-portfolio size-portfolio wp-post-image\" alt=\"\" loading=\"lazy\" srcset=\"https:\/\/agencevu.com\/wp-content\/uploads\/2021\/01\/07_VERZ23267-2019CL01-495x400.jpg 495w, https:\/\/agencevu.com\/wp-content\/uploads\/2021\/01\/07_VERZ23267-2019CL01-845x684.jpg 845w\" sizes=\"(max-width: 495px) 100vw, 495px\" \/><\/a><div class='slide-content'><header class=\"entry-content-header\"><span class=\"blog-categories minor-meta\"> <a href=\"https:\/\/agencevu.com\/en\/filter_taxonomy\/art-de-vivre-en\/\" rel=\"tag\">Art de Vivre<\/a><a href=\"https:\/\/agencevu.com\/en\/filter_taxonomy\/industrie-culturelle-en\/\" rel=\"tag\">industrie culturelle<\/a><a href=\"https:\/\/agencevu.com\/en\/filter_taxonomy\/portrait-en\/\" rel=\"tag\">Portrait<\/a><a href=\"https:\/\/agencevu.com\/en\/filter_taxonomy\/prestation-en\/\" rel=\"tag\">Prestation<\/a> <a href=\"https:\/\/agencevu.com\/en\/photographer\/paolo-verzone\/\" rel=\"tag\">Paolo Verzone<\/a> <a href=\"https:\/\/agencevu.com\/en\/section_taxonomy\/corporate-en\/\" rel=\"tag\">Corporate<\/a> <\/span><h3 class='slide-entry-title entry-title'  itemprop=\"headline\" ><a href='https:\/\/agencevu.com\/en\/corporate\/monde-cannes-2019\/' title='Festival de Cannes 2019'>Festival de Cannes 2019<\/a><\/h3><span class=\"av-vertical-delimiter\"><\/span><\/header><\/div><footer class=\"entry-footer\"><div class='slide-meta'><time class='slide-meta-time updated'  itemprop=\"datePublished\" datetime=\"2019-06-26T16:44:42+02:00\" >26 June 2019<\/time><\/div><\/footer><span class='hidden'>\n\t\t\t\t<span class='av-structured-data'  itemprop=\"image\" itemscope=\"itemscope\" itemtype=\"https:\/\/schema.org\/ImageObject\" >\n\t\t\t\t\t\t<span itemprop='url'>https:\/\/agencevu.com\/wp-content\/uploads\/2021\/01\/07_VERZ23267-2019CL01.jpg<\/span>\n\t\t\t\t\t\t<span itemprop='height'>1080<\/span>\n\t\t\t\t\t\t<span itemprop='width'>1441<\/span>\n\t\t\t\t<\/span>\n\t\t\t\t<span class='av-structured-data'  itemprop=\"publisher\" itemtype=\"https:\/\/schema.org\/Organization\" itemscope=\"itemscope\" >\n\t\t\t\t\t\t<span itemprop='name'>Fanny Demichelis<\/span>\n\t\t\t\t\t\t<span itemprop='logo' itemscope itemtype='https:\/\/schema.org\/ImageObject'>\n\t\t\t\t\t\t\t<span itemprop='url'>\/wp-content\/uploads\/2021\/05\/logo-vert-2.svg<\/span>\n\t\t\t\t\t\t <\/span>\n\t\t\t\t<\/span><span class='av-structured-data'  itemprop=\"author\" itemscope=\"itemscope\" itemtype=\"https:\/\/schema.org\/Person\" ><span itemprop='name'>Fanny Demichelis<\/span><\/span><span class='av-structured-data'  itemprop=\"datePublished\" datetime=\"2007-08-23T14:17:33+02:00\" >2019-05-01 11:00:58<\/span><span class='av-structured-data'  itemprop=\"dateModified\" itemtype=\"https:\/\/schema.org\/dateModified\" >2024-02-29 12:48:01<\/span><span class='av-structured-data'  itemprop=\"mainEntityOfPage\" itemtype=\"https:\/\/schema.org\/mainEntityOfPage\" ><span itemprop='name'>Festival de Cannes 2019<\/span><\/span><\/span><\/article><\/div><div class='slide-entry-wrap'><article class='slide-entry flex_column  post-entry post-entry-98100 slide-entry-overview slide-loop-31 slide-parity-odd  av_one_third first real-thumbnail'  itemscope=\"itemscope\" itemtype=\"https:\/\/schema.org\/CreativeWork\" ><a href='https:\/\/agencevu.com\/en\/corporate\/liberation-cannes-2019\/' data-rel='slide-1' class='slide-image' title=''><img width=\"495\" height=\"400\" src=\"https:\/\/agencevu.com\/wp-content\/uploads\/2021\/01\/007_p_ZAN23265-2019CL177-495x400.jpg\" class=\"wp-image-98081 avia-img-lazy-loading-98081 attachment-portfolio size-portfolio wp-post-image\" alt=\"\" loading=\"lazy\" \/><\/a><div class='slide-content'><header class=\"entry-content-header\"><span class=\"blog-categories minor-meta\"> <a href=\"https:\/\/agencevu.com\/en\/filter_taxonomy\/art-de-vivre-en\/\" rel=\"tag\">Art de Vivre<\/a><a href=\"https:\/\/agencevu.com\/en\/filter_taxonomy\/industrie-culturelle-en\/\" rel=\"tag\">industrie culturelle<\/a><a href=\"https:\/\/agencevu.com\/en\/filter_taxonomy\/portrait-en\/\" rel=\"tag\">Portrait<\/a><a href=\"https:\/\/agencevu.com\/en\/filter_taxonomy\/prestation-en\/\" rel=\"tag\">Prestation<\/a><a href=\"https:\/\/agencevu.com\/en\/filter_taxonomy\/reference-en\/\" rel=\"tag\">R\u00e9f\u00e9rence<\/a> <a href=\"https:\/\/agencevu.com\/en\/photographer\/cyril-zannettacci\/\" rel=\"tag\">Cyril Zannettacci<\/a> <a href=\"https:\/\/agencevu.com\/en\/section_taxonomy\/corporate-en\/\" rel=\"tag\">Corporate<\/a> <\/span><h3 class='slide-entry-title entry-title'  itemprop=\"headline\" ><a href='https:\/\/agencevu.com\/en\/corporate\/liberation-cannes-2019\/' title='Festival de Cannes 2019'>Festival de Cannes 2019<\/a><\/h3><span class=\"av-vertical-delimiter\"><\/span><\/header><div class='slide-entry-excerpt entry-content'  itemprop=\"text\" >\r\n<\/div><\/div><footer class=\"entry-footer\"><div class='slide-meta'><time class='slide-meta-time updated'  itemprop=\"datePublished\" datetime=\"2019-05-01T10:00:16+02:00\" >1 May 2019<\/time><\/div><\/footer><span class='hidden'>\n\t\t\t\t<span class='av-structured-data'  itemprop=\"image\" itemscope=\"itemscope\" itemtype=\"https:\/\/schema.org\/ImageObject\" >\n\t\t\t\t\t\t<span itemprop='url'>https:\/\/agencevu.com\/wp-content\/uploads\/2021\/01\/007_p_ZAN23265-2019CL177.jpg<\/span>\n\t\t\t\t\t\t<span itemprop='height'>1000<\/span>\n\t\t\t\t\t\t<span itemprop='width'>800<\/span>\n\t\t\t\t<\/span>\n\t\t\t\t<span class='av-structured-data'  itemprop=\"publisher\" itemtype=\"https:\/\/schema.org\/Organization\" itemscope=\"itemscope\" >\n\t\t\t\t\t\t<span itemprop='name'>Fanny Demichelis<\/span>\n\t\t\t\t\t\t<span itemprop='logo' itemscope itemtype='https:\/\/schema.org\/ImageObject'>\n\t\t\t\t\t\t\t<span itemprop='url'>\/wp-content\/uploads\/2021\/05\/logo-vert-2.svg<\/span>\n\t\t\t\t\t\t <\/span>\n\t\t\t\t<\/span><span class='av-structured-data'  itemprop=\"author\" itemscope=\"itemscope\" itemtype=\"https:\/\/schema.org\/Person\" ><span itemprop='name'>Fanny Demichelis<\/span><\/span><span class='av-structured-data'  itemprop=\"datePublished\" datetime=\"2007-08-23T14:17:33+02:00\" >2019-05-01 10:00:16<\/span><span class='av-structured-data'  itemprop=\"dateModified\" itemtype=\"https:\/\/schema.org\/dateModified\" >2024-02-29 14:13:40<\/span><span class='av-structured-data'  itemprop=\"mainEntityOfPage\" itemtype=\"https:\/\/schema.org\/mainEntityOfPage\" ><span itemprop='name'>Festival de Cannes 2019<\/span><\/span><\/span><\/article><article class='slide-entry flex_column  post-entry post-entry-123694 slide-entry-overview slide-loop-32 slide-parity-even  av_one_third  real-thumbnail'  itemscope=\"itemscope\" itemtype=\"https:\/\/schema.org\/CreativeWork\" ><a href='https:\/\/agencevu.com\/en\/corporate\/sante-publique-france-2\/' data-rel='slide-1' class='slide-image' title=''><img width=\"495\" height=\"400\" src=\"https:\/\/agencevu.com\/wp-content\/uploads\/2021\/03\/02_ANTHONY_LEA_423_BD-495x400.jpg\" class=\"wp-image-123653 avia-img-lazy-loading-123653 attachment-portfolio size-portfolio wp-post-image\" alt=\"\" loading=\"lazy\" srcset=\"https:\/\/agencevu.com\/wp-content\/uploads\/2021\/03\/02_ANTHONY_LEA_423_BD-495x400.jpg 495w, https:\/\/agencevu.com\/wp-content\/uploads\/2021\/03\/02_ANTHONY_LEA_423_BD-845x684.jpg 845w\" sizes=\"(max-width: 495px) 100vw, 495px\" \/><\/a><div class='slide-content'><header class=\"entry-content-header\"><span class=\"blog-categories minor-meta\"> <a href=\"https:\/\/agencevu.com\/en\/filter_taxonomy\/art-de-vivre-en\/\" rel=\"tag\">Art de Vivre<\/a><a href=\"https:\/\/agencevu.com\/en\/filter_taxonomy\/institution-publique-en\/\" rel=\"tag\">institution publique<\/a><a href=\"https:\/\/agencevu.com\/en\/filter_taxonomy\/portrait-en\/\" rel=\"tag\">Portrait<\/a> <a href=\"https:\/\/agencevu.com\/en\/photographer\/denis-darzacq\/\" rel=\"tag\">Denis Darzacq<\/a> <a href=\"https:\/\/agencevu.com\/en\/section_taxonomy\/corporate-en\/\" rel=\"tag\">Corporate<\/a> <\/span><h3 class='slide-entry-title entry-title'  itemprop=\"headline\" ><a href='https:\/\/agencevu.com\/en\/corporate\/sante-publique-france-2\/' title='Sant\u00e9 Publique France'>Sant\u00e9 Publique France<\/a><\/h3><span class=\"av-vertical-delimiter\"><\/span><\/header><div class='slide-entry-excerpt entry-content'  itemprop=\"text\" >\r\n<\/div><\/div><footer class=\"entry-footer\"><div class='slide-meta'><time class='slide-meta-time updated'  itemprop=\"datePublished\" datetime=\"2019-03-24T09:31:55+01:00\" >24 March 2019<\/time><\/div><\/footer><span class='hidden'>\n\t\t\t\t<span class='av-structured-data'  itemprop=\"image\" itemscope=\"itemscope\" itemtype=\"https:\/\/schema.org\/ImageObject\" >\n\t\t\t\t\t\t<span itemprop='url'>https:\/\/agencevu.com\/wp-content\/uploads\/2021\/03\/02_ANTHONY_LEA_423_BD.jpg<\/span>\n\t\t\t\t\t\t<span itemprop='height'>1080<\/span>\n\t\t\t\t\t\t<span itemprop='width'>1440<\/span>\n\t\t\t\t<\/span>\n\t\t\t\t<span class='av-structured-data'  itemprop=\"publisher\" itemtype=\"https:\/\/schema.org\/Organization\" itemscope=\"itemscope\" >\n\t\t\t\t\t\t<span itemprop='name'>Fanny Demichelis<\/span>\n\t\t\t\t\t\t<span itemprop='logo' itemscope itemtype='https:\/\/schema.org\/ImageObject'>\n\t\t\t\t\t\t\t<span itemprop='url'>\/wp-content\/uploads\/2021\/05\/logo-vert-2.svg<\/span>\n\t\t\t\t\t\t <\/span>\n\t\t\t\t<\/span><span class='av-structured-data'  itemprop=\"author\" itemscope=\"itemscope\" itemtype=\"https:\/\/schema.org\/Person\" ><span itemprop='name'>Fanny Demichelis<\/span><\/span><span class='av-structured-data'  itemprop=\"datePublished\" datetime=\"2007-08-23T14:17:33+02:00\" >2019-03-24 09:31:55<\/span><span class='av-structured-data'  itemprop=\"dateModified\" itemtype=\"https:\/\/schema.org\/dateModified\" >2021-04-26 12:38:44<\/span><span class='av-structured-data'  itemprop=\"mainEntityOfPage\" itemtype=\"https:\/\/schema.org\/mainEntityOfPage\" ><span itemprop='name'>Sant\u00e9 Publique France<\/span><\/span><\/span><\/article><article class='slide-entry flex_column  post-entry post-entry-102177 slide-entry-overview slide-loop-33 slide-parity-odd  av_one_third  real-thumbnail'  itemscope=\"itemscope\" itemtype=\"https:\/\/schema.org\/CreativeWork\" ><a href='https:\/\/agencevu.com\/en\/corporate\/album-portrait-de-yann-tiersen\/' data-rel='slide-1' class='slide-image' title=''><img width=\"495\" height=\"400\" src=\"https:\/\/agencevu.com\/wp-content\/uploads\/2020\/10\/2019_PIAS-label_Portraits-et-reportage-de-Yann-Tiersen-a\u0300-Ouessant-495x400.jpg\" class=\"wp-image-94229 avia-img-lazy-loading-94229 attachment-portfolio size-portfolio wp-post-image\" alt=\"\" loading=\"lazy\" srcset=\"https:\/\/agencevu.com\/wp-content\/uploads\/2020\/10\/2019_PIAS-label_Portraits-et-reportage-de-Yann-Tiersen-a\u0300-Ouessant-495x400.jpg 495w, https:\/\/agencevu.com\/wp-content\/uploads\/2020\/10\/2019_PIAS-label_Portraits-et-reportage-de-Yann-Tiersen-a\u0300-Ouessant-80x66.jpg 80w\" sizes=\"(max-width: 495px) 100vw, 495px\" \/><\/a><div class='slide-content'><header class=\"entry-content-header\"><span class=\"blog-categories minor-meta\"> <a href=\"https:\/\/agencevu.com\/en\/filter_taxonomy\/art-de-vivre-en\/\" rel=\"tag\">Art de Vivre<\/a><a href=\"https:\/\/agencevu.com\/en\/filter_taxonomy\/portrait-en\/\" rel=\"tag\">Portrait<\/a> <a href=\"https:\/\/agencevu.com\/en\/photographer\/richard-dumas\/\" rel=\"tag\">Richard Dumas<\/a> <a href=\"https:\/\/agencevu.com\/en\/section_taxonomy\/corporate-en\/\" rel=\"tag\">Corporate<\/a> <\/span><h3 class='slide-entry-title entry-title'  itemprop=\"headline\" ><a href='https:\/\/agencevu.com\/en\/corporate\/album-portrait-de-yann-tiersen\/' title='Yann Tiersen&#039;s album &#039;Portrait&#039;'>Yann Tiersen's album 'Portrait'<\/a><\/h3><span class=\"av-vertical-delimiter\"><\/span><\/header><\/div><footer class=\"entry-footer\"><div class='slide-meta'><time class='slide-meta-time updated'  itemprop=\"datePublished\" datetime=\"2019-03-24T09:31:55+01:00\" >24 March 2019<\/time><\/div><\/footer><span class='hidden'>\n\t\t\t\t<span class='av-structured-data'  itemprop=\"image\" itemscope=\"itemscope\" itemtype=\"https:\/\/schema.org\/ImageObject\" >\n\t\t\t\t\t\t<span itemprop='url'>https:\/\/agencevu.com\/wp-content\/uploads\/2020\/10\/2019_PIAS-label_Portraits-et-reportage-de-Yann-Tiersen-a\u0300-Ouessant.jpg<\/span>\n\t\t\t\t\t\t<span itemprop='height'>580<\/span>\n\t\t\t\t\t\t<span itemprop='width'>700<\/span>\n\t\t\t\t<\/span>\n\t\t\t\t<span class='av-structured-data'  itemprop=\"publisher\" itemtype=\"https:\/\/schema.org\/Organization\" itemscope=\"itemscope\" >\n\t\t\t\t\t\t<span itemprop='name'>Fanny Demichelis<\/span>\n\t\t\t\t\t\t<span itemprop='logo' itemscope itemtype='https:\/\/schema.org\/ImageObject'>\n\t\t\t\t\t\t\t<span itemprop='url'>\/wp-content\/uploads\/2021\/05\/logo-vert-2.svg<\/span>\n\t\t\t\t\t\t <\/span>\n\t\t\t\t<\/span><span class='av-structured-data'  itemprop=\"author\" itemscope=\"itemscope\" itemtype=\"https:\/\/schema.org\/Person\" ><span itemprop='name'>Fanny Demichelis<\/span><\/span><span class='av-structured-data'  itemprop=\"datePublished\" datetime=\"2007-08-23T14:17:33+02:00\" >2019-03-12 16:47:00<\/span><span class='av-structured-data'  itemprop=\"dateModified\" itemtype=\"https:\/\/schema.org\/dateModified\" >2021-04-26 12:46:29<\/span><span class='av-structured-data'  itemprop=\"mainEntityOfPage\" itemtype=\"https:\/\/schema.org\/mainEntityOfPage\" ><span itemprop='name'>Yann Tiersen&#8217;s album &#8216;Portrait&#8217;<\/span><\/span><\/span><\/article><\/div><div class='slide-entry-wrap'><article class='slide-entry flex_column  post-entry post-entry-98579 slide-entry-overview slide-loop-34 slide-parity-odd  av_one_third first real-thumbnail'  itemscope=\"itemscope\" itemtype=\"https:\/\/schema.org\/CreativeWork\" ><a href='https:\/\/agencevu.com\/en\/corporate\/atelier-au-college-travail-langevin-de-bagnolet\/' data-rel='slide-1' class='slide-image' title=''><img width=\"495\" height=\"400\" src=\"https:\/\/agencevu.com\/wp-content\/uploads\/2020\/10\/2017-2018_CONSEIL-DEPARTEMENTAL-DE-SEINE-SAINT-DENIS-495x400.jpg\" class=\"wp-image-94009 avia-img-lazy-loading-94009 attachment-portfolio size-portfolio wp-post-image\" alt=\"\" loading=\"lazy\" srcset=\"https:\/\/agencevu.com\/wp-content\/uploads\/2020\/10\/2017-2018_CONSEIL-DEPARTEMENTAL-DE-SEINE-SAINT-DENIS-495x400.jpg 495w, https:\/\/agencevu.com\/wp-content\/uploads\/2020\/10\/2017-2018_CONSEIL-DEPARTEMENTAL-DE-SEINE-SAINT-DENIS-80x66.jpg 80w\" sizes=\"(max-width: 495px) 100vw, 495px\" \/><\/a><div class='slide-content'><header class=\"entry-content-header\"><span class=\"blog-categories minor-meta\"> <a href=\"https:\/\/agencevu.com\/en\/filter_taxonomy\/ateliers-residences-en\/\" rel=\"tag\">Ateliers &amp; R\u00e9sidences<\/a><a href=\"https:\/\/agencevu.com\/en\/filter_taxonomy\/institution-publique-2\/\" rel=\"tag\">Institution publique<\/a><a href=\"https:\/\/agencevu.com\/en\/filter_taxonomy\/institution-publique-en\/\" rel=\"tag\">institution publique<\/a><a href=\"https:\/\/agencevu.com\/en\/filter_taxonomy\/portrait-en\/\" rel=\"tag\">Portrait<\/a> <a href=\"https:\/\/agencevu.com\/en\/photographer\/adrien-selbert\/\" rel=\"tag\">Adrien Selbert<\/a> <a href=\"https:\/\/agencevu.com\/en\/section_taxonomy\/corporate-en\/\" rel=\"tag\">Corporate<\/a> <\/span><h3 class='slide-entry-title entry-title'  itemprop=\"headline\" ><a href='https:\/\/agencevu.com\/en\/corporate\/atelier-au-college-travail-langevin-de-bagnolet\/' title='School Workshop in Bagnolet'>School Workshop in Bagnolet<\/a><\/h3><span class=\"av-vertical-delimiter\"><\/span><\/header><\/div><footer class=\"entry-footer\"><div class='slide-meta'><time class='slide-meta-time updated'  itemprop=\"datePublished\" datetime=\"2019-03-24T09:31:55+01:00\" >24 March 2019<\/time><\/div><\/footer><span class='hidden'>\n\t\t\t\t<span class='av-structured-data'  itemprop=\"image\" itemscope=\"itemscope\" itemtype=\"https:\/\/schema.org\/ImageObject\" >\n\t\t\t\t\t\t<span itemprop='url'>https:\/\/agencevu.com\/wp-content\/uploads\/2020\/10\/2017-2018_CONSEIL-DEPARTEMENTAL-DE-SEINE-SAINT-DENIS.jpg<\/span>\n\t\t\t\t\t\t<span itemprop='height'>580<\/span>\n\t\t\t\t\t\t<span itemprop='width'>700<\/span>\n\t\t\t\t<\/span>\n\t\t\t\t<span class='av-structured-data'  itemprop=\"publisher\" itemtype=\"https:\/\/schema.org\/Organization\" itemscope=\"itemscope\" >\n\t\t\t\t\t\t<span itemprop='name'>Fanny Demichelis<\/span>\n\t\t\t\t\t\t<span itemprop='logo' itemscope itemtype='https:\/\/schema.org\/ImageObject'>\n\t\t\t\t\t\t\t<span itemprop='url'>\/wp-content\/uploads\/2021\/05\/logo-vert-2.svg<\/span>\n\t\t\t\t\t\t <\/span>\n\t\t\t\t<\/span><span class='av-structured-data'  itemprop=\"author\" itemscope=\"itemscope\" itemtype=\"https:\/\/schema.org\/Person\" ><span itemprop='name'>Fanny Demichelis<\/span><\/span><span class='av-structured-data'  itemprop=\"datePublished\" datetime=\"2007-08-23T14:17:33+02:00\" >2018-10-12 12:25:38<\/span><span class='av-structured-data'  itemprop=\"dateModified\" itemtype=\"https:\/\/schema.org\/dateModified\" >2024-02-29 11:29:29<\/span><span class='av-structured-data'  itemprop=\"mainEntityOfPage\" itemtype=\"https:\/\/schema.org\/mainEntityOfPage\" ><span itemprop='name'>School Workshop in Bagnolet<\/span><\/span><\/span><\/article><article class='slide-entry flex_column  post-entry post-entry-98678 slide-entry-overview slide-loop-35 slide-parity-even  av_one_third  real-thumbnail'  itemscope=\"itemscope\" itemtype=\"https:\/\/schema.org\/CreativeWork\" ><a href='https:\/\/agencevu.com\/en\/corporate\/airfrancemagazine-bruel\/' data-rel='slide-1' class='slide-image' title=''><img width=\"495\" height=\"400\" src=\"https:\/\/agencevu.com\/wp-content\/uploads\/2021\/01\/181212_RIP_BRUEL0679-copie-495x400.jpg\" class=\"wp-image-98663 avia-img-lazy-loading-98663 attachment-portfolio size-portfolio wp-post-image\" alt=\"\" loading=\"lazy\" \/><\/a><div class='slide-content'><header class=\"entry-content-header\"><span class=\"blog-categories minor-meta\"> <a href=\"https:\/\/agencevu.com\/en\/filter_taxonomy\/mode-luxe-en\/\" rel=\"tag\">Mode &amp; Luxe<\/a><a href=\"https:\/\/agencevu.com\/en\/filter_taxonomy\/portrait-en\/\" rel=\"tag\">Portrait<\/a> <a href=\"https:\/\/agencevu.com\/en\/photographer\/rip-hopkins\/\" rel=\"tag\">Rip Hopkins<\/a> <a href=\"https:\/\/agencevu.com\/en\/section_taxonomy\/corporate-en\/\" rel=\"tag\">Corporate<\/a> <\/span><h3 class='slide-entry-title entry-title'  itemprop=\"headline\" ><a href='https:\/\/agencevu.com\/en\/corporate\/airfrancemagazine-bruel\/' title='Air France Magazine - Portraits de Patrick Bruel'>Air France Magazine - Portraits de Patrick Bruel<\/a><\/h3><span class=\"av-vertical-delimiter\"><\/span><\/header><div class='slide-entry-excerpt entry-content'  itemprop=\"text\" >\r\n<\/div><\/div><footer class=\"entry-footer\"><div class='slide-meta'><time class='slide-meta-time updated'  itemprop=\"datePublished\" datetime=\"2018-04-13T12:00:37+02:00\" >13 April 2018<\/time><\/div><\/footer><span class='hidden'>\n\t\t\t\t<span class='av-structured-data'  itemprop=\"image\" itemscope=\"itemscope\" itemtype=\"https:\/\/schema.org\/ImageObject\" >\n\t\t\t\t\t\t<span itemprop='url'>https:\/\/agencevu.com\/wp-content\/uploads\/2021\/01\/181212_RIP_BRUEL0679-copie.jpg<\/span>\n\t\t\t\t\t\t<span itemprop='height'>1080<\/span>\n\t\t\t\t\t\t<span itemprop='width'>720<\/span>\n\t\t\t\t<\/span>\n\t\t\t\t<span class='av-structured-data'  itemprop=\"publisher\" itemtype=\"https:\/\/schema.org\/Organization\" itemscope=\"itemscope\" >\n\t\t\t\t\t\t<span itemprop='name'>Fanny Demichelis<\/span>\n\t\t\t\t\t\t<span itemprop='logo' itemscope itemtype='https:\/\/schema.org\/ImageObject'>\n\t\t\t\t\t\t\t<span itemprop='url'>\/wp-content\/uploads\/2021\/05\/logo-vert-2.svg<\/span>\n\t\t\t\t\t\t <\/span>\n\t\t\t\t<\/span><span class='av-structured-data'  itemprop=\"author\" itemscope=\"itemscope\" itemtype=\"https:\/\/schema.org\/Person\" ><span itemprop='name'>Fanny Demichelis<\/span><\/span><span class='av-structured-data'  itemprop=\"datePublished\" datetime=\"2007-08-23T14:17:33+02:00\" >2018-04-13 12:00:37<\/span><span class='av-structured-data'  itemprop=\"dateModified\" itemtype=\"https:\/\/schema.org\/dateModified\" >2022-05-27 10:14:07<\/span><span class='av-structured-data'  itemprop=\"mainEntityOfPage\" itemtype=\"https:\/\/schema.org\/mainEntityOfPage\" ><span itemprop='name'>Air France Magazine &#8211; Portraits de Patrick Bruel<\/span><\/span><\/span><\/article><article class='slide-entry flex_column  post-entry post-entry-99254 slide-entry-overview slide-loop-36 slide-parity-odd  av_one_third  real-thumbnail'  itemscope=\"itemscope\" itemtype=\"https:\/\/schema.org\/CreativeWork\" ><a href='https:\/\/agencevu.com\/en\/corporate\/hermes-godefroy-de-virieu\/' data-rel='slide-1' class='slide-image' title=''><img width=\"495\" height=\"400\" src=\"https:\/\/agencevu.com\/wp-content\/uploads\/2021\/01\/003_HD_Session-Sans-Titre0173-02-495x400.jpg\" class=\"wp-image-99247 avia-img-lazy-loading-99247 attachment-portfolio size-portfolio wp-post-image\" alt=\"\" loading=\"lazy\" srcset=\"https:\/\/agencevu.com\/wp-content\/uploads\/2021\/01\/003_HD_Session-Sans-Titre0173-02-495x400.jpg 495w, https:\/\/agencevu.com\/wp-content\/uploads\/2021\/01\/003_HD_Session-Sans-Titre0173-02-845x684.jpg 845w\" sizes=\"(max-width: 495px) 100vw, 495px\" \/><\/a><div class='slide-content'><header class=\"entry-content-header\"><span class=\"blog-categories minor-meta\"> <a href=\"https:\/\/agencevu.com\/en\/filter_taxonomy\/mode-luxe-en\/\" rel=\"tag\">Mode &amp; Luxe<\/a><a href=\"https:\/\/agencevu.com\/en\/filter_taxonomy\/portrait-en\/\" rel=\"tag\">Portrait<\/a><a href=\"https:\/\/agencevu.com\/en\/filter_taxonomy\/prestation-en\/\" rel=\"tag\">Prestation<\/a> <a href=\"https:\/\/agencevu.com\/en\/photographer\/rip-hopkins\/\" rel=\"tag\">Rip Hopkins<\/a> <a href=\"https:\/\/agencevu.com\/en\/section_taxonomy\/corporate-en\/\" rel=\"tag\">Corporate<\/a> <\/span><h3 class='slide-entry-title entry-title'  itemprop=\"headline\" ><a href='https:\/\/agencevu.com\/en\/corporate\/hermes-godefroy-de-virieu\/' title='Herm\u00e8s - petit h'>Herm\u00e8s - petit h<\/a><\/h3><span class=\"av-vertical-delimiter\"><\/span><\/header><div class='slide-entry-excerpt entry-content'  itemprop=\"text\" >\r\n<\/div><\/div><footer class=\"entry-footer\"><div class='slide-meta'><time class='slide-meta-time updated'  itemprop=\"datePublished\" datetime=\"2018-03-01T12:00:03+01:00\" >1 March 2018<\/time><\/div><\/footer><span class='hidden'>\n\t\t\t\t<span class='av-structured-data'  itemprop=\"image\" itemscope=\"itemscope\" itemtype=\"https:\/\/schema.org\/ImageObject\" >\n\t\t\t\t\t\t<span itemprop='url'>https:\/\/agencevu.com\/wp-content\/uploads\/2021\/01\/003_HD_Session-Sans-Titre0173-02.jpg<\/span>\n\t\t\t\t\t\t<span itemprop='height'>1080<\/span>\n\t\t\t\t\t\t<span itemprop='width'>1620<\/span>\n\t\t\t\t<\/span>\n\t\t\t\t<span class='av-structured-data'  itemprop=\"publisher\" itemtype=\"https:\/\/schema.org\/Organization\" itemscope=\"itemscope\" >\n\t\t\t\t\t\t<span itemprop='name'>Fanny Demichelis<\/span>\n\t\t\t\t\t\t<span itemprop='logo' itemscope itemtype='https:\/\/schema.org\/ImageObject'>\n\t\t\t\t\t\t\t<span itemprop='url'>\/wp-content\/uploads\/2021\/05\/logo-vert-2.svg<\/span>\n\t\t\t\t\t\t <\/span>\n\t\t\t\t<\/span><span class='av-structured-data'  itemprop=\"author\" itemscope=\"itemscope\" itemtype=\"https:\/\/schema.org\/Person\" ><span itemprop='name'>Fanny Demichelis<\/span><\/span><span class='av-structured-data'  itemprop=\"datePublished\" datetime=\"2007-08-23T14:17:33+02:00\" >2018-03-01 12:00:03<\/span><span class='av-structured-data'  itemprop=\"dateModified\" itemtype=\"https:\/\/schema.org\/dateModified\" >2021-04-15 12:50:52<\/span><span class='av-structured-data'  itemprop=\"mainEntityOfPage\" itemtype=\"https:\/\/schema.org\/mainEntityOfPage\" ><span itemprop='name'>Herm\u00e8s &#8211; petit h<\/span><\/span><\/span><\/article><\/div><div class='slide-entry-wrap'><article class='slide-entry flex_column  post-entry post-entry-195837 slide-entry-overview slide-loop-37 slide-parity-odd  av_one_third first real-thumbnail'  itemscope=\"itemscope\" itemtype=\"https:\/\/schema.org\/CreativeWork\" ><a href='https:\/\/agencevu.com\/en\/corporate\/elie-saab-haute-couture-brod\/' data-rel='slide-1' class='slide-image' title=''><img width=\"495\" height=\"400\" src=\"https:\/\/agencevu.com\/wp-content\/uploads\/2023\/01\/03_MG_5451-495x400.jpg\" class=\"wp-image-195813 avia-img-lazy-loading-195813 attachment-portfolio size-portfolio wp-post-image\" alt=\"\" loading=\"lazy\" srcset=\"https:\/\/agencevu.com\/wp-content\/uploads\/2023\/01\/03_MG_5451-495x400.jpg 495w, https:\/\/agencevu.com\/wp-content\/uploads\/2023\/01\/03_MG_5451-300x243.jpg 300w, https:\/\/agencevu.com\/wp-content\/uploads\/2023\/01\/03_MG_5451-80x65.jpg 80w, https:\/\/agencevu.com\/wp-content\/uploads\/2023\/01\/03_MG_5451-768x622.jpg 768w, https:\/\/agencevu.com\/wp-content\/uploads\/2023\/01\/03_MG_5451-705x571.jpg 705w, https:\/\/agencevu.com\/wp-content\/uploads\/2023\/01\/03_MG_5451.jpg 845w\" sizes=\"(max-width: 495px) 100vw, 495px\" \/><\/a><div class='slide-content'><header class=\"entry-content-header\"><span class=\"blog-categories minor-meta\"> <a href=\"https:\/\/agencevu.com\/en\/filter_taxonomy\/mode-luxe-en\/\" rel=\"tag\">Mode &amp; Luxe<\/a><a href=\"https:\/\/agencevu.com\/en\/filter_taxonomy\/portrait-en\/\" rel=\"tag\">Portrait<\/a> <a href=\"https:\/\/agencevu.com\/en\/photographer\/nolwenn-brod\/\" rel=\"tag\">Nolwenn Brod<\/a> <a href=\"https:\/\/agencevu.com\/en\/section_taxonomy\/corporate-en\/\" rel=\"tag\">Corporate<\/a> <\/span><h3 class='slide-entry-title entry-title'  itemprop=\"headline\" ><a href='https:\/\/agencevu.com\/en\/corporate\/elie-saab-haute-couture-brod\/' title='Elie Saab - Haute Couture backstage'>Elie Saab - Haute Couture backstage<\/a><\/h3><span class=\"av-vertical-delimiter\"><\/span><\/header><\/div><footer class=\"entry-footer\"><div class='slide-meta'><time class='slide-meta-time updated'  itemprop=\"datePublished\" datetime=\"2018-03-01T12:00:03+01:00\" >1 March 2018<\/time><\/div><\/footer><span class='hidden'>\n\t\t\t\t<span class='av-structured-data'  itemprop=\"image\" itemscope=\"itemscope\" itemtype=\"https:\/\/schema.org\/ImageObject\" >\n\t\t\t\t\t\t<span itemprop='url'>https:\/\/agencevu.com\/wp-content\/uploads\/2023\/01\/03_MG_5451.jpg<\/span>\n\t\t\t\t\t\t<span itemprop='height'>684<\/span>\n\t\t\t\t\t\t<span itemprop='width'>845<\/span>\n\t\t\t\t<\/span>\n\t\t\t\t<span class='av-structured-data'  itemprop=\"publisher\" itemtype=\"https:\/\/schema.org\/Organization\" itemscope=\"itemscope\" >\n\t\t\t\t\t\t<span itemprop='name'>Fanny Demichelis<\/span>\n\t\t\t\t\t\t<span itemprop='logo' itemscope itemtype='https:\/\/schema.org\/ImageObject'>\n\t\t\t\t\t\t\t<span itemprop='url'>\/wp-content\/uploads\/2021\/05\/logo-vert-2.svg<\/span>\n\t\t\t\t\t\t <\/span>\n\t\t\t\t<\/span><span class='av-structured-data'  itemprop=\"author\" itemscope=\"itemscope\" itemtype=\"https:\/\/schema.org\/Person\" ><span itemprop='name'>Fanny Demichelis<\/span><\/span><span class='av-structured-data'  itemprop=\"datePublished\" datetime=\"2007-08-23T14:17:33+02:00\" >2018-01-27 15:48:51<\/span><span class='av-structured-data'  itemprop=\"dateModified\" itemtype=\"https:\/\/schema.org\/dateModified\" >2023-01-27 15:49:28<\/span><span class='av-structured-data'  itemprop=\"mainEntityOfPage\" itemtype=\"https:\/\/schema.org\/mainEntityOfPage\" ><span itemprop='name'>Elie Saab &#8211; Haute Couture backstage<\/span><\/span><\/span><\/article><article class='slide-entry flex_column  post-entry post-entry-164411 slide-entry-overview slide-loop-38 slide-parity-even  av_one_third  real-thumbnail'  itemscope=\"itemscope\" itemtype=\"https:\/\/schema.org\/CreativeWork\" ><a href='https:\/\/agencevu.com\/en\/corporate\/canada-canada-2017\/' data-rel='slide-1' class='slide-image' title=''><img width=\"495\" height=\"400\" src=\"https:\/\/agencevu.com\/wp-content\/uploads\/2021\/08\/p_HOPK22281-2017CL143-1-495x400.jpg\" class=\"wp-image-164409 avia-img-lazy-loading-164409 attachment-portfolio size-portfolio wp-post-image\" alt=\"\" loading=\"lazy\" srcset=\"https:\/\/agencevu.com\/wp-content\/uploads\/2021\/08\/p_HOPK22281-2017CL143-1-495x400.jpg 495w, https:\/\/agencevu.com\/wp-content\/uploads\/2021\/08\/p_HOPK22281-2017CL143-1-300x243.jpg 300w, https:\/\/agencevu.com\/wp-content\/uploads\/2021\/08\/p_HOPK22281-2017CL143-1-80x65.jpg 80w, https:\/\/agencevu.com\/wp-content\/uploads\/2021\/08\/p_HOPK22281-2017CL143-1-768x622.jpg 768w, https:\/\/agencevu.com\/wp-content\/uploads\/2021\/08\/p_HOPK22281-2017CL143-1-705x571.jpg 705w, https:\/\/agencevu.com\/wp-content\/uploads\/2021\/08\/p_HOPK22281-2017CL143-1.jpg 845w\" sizes=\"(max-width: 495px) 100vw, 495px\" \/><\/a><div class='slide-content'><header class=\"entry-content-header\"><span class=\"blog-categories minor-meta\"> <a href=\"https:\/\/agencevu.com\/en\/filter_taxonomy\/cartes-blanches-en\/\" rel=\"tag\">Cartes blanches<\/a><a href=\"https:\/\/agencevu.com\/en\/filter_taxonomy\/cartes-blanches-en-2\/\" rel=\"tag\">Cartes blanches<\/a><a href=\"https:\/\/agencevu.com\/en\/filter_taxonomy\/institution-publique-en\/\" rel=\"tag\">institution publique<\/a><a href=\"https:\/\/agencevu.com\/en\/filter_taxonomy\/mise-en-scene-en\/\" rel=\"tag\">Mise en sc\u00e8ne<\/a><a href=\"https:\/\/agencevu.com\/en\/filter_taxonomy\/portrait-en\/\" rel=\"tag\">Portrait<\/a><a href=\"https:\/\/agencevu.com\/en\/filter_taxonomy\/prestation-en\/\" rel=\"tag\">Prestation<\/a> <a href=\"https:\/\/agencevu.com\/en\/photographer\/rip-hopkins\/\" rel=\"tag\">Rip Hopkins<\/a> <a href=\"https:\/\/agencevu.com\/en\/section_taxonomy\/corporate-en\/\" rel=\"tag\">Corporate<\/a> <\/span><h3 class='slide-entry-title entry-title'  itemprop=\"headline\" ><a href='https:\/\/agencevu.com\/en\/corporate\/canada-canada-2017\/' title='Canada Canada'>Canada Canada<\/a><\/h3><span class=\"av-vertical-delimiter\"><\/span><\/header><div class='slide-entry-excerpt entry-content'  itemprop=\"text\" >\r\n\r\n\r\n\r\n\r\n\r\n\r\n\r\n\r\n\r\n\r\n\r\n\r\n\r\n\r\n\r\n\r\n\r\n\r\n\r\n\r\n\r\n\r\n\r\n\r\n\r\n\r\n\r\n\r\n\r\n\r\n\r\n\r\n\r\n\r\n\r\n\r\n\r\n\r\n\r\n\r\n\r\n\r\n\r\n<\/div><\/div><footer class=\"entry-footer\"><div class='slide-meta'><time class='slide-meta-time updated'  itemprop=\"datePublished\" datetime=\"2017-08-24T18:58:46+02:00\" >24 August 2017<\/time><\/div><\/footer><span class='hidden'>\n\t\t\t\t<span class='av-structured-data'  itemprop=\"image\" itemscope=\"itemscope\" itemtype=\"https:\/\/schema.org\/ImageObject\" >\n\t\t\t\t\t\t<span itemprop='url'>https:\/\/agencevu.com\/wp-content\/uploads\/2021\/08\/p_HOPK22281-2017CL143-1.jpg<\/span>\n\t\t\t\t\t\t<span itemprop='height'>684<\/span>\n\t\t\t\t\t\t<span itemprop='width'>845<\/span>\n\t\t\t\t<\/span>\n\t\t\t\t<span class='av-structured-data'  itemprop=\"publisher\" itemtype=\"https:\/\/schema.org\/Organization\" itemscope=\"itemscope\" >\n\t\t\t\t\t\t<span itemprop='name'>Fanny Demichelis<\/span>\n\t\t\t\t\t\t<span itemprop='logo' itemscope itemtype='https:\/\/schema.org\/ImageObject'>\n\t\t\t\t\t\t\t<span itemprop='url'>\/wp-content\/uploads\/2021\/05\/logo-vert-2.svg<\/span>\n\t\t\t\t\t\t <\/span>\n\t\t\t\t<\/span><span class='av-structured-data'  itemprop=\"author\" itemscope=\"itemscope\" itemtype=\"https:\/\/schema.org\/Person\" ><span itemprop='name'>Fanny Demichelis<\/span><\/span><span class='av-structured-data'  itemprop=\"datePublished\" datetime=\"2007-08-23T14:17:33+02:00\" >2017-08-24 18:58:46<\/span><span class='av-structured-data'  itemprop=\"dateModified\" itemtype=\"https:\/\/schema.org\/dateModified\" >2024-03-05 12:55:20<\/span><span class='av-structured-data'  itemprop=\"mainEntityOfPage\" itemtype=\"https:\/\/schema.org\/mainEntityOfPage\" ><span itemprop='name'>Canada Canada<\/span><\/span><\/span><\/article><article class='slide-entry flex_column  post-entry post-entry-110567 slide-entry-overview slide-loop-39 slide-parity-odd  av_one_third  real-thumbnail'  itemscope=\"itemscope\" itemtype=\"https:\/\/schema.org\/CreativeWork\" ><a href='https:\/\/agencevu.com\/en\/corporate\/atout-france-palaces\/' data-rel='slide-1' class='slide-image' title=''><img width=\"495\" height=\"400\" src=\"https:\/\/agencevu.com\/wp-content\/uploads\/2021\/02\/171018_HD_CHEFS-495x400.jpg\" class=\"wp-image-110551 avia-img-lazy-loading-110551 attachment-portfolio size-portfolio wp-post-image\" alt=\"\" loading=\"lazy\" srcset=\"https:\/\/agencevu.com\/wp-content\/uploads\/2021\/02\/171018_HD_CHEFS-495x400.jpg 495w, https:\/\/agencevu.com\/wp-content\/uploads\/2021\/02\/171018_HD_CHEFS-845x684.jpg 845w\" sizes=\"(max-width: 495px) 100vw, 495px\" \/><\/a><div class='slide-content'><header class=\"entry-content-header\"><span class=\"blog-categories minor-meta\"> <a href=\"https:\/\/agencevu.com\/en\/filter_taxonomy\/art-de-vivre-en\/\" rel=\"tag\">Art de Vivre<\/a><a href=\"https:\/\/agencevu.com\/en\/filter_taxonomy\/mise-en-scene-en\/\" rel=\"tag\">Mise en sc\u00e8ne<\/a><a href=\"https:\/\/agencevu.com\/en\/filter_taxonomy\/portrait-en\/\" rel=\"tag\">Portrait<\/a><a href=\"https:\/\/agencevu.com\/en\/filter_taxonomy\/voyage-loisir\/\" rel=\"tag\">Voyage &amp; loisir<\/a> <a href=\"https:\/\/agencevu.com\/en\/photographer\/rip-hopkins\/\" rel=\"tag\">Rip Hopkins<\/a> <a href=\"https:\/\/agencevu.com\/en\/section_taxonomy\/corporate-en\/\" rel=\"tag\">Corporate<\/a> <\/span><h3 class='slide-entry-title entry-title'  itemprop=\"headline\" ><a href='https:\/\/agencevu.com\/en\/corporate\/atout-france-palaces\/' title='Atout France - French Palaces'>Atout France - French Palaces<\/a><\/h3><span class=\"av-vertical-delimiter\"><\/span><\/header><div class='slide-entry-excerpt entry-content'  itemprop=\"text\" >\r\n\r\n\r\n\r\n<\/div><\/div><footer class=\"entry-footer\"><div class='slide-meta'><time class='slide-meta-time updated'  itemprop=\"datePublished\" datetime=\"2017-02-26T18:31:43+01:00\" >26 February 2017<\/time><\/div><\/footer><span class='hidden'>\n\t\t\t\t<span class='av-structured-data'  itemprop=\"image\" itemscope=\"itemscope\" itemtype=\"https:\/\/schema.org\/ImageObject\" >\n\t\t\t\t\t\t<span itemprop='url'>https:\/\/agencevu.com\/wp-content\/uploads\/2021\/02\/171018_HD_CHEFS.jpg<\/span>\n\t\t\t\t\t\t<span itemprop='height'>1080<\/span>\n\t\t\t\t\t\t<span itemprop='width'>2247<\/span>\n\t\t\t\t<\/span>\n\t\t\t\t<span class='av-structured-data'  itemprop=\"publisher\" itemtype=\"https:\/\/schema.org\/Organization\" itemscope=\"itemscope\" >\n\t\t\t\t\t\t<span itemprop='name'>Fanny Demichelis<\/span>\n\t\t\t\t\t\t<span itemprop='logo' itemscope itemtype='https:\/\/schema.org\/ImageObject'>\n\t\t\t\t\t\t\t<span itemprop='url'>\/wp-content\/uploads\/2021\/05\/logo-vert-2.svg<\/span>\n\t\t\t\t\t\t <\/span>\n\t\t\t\t<\/span><span class='av-structured-data'  itemprop=\"author\" itemscope=\"itemscope\" itemtype=\"https:\/\/schema.org\/Person\" ><span itemprop='name'>Fanny Demichelis<\/span><\/span><span class='av-structured-data'  itemprop=\"datePublished\" datetime=\"2007-08-23T14:17:33+02:00\" >2017-02-26 18:31:43<\/span><span class='av-structured-data'  itemprop=\"dateModified\" itemtype=\"https:\/\/schema.org\/dateModified\" >2024-03-05 12:56:51<\/span><span class='av-structured-data'  itemprop=\"mainEntityOfPage\" itemtype=\"https:\/\/schema.org\/mainEntityOfPage\" ><span itemprop='name'>Atout France &#8211; French Palaces<\/span><\/span><\/span><\/article><\/div><div class='slide-entry-wrap'><article class='slide-entry flex_column  post-entry post-entry-99008 slide-entry-overview slide-loop-40 slide-parity-odd  av_one_third first real-thumbnail'  itemscope=\"itemscope\" itemtype=\"https:\/\/schema.org\/CreativeWork\" ><a href='https:\/\/agencevu.com\/en\/corporate\/abmo-elior-nouvelles-tenues\/' data-rel='slide-1' class='slide-image' title=''><img width=\"495\" height=\"400\" src=\"https:\/\/agencevu.com\/wp-content\/uploads\/2021\/01\/VERZ22257-2017CL06-495x400.jpg\" class=\"wp-image-98965 avia-img-lazy-loading-98965 attachment-portfolio size-portfolio wp-post-image\" alt=\"\" loading=\"lazy\" \/><\/a><div class='slide-content'><header class=\"entry-content-header\"><span class=\"blog-categories minor-meta\"> <a href=\"https:\/\/agencevu.com\/en\/filter_taxonomy\/industrie-services-en\/\" rel=\"tag\">Industrie &amp; Services<\/a><a href=\"https:\/\/agencevu.com\/en\/filter_taxonomy\/portrait-en\/\" rel=\"tag\">Portrait<\/a> <a href=\"https:\/\/agencevu.com\/en\/photographer\/paolo-verzone\/\" rel=\"tag\">Paolo Verzone<\/a> <a href=\"https:\/\/agencevu.com\/en\/section_taxonomy\/corporate-en\/\" rel=\"tag\">Corporate<\/a> <\/span><h3 class='slide-entry-title entry-title'  itemprop=\"headline\" ><a href='https:\/\/agencevu.com\/en\/corporate\/abmo-elior-nouvelles-tenues\/' title='Elior - Nouvelles Tenues Campaign'>Elior - Nouvelles Tenues Campaign<\/a><\/h3><span class=\"av-vertical-delimiter\"><\/span><\/header><div class='slide-entry-excerpt entry-content'  itemprop=\"text\" >\r\n<\/div><\/div><footer class=\"entry-footer\"><div class='slide-meta'><time class='slide-meta-time updated'  itemprop=\"datePublished\" datetime=\"2017-01-13T17:26:11+01:00\" >13 January 2017<\/time><\/div><\/footer><span class='hidden'>\n\t\t\t\t<span class='av-structured-data'  itemprop=\"image\" itemscope=\"itemscope\" itemtype=\"https:\/\/schema.org\/ImageObject\" >\n\t\t\t\t\t\t<span itemprop='url'>https:\/\/agencevu.com\/wp-content\/uploads\/2021\/01\/VERZ22257-2017CL06.jpg<\/span>\n\t\t\t\t\t\t<span itemprop='height'>1080<\/span>\n\t\t\t\t\t\t<span itemprop='width'>720<\/span>\n\t\t\t\t<\/span>\n\t\t\t\t<span class='av-structured-data'  itemprop=\"publisher\" itemtype=\"https:\/\/schema.org\/Organization\" itemscope=\"itemscope\" >\n\t\t\t\t\t\t<span itemprop='name'>Fanny Demichelis<\/span>\n\t\t\t\t\t\t<span itemprop='logo' itemscope itemtype='https:\/\/schema.org\/ImageObject'>\n\t\t\t\t\t\t\t<span itemprop='url'>\/wp-content\/uploads\/2021\/05\/logo-vert-2.svg<\/span>\n\t\t\t\t\t\t <\/span>\n\t\t\t\t<\/span><span class='av-structured-data'  itemprop=\"author\" itemscope=\"itemscope\" itemtype=\"https:\/\/schema.org\/Person\" ><span itemprop='name'>Fanny Demichelis<\/span><\/span><span class='av-structured-data'  itemprop=\"datePublished\" datetime=\"2007-08-23T14:17:33+02:00\" >2017-01-13 17:26:11<\/span><span class='av-structured-data'  itemprop=\"dateModified\" itemtype=\"https:\/\/schema.org\/dateModified\" >2021-04-21 17:13:06<\/span><span class='av-structured-data'  itemprop=\"mainEntityOfPage\" itemtype=\"https:\/\/schema.org\/mainEntityOfPage\" ><span itemprop='name'>Elior &#8211; Nouvelles Tenues Campaign<\/span><\/span><\/span><\/article><article class='slide-entry flex_column  post-entry post-entry-99654 slide-entry-overview slide-loop-41 slide-parity-even  av_one_third  real-thumbnail'  itemscope=\"itemscope\" itemtype=\"https:\/\/schema.org\/CreativeWork\" ><a href='https:\/\/agencevu.com\/en\/corporate\/abmo-elior-2017\/' data-rel='slide-1' class='slide-image' title=''><img width=\"495\" height=\"400\" src=\"https:\/\/agencevu.com\/wp-content\/uploads\/2021\/01\/VERZ22256-2017CL06-495x400.jpg\" class=\"wp-image-99648 avia-img-lazy-loading-99648 attachment-portfolio size-portfolio wp-post-image\" alt=\"\" loading=\"lazy\" \/><\/a><div class='slide-content'><header class=\"entry-content-header\"><span class=\"blog-categories minor-meta\"> <a href=\"https:\/\/agencevu.com\/en\/filter_taxonomy\/industrie-services-en\/\" rel=\"tag\">Industrie &amp; Services<\/a><a href=\"https:\/\/agencevu.com\/en\/filter_taxonomy\/portrait-en\/\" rel=\"tag\">Portrait<\/a> <a href=\"https:\/\/agencevu.com\/en\/photographer\/paolo-verzone\/\" rel=\"tag\">Paolo Verzone<\/a> <a href=\"https:\/\/agencevu.com\/en\/section_taxonomy\/corporate-en\/\" rel=\"tag\">Corporate<\/a> <\/span><h3 class='slide-entry-title entry-title'  itemprop=\"headline\" ><a href='https:\/\/agencevu.com\/en\/corporate\/abmo-elior-2017\/' title='Elior - 2017 Annual Activity Report'>Elior - 2017 Annual Activity Report<\/a><\/h3><span class=\"av-vertical-delimiter\"><\/span><\/header><div class='slide-entry-excerpt entry-content'  itemprop=\"text\" >\r\n<\/div><\/div><footer class=\"entry-footer\"><div class='slide-meta'><time class='slide-meta-time updated'  itemprop=\"datePublished\" datetime=\"2017-01-01T12:00:51+01:00\" >1 January 2017<\/time><\/div><\/footer><span class='hidden'>\n\t\t\t\t<span class='av-structured-data'  itemprop=\"image\" itemscope=\"itemscope\" itemtype=\"https:\/\/schema.org\/ImageObject\" >\n\t\t\t\t\t\t<span itemprop='url'>https:\/\/agencevu.com\/wp-content\/uploads\/2021\/01\/VERZ22256-2017CL06.jpg<\/span>\n\t\t\t\t\t\t<span itemprop='height'>1080<\/span>\n\t\t\t\t\t\t<span itemprop='width'>720<\/span>\n\t\t\t\t<\/span>\n\t\t\t\t<span class='av-structured-data'  itemprop=\"publisher\" itemtype=\"https:\/\/schema.org\/Organization\" itemscope=\"itemscope\" >\n\t\t\t\t\t\t<span itemprop='name'>Fanny Demichelis<\/span>\n\t\t\t\t\t\t<span itemprop='logo' itemscope itemtype='https:\/\/schema.org\/ImageObject'>\n\t\t\t\t\t\t\t<span itemprop='url'>\/wp-content\/uploads\/2021\/05\/logo-vert-2.svg<\/span>\n\t\t\t\t\t\t <\/span>\n\t\t\t\t<\/span><span class='av-structured-data'  itemprop=\"author\" itemscope=\"itemscope\" itemtype=\"https:\/\/schema.org\/Person\" ><span itemprop='name'>Fanny Demichelis<\/span><\/span><span class='av-structured-data'  itemprop=\"datePublished\" datetime=\"2007-08-23T14:17:33+02:00\" >2017-01-01 12:00:51<\/span><span class='av-structured-data'  itemprop=\"dateModified\" itemtype=\"https:\/\/schema.org\/dateModified\" >2021-04-20 15:38:39<\/span><span class='av-structured-data'  itemprop=\"mainEntityOfPage\" itemtype=\"https:\/\/schema.org\/mainEntityOfPage\" ><span itemprop='name'>Elior &#8211; 2017 Annual Activity Report<\/span><\/span><\/span><\/article><article class='slide-entry flex_column  post-entry post-entry-172072 slide-entry-overview slide-loop-42 slide-parity-odd  av_one_third  real-thumbnail'  itemscope=\"itemscope\" itemtype=\"https:\/\/schema.org\/CreativeWork\" ><a href='https:\/\/agencevu.com\/en\/corporate\/comex-pernod-ricard\/' data-rel='slide-1' class='slide-image' title=''><img width=\"495\" height=\"400\" src=\"https:\/\/agencevu.com\/wp-content\/uploads\/2021\/12\/PREVIEW_039A4849-495x400.jpg\" class=\"wp-image-172003 avia-img-lazy-loading-172003 attachment-portfolio size-portfolio wp-post-image\" alt=\"\" loading=\"lazy\" srcset=\"https:\/\/agencevu.com\/wp-content\/uploads\/2021\/12\/PREVIEW_039A4849-495x400.jpg 495w, https:\/\/agencevu.com\/wp-content\/uploads\/2021\/12\/PREVIEW_039A4849-300x243.jpg 300w, https:\/\/agencevu.com\/wp-content\/uploads\/2021\/12\/PREVIEW_039A4849-80x65.jpg 80w, https:\/\/agencevu.com\/wp-content\/uploads\/2021\/12\/PREVIEW_039A4849-768x622.jpg 768w, https:\/\/agencevu.com\/wp-content\/uploads\/2021\/12\/PREVIEW_039A4849-705x571.jpg 705w, https:\/\/agencevu.com\/wp-content\/uploads\/2021\/12\/PREVIEW_039A4849.jpg 845w\" sizes=\"(max-width: 495px) 100vw, 495px\" \/><\/a><div class='slide-content'><header class=\"entry-content-header\"><span class=\"blog-categories minor-meta\"> <a href=\"https:\/\/agencevu.com\/en\/filter_taxonomy\/portrait-en\/\" rel=\"tag\">Portrait<\/a> <a href=\"https:\/\/agencevu.com\/en\/photographer\/paolo-verzone\/\" rel=\"tag\">Paolo Verzone<\/a> <a href=\"https:\/\/agencevu.com\/en\/section_taxonomy\/corporate-en\/\" rel=\"tag\">Corporate<\/a> <\/span><h3 class='slide-entry-title entry-title'  itemprop=\"headline\" ><a href='https:\/\/agencevu.com\/en\/corporate\/comex-pernod-ricard\/' title='Comex Pernod Ricard'>Comex Pernod Ricard<\/a><\/h3><span class=\"av-vertical-delimiter\"><\/span><\/header><\/div><footer class=\"entry-footer\"><div class='slide-meta'><time class='slide-meta-time updated'  itemprop=\"datePublished\" datetime=\"2017-01-01T12:00:51+01:00\" >1 January 2017<\/time><\/div><\/footer><span class='hidden'>\n\t\t\t\t<span class='av-structured-data'  itemprop=\"image\" itemscope=\"itemscope\" itemtype=\"https:\/\/schema.org\/ImageObject\" >\n\t\t\t\t\t\t<span itemprop='url'>https:\/\/agencevu.com\/wp-content\/uploads\/2021\/12\/PREVIEW_039A4849.jpg<\/span>\n\t\t\t\t\t\t<span itemprop='height'>684<\/span>\n\t\t\t\t\t\t<span itemprop='width'>845<\/span>\n\t\t\t\t<\/span>\n\t\t\t\t<span class='av-structured-data'  itemprop=\"publisher\" itemtype=\"https:\/\/schema.org\/Organization\" itemscope=\"itemscope\" >\n\t\t\t\t\t\t<span itemprop='name'>Fanny Demichelis<\/span>\n\t\t\t\t\t\t<span itemprop='logo' itemscope itemtype='https:\/\/schema.org\/ImageObject'>\n\t\t\t\t\t\t\t<span itemprop='url'>\/wp-content\/uploads\/2021\/05\/logo-vert-2.svg<\/span>\n\t\t\t\t\t\t <\/span>\n\t\t\t\t<\/span><span class='av-structured-data'  itemprop=\"author\" itemscope=\"itemscope\" itemtype=\"https:\/\/schema.org\/Person\" ><span itemprop='name'>Fanny Demichelis<\/span><\/span><span class='av-structured-data'  itemprop=\"datePublished\" datetime=\"2007-08-23T14:17:33+02:00\" >2016-12-07 12:18:32<\/span><span class='av-structured-data'  itemprop=\"dateModified\" itemtype=\"https:\/\/schema.org\/dateModified\" >2021-12-07 12:20:09<\/span><span class='av-structured-data'  itemprop=\"mainEntityOfPage\" itemtype=\"https:\/\/schema.org\/mainEntityOfPage\" ><span itemprop='name'>Comex Pernod Ricard<\/span><\/span><\/span><\/article><\/div><div class='slide-entry-wrap'><article class='slide-entry flex_column  post-entry post-entry-172047 slide-entry-overview slide-loop-43 slide-parity-odd  av_one_third first real-thumbnail'  itemscope=\"itemscope\" itemtype=\"https:\/\/schema.org\/CreativeWork\" ><a href='https:\/\/agencevu.com\/en\/corporate\/l-uomo-vogue\/' data-rel='slide-1' class='slide-image' title=''><img width=\"495\" height=\"400\" src=\"https:\/\/agencevu.com\/wp-content\/uploads\/2021\/12\/LUOMOVOGUE_VAINPISCINA_01_0040_PREVIEW-495x400.jpg\" class=\"wp-image-172030 avia-img-lazy-loading-172030 attachment-portfolio size-portfolio wp-post-image\" alt=\"\" loading=\"lazy\" srcset=\"https:\/\/agencevu.com\/wp-content\/uploads\/2021\/12\/LUOMOVOGUE_VAINPISCINA_01_0040_PREVIEW-495x400.jpg 495w, https:\/\/agencevu.com\/wp-content\/uploads\/2021\/12\/LUOMOVOGUE_VAINPISCINA_01_0040_PREVIEW-300x243.jpg 300w, https:\/\/agencevu.com\/wp-content\/uploads\/2021\/12\/LUOMOVOGUE_VAINPISCINA_01_0040_PREVIEW-80x65.jpg 80w, https:\/\/agencevu.com\/wp-content\/uploads\/2021\/12\/LUOMOVOGUE_VAINPISCINA_01_0040_PREVIEW-768x622.jpg 768w, https:\/\/agencevu.com\/wp-content\/uploads\/2021\/12\/LUOMOVOGUE_VAINPISCINA_01_0040_PREVIEW-705x571.jpg 705w, https:\/\/agencevu.com\/wp-content\/uploads\/2021\/12\/LUOMOVOGUE_VAINPISCINA_01_0040_PREVIEW.jpg 845w\" sizes=\"(max-width: 495px) 100vw, 495px\" \/><\/a><div class='slide-content'><header class=\"entry-content-header\"><span class=\"blog-categories minor-meta\"> <a href=\"https:\/\/agencevu.com\/en\/filter_taxonomy\/mode-luxe-en\/\" rel=\"tag\">Mode &amp; Luxe<\/a><a href=\"https:\/\/agencevu.com\/en\/filter_taxonomy\/portrait-en\/\" rel=\"tag\">Portrait<\/a> <a href=\"https:\/\/agencevu.com\/en\/photographer\/paolo-verzone\/\" rel=\"tag\">Paolo Verzone<\/a> <a href=\"https:\/\/agencevu.com\/en\/section_taxonomy\/corporate-en\/\" rel=\"tag\">Corporate<\/a> <\/span><h3 class='slide-entry-title entry-title'  itemprop=\"headline\" ><a href='https:\/\/agencevu.com\/en\/corporate\/l-uomo-vogue\/' title='L&#039;Uomo Vogue'>L'Uomo Vogue<\/a><\/h3><span class=\"av-vertical-delimiter\"><\/span><\/header><\/div><footer class=\"entry-footer\"><div class='slide-meta'><time class='slide-meta-time updated'  itemprop=\"datePublished\" datetime=\"2017-01-01T12:00:51+01:00\" >1 January 2017<\/time><\/div><\/footer><span class='hidden'>\n\t\t\t\t<span class='av-structured-data'  itemprop=\"image\" itemscope=\"itemscope\" itemtype=\"https:\/\/schema.org\/ImageObject\" >\n\t\t\t\t\t\t<span itemprop='url'>https:\/\/agencevu.com\/wp-content\/uploads\/2021\/12\/LUOMOVOGUE_VAINPISCINA_01_0040_PREVIEW.jpg<\/span>\n\t\t\t\t\t\t<span itemprop='height'>684<\/span>\n\t\t\t\t\t\t<span itemprop='width'>845<\/span>\n\t\t\t\t<\/span>\n\t\t\t\t<span class='av-structured-data'  itemprop=\"publisher\" itemtype=\"https:\/\/schema.org\/Organization\" itemscope=\"itemscope\" >\n\t\t\t\t\t\t<span itemprop='name'>Fanny Demichelis<\/span>\n\t\t\t\t\t\t<span itemprop='logo' itemscope itemtype='https:\/\/schema.org\/ImageObject'>\n\t\t\t\t\t\t\t<span itemprop='url'>\/wp-content\/uploads\/2021\/05\/logo-vert-2.svg<\/span>\n\t\t\t\t\t\t <\/span>\n\t\t\t\t<\/span><span class='av-structured-data'  itemprop=\"author\" itemscope=\"itemscope\" itemtype=\"https:\/\/schema.org\/Person\" ><span itemprop='name'>Fanny Demichelis<\/span><\/span><span class='av-structured-data'  itemprop=\"datePublished\" datetime=\"2007-08-23T14:17:33+02:00\" >2016-12-06 16:25:23<\/span><span class='av-structured-data'  itemprop=\"dateModified\" itemtype=\"https:\/\/schema.org\/dateModified\" >2021-12-06 16:26:07<\/span><span class='av-structured-data'  itemprop=\"mainEntityOfPage\" itemtype=\"https:\/\/schema.org\/mainEntityOfPage\" ><span itemprop='name'>L&#8217;Uomo Vogue<\/span><\/span><\/span><\/article><article class='slide-entry flex_column  post-entry post-entry-163916 slide-entry-overview slide-loop-44 slide-parity-even  av_one_third  real-thumbnail'  itemscope=\"itemscope\" itemtype=\"https:\/\/schema.org\/CreativeWork\" ><a href='https:\/\/agencevu.com\/en\/corporate\/bnp-paribas-rapport-annuel-2016\/' data-rel='slide-1' class='slide-image' title=''><img width=\"495\" height=\"400\" src=\"https:\/\/agencevu.com\/wp-content\/uploads\/2021\/08\/BNP_RA2016_FR_PDFdemiseenlignecopie-1-1-495x400.jpg\" class=\"wp-image-163910 avia-img-lazy-loading-163910 attachment-portfolio size-portfolio wp-post-image\" alt=\"\" loading=\"lazy\" srcset=\"https:\/\/agencevu.com\/wp-content\/uploads\/2021\/08\/BNP_RA2016_FR_PDFdemiseenlignecopie-1-1-495x400.jpg 495w, https:\/\/agencevu.com\/wp-content\/uploads\/2021\/08\/BNP_RA2016_FR_PDFdemiseenlignecopie-1-1-300x243.jpg 300w, https:\/\/agencevu.com\/wp-content\/uploads\/2021\/08\/BNP_RA2016_FR_PDFdemiseenlignecopie-1-1-80x65.jpg 80w, https:\/\/agencevu.com\/wp-content\/uploads\/2021\/08\/BNP_RA2016_FR_PDFdemiseenlignecopie-1-1.jpg 500w\" sizes=\"(max-width: 495px) 100vw, 495px\" \/><\/a><div class='slide-content'><header class=\"entry-content-header\"><span class=\"blog-categories minor-meta\"> <a href=\"https:\/\/agencevu.com\/en\/filter_taxonomy\/industrie-services-en\/\" rel=\"tag\">Industrie &amp; Services<\/a><a href=\"https:\/\/agencevu.com\/en\/filter_taxonomy\/portrait-en\/\" rel=\"tag\">Portrait<\/a><a href=\"https:\/\/agencevu.com\/en\/filter_taxonomy\/prestation-en\/\" rel=\"tag\">Prestation<\/a> <a href=\"https:\/\/agencevu.com\/en\/photographer\/guia-besana\/\" rel=\"tag\">Guia Besana<\/a> <a href=\"https:\/\/agencevu.com\/en\/section_taxonomy\/corporate-en\/\" rel=\"tag\">Corporate<\/a> <\/span><h3 class='slide-entry-title entry-title'  itemprop=\"headline\" ><a href='https:\/\/agencevu.com\/en\/corporate\/bnp-paribas-rapport-annuel-2016\/' title='BNP Paribas - 2016 activity report'>BNP Paribas - 2016 activity report<\/a><\/h3><span class=\"av-vertical-delimiter\"><\/span><\/header><\/div><footer class=\"entry-footer\"><div class='slide-meta'><time class='slide-meta-time updated'  itemprop=\"datePublished\" datetime=\"2017-01-01T12:00:51+01:00\" >1 January 2017<\/time><\/div><\/footer><span class='hidden'>\n\t\t\t\t<span class='av-structured-data'  itemprop=\"image\" itemscope=\"itemscope\" itemtype=\"https:\/\/schema.org\/ImageObject\" >\n\t\t\t\t\t\t<span itemprop='url'>https:\/\/agencevu.com\/wp-content\/uploads\/2021\/08\/BNP_RA2016_FR_PDFdemiseenlignecopie-1-1.jpg<\/span>\n\t\t\t\t\t\t<span itemprop='height'>405<\/span>\n\t\t\t\t\t\t<span itemprop='width'>500<\/span>\n\t\t\t\t<\/span>\n\t\t\t\t<span class='av-structured-data'  itemprop=\"publisher\" itemtype=\"https:\/\/schema.org\/Organization\" itemscope=\"itemscope\" >\n\t\t\t\t\t\t<span itemprop='name'>Fanny Demichelis<\/span>\n\t\t\t\t\t\t<span itemprop='logo' itemscope itemtype='https:\/\/schema.org\/ImageObject'>\n\t\t\t\t\t\t\t<span itemprop='url'>\/wp-content\/uploads\/2021\/05\/logo-vert-2.svg<\/span>\n\t\t\t\t\t\t <\/span>\n\t\t\t\t<\/span><span class='av-structured-data'  itemprop=\"author\" itemscope=\"itemscope\" itemtype=\"https:\/\/schema.org\/Person\" ><span itemprop='name'>Fanny Demichelis<\/span><\/span><span class='av-structured-data'  itemprop=\"datePublished\" datetime=\"2007-08-23T14:17:33+02:00\" >2016-08-18 17:33:23<\/span><span class='av-structured-data'  itemprop=\"dateModified\" itemtype=\"https:\/\/schema.org\/dateModified\" >2021-08-19 16:45:24<\/span><span class='av-structured-data'  itemprop=\"mainEntityOfPage\" itemtype=\"https:\/\/schema.org\/mainEntityOfPage\" ><span itemprop='name'>BNP Paribas &#8211; 2016 activity report<\/span><\/span><\/span><\/article><article class='slide-entry flex_column  post-entry post-entry-199698 slide-entry-overview slide-loop-45 slide-parity-odd  av_one_third  real-thumbnail'  itemscope=\"itemscope\" itemtype=\"https:\/\/schema.org\/CreativeWork\" ><a href='https:\/\/agencevu.com\/en\/corporate\/m6-studios\/' data-rel='slide-1' class='slide-image' title=''><img width=\"495\" height=\"400\" src=\"https:\/\/agencevu.com\/wp-content\/uploads\/2023\/04\/Preview_FERV21321-2014CL01-495x400.jpg\" class=\"wp-image-199696 avia-img-lazy-loading-199696 attachment-portfolio size-portfolio wp-post-image\" alt=\"\" loading=\"lazy\" srcset=\"https:\/\/agencevu.com\/wp-content\/uploads\/2023\/04\/Preview_FERV21321-2014CL01-495x400.jpg 495w, https:\/\/agencevu.com\/wp-content\/uploads\/2023\/04\/Preview_FERV21321-2014CL01-300x243.jpg 300w, https:\/\/agencevu.com\/wp-content\/uploads\/2023\/04\/Preview_FERV21321-2014CL01-80x65.jpg 80w, https:\/\/agencevu.com\/wp-content\/uploads\/2023\/04\/Preview_FERV21321-2014CL01-768x622.jpg 768w, https:\/\/agencevu.com\/wp-content\/uploads\/2023\/04\/Preview_FERV21321-2014CL01-705x571.jpg 705w, https:\/\/agencevu.com\/wp-content\/uploads\/2023\/04\/Preview_FERV21321-2014CL01.jpg 845w\" sizes=\"(max-width: 495px) 100vw, 495px\" \/><\/a><div class='slide-content'><header class=\"entry-content-header\"><span class=\"blog-categories minor-meta\"> <a href=\"https:\/\/agencevu.com\/en\/filter_taxonomy\/industrie-culturelle-en\/\" rel=\"tag\">industrie culturelle<\/a><a href=\"https:\/\/agencevu.com\/en\/filter_taxonomy\/portrait-en\/\" rel=\"tag\">Portrait<\/a> <a href=\"https:\/\/agencevu.com\/en\/photographer\/franck-ferville\/\" rel=\"tag\">Franck Ferville<\/a> <a href=\"https:\/\/agencevu.com\/en\/section_taxonomy\/corporate-en\/\" rel=\"tag\">Corporate<\/a> <\/span><h3 class='slide-entry-title entry-title'  itemprop=\"headline\" ><a href='https:\/\/agencevu.com\/en\/corporate\/m6-studios\/' title='M6 Studios'>M6 Studios<\/a><\/h3><span class=\"av-vertical-delimiter\"><\/span><\/header><\/div><footer class=\"entry-footer\"><div class='slide-meta'><time class='slide-meta-time updated'  itemprop=\"datePublished\" datetime=\"2017-01-01T12:00:51+01:00\" >1 January 2017<\/time><\/div><\/footer><span class='hidden'>\n\t\t\t\t<span class='av-structured-data'  itemprop=\"image\" itemscope=\"itemscope\" itemtype=\"https:\/\/schema.org\/ImageObject\" >\n\t\t\t\t\t\t<span itemprop='url'>https:\/\/agencevu.com\/wp-content\/uploads\/2023\/04\/Preview_FERV21321-2014CL01.jpg<\/span>\n\t\t\t\t\t\t<span itemprop='height'>684<\/span>\n\t\t\t\t\t\t<span itemprop='width'>845<\/span>\n\t\t\t\t<\/span>\n\t\t\t\t<span class='av-structured-data'  itemprop=\"publisher\" itemtype=\"https:\/\/schema.org\/Organization\" itemscope=\"itemscope\" >\n\t\t\t\t\t\t<span itemprop='name'>Fanny Demichelis<\/span>\n\t\t\t\t\t\t<span itemprop='logo' itemscope itemtype='https:\/\/schema.org\/ImageObject'>\n\t\t\t\t\t\t\t<span itemprop='url'>\/wp-content\/uploads\/2021\/05\/logo-vert-2.svg<\/span>\n\t\t\t\t\t\t <\/span>\n\t\t\t\t<\/span><span class='av-structured-data'  itemprop=\"author\" itemscope=\"itemscope\" itemtype=\"https:\/\/schema.org\/Person\" ><span itemprop='name'>Fanny Demichelis<\/span><\/span><span class='av-structured-data'  itemprop=\"datePublished\" datetime=\"2007-08-23T14:17:33+02:00\" >2014-04-25 15:18:19<\/span><span class='av-structured-data'  itemprop=\"dateModified\" itemtype=\"https:\/\/schema.org\/dateModified\" >2024-02-29 14:21:50<\/span><span class='av-structured-data'  itemprop=\"mainEntityOfPage\" itemtype=\"https:\/\/schema.org\/mainEntityOfPage\" ><span itemprop='name'>M6 Studios<\/span><\/span><\/span><\/article><\/div><div class='slide-entry-wrap'><article class='slide-entry flex_column  post-entry post-entry-119844 slide-entry-overview slide-loop-46 slide-parity-odd  av_one_third first real-thumbnail'  itemscope=\"itemscope\" itemtype=\"https:\/\/schema.org\/CreativeWork\" ><a href='https:\/\/agencevu.com\/en\/corporate\/mgen-efs\/' data-rel='slide-1' class='slide-image' title=''><img width=\"495\" height=\"400\" src=\"https:\/\/agencevu.com\/wp-content\/uploads\/2021\/03\/DSC_4041-1-495x400.jpg\" class=\"wp-image-119840 avia-img-lazy-loading-119840 attachment-portfolio size-portfolio wp-post-image\" alt=\"\" loading=\"lazy\" \/><\/a><div class='slide-content'><header class=\"entry-content-header\"><span class=\"blog-categories minor-meta\"> <a href=\"https:\/\/agencevu.com\/en\/filter_taxonomy\/portrait-en\/\" rel=\"tag\">Portrait<\/a><a href=\"https:\/\/agencevu.com\/en\/filter_taxonomy\/prestation-en\/\" rel=\"tag\">Prestation<\/a> <a href=\"https:\/\/agencevu.com\/en\/photographer\/jean-robert-dantou\/\" rel=\"tag\">Jean-Robert Dantou<\/a> <a href=\"https:\/\/agencevu.com\/en\/section_taxonomy\/corporate-en\/\" rel=\"tag\">Corporate<\/a> <\/span><h3 class='slide-entry-title entry-title'  itemprop=\"headline\" ><a href='https:\/\/agencevu.com\/en\/corporate\/mgen-efs\/' title='MGEN - EFS'>MGEN - EFS<\/a><\/h3><span class=\"av-vertical-delimiter\"><\/span><\/header><div class='slide-entry-excerpt entry-content'  itemprop=\"text\" >\r\n<\/div><\/div><footer class=\"entry-footer\"><div class='slide-meta'><time class='slide-meta-time updated'  itemprop=\"datePublished\" datetime=\"2014-03-19T12:36:15+01:00\" >19 March 2014<\/time><\/div><\/footer><span class='hidden'>\n\t\t\t\t<span class='av-structured-data'  itemprop=\"image\" itemscope=\"itemscope\" itemtype=\"https:\/\/schema.org\/ImageObject\" >\n\t\t\t\t\t\t<span itemprop='url'>https:\/\/agencevu.com\/wp-content\/uploads\/2021\/03\/DSC_4041-1.jpg<\/span>\n\t\t\t\t\t\t<span itemprop='height'>750<\/span>\n\t\t\t\t\t\t<span itemprop='width'>750<\/span>\n\t\t\t\t<\/span>\n\t\t\t\t<span class='av-structured-data'  itemprop=\"publisher\" itemtype=\"https:\/\/schema.org\/Organization\" itemscope=\"itemscope\" >\n\t\t\t\t\t\t<span itemprop='name'>Fanny Demichelis<\/span>\n\t\t\t\t\t\t<span itemprop='logo' itemscope itemtype='https:\/\/schema.org\/ImageObject'>\n\t\t\t\t\t\t\t<span itemprop='url'>\/wp-content\/uploads\/2021\/05\/logo-vert-2.svg<\/span>\n\t\t\t\t\t\t <\/span>\n\t\t\t\t<\/span><span class='av-structured-data'  itemprop=\"author\" itemscope=\"itemscope\" itemtype=\"https:\/\/schema.org\/Person\" ><span itemprop='name'>Fanny Demichelis<\/span><\/span><span class='av-structured-data'  itemprop=\"datePublished\" datetime=\"2007-08-23T14:17:33+02:00\" >2014-03-19 12:36:15<\/span><span class='av-structured-data'  itemprop=\"dateModified\" itemtype=\"https:\/\/schema.org\/dateModified\" >2021-04-15 13:19:47<\/span><span class='av-structured-data'  itemprop=\"mainEntityOfPage\" itemtype=\"https:\/\/schema.org\/mainEntityOfPage\" ><span itemprop='name'>MGEN &#8211; EFS<\/span><\/span><\/span><\/article><article class='slide-entry flex_column  post-entry post-entry-175214 slide-entry-overview slide-loop-47 slide-parity-even  av_one_third  real-thumbnail'  itemscope=\"itemscope\" itemtype=\"https:\/\/schema.org\/CreativeWork\" ><a href='https:\/\/agencevu.com\/en\/corporate\/faces-of-olympique-de-marseille\/' data-rel='slide-1' class='slide-image' title=''><img width=\"495\" height=\"400\" src=\"https:\/\/agencevu.com\/wp-content\/uploads\/2022\/02\/p_GUIG19573-2013NB08-495x400.jpg\" class=\"wp-image-175058 avia-img-lazy-loading-175058 attachment-portfolio size-portfolio wp-post-image\" alt=\"\" loading=\"lazy\" srcset=\"https:\/\/agencevu.com\/wp-content\/uploads\/2022\/02\/p_GUIG19573-2013NB08-495x400.jpg 495w, https:\/\/agencevu.com\/wp-content\/uploads\/2022\/02\/p_GUIG19573-2013NB08-845x684.jpg 845w\" sizes=\"(max-width: 495px) 100vw, 495px\" \/><\/a><div class='slide-content'><header class=\"entry-content-header\"><span class=\"blog-categories minor-meta\"><a href=\"https:\/\/agencevu.com\/en\/Home\/home-realisations\/\" rel=\"tag\">Home-R\u00e9alisations<\/a> <a href=\"https:\/\/agencevu.com\/en\/filter_taxonomy\/portrait-en\/\" rel=\"tag\">Portrait<\/a><a href=\"https:\/\/agencevu.com\/en\/filter_taxonomy\/prestation-en\/\" rel=\"tag\">Prestation<\/a><a href=\"https:\/\/agencevu.com\/en\/filter_taxonomy\/reference-en\/\" rel=\"tag\">R\u00e9f\u00e9rence<\/a> <a href=\"https:\/\/agencevu.com\/en\/photographer\/stanislas-guigui\/\" rel=\"tag\">Stanislas Guigui<\/a> <a href=\"https:\/\/agencevu.com\/en\/section_taxonomy\/corporate-en\/\" rel=\"tag\">Corporate<\/a> <\/span><h3 class='slide-entry-title entry-title'  itemprop=\"headline\" ><a href='https:\/\/agencevu.com\/en\/corporate\/faces-of-olympique-de-marseille\/' title='Faces of Olympique de Marseille'>Faces of Olympique de Marseille<\/a><\/h3><span class=\"av-vertical-delimiter\"><\/span><\/header><\/div><footer class=\"entry-footer\"><div class='slide-meta'><time class='slide-meta-time updated'  itemprop=\"datePublished\" datetime=\"2014-03-19T12:36:15+01:00\" >19 March 2014<\/time><\/div><\/footer><span class='hidden'>\n\t\t\t\t<span class='av-structured-data'  itemprop=\"image\" itemscope=\"itemscope\" itemtype=\"https:\/\/schema.org\/ImageObject\" >\n\t\t\t\t\t\t<span itemprop='url'>https:\/\/agencevu.com\/wp-content\/uploads\/2022\/02\/p_GUIG19573-2013NB08.jpg<\/span>\n\t\t\t\t\t\t<span itemprop='height'>1000<\/span>\n\t\t\t\t\t\t<span itemprop='width'>1000<\/span>\n\t\t\t\t<\/span>\n\t\t\t\t<span class='av-structured-data'  itemprop=\"publisher\" itemtype=\"https:\/\/schema.org\/Organization\" itemscope=\"itemscope\" >\n\t\t\t\t\t\t<span itemprop='name'>Fanny Demichelis<\/span>\n\t\t\t\t\t\t<span itemprop='logo' itemscope itemtype='https:\/\/schema.org\/ImageObject'>\n\t\t\t\t\t\t\t<span itemprop='url'>\/wp-content\/uploads\/2021\/05\/logo-vert-2.svg<\/span>\n\t\t\t\t\t\t <\/span>\n\t\t\t\t<\/span><span class='av-structured-data'  itemprop=\"author\" itemscope=\"itemscope\" itemtype=\"https:\/\/schema.org\/Person\" ><span itemprop='name'>Fanny Demichelis<\/span><\/span><span class='av-structured-data'  itemprop=\"datePublished\" datetime=\"2007-08-23T14:17:33+02:00\" >2013-02-02 16:55:15<\/span><span class='av-structured-data'  itemprop=\"dateModified\" itemtype=\"https:\/\/schema.org\/dateModified\" >2022-04-26 14:22:48<\/span><span class='av-structured-data'  itemprop=\"mainEntityOfPage\" itemtype=\"https:\/\/schema.org\/mainEntityOfPage\" ><span itemprop='name'>Faces of Olympique de Marseille<\/span><\/span><\/span><\/article><article class='slide-entry flex_column  post-entry post-entry-124432 slide-entry-overview slide-loop-48 slide-parity-odd  av_one_third  real-thumbnail'  itemscope=\"itemscope\" itemtype=\"https:\/\/schema.org\/CreativeWork\" ><a href='https:\/\/agencevu.com\/en\/corporate\/campagne-zik-parrot\/' data-rel='slide-1' class='slide-image' title=''><img width=\"495\" height=\"400\" src=\"https:\/\/agencevu.com\/wp-content\/uploads\/2022\/04\/SEYDOUX-lea-2012-896961PC1bsdf-495x400.jpg\" class=\"wp-image-181016 avia-img-lazy-loading-181016 attachment-portfolio size-portfolio wp-post-image\" alt=\"\" loading=\"lazy\" srcset=\"https:\/\/agencevu.com\/wp-content\/uploads\/2022\/04\/SEYDOUX-lea-2012-896961PC1bsdf-495x400.jpg 495w, https:\/\/agencevu.com\/wp-content\/uploads\/2022\/04\/SEYDOUX-lea-2012-896961PC1bsdf-845x684.jpg 845w\" sizes=\"(max-width: 495px) 100vw, 495px\" \/><\/a><div class='slide-content'><header class=\"entry-content-header\"><span class=\"blog-categories minor-meta\"> <a href=\"https:\/\/agencevu.com\/en\/filter_taxonomy\/art-de-vivre-en\/\" rel=\"tag\">Art de Vivre<\/a><a href=\"https:\/\/agencevu.com\/en\/filter_taxonomy\/portrait-en\/\" rel=\"tag\">Portrait<\/a> <a href=\"https:\/\/agencevu.com\/en\/photographer\/richard-dumas\/\" rel=\"tag\">Richard Dumas<\/a> <a href=\"https:\/\/agencevu.com\/en\/section_taxonomy\/corporate-en\/\" rel=\"tag\">Corporate<\/a> <\/span><h3 class='slide-entry-title entry-title'  itemprop=\"headline\" ><a href='https:\/\/agencevu.com\/en\/corporate\/campagne-zik-parrot\/' title='ZIK campaign'>ZIK campaign<\/a><\/h3><span class=\"av-vertical-delimiter\"><\/span><\/header><div class='slide-entry-excerpt entry-content'  itemprop=\"text\" >\r\n\r\n<\/div><\/div><footer class=\"entry-footer\"><div class='slide-meta'><time class='slide-meta-time updated'  itemprop=\"datePublished\" datetime=\"2012-03-25T16:34:54+02:00\" >25 March 2012<\/time><\/div><\/footer><span class='hidden'>\n\t\t\t\t<span class='av-structured-data'  itemprop=\"image\" itemscope=\"itemscope\" itemtype=\"https:\/\/schema.org\/ImageObject\" >\n\t\t\t\t\t\t<span itemprop='url'>https:\/\/agencevu.com\/wp-content\/uploads\/2022\/04\/SEYDOUX-lea-2012-896961PC1bsdf.jpg<\/span>\n\t\t\t\t\t\t<span itemprop='height'>1350<\/span>\n\t\t\t\t\t\t<span itemprop='width'>1350<\/span>\n\t\t\t\t<\/span>\n\t\t\t\t<span class='av-structured-data'  itemprop=\"publisher\" itemtype=\"https:\/\/schema.org\/Organization\" itemscope=\"itemscope\" >\n\t\t\t\t\t\t<span itemprop='name'>Fanny Demichelis<\/span>\n\t\t\t\t\t\t<span itemprop='logo' itemscope itemtype='https:\/\/schema.org\/ImageObject'>\n\t\t\t\t\t\t\t<span itemprop='url'>\/wp-content\/uploads\/2021\/05\/logo-vert-2.svg<\/span>\n\t\t\t\t\t\t <\/span>\n\t\t\t\t<\/span><span class='av-structured-data'  itemprop=\"author\" itemscope=\"itemscope\" itemtype=\"https:\/\/schema.org\/Person\" ><span itemprop='name'>Fanny Demichelis<\/span><\/span><span class='av-structured-data'  itemprop=\"datePublished\" datetime=\"2007-08-23T14:17:33+02:00\" >2012-03-25 16:34:54<\/span><span class='av-structured-data'  itemprop=\"dateModified\" itemtype=\"https:\/\/schema.org\/dateModified\" >2022-04-27 09:40:38<\/span><span class='av-structured-data'  itemprop=\"mainEntityOfPage\" itemtype=\"https:\/\/schema.org\/mainEntityOfPage\" ><span itemprop='name'>ZIK campaign<\/span><\/span><\/span><\/article><\/div><div class='slide-entry-wrap'><article class='slide-entry flex_column  post-entry post-entry-120232 slide-entry-overview slide-loop-49 slide-parity-odd  av_one_third first real-thumbnail'  itemscope=\"itemscope\" itemtype=\"https:\/\/schema.org\/CreativeWork\" ><a href='https:\/\/agencevu.com\/en\/corporate\/scop\/' data-rel='slide-1' class='slide-image' title=''><img width=\"495\" height=\"400\" src=\"https:\/\/agencevu.com\/wp-content\/uploads\/2021\/03\/00_14-CHEQUE-DEJEUNER-495x400.jpg\" class=\"wp-image-120214 avia-img-lazy-loading-120214 attachment-portfolio size-portfolio wp-post-image\" alt=\"\" loading=\"lazy\" srcset=\"https:\/\/agencevu.com\/wp-content\/uploads\/2021\/03\/00_14-CHEQUE-DEJEUNER-495x400.jpg 495w, https:\/\/agencevu.com\/wp-content\/uploads\/2021\/03\/00_14-CHEQUE-DEJEUNER-80x64.jpg 80w\" sizes=\"(max-width: 495px) 100vw, 495px\" \/><\/a><div class='slide-content'><header class=\"entry-content-header\"><span class=\"blog-categories minor-meta\"> <a href=\"https:\/\/agencevu.com\/en\/filter_taxonomy\/industrie-services-en\/\" rel=\"tag\">Industrie &amp; Services<\/a><a href=\"https:\/\/agencevu.com\/en\/filter_taxonomy\/portrait-en\/\" rel=\"tag\">Portrait<\/a> <a href=\"https:\/\/agencevu.com\/en\/photographer\/jean-robert-dantou\/\" rel=\"tag\">Jean-Robert Dantou<\/a> <a href=\"https:\/\/agencevu.com\/en\/section_taxonomy\/corporate-en\/\" rel=\"tag\">Corporate<\/a> <\/span><h3 class='slide-entry-title entry-title'  itemprop=\"headline\" ><a href='https:\/\/agencevu.com\/en\/corporate\/scop\/' title='Working in a Coop'>Working in a Coop<\/a><\/h3><span class=\"av-vertical-delimiter\"><\/span><\/header><div class='slide-entry-excerpt entry-content'  itemprop=\"text\" >\r\n<\/div><\/div><footer class=\"entry-footer\"><div class='slide-meta'><time class='slide-meta-time updated'  itemprop=\"datePublished\" datetime=\"2012-03-19T16:49:35+01:00\" >19 March 2012<\/time><\/div><\/footer><span class='hidden'>\n\t\t\t\t<span class='av-structured-data'  itemprop=\"image\" itemscope=\"itemscope\" itemtype=\"https:\/\/schema.org\/ImageObject\" >\n\t\t\t\t\t\t<span itemprop='url'>https:\/\/agencevu.com\/wp-content\/uploads\/2021\/03\/00_14-CHEQUE-DEJEUNER.jpg<\/span>\n\t\t\t\t\t\t<span itemprop='height'>678<\/span>\n\t\t\t\t\t\t<span itemprop='width'>847<\/span>\n\t\t\t\t<\/span>\n\t\t\t\t<span class='av-structured-data'  itemprop=\"publisher\" itemtype=\"https:\/\/schema.org\/Organization\" itemscope=\"itemscope\" >\n\t\t\t\t\t\t<span itemprop='name'>Fanny Demichelis<\/span>\n\t\t\t\t\t\t<span itemprop='logo' itemscope itemtype='https:\/\/schema.org\/ImageObject'>\n\t\t\t\t\t\t\t<span itemprop='url'>\/wp-content\/uploads\/2021\/05\/logo-vert-2.svg<\/span>\n\t\t\t\t\t\t <\/span>\n\t\t\t\t<\/span><span class='av-structured-data'  itemprop=\"author\" itemscope=\"itemscope\" itemtype=\"https:\/\/schema.org\/Person\" ><span itemprop='name'>Fanny Demichelis<\/span><\/span><span class='av-structured-data'  itemprop=\"datePublished\" datetime=\"2007-08-23T14:17:33+02:00\" >2012-03-19 16:49:35<\/span><span class='av-structured-data'  itemprop=\"dateModified\" itemtype=\"https:\/\/schema.org\/dateModified\" >2021-04-15 13:51:17<\/span><span class='av-structured-data'  itemprop=\"mainEntityOfPage\" itemtype=\"https:\/\/schema.org\/mainEntityOfPage\" ><span itemprop='name'>Working in a Coop<\/span><\/span><\/span><\/article><article class='slide-entry flex_column  post-entry post-entry-175344 slide-entry-overview slide-loop-50 slide-parity-even  av_one_third  real-thumbnail'  itemscope=\"itemscope\" itemtype=\"https:\/\/schema.org\/CreativeWork\" ><a href='https:\/\/agencevu.com\/en\/corporate\/fnac-family-portraits\/' data-rel='slide-1' class='slide-image' title=''><img width=\"495\" height=\"400\" src=\"https:\/\/agencevu.com\/wp-content\/uploads\/2022\/02\/Photo-PreviewALICE-TIBAUD-NB-copie-495x400.jpg\" class=\"wp-image-175288 avia-img-lazy-loading-175288 attachment-portfolio size-portfolio wp-post-image\" alt=\"\" loading=\"lazy\" srcset=\"https:\/\/agencevu.com\/wp-content\/uploads\/2022\/02\/Photo-PreviewALICE-TIBAUD-NB-copie-495x400.jpg 495w, https:\/\/agencevu.com\/wp-content\/uploads\/2022\/02\/Photo-PreviewALICE-TIBAUD-NB-copie-300x243.jpg 300w, https:\/\/agencevu.com\/wp-content\/uploads\/2022\/02\/Photo-PreviewALICE-TIBAUD-NB-copie-80x65.jpg 80w, https:\/\/agencevu.com\/wp-content\/uploads\/2022\/02\/Photo-PreviewALICE-TIBAUD-NB-copie-768x622.jpg 768w, https:\/\/agencevu.com\/wp-content\/uploads\/2022\/02\/Photo-PreviewALICE-TIBAUD-NB-copie-705x571.jpg 705w, https:\/\/agencevu.com\/wp-content\/uploads\/2022\/02\/Photo-PreviewALICE-TIBAUD-NB-copie.jpg 845w\" sizes=\"(max-width: 495px) 100vw, 495px\" \/><\/a><div class='slide-content'><header class=\"entry-content-header\"><span class=\"blog-categories minor-meta\"><a href=\"https:\/\/agencevu.com\/en\/Home\/home-realisations\/\" rel=\"tag\">Home-R\u00e9alisations<\/a> <a href=\"https:\/\/agencevu.com\/en\/filter_taxonomy\/portrait-en\/\" rel=\"tag\">Portrait<\/a> <a href=\"https:\/\/agencevu.com\/en\/photographer\/stanislas-guigui\/\" rel=\"tag\">Stanislas Guigui<\/a> <a href=\"https:\/\/agencevu.com\/en\/section_taxonomy\/corporate-en\/\" rel=\"tag\">Corporate<\/a> <\/span><h3 class='slide-entry-title entry-title'  itemprop=\"headline\" ><a href='https:\/\/agencevu.com\/en\/corporate\/fnac-family-portraits\/' title='La Fnac - Family Portraits'>La Fnac - Family Portraits<\/a><\/h3><span class=\"av-vertical-delimiter\"><\/span><\/header><\/div><footer class=\"entry-footer\"><div class='slide-meta'><time class='slide-meta-time updated'  itemprop=\"datePublished\" datetime=\"2012-03-19T16:49:35+01:00\" >19 March 2012<\/time><\/div><\/footer><span class='hidden'>\n\t\t\t\t<span class='av-structured-data'  itemprop=\"image\" itemscope=\"itemscope\" itemtype=\"https:\/\/schema.org\/ImageObject\" >\n\t\t\t\t\t\t<span itemprop='url'>https:\/\/agencevu.com\/wp-content\/uploads\/2022\/02\/Photo-PreviewALICE-TIBAUD-NB-copie.jpg<\/span>\n\t\t\t\t\t\t<span itemprop='height'>684<\/span>\n\t\t\t\t\t\t<span itemprop='width'>845<\/span>\n\t\t\t\t<\/span>\n\t\t\t\t<span class='av-structured-data'  itemprop=\"publisher\" itemtype=\"https:\/\/schema.org\/Organization\" itemscope=\"itemscope\" >\n\t\t\t\t\t\t<span itemprop='name'>Fanny Demichelis<\/span>\n\t\t\t\t\t\t<span itemprop='logo' itemscope itemtype='https:\/\/schema.org\/ImageObject'>\n\t\t\t\t\t\t\t<span itemprop='url'>\/wp-content\/uploads\/2021\/05\/logo-vert-2.svg<\/span>\n\t\t\t\t\t\t <\/span>\n\t\t\t\t<\/span><span class='av-structured-data'  itemprop=\"author\" itemscope=\"itemscope\" itemtype=\"https:\/\/schema.org\/Person\" ><span itemprop='name'>Fanny Demichelis<\/span><\/span><span class='av-structured-data'  itemprop=\"datePublished\" datetime=\"2007-08-23T14:17:33+02:00\" >2012-02-03 16:55:05<\/span><span class='av-structured-data'  itemprop=\"dateModified\" itemtype=\"https:\/\/schema.org\/dateModified\" >2022-02-03 16:56:30<\/span><span class='av-structured-data'  itemprop=\"mainEntityOfPage\" itemtype=\"https:\/\/schema.org\/mainEntityOfPage\" ><span itemprop='name'>La Fnac &#8211; Family Portraits<\/span><\/span><\/span><\/article><article class='slide-entry flex_column  post-entry post-entry-164226 slide-entry-overview slide-loop-51 slide-parity-odd  post-entry-last  av_one_third  real-thumbnail'  itemscope=\"itemscope\" itemtype=\"https:\/\/schema.org\/CreativeWork\" ><a href='https:\/\/agencevu.com\/en\/corporate\/mumm-portrait-mariotti\/' data-rel='slide-1' class='slide-image' title=''><img width=\"495\" height=\"400\" src=\"https:\/\/agencevu.com\/wp-content\/uploads\/2021\/08\/MUMM2-NB22-1-495x400.jpg\" class=\"wp-image-164223 avia-img-lazy-loading-164223 attachment-portfolio size-portfolio wp-post-image\" alt=\"\" loading=\"lazy\" srcset=\"https:\/\/agencevu.com\/wp-content\/uploads\/2021\/08\/MUMM2-NB22-1-495x400.jpg 495w, https:\/\/agencevu.com\/wp-content\/uploads\/2021\/08\/MUMM2-NB22-1-80x66.jpg 80w\" sizes=\"(max-width: 495px) 100vw, 495px\" \/><\/a><div class='slide-content'><header class=\"entry-content-header\"><span class=\"blog-categories minor-meta\"> <a href=\"https:\/\/agencevu.com\/en\/filter_taxonomy\/portrait-en\/\" rel=\"tag\">Portrait<\/a> <a href=\"https:\/\/agencevu.com\/en\/photographer\/richard-dumas\/\" rel=\"tag\">Richard Dumas<\/a> <a href=\"https:\/\/agencevu.com\/en\/section_taxonomy\/corporate-en\/\" rel=\"tag\">Corporate<\/a> <\/span><h3 class='slide-entry-title entry-title'  itemprop=\"headline\" ><a href='https:\/\/agencevu.com\/en\/corporate\/mumm-portrait-mariotti\/' title='Mumm - Portrait of Didier Mariotti'>Mumm - Portrait of Didier Mariotti<\/a><\/h3><span class=\"av-vertical-delimiter\"><\/span><\/header><\/div><footer class=\"entry-footer\"><div class='slide-meta'><time class='slide-meta-time updated'  itemprop=\"datePublished\" datetime=\"2012-03-19T16:49:35+01:00\" >19 March 2012<\/time><\/div><\/footer><span class='hidden'>\n\t\t\t\t<span class='av-structured-data'  itemprop=\"image\" itemscope=\"itemscope\" itemtype=\"https:\/\/schema.org\/ImageObject\" >\n\t\t\t\t\t\t<span itemprop='url'>https:\/\/agencevu.com\/wp-content\/uploads\/2021\/08\/MUMM2-NB22-1.jpg<\/span>\n\t\t\t\t\t\t<span itemprop='height'>580<\/span>\n\t\t\t\t\t\t<span itemprop='width'>700<\/span>\n\t\t\t\t<\/span>\n\t\t\t\t<span class='av-structured-data'  itemprop=\"publisher\" itemtype=\"https:\/\/schema.org\/Organization\" itemscope=\"itemscope\" >\n\t\t\t\t\t\t<span itemprop='name'>Fanny Demichelis<\/span>\n\t\t\t\t\t\t<span itemprop='logo' itemscope itemtype='https:\/\/schema.org\/ImageObject'>\n\t\t\t\t\t\t\t<span itemprop='url'>\/wp-content\/uploads\/2021\/05\/logo-vert-2.svg<\/span>\n\t\t\t\t\t\t <\/span>\n\t\t\t\t<\/span><span class='av-structured-data'  itemprop=\"author\" itemscope=\"itemscope\" itemtype=\"https:\/\/schema.org\/Person\" ><span itemprop='name'>Fanny Demichelis<\/span><\/span><span class='av-structured-data'  itemprop=\"datePublished\" datetime=\"2007-08-23T14:17:33+02:00\" >2007-08-23 14:17:33<\/span><span class='av-structured-data'  itemprop=\"dateModified\" itemtype=\"https:\/\/schema.org\/dateModified\" >2021-08-23 14:18:56<\/span><span class='av-structured-data'  itemprop=\"mainEntityOfPage\" itemtype=\"https:\/\/schema.org\/mainEntityOfPage\" ><span itemprop='name'>Mumm &#8211; Portrait of Didier Mariotti<\/span><\/span><\/span><\/article><\/div><\/div><\/div>\n\n<div id='av_section_3'  class='avia-section main_color avia-section-default avia-no-border-styling  avia-bg-style-scroll  avia-builder-el-0  el_before_av_section  avia-builder-el-first   container_wrap fullsize' style='background-color: #f1f1f1;  '  ><div class='container' ><main  role=\"main\" itemprop=\"mainContentOfPage\"  class='template-page content  av-content-full alpha units'><div class='post-entry post-entry-type-page post-entry-97976'><div class='entry-content-wrapper clearfix'>\n<section class=\"av_textblock_section \"  itemscope=\"itemscope\" itemtype=\"https:\/\/schema.org\/CreativeWork\" ><div class='avia_textblock  '   itemprop=\"text\" ><p class=\"titre-page\">Other services<\/p>\n<hr class=\"hr-titre-page\">\n<\/div><\/section>\n<div  style='height:50px' class='hr hr-invisible  '><span class='hr-inner ' ><span class='hr-inner-style'><\/span><\/span><\/div>\n<div class=\"flex_column av_one_fourth  flex_column_div av-zero-column-padding first  \" style='border-radius:0px; '><p><div  class='avia-image-container  av-styling-no-styling    avia-align-center '  itemprop=\"image\" itemscope=\"itemscope\" itemtype=\"https:\/\/schema.org\/ImageObject\"  ><div class='avia-image-container-inner'><div class='avia-image-overlay-wrap'><a href=\"https:\/\/agencevu.com\/en\/corporate\/cartes-blanches\/\" class='avia_image' ><img width=\"845\" height=\"684\" class='wp-image-164409 avia-img-lazy-loading-not-164409 avia_image' src=\"https:\/\/agencevu.com\/wp-content\/uploads\/2021\/08\/p_HOPK22281-2017CL143-1.jpg\" alt='' title='Canada Canada by Rip Hopkins'  itemprop=\"thumbnailUrl\" srcset=\"https:\/\/agencevu.com\/wp-content\/uploads\/2021\/08\/p_HOPK22281-2017CL143-1.jpg 845w, https:\/\/agencevu.com\/wp-content\/uploads\/2021\/08\/p_HOPK22281-2017CL143-1-300x243.jpg 300w, https:\/\/agencevu.com\/wp-content\/uploads\/2021\/08\/p_HOPK22281-2017CL143-1-80x65.jpg 80w, https:\/\/agencevu.com\/wp-content\/uploads\/2021\/08\/p_HOPK22281-2017CL143-1-768x622.jpg 768w, https:\/\/agencevu.com\/wp-content\/uploads\/2021\/08\/p_HOPK22281-2017CL143-1-495x400.jpg 495w, https:\/\/agencevu.com\/wp-content\/uploads\/2021\/08\/p_HOPK22281-2017CL143-1-705x571.jpg 705w\" sizes=\"(max-width: 845px) 100vw, 845px\" \/><\/a><\/div><\/div><\/div><br \/>\n<section class=\"av_textblock_section \"  itemscope=\"itemscope\" itemtype=\"https:\/\/schema.org\/CreativeWork\" ><div class='avia_textblock  '   itemprop=\"text\" ><p class=\"titre-page\"><a style=\"text-decoration: none; color: #707070;\" href=\"\/corporate\/cartes-blanches\/\">Carte blanche<\/a><\/p>\n<hr class=\"hr-titre-page\">\n<\/div><\/section><\/p><\/div><div class=\"flex_column av_one_fourth  flex_column_div av-zero-column-padding   \" style='border-radius:0px; '><p><div  class='avia-image-container  av-styling-no-styling    avia-align-center '  itemprop=\"image\" itemscope=\"itemscope\" itemtype=\"https:\/\/schema.org\/ImageObject\"  ><div class='avia-image-container-inner'><div class='avia-image-overlay-wrap'><a href=\"https:\/\/agencevu.com\/en\/corporate\/chantiers-architecture\/\" class='avia_image' ><img width=\"700\" height=\"580\" class='wp-image-93864 avia-img-lazy-loading-not-93864 avia_image' src=\"https:\/\/agencevu.com\/wp-content\/uploads\/2020\/10\/CHANTIER-ARCHITECTURE.jpg\" alt='' title='CHANTIER &amp; ARCHITECTURE'  itemprop=\"thumbnailUrl\" srcset=\"https:\/\/agencevu.com\/wp-content\/uploads\/2020\/10\/CHANTIER-ARCHITECTURE.jpg 700w, https:\/\/agencevu.com\/wp-content\/uploads\/2020\/10\/CHANTIER-ARCHITECTURE-80x66.jpg 80w, https:\/\/agencevu.com\/wp-content\/uploads\/2020\/10\/CHANTIER-ARCHITECTURE-300x249.jpg 300w, https:\/\/agencevu.com\/wp-content\/uploads\/2020\/10\/CHANTIER-ARCHITECTURE-450x373.jpg 450w\" sizes=\"(max-width: 700px) 100vw, 700px\" \/><\/a><\/div><\/div><\/div><br \/>\n<section class=\"av_textblock_section \"  itemscope=\"itemscope\" itemtype=\"https:\/\/schema.org\/CreativeWork\" ><div class='avia_textblock  '   itemprop=\"text\" ><p class=\"titre-page\"><a style=\"text-decoration: none; color: #707070;\" href=\"\/corporate\/chantiers-architecture\/\">Construction site &amp; Architecture<\/a><\/p>\n<hr class=\"hr-titre-page\">\n<\/div><\/section><\/p><\/div><div class=\"flex_column av_one_fourth  flex_column_div av-zero-column-padding   \" style='border-radius:0px; '><p><div  class='avia-image-container  av-styling-no-styling    avia-align-center '  itemprop=\"image\" itemscope=\"itemscope\" itemtype=\"https:\/\/schema.org\/ImageObject\"  ><div class='avia-image-container-inner'><div class='avia-image-overlay-wrap'><a href=\"https:\/\/agencevu.com\/en\/corporate\/reportages\/\" class='avia_image' ><img width=\"700\" height=\"580\" class='wp-image-93872 avia-img-lazy-loading-not-93872 avia_image' src=\"https:\/\/agencevu.com\/wp-content\/uploads\/2020\/10\/REPORTAGE.jpg\" alt='' title='REPORTAGE'  itemprop=\"thumbnailUrl\" srcset=\"https:\/\/agencevu.com\/wp-content\/uploads\/2020\/10\/REPORTAGE.jpg 700w, https:\/\/agencevu.com\/wp-content\/uploads\/2020\/10\/REPORTAGE-80x66.jpg 80w, https:\/\/agencevu.com\/wp-content\/uploads\/2020\/10\/REPORTAGE-300x249.jpg 300w, https:\/\/agencevu.com\/wp-content\/uploads\/2020\/10\/REPORTAGE-450x373.jpg 450w\" sizes=\"(max-width: 700px) 100vw, 700px\" \/><\/a><\/div><\/div><\/div><br \/>\n<section class=\"av_textblock_section \"  itemscope=\"itemscope\" itemtype=\"https:\/\/schema.org\/CreativeWork\" ><div class='avia_textblock  '   itemprop=\"text\" ><p class=\"titre-page\"><a style=\"text-decoration: none; color: #707070;\" href=\"\/corporate\/reportages\/\">Corporate reportage<\/a><\/p>\n<hr class=\"hr-titre-page\">\n<\/div><\/section><\/p><\/div><div class=\"flex_column av_one_fourth  flex_column_div av-zero-column-padding   \" style='border-radius:0px; '><p><div  class='avia-image-container  av-styling-no-styling    avia-align-center '  itemprop=\"image\" itemscope=\"itemscope\" itemtype=\"https:\/\/schema.org\/ImageObject\"  ><div class='avia-image-container-inner'><div class='avia-image-overlay-wrap'><a href=\"https:\/\/agencevu.com\/en\/corporate\/corporate-drone\/\" class='avia_image' ><img width=\"845\" height=\"684\" class='wp-image-209450 avia-img-lazy-loading-not-209450 avia_image' src=\"https:\/\/agencevu.com\/wp-content\/uploads\/2024\/02\/SIM_EF_MDC_0082.jpg\" alt='' title='DRONE - Massimo'  itemprop=\"thumbnailUrl\" srcset=\"https:\/\/agencevu.com\/wp-content\/uploads\/2024\/02\/SIM_EF_MDC_0082.jpg 845w, https:\/\/agencevu.com\/wp-content\/uploads\/2024\/02\/SIM_EF_MDC_0082-300x243.jpg 300w, https:\/\/agencevu.com\/wp-content\/uploads\/2024\/02\/SIM_EF_MDC_0082-80x65.jpg 80w, https:\/\/agencevu.com\/wp-content\/uploads\/2024\/02\/SIM_EF_MDC_0082-768x622.jpg 768w, https:\/\/agencevu.com\/wp-content\/uploads\/2024\/02\/SIM_EF_MDC_0082-495x400.jpg 495w, https:\/\/agencevu.com\/wp-content\/uploads\/2024\/02\/SIM_EF_MDC_0082-705x571.jpg 705w\" sizes=\"(max-width: 845px) 100vw, 845px\" \/><\/a><\/div><\/div><\/div><br \/>\n<section class=\"av_textblock_section \"  itemscope=\"itemscope\" itemtype=\"https:\/\/schema.org\/CreativeWork\" ><div class='avia_textblock  '   itemprop=\"text\" ><p class=\"titre-page\"><a style=\"text-decoration: none; color: #707070;\" href=\"\/corporate\/corporate-drone\/\">Drone<\/a><\/p>\n<hr class=\"hr-titre-page\">\n<\/div><\/section><\/p><\/div><div class=\"flex_column av_one_fourth  flex_column_div av-zero-column-padding first  \" style='border-radius:0px; '><p><div  class='avia-image-container  av-styling-no-styling    avia-align-center '  itemprop=\"image\" itemscope=\"itemscope\" itemtype=\"https:\/\/schema.org\/ImageObject\"  ><div class='avia-image-container-inner'><div class='avia-image-overlay-wrap'><a href=\"https:\/\/agencevu.com\/en\/corporate\/corporate-evenementiel\/\" class='avia_image' ><img width=\"845\" height=\"684\" class='wp-image-209452 avia-img-lazy-loading-not-209452 avia_image' src=\"https:\/\/agencevu.com\/wp-content\/uploads\/2024\/02\/14_Franceclat-113.jpg\" alt='' title='EVENT - Franc\u00e9clat PRECIEUSES CONFLUENCES'  itemprop=\"thumbnailUrl\" srcset=\"https:\/\/agencevu.com\/wp-content\/uploads\/2024\/02\/14_Franceclat-113.jpg 845w, https:\/\/agencevu.com\/wp-content\/uploads\/2024\/02\/14_Franceclat-113-300x243.jpg 300w, https:\/\/agencevu.com\/wp-content\/uploads\/2024\/02\/14_Franceclat-113-80x65.jpg 80w, https:\/\/agencevu.com\/wp-content\/uploads\/2024\/02\/14_Franceclat-113-768x622.jpg 768w, https:\/\/agencevu.com\/wp-content\/uploads\/2024\/02\/14_Franceclat-113-495x400.jpg 495w, https:\/\/agencevu.com\/wp-content\/uploads\/2024\/02\/14_Franceclat-113-705x571.jpg 705w\" sizes=\"(max-width: 845px) 100vw, 845px\" \/><\/a><\/div><\/div><\/div><br \/>\n<section class=\"av_textblock_section \"  itemscope=\"itemscope\" itemtype=\"https:\/\/schema.org\/CreativeWork\" ><div class='avia_textblock  '   itemprop=\"text\" ><p class=\"titre-page\"><a style=\"text-decoration: none; color: #707070;\" href=\"\/corporate\/corporate-evenementiel\/\">Event<\/a><\/p>\n<hr class=\"hr-titre-page\">\n<\/div><\/section><\/p><\/div><div class=\"flex_column av_one_fourth  flex_column_div av-zero-column-padding   \" style='border-radius:0px; '><p><div  class='avia-image-container  av-styling-no-styling    avia-align-center '  itemprop=\"image\" itemscope=\"itemscope\" itemtype=\"https:\/\/schema.org\/ImageObject\"  ><div class='avia-image-container-inner'><div class='avia-image-overlay-wrap'><a href=\"https:\/\/agencevu.com\/en\/corporate\/corporate-fond-iconographique\/\" class='avia_image' ><img width=\"1334\" height=\"1080\" class='wp-image-209670 avia-img-lazy-loading-not-209670 avia_image' src=\"https:\/\/agencevu.com\/wp-content\/uploads\/2024\/02\/Capture-de\u0301cran-2023-12-21-a\u0300-10.16.57.jpg\" alt='' title='th\u00e9atre du rond point'  itemprop=\"thumbnailUrl\" srcset=\"https:\/\/agencevu.com\/wp-content\/uploads\/2024\/02\/Capture-de\u0301cran-2023-12-21-a\u0300-10.16.57.jpg 1334w, https:\/\/agencevu.com\/wp-content\/uploads\/2024\/02\/Capture-de\u0301cran-2023-12-21-a\u0300-10.16.57-300x243.jpg 300w, https:\/\/agencevu.com\/wp-content\/uploads\/2024\/02\/Capture-de\u0301cran-2023-12-21-a\u0300-10.16.57-1030x834.jpg 1030w, https:\/\/agencevu.com\/wp-content\/uploads\/2024\/02\/Capture-de\u0301cran-2023-12-21-a\u0300-10.16.57-80x65.jpg 80w, https:\/\/agencevu.com\/wp-content\/uploads\/2024\/02\/Capture-de\u0301cran-2023-12-21-a\u0300-10.16.57-768x622.jpg 768w, https:\/\/agencevu.com\/wp-content\/uploads\/2024\/02\/Capture-de\u0301cran-2023-12-21-a\u0300-10.16.57-495x400.jpg 495w, https:\/\/agencevu.com\/wp-content\/uploads\/2024\/02\/Capture-de\u0301cran-2023-12-21-a\u0300-10.16.57-845x684.jpg 845w, https:\/\/agencevu.com\/wp-content\/uploads\/2024\/02\/Capture-de\u0301cran-2023-12-21-a\u0300-10.16.57-705x571.jpg 705w\" sizes=\"(max-width: 1334px) 100vw, 1334px\" \/><\/a><\/div><\/div><\/div><br \/>\n<section class=\"av_textblock_section \"  itemscope=\"itemscope\" itemtype=\"https:\/\/schema.org\/CreativeWork\" ><div class='avia_textblock  '   itemprop=\"text\" ><p class=\"titre-page\"><a style=\"text-decoration: none; color: #707070;\" href=\"\/corporate\/corporate-fond-iconographique\/\">Iconographic database<\/a><\/p>\n<hr class=\"hr-titre-page\">\n<\/div><\/section><\/p><\/div><div class=\"flex_column av_one_fourth  flex_column_div av-zero-column-padding   \" style='border-radius:0px; '><p><div  class='avia-image-container  av-styling-no-styling    avia-align-center '  itemprop=\"image\" itemscope=\"itemscope\" itemtype=\"https:\/\/schema.org\/ImageObject\"  ><div class='avia-image-container-inner'><div class='avia-image-overlay-wrap'><a href=\"https:\/\/agencevu.com\/en\/corporate\/corporate-reportage-savoir-faire\/\" class='avia_image' ><img width=\"845\" height=\"684\" class='wp-image-209458 avia-img-lazy-loading-not-209458 avia_image' src=\"https:\/\/agencevu.com\/wp-content\/uploads\/2024\/02\/ZAN24669-2021CL14.jpg\" alt='' title='SAVOIR FAIRE - Herm\u00e8s leather goods workshop'  itemprop=\"thumbnailUrl\" srcset=\"https:\/\/agencevu.com\/wp-content\/uploads\/2024\/02\/ZAN24669-2021CL14.jpg 845w, https:\/\/agencevu.com\/wp-content\/uploads\/2024\/02\/ZAN24669-2021CL14-300x243.jpg 300w, https:\/\/agencevu.com\/wp-content\/uploads\/2024\/02\/ZAN24669-2021CL14-80x65.jpg 80w, https:\/\/agencevu.com\/wp-content\/uploads\/2024\/02\/ZAN24669-2021CL14-768x622.jpg 768w, https:\/\/agencevu.com\/wp-content\/uploads\/2024\/02\/ZAN24669-2021CL14-495x400.jpg 495w, https:\/\/agencevu.com\/wp-content\/uploads\/2024\/02\/ZAN24669-2021CL14-705x571.jpg 705w\" sizes=\"(max-width: 845px) 100vw, 845px\" \/><\/a><\/div><\/div><\/div><br \/>\n<section class=\"av_textblock_section \"  itemscope=\"itemscope\" itemtype=\"https:\/\/schema.org\/CreativeWork\" ><div class='avia_textblock  '   itemprop=\"text\" ><p class=\"titre-page\"><a style=\"text-decoration: none; color: #707070;\" href=\"\/corporate\/corporate-reportage-savoir-faire\/\">Know-how reportage<\/a><\/p>\n<hr class=\"hr-titre-page\">\n<\/div><\/section><\/p><\/div><div class=\"flex_column av_one_fourth  flex_column_div av-zero-column-padding   \" style='border-radius:0px; '><p><div  class='avia-image-container  av-styling-no-styling    avia-align-center '  itemprop=\"image\" itemscope=\"itemscope\" itemtype=\"https:\/\/schema.org\/ImageObject\"  ><div class='avia-image-container-inner'><div class='avia-image-overlay-wrap'><a href=\"https:\/\/agencevu.com\/en\/corporate\/still-life\/\" class='avia_image' ><img width=\"700\" height=\"580\" class='wp-image-93876 avia-img-lazy-loading-not-93876 avia_image' src=\"https:\/\/agencevu.com\/wp-content\/uploads\/2020\/10\/STILL-LIFE.jpg\" alt='' title='STILL LIFE'  itemprop=\"thumbnailUrl\" srcset=\"https:\/\/agencevu.com\/wp-content\/uploads\/2020\/10\/STILL-LIFE.jpg 700w, https:\/\/agencevu.com\/wp-content\/uploads\/2020\/10\/STILL-LIFE-80x66.jpg 80w, https:\/\/agencevu.com\/wp-content\/uploads\/2020\/10\/STILL-LIFE-300x249.jpg 300w, https:\/\/agencevu.com\/wp-content\/uploads\/2020\/10\/STILL-LIFE-450x373.jpg 450w\" sizes=\"(max-width: 700px) 100vw, 700px\" \/><\/a><\/div><\/div><\/div><br \/>\n<section class=\"av_textblock_section \"  itemscope=\"itemscope\" itemtype=\"https:\/\/schema.org\/CreativeWork\" ><div class='avia_textblock  '   itemprop=\"text\" ><p class=\"titre-page\"><a style=\"text-decoration: none; color: #707070;\" href=\"\/corporate\/still-life\/\">Packshot &amp; Still life<\/a><\/p>\n<hr class=\"hr-titre-page\">\n<\/div><\/section><\/p><\/div><div class=\"flex_column av_one_fourth  flex_column_div av-zero-column-padding first  \" style='border-radius:0px; '><p><div  class='avia-image-container  av-styling-no-styling    avia-align-center '  itemprop=\"image\" itemscope=\"itemscope\" itemtype=\"https:\/\/schema.org\/ImageObject\"  ><div class='avia-image-container-inner'><div class='avia-image-overlay-wrap'><a href=\"https:\/\/agencevu.com\/en\/corporate\/residences-et-ateliers\/\" class='avia_image' ><img width=\"700\" height=\"580\" class='wp-image-93874 avia-img-lazy-loading-not-93874 avia_image' src=\"https:\/\/agencevu.com\/wp-content\/uploads\/2020\/10\/RESIDENCES-ATELIERS.jpg\" alt='' title='RESIDENCES &amp; ATELIERS'  itemprop=\"thumbnailUrl\" srcset=\"https:\/\/agencevu.com\/wp-content\/uploads\/2020\/10\/RESIDENCES-ATELIERS.jpg 700w, https:\/\/agencevu.com\/wp-content\/uploads\/2020\/10\/RESIDENCES-ATELIERS-80x66.jpg 80w, https:\/\/agencevu.com\/wp-content\/uploads\/2020\/10\/RESIDENCES-ATELIERS-300x249.jpg 300w, https:\/\/agencevu.com\/wp-content\/uploads\/2020\/10\/RESIDENCES-ATELIERS-450x373.jpg 450w\" sizes=\"(max-width: 700px) 100vw, 700px\" \/><\/a><\/div><\/div><\/div><br \/>\n<section class=\"av_textblock_section \"  itemscope=\"itemscope\" itemtype=\"https:\/\/schema.org\/CreativeWork\" ><div class='avia_textblock  '   itemprop=\"text\" ><p class=\"titre-page\"><a style=\"text-decoration: none; color: #707070;\" href=\"\/corporate\/residences-et-ateliers\/\">Residencies &amp; Workshops<\/a><\/p>\n<hr class=\"hr-titre-page\">\n<\/div><\/section><\/p><\/div><div class=\"flex_column av_one_fourth  flex_column_div av-zero-column-padding   \" style='border-radius:0px; '><p><div  class='avia-image-container  av-styling-no-styling    avia-align-center '  itemprop=\"image\" itemscope=\"itemscope\" itemtype=\"https:\/\/schema.org\/ImageObject\"  ><div class='avia-image-container-inner'><div class='avia-image-overlay-wrap'><a href=\"https:\/\/agencevu.com\/en\/corporate\/mise-en-scene\/\" class='avia_image' ><img width=\"1334\" height=\"1080\" class='wp-image-210053 avia-img-lazy-loading-not-210053 avia_image' src=\"https:\/\/agencevu.com\/wp-content\/uploads\/2024\/03\/LUOMOVOGUE_VAINPISCINA_01_0040.jpg\" alt='' title='LUOMOVOGUE_VAINPISCINA_01_0040'  itemprop=\"thumbnailUrl\" srcset=\"https:\/\/agencevu.com\/wp-content\/uploads\/2024\/03\/LUOMOVOGUE_VAINPISCINA_01_0040.jpg 1334w, https:\/\/agencevu.com\/wp-content\/uploads\/2024\/03\/LUOMOVOGUE_VAINPISCINA_01_0040-300x243.jpg 300w, https:\/\/agencevu.com\/wp-content\/uploads\/2024\/03\/LUOMOVOGUE_VAINPISCINA_01_0040-1030x834.jpg 1030w, https:\/\/agencevu.com\/wp-content\/uploads\/2024\/03\/LUOMOVOGUE_VAINPISCINA_01_0040-80x65.jpg 80w, https:\/\/agencevu.com\/wp-content\/uploads\/2024\/03\/LUOMOVOGUE_VAINPISCINA_01_0040-768x622.jpg 768w, https:\/\/agencevu.com\/wp-content\/uploads\/2024\/03\/LUOMOVOGUE_VAINPISCINA_01_0040-495x400.jpg 495w, https:\/\/agencevu.com\/wp-content\/uploads\/2024\/03\/LUOMOVOGUE_VAINPISCINA_01_0040-845x684.jpg 845w, https:\/\/agencevu.com\/wp-content\/uploads\/2024\/03\/LUOMOVOGUE_VAINPISCINA_01_0040-705x571.jpg 705w\" sizes=\"(max-width: 1334px) 100vw, 1334px\" \/><\/a><\/div><\/div><\/div><br \/>\n<section class=\"av_textblock_section \"  itemscope=\"itemscope\" itemtype=\"https:\/\/schema.org\/CreativeWork\" ><div class='avia_textblock  '   itemprop=\"text\" ><p class=\"titre-page\"><a style=\"text-decoration: none; color: #707070;\" href=\"\/corporate\/mise-en-scene\/\">Staged photography<\/a><\/p>\n<hr class=\"hr-titre-page\">\n<\/div><\/section><\/p><\/div>\n","protected":false},"excerpt":{"rendered":"","protected":false},"featured_media":0,"menu_order":0,"template":"","categories":[],"tags":[],"filter_taxonomy":[],"photographe":[],"section_taxonomy":[17580],"yoast_head":"<!-- This site is optimized with the Yoast SEO plugin v16.3 - https:\/\/yoast.com\/wordpress\/plugins\/seo\/ -->\n<title>Corporate \u2014 Portrait - Agence VU&#039;<\/title>\n<meta name=\"robots\" content=\"index, follow, max-snippet:-1, max-image-preview:large, max-video-preview:-1\" \/>\n<link rel=\"canonical\" href=\"\/\" \/>\n<meta property=\"og:locale\" content=\"en_US\" \/>\n<meta property=\"og:type\" content=\"article\" \/>\n<meta property=\"og:title\" content=\"Corporate \u2014 Portrait - Agence VU&#039;\" \/>\n<meta property=\"og:site_name\" content=\"Agence VU&#039;\" \/>\n<meta property=\"article:publisher\" content=\"https:\/\/www.facebook.com\/VUagence\" \/>\n<meta property=\"article:modified_time\" content=\"2024-03-13T09:58:51+00:00\" \/>\n<meta name=\"twitter:card\" content=\"summary_large_image\" \/>\n<meta name=\"twitter:site\" content=\"@agence_vu\" \/>\n<script type=\"application\/ld+json\" class=\"yoast-schema-graph\">{\"@context\":\"https:\/\/schema.org\",\"@graph\":[{\"@type\":\"WebSite\",\"@id\":\"https:\/\/agencevu.com\/en\/#website\",\"url\":\"https:\/\/agencevu.com\/en\/\",\"name\":\"Agence VU&#039;\",\"description\":\"Agency of photographers founded in 1986\",\"potentialAction\":[{\"@type\":\"SearchAction\",\"target\":\"https:\/\/agencevu.com\/en\/?s={search_term_string}\",\"query-input\":\"required name=search_term_string\"}],\"inLanguage\":\"en-US\"},{\"@type\":\"WebPage\",\"@id\":\"#webpage\",\"url\":null,\"name\":\"Corporate \\u2014 Portrait - Agence VU&#039;\",\"isPartOf\":{\"@id\":\"https:\/\/agencevu.com\/en\/#website\"},\"datePublished\":\"2020-10-12T13:34:42+00:00\",\"dateModified\":\"2024-03-13T09:58:51+00:00\",\"breadcrumb\":{\"@id\":\"#breadcrumb\"},\"inLanguage\":\"en-US\",\"potentialAction\":[{\"@type\":\"ReadAction\",\"target\":[null]}]},{\"@type\":\"BreadcrumbList\",\"@id\":\"#breadcrumb\",\"itemListElement\":[{\"@type\":\"ListItem\",\"position\":1,\"item\":{\"@type\":\"WebPage\",\"@id\":\"https:\/\/agencevu.com\/en\/home\/\",\"url\":\"https:\/\/agencevu.com\/en\/home\/\",\"name\":\"Home\"}},{\"@type\":\"ListItem\",\"position\":2,\"item\":{\"@type\":\"WebPage\",\"@id\":\"https:\/\/agencevu.com\/en\/corporate\/\",\"url\":\"https:\/\/agencevu.com\/en\/corporate\/\",\"name\":\"Corporates\"}},{\"@type\":\"ListItem\",\"position\":3,\"item\":{\"@id\":\"#webpage\"}}]}]}<\/script>\n<!-- \/ Yoast SEO plugin. -->","_links":{"self":[{"href":"https:\/\/agencevu.com\/en\/wp-json\/wp\/v2\/corporate\/97976"}],"collection":[{"href":"https:\/\/agencevu.com\/en\/wp-json\/wp\/v2\/corporate"}],"about":[{"href":"https:\/\/agencevu.com\/en\/wp-json\/wp\/v2\/types\/corporate"}],"version-history":[{"count":3,"href":"https:\/\/agencevu.com\/en\/wp-json\/wp\/v2\/corporate\/97976\/revisions"}],"predecessor-version":[{"id":210345,"href":"https:\/\/agencevu.com\/en\/wp-json\/wp\/v2\/corporate\/97976\/revisions\/210345"}],"wp:attachment":[{"href":"https:\/\/agencevu.com\/en\/wp-json\/wp\/v2\/media?parent=97976"}],"wp:term":[{"taxonomy":"category","embeddable":true,"href":"https:\/\/agencevu.com\/en\/wp-json\/wp\/v2\/categories?post=97976"},{"taxonomy":"post_tag","embeddable":true,"href":"https:\/\/agencevu.com\/en\/wp-json\/wp\/v2\/tags?post=97976"},{"taxonomy":"filter_taxonomy","embeddable":true,"href":"https:\/\/agencevu.com\/en\/wp-json\/wp\/v2\/filter_taxonomy?post=97976"},{"taxonomy":"photographe","embeddable":true,"href":"https:\/\/agencevu.com\/en\/wp-json\/wp\/v2\/photographe?post=97976"},{"taxonomy":"section_taxonomy","embeddable":true,"href":"https:\/\/agencevu.com\/en\/wp-json\/wp\/v2\/section_taxonomy?post=97976"}],"curies":[{"name":"wp","href":"https:\/\/api.w.org\/{rel}","templated":true}]}}