{"id":187503,"date":"2022-07-19T15:51:22","date_gmt":"2022-07-19T13:51:22","guid":{"rendered":"https:\/\/agencevu.com\/?post_type=corporate&#038;p=187503"},"modified":"2022-07-19T15:51:22","modified_gmt":"2022-07-19T13:51:22","slug":"ministere-de-la-culture","status":"publish","type":"corporate","link":"https:\/\/agencevu.com\/en\/corporate\/ministere-de-la-culture\/","title":{"rendered":"Minist\u00e8re de la Culture"},"content":{"rendered":"<div id='av_section_1'  class='avia-section main_color avia-section-small avia-no-border-styling  avia-bg-style-scroll  avia-builder-el-0  el_before_av_section  avia-builder-el-first   container_wrap fullsize' style='background-color: #f1f1f1;  '  ><div class='container' ><main  role=\"main\" itemprop=\"mainContentOfPage\"  class='template-page content  av-content-full alpha units'><div class='post-entry post-entry-type-page post-entry-187503'><div class='entry-content-wrapper clearfix'>\n<section class=\"av_textblock_section \"  itemscope=\"itemscope\" itemtype=\"https:\/\/schema.org\/CreativeWork\" ><div class='avia_textblock  '   itemprop=\"text\" ><p class=\"titre-page\">Minist\u00e8re de la Culture<\/p>\n<hr class=\"hr-titre-page\">\n<\/div><\/section>\n\n<\/div><\/div><\/main><!-- close content main element --><\/div><\/div><div id='av_section_2'  class='avia-section main_color avia-section-default avia-no-border-styling  avia-bg-style-scroll  avia-builder-el-2  el_after_av_section  avia-builder-el-last   container_wrap fullsize' style=' '  ><div class='container' ><div class='template-page content  av-content-full alpha units'><div class='post-entry post-entry-type-page post-entry-187503'><div class='entry-content-wrapper clearfix'>\n<div  data-autoplay=''  data-interval='5'  data-animation='fade'  data-show_slide_delay='90'  class='avia-content-slider avia-content-grid-active avia-content-slider1 avia-content-slider-odd  avia-builder-el-3  el_before_av_hr  avia-builder-el-first  '  itemscope=\"itemscope\" itemtype=\"https:\/\/schema.org\/Blog\" ><div class='avia-content-slider-inner'><div class='slide-entry-wrap'><article class='slide-entry flex_column  post-entry post-entry-197965 slide-entry-overview slide-loop-1 slide-parity-odd  av_one_third first real-thumbnail'  itemscope=\"itemscope\" itemtype=\"https:\/\/schema.org\/CreativeWork\" ><a href='https:\/\/agencevu.com\/en\/corporate\/ministere-de-la-culture-acr\/' data-rel='slide-1' class='slide-image' title=''><img width=\"495\" height=\"400\" src=\"https:\/\/agencevu.com\/wp-content\/uploads\/2023\/03\/S6A9315_2_BD-2-495x400.jpg\" class=\"wp-image-197969 avia-img-lazy-loading-197969 attachment-portfolio size-portfolio wp-post-image\" alt=\"\" loading=\"lazy\" srcset=\"https:\/\/agencevu.com\/wp-content\/uploads\/2023\/03\/S6A9315_2_BD-2-495x400.jpg 495w, https:\/\/agencevu.com\/wp-content\/uploads\/2023\/03\/S6A9315_2_BD-2-300x243.jpg 300w, https:\/\/agencevu.com\/wp-content\/uploads\/2023\/03\/S6A9315_2_BD-2-80x65.jpg 80w, https:\/\/agencevu.com\/wp-content\/uploads\/2023\/03\/S6A9315_2_BD-2-768x622.jpg 768w, https:\/\/agencevu.com\/wp-content\/uploads\/2023\/03\/S6A9315_2_BD-2-705x571.jpg 705w, https:\/\/agencevu.com\/wp-content\/uploads\/2023\/03\/S6A9315_2_BD-2.jpg 845w\" sizes=\"(max-width: 495px) 100vw, 495px\" \/><\/a><div class='slide-content'><header class=\"entry-content-header\"><span class=\"blog-categories minor-meta\"> <a href=\"https:\/\/agencevu.com\/en\/filter_taxonomy\/chantier-architecture-en\/\" rel=\"tag\">Chantier &amp; Architecture<\/a><a href=\"https:\/\/agencevu.com\/en\/filter_taxonomy\/institution-publique-2\/\" rel=\"tag\">Institution publique<\/a><a href=\"https:\/\/agencevu.com\/en\/filter_taxonomy\/reportage-en\/\" rel=\"tag\">Reportage<\/a> <a href=\"https:\/\/agencevu.com\/en\/photographer\/nolwenn-brod\/\" rel=\"tag\">Nolwenn Brod<\/a> <a href=\"https:\/\/agencevu.com\/en\/section_taxonomy\/corporate-en\/\" rel=\"tag\">Corporate<\/a> <\/span><h3 class='slide-entry-title entry-title'  itemprop=\"headline\" ><a href='https:\/\/agencevu.com\/en\/corporate\/ministere-de-la-culture-acr\/' title='Minist\u00e8re de la Culture \u2013 ACR'>Minist\u00e8re de la Culture \u2013 ACR<\/a><\/h3><span class=\"av-vertical-delimiter\"><\/span><\/header><div class='slide-entry-excerpt entry-content'  itemprop=\"text\" >\r\n\r\n<\/div><\/div><footer class=\"entry-footer\"><div class='slide-meta'><time class='slide-meta-time updated'  itemprop=\"datePublished\" datetime=\"2023-03-13T11:31:54+01:00\" >13 March 2023<\/time><\/div><\/footer><span class='hidden'>\n\t\t\t\t<span class='av-structured-data'  itemprop=\"image\" itemscope=\"itemscope\" itemtype=\"https:\/\/schema.org\/ImageObject\" >\n\t\t\t\t\t\t<span itemprop='url'>https:\/\/agencevu.com\/wp-content\/uploads\/2023\/03\/S6A9315_2_BD-2.jpg<\/span>\n\t\t\t\t\t\t<span itemprop='height'>684<\/span>\n\t\t\t\t\t\t<span itemprop='width'>845<\/span>\n\t\t\t\t<\/span>\n\t\t\t\t<span class='av-structured-data'  itemprop=\"publisher\" itemtype=\"https:\/\/schema.org\/Organization\" itemscope=\"itemscope\" >\n\t\t\t\t\t\t<span itemprop='name'>Fanny Demichelis<\/span>\n\t\t\t\t\t\t<span itemprop='logo' itemscope itemtype='https:\/\/schema.org\/ImageObject'>\n\t\t\t\t\t\t\t<span itemprop='url'>\/wp-content\/uploads\/2021\/05\/logo-vert-2.svg<\/span>\n\t\t\t\t\t\t <\/span>\n\t\t\t\t<\/span><span class='av-structured-data'  itemprop=\"author\" itemscope=\"itemscope\" itemtype=\"https:\/\/schema.org\/Person\" ><span itemprop='name'>Fanny Demichelis<\/span><\/span><span class='av-structured-data'  itemprop=\"datePublished\" datetime=\"2022-07-19T14:37:32+02:00\" >2023-03-13 11:31:54<\/span><span class='av-structured-data'  itemprop=\"dateModified\" itemtype=\"https:\/\/schema.org\/dateModified\" >2024-02-29 11:20:28<\/span><span class='av-structured-data'  itemprop=\"mainEntityOfPage\" itemtype=\"https:\/\/schema.org\/mainEntityOfPage\" ><span itemprop='name'>Minist\u00e8re de la Culture \u2013 ACR<\/span><\/span><\/span><\/article><article class='slide-entry flex_column  post-entry post-entry-189683 slide-entry-overview slide-loop-2 slide-parity-even  av_one_third  real-thumbnail'  itemscope=\"itemscope\" itemtype=\"https:\/\/schema.org\/CreativeWork\" ><a href='https:\/\/agencevu.com\/en\/corporate\/ministere-de-la-culture-le-palais-bulles\/' data-rel='slide-1' class='slide-image' title=''><img width=\"495\" height=\"400\" src=\"https:\/\/agencevu.com\/wp-content\/uploads\/2022\/10\/S6A3408-1-495x400.jpg\" class=\"wp-image-189680 avia-img-lazy-loading-189680 attachment-portfolio size-portfolio wp-post-image\" alt=\"\" loading=\"lazy\" srcset=\"https:\/\/agencevu.com\/wp-content\/uploads\/2022\/10\/S6A3408-1-495x400.jpg 495w, https:\/\/agencevu.com\/wp-content\/uploads\/2022\/10\/S6A3408-1-300x243.jpg 300w, https:\/\/agencevu.com\/wp-content\/uploads\/2022\/10\/S6A3408-1-80x65.jpg 80w, https:\/\/agencevu.com\/wp-content\/uploads\/2022\/10\/S6A3408-1-768x622.jpg 768w, https:\/\/agencevu.com\/wp-content\/uploads\/2022\/10\/S6A3408-1-705x571.jpg 705w, https:\/\/agencevu.com\/wp-content\/uploads\/2022\/10\/S6A3408-1.jpg 845w\" sizes=\"(max-width: 495px) 100vw, 495px\" \/><\/a><div class='slide-content'><header class=\"entry-content-header\"><span class=\"blog-categories minor-meta\"><a href=\"https:\/\/agencevu.com\/en\/Home\/home-realisations\/\" rel=\"tag\">Home-R\u00e9alisations<\/a> <a href=\"https:\/\/agencevu.com\/en\/filter_taxonomy\/chantier-architecture-en\/\" rel=\"tag\">Chantier &amp; Architecture<\/a><a href=\"https:\/\/agencevu.com\/en\/filter_taxonomy\/institution-publique-2\/\" rel=\"tag\">Institution publique<\/a><a href=\"https:\/\/agencevu.com\/en\/filter_taxonomy\/institution-publique-en\/\" rel=\"tag\">institution publique<\/a><a href=\"https:\/\/agencevu.com\/en\/filter_taxonomy\/reportage-en\/\" rel=\"tag\">Reportage<\/a> <a href=\"https:\/\/agencevu.com\/en\/photographer\/nolwenn-brod\/\" rel=\"tag\">Nolwenn Brod<\/a> <a href=\"https:\/\/agencevu.com\/en\/section_taxonomy\/corporate-en\/\" rel=\"tag\">Corporate<\/a> <\/span><h3 class='slide-entry-title entry-title'  itemprop=\"headline\" ><a href='https:\/\/agencevu.com\/en\/corporate\/ministere-de-la-culture-le-palais-bulles\/' title='Minist\u00e8re de la Culture \u2013 Le Palais Bulles'>Minist\u00e8re de la Culture \u2013 Le Palais Bulles<\/a><\/h3><span class=\"av-vertical-delimiter\"><\/span><\/header><div class='slide-entry-excerpt entry-content'  itemprop=\"text\" >\r\n\r\n<\/div><\/div><footer class=\"entry-footer\"><div class='slide-meta'><time class='slide-meta-time updated'  itemprop=\"datePublished\" datetime=\"2022-10-13T17:11:40+02:00\" >13 October 2022<\/time><\/div><\/footer><span class='hidden'>\n\t\t\t\t<span class='av-structured-data'  itemprop=\"image\" itemscope=\"itemscope\" itemtype=\"https:\/\/schema.org\/ImageObject\" >\n\t\t\t\t\t\t<span itemprop='url'>https:\/\/agencevu.com\/wp-content\/uploads\/2022\/10\/S6A3408-1.jpg<\/span>\n\t\t\t\t\t\t<span itemprop='height'>684<\/span>\n\t\t\t\t\t\t<span itemprop='width'>845<\/span>\n\t\t\t\t<\/span>\n\t\t\t\t<span class='av-structured-data'  itemprop=\"publisher\" itemtype=\"https:\/\/schema.org\/Organization\" itemscope=\"itemscope\" >\n\t\t\t\t\t\t<span itemprop='name'>Fanny Demichelis<\/span>\n\t\t\t\t\t\t<span itemprop='logo' itemscope itemtype='https:\/\/schema.org\/ImageObject'>\n\t\t\t\t\t\t\t<span itemprop='url'>\/wp-content\/uploads\/2021\/05\/logo-vert-2.svg<\/span>\n\t\t\t\t\t\t <\/span>\n\t\t\t\t<\/span><span class='av-structured-data'  itemprop=\"author\" itemscope=\"itemscope\" itemtype=\"https:\/\/schema.org\/Person\" ><span itemprop='name'>Fanny Demichelis<\/span><\/span><span class='av-structured-data'  itemprop=\"datePublished\" datetime=\"2022-07-19T14:37:32+02:00\" >2022-10-13 17:11:40<\/span><span class='av-structured-data'  itemprop=\"dateModified\" itemtype=\"https:\/\/schema.org\/dateModified\" >2024-02-29 11:22:47<\/span><span class='av-structured-data'  itemprop=\"mainEntityOfPage\" itemtype=\"https:\/\/schema.org\/mainEntityOfPage\" ><span itemprop='name'>Minist\u00e8re de la Culture \u2013 Le Palais Bulles<\/span><\/span><\/span><\/article><article class='slide-entry flex_column  post-entry post-entry-223678 slide-entry-overview slide-loop-3 slide-parity-odd  av_one_third  real-thumbnail'  itemscope=\"itemscope\" itemtype=\"https:\/\/schema.org\/CreativeWork\" ><a href='https:\/\/agencevu.com\/en\/corporate\/les-marins-perdus-ministere-culture\/' data-rel='slide-1' class='slide-image' title=''><img width=\"495\" height=\"400\" src=\"https:\/\/agencevu.com\/wp-content\/uploads\/2025\/08\/p_BRAU25335-2022CL08-1-495x400.jpg\" class=\"wp-image-223675 avia-img-lazy-loading-223675 attachment-portfolio size-portfolio wp-post-image\" alt=\"\" loading=\"lazy\" srcset=\"https:\/\/agencevu.com\/wp-content\/uploads\/2025\/08\/p_BRAU25335-2022CL08-1-495x400.jpg 495w, https:\/\/agencevu.com\/wp-content\/uploads\/2025\/08\/p_BRAU25335-2022CL08-1-300x243.jpg 300w, https:\/\/agencevu.com\/wp-content\/uploads\/2025\/08\/p_BRAU25335-2022CL08-1-80x65.jpg 80w, https:\/\/agencevu.com\/wp-content\/uploads\/2025\/08\/p_BRAU25335-2022CL08-1-768x622.jpg 768w, https:\/\/agencevu.com\/wp-content\/uploads\/2025\/08\/p_BRAU25335-2022CL08-1-705x571.jpg 705w, https:\/\/agencevu.com\/wp-content\/uploads\/2025\/08\/p_BRAU25335-2022CL08-1.jpg 845w\" sizes=\"(max-width: 495px) 100vw, 495px\" \/><\/a><div class='slide-content'><header class=\"entry-content-header\"><span class=\"blog-categories minor-meta\"> <a href=\"https:\/\/agencevu.com\/en\/filter_taxonomy\/institution-publique-en\/\" rel=\"tag\">institution publique<\/a><a href=\"https:\/\/agencevu.com\/en\/filter_taxonomy\/prestation-en\/\" rel=\"tag\">Prestation<\/a><a href=\"https:\/\/agencevu.com\/en\/filter_taxonomy\/reportage-en\/\" rel=\"tag\">Reportage<\/a> <a href=\"https:\/\/agencevu.com\/en\/photographer\/philippe-brault\/\" rel=\"tag\">Philippe Brault<\/a> <a href=\"https:\/\/agencevu.com\/en\/section_taxonomy\/corporate-en\/\" rel=\"tag\">Corporate<\/a> <\/span><h3 class='slide-entry-title entry-title'  itemprop=\"headline\" ><a href='https:\/\/agencevu.com\/en\/corporate\/les-marins-perdus-ministere-culture\/' title='Grande commande photojournalisme \u2013 The lost sailors'>Grande commande photojournalisme \u2013 The lost sailors<\/a><\/h3><span class=\"av-vertical-delimiter\"><\/span><\/header><div class='slide-entry-excerpt entry-content'  itemprop=\"text\" >\r\n\r\n<\/div><\/div><footer class=\"entry-footer\"><div class='slide-meta'><time class='slide-meta-time updated'  itemprop=\"datePublished\" datetime=\"2022-08-14T10:32:31+02:00\" >14 August 2022<\/time><\/div><\/footer><span class='hidden'>\n\t\t\t\t<span class='av-structured-data'  itemprop=\"image\" itemscope=\"itemscope\" itemtype=\"https:\/\/schema.org\/ImageObject\" >\n\t\t\t\t\t\t<span itemprop='url'>https:\/\/agencevu.com\/wp-content\/uploads\/2025\/08\/p_BRAU25335-2022CL08-1.jpg<\/span>\n\t\t\t\t\t\t<span itemprop='height'>684<\/span>\n\t\t\t\t\t\t<span itemprop='width'>845<\/span>\n\t\t\t\t<\/span>\n\t\t\t\t<span class='av-structured-data'  itemprop=\"publisher\" itemtype=\"https:\/\/schema.org\/Organization\" itemscope=\"itemscope\" >\n\t\t\t\t\t\t<span itemprop='name'>Fanny Demichelis<\/span>\n\t\t\t\t\t\t<span itemprop='logo' itemscope itemtype='https:\/\/schema.org\/ImageObject'>\n\t\t\t\t\t\t\t<span itemprop='url'>\/wp-content\/uploads\/2021\/05\/logo-vert-2.svg<\/span>\n\t\t\t\t\t\t <\/span>\n\t\t\t\t<\/span><span class='av-structured-data'  itemprop=\"author\" itemscope=\"itemscope\" itemtype=\"https:\/\/schema.org\/Person\" ><span itemprop='name'>Fanny Demichelis<\/span><\/span><span class='av-structured-data'  itemprop=\"datePublished\" datetime=\"2022-07-19T14:37:32+02:00\" >2022-08-14 10:32:31<\/span><span class='av-structured-data'  itemprop=\"dateModified\" itemtype=\"https:\/\/schema.org\/dateModified\" >2025-08-18 09:41:22<\/span><span class='av-structured-data'  itemprop=\"mainEntityOfPage\" itemtype=\"https:\/\/schema.org\/mainEntityOfPage\" ><span itemprop='name'>Grande commande photojournalisme \u2013 The lost sailors<\/span><\/span><\/span><\/article><\/div><div class='slide-entry-wrap'><article class='slide-entry flex_column  post-entry post-entry-187493 slide-entry-overview slide-loop-4 slide-parity-odd  post-entry-last  av_one_third first real-thumbnail'  itemscope=\"itemscope\" itemtype=\"https:\/\/schema.org\/CreativeWork\" ><a href='https:\/\/agencevu.com\/en\/corporate\/ministere-de-la-culture-ete-culturel-2022\/' data-rel='slide-1' class='slide-image' title=''><img width=\"495\" height=\"400\" src=\"https:\/\/agencevu.com\/wp-content\/uploads\/2024\/03\/AFFICHES_e\u0301te\u0301_cult_2022_40x60cm-metropole-2-1-495x400.jpg\" class=\"wp-image-210057 avia-img-lazy-loading-210057 attachment-portfolio size-portfolio wp-post-image\" alt=\"\" loading=\"lazy\" srcset=\"https:\/\/agencevu.com\/wp-content\/uploads\/2024\/03\/AFFICHES_e\u0301te\u0301_cult_2022_40x60cm-metropole-2-1-495x400.jpg 495w, https:\/\/agencevu.com\/wp-content\/uploads\/2024\/03\/AFFICHES_e\u0301te\u0301_cult_2022_40x60cm-metropole-2-1-300x243.jpg 300w, https:\/\/agencevu.com\/wp-content\/uploads\/2024\/03\/AFFICHES_e\u0301te\u0301_cult_2022_40x60cm-metropole-2-1-80x65.jpg 80w, https:\/\/agencevu.com\/wp-content\/uploads\/2024\/03\/AFFICHES_e\u0301te\u0301_cult_2022_40x60cm-metropole-2-1-705x571.jpg 705w, https:\/\/agencevu.com\/wp-content\/uploads\/2024\/03\/AFFICHES_e\u0301te\u0301_cult_2022_40x60cm-metropole-2-1.jpg 711w\" sizes=\"(max-width: 495px) 100vw, 495px\" \/><\/a><div class='slide-content'><header class=\"entry-content-header\"><span class=\"blog-categories minor-meta\"> <a href=\"https:\/\/agencevu.com\/en\/filter_taxonomy\/campagne-publicitaire-en-2\/\" rel=\"tag\">Campagnes<\/a><a href=\"https:\/\/agencevu.com\/en\/filter_taxonomy\/institution-publique-en\/\" rel=\"tag\">institution publique<\/a><a href=\"https:\/\/agencevu.com\/en\/filter_taxonomy\/portrait-en\/\" rel=\"tag\">Portrait<\/a> <a href=\"https:\/\/agencevu.com\/en\/photographer\/cyril-zannettacci\/\" rel=\"tag\">Cyril Zannettacci<\/a> <a href=\"https:\/\/agencevu.com\/en\/section_taxonomy\/corporate-en\/\" rel=\"tag\">Corporate<\/a> <\/span><h3 class='slide-entry-title entry-title'  itemprop=\"headline\" ><a href='https:\/\/agencevu.com\/en\/corporate\/ministere-de-la-culture-ete-culturel-2022\/' title='Minist\u00e8re de la Culture \u2013 L\u2019\u00c9t\u00e9 culturel 2022'>Minist\u00e8re de la Culture \u2013 L\u2019\u00c9t\u00e9 culturel 2022<\/a><\/h3><span class=\"av-vertical-delimiter\"><\/span><\/header><div class='slide-entry-excerpt entry-content'  itemprop=\"text\" >\r\n\r\n<\/div><\/div><footer class=\"entry-footer\"><div class='slide-meta'><time class='slide-meta-time updated'  itemprop=\"datePublished\" datetime=\"2022-07-19T14:37:32+02:00\" >19 July 2022<\/time><\/div><\/footer><span class='hidden'>\n\t\t\t\t<span class='av-structured-data'  itemprop=\"image\" itemscope=\"itemscope\" itemtype=\"https:\/\/schema.org\/ImageObject\" >\n\t\t\t\t\t\t<span itemprop='url'>https:\/\/agencevu.com\/wp-content\/uploads\/2024\/03\/AFFICHES_e\u0301te\u0301_cult_2022_40x60cm-metropole-2-1.jpg<\/span>\n\t\t\t\t\t\t<span itemprop='height'>576<\/span>\n\t\t\t\t\t\t<span itemprop='width'>711<\/span>\n\t\t\t\t<\/span>\n\t\t\t\t<span class='av-structured-data'  itemprop=\"publisher\" itemtype=\"https:\/\/schema.org\/Organization\" itemscope=\"itemscope\" >\n\t\t\t\t\t\t<span itemprop='name'>Fanny Demichelis<\/span>\n\t\t\t\t\t\t<span itemprop='logo' itemscope itemtype='https:\/\/schema.org\/ImageObject'>\n\t\t\t\t\t\t\t<span itemprop='url'>\/wp-content\/uploads\/2021\/05\/logo-vert-2.svg<\/span>\n\t\t\t\t\t\t <\/span>\n\t\t\t\t<\/span><span class='av-structured-data'  itemprop=\"author\" itemscope=\"itemscope\" itemtype=\"https:\/\/schema.org\/Person\" ><span itemprop='name'>Fanny Demichelis<\/span><\/span><span class='av-structured-data'  itemprop=\"datePublished\" datetime=\"2022-07-19T14:37:32+02:00\" >2022-07-19 14:37:32<\/span><span class='av-structured-data'  itemprop=\"dateModified\" itemtype=\"https:\/\/schema.org\/dateModified\" >2024-03-06 11:05:06<\/span><span class='av-structured-data'  itemprop=\"mainEntityOfPage\" itemtype=\"https:\/\/schema.org\/mainEntityOfPage\" ><span itemprop='name'>Minist\u00e8re de la Culture \u2013 L\u2019\u00c9t\u00e9 culturel 2022<\/span><\/span><\/span><\/article><\/div><\/div><\/div>\n<div  style='height:90px' class='hr hr-invisible  '><span class='hr-inner ' ><span class='hr-inner-style'><\/span><\/span><\/div>\n<div  class='avia-button-wrap avia-button-left ' ><a href='\/corporate\/realisations\/#clients'  class='avia-button  avia-color-theme-color-highlight   avia-icon_select-no avia-size-small avia-position-left '   ><span class='avia_iconbox_title' >Voir plus de clients<\/span><\/a><\/div>\n\n","protected":false},"excerpt":{"rendered":"","protected":false},"featured_media":0,"menu_order":0,"template":"","categories":[],"tags":[],"filter_taxonomy":[],"photographe":[],"section_taxonomy":[17580],"yoast_head":"<!-- This site is optimized with the Yoast SEO plugin v16.3 - https:\/\/yoast.com\/wordpress\/plugins\/seo\/ -->\n<title>Minist\u00e8re de la Culture - Agence VU&#039;<\/title>\n<meta name=\"robots\" content=\"index, follow, max-snippet:-1, max-image-preview:large, max-video-preview:-1\" \/>\n<link rel=\"canonical\" href=\"\/\" \/>\n<meta property=\"og:locale\" content=\"en_US\" \/>\n<meta property=\"og:type\" content=\"article\" \/>\n<meta property=\"og:title\" content=\"Minist\u00e8re de la Culture - Agence VU&#039;\" \/>\n<meta property=\"og:site_name\" content=\"Agence VU&#039;\" \/>\n<meta property=\"article:publisher\" content=\"https:\/\/www.facebook.com\/VUagence\" \/>\n<meta name=\"twitter:card\" content=\"summary_large_image\" \/>\n<meta name=\"twitter:site\" content=\"@agence_vu\" \/>\n<script type=\"application\/ld+json\" class=\"yoast-schema-graph\">{\"@context\":\"https:\/\/schema.org\",\"@graph\":[{\"@type\":\"WebSite\",\"@id\":\"https:\/\/agencevu.com\/en\/#website\",\"url\":\"https:\/\/agencevu.com\/en\/\",\"name\":\"Agence VU&#039;\",\"description\":\"Agency of photographers founded in 1986\",\"potentialAction\":[{\"@type\":\"SearchAction\",\"target\":\"https:\/\/agencevu.com\/en\/?s={search_term_string}\",\"query-input\":\"required name=search_term_string\"}],\"inLanguage\":\"en-US\"},{\"@type\":\"WebPage\",\"@id\":\"#webpage\",\"url\":null,\"name\":\"Minist\\u00e8re de la Culture - Agence VU&#039;\",\"isPartOf\":{\"@id\":\"https:\/\/agencevu.com\/en\/#website\"},\"datePublished\":\"2022-07-19T13:51:22+00:00\",\"dateModified\":\"2022-07-19T13:51:22+00:00\",\"breadcrumb\":{\"@id\":\"#breadcrumb\"},\"inLanguage\":\"en-US\",\"potentialAction\":[{\"@type\":\"ReadAction\",\"target\":[null]}]},{\"@type\":\"BreadcrumbList\",\"@id\":\"#breadcrumb\",\"itemListElement\":[{\"@type\":\"ListItem\",\"position\":1,\"item\":{\"@type\":\"WebPage\",\"@id\":\"https:\/\/agencevu.com\/en\/home\/\",\"url\":\"https:\/\/agencevu.com\/en\/home\/\",\"name\":\"Home\"}},{\"@type\":\"ListItem\",\"position\":2,\"item\":{\"@type\":\"WebPage\",\"@id\":\"https:\/\/agencevu.com\/en\/corporate\/\",\"url\":\"https:\/\/agencevu.com\/en\/corporate\/\",\"name\":\"Corporates\"}},{\"@type\":\"ListItem\",\"position\":3,\"item\":{\"@id\":\"#webpage\"}}]}]}<\/script>\n<!-- \/ Yoast SEO plugin. -->","_links":{"self":[{"href":"https:\/\/agencevu.com\/en\/wp-json\/wp\/v2\/corporate\/187503"}],"collection":[{"href":"https:\/\/agencevu.com\/en\/wp-json\/wp\/v2\/corporate"}],"about":[{"href":"https:\/\/agencevu.com\/en\/wp-json\/wp\/v2\/types\/corporate"}],"version-history":[{"count":4,"href":"https:\/\/agencevu.com\/en\/wp-json\/wp\/v2\/corporate\/187503\/revisions"}],"predecessor-version":[{"id":187532,"href":"https:\/\/agencevu.com\/en\/wp-json\/wp\/v2\/corporate\/187503\/revisions\/187532"}],"wp:attachment":[{"href":"https:\/\/agencevu.com\/en\/wp-json\/wp\/v2\/media?parent=187503"}],"wp:term":[{"taxonomy":"category","embeddable":true,"href":"https:\/\/agencevu.com\/en\/wp-json\/wp\/v2\/categories?post=187503"},{"taxonomy":"post_tag","embeddable":true,"href":"https:\/\/agencevu.com\/en\/wp-json\/wp\/v2\/tags?post=187503"},{"taxonomy":"filter_taxonomy","embeddable":true,"href":"https:\/\/agencevu.com\/en\/wp-json\/wp\/v2\/filter_taxonomy?post=187503"},{"taxonomy":"photographe","embeddable":true,"href":"https:\/\/agencevu.com\/en\/wp-json\/wp\/v2\/photographe?post=187503"},{"taxonomy":"section_taxonomy","embeddable":true,"href":"https:\/\/agencevu.com\/en\/wp-json\/wp\/v2\/section_taxonomy?post=187503"}],"curies":[{"name":"wp","href":"https:\/\/api.w.org\/{rel}","templated":true}]}}