{"id":115136,"date":"2015-03-10T18:29:23","date_gmt":"2015-03-10T17:29:23","guid":{"rendered":"https:\/\/agencevu-dev.abvent.com\/corporate\/ministere-defense-projet-balard\/"},"modified":"2025-07-04T16:03:42","modified_gmt":"2025-07-04T14:03:42","slug":"ministere-defense-projet-balard","status":"publish","type":"corporate","link":"https:\/\/agencevu.com\/en\/corporate\/ministere-defense-projet-balard\/","title":{"rendered":"Ministry of Defence &#8211; Projet Balard"},"content":{"rendered":"<div id='av_section_1'  class='avia-section main_color avia-section-small avia-no-border-styling  avia-bg-style-scroll  avia-builder-el-0  el_before_av_section  avia-builder-el-first   av-minimum-height av-minimum-height-25  container_wrap fullsize' style='background-color: #f1f1f1;  '   data-av_minimum_height_pc='25'><div class='container' ><main  role=\"main\" itemprop=\"mainContentOfPage\"  class='template-page content  av-content-full alpha units'><div class='post-entry post-entry-type-page post-entry-115136'><div class='entry-content-wrapper clearfix'>\n<div class=\"flex_column av_one_half  flex_column_div av-zero-column-padding first  avia-builder-el-1  el_before_av_one_half  avia-builder-el-first  \" style='border-radius:0px; '><section class=\"av_textblock_section \"  itemscope=\"itemscope\" itemtype=\"https:\/\/schema.org\/CreativeWork\" ><div class='avia_textblock  '   itemprop=\"text\" ><p class=\"titre-page\"><a style=\"text-decoration: none; color: #707070;\">Ministry of Defence<\/a><\/p>\n<hr class=\"hr-titre-page\">\n<\/div><\/section><br \/>\n<section class=\"av_textblock_section \"  itemscope=\"itemscope\" itemtype=\"https:\/\/schema.org\/CreativeWork\" ><div class='avia_textblock  av_inherit_color '  style='font-size:16px; color:#76a38b; '  itemprop=\"text\" ><p><a style=\"text-decoration: none;\" href=\"\/en\/corporate\/photographer-vincent-catala\/\"><strong>Vincent Catala<\/strong><\/a><br \/>\n<span style=\"color: #707070;\">2015<\/span><br \/>\n<span style=\"color: #707070;\">Balard Project<\/span><\/p>\n<\/div><\/section><br \/>\n<section class=\"av_textblock_section \"  itemscope=\"itemscope\" itemtype=\"https:\/\/schema.org\/CreativeWork\" ><div class='avia_textblock  '   itemprop=\"text\" ><p>Carte blanche granted to Vincent Catala to follow the construction work of the soon-to-be French Ministry of Defence on the Balard site. The images are published in a book dedicated to the project.<\/p>\n<\/div><\/section><\/p><\/div><div class=\"flex_column av_one_half  flex_column_div av-zero-column-padding   avia-builder-el-5  el_after_av_one_half  avia-builder-el-last  \" style='border-radius:0px; '><\/div>\n\n<\/div><\/div><\/main><!-- close content main element --><\/div><\/div><div id='av_section_2'  class='avia-section main_color avia-section-default avia-no-border-styling  avia-bg-style-scroll  avia-builder-el-6  el_after_av_section  avia-builder-el-last   container_wrap fullsize' style=' '  ><div class='container' ><div class='template-page content  av-content-full alpha units'><div class='post-entry post-entry-type-page post-entry-115136'><div class='entry-content-wrapper clearfix'>\n<div class=\"flex_column av_one_full  flex_column_div av-zero-column-padding first  avia-builder-el-7  el_before_av_one_half  avia-builder-el-first  \" style='border-radius:0px; '><div  class='avia-image-container  av-styling-no-styling    avia-builder-el-8  avia-builder-el-no-sibling  avia-align-center '  itemprop=\"image\" itemscope=\"itemscope\" itemtype=\"https:\/\/schema.org\/ImageObject\"  ><div class='avia-image-container-inner'><div class='avia-image-overlay-wrap'><a href=\"https:\/\/agencevu.com\/wp-content\/uploads\/2025\/07\/002-1030x687.jpg\" href=\"https:\/\/agencevu.com\/wp-content\/uploads\/2025\/07\/002-1030x687.jpg 1030w, https:\/\/agencevu.com\/wp-content\/uploads\/2025\/07\/002-300x200.jpg 300w, https:\/\/agencevu.com\/wp-content\/uploads\/2025\/07\/002-80x53.jpg 80w, https:\/\/agencevu.com\/wp-content\/uploads\/2025\/07\/002-768x512.jpg 768w, https:\/\/agencevu.com\/wp-content\/uploads\/2025\/07\/002-1536x1024.jpg 1536w, https:\/\/agencevu.com\/wp-content\/uploads\/2025\/07\/002-1500x1000.jpg 1500w, https:\/\/agencevu.com\/wp-content\/uploads\/2025\/07\/002-705x470.jpg 705w, https:\/\/agencevu.com\/wp-content\/uploads\/2025\/07\/002.jpg 1620w\" href=\"(max-width: 1030px) 100vw, 1030px\" class='avia_image' ><img width=\"1620\" height=\"1080\" class='wp-image-223019 avia-img-lazy-loading-not-223019 avia_image' src=\"https:\/\/agencevu.com\/wp-content\/uploads\/2025\/07\/002.jpg\" alt='' title='Projet Balard by Vincent Catala'  itemprop=\"thumbnailUrl\" srcset=\"https:\/\/agencevu.com\/wp-content\/uploads\/2025\/07\/002.jpg 1620w, https:\/\/agencevu.com\/wp-content\/uploads\/2025\/07\/002-300x200.jpg 300w, https:\/\/agencevu.com\/wp-content\/uploads\/2025\/07\/002-1030x687.jpg 1030w, https:\/\/agencevu.com\/wp-content\/uploads\/2025\/07\/002-80x53.jpg 80w, https:\/\/agencevu.com\/wp-content\/uploads\/2025\/07\/002-768x512.jpg 768w, https:\/\/agencevu.com\/wp-content\/uploads\/2025\/07\/002-1536x1024.jpg 1536w, https:\/\/agencevu.com\/wp-content\/uploads\/2025\/07\/002-1500x1000.jpg 1500w, https:\/\/agencevu.com\/wp-content\/uploads\/2025\/07\/002-705x470.jpg 705w\" sizes=\"(max-width: 1620px) 100vw, 1620px\" \/><\/a><\/div><\/div><\/div><\/div><div class=\"flex_column av_one_half  flex_column_div av-zero-column-padding first  avia-builder-el-9  el_after_av_one_full  el_before_av_one_half  column-top-margin\" style='border-radius:0px; '><div  class='avia-image-container  av-styling-no-styling    avia-builder-el-10  avia-builder-el-no-sibling  avia-align-center '  itemprop=\"image\" itemscope=\"itemscope\" itemtype=\"https:\/\/schema.org\/ImageObject\"  ><div class='avia-image-container-inner'><div class='avia-image-overlay-wrap'><a href=\"https:\/\/agencevu.com\/wp-content\/uploads\/2025\/07\/006-1030x687.jpg\" href=\"https:\/\/agencevu.com\/wp-content\/uploads\/2025\/07\/006-1030x687.jpg 1030w, https:\/\/agencevu.com\/wp-content\/uploads\/2025\/07\/006-300x200.jpg 300w, https:\/\/agencevu.com\/wp-content\/uploads\/2025\/07\/006-80x53.jpg 80w, https:\/\/agencevu.com\/wp-content\/uploads\/2025\/07\/006-768x512.jpg 768w, https:\/\/agencevu.com\/wp-content\/uploads\/2025\/07\/006-1536x1024.jpg 1536w, https:\/\/agencevu.com\/wp-content\/uploads\/2025\/07\/006-1500x1000.jpg 1500w, https:\/\/agencevu.com\/wp-content\/uploads\/2025\/07\/006-705x470.jpg 705w, https:\/\/agencevu.com\/wp-content\/uploads\/2025\/07\/006.jpg 1620w\" href=\"(max-width: 1030px) 100vw, 1030px\" class='avia_image' ><img width=\"1620\" height=\"1080\" class='wp-image-223025 avia-img-lazy-loading-not-223025 avia_image' src=\"https:\/\/agencevu.com\/wp-content\/uploads\/2025\/07\/006.jpg\" alt='' title='Projet Balard by Vincent Catala'  itemprop=\"thumbnailUrl\" srcset=\"https:\/\/agencevu.com\/wp-content\/uploads\/2025\/07\/006.jpg 1620w, https:\/\/agencevu.com\/wp-content\/uploads\/2025\/07\/006-300x200.jpg 300w, https:\/\/agencevu.com\/wp-content\/uploads\/2025\/07\/006-1030x687.jpg 1030w, https:\/\/agencevu.com\/wp-content\/uploads\/2025\/07\/006-80x53.jpg 80w, https:\/\/agencevu.com\/wp-content\/uploads\/2025\/07\/006-768x512.jpg 768w, https:\/\/agencevu.com\/wp-content\/uploads\/2025\/07\/006-1536x1024.jpg 1536w, https:\/\/agencevu.com\/wp-content\/uploads\/2025\/07\/006-1500x1000.jpg 1500w, https:\/\/agencevu.com\/wp-content\/uploads\/2025\/07\/006-705x470.jpg 705w\" sizes=\"(max-width: 1620px) 100vw, 1620px\" \/><\/a><\/div><\/div><\/div><\/div><div class=\"flex_column av_one_half  flex_column_div av-zero-column-padding   avia-builder-el-11  el_after_av_one_half  el_before_av_one_half  column-top-margin\" style='border-radius:0px; '><div  class='avia-image-container  av-styling-no-styling    avia-builder-el-12  avia-builder-el-no-sibling  avia-align-center '  itemprop=\"image\" itemscope=\"itemscope\" itemtype=\"https:\/\/schema.org\/ImageObject\"  ><div class='avia-image-container-inner'><div class='avia-image-overlay-wrap'><a href=\"https:\/\/agencevu.com\/wp-content\/uploads\/2025\/07\/004-1030x687.jpg\" href=\"https:\/\/agencevu.com\/wp-content\/uploads\/2025\/07\/004-1030x687.jpg 1030w, https:\/\/agencevu.com\/wp-content\/uploads\/2025\/07\/004-300x200.jpg 300w, https:\/\/agencevu.com\/wp-content\/uploads\/2025\/07\/004-80x53.jpg 80w, https:\/\/agencevu.com\/wp-content\/uploads\/2025\/07\/004-768x512.jpg 768w, https:\/\/agencevu.com\/wp-content\/uploads\/2025\/07\/004-1536x1024.jpg 1536w, https:\/\/agencevu.com\/wp-content\/uploads\/2025\/07\/004-1500x1000.jpg 1500w, https:\/\/agencevu.com\/wp-content\/uploads\/2025\/07\/004-705x470.jpg 705w, https:\/\/agencevu.com\/wp-content\/uploads\/2025\/07\/004.jpg 1620w\" href=\"(max-width: 1030px) 100vw, 1030px\" class='avia_image' ><img width=\"1620\" height=\"1080\" class='wp-image-223021 avia-img-lazy-loading-not-223021 avia_image' src=\"https:\/\/agencevu.com\/wp-content\/uploads\/2025\/07\/004.jpg\" alt='' title='Projet Balard by Vincent Catala'  itemprop=\"thumbnailUrl\" srcset=\"https:\/\/agencevu.com\/wp-content\/uploads\/2025\/07\/004.jpg 1620w, https:\/\/agencevu.com\/wp-content\/uploads\/2025\/07\/004-300x200.jpg 300w, https:\/\/agencevu.com\/wp-content\/uploads\/2025\/07\/004-1030x687.jpg 1030w, https:\/\/agencevu.com\/wp-content\/uploads\/2025\/07\/004-80x53.jpg 80w, https:\/\/agencevu.com\/wp-content\/uploads\/2025\/07\/004-768x512.jpg 768w, https:\/\/agencevu.com\/wp-content\/uploads\/2025\/07\/004-1536x1024.jpg 1536w, https:\/\/agencevu.com\/wp-content\/uploads\/2025\/07\/004-1500x1000.jpg 1500w, https:\/\/agencevu.com\/wp-content\/uploads\/2025\/07\/004-705x470.jpg 705w\" sizes=\"(max-width: 1620px) 100vw, 1620px\" \/><\/a><\/div><\/div><\/div><\/div><div class=\"flex_column av_one_half  flex_column_div av-zero-column-padding first  avia-builder-el-13  el_after_av_one_half  el_before_av_one_half  column-top-margin\" style='border-radius:0px; '><div  class='avia-image-container  av-styling-no-styling    avia-builder-el-14  avia-builder-el-no-sibling  avia-align-center '  itemprop=\"image\" itemscope=\"itemscope\" itemtype=\"https:\/\/schema.org\/ImageObject\"  ><div class='avia-image-container-inner'><div class='avia-image-overlay-wrap'><a href=\"https:\/\/agencevu.com\/wp-content\/uploads\/2020\/09\/0012-1030x687.jpg\" href=\"https:\/\/agencevu.com\/wp-content\/uploads\/2020\/09\/0012-1030x687.jpg 1030w, https:\/\/agencevu.com\/wp-content\/uploads\/2020\/09\/0012-80x53.jpg 80w, https:\/\/agencevu.com\/wp-content\/uploads\/2020\/09\/0012-300x200.jpg 300w, https:\/\/agencevu.com\/wp-content\/uploads\/2020\/09\/0012-768x512.jpg 768w, https:\/\/agencevu.com\/wp-content\/uploads\/2020\/09\/0012-1500x1000.jpg 1500w, https:\/\/agencevu.com\/wp-content\/uploads\/2020\/09\/0012-705x470.jpg 705w, https:\/\/agencevu.com\/wp-content\/uploads\/2020\/09\/0012-450x300.jpg 450w, https:\/\/agencevu.com\/wp-content\/uploads\/2020\/09\/0012.jpg 1620w\" href=\"(max-width: 1030px) 100vw, 1030px\" class='avia_image' ><img width=\"1620\" height=\"1080\" class='wp-image-91473 avia-img-lazy-loading-not-91473 avia_image' src=\"https:\/\/agencevu.com\/wp-content\/uploads\/2020\/09\/0012.jpg\" alt='' title='Futur Minist\u00e8re de la D\u00e9fense sur le site de Balard \u00e0 Paris. Mission de 12 mois du Minist\u00e8re de la D\u00e9fense et du Groupe Bouygues en forme de \u201ccarte blanche\u201d pour la r\u00e9alisation d\u2019un \u201cbeau livre\u201d'  itemprop=\"thumbnailUrl\" srcset=\"https:\/\/agencevu.com\/wp-content\/uploads\/2020\/09\/0012.jpg 1620w, https:\/\/agencevu.com\/wp-content\/uploads\/2020\/09\/0012-80x53.jpg 80w, https:\/\/agencevu.com\/wp-content\/uploads\/2020\/09\/0012-300x200.jpg 300w, https:\/\/agencevu.com\/wp-content\/uploads\/2020\/09\/0012-768x512.jpg 768w, https:\/\/agencevu.com\/wp-content\/uploads\/2020\/09\/0012-1030x687.jpg 1030w, https:\/\/agencevu.com\/wp-content\/uploads\/2020\/09\/0012-1500x1000.jpg 1500w, https:\/\/agencevu.com\/wp-content\/uploads\/2020\/09\/0012-705x470.jpg 705w, https:\/\/agencevu.com\/wp-content\/uploads\/2020\/09\/0012-450x300.jpg 450w\" sizes=\"(max-width: 1620px) 100vw, 1620px\" \/><\/a><\/div><\/div><\/div><\/div><div class=\"flex_column av_one_half  flex_column_div av-zero-column-padding   avia-builder-el-15  el_after_av_one_half  el_before_av_one_half  column-top-margin\" style='border-radius:0px; '><div  class='avia-image-container  av-styling-no-styling    avia-builder-el-16  avia-builder-el-no-sibling  avia-align-center '  itemprop=\"image\" itemscope=\"itemscope\" itemtype=\"https:\/\/schema.org\/ImageObject\"  ><div class='avia-image-container-inner'><div class='avia-image-overlay-wrap'><a href=\"https:\/\/agencevu.com\/wp-content\/uploads\/2020\/09\/0013-1030x687.jpg\" href=\"https:\/\/agencevu.com\/wp-content\/uploads\/2020\/09\/0013-1030x687.jpg 1030w, https:\/\/agencevu.com\/wp-content\/uploads\/2020\/09\/0013-80x53.jpg 80w, https:\/\/agencevu.com\/wp-content\/uploads\/2020\/09\/0013-300x200.jpg 300w, https:\/\/agencevu.com\/wp-content\/uploads\/2020\/09\/0013-768x512.jpg 768w, https:\/\/agencevu.com\/wp-content\/uploads\/2020\/09\/0013-1500x1000.jpg 1500w, https:\/\/agencevu.com\/wp-content\/uploads\/2020\/09\/0013-705x470.jpg 705w, https:\/\/agencevu.com\/wp-content\/uploads\/2020\/09\/0013-450x300.jpg 450w, https:\/\/agencevu.com\/wp-content\/uploads\/2020\/09\/0013.jpg 1620w\" href=\"(max-width: 1030px) 100vw, 1030px\" class='avia_image' ><img width=\"1620\" height=\"1080\" class='wp-image-91475 avia-img-lazy-loading-not-91475 avia_image' src=\"https:\/\/agencevu.com\/wp-content\/uploads\/2020\/09\/0013.jpg\" alt='' title='Futur Minist\u00e8re de la D\u00e9fense sur le site de Balard \u00e0 Paris. Mission de 12 mois du Minist\u00e8re de la D\u00e9fense et du Groupe Bouygues en forme de \u201ccarte blanche\u201d pour la r\u00e9alisation d\u2019un \u201cbeau livre\u201d'  itemprop=\"thumbnailUrl\" srcset=\"https:\/\/agencevu.com\/wp-content\/uploads\/2020\/09\/0013.jpg 1620w, https:\/\/agencevu.com\/wp-content\/uploads\/2020\/09\/0013-80x53.jpg 80w, https:\/\/agencevu.com\/wp-content\/uploads\/2020\/09\/0013-300x200.jpg 300w, https:\/\/agencevu.com\/wp-content\/uploads\/2020\/09\/0013-768x512.jpg 768w, https:\/\/agencevu.com\/wp-content\/uploads\/2020\/09\/0013-1030x687.jpg 1030w, https:\/\/agencevu.com\/wp-content\/uploads\/2020\/09\/0013-1500x1000.jpg 1500w, https:\/\/agencevu.com\/wp-content\/uploads\/2020\/09\/0013-705x470.jpg 705w, https:\/\/agencevu.com\/wp-content\/uploads\/2020\/09\/0013-450x300.jpg 450w\" sizes=\"(max-width: 1620px) 100vw, 1620px\" \/><\/a><\/div><\/div><\/div><\/div><div class=\"flex_column av_one_half  flex_column_div av-zero-column-padding first  avia-builder-el-17  el_after_av_one_half  el_before_av_one_half  column-top-margin\" style='border-radius:0px; '><div  class='avia-image-container  av-styling-no-styling    avia-builder-el-18  avia-builder-el-no-sibling  avia-align-center '  itemprop=\"image\" itemscope=\"itemscope\" itemtype=\"https:\/\/schema.org\/ImageObject\"  ><div class='avia-image-container-inner'><div class='avia-image-overlay-wrap'><a href=\"https:\/\/agencevu.com\/wp-content\/uploads\/2020\/09\/0011-1030x687.jpg\" href=\"https:\/\/agencevu.com\/wp-content\/uploads\/2020\/09\/0011-1030x687.jpg 1030w, https:\/\/agencevu.com\/wp-content\/uploads\/2020\/09\/0011-80x53.jpg 80w, https:\/\/agencevu.com\/wp-content\/uploads\/2020\/09\/0011-300x200.jpg 300w, https:\/\/agencevu.com\/wp-content\/uploads\/2020\/09\/0011-768x512.jpg 768w, https:\/\/agencevu.com\/wp-content\/uploads\/2020\/09\/0011-1500x1000.jpg 1500w, https:\/\/agencevu.com\/wp-content\/uploads\/2020\/09\/0011-705x470.jpg 705w, https:\/\/agencevu.com\/wp-content\/uploads\/2020\/09\/0011-450x300.jpg 450w, https:\/\/agencevu.com\/wp-content\/uploads\/2020\/09\/0011.jpg 1620w\" href=\"(max-width: 1030px) 100vw, 1030px\" class='avia_image' ><img width=\"1620\" height=\"1080\" class='wp-image-91471 avia-img-lazy-loading-not-91471 avia_image' src=\"https:\/\/agencevu.com\/wp-content\/uploads\/2020\/09\/0011.jpg\" alt='' title='Futur Minist\u00e8re de la D\u00e9fense sur le site de Balard \u00e0 Paris. Mission de 12 mois du Minist\u00e8re de la D\u00e9fense et du Groupe Bouygues en forme de \u201ccarte blanche\u201d pour la r\u00e9alisation d\u2019un \u201cbeau livre\u201d'  itemprop=\"thumbnailUrl\" srcset=\"https:\/\/agencevu.com\/wp-content\/uploads\/2020\/09\/0011.jpg 1620w, https:\/\/agencevu.com\/wp-content\/uploads\/2020\/09\/0011-80x53.jpg 80w, https:\/\/agencevu.com\/wp-content\/uploads\/2020\/09\/0011-300x200.jpg 300w, https:\/\/agencevu.com\/wp-content\/uploads\/2020\/09\/0011-768x512.jpg 768w, https:\/\/agencevu.com\/wp-content\/uploads\/2020\/09\/0011-1030x687.jpg 1030w, https:\/\/agencevu.com\/wp-content\/uploads\/2020\/09\/0011-1500x1000.jpg 1500w, https:\/\/agencevu.com\/wp-content\/uploads\/2020\/09\/0011-705x470.jpg 705w, https:\/\/agencevu.com\/wp-content\/uploads\/2020\/09\/0011-450x300.jpg 450w\" sizes=\"(max-width: 1620px) 100vw, 1620px\" \/><\/a><\/div><\/div><\/div><\/div><div class=\"flex_column av_one_half  flex_column_div av-zero-column-padding   avia-builder-el-19  el_after_av_one_half  el_before_av_one_third  column-top-margin\" style='border-radius:0px; '><div  class='avia-image-container  av-styling-no-styling    avia-builder-el-20  avia-builder-el-no-sibling  avia-align-center '  itemprop=\"image\" itemscope=\"itemscope\" itemtype=\"https:\/\/schema.org\/ImageObject\"  ><div class='avia-image-container-inner'><div class='avia-image-overlay-wrap'><a href=\"https:\/\/agencevu.com\/wp-content\/uploads\/2020\/10\/0015-1030x686.jpg\" href=\"https:\/\/agencevu.com\/wp-content\/uploads\/2020\/10\/0015-1030x686.jpg 1030w, https:\/\/agencevu.com\/wp-content\/uploads\/2020\/10\/0015-80x53.jpg 80w, https:\/\/agencevu.com\/wp-content\/uploads\/2020\/10\/0015-300x200.jpg 300w, https:\/\/agencevu.com\/wp-content\/uploads\/2020\/10\/0015-768x512.jpg 768w, https:\/\/agencevu.com\/wp-content\/uploads\/2020\/10\/0015-705x470.jpg 705w, https:\/\/agencevu.com\/wp-content\/uploads\/2020\/10\/0015-450x300.jpg 450w, https:\/\/agencevu.com\/wp-content\/uploads\/2020\/10\/0015.jpg 1400w\" href=\"(max-width: 1030px) 100vw, 1030px\" class='avia_image' ><img width=\"1400\" height=\"933\" class='wp-image-94284 avia-img-lazy-loading-not-94284 avia_image' src=\"https:\/\/agencevu.com\/wp-content\/uploads\/2020\/10\/0015.jpg\" alt='' title='Futur Minist\u00e8re de la D\u00e9fense sur le site de Balard \u00e0 Paris. Mission de 12 mois du Minist\u00e8re de la D\u00e9fense et du Groupe Bouygues en forme de \u201ccarte blanche\u201d pour la r\u00e9alisation d\u2019un \u201cbeau livre\u201d'  itemprop=\"thumbnailUrl\" srcset=\"https:\/\/agencevu.com\/wp-content\/uploads\/2020\/10\/0015.jpg 1400w, https:\/\/agencevu.com\/wp-content\/uploads\/2020\/10\/0015-80x53.jpg 80w, https:\/\/agencevu.com\/wp-content\/uploads\/2020\/10\/0015-300x200.jpg 300w, https:\/\/agencevu.com\/wp-content\/uploads\/2020\/10\/0015-768x512.jpg 768w, https:\/\/agencevu.com\/wp-content\/uploads\/2020\/10\/0015-1030x686.jpg 1030w, https:\/\/agencevu.com\/wp-content\/uploads\/2020\/10\/0015-705x470.jpg 705w, https:\/\/agencevu.com\/wp-content\/uploads\/2020\/10\/0015-450x300.jpg 450w\" sizes=\"(max-width: 1400px) 100vw, 1400px\" \/><\/a><\/div><\/div><\/div><\/div><div class=\"flex_column av_one_third  flex_column_div av-zero-column-padding first  avia-builder-el-21  el_after_av_one_half  el_before_av_one_third  column-top-margin\" style='border-radius:0px; '><div  class='avia-image-container  av-styling-no-styling    avia-builder-el-22  avia-builder-el-no-sibling  avia-align-center '  itemprop=\"image\" itemscope=\"itemscope\" itemtype=\"https:\/\/schema.org\/ImageObject\"  ><div class='avia-image-container-inner'><div class='avia-image-overlay-wrap'><a href=\"https:\/\/agencevu.com\/wp-content\/uploads\/2020\/09\/0010-1030x687.jpg\" href=\"https:\/\/agencevu.com\/wp-content\/uploads\/2020\/09\/0010-1030x687.jpg 1030w, https:\/\/agencevu.com\/wp-content\/uploads\/2020\/09\/0010-80x53.jpg 80w, https:\/\/agencevu.com\/wp-content\/uploads\/2020\/09\/0010-300x200.jpg 300w, https:\/\/agencevu.com\/wp-content\/uploads\/2020\/09\/0010-768x512.jpg 768w, https:\/\/agencevu.com\/wp-content\/uploads\/2020\/09\/0010-1500x1000.jpg 1500w, https:\/\/agencevu.com\/wp-content\/uploads\/2020\/09\/0010-705x470.jpg 705w, https:\/\/agencevu.com\/wp-content\/uploads\/2020\/09\/0010-450x300.jpg 450w, https:\/\/agencevu.com\/wp-content\/uploads\/2020\/09\/0010.jpg 1620w\" href=\"(max-width: 1030px) 100vw, 1030px\" class='avia_image' ><img width=\"1620\" height=\"1080\" class='wp-image-91469 avia-img-lazy-loading-not-91469 avia_image' src=\"https:\/\/agencevu.com\/wp-content\/uploads\/2020\/09\/0010.jpg\" alt='' title='Futur Minist\u00e8re de la D\u00e9fense sur le site de Balard \u00e0 Paris. Mission de 12 mois du Minist\u00e8re de la D\u00e9fense et du Groupe Bouygues en forme de \u201ccarte blanche\u201d pour la r\u00e9alisation d\u2019un \u201cbeau livre\u201d'  itemprop=\"thumbnailUrl\" srcset=\"https:\/\/agencevu.com\/wp-content\/uploads\/2020\/09\/0010.jpg 1620w, https:\/\/agencevu.com\/wp-content\/uploads\/2020\/09\/0010-80x53.jpg 80w, https:\/\/agencevu.com\/wp-content\/uploads\/2020\/09\/0010-300x200.jpg 300w, https:\/\/agencevu.com\/wp-content\/uploads\/2020\/09\/0010-768x512.jpg 768w, https:\/\/agencevu.com\/wp-content\/uploads\/2020\/09\/0010-1030x687.jpg 1030w, https:\/\/agencevu.com\/wp-content\/uploads\/2020\/09\/0010-1500x1000.jpg 1500w, https:\/\/agencevu.com\/wp-content\/uploads\/2020\/09\/0010-705x470.jpg 705w, https:\/\/agencevu.com\/wp-content\/uploads\/2020\/09\/0010-450x300.jpg 450w\" sizes=\"(max-width: 1620px) 100vw, 1620px\" \/><\/a><\/div><\/div><\/div><\/div><div class=\"flex_column av_one_third  flex_column_div av-zero-column-padding   avia-builder-el-23  el_after_av_one_third  el_before_av_one_third  column-top-margin\" style='border-radius:0px; '><div  class='avia-image-container  av-styling-no-styling    avia-builder-el-24  avia-builder-el-no-sibling  avia-align-center '  itemprop=\"image\" itemscope=\"itemscope\" itemtype=\"https:\/\/schema.org\/ImageObject\"  ><div class='avia-image-container-inner'><div class='avia-image-overlay-wrap'><a href=\"https:\/\/agencevu.com\/wp-content\/uploads\/2021\/03\/06_53-1030x687.jpg\" href=\"https:\/\/agencevu.com\/wp-content\/uploads\/2021\/03\/06_53-1030x687.jpg 1030w, https:\/\/agencevu.com\/wp-content\/uploads\/2021\/03\/06_53-300x200.jpg 300w, https:\/\/agencevu.com\/wp-content\/uploads\/2021\/03\/06_53-80x53.jpg 80w, https:\/\/agencevu.com\/wp-content\/uploads\/2021\/03\/06_53-768x512.jpg 768w, https:\/\/agencevu.com\/wp-content\/uploads\/2021\/03\/06_53-1536x1024.jpg 1536w, https:\/\/agencevu.com\/wp-content\/uploads\/2021\/03\/06_53-1500x1000.jpg 1500w, https:\/\/agencevu.com\/wp-content\/uploads\/2021\/03\/06_53-705x470.jpg 705w, https:\/\/agencevu.com\/wp-content\/uploads\/2021\/03\/06_53-450x300.jpg 450w, https:\/\/agencevu.com\/wp-content\/uploads\/2021\/03\/06_53.jpg 1620w\" href=\"(max-width: 1030px) 100vw, 1030px\" class='avia_image' ><img width=\"1620\" height=\"1080\" class='wp-image-115115 avia-img-lazy-loading-not-115115 avia_image' src=\"https:\/\/agencevu.com\/wp-content\/uploads\/2021\/03\/06_53.jpg\" alt='' title='Projet Balard by Vincent Catala'  itemprop=\"thumbnailUrl\" srcset=\"https:\/\/agencevu.com\/wp-content\/uploads\/2021\/03\/06_53.jpg 1620w, https:\/\/agencevu.com\/wp-content\/uploads\/2021\/03\/06_53-300x200.jpg 300w, https:\/\/agencevu.com\/wp-content\/uploads\/2021\/03\/06_53-1030x687.jpg 1030w, https:\/\/agencevu.com\/wp-content\/uploads\/2021\/03\/06_53-80x53.jpg 80w, https:\/\/agencevu.com\/wp-content\/uploads\/2021\/03\/06_53-768x512.jpg 768w, https:\/\/agencevu.com\/wp-content\/uploads\/2021\/03\/06_53-1536x1024.jpg 1536w, https:\/\/agencevu.com\/wp-content\/uploads\/2021\/03\/06_53-1500x1000.jpg 1500w, https:\/\/agencevu.com\/wp-content\/uploads\/2021\/03\/06_53-705x470.jpg 705w, https:\/\/agencevu.com\/wp-content\/uploads\/2021\/03\/06_53-450x300.jpg 450w\" sizes=\"(max-width: 1620px) 100vw, 1620px\" \/><\/a><\/div><\/div><\/div><\/div><div class=\"flex_column av_one_third  flex_column_div av-zero-column-padding   avia-builder-el-25  el_after_av_one_third  el_before_av_one_half  column-top-margin\" style='border-radius:0px; '><div  class='avia-image-container  av-styling-no-styling    avia-builder-el-26  avia-builder-el-no-sibling  avia-align-center '  itemprop=\"image\" itemscope=\"itemscope\" itemtype=\"https:\/\/schema.org\/ImageObject\"  ><div class='avia-image-container-inner'><div class='avia-image-overlay-wrap'><a href=\"https:\/\/agencevu.com\/wp-content\/uploads\/2021\/03\/10-1030x687.jpg\" href=\"https:\/\/agencevu.com\/wp-content\/uploads\/2021\/03\/10-1030x687.jpg 1030w, https:\/\/agencevu.com\/wp-content\/uploads\/2021\/03\/10-300x200.jpg 300w, https:\/\/agencevu.com\/wp-content\/uploads\/2021\/03\/10-80x53.jpg 80w, https:\/\/agencevu.com\/wp-content\/uploads\/2021\/03\/10-768x512.jpg 768w, https:\/\/agencevu.com\/wp-content\/uploads\/2021\/03\/10-1536x1024.jpg 1536w, https:\/\/agencevu.com\/wp-content\/uploads\/2021\/03\/10-1500x1000.jpg 1500w, https:\/\/agencevu.com\/wp-content\/uploads\/2021\/03\/10-705x470.jpg 705w, https:\/\/agencevu.com\/wp-content\/uploads\/2021\/03\/10-450x300.jpg 450w, https:\/\/agencevu.com\/wp-content\/uploads\/2021\/03\/10.jpg 1620w\" href=\"(max-width: 1030px) 100vw, 1030px\" class='avia_image' ><img width=\"1620\" height=\"1080\" class='wp-image-115124 avia-img-lazy-loading-not-115124 avia_image' src=\"https:\/\/agencevu.com\/wp-content\/uploads\/2021\/03\/10.jpg\" alt='' title='Projet Balard by Vincent Catala'  itemprop=\"thumbnailUrl\" srcset=\"https:\/\/agencevu.com\/wp-content\/uploads\/2021\/03\/10.jpg 1620w, https:\/\/agencevu.com\/wp-content\/uploads\/2021\/03\/10-300x200.jpg 300w, https:\/\/agencevu.com\/wp-content\/uploads\/2021\/03\/10-1030x687.jpg 1030w, https:\/\/agencevu.com\/wp-content\/uploads\/2021\/03\/10-80x53.jpg 80w, https:\/\/agencevu.com\/wp-content\/uploads\/2021\/03\/10-768x512.jpg 768w, https:\/\/agencevu.com\/wp-content\/uploads\/2021\/03\/10-1536x1024.jpg 1536w, https:\/\/agencevu.com\/wp-content\/uploads\/2021\/03\/10-1500x1000.jpg 1500w, https:\/\/agencevu.com\/wp-content\/uploads\/2021\/03\/10-705x470.jpg 705w, https:\/\/agencevu.com\/wp-content\/uploads\/2021\/03\/10-450x300.jpg 450w\" sizes=\"(max-width: 1620px) 100vw, 1620px\" \/><\/a><\/div><\/div><\/div><\/div><div class=\"flex_column av_one_half  flex_column_div av-zero-column-padding first  avia-builder-el-27  el_after_av_one_third  el_before_av_one_half  column-top-margin\" style='border-radius:0px; '><div  class='avia-image-container  av-styling-no-styling    avia-builder-el-28  avia-builder-el-no-sibling  avia-align-center '  itemprop=\"image\" itemscope=\"itemscope\" itemtype=\"https:\/\/schema.org\/ImageObject\"  ><div class='avia-image-container-inner'><div class='avia-image-overlay-wrap'><a href=\"https:\/\/agencevu.com\/wp-content\/uploads\/2025\/07\/009-1030x685.jpg\" href=\"https:\/\/agencevu.com\/wp-content\/uploads\/2025\/07\/009-1030x685.jpg 1030w, https:\/\/agencevu.com\/wp-content\/uploads\/2025\/07\/009-300x200.jpg 300w, https:\/\/agencevu.com\/wp-content\/uploads\/2025\/07\/009-80x53.jpg 80w, https:\/\/agencevu.com\/wp-content\/uploads\/2025\/07\/009-768x511.jpg 768w, https:\/\/agencevu.com\/wp-content\/uploads\/2025\/07\/009-1536x1022.jpg 1536w, https:\/\/agencevu.com\/wp-content\/uploads\/2025\/07\/009-1500x998.jpg 1500w, https:\/\/agencevu.com\/wp-content\/uploads\/2025\/07\/009-705x469.jpg 705w, https:\/\/agencevu.com\/wp-content\/uploads\/2025\/07\/009.jpg 1623w\" href=\"(max-width: 1030px) 100vw, 1030px\" class='avia_image' ><img width=\"1623\" height=\"1080\" class='wp-image-223031 avia-img-lazy-loading-not-223031 avia_image' src=\"https:\/\/agencevu.com\/wp-content\/uploads\/2025\/07\/009.jpg\" alt='' title='Projet Balard by Vincent Catala'  itemprop=\"thumbnailUrl\" srcset=\"https:\/\/agencevu.com\/wp-content\/uploads\/2025\/07\/009.jpg 1623w, https:\/\/agencevu.com\/wp-content\/uploads\/2025\/07\/009-300x200.jpg 300w, https:\/\/agencevu.com\/wp-content\/uploads\/2025\/07\/009-1030x685.jpg 1030w, https:\/\/agencevu.com\/wp-content\/uploads\/2025\/07\/009-80x53.jpg 80w, https:\/\/agencevu.com\/wp-content\/uploads\/2025\/07\/009-768x511.jpg 768w, https:\/\/agencevu.com\/wp-content\/uploads\/2025\/07\/009-1536x1022.jpg 1536w, https:\/\/agencevu.com\/wp-content\/uploads\/2025\/07\/009-1500x998.jpg 1500w, https:\/\/agencevu.com\/wp-content\/uploads\/2025\/07\/009-705x469.jpg 705w\" sizes=\"(max-width: 1623px) 100vw, 1623px\" \/><\/a><\/div><\/div><\/div><\/div><div class=\"flex_column av_one_half  flex_column_div av-zero-column-padding   avia-builder-el-29  el_after_av_one_half  el_before_av_one_half  column-top-margin\" style='border-radius:0px; '><div  class='avia-image-container  av-styling-no-styling    avia-builder-el-30  avia-builder-el-no-sibling  avia-align-center '  itemprop=\"image\" itemscope=\"itemscope\" itemtype=\"https:\/\/schema.org\/ImageObject\"  ><div class='avia-image-container-inner'><div class='avia-image-overlay-wrap'><a href=\"https:\/\/agencevu.com\/wp-content\/uploads\/2020\/09\/003-1030x687.jpg\" href=\"https:\/\/agencevu.com\/wp-content\/uploads\/2020\/09\/003-1030x687.jpg 1030w, https:\/\/agencevu.com\/wp-content\/uploads\/2020\/09\/003-80x53.jpg 80w, https:\/\/agencevu.com\/wp-content\/uploads\/2020\/09\/003-300x200.jpg 300w, https:\/\/agencevu.com\/wp-content\/uploads\/2020\/09\/003-768x512.jpg 768w, https:\/\/agencevu.com\/wp-content\/uploads\/2020\/09\/003-1500x1000.jpg 1500w, https:\/\/agencevu.com\/wp-content\/uploads\/2020\/09\/003-705x470.jpg 705w, https:\/\/agencevu.com\/wp-content\/uploads\/2020\/09\/003-450x300.jpg 450w, https:\/\/agencevu.com\/wp-content\/uploads\/2020\/09\/003.jpg 1620w\" href=\"(max-width: 1030px) 100vw, 1030px\" class='avia_image' ><img width=\"1620\" height=\"1080\" class='wp-image-91455 avia-img-lazy-loading-not-91455 avia_image' src=\"https:\/\/agencevu.com\/wp-content\/uploads\/2020\/09\/003.jpg\" alt='' title='Futur Minist\u00e8re de la D\u00e9fense sur le site de Balard \u00e0 Paris. Mission de 12 mois du Minist\u00e8re de la D\u00e9fense et du Groupe Bouygues en forme de \u201ccarte blanche\u201d pour la r\u00e9alisation d\u2019un \u201cbeau livre\u201d'  itemprop=\"thumbnailUrl\" srcset=\"https:\/\/agencevu.com\/wp-content\/uploads\/2020\/09\/003.jpg 1620w, https:\/\/agencevu.com\/wp-content\/uploads\/2020\/09\/003-80x53.jpg 80w, https:\/\/agencevu.com\/wp-content\/uploads\/2020\/09\/003-300x200.jpg 300w, https:\/\/agencevu.com\/wp-content\/uploads\/2020\/09\/003-768x512.jpg 768w, https:\/\/agencevu.com\/wp-content\/uploads\/2020\/09\/003-1030x687.jpg 1030w, https:\/\/agencevu.com\/wp-content\/uploads\/2020\/09\/003-1500x1000.jpg 1500w, https:\/\/agencevu.com\/wp-content\/uploads\/2020\/09\/003-705x470.jpg 705w, https:\/\/agencevu.com\/wp-content\/uploads\/2020\/09\/003-450x300.jpg 450w\" sizes=\"(max-width: 1620px) 100vw, 1620px\" \/><\/a><\/div><\/div><\/div><\/div><div class=\"flex_column av_one_half  flex_column_div av-zero-column-padding first  avia-builder-el-31  el_after_av_one_half  el_before_av_one_half  column-top-margin\" style='border-radius:0px; '><div  class='avia-image-container  av-styling-no-styling    avia-builder-el-32  avia-builder-el-no-sibling  avia-align-center '  itemprop=\"image\" itemscope=\"itemscope\" itemtype=\"https:\/\/schema.org\/ImageObject\"  ><div class='avia-image-container-inner'><div class='avia-image-overlay-wrap'><a href=\"https:\/\/agencevu.com\/wp-content\/uploads\/2025\/07\/001-1030x687.jpg\" href=\"https:\/\/agencevu.com\/wp-content\/uploads\/2025\/07\/001-1030x687.jpg 1030w, https:\/\/agencevu.com\/wp-content\/uploads\/2025\/07\/001-300x200.jpg 300w, https:\/\/agencevu.com\/wp-content\/uploads\/2025\/07\/001-80x53.jpg 80w, https:\/\/agencevu.com\/wp-content\/uploads\/2025\/07\/001-768x512.jpg 768w, https:\/\/agencevu.com\/wp-content\/uploads\/2025\/07\/001-1536x1024.jpg 1536w, https:\/\/agencevu.com\/wp-content\/uploads\/2025\/07\/001-1500x1000.jpg 1500w, https:\/\/agencevu.com\/wp-content\/uploads\/2025\/07\/001-705x470.jpg 705w, https:\/\/agencevu.com\/wp-content\/uploads\/2025\/07\/001.jpg 1620w\" href=\"(max-width: 1030px) 100vw, 1030px\" class='avia_image' ><img width=\"1620\" height=\"1080\" class='wp-image-223017 avia-img-lazy-loading-not-223017 avia_image' src=\"https:\/\/agencevu.com\/wp-content\/uploads\/2025\/07\/001.jpg\" alt='' title='Projet Balard by Vincent Catala'  itemprop=\"thumbnailUrl\" srcset=\"https:\/\/agencevu.com\/wp-content\/uploads\/2025\/07\/001.jpg 1620w, https:\/\/agencevu.com\/wp-content\/uploads\/2025\/07\/001-300x200.jpg 300w, https:\/\/agencevu.com\/wp-content\/uploads\/2025\/07\/001-1030x687.jpg 1030w, https:\/\/agencevu.com\/wp-content\/uploads\/2025\/07\/001-80x53.jpg 80w, https:\/\/agencevu.com\/wp-content\/uploads\/2025\/07\/001-768x512.jpg 768w, https:\/\/agencevu.com\/wp-content\/uploads\/2025\/07\/001-1536x1024.jpg 1536w, https:\/\/agencevu.com\/wp-content\/uploads\/2025\/07\/001-1500x1000.jpg 1500w, https:\/\/agencevu.com\/wp-content\/uploads\/2025\/07\/001-705x470.jpg 705w\" sizes=\"(max-width: 1620px) 100vw, 1620px\" \/><\/a><\/div><\/div><\/div><\/div><div class=\"flex_column av_one_half  flex_column_div av-zero-column-padding   avia-builder-el-33  el_after_av_one_half  el_before_av_one_half  column-top-margin\" style='border-radius:0px; '><div  class='avia-image-container  av-styling-no-styling    avia-builder-el-34  avia-builder-el-no-sibling  avia-align-center '  itemprop=\"image\" itemscope=\"itemscope\" itemtype=\"https:\/\/schema.org\/ImageObject\"  ><div class='avia-image-container-inner'><div class='avia-image-overlay-wrap'><a href=\"https:\/\/agencevu.com\/wp-content\/uploads\/2021\/03\/09_CAT21366-2013CL02-1030x687.jpg\" href=\"https:\/\/agencevu.com\/wp-content\/uploads\/2021\/03\/09_CAT21366-2013CL02-1030x687.jpg 1030w, https:\/\/agencevu.com\/wp-content\/uploads\/2021\/03\/09_CAT21366-2013CL02-300x200.jpg 300w, https:\/\/agencevu.com\/wp-content\/uploads\/2021\/03\/09_CAT21366-2013CL02-80x53.jpg 80w, https:\/\/agencevu.com\/wp-content\/uploads\/2021\/03\/09_CAT21366-2013CL02-768x512.jpg 768w, https:\/\/agencevu.com\/wp-content\/uploads\/2021\/03\/09_CAT21366-2013CL02-1536x1024.jpg 1536w, https:\/\/agencevu.com\/wp-content\/uploads\/2021\/03\/09_CAT21366-2013CL02-1500x1000.jpg 1500w, https:\/\/agencevu.com\/wp-content\/uploads\/2021\/03\/09_CAT21366-2013CL02-705x470.jpg 705w, https:\/\/agencevu.com\/wp-content\/uploads\/2021\/03\/09_CAT21366-2013CL02-450x300.jpg 450w, https:\/\/agencevu.com\/wp-content\/uploads\/2021\/03\/09_CAT21366-2013CL02.jpg 1620w\" href=\"(max-width: 1030px) 100vw, 1030px\" class='avia_image' ><img width=\"1620\" height=\"1080\" class='wp-image-115121 avia-img-lazy-loading-not-115121 avia_image' src=\"https:\/\/agencevu.com\/wp-content\/uploads\/2021\/03\/09_CAT21366-2013CL02.jpg\" alt='' title='Projet Balard by Vincent Catala'  itemprop=\"thumbnailUrl\" srcset=\"https:\/\/agencevu.com\/wp-content\/uploads\/2021\/03\/09_CAT21366-2013CL02.jpg 1620w, https:\/\/agencevu.com\/wp-content\/uploads\/2021\/03\/09_CAT21366-2013CL02-300x200.jpg 300w, https:\/\/agencevu.com\/wp-content\/uploads\/2021\/03\/09_CAT21366-2013CL02-1030x687.jpg 1030w, https:\/\/agencevu.com\/wp-content\/uploads\/2021\/03\/09_CAT21366-2013CL02-80x53.jpg 80w, https:\/\/agencevu.com\/wp-content\/uploads\/2021\/03\/09_CAT21366-2013CL02-768x512.jpg 768w, https:\/\/agencevu.com\/wp-content\/uploads\/2021\/03\/09_CAT21366-2013CL02-1536x1024.jpg 1536w, https:\/\/agencevu.com\/wp-content\/uploads\/2021\/03\/09_CAT21366-2013CL02-1500x1000.jpg 1500w, https:\/\/agencevu.com\/wp-content\/uploads\/2021\/03\/09_CAT21366-2013CL02-705x470.jpg 705w, https:\/\/agencevu.com\/wp-content\/uploads\/2021\/03\/09_CAT21366-2013CL02-450x300.jpg 450w\" sizes=\"(max-width: 1620px) 100vw, 1620px\" \/><\/a><\/div><\/div><\/div><\/div><div class=\"flex_column av_one_half  flex_column_div av-zero-column-padding first  avia-builder-el-35  el_after_av_one_half  el_before_av_one_half  column-top-margin\" style='border-radius:0px; '><div  class='avia-image-container  av-styling-no-styling    avia-builder-el-36  avia-builder-el-no-sibling  avia-align-center '  itemprop=\"image\" itemscope=\"itemscope\" itemtype=\"https:\/\/schema.org\/ImageObject\"  ><div class='avia-image-container-inner'><div class='avia-image-overlay-wrap'><a href=\"https:\/\/agencevu.com\/wp-content\/uploads\/2025\/07\/007-687x1030.jpg\" href=\"https:\/\/agencevu.com\/wp-content\/uploads\/2025\/07\/007-687x1030.jpg 687w, https:\/\/agencevu.com\/wp-content\/uploads\/2025\/07\/007-200x300.jpg 200w, https:\/\/agencevu.com\/wp-content\/uploads\/2025\/07\/007-53x80.jpg 53w, https:\/\/agencevu.com\/wp-content\/uploads\/2025\/07\/007-470x705.jpg 470w, https:\/\/agencevu.com\/wp-content\/uploads\/2025\/07\/007.jpg 720w\" href=\"(max-width: 687px) 100vw, 687px\" class='avia_image' ><img width=\"720\" height=\"1080\" class='wp-image-223027 avia-img-lazy-loading-not-223027 avia_image' src=\"https:\/\/agencevu.com\/wp-content\/uploads\/2025\/07\/007.jpg\" alt='' title='Projet Balard by Vincent Catala'  itemprop=\"thumbnailUrl\" srcset=\"https:\/\/agencevu.com\/wp-content\/uploads\/2025\/07\/007.jpg 720w, https:\/\/agencevu.com\/wp-content\/uploads\/2025\/07\/007-200x300.jpg 200w, https:\/\/agencevu.com\/wp-content\/uploads\/2025\/07\/007-687x1030.jpg 687w, https:\/\/agencevu.com\/wp-content\/uploads\/2025\/07\/007-53x80.jpg 53w, https:\/\/agencevu.com\/wp-content\/uploads\/2025\/07\/007-470x705.jpg 470w\" sizes=\"(max-width: 720px) 100vw, 720px\" \/><\/a><\/div><\/div><\/div><\/div><div class=\"flex_column av_one_half  flex_column_div av-zero-column-padding   avia-builder-el-37  el_after_av_one_half  el_before_av_one_full  column-top-margin\" style='border-radius:0px; '><div  class='avia-image-container  av-styling-no-styling    avia-builder-el-38  avia-builder-el-no-sibling  avia-align-center '  itemprop=\"image\" itemscope=\"itemscope\" itemtype=\"https:\/\/schema.org\/ImageObject\"  ><div class='avia-image-container-inner'><div class='avia-image-overlay-wrap'><a href=\"https:\/\/agencevu.com\/wp-content\/uploads\/2025\/07\/0014-687x1030.jpg\" href=\"https:\/\/agencevu.com\/wp-content\/uploads\/2025\/07\/0014-687x1030.jpg 687w, https:\/\/agencevu.com\/wp-content\/uploads\/2025\/07\/0014-200x300.jpg 200w, https:\/\/agencevu.com\/wp-content\/uploads\/2025\/07\/0014-53x80.jpg 53w, https:\/\/agencevu.com\/wp-content\/uploads\/2025\/07\/0014-470x705.jpg 470w, https:\/\/agencevu.com\/wp-content\/uploads\/2025\/07\/0014.jpg 720w\" href=\"(max-width: 687px) 100vw, 687px\" class='avia_image' ><img width=\"720\" height=\"1080\" class='wp-image-223033 avia-img-lazy-loading-not-223033 avia_image' src=\"https:\/\/agencevu.com\/wp-content\/uploads\/2025\/07\/0014.jpg\" alt='' title='Projet Balard by Vincent Catala'  itemprop=\"thumbnailUrl\" srcset=\"https:\/\/agencevu.com\/wp-content\/uploads\/2025\/07\/0014.jpg 720w, https:\/\/agencevu.com\/wp-content\/uploads\/2025\/07\/0014-200x300.jpg 200w, https:\/\/agencevu.com\/wp-content\/uploads\/2025\/07\/0014-687x1030.jpg 687w, https:\/\/agencevu.com\/wp-content\/uploads\/2025\/07\/0014-53x80.jpg 53w, https:\/\/agencevu.com\/wp-content\/uploads\/2025\/07\/0014-470x705.jpg 470w\" sizes=\"(max-width: 720px) 100vw, 720px\" \/><\/a><\/div><\/div><\/div><\/div><div class=\"flex_column av_one_full  flex_column_div av-zero-column-padding first  avia-builder-el-39  el_after_av_one_half  el_before_av_hr  column-top-margin\" style='border-radius:0px; '><div  class='avia-image-container  av-styling-no-styling    avia-builder-el-40  avia-builder-el-no-sibling  avia-align-center '  itemprop=\"image\" itemscope=\"itemscope\" itemtype=\"https:\/\/schema.org\/ImageObject\"  ><div class='avia-image-container-inner'><div class='avia-image-overlay-wrap'><a href=\"https:\/\/agencevu.com\/wp-content\/uploads\/2021\/03\/01_CAT21366-2013CL09-1030x687.jpg\" href=\"https:\/\/agencevu.com\/wp-content\/uploads\/2021\/03\/01_CAT21366-2013CL09-1030x687.jpg 1030w, https:\/\/agencevu.com\/wp-content\/uploads\/2021\/03\/01_CAT21366-2013CL09-300x200.jpg 300w, https:\/\/agencevu.com\/wp-content\/uploads\/2021\/03\/01_CAT21366-2013CL09-80x53.jpg 80w, https:\/\/agencevu.com\/wp-content\/uploads\/2021\/03\/01_CAT21366-2013CL09-768x512.jpg 768w, https:\/\/agencevu.com\/wp-content\/uploads\/2021\/03\/01_CAT21366-2013CL09-1536x1024.jpg 1536w, https:\/\/agencevu.com\/wp-content\/uploads\/2021\/03\/01_CAT21366-2013CL09-1500x1000.jpg 1500w, https:\/\/agencevu.com\/wp-content\/uploads\/2021\/03\/01_CAT21366-2013CL09-705x470.jpg 705w, https:\/\/agencevu.com\/wp-content\/uploads\/2021\/03\/01_CAT21366-2013CL09-450x300.jpg 450w, https:\/\/agencevu.com\/wp-content\/uploads\/2021\/03\/01_CAT21366-2013CL09.jpg 1620w\" href=\"(max-width: 1030px) 100vw, 1030px\" class='avia_image' ><img width=\"1620\" height=\"1080\" class='wp-image-115105 avia-img-lazy-loading-not-115105 avia_image' src=\"https:\/\/agencevu.com\/wp-content\/uploads\/2021\/03\/01_CAT21366-2013CL09.jpg\" alt='' title='Projet Balard by Vincent Catala'  itemprop=\"thumbnailUrl\" srcset=\"https:\/\/agencevu.com\/wp-content\/uploads\/2021\/03\/01_CAT21366-2013CL09.jpg 1620w, https:\/\/agencevu.com\/wp-content\/uploads\/2021\/03\/01_CAT21366-2013CL09-300x200.jpg 300w, https:\/\/agencevu.com\/wp-content\/uploads\/2021\/03\/01_CAT21366-2013CL09-1030x687.jpg 1030w, https:\/\/agencevu.com\/wp-content\/uploads\/2021\/03\/01_CAT21366-2013CL09-80x53.jpg 80w, https:\/\/agencevu.com\/wp-content\/uploads\/2021\/03\/01_CAT21366-2013CL09-768x512.jpg 768w, https:\/\/agencevu.com\/wp-content\/uploads\/2021\/03\/01_CAT21366-2013CL09-1536x1024.jpg 1536w, https:\/\/agencevu.com\/wp-content\/uploads\/2021\/03\/01_CAT21366-2013CL09-1500x1000.jpg 1500w, https:\/\/agencevu.com\/wp-content\/uploads\/2021\/03\/01_CAT21366-2013CL09-705x470.jpg 705w, https:\/\/agencevu.com\/wp-content\/uploads\/2021\/03\/01_CAT21366-2013CL09-450x300.jpg 450w\" sizes=\"(max-width: 1620px) 100vw, 1620px\" \/><\/a><\/div><\/div><\/div><\/div><div  style='height:50px' class='hr hr-invisible   avia-builder-el-41  el_after_av_one_full  avia-builder-el-last '><span class='hr-inner ' ><span class='hr-inner-style'><\/span><\/span><\/div>\n\n","protected":false},"excerpt":{"rendered":"","protected":false},"featured_media":115105,"menu_order":0,"template":"","categories":[],"tags":[18033,18034],"filter_taxonomy":[19144,19294,18035,20094,20116,17579],"photographe":[10811],"section_taxonomy":[17580],"yoast_head":"<!-- This site is optimized with the Yoast SEO plugin v16.3 - https:\/\/yoast.com\/wordpress\/plugins\/seo\/ -->\n<title>Ministry of Defence - Projet Balard - Agence VU&#039;<\/title>\n<meta name=\"robots\" content=\"index, follow, max-snippet:-1, max-image-preview:large, max-video-preview:-1\" \/>\n<link rel=\"canonical\" href=\"\/\" \/>\n<meta property=\"og:locale\" content=\"en_US\" \/>\n<meta property=\"og:type\" content=\"article\" \/>\n<meta property=\"og:title\" content=\"Ministry of Defence - Projet Balard - Agence VU&#039;\" \/>\n<meta property=\"og:site_name\" content=\"Agence VU&#039;\" \/>\n<meta property=\"article:publisher\" content=\"https:\/\/www.facebook.com\/VUagence\" \/>\n<meta property=\"article:modified_time\" content=\"2025-07-04T14:03:42+00:00\" \/>\n<meta property=\"og:image\" content=\"https:\/\/agencevu.com\/wp-content\/uploads\/2021\/03\/01_CAT21366-2013CL09.jpg\" \/>\n\t<meta property=\"og:image:width\" content=\"1620\" \/>\n\t<meta property=\"og:image:height\" content=\"1080\" \/>\n<meta name=\"twitter:card\" content=\"summary_large_image\" \/>\n<meta name=\"twitter:site\" content=\"@agence_vu\" \/>\n<script type=\"application\/ld+json\" class=\"yoast-schema-graph\">{\"@context\":\"https:\/\/schema.org\",\"@graph\":[{\"@type\":\"WebSite\",\"@id\":\"https:\/\/agencevu.com\/en\/#website\",\"url\":\"https:\/\/agencevu.com\/en\/\",\"name\":\"Agence VU&#039;\",\"description\":\"Agency of photographers founded in 1986\",\"potentialAction\":[{\"@type\":\"SearchAction\",\"target\":\"https:\/\/agencevu.com\/en\/?s={search_term_string}\",\"query-input\":\"required name=search_term_string\"}],\"inLanguage\":\"en-US\"},{\"@type\":\"ImageObject\",\"@id\":\"#primaryimage\",\"inLanguage\":\"en-US\",\"url\":\"https:\/\/agencevu.com\/wp-content\/uploads\/2021\/03\/01_CAT21366-2013CL09.jpg\",\"contentUrl\":\"https:\/\/agencevu.com\/wp-content\/uploads\/2021\/03\/01_CAT21366-2013CL09.jpg\",\"width\":1620,\"height\":1080,\"caption\":\"France, Paris, 25 June 2013 Projet Balard's building site, French Minister of Defence headquarter. France, Paris, 25 juin 2013 Le chantier du Projet Balard, futur site du Minist\\u00cbre de la D\\u00c8fense. Vincent Catala \/ Agence VU\"},{\"@type\":\"WebPage\",\"@id\":\"#webpage\",\"url\":null,\"name\":\"Ministry of Defence - Projet Balard - Agence VU&#039;\",\"isPartOf\":{\"@id\":\"https:\/\/agencevu.com\/en\/#website\"},\"primaryImageOfPage\":{\"@id\":\"#primaryimage\"},\"datePublished\":\"2015-03-10T17:29:23+00:00\",\"dateModified\":\"2025-07-04T14:03:42+00:00\",\"breadcrumb\":{\"@id\":\"#breadcrumb\"},\"inLanguage\":\"en-US\",\"potentialAction\":[{\"@type\":\"ReadAction\",\"target\":[null]}]},{\"@type\":\"BreadcrumbList\",\"@id\":\"#breadcrumb\",\"itemListElement\":[{\"@type\":\"ListItem\",\"position\":1,\"item\":{\"@type\":\"WebPage\",\"@id\":\"https:\/\/agencevu.com\/en\/home\/\",\"url\":\"https:\/\/agencevu.com\/en\/home\/\",\"name\":\"Home\"}},{\"@type\":\"ListItem\",\"position\":2,\"item\":{\"@type\":\"WebPage\",\"@id\":\"https:\/\/agencevu.com\/en\/corporate\/\",\"url\":\"https:\/\/agencevu.com\/en\/corporate\/\",\"name\":\"Corporates\"}},{\"@type\":\"ListItem\",\"position\":3,\"item\":{\"@id\":\"#webpage\"}}]}]}<\/script>\n<!-- \/ Yoast SEO plugin. -->","_links":{"self":[{"href":"https:\/\/agencevu.com\/en\/wp-json\/wp\/v2\/corporate\/115136"}],"collection":[{"href":"https:\/\/agencevu.com\/en\/wp-json\/wp\/v2\/corporate"}],"about":[{"href":"https:\/\/agencevu.com\/en\/wp-json\/wp\/v2\/types\/corporate"}],"version-history":[{"count":3,"href":"https:\/\/agencevu.com\/en\/wp-json\/wp\/v2\/corporate\/115136\/revisions"}],"predecessor-version":[{"id":223039,"href":"https:\/\/agencevu.com\/en\/wp-json\/wp\/v2\/corporate\/115136\/revisions\/223039"}],"wp:featuredmedia":[{"embeddable":true,"href":"https:\/\/agencevu.com\/en\/wp-json\/wp\/v2\/media\/115105"}],"wp:attachment":[{"href":"https:\/\/agencevu.com\/en\/wp-json\/wp\/v2\/media?parent=115136"}],"wp:term":[{"taxonomy":"category","embeddable":true,"href":"https:\/\/agencevu.com\/en\/wp-json\/wp\/v2\/categories?post=115136"},{"taxonomy":"post_tag","embeddable":true,"href":"https:\/\/agencevu.com\/en\/wp-json\/wp\/v2\/tags?post=115136"},{"taxonomy":"filter_taxonomy","embeddable":true,"href":"https:\/\/agencevu.com\/en\/wp-json\/wp\/v2\/filter_taxonomy?post=115136"},{"taxonomy":"photographe","embeddable":true,"href":"https:\/\/agencevu.com\/en\/wp-json\/wp\/v2\/photographe?post=115136"},{"taxonomy":"section_taxonomy","embeddable":true,"href":"https:\/\/agencevu.com\/en\/wp-json\/wp\/v2\/section_taxonomy?post=115136"}],"curies":[{"name":"wp","href":"https:\/\/api.w.org\/{rel}","templated":true}]}}